{"id":2743,"date":"2025-10-07T12:08:23","date_gmt":"2025-10-07T15:08:23","guid":{"rendered":"https:\/\/informacionoficial.mendoza.gob.ar\/educacion-cultura-infancias-dge\/?post_type=mec-events&#038;p=2743"},"modified":"2025-10-07T12:08:23","modified_gmt":"2025-10-07T15:08:23","slug":"de-profesion-contador","status":"publish","type":"mec-events","link":"https:\/\/informacionoficial.mendoza.gob.ar\/educacion-cultura-infancias-dge\/events\/de-profesion-contador\/","title":{"rendered":"De profesi\u00f3n contador"},"content":{"rendered":"<p><b>21H. De profesi\u00f3n contador\u00a0<\/b><\/p>\n<p>El contador cumple 10 a\u00f1os \u203c<br \/>\nUna vendimia clown fue testigo del nacimiento de EL CONTADOR.<br \/>\nY as\u00ed, \u00abDe profesi\u00f3n contador\u201d, el primer unipersonal de Daniel Encinas, pas\u00f3 a ser un cl\u00e1sico de la escena mendocina.<br \/>\nDesde el humor, se cuenta la historia de un contador p\u00fablico nacional, que cansado de cumplir mandatos externos, se enfrenta a una gran crisis, que lo lleva a un taller de teatro. Este hecho modifica sustancialmente su biograf\u00eda y su manera de afrontar su profesi\u00f3n, la docencia y la vida misma.<br \/>\nCon una cantidad incontable de funciones en salas, bares, escuelas, espacios no convencionales, este personaje de la ficci\u00f3n teatral ha ido m\u00e1s all\u00e1, incluso de la obra misma y aparece tambi\u00e9n en eventos, presentaciones y puede \u00abcaer\u00bb de sorpresa en los lugares m\u00e1s inesperados.<br \/>\n\u00bfQui\u00e9n no se identifica con ese personaje del hemisferio izquierdo del cerebro, que de grande se puso a jugar?<br \/>\nEl contador invita al despliegue del potencial humano, muchas veces encerrado en vidas grises y mec\u00e1nicas.<\/p>\n<p>EL CONTADOR todav\u00eda tiene mucho para contar&#8230;<br \/>\n\u00a1\u00a1\u00a1Y qu\u00e9 mejor que en el festejo de sus 10 a\u00f1os!!!<\/p>\n<p>Producci\u00f3n: Carlos Gigena Producciones<\/p>\n<p>Segunda Preventa (hasta el 24\/10 inclusive): $8.000<br \/>\nEntrada General: $10.000<\/p>\n<p>Por<a href=\"https:\/\/www.entradaweb.com.ar\/evento\/63c841d9\/step\/1\"> EntradaWeb.com<\/a> o por boleter\u00eda del Teatro Independencia (Chile y Espejo, Ciudad de Mendoza)<\/p>\n","protected":false},"excerpt":{"rendered":"<p>21H. De profesi\u00f3n contador\u00a0 El contador cumple 10 a\u00f1os \u203c Una vendimia clown fue testigo del nacimiento de EL CONTADOR. Y as\u00ed, \u00abDe profesi\u00f3n contador\u201d, el primer unipersonal de Daniel Encinas, pas\u00f3 a ser un cl\u00e1sico de la escena mendocina. Desde el humor, se cuenta la historia de un contador p\u00fablico nacional, que cansado de [&hellip;]<\/p>\n","protected":false},"author":58,"featured_media":0,"comment_status":"closed","ping_status":"closed","template":"","tags":[],"mec_category":[],"class_list":["post-2743","mec-events","type-mec-events","status-publish","hentry"],"_links":{"self":[{"href":"https:\/\/informacionoficial.mendoza.gob.ar\/educacion-cultura-infancias-dge\/wp-json\/wp\/v2\/mec-events\/2743","targetHints":{"allow":["GET"]}}],"collection":[{"href":"https:\/\/informacionoficial.mendoza.gob.ar\/educacion-cultura-infancias-dge\/wp-json\/wp\/v2\/mec-events"}],"about":[{"href":"https:\/\/informacionoficial.mendoza.gob.ar\/educacion-cultura-infancias-dge\/wp-json\/wp\/v2\/types\/mec-events"}],"author":[{"embeddable":true,"href":"https:\/\/informacionoficial.mendoza.gob.ar\/educacion-cultura-infancias-dge\/wp-json\/wp\/v2\/users\/58"}],"replies":[{"embeddable":true,"href":"https:\/\/informacionoficial.mendoza.gob.ar\/educacion-cultura-infancias-dge\/wp-json\/wp\/v2\/comments?post=2743"}],"wp:attachment":[{"href":"https:\/\/informacionoficial.mendoza.gob.ar\/educacion-cultura-infancias-dge\/wp-json\/wp\/v2\/media?parent=2743"}],"wp:term":[{"taxonomy":"post_tag","embeddable":true,"href":"https:\/\/informacionoficial.mendoza.gob.ar\/educacion-cultura-infancias-dge\/wp-json\/wp\/v2\/tags?post=2743"},{"taxonomy":"mec_category","embeddable":true,"href":"https:\/\/informacionoficial.mendoza.gob.ar\/educacion-cultura-infancias-dge\/wp-json\/wp\/v2\/mec_category?post=2743"}],"curies":[{"name":"wp","href":"https:\/\/api.w.org\/{rel}","templated":true}]}}