{"id":1094,"date":"2025-05-23T14:02:38","date_gmt":"2025-05-23T12:02:38","guid":{"rendered":"https:\/\/informacionoficial.mendoza.gob.ar\/energiayambiente\/?page_id=1094"},"modified":"2025-09-17T12:16:15","modified_gmt":"2025-09-17T15:16:15","slug":"declaraciones-de-impacto-ambiental","status":"publish","type":"page","link":"https:\/\/informacionoficial.mendoza.gob.ar\/energiayambiente\/declaraciones-de-impacto-ambiental\/","title":{"rendered":"Declaraciones de Impacto Ambiental"},"content":{"rendered":"<p>[et_pb_section fb_built=\u00bb1&#8243; _builder_version=\u00bb4.27.4&#8243; background_color=\u00bbRGBA(255,255,255,0)\u00bb use_background_color_gradient=\u00bbon\u00bb background_color_gradient_direction=\u00bb176deg\u00bb background_color_gradient_stops=\u00bb#2b87da 0%|#29c4a9 83%\u00bb background_image=\u00bbhttps:\/\/mza-dicaws-portal-uploads-media-prod.s3.us-east-1.amazonaws.com\/informacion-oficial\/uploads\/sites\/12\/2025\/05\/IMG-20240606-WA0055.jpg\u00bb background_position=\u00bbcenter_right\u00bb background_horizontal_offset=\u00bb100%\u00bb background_blend=\u00bbscreen\u00bb width=\u00bb100%\u00bb min_height=\u00bb1314.6px\u00bb custom_margin=\u00bb||-8px|||\u00bb custom_padding=\u00bb||154px|||\u00bb border_color_all=\u00bb#FFFFFF\u00bb global_colors_info=\u00bb{}\u00bb][et_pb_row _builder_version=\u00bb4.27.4&#8243; background_size=\u00bbinitial\u00bb background_position=\u00bbtop_left\u00bb background_repeat=\u00bbrepeat\u00bb max_width=\u00bb2560px\u00bb custom_padding=\u00bb39px|||||\u00bb global_colors_info=\u00bb{}\u00bb][et_pb_column type=\u00bb4_4&#8243; _builder_version=\u00bb4.27.4&#8243; _module_preset=\u00bbdefault\u00bb global_colors_info=\u00bb{}\u00bb][et_pb_heading title=\u00bbDECLARACIONES\u00bb _builder_version=\u00bb4.27.4&#8243; _module_preset=\u00bbdefault\u00bb title_font=\u00bb|300|||||||\u00bb title_text_align=\u00bbcenter\u00bb title_text_color=\u00bb#FFFFFF\u00bb title_font_size=\u00bb3.5rem\u00bb min_height=\u00bb54px\u00bb custom_margin=\u00bb||-1px|||\u00bb title_text_shadow_style=\u00bbpreset1&#8243; global_colors_info=\u00bb{}\u00bb][\/et_pb_heading][et_pb_heading title=\u00bbDE IMPACTO AMBIENTAL\u00bb _builder_version=\u00bb4.27.4&#8243; _module_preset=\u00bbdefault\u00bb title_font=\u00bb|300|||||||\u00bb title_text_align=\u00bbcenter\u00bb title_text_color=\u00bb#FFFFFF\u00bb title_font_size=\u00bb3.5rem\u00bb title_text_shadow_style=\u00bbpreset1&#8243; global_colors_info=\u00bb{}\u00bb][\/et_pb_heading][\/et_pb_column][\/et_pb_row][et_pb_row _builder_version=\u00bb4.27.4&#8243; _module_preset=\u00bbdefault\u00bb background_color=\u00bbrgba(255,255,255,0.52)\u00bb max_width=\u00bb2560px\u00bb border_radii=\u00bbon|8px|8px|8px|8px\u00bb global_colors_info=\u00bb{}\u00bb][et_pb_column type=\u00bb4_4&#8243; _builder_version=\u00bb4.27.4&#8243; _module_preset=\u00bbdefault\u00bb global_colors_info=\u00bb{}\u00bb][et_pb_text _builder_version=\u00bb4.27.4&#8243; _module_preset=\u00bbdefault\u00bb text_font_size=\u00bb18px\u00bb custom_margin=\u00bb|35px|-256px|35px|false|false\u00bb hover_enabled=\u00bb0&#8243; global_colors_info=\u00bb{}\u00bb sticky_enabled=\u00bb0&#8243; min_height=\u00bb2033px\u00bb]<\/p>\n<div class=\"uwy userway_p5 utb\" data-uw-feature-ignore=\"true\" data-uw-rm-ignore=\"true\" style=\"background-color: transparent !important;overflow: initial !important\" title=\"Men\u00fa de Accesibilidad\">\n<div class=\"col-md-12\">\n<div class=\"col-md-12\"><\/div>\n<\/div>\n<\/div>\n<div class=\"row\">\n<article id=\"post-192\" class=\"post-192 page type-page status-publish hentry\">\n<div class=\"col-md-10\">\n<p><span style=\"color: #0091f2\"><a href=\"https:\/\/mza-dicaws-portal-uploads-media-prod.s3.amazonaws.com\/informacion-oficial\/uploads\/sites\/12\/2025\/09\/RS-2024-08764735-GDEMZA-ENERGAMB.pdf\" style=\"color: #0091f2\">PATA MORA<\/a><a href=\"https:\/\/mza-dicaws-portal-uploads-media-prod.s3.amazonaws.com\/informacion-oficial\/uploads\/sites\/12\/2025\/09\/RS-2024-08764735-GDEMZA-ENERGAMB.pdf\" rel=\"attachment wp-att-4309\" style=\"color: #0091f2\"><\/a><\/span><\/p>\n<p><span style=\"color: #0091f2\"><a href=\"https:\/\/mza-dicaws-portal-uploads-media-prod.s3.amazonaws.com\/informacion-oficial\/uploads\/sites\/12\/2025\/09\/RS-2025-01886292-GDEMZA-ENERGAMB.pdf\" style=\"color: #0091f2\">DISTRITO NORTE<\/a><\/span><\/p>\n<p><span style=\"color: #0091f2\"><a href=\"https:\/\/mza-dicaws-portal-uploads-media-prod.s3.amazonaws.com\/informacion-oficial\/uploads\/sites\/12\/2025\/09\/RS-2024-08714551-GDEMZA-ENERGAMB.pdf\" style=\"color: #0091f2\">ET CAPIZ<\/a><\/span><\/p>\n<p><span style=\"color: #0091f2\"><a href=\"https:\/\/mza-dicaws-portal-uploads-media-prod.s3.amazonaws.com\/informacion-oficial\/uploads\/sites\/12\/2025\/09\/RS-2024-07925261-GDEMZA-ENERGAMB.pdf\" style=\"color: #0091f2\">MASTER PLAN DE DESARROLLO DE PERILAGO \u2013 POTRERILLOS RESORT S.A<\/a><\/span><\/p>\n<p><span style=\"color: #0091f2\"><a href=\"https:\/\/mza-dicaws-portal-uploads-media-prod.s3.amazonaws.com\/informacion-oficial\/uploads\/sites\/12\/2025\/09\/RS-2024-09009746-GDEMZA-ENERGAMB-1.pdf\" style=\"color: #0091f2\">ET MENDOZA NORTE<\/a><\/span><\/p>\n<p><span style=\"color: #0091f2\"><a href=\"https:\/\/mza-dicaws-portal-uploads-media-prod.s3.amazonaws.com\/informacion-oficial\/uploads\/sites\/12\/2025\/09\/ACTO-2023-10029785-GDEMZA-SAYOT-1-1.pdf\" style=\"color: #0091f2\">MASTERPLAN DESARROLLO D\u00c9CIMA SECCI\u00d3N LOS CERROS<\/a><\/span><\/p>\n<p><span style=\"color: #0091f2\"><a href=\"https:\/\/mza-dicaws-portal-uploads-media-prod.s3.amazonaws.com\/informacion-oficial\/uploads\/sites\/12\/2025\/09\/RS-2025-00796107-GDEMZA-ENERGAMB.pdf\" style=\"color: #0091f2\">DESARROLLO DE NUEVO POLO TUR\u00cdSTICO EN EL PERILAGO DE POTRERILLOS \u2013 POTRERILLOS URBAN<\/a><\/span><\/p>\n<p><span style=\"color: #0091f2\"><a href=\"https:\/\/mza-dicaws-portal-uploads-media-prod.s3.amazonaws.com\/informacion-oficial\/uploads\/sites\/12\/2025\/09\/DIA_Resolucion-341-2023-SAYOT-ACTA-2023-06468677-GDEMZA-SAYOT.pdf\" style=\"color: #0091f2\">METROTRANV\u00cdA ETAPA III Y IV<\/a><\/span><\/p>\n<p><span style=\"color: #0091f2\"><a href=\"https:\/\/mza-dicaws-portal-uploads-media-prod.s3.amazonaws.com\/informacion-oficial\/uploads\/sites\/12\/2025\/09\/DIA-LUJAN-DE-CUYO-251.pdf\" style=\"color: #0091f2\">PARQUE SOLAR FOTOVOLT\u00c1ICO LUJAN DE CUYO<\/a><\/span><br \/><span style=\"color: #0091f2\"><a href=\"https:\/\/mza-dicaws-portal-uploads-media-prod.s3.amazonaws.com\/informacion-oficial\/uploads\/sites\/12\/2025\/09\/Adenda-DIA-Lujan-de-Cuyo-2022.pdf\" style=\"color: #0091f2\">ADENDA PARQUE SOLAR FOTOVOLT\u00c1ICO LUJAN DE CUYO<\/a><\/span><\/p>\n<p><span style=\"color: #0091f2\"><a href=\"https:\/\/mza-dicaws-portal-uploads-media-prod.s3.amazonaws.com\/informacion-oficial\/uploads\/sites\/12\/2025\/09\/ACTA-2023-04187444-GDEMZA-SAYOT_DIA.pdf\" style=\"color: #0091f2\">INTERCONEXI\u00d3N ESTACI\u00d3N TRANSFORMADORA EL MARCADO \u2013 ESTACI\u00d3N TRANSFORMADORA ALTO VERDE \u2013 ESTACI\u00d3N TRANSFORMADORA LA DORMIDA \u2013 ESTACI\u00d3N TRANSFORMADORA LA PAZ 132 KV\u00a0 \u2013 DEPARTAMENTOS DE SANTA ROSA Y LA PAZ \u2013 MENDOZA \u2013 ARGENTINA<\/a><a href=\"https:\/\/mza-dicaws-portal-uploads-media-prod.s3.amazonaws.com\/informacion-oficial\/uploads\/sites\/12\/2025\/09\/ACTA-2023-04187444-GDEMZA-SAYOT_DIA.pdf\" rel=\"attachment wp-att-4306\" style=\"color: #0091f2\"><\/a><\/span><\/p>\n<p><span style=\"color: #0091f2\"><a href=\"https:\/\/mza-dicaws-portal-uploads-media-prod.s3.amazonaws.com\/informacion-oficial\/uploads\/sites\/12\/2025\/09\/ACTA-2023-01829847-GDEMZA-SAYOT.pdf\" style=\"color: #0091f2\">ESTABLECIMIENTO POTABILIZADOR BALLOFET Y NUEVA ADUCCI\u00d3N ACTA-2023-01829847<\/a><\/span><br \/><span style=\"color: #0091f2\"><a href=\"https:\/\/mza-dicaws-portal-uploads-media-prod.s3.amazonaws.com\/informacion-oficial\/uploads\/sites\/12\/2025\/09\/ACTA-2023-04352187-GDEMZA-SAYOT.pdf\" style=\"color: #0091f2\">ESTABLECIMIENTO POTABILIZADOR BALLOFET Y NUEVA ADUCCI\u00d3N ACTA-2023-04352187<\/a><\/span><\/p>\n<p><span style=\"color: #0091f2\"><a href=\"https:\/\/mza-dicaws-portal-uploads-media-prod.s3.amazonaws.com\/informacion-oficial\/uploads\/sites\/12\/2025\/09\/ACTA-2022-07519661-GDEMZA-SAYOT-1.pdf\" style=\"color: #0091f2\">COLECTOR CLOACAL Y ESTACI\u00d3N ELEVADORA EL PARAMILLO II<\/a><a href=\"https:\/\/mza-dicaws-portal-uploads-media-prod.s3.amazonaws.com\/informacion-oficial\/uploads\/sites\/12\/2025\/09\/ACTA-2022-07519661-GDEMZA-SAYOT-1.pdf\" rel=\"attachment wp-att-4300\" style=\"color: #0091f2\"><\/a><\/span><\/p>\n<p><span style=\"color: #0091f2\"><a href=\"https:\/\/mza-dicaws-portal-uploads-media-prod.s3.amazonaws.com\/informacion-oficial\/uploads\/sites\/12\/2025\/09\/ACTA-2022-09338895-GDEMZA-SAYOT.pdf\" style=\"color: #0091f2\">AMPLIACI\u00d3N ESTABLECIMIENTO DEPURADOR CUADRO NACIONAL \u2013 3\u00b0 ETAPA<\/a><a href=\"https:\/\/mza-dicaws-portal-uploads-media-prod.s3.amazonaws.com\/informacion-oficial\/uploads\/sites\/12\/2025\/09\/ACTA-2022-09338895-GDEMZA-SAYOT.pdf\" rel=\"attachment wp-att-4299\" style=\"color: #0091f2\"><\/a><\/span><\/p>\n<p><span style=\"color: #0091f2\"><a href=\"https:\/\/mza-dicaws-portal-uploads-media-prod.s3.amazonaws.com\/informacion-oficial\/uploads\/sites\/12\/2025\/09\/ACTA-2023-03015177-GDEMZA-SAYOT.pdf\" style=\"color: #0091f2\">SISTEMA DE PROVISI\u00d3N DE AGUA POTABLE \u2013 PEDEMONTE NORTE 2022<\/a><a href=\"https:\/\/mza-dicaws-portal-uploads-media-prod.s3.amazonaws.com\/informacion-oficial\/uploads\/sites\/12\/2025\/09\/ACTA-2023-03015177-GDEMZA-SAYOT.pdf\" rel=\"attachment wp-att-4298\" style=\"color: #0091f2\"><\/a><\/span><\/p>\n<p><span style=\"color: #0091f2\"><a href=\"https:\/\/mza-dicaws-portal-uploads-media-prod.s3.amazonaws.com\/informacion-oficial\/uploads\/sites\/12\/2025\/09\/ACTA-2021-05860252-GDEMZA-SAYOT.pdf\" style=\"color: #0091f2\">SISTEMA CLOACAL DE SANEAMIENTO DE LA ZONA ESTE DEL DEPARTAMENTO DE MAIP\u00da, PROVINCIA DE MENDOZA<\/a><a href=\"https:\/\/mza-dicaws-portal-uploads-media-prod.s3.amazonaws.com\/informacion-oficial\/uploads\/sites\/12\/2025\/09\/ACTA-2021-05860252-GDEMZA-SAYOT.pdf\" rel=\"attachment wp-att-4297\" style=\"color: #0091f2\"><\/a><\/span><\/p>\n<p><span style=\"color: #0091f2\"><a href=\"https:\/\/mza-dicaws-portal-uploads-media-prod.s3.amazonaws.com\/informacion-oficial\/uploads\/sites\/12\/2025\/09\/Resoluci%C2%A6n-133-2022-SAYOT-ACTA-2022-01791274-GDEMZA-SAYOT.pdf\" style=\"color: #0091f2\">FORTALECIMIENTO Y EXPANSI\u00d3N DEL ESPACIO P\u00daBLICO DEL OESTE \u2013 SECTOR ECOPARQUE<\/a><\/span><\/p>\n<p><span style=\"color: #0091f2\"><a href=\"https:\/\/mza-dicaws-portal-uploads-media-prod.s3.amazonaws.com\/informacion-oficial\/uploads\/sites\/12\/2025\/09\/ACTA-2021-05916666-GDEMZA-SAYOT.pdf\" style=\"color: #0091f2\">INTERCONEXI\u00d3N 500KV NUEVA EETT LOS C\u00d3NDORES, AMPLIACI\u00d3N EETT R\u00cdO DIAMANTE<\/a><a href=\"https:\/\/mza-dicaws-portal-uploads-media-prod.s3.amazonaws.com\/informacion-oficial\/uploads\/sites\/12\/2025\/09\/ACTA-2021-05916666-GDEMZA-SAYOT.pdf\" rel=\"attachment wp-att-4287\" style=\"color: #0091f2\"><\/a><\/span><\/p>\n<p><span style=\"color: #0091f2\"><a href=\"https:\/\/mza-dicaws-portal-uploads-media-prod.s3.amazonaws.com\/informacion-oficial\/uploads\/sites\/12\/2025\/09\/ACTA-2021-04599809-GDEMZA-SAYOT_TENDIDOEDEMSAPOTRE.pdf\" style=\"color: #0091f2\">LATT ET ALVAREZ CONDARCO \u2013 ET RIO BLANCO MANIFESTACION GENERAL DE IMPACTO AMBIENTAL<\/a><a href=\"https:\/\/mza-dicaws-portal-uploads-media-prod.s3.amazonaws.com\/informacion-oficial\/uploads\/sites\/12\/2025\/09\/ACTA-2021-04599809-GDEMZA-SAYOT_TENDIDOEDEMSAPOTRE.pdf\" rel=\"attachment wp-att-4283\" style=\"color: #0091f2\"><\/a><\/span><\/p>\n<p><a href=\"https:\/\/mza-dicaws-portal-uploads-media-prod.s3.amazonaws.com\/informacion-oficial\/uploads\/sites\/12\/2025\/09\/ACTA-2021-05954996-GDEMZA-SAYOT_MERCADOGLLEN.pdf\"><span style=\"color: #0091f2\">MERCADO COOPERATIVO GUAYMALL\u00c9N<\/span><\/a><\/p>\n<p><span style=\"color: #0091f2\"><a href=\"https:\/\/mza-dicaws-portal-uploads-media-prod.s3.amazonaws.com\/informacion-oficial\/uploads\/sites\/12\/2025\/09\/ACTA-2021-06619703-GDEMZA-SAYOT_CHACRASPARK.pdf\" style=\"color: #0091f2\">MASTERPLAN DEL DESARROLLO INMOBILIARIO CHACRAS PARK<\/a><a href=\"https:\/\/mza-dicaws-portal-uploads-media-prod.s3.amazonaws.com\/informacion-oficial\/uploads\/sites\/12\/2025\/09\/ACTA-2021-06619703-GDEMZA-SAYOT_CHACRASPARK.pdf\" rel=\"attachment wp-att-4280\" style=\"color: #0091f2\"><\/a><\/span><\/p>\n<p><span style=\"color: #0091f2\"><a href=\"https:\/\/mza-dicaws-portal-uploads-media-prod.s3.amazonaws.com\/informacion-oficial\/uploads\/sites\/12\/2025\/09\/ACTA-2022-01987204-GDEMZA-SAYOT.pdf\" style=\"color: #0091f2\">MASTER PLAN DEL DESARROLLO INMOBILIARIO TERRAZAS AGUSTINAS<\/a><a href=\"https:\/\/mza-dicaws-portal-uploads-media-prod.s3.amazonaws.com\/informacion-oficial\/uploads\/sites\/12\/2025\/09\/ACTA-2022-01987204-GDEMZA-SAYOT.pdf\" rel=\"attachment wp-att-4277\" style=\"color: #0091f2\"><\/a><\/span><\/p>\n<p><span style=\"color: #0091f2\"><a href=\"https:\/\/mza-dicaws-portal-uploads-media-prod.s3.amazonaws.com\/informacion-oficial\/uploads\/sites\/12\/2025\/09\/ACTA-2022-07519661-GDEMZA-SAYOT.pdf\" style=\"color: #0091f2\">COLECTOR CLOACAL y ESTACI\u00d3N ELEVADORA EL PARAMILLO<\/a><\/span><\/p>\n<p><span style=\"color: #0091f2\"><a href=\"https:\/\/mza-dicaws-portal-uploads-media-prod.s3.amazonaws.com\/informacion-oficial\/uploads\/sites\/12\/2025\/09\/RS-2021-04769585-GDEMZA-SAYOT_PUNTANEGRA.pdf\" style=\"color: #0091f2\">PUNTA NEGRA CLUB HOUSE Y APROVECHAMIENTO HIDROEL\u00c9CTRICO PUNTA NEGRA<\/a><a href=\"https:\/\/mza-dicaws-portal-uploads-media-prod.s3.amazonaws.com\/informacion-oficial\/uploads\/sites\/12\/2025\/09\/RS-2021-04769585-GDEMZA-SAYOT_PUNTANEGRA.pdf\" rel=\"attachment wp-att-4275\" style=\"color: #0091f2\"><\/a><\/span><\/p>\n<p><span style=\"color: #0091f2\"><a href=\"https:\/\/mza-dicaws-portal-uploads-media-prod.s3.amazonaws.com\/informacion-oficial\/uploads\/sites\/12\/2025\/09\/ACTA-2020-06062866-GDEMZA-SAYOT.pdf\" style=\"color: #0091f2\">CONSTRUCCI\u00d3N DE CONJUNTO DE TEMPLO Y EDIFICIOS ANEXOS: IGLESIA DE JESUCRISTO DE LOS SANTOS DE LOS \u00daLTIMOS D\u00cdAS<\/a><a href=\"https:\/\/mza-dicaws-portal-uploads-media-prod.s3.amazonaws.com\/informacion-oficial\/uploads\/sites\/12\/2025\/09\/ACTA-2020-06062866-GDEMZA-SAYOT.pdf\" rel=\"attachment wp-att-4274\" style=\"color: #0091f2\"><\/a><\/span><\/p>\n<p><span style=\"color: #0091f2\"><a href=\"https:\/\/mza-dicaws-portal-uploads-media-prod.s3.amazonaws.com\/informacion-oficial\/uploads\/sites\/12\/2025\/09\/ACTA-2022-00465343-GDEMZA-SAYOT.pdf\" style=\"color: #0091f2\">PROYECTO CONSTRUCCI\u00d3N DE BASES DE INCENDIOS MONTE COM\u00c1N \u2013 \u00d1ACU\u00d1\u00c1N \u2013 LA PAZ \u2013 PROVINCIA DE MENDOZA<\/a><a href=\"https:\/\/mza-dicaws-portal-uploads-media-prod.s3.amazonaws.com\/informacion-oficial\/uploads\/sites\/12\/2025\/09\/ACTA-2022-00465343-GDEMZA-SAYOT.pdf\" rel=\"attachment wp-att-4273\" style=\"color: #0091f2\"><\/a><\/span><\/p>\n<p><span style=\"color: #0091f2\"><a href=\"https:\/\/mza-dicaws-portal-uploads-media-prod.s3.amazonaws.com\/informacion-oficial\/uploads\/sites\/12\/2025\/09\/ACTA-2022-09435519-GDEMZA-SAYOT.pdf\" style=\"color: #0091f2\">INSTALACI\u00d3N DE ANTENAS PARA SERVICIO DE TELEFON\u00cdA CELULAR, SITIO: MENDOZA HOSPITAL CENTRAL \u2013 CODIGO A33-O271<\/a><a href=\"https:\/\/mza-dicaws-portal-uploads-media-prod.s3.amazonaws.com\/informacion-oficial\/uploads\/sites\/12\/2025\/09\/ACTA-2022-09435519-GDEMZA-SAYOT.pdf\" rel=\"attachment wp-att-4272\" style=\"color: #0091f2\"><\/a><\/span><\/p>\n<p><span style=\"color: #0091f2\"><a href=\"https:\/\/mza-dicaws-portal-uploads-media-prod.s3.amazonaws.com\/informacion-oficial\/uploads\/sites\/12\/2025\/09\/ACTA-2022-09435537-GDEMZA-SAYOT.pdf\" style=\"color: #0091f2\">INSTALACI\u00d3N DE ANTENAS PARA SERVICIO DE TELEFON\u00cdA CELULAR,<\/a><\/span><br \/><span style=\"color: #0091f2\"><a href=\"https:\/\/mza-dicaws-portal-uploads-media-prod.s3.amazonaws.com\/informacion-oficial\/uploads\/sites\/12\/2025\/09\/ACTA-2022-09435537-GDEMZA-SAYOT.pdf\" style=\"color: #0091f2\">SITIO: MENDOZA PLAZA INDEPENDENCIA \u2013 CODIGO A33-O308<\/a><\/span><\/p>\n<p><a href=\"https:\/\/mza-dicaws-portal-uploads-media-prod.s3.amazonaws.com\/informacion-oficial\/uploads\/sites\/12\/2025\/09\/ACTA-2022-09435559-GDEMZA-SAYOT.pdf\"><span style=\"color: #0091f2\">INSTALACI\u00d3N DE ANTENAS PARA SERVICIO DE TELEFON\u00cdA CELULAR, SITIO: MENDOZA CALLE THAYS S\/N\u00ba \u2013 CODIGO A33-O369<\/span><\/a><a href=\"https:\/\/mza-dicaws-portal-uploads-media-prod.s3.amazonaws.com\/informacion-oficial\/uploads\/sites\/12\/2025\/09\/ACTA-2022-09435559-GDEMZA-SAYOT.pdf\" rel=\"attachment wp-att-4268\"><span style=\"color: #0091f2\"><\/span><\/a><\/p>\n<p><span style=\"color: #0091f2\"><a href=\"https:\/\/mza-dicaws-portal-uploads-media-prod.s3.amazonaws.com\/informacion-oficial\/uploads\/sites\/12\/2025\/09\/ACTA-2021-07832032-GDEMZA-SAYOT_DIA.pdf\" style=\"color: #0091f2\">PARQUE SOLAR ENERG\u00cdAS RENOVABLES ARMON\u00cdA<\/a><\/span><\/p>\n<p><span style=\"color: #0091f2\"><a href=\"https:\/\/mza-dicaws-portal-uploads-media-prod.s3.amazonaws.com\/informacion-oficial\/uploads\/sites\/12\/2025\/09\/ACTA-2021-01048277-GDEMZA-SAYOT.pdf\" style=\"color: #0091f2\">LOCALES COMERCIALES PASEO POSE<\/a><a href=\"https:\/\/mza-dicaws-portal-uploads-media-prod.s3.amazonaws.com\/informacion-oficial\/uploads\/sites\/12\/2025\/09\/ACTA-2021-01048277-GDEMZA-SAYOT.pdf\" rel=\"attachment wp-att-4266\" style=\"color: #0091f2\"><\/a><\/span><\/p>\n<p id=\"block-8488f047-366c-47e4-afd8-af16cb8eb83d\"><span style=\"color: #0091f2\"><a href=\"https:\/\/mza-dicaws-portal-uploads-media-prod.s3.amazonaws.com\/informacion-oficial\/uploads\/sites\/12\/2025\/09\/RS-2019-04302810-GDEMZA-SAYOT-_TUNELES.pdf\" style=\"color: #0091f2\">MANIFESTACI\u00d3N GENERAL DE IMPACTO AMBIENTAL<\/a><\/span><br \/><span style=\"color: #0091f2\"><a href=\"https:\/\/mza-dicaws-portal-uploads-media-prod.s3.amazonaws.com\/informacion-oficial\/uploads\/sites\/12\/2025\/09\/RS-2019-04302810-GDEMZA-SAYOT-_TUNELES.pdf\" style=\"color: #0091f2\">CONJUNTA DE LOS T\u00daNELES DE CRISTO REDENTOR Y CARACOLES<\/a><a href=\"https:\/\/mza-dicaws-portal-uploads-media-prod.s3.amazonaws.com\/informacion-oficial\/uploads\/sites\/12\/2025\/09\/RS-2019-04302810-GDEMZA-SAYOT-_TUNELES.pdf\" rel=\"attachment wp-att-4265\" style=\"color: #0091f2\"><\/a><\/span><\/p>\n<p><span style=\"color: #0091f2\"><a href=\"https:\/\/mza-dicaws-portal-uploads-media-prod.s3.amazonaws.com\/informacion-oficial\/uploads\/sites\/12\/2025\/09\/ACTA-2021-07354551-GDEMZA-SAYOT_TUNELES.pdf\" style=\"color: #0091f2\">MANIFESTACI\u00d3N GENERAL DE IMPACTO AMBIENTAL<\/a><\/span><br \/><span style=\"color: #0091f2\"><a href=\"https:\/\/mza-dicaws-portal-uploads-media-prod.s3.amazonaws.com\/informacion-oficial\/uploads\/sites\/12\/2025\/09\/ACTA-2021-07354551-GDEMZA-SAYOT_TUNELES.pdf\" style=\"color: #0091f2\">CONJUNTA DE LOS T\u00daNELES DE CRISTO REDENTOR Y CARACOLES<\/a><a href=\"https:\/\/mza-dicaws-portal-uploads-media-prod.s3.amazonaws.com\/informacion-oficial\/uploads\/sites\/12\/2025\/09\/ACTA-2021-07354551-GDEMZA-SAYOT_TUNELES.pdf\" rel=\"attachment wp-att-4264\" style=\"color: #0091f2\"><\/a><\/span><\/p>\n<p><span style=\"color: #0091f2\"><a href=\"https:\/\/mza-dicaws-portal-uploads-media-prod.s3.amazonaws.com\/informacion-oficial\/uploads\/sites\/12\/2025\/09\/ACTA-2021-05982758-GDEMZA-SAYOT.pdf\" style=\"color: #0091f2\">PARQUE SOLAR ENERG\u00cdAS RENOVABLES DEL<\/a><\/span><br \/><span style=\"color: #0091f2\"><a href=\"https:\/\/mza-dicaws-portal-uploads-media-prod.s3.amazonaws.com\/informacion-oficial\/uploads\/sites\/12\/2025\/09\/ACTA-2021-05982758-GDEMZA-SAYOT.pdf\" style=\"color: #0091f2\">MANANTIAL S.A<\/a><a href=\"https:\/\/mza-dicaws-portal-uploads-media-prod.s3.amazonaws.com\/informacion-oficial\/uploads\/sites\/12\/2025\/09\/ACTA-2021-05982758-GDEMZA-SAYOT.pdf\" rel=\"attachment wp-att-4263\" style=\"color: #0091f2\"><\/a><\/span><\/p>\n<p><a href=\"https:\/\/mza-dicaws-portal-uploads-media-prod.s3.amazonaws.com\/informacion-oficial\/uploads\/sites\/12\/2025\/09\/ACTO-2023-10029785-GDEMZA-SAYOT-1.pdf\"><span style=\"color: #0091f2\">MASTER PLAN DESARROLLO D\u00c9CIMA SECCI\u00d3N LOS CERROS<\/span><\/a><\/p>\n<figure class=\"wp-block-embed-youtube wp-block-embed is-type-video is-provider-youtube wp-embed-aspect-4-3 wp-has-aspect-ratio wp-embed-aspect-16-9\">\n<div class=\"wp-block-embed__wrapper\"><\/div>\n<\/figure>\n<\/div>\n<\/article>\n<\/div>\n<div class=\"\">\n<div style=\"min-height: 250px\">\n<div class=\"containerwp\">\n<div class=\"logogobwp\">\n<div style=\"padding-top: 35px;padding-bottom: 10px\"><img decoding=\"async\" class=\"image-responsive\" alt=\"Gobierno de Mendoza\" src=\"https:\/\/www.mendoza.gov.ar\/wp-content\/uploads\/sites\/81\/2023\/12\/gob_escudo_footer.png\" \/><\/div>\n<\/div>\n<div class=\"info-footer\"><b>MENDOZA GOBIERNO<\/b>Av. Peltier 351 &#8211; Ciudad, Mendoza<\/div>\n<\/div>\n<div class=\"footer-redes\">\n<div class=\"info-copyright\">MENDOZA GOBIERNO<\/div>\n<div class=\"footer-redeswp\" style=\"padding-bottom: 15px\"><a class=\"\" target=\"_blank\" href=\"https:\/\/www.facebook.com\/MendozaGobierno\/?ref=br_rs\" rel=\"noopener\"> <\/a><\/div>\n<\/div>\n<\/div>\n<\/div>\n<footer class=\"footer-wp\">\n<div class=\"\">\n<div style=\"min-height: 250px\">\n<div class=\"footer-redes\"><\/div>\n<\/div>\n<\/div>\n<\/footer>\n<p>[\/et_pb_text][\/et_pb_column][\/et_pb_row][\/et_pb_section][et_pb_section fb_built=\u00bb1&#8243; module_id=\u00bbcontacto\u00bb _builder_version=\u00bb4.27.4&#8243; _module_preset=\u00bbdefault\u00bb global_colors_info=\u00bb{}\u00bb][et_pb_row _builder_version=\u00bb4.27.4&#8243; background_size=\u00bbinitial\u00bb background_position=\u00bbtop_left\u00bb background_repeat=\u00bbrepeat\u00bb min_height=\u00bb897.8px\u00bb custom_margin=\u00bb|auto|-163px|auto||\u00bb custom_padding=\u00bb39px|||||\u00bb global_colors_info=\u00bb{}\u00bb][et_pb_column type=\u00bb4_4&#8243; _builder_version=\u00bb4.16&#8243; custom_padding=\u00bb|||\u00bb global_colors_info=\u00bb{}\u00bb custom_padding__hover=\u00bb|||\u00bb][et_pb_text _builder_version=\u00bb4.27.4&#8243; text_text_color=\u00bb#000000&#8243; header_text_color=\u00bb#000000&#8243; background_size=\u00bbinitial\u00bb background_position=\u00bbtop_left\u00bb background_repeat=\u00bbrepeat\u00bb min_height=\u00bb603.8px\u00bb custom_margin=\u00bb||-1px|||\u00bb custom_padding=\u00bb||0px|||\u00bb global_colors_info=\u00bb{}\u00bb]<!-- divi:paragraph --><!-- divi:paragraph --><\/p>\n<h3>L\u00edneas telef\u00f3nicas<\/h3>\n<p><strong>Coordinaci\u00f3n :<br \/><\/strong>Arq. Mar\u00eda Soledad Barros<br \/>Tel : 0261 \u2013 3852423<\/p>\n<p>&nbsp;<\/p>\n<p><!-- \/divi:paragraph -->[\/et_pb_text][\/et_pb_column][\/et_pb_row][\/et_pb_section]<\/p>\n","protected":false},"excerpt":{"rendered":"<p>PATA MORA DISTRITO NORTE ET CAPIZ MASTER PLAN DE DESARROLLO DE PERILAGO \u2013 POTRERILLOS RESORT S.A ET MENDOZA NORTE MASTERPLAN DESARROLLO D\u00c9CIMA SECCI\u00d3N LOS CERROS DESARROLLO DE NUEVO POLO TUR\u00cdSTICO EN EL PERILAGO DE POTRERILLOS \u2013 POTRERILLOS URBAN METROTRANV\u00cdA ETAPA III Y IV PARQUE SOLAR FOTOVOLT\u00c1ICO LUJAN DE CUYOADENDA PARQUE SOLAR FOTOVOLT\u00c1ICO LUJAN DE CUYO [&hellip;]<\/p>\n","protected":false},"author":13,"featured_media":0,"parent":0,"menu_order":0,"comment_status":"closed","ping_status":"closed","template":"","meta":{"_et_pb_use_builder":"on","_et_pb_old_content":"","_et_gb_content_width":"","footnotes":""},"class_list":["post-1094","page","type-page","status-publish","hentry"],"_links":{"self":[{"href":"https:\/\/informacionoficial.mendoza.gob.ar\/energiayambiente\/wp-json\/wp\/v2\/pages\/1094","targetHints":{"allow":["GET"]}}],"collection":[{"href":"https:\/\/informacionoficial.mendoza.gob.ar\/energiayambiente\/wp-json\/wp\/v2\/pages"}],"about":[{"href":"https:\/\/informacionoficial.mendoza.gob.ar\/energiayambiente\/wp-json\/wp\/v2\/types\/page"}],"author":[{"embeddable":true,"href":"https:\/\/informacionoficial.mendoza.gob.ar\/energiayambiente\/wp-json\/wp\/v2\/users\/13"}],"replies":[{"embeddable":true,"href":"https:\/\/informacionoficial.mendoza.gob.ar\/energiayambiente\/wp-json\/wp\/v2\/comments?post=1094"}],"version-history":[{"count":40,"href":"https:\/\/informacionoficial.mendoza.gob.ar\/energiayambiente\/wp-json\/wp\/v2\/pages\/1094\/revisions"}],"predecessor-version":[{"id":4278,"href":"https:\/\/informacionoficial.mendoza.gob.ar\/energiayambiente\/wp-json\/wp\/v2\/pages\/1094\/revisions\/4278"}],"wp:attachment":[{"href":"https:\/\/informacionoficial.mendoza.gob.ar\/energiayambiente\/wp-json\/wp\/v2\/media?parent=1094"}],"curies":[{"name":"wp","href":"https:\/\/api.w.org\/{rel}","templated":true}]}}