{"id":1329,"date":"2025-05-28T17:12:53","date_gmt":"2025-05-28T15:12:53","guid":{"rendered":"https:\/\/informacionoficial.mendoza.gob.ar\/energiayambiente\/?page_id=1329"},"modified":"2026-04-06T11:09:04","modified_gmt":"2026-04-06T14:09:04","slug":"subsecretaria-de-energia","status":"publish","type":"page","link":"https:\/\/informacionoficial.mendoza.gob.ar\/energiayambiente\/subsecretaria-de-energia\/","title":{"rendered":"Subsecretar\u00eda de Energ\u00eda"},"content":{"rendered":"<p>[et_pb_section fb_built=\u00bb1&#8243; admin_label=\u00bbSubscribe\u00bb _builder_version=\u00bb4.27.4&#8243; _module_preset=\u00bbdefault\u00bb use_background_color_gradient=\u00bbon\u00bb background_color_gradient_stops=\u00bbrgba(0,0,0,0.6) 0%|rgba(0,0,0,0.6) 100%\u00bb background_color_gradient_overlays_image=\u00bbon\u00bb background_image=\u00bbhttps:\/\/mza-dicaws-portal-uploads-media-prod.s3.us-east-1.amazonaws.com\/informacion-oficial\/uploads\/sites\/12\/2025\/05\/IMG-20240606-WA0056.jpg\u00bb background_position=\u00bbbottom_center\u00bb min_height=\u00bb40em\u00bb custom_margin=\u00bb||0px|||\u00bb custom_padding=\u00bb1px||1px||true|false\u00bb locked=\u00bboff\u00bb collapsed=\u00bbon\u00bb global_colors_info=\u00bb{}\u00bb][et_pb_row _builder_version=\u00bb4.27.4&#8243; _module_preset=\u00bbdefault\u00bb max_width=\u00bb2560px\u00bb min_height=\u00bb119px\u00bb custom_margin=\u00bb50px|auto||auto||\u00bb global_colors_info=\u00bb{}\u00bb][et_pb_column type=\u00bb4_4&#8243; _builder_version=\u00bb4.27.4&#8243; _module_preset=\u00bbdefault\u00bb global_colors_info=\u00bb{}\u00bb][et_pb_heading title=\u00bbEnerg\u00eda y Miner\u00eda\u00bb _builder_version=\u00bb4.27.4&#8243; _module_preset=\u00bbdefault\u00bb title_font=\u00bb||||||||\u00bb title_text_align=\u00bbcenter\u00bb title_text_color=\u00bb#FFFFFF\u00bb title_font_size=\u00bb3.5rem\u00bb title_text_shadow_style=\u00bbpreset1&#8243; global_colors_info=\u00bb{}\u00bb][\/et_pb_heading][\/et_pb_column][\/et_pb_row][et_pb_row column_structure=\u00bb1_3,1_3,1_3&#8243; use_custom_gutter=\u00bbon\u00bb gutter_width=\u00bb2&#8243; _builder_version=\u00bb4.27.4&#8243; _module_preset=\u00bbdefault\u00bb max_width=\u00bb80%\u00bb custom_margin=\u00bb0px||0px||false|false\u00bb custom_padding=\u00bb5rem|0px|1rem|0px|false|false\u00bb locked=\u00bboff\u00bb global_colors_info=\u00bb{}\u00bb][et_pb_column type=\u00bb1_3&#8243; _builder_version=\u00bb4.27.4&#8243; _module_preset=\u00bbdefault\u00bb global_colors_info=\u00bb{}\u00bb][et_pb_text _builder_version=\u00bb4.27.4&#8243; _module_preset=\u00bbdefault\u00bb header_3_font=\u00bb|600|||||||\u00bb header_3_text_align=\u00bbcenter\u00bb header_3_text_color=\u00bb#FFFFFF\u00bb background_color=\u00bbrgba(56,56,56,0.39)\u00bb custom_padding=\u00bb2em||2em||true|false\u00bb link_option_url=\u00bbhttps:\/\/informacionoficial.mendoza.gob.ar\/energiayambiente\/atencion-ciudadana-ministerios\/\u00bb border_radii=\u00bbon|15px|15px|15px|15px\u00bb border_width_all=\u00bb3px\u00bb border_color_all=\u00bb#ffffff\u00bb global_colors_info=\u00bb{}\u00bb]<\/p>\n<h3>Atenci\u00f3n Ciudadana<\/h3>\n<p>[\/et_pb_text][\/et_pb_column][et_pb_column type=\u00bb1_3&#8243; _builder_version=\u00bb4.27.4&#8243; _module_preset=\u00bbdefault\u00bb global_colors_info=\u00bb{}\u00bb][et_pb_text _builder_version=\u00bb4.27.4&#8243; _module_preset=\u00bbdefault\u00bb header_3_font=\u00bb|600|||||||\u00bb header_3_text_align=\u00bbcenter\u00bb header_3_text_color=\u00bb#FFFFFF\u00bb background_color=\u00bbrgba(56,56,56,0.39)\u00bb custom_padding=\u00bb2em||2em||true|false\u00bb link_option_url=\u00bbhttps:\/\/informacionoficial.mendoza.gob.ar\/energiayambiente\/informacion-oficial-2\/\u00bb border_radii=\u00bbon|15px|15px|15px|15px\u00bb border_width_all=\u00bb3px\u00bb border_color_all=\u00bb#ffffff\u00bb global_colors_info=\u00bb{}\u00bb]<\/p>\n<h3>Informaci\u00f3n Oficial<\/h3>\n<p>[\/et_pb_text][\/et_pb_column][et_pb_column type=\u00bb1_3&#8243; _builder_version=\u00bb4.27.4&#8243; _module_preset=\u00bbdefault\u00bb global_colors_info=\u00bb{}\u00bb][et_pb_text _builder_version=\u00bb4.27.4&#8243; _module_preset=\u00bbdefault\u00bb header_3_font=\u00bb|600|||||||\u00bb header_3_text_align=\u00bbcenter\u00bb header_3_text_color=\u00bb#FFFFFF\u00bb background_color=\u00bbrgba(56,56,56,0.39)\u00bb custom_padding=\u00bb2em||2em||true|false\u00bb link_option_url=\u00bbhttps:\/\/prensa.mendoza.gob.ar\/energia-y-ambiente\/\u00bb border_radii=\u00bbon|15px|15px|15px|15px\u00bb border_width_all=\u00bb3px\u00bb border_color_all=\u00bb#ffffff\u00bb global_colors_info=\u00bb{}\u00bb]<\/p>\n<h3>Prensa<\/h3>\n<p>[\/et_pb_text][\/et_pb_column][\/et_pb_row][\/et_pb_section][et_pb_section fb_built=\u00bb1&#8243; _builder_version=\u00bb4.27.4&#8243; _module_preset=\u00bbdefault\u00bb background_color=\u00bbgcid-610d28dd-eb23-4fae-b502-62f0b357c8fd\u00bb global_colors_info=\u00bb{%22gcid-610d28dd-eb23-4fae-b502-62f0b357c8fd%22:%91%22background_color%22%93}\u00bb][et_pb_row column_structure=\u00bb1_4,1_4,1_4,1_4&#8243; use_custom_gutter=\u00bbon\u00bb gutter_width=\u00bb2&#8243; make_equal=\u00bbon\u00bb _builder_version=\u00bb4.27.4&#8243; _module_preset=\u00bbdefault\u00bb max_width=\u00bb2560px\u00bb custom_margin=\u00bb0px||0px||false|false\u00bb custom_padding=\u00bb3rem|0px|1rem|0px|false|false\u00bb animation_style=\u00bbflip\u00bb locked=\u00bboff\u00bb global_colors_info=\u00bb{}\u00bb][et_pb_column type=\u00bb1_4&#8243; _builder_version=\u00bb4.23.4&#8243; _module_preset=\u00bbdefault\u00bb global_colors_info=\u00bb{}\u00bb][et_pb_blurb title=\u00bbDENUNCIAS\u00bb url=\u00bbhttps:\/\/ticketsform.mendoza.gov.ar\/ticketsform\/servlet\/responderformulario?PORTAL_AMBIENTE\u00bb use_icon=\u00bbon\u00bb font_icon=\u00bb&#xf12a;||fa||900&#8243; icon_color=\u00bb#0C71C3&#8243; _builder_version=\u00bb4.27.4&#8243; _module_preset=\u00bbdefault\u00bb header_text_align=\u00bbcenter\u00bb header_text_color=\u00bb#0C71C3&#8243; background_color=\u00bb#ffffff\u00bb min_height=\u00bb14em\u00bb custom_margin=\u00bb||||false|false\u00bb custom_padding=\u00bb1em||1em||true|false\u00bb link_option_url=\u00bbhttps:\/\/ticketsform.mendoza.gov.ar\/ticketsform\/servlet\/responderformulario?PORTAL_AMBIENTE\u00bb border_radii=\u00bbon|15px|15px|15px|15px\u00bb box_shadow_style=\u00bbpreset3&#8243; box_shadow_blur=\u00bb22px\u00bb box_shadow_spread=\u00bb-16px\u00bb locked=\u00bboff\u00bb global_colors_info=\u00bb{}\u00bb][\/et_pb_blurb][\/et_pb_column][et_pb_column type=\u00bb1_4&#8243; _builder_version=\u00bb4.23.4&#8243; _module_preset=\u00bbdefault\u00bb global_colors_info=\u00bb{}\u00bb][et_pb_blurb title=\u00bbAUDIENCIAS\u00bb url=\u00bbhttps:\/\/informacionoficial.mendoza.gob.ar\/energiayambiente\/audiencias-publicas\/\u00bb use_icon=\u00bbon\u00bb font_icon=\u00bb&#xf1c7;||fa||900&#8243; icon_color=\u00bb#0C71C3&#8243; _builder_version=\u00bb4.27.4&#8243; _module_preset=\u00bbdefault\u00bb header_text_align=\u00bbcenter\u00bb header_text_color=\u00bb#0C71C3&#8243; background_color=\u00bb#ffffff\u00bb min_height=\u00bb14em\u00bb custom_margin=\u00bb||||false|false\u00bb custom_padding=\u00bb1em||1em||true|false\u00bb link_option_url=\u00bbhttps:\/\/informacionoficial.mendoza.gob.ar\/energiayambiente\/39-2\/\u00bb border_radii=\u00bbon|15px|15px|15px|15px\u00bb box_shadow_style=\u00bbpreset3&#8243; box_shadow_blur=\u00bb22px\u00bb box_shadow_spread=\u00bb-16px\u00bb global_colors_info=\u00bb{}\u00bb][\/et_pb_blurb][\/et_pb_column][et_pb_column type=\u00bb1_4&#8243; _builder_version=\u00bb4.23.4&#8243; _module_preset=\u00bbdefault\u00bb global_colors_info=\u00bb{}\u00bb][et_pb_blurb title=\u00bbMINER\u00cdA\u00bb use_icon=\u00bbon\u00bb font_icon=\u00bb&#xf3a5;||fa||900&#8243; icon_color=\u00bb#0C71C3&#8243; _builder_version=\u00bb4.27.4&#8243; _dynamic_attributes=\u00bblink_option_url\u00bb _module_preset=\u00bbdefault\u00bb header_text_align=\u00bbcenter\u00bb header_text_color=\u00bb#0C71C3&#8243; background_color=\u00bb#ffffff\u00bb min_height=\u00bb14em\u00bb custom_margin=\u00bb||||false|false\u00bb custom_padding=\u00bb1em||1em||true|false\u00bb link_option_url=\u00bb@ET-DC@eyJkeW5hbWljIjp0cnVlLCJjb250ZW50IjoicG9zdF9saW5rX3VybF9wYWdlIiwic2V0dGluZ3MiOnsicG9zdF9pZCI6IjkyMyIsImVuYWJsZV9odG1sIjoib2ZmIn19@\u00bb border_radii=\u00bbon|15px|15px|15px|15px\u00bb box_shadow_style=\u00bbpreset3&#8243; box_shadow_blur=\u00bb22px\u00bb box_shadow_spread=\u00bb-16px\u00bb global_colors_info=\u00bb{}\u00bb][\/et_pb_blurb][\/et_pb_column][et_pb_column type=\u00bb1_4&#8243; _builder_version=\u00bb4.27.4&#8243; _module_preset=\u00bbdefault\u00bb global_colors_info=\u00bb{}\u00bb][et_pb_blurb title=\u00bbTR\u00c1MITES DISPONIBLES\u00bb url=\u00bb@ET-DC@eyJkeW5hbWljIjp0cnVlLCJjb250ZW50IjoicG9zdF9saW5rX3VybF9wYWdlIiwic2V0dGluZ3MiOnsicG9zdF9pZCI6IjIwMjciLCJlbmFibGVfaHRtbCI6Im9mZiJ9fQ==@\u00bb use_icon=\u00bbon\u00bb font_icon=\u00bb&#xf059;||fa||400&#8243; icon_color=\u00bb#0C71C3&#8243; _builder_version=\u00bb4.27.4&#8243; _dynamic_attributes=\u00bburl\u00bb _module_preset=\u00bbdefault\u00bb header_text_align=\u00bbcenter\u00bb header_text_color=\u00bb#0C71C3&#8243; background_color=\u00bb#ffffff\u00bb min_height=\u00bb14em\u00bb custom_margin=\u00bb||||false|false\u00bb custom_padding=\u00bb1em||1em||true|false\u00bb link_option_url=\u00bbhttps:\/\/informacionoficial.mendoza.gob.ar\/energiayambiente\/39-2\/\u00bb border_radii=\u00bbon|15px|15px|15px|15px\u00bb box_shadow_style=\u00bbpreset3&#8243; box_shadow_blur=\u00bb22px\u00bb box_shadow_spread=\u00bb-16px\u00bb global_colors_info=\u00bb{}\u00bb][\/et_pb_blurb][\/et_pb_column][\/et_pb_row][\/et_pb_section][et_pb_section fb_built=\u00bb1&#8243; _builder_version=\u00bb4.27.4&#8243; _module_preset=\u00bbdefault\u00bb background_color=\u00bbrgba(237,237,237,0.7)\u00bb module_alignment=\u00bbcenter\u00bb custom_margin=\u00bb0px|0px|0px|0px|false|false\u00bb custom_padding=\u00bb0px|0px|0px|0px|false|false\u00bb global_colors_info=\u00bb{%22gcid-610d28dd-eb23-4fae-b502-62f0b357c8fd%22:%91%22background_color%22%93}\u00bb][et_pb_row _builder_version=\u00bb4.27.4&#8243; _module_preset=\u00bbdefault\u00bb global_colors_info=\u00bb{}\u00bb][et_pb_column type=\u00bb4_4&#8243; _builder_version=\u00bb4.27.4&#8243; _module_preset=\u00bbdefault\u00bb global_colors_info=\u00bb{}\u00bb][et_pb_heading title=\u00bbDependencias\u00bb _builder_version=\u00bb4.27.4&#8243; _module_preset=\u00bbdefault\u00bb title_level=\u00bbh2&#8243; title_font=\u00bb||||||||\u00bb title_text_align=\u00bbcenter\u00bb title_text_color=\u00bb#00079E\u00bb custom_margin=\u00bb0px||0px||false|false\u00bb custom_padding=\u00bb0px|0px|0px|0px|false|false\u00bb global_colors_info=\u00bb{}\u00bb][\/et_pb_heading][\/et_pb_column][\/et_pb_row][et_pb_row column_structure=\u00bb1_3,1_3,1_3&#8243; make_equal=\u00bbon\u00bb _builder_version=\u00bb4.27.4&#8243; _module_preset=\u00bbdefault\u00bb max_width=\u00bb2560px\u00bb animation_style=\u00bbfade\u00bb locked=\u00bboff\u00bb global_colors_info=\u00bb{}\u00bb][et_pb_column type=\u00bb1_3&#8243; _builder_version=\u00bb4.27.4&#8243; _module_preset=\u00bbdefault\u00bb global_colors_info=\u00bb{}\u00bb][et_pb_blurb title=\u00bbDirecci\u00f3n de Miner\u00eda\u00bb url=\u00bbhttps:\/\/informacionoficial.mendoza.gob.ar\/energiayambiente\/mineria\/\u00bb use_icon=\u00bbon\u00bb font_icon=\u00bb&#xf3a5;||fa||900&#8243; icon_color=\u00bb#00079E\u00bb image_icon_background_color=\u00bbRGBA(255,255,255,0)\u00bb image_icon_width=\u00bb44px\u00bb _builder_version=\u00bb4.27.4&#8243; _module_preset=\u00bbdefault\u00bb header_text_align=\u00bbcenter\u00bb header_text_color=\u00bb#00079E\u00bb background_color=\u00bbrgba(255,255,255,0.2)\u00bb module_alignment=\u00bbcenter\u00bb min_height=\u00bb225px\u00bb custom_margin=\u00bb0px||0%||false|false\u00bb custom_padding=\u00bb50px||50px||false|false\u00bb link_option_url=\u00bbhttps:\/\/informacionoficial.mendoza.gob.ar\/energiayambiente\/mineria\/\u00bb border_radii=\u00bbon|8px|8px|8px|8px\u00bb border_width_all=\u00bb4px\u00bb border_color_all=\u00bb#00079E\u00bb global_colors_info=\u00bb{%22gcid-b58e2385-d7f3-4b8c-8c82-a83e7d966eb3%22:%91%22icon_color%22,%22icon_color%22%93}\u00bb][\/et_pb_blurb][\/et_pb_column][et_pb_column type=\u00bb1_3&#8243; _builder_version=\u00bb4.27.4&#8243; _module_preset=\u00bbdefault\u00bb global_colors_info=\u00bb{}\u00bb][et_pb_blurb title=\u00bbDirecci\u00f3n de Hidrocarburos\u00bb url=\u00bbhttps:\/\/informacionoficial.mendoza.gob.ar\/energiayambiente\/hidrocarburos\/\u00bb use_icon=\u00bbon\u00bb font_icon=\u00bb&#xf52f;||fa||900&#8243; icon_color=\u00bb#00079E\u00bb image_icon_background_color=\u00bbRGBA(255,255,255,0)\u00bb image_icon_width=\u00bb44px\u00bb _builder_version=\u00bb4.27.4&#8243; _module_preset=\u00bbdefault\u00bb header_text_align=\u00bbcenter\u00bb header_text_color=\u00bb#00079E\u00bb background_color=\u00bbrgba(255,255,255,0.2)\u00bb module_alignment=\u00bbcenter\u00bb min_height=\u00bb225px\u00bb custom_margin=\u00bb0px||0%||false|false\u00bb custom_padding=\u00bb50px||50px||false|false\u00bb link_option_url=\u00bbhttps:\/\/informacionoficial.mendoza.gob.ar\/energiayambiente\/hidrocarburos\/\u00bb border_radii=\u00bbon|8px|8px|8px|8px\u00bb border_width_all=\u00bb4px\u00bb border_color_all=\u00bb#00079E\u00bb global_colors_info=\u00bb{%22gcid-b58e2385-d7f3-4b8c-8c82-a83e7d966eb3%22:%91%22icon_color%22,%22icon_color%22%93}\u00bb][\/et_pb_blurb][\/et_pb_column][et_pb_column type=\u00bb1_3&#8243; _builder_version=\u00bb4.27.4&#8243; _module_preset=\u00bbdefault\u00bb global_colors_info=\u00bb{}\u00bb][et_pb_blurb title=\u00bbDirecci\u00f3n de Servicios El\u00e9ctricos \u00bb url=\u00bbhttps:\/\/informacionoficial.mendoza.gob.ar\/energiayambiente\/servicios-electricos\/\u00bb use_icon=\u00bbon\u00bb font_icon=\u00bb&#xf0e7;||fa||900&#8243; icon_color=\u00bb#00079E\u00bb image_icon_background_color=\u00bbRGBA(255,255,255,0)\u00bb image_icon_width=\u00bb44px\u00bb _builder_version=\u00bb4.27.4&#8243; _module_preset=\u00bbdefault\u00bb header_text_align=\u00bbcenter\u00bb header_text_color=\u00bb#00079E\u00bb background_color=\u00bbrgba(255,255,255,0.2)\u00bb module_alignment=\u00bbcenter\u00bb min_height=\u00bb225px\u00bb custom_margin=\u00bb0px||0%||false|false\u00bb custom_padding=\u00bb50px||50px||false|false\u00bb link_option_url=\u00bbhttps:\/\/informacionoficial.mendoza.gob.ar\/energiayambiente\/servicios-electricos\/\u00bb border_radii=\u00bbon|8px|8px|8px|8px\u00bb border_width_all=\u00bb4px\u00bb border_color_all=\u00bb#00079E\u00bb global_colors_info=\u00bb{%22gcid-b58e2385-d7f3-4b8c-8c82-a83e7d966eb3%22:%91%22icon_color%22,%22icon_color%22%93}\u00bb][\/et_pb_blurb][\/et_pb_column][\/et_pb_row][et_pb_row make_equal=\u00bbon\u00bb _builder_version=\u00bb4.27.4&#8243; _module_preset=\u00bbdefault\u00bb max_width=\u00bb2560px\u00bb animation_style=\u00bbfade\u00bb locked=\u00bboff\u00bb global_colors_info=\u00bb{}\u00bb][et_pb_column type=\u00bb4_4&#8243; _builder_version=\u00bb4.27.4&#8243; _module_preset=\u00bbdefault\u00bb global_colors_info=\u00bb{}\u00bb][et_pb_image src=\u00bbhttps:\/\/mza-dicaws-portal-uploads-media-prod.s3.amazonaws.com\/informacion-oficial\/uploads\/sites\/12\/2026\/03\/BANNERS_WEB_MZA_ENERGETICA-09.jpg-scaled.jpeg\u00bb title_text=\u00bbBANNERS_WEB_MZA_ENERGETICA-09.jpg\u00bb url=\u00bbhttps:\/\/mendozaenergetica.ar\/\u00bb url_new_window=\u00bbon\u00bb _builder_version=\u00bb4.27.4&#8243; _module_preset=\u00bbdefault\u00bb border_radii=\u00bbon|8px|8px|8px|8px\u00bb global_colors_info=\u00bb{}\u00bb][\/et_pb_image][et_pb_image src=\u00bbhttps:\/\/mza-dicaws-portal-uploads-media-prod.s3.amazonaws.com\/informacion-oficial\/uploads\/sites\/12\/2026\/04\/incentivo-generacion-01.png\u00bb title_text=\u00bbincentivo-generaci\u00f3n-01&#8243; url=\u00bbhttps:\/\/epremendoza.gob.ar\/incentivos\/\u00bb url_new_window=\u00bbon\u00bb _builder_version=\u00bb4.27.4&#8243; _module_preset=\u00bbdefault\u00bb border_radii=\u00bbon|8px|8px|8px|8px\u00bb global_colors_info=\u00bb{}\u00bb theme_builder_area=\u00bbpost_content\u00bb][\/et_pb_image][\/et_pb_column][\/et_pb_row][\/et_pb_section][et_pb_section fb_built=\u00bb1&#8243; _builder_version=\u00bb4.27.4&#8243; _module_preset=\u00bbdefault\u00bb background_color=\u00bbrgba(237,237,237,0.7)\u00bb custom_margin=\u00bb0px|0px|0px|0px|false|false\u00bb custom_padding=\u00bb0px|0px|0px|0px|false|false\u00bb locked=\u00bboff\u00bb global_colors_info=\u00bb{}\u00bb][et_pb_row _builder_version=\u00bb4.27.4&#8243; _module_preset=\u00bbdefault\u00bb max_width=\u00bb2560px\u00bb min_height=\u00bb100%\u00bb max_height=\u00bb100%\u00bb custom_margin=\u00bb0px||0px||false|false\u00bb custom_padding=\u00bb3rem|0px|1rem|0px|false|false\u00bb locked=\u00bboff\u00bb global_colors_info=\u00bb{}\u00bb][et_pb_column type=\u00bb4_4&#8243; _builder_version=\u00bb4.27.4&#8243; _module_preset=\u00bbdefault\u00bb border_radii=\u00bbon|15px|15px|15px|15px\u00bb global_colors_info=\u00bb{}\u00bb][et_pb_code _builder_version=\u00bb4.27.4&#8243; _module_preset=\u00bbdefault\u00bb custom_padding=\u00bb1em||1em||true|false\u00bb custom_css_free_form=\u00bbselector h3{||  color:black !important;||  font-size:18px;||}||selector{||  text-align:left;||}||selector .posts-externos{||  display:flex;||  justify-content:space-around;||  width:100%||}||selector .post-externo{||  background-color:white;||  border-radius:15px;|| \twidth:40%;||  box-shadow: 4px 4px 6px 2px #D3D3D3;||  padding:1em;||}||selector .post-externo img{||    border-radius:15px;||}||||@media(max-width:720px){||  selector .posts-externos{||    flex-direction:column;||    align-items:center;||  }||  selector .post-externo {||    width:80%;||    margin-top:2em;||  }||  ||}\u00bb global_colors_info=\u00bb{}\u00bb]<div class=\"posts-externos\"><div class='post-externo'>\n                        <a href='https:\/\/prensa.mendoza.gob.ar\/mendoza-comenzara-a-impartir-capacitacion-ambiental-obligatoria-en-el-estado-en-el-marco-de-la-ley-yolanda\/' target='_blank'>\n                            <img src='https:\/\/mza-dicaws-portal-uploads-media-prod.s3.amazonaws.com\/prensa\/uploads\/2026\/04\/WhatsApp-Image-2026-04-29-at-16.30.03-1-e1777491404229.jpeg' alt='Mendoza comenzar\u00e1 a impartir capacitaci\u00f3n ambiental obligatoria en el Estado en el marco de la Ley Yolanda' class='post-thumb'>\n                            <h3 class='post-title'>Mendoza comenzar\u00e1 a impartir capacitaci\u00f3n ambiental obligatoria en el Estado en el marco de la Ley Yolanda<\/h3>\n                        <\/a>\n                        <p class='post-excerpt'>La provincia puso en marcha, a trav\u00e9s del Instituto Provincial de la Administraci\u00f3n P\u00fablica (IPAP), un programa de formaci\u00f3n en el marco de la Ley&hellip;<\/p>\n                    <\/div><div class='post-externo'>\n                        <a href='https:\/\/prensa.mendoza.gob.ar\/dia-del-animal-mendoza-libero-aves-rescatadas-y-destruyo-casi-1-500-jaulas-y-tramperos-utilizados-en-el-trafico-ilegal\/' target='_blank'>\n                            <img src='https:\/\/mza-dicaws-portal-uploads-media-prod.s3.amazonaws.com\/prensa\/uploads\/2026\/04\/RAW_0562-scaled.jpg' alt='D\u00eda del Animal: Mendoza liber\u00f3 aves rescatadas y destruy\u00f3 casi 1.500 jaulas y tramperos utilizados en el tr\u00e1fico ilegal' class='post-thumb'>\n                            <h3 class='post-title'>D\u00eda del Animal: Mendoza liber\u00f3 aves rescatadas y destruy\u00f3 casi 1.500 jaulas y tramperos utilizados en el tr\u00e1fico ilegal<\/h3>\n                        <\/a>\n                        <p class='post-excerpt'>La actividad se realiz\u00f3 en la Reserva YPF junto con 150 alumnos de una escuela de la zona, donde tambi\u00e9n se concret\u00f3 la reinserci\u00f3n de&hellip;<\/p>\n                    <\/div><\/div>[\/et_pb_code][\/et_pb_column][\/et_pb_row][\/et_pb_section]<\/p>\n","protected":false},"excerpt":{"rendered":"<p>Atenci\u00f3n CiudadanaInformaci\u00f3n OficialPrensa<div class=\"posts-externos\"><div class='post-externo'>\n                        <a href='https:\/\/prensa.mendoza.gob.ar\/mendoza-comenzara-a-impartir-capacitacion-ambiental-obligatoria-en-el-estado-en-el-marco-de-la-ley-yolanda\/' target='_blank'>\n                            <img src='https:\/\/mza-dicaws-portal-uploads-media-prod.s3.amazonaws.com\/prensa\/uploads\/2026\/04\/WhatsApp-Image-2026-04-29-at-16.30.03-1-e1777491404229.jpeg' alt='Mendoza comenzar\u00e1 a impartir capacitaci\u00f3n ambiental obligatoria en el Estado en el marco de la Ley Yolanda' class='post-thumb'>\n                            <h3 class='post-title'>Mendoza comenzar\u00e1 a impartir capacitaci\u00f3n ambiental obligatoria en el Estado en el marco de la Ley Yolanda<\/h3>\n                        <\/a>\n                        <p class='post-excerpt'>La provincia puso en marcha, a trav\u00e9s del Instituto Provincial de la Administraci\u00f3n P\u00fablica (IPAP), un programa de formaci\u00f3n en el marco de la Ley&hellip;<\/p>\n                    <\/div><div class='post-externo'>\n                        <a href='https:\/\/prensa.mendoza.gob.ar\/dia-del-animal-mendoza-libero-aves-rescatadas-y-destruyo-casi-1-500-jaulas-y-tramperos-utilizados-en-el-trafico-ilegal\/' target='_blank'>\n                            <img src='https:\/\/mza-dicaws-portal-uploads-media-prod.s3.amazonaws.com\/prensa\/uploads\/2026\/04\/RAW_0562-scaled.jpg' alt='D\u00eda del Animal: Mendoza liber\u00f3 aves rescatadas y destruy\u00f3 casi 1.500 jaulas y tramperos utilizados en el tr\u00e1fico ilegal' class='post-thumb'>\n                            <h3 class='post-title'>D\u00eda del Animal: Mendoza liber\u00f3 aves rescatadas y destruy\u00f3 casi 1.500 jaulas y tramperos utilizados en el tr\u00e1fico ilegal<\/h3>\n                        <\/a>\n                        <p class='post-excerpt'>La actividad se realiz\u00f3 en la Reserva YPF junto con 150 alumnos de una escuela de la zona, donde tambi\u00e9n se concret\u00f3 la reinserci\u00f3n de&hellip;<\/p>\n                    <\/div><\/div><\/p>\n","protected":false},"author":17,"featured_media":0,"parent":0,"menu_order":0,"comment_status":"closed","ping_status":"closed","template":"","meta":{"_et_pb_use_builder":"on","_et_pb_old_content":"","_et_gb_content_width":"","footnotes":""},"class_list":["post-1329","page","type-page","status-publish","hentry"],"_links":{"self":[{"href":"https:\/\/informacionoficial.mendoza.gob.ar\/energiayambiente\/wp-json\/wp\/v2\/pages\/1329","targetHints":{"allow":["GET"]}}],"collection":[{"href":"https:\/\/informacionoficial.mendoza.gob.ar\/energiayambiente\/wp-json\/wp\/v2\/pages"}],"about":[{"href":"https:\/\/informacionoficial.mendoza.gob.ar\/energiayambiente\/wp-json\/wp\/v2\/types\/page"}],"author":[{"embeddable":true,"href":"https:\/\/informacionoficial.mendoza.gob.ar\/energiayambiente\/wp-json\/wp\/v2\/users\/17"}],"replies":[{"embeddable":true,"href":"https:\/\/informacionoficial.mendoza.gob.ar\/energiayambiente\/wp-json\/wp\/v2\/comments?post=1329"}],"version-history":[{"count":28,"href":"https:\/\/informacionoficial.mendoza.gob.ar\/energiayambiente\/wp-json\/wp\/v2\/pages\/1329\/revisions"}],"predecessor-version":[{"id":7143,"href":"https:\/\/informacionoficial.mendoza.gob.ar\/energiayambiente\/wp-json\/wp\/v2\/pages\/1329\/revisions\/7143"}],"wp:attachment":[{"href":"https:\/\/informacionoficial.mendoza.gob.ar\/energiayambiente\/wp-json\/wp\/v2\/media?parent=1329"}],"curies":[{"name":"wp","href":"https:\/\/api.w.org\/{rel}","templated":true}]}}