{"id":1370,"date":"2025-05-29T13:48:26","date_gmt":"2025-05-29T11:48:26","guid":{"rendered":"https:\/\/informacionoficial.mendoza.gob.ar\/energiayambiente\/?page_id=1370"},"modified":"2026-04-29T13:00:29","modified_gmt":"2026-04-29T16:00:29","slug":"1370-2","status":"publish","type":"page","link":"https:\/\/informacionoficial.mendoza.gob.ar\/energiayambiente\/1370-2\/","title":{"rendered":"Coordinaci\u00f3n de Sostenibilidad"},"content":{"rendered":"<p>[et_pb_section fb_built=\u00bb1&#8243; _builder_version=\u00bb4.27.4&#8243; _module_preset=\u00bbdefault\u00bb custom_margin=\u00bb0px|0px|0px|0px|true|true\u00bb custom_padding=\u00bb0.5px|0px|0.5px|0px|true|true\u00bb global_colors_info=\u00bb{}\u00bb][et_pb_row column_structure=\u00bb3_4,1_4&#8243; _builder_version=\u00bb4.27.4&#8243; _module_preset=\u00bbdefault\u00bb width=\u00bb100%\u00bb max_width=\u00bb100%\u00bb custom_margin=\u00bb||||false|false\u00bb custom_padding=\u00bb|1em|0px|1em|false|true\u00bb custom_css_free_form=\u00bb.selector {||  display: none;||}||||@media (max-width: 980px) {||  .selector {||    display: block;||  }||}\u00bb global_colors_info=\u00bb{}\u00bb][et_pb_column type=\u00bb3_4&#8243; _builder_version=\u00bb4.27.4&#8243; _module_preset=\u00bbdefault\u00bb global_colors_info=\u00bb{}\u00bb][et_pb_image src=\u00bbhttps:\/\/mza-dicaws-portal-uploads-media-prod.s3.us-east-1.amazonaws.com\/informacion-oficial\/uploads\/sites\/12\/2025\/03\/marca_gov.png\u00bb title_text=\u00bbmarca_gov\u00bb url=\u00bbhttps:\/\/www.mendoza.gob.ar\/\u00bb _builder_version=\u00bb4.27.4&#8243; _module_preset=\u00bbdefault\u00bb z_index=\u00bb108&#8243; width=\u00bb40%\u00bb max_width=\u00bb40%\u00bb border_width_all=\u00bb0px\u00bb global_colors_info=\u00bb{}\u00bb][\/et_pb_image][\/et_pb_column][et_pb_column type=\u00bb1_4&#8243; _builder_version=\u00bb4.27.4&#8243; _module_preset=\u00bbdefault\u00bb global_colors_info=\u00bb{}\u00bb][et_pb_menu _builder_version=\u00bb4.27.4&#8243; _module_preset=\u00bbdefault\u00bb background_color=\u00bb#FFFFFF\u00bb positioning=\u00bbabsolute\u00bb position_origin_a=\u00bbtop_right\u00bb width_tablet=\u00bb\u00bb width_phone=\u00bb50%\u00bb width_last_edited=\u00bbon|phone\u00bb custom_margin=\u00bb-70px||||false|false\u00bb global_colors_info=\u00bb{}\u00bb][\/et_pb_menu][\/et_pb_column][\/et_pb_row][\/et_pb_section][et_pb_section fb_built=\u00bb1&#8243; _builder_version=\u00bb4.27.4&#8243; use_background_color_gradient=\u00bbon\u00bb background_color_gradient_direction=\u00bb1deg\u00bb background_color_gradient_stops=\u00bb#ffffff 33%|#000000 100%\u00bb background_image=\u00bbhttps:\/\/mza-dicaws-portal-uploads-media-prod.s3.amazonaws.com\/informacion-oficial\/uploads\/sites\/12\/2025\/05\/Transicion-energ.jpeg\u00bb background_blend=\u00bbscreen\u00bb width=\u00bb100%\u00bb min_height=\u00bb1074.6px\u00bb custom_margin=\u00bb||-8px|||\u00bb custom_padding=\u00bb||50px|||\u00bb border_color_all=\u00bb#FFFFFF\u00bb global_colors_info=\u00bb{}\u00bb][et_pb_row _builder_version=\u00bb4.27.4&#8243; background_size=\u00bbinitial\u00bb background_position=\u00bbtop_left\u00bb background_repeat=\u00bbrepeat\u00bb custom_padding=\u00bb39px||0px|||\u00bb global_colors_info=\u00bb{}\u00bb][et_pb_column type=\u00bb4_4&#8243; _builder_version=\u00bb4.27.4&#8243; _module_preset=\u00bbdefault\u00bb global_colors_info=\u00bb{}\u00bb][et_pb_heading title=\u00bbCoordinaci\u00f3n de Sostenibilidad\u00bb _builder_version=\u00bb4.27.4&#8243; _module_preset=\u00bbdefault\u00bb title_font=\u00bb|300|||||||\u00bb title_text_align=\u00bbcenter\u00bb title_text_color=\u00bb#FFFFFF\u00bb title_font_size=\u00bb3.5rem\u00bb min_height=\u00bb54px\u00bb custom_margin=\u00bb||-4px|||\u00bb custom_padding=\u00bb||3px|||\u00bb title_text_shadow_style=\u00bbpreset1&#8243; global_colors_info=\u00bb{}\u00bb][\/et_pb_heading][\/et_pb_column][\/et_pb_row][et_pb_row column_structure=\u00bb1_2,1_2&#8243; _builder_version=\u00bb4.27.4&#8243; _module_preset=\u00bbdefault\u00bb max_width=\u00bb2560px\u00bb custom_margin=\u00bb30px|auto||auto||\u00bb global_colors_info=\u00bb{}\u00bb][et_pb_column type=\u00bb1_2&#8243; _builder_version=\u00bb4.27.4&#8243; _module_preset=\u00bbdefault\u00bb global_colors_info=\u00bb{}\u00bb][et_pb_text _builder_version=\u00bb4.27.4&#8243; _module_preset=\u00bbdefault\u00bb text_text_color=\u00bb#FFFFFF\u00bb header_text_color=\u00bb#FFFFFF\u00bb background_color=\u00bbrgba(255,255,255,0.27)\u00bb min_height=\u00bb429.5px\u00bb custom_padding=\u00bb30px||13px|15px|false|false\u00bb border_radii=\u00bbon|8px|8px|8px|8px\u00bb global_colors_info=\u00bb{}\u00bb]<\/p>\n<div class=\"row\">\n<div class=\"col-md-12\">\n<h1><span style=\"color: #1e1e1e\">\u00bfQuienes somos?<\/span><\/h1>\n<\/div>\n<\/div>\n<div class=\"row\">\n<article id=\"post-260\" class=\"post-260 page type-page status-publish hentry\">\n<div class=\"col-md-10\">\n<p><span style=\"color: #1e1e1e\"><strong>La Coordinaci\u00f3n de Sostenibilidad<\/strong> es un \u00e1rea estrat\u00e9gica y transversal del Ministerio de Energ\u00eda y Ambiente, orientada a <strong>integrar la sostenibilidad<\/strong> como eje central en todas las pol\u00edticas, programas y acciones que se lleven adelante.<\/span><\/p>\n<p><span style=\"color: #1e1e1e\">Su tarea es incentivar que cada proyecto impulsado por la gesti\u00f3n incorpore criterios de<strong> impacto ambiental, desarrollo social y sostenibilidad econ\u00f3mica<\/strong>, con una mirada de largo plazo y enfoque territorial. La Coordinaci\u00f3n impulsa un enfoque integral que articula las metas de sostenibilidad con los desaf\u00edos actuales en materia de cambio clim\u00e1tico, desarrollo territorial, innovaci\u00f3n productiva y generaci\u00f3n de empleo verde.<\/span><\/p>\n<p><span style=\"color: #1e1e1e\">En l\u00ednea con los <strong>compromisos globales<\/strong> en materia ambiental, social y econ\u00f3mica, esta Coordinaci\u00f3n asume, adem\u00e1s, el liderazgo t\u00e9cnico y pol\u00edtico en el proceso de <strong>reconversi\u00f3n de la matriz energ\u00e9tica de Mendoza<\/strong>, promoviendo la incorporaci\u00f3n de energ\u00edas limpias y eficientes, especialmente aquellas basadas en fuentes renovables y en compromiso con el ambiente.<\/span><\/p>\n<\/div>\n<\/article>\n<\/div>\n<p>[\/et_pb_text][\/et_pb_column][et_pb_column type=\u00bb1_2&#8243; _builder_version=\u00bb4.27.4&#8243; _module_preset=\u00bbdefault\u00bb global_colors_info=\u00bb{}\u00bb][et_pb_slider _builder_version=\u00bb4.27.4&#8243; _module_preset=\u00bbdefault\u00bb header_font_size=\u00bb1.5rem\u00bb body_text_align=\u00bbleft\u00bb background_color=\u00bbrgba(10,10,10,0.3)\u00bb module_alignment=\u00bbcenter\u00bb min_height=\u00bb192.1px\u00bb custom_margin=\u00bb||||false|false\u00bb custom_padding=\u00bb14px|30px|46px|30px|false|false\u00bb link_option_url=\u00bbhttps:\/\/informacionoficial.mendoza.gob.ar\/energiayambiente\/1265-2\/\u00bb border_radii=\u00bbon|8px|8px|8px|8px\u00bb global_colors_info=\u00bb{}\u00bb][et_pb_slide heading=\u00bbObjetivos estrat\u00e9gicos\u00bb button_link=\u00bbhttps:\/\/informacionoficial.mendoza.gob.ar\/energiayambiente\/1265-2\/\u00bb _builder_version=\u00bb4.27.4&#8243; _module_preset=\u00bbdefault\u00bb global_colors_info=\u00bb{}\u00bb sticky_transition=\u00bbon\u00bb]<\/p>\n<p>&nbsp;<\/p>\n<ul>\n<li>Incorporar criterios de sostenibilidad en el dise\u00f1o y ejecuci\u00f3n de proyectos del Ministerio.<\/li>\n<li>Promover la articulaci\u00f3n p\u00fablico-privada y el v\u00ednculo con organizaciones de la sociedad civil, el sector acad\u00e9mico y los gobiernos locales.<\/li>\n<li>Fomentar la innovaci\u00f3n, la transparencia y la participaci\u00f3n ciudadana en la construcci\u00f3n de pol\u00edticas sostenibles.<\/li>\n<li>Coordinar planes estrat\u00e9gicos como el Plan de Gesti\u00f3n Integral de Residuos S\u00f3lidos Urbanos, el Inventario de\u00a0 Gases de Efecto Invernadero y el desarrollo de la matriz energ\u00e9tica sostenible.<\/li>\n<li>Impulsar herramientas de medici\u00f3n de impacto y certificaci\u00f3n como el Sello INTEC, que estimula pr\u00e1cticas empresariales con impacto positivo<strong>.<\/strong><\/li>\n<\/ul>\n<p>[\/et_pb_slide][et_pb_slide heading=\u00bbMisi\u00f3n\u00bb button_link=\u00bbhttps:\/\/informacionoficial.mendoza.gob.ar\/energiayambiente\/1265-2\/\u00bb _builder_version=\u00bb4.27.4&#8243; _module_preset=\u00bbdefault\u00bb global_colors_info=\u00bb{}\u00bb sticky_transition=\u00bbon\u00bb]<\/p>\n<p><span><\/span><\/p>\n<p>Promover, articular y acompa\u00f1ar pol\u00edticas p\u00fablicas que impulsen un desarrollo sostenible en Mendoza, integrando criterios de impacto ambiental positivo, desarrollo social y eficiencia econ\u00f3mica, con especial foco en la transformaci\u00f3n de la matriz energ\u00e9tica provincial y la adaptaci\u00f3n al cambio clim\u00e1tico.<\/p>\n<p>[\/et_pb_slide][et_pb_slide heading=\u00bbVisi\u00f3n\u00bb button_link=\u00bbhttps:\/\/informacionoficial.mendoza.gob.ar\/energiayambiente\/1265-2\/\u00bb _builder_version=\u00bb4.27.4&#8243; _module_preset=\u00bbdefault\u00bb global_colors_info=\u00bb{}\u00bb sticky_transition=\u00bbon\u00bb]<\/p>\n<p><span><\/span><\/p>\n<p><span>Impulsar una transici\u00f3n energ\u00e9tica justa y sostenible en la provincia, a trav\u00e9s de la promoci\u00f3n de las energ\u00edas renovables, la eficiencia energ\u00e9tica y la gesti\u00f3n sostenible de los recursos energ\u00e9ticos.<\/span><\/p>\n<p>[\/et_pb_slide][\/et_pb_slider][\/et_pb_column][\/et_pb_row][et_pb_row column_structure=\u00bb1_4,1_4,1_4,1_4&#8243; _builder_version=\u00bb4.27.4&#8243; _module_preset=\u00bbdefault\u00bb max_width=\u00bb2560px\u00bb custom_margin=\u00bb30px|auto|35px|auto||\u00bb custom_padding=\u00bb||2px|||\u00bb global_colors_info=\u00bb{}\u00bb][et_pb_column type=\u00bb1_4&#8243; _builder_version=\u00bb4.27.4&#8243; _module_preset=\u00bbdefault\u00bb global_colors_info=\u00bb{}\u00bb][et_pb_blurb title=\u00bbGases de Efecto Invernadero\u00bb url=\u00bbhttps:\/\/informacionoficial.mendoza.gob.ar\/energiayambiente\/gases-de-efecto-invernadero\/\u00bb use_icon=\u00bbon\u00bb font_icon=\u00bb&#xf75f;||fa||900&#8243; icon_color=\u00bbgcid-secondary-color\u00bb _builder_version=\u00bb4.27.4&#8243; _module_preset=\u00bbdefault\u00bb header_text_align=\u00bbcenter\u00bb header_text_color=\u00bbgcid-secondary-color\u00bb body_text_color=\u00bbgcid-840cd285-ee6f-49c1-abc9-5e893f3235b8&#8243; custom_margin=\u00bb||10%||false|false\u00bb link_option_url=\u00bbhttps:\/\/informacionoficial.mendoza.gob.ar\/energiayambiente\/gases-de-efecto-invernadero\/\u00bb locked=\u00bboff\u00bb global_colors_info=\u00bb{%22gcid-840cd285-ee6f-49c1-abc9-5e893f3235b8%22:%91%22body_text_color%22%93,%22gcid-secondary-color%22:%91%22icon_color%22,%22header_text_color%22%93}\u00bb][\/et_pb_blurb][\/et_pb_column][et_pb_column type=\u00bb1_4&#8243; _builder_version=\u00bb4.27.4&#8243; _module_preset=\u00bbdefault\u00bb global_colors_info=\u00bb{}\u00bb][et_pb_blurb title=\u00bbResiduos S\u00f3lidos Urbanos\u00bb url=\u00bbhttps:\/\/informacionoficial.mendoza.gob.ar\/energiayambiente\/rsu-2\/\u00bb use_icon=\u00bbon\u00bb font_icon=\u00bb&#xe07d;||divi||400&#8243; icon_color=\u00bbgcid-secondary-color\u00bb _builder_version=\u00bb4.27.4&#8243; _module_preset=\u00bbdefault\u00bb header_text_align=\u00bbcenter\u00bb header_text_color=\u00bbgcid-secondary-color\u00bb body_text_color=\u00bbgcid-840cd285-ee6f-49c1-abc9-5e893f3235b8&#8243; custom_margin=\u00bb||10%||false|false\u00bb locked=\u00bboff\u00bb global_colors_info=\u00bb{%22gcid-840cd285-ee6f-49c1-abc9-5e893f3235b8%22:%91%22body_text_color%22,%22body_text_color%22,%22body_text_color%22,%22header_text_color%22%93,%22gcid-secondary-color%22:%91%22icon_color%22,%22header_text_color%22%93}\u00bb][\/et_pb_blurb][\/et_pb_column][et_pb_column type=\u00bb1_4&#8243; _builder_version=\u00bb4.27.4&#8243; _module_preset=\u00bbdefault\u00bb global_colors_info=\u00bb{}\u00bb][et_pb_blurb title=\u00bbVinculaci\u00f3n\u00bb url=\u00bbhttps:\/\/informacionoficial.mendoza.gob.ar\/energiayambiente\/?page_id=6774&#8243; use_icon=\u00bbon\u00bb font_icon=\u00bb&#xf0c1;||fa||900&#8243; icon_color=\u00bbgcid-secondary-color\u00bb _builder_version=\u00bb4.27.4&#8243; _module_preset=\u00bbdefault\u00bb header_text_align=\u00bbcenter\u00bb header_text_color=\u00bbgcid-secondary-color\u00bb body_text_color=\u00bbgcid-840cd285-ee6f-49c1-abc9-5e893f3235b8&#8243; custom_margin=\u00bb||10%||false|false\u00bb locked=\u00bboff\u00bb global_colors_info=\u00bb{%22gcid-840cd285-ee6f-49c1-abc9-5e893f3235b8%22:%91%22body_text_color%22,%22body_text_color%22,%22body_text_color%22,%22header_text_color%22%93,%22gcid-secondary-color%22:%91%22icon_color%22,%22header_text_color%22%93}\u00bb][\/et_pb_blurb][\/et_pb_column][et_pb_column type=\u00bb1_4&#8243; _builder_version=\u00bb4.27.4&#8243; _module_preset=\u00bbdefault\u00bb global_colors_info=\u00bb{}\u00bb][et_pb_blurb title=\u00bbINTEC Mendoza Sostenible\u00bb url=\u00bb#\u00bb use_icon=\u00bbon\u00bb font_icon=\u00bb&#xf5bf;||fa||900&#8243; icon_color=\u00bbgcid-secondary-color\u00bb _builder_version=\u00bb4.27.4&#8243; _module_preset=\u00bbdefault\u00bb header_text_align=\u00bbcenter\u00bb header_text_color=\u00bbgcid-secondary-color\u00bb body_text_color=\u00bbgcid-840cd285-ee6f-49c1-abc9-5e893f3235b8&#8243; custom_margin=\u00bb||10%||false|false\u00bb locked=\u00bboff\u00bb global_colors_info=\u00bb{%22gcid-840cd285-ee6f-49c1-abc9-5e893f3235b8%22:%91%22body_text_color%22,%22body_text_color%22,%22body_text_color%22,%22header_text_color%22%93,%22gcid-secondary-color%22:%91%22icon_color%22,%22header_text_color%22%93}\u00bb][\/et_pb_blurb][\/et_pb_column][\/et_pb_row][et_pb_row _builder_version=\u00bb4.27.4&#8243; _module_preset=\u00bbdefault\u00bb][et_pb_column _builder_version=\u00bb4.27.4&#8243; _module_preset=\u00bbdefault\u00bb type=\u00bb4_4&#8243;][et_pb_image src=\u00bbhttps:\/\/mza-dicaws-portal-uploads-media-prod.s3.amazonaws.com\/informacion-oficial\/uploads\/sites\/12\/2026\/04\/banner-web-yolanda-01-scaled.png\u00bb title_text=\u00bbbanner web yolanda-01&#8243; url=\u00bbhttps:\/\/informacionoficial.mendoza.gob.ar\/educacion-cultura-infancias-dge\/educacion-cultura-infancias-y-dge-mendoza\/ipap-mendoza\/capacitaciones-presenciales-y-a-distancia-ipap-mendoza\/ley-yolanda-capacitacion-integral-en-ambiente-y-desarrollo-sostenible\/\u00bb url_new_window=\u00bbon\u00bb _builder_version=\u00bb4.27.4&#8243; _module_preset=\u00bbdefault\u00bb custom_margin=\u00bb||10px|||\u00bb hover_enabled=\u00bb0&#8243; border_radii=\u00bbon|8px|8px|8px|8px\u00bb global_colors_info=\u00bb{}\u00bb sticky_enabled=\u00bb0&#8243; locked=\u00bboff\u00bb][\/et_pb_image][\/et_pb_column][\/et_pb_row][\/et_pb_section][et_pb_section fb_built=\u00bb1&#8243; _builder_version=\u00bb4.27.4&#8243; _module_preset=\u00bbdefault\u00bb min_height=\u00bb338.6px\u00bb global_colors_info=\u00bb{}\u00bb][et_pb_row _builder_version=\u00bb4.27.4&#8243; _module_preset=\u00bbdefault\u00bb width=\u00bb100%\u00bb global_colors_info=\u00bb{}\u00bb][et_pb_column type=\u00bb4_4&#8243; _builder_version=\u00bb4.27.4&#8243; _module_preset=\u00bbdefault\u00bb global_colors_info=\u00bb{}\u00bb][et_pb_cta title=\u00bbContacto\u00bb button_text=\u00bbClics\u00bb _builder_version=\u00bb4.27.4&#8243; _module_preset=\u00bbdefault\u00bb background_color=\u00bbrgba(0,15,159,0.75)\u00bb min_height=\u00bb125.4px\u00bb custom_margin=\u00bb1px|||||\u00bb custom_padding=\u00bb25px||3px|||\u00bb border_radii=\u00bbon|8px|8px|8px|8px\u00bb global_colors_info=\u00bb{}\u00bb]<\/p>\n<p><strong>Coordinadora<\/strong><br \/>Ing. Carla Ortega<\/p>\n<p><span style=\"color: #3cb4e5\"><a href=\"https:\/\/www.mendoza.gov.ar\/energiayambiente\/coordinacion-de-sostenibilidad\/coordinaciondesostenibilidad@mendoza.gov.ar\" style=\"color: #3cb4e5\"><strong>coordinaciondesostenibilidad@mendoza.gov.ar<\/strong><\/a><\/span><\/p>\n<p>[\/et_pb_cta][\/et_pb_column][\/et_pb_row][\/et_pb_section]<\/p>\n","protected":false},"excerpt":{"rendered":"<p>\u00bfQuienes somos? La Coordinaci\u00f3n de Sostenibilidad es un \u00e1rea estrat\u00e9gica y transversal del Ministerio de Energ\u00eda y Ambiente, orientada a integrar la sostenibilidad como eje central en todas las pol\u00edticas, programas y acciones que se lleven adelante. Su tarea es incentivar que cada proyecto impulsado por la gesti\u00f3n incorpore criterios de impacto ambiental, desarrollo social [&hellip;]<\/p>\n","protected":false},"author":17,"featured_media":0,"parent":0,"menu_order":0,"comment_status":"closed","ping_status":"closed","template":"","meta":{"_et_pb_use_builder":"on","_et_pb_old_content":"","_et_gb_content_width":"","footnotes":""},"class_list":["post-1370","page","type-page","status-publish","hentry"],"_links":{"self":[{"href":"https:\/\/informacionoficial.mendoza.gob.ar\/energiayambiente\/wp-json\/wp\/v2\/pages\/1370","targetHints":{"allow":["GET"]}}],"collection":[{"href":"https:\/\/informacionoficial.mendoza.gob.ar\/energiayambiente\/wp-json\/wp\/v2\/pages"}],"about":[{"href":"https:\/\/informacionoficial.mendoza.gob.ar\/energiayambiente\/wp-json\/wp\/v2\/types\/page"}],"author":[{"embeddable":true,"href":"https:\/\/informacionoficial.mendoza.gob.ar\/energiayambiente\/wp-json\/wp\/v2\/users\/17"}],"replies":[{"embeddable":true,"href":"https:\/\/informacionoficial.mendoza.gob.ar\/energiayambiente\/wp-json\/wp\/v2\/comments?post=1370"}],"version-history":[{"count":91,"href":"https:\/\/informacionoficial.mendoza.gob.ar\/energiayambiente\/wp-json\/wp\/v2\/pages\/1370\/revisions"}],"predecessor-version":[{"id":7280,"href":"https:\/\/informacionoficial.mendoza.gob.ar\/energiayambiente\/wp-json\/wp\/v2\/pages\/1370\/revisions\/7280"}],"wp:attachment":[{"href":"https:\/\/informacionoficial.mendoza.gob.ar\/energiayambiente\/wp-json\/wp\/v2\/media?parent=1370"}],"curies":[{"name":"wp","href":"https:\/\/api.w.org\/{rel}","templated":true}]}}