{"id":1387,"date":"2025-05-29T14:47:25","date_gmt":"2025-05-29T12:47:25","guid":{"rendered":"https:\/\/informacionoficial.mendoza.gob.ar\/energiayambiente\/?page_id=1387"},"modified":"2026-03-25T08:10:29","modified_gmt":"2026-03-25T11:10:29","slug":"servicios-electricos","status":"publish","type":"page","link":"https:\/\/informacionoficial.mendoza.gob.ar\/energiayambiente\/servicios-electricos\/","title":{"rendered":"Servicios El\u00e9ctricos"},"content":{"rendered":"<p>[et_pb_section fb_built=\u00bb1&#8243; _builder_version=\u00bb4.27.4&#8243; use_background_color_gradient=\u00bbon\u00bb background_color_gradient_direction=\u00bb1deg\u00bb background_color_gradient_stops=\u00bb#ffffff 6%|#000000 51%\u00bb background_image=\u00bbhttps:\/\/mza-dicaws-portal-uploads-media-prod.s3.amazonaws.com\/informacion-oficial\/uploads\/sites\/12\/2025\/09\/Electricidad2-1280&#215;640-1.jpg\u00bb background_blend=\u00bbscreen\u00bb width=\u00bb100%\u00bb min_height=\u00bb928.6px\u00bb custom_margin=\u00bb||0px||false|false\u00bb custom_padding=\u00bb||0px||false|false\u00bb border_color_all=\u00bbrgba(255,255,255,0)\u00bb global_colors_info=\u00bb{}\u00bb][et_pb_row _builder_version=\u00bb4.27.4&#8243; background_size=\u00bbinitial\u00bb background_position=\u00bbtop_left\u00bb background_repeat=\u00bbrepeat\u00bb max_width=\u00bb2560px\u00bb custom_padding=\u00bb39px||0px|||\u00bb global_colors_info=\u00bb{}\u00bb][et_pb_column type=\u00bb4_4&#8243; _builder_version=\u00bb4.27.4&#8243; _module_preset=\u00bbdefault\u00bb global_colors_info=\u00bb{}\u00bb][et_pb_heading title=\u00bbSERVICIOS EL\u00c9CTRICOS\u00bb _builder_version=\u00bb4.27.4&#8243; _module_preset=\u00bbdefault\u00bb title_font=\u00bb|300|||||||\u00bb title_text_align=\u00bbcenter\u00bb title_text_color=\u00bb#FFFFFF\u00bb title_font_size=\u00bb3.5rem\u00bb min_height=\u00bb54px\u00bb custom_margin=\u00bb||-1px|||\u00bb custom_padding=\u00bb||50px|||\u00bb title_text_shadow_style=\u00bbpreset1&#8243; global_colors_info=\u00bb{}\u00bb][\/et_pb_heading][\/et_pb_column][\/et_pb_row][et_pb_row _builder_version=\u00bb4.27.4&#8243; _module_preset=\u00bbdefault\u00bb max_width=\u00bb2560px\u00bb custom_padding=\u00bb50px|||||\u00bb global_colors_info=\u00bb{}\u00bb][et_pb_column type=\u00bb4_4&#8243; _builder_version=\u00bb4.27.4&#8243; _module_preset=\u00bbdefault\u00bb global_colors_info=\u00bb{}\u00bb][et_pb_slider _builder_version=\u00bb4.27.4&#8243; _module_preset=\u00bbdefault\u00bb header_font_size=\u00bb1.5rem\u00bb body_text_align=\u00bbleft\u00bb background_color=\u00bbrgba(10,10,10,0.4)\u00bb max_width=\u00bb800px\u00bb module_alignment=\u00bbcenter\u00bb min_height=\u00bb390px\u00bb custom_margin=\u00bb||||false|false\u00bb custom_padding=\u00bb20px|75px|31px|75px|false|false\u00bb link_option_url=\u00bbhttps:\/\/informacionoficial.mendoza.gob.ar\/energiayambiente\/1265-2\/\u00bb border_radii=\u00bbon|8px|8px|8px|8px\u00bb global_colors_info=\u00bb{}\u00bb][et_pb_slide heading=\u00bbMisi\u00f3n\u00bb button_link=\u00bbhttps:\/\/informacionoficial.mendoza.gob.ar\/energiayambiente\/1265-2\/\u00bb _builder_version=\u00bb4.27.4&#8243; _module_preset=\u00bbdefault\u00bb global_colors_info=\u00bb{}\u00bb sticky_transition=\u00bbon\u00bb]<\/p>\n<p>Desde la Direcci\u00f3n de Servicios El\u00e9ctricos del Gobierno de Mendoza trabajamos para intervenir de manera estrat\u00e9gica en la planificaci\u00f3n, coordinaci\u00f3n, ejecuci\u00f3n y control del servicio p\u00fablico de distribuci\u00f3n de energ\u00eda el\u00e9ctrica en toda la provincia. Nuestro objetivo es garantizar un servicio seguro, accesible y con calidad para todas las mendocinas y mendocinos.<\/p>\n<p>[\/et_pb_slide][et_pb_slide heading=\u00bbFunci\u00f3n\u00bb button_link=\u00bb#legislacion\u00bb _builder_version=\u00bb4.27.4&#8243; _module_preset=\u00bbdefault\u00bb global_colors_info=\u00bb{}\u00bb sticky_transition=\u00bbon\u00bb]<\/p>\n<p>Nuestra labor abarca una amplia gama de responsabilidades, entre las que se destacan:<\/p>\n<ul>\n<li>Colaborar en la formulaci\u00f3n de la pol\u00edtica electroenerg\u00e9tica de la Provincia.<\/li>\n<li>Participar en la definici\u00f3n de los cuadros tarifarios y dem\u00e1s conceptos que integran la facturaci\u00f3n del servicio el\u00e9ctrico.<\/li>\n<li>Promover el desarrollo sostenido del sistema el\u00e9ctrico provincial.\n<\/li>\n<\/ul>\n<p>[\/et_pb_slide][et_pb_slide heading=\u00bbFunci\u00f3n\u00bb button_link=\u00bb#legislacion\u00bb _builder_version=\u00bb4.27.4&#8243; _module_preset=\u00bbdefault\u00bb global_colors_info=\u00bb{}\u00bb sticky_transition=\u00bbon\u00bb]<\/p>\n<ul>\n<li>Instrumentar subsidios el\u00e9ctricos sociales y econ\u00f3micos a trav\u00e9s del Fondo Provincial de Compensaciones Tarifarias.<\/li>\n<li>Controlar, junto al EPRE, el cumplimiento de las obligaciones de las distribuidoras en relaci\u00f3n con los subsidios otorgados.<\/li>\n<li>Gestionar los recursos provenientes del Fondo Especial para el Desarrollo El\u00e9ctrico del Interior (FEDEI), fomentando obras que mejoren la accesibilidad y la calidad del servicio el\u00e9ctrico en todo el territorio provincial.<\/li>\n<\/ul>\n<p>[\/et_pb_slide][et_pb_slide heading=\u00bbRol Comunitario\u00bb button_link=\u00bb#legislacion\u00bb _builder_version=\u00bb4.27.4&#8243; _module_preset=\u00bbdefault\u00bb global_colors_info=\u00bb{}\u00bb sticky_transition=\u00bbon\u00bb]<\/p>\n<p>Adem\u00e1s de nuestras funciones t\u00e9cnicas y regulatorias, cumplimos un rol clave en la promoci\u00f3n del acceso equitativo a la energ\u00eda el\u00e9ctrica, mediante pol\u00edticas p\u00fablicas que atienden especialmente a los sectores m\u00e1s vulnerables. Trabajamos para que cada ciudadano pueda contar con un servicio esencial como la electricidad, sin importar su ubicaci\u00f3n o situaci\u00f3n econ\u00f3mica.<\/p>\n<p>[\/et_pb_slide][\/et_pb_slider][\/et_pb_column][\/et_pb_row][et_pb_row column_structure=\u00bb1_4,1_4,1_4,1_4&#8243; _builder_version=\u00bb4.27.4&#8243; _module_preset=\u00bbdefault\u00bb max_width=\u00bb2560px\u00bb custom_padding=\u00bb||2px|||\u00bb global_colors_info=\u00bb{}\u00bb][et_pb_column type=\u00bb1_4&#8243; _builder_version=\u00bb4.27.4&#8243; _module_preset=\u00bbdefault\u00bb global_colors_info=\u00bb{}\u00bb][et_pb_blurb title=\u00bbSubsidios sectores productivos, sociales\u00bb url=\u00bb#sectores\u00bb use_icon=\u00bbon\u00bb font_icon=\u00bb&#xf4c4;||fa||900&#8243; icon_color=\u00bb#000F9F\u00bb _builder_version=\u00bb4.27.4&#8243; _module_preset=\u00bbdefault\u00bb header_text_align=\u00bbcenter\u00bb header_text_color=\u00bbgcid-840cd285-ee6f-49c1-abc9-5e893f3235b8&#8243; body_text_color=\u00bbgcid-840cd285-ee6f-49c1-abc9-5e893f3235b8&#8243; custom_margin=\u00bb||10%||false|false\u00bb locked=\u00bboff\u00bb global_colors_info=\u00bb{%22gcid-840cd285-ee6f-49c1-abc9-5e893f3235b8%22:%91%22body_text_color%22,%22header_text_color%22%93}\u00bb][\/et_pb_blurb][\/et_pb_column][et_pb_column type=\u00bb1_4&#8243; _builder_version=\u00bb4.27.4&#8243; _module_preset=\u00bbdefault\u00bb global_colors_info=\u00bb{}\u00bb][et_pb_blurb title=\u00bbSubsidios usuarios residenciales\u00bb url=\u00bb#residenciales\u00bb use_icon=\u00bbon\u00bb font_icon=\u00bb&#xe065;||fa||900&#8243; icon_color=\u00bb#000F9F\u00bb _builder_version=\u00bb4.27.4&#8243; _module_preset=\u00bbdefault\u00bb header_text_align=\u00bbcenter\u00bb header_text_color=\u00bbgcid-840cd285-ee6f-49c1-abc9-5e893f3235b8&#8243; body_text_color=\u00bbgcid-840cd285-ee6f-49c1-abc9-5e893f3235b8&#8243; custom_margin=\u00bb||10%||false|false\u00bb locked=\u00bboff\u00bb global_colors_info=\u00bb{%22gcid-840cd285-ee6f-49c1-abc9-5e893f3235b8%22:%91%22body_text_color%22,%22header_text_color%22%93}\u00bb][\/et_pb_blurb][\/et_pb_column][et_pb_column type=\u00bb1_4&#8243; _builder_version=\u00bb4.27.4&#8243; _module_preset=\u00bbdefault\u00bb global_colors_info=\u00bb{}\u00bb][et_pb_blurb title=\u00bbWorkshop Infraestructura El\u00e9ctrica (2025)\u00bb url=\u00bb#workshop\u00bb use_icon=\u00bbon\u00bb font_icon=\u00bb&#xf542;||fa||900&#8243; icon_color=\u00bb#000F9F\u00bb _builder_version=\u00bb4.27.4&#8243; _module_preset=\u00bbdefault\u00bb header_text_align=\u00bbcenter\u00bb header_text_color=\u00bbgcid-840cd285-ee6f-49c1-abc9-5e893f3235b8&#8243; body_text_color=\u00bbgcid-840cd285-ee6f-49c1-abc9-5e893f3235b8&#8243; custom_margin=\u00bb||10%||false|false\u00bb locked=\u00bboff\u00bb global_colors_info=\u00bb{%22gcid-840cd285-ee6f-49c1-abc9-5e893f3235b8%22:%91%22body_text_color%22,%22header_text_color%22%93}\u00bb][\/et_pb_blurb][\/et_pb_column][et_pb_column type=\u00bb1_4&#8243; _builder_version=\u00bb4.27.4&#8243; _module_preset=\u00bbdefault\u00bb global_colors_info=\u00bb{}\u00bb][et_pb_blurb title=\u00bbObras el\u00e9ctricas FEDEI\u00bb url=\u00bb#obrasfedei\u00bb use_icon=\u00bbon\u00bb font_icon=\u00bb&#xf0e7;||fa||900&#8243; icon_color=\u00bb#000F9F\u00bb _builder_version=\u00bb4.27.4&#8243; _module_preset=\u00bbdefault\u00bb header_text_align=\u00bbcenter\u00bb header_text_color=\u00bbgcid-840cd285-ee6f-49c1-abc9-5e893f3235b8&#8243; body_text_color=\u00bbgcid-840cd285-ee6f-49c1-abc9-5e893f3235b8&#8243; custom_margin=\u00bb||10%||false|false\u00bb locked=\u00bboff\u00bb global_colors_info=\u00bb{%22gcid-840cd285-ee6f-49c1-abc9-5e893f3235b8%22:%91%22body_text_color%22,%22header_text_color%22%93}\u00bb][\/et_pb_blurb][\/et_pb_column][\/et_pb_row][\/et_pb_section][et_pb_section fb_built=\u00bb1&#8243; _builder_version=\u00bb4.27.4&#8243; background_color=\u00bbRGBA(255,255,255,0)\u00bb use_background_color_gradient=\u00bbon\u00bb background_color_gradient_direction=\u00bb169deg\u00bb background_color_gradient_stops=\u00bb#ffffff 24%|#0a0000 78%\u00bb background_image=\u00bbhttps:\/\/mza-dicaws-portal-uploads-media-prod.s3.us-east-1.amazonaws.com\/informacion-oficial\/uploads\/sites\/12\/2025\/05\/business-7533126-scaled.jpg\u00bb background_blend=\u00bbscreen\u00bb min_height=\u00bb886.5px\u00bb custom_margin=\u00bb-2px||0px||false|false\u00bb custom_padding=\u00bb51px||0px||false|false\u00bb global_colors_info=\u00bb{}\u00bb][et_pb_row module_id=\u00bbsectores\u00bb _builder_version=\u00bb4.27.4&#8243; background_size=\u00bbinitial\u00bb background_position=\u00bbtop_left\u00bb background_repeat=\u00bbrepeat\u00bb max_width=\u00bb2560px\u00bb min_height=\u00bb84px\u00bb custom_margin=\u00bb30px|auto|0px|auto|false|false\u00bb custom_padding=\u00bb15px||||false|false\u00bb global_colors_info=\u00bb{}\u00bb][et_pb_column type=\u00bb4_4&#8243; _builder_version=\u00bb4.27.4&#8243; _module_preset=\u00bbdefault\u00bb global_colors_info=\u00bb{}\u00bb][et_pb_heading title=\u00bbSUBSIDIOS\u00bb admin_label=\u00bbFlora Nativa\u00bb module_id=\u00bbpagos\u00bb _builder_version=\u00bb4.27.4&#8243; _module_preset=\u00bbdefault\u00bb title_level=\u00bbh2&#8243; title_font=\u00bb|300|||||||\u00bb title_text_align=\u00bbleft\u00bb title_text_color=\u00bbgcid-body-color\u00bb title_font_size=\u00bb40px\u00bb min_height=\u00bb42px\u00bb custom_margin=\u00bb||-3px|||\u00bb custom_padding=\u00bb||0px|||\u00bb global_colors_info=\u00bb{%22gcid-body-color%22:%91%22title_text_color%22%93}\u00bb][\/et_pb_heading][et_pb_heading title=\u00bbSECTORES PRODUCTIVOS Y SOCIALES\u00bb admin_label=\u00bbFlora Nativa\u00bb module_id=\u00bbpagos\u00bb _builder_version=\u00bb4.27.4&#8243; _module_preset=\u00bbdefault\u00bb title_level=\u00bbh2&#8243; title_font=\u00bb|300|||||||\u00bb title_text_align=\u00bbleft\u00bb title_text_color=\u00bbgcid-body-color\u00bb title_font_size=\u00bb40px\u00bb min_height=\u00bb42px\u00bb custom_margin=\u00bb||-3px|||\u00bb custom_padding=\u00bb||0px|||\u00bb global_colors_info=\u00bb{%22gcid-body-color%22:%91%22title_text_color%22%93}\u00bb][\/et_pb_heading][\/et_pb_column][\/et_pb_row][et_pb_row column_structure=\u00bb3_5,2_5&#8243; _builder_version=\u00bb4.27.4&#8243; _module_preset=\u00bbdefault\u00bb max_width=\u00bb2560px\u00bb min_height=\u00bb237.1px\u00bb custom_margin=\u00bb65px|auto|-25px|auto||\u00bb global_colors_info=\u00bb{}\u00bb][et_pb_column type=\u00bb3_5&#8243; _builder_version=\u00bb4.27.4&#8243; _module_preset=\u00bbdefault\u00bb global_colors_info=\u00bb{}\u00bb][et_pb_text _builder_version=\u00bb4.27.4&#8243; _module_preset=\u00bbdefault\u00bb header_3_text_color=\u00bbgcid-840cd285-ee6f-49c1-abc9-5e893f3235b8&#8243; custom_margin=\u00bb31px|||||\u00bb global_colors_info=\u00bb{%22gcid-840cd285-ee6f-49c1-abc9-5e893f3235b8%22:%91%22header_3_text_color%22%93}\u00bb]<\/p>\n<p><span>Desde la Direcci\u00f3n de Servicios El\u00e9ctricos del Gobierno de Mendoza, gestionamos diversos subsidios que buscan garantizar el acceso equitativo a la energ\u00eda el\u00e9ctrica en toda la provincia. Estos beneficios est\u00e1n dirigidos a sectores productivos, sociales y ciudadanos que enfrentan condiciones de vulnerabilidad o cumplen funciones clave para la comunidad.<\/span><\/p>\n<p><span>A continuaci\u00f3n, se detallan los distintos subsidios vigentes, sus objetivos y requisitos para acceder:<\/span><\/p>\n<p>[\/et_pb_text][\/et_pb_column][et_pb_column type=\u00bb2_5&#8243; _builder_version=\u00bb4.27.4&#8243; _module_preset=\u00bbdefault\u00bb global_colors_info=\u00bb{}\u00bb][\/et_pb_column][\/et_pb_row][et_pb_row column_structure=\u00bb1_2,1_2&#8243; _builder_version=\u00bb4.27.4&#8243; _module_preset=\u00bbdefault\u00bb max_width=\u00bb2560px\u00bb min_height=\u00bb237.1px\u00bb custom_margin=\u00bb65px|auto|-25px|auto||\u00bb custom_padding=\u00bb||50px|||\u00bb global_colors_info=\u00bb{}\u00bb][et_pb_column type=\u00bb1_2&#8243; _builder_version=\u00bb4.27.4&#8243; _module_preset=\u00bbdefault\u00bb global_colors_info=\u00bb{}\u00bb][et_pb_blurb use_icon=\u00bbon\u00bb font_icon=\u00bb&#xf773;||fa||900&#8243; icon_color=\u00bb#2ea3f2&#8243; _builder_version=\u00bb4.27.4&#8243; _module_preset=\u00bbdefault\u00bb header_text_align=\u00bbcenter\u00bb header_text_color=\u00bb#00079E\u00bb background_enable_color=\u00bboff\u00bb custom_margin=\u00bb||-4.9%||false|false\u00bb custom_padding=\u00bb17px||10px|||\u00bb hover_enabled=\u00bb0&#8243; border_radii=\u00bbon|8px|8px|8px|8px\u00bb locked=\u00bboff\u00bb global_colors_info=\u00bb{}\u00bb sticky_enabled=\u00bb0&#8243;][\/et_pb_blurb][et_pb_toggle title=\u00bbRiego Agr\u00edcola\u00bb icon_color=\u00bbgcid-bb9c0857-25e3-4051-b4b2-87f09afe6b01&#8243; open_icon_color=\u00bbgcid-53054839-b83d-4ef0-8659-8a010e6148fd\u00bb _builder_version=\u00bb4.27.4&#8243; _module_preset=\u00bbdefault\u00bb title_level=\u00bbh3&#8243; title_font=\u00bb|300|||||||\u00bb title_text_align=\u00bbcenter\u00bb title_font_size=\u00bb1.5rem\u00bb background_color=\u00bbRGBA(255,255,255,0.65)\u00bb border_radii=\u00bbon|8px|8px|8px|8px\u00bb global_colors_info=\u00bb{%22gcid-bb9c0857-25e3-4051-b4b2-87f09afe6b01%22:%91%22icon_color%22%93,%22gcid-53054839-b83d-4ef0-8659-8a010e6148fd%22:%91%22open_icon_color%22%93}\u00bb]<\/p>\n<p>Destinatarios: Productores agr\u00edcolas que utilizan electricidad para sistemas de riego.<br \/>Objetivo: Promover la eficiencia h\u00eddrica y energ\u00e9tica en el sector primario.<br \/>Requisitos:<\/p>\n<ul>\n<li>Inicio de tr\u00e1mite en la distribuidora el\u00e9ctrica a la cual pertenece el suministro a subsidiar.<\/li>\n<li>Superficie productiva hasta 50 ha.<\/li>\n<li>Presentar certificado de Registro \u00danico de Tierra, emitido por la Direcci\u00f3n de contingencias clim\u00e1ticas.<\/li>\n<li>Presentar \u00faltimo boleto de impuesto inmobiliario.<\/li>\n<li>Presentar \u00faltima factura de Irrigaci\u00f3n correspondiente al pozo o instalaci\u00f3n a subsidiar.<\/li>\n<li>Completar formularios y presentar en distribuidora. Para descargarlos presione aqu\u00ed.<\/li>\n<\/ul>\n<p>Estado actual: En operaci\u00f3n. Beneficia a 6000 productores en zonas rurales.<\/p>\n<p>[\/et_pb_toggle][et_pb_blurb use_icon=\u00bbon\u00bb font_icon=\u00bb&#xe0b2;||divi||400&#8243; icon_color=\u00bb#2ea3f2&#8243; _builder_version=\u00bb4.27.4&#8243; _module_preset=\u00bbdefault\u00bb header_text_align=\u00bbcenter\u00bb header_text_color=\u00bb#00079E\u00bb background_enable_color=\u00bboff\u00bb custom_margin=\u00bb||-4.9%||false|false\u00bb custom_padding=\u00bb17px||10px|||\u00bb hover_enabled=\u00bb0&#8243; border_radii=\u00bbon|8px|8px|8px|8px\u00bb locked=\u00bboff\u00bb global_colors_info=\u00bb{}\u00bb sticky_enabled=\u00bb0&#8243;][\/et_pb_blurb][et_pb_toggle title=\u00bbClubes Deportivos\u00bb icon_color=\u00bbgcid-bb9c0857-25e3-4051-b4b2-87f09afe6b01&#8243; open_icon_color=\u00bbgcid-53054839-b83d-4ef0-8659-8a010e6148fd\u00bb _builder_version=\u00bb4.27.4&#8243; _module_preset=\u00bbdefault\u00bb title_level=\u00bbh3&#8243; title_font=\u00bb|300|||||||\u00bb title_text_align=\u00bbcenter\u00bb title_font_size=\u00bb1.5rem\u00bb background_color=\u00bbRGBA(255,255,255,0.65)\u00bb custom_margin=\u00bb-2px|||||\u00bb border_radii=\u00bbon|8px|8px|8px|8px\u00bb global_colors_info=\u00bb{%22gcid-bb9c0857-25e3-4051-b4b2-87f09afe6b01%22:%91%22icon_color%22%93,%22gcid-53054839-b83d-4ef0-8659-8a010e6148fd%22:%91%22open_icon_color%22%93}\u00bb]<\/p>\n<p>Destinatarios: Clubes de barrio y asociaciones deportivas.<br \/>Objetivo: Promover el acceso a la energ\u00eda para el desarrollo de actividades deportivas y comunitarias.<\/p>\n<p>Requisitos: para comenzar el tr\u00e1mite y conocer del detalle de los requisitos debe dirigirse a la Subsecretar\u00eda de Deportes. Ministerio de Salud y Deportes.<br \/>Estado actual: Subsidio activo.<\/p>\n<p>[\/et_pb_toggle][\/et_pb_column][et_pb_column type=\u00bb1_2&#8243; _builder_version=\u00bb4.27.4&#8243; _module_preset=\u00bbdefault\u00bb global_colors_info=\u00bb{}\u00bb][et_pb_blurb use_icon=\u00bbon\u00bb font_icon=\u00bb&#xe0a1;||divi||400&#8243; icon_color=\u00bb#2ea3f2&#8243; _builder_version=\u00bb4.27.4&#8243; _module_preset=\u00bbdefault\u00bb header_text_align=\u00bbcenter\u00bb header_text_color=\u00bb#00079E\u00bb background_enable_color=\u00bboff\u00bb custom_margin=\u00bb||-4.9%||false|false\u00bb custom_padding=\u00bb17px||10px|||\u00bb hover_enabled=\u00bb0&#8243; border_radii=\u00bbon|8px|8px|8px|8px\u00bb locked=\u00bboff\u00bb global_colors_info=\u00bb{}\u00bb sticky_enabled=\u00bb0&#8243;][\/et_pb_blurb][et_pb_toggle title=\u00bbEntidades de Bien P\u00fablico\u00bb icon_color=\u00bbgcid-bb9c0857-25e3-4051-b4b2-87f09afe6b01&#8243; open_icon_color=\u00bbgcid-53054839-b83d-4ef0-8659-8a010e6148fd\u00bb _builder_version=\u00bb4.27.4&#8243; _module_preset=\u00bbdefault\u00bb title_level=\u00bbh3&#8243; title_font=\u00bb|300|||||||\u00bb title_text_align=\u00bbcenter\u00bb title_font_size=\u00bb1.5rem\u00bb background_color=\u00bbRGBA(255,255,255,0.65)\u00bb border_radii=\u00bbon|8px|8px|8px|8px\u00bb global_colors_info=\u00bb{%22gcid-bb9c0857-25e3-4051-b4b2-87f09afe6b01%22:%91%22icon_color%22%93,%22gcid-53054839-b83d-4ef0-8659-8a010e6148fd%22:%91%22open_icon_color%22%93}\u00bb]<\/p>\n<p>Destinatarios: Organizaciones sociales, culturales, educativas o comunitarias sin fines de lucro.<br \/>Objetivo: Acompa\u00f1ar el funcionamiento de instituciones clave para el tejido social.<br \/>Requisitos:<\/p>\n<p>La instituci\u00f3n interesada deber\u00e1 presentar ante la Distribuidora el\u00e9ctrica o bien ante el EPRE Mendoza la siguiente documentaci\u00f3n.<\/p>\n<ul>\n<li>Copia de la resoluci\u00f3n de Personer\u00eda Jur\u00eddica.<\/li>\n<li>Copia del Estatuto Social y Acta Constitutiva.<\/li>\n<li>Completar formulario de domicilio legal.<\/li>\n<li>N\u00f3mina actualizada de Autoridades \/ Apoderados.<\/li>\n<li>Completar formulario correspondiente al Objeto Social.<\/li>\n<li>Completar formulario correspondiente a manifestaci\u00f3n de obligaciones registrales.<\/li>\n<li>Certificados de exenci\u00f3n de impuestos nacionales y provinciales emitidos por autoridad competente en materia tributaria.<\/li>\n<li>Completar formulario de manifestaci\u00f3n de origen de medios econ\u00f3micos. Este formulario debe ser completado y firmado por Contador P\u00fablico Nacional y certificado por el Consejo de Ciencia Econ\u00f3micas.<\/li>\n<li>Presentar \u00faltima factura de energ\u00eda.<\/li>\n<\/ul>\n<p>Estado actual: M\u00e1s de 300 instituciones adheridas al beneficio.<\/p>\n<p>[\/et_pb_toggle][et_pb_blurb use_icon=\u00bbon\u00bb font_icon=\u00bb&#xe005;||fa||900&#8243; icon_color=\u00bb#2ea3f2&#8243; _builder_version=\u00bb4.27.4&#8243; _module_preset=\u00bbdefault\u00bb header_text_align=\u00bbcenter\u00bb header_text_color=\u00bb#00079E\u00bb background_enable_color=\u00bboff\u00bb custom_margin=\u00bb||-4.9%||false|false\u00bb custom_padding=\u00bb17px||10px|||\u00bb hover_enabled=\u00bb0&#8243; border_radii=\u00bbon|8px|8px|8px|8px\u00bb locked=\u00bboff\u00bb global_colors_info=\u00bb{%22gcid-heading-color%22:%91%22header_text_color%22%93}\u00bb sticky_enabled=\u00bb0&#8243;][\/et_pb_blurb][et_pb_toggle title=\u00bbOperadores de Agua Potable \u00bb icon_color=\u00bbgcid-bb9c0857-25e3-4051-b4b2-87f09afe6b01&#8243; open_icon_color=\u00bbgcid-53054839-b83d-4ef0-8659-8a010e6148fd\u00bb _builder_version=\u00bb4.27.4&#8243; _module_preset=\u00bbdefault\u00bb title_level=\u00bbh3&#8243; title_font=\u00bb|300|||||||\u00bb title_text_align=\u00bbcenter\u00bb title_font_size=\u00bb1.5rem\u00bb background_color=\u00bbRGBA(255,255,255,0.65)\u00bb border_radii=\u00bbon|8px|8px|8px|8px\u00bb global_colors_info=\u00bb{%22gcid-bb9c0857-25e3-4051-b4b2-87f09afe6b01%22:%91%22icon_color%22%93,%22gcid-53054839-b83d-4ef0-8659-8a010e6148fd%22:%91%22open_icon_color%22%93}\u00bb]<\/p>\n<p>Destinatarios: Cooperativas o entidades que prestan el servicio de agua potable en zonas rurales o alejadas.<br \/>Objetivo: Reducir los costos operativos vinculados al bombeo y distribuci\u00f3n de agua.<br \/>Requisitos: estar registradas como prestadores ante el EPAS. Es oportuno mencionar que el tr\u00e1mite comienza en el Ente Provincial de Agua y Saneamiento (EPAS).<br \/>Estado actual: Subsidio activo.<\/p>\n<p>[\/et_pb_toggle][\/et_pb_column][\/et_pb_row][\/et_pb_section][et_pb_section fb_built=\u00bb1&#8243; _builder_version=\u00bb4.27.4&#8243; background_color=\u00bbRGBA(255,255,255,0)\u00bb background_enable_image=\u00bboff\u00bb background_blend=\u00bbscreen\u00bb custom_margin=\u00bb30px||-2px||false|false\u00bb custom_padding=\u00bb30px||50px||false|false\u00bb global_colors_info=\u00bb{}\u00bb][et_pb_row _builder_version=\u00bb4.27.4&#8243; background_size=\u00bbinitial\u00bb background_position=\u00bbtop_left\u00bb background_repeat=\u00bbrepeat\u00bb max_width=\u00bb2560px\u00bb min_height=\u00bb84px\u00bb custom_margin=\u00bb30px|auto|-15px|auto||\u00bb custom_padding=\u00bb5px|||||\u00bb global_colors_info=\u00bb{}\u00bb][et_pb_column type=\u00bb4_4&#8243; _builder_version=\u00bb4.27.4&#8243; _module_preset=\u00bbdefault\u00bb global_colors_info=\u00bb{}\u00bb][et_pb_heading title=\u00bbSUBSIDIOS\u00bb admin_label=\u00bbFlora Nativa\u00bb module_id=\u00bbresidenciales\u00bb _builder_version=\u00bb4.27.4&#8243; _module_preset=\u00bbdefault\u00bb title_level=\u00bbh2&#8243; title_font=\u00bb|300|||||||\u00bb title_text_align=\u00bbleft\u00bb title_text_color=\u00bbgcid-body-color\u00bb title_font_size=\u00bb40px\u00bb min_height=\u00bb42px\u00bb custom_margin=\u00bb||-3px|||\u00bb custom_padding=\u00bb||0px|||\u00bb global_colors_info=\u00bb{%22gcid-body-color%22:%91%22title_text_color%22%93}\u00bb][\/et_pb_heading][et_pb_heading title=\u00bbUSUARIOS RESIDENCIALES\u00bb admin_label=\u00bbFlora Nativa\u00bb module_id=\u00bbpagos\u00bb _builder_version=\u00bb4.27.4&#8243; _module_preset=\u00bbdefault\u00bb title_level=\u00bbh2&#8243; title_font=\u00bb|300|||||||\u00bb title_text_align=\u00bbleft\u00bb title_text_color=\u00bbgcid-body-color\u00bb title_font_size=\u00bb40px\u00bb min_height=\u00bb42px\u00bb custom_margin=\u00bb||-3px|||\u00bb custom_padding=\u00bb||0px|||\u00bb global_colors_info=\u00bb{%22gcid-body-color%22:%91%22title_text_color%22%93}\u00bb][\/et_pb_heading][\/et_pb_column][\/et_pb_row][et_pb_row column_structure=\u00bb1_2,1_2&#8243; _builder_version=\u00bb4.27.4&#8243; _module_preset=\u00bbdefault\u00bb max_width=\u00bb2560px\u00bb min_height=\u00bb237.1px\u00bb custom_margin=\u00bb50px|auto|-25px|auto||\u00bb global_colors_info=\u00bb{}\u00bb][et_pb_column type=\u00bb1_2&#8243; _builder_version=\u00bb4.27.4&#8243; _module_preset=\u00bbdefault\u00bb global_colors_info=\u00bb{}\u00bb][et_pb_text _builder_version=\u00bb4.27.4&#8243; _module_preset=\u00bbdefault\u00bb header_3_text_color=\u00bbgcid-840cd285-ee6f-49c1-abc9-5e893f3235b8&#8243; custom_margin=\u00bb1px|||||\u00bb global_colors_info=\u00bb{%22gcid-840cd285-ee6f-49c1-abc9-5e893f3235b8%22:%91%22header_3_text_color%22%93}\u00bb]<\/p>\n<p><strong>Nuevas Pol\u00edticas para Subsidios El\u00e9ctricos de Usuarios Residenciales<\/strong><\/p>\n<p>Mendoza implementa nuevas pol\u00edticas para subsidios el\u00e9ctricos que benefician a m\u00e1s de 129.000 usuarios vulnerables.<\/p>\n<p>Las medidas adoptadas surgen de un an\u00e1lisis integral realizado en conjunto entre el EPRE y la Direcci\u00f3n de Servicios El\u00e9ctricos del Ministerio de Energ\u00eda y Ambiente.<\/p>\n<p>Las nuevas pol\u00edticas tienen el objetivo de mejorar y simplificar el r\u00e9gimen de subsidios del Fondo Provincial de Compensaciones Tarifarias, que se aplican en la facturaci\u00f3n del servicio el\u00e9ctrico para usuarios residenciales en condiciones de vulnerabilidad.<\/p>\n<p>Se considera la vulnerabilidad socioecon\u00f3mica, zonal y la referida a electrodependencia por cuestiones de salud.<\/p>\n<p>Padr\u00f3n de Referencia Unificado. Mayor eficiencia en la asignaci\u00f3n y control de los beneficios. El EPRE tendr\u00e1 a su cargo la elaboraci\u00f3n del padr\u00f3n de usuarios beneficiados.<\/p>\n<p>[\/et_pb_text][\/et_pb_column][et_pb_column type=\u00bb1_2&#8243; _builder_version=\u00bb4.27.4&#8243; _module_preset=\u00bbdefault\u00bb global_colors_info=\u00bb{}\u00bb][et_pb_toggle title=\u00bbTarifa El\u00e9ctrica Social\u00bb open=\u00bbon\u00bb icon_color=\u00bb#0c71c3&#8243; toggle_icon=\u00bb&#xf0c0;||fa||900&#8243; use_icon_font_size=\u00bbon\u00bb icon_font_size=\u00bb50px\u00bb open_icon_color=\u00bb#0c71c3&#8243; open_toggle_icon=\u00bb&#xf0c0;||fa||900&#8243; open_use_icon_font_size=\u00bbon\u00bb open_icon_font_size=\u00bb50px\u00bb _builder_version=\u00bb4.27.4&#8243; _module_preset=\u00bbdefault\u00bb title_text_color=\u00bb#0c71c3&#8243; title_level=\u00bbh3&#8243; title_font=\u00bb|300|||||||\u00bb title_text_align=\u00bbcenter\u00bb title_font_size=\u00bb1.5rem\u00bb background_color=\u00bbRGBA(255,255,255,0.65)\u00bb text_orientation=\u00bbleft\u00bb custom_padding=\u00bb|35px||||\u00bb border_radii=\u00bbon|8px|8px|8px|8px\u00bb box_shadow_style=\u00bbpreset2&#8243; global_colors_info=\u00bb{%22gcid-bb9c0857-25e3-4051-b4b2-87f09afe6b01%22:%91%22icon_color%22%93,%22gcid-53054839-b83d-4ef0-8659-8a010e6148fd%22:%91%22open_icon_color%22%93}\u00bb]<\/p>\n<p>Alcanza aproximadamente a 47 mil usuarios. Encuadre autom\u00e1tico.<\/p>\n<p>Actualmente contempla una participaci\u00f3n en el total de la factura del orden del 13% promedio de los conceptos el\u00e9ctricos, hasta un tope de 600 kWh bimestrales.<\/p>\n<p>Se incrementan las al\u00edcuotas de compensaciones e incorporan a los usuarios con consumos desde 600 kwh bimestrales; de manera tal que resulten descuentos del 25%, 20% y 10% para los usuarios residenciales T1R1, T1R2 y T1R3 respectivamente.<\/p>\n<figure class=\"wp-block-image\"><img decoding=\"async\" src=\"https:\/\/lh7-rt.googleusercontent.com\/docsz\/AD_4nXdtyAdgZW2PA_TvhOwASJBZNR_fBJel4djF2cuZQ8tRPaH1NSsvbPcEM5YMSD5N7Y6x6wRnTIHzGU8xZvaKfy95Zs4I46Q3Oke7Zfh_AeN6WLmNeVq8GnY6VZyxXbckyx-rTKANuKCWvG7bwQq4YUs?key=0z6i3zYx38_V1OrtcWelig\" alt=\"\" class=\" img-responsive center-block\" \/><\/figure>\n<p>[\/et_pb_toggle][\/et_pb_column][\/et_pb_row][et_pb_row column_structure=\u00bb1_2,1_2&#8243; _builder_version=\u00bb4.27.4&#8243; _module_preset=\u00bbdefault\u00bb max_width=\u00bb2560px\u00bb min_height=\u00bb237.1px\u00bb custom_margin=\u00bb65px|auto|-25px|auto||\u00bb global_colors_info=\u00bb{}\u00bb][et_pb_column type=\u00bb1_2&#8243; _builder_version=\u00bb4.27.4&#8243; _module_preset=\u00bbdefault\u00bb global_colors_info=\u00bb{}\u00bb][et_pb_toggle title=\u00bbZona Geogr\u00e1fica\u00bb icon_color=\u00bb#0c71c3&#8243; toggle_icon=\u00bb&#xf3c5;||fa||900&#8243; use_icon_font_size=\u00bbon\u00bb icon_font_size=\u00bb50px\u00bb open_icon_color=\u00bbgcid-53054839-b83d-4ef0-8659-8a010e6148fd\u00bb open_toggle_icon=\u00bb&#xf0c0;||fa||900&#8243; open_use_icon_font_size=\u00bbon\u00bb open_icon_font_size=\u00bb50px\u00bb _builder_version=\u00bb4.27.4&#8243; _module_preset=\u00bbdefault\u00bb title_text_color=\u00bb#0c71c3&#8243; title_level=\u00bbh3&#8243; title_font=\u00bb|300|||||||\u00bb title_text_align=\u00bbcenter\u00bb title_font_size=\u00bb1.5rem\u00bb background_color=\u00bbRGBA(255,255,255,0.65)\u00bb text_orientation=\u00bbleft\u00bb custom_padding=\u00bb|38px||||\u00bb border_radii=\u00bbon|8px|8px|8px|8px\u00bb box_shadow_style=\u00bbpreset2&#8243; global_colors_info=\u00bb{%22gcid-bb9c0857-25e3-4051-b4b2-87f09afe6b01%22:%91%22icon_color%22,%22icon_color%22,%22icon_color%22%93,%22gcid-53054839-b83d-4ef0-8659-8a010e6148fd%22:%91%22open_icon_color%22,%22open_icon_color%22,%22open_icon_color%22%93}\u00bb]<\/p>\n<p>Se unifican los beneficios para usuarios emplazados en ubicaciones espec\u00edficas consideradas de vulnerabilidad zonal. Encuadre autom\u00e1tico.<\/p>\n<p>Contempla criterios de accesibilidad a otros servicios b\u00e1sicos, bajas temperaturas, zonas de monta\u00f1a, zonas rurales, entre otros, analizadas de manera integral.<\/p>\n<p>Para usuarios con vulnerabilidad socioecon\u00f3mica: los beneficios por zona geogr\u00e1fica se acumulan a los beneficios por Tarifa Social \u2013 Jubilados y Pensionados.<\/p>\n<p>[\/et_pb_toggle][et_pb_toggle title=\u00bbUso Racional y Eficiente de la Energ\u00eda\u00bb icon_color=\u00bb#0c71c3&#8243; toggle_icon=\u00bb&#xf295;||fa||900&#8243; use_icon_font_size=\u00bbon\u00bb icon_font_size=\u00bb50px\u00bb open_icon_color=\u00bbgcid-53054839-b83d-4ef0-8659-8a010e6148fd\u00bb open_toggle_icon=\u00bb&#xf0c0;||fa||900&#8243; open_use_icon_font_size=\u00bbon\u00bb open_icon_font_size=\u00bb50px\u00bb _builder_version=\u00bb4.27.4&#8243; _module_preset=\u00bbdefault\u00bb title_text_color=\u00bb#0c71c3&#8243; title_level=\u00bbh3&#8243; title_font=\u00bb|300|||||||\u00bb title_text_align=\u00bbcenter\u00bb title_font_size=\u00bb1.5rem\u00bb background_color=\u00bbRGBA(255,255,255,0.65)\u00bb text_orientation=\u00bbleft\u00bb custom_padding=\u00bb|35px||||\u00bb border_radii=\u00bbon|8px|8px|8px|8px\u00bb box_shadow_style=\u00bbpreset2&#8243; global_colors_info=\u00bb{%22gcid-bb9c0857-25e3-4051-b4b2-87f09afe6b01%22:%91%22icon_color%22,%22icon_color%22%93,%22gcid-53054839-b83d-4ef0-8659-8a010e6148fd%22:%91%22open_icon_color%22,%22open_icon_color%22%93}\u00bb]<\/p>\n<p>Implementaci\u00f3n de descuentos decrecientes con el consumo.<\/p>\n<p>Acompa\u00f1amiento al desarrollo de recursos de energ\u00eda distribuida.<\/p>\n<p>Se elimina el \u201cPlan de Est\u00edmulo de Ahorro de Energ\u00eda El\u00e9ctrica\u201d dado que resulta ineficaz para incentivar el uso racional de los recursos energ\u00e9ticos.<\/p>\n<p>[\/et_pb_toggle][et_pb_toggle title=\u00bbCriterios de Inclusi\u00f3n\u00bb icon_color=\u00bb#0c71c3&#8243; toggle_icon=\u00bb&#xf0ae;||fa||900&#8243; use_icon_font_size=\u00bbon\u00bb icon_font_size=\u00bb50px\u00bb open_icon_color=\u00bbgcid-53054839-b83d-4ef0-8659-8a010e6148fd\u00bb open_toggle_icon=\u00bb&#xf0c0;||fa||900&#8243; open_use_icon_font_size=\u00bbon\u00bb open_icon_font_size=\u00bb50px\u00bb _builder_version=\u00bb4.27.4&#8243; _module_preset=\u00bbdefault\u00bb title_text_color=\u00bb#0c71c3&#8243; title_level=\u00bbh3&#8243; title_font=\u00bb|300|||||||\u00bb title_text_align=\u00bbcenter\u00bb title_font_size=\u00bb1.5rem\u00bb background_color=\u00bbRGBA(255,255,255,0.65)\u00bb text_orientation=\u00bbleft\u00bb custom_padding=\u00bb|35px||||\u00bb border_radii=\u00bbon|8px|8px|8px|8px\u00bb box_shadow_style=\u00bbpreset2&#8243; global_colors_info=\u00bb{%22gcid-bb9c0857-25e3-4051-b4b2-87f09afe6b01%22:%91%22icon_color%22,%22icon_color%22%93,%22gcid-53054839-b83d-4ef0-8659-8a010e6148fd%22:%91%22open_icon_color%22,%22open_icon_color%22%93}\u00bb]<\/p>\n<ol>\n<li>Vulnerabilidad Socioecon\u00f3mica: Usuarios RESIDENCIALES TITULARES del servicio el\u00e9ctrico que sean:<\/li>\n<\/ol>\n<p>\u00b7 Jubilados, pensionados o trabajadores en relaci\u00f3n de dependencia que perciban una remuneraci\u00f3n bruta menor o igual a DOS (2) Salarios M\u00ednimos Vitales y M\u00f3viles.<\/p>\n<p>\u00b7 Beneficiarios de Pensiones no Contributivas que perciban ingresos mensuales brutos no superiores a dos (2) veces el Salario M\u00ednimo Vital y M\u00f3vil.<\/p>\n<p>\u00b7 Trabajadores \u201cmonotributistas\u201d inscriptos en una categor\u00eda cuyo ingreso anual mensualizado no supere en dos (2) veces el Salario M\u00ednimo Vital y M\u00f3vil.<\/p>\n<p>\u00b7 Titulares de programas sociales que perciban ingresos mensuales brutos no superiores a dos (2) veces el Salario M\u00ednimo Vital y M\u00f3vil.<\/p>\n<p>\u00b7 Usuarios Inscriptos en el R\u00e9gimen de Monotributo Social que perciban ingresos mensuales brutos no superiores a dos (2) veces el Salario M\u00ednimo Vital y M\u00f3vil.<\/p>\n<p>\u00b7 Usuarios Inscriptos en el R\u00e9gimen Especial de Seguridad Social para empleados del Servicio Dom\u00e9stico (Ley 26.844) que perciban ingresos mensuales brutos no superiores a dos (2) veces el Salario M\u00ednimo Vital y M\u00f3vil.<\/p>\n<p>\u00b7 Usuarios que perciban Seguro de Desempleo.<\/p>\n<p>\u00b7 Titulares de Pensi\u00f3n Vitalicia a Veteranos de Guerra del Atl\u00e1ntico Sur, que perciban ingresos mensuales brutos no superiores a dos (2) veces el Salario M\u00ednimo Vital y M\u00f3vil.<\/p>\n<p>. Usuarios que cuenten con Certificado de Discapacidad expedido por autoridad competente, que perciban ingresos mensuales brutos no superiores a dos (2) veces el Salario M\u00ednimo Vital y M\u00f3vil.<\/p>\n<p><strong>Criterios de Exclusi\u00f3n.<\/strong> Usuarios RESIDENCIALES TITULARES del servicio el\u00e9ctrico que:<\/p>\n<p>\u00b7 Perciban ingresos superiores a dos (2) veces el Salario M\u00ednimo Vital y M\u00f3vil.<\/p>\n<p>\u00b7 Posean m\u00e1s de un inmueble a su nombre, seg\u00fan Registro de propiedad.<\/p>\n<p>\u00b7 Posean un automotor cuyo modelo tenga hasta DIEZ (10) a\u00f1os de antig\u00fcedad. Este criterio no aplica a quienes posean certificado de discapacidad.<\/p>\n<p>\u00b7 Posean embarcaciones de lujo o aeronaves.<\/p>\n<p>2. Vulnerabilidad Zonal: Usuarios RESIDENCIALES TITULARES del servicio el\u00e9ctrico emplazados en:<\/p>\n<p>. El Departamento de Malarg\u00fce.<\/p>\n<p>. Localidades Zona Monta\u00f1a, definidas en Decreto N\u00b0 1742\/2016 \u2013 Resoluci\u00f3n SSP N\u00b0 043\/2017 \u2013 Resoluci\u00f3n ex SSP N\u00b0 102\/2019 \u2013 Resoluci\u00f3n ex SSP N\u00b0 082\/2023.<\/p>\n<p>. Zonas Rurales, usuarios que a la fecha de la presente se encuentran identificados en el Padr\u00f3n Inicial Residencial Rural y, adem\u00e1s, resultan categorizados como \u201crural\u201d de acuerdo al m\u00e9todo de cuadr\u00edculas que ha definido el EPRE para elaborar los indicadores de calidad de servicio el\u00e9ctrico.<\/p>\n<p>. Estos usuarios, si adem\u00e1s se verifica que cumplen alguno de los requisitos de vulnerabilidad socioecon\u00f3mica, estar\u00e1n identificados de manera espec\u00edfica en el Padr\u00f3n de Referencia.<\/p>\n<p>3. Vulnerabilidad por Electrodependencia por Cuestiones de Salud:<\/p>\n<p>Usuarios RESIDENCIALES TITULARES del servicio el\u00e9ctrico o alguna persona que reside en la vivienda abastecida por el suministro, que poseen alg\u00fan tipo de electrodependencia por cuestiones de salud, definida y aprobada en los t\u00e9rminos de la norma espec\u00edfica resulta de aplicaci\u00f3n para estos usuarios.<\/p>\n<p>[\/et_pb_toggle][\/et_pb_column][et_pb_column type=\u00bb1_2&#8243; _builder_version=\u00bb4.27.4&#8243; _module_preset=\u00bbdefault\u00bb global_colors_info=\u00bb{}\u00bb][et_pb_toggle title=\u00bbJubilados y Pensionados\u00bb icon_color=\u00bb#0c71c3&#8243; toggle_icon=\u00bb&#xf29d;||fa||900&#8243; use_icon_font_size=\u00bbon\u00bb icon_font_size=\u00bb50px\u00bb open_icon_color=\u00bbgcid-53054839-b83d-4ef0-8659-8a010e6148fd\u00bb open_toggle_icon=\u00bb&#xf0c0;||fa||900&#8243; open_use_icon_font_size=\u00bbon\u00bb open_icon_font_size=\u00bb50px\u00bb _builder_version=\u00bb4.27.4&#8243; _module_preset=\u00bbdefault\u00bb title_text_color=\u00bb#0c71c3&#8243; title_level=\u00bbh3&#8243; title_font=\u00bb|300|||||||\u00bb title_text_align=\u00bbcenter\u00bb title_font_size=\u00bb1.5rem\u00bb background_color=\u00bbRGBA(255,255,255,0.65)\u00bb text_orientation=\u00bbleft\u00bb custom_padding=\u00bb|49px||||\u00bb border_radii=\u00bbon|8px|8px|8px|8px\u00bb box_shadow_style=\u00bbpreset2&#8243; global_colors_info=\u00bb{%22gcid-bb9c0857-25e3-4051-b4b2-87f09afe6b01%22:%91%22icon_color%22,%22icon_color%22%93,%22gcid-53054839-b83d-4ef0-8659-8a010e6148fd%22:%91%22open_icon_color%22,%22open_icon_color%22%93}\u00bb]<\/p>\n<p>Extiende el beneficio de manera autom\u00e1tica, pasando de 9 mil a m\u00e1s de 52 mil jubilados y pensionados beneficiados. Encuadre autom\u00e1tico.<\/p>\n<p>Se incrementa el porcentaje de descuento, pasando del 50% al 60% para aquellos usuarios con consumos hasta 299 kWh.<\/p>\n<p>No perder\u00e1n el beneficio si superan el nivel de consumo de 299 kWh bimestrales, sino que se le aplicar\u00e1n al total facturado, los descuentos previstos para el subsidio denominado Tarifa Social.<\/p>\n<figure class=\"wp-block-image\"><img decoding=\"async\" src=\"https:\/\/lh7-rt.googleusercontent.com\/docsz\/AD_4nXc3eg4BhLn7YqzOe5ljXykbTPHtg11JurKrfUnG1ElJGJRO3lUJUbJTGrxoGDYn2FZ9vvbtGjbtoXNN0cTXVZx8aLHMqK9Yt5KQbL12ffxcmn4U5pqw5TKYKkDmKr1y5UHSiljOntVbi8IUzmrdWA?key=0z6i3zYx38_V1OrtcWelig\" alt=\"\" class=\" img-responsive center-block\" \/><\/figure>\n<p>[\/et_pb_toggle][et_pb_toggle title=\u00bbElectrodependientes por Salud\u00bb icon_color=\u00bb#0c71c3&#8243; toggle_icon=\u00bb&#xf477;||fa||900&#8243; use_icon_font_size=\u00bbon\u00bb icon_font_size=\u00bb50px\u00bb open_icon_color=\u00bbgcid-53054839-b83d-4ef0-8659-8a010e6148fd\u00bb open_toggle_icon=\u00bb&#xf0c0;||fa||900&#8243; open_use_icon_font_size=\u00bbon\u00bb open_icon_font_size=\u00bb50px\u00bb _builder_version=\u00bb4.27.4&#8243; _module_preset=\u00bbdefault\u00bb title_text_color=\u00bb#0c71c3&#8243; title_level=\u00bbh3&#8243; title_font=\u00bb|300|||||||\u00bb title_text_align=\u00bbcenter\u00bb title_font_size=\u00bb1.5rem\u00bb background_color=\u00bbRGBA(255,255,255,0.65)\u00bb text_orientation=\u00bbleft\u00bb custom_padding=\u00bb|51px||||\u00bb border_radii=\u00bbon|8px|8px|8px|8px\u00bb box_shadow_style=\u00bbpreset2&#8243; global_colors_info=\u00bb{%22gcid-bb9c0857-25e3-4051-b4b2-87f09afe6b01%22:%91%22icon_color%22,%22icon_color%22%93,%22gcid-53054839-b83d-4ef0-8659-8a010e6148fd%22:%91%22open_icon_color%22,%22open_icon_color%22%93}\u00bb]<\/p>\n<p>Los usuarios que se encuentren en el Registro Nacional mantienen el tratamiento especial gratuito.<\/p>\n<p>Asimismo, para usuarios con menor grado de electrodependencia por cuestiones de salud, que asiste la Provincia, se les asigna un descuento del 60% para T1R1, para los usuarios con categor\u00eda tarifaria T1R2 el 50% y para aquellos T1R3 el 40%. Tambi\u00e9n se aplican los beneficios por vulnerabilidad zonal.<\/p>\n<p>[\/et_pb_toggle][et_pb_toggle title=\u00bbWorshop de Infraestructura El\u00e9ctrica\u00bb icon_color=\u00bb#0c71c3&#8243; toggle_icon=\u00bb&#xf0c0;||fa||900&#8243; use_icon_font_size=\u00bbon\u00bb icon_font_size=\u00bb50px\u00bb open_icon_color=\u00bbgcid-53054839-b83d-4ef0-8659-8a010e6148fd\u00bb open_toggle_icon=\u00bb&#xf0c0;||fa||900&#8243; open_use_icon_font_size=\u00bbon\u00bb open_icon_font_size=\u00bb50px\u00bb _builder_version=\u00bb4.27.4&#8243; _module_preset=\u00bbdefault\u00bb title_text_color=\u00bb#0c71c3&#8243; title_level=\u00bbh3&#8243; title_font=\u00bb|300|||||||\u00bb title_text_align=\u00bbcenter\u00bb title_font_size=\u00bb1.5rem\u00bb background_color=\u00bbRGBA(255,255,255,0.65)\u00bb text_orientation=\u00bbleft\u00bb custom_padding=\u00bb|35px||||\u00bb border_radii=\u00bbon|8px|8px|8px|8px\u00bb box_shadow_style=\u00bbpreset2&#8243; global_colors_info=\u00bb{%22gcid-bb9c0857-25e3-4051-b4b2-87f09afe6b01%22:%91%22icon_color%22,%22icon_color%22%93,%22gcid-53054839-b83d-4ef0-8659-8a010e6148fd%22:%91%22open_icon_color%22,%22open_icon_color%22%93}\u00bb]<\/p>\n<p><span style=\"color: #0091f2\"><a href=\"https:\/\/mza-dicaws-portal-uploads-media-prod.s3.amazonaws.com\/informacion-oficial\/uploads\/sites\/12\/2026\/01\/Programa_Workshop-Infraestructura-Electrica_Mza.-2050-2.pdf\" rel=\"attachment wp-att-6215\" style=\"color: #0091f2\">Programa_Workshop Infraestructura El\u00e9ctrica_Mza. 2050 (2)<\/a><\/span><\/p>\n<p><span style=\"color: #0091f2\"><a href=\"https:\/\/mza-dicaws-portal-uploads-media-prod.s3.amazonaws.com\/informacion-oficial\/uploads\/sites\/12\/2026\/01\/Resumen-_DIR.-SERVICIOS-ELECTRICOS.pdf\" rel=\"attachment wp-att-6216\" style=\"color: #0091f2\">Resumen _DIR. SERVICIOS EL\u00c9CTRICOS<\/a> <a href=\"https:\/\/mza-dicaws-portal-uploads-media-prod.s3.amazonaws.com\/informacion-oficial\/uploads\/sites\/12\/2026\/01\/Resumen_COOP_EELC_GODOY-CRUZ.pdf\" rel=\"attachment wp-att-6217\" style=\"color: #0091f2\"><\/a><\/span><\/p>\n<p><span style=\"color: #0091f2\"><a href=\"https:\/\/mza-dicaws-portal-uploads-media-prod.s3.amazonaws.com\/informacion-oficial\/uploads\/sites\/12\/2026\/01\/Resumen_COOP_EELC_GODOY-CRUZ.pdf\" rel=\"attachment wp-att-6217\" style=\"color: #0091f2\">Resumen_COOP_EELC_GODOY CRUZ<\/a><\/span><\/p>\n<p><span style=\"color: #0091f2\"><a href=\"https:\/\/mza-dicaws-portal-uploads-media-prod.s3.amazonaws.com\/informacion-oficial\/uploads\/sites\/12\/2026\/01\/Resumen_DIAGNOSTICO-360.pdf\" rel=\"attachment wp-att-6218\" style=\"color: #0091f2\">Resumen_DIAGN\u00d3STICO 360<\/a><\/span><\/p>\n<p><span style=\"color: #0091f2\"><a href=\"https:\/\/mza-dicaws-portal-uploads-media-prod.s3.amazonaws.com\/informacion-oficial\/uploads\/sites\/12\/2026\/01\/Resumen_DISTROCUYO.pdf\" rel=\"attachment wp-att-6219\" style=\"color: #0091f2\">Resumen_DISTROCUYO<\/a> <a href=\"https:\/\/mza-dicaws-portal-uploads-media-prod.s3.amazonaws.com\/informacion-oficial\/uploads\/sites\/12\/2026\/01\/Resumen_EDEMSA.pdf\" rel=\"attachment wp-att-6220\" style=\"color: #0091f2\"><\/a><\/span><\/p>\n<p><span style=\"color: #0091f2\"><a href=\"https:\/\/mza-dicaws-portal-uploads-media-prod.s3.amazonaws.com\/informacion-oficial\/uploads\/sites\/12\/2026\/01\/Resumen_EDEMSA.pdf\" rel=\"attachment wp-att-6220\" style=\"color: #0091f2\">Resumen_EDEMSA<\/a> <a href=\"https:\/\/mza-dicaws-portal-uploads-media-prod.s3.amazonaws.com\/informacion-oficial\/uploads\/sites\/12\/2026\/01\/Resumen_Edestesa.pdf\" rel=\"attachment wp-att-6221\" style=\"color: #0091f2\"><\/a><\/span><\/p>\n<p><span style=\"color: #0091f2\"><a href=\"https:\/\/mza-dicaws-portal-uploads-media-prod.s3.amazonaws.com\/informacion-oficial\/uploads\/sites\/12\/2026\/01\/Resumen_Edestesa.pdf\" rel=\"attachment wp-att-6221\" style=\"color: #0091f2\">Resumen_Edestesa<\/a><\/span><\/p>\n<p><span style=\"color: #0091f2\"><a href=\"https:\/\/mza-dicaws-portal-uploads-media-prod.s3.amazonaws.com\/informacion-oficial\/uploads\/sites\/12\/2026\/01\/Resumen_EPRE.pdf\" rel=\"attachment wp-att-6222\" style=\"color: #0091f2\">Resumen_EPRE<\/a><\/span><\/p>\n<p><span style=\"color: #0091f2\"><a href=\"https:\/\/mza-dicaws-portal-uploads-media-prod.s3.amazonaws.com\/informacion-oficial\/uploads\/sites\/12\/2026\/01\/Resumen_FOPIATZAD.pdf\" rel=\"attachment wp-att-6223\" style=\"color: #0091f2\">Resumen_FOPIATZAD<\/a> <a href=\"https:\/\/mza-dicaws-portal-uploads-media-prod.s3.amazonaws.com\/informacion-oficial\/uploads\/sites\/12\/2026\/01\/Resumen_SUBSEC.-ENERGIA-Y-MINERIA.pdf\" rel=\"attachment wp-att-6224\" style=\"color: #0091f2\"><\/a><\/span><\/p>\n<p><span style=\"color: #0091f2\"><a href=\"https:\/\/mza-dicaws-portal-uploads-media-prod.s3.amazonaws.com\/informacion-oficial\/uploads\/sites\/12\/2026\/01\/Resumen_SUBSEC.-ENERGIA-Y-MINERIA.pdf\" rel=\"attachment wp-att-6224\" style=\"color: #0091f2\">Resumen_SUBSEC. ENERG\u00cdA Y MINER\u00cdA<\/a><\/span><\/p>\n<p>[\/et_pb_toggle][\/et_pb_column][\/et_pb_row][\/et_pb_section][et_pb_section fb_built=\u00bb1&#8243; module_id=\u00bbworkshop\u00bb _builder_version=\u00bb4.27.4&#8243; background_color=\u00bbRGBA(255,255,255,0)\u00bb background_enable_image=\u00bboff\u00bb background_blend=\u00bbscreen\u00bb custom_margin=\u00bb30px||-2px||false|false\u00bb custom_padding=\u00bb30px||50px||false|false\u00bb global_colors_info=\u00bb{}\u00bb][et_pb_row _builder_version=\u00bb4.27.4&#8243; background_size=\u00bbinitial\u00bb background_position=\u00bbtop_left\u00bb background_repeat=\u00bbrepeat\u00bb max_width=\u00bb2560px\u00bb min_height=\u00bb84px\u00bb custom_margin=\u00bb30px|auto|-15px|auto||\u00bb custom_padding=\u00bb5px|||||\u00bb global_colors_info=\u00bb{}\u00bb][et_pb_column type=\u00bb4_4&#8243; _builder_version=\u00bb4.27.4&#8243; _module_preset=\u00bbdefault\u00bb global_colors_info=\u00bb{}\u00bb][et_pb_heading title=\u00bbWORKSHOP\u00bb admin_label=\u00bbFlora Nativa\u00bb module_id=\u00bbresidenciales\u00bb _builder_version=\u00bb4.27.4&#8243; _module_preset=\u00bbdefault\u00bb title_level=\u00bbh2&#8243; title_font=\u00bb|300|||||||\u00bb title_text_align=\u00bbleft\u00bb title_text_color=\u00bbgcid-body-color\u00bb title_font_size=\u00bb40px\u00bb min_height=\u00bb42px\u00bb custom_margin=\u00bb||-3px|||\u00bb custom_padding=\u00bb||0px|||\u00bb global_colors_info=\u00bb{%22gcid-body-color%22:%91%22title_text_color%22%93}\u00bb][\/et_pb_heading][et_pb_heading title=\u00bbDE INFRAESTRUCTURA EL\u00c9CTRICA\u00bb admin_label=\u00bbFlora Nativa\u00bb module_id=\u00bbpagos\u00bb _builder_version=\u00bb4.27.4&#8243; _module_preset=\u00bbdefault\u00bb title_level=\u00bbh2&#8243; title_font=\u00bb|300|||||||\u00bb title_text_align=\u00bbleft\u00bb title_text_color=\u00bbgcid-body-color\u00bb title_font_size=\u00bb40px\u00bb min_height=\u00bb42px\u00bb custom_margin=\u00bb||-3px|||\u00bb custom_padding=\u00bb||0px|||\u00bb global_colors_info=\u00bb{%22gcid-body-color%22:%91%22title_text_color%22%93}\u00bb][\/et_pb_heading][\/et_pb_column][\/et_pb_row][et_pb_row column_structure=\u00bb1_2,1_2&#8243; _builder_version=\u00bb4.27.4&#8243; _module_preset=\u00bbdefault\u00bb max_width=\u00bb2560px\u00bb min_height=\u00bb237.1px\u00bb custom_margin=\u00bb50px|auto|-25px|auto||\u00bb global_colors_info=\u00bb{}\u00bb][et_pb_column type=\u00bb1_2&#8243; _builder_version=\u00bb4.27.4&#8243; _module_preset=\u00bbdefault\u00bb global_colors_info=\u00bb{}\u00bb][et_pb_text _builder_version=\u00bb4.27.4&#8243; _module_preset=\u00bbdefault\u00bb header_3_text_color=\u00bbgcid-840cd285-ee6f-49c1-abc9-5e893f3235b8&#8243; custom_margin=\u00bb1px|||||\u00bb global_colors_info=\u00bb{%22gcid-840cd285-ee6f-49c1-abc9-5e893f3235b8%22:%91%22header_3_text_color%22%93}\u00bb]<\/p>\n<p>NUESTRA PROVINCIA CRECE EN INFRAESTRUCTURA<br \/>EL\u00c9CTRICA, HACIA LA MENDOZA DEL 2050<\/p>\n<p>En un contexto de crecimiento y transformaci\u00f3n, la Provincia se enfrenta al desaf\u00edo de garantizar un suministro el\u00e9ctrico robusto y eficiente para las pr\u00f3ximas d\u00e9cadas. Este evento no es solo una exposici\u00f3n, sino un workshop dise\u00f1ado para que las obras de infraestructura el\u00e9ctrica de transporte y distribuci\u00f3n se integren en un Plan Energ\u00e9tico 2050 para Mendoza.<br \/>La meta es unificar la visi\u00f3n de los principales stakeholders, el gobierno provincial y el ente regulador en un camino com\u00fan. Tiene como objetivo principal generar un espacio de di\u00e1logo y colaboraci\u00f3n entre los diversos actores del sector energ\u00e9tico provincial, con el fin de alinear visiones y sentar las bases de un desarrollo el\u00e9ctrico sostenible y a largo plazo.<\/p>\n<p>El Workshop se desarroll\u00f3 el 9 de octubre del pasado a\u00f1o (2025) con una elevada participaci\u00f3n de diversos sectores y en el cual se pudieron establecer algunos criterios y arribar a algunas conclusiones de relevancia para el sector (toda esa documentaci\u00f3n se encuentra disponible como material descargable en esta misma secci\u00f3n).<\/p>\n<p>&nbsp;<\/p>\n<p>[\/et_pb_text][\/et_pb_column][et_pb_column type=\u00bb1_2&#8243; _builder_version=\u00bb4.27.4&#8243; _module_preset=\u00bbdefault\u00bb global_colors_info=\u00bb{}\u00bb][et_pb_toggle title=\u00bbDocumentaci\u00f3n descargable\u00bb icon_color=\u00bb#0c71c3&#8243; toggle_icon=\u00bb&#xf0c0;||fa||900&#8243; use_icon_font_size=\u00bbon\u00bb icon_font_size=\u00bb50px\u00bb open_icon_color=\u00bbgcid-53054839-b83d-4ef0-8659-8a010e6148fd\u00bb open_toggle_icon=\u00bb&#xf0c0;||fa||900&#8243; open_use_icon_font_size=\u00bbon\u00bb open_icon_font_size=\u00bb50px\u00bb _builder_version=\u00bb4.27.4&#8243; _module_preset=\u00bbdefault\u00bb title_text_color=\u00bb#0c71c3&#8243; title_level=\u00bbh3&#8243; title_font=\u00bb|300|||||||\u00bb title_text_align=\u00bbcenter\u00bb title_font_size=\u00bb1.5rem\u00bb background_color=\u00bbRGBA(255,255,255,0.65)\u00bb text_orientation=\u00bbleft\u00bb custom_padding=\u00bb|35px||||\u00bb border_radii=\u00bbon|8px|8px|8px|8px\u00bb box_shadow_style=\u00bbpreset2&#8243; global_colors_info=\u00bb{%22gcid-bb9c0857-25e3-4051-b4b2-87f09afe6b01%22:%91%22icon_color%22,%22icon_color%22%93,%22gcid-53054839-b83d-4ef0-8659-8a010e6148fd%22:%91%22open_icon_color%22,%22open_icon_color%22%93}\u00bb]<\/p>\n<p><span style=\"color: #0091f2\"><a href=\"https:\/\/mza-dicaws-portal-uploads-media-prod.s3.amazonaws.com\/informacion-oficial\/uploads\/sites\/12\/2026\/01\/Programa_Workshop-Infraestructura-Electrica_Mza.-2050-2.pdf\" rel=\"attachment wp-att-6215\" style=\"color: #0091f2\">Programa_Workshop Infraestructura El\u00e9ctrica_Mza. 2050 (2)<\/a><\/span><\/p>\n<p><span style=\"color: #0091f2\"><a href=\"https:\/\/mza-dicaws-portal-uploads-media-prod.s3.amazonaws.com\/informacion-oficial\/uploads\/sites\/12\/2026\/01\/Resumen-_DIR.-SERVICIOS-ELECTRICOS.pdf\" rel=\"attachment wp-att-6216\" style=\"color: #0091f2\">Resumen _DIR. SERVICIOS EL\u00c9CTRICOS<\/a> <a href=\"https:\/\/mza-dicaws-portal-uploads-media-prod.s3.amazonaws.com\/informacion-oficial\/uploads\/sites\/12\/2026\/01\/Resumen_COOP_EELC_GODOY-CRUZ.pdf\" rel=\"attachment wp-att-6217\" style=\"color: #0091f2\"><\/a><\/span><\/p>\n<p><span style=\"color: #0091f2\"><a href=\"https:\/\/mza-dicaws-portal-uploads-media-prod.s3.amazonaws.com\/informacion-oficial\/uploads\/sites\/12\/2026\/01\/Resumen_COOP_EELC_GODOY-CRUZ.pdf\" rel=\"attachment wp-att-6217\" style=\"color: #0091f2\">Resumen_COOP_EELC_GODOY CRUZ<\/a><\/span><\/p>\n<p><span style=\"color: #0091f2\"><a href=\"https:\/\/mza-dicaws-portal-uploads-media-prod.s3.amazonaws.com\/informacion-oficial\/uploads\/sites\/12\/2026\/01\/Resumen_DIAGNOSTICO-360.pdf\" rel=\"attachment wp-att-6218\" style=\"color: #0091f2\">Resumen_DIAGN\u00d3STICO 360<\/a><\/span><\/p>\n<p><span style=\"color: #0091f2\"><a href=\"https:\/\/mza-dicaws-portal-uploads-media-prod.s3.amazonaws.com\/informacion-oficial\/uploads\/sites\/12\/2026\/01\/Resumen_DISTROCUYO.pdf\" rel=\"attachment wp-att-6219\" style=\"color: #0091f2\">Resumen_DISTROCUYO<\/a> <a href=\"https:\/\/mza-dicaws-portal-uploads-media-prod.s3.amazonaws.com\/informacion-oficial\/uploads\/sites\/12\/2026\/01\/Resumen_EDEMSA.pdf\" rel=\"attachment wp-att-6220\" style=\"color: #0091f2\"><\/a><\/span><\/p>\n<p><span style=\"color: #0091f2\"><a href=\"https:\/\/mza-dicaws-portal-uploads-media-prod.s3.amazonaws.com\/informacion-oficial\/uploads\/sites\/12\/2026\/01\/Resumen_EDEMSA.pdf\" rel=\"attachment wp-att-6220\" style=\"color: #0091f2\">Resumen_EDEMSA<\/a> <a href=\"https:\/\/mza-dicaws-portal-uploads-media-prod.s3.amazonaws.com\/informacion-oficial\/uploads\/sites\/12\/2026\/01\/Resumen_Edestesa.pdf\" rel=\"attachment wp-att-6221\" style=\"color: #0091f2\"><\/a><\/span><\/p>\n<p><span style=\"color: #0091f2\"><a href=\"https:\/\/mza-dicaws-portal-uploads-media-prod.s3.amazonaws.com\/informacion-oficial\/uploads\/sites\/12\/2026\/01\/Resumen_Edestesa.pdf\" rel=\"attachment wp-att-6221\" style=\"color: #0091f2\">Resumen_Edestesa<\/a><\/span><\/p>\n<p><span style=\"color: #0091f2\"><a href=\"https:\/\/mza-dicaws-portal-uploads-media-prod.s3.amazonaws.com\/informacion-oficial\/uploads\/sites\/12\/2026\/01\/Resumen_EPRE.pdf\" rel=\"attachment wp-att-6222\" style=\"color: #0091f2\">Resumen_EPRE<\/a><\/span><\/p>\n<p><span style=\"color: #0091f2\"><a href=\"https:\/\/mza-dicaws-portal-uploads-media-prod.s3.amazonaws.com\/informacion-oficial\/uploads\/sites\/12\/2026\/01\/Resumen_FOPIATZAD.pdf\" rel=\"attachment wp-att-6223\" style=\"color: #0091f2\">Resumen_FOPIATZAD<\/a> <a href=\"https:\/\/mza-dicaws-portal-uploads-media-prod.s3.amazonaws.com\/informacion-oficial\/uploads\/sites\/12\/2026\/01\/Resumen_SUBSEC.-ENERGIA-Y-MINERIA.pdf\" rel=\"attachment wp-att-6224\" style=\"color: #0091f2\"><\/a><\/span><\/p>\n<p><span style=\"color: #0091f2\"><a href=\"https:\/\/mza-dicaws-portal-uploads-media-prod.s3.amazonaws.com\/informacion-oficial\/uploads\/sites\/12\/2026\/01\/Resumen_SUBSEC.-ENERGIA-Y-MINERIA.pdf\" rel=\"attachment wp-att-6224\" style=\"color: #0091f2\">Resumen_SUBSEC. ENERG\u00cdA Y MINER\u00cdA<\/a><\/span><\/p>\n<p>[\/et_pb_toggle][\/et_pb_column][\/et_pb_row][\/et_pb_section][et_pb_section fb_built=\u00bb1&#8243; _builder_version=\u00bb4.27.4&#8243; background_color=\u00bb#e0b760&#8243; background_enable_image=\u00bboff\u00bb background_blend=\u00bbscreen\u00bb min_height=\u00bb1999.9px\u00bb custom_margin=\u00bb-2px||0px||false|false\u00bb custom_padding=\u00bb30px||60px||false|false\u00bb global_colors_info=\u00bb{}\u00bb][et_pb_row module_id=\u00bb#obras\u00bb _builder_version=\u00bb4.27.4&#8243; background_size=\u00bbinitial\u00bb background_position=\u00bbtop_left\u00bb background_repeat=\u00bbrepeat\u00bb max_width=\u00bb2560px\u00bb min_height=\u00bb117px\u00bb custom_margin=\u00bb38px|auto|-3px|auto||\u00bb custom_padding=\u00bb5px|||||\u00bb global_colors_info=\u00bb{}\u00bb][et_pb_column type=\u00bb4_4&#8243; _builder_version=\u00bb4.27.4&#8243; _module_preset=\u00bbdefault\u00bb global_colors_info=\u00bb{}\u00bb][et_pb_heading title=\u00bbOBRAS\u00bb admin_label=\u00bbFlora Nativa\u00bb module_id=\u00bbobrasfedei\u00bb _builder_version=\u00bb4.27.4&#8243; _module_preset=\u00bbdefault\u00bb title_level=\u00bbh2&#8243; title_font=\u00bb|300|||||||\u00bb title_text_align=\u00bbleft\u00bb title_text_color=\u00bbgcid-body-color\u00bb title_font_size=\u00bb40px\u00bb min_height=\u00bb39px\u00bb custom_margin=\u00bb||-1px|||\u00bb global_colors_info=\u00bb{%22gcid-body-color%22:%91%22title_text_color%22%93}\u00bb][\/et_pb_heading][et_pb_heading title=\u00bbEL\u00c9CTRICAS (FEDEI)\u00bb admin_label=\u00bbFlora Nativa\u00bb _builder_version=\u00bb4.27.4&#8243; _module_preset=\u00bbdefault\u00bb title_level=\u00bbh2&#8243; title_font=\u00bb|300|||||||\u00bb title_text_align=\u00bbleft\u00bb title_text_color=\u00bbgcid-body-color\u00bb title_font_size=\u00bb40px\u00bb min_height=\u00bb42px\u00bb custom_margin=\u00bb||-3px|||\u00bb custom_padding=\u00bb||0px|||\u00bb global_colors_info=\u00bb{%22gcid-body-color%22:%91%22title_text_color%22%93}\u00bb][\/et_pb_heading][\/et_pb_column][\/et_pb_row][et_pb_row column_structure=\u00bb1_2,1_2&#8243; _builder_version=\u00bb4.27.4&#8243; _module_preset=\u00bbdefault\u00bb max_width=\u00bb2560px\u00bb min_height=\u00bb237.1px\u00bb custom_margin=\u00bb65px|auto|-25px|auto||\u00bb global_colors_info=\u00bb{}\u00bb][et_pb_column type=\u00bb1_2&#8243; _builder_version=\u00bb4.27.4&#8243; _module_preset=\u00bbdefault\u00bb global_colors_info=\u00bb{}\u00bb][et_pb_blurb title=\u00bbInversi\u00f3n de m\u00e1s de $1.700 millones en Uspallata para mejorar el servicio el\u00e9ctrico a 158 familias\u00bb url=\u00bbhttps:\/\/www.mendoza.gov.ar\/prensa\/inversion-de-mas-de-1-700-millones-en-uspallata-para-mejorar-el-servicio-electrico-a-158-familias\/\u00bb image=\u00bbhttps:\/\/mza-dicaws-portal-uploads-media-prod.s3.us-east-1.amazonaws.com\/informacion-oficial\/uploads\/sites\/12\/2025\/06\/ELECT2.jpg\u00bb _builder_version=\u00bb4.27.4&#8243; _module_preset=\u00bbdefault\u00bb header_text_color=\u00bbgcid-840cd285-ee6f-49c1-abc9-5e893f3235b8&#8243; body_text_color=\u00bbgcid-840cd285-ee6f-49c1-abc9-5e893f3235b8&#8243; text_orientation=\u00bbjustified\u00bb custom_margin=\u00bb||61px|||\u00bb link_option_url=\u00bbhttps:\/\/www.mendoza.gov.ar\/prensa\/inversion-de-mas-de-1-700-millones-en-uspallata-para-mejorar-el-servicio-electrico-a-158-familias\/\u00bb border_radii_image=\u00bbon|8px|8px|8px|8px\u00bb global_colors_info=\u00bb{%22gcid-840cd285-ee6f-49c1-abc9-5e893f3235b8%22:%91%22header_text_color%22,%22body_text_color%22,%22header_text_color%22,%22body_text_color%22%93}\u00bb]<\/p>\n<p>El Ministerio de Energ\u00eda y Ambiente firm\u00f3 un convenio con Edemsa para ejecutar obras de normalizaci\u00f3n el\u00e9ctrica en el barrio Altos Verdes-Cord\u00f3n de Bonilla. La intervenci\u00f3n beneficiar\u00e1 directamente a 158 familias y extender\u00e1 el servicio a m\u00e1s de 500 hogares potenciales.<\/p>\n<p>[\/et_pb_blurb][et_pb_blurb title=\u00bbEl Gobierno de Mendoza pone en marcha obras de infraestructura el\u00e9ctrica clave a trav\u00e9s del Fopiatzad\u00bb image=\u00bbhttps:\/\/mza-dicaws-portal-uploads-media-prod.s3.us-east-1.amazonaws.com\/informacion-oficial\/uploads\/sites\/12\/2025\/06\/ELECT2.jpg\u00bb _builder_version=\u00bb4.27.4&#8243; _module_preset=\u00bbdefault\u00bb header_text_color=\u00bbgcid-840cd285-ee6f-49c1-abc9-5e893f3235b8&#8243; body_text_color=\u00bbgcid-840cd285-ee6f-49c1-abc9-5e893f3235b8&#8243; text_orientation=\u00bbjustified\u00bb link_option_url=\u00bbhttps:\/\/www.mendoza.gov.ar\/prensa\/el-gobierno-de-mendoza-pone-en-marcha-obras-de-infraestructura-electrica-clave-a-traves-del-fopiatzad\/\u00bb border_radii_image=\u00bbon|8px|8px|8px|8px\u00bb global_colors_info=\u00bb{%22gcid-840cd285-ee6f-49c1-abc9-5e893f3235b8%22:%91%22header_text_color%22,%22body_text_color%22%93}\u00bb]<\/p>\n<p>El Gobernador Alfredo Cornejo y los ministros Jimena Latorre y Natalio Mema firmaron la normativa que autoriza a utilizar el Fondo del Resarcimiento por los perjuicios de la promoci\u00f3n industrial para ejecutar obras prioritarias en zonas cr\u00edticas y reforzar el sistema el\u00e9ctrico provincial.<\/p>\n<p>[\/et_pb_blurb][et_pb_blurb title=\u00bbEnerg\u00eda para los productores ganaderos del Sur gracias a una obra financiada con el Fondo Especial para el Desarrollo El\u00e9ctrico del Interior\u00bb url=\u00bbhttps:\/\/prensa.mendoza.gob.ar\/energia-para-los-productores-ganaderos-del-sur-gracias-a-una-obra-financiada-con-el-fondo-especial-para-el-desarrollo-electrico-del-interior\/\u00bb image=\u00bbhttps:\/\/mza-dicaws-portal-uploads-media-prod.s3.amazonaws.com\/informacion-oficial\/uploads\/sites\/12\/2025\/09\/Electricidad2-1280&#215;640-1.jpg\u00bb _builder_version=\u00bb4.27.4&#8243; _module_preset=\u00bbdefault\u00bb header_text_color=\u00bbgcid-840cd285-ee6f-49c1-abc9-5e893f3235b8&#8243; body_text_color=\u00bbgcid-840cd285-ee6f-49c1-abc9-5e893f3235b8&#8243; text_orientation=\u00bbjustified\u00bb link_option_url=\u00bbhttps:\/\/prensa.mendoza.gob.ar\/energia-para-los-productores-ganaderos-del-sur-gracias-a-una-obra-financiada-con-el-fondo-especial-para-el-desarrollo-electrico-del-interior\/\u00bb border_radii_image=\u00bbon|8px|8px|8px|8px\u00bb global_colors_info=\u00bb{%22gcid-840cd285-ee6f-49c1-abc9-5e893f3235b8%22:%91%22header_text_color%22,%22body_text_color%22%93}\u00bb]<\/p>\n<p>La obra Electrificaci\u00f3n Paso El Loro garantiza energ\u00eda a trece establecimientos ganaderos de la Ruta Ganadera Paso El Loro. Se hizo con una inversi\u00f3n superior a $150 millones financiados con recursos del Fondo Especial para el Desarrollo El\u00e9ctrico del Interior (FEDEI), a trav\u00e9s de la Direcci\u00f3n de Servicios El\u00e9ctricos del Ministerio de Energ\u00eda y Ambiente.<\/p>\n<p>[\/et_pb_blurb][\/et_pb_column][et_pb_column type=\u00bb1_2&#8243; _builder_version=\u00bb4.27.4&#8243; _module_preset=\u00bbdefault\u00bb global_colors_info=\u00bb{}\u00bb][et_pb_blurb title=\u00bbRenuevan instalaciones el\u00e9ctricas en Rivadavia con una inversi\u00f3n superior a $75 millones\u00bb image=\u00bbhttps:\/\/mza-dicaws-portal-uploads-media-prod.s3.us-east-1.amazonaws.com\/informacion-oficial\/uploads\/sites\/12\/2025\/06\/ELECT6.jpg\u00bb _builder_version=\u00bb4.27.4&#8243; _module_preset=\u00bbdefault\u00bb header_text_color=\u00bbgcid-840cd285-ee6f-49c1-abc9-5e893f3235b8&#8243; body_text_color=\u00bbgcid-840cd285-ee6f-49c1-abc9-5e893f3235b8&#8243; text_orientation=\u00bbjustified\u00bb custom_margin=\u00bb||61px|||\u00bb link_option_url=\u00bbhttps:\/\/www.mendoza.gov.ar\/prensa\/renuevan-instalaciones-electricas-en-rivadavia-con-una-inversion-superior-a-los-75-millones\/\u00bb border_radii_image=\u00bbon|8px|8px|8px|8px\u00bb global_colors_info=\u00bb{%22gcid-840cd285-ee6f-49c1-abc9-5e893f3235b8%22:%91%22header_text_color%22,%22body_text_color%22%93}\u00bb]<\/p>\n<p>El Ministerio de Energ\u00eda y Ambiente financi\u00f3 la obra con el Fondo Especial para el Desarrollo El\u00e9ctrico del Interior. Beneficia a m\u00e1s de 200 familias y mejora notablemente la calidad del servicio el\u00e9ctrico y la iluminaci\u00f3n del barrio.<\/p>\n<p>[\/et_pb_blurb][et_pb_blurb title=\u00bbInversi\u00f3n de m\u00e1s de $1.700 millones en Uspallata para mejorar el servicio el\u00e9ctrico a 158 familias\u00bb image=\u00bbhttps:\/\/mza-dicaws-portal-uploads-media-prod.s3.us-east-1.amazonaws.com\/informacion-oficial\/uploads\/sites\/12\/2025\/06\/ELECT2.jpg\u00bb _builder_version=\u00bb4.27.4&#8243; _module_preset=\u00bbdefault\u00bb header_text_color=\u00bbgcid-840cd285-ee6f-49c1-abc9-5e893f3235b8&#8243; body_text_color=\u00bbgcid-840cd285-ee6f-49c1-abc9-5e893f3235b8&#8243; text_orientation=\u00bbjustified\u00bb min_height=\u00bb485.5px\u00bb custom_margin=\u00bb-9px|||||\u00bb link_option_url=\u00bbhttps:\/\/www.mendoza.gov.ar\/prensa\/inversion-de-mas-de-1-700-millones-en-uspallata-para-mejorar-el-servicio-electrico-a-158-familias\/\u00bb border_radii_image=\u00bbon|8px|8px|8px|8px\u00bb global_colors_info=\u00bb{%22gcid-840cd285-ee6f-49c1-abc9-5e893f3235b8%22:%91%22header_text_color%22,%22body_text_color%22%93}\u00bb]<\/p>\n<p>El Ministerio de Energ\u00eda y Ambiente firm\u00f3 un convenio con Edemsa para ejecutar obras de normalizaci\u00f3n el\u00e9ctrica en el barrio Altos Verdes-Cord\u00f3n de Bonilla. La intervenci\u00f3n beneficiar\u00e1 directamente a 158 familias y extender\u00e1 el servicio a m\u00e1s de 500 hogares potenciales.<\/p>\n<p>[\/et_pb_blurb][et_pb_blurb title=\u00bbM\u00e1s energ\u00eda para la producci\u00f3n ganadera: habilitan la primera etapa de la electrificaci\u00f3n rural en Punta del Agua\u00bb image=\u00bbhttps:\/\/mza-dicaws-portal-uploads-media-prod.s3.amazonaws.com\/informacion-oficial\/uploads\/sites\/12\/2026\/03\/foto-ele.jpg\u00bb _builder_version=\u00bb4.27.4&#8243; _module_preset=\u00bbdefault\u00bb header_text_color=\u00bbgcid-840cd285-ee6f-49c1-abc9-5e893f3235b8&#8243; body_text_color=\u00bbgcid-840cd285-ee6f-49c1-abc9-5e893f3235b8&#8243; text_orientation=\u00bbjustified\u00bb min_height=\u00bb485.5px\u00bb custom_margin=\u00bb-9px|||||\u00bb link_option_url=\u00bbhttps:\/\/prensa.mendoza.gob.ar\/mas-energia-para-la-produccion-ganadera-habilitan-la-primera-etapa-de-la-electrificacion-rural-en-punta-del-agua\/\u00bb border_radii_image=\u00bbon|8px|8px|8px|8px\u00bb global_colors_info=\u00bb{%22gcid-840cd285-ee6f-49c1-abc9-5e893f3235b8%22:%91%22header_text_color%22,%22body_text_color%22%93}\u00bb]<\/p>\n<p>Con una inversi\u00f3n superior a los $350 millones, la obra financiada por el Ministerio de Energ\u00eda y Ambiente y ejecutada por EDEMSA avanza por etapas para ampliar el acceso a la energ\u00eda en zonas rurales del sur provincial y fortalecer la actividad ganadera.<\/p>\n<p>[\/et_pb_blurb][\/et_pb_column][\/et_pb_row][\/et_pb_section]<\/p>\n","protected":false},"excerpt":{"rendered":"<p>Desde la Direcci\u00f3n de Servicios El\u00e9ctricos del Gobierno de Mendoza trabajamos para intervenir de manera estrat\u00e9gica en la planificaci\u00f3n, coordinaci\u00f3n, ejecuci\u00f3n y control del servicio p\u00fablico de distribuci\u00f3n de energ\u00eda el\u00e9ctrica en toda la provincia. Nuestro objetivo es garantizar un servicio seguro, accesible y con calidad para todas las mendocinas y mendocinos.Nuestra labor abarca una [&hellip;]<\/p>\n","protected":false},"author":17,"featured_media":0,"parent":0,"menu_order":0,"comment_status":"closed","ping_status":"closed","template":"","meta":{"_et_pb_use_builder":"on","_et_pb_old_content":"","_et_gb_content_width":"","footnotes":""},"class_list":["post-1387","page","type-page","status-publish","hentry"],"_links":{"self":[{"href":"https:\/\/informacionoficial.mendoza.gob.ar\/energiayambiente\/wp-json\/wp\/v2\/pages\/1387","targetHints":{"allow":["GET"]}}],"collection":[{"href":"https:\/\/informacionoficial.mendoza.gob.ar\/energiayambiente\/wp-json\/wp\/v2\/pages"}],"about":[{"href":"https:\/\/informacionoficial.mendoza.gob.ar\/energiayambiente\/wp-json\/wp\/v2\/types\/page"}],"author":[{"embeddable":true,"href":"https:\/\/informacionoficial.mendoza.gob.ar\/energiayambiente\/wp-json\/wp\/v2\/users\/17"}],"replies":[{"embeddable":true,"href":"https:\/\/informacionoficial.mendoza.gob.ar\/energiayambiente\/wp-json\/wp\/v2\/comments?post=1387"}],"version-history":[{"count":41,"href":"https:\/\/informacionoficial.mendoza.gob.ar\/energiayambiente\/wp-json\/wp\/v2\/pages\/1387\/revisions"}],"predecessor-version":[{"id":7100,"href":"https:\/\/informacionoficial.mendoza.gob.ar\/energiayambiente\/wp-json\/wp\/v2\/pages\/1387\/revisions\/7100"}],"wp:attachment":[{"href":"https:\/\/informacionoficial.mendoza.gob.ar\/energiayambiente\/wp-json\/wp\/v2\/media?parent=1387"}],"curies":[{"name":"wp","href":"https:\/\/api.w.org\/{rel}","templated":true}]}}