{"id":155,"date":"2025-04-10T15:03:13","date_gmt":"2025-04-10T13:03:13","guid":{"rendered":"https:\/\/informacionoficial.mendoza.gob.ar\/energiayambiente\/?page_id=155"},"modified":"2026-03-17T09:58:04","modified_gmt":"2026-03-17T12:58:04","slug":"155-2","status":"publish","type":"page","link":"https:\/\/informacionoficial.mendoza.gob.ar\/energiayambiente\/155-2\/","title":{"rendered":"\u00c1reas Protegidas"},"content":{"rendered":"<p>[et_pb_section fb_built=\u00bb1&#8243; _builder_version=\u00bb4.27.4&#8243; use_background_color_gradient=\u00bbon\u00bb background_color_gradient_direction=\u00bb1deg\u00bb background_color_gradient_stops=\u00bb#ffffff 6%|#000000 17%\u00bb background_image=\u00bbhttps:\/\/mza-dicaws-portal-uploads-media-prod.s3.amazonaws.com\/informacion-oficial\/uploads\/sites\/12\/2025\/04\/Condor-Payunia-Ambiente-Mza-scaled.jpg\u00bb background_blend=\u00bbscreen\u00bb width=\u00bb100%\u00bb min_height=\u00bb1122.6px\u00bb custom_margin=\u00bb||-8px|||\u00bb custom_padding=\u00bb30px||100px|||\u00bb border_color_all=\u00bb#FFFFFF\u00bb global_colors_info=\u00bb{}\u00bb][et_pb_row _builder_version=\u00bb4.27.4&#8243; background_size=\u00bbinitial\u00bb background_position=\u00bbtop_left\u00bb background_repeat=\u00bbrepeat\u00bb max_width=\u00bb2560px\u00bb custom_padding=\u00bb30px||30px|||\u00bb global_colors_info=\u00bb{}\u00bb][et_pb_column type=\u00bb4_4&#8243; _builder_version=\u00bb4.27.4&#8243; _module_preset=\u00bbdefault\u00bb global_colors_info=\u00bb{}\u00bb][et_pb_heading title=\u00bb\u00c1REAS \u00bb _builder_version=\u00bb4.27.4&#8243; _module_preset=\u00bbdefault\u00bb title_font=\u00bb|300|||||||\u00bb title_text_align=\u00bbcenter\u00bb title_text_color=\u00bb#FFFFFF\u00bb title_font_size=\u00bb3.5rem\u00bb min_height=\u00bb54px\u00bb custom_margin=\u00bb||-1px|||\u00bb title_text_shadow_style=\u00bbpreset1&#8243; global_colors_info=\u00bb{}\u00bb][\/et_pb_heading][et_pb_heading title=\u00bbPROTEGIDAS\u00bb _builder_version=\u00bb4.27.4&#8243; _module_preset=\u00bbdefault\u00bb title_font=\u00bb|300|||||||\u00bb title_text_align=\u00bbcenter\u00bb title_text_color=\u00bb#FFFFFF\u00bb title_font_size=\u00bb3.5rem\u00bb title_text_shadow_style=\u00bbpreset1&#8243; global_colors_info=\u00bb{}\u00bb][\/et_pb_heading][\/et_pb_column][\/et_pb_row][et_pb_row _builder_version=\u00bb4.27.4&#8243; _module_preset=\u00bbdefault\u00bb max_width=\u00bb2560px\u00bb custom_padding=\u00bb||95px|||\u00bb global_colors_info=\u00bb{}\u00bb][et_pb_column type=\u00bb4_4&#8243; _builder_version=\u00bb4.27.4&#8243; _module_preset=\u00bbdefault\u00bb global_colors_info=\u00bb{}\u00bb][et_pb_slider _builder_version=\u00bb4.27.4&#8243; _module_preset=\u00bbdefault\u00bb header_font_size=\u00bb1.5rem\u00bb body_text_align=\u00bbleft\u00bb background_color=\u00bbrgba(10,10,10,0.3)\u00bb max_width=\u00bb800px\u00bb module_alignment=\u00bbcenter\u00bb min_height=\u00bb353.2px\u00bb custom_margin=\u00bb||||false|false\u00bb custom_padding=\u00bb20px|||2px|false|false\u00bb link_option_url=\u00bb#legislacion\u00bb border_radii=\u00bbon|8px|8px|8px|8px\u00bb global_colors_info=\u00bb{}\u00bb][et_pb_slide heading=\u00bbMisi\u00f3n\u00bb button_link=\u00bb#legislacion\u00bb _builder_version=\u00bb4.27.4&#8243; _module_preset=\u00bbdefault\u00bb global_colors_info=\u00bb{}\u00bb sticky_transition=\u00bbon\u00bb]<\/p>\n<ul>\n<li>Entender en la administraci\u00f3n, preservaci\u00f3n y la conservaci\u00f3n de los recursos naturales renovables, como as\u00ed tambi\u00e9n en el ejercicio del Poder de Polic\u00eda en el \u00e1mbito de la Provincia de Mendoza.<\/li>\n<li><span style=\"font-size: 15px\">\u00a0<\/span><span style=\"font-size: 15px\">Administrar, preservar y conservar las \u00e1reas naturales de la Provincia<\/span><\/li>\n<\/ul>\n<p>[\/et_pb_slide][et_pb_slide heading=\u00bbFunci\u00f3n Administrativa \u00bb button_link=\u00bb#legislacion\u00bb _builder_version=\u00bb4.27.4&#8243; _module_preset=\u00bbdefault\u00bb global_colors_info=\u00bb{}\u00bb sticky_transition=\u00bbon\u00bb]<\/p>\n<ul>\n<li>Administrar y controlar las \u00e1reas protegidas de la Provincia.<\/li>\n<li>Desarrollar el sistema de prevenci\u00f3n y combate de incendios forestales.<\/li>\n<li>Sistematizar la informaci\u00f3n referente, \u00e1reas protegidas, riesgos potenciales, etc.<\/li>\n<li>Aplicar la legislaci\u00f3n referida a bosques nativos.<\/li>\n<\/ul>\n<p>[\/et_pb_slide][et_pb_slide heading=\u00bbControl y Fiscalizaci\u00f3n\u00bb _builder_version=\u00bb4.27.4&#8243; _module_preset=\u00bbdefault\u00bb global_colors_info=\u00bb{}\u00bb sticky_transition=\u00bbon\u00bb]<\/p>\n<p>&nbsp;<\/p>\n<ul>\n<li>Sancionar dentro de las \u00e1reas naturales, las infracciones a las normas vigentes en materia de preservaci\u00f3n del ambiente.<\/li>\n<li>Controlar el cumplimiento de la legislaci\u00f3n referida a cavidades naturales.<\/li>\n<li>Controlar y regular las actividades n\u00e1uticas en la Provincia.<\/li>\n<\/ul>\n<p>[\/et_pb_slide][et_pb_slide heading=\u00bbPreservaci\u00f3n y Educaci\u00f3n\u00bb _builder_version=\u00bb4.27.4&#8243; _module_preset=\u00bbdefault\u00bb global_colors_info=\u00bb{}\u00bb sticky_transition=\u00bbon\u00bb]<\/p>\n<p>&nbsp;<\/p>\n<p>&nbsp;<\/p>\n<ul>\n<li>Elaborar y actualizar Planes de Manejo de las \u00e1reas naturales de la Provincia.<\/li>\n<li>Analizar el desarrollo de actividades ambientalmente sostenibles y compatibles con los Planes de Manejo.<\/li>\n<li>Promover el uso racional de los recursos naturales renovables.<\/li>\n<li>Organizar campa\u00f1as de educaci\u00f3n y fomento sobre preservaci\u00f3n de los recursos naturales renovables.<\/li>\n<\/ul>\n<p>[\/et_pb_slide][\/et_pb_slider][\/et_pb_column][\/et_pb_row][et_pb_row column_structure=\u00bb1_4,1_4,1_4,1_4&#8243; _builder_version=\u00bb4.27.4&#8243; _module_preset=\u00bbdefault\u00bb max_width=\u00bb2560px\u00bb global_colors_info=\u00bb{}\u00bb][et_pb_column type=\u00bb1_4&#8243; _builder_version=\u00bb4.27.4&#8243; _module_preset=\u00bbdefault\u00bb global_colors_info=\u00bb{}\u00bb][et_pb_blurb title=\u00bbAconcagua\u00bb url=\u00bbhttps:\/\/informacionoficial.mendoza.gob.ar\/energiayambiente\/aconcagua\/\u00bb url_new_window=\u00bbon\u00bb use_icon=\u00bbon\u00bb font_icon=\u00bb&#xf6fc;||fa||900&#8243; icon_color=\u00bb#000F9F\u00bb _builder_version=\u00bb4.27.4&#8243; _module_preset=\u00bbdefault\u00bb header_text_align=\u00bbcenter\u00bb header_text_color=\u00bb#000f9f\u00bb body_text_color=\u00bbgcid-840cd285-ee6f-49c1-abc9-5e893f3235b8&#8243; custom_margin=\u00bb||10%||false|false\u00bb link_option_url=\u00bbhttps:\/\/informacionoficial.mendoza.gob.ar\/energiayambiente\/aconcagua\/\u00bb locked=\u00bboff\u00bb global_colors_info=\u00bb{%22gcid-840cd285-ee6f-49c1-abc9-5e893f3235b8%22:%91%22body_text_color%22,%22header_text_color%22,%22body_text_color%22,%22header_text_color%22%93}\u00bb][\/et_pb_blurb][et_pb_blurb title=\u00bbBosques Nativos\u00bb url=\u00bb#bosques\u00bb url_new_window=\u00bbon\u00bb use_icon=\u00bbon\u00bb font_icon=\u00bb&#xf18c;||fa||400&#8243; icon_color=\u00bb#000F9F\u00bb _builder_version=\u00bb4.27.4&#8243; _module_preset=\u00bbdefault\u00bb header_text_align=\u00bbcenter\u00bb header_text_color=\u00bb#000f9f\u00bb body_text_color=\u00bbgcid-840cd285-ee6f-49c1-abc9-5e893f3235b8&#8243; custom_margin=\u00bb||10%||false|false\u00bb link_option_url=\u00bb#bosques\u00bb locked=\u00bboff\u00bb global_colors_info=\u00bb{%22gcid-840cd285-ee6f-49c1-abc9-5e893f3235b8%22:%91%22body_text_color%22,%22header_text_color%22,%22body_text_color%22,%22header_text_color%22%93}\u00bb][\/et_pb_blurb][\/et_pb_column][et_pb_column type=\u00bb1_4&#8243; _builder_version=\u00bb4.27.4&#8243; _module_preset=\u00bbdefault\u00bb global_colors_info=\u00bb{}\u00bb][et_pb_blurb title=\u00bbAreas Naturales\u00bb url=\u00bb#areas-naturales\u00bb use_icon=\u00bbon\u00bb font_icon=\u00bb&#xf03e;||fa||900&#8243; icon_color=\u00bb#000F9F\u00bb _builder_version=\u00bb4.27.4&#8243; _module_preset=\u00bbdefault\u00bb header_text_align=\u00bbcenter\u00bb header_text_color=\u00bb#000f9f\u00bb body_text_color=\u00bbgcid-840cd285-ee6f-49c1-abc9-5e893f3235b8&#8243; custom_margin=\u00bb||10%||false|false\u00bb link_option_url=\u00bb#areas-naturales\u00bb locked=\u00bboff\u00bb global_colors_info=\u00bb{%22gcid-840cd285-ee6f-49c1-abc9-5e893f3235b8%22:%91%22body_text_color%22,%22header_text_color%22,%22body_text_color%22,%22header_text_color%22%93}\u00bb][\/et_pb_blurb][et_pb_blurb title=\u00bbInvestigaciones CIent\u00edficas\u00bb url=\u00bbhttps:\/\/informacionoficial.mendoza.gob.ar\/energiayambiente\/investigaciones-cientificas\/\u00bb use_icon=\u00bbon\u00bb font_icon=\u00bb&#xf610;||fa||900&#8243; icon_color=\u00bb#000F9F\u00bb _builder_version=\u00bb4.27.4&#8243; _module_preset=\u00bbdefault\u00bb header_text_align=\u00bbcenter\u00bb header_text_color=\u00bb#000f9f\u00bb body_text_color=\u00bbgcid-840cd285-ee6f-49c1-abc9-5e893f3235b8&#8243; custom_margin=\u00bb||10%||false|false\u00bb link_option_url=\u00bbhttps:\/\/informacionoficial.mendoza.gob.ar\/energiayambiente\/investigaciones-cientificas\/\u00bb locked=\u00bboff\u00bb global_colors_info=\u00bb{%22gcid-840cd285-ee6f-49c1-abc9-5e893f3235b8%22:%91%22body_text_color%22,%22header_text_color%22,%22body_text_color%22,%22header_text_color%22%93}\u00bb][\/et_pb_blurb][\/et_pb_column][et_pb_column type=\u00bb1_4&#8243; _builder_version=\u00bb4.27.4&#8243; _module_preset=\u00bbdefault\u00bb global_colors_info=\u00bb{}\u00bb][et_pb_blurb title=\u00bbN\u00e1utica\u00bb url=\u00bb#nautica\u00bb url_new_window=\u00bbon\u00bb use_icon=\u00bbon\u00bb font_icon=\u00bb&#xf21a;||fa||900&#8243; icon_color=\u00bb#000F9F\u00bb _builder_version=\u00bb4.27.4&#8243; _module_preset=\u00bbdefault\u00bb header_text_align=\u00bbcenter\u00bb header_text_color=\u00bb#000f9f\u00bb body_text_color=\u00bbgcid-840cd285-ee6f-49c1-abc9-5e893f3235b8&#8243; custom_margin=\u00bb||10%||false|false\u00bb link_option_url=\u00bb#nautica\u00bb locked=\u00bboff\u00bb global_colors_info=\u00bb{%22gcid-840cd285-ee6f-49c1-abc9-5e893f3235b8%22:%91%22body_text_color%22,%22header_text_color%22,%22body_text_color%22,%22header_text_color%22%93}\u00bb][\/et_pb_blurb][et_pb_blurb title=\u00bbAccesibilidad Tur\u00edstica ANP\u00bb url=\u00bb#accesibilidad-anp\u00bb url_new_window=\u00bbon\u00bb use_icon=\u00bbon\u00bb font_icon=\u00bb&#xf29a;||fa||900&#8243; icon_color=\u00bb#000F9F\u00bb _builder_version=\u00bb4.27.4&#8243; _module_preset=\u00bbdefault\u00bb header_text_align=\u00bbcenter\u00bb header_text_color=\u00bb#000f9f\u00bb body_text_color=\u00bbgcid-840cd285-ee6f-49c1-abc9-5e893f3235b8&#8243; custom_margin=\u00bb||10%||false|false\u00bb link_option_url=\u00bb#accesibilidad-anp\u00bb locked=\u00bboff\u00bb global_colors_info=\u00bb{%22gcid-840cd285-ee6f-49c1-abc9-5e893f3235b8%22:%91%22body_text_color%22,%22header_text_color%22,%22body_text_color%22,%22header_text_color%22%93}\u00bb][\/et_pb_blurb][\/et_pb_column][et_pb_column type=\u00bb1_4&#8243; _builder_version=\u00bb4.27.4&#8243; _module_preset=\u00bbdefault\u00bb global_colors_info=\u00bb{}\u00bb][et_pb_blurb title=\u00bbIncendios Forestales\u00bb url=\u00bb#ppmf\u00bb url_new_window=\u00bbon\u00bb use_icon=\u00bbon\u00bb font_icon=\u00bb&#xf06d;||fa||900&#8243; icon_color=\u00bb#000F9F\u00bb _builder_version=\u00bb4.27.4&#8243; _module_preset=\u00bbdefault\u00bb header_text_align=\u00bbcenter\u00bb header_text_color=\u00bb#000f9f\u00bb body_text_color=\u00bbgcid-840cd285-ee6f-49c1-abc9-5e893f3235b8&#8243; custom_margin=\u00bb||10%||false|false\u00bb link_option_url=\u00bb#ppmf\u00bb locked=\u00bboff\u00bb global_colors_info=\u00bb{%22gcid-840cd285-ee6f-49c1-abc9-5e893f3235b8%22:%91%22body_text_color%22,%22header_text_color%22,%22body_text_color%22,%22header_text_color%22%93}\u00bb][\/et_pb_blurb][et_pb_blurb title=\u00bbContacto\u00bb url=\u00bb#contacto\u00bb url_new_window=\u00bbon\u00bb use_icon=\u00bbon\u00bb font_icon=\u00bb&#xf2c2;||fa||400&#8243; icon_color=\u00bb#000F9F\u00bb _builder_version=\u00bb4.27.4&#8243; _module_preset=\u00bbdefault\u00bb header_text_align=\u00bbcenter\u00bb header_text_color=\u00bb#000f9f\u00bb body_text_color=\u00bbgcid-840cd285-ee6f-49c1-abc9-5e893f3235b8&#8243; custom_margin=\u00bb||10%||false|false\u00bb link_option_url=\u00bb#contacto\u00bb locked=\u00bboff\u00bb global_colors_info=\u00bb{%22gcid-840cd285-ee6f-49c1-abc9-5e893f3235b8%22:%91%22body_text_color%22,%22header_text_color%22,%22body_text_color%22,%22header_text_color%22%93}\u00bb][\/et_pb_blurb][\/et_pb_column][\/et_pb_row][\/et_pb_section][et_pb_section fb_built=\u00bb1&#8243; _builder_version=\u00bb4.27.4&#8243; background_color=\u00bbRGBA(255,255,255,0)\u00bb use_background_color_gradient=\u00bbon\u00bb background_color_gradient_direction=\u00bb169deg\u00bb background_color_gradient_stops=\u00bb#ffffff 15%|#0a0000 100%\u00bb background_image=\u00bbhttps:\/\/mza-dicaws-portal-uploads-media-prod.s3.us-east-1.amazonaws.com\/informacion-oficial\/uploads\/sites\/12\/2025\/04\/DSC0144-en-retoque-scaled-e1744286462385.jpg\u00bb background_blend=\u00bbscreen\u00bb min_height=\u00bb1135px\u00bb custom_margin=\u00bb3px|||||\u00bb custom_padding=\u00bb3px|||||\u00bb global_colors_info=\u00bb{}\u00bb][et_pb_row _builder_version=\u00bb4.27.4&#8243; background_size=\u00bbinitial\u00bb background_position=\u00bbtop_left\u00bb background_repeat=\u00bbrepeat\u00bb max_width=\u00bb2560px\u00bb min_height=\u00bb71px\u00bb custom_margin=\u00bb|auto|-3px|auto||\u00bb custom_padding=\u00bb5px|||||\u00bb global_colors_info=\u00bb{}\u00bb][et_pb_column type=\u00bb4_4&#8243; _builder_version=\u00bb4.27.4&#8243; _module_preset=\u00bbdefault\u00bb global_colors_info=\u00bb{}\u00bb][et_pb_heading title=\u00bb\u00c1REAS\u00bb admin_label=\u00bbFlora Nativa\u00bb module_id=\u00bbareas-naturales\u00bb _builder_version=\u00bb4.27.4&#8243; _module_preset=\u00bbdefault\u00bb title_level=\u00bbh2&#8243; title_font=\u00bb|300|||||||\u00bb title_text_align=\u00bbleft\u00bb title_text_color=\u00bbgcid-body-color\u00bb title_font_size=\u00bb40px\u00bb min_height=\u00bb39px\u00bb custom_margin=\u00bb||-1px|||\u00bb global_colors_info=\u00bb{%22gcid-body-color%22:%91%22title_text_color%22%93}\u00bb][\/et_pb_heading][et_pb_heading title=\u00bbNATURALES\u00bb admin_label=\u00bbFlora Nativa\u00bb _builder_version=\u00bb4.27.4&#8243; _module_preset=\u00bbdefault\u00bb title_level=\u00bbh2&#8243; title_font=\u00bb|300|||||||\u00bb title_text_align=\u00bbleft\u00bb title_text_color=\u00bbgcid-body-color\u00bb title_font_size=\u00bb40px\u00bb min_height=\u00bb42px\u00bb custom_margin=\u00bb||-3px|||\u00bb custom_padding=\u00bb||0px|||\u00bb global_colors_info=\u00bb{%22gcid-body-color%22:%91%22title_text_color%22%93}\u00bb][\/et_pb_heading][et_pb_heading title=\u00bbPROTEGIDAS\u00bb admin_label=\u00bbFlora Nativa\u00bb _builder_version=\u00bb4.27.4&#8243; _module_preset=\u00bbdefault\u00bb title_level=\u00bbh2&#8243; title_font=\u00bb|300|||||||\u00bb title_text_align=\u00bbleft\u00bb title_text_color=\u00bbgcid-body-color\u00bb title_font_size=\u00bb40px\u00bb min_height=\u00bb42px\u00bb custom_margin=\u00bb||40px|||\u00bb custom_padding=\u00bb||0px|||\u00bb global_colors_info=\u00bb{%22gcid-body-color%22:%91%22title_text_color%22%93}\u00bb][\/et_pb_heading][et_pb_blurb title=\u00bbSistema de \u00c1reas Naturales Protegidas\u00bb image=\u00bbhttps:\/\/mza-dicaws-portal-uploads-media-prod.s3.us-east-1.amazonaws.com\/informacion-oficial\/uploads\/sites\/12\/2025\/04\/ANP-fondo-calado.png\u00bb icon_placement=\u00bbleft\u00bb image_icon_width=\u00bb150px\u00bb content_max_width=\u00bb1100px\u00bb icon_placement_tablet=\u00bbleft\u00bb icon_placement_phone=\u00bbtop\u00bb icon_placement_last_edited=\u00bbon|phone\u00bb image_icon_width_tablet=\u00bb150px\u00bb image_icon_width_phone=\u00bb150px\u00bb image_icon_width_last_edited=\u00bbon|desktop\u00bb _builder_version=\u00bb4.27.4&#8243; _module_preset=\u00bbdefault\u00bb header_font=\u00bb|300|||||||\u00bb header_text_color=\u00bbgcid-840cd285-ee6f-49c1-abc9-5e893f3235b8&#8243; image_icon_custom_margin=\u00bb-40px||||false|false\u00bb width=\u00bb90%\u00bb max_width=\u00bb100%\u00bb module_alignment=\u00bbcenter\u00bb min_height=\u00bb226.2px\u00bb custom_margin=\u00bb||13px||false|false\u00bb border_color_all_image=\u00bbRGBA(255,255,255,0)\u00bb border_width_top_image=\u00bb40px\u00bb border_width_right_image=\u00bb40px\u00bb border_color_right_image=\u00bbRGBA(255,255,255,0)\u00bb global_colors_info=\u00bb{%22gcid-840cd285-ee6f-49c1-abc9-5e893f3235b8%22:%91%22header_text_color%22%93}\u00bb]<\/p>\n<p>La Red de \u00c1reas Naturales Protegidas de Mendoza est\u00e1 integrada por 19 reservas gestionadas por la provincia.<\/p>\n<p>La suma de todas comprende el 13 % de la superficie del territorio mendocino, extensi\u00f3n en expansi\u00f3n que permite acercarse a los par\u00e1metros internacionales sugeridos para la conservaci\u00f3n del territorio natural.<\/p>\n<p><a href=\"https:\/\/www.mendoza.gov.ar\/wp-content\/uploads\/sites\/69\/2023\/08\/Leyes-de-creacion-de-las-Areas-Naturales-Protegidas-de-Mendoza.pdf\"><span style=\"color: #0091f2\">Leyes de creaci\u00f3n<\/span><\/a><\/p>\n<p>[\/et_pb_blurb][\/et_pb_column][\/et_pb_row][et_pb_row column_structure=\u00bb1_2,1_4,1_4&#8243; _builder_version=\u00bb4.27.4&#8243; background_size=\u00bbinitial\u00bb background_position=\u00bbtop_left\u00bb background_repeat=\u00bbrepeat\u00bb max_width=\u00bb2560px\u00bb min_height=\u00bb71px\u00bb custom_margin=\u00bb|auto|-3px|auto||\u00bb custom_padding=\u00bb5px|||||\u00bb global_colors_info=\u00bb{}\u00bb][et_pb_column type=\u00bb1_2&#8243; _builder_version=\u00bb4.27.4&#8243; _module_preset=\u00bbdefault\u00bb global_colors_info=\u00bb{}\u00bb][et_pb_blurb title=\u00bbMapa de \u00c1reas Protegidas\u00bb url=\u00bbhttps:\/\/mza-dicaws-portal-uploads-media-prod.s3.amazonaws.com\/informacion-oficial\/uploads\/sites\/12\/2025\/08\/Mapa-ANPs-01-1527&#215;2048-1.png\u00bb use_icon=\u00bbon\u00bb font_icon=\u00bb&#x3f;||divi||400&#8243; icon_color=\u00bb#ffffff\u00bb icon_placement=\u00bbleft\u00bb image_icon_width=\u00bb35px\u00bb content_max_width=\u00bb350px\u00bb _builder_version=\u00bb4.27.4&#8243; _module_preset=\u00bbdefault\u00bb header_text_align=\u00bbleft\u00bb header_text_color=\u00bb#ffffff\u00bb header_letter_spacing=\u00bb6px\u00bb header_line_height=\u00bb2em\u00bb body_text_align=\u00bbright\u00bb body_text_color=\u00bbgcid-840cd285-ee6f-49c1-abc9-5e893f3235b8&#8243; background_color=\u00bb#C8A977&#8243; text_orientation=\u00bbright\u00bb module_alignment=\u00bbright\u00bb min_height=\u00bb50px\u00bb height=\u00bb50px\u00bb max_height=\u00bb50px\u00bb custom_margin=\u00bb||||false|false\u00bb custom_padding=\u00bb0.5em|1em|0.5em|1em|true|true\u00bb border_radii=\u00bbon|8px|8px|8px|8px\u00bb box_shadow_style=\u00bbpreset2&#8243; box_shadow_blur=\u00bb5px\u00bb locked=\u00bboff\u00bb global_colors_info=\u00bb{%22gcid-840cd285-ee6f-49c1-abc9-5e893f3235b8%22:%91%22body_text_color%22%93}\u00bb][\/et_pb_blurb][\/et_pb_column][et_pb_column type=\u00bb1_4&#8243; _builder_version=\u00bb4.27.4&#8243; _module_preset=\u00bbdefault\u00bb global_colors_info=\u00bb{}\u00bb][et_pb_blurb title=\u00bbTikets\/Entradas\u00bb url=\u00bbhttps:\/\/actividadesanp.mendoza.gov.ar\/anp\/dashboard\u00bb use_icon=\u00bbon\u00bb font_icon=\u00bb&#xf06a;||fa||900&#8243; icon_color=\u00bb#000f9f\u00bb icon_placement=\u00bbleft\u00bb image_icon_width=\u00bb40px\u00bb content_max_width=\u00bb718px\u00bb _builder_version=\u00bb4.27.4&#8243; _module_preset=\u00bbdefault\u00bb header_level=\u00bbh2&#8243; header_font=\u00bb|800|||||||\u00bb header_text_align=\u00bbcenter\u00bb header_text_color=\u00bb#000f9f\u00bb header_font_size=\u00bb18px\u00bb header_line_height=\u00bb2em\u00bb body_text_color=\u00bbgcid-840cd285-ee6f-49c1-abc9-5e893f3235b8&#8243; background_color=\u00bb#ffffff\u00bb width=\u00bb225px\u00bb max_width=\u00bb225px\u00bb module_alignment=\u00bbright\u00bb min_height=\u00bb50px\u00bb height=\u00bb50px\u00bb max_height=\u00bb50px\u00bb custom_margin=\u00bb||||false|false\u00bb custom_padding=\u00bb5px|5px|5px|5px|false|false\u00bb border_radii=\u00bbon|8px|8px|8px|8px\u00bb box_shadow_style=\u00bbpreset2&#8243; box_shadow_blur=\u00bb5px\u00bb global_module=\u00bb6470&#8243; locked=\u00bboff\u00bb global_colors_info=\u00bb{%22gcid-840cd285-ee6f-49c1-abc9-5e893f3235b8%22:%91%22body_text_color%22%93}\u00bb][\/et_pb_blurb][\/et_pb_column][et_pb_column type=\u00bb1_4&#8243; _builder_version=\u00bb4.27.4&#8243; _module_preset=\u00bbdefault\u00bb global_colors_info=\u00bb{}\u00bb][et_pb_blurb title=\u00bbInstructivo\u00bb url=\u00bbhttps:\/\/mza-dicaws-portal-uploads-media-prod.s3.amazonaws.com\/informacion-oficial\/uploads\/sites\/12\/2026\/01\/AREAS-PROTEGIDAS-PRINT.pdf\u00bb use_icon=\u00bbon\u00bb font_icon=\u00bb&#xf05a;||fa||900&#8243; icon_color=\u00bb#0091f2&#8243; icon_placement=\u00bbleft\u00bb image_icon_width=\u00bb40px\u00bb content_max_width=\u00bb100px\u00bb _builder_version=\u00bb4.27.4&#8243; _module_preset=\u00bbdefault\u00bb header_level=\u00bbh2&#8243; header_font=\u00bb|800|||||||\u00bb header_text_align=\u00bbleft\u00bb header_text_color=\u00bb#0091f2&#8243; header_font_size=\u00bb18px\u00bb header_line_height=\u00bb1.8em\u00bb body_text_align=\u00bbright\u00bb body_text_color=\u00bbgcid-840cd285-ee6f-49c1-abc9-5e893f3235b8&#8243; background_color=\u00bb#FFFFFF\u00bb text_orientation=\u00bbright\u00bb module_alignment=\u00bbright\u00bb min_height=\u00bb50px\u00bb height=\u00bb50px\u00bb max_height=\u00bb50px\u00bb custom_margin=\u00bb||||false|false\u00bb custom_padding=\u00bb5px|5px|5px|5px|true|true\u00bb link_option_url=\u00bbhttps:\/\/mza-dicaws-portal-uploads-media-prod.s3.amazonaws.com\/informacion-oficial\/uploads\/sites\/12\/2026\/01\/AREAS-PROTEGIDAS-PRINT.pdf\u00bb border_radii=\u00bbon|8px|8px|8px|8px\u00bb box_shadow_style=\u00bbpreset2&#8243; box_shadow_blur=\u00bb5px\u00bb locked=\u00bboff\u00bb global_colors_info=\u00bb{%22gcid-840cd285-ee6f-49c1-abc9-5e893f3235b8%22:%91%22body_text_color%22%93}\u00bb][\/et_pb_blurb][\/et_pb_column][\/et_pb_row][et_pb_row _builder_version=\u00bb4.27.4&#8243; _module_preset=\u00bbdefault\u00bb max_width=\u00bb2560px\u00bb custom_padding=\u00bb0px|||||\u00bb global_colors_info=\u00bb{}\u00bb][et_pb_column type=\u00bb4_4&#8243; _builder_version=\u00bb4.27.4&#8243; _module_preset=\u00bbdefault\u00bb global_colors_info=\u00bb{}\u00bb][et_pb_tabs active_tab_background_color=\u00bb#FFFFFF\u00bb active_tab_text_color=\u00bb#333333&#8243; _builder_version=\u00bb4.27.4&#8243; _module_preset=\u00bbdefault\u00bb tab_text_color=\u00bb#9e9e9e\u00bb body_text_align=\u00bbleft\u00bb body_text_color=\u00bb#333333&#8243; body_font_size=\u00bb0.9rem\u00bb tab_font=\u00bb|600|||||||\u00bb tab_font_size=\u00bb1rem\u00bb background_color=\u00bbrgba(255,255,255,0.65)\u00bb custom_padding=\u00bb|||30px||\u00bb hover_enabled=\u00bb0&#8243; border_radii=\u00bbon|8px|8px|8px|8px\u00bb global_colors_info=\u00bb{%22gcid-9d8d6552-a4b0-4171-847a-f5c0d7177503%22:%91%22tab_text_color%22%93,%22gcid-53054839-b83d-4ef0-8659-8a010e6148fd%22:%91%22body_text_color%22,%22active_tab_text_color%22%93}\u00bb sticky_enabled=\u00bb0&#8243;][et_pb_tab title=\u00bbAconcagua\u00bb _builder_version=\u00bb4.27.4&#8243; _module_preset=\u00bbdefault\u00bb background_enable_image=\u00bboff\u00bb hover_enabled=\u00bb0&#8243; global_colors_info=\u00bb{}\u00bb sticky_enabled=\u00bb0&#8243;]<\/p>\n<p><img loading=\"lazy\" decoding=\"async\" src=\"https:\/\/mza-dicaws-portal-uploads-media-prod.s3.amazonaws.com\/informacion-oficial\/uploads\/sites\/12\/2025\/08\/AAA-Isologotipos-2021-33-300x88.png\" width=\"300\" height=\"88\" alt=\"\" class=\"wp-image-2897 alignnone size-medium\" \/><\/p>\n<figure><\/figure>\n<p><strong><\/strong><\/p>\n<div class=\"row\">\n<div class=\"col-xs-12\">\n<div class=\" gx-attribute\">\n<p class=\"form-control-static\"><span class=\"ReadonlyAttribute\" id=\"span_ANPDESCRIPCION_0001\" data-gx-tpl-applied-readonly-atts-vars=\"\">El Parque Provincial Aconcagua se ubica en el noroeste de la provincia de Mendoza, departamento Las Heras, se encuentra a 180 km de la Ciudad de Mendoza, y a 75 km de Uspallata, por la Ruta Nacional 7.<br \/>Esta \u00e1rea es conocida internacionalmente por alojar al cerro Aconcagua, el m\u00e1s alto del hemisferio occidental (6962,8 m.) La cima del monte se encuentra a 12 kil\u00f3metros de la frontera con Chile, y a 18 kil\u00f3metros de la ruta internacional. Es el escenario preferido para los andinistas.<\/span><\/p>\n<p class=\"form-control-static\"><span style=\"font-size: 14.4px\">En 1983 fue declarado \u00ab\u00e1rea natural protegida\u00bb. Es una de las 19 \u00e1reas naturales que forman el sistema de \u00e1reas naturales protegidas de la provincia de Mendoza.<\/span><\/p>\n<p>El parque alberga grandes glaciares, que act\u00faan como una reserva h\u00eddrica. Se encuentran importantes sitios arqueol\u00f3gicos forma parte del sistema vial andino \u201cQhapac \u00d1an\u201d \u2013Camino del Inca-, declarado Patrimonio Mundial por la Unesco.<\/p>\n<\/div>\n<\/div>\n<\/div>\n<p><a href=\"https:\/\/informacionoficial.mendoza.gob.ar\/energiayambiente\/aconcagua\/\"><span style=\"color: #0091f2\">M\u00e1s info&#8230;<\/span><\/a><\/p>\n<p><span style=\"color: #0091f2\"><a href=\"https:\/\/actividadesanp.mendoza.gov.ar\/anp\/dashboard\" style=\"color: #0091f2\">Tickets de ingreso<\/a><\/span><strong><\/strong><\/p>\n<p><strong><img loading=\"lazy\" decoding=\"async\" src=\"https:\/\/www.mendoza.gov.ar\/wp-content\/uploads\/sites\/69\/2020\/11\/Fondo-del-Valle-Qda-Vacas-A-Barros-700x524.jpg\" width=\"320\" height=\"239\" style=\"margin-left: auto;margin-right: auto\" \/>\u00a0 \u00a0 \u00a0 <img loading=\"lazy\" decoding=\"async\" src=\"https:\/\/mza-dicaws-portal-uploads-media-prod.s3.amazonaws.com\/informacion-oficial\/uploads\/sites\/12\/2025\/08\/Imagen-020-300x225.jpg\" width=\"319\" height=\"240\" alt=\"\" class=\"wp-image-2902 alignnone size-medium\" \/> \u00a0<\/strong><strong style=\"font-size: 14.4px\"><img loading=\"lazy\" decoding=\"async\" src=\"https:\/\/mza-dicaws-portal-uploads-media-prod.s3.amazonaws.com\/informacion-oficial\/uploads\/sites\/12\/2025\/08\/Cerro-Aconcagua-Pared-Sur-QUIEN-300x214.jpg\" width=\"335\" height=\"239\" alt=\"\" class=\"wp-image-2906 alignnone size-medium\" style=\"float: right\" \/><\/strong><\/p>\n<p><span style=\"font-size: 14px\"><\/span><\/p>\n<p>[\/et_pb_tab][et_pb_tab title=\u00bbCord\u00f3n del Plata\u00bb _builder_version=\u00bb4.27.4&#8243; _module_preset=\u00bbdefault\u00bb hover_enabled=\u00bb0&#8243; global_colors_info=\u00bb{}\u00bb sticky_enabled=\u00bb0&#8243;]<\/p>\n<p><strong><img loading=\"lazy\" decoding=\"async\" src=\"https:\/\/mza-dicaws-portal-uploads-media-prod.s3.amazonaws.com\/informacion-oficial\/uploads\/sites\/12\/2025\/08\/AAA-Isologotipos-2021-23-300x88.png\" width=\"300\" height=\"88\" alt=\"\" class=\"wp-image-2883 alignnone size-medium\" \/><\/strong><\/p>\n<p><span><\/span><span>El Parque se cre\u00f3 en el a\u00f1o 2011, mediante la ley provincial N\u00ba 8.308, posee una superficie de 174.500 Ha.<\/span><\/p>\n<p><span><\/span><\/p>\n<p>El<span>\u00a0<\/span><b>Cord\u00f3n del Plata<\/b><sup id=\"cite_ref-1\" class=\"mw-references reference separada\"><\/sup>\u200b es un cord\u00f3n monta\u00f1oso de los<span>\u00a0<\/span>Andes<span>\u00a0<\/span>argentinos, ubicado en su totalidad en la<span>\u00a0<\/span>provincia de Mendoza, en los departamentos de<span>\u00a0<\/span>Tupungato<span>\u00a0<\/span>y<span>\u00a0<\/span>Luj\u00e1n de Cuyo, que constituye parte de la<span>\u00a0<\/span>Cordillera Frontal<span>\u00a0<\/span>(paralela a la<span>\u00a0<\/span>Cordillera Principal<span>\u00a0<\/span>o del l\u00edmite) junto a la<span>\u00a0<\/span>Cordillera del Tigre, la del Portillo, de Santa Clara, de las Llaretas, del Carrizalito y la de la Ramada (esta \u00faltima ubicada en la<span>\u00a0<\/span>provincia de San Juan).<\/p>\n<p>Constituido de cumbres de gran importancia (de 4000 a 5000\u00a0<span>msnm<\/span>) es la m\u00e1s vistosa parte de la cordillera. Puede verse con facilidad desde todo el centro norte de la provincia. Desde \u00e9l, nacen importantes cursos de agua como los arroyos de las Mulas, El Salto, Vallecitos y el<span>\u00a0<\/span>r\u00edo Blanco.<\/p>\n<p><span style=\"color: #2ea3f2\"><a href=\"https:\/\/informacionoficial.mendoza.gob.ar\/energiayambiente\/cordon-del-plata\/\" style=\"color: #2ea3f2\"><span style=\"color: #0091f2\">M\u00e1s info&#8230;<\/span><\/a><\/span><\/p>\n<p>&nbsp;<\/p>\n<p>[\/et_pb_tab][et_pb_tab title=\u00bbDiamante\u00bb _builder_version=\u00bb4.27.4&#8243; _module_preset=\u00bbdefault\u00bb background_enable_image=\u00bboff\u00bb hover_enabled=\u00bb0&#8243; global_colors_info=\u00bb{}\u00bb sticky_enabled=\u00bb0&#8243;]<\/p>\n<p><img loading=\"lazy\" decoding=\"async\" src=\"https:\/\/mza-dicaws-portal-uploads-media-prod.s3.amazonaws.com\/informacion-oficial\/uploads\/sites\/12\/2025\/08\/AAA-Isologotipos-2021-29-300x88.png\" width=\"300\" height=\"88\" alt=\"\" class=\"wp-image-2892 alignnone size-medium\" \/><\/p>\n<p><span>La Laguna en donde nace el R\u00edo Diamante con su imponente entorno, ofrecen un \u00e1mbito ideal para la pr\u00e1ctica de pesca deportiva, acampe en algunos sitios permitidos, ascenso al Volc\u00e1n Maipo, avistamientos de fauna \u2013guanacos y aves- o el simple deleite en los extraordinarios escenarios naturales que ofrece esta reserva.<\/span><\/p>\n<p><a href=\"https:\/\/informacionoficial.mendoza.gob.ar\/energiayambiente\/atencion-ciudadana__trashed\/\"><span style=\"color: #0091f2\">M\u00e1s info&#8230;<\/span><\/a><span><\/span><\/p>\n<p><span><\/span><\/p>\n<p>[\/et_pb_tab][et_pb_tab title=\u00bbManzano Hist\u00f3rico\u00bb _builder_version=\u00bb4.27.4&#8243; _module_preset=\u00bbdefault\u00bb global_colors_info=\u00bb{}\u00bb]<\/p>\n<p><span><img loading=\"lazy\" decoding=\"async\" src=\"https:\/\/mza-dicaws-portal-uploads-media-prod.s3.amazonaws.com\/informacion-oficial\/uploads\/sites\/12\/2025\/08\/AAA-Isologotipos-2021-30-300x79.png\" width=\"300\" height=\"79\" alt=\"\" class=\"wp-image-2894 alignnone size-medium\" \/><\/span><\/p>\n<p><span>El nombre de esta \u00e1rea protegida hace referencia a ese hecho hist\u00f3rico ya que seg\u00fan los especialistas, el general descans\u00f3 bajo un pabell\u00f3n de ponchos, en la actual reserva. En conmemoraci\u00f3n a este hecho se erigi\u00f3 el monumento del pr\u00f3cer, que hoy es un \u00edcono del sitio.<\/span><br \/><span>Por su alto valor paisaj\u00edstico, natural, hist\u00f3rico y cultural, el Manzano Hist\u00f3rico fue declarado reserva natural en el a\u00f1o 1994.<\/span><\/p>\n<p><span style=\"color: #0091f2\"><a href=\"https:\/\/informacionoficial.mendoza.gob.ar\/energiayambiente\/manzano-historico\/\" style=\"color: #0091f2\">Mas info&#8230;<\/a><\/span><span><\/span><\/p>\n<p><span><\/span><\/p>\n<p>[\/et_pb_tab][et_pb_tab title=\u00bb\u00d1acu\u00f1an\u00bb _builder_version=\u00bb4.27.4&#8243; _module_preset=\u00bbdefault\u00bb hover_enabled=\u00bb0&#8243; global_colors_info=\u00bb{}\u00bb sticky_enabled=\u00bb0&#8243;]<\/p>\n<div class=\"row\">\n<div class=\"col-xs-12\">\n<div class=\" gx-attribute\">\n<p><img loading=\"lazy\" decoding=\"async\" src=\"https:\/\/mza-dicaws-portal-uploads-media-prod.s3.amazonaws.com\/informacion-oficial\/uploads\/sites\/12\/2025\/08\/AAA-Isologotipos-2021-35-300x88.png\" width=\"300\" height=\"88\" alt=\"\" class=\"wp-image-2899 alignnone size-medium\" \/><\/p>\n<p>\u00c1rea natural protegida desde 1961 con una superficie de 12.282 ha.<\/p>\n<p><strong>Ubicaci\u00f3n:<span>\u00a0<\/span><\/strong>En el departamento Santa Rosa, a 180 km de la Ciudad de Mendoza. Se accede por Ruta Nacional N\u00ba 7 hasta la Localidad de Las Catitas y empalme sur por Ruta Provincial N\u00ba 153.<\/p>\n<p><strong>Conservaci\u00f3n:<span>\u00a0<\/span><\/strong>Representativa de la ecoregi\u00f3n del Monte, conservaci\u00f3n de flora nativa (algarrobo, cha\u00f1ar, etc.) flora y fauna t\u00edpicas del ambiente \u00e1rido.<\/p>\n<p>Categor\u00eda de conservaci\u00f3n: Reserva forestal. En 1986 se incorpora a la Red Mundial de reservas de la bi\u00f3sfera de la Unesco.<\/p>\n<p><strong>Temporada de visitas:<\/strong><span>\u00a0<\/span>De mayo a setiembre.<\/p>\n<p><strong>Actividades:<\/strong><span>\u00a0<\/span>Avistaje de flora y fauna aut\u00f3ctona, fotograf\u00eda, senderismo, visitas educativas, actividades cient\u00edficas dirigidas por el CONICET.<\/p>\n<p><strong>Transporte:<span>\u00a0<\/span><\/strong>No hay servicio de transporte de l\u00ednea regular.<\/p>\n<p><strong>Recomendaciones:<\/strong><span>\u00a0<\/span>No se recomienda ir d\u00edas muy calurosos, llevar ropa adecuada, protecci\u00f3n solar y agua mineral.<\/p>\n<p><strong>Visitas Educativas:<\/strong><span>\u00a0<\/span>los interesados deber\u00e1n enviar un correo electr\u00f3nico a<span>\u00a0<\/span><a href=\"mailto:nacunan@mendoza.gov.ar\">nacunan@mendoza.gov.ar<\/a><span>\u00a0<\/span>para poder recibir la documentaci\u00f3n necesaria para la actividad.<\/p>\n<p class=\"form-control-static\"><span class=\"ReadonlyAttribute\" data-gx-tpl-applied-readonly-atts-vars=\"\"><\/span><\/p>\n<p class=\"form-control-static\"><span class=\"ReadonlyAttribute\" data-gx-tpl-applied-readonly-atts-vars=\"\"><\/span><\/p>\n<\/div>\n<\/div>\n<\/div>\n<div class=\"row\">\n<div class=\"col-xs-12\" data-align=\"right\">\n<div data-align-outer=\"\"><a href=\"https:\/\/actividadesanp.mendoza.gov.ar\/anp\/dashboard\"><span style=\"color: #0091f2\">Tickets de ingreso<\/span><\/a><\/div>\n<\/div>\n<\/div>\n<p>[\/et_pb_tab][et_pb_tab title=\u00bbCaverna de Brujas\u00bb _builder_version=\u00bb4.27.4&#8243; _module_preset=\u00bbdefault\u00bb hover_enabled=\u00bb0&#8243; global_colors_info=\u00bb{}\u00bb sticky_enabled=\u00bb0&#8243;]<\/p>\n<p><span><img loading=\"lazy\" decoding=\"async\" src=\"https:\/\/mza-dicaws-portal-uploads-media-prod.s3.amazonaws.com\/informacion-oficial\/uploads\/sites\/12\/2025\/08\/AAA-Isologotipos-2021-28-300x88.png\" width=\"300\" height=\"88\" alt=\"\" class=\"wp-image-2891 alignnone size-medium\" \/><\/span><\/p>\n<p><span>Caverna de Brujas, es un particular ambiente subterr\u00e1neo, donde una vez m\u00e1s la diversidad del planeta supera nuestra capacidad de asombro. Antiguas rocas de origen marino albergan una enorme cavidad, tapizada con extra\u00f1as formas minerales: estalactitas, estalagmitas, columnas, coladas, se encuentran conformando un extra\u00f1o escenario, m\u00e1s de 3000 metros de galer\u00edas se han desarrollado a trav\u00e9s de niveles de rocas calc\u00e1reas (calizas) del per\u00edodo\u00a0<\/span><strong><u>Jur\u00e1sico.<\/u><\/strong><\/p>\n<p><span><\/span><\/p>\n<p><span style=\"color: #0091f2\"><a href=\"https:\/\/informacionoficial.mendoza.gob.ar\/energiayambiente\/caverna-de-brujas\/\" style=\"color: #0091f2\">M\u00e1s info&#8230;<\/a><\/span><span><\/span><\/p>\n<p><span><\/span><\/p>\n<p><span style=\"color: #0091f2\"><a href=\"https:\/\/actividadesanp.mendoza.gov.ar\/anp\/dashboard\" style=\"color: #0091f2\">Ticket de ingreso<\/a><\/span><span><\/span><\/p>\n<p><span><\/span><\/p>\n<p>[\/et_pb_tab][et_pb_tab title=\u00bbPuente del Inca\u00bb _builder_version=\u00bb4.27.4&#8243; _module_preset=\u00bbdefault\u00bb global_colors_info=\u00bb{}\u00bb]<\/p>\n<p><span><img loading=\"lazy\" decoding=\"async\" src=\"https:\/\/mza-dicaws-portal-uploads-media-prod.s3.amazonaws.com\/informacion-oficial\/uploads\/sites\/12\/2025\/08\/AAA-Isologotipos-2021-20-300x88.png\" width=\"300\" height=\"88\" alt=\"\" class=\"wp-image-2884 alignnone size-medium\" \/><\/span><\/p>\n<p><span>Puente del Inca est\u00e1 incluido en el sistema vial andino \u201cQhapac \u00d1an\u201d \u2013Camino del Inca- y por lo tanto integra un sitio declarado Patrimonio Mundial por la Unesco\u00a0<\/span><strong>:<\/strong><span>\u00a0la protecci\u00f3n del Puente Natural de origen biomineral sobre el r\u00edo Cuevas, de caracter\u00edsticas \u00fanicas, aunque no es \u00fanico en el mundo, lleva a considerarlo como un icono provincial, nacional e internacional, el cual representa un polo de atracci\u00f3n que favorece las actividades tur\u00edsticas. Esta localidad se caracteriza por poseer elementos de considerable valor patrimonial por sus significados hist\u00f3ricos, arquitect\u00f3nicos, sociales y culturales.<\/span><\/p>\n<p><a href=\"https:\/\/informacionoficial.mendoza.gob.ar\/energiayambiente\/informacion-oficial-plantilla-ministerios__trashed\/\"><span style=\"color: #0091f2\">M\u00e1s info&#8230;<\/span><\/a><span><\/span><\/p>\n<p><span><\/span><\/p>\n<p>[\/et_pb_tab][et_pb_tab title=\u00bbDivisadero Largo\u00bb _builder_version=\u00bb4.27.4&#8243; _module_preset=\u00bbdefault\u00bb hover_enabled=\u00bb0&#8243; global_colors_info=\u00bb{}\u00bb sticky_enabled=\u00bb0&#8243;]<\/p>\n<p><span><img loading=\"lazy\" decoding=\"async\" src=\"https:\/\/mza-dicaws-portal-uploads-media-prod.s3.amazonaws.com\/informacion-oficial\/uploads\/sites\/12\/2025\/08\/AAA-Isologotipos-2021-31-300x88.png\" width=\"300\" height=\"88\" alt=\"\" class=\"wp-image-2895 alignnone size-medium\" \/><\/span><\/p>\n<p><span>\u00c1rea representativa de la regi\u00f3n precordillerana de la provincia, desde donde se disfruta una vista panor\u00e1mica de la Ciudad de Mendoza en contacto con la naturaleza. Divisadero es un sitio de privilegio para apreciar un compendio de m\u00e1s de 200 millones de a\u00f1os expuestos a la vista del visitante, ideal para comprender la secuencia de per\u00edodos geol\u00f3gicos. Tambi\u00e9n, cuenta con hallazgos paleontol\u00f3gicos, vestigios de asentamientos humanos primitivos y restos de una explotaci\u00f3n minera ligada a la historia de la Mendoza de anta\u00f1o. Todo ello la convierten en un aula a cielo abierto.<\/span><br \/><span>Si bien el paulatino avance urbano de los \u00faltimos siglos fue produciendo la migraci\u00f3n de ciertas especies de la fauna del lugar, a\u00fan Divisadero es un reducto -accesible a todo p\u00fablico- para apreciar la diversidad y riqueza de su flora y fauna. Su \u00e1rida geograf\u00eda de piedemonte exhibe los cauces de r\u00edos secos que van atravesando toda la zona hasta formar una cuenca aluvional perteneciente al sistema h\u00eddrico mayor del arroyo Papagayos.<\/span><\/p>\n<p><span><\/span><\/p>\n<p><a href=\"https:\/\/informacionoficial.mendoza.gob.ar\/energiayambiente\/5129-2\/\"><span style=\"color: #0091f2\">M\u00e1s info&#8230;<\/span><\/a><\/p>\n<p><span><\/span><\/p>\n<p>[\/et_pb_tab][et_pb_tab title=\u00bbLa Payunia\u00bb _builder_version=\u00bb4.27.4&#8243; _module_preset=\u00bbdefault\u00bb hover_enabled=\u00bb0&#8243; global_colors_info=\u00bb{}\u00bb sticky_enabled=\u00bb0&#8243;]<\/p>\n<p><span><img loading=\"lazy\" decoding=\"async\" src=\"https:\/\/mza-dicaws-portal-uploads-media-prod.s3.amazonaws.com\/informacion-oficial\/uploads\/sites\/12\/2025\/08\/AAA-Isologotipos-2021-27-300x88.png\" width=\"300\" height=\"88\" alt=\"\" class=\"wp-image-2890 alignnone size-medium\" \/><\/span><\/p>\n<p><span>La \u201cReserva Natural La Payunia\u201d se ubica a uno 120 km al sur y al este de La ciudad de Malarg\u00fce y a uno 500 de la ciudad de Mendoza ingresando por ruta Nacional 40 y luego 186 o 181.<\/span><\/p>\n<p><span>En su zona de Monumento Natural, presenta una serie de campos volc\u00e1nicos de excepcional belleza que le han valido la nominaci\u00f3n como candidata a Patrimonio Mundial, a la vez en el sector de Reserva Natural Manejada Santuario de Flora y Fauna se encuentra establecida la poblaci\u00f3n migratoria de Guanacos m\u00e1s importante del centro oeste Argentino y un ensamble de flora y fauna \u00fanicos.<\/span><\/p>\n<p><span>Sus m\u00e1s de 800 conos volc\u00e1nicos representan una diversidad de expresiones ampliamente valorada por el p\u00fablico visitante, este joven campo volc\u00e1nico posee adem\u00e1s rasgos culturales \u00fanicos asociados a este paisaje.<\/span><\/p>\n<p><span><\/span><\/p>\n<p><span><\/span><\/p>\n<p><a href=\"https:\/\/actividadesanp.mendoza.gov.ar\/anp\/dashboard\"><span style=\"color: #0091f2\">Tickets de ingreso<\/span><\/a><span><\/span><\/p>\n<p><span><\/span><\/p>\n<p>[\/et_pb_tab][et_pb_tab title=\u00bbLlancanelo\u00bb _builder_version=\u00bb4.27.4&#8243; _module_preset=\u00bbdefault\u00bb hover_enabled=\u00bb0&#8243; global_colors_info=\u00bb{}\u00bb sticky_enabled=\u00bb0&#8243;]<\/p>\n<p><span><img loading=\"lazy\" decoding=\"async\" src=\"https:\/\/mza-dicaws-portal-uploads-media-prod.s3.amazonaws.com\/informacion-oficial\/uploads\/sites\/12\/2025\/08\/AAA-Isologotipos-2021-37-300x88.png\" width=\"300\" height=\"88\" alt=\"\" class=\"wp-image-2901 alignnone size-medium\" \/><\/span><\/p>\n<p><span>La Reserva Humedal Llancanelo se encuentra a unos 75 km de la ciudad de Malarg\u00fce, por camino de tierra, y a unos 400km de la ciudad de Mendoza. Es uno de los humedales m\u00e1s importante de la Diagonal \u00c1rida Sudamericana, creada en 1980 y ampliada en el 2007, conserva una biodiversidad \u00fanica de la regi\u00f3n. El sitio es el segundo en importancia para la nidificaci\u00f3n del Flamenco Austral y recepciona una importante variedad de especies migratorias.<\/span><\/p>\n<p><a href=\"https:\/\/actividadesanp.mendoza.gov.ar\/anp\/dashboard\"><span style=\"color: #0091f2\">Tickets de ingreso<\/span><\/a><span><\/span><\/p>\n<p><span><\/span><\/p>\n<p>[\/et_pb_tab][et_pb_tab title=\u00bbBosques Telteca\u00bb _builder_version=\u00bb4.27.4&#8243; _module_preset=\u00bbdefault\u00bb hover_enabled=\u00bb0&#8243; global_colors_info=\u00bb{}\u00bb sticky_enabled=\u00bb0&#8243;]<\/p>\n<p><img loading=\"lazy\" decoding=\"async\" src=\"https:\/\/mza-dicaws-portal-uploads-media-prod.s3.amazonaws.com\/informacion-oficial\/uploads\/sites\/12\/2025\/08\/AAA-Isologotipos-2021-26-300x88.png\" width=\"300\" height=\"88\" alt=\"\" class=\"wp-image-2889 alignnone size-medium\" \/><\/p>\n<p><span style=\"font-size: 14.4px;color: #333333;font-weight: 500\">\u00c1rea natural protegida desde 1985 con una superficie de 38.524 ha.<\/span><br \/><strong style=\"font-size: 14.4px;color: #333333\">Ubicaci\u00f3n:\u00a0<\/strong><span style=\"font-size: 14.4px;color: #333333;font-weight: 500\">En el departamento Lavalle, a 170 km de la Ciudad de Mendoza (a 65 km de Costa de Araujo). Se accede por Ruta Nacional N\u00ba 40 y Ruta Nacional N\u00ba 142\u00a0<\/span><br \/><strong>Conservaci\u00f3n:<span>\u00a0<\/span><\/strong>Representativa de la ecoregi\u00f3n biogeogr\u00e1fica del Monte.<strong><span>\u00a0<\/span><\/strong>Conserva un relicto de centenarios algarrobos y otras especies vegetales y animales del desierto. El sitio ha sido hist\u00f3ricamente h\u00e1bitat de los descendientes de los abor\u00edgenes Huarpes.<br \/><strong>Categor\u00eda de conservaci\u00f3n:<span>\u00a0<\/span><\/strong>Reserva Natural Cultural y Reserva Natural Manejada \u2013 Santuario de Fauna y Flora<br \/><strong>Temporada de visitas:<\/strong><span>\u00a0<\/span>De marzo a noviembre.<br \/><strong>Actividades:<\/strong><span>\u00a0<\/span>Avistaje de aves, fotograf\u00eda, sendero interpretativo cultural, visitas educativas.<br \/><strong>Transporte:<\/strong><span>\u00a0<\/span>No hay servicio de l\u00ednea regular hasta la reserva, s\u00f3lo hasta Lavalle.<br \/><strong>Contacto: <\/strong>Direcci\u00f3n de Turismo de Lavalle (0261) 4941356\u00a0 \u00a0 \u00a0\ud83d\udd82\u00a0 <a href=\"Direcci%C3%B3n%20de%20Turismo%20de%20Lavalle%20(0261)%204941356%F0%9F%96%82%20%20bosquestelteca@mendoza.gov.ar\"><span style=\"color: #0091f2\">bosquestelteca@mendoza.gov.ar<\/span><\/a><br \/><strong><span style=\"font-size: 14.4px;color: #333333\">Telefono para <\/span><\/strong><span style=\"font-size: 14.4px;color: #333333;font-weight: 500\">RESERVAS 0261-4614200<\/span><br \/><strong style=\"font-size: 14.4px;color: #333333\">Ingreso para grupos estudiantiles:<\/strong><strong style=\"font-size: 14.4px;color: #333333\"><\/strong><br \/><strong style=\"font-size: 14.4px;color: #333333\"><u>Informaci\u00f3n Turnos<\/u><\/strong><br \/>Solo se otorgan a instituciones dependientes de la DGE a nivel provincial y nacional.<br \/>Se agendan con un mes de anticipaci\u00f3n, siempre teniendo en cuenta que la demanda es alta y depende de la disponibilidad de fechas.<br \/>Del 01\/04 al 31\/10: capacidad m\u00e1xima por d\u00eda 120 personas, repartidas en 2 turnos de 60 personas, o 3 turnos de 40 personas o 1 turno si superan las 100 personas.<br \/>Es<span>\u00a0<\/span><strong><em>obligatoria<\/em><\/strong><span>\u00a0<\/span>la contrataci\u00f3n de gu\u00eda habilitado, consultar listado en informes-anp@mendoza.gov.ar<br \/>De no seguir los pasos que detallaremos a continuaci\u00f3n, no podr\u00e1n realizar la visita.<\/p>\n<p><strong style=\"font-size: 14.4px;color: #333333\">Solicitud de turnos, paso a paso:<\/strong><br \/>1.\u00a0 El tr\u00e1mite es completamente online a trav\u00e9s del correo electr\u00f3nico <a href=\"mailto:informes-anp@mendoza.gov.ar\"><span style=\"color: #0091f2\">informes-anp@mendoza.gov.ar<\/span><\/a>.Consultar fechas disponibles y esperar la respuesta con la informaci\u00f3n solicitada.<br \/>2. Una vez acordado el d\u00eda y horario, deben enviar nota firmada y sellada por la autoridad de la instituci\u00f3n. Le deben tomar una imagen digital o escanearla con los datos completos. <a href=\"https:\/\/www.mendoza.gov.ar\/wp-content\/uploads\/sites\/69\/2025\/02\/Nota-modelo-turnos-educativos-Bosques-Telteca-1.docx\">Nota modelo turnos educativos Bosques Telteca<\/a><br \/>3. A partir del d\u00eda que el docente saca turno, tiene una semana para enviar la documentaci\u00f3n, caso contrario se cae el turno.<br \/>4. Recibida la nota, les remitiremos un comprobante (voucher) de visita educativa sin cargo de arancel de ingreso, que presentar\u00e1n a Guardaparques de manera obligatoria el d\u00eda de la salida. No se dejar\u00e1 ingresar a grupo sin el comprobante.<\/p>\n<p><strong style=\"font-size: 14.4px;color: #333333\">Recomendaciones:<\/strong>\u2013 Se recomienda el uso de gorra, protector solar, pantal\u00f3n largo y campera de gimnasia o rompeviento.<br \/>\u2013 Llevar calzado c\u00f3modo, con buena suela y ropa clara<br \/>\u2013 Llevar botella de agua (se recomienda 1 litro por persona)<br \/>\u2013 Llevar repelente para mosquitos.<br \/>\u2013 Portar bolsa de residuos.<br \/>\u2013 Pueden utilizar el quincho y las mesas para beber y comer lo que lleven.<br \/>\u2013 Deben seguir las normas de conducta indicadas en el voucher.<\/p>\n<p>[\/et_pb_tab][et_pb_tab title=\u00bbManzano-Portillo de Piuquenes\u00bb _builder_version=\u00bb4.27.4&#8243; _module_preset=\u00bbdefault\u00bb hover_enabled=\u00bb0&#8243; global_colors_info=\u00bb{}\u00bb sticky_enabled=\u00bb0&#8243;]<\/p>\n<p><img loading=\"lazy\" decoding=\"async\" src=\"https:\/\/mza-dicaws-portal-uploads-media-prod.s3.amazonaws.com\/informacion-oficial\/uploads\/sites\/12\/2025\/08\/AAA-Isologotipos-2021-25-300x83.png\" width=\"300\" height=\"83\" alt=\"\" class=\"wp-image-2888 alignnone size-medium\" \/><\/p>\n<p><strong>Distancia:<\/strong> A 135 km de la ciudad de Mendoza, situada entre los Departamentos Tunuy\u00e1n, Tupungato y San Carlos. Se accede por Ruta Provincial N\u00ba 94 desde Tunuy\u00e1n o por Ruta Prov. N\u00ba 89 desde Tupungato. \u00c1rea natural protegida desde el a\u00f1o 2012 con una superficie de 314.600 ha. Conservaci\u00f3n Preserva los recursos h\u00eddricos, flora, fauna, gea, paisaje y material arqueol\u00f3gico del Cord\u00f3n de Portillo en la Cordillera Frontal.<\/p>\n<p><strong>Categor\u00eda de Conservaci\u00f3n:<\/strong> Reserva de Uso M\u00faltiple, Reserva Recreativa Natural.<\/p>\n<p><strong>Temporada:<\/strong> \u00c9poca estival<\/p>\n<p><strong>Actividades:<\/strong> Trekking, andinismo, escalada, pesca.<\/p>\n<p><strong>Transporte:<\/strong> L\u00ednea regular hasta el Manzano Hist\u00f3rico, solo fines de semana.<\/p>\n<p><strong>Contacto:<\/strong> <a href=\"mailto:drnr-valledeuco@mendoza.gov.ar\"><span style=\"color: #0091f2\">drnr-valledeuco@mendoza.gov.ar <\/span><\/a><\/p>\n<p><strong>Recomendaciones<\/strong>: Dar aviso en Seccional de Guardaparque Manzano Hist\u00f3rico. Llevar equipo de Radio VHF (Handy).<\/p>\n<p>[\/et_pb_tab][et_pb_tab title=\u00bbLaguna del Atuel\u00bb _builder_version=\u00bb4.27.4&#8243; _module_preset=\u00bbdefault\u00bb hover_enabled=\u00bb0&#8243; global_colors_info=\u00bb{}\u00bb sticky_enabled=\u00bb0&#8243;]<\/p>\n<p><strong><img loading=\"lazy\" decoding=\"async\" src=\"https:\/\/mza-dicaws-portal-uploads-media-prod.s3.amazonaws.com\/informacion-oficial\/uploads\/sites\/12\/2025\/08\/AAA-Isologotipos-2021-22-300x88.png\" width=\"300\" height=\"88\" alt=\"\" class=\"wp-image-2886 alignnone size-medium\" \/><\/strong><\/p>\n<p><strong>Ubicaci\u00f3n<\/strong><\/p>\n<p>Dpto.\u00a0 San Rafael<\/p>\n<p><strong>Superficie<\/strong><strong>:<span>\u00a0<\/span><\/strong>\u00a0\u00a0130.014 ha.<\/p>\n<p><strong>Motivo de Creaci\u00f3n<\/strong><strong>:\u00a0<\/strong><\/p>\n<p>Representativa de la ecorregi\u00f3n altoandina. Conservaci\u00f3n de las nacientes de cuencas h\u00eddricas.<\/p>\n<p><strong>Conservaci\u00f3n:<\/strong><\/p>\n<div class=\"wp-block-media-text alignwide is-stacked-on-mobile\">\n<figure class=\"wp-block-media-text__media\"><img decoding=\"async\" loading=\"lazy\" width=\"700\" height=\"525\" src=\"https:\/\/www.mendoza.gov.ar\/wp-content\/uploads\/sites\/69\/2020\/12\/P1262222-700x525.jpg\" alt=\"\" class=\"wp-image-567 img-responsive center-block\" \/><\/figure>\n<div class=\"wp-block-media-text__content\">\n<p>Vegas altoandinas.<\/p>\n<p>Glaciares y cuencas h\u00eddricas<\/p>\n<p>Flora y fauna de alta monta\u00f1a.<\/p>\n<p>Preservaci\u00f3n del paisaje.<\/p>\n<\/div>\n<\/div>\n<p>&nbsp;<\/p>\n<p><strong>Actividades<\/strong><\/p>\n<p>Trekking, andinismo, cabalgatas.<\/p>\n<p>Excursi\u00f3n al \u201cAvi\u00f3n de los uruguayos\u201d (restos de \u201cTragedia de Los Andes de 1972\u201d) y a la Laguna del Atuel.<\/p>\n<p><strong>Requisitos-<span>\u00a0<\/span><\/strong>Solicitud de permiso en Delegaci\u00f3n El Sosneado de la empresa\u00a0 Sominar S.A. y Valle de Las Le\u00f1as S.A. (excursiones a la Laguna y al avi\u00f3n)<\/p>\n<p>[\/et_pb_tab][et_pb_tab title=\u00bbEstaci\u00f3n DS3&#8243; _builder_version=\u00bb4.27.4&#8243; _module_preset=\u00bbdefault\u00bb global_colors_info=\u00bb{}\u00bb]<\/p>\n<div class=\"row\">\n<div class=\"col-md-12\">\n<h1><img loading=\"lazy\" decoding=\"async\" src=\"https:\/\/mza-dicaws-portal-uploads-media-prod.s3.amazonaws.com\/informacion-oficial\/uploads\/sites\/12\/2025\/08\/AAA-Isologotipos-2021-24-300x88.png\" width=\"300\" height=\"88\" alt=\"\" class=\"wp-image-2887 alignnone size-medium\" \/><\/h1>\n<h1><strong style=\"font-size: 14.4px;color: #333333\">Ubicaci\u00f3n<\/strong><span style=\"font-size: 14.4px;color: #333333;font-weight: 500\">: Dpto.\u00a0 Malarg\u00fce.\u00a0<\/span><\/h1>\n<\/div>\n<\/div>\n<div class=\"row\">\n<article id=\"post-70\" class=\"post-70 page type-page status-publish has-post-thumbnail hentry\">\n<div class=\"col-md-10\">\n<p><strong>Superficie<\/strong>: 40.200 ha.<\/p>\n<div class=\"wp-block-media-text alignwide is-stacked-on-mobile\">\n<figure class=\"wp-block-media-text__media\"><img decoding=\"async\" loading=\"lazy\" width=\"700\" height=\"465\" src=\"https:\/\/www.mendoza.gov.ar\/wp-content\/uploads\/sites\/69\/2020\/11\/1DSC_0118-700x465.jpg\" alt=\"\" class=\"wp-image-303 img-responsive center-block\" \/><\/figure>\n<div class=\"wp-block-media-text__content\">\n<h3><span style=\"font-size: 14.4px;color: #333333;font-weight: 500\"><\/span><\/h3>\n<h3><strong><span style=\"font-size: 14.4px;color: #333333\">Motivo de Creaci\u00f3n<\/span><\/strong><\/h3>\n<h3><span style=\"font-size: 14.4px;color: #333333;font-weight: 500\">Ubicaci\u00f3n con gran diafanidad y \u00f3ptima para la instalaci\u00f3n de la Antena Deep Space (DS-3).<\/span><\/h3>\n<p>Protecci\u00f3n de los alrededores de la Antena, de gran importancia para la exploraci\u00f3n del espacio profundo.<\/p>\n<p>Convenio\u00a0 entre la Rep. Argentina, Gobierno de Mendoza y la Agencia Espacial Europea (ESA).<\/p>\n<\/div>\n<\/div>\n<p>&nbsp;<\/p>\n<p><strong>Conservaci\u00f3n<\/strong><\/p>\n<p>Representativa de la ecorregi\u00f3n patag\u00f3nica. Parte integrante del distrito volc\u00e1nico Payunia.<\/p>\n<h3><strong><span style=\"font-size: 14.4px;color: #333333\">Actividades<\/span><\/strong><\/h3>\n<h3><span style=\"font-size: 14.4px;color: #333333;font-weight: 500\">Se est\u00e1 organizando el Uso P\u00fablico del ANP (DRNR-ESA-Municipalidad de Malarg\u00fce)<\/span><\/h3>\n<p>Carteler\u00eda en ingreso y rutas<\/p>\n<p>Se est\u00e1 armando un \u00e1rea de interpretaci\u00f3n<\/p>\n<p>Por el momento no hay visitas tur\u00edsticas<\/p>\n<p><img decoding=\"async\" loading=\"lazy\" width=\"700\" height=\"465\" src=\"https:\/\/www.mendoza.gov.ar\/wp-content\/uploads\/sites\/69\/2020\/11\/DSC_3722-Medium-700x465.jpg\" alt=\"\" data-id=\"305\" data-full-url=\"https:\/\/www.mendoza.gov.ar\/wp-content\/uploads\/sites\/69\/2020\/11\/DSC_3722-Medium.jpg\" data-link=\"http:\/\/www.mendoza.gov.ar\/areasnaturales\/parque-cientifico-espacial-malargue\/dsc_3722-medium\/\" class=\"wp-image-305 img-responsive center-block\" style=\"font-size: 14.4px\" \/><\/p>\n<\/div>\n<\/article>\n<\/div>\n<p>[\/et_pb_tab][et_pb_tab title=\u00bbCasuchas del Rey\u00bb _builder_version=\u00bb4.27.4&#8243; _module_preset=\u00bbdefault\u00bb global_colors_info=\u00bb{}\u00bb]<\/p>\n<p><img loading=\"lazy\" decoding=\"async\" src=\"https:\/\/mza-dicaws-portal-uploads-media-prod.s3.amazonaws.com\/informacion-oficial\/uploads\/sites\/12\/2025\/08\/AAA-Isologotipos-2021-21-300x88.png\" width=\"300\" height=\"88\" alt=\"\" class=\"wp-image-2885 alignnone size-medium\" \/><\/p>\n<p><strong>Ubicaci\u00f3n<\/strong><\/p>\n<p>Departamento\u00a0 Luj\u00e1n de Cuyo y Las Heras<\/p>\n<p><strong>Superficie<\/strong><\/p>\n<p>3 sitios independientes sobre las m\u00e1rgenes del R\u00edo Cuevas y Ruta Nac. 7<\/p>\n<p><strong>Ubicaci\u00f3n<\/strong><\/p>\n<p>En las inmediaciones\u00a0 de Punta de Vacas, otra cerca de la Curva de la Soberan\u00eda (Ruta 7) y la tercera en Villa Las Cuevas (reacondicionada)<\/p>\n<p><strong>Motivo de Creaci\u00f3n<\/strong><\/p>\n<div class=\"wp-block-media-text alignwide is-stacked-on-mobile\">\n<figure class=\"wp-block-media-text__media\"><img decoding=\"async\" loading=\"lazy\" width=\"700\" height=\"468\" src=\"https:\/\/www.mendoza.gov.ar\/wp-content\/uploads\/sites\/69\/2020\/12\/Casuchas-del-Rey-III-700x468.jpg\" alt=\"\" class=\"wp-image-580 img-responsive center-block\" \/><\/figure>\n<div class=\"wp-block-media-text__content\">\n<p>Preservaci\u00f3n de estas construcciones del siglo XVIII\u00a0 que sirvieron como Postas del Correo Real y Refugio de viajeros.<\/p>\n<p>Declaradas Monumento Hist\u00f3rico Nacional en 1.973(Decreto n\u00b0 1299).<\/p>\n<\/div>\n<\/div>\n<p><strong>Conservaci\u00f3n<\/strong><\/p>\n<p>Arqueolog\u00eda e historia moderna<\/p>\n<p>Se trata de las construcciones m\u00e1s antiguas de Mendoza que se mantienen en pie<\/p>\n<p><strong>Actividades<\/strong><\/p>\n<p>Visita a los sitios<\/p>\n<p>[\/et_pb_tab][et_pb_tab title=\u00bbLaguna Las Salinas\u00bb _builder_version=\u00bb4.27.4&#8243; _module_preset=\u00bbdefault\u00bb global_colors_info=\u00bb{}\u00bb]<\/p>\n<p><img loading=\"lazy\" decoding=\"async\" src=\"https:\/\/mza-dicaws-portal-uploads-media-prod.s3.amazonaws.com\/informacion-oficial\/uploads\/sites\/12\/2025\/08\/AAA-Isologotipos-2021-36-300x88.png\" width=\"300\" height=\"88\" alt=\"\" class=\"wp-image-2900 alignnone size-medium\" \/><\/p>\n<p><strong>Ubicaci\u00f3n<\/strong><\/p>\n<p>Dpto.\u00a0 San Rafael.<\/p>\n<p><strong>Superficie<\/strong>: 3.500 ha.<\/p>\n<p><strong>Motivo de Creaci\u00f3n<\/strong><\/p>\n<p>Humedal con gran diversidad de avifauna.<\/p>\n<p><strong>Conservaci\u00f3n<\/strong><\/p>\n<div class=\"wp-block-media-text alignwide is-stacked-on-mobile\">\n<figure class=\"wp-block-media-text__media\"><img decoding=\"async\" loading=\"lazy\" width=\"700\" height=\"525\" src=\"https:\/\/www.mendoza.gov.ar\/wp-content\/uploads\/sites\/69\/2020\/12\/Las-salinas-1-700x525.jpg\" alt=\"\" class=\"wp-image-586 img-responsive center-block\" \/><\/figure>\n<div class=\"wp-block-media-text__content\">\n<p>Sitio de nidificaci\u00f3n de aves migratorias.<\/p>\n<p>Perca criolla.<\/p>\n<\/div>\n<\/div>\n<p><strong>Actividades<\/strong><\/p>\n<p>Fotograf\u00eda de avifauna.<\/p>\n<p><strong>Requisitos<\/strong><\/p>\n<p>Dar aviso a la Delegaci\u00f3n San Rafael de la DAP.<\/p>\n<p>Se recomienda ingresar con gu\u00eda.<\/p>\n<p>[\/et_pb_tab][et_pb_tab title=\u00bbPincheira\u00bb _builder_version=\u00bb4.27.4&#8243; _module_preset=\u00bbdefault\u00bb global_colors_info=\u00bb{}\u00bb]<\/p>\n<div class=\"col-md-10\">\n<p><img loading=\"lazy\" decoding=\"async\" src=\"https:\/\/mza-dicaws-portal-uploads-media-prod.s3.amazonaws.com\/informacion-oficial\/uploads\/sites\/12\/2025\/08\/AAA-Isologotipos-2021-32-300x88.png\" width=\"300\" height=\"88\" alt=\"\" class=\"wp-image-2896 alignnone size-medium\" \/><\/p>\n<p>\u00c1rea natural protegida representativa de la eco-regi\u00f3n patag\u00f3nica, con una superficie de 650 ha.<\/p>\n<p><strong>Ubicaci\u00f3n<\/strong>: En el departamento Malarg\u00fce. A 450 km de la ciudad de Mendoza (A 30 km de Malarg\u00fce) Se ingresa por calle Fort\u00edn Malalhue de la Ciudad de Malarg\u00fce.<\/p>\n<div class=\"wp-block-media-text alignwide is-stacked-on-mobile\">\n<figure class=\"wp-block-media-text__media\"><\/figure>\n<div class=\"wp-block-media-text__content\">\n<p><strong>Conservaci\u00f3n<\/strong><\/p>\n<p>Ambientes de la cuenca media del R\u00edo Malarg\u00fce, formaciones naturales producidas por sedimentaci\u00f3n de antiguas erupciones volc\u00e1nicas y la erosi\u00f3n del agua y viento.<\/p>\n<p><strong>Categor\u00eda de conservaci\u00f3n:<\/strong> Reserva de Paisaje Protegido.<\/p>\n<p><img decoding=\"async\" loading=\"lazy\" width=\"417\" height=\"313\" src=\"https:\/\/www.mendoza.gov.ar\/wp-content\/uploads\/sites\/69\/2020\/12\/castillos-7-700x525.jpg\" alt=\"\" data-id=\"575\" data-full-url=\"https:\/\/www.mendoza.gov.ar\/wp-content\/uploads\/sites\/69\/2020\/12\/castillos-7-scaled.jpg\" data-link=\"https:\/\/www.mendoza.gov.ar\/areasnaturales\/reserva-natural-castillos-de-pincheira\/castillos-7\/\" class=\"wp-image-575 img-responsive center-block\" \/>\u00a0 \u00a0 \u00a0 \u00a0 \u00a0 \u00a0 \u00a0 \u00a0 \u00a0 \u00a0 \u00a0 \u00a0 <img decoding=\"async\" loading=\"lazy\" width=\"418\" height=\"313\" src=\"https:\/\/www.mendoza.gov.ar\/wp-content\/uploads\/sites\/69\/2020\/12\/Imagen7-700x525.jpg\" alt=\"\" data-id=\"577\" data-full-url=\"https:\/\/www.mendoza.gov.ar\/wp-content\/uploads\/sites\/69\/2020\/12\/Imagen7.jpg\" data-link=\"https:\/\/www.mendoza.gov.ar\/areasnaturales\/reserva-natural-castillos-de-pincheira\/imagen7\/\" class=\"wp-image-577 img-responsive center-block\" \/><\/p>\n<\/div>\n<\/div>\n<p>&nbsp;<\/p>\n<p><strong>Actividades:<\/strong><\/p>\n<p>Lugar de esparcimiento y acampe, trekking, cabalgatas. Camping manejado por empresa privada, que cobra arancel de ingreso. Servicio de Restaurante.<\/p>\n<p><strong>Transporte:<span>\u00a0<\/span><\/strong>Servicio de l\u00ednea regular hasta la Ciudad de Malarg\u00fce. Excursiones a la reserva natural desde Malarg\u00fce.<\/p>\n<p><strong>Temporada de Visitas:<span>\u00a0<\/span><\/strong>Todo el a\u00f1o<\/p>\n<p><strong>Recomendaciones:<\/strong><span>\u00a0<\/span>Contratar excursi\u00f3n desde Malarg\u00fce, consultar en Direcci\u00f3n de Turismo de Malarg\u00fce.<\/p>\n<p><strong>Contacto:<\/strong> Direcci\u00f3n de Turismo de Malarg\u00fce. Tel: (0260) 4471659 \ud83d\udd82 infoturismo@malargue.gov.ar<img decoding=\"async\" loading=\"lazy\" width=\"700\" height=\"466\" src=\"https:\/\/www.mendoza.gov.ar\/wp-content\/uploads\/sites\/69\/2020\/12\/castillos-8-700x466.jpg\" alt=\"\" data-id=\"576\" data-full-url=\"https:\/\/www.mendoza.gov.ar\/wp-content\/uploads\/sites\/69\/2020\/12\/castillos-8.jpg\" data-link=\"https:\/\/www.mendoza.gov.ar\/areasnaturales\/reserva-natural-castillos-de-pincheira\/castillos-8\/\" class=\"wp-image-576 img-responsive center-block\" style=\"font-size: 14.4px\" \/><\/p>\n<\/div>\n<p>[\/et_pb_tab][et_pb_tab title=\u00bbTupungato\u00bb _builder_version=\u00bb4.27.4&#8243; _module_preset=\u00bbdefault\u00bb global_colors_info=\u00bb{}\u00bb]<\/p>\n<p><img loading=\"lazy\" decoding=\"async\" src=\"https:\/\/mza-dicaws-portal-uploads-media-prod.s3.amazonaws.com\/informacion-oficial\/uploads\/sites\/12\/2025\/08\/AAA-Isologotipos-2021-34-300x88.png\" width=\"300\" height=\"88\" alt=\"\" class=\"wp-image-2898 alignnone size-medium\" \/><\/p>\n<p>\u00c1rea natural protegida desde 1983 con una extensi\u00f3n de 150.000 ha.<\/p>\n<p><strong>Ubicaci\u00f3n:<\/strong><span>\u00a0<\/span>A 110 km. de la Ciudad de Mendoza, ubicada entre los departamentos Lujan y Tupungato, se accede por Ruta Prov. N\u00ba 89 desde Tupungato hasta Dique Las Tunas- Estancia Gualtallary.<\/p>\n<div class=\"wp-block-media-text alignwide is-stacked-on-mobile\">\n<figure class=\"wp-block-media-text__media\"><img decoding=\"async\" loading=\"lazy\" width=\"509\" height=\"358\" src=\"https:\/\/www.mendoza.gov.ar\/wp-content\/uploads\/sites\/69\/2020\/11\/Tupungato2-700x492.jpg\" alt=\"\" class=\"wp-image-319 img-responsive center-block\" style=\"display: block;margin-left: auto;margin-right: auto\" \/><\/figure>\n<p>&nbsp;<\/p>\n<p>&nbsp;<\/p>\n<div class=\"wp-block-media-text__content\">\n<h2><strong><span style=\"font-size: 14.4px;color: #333333\">Conservaci\u00f3n: <\/span><\/strong><span style=\"color: #333333;font-size: 14.4px;font-weight: 500\">Protege ambientes cordilleranos \u00fanicos de los andes centrales (Cordillera Frontal y Cordillera Principal)<\/span><\/h2>\n<\/div>\n<\/div>\n<p><strong>Temporada de visitas:<\/strong> \u00c9poca estival<\/p>\n<p><strong>Actividades:<\/strong> Trekking, Andinismo.<\/p>\n<p><strong>Transporte:<\/strong> L\u00ednea regular hasta la Ciudad de Tupungato.<strong>Contacto:<\/strong><span>\u00a0<\/span><span style=\"color: #0091f2\"><a href=\"mailto:drnr-valledeuco@mendoza.gov\" style=\"color: #0091f2\">drnr-valledeuco@mendoza.gov<\/a><\/span><\/p>\n<p><strong>Recomendaciones:<\/strong> Debe tramitar el permiso de ingreso por nota en la Direcci\u00f3n de Recursos Naturales Renovables y en Regimiento de Infanter\u00eda RIM XVI \u2013 Tupungato.<\/p>\n<p><span style=\"font-size: 14.4px\"><\/span><a href=\"https:\/\/www.mendoza.gov.ar\/wp-content\/uploads\/sites\/69\/2020\/12\/Tupungato-2.jpg\" style=\"font-size: 14.4px\"><img decoding=\"async\" loading=\"lazy\" width=\"309\" height=\"223\" src=\"https:\/\/www.mendoza.gov.ar\/wp-content\/uploads\/sites\/69\/2020\/12\/Tupungato-2-700x506.jpg\" alt=\"\" data-id=\"560\" data-full-url=\"https:\/\/www.mendoza.gov.ar\/wp-content\/uploads\/sites\/69\/2020\/12\/Tupungato-2.jpg\" data-link=\"https:\/\/www.mendoza.gov.ar\/areasnaturales\/parque-provincial-tupungato\/tupungato-2\/\" class=\"wp-image-560 img-responsive center-block\" \/> \u00a0 \u00a0 \u00a0 \u00a0 \u00a0<\/a><span style=\"font-size: 14.4px\"><\/span><a href=\"https:\/\/www.mendoza.gov.ar\/wp-content\/uploads\/sites\/69\/2020\/12\/Tupungato-4.jpg\" style=\"font-size: 14.4px\"><img decoding=\"async\" loading=\"lazy\" width=\"336\" height=\"224\" src=\"https:\/\/www.mendoza.gov.ar\/wp-content\/uploads\/sites\/69\/2020\/12\/Tupungato-4-700x467.jpg\" alt=\"\" data-id=\"561\" data-full-url=\"https:\/\/www.mendoza.gov.ar\/wp-content\/uploads\/sites\/69\/2020\/12\/Tupungato-4.jpg\" data-link=\"https:\/\/www.mendoza.gov.ar\/areasnaturales\/parque-provincial-tupungato\/tupungato-4\/\" class=\"wp-image-561 img-responsive center-block\" \/><\/a><span style=\"font-size: 14.4px\"><\/span><a href=\"https:\/\/www.mendoza.gov.ar\/wp-content\/uploads\/sites\/69\/2020\/12\/Tupungato-5.jpg\" style=\"font-size: 14.4px\"><img loading=\"lazy\" decoding=\"async\" src=\"https:\/\/www.mendoza.gov.ar\/wp-content\/uploads\/sites\/69\/2020\/12\/Tupungato-5-700x525.jpg\" alt=\"\" data-id=\"562\" data-full-url=\"https:\/\/www.mendoza.gov.ar\/wp-content\/uploads\/sites\/69\/2020\/12\/Tupungato-5.jpg\" data-link=\"https:\/\/www.mendoza.gov.ar\/areasnaturales\/parque-provincial-tupungato\/tupungato-5\/\" class=\"wp-image-562 img-responsive center-block\" width=\"299\" height=\"224\" style=\"float: right\" \/><\/a><\/p>\n<div id=\"gtx-trans\" style=\"position: absolute;left: -155px;top: -10px\">\n<div class=\"gtx-trans-icon\"><\/div>\n<\/div>\n<p>[\/et_pb_tab][\/et_pb_tabs][et_pb_image src=\u00bbhttps:\/\/mza-dicaws-portal-uploads-media-prod.s3.amazonaws.com\/informacion-oficial\/uploads\/sites\/12\/2026\/02\/BANNERS_WEB_aconcagua.jpg-scaled.jpeg\u00bb title_text=\u00bbBANNERS_WEB_aconcagua.jpg\u00bb url=\u00bbhttps:\/\/informacionoficial.mendoza.gob.ar\/energiayambiente\/aconcagua\/concesion-de-servicios-en-el-parque-provincial-aconcagua\/\u00bb url_new_window=\u00bbon\u00bb _builder_version=\u00bb4.27.4&#8243; _module_preset=\u00bbdefault\u00bb border_radii=\u00bbon|8px|8px|8px|8px\u00bb global_colors_info=\u00bb{}\u00bb][\/et_pb_image][et_pb_image src=\u00bbhttps:\/\/mza-dicaws-portal-uploads-media-prod.s3.amazonaws.com\/informacion-oficial\/uploads\/sites\/12\/2026\/01\/BANNERS_WEB_venta-tickets-ANP-03-scaled.png\u00bb title_text=\u00bbBANNERS_WEB_venta tickets ANP-03&#8243; url=\u00bbhttps:\/\/prensa.mendoza.gob.ar\/el-gobernador-cornejo-presento-la-actualizacion-del-sistema-de-venta-de-entradas-para-areas-naturales-protegidas\/\u00bb url_new_window=\u00bbon\u00bb _builder_version=\u00bb4.27.4&#8243; _module_preset=\u00bbdefault\u00bb border_radii=\u00bbon|8px|8px|8px|8px\u00bb global_colors_info=\u00bb{}\u00bb][\/et_pb_image][et_pb_blurb title=\u00bbACCESIBILIDAD TUR\u00cdSTICA EN EL SISTEMA DE \u00c1REAS NATURALES PROTEGIDAS\u00bb image=\u00bbhttps:\/\/mza-dicaws-portal-uploads-media-prod.s3.amazonaws.com\/informacion-oficial\/uploads\/sites\/12\/2026\/03\/logo_accesibilidad_AREAS-07.png\u00bb icon_placement=\u00bbleft\u00bb image_icon_width=\u00bb150px\u00bb content_max_width=\u00bb1100px\u00bb icon_placement_tablet=\u00bbleft\u00bb icon_placement_phone=\u00bbtop\u00bb icon_placement_last_edited=\u00bbon|phone\u00bb image_icon_width_tablet=\u00bb150px\u00bb image_icon_width_phone=\u00bb150px\u00bb image_icon_width_last_edited=\u00bbon|desktop\u00bb module_id=\u00bbaccesibilidad-anp\u00bb _builder_version=\u00bb4.27.4&#8243; _module_preset=\u00bbdefault\u00bb header_level=\u00bbh2&#8243; header_font=\u00bb|300|||||||\u00bb header_text_color=\u00bbgcid-840cd285-ee6f-49c1-abc9-5e893f3235b8&#8243; background_color=\u00bbrgba(255,255,255,0.64)\u00bb image_icon_custom_margin=\u00bb-40px||||false|false\u00bb width=\u00bb100%\u00bb max_width=\u00bb100%\u00bb module_alignment=\u00bbcenter\u00bb min_height=\u00bb226.2px\u00bb custom_margin=\u00bb||13px||false|false\u00bb custom_padding=\u00bb56px||||false|false\u00bb border_radii=\u00bbon|8px|8px|8px|8px\u00bb border_color_all_image=\u00bbRGBA(255,255,255,0)\u00bb border_width_top_image=\u00bb40px\u00bb border_width_right_image=\u00bb40px\u00bb border_color_right_image=\u00bbRGBA(255,255,255,0)\u00bb global_colors_info=\u00bb{%22gcid-840cd285-ee6f-49c1-abc9-5e893f3235b8%22:%91%22header_text_color%22%93}\u00bb]<\/p>\n<p>&nbsp;<\/p>\n<h4>Por consultas sobre las condiciones de accesibilidad tur\u00edstica en las ANP, compartir experiencias o dejar opini\u00f3n contactarse<span>\u00a0<\/span><a href=\"mailto:accesibilidad-anp@mendoza.gov.ar\"><span style=\"color: #0091f2\">accesibilidad-anp@mendoza.gov.ar<\/span><\/a><\/h4>\n<p>&nbsp;<\/p>\n<p>[\/et_pb_blurb][et_pb_image src=\u00bbhttps:\/\/mza-dicaws-portal-uploads-media-prod.s3.amazonaws.com\/informacion-oficial\/uploads\/sites\/12\/2026\/03\/WhatsApp-Image-2026-03-12-at-09.57.11.jpeg\u00bb title_text=\u00bbWhatsApp Image 2026-03-12 at 09.57.11&#8243; url=\u00bbhttps:\/\/mza-dicaws-portal-uploads-media-prod.s3.amazonaws.com\/informacion-oficial\/uploads\/sites\/12\/2026\/03\/CARTILLA-ACCESIBILIDAD.pdf\u00bb _builder_version=\u00bb4.27.4&#8243; _module_preset=\u00bbdefault\u00bb global_colors_info=\u00bb{}\u00bb][\/et_pb_image][\/et_pb_column][\/et_pb_row][\/et_pb_section][et_pb_section fb_built=\u00bb1&#8243; _builder_version=\u00bb4.27.4&#8243; background_color=\u00bbRGBA(255,255,255,0)\u00bb use_background_color_gradient=\u00bbon\u00bb background_color_gradient_direction=\u00bb169deg\u00bb background_color_gradient_stops=\u00bb#ffffff 15%|#0a0000 100%\u00bb background_image=\u00bbhttps:\/\/mza-dicaws-portal-uploads-media-prod.s3.us-east-1.amazonaws.com\/informacion-oficial\/uploads\/sites\/12\/2025\/04\/IMG_2356-scaled.jpg\u00bb background_blend=\u00bbscreen\u00bb custom_margin=\u00bb3px|||||\u00bb custom_padding=\u00bb103px|||||\u00bb global_colors_info=\u00bb{}\u00bb][et_pb_row _builder_version=\u00bb4.27.4&#8243; background_size=\u00bbinitial\u00bb background_position=\u00bbtop_left\u00bb background_repeat=\u00bbrepeat\u00bb max_width=\u00bb2560px\u00bb min_height=\u00bb100px\u00bb custom_margin=\u00bb|auto|-3px|auto||\u00bb custom_padding=\u00bb5px||4px|||\u00bb global_colors_info=\u00bb{}\u00bb][et_pb_column type=\u00bb4_4&#8243; _builder_version=\u00bb4.27.4&#8243; _module_preset=\u00bbdefault\u00bb global_colors_info=\u00bb{}\u00bb][et_pb_heading title=\u00bbN\u00c1UTICA\u00bb admin_label=\u00bbFlora Nativa\u00bb module_id=\u00bbnautica\u00bb _builder_version=\u00bb4.27.4&#8243; _module_preset=\u00bbdefault\u00bb title_level=\u00bbh2&#8243; title_font=\u00bb|300|||||||\u00bb title_text_align=\u00bbleft\u00bb title_text_color=\u00bbgcid-body-color\u00bb title_font_size=\u00bb40px\u00bb min_height=\u00bb70px\u00bb custom_margin=\u00bb||-1px|||\u00bb global_colors_info=\u00bb{%22gcid-body-color%22:%91%22title_text_color%22%93}\u00bb][\/et_pb_heading][et_pb_text _builder_version=\u00bb4.27.4&#8243; _module_preset=\u00bbdefault\u00bb text_text_color=\u00bbgcid-840cd285-ee6f-49c1-abc9-5e893f3235b8&#8243; text_font_size=\u00bb16px\u00bb custom_margin=\u00bb||46px|||\u00bb global_colors_info=\u00bb{%22gcid-840cd285-ee6f-49c1-abc9-5e893f3235b8%22:%91%22text_text_color%22%93}\u00bb]<\/p>\n<p><span>Nuestra provincia cuenta con r\u00edos, lagunas y diques, de incomparable belleza, donde mendocinos y turistas pueden desarrollar actividades n\u00e1uticas de recreaci\u00f3n y competencia. La Direcci\u00f3n de \u00c1reas Protegidas, a trav\u00e9s de la Divisi\u00f3n N\u00e1utica, es la Autoridad de Aplicaci\u00f3n, que ejerce el Poder de Polic\u00eda sobre todas las actividades n\u00e1uticas que se desarrollen en aguas de jurisdicci\u00f3n de la Provincia, las que quedan sujetas a las prescripciones de la Ley 3859 y su Decreto Reglamentario 4727\/72- (Art. 1\u00ba Ley 3859). El control y vigilancia del cumplimiento de la legislaci\u00f3n vigente se extiende tanto a los lugares p\u00fablicos como a los privados de acceso p\u00fablico (Art. 2\u00ba- Ley 3859).<\/span><span><\/span><\/p>\n<p>[\/et_pb_text][et_pb_heading title=\u00bbGesti\u00f3n de tr\u00e1mites\u00bb _builder_version=\u00bb4.27.4&#8243; _module_preset=\u00bbdefault\u00bb title_level=\u00bbh3&#8243; title_font=\u00bb|300|||||||\u00bb title_text_color=\u00bbgcid-840cd285-ee6f-49c1-abc9-5e893f3235b8&#8243; min_height=\u00bb24px\u00bb global_colors_info=\u00bb{%22gcid-840cd285-ee6f-49c1-abc9-5e893f3235b8%22:%91%22title_text_color%22%93}\u00bb][\/et_pb_heading][\/et_pb_column][\/et_pb_row][et_pb_row column_structure=\u00bb1_2,1_2&#8243; _builder_version=\u00bb4.27.4&#8243; _module_preset=\u00bbdefault\u00bb max_width=\u00bb2560px\u00bb min_height=\u00bb76.5px\u00bb global_colors_info=\u00bb{}\u00bb][et_pb_column type=\u00bb1_2&#8243; _builder_version=\u00bb4.27.4&#8243; _module_preset=\u00bbdefault\u00bb global_colors_info=\u00bb{}\u00bb][et_pb_accordion open_toggle_text_color=\u00bb#666262&#8243; _builder_version=\u00bb4.27.4&#8243; _module_preset=\u00bbdefault\u00bb toggle_text_color=\u00bb#9e9e9e\u00bb toggle_font_size=\u00bb13px\u00bb closed_toggle_font_size=\u00bb13px\u00bb body_text_color=\u00bb#666262&#8243; global_colors_info=\u00bb{%22gcid-9d8d6552-a4b0-4171-847a-f5c0d7177503%22:%91%22toggle_text_color%22%93,%22gcid-9107e7ce-36aa-491e-a581-b7de38ef6b97%22:%91%22body_text_color%22,%22open_toggle_text_color%22%93}\u00bb][et_pb_accordion_item title=\u00bbLicencia Conducci\u00f3n de Embarcaciones\u00bb open=\u00bbon\u00bb _builder_version=\u00bb4.27.4&#8243; _module_preset=\u00bbdefault\u00bb global_colors_info=\u00bb{}\u00bb]<\/p>\n<p id=\"block-7eef27ae-ac4e-4c2a-8a1e-ed4e5316334c\">Para obtener por primera vez la licencia de conductor n\u00e1utico deber\u00e1 rendir un examen te\u00f3rico-pr\u00e1ctico en El Carrizal.<\/p>\n<p id=\"block-b6d4fa0c-f492-4416-ae7d-3d32bcf6ef6c\">El Manual de N\u00e1utica disponible en el siguiente<span>\u00a0<\/span><a href=\"https:\/\/www.mendoza.gov.ar\/wp-content\/uploads\/sites\/99\/2024\/04\/Manual_de_Nautica.pdf\"><span style=\"color: #0091f2\">ENLACE.<\/span><\/a><\/p>\n<p id=\"block-4cd067e3-7305-4020-9eb1-560096ceffc5\">Para obtener la licencia de conducir de embarcaciones debe solicitar el turno al siguiente correo electr\u00f3nico:<span>\u00a0<\/span><\/p>\n<p><a href=\"mailto:drnr-zonaeste@mendoza.gov.ar\"><\/a><a href=\"mailto:drnr-zonaeste@mendoza.gov.ar\"><span style=\"color: #0091f2\">drnr-zonaeste@mendoza.gov.ar<\/span><\/a><\/p>\n<p id=\"block-bca7dc69-2770-4e5f-9ddf-b0904d453ebe\">Al presentarse a rendir\u00a0 el d\u00eda del turno, deber\u00e1 llevar la embarcaci\u00f3n con toda la documentaci\u00f3n en plena vigencia, y adem\u00e1s presentar:<\/p>\n<ul id=\"block-d466d0f0-68ac-41d2-8be7-835886f4d0ee\">\n<li>Certificado m\u00e9dico de aptitud<\/li>\n<li>2 fotos carnet 3 x 3<\/li>\n<li>C\u00f3digo 331 que puede adquirirse en el Banco Naci\u00f3n o en la Bolsa de Comercio.<\/li>\n<\/ul>\n<p>[\/et_pb_accordion_item][et_pb_accordion_item title=\u00bbRenovaci\u00f3n de Licencia\u00bb open_toggle_text_color=\u00bbgcid-9107e7ce-36aa-491e-a581-b7de38ef6b97&#8243; _builder_version=\u00bb4.27.4&#8243; _module_preset=\u00bbdefault\u00bb global_colors_info=\u00bb{%22gcid-9107e7ce-36aa-491e-a581-b7de38ef6b97%22:%91%22open_toggle_text_color%22,%22toggle_text_color%22%93}\u00bb toggle_text_color=\u00bbgcid-9107e7ce-36aa-491e-a581-b7de38ef6b97&#8243; open=\u00bboff\u00bb]<\/p>\n<p id=\"block-8266ce60-401c-4803-83fd-7003c7301e60\"><a href=\"https:\/\/atencionciudadana.mendoza.gob.ar\/renovacion-licencia-de-conducir\/\"><span style=\"color: #0091f2\">La renovaci\u00f3n de la licencia<\/span><\/a> se efect\u00faa en la Caja de Recursos Naturales, en Av. Las Tipas s\/n, Parque General San Mart\u00edn, Mendoza ciudad.<\/p>\n<p id=\"block-1ad4053e-2d53-4386-8ae2-4ebd8b464d38\">Al momento de efectuar el pago debe presentar:<\/p>\n<ul id=\"block-72bc62a9-c4e6-4fb5-86b9-d00586ecdd49\">\n<li>Carnet de conducir con el \u00a0\u00faltimo recibo de pago<\/li>\n<li>Certificado m\u00e9dico de aptitud (ORIGINAL)<\/li>\n<\/ul>\n<p id=\"block-347c8218-b71d-4a10-bcaf-043c77a81552\">Si no es\u00a0 renovada dentro del a\u00f1o posterior al vencimiento deber\u00e1 rendir el examen nuevamente.<\/p>\n<p>[\/et_pb_accordion_item][\/et_pb_accordion][\/et_pb_column][et_pb_column type=\u00bb1_2&#8243; _builder_version=\u00bb4.27.4&#8243; _module_preset=\u00bbdefault\u00bb global_colors_info=\u00bb{}\u00bb][et_pb_toggle title=\u00bbAlta de Embarcaciones\u00bb open_toggle_text_color=\u00bbgcid-bb9c0857-25e3-4051-b4b2-87f09afe6b01&#8243; _builder_version=\u00bb4.27.4&#8243; _module_preset=\u00bbdefault\u00bb title_text_color=\u00bbgcid-9d8d6552-a4b0-4171-847a-f5c0d7177503&#8243; body_text_color=\u00bbgcid-9d8d6552-a4b0-4171-847a-f5c0d7177503&#8243; global_colors_info=\u00bb{%22gcid-bb9c0857-25e3-4051-b4b2-87f09afe6b01%22:%91%22open_toggle_text_color%22%93,%22gcid-9d8d6552-a4b0-4171-847a-f5c0d7177503%22:%91%22title_text_color%22,%22body_text_color%22%93}\u00bb]<\/p>\n<p><span>Antes de ir al formulario de ALTA DE EMBARCACIONES descargar el tutorial de los pasos a seguir en el siguiente <a href=\"https:\/\/www.mendoza.gov.ar\/wp-content\/uploads\/sites\/33\/2020\/12\/Pasos-a-seguir-para-el-ALTA-de-una-emba-rcacio%CC%81n-en-la-Provincia-de-Mendoza.pdf\">ENLACE.<\/a><\/span><\/p>\n<p><a href=\"https:\/\/atencionciudadana.mendoza.gob.ar\/alta-de-embarcaciones-o-motores-en-el-registro-provincial-de-matriculas-nauticas\/\">Iniciar \u00abAlta de Embarcaci\u00f3n\u00bb<\/a><\/p>\n<p>[\/et_pb_toggle][et_pb_toggle title=\u00bbBaja de Embarcaciones\u00bb open_toggle_text_color=\u00bbgcid-bb9c0857-25e3-4051-b4b2-87f09afe6b01&#8243; _builder_version=\u00bb4.27.4&#8243; _module_preset=\u00bbdefault\u00bb title_text_color=\u00bbgcid-9d8d6552-a4b0-4171-847a-f5c0d7177503&#8243; body_text_color=\u00bbgcid-9d8d6552-a4b0-4171-847a-f5c0d7177503&#8243; global_colors_info=\u00bb{%22gcid-bb9c0857-25e3-4051-b4b2-87f09afe6b01%22:%91%22open_toggle_text_color%22%93,%22gcid-9d8d6552-a4b0-4171-847a-f5c0d7177503%22:%91%22title_text_color%22,%22body_text_color%22%93}\u00bb]<\/p>\n<p><span>Antes de ir al formulario de BAJA DE EMBARCACIONES descargar el tutorial de los pasos a seguir en el siguiente <a href=\"https:\/\/www.mendoza.gov.ar\/wp-content\/uploads\/sites\/33\/2020\/12\/Pasos-a-seguir-para-la-BAJA-de-una-emba-rcacio%CC%81n-en-la-Provincia-de-Mendoza.pdf\">ENLACE.<\/a><\/span><\/p>\n<p><a href=\"https:\/\/atencionciudadana.mendoza.gob.ar\/baja-de-una-matricula-embarcacion\/\">Iniciar \u00abBaja de Embarcaci\u00f3n\u00bb<\/a><\/p>\n<p>[\/et_pb_toggle][et_pb_toggle title=\u00bbTransferencia de Embarcaciones\u00bb open_toggle_text_color=\u00bbgcid-bb9c0857-25e3-4051-b4b2-87f09afe6b01&#8243; _builder_version=\u00bb4.27.4&#8243; _module_preset=\u00bbdefault\u00bb title_text_color=\u00bbgcid-9d8d6552-a4b0-4171-847a-f5c0d7177503&#8243; body_text_color=\u00bbgcid-9d8d6552-a4b0-4171-847a-f5c0d7177503&#8243; global_colors_info=\u00bb{%22gcid-bb9c0857-25e3-4051-b4b2-87f09afe6b01%22:%91%22open_toggle_text_color%22%93,%22gcid-9d8d6552-a4b0-4171-847a-f5c0d7177503%22:%91%22title_text_color%22,%22body_text_color%22%93}\u00bb]<\/p>\n<p><span>Antes de ir al formulario de TRANSFERENCIA DE EMBARCACIONES descargar el tutorial de los pasos a seguir en el siguiente <a href=\"https:\/\/www.mendoza.gov.ar\/wp-content\/uploads\/sites\/33\/2020\/12\/Pasos-a-seguir-para-la-TRANSFERENCIA-de-una-embarcacio%CC%81n-en-la-Provincia-de-Mendoza.pdf\">ENLACE<\/a><a href=\"https:\/\/atencionciudadana.mendoza.gob.ar\/transferencia-de-embarcaciones\/\">.<\/a><\/span><\/p>\n<p><a href=\"https:\/\/atencionciudadana.mendoza.gob.ar\/transferencia-de-embarcaciones\/\">Iniciar \u00abTransferencia de Embarcaci\u00f3n\u00bb<\/a><\/p>\n<p>[\/et_pb_toggle][et_pb_toggle title=\u00bbCambio de Motor de Embarcaci\u00f3n\u00bb open_toggle_text_color=\u00bbgcid-bb9c0857-25e3-4051-b4b2-87f09afe6b01&#8243; _builder_version=\u00bb4.27.4&#8243; _module_preset=\u00bbdefault\u00bb title_text_color=\u00bbgcid-9d8d6552-a4b0-4171-847a-f5c0d7177503&#8243; body_text_color=\u00bbgcid-9d8d6552-a4b0-4171-847a-f5c0d7177503&#8243; global_colors_info=\u00bb{%22gcid-bb9c0857-25e3-4051-b4b2-87f09afe6b01%22:%91%22open_toggle_text_color%22%93,%22gcid-9d8d6552-a4b0-4171-847a-f5c0d7177503%22:%91%22title_text_color%22,%22body_text_color%22%93}\u00bb]<\/p>\n<p><span>Antes de ir al formulario de CAMBIO DE MOTOR DE EMBARCACIONES descargar el tutorial de los pasos a seguir en el siguiente <a href=\"https:\/\/www.mendoza.gov.ar\/wp-content\/uploads\/sites\/33\/2020\/12\/Pasos-a-seguir-para-CAMBIO-DE-MOTOR-de-una-embarcacio%CC%81n-en-la-Provincia-de-Mendoza.pdf\">ENLACE<\/a><a href=\"https:\/\/atencionciudadana.mendoza.gob.ar\/cambio-de-motor-de-una-embarcacion\/\">.<\/a><\/span><\/p>\n<p><a href=\"https:\/\/atencionciudadana.mendoza.gob.ar\/cambio-de-motor-de-una-embarcacion\/\">Iniciar \u00abCambio de Motor de Embarcaci\u00f3n\u00bb<\/a><\/p>\n<p>[\/et_pb_toggle][et_pb_toggle title=\u00bbPr\u00e1cticas de Competencias en Espejos de Agua de la Provincia\u00bb open_toggle_text_color=\u00bbgcid-bb9c0857-25e3-4051-b4b2-87f09afe6b01&#8243; _builder_version=\u00bb4.27.4&#8243; _module_preset=\u00bbdefault\u00bb title_text_color=\u00bbgcid-9d8d6552-a4b0-4171-847a-f5c0d7177503&#8243; body_text_color=\u00bbgcid-9d8d6552-a4b0-4171-847a-f5c0d7177503&#8243; global_colors_info=\u00bb{%22gcid-bb9c0857-25e3-4051-b4b2-87f09afe6b01%22:%91%22open_toggle_text_color%22%93,%22gcid-9d8d6552-a4b0-4171-847a-f5c0d7177503%22:%91%22title_text_color%22,%22body_text_color%22%93}\u00bb]<\/p>\n<p><a href=\"https:\/\/atencionciudadana.mendoza.gob.ar\/practicas-de-competencias-en-espejos-de-agua-de-la-provincia\/\">Iniciar tr\u00e1mite<\/a><\/p>\n<p>[\/et_pb_toggle][et_pb_toggle title=\u00bbPr\u00e1ctica de Nataci\u00f3n en Aguas Abiertas\u00bb open_toggle_text_color=\u00bbgcid-bb9c0857-25e3-4051-b4b2-87f09afe6b01&#8243; _builder_version=\u00bb4.27.4&#8243; _module_preset=\u00bbdefault\u00bb title_text_color=\u00bbgcid-9d8d6552-a4b0-4171-847a-f5c0d7177503&#8243; body_text_color=\u00bbgcid-9d8d6552-a4b0-4171-847a-f5c0d7177503&#8243; global_colors_info=\u00bb{%22gcid-bb9c0857-25e3-4051-b4b2-87f09afe6b01%22:%91%22open_toggle_text_color%22%93,%22gcid-9d8d6552-a4b0-4171-847a-f5c0d7177503%22:%91%22title_text_color%22,%22body_text_color%22%93}\u00bb]<\/p>\n<p><a href=\"https:\/\/atencionciudadana.mendoza.gob.ar\/practica-de-natacion-en-aguas-abiertas\/\">Iniciar tr\u00e1mite<\/a><\/p>\n<p>[\/et_pb_toggle][\/et_pb_column][\/et_pb_row][\/et_pb_section][et_pb_section fb_built=\u00bb1&#8243; _builder_version=\u00bb4.27.4&#8243; background_color=\u00bbRGBA(255,255,255,0)\u00bb use_background_color_gradient=\u00bbon\u00bb background_color_gradient_direction=\u00bb169deg\u00bb background_color_gradient_stops=\u00bb#ffffff 15%|#0a0000 100%\u00bb background_image=\u00bbhttps:\/\/mza-dicaws-portal-uploads-media-prod.s3.amazonaws.com\/informacion-oficial\/uploads\/sites\/12\/2025\/11\/PPMF5-scaled.jpg\u00bb background_blend=\u00bbscreen\u00bb custom_margin=\u00bb3px|||||\u00bb global_colors_info=\u00bb{}\u00bb][et_pb_row _builder_version=\u00bb4.27.4&#8243; background_size=\u00bbinitial\u00bb background_position=\u00bbtop_left\u00bb background_repeat=\u00bbrepeat\u00bb max_width=\u00bb2560px\u00bb min_height=\u00bb117px\u00bb custom_margin=\u00bb|auto|-3px|auto||\u00bb custom_padding=\u00bb5px|||||\u00bb global_colors_info=\u00bb{}\u00bb][et_pb_column type=\u00bb4_4&#8243; _builder_version=\u00bb4.27.4&#8243; _module_preset=\u00bbdefault\u00bb global_colors_info=\u00bb{}\u00bb][et_pb_heading title=\u00bbINCENDIOS\u00bb admin_label=\u00bbFlora Nativa\u00bb module_id=\u00bbppmf\u00bb _builder_version=\u00bb4.27.4&#8243; _module_preset=\u00bbdefault\u00bb title_level=\u00bbh2&#8243; title_font=\u00bb|300|||||||\u00bb title_text_align=\u00bbleft\u00bb title_text_color=\u00bbgcid-body-color\u00bb title_font_size=\u00bb40px\u00bb min_height=\u00bb39px\u00bb custom_margin=\u00bb||-1px|||\u00bb global_colors_info=\u00bb{%22gcid-body-color%22:%91%22title_text_color%22%93}\u00bb][\/et_pb_heading][et_pb_heading title=\u00bbFORESTALES\u00bb admin_label=\u00bbFlora Nativa\u00bb _builder_version=\u00bb4.27.4&#8243; _module_preset=\u00bbdefault\u00bb title_level=\u00bbh2&#8243; title_font=\u00bb|300|||||||\u00bb title_text_align=\u00bbleft\u00bb title_text_color=\u00bbgcid-body-color\u00bb title_font_size=\u00bb40px\u00bb min_height=\u00bb42px\u00bb custom_margin=\u00bb||44px|||\u00bb custom_padding=\u00bb||0px|||\u00bb global_colors_info=\u00bb{%22gcid-body-color%22:%91%22title_text_color%22%93}\u00bb][\/et_pb_heading][et_pb_blurb title=\u00bbPlan Provincial de Manejo del Fuego\u00bb image=\u00bbhttps:\/\/mza-dicaws-portal-uploads-media-prod.s3.us-east-1.amazonaws.com\/informacion-oficial\/uploads\/sites\/12\/2025\/04\/PPMF-01.png\u00bb icon_placement=\u00bbleft\u00bb image_icon_width=\u00bb200px\u00bb content_max_width=\u00bb1100px\u00bb icon_placement_tablet=\u00bbleft\u00bb icon_placement_phone=\u00bbtop\u00bb icon_placement_last_edited=\u00bbon|phone\u00bb _builder_version=\u00bb4.27.4&#8243; _module_preset=\u00bbdefault\u00bb header_font=\u00bb|300|||||||\u00bb header_text_color=\u00bbgcid-840cd285-ee6f-49c1-abc9-5e893f3235b8&#8243; image_icon_custom_margin=\u00bb-90px||||false|false\u00bb width=\u00bb90%\u00bb max_width=\u00bb100%\u00bb module_alignment=\u00bbcenter\u00bb min_height=\u00bb37.5px\u00bb custom_margin=\u00bb17px||37px||false|false\u00bb custom_padding=\u00bb0px|||||\u00bb border_color_all_image=\u00bbRGBA(255,255,255,0)\u00bb border_width_top_image=\u00bb40px\u00bb border_width_right_image=\u00bb40px\u00bb border_color_right_image=\u00bbRGBA(255,255,255,0)\u00bb global_colors_info=\u00bb{%22gcid-840cd285-ee6f-49c1-abc9-5e893f3235b8%22:%91%22header_text_color%22,%22header_text_color%22%93}\u00bb]<\/p>\n<p>Se crea con la promulgaci\u00f3n de la Ley Provincial 6099 y adhiere al Servicio Nacional de Manejo del Fuego (Ley 26.815).Es la autoridad de aplicaci\u00f3n respecto a uso del fuego como herramienta y el combate de incendios forestales. Tiene a cargo la prevenci\u00f3n y combate de incendios en el territorio provincial y se articula a nivel nacional con el Servicio Nacional de Manejo del Fuego ante convocatoria.<\/p>\n<p>[\/et_pb_blurb][et_pb_heading title=\u00bbPron\u00f3stico de \u00edndice meteorol\u00f3gico de peligro para incendios forestales en la provincia de Mendoza\u00bb _builder_version=\u00bb4.27.4&#8243; _module_preset=\u00bbdefault\u00bb title_level=\u00bbh3&#8243; title_font=\u00bb||||||||\u00bb title_text_align=\u00bbcenter\u00bb title_text_color=\u00bbgcid-840cd285-ee6f-49c1-abc9-5e893f3235b8&#8243; width=\u00bb70%\u00bb max_width=\u00bb70%\u00bb module_alignment=\u00bbcenter\u00bb min_height=\u00bb24px\u00bb custom_margin=\u00bb|0px|0px|0px|false|false\u00bb custom_padding=\u00bb|0px||0px|false|false\u00bb global_colors_info=\u00bb{%22gcid-840cd285-ee6f-49c1-abc9-5e893f3235b8%22:%91%22title_text_color%22%93}\u00bb][\/et_pb_heading][et_pb_blurb title=\u00bb\u00cdNDICE METEOROL\u00d3GICO DE PELIGRO DE INCENDIO\u00bb url_new_window=\u00bbon\u00bb use_icon=\u00bbon\u00bb font_icon=\u00bb&#xe0f2;||divi||400&#8243; icon_color=\u00bb#000F9F\u00bb _builder_version=\u00bb4.27.4&#8243; _module_preset=\u00bbdefault\u00bb header_text_align=\u00bbcenter\u00bb header_text_color=\u00bb#000f9f\u00bb body_text_color=\u00bbgcid-840cd285-ee6f-49c1-abc9-5e893f3235b8&#8243; custom_margin=\u00bb35px||2.6%||false|false\u00bb link_option_url=\u00bbhttps:\/\/whatsapp.com\/channel\/0029Vb7CiMA9xVJcc519Lz43&#8243; link_option_url_new_window=\u00bbon\u00bb locked=\u00bboff\u00bb global_colors_info=\u00bb{%22gcid-840cd285-ee6f-49c1-abc9-5e893f3235b8%22:%91%22body_text_color%22,%22header_text_color%22,%22body_text_color%22,%22header_text_color%22,%22body_text_color%22,%22header_text_color%22,%22body_text_color%22,%22header_text_color%22%93}\u00bb][\/et_pb_blurb][et_pb_blurb title=\u00bbObservaciones\u00bb image_icon_width=\u00bb200%\u00bb content_max_width=\u00bb80%\u00bb _builder_version=\u00bb4.27.4&#8243; _module_preset=\u00bbdefault\u00bb header_font=\u00bb|300|||||||\u00bb header_text_color=\u00bbgcid-53054839-b83d-4ef0-8659-8a010e6148fd\u00bb header_font_size=\u00bb1rem\u00bb background_color=\u00bbrgba(255,255,255,0.82)\u00bb text_orientation=\u00bbjustified\u00bb module_alignment=\u00bbcenter\u00bb custom_padding=\u00bb25px||14px||false|false\u00bb border_radii=\u00bbon|8px|8px|8px|8px\u00bb global_colors_info=\u00bb{%22gcid-53054839-b83d-4ef0-8659-8a010e6148fd%22:%91%22header_text_color%22%93}\u00bb]<\/p>\n<p>El valor de <strong>BUI (combustible disponible)<\/strong>, para la Estaci\u00f3n Meteorol\u00f3gica de \u00c1REA AMBIENTAL POTRERILLOS, USPALLATA, VILLAVICENCIO, MENDOZA AERO, SAN MART\u00cdN AERO, EL CEPILLO Y MALARG\u00dcE AEROPUERTO\u00a0 se encuentran muy elevados, lo que representa que la totalidad del combustible vegetal muerto, seco y en contacto con el suelo, de di\u00e1metro medio y grueso como as\u00ed tambi\u00e9n las dos \u00faltimas capas compactadas de vegetaci\u00f3n subterr\u00e1nea, est\u00e1n completamente predispuestas para la ignici\u00f3n y el fuego cont\u00ednuo.<\/p>\n<p><strong>BUI:<\/strong> Es un indicador de la carga disponible de combustibles medios y pesados; se relaciona con las dificultades de control y liquidaci\u00f3n, que pueden presentar los fuegos debido al grado de sequedad de dichos combustibles y del suelo.<\/p>\n<p>Se recuerda que se encuentra vigente la <strong>Ley Provincial 6099 y 9099 C\u00f3digo Contravencional<\/strong>, la cual proh\u00edbe el uso del fuego como herramienta de limpieza (quema de basura, limpieza de lotes o fincas abandonadas, limpieza de banquinas, quema de monte nativo, limpieza de fincas, limpieza de potreros, quema de restos de poda, quema de restos de jardiner\u00eda, limpieza de acequias, canales, hijuelas y cupos de riego.<\/p>\n<p>&nbsp;<\/p>\n<p>[\/et_pb_blurb][\/et_pb_column][\/et_pb_row][et_pb_row column_structure=\u00bb1_2,1_2&#8243; _builder_version=\u00bb4.27.4&#8243; _module_preset=\u00bbdefault\u00bb max_width=\u00bb2560px\u00bb global_colors_info=\u00bb{}\u00bb][et_pb_column type=\u00bb1_2&#8243; _builder_version=\u00bb4.27.4&#8243; _module_preset=\u00bbdefault\u00bb global_colors_info=\u00bb{}\u00bb][et_pb_toggle title=\u00bbNormativa de Incendios\u00bb open_toggle_text_color=\u00bbgcid-9107e7ce-36aa-491e-a581-b7de38ef6b97&#8243; icon_color=\u00bbgcid-bb9c0857-25e3-4051-b4b2-87f09afe6b01&#8243; open_icon_color=\u00bbgcid-53054839-b83d-4ef0-8659-8a010e6148fd\u00bb _builder_version=\u00bb4.27.4&#8243; _module_preset=\u00bbdefault\u00bb title_level=\u00bbh3&#8243; title_font=\u00bb|300|||||||\u00bb title_font_size=\u00bb1.5rem\u00bb background_color=\u00bbrgba(255,255,255,0.87)\u00bb border_radii=\u00bbon|8px|8px|8px|8px\u00bb global_colors_info=\u00bb{%22gcid-bb9c0857-25e3-4051-b4b2-87f09afe6b01%22:%91%22icon_color%22%93,%22gcid-53054839-b83d-4ef0-8659-8a010e6148fd%22:%91%22open_icon_color%22%93,%22gcid-9107e7ce-36aa-491e-a581-b7de38ef6b97%22:%91%22open_toggle_text_color%22%93}\u00bb]<\/p>\n<p><span style=\"color: #0091f2\"><a href=\"https:\/\/mza-dicaws-portal-uploads-media-prod.s3.amazonaws.com\/informacion-oficial\/uploads\/sites\/12\/2025\/11\/Ley-6099.pdf\" rel=\"attachment wp-att-5497\" style=\"color: #0091f2\">Ley 6099<\/a><\/span><\/p>\n<p><span style=\"color: #0091f2\"><a href=\"https:\/\/mza-dicaws-portal-uploads-media-prod.s3.amazonaws.com\/informacion-oficial\/uploads\/sites\/12\/2025\/11\/Ley-26815-SNMF.pdf\" rel=\"attachment wp-att-5498\" style=\"color: #0091f2\">Ley 26815 SNMF<\/a><\/span><\/p>\n<p><span style=\"color: #0091f2\"><a href=\"https:\/\/www.argentina.gob.ar\/normativa\/nacional\/ley-26815-207401\" style=\"color: #0091f2\">Ley 26.815 Sistema Federal de Manejo<\/a><\/span><br \/><span style=\"color: #0091f2\"><a href=\"https:\/\/www.argentina.gob.ar\/normativa\/nacional\/ley-26815-207401\" style=\"color: #0091f2\">del Fuego<\/a><\/span><\/p>\n<p><a href=\"https:\/\/mza-dicaws-portal-uploads-media-prod.s3.amazonaws.com\/informacion-oficial\/uploads\/sites\/12\/2025\/11\/Resolucion-221_18-ZONAS-DE-RIESGO-Y-REGLAMENTACION-PICADAS-CORTAFUEGOS.pdf\" rel=\"attachment wp-att-5499\"><span style=\"color: #0091f2\">Resolucion 221_18 ZONAS DE RIESGO Y REGLAMENTACION PICADAS CORTAFUEGOS<\/span><\/a><\/p>\n<p>[\/et_pb_toggle][\/et_pb_column][et_pb_column type=\u00bb1_2&#8243; _builder_version=\u00bb4.27.4&#8243; _module_preset=\u00bbdefault\u00bb global_colors_info=\u00bb{}\u00bb][et_pb_toggle title=\u00bbQuemas controladas\/ prescriptas\u00bb open_toggle_text_color=\u00bbgcid-9107e7ce-36aa-491e-a581-b7de38ef6b97&#8243; icon_color=\u00bbgcid-bb9c0857-25e3-4051-b4b2-87f09afe6b01&#8243; open_icon_color=\u00bbgcid-53054839-b83d-4ef0-8659-8a010e6148fd\u00bb _builder_version=\u00bb4.27.4&#8243; _module_preset=\u00bbdefault\u00bb title_level=\u00bbh3&#8243; title_font=\u00bb|300|||||||\u00bb title_font_size=\u00bb1.5rem\u00bb background_color=\u00bbrgba(255,255,255,0.87)\u00bb border_radii=\u00bbon|8px|8px|8px|8px\u00bb global_colors_info=\u00bb{%22gcid-bb9c0857-25e3-4051-b4b2-87f09afe6b01%22:%91%22icon_color%22,%22icon_color%22%93,%22gcid-53054839-b83d-4ef0-8659-8a010e6148fd%22:%91%22open_icon_color%22,%22open_icon_color%22%93,%22gcid-9107e7ce-36aa-491e-a581-b7de38ef6b97%22:%91%22open_toggle_text_color%22,%22open_toggle_text_color%22%93}\u00bb]<\/p>\n<p><span style=\"color: #0091f2\"><a href=\"https:\/\/mza-dicaws-portal-uploads-media-prod.s3.amazonaws.com\/informacion-oficial\/uploads\/sites\/12\/2025\/11\/RS-2023-07159342-GDEMZA-DRNRSAYOT.pdf\" rel=\"attachment wp-att-5500\" style=\"color: #0091f2\">RS-2023-07159342-GDEMZA-DRNR%SAYOT<\/a> <a href=\"https:\/\/mza-dicaws-portal-uploads-media-prod.s3.amazonaws.com\/informacion-oficial\/uploads\/sites\/12\/2025\/11\/Procedimiento-administrativo-Quemas-Prescriptas.pdf\" rel=\"attachment wp-att-5501\" style=\"color: #0091f2\"><\/a><\/span><\/p>\n<p><span style=\"color: #0091f2\"><a href=\"https:\/\/mza-dicaws-portal-uploads-media-prod.s3.amazonaws.com\/informacion-oficial\/uploads\/sites\/12\/2025\/11\/ANEXO-II.pdf\" rel=\"attachment wp-att-5502\" style=\"color: #0091f2\">ANEXO II<\/a><\/span><\/p>\n<p>[\/et_pb_toggle][\/et_pb_column][\/et_pb_row][et_pb_row _builder_version=\u00bb4.27.4&#8243; _module_preset=\u00bbdefault\u00bb max_width=\u00bb2560px\u00bb global_colors_info=\u00bb{}\u00bb][et_pb_column type=\u00bb4_4&#8243; _builder_version=\u00bb4.27.4&#8243; _module_preset=\u00bbdefault\u00bb global_colors_info=\u00bb{}\u00bb][et_pb_text _builder_version=\u00bb4.27.4&#8243; _module_preset=\u00bbdefault\u00bb text_font=\u00bb|600|||||||\u00bb background_color=\u00bb#e02b20&#8243; background_layout=\u00bbdark\u00bb custom_padding=\u00bb|20px||27px|false|false\u00bb border_radii=\u00bbon|8px|8px|8px|8px\u00bb global_colors_info=\u00bb{}\u00bb]<\/p>\n<ul><\/ul>\n<h2 style=\"text-align: center\"><strong>911<\/strong><\/h2>\n<h2 style=\"text-align: center\"><strong>&gt;&gt;Tel\u00e9fono para denuncias de incendios &lt;&lt;<\/strong><\/h2>\n<p>[\/et_pb_text][\/et_pb_column][\/et_pb_row][et_pb_row _builder_version=\u00bb4.27.4&#8243; _module_preset=\u00bbdefault\u00bb max_width=\u00bb2560px\u00bb global_colors_info=\u00bb{}\u00bb][et_pb_column type=\u00bb4_4&#8243; _builder_version=\u00bb4.27.4&#8243; _module_preset=\u00bbdefault\u00bb global_colors_info=\u00bb{}\u00bb][et_pb_gallery gallery_ids=\u00bb2380,5485,5486,5487,5488,5489,2384,5490,5491&#8243; show_title_and_caption=\u00bboff\u00bb show_pagination=\u00bboff\u00bb _builder_version=\u00bb4.27.4&#8243; _module_preset=\u00bbdefault\u00bb title_font=\u00bb|300|||||||\u00bb title_font_size=\u00bb0px\u00bb caption_font=\u00bb|300|||||||\u00bb caption_text_align=\u00bbcenter\u00bb caption_font_size=\u00bb1px\u00bb caption_line_height=\u00bb1px\u00bb pagination_font=\u00bb|300|||||||\u00bb pagination_text_align=\u00bbcenter\u00bb pagination_font_size=\u00bb1rem\u00bb background_enable_color=\u00bboff\u00bb background_layout=\u00bbdark\u00bb module_alignment=\u00bbcenter\u00bb max_height=\u00bb500px\u00bb border_radii=\u00bbon|8px|8px|8px|8px\u00bb border_width_all=\u00bb4px\u00bb border_color_all=\u00bb#C8A977&#8243; border_radii_image=\u00bbon|8px|8px|8px|8px\u00bb global_colors_info=\u00bb{}\u00bb][\/et_pb_gallery][et_pb_code _builder_version=\u00bb4.27.4&#8243; _module_preset=\u00bbdefault\u00bb global_colors_info=\u00bb{}\u00bb][\/et_pb_code][\/et_pb_column][\/et_pb_row][\/et_pb_section][et_pb_section fb_built=\u00bb1&#8243; _builder_version=\u00bb4.27.4&#8243; background_color=\u00bbRGBA(255,255,255,0)\u00bb use_background_color_gradient=\u00bbon\u00bb background_color_gradient_direction=\u00bb2deg\u00bb background_color_gradient_stops=\u00bb#2b87da 0%|rgba(255,255,255,0.82) 30%\u00bb background_image=\u00bbhttps:\/\/mza-dicaws-portal-uploads-media-prod.s3.us-east-1.amazonaws.com\/informacion-oficial\/uploads\/sites\/12\/2025\/04\/IMG_2139-scaled.jpg\u00bb background_blend=\u00bblighten\u00bb custom_margin=\u00bb3px|||||\u00bb global_colors_info=\u00bb{}\u00bb][et_pb_row _builder_version=\u00bb4.27.4&#8243; background_size=\u00bbinitial\u00bb background_position=\u00bbtop_left\u00bb background_repeat=\u00bbrepeat\u00bb max_width=\u00bb2560px\u00bb min_height=\u00bb100px\u00bb custom_margin=\u00bb|auto|-3px|auto||\u00bb custom_padding=\u00bb5px||4px|||\u00bb global_colors_info=\u00bb{}\u00bb][et_pb_column type=\u00bb4_4&#8243; _builder_version=\u00bb4.27.4&#8243; _module_preset=\u00bbdefault\u00bb global_colors_info=\u00bb{}\u00bb][et_pb_heading title=\u00bbDEPARTAMENTO DE FLORA NATIVA. BOSQUES NATIVOS\u00bb admin_label=\u00bbFlora Nativa\u00bb module_id=\u00bbbosques\u00bb _builder_version=\u00bb4.27.4&#8243; _module_preset=\u00bbdefault\u00bb title_level=\u00bbh2&#8243; title_font=\u00bb|300|||||||\u00bb title_text_align=\u00bbleft\u00bb title_text_color=\u00bbgcid-body-color\u00bb title_font_size=\u00bb40px\u00bb min_height=\u00bb70px\u00bb custom_margin=\u00bb||-1px|||\u00bb global_colors_info=\u00bb{%22gcid-body-color%22:%91%22title_text_color%22%93}\u00bb][\/et_pb_heading][et_pb_text _builder_version=\u00bb4.27.4&#8243; _module_preset=\u00bbdefault\u00bb text_text_color=\u00bbgcid-840cd285-ee6f-49c1-abc9-5e893f3235b8&#8243; text_font_size=\u00bb16px\u00bb custom_margin=\u00bb||46px|||\u00bb global_colors_info=\u00bb{%22gcid-840cd285-ee6f-49c1-abc9-5e893f3235b8%22:%91%22text_text_color%22%93}\u00bb]<\/p>\n<p>Departamento de Flora Nativa\/Bosques Nativos tel\u00e9fonos directos: 3853411\/4257065<\/p>\n<p>Tr\u00e1mites: referidos a la Habilitaci\u00f3n de Bocas de Expendio de Le\u00f1a; Solicitud de desmontes; Solicitud de<br \/>extracci\u00f3n de le\u00f1a; Planes dasocr\u00e1ticos, etc.<\/p>\n<p>[\/et_pb_text][et_pb_toggle title=\u00bbLegislaci\u00f3n\u00bb icon_color=\u00bbgcid-bb9c0857-25e3-4051-b4b2-87f09afe6b01&#8243; open_icon_color=\u00bbgcid-53054839-b83d-4ef0-8659-8a010e6148fd\u00bb _builder_version=\u00bb4.27.4&#8243; _module_preset=\u00bbdefault\u00bb title_level=\u00bbh3&#8243; title_font=\u00bb|300|||||||\u00bb title_font_size=\u00bb1.5rem\u00bb background_color=\u00bbRGBA(255,255,255,0.65)\u00bb border_radii=\u00bbon|8px|8px|8px|8px\u00bb global_colors_info=\u00bb{%22gcid-bb9c0857-25e3-4051-b4b2-87f09afe6b01%22:%91%22icon_color%22%93,%22gcid-53054839-b83d-4ef0-8659-8a010e6148fd%22:%91%22open_icon_color%22%93}\u00bb]<\/p>\n<ul>\n<li>Ley Nacional N\u00ba13273: Defensa de la riqueza forestal.<\/li>\n<li>Ley Nacional 26331: Presupuestos m\u00ednimos para la protecci\u00f3n ambiental de los Bosques<br \/>Nativos.<\/li>\n<li>Ley Nacional 27246: adhesi\u00f3n al Protocolo de Nagoya.<\/li>\n<li>Ley Provincial N\u00ba 2088: adhiere a la Ley Nacional N\u00ba13273<\/li>\n<li>Ley Provincial N\u00ba 4609: Declaraci\u00f3n de monte protector, establece la protecci\u00f3n de la flora<br \/>nativa de la Provincia de Mendoza.<\/li>\n<li>Ley Provincial N\u00ba8195: adhesi\u00f3n a la Ley Nacional N\u00ba26331<\/li>\n<li>Resoluci\u00f3n N\u00ba 854\/85: (modificada por resoluci\u00f3n 280\/91) planes dasocr\u00e1ticos para<br \/>aprovechamiento del monte natural.<\/li>\n<li>Resoluci\u00f3n N\u00ba 1609\/90: emisi\u00f3n de Gu\u00edas de Tr\u00e1nsito, extracci\u00f3n y removido de productos y<br \/>subproductos provenientes del monte nativo, a cargo del Departamento de Flora Nativa.<\/li>\n<li>Resoluci\u00f3n N\u00ba 217\/90: Habilita al Departamento de Flora Nativa a registrar Bocas de Expendio<br \/>de productos y subproductos provenientes del monte nativo.<\/li>\n<li>Resoluci\u00f3n N\u00ba 1043\/92: suspensi\u00f3n de los aprovechamientos de productos y subproductos<br \/>provenientes del monte nativo en el Departamento de Lavalle.<\/li>\n<li>Resoluci\u00f3n N\u00ba135\/93: permisos especiales para el aprovechamiento de le\u00f1a seca y\/o quemada,<br \/>limpieza y\/o construcci\u00f3n de picadas, corta de madera para reparar alambrados.<\/li>\n<li>Resoluci\u00f3n N\u00ba419\/2018: seg\u00fan Ley Provincial N\u00ba7874 que faculta a la anterior Direcci\u00f3n de<\/li>\n<li>Recursos Naturales Renovables, hoy Direcci\u00f3n de \u00c1reas Protegidas, para estableces monto de<br \/>multas a las contravenciones a la legislaci\u00f3n vigente.<\/li>\n<li>Resoluci\u00f3n 2511\/93: para personas de bajos recursos, autoriza el tr\u00e1mite de construcci\u00f3n de<br \/>corrales con monte nativo de jarilla y vidriera (ver requisitos). A cargo del Departamento de<br \/>Flora Nativa.<\/li>\n<li>Resoluci\u00f3n N\u00ba593\/96: transporte forestal que ingresa a la Provincia de Mendoza, debe traer<\/li>\n<li>Gu\u00eda de Tr\u00e1nsito de la provincia de origen.<\/li>\n<li>Resoluci\u00f3n: RIT-2023-634-GDEMZA-DRNR#SAYOT: creaci\u00f3n del Registro Provincial de<br \/>infractores de Bosques Nativos de la Provincia de Mendoza.<\/li>\n<li>Resoluci\u00f3n: RIT-2022-549-GDEMZA-DRNR#SAYOT: adhesi\u00f3n a la Ley Nacional N\u00ba27246.<br \/>Decreto N\u00ba 748\/03: autoriza a la anterior Direcci\u00f3n de Recursos Naturales Renovables, hoy<\/li>\n<li>Direcci\u00f3n de \u00c1reas Protegidas y al DFN sobre destino y disposici\u00f3n final de los productos y<br \/>subproductos provenientes del monte nativo decomisados.<\/li>\n<li>Decreto N\u00ba2824\/2008: Designaci\u00f3n de Autoridad de Aplicaci\u00f3n de la Ley Nacional N\u00ba26331.<br \/>Nombra la Secretar\u00eda de Ambiente como autoridad de aplicaci\u00f3n a trav\u00e9s de la DRNR.<\/li>\n<li>Decreto 2530\/2010: autoriza a la DRNR, en su car\u00e1cter de \u00f3rgano de aplicaci\u00f3n de la N\u00ba 8195, a<br \/>aprobar a trav\u00e9s de resoluciones los planes de manejo sostenible y aprovechamiento de los Bosques Nativos.<\/li>\n<\/ul>\n<p>[\/et_pb_toggle][\/et_pb_column][\/et_pb_row][\/et_pb_section][et_pb_section fb_built=\u00bb1&#8243; module_id=\u00bbcontacto\u00bb _builder_version=\u00bb4.27.4&#8243; _module_preset=\u00bbdefault\u00bb background_color=\u00bbRGBA(255,255,255,0)\u00bb use_background_color_gradient=\u00bbon\u00bb background_color_gradient_direction=\u00bb169deg\u00bb background_color_gradient_stops=\u00bb#ffffff 15%|#0a0000 100%\u00bb background_image=\u00bbhttps:\/\/mza-dicaws-portal-uploads-media-prod.s3.us-east-1.amazonaws.com\/informacion-oficial\/uploads\/sites\/12\/2025\/04\/APOT.png\u00bb background_blend=\u00bbscreen\u00bb custom_margin=\u00bb3px|||||\u00bb global_colors_info=\u00bb{}\u00bb][et_pb_row _builder_version=\u00bb4.27.4&#8243; background_size=\u00bbinitial\u00bb background_position=\u00bbtop_left\u00bb background_repeat=\u00bbrepeat\u00bb max_width=\u00bb2560px\u00bb min_height=\u00bb318.8px\u00bb custom_margin=\u00bb-2px|auto|-7px|auto||\u00bb custom_padding=\u00bb8px|||||\u00bb global_colors_info=\u00bb{}\u00bb][et_pb_column type=\u00bb4_4&#8243; _builder_version=\u00bb4.16&#8243; custom_padding=\u00bb|||\u00bb global_colors_info=\u00bb{}\u00bb custom_padding__hover=\u00bb|||\u00bb][et_pb_heading title=\u00bbContacto\u00bb admin_label=\u00bbFlora Nativa\u00bb module_id=\u00bbcontacto\u00bb _builder_version=\u00bb4.27.4&#8243; _module_preset=\u00bbdefault\u00bb title_level=\u00bbh2&#8243; title_font=\u00bb|300|||||||\u00bb title_text_align=\u00bbleft\u00bb title_text_color=\u00bbgcid-53054839-b83d-4ef0-8659-8a010e6148fd\u00bb title_font_size=\u00bb40px\u00bb min_height=\u00bb42px\u00bb custom_margin=\u00bb||-3px|||\u00bb custom_padding=\u00bb||30px|||\u00bb global_colors_info=\u00bb{%22gcid-53054839-b83d-4ef0-8659-8a010e6148fd%22:%91%22title_text_color%22%93}\u00bb][\/et_pb_heading][et_pb_cta title=\u00bbN\u00fameros Telef\u00f3nicos\u00bb _builder_version=\u00bb4.27.4&#8243; _module_preset=\u00bbdefault\u00bb body_font_size=\u00bb0.85rem\u00bb body_line_height=\u00bb1rem\u00bb background_color=\u00bbrgba(46,163,242,0.75)\u00bb max_width=\u00bb75%\u00bb module_alignment=\u00bbcenter\u00bb min_height=\u00bb279.8px\u00bb custom_margin=\u00bb20px|||||\u00bb custom_padding=\u00bb27px||7px|||\u00bb border_radii=\u00bbon|8px|8px|8px|8px\u00bb global_colors_info=\u00bb{}\u00bb]<\/p>\n<p style=\"text-align: center\"><strong><\/strong><\/p>\n<p style=\"text-align: center\"><strong><\/strong><\/p>\n<p style=\"text-align: center\"><strong>Mesa de entradas (conmutador) <\/strong>(261) 385-3400<\/p>\n<p style=\"text-align: center\">Compras (261) 385-3408<\/p>\n<p style=\"text-align: center\">ANP\u00a0(261) 385-3418<\/p>\n<p style=\"text-align: center\">N\u00e1utica (261) 4287500<\/p>\n<p style=\"text-align: center\">Forestaci\u00f3n\u00a0(261) 4270304<\/p>\n<p style=\"text-align: center\">Flora Nativa (261) 4290294 \u2013 4294884<\/p>\n<p>[\/et_pb_cta][\/et_pb_column][\/et_pb_row][\/et_pb_section][et_pb_section fb_built=\u00bb1&#8243; _builder_version=\u00bb4.27.4&#8243; _module_preset=\u00bbdefault\u00bb background_color=\u00bb#3CB4E5&#8243; custom_margin=\u00bb0px||0px||false|false\u00bb custom_padding=\u00bb0px||0px||false|false\u00bb global_colors_info=\u00bb{}\u00bb][et_pb_row use_custom_gutter=\u00bbon\u00bb gutter_width=\u00bb1&#8243; _builder_version=\u00bb4.27.4&#8243; _module_preset=\u00bbdefault\u00bb background_color=\u00bb#3CB4E5&#8243; width=\u00bbauto\u00bb max_width=\u00bb100%\u00bb custom_margin=\u00bb0px|0px|0px|0px|false|false\u00bb custom_padding=\u00bb1em|0px|1em|0px|false|false\u00bb link_option_url=\u00bb#\u00bb global_colors_info=\u00bb{}\u00bb][et_pb_column type=\u00bb4_4&#8243; _builder_version=\u00bb4.27.4&#8243; _module_preset=\u00bbdefault\u00bb global_colors_info=\u00bb{}\u00bb][et_pb_text _builder_version=\u00bb4.27.4&#8243; _module_preset=\u00bbdefault\u00bb text_font=\u00bb|700|||||||\u00bb text_text_color=\u00bb#FFFFFF\u00bb text_font_size=\u00bb16px\u00bb header_text_align=\u00bbcenter\u00bb text_orientation=\u00bbcenter\u00bb custom_margin=\u00bb0px||0px||false|false\u00bb custom_padding=\u00bb0px|1em|0px|1em|false|false\u00bb global_colors_info=\u00bb{}\u00bb]<\/p>\n<p>Mendoza Gobierno 2025. Todos los derechos reservados.<\/p>\n<p>[\/et_pb_text][\/et_pb_column][\/et_pb_row][\/et_pb_section]<\/p>\n","protected":false},"excerpt":{"rendered":"<p>Entender en la administraci\u00f3n, preservaci\u00f3n y la conservaci\u00f3n de los recursos naturales renovables, como as\u00ed tambi\u00e9n en el ejercicio del Poder de Polic\u00eda en el \u00e1mbito de la Provincia de Mendoza. \u00a0Administrar, preservar y conservar las \u00e1reas naturales de la Provincia Administrar y controlar las \u00e1reas protegidas de la Provincia. Desarrollar el sistema de prevenci\u00f3n [&hellip;]<\/p>\n","protected":false},"author":17,"featured_media":0,"parent":0,"menu_order":0,"comment_status":"closed","ping_status":"closed","template":"","meta":{"_et_pb_use_builder":"on","_et_pb_old_content":"","_et_gb_content_width":"","footnotes":""},"class_list":["post-155","page","type-page","status-publish","hentry"],"_links":{"self":[{"href":"https:\/\/informacionoficial.mendoza.gob.ar\/energiayambiente\/wp-json\/wp\/v2\/pages\/155","targetHints":{"allow":["GET"]}}],"collection":[{"href":"https:\/\/informacionoficial.mendoza.gob.ar\/energiayambiente\/wp-json\/wp\/v2\/pages"}],"about":[{"href":"https:\/\/informacionoficial.mendoza.gob.ar\/energiayambiente\/wp-json\/wp\/v2\/types\/page"}],"author":[{"embeddable":true,"href":"https:\/\/informacionoficial.mendoza.gob.ar\/energiayambiente\/wp-json\/wp\/v2\/users\/17"}],"replies":[{"embeddable":true,"href":"https:\/\/informacionoficial.mendoza.gob.ar\/energiayambiente\/wp-json\/wp\/v2\/comments?post=155"}],"version-history":[{"count":261,"href":"https:\/\/informacionoficial.mendoza.gob.ar\/energiayambiente\/wp-json\/wp\/v2\/pages\/155\/revisions"}],"predecessor-version":[{"id":7041,"href":"https:\/\/informacionoficial.mendoza.gob.ar\/energiayambiente\/wp-json\/wp\/v2\/pages\/155\/revisions\/7041"}],"wp:attachment":[{"href":"https:\/\/informacionoficial.mendoza.gob.ar\/energiayambiente\/wp-json\/wp\/v2\/media?parent=155"}],"curies":[{"name":"wp","href":"https:\/\/api.w.org\/{rel}","templated":true}]}}