{"id":23,"date":"2025-03-06T19:21:05","date_gmt":"2025-03-06T18:21:05","guid":{"rendered":"https:\/\/informacionoficial.mendoza.gob.ar\/energiayambiente\/?page_id=23"},"modified":"2025-05-16T13:45:17","modified_gmt":"2025-05-16T11:45:17","slug":"transparencia","status":"publish","type":"page","link":"https:\/\/informacionoficial.mendoza.gob.ar\/energiayambiente\/transparencia\/","title":{"rendered":"Transparencia"},"content":{"rendered":"<p>[et_pb_section fb_built=\u00bb1&#8243; admin_label=\u00bbSubscribe\u00bb _builder_version=\u00bb4.27.4&#8243; _module_preset=\u00bbdefault\u00bb use_background_color_gradient=\u00bbon\u00bb background_color_gradient_stops=\u00bbrgba(0,0,0,0.6) 0%|rgba(0,0,0,0.6) 100%\u00bb background_color_gradient_overlays_image=\u00bbon\u00bb background_image=\u00bbhttps:\/\/mza-dicaws-portal-uploads-media-prod.s3.us-east-1.amazonaws.com\/informacion-oficial\/uploads\/sites\/12\/2025\/03\/0-cc6f1e49-d3dd-4bcd-b2ab-6ad15dbb8dbf-1920&#215;1080-1.jpg\u00bb background_position=\u00bbbottom_center\u00bb custom_padding=\u00bb0vw||0vw||true|false\u00bb locked=\u00bboff\u00bb collapsed=\u00bbon\u00bb global_colors_info=\u00bb{}\u00bb][et_pb_row _builder_version=\u00bb4.27.4&#8243; _module_preset=\u00bbdefault\u00bb hover_enabled=\u00bb0&#8243; locked=\u00bboff\u00bb global_colors_info=\u00bb{}\u00bb max_width=\u00bb2560px\u00bb sticky_enabled=\u00bb0&#8243;][et_pb_column type=\u00bb4_4&#8243; _builder_version=\u00bb4.27.4&#8243; _module_preset=\u00bbdefault\u00bb background_color=\u00bbrgba(255,255,255,0.17)\u00bb custom_padding=\u00bb40px|40px|40px|40px|true|true\u00bb custom_padding_tablet=\u00bb30px|30px|30px|30px|true|true\u00bb custom_padding_phone=\u00bb20px|20px|20px|20px|true|true\u00bb custom_padding_last_edited=\u00bbon|desktop\u00bb animation_style=\u00bbfade\u00bb border_radii=\u00bbon|10px|10px|10px|10px\u00bb border_width_all=\u00bb5px\u00bb border_color_all=\u00bbrgba(255,255,255,0.19)\u00bb global_colors_info=\u00bb{}\u00bb][et_pb_heading title=\u00bbTransparencia\u00bb _builder_version=\u00bb4.27.4&#8243; _module_preset=\u00bbdefault\u00bb title_font=\u00bb|900|||||||\u00bb title_text_align=\u00bbcenter\u00bb title_text_color=\u00bb#FFFFFF\u00bb title_font_size=\u00bb35px\u00bb title_text_shadow_style=\u00bbpreset1&#8243; global_colors_info=\u00bb{}\u00bb][\/et_pb_heading][\/et_pb_column][\/et_pb_row][et_pb_row column_structure=\u00bb1_3,1_3,1_3&#8243; _builder_version=\u00bb4.27.4&#8243; _module_preset=\u00bbdefault\u00bb locked=\u00bboff\u00bb global_colors_info=\u00bb{}\u00bb max_width=\u00bb2560px\u00bb custom_padding=\u00bb||50px|||\u00bb][et_pb_column type=\u00bb1_3&#8243; _builder_version=\u00bb4.27.4&#8243; _module_preset=\u00bbdefault\u00bb background_color=\u00bbrgba(255,255,255,0.17)\u00bb custom_padding=\u00bb40px|40px|40px|40px|true|true\u00bb custom_padding_tablet=\u00bb30px|30px|30px|30px|true|true\u00bb custom_padding_phone=\u00bb20px|20px|20px|20px|true|true\u00bb custom_padding_last_edited=\u00bbon|desktop\u00bb animation_style=\u00bbfade\u00bb link_option_url=\u00bb#institucional\u00bb border_radii=\u00bbon|10px|10px|10px|10px\u00bb border_width_all=\u00bb5px\u00bb border_color_all=\u00bbrgba(255,255,255,0.19)\u00bb global_colors_info=\u00bb{%22gcid-924bddf2-c0ef-4ef9-b028-8630e1b50bab%22:%91%22background_color%22%93}\u00bb][et_pb_icon font_icon=\u00bb&#xe059;||divi||400&#8243; icon_color=\u00bb#3CB4E5&#8243; icon_width=\u00bb40px\u00bb _builder_version=\u00bb4.27.4&#8243; _module_preset=\u00bbdefault\u00bb global_colors_info=\u00bb{}\u00bb][\/et_pb_icon][et_pb_text _builder_version=\u00bb4.27.4&#8243; _module_preset=\u00bb_initial\u00bb text_orientation=\u00bbcenter\u00bb custom_margin=\u00bb||0px||false|false\u00bb global_colors_info=\u00bb{}\u00bb]<\/p>\n<h4>Informaci\u00f3n institucional, organizativa y de planificaci\u00f3n<\/h4>\n<p>[\/et_pb_text][\/et_pb_column][et_pb_column type=\u00bb1_3&#8243; _builder_version=\u00bb4.27.4&#8243; _module_preset=\u00bbdefault\u00bb background_color=\u00bbrgba(255,255,255,0.17)\u00bb custom_padding=\u00bb40px|40px|40px|40px|true|true\u00bb custom_padding_tablet=\u00bb30px|30px|30px|30px|true|true\u00bb custom_padding_phone=\u00bb20px|20px|20px|20px|true|true\u00bb custom_padding_last_edited=\u00bbon|desktop\u00bb animation_style=\u00bbfade\u00bb link_option_url=\u00bb#legal\u00bb border_radii=\u00bbon|10px|10px|10px|10px\u00bb border_width_all=\u00bb5px\u00bb border_color_all=\u00bbrgba(255,255,255,0.19)\u00bb global_colors_info=\u00bb{%22gcid-924bddf2-c0ef-4ef9-b028-8630e1b50bab%22:%91%22background_color%22%93}\u00bb][et_pb_icon font_icon=\u00bb&#xf56c;||fa||900&#8243; icon_color=\u00bb#3CB4E5&#8243; icon_width=\u00bb40px\u00bb _builder_version=\u00bb4.27.4&#8243; _module_preset=\u00bbdefault\u00bb hover_enabled=\u00bb0&#8243; global_colors_info=\u00bb{}\u00bb sticky_enabled=\u00bb0&#8243;][\/et_pb_icon][et_pb_text _builder_version=\u00bb4.27.4&#8243; _module_preset=\u00bb_initial\u00bb text_orientation=\u00bbcenter\u00bb custom_margin=\u00bb||0px||false|false\u00bb hover_enabled=\u00bb0&#8243; global_colors_info=\u00bb{}\u00bb custom_padding=\u00bb||37px||false|false\u00bb sticky_enabled=\u00bb0&#8243;]<\/p>\n<h4>Informaci\u00f3n de relevancia jur\u00eddica<\/h4>\n<p>[\/et_pb_text][\/et_pb_column][et_pb_column type=\u00bb1_3&#8243; _builder_version=\u00bb4.27.4&#8243; _module_preset=\u00bbdefault\u00bb background_color=\u00bbrgba(255,255,255,0.17)\u00bb custom_padding=\u00bb40px|40px|40px|40px|true|true\u00bb custom_padding_tablet=\u00bb30px|30px|30px|30px|true|true\u00bb custom_padding_phone=\u00bb20px|20px|20px|20px|true|true\u00bb custom_padding_last_edited=\u00bbon|desktop\u00bb animation_style=\u00bbfade\u00bb link_option_url=\u00bb#economica\u00bb border_radii=\u00bbon|10px|10px|10px|10px\u00bb border_width_all=\u00bb5px\u00bb border_color_all=\u00bbrgba(255,255,255,0.19)\u00bb global_colors_info=\u00bb{%22gcid-924bddf2-c0ef-4ef9-b028-8630e1b50bab%22:%91%22background_color%22%93}\u00bb][et_pb_icon font_icon=\u00bb&#xe0f2;||divi||400&#8243; icon_color=\u00bb#3CB4E5&#8243; icon_width=\u00bb40px\u00bb _builder_version=\u00bb4.27.4&#8243; _module_preset=\u00bbdefault\u00bb global_colors_info=\u00bb{}\u00bb][\/et_pb_icon][et_pb_text _builder_version=\u00bb4.27.4&#8243; _module_preset=\u00bb_initial\u00bb text_orientation=\u00bbcenter\u00bb custom_margin=\u00bb||0px||false|false\u00bb global_colors_info=\u00bb{}\u00bb]<\/p>\n<h4>Informaci\u00f3n econ\u00f3mica, presupuestaria y estad\u00edstica<\/h4>\n<p>[\/et_pb_text][\/et_pb_column][\/et_pb_row][et_pb_row module_id=\u00bbinstitucional\u00bb _builder_version=\u00bb4.27.4&#8243; _module_preset=\u00bbdefault\u00bb global_colors_info=\u00bb{}\u00bb sticky_enabled=\u00bb0&#8243; max_width=\u00bb2560px\u00bb background_color=\u00bbRGBA(51,51,51,0.5)\u00bb border_radii=\u00bbon|8px|8px|8px|8px\u00bb hover_enabled=\u00bb0&#8243;][et_pb_column type=\u00bb4_4&#8243; _builder_version=\u00bb4.27.4&#8243; _module_preset=\u00bbdefault\u00bb global_colors_info=\u00bb{}\u00bb][et_pb_text _builder_version=\u00bb4.27.4&#8243; _module_preset=\u00bbdefault\u00bb global_colors_info=\u00bb{}\u00bb]<\/p>\n<h2 style=\"text-align: center\">Informaci\u00f3n institucional, organizativa y de planificaci\u00f3n<\/h2>\n<p>[\/et_pb_text][et_pb_slider _builder_version=\u00bb4.27.4&#8243; _module_preset=\u00bbdefault\u00bb min_height=\u00bb348.3px\u00bb custom_padding=\u00bb2px||3px|||\u00bb animation_style=\u00bbslide\u00bb animation_speed_curve=\u00bbease\u00bb scroll_vertical_motion_enable=\u00bboff\u00bb scroll_horizontal_motion_enable=\u00bboff\u00bb hover_enabled=\u00bb0&#8243; global_colors_info=\u00bb{%22gcid-53054839-b83d-4ef0-8659-8a010e6148fd%22:%91%22background_color%22%93}\u00bb background_color=\u00bbgcid-53054839-b83d-4ef0-8659-8a010e6148fd\u00bb sticky_enabled=\u00bb0&#8243;][et_pb_slide button_text=\u00bbClics\u00bb _builder_version=\u00bb4.27.4&#8243; _module_preset=\u00bbdefault\u00bb background_color=\u00bbRGBA(255,255,255,0)\u00bb background_enable_color=\u00bbon\u00bb global_colors_info=\u00bb{}\u00bb sticky_transition=\u00bbon\u00bb]<\/p>\n<p>Seg\u00fan la Ley N\u00ba 9070 de Acceso a la Informaci\u00f3n P\u00fablica:<\/p>\n<p><strong>CAP\u00cdTULO II<\/strong><\/p>\n<p><strong>INFORMACI\u00d3N INSTITUCIONAL, ORGANIZATIVA Y DE PLANIFICACI\u00d3N<\/strong><\/p>\n<p>Los Sujetos Obligados publicar\u00e1n informaci\u00f3n\u00a0relativa a las funciones que desarrollan, la normativa que les sea de aplicaci\u00f3n\u00a0as\u00ed como a su estructura organizativa. A estos efectos, incluir\u00e1n un organigrama\u00a0actualizado que identifique a los responsables de los diferentes \u00f3rganos, su\u00a0perfil y trayectoria profesional.<\/p>\n<p>Los Sujetos Obligados har\u00e1n p\u00fablicos los planes y\u00a0programas anuales y plurianuales en los que se fijen objetivos concretos, as\u00ed\u00a0como las actividades, medios y tiempo previsto para su consecuci\u00f3n. Su grado de\u00a0cumplimiento y resultados deber\u00e1n ser objeto de evaluaci\u00f3n y publicaci\u00f3n\u00a0peri\u00f3dica junto con los indicadores de medida y valoraci\u00f3n, en la forma en que\u00a0se determine por cada Administraci\u00f3n competente.<\/p>\n<p>[\/et_pb_slide][et_pb_slide button_text=\u00bbClics\u00bb _builder_version=\u00bb4.27.4&#8243; _module_preset=\u00bbdefault\u00bb background_color=\u00bbRGBA(255,255,255,0)\u00bb background_enable_color=\u00bbon\u00bb global_colors_info=\u00bb{}\u00bb sticky_transition=\u00bbon\u00bb]<\/p>\n<h3>Objetivos<\/h3>\n<p><strong>Ministerio de Energ\u00eda y Ambiente<\/strong><\/p>\n<p>El Ministerio de Energ\u00eda y Ambiente entender\u00e1 el dise\u00f1o, planificaci\u00f3n y ejecuci\u00f3n de la pol\u00edtica hidrocarbur\u00edfera minera y energ\u00e9tica de la provincia proveyendo a un desarrollo y explotaci\u00f3n de las fuentes de energ\u00eda en forma sostenible a trav\u00e9s de un plan de transici\u00f3n energ\u00e9tica con aprovechamiento de los recursos actuales aplicados al desarrollo de una matriz futura.<\/p>\n<p>Le corresponde tambi\u00e9n la planificaci\u00f3n y ejecuci\u00f3n de las pol\u00edticas ambientales tendientes a promover un uso y explotaci\u00f3n de la tierra y de los recursos naturales de Mendoza en un todo arm\u00f3nico con las pol\u00edticas de aprovechamiento y transici\u00f3n energ\u00e9tica, garantizando la sostenibilidad ambiental regenerativa y reforzando el rol del Estado como ordenador, regulador, promotor y fiscalizador de desarrollo ambiental y en com\u00fan.<\/p>\n<p>[\/et_pb_slide][\/et_pb_slider][\/et_pb_column][\/et_pb_row][et_pb_row module_id=\u00bbinstitucional\u00bb _builder_version=\u00bb4.27.4&#8243; _module_preset=\u00bbdefault\u00bb global_colors_info=\u00bb{}\u00bb sticky_enabled=\u00bb0&#8243; max_width=\u00bb2560px\u00bb background_color=\u00bbRGBA(51,51,51,0.5)\u00bb border_radii=\u00bbon|8px|8px|8px|8px\u00bb custom_margin=\u00bb60px|auto||auto||\u00bb][et_pb_column type=\u00bb4_4&#8243; _builder_version=\u00bb4.27.4&#8243; _module_preset=\u00bbdefault\u00bb global_colors_info=\u00bb{}\u00bb][et_pb_text _builder_version=\u00bb4.27.4&#8243; _module_preset=\u00bbdefault\u00bb custom_padding=\u00bb||0px|||\u00bb global_colors_info=\u00bb{}\u00bb]<\/p>\n<h2 style=\"text-align: center\">Informaci\u00f3n de relevancia Jur\u00eddica<\/h2>\n<p>[\/et_pb_text][et_pb_slider _builder_version=\u00bb4.27.4&#8243; _module_preset=\u00bbdefault\u00bb min_height=\u00bb348.3px\u00bb custom_padding=\u00bb2px||1px|||\u00bb animation_style=\u00bbslide\u00bb animation_speed_curve=\u00bbease\u00bb link_option_url=\u00bb#juridica\u00bb scroll_vertical_motion_enable=\u00bboff\u00bb scroll_horizontal_motion_enable=\u00bboff\u00bb global_colors_info=\u00bb{}\u00bb][et_pb_slide button_text=\u00bbClics\u00bb _builder_version=\u00bb4.27.4&#8243; _module_preset=\u00bbdefault\u00bb background_color=\u00bbRGBA(255,255,255,0)\u00bb background_enable_color=\u00bbon\u00bb global_colors_info=\u00bb{}\u00bb sticky_transition=\u00bbon\u00bb]<\/p>\n<p>Seg\u00fan la Ley N\u00ba 9070 de Acceso a la Informaci\u00f3n P\u00fablica:<\/p>\n<p><strong>CAP\u00cdTULO III<\/strong><\/p>\n<p><strong>INFORMACI\u00d3N DE RELEVANCIA JUR\u00cdDICA<\/strong><\/p>\n<p>Informaci\u00f3n \u2013 Los Sujetos Obligados, en el \u00e1mbito de sus competencias,\u00a0publicar\u00e1n:<\/p>\n<p>a) las directrices, instrucciones, acuerdos, circulares o respuestas a consultas\u00a0planteadas por los particulares u otros \u00f3rganos en la medida en que supongan una\u00a0interpretaci\u00f3n del Derecho o tengan efectos jur\u00eddicos.<\/p>\n<p>b) Los Anteproyectos de Ley, los proyectos de Ley, de Resoluciones y de\u00a0Declaraciones Legislativas, cuya iniciativa les corresponda.<\/p>\n<p>c) Los proyectos de reglamento cuya iniciativa les corresponda.<\/p>\n<p>d) Las memorias e informes.<\/p>\n<p>e) Los documentos que, conforme a la legislaci\u00f3n vigente, deban ser sometidos a\u00a0un per\u00edodo de informaci\u00f3n p\u00fablica durante su tramitaci\u00f3n.<\/p>\n<p>[\/et_pb_slide][\/et_pb_slider][\/et_pb_column][\/et_pb_row][et_pb_row module_id=\u00bbinstitucional\u00bb _builder_version=\u00bb4.27.4&#8243; _module_preset=\u00bbdefault\u00bb global_colors_info=\u00bb{}\u00bb max_width=\u00bb2560px\u00bb background_color=\u00bbRGBA(51,51,51,0.5)\u00bb border_radii=\u00bbon|8px|8px|8px|8px\u00bb custom_margin=\u00bb60px|auto||auto||\u00bb][et_pb_column type=\u00bb4_4&#8243; _builder_version=\u00bb4.27.4&#8243; _module_preset=\u00bbdefault\u00bb global_colors_info=\u00bb{}\u00bb][et_pb_text _builder_version=\u00bb4.27.4&#8243; _module_preset=\u00bbdefault\u00bb custom_padding=\u00bb||0px|||\u00bb global_colors_info=\u00bb{}\u00bb]<\/p>\n<h2 style=\"text-align: center\">Informaci\u00f3n econ\u00f3mica, presupuestaria y estad\u00edstica<\/h2>\n<p>[\/et_pb_text][et_pb_slider _builder_version=\u00bb4.27.4&#8243; _module_preset=\u00bbdefault\u00bb min_height=\u00bb348.3px\u00bb custom_padding=\u00bb2px||50px|||\u00bb animation_style=\u00bbslide\u00bb animation_speed_curve=\u00bbease\u00bb link_option_url=\u00bb#juridica\u00bb scroll_vertical_motion_enable=\u00bboff\u00bb scroll_horizontal_motion_enable=\u00bboff\u00bb global_colors_info=\u00bb{}\u00bb][et_pb_slide button_text=\u00bbClics\u00bb _builder_version=\u00bb4.27.4&#8243; _module_preset=\u00bbdefault\u00bb background_color=\u00bbRGBA(255,255,255,0)\u00bb background_enable_color=\u00bbon\u00bb global_colors_info=\u00bb{}\u00bb sticky_transition=\u00bbon\u00bb]<\/p>\n<p>Seg\u00fan la Ley N\u00ba 9070 de Acceso a la Informaci\u00f3n P\u00fablica:<\/p>\n<p><strong>CAP\u00cdTULO IV<\/strong><\/p>\n<p><strong>INFORMACI\u00d3N ECON\u00d3MICA, PRESUPUESTARIA Y ESTAD\u00cdSTICA<\/strong><\/p>\n<p>Los Sujetos Obligados incluidos en el \u00e1mbito de\u00a0aplicaci\u00f3n de este T\u00edtulo deber\u00e1n hacer p\u00fablica, como m\u00ednimo, la informaci\u00f3n\u00a0relativa a los actos de gesti\u00f3n administrativa con repercusi\u00f3n econ\u00f3mica o\u00a0presupuestaria que se indican a continuaci\u00f3n:<\/p>\n<p>a) todos los contratos, con indicaci\u00f3n del objeto, duraci\u00f3n, el importe de\u00a0licitaci\u00f3n y de adjudicaci\u00f3n. Igualmente ser\u00e1n objeto de publicaci\u00f3n las\u00a0decisiones de desistimiento y renuncia de los contratos.<\/p>\n<p>b) La relaci\u00f3n de los convenios suscriptos, con menci\u00f3n de las partes firmantes,\u00a0su objeto, plazo de duraci\u00f3n, modificaciones realizadas, obligados a la\u00a0realizaci\u00f3n de las prestaciones y, en su caso, las obligaciones econ\u00f3micas<br \/>convenidas.<\/p>\n<p>c) Las subvenciones y ayudas p\u00fablicas concedidas con indicaci\u00f3n de su importe,\u00a0objetivo o finalidad y beneficiarios.<\/p>\n<h4 class=\"pkg-title\"><\/h4>\n<p>[\/et_pb_slide][et_pb_slide button_text=\u00bbClics\u00bb _builder_version=\u00bb4.27.4&#8243; _module_preset=\u00bbdefault\u00bb background_color=\u00bbRGBA(255,255,255,0)\u00bb background_enable_color=\u00bbon\u00bb global_colors_info=\u00bb{}\u00bb sticky_transition=\u00bbon\u00bb]<\/p>\n<p>d) Los presupuestos, con descripci\u00f3n de las principales partidas presupuestarias\u00a0e informaci\u00f3n actualizada y comprensible sobre su estado de ejecuci\u00f3n y sobre el\u00a0cumplimiento de los objetivos de estabilidad presupuestaria y sostenibilidad\u00a0financiera de la Administraci\u00f3n P\u00fablica.<\/p>\n<p>e) Las cuentas anuales que deban rendirse y los informes de auditor\u00eda de cuentas\u00a0y de fiscalizaci\u00f3n por parte de los \u00f3rganos de control externo que sobre ellos\u00a0se emitan.<\/p>\n<p>f) Las resoluciones de autorizaci\u00f3n o reconocimiento de compatibilidad que\u00a0afecten a los empleados p\u00fablicos.<\/p>\n<p>g) Las declaraciones juradas anuales de bienes y actividades seg\u00fan lo dispuesto\u00a0por la Ley Provincial N\u00b0 8993.<\/p>\n<p>h) La informaci\u00f3n estad\u00edstica necesaria para valorar el grado de cumplimiento y\u00a0calidad de los servicios p\u00fablicos que sean de su competencia, en los t\u00e9rminos\u00a0que defina cada administraci\u00f3n competente.<\/p>\n<h4 class=\"pkg-title\"><a href=\"http:\/\/datosabiertos.mendoza.gov.ar\/dataset\/planta-de-personal-de-la-administracion-publica-provincial\" target=\"_blank\" rel=\"noopener\">Planta de Personal de la Administraci\u00f3n P\u00fablica Provincial<\/a><\/h4>\n<h4 class=\"pkg-title\"><a href=\"http:\/\/datosabiertos.mendoza.gov.ar\/dataset\/concursos-de-ingresos-y-ascensos-en-el-estado\" target=\"_blank\" rel=\"noopener\">Concursos de Ingresos y Ascensos en el Estado<\/a><\/h4>\n<h4><a href=\"https:\/\/sidico-web.mendoza.gov.ar\/Sidico\/servlet\/hdefault\">SIDICO<\/a><\/h4>\n<h4 class=\"pkg-title\"><a href=\"http:\/\/datosabiertos.mendoza.gov.ar\/dataset\/programa-de-atencion-al-ciudadano-pac\" target=\"_blank\" rel=\"noopener\">Estad\u00edsticas Atenci\u00f3n Ciudadana Gobierno de Mendoza \u2013 148<\/a><\/h4>\n<p>[\/et_pb_slide][\/et_pb_slider][\/et_pb_column][\/et_pb_row][\/et_pb_section]<\/p>\n","protected":false},"excerpt":{"rendered":"<p>Informaci\u00f3n institucional, organizativa y de planificaci\u00f3nInformaci\u00f3n de relevancia jur\u00eddicaInformaci\u00f3n econ\u00f3mica, presupuestaria y estad\u00edsticaInformaci\u00f3n institucional, organizativa y de planificaci\u00f3nSeg\u00fan la Ley N\u00ba 9070 de Acceso a la Informaci\u00f3n P\u00fablica: CAP\u00cdTULO II INFORMACI\u00d3N INSTITUCIONAL, ORGANIZATIVA Y DE PLANIFICACI\u00d3N Los Sujetos Obligados publicar\u00e1n informaci\u00f3n\u00a0relativa a las funciones que desarrollan, la normativa que les sea de aplicaci\u00f3n\u00a0as\u00ed como a [&hellip;]<\/p>\n","protected":false},"author":1,"featured_media":0,"parent":0,"menu_order":0,"comment_status":"closed","ping_status":"closed","template":"","meta":{"_et_pb_use_builder":"on","_et_pb_old_content":"","_et_gb_content_width":"","footnotes":""},"class_list":["post-23","page","type-page","status-publish","hentry"],"_links":{"self":[{"href":"https:\/\/informacionoficial.mendoza.gob.ar\/energiayambiente\/wp-json\/wp\/v2\/pages\/23","targetHints":{"allow":["GET"]}}],"collection":[{"href":"https:\/\/informacionoficial.mendoza.gob.ar\/energiayambiente\/wp-json\/wp\/v2\/pages"}],"about":[{"href":"https:\/\/informacionoficial.mendoza.gob.ar\/energiayambiente\/wp-json\/wp\/v2\/types\/page"}],"author":[{"embeddable":true,"href":"https:\/\/informacionoficial.mendoza.gob.ar\/energiayambiente\/wp-json\/wp\/v2\/users\/1"}],"replies":[{"embeddable":true,"href":"https:\/\/informacionoficial.mendoza.gob.ar\/energiayambiente\/wp-json\/wp\/v2\/comments?post=23"}],"version-history":[{"count":43,"href":"https:\/\/informacionoficial.mendoza.gob.ar\/energiayambiente\/wp-json\/wp\/v2\/pages\/23\/revisions"}],"predecessor-version":[{"id":782,"href":"https:\/\/informacionoficial.mendoza.gob.ar\/energiayambiente\/wp-json\/wp\/v2\/pages\/23\/revisions\/782"}],"wp:attachment":[{"href":"https:\/\/informacionoficial.mendoza.gob.ar\/energiayambiente\/wp-json\/wp\/v2\/media?parent=23"}],"curies":[{"name":"wp","href":"https:\/\/api.w.org\/{rel}","templated":true}]}}