{"id":488,"date":"2025-04-24T15:02:07","date_gmt":"2025-04-24T13:02:07","guid":{"rendered":"https:\/\/informacionoficial.mendoza.gob.ar\/energiayambiente\/?page_id=488"},"modified":"2026-01-15T12:02:11","modified_gmt":"2026-01-15T15:02:11","slug":"aconcagua","status":"publish","type":"page","link":"https:\/\/informacionoficial.mendoza.gob.ar\/energiayambiente\/aconcagua\/","title":{"rendered":"Aconcagua"},"content":{"rendered":"<p>[et_pb_section fb_built=\u00bb1&#8243; _builder_version=\u00bb4.27.4&#8243; use_background_color_gradient=\u00bbon\u00bb background_color_gradient_direction=\u00bb1deg\u00bb background_color_gradient_stops=\u00bb#ffffff 6%|#000000 51%\u00bb background_image=\u00bbhttps:\/\/mza-dicaws-portal-uploads-media-prod.s3.us-east-1.amazonaws.com\/informacion-oficial\/uploads\/sites\/12\/2025\/06\/Atardecer-1.png\u00bb background_blend=\u00bbscreen\u00bb width=\u00bb100%\u00bb min_height=\u00bb739.6px\u00bb custom_margin=\u00bb||0px||false|false\u00bb custom_padding=\u00bb30px||75px||false|false\u00bb hover_enabled=\u00bb0&#8243; border_color_all=\u00bb#FFFFFF\u00bb global_colors_info=\u00bb{}\u00bb sticky_enabled=\u00bb0&#8243;][et_pb_row _builder_version=\u00bb4.27.4&#8243; background_size=\u00bbinitial\u00bb background_position=\u00bbtop_left\u00bb background_repeat=\u00bbrepeat\u00bb min_height=\u00bb63px\u00bb custom_margin=\u00bb0px|auto|0px|auto|false|false\u00bb custom_padding=\u00bb0px||0px||false|false\u00bb hover_enabled=\u00bb0&#8243; global_colors_info=\u00bb{}\u00bb module_alignment=\u00bbcenter\u00bb sticky_enabled=\u00bb0&#8243;][et_pb_column type=\u00bb4_4&#8243; _builder_version=\u00bb4.27.4&#8243; _module_preset=\u00bbdefault\u00bb global_colors_info=\u00bb{}\u00bb][et_pb_heading title=\u00bb40\u00b0 Aniversario\u00bb url=\u00bbhttps:\/\/mza-dicaws-portal-uploads-media-prod.s3.amazonaws.com\/informacion-oficial\/uploads\/sites\/12\/2025\/09\/PPA-aniversario-40.pdf\u00bb _builder_version=\u00bb4.27.4&#8243; _module_preset=\u00bbdefault\u00bb title_level=\u00bbh4&#8243; title_font=\u00bb|700|||||||\u00bb title_text_align=\u00bbcenter\u00bb title_text_color=\u00bb#e5e5e5&#8243; title_font_size=\u00bb14px\u00bb background_color=\u00bb#C8A977&#8243; width=\u00bb85px\u00bb max_width=\u00bb85px\u00bb module_alignment=\u00bbleft\u00bb min_height=\u00bb85px\u00bb height=\u00bb85px\u00bb max_height=\u00bb85px\u00bb custom_margin=\u00bb0px||0px||false|false\u00bb custom_padding=\u00bb20px|2px|0px|2px|false|false\u00bb hover_enabled=\u00bb0&#8243; border_radii=\u00bbon|128px|128px|128px|128px\u00bb global_colors_info=\u00bb{}\u00bb sticky_enabled=\u00bb0&#8243; box_shadow_style=\u00bbpreset2&#8243;][\/et_pb_heading][\/et_pb_column][\/et_pb_row][et_pb_row _builder_version=\u00bb4.27.4&#8243; background_size=\u00bbinitial\u00bb background_position=\u00bbtop_left\u00bb background_repeat=\u00bbrepeat\u00bb max_width=\u00bb2560px\u00bb min_height=\u00bb150px\u00bb custom_margin=\u00bb30px|auto|-1px|auto||\u00bb custom_padding=\u00bb4px||0px|||\u00bb global_colors_info=\u00bb{}\u00bb][et_pb_column type=\u00bb4_4&#8243; _builder_version=\u00bb4.27.4&#8243; _module_preset=\u00bbdefault\u00bb global_colors_info=\u00bb{}\u00bb][et_pb_heading title=\u00bbParque Provincial Aconcagua\u00bb _builder_version=\u00bb4.27.4&#8243; _module_preset=\u00bbdefault\u00bb title_font=\u00bb||||||||\u00bb title_text_align=\u00bbcenter\u00bb title_text_color=\u00bb#FFFFFF\u00bb title_font_size=\u00bb3.5rem\u00bb min_height=\u00bb54px\u00bb custom_margin=\u00bb||50px|||\u00bb custom_padding=\u00bb||3px|||\u00bb title_text_shadow_style=\u00bbpreset2&#8243; title_text_shadow_color=\u00bbrgba(0,0,0,0.73)\u00bb global_colors_info=\u00bb{}\u00bb][\/et_pb_heading][et_pb_blurb title=\u00bbTikets\/Entradas\u00bb url=\u00bbhttps:\/\/entradasanp.mendoza.gov.ar\/turneroanppub\/servlet\/com.turneroanp.solturno001&#8243; use_icon=\u00bbon\u00bb font_icon=\u00bb&#xf06a;||fa||900&#8243; icon_color=\u00bb#000f9f\u00bb icon_placement=\u00bbleft\u00bb image_icon_width=\u00bb40px\u00bb content_max_width=\u00bb150px\u00bb _builder_version=\u00bb4.27.4&#8243; _module_preset=\u00bbdefault\u00bb header_level=\u00bbh2&#8243; header_font=\u00bb|800|||||||\u00bb header_text_align=\u00bbcenter\u00bb header_text_color=\u00bb#000f9f\u00bb header_font_size=\u00bb18px\u00bb header_line_height=\u00bb2em\u00bb body_text_color=\u00bbgcid-840cd285-ee6f-49c1-abc9-5e893f3235b8&#8243; background_color=\u00bb#ffffff\u00bb width=\u00bb225px\u00bb max_width=\u00bb225px\u00bb module_alignment=\u00bbright\u00bb min_height=\u00bb50px\u00bb height=\u00bb50px\u00bb max_height=\u00bb50px\u00bb custom_margin=\u00bb||||false|false\u00bb custom_padding=\u00bb5px|5px|5px|5px|false|false\u00bb border_radii=\u00bbon|8px|8px|8px|8px\u00bb box_shadow_style=\u00bbpreset2&#8243; box_shadow_blur=\u00bb5px\u00bb locked=\u00bboff\u00bb global_colors_info=\u00bb{%22gcid-840cd285-ee6f-49c1-abc9-5e893f3235b8%22:%91%22body_text_color%22%93}\u00bb global_module=\u00bb6470&#8243; theme_builder_area=\u00bbpost_content\u00bb saved_tabs=\u00bball\u00bb][\/et_pb_blurb][\/et_pb_column][\/et_pb_row][et_pb_row column_structure=\u00bb1_4,1_4,1_4,1_4&#8243; _builder_version=\u00bb4.27.4&#8243; _module_preset=\u00bbdefault\u00bb background_color=\u00bbrgba(255,255,255,0.79)\u00bb max_width=\u00bb2560px\u00bb custom_padding=\u00bb||2px|||\u00bb border_radii=\u00bbon|8px|8px|8px|8px\u00bb global_colors_info=\u00bb{}\u00bb custom_margin=\u00bb35px|auto||auto||\u00bb][et_pb_column type=\u00bb1_4&#8243; _builder_version=\u00bb4.27.4&#8243; _module_preset=\u00bbdefault\u00bb global_colors_info=\u00bb{}\u00bb][et_pb_blurb title=\u00bbCaracter\u00edsticas Generales\u00bb url=\u00bb#grales\u00bb use_icon=\u00bbon\u00bb font_icon=\u00bb&#xf059;||fa||900&#8243; icon_color=\u00bb#0C71C3&#8243; _builder_version=\u00bb4.27.4&#8243; _module_preset=\u00bbdefault\u00bb header_text_align=\u00bbcenter\u00bb header_text_color=\u00bb#0C71C3&#8243; body_text_color=\u00bbgcid-840cd285-ee6f-49c1-abc9-5e893f3235b8&#8243; custom_margin=\u00bb||10%||false|false\u00bb link_option_url=\u00bbhttps:\/\/www.mendoza.gov.ar\/cultura\/\u00bb hover_enabled=\u00bb0&#8243; locked=\u00bboff\u00bb global_colors_info=\u00bb{%22gcid-840cd285-ee6f-49c1-abc9-5e893f3235b8%22:%91%22body_text_color%22%93}\u00bb min_height=\u00bb175px\u00bb sticky_enabled=\u00bb0&#8243;][\/et_pb_blurb][et_pb_blurb title=\u00bbMenores de edad\u00bb url=\u00bb#docs\u00bb use_icon=\u00bbon\u00bb font_icon=\u00bb&#xf1ae;||fa||900&#8243; icon_color=\u00bb#0C71C3&#8243; _builder_version=\u00bb4.27.4&#8243; _module_preset=\u00bbdefault\u00bb header_text_align=\u00bbcenter\u00bb header_text_color=\u00bb#0C71C3&#8243; body_text_color=\u00bbgcid-840cd285-ee6f-49c1-abc9-5e893f3235b8&#8243; custom_margin=\u00bb||10%||false|false\u00bb locked=\u00bboff\u00bb global_colors_info=\u00bb{%22gcid-840cd285-ee6f-49c1-abc9-5e893f3235b8%22:%91%22body_text_color%22,%22body_text_color%22,%22body_text_color%22%93}\u00bb][\/et_pb_blurb][\/et_pb_column][et_pb_column type=\u00bb1_4&#8243; _builder_version=\u00bb4.27.4&#8243; _module_preset=\u00bbdefault\u00bb global_colors_info=\u00bb{}\u00bb][et_pb_blurb title=\u00bbActividades, Permisos y Tarifas\u00bb url=\u00bb#permisos\u00bb use_icon=\u00bbon\u00bb font_icon=\u00bb&#xf554;||fa||900&#8243; icon_color=\u00bb#0C71C3&#8243; _builder_version=\u00bb4.27.4&#8243; _module_preset=\u00bbdefault\u00bb header_text_align=\u00bbcenter\u00bb header_text_color=\u00bb#0C71C3&#8243; body_text_color=\u00bbgcid-840cd285-ee6f-49c1-abc9-5e893f3235b8&#8243; custom_margin=\u00bb||10%||false|false\u00bb hover_enabled=\u00bb0&#8243; locked=\u00bboff\u00bb global_colors_info=\u00bb{%22gcid-840cd285-ee6f-49c1-abc9-5e893f3235b8%22:%91%22body_text_color%22,%22body_text_color%22%93}\u00bb min_height=\u00bb175px\u00bb sticky_enabled=\u00bb0&#8243;][\/et_pb_blurb][et_pb_blurb title=\u00bbGu\u00edas de Monta\u00f1a\u00bb url=\u00bb#guias\u00bb use_icon=\u00bbon\u00bb font_icon=\u00bb&#xf505;||fa||900&#8243; icon_color=\u00bb#0C71C3&#8243; _builder_version=\u00bb4.27.4&#8243; _module_preset=\u00bbdefault\u00bb header_text_align=\u00bbcenter\u00bb header_text_color=\u00bb#0C71C3&#8243; body_text_color=\u00bbgcid-840cd285-ee6f-49c1-abc9-5e893f3235b8&#8243; custom_margin=\u00bb||10%||false|false\u00bb locked=\u00bboff\u00bb global_colors_info=\u00bb{%22gcid-840cd285-ee6f-49c1-abc9-5e893f3235b8%22:%91%22body_text_color%22,%22body_text_color%22,%22body_text_color%22%93}\u00bb][\/et_pb_blurb][\/et_pb_column][et_pb_column type=\u00bb1_4&#8243; _builder_version=\u00bb4.27.4&#8243; _module_preset=\u00bbdefault\u00bb global_colors_info=\u00bb{}\u00bb][et_pb_blurb title=\u00bbDocumentaci\u00f3n\u00bb url=\u00bb#docs\u00bb use_icon=\u00bbon\u00bb font_icon=\u00bb&#xe059;||divi||400&#8243; icon_color=\u00bb#0C71C3&#8243; _builder_version=\u00bb4.27.4&#8243; _module_preset=\u00bbdefault\u00bb header_text_align=\u00bbcenter\u00bb header_text_color=\u00bb#0C71C3&#8243; body_text_color=\u00bbgcid-840cd285-ee6f-49c1-abc9-5e893f3235b8&#8243; custom_margin=\u00bb||10%||false|false\u00bb hover_enabled=\u00bb0&#8243; locked=\u00bboff\u00bb global_colors_info=\u00bb{%22gcid-840cd285-ee6f-49c1-abc9-5e893f3235b8%22:%91%22body_text_color%22,%22body_text_color%22,%22body_text_color%22%93}\u00bb min_height=\u00bb175px\u00bb sticky_enabled=\u00bb0&#8243;][\/et_pb_blurb][et_pb_blurb title=\u00bbPron\u00f3stico del Tiempo\u00bb url=\u00bbhttps:\/\/www.mountain-forecast.com\/peaks\/Aconcagua\/forecasts\/6962&#8243; use_icon=\u00bbon\u00bb font_icon=\u00bb&#xf6c4;||fa||900&#8243; icon_color=\u00bb#0C71C3&#8243; _builder_version=\u00bb4.27.4&#8243; _module_preset=\u00bbdefault\u00bb header_text_align=\u00bbcenter\u00bb header_text_color=\u00bb#0C71C3&#8243; body_text_color=\u00bbgcid-840cd285-ee6f-49c1-abc9-5e893f3235b8&#8243; custom_margin=\u00bb||10%||false|false\u00bb locked=\u00bboff\u00bb global_colors_info=\u00bb{%22gcid-840cd285-ee6f-49c1-abc9-5e893f3235b8%22:%91%22body_text_color%22,%22body_text_color%22%93}\u00bb][\/et_pb_blurb][\/et_pb_column][et_pb_column type=\u00bb1_4&#8243; _builder_version=\u00bb4.27.4&#8243; _module_preset=\u00bbdefault\u00bb global_colors_info=\u00bb{}\u00bb][et_pb_blurb title=\u00bbBienestar Animal\u00bb url=\u00bb#bienestar\u00bb use_icon=\u00bbon\u00bb font_icon=\u00bb&#xf6f0;||fa||900&#8243; icon_color=\u00bb#0C71C3&#8243; _builder_version=\u00bb4.27.4&#8243; _module_preset=\u00bbdefault\u00bb header_text_align=\u00bbcenter\u00bb header_text_color=\u00bb#0C71C3&#8243; body_text_color=\u00bbgcid-840cd285-ee6f-49c1-abc9-5e893f3235b8&#8243; custom_margin=\u00bb||10%||false|false\u00bb hover_enabled=\u00bb0&#8243; locked=\u00bboff\u00bb global_colors_info=\u00bb{%22gcid-840cd285-ee6f-49c1-abc9-5e893f3235b8%22:%91%22body_text_color%22,%22body_text_color%22,%22body_text_color%22%93}\u00bb min_height=\u00bb175px\u00bb sticky_enabled=\u00bb0&#8243;][\/et_pb_blurb][et_pb_blurb title=\u00bbUS Visitors\u00bb url=\u00bbhttps:\/\/www.mendoza.gov.ar\/wp-content\/uploads\/sites\/71\/2020\/12\/RECOMMENDATIONS-US-VISITORS.pdf\u00bb use_icon=\u00bbon\u00bb font_icon=\u00bb&#xf57d;||fa||900&#8243; icon_color=\u00bb#0C71C3&#8243; _builder_version=\u00bb4.27.4&#8243; _module_preset=\u00bbdefault\u00bb header_text_align=\u00bbcenter\u00bb header_text_color=\u00bb#0C71C3&#8243; body_text_color=\u00bbgcid-840cd285-ee6f-49c1-abc9-5e893f3235b8&#8243; custom_margin=\u00bb||10%||false|false\u00bb locked=\u00bboff\u00bb global_colors_info=\u00bb{%22gcid-840cd285-ee6f-49c1-abc9-5e893f3235b8%22:%91%22body_text_color%22,%22body_text_color%22%93}\u00bb][\/et_pb_blurb][\/et_pb_column][\/et_pb_row][\/et_pb_section][et_pb_section fb_built=\u00bb1&#8243; _builder_version=\u00bb4.27.2&#8243; background_color=\u00bbRGBA(255,255,255,0)\u00bb use_background_color_gradient=\u00bbon\u00bb background_color_gradient_direction=\u00bb169deg\u00bb background_color_gradient_stops=\u00bb#ffffff 15%|#0a0000 100%\u00bb background_image=\u00bbhttps:\/\/mza-dicaws-portal-uploads-media-prod.s3.us-east-1.amazonaws.com\/informacion-oficial\/uploads\/sites\/12\/2025\/06\/Cerro-Aconcagua-Vista-desde-Horcones-QUIEN.jpg\u00bb background_blend=\u00bbscreen\u00bb min_height=\u00bb1135px\u00bb custom_margin=\u00bb3px||35px|||\u00bb custom_padding=\u00bb3px||75px|||\u00bb global_colors_info=\u00bb{}\u00bb][et_pb_row _builder_version=\u00bb4.27.4&#8243; background_size=\u00bbinitial\u00bb background_position=\u00bbtop_left\u00bb background_repeat=\u00bbrepeat\u00bb max_width=\u00bb2560px\u00bb min_height=\u00bb117px\u00bb custom_margin=\u00bb|auto|-3px|auto||\u00bb custom_padding=\u00bb5px|||||\u00bb global_colors_info=\u00bb{}\u00bb][et_pb_column type=\u00bb4_4&#8243; _builder_version=\u00bb4.27.4&#8243; _module_preset=\u00bbdefault\u00bb global_colors_info=\u00bb{}\u00bb][et_pb_heading title=\u00bbCARACTER\u00cdSTICAS\u00bb admin_label=\u00bbFlora Nativa\u00bb module_id=\u00bbgrales\u00bb _builder_version=\u00bb4.27.4&#8243; _module_preset=\u00bbdefault\u00bb title_level=\u00bbh2&#8243; title_font=\u00bb|300|||||||\u00bb title_text_align=\u00bbleft\u00bb title_text_color=\u00bbgcid-body-color\u00bb title_font_size=\u00bb40px\u00bb min_height=\u00bb39px\u00bb custom_margin=\u00bb||-1px|||\u00bb global_colors_info=\u00bb{%22gcid-body-color%22:%91%22title_text_color%22%93}\u00bb][\/et_pb_heading][et_pb_heading title=\u00bbDE LA RESERVA\u00bb admin_label=\u00bbFlora Nativa\u00bb _builder_version=\u00bb4.27.2&#8243; _module_preset=\u00bbdefault\u00bb title_level=\u00bbh2&#8243; title_font=\u00bb|300|||||||\u00bb title_text_align=\u00bbleft\u00bb title_text_color=\u00bbgcid-body-color\u00bb title_font_size=\u00bb40px\u00bb min_height=\u00bb39px\u00bb custom_margin=\u00bb||-1px|||\u00bb global_colors_info=\u00bb{%22gcid-body-color%22:%91%22title_text_color%22%93}\u00bb][\/et_pb_heading][\/et_pb_column][\/et_pb_row][et_pb_row column_structure=\u00bb1_3,2_3&#8243; _builder_version=\u00bb4.27.4&#8243; _module_preset=\u00bbdefault\u00bb max_width=\u00bb2649px\u00bb custom_padding=\u00bb3px|||||\u00bb global_colors_info=\u00bb{}\u00bb][et_pb_column type=\u00bb1_3&#8243; _builder_version=\u00bb4.27.4&#8243; _module_preset=\u00bbdefault\u00bb global_colors_info=\u00bb{}\u00bb][et_pb_image src=\u00bbhttps:\/\/mza-dicaws-portal-uploads-media-prod.s3.us-east-1.amazonaws.com\/informacion-oficial\/uploads\/sites\/12\/2025\/06\/aconcagua-01.png\u00bb title_text=\u00bbaconcagua-01&#8243; _builder_version=\u00bb4.27.2&#8243; _module_preset=\u00bbdefault\u00bb custom_padding=\u00bb0px|||||\u00bb global_colors_info=\u00bb{}\u00bb][\/et_pb_image][\/et_pb_column][et_pb_column type=\u00bb2_3&#8243; _builder_version=\u00bb4.27.4&#8243; _module_preset=\u00bbdefault\u00bb global_colors_info=\u00bb{}\u00bb][et_pb_text _builder_version=\u00bb4.27.2&#8243; _module_preset=\u00bbdefault\u00bb text_text_color=\u00bbgcid-840cd285-ee6f-49c1-abc9-5e893f3235b8&#8243; header_4_font=\u00bb|300|||||||\u00bb header_4_text_color=\u00bbgcid-840cd285-ee6f-49c1-abc9-5e893f3235b8&#8243; width=\u00bb100%\u00bb custom_padding=\u00bb18px|34px||0px||\u00bb global_colors_info=\u00bb{%22gcid-840cd285-ee6f-49c1-abc9-5e893f3235b8%22:%91%22text_text_color%22,%22header_4_text_color%22%93}\u00bb]<\/p>\n<p><strong>Ubicaci\u00f3n: <\/strong>Ruta Nacional 7 a 185 Km de Mendoza Capital.<br \/><strong style=\"font-size: 14px\">Superficie:<\/strong><span style=\"font-size: 14px\">\u00a065.690 ha<\/span><br \/><strong>Altitud:<\/strong> 6.962 msnm (cerro Aconcagua) y 2.800 msnm (Horcones).<br \/><strong>Ecorregi\u00f3n:<\/strong>\u00a0Altoandina<br \/><strong>Temporada: <\/strong>Temporadas: Estival del 1 de noviembre al 30 de abril del a\u00f1o siguiente, con actividades tur\u00edsticas y deportivas que se detallan m\u00e1s abajo. Temporada Invernal del 1 de mayo al 30 de octubre (en \u00e9poca invernal presentar solicitud de actividad por escrito para su aprobaci\u00f3n por Resoluci\u00f3n DAP)<\/p>\n<div class=\"et_pb_blurb_description\">\n<div data-shortcode-id=\"1.0.0.3-1747920637314\" data-quickaccess-id=\"body\" data-quickaccess-editable=\"yes\" class=\"et-fb-popover-tinymce\">\n<div class=\"mce-content-body\" style=\"position: relative\"><\/div>\n<\/div>\n<\/div>\n<p>.<\/p>\n<p>[\/et_pb_text][\/et_pb_column][\/et_pb_row][et_pb_row _builder_version=\u00bb4.27.4&#8243; _module_preset=\u00bbdefault\u00bb max_width=\u00bb2560px\u00bb min_height=\u00bb375px\u00bb custom_padding=\u00bb0px||50px|||\u00bb global_colors_info=\u00bb{}\u00bb][et_pb_column type=\u00bb4_4&#8243; _builder_version=\u00bb4.27.4&#8243; _module_preset=\u00bbdefault\u00bb global_colors_info=\u00bb{}\u00bb][et_pb_slider _builder_version=\u00bb4.27.2&#8243; _module_preset=\u00bbdefault\u00bb header_font_size=\u00bb1.5rem\u00bb body_text_align=\u00bbleft\u00bb background_color=\u00bbrgba(10,10,10,0.3)\u00bb max_width=\u00bb800px\u00bb module_alignment=\u00bbcenter\u00bb custom_margin=\u00bb||||false|false\u00bb custom_padding=\u00bb20px||49px||false|false\u00bb link_option_url=\u00bb#legislacion\u00bb border_radii=\u00bbon|8px|8px|8px|8px\u00bb locked=\u00bboff\u00bb global_colors_info=\u00bb{}\u00bb][et_pb_slide heading=\u00bbPrincipales valores de conservaci\u00f3n\u00bb button_link=\u00bb#legislacion\u00bb _builder_version=\u00bb4.27.4&#8243; _module_preset=\u00bbdefault\u00bb custom_button=\u00bbon\u00bb button_text_size=\u00bb0px\u00bb button_text_color=\u00bbRGBA(255,255,255,0)\u00bb locked=\u00bboff\u00bb global_colors_info=\u00bb{}\u00bb sticky_transition=\u00bbon\u00bb]<\/p>\n<p><span><\/span><\/p>\n<p><span>Esta \u00e1rea es conocida internacionalmente por el cerro m\u00e1s alto del hemisferio occidental, el Aconcagua, de 6.962 m. Protege el sector de la cordillera de los Andes donde alcanza la m\u00e1xima altura de Am\u00e9rica, con numerosas cumbres que superan los 5.000 m. Adem\u00e1s, preserva glaciares que originan r\u00edos y vegas de una belleza natural que atrae a visitantes de todo el mundo. El parque posee valores arqueol\u00f3gicos, incluso el mismo cerro Aconcagua era un sitio ceremonial de los incas, raz\u00f3n por la cual forma parte del sistema vial andino \u201cQhapac \u00d1an\u201d \u2013Camino del Inca- , declarado Patrimonio Mundial por la Unesco.<\/span><\/p>\n<p>[\/et_pb_slide][et_pb_slide heading=\u00bbObjetivo de Creaci\u00f3n\u00bb button_link=\u00bb#legislacion\u00bb _builder_version=\u00bb4.27.4&#8243; _module_preset=\u00bbdefault\u00bb custom_button=\u00bbon\u00bb button_text_size=\u00bb0px\u00bb button_text_color=\u00bbRGBA(255,255,255,0)\u00bb locked=\u00bboff\u00bb global_colors_info=\u00bb{}\u00bb sticky_transition=\u00bbon\u00bb]<\/p>\n<p>&nbsp;<\/p>\n<p>Protecci\u00f3n ambiental de su invaluable riqueza natural: importantes glaciares, cuencas h\u00eddricas, fauna, flora y vegas altoandinas.<\/p>\n<p>Preservar los sitios y materiales arqueol\u00f3gicos all\u00ed existentes.<\/p>\n<p>Regular el uso p\u00fablico de las actividades deportivas (senderismo, monta\u00f1ismo, etc.) teniendo como principal atractivo el C\u00b0 Aconcagua.<\/p>\n<div class=\"wp-block-media-text alignwide is-stacked-on-mobile\">\n<div class=\"wp-block-media-text__content\">\n<p>&nbsp;<\/p>\n<\/div>\n<\/div>\n<p>[\/et_pb_slide][\/et_pb_slider][\/et_pb_column][\/et_pb_row][et_pb_row _builder_version=\u00bb4.27.4&#8243; _module_preset=\u00bbdefault\u00bb custom_margin=\u00bb|auto||0px|false|false\u00bb hover_enabled=\u00bb0&#8243; global_colors_info=\u00bb{}\u00bb sticky_enabled=\u00bb0&#8243; module_alignment=\u00bbcenter\u00bb][et_pb_column type=\u00bb4_4&#8243; _builder_version=\u00bb4.27.2&#8243; _module_preset=\u00bbdefault\u00bb global_colors_info=\u00bb{}\u00bb][et_pb_tabs active_tab_background_color=\u00bb#FFFFFF\u00bb active_tab_text_color=\u00bb#333333&#8243; _builder_version=\u00bb4.27.4&#8243; _module_preset=\u00bbdefault\u00bb tab_text_color=\u00bb#9e9e9e\u00bb body_text_align=\u00bbleft\u00bb body_text_color=\u00bb#333333&#8243; body_font_size=\u00bb0.9rem\u00bb tab_font=\u00bb|600|||||||\u00bb tab_font_size=\u00bb1rem\u00bb background_color=\u00bbrgba(255,255,255,0.65)\u00bb custom_padding=\u00bb|35px||35px||\u00bb hover_enabled=\u00bb0&#8243; custom_css_free_form=\u00bb.mi-flex-contenedor {||  display: flex !important;||  flex-wrap: wrap;||  flex-direction: row !important;||  width: 100%;||}||||\/* Columna imagen *\/||.mi-flex-contenedor figure {||  width: 50% !important;||  margin: 0;||}||||\/* Columna texto *\/||.mi-flex-contenedor div.texto {||  width: 50% !important;||  padding-left: 16px;||  box-sizing: border-box;||}\u00bb border_radii=\u00bbon|8px|8px|8px|8px\u00bb locked=\u00bboff\u00bb global_colors_info=\u00bb{%22gcid-9d8d6552-a4b0-4171-847a-f5c0d7177503%22:%91%22tab_text_color%22%93,%22gcid-53054839-b83d-4ef0-8659-8a010e6148fd%22:%91%22body_text_color%22,%22active_tab_text_color%22%93}\u00bb module_alignment=\u00bbcenter\u00bb width=\u00bb100%\u00bb sticky_enabled=\u00bb0&#8243;][et_pb_tab title=\u00bbGeneralidades\u00bb _builder_version=\u00bb4.27.4&#8243; _module_preset=\u00bbdefault\u00bb background_enable_image=\u00bboff\u00bb global_colors_info=\u00bb{}\u00bb]<\/p>\n<figure><img loading=\"lazy\" decoding=\"async\" src=\"https:\/\/mza-dicaws-portal-uploads-media-prod.s3.us-east-1.amazonaws.com\/informacion-oficial\/uploads\/sites\/12\/2025\/06\/laguna-de-horcones-300x224.png\" alt=\"Laguna de Horcones\" width=\"376\" height=\"281\" \/><\/figure>\n<p>&nbsp;<\/p>\n<p>A diferencia de otros parques de similar envergadura internacional, esta \u00e1rea protegida es sumamente accesible a todo p\u00fablico ya que est\u00e1 emplazada sobre la Ruta Nacional 7, en un corredor internacional que conecta Argentina y Chile. Posee inigualables paisajes naturales, con un amplio espectro de posibilidades de disfrute, tanto para el turista que quiere contemplar una bella vista del Aconcagua como para el m\u00e1s avezado andinista que se propone hacer cumbre.<\/p>\n<p><span>Ubicado en los denominados Andes Centrales, tiene impactantes ambientes de alta monta\u00f1a con cerros de m\u00e1s de 5.000 metros como el Ameghino (5.918 m), el Mirador (5.512 m), el Cuerno (5.400 m), el Tolosa (5.300 m), el Almacenes (5.271m) o el Bonete (5.004 m), entre otros. Sin embargo, es el Aconcagua con sus 6.962 m, el m\u00e1s alto del hemisferio occidental y por lo tanto convoca a visitantes de todo el mundo que emprenden los m\u00e1ximos desaf\u00edos psicof\u00edsicos hasta alcanzar su cumbre, buscando experimentar las m\u00e1s sublimes vivencias ante lo imponente o la sensaci\u00f3n de comulgar con la naturaleza.<\/span><\/p>\n<p>La palabra \u201cAconcagua\u201d, como la mayor\u00eda de la toponimia ind\u00edgena, ha generado pol\u00e9micas en cuanto a su significado en espa\u00f1ol. La concepci\u00f3n m\u00e1s reconocida proviene de la lengua Quechua (Akon \u2013 Kahuak) que significa \u201cCentinela de Piedra\u201d, sin embargo, en la lengua Aymara los vocablos Kon \u2013 Kawa podr\u00edan ser traducidos como \u201cMonte Nevado\u201d.<\/p>\n<p>[\/et_pb_tab][et_pb_tab title=\u00bbUbicaci\u00f3n\u00bb _builder_version=\u00bb4.27.2&#8243; _module_preset=\u00bbdefault\u00bb global_colors_info=\u00bb{}\u00bb]<\/p>\n<p><a href=\"https:\/\/maps.app.goo.gl\/Qyw1ts25CNHqFjzB7\"><img loading=\"lazy\" decoding=\"async\" src=\"https:\/\/mza-dicaws-portal-uploads-media-prod.s3.us-east-1.amazonaws.com\/informacion-oficial\/uploads\/sites\/12\/2025\/06\/location-dot-solid-01-300x170.png\" width=\"109\" height=\"62\" alt=\"\" class=\"wp-image-1576 alignnone size-medium\" \/><\/a><\/p>\n<p><strong>El Parque Provincial Aconcagua se ubica a 185 km de la Ciudad de Mendoza.<\/strong><br \/><span>Se accede por la Ruta Nacional 7.<\/span><\/p>\n<p><strong>TRANSPORTE P\u00daBLICO DE PASAJEROS<\/strong><br \/><strong>Desde<em> (From)<\/em>: <\/strong>TERMINAL DE OMNIBUS<br \/><strong>Hasta<em> (To)<\/em>: <\/strong>Horcones<br \/><strong>Empresa <em>(Companie)<\/em>:<\/strong> ANDESMAR.<br \/><strong>Venta de pasajes<em> (tickets on sale)<\/em>:<\/strong> Ala Norte de Terminal <strong>\u2013 Salida de Buses <em>(Bus departure)<\/em>:<\/strong> Plataformas 40\/50.<\/p>\n<p><strong><\/strong><\/p>\n<figure class=\"wp-block-table\">\n<table class=\" table table-hover\">\n<tbody>\n<tr>\n<td><strong>BUSES<\/strong><strong><br \/>\u201cANDESMAR\u201d<\/strong><\/td>\n<td><strong>SALIDA<\/strong>\u00a0\/\u00a0<em>DEPARTURE<\/em><br \/>de Terminal \/ from\u00a0<em>Bus Station<\/em><\/td>\n<td><strong>REGRESO<\/strong>\u00a0\/\u00a0<em>RETURN<\/em><\/td>\n<\/tr>\n<tr>\n<td>Lunes a Viernes \/<br \/><em>Monday to Friday<\/em><\/td>\n<td>05: 55 am.<br \/>10: 15 am.03: 30 pm. (*Puente de Inca)<\/td>\n<td>11: 35 am. (Horcones)<br \/>04: 35 pm. (Horcones)<br \/>08: 00 pm. (**Puente de Inca)<\/td>\n<\/tr>\n<tr>\n<td>S\u00e1bado, Domingo y feriados \/<br \/><em>Saturday, Sunday and Holidays<\/em><\/td>\n<td>07: 00 am.<br \/>10: 15 am.<br \/>03: 30 pm. (*Puente de Inca)<\/td>\n<td>11: 40 am. (Horcones)<br \/>04: 35 pm. (Horcones)<br \/>08. 00 pm. (**Puente de Inca)<\/td>\n<\/tr>\n<tr>\n<td>Duraci\u00f3n del viaje IDA: 4 hs.\u00a0\u00a0\u00a0\u00a0<em>The single trip takes 4 hours<\/em><\/td>\n<td><strong>(*)<\/strong>\u00a0Finaliza en Puente del Inca<em>Bus ends at Puente del Inca<\/em><\/td>\n<td><strong>(**)<\/strong>\u00a0Sale desde Puente del Inca<em>Bus returns from Puente del Inca<\/em><\/td>\n<\/tr>\n<\/tbody>\n<\/table>\n<\/figure>\n<p>[\/et_pb_tab][et_pb_tab title=\u00bbServicios\u00bb _builder_version=\u00bb4.27.2&#8243; _module_preset=\u00bbdefault\u00bb background_enable_image=\u00bboff\u00bb global_colors_info=\u00bb{}\u00bb]<\/p>\n<p><strong>GUARDAPARQUES<\/strong><\/p>\n<p>Los Guardaparques son los agentes oficiales encargados de brindar atenci\u00f3n e informaci\u00f3n a los visitantes, del control medioambiental y de la conservaci\u00f3n de los recursos naturales. Tienen el poder de polic\u00eda dentro del Parque y poseen la facultad de controlar el ingreso, aplicar sanciones y expulsar a las personas que no cumplan las normas vigentes. Tambi\u00e9n, pueden recibir denuncias por el no cumplimiento de las normativas y recibir sugerencias y contribuciones para el mejor funcionamiento y conservaci\u00f3n del Parque.<\/p>\n<p><strong>ASISTENCIA M\u00c9DICA<\/strong><\/p>\n<p>Durante la temporada, funciona un servicio gratuito de prevenci\u00f3n y asistencia m\u00e9dica en los campamentos Confluencia, Plaza de Mulas y Plaza Argentina. Se recomienda a los visitantes realizar un chequeo m\u00e9dico a la llegada al Campamento como as\u00ed tambi\u00e9n, concurrir ante alg\u00fan s\u00edntoma de mal de monta\u00f1a o cualquier otra dolencia o malestar.<br \/>Para su seguridad deber\u00e1 acatar las recomendaciones del personal medico.<\/p>\n<p><strong>EVACUACIONES DE RESIDUOS<\/strong><\/p>\n<p>Se proveer\u00e1 a los monta\u00f1istas de una bolsa numerada cada tres personas y una bolsa de pl\u00e1stico individual a cada persona. Las mismas deber\u00e1n ser devueltas al Cuerpo de Guardaparques con los residuos producidos al egreso del Parque.<\/p>\n<p>Los monta\u00f1istas pueden delegar la evacuaci\u00f3n de los residuos a los prestadores de servicios. Para ello, deben presentar la constancia de aceptaci\u00f3n por el prestador en el permiso de salida. El prestador ser\u00e1 responsable de esta bolsa hasta su evacuaci\u00f3n del Parque.<\/p>\n<p>De no cumplir con la normativa de evacuaci\u00f3n de residuos, se aplicara la sanci\u00f3n correspondiente dictaminada por la autoridad de aplicaci\u00f3n.<\/p>\n<p><strong>BA\u00d1OS<\/strong><\/p>\n<p>Los visitantes deber\u00e1n contratar el servicio de ba\u00f1os a los prestadores de servicios. Ninguna persona puede permanecer en el campamento sin la contrataci\u00f3n del mismo.<\/p>\n<p>En los campamentos de altura es obligatoria la utilizaci\u00f3n de bolsas destinadas para materia fecal que deber\u00e1n ser entregadas al Cuerpo de Guardaparques en el campamento base al regreso.<\/p>\n<p>Se le recuerda que la utilizaci\u00f3n de estas bolsas contribuye significativamente al mantenimiento y conservaci\u00f3n de los campamentos de altura.<\/p>\n<p>[\/et_pb_tab][et_pb_tab title=\u00bbRecomendaciones\u00bb _builder_version=\u00bb4.27.2&#8243; _module_preset=\u00bbdefault\u00bb global_colors_info=\u00bb{}\u00bb]<\/p>\n<div class=\"row\">\n<div class=\"col-md-12\"><\/div>\n<\/div>\n<div class=\"row\">\n<article id=\"post-59\" class=\"post-59 page type-page status-publish hentry\">\n<div class=\"col-md-10\">\n<p><span style=\"font-size: 14.4px\"><b>En caminatas de monta\u00f1a<\/b><\/span><\/p>\n<p><span style=\"font-size: 14.4px\">Llevar abrigo tipo rompeviento, calzado deportivo cerrado, medias de repuesto, protecci\u00f3n solar (gorra, anteojos para sol, crema con filtros de alta graduaci\u00f3n), suficiente agua mineral para hidratarse y alimentos de caminata (no se venden alimentos en Horcones).<\/span><\/p>\n<p>No utilice sordinas o auriculares en su dispositivo m\u00f3vil cuando camina en la monta\u00f1a, siempre hay que estar atentos y ser muy prudentes.<\/p>\n<p><span style=\"font-size: 14.4px\"><b>Acampes en \u00abConfluencia\u00bb<\/b><\/span><\/p>\n<p>Debe llevar su carpa individual y bolsa de dormir adecuada, calentador de monta\u00f1a con su repuesto de gas, utensilios y provisiones para cocinar sus alimentos. No hay venta de alimentos en Confluencia. Respete el reglamento de acampe y horarios de silencio.<\/p>\n<p><span style=\"font-size: 14.4px\"><b>Cuidado del Ecosistema para una estad\u00eda de calidad\u00a0<\/b><\/span><\/p>\n<p><span style=\"font-size: 14.4px\">Respete las indicaciones de guardaparques y carteler\u00eda del lugar. Prohibido ingresar con animales\/mascotas y con armas de cualquier tipo. No corte plantas ni moleste la fauna. No recoja piedras ni otros elementos del lugar. No realice inscripciones o pintadas, que son penalizadas y afean el lugar. No encienda fuego, si fuma apague la colilla y depos\u00edtela en su bolsa de residuos. No tire basura, ni orine\/defeque fuera de los ba\u00f1os habilitados. No se higienice ni lave utensilios sobre los cursos de agua.<\/span><\/p>\n<p><span style=\"font-size: 14.4px\"><b>EQUIPAMIENTO E INDUMENTARIA<\/b><\/span><\/p>\n<p id=\"block-f0b174f8-dd01-43a0-ae75-d5fcec7b0689\"><strong>El equipo necesario para realizar una actividad de monta\u00f1a, debe diferenciarse en dos tipos:<\/strong><\/p>\n<ul>\n<li style=\"list-style-type: none\">\n<ul>\n<li><a href=\"https:\/\/www.mendoza.gov.ar\/wp-content\/uploads\/sites\/15\/2025\/06\/Equipamiento-de-ascenso.pdf\">Equipo b\u00e1sico para Ascenso a grandes alturas (m\u00e1s de 4.300m).<\/a><\/li>\n<li><a href=\"https:\/\/www.mendoza.gov.ar\/wp-content\/uploads\/sites\/15\/2025\/06\/Equipamiento-de-Trekking.pdf\">Equipo b\u00e1sico para trekking a alturas medias (hasta 4.300m).<\/a> <em>\u00a0<\/em><\/li>\n<li><em><span style=\"color: #00079e\"><a href=\"https:\/\/www.mendoza.gov.ar\/wp-content\/uploads\/sites\/15\/2025\/06\/Gear-Trekking.pdf\" style=\"color: #00079e\">*Food and gear<\/a> for trekking*<\/span><\/em><\/li>\n<\/ul>\n<\/li>\n<\/ul>\n<p><a href=\"https:\/\/www.mendoza.gov.ar\/wp-content\/uploads\/sites\/15\/2025\/06\/Gear-Trekking.pdf\"> <\/a><br \/><a href=\"https:\/\/www.mendoza.gov.ar\/wp-content\/uploads\/sites\/15\/2025\/06\/Gear-Trekking.pdf\"> <\/a><br \/><a href=\"https:\/\/www.mendoza.gov.ar\/wp-content\/uploads\/sites\/15\/2025\/06\/Gear-Trekking.pdf\"> <\/a><\/p>\n<\/div>\n<\/article>\n<\/div>\n<p>[\/et_pb_tab][et_pb_tab title=\u00bbClima\u00bb _builder_version=\u00bb4.27.4&#8243; _module_preset=\u00bbdefault\u00bb global_colors_info=\u00bb{}\u00bb]<\/p>\n<div class=\"row\">\n<div class=\"col-xs-12\">\n<div class=\" gx-attribute\">\n<p class=\"form-control-static\"><a href=\"https:\/\/www.mountain-forecast.com\/peaks\/Aconcagua\/forecasts\/6962\"><span><img loading=\"lazy\" decoding=\"async\" src=\"https:\/\/mza-dicaws-portal-uploads-media-prod.s3.us-east-1.amazonaws.com\/informacion-oficial\/uploads\/sites\/12\/2025\/06\/cloud-sun-solid-01-300x105.png\" width=\"200\" height=\"70\" alt=\"\" class=\"wp-image-1625 alignnone size-medium\" \/><\/span><\/a><\/p>\n<p class=\"form-control-static\"><span>Los principales factores del clima a tener en cuenta al visitar este Cerro son la muy escasa humedad, la gran radiaci\u00f3n solar, los vientos muy fuertes que habitualmente azotan el \u00e1rea, la gran amplitud t\u00e9rmica, las tormentas el\u00e9ctricas y los r\u00e1pidos cambios meteorol\u00f3gicos que se presentan, pasando en ocasiones de ser un d\u00eda soleado y con poco viento a transformarse en un d\u00eda con temperaturas baj\u00edsimas, vientos muy intensos y hasta presentar grandes tormentas de nieve.<\/span><span><\/span><\/p>\n<p>La gran amplitud t\u00e9rmica hace que en un mismo d\u00eda se presenten en los campamentos base temperaturas m\u00e1ximas de hasta 25\u00ba C y m\u00ednimas de hasta -7\u00ba C. En los campamentos de altura, las temperaturas m\u00e1ximas y m\u00ednimas cambian dr\u00e1sticamente.<\/p>\n<p>Las tormentas el\u00e9ctricas que suelen abatirse sobre los campamentos de altura dificultan el ascenso y la permanencia en esos sitios.<\/p>\n<p>Los fuertes vientos producen que la sensaci\u00f3n t\u00e9rmica sea extrema.<\/p>\n<p>Las grandes tormentas de nieve que suelen producirse limitan la visibilidad a unos escasos metros y obligan a los monta\u00f1istas a buscar protecci\u00f3n inmediata. En pocas horas, pueden acumularse varios cent\u00edmetros de nieve que cubren las sendas y pueden ocasionar desorientaci\u00f3n.<\/p>\n<p>Durante el verano, por encima de los 5.000 msnm, puede presentar temperaturas de hasta -20\u00ba C durante las noches y en la cumbre, a\u00fan durante el d\u00eda puede descender hasta los -30\u00ba C.<\/p>\n<p><span style=\"font-size: 14.4px\">Sugerimos estrictamente mantenerse comunicado v\u00eda radial con el Servicio de Guardaparques para recibir informaci\u00f3n precisa y actualizada sobre el pron\u00f3stico meteorol\u00f3gico y no realizar pron\u00f3sticos personales basados en la experiencia previa o utilizando par\u00e1metros generales para otras latitudes o monta\u00f1as.<\/span><\/p>\n<\/div>\n<\/div>\n<\/div>\n<div class=\"row\">\n<div class=\"col-xs-12\" data-align=\"right\"><\/div>\n<\/div>\n<p>[\/et_pb_tab][et_pb_tab title=\u00bbFlora y Fauna\u00bb _builder_version=\u00bb4.27.2&#8243; _module_preset=\u00bbdefault\u00bb global_colors_info=\u00bb{}\u00bb]<\/p>\n<p style=\"text-align: center\"><strong>FLORA<\/strong><\/p>\n<table style=\"width: 100%;border: none\">\n<tbody>\n<tr>\n<td style=\"width: 50%;vertical-align: top;border: none\"><img decoding=\"async\" src=\"https:\/\/www.mendoza.gov.ar\/wp-content\/uploads\/sites\/71\/2020\/12\/647-700x525-1.jpg\" style=\"width: 100%;height: auto\" \/><\/td>\n<td style=\"width: 50%;vertical-align: top;padding-left: 16px;border: none\">\n<p style=\"text-align: justify;margin: 0\">La vegetaci\u00f3n de alta monta\u00f1a, adaptada a condiciones extremas, aprovecha la \u00e9poca de mayor calor para florecer y reproducirse, por lo que el visitante podr\u00e1 ver una vistosa floraci\u00f3n que, en su mayor\u00eda, recubre la superficie de tonalidades amarillas. Es\u00a0 com\u00fan la fisonom\u00eda achaparrada y las matas con forma de coj\u00edn como la <em>yareta<\/em>, el <em>cuerno de cabra<\/em> y la <em>le\u00f1a amarilla.<\/em><\/p>\n<p style=\"text-align: justify;margin: 0\"><span style=\"font-size: 14.4px\">Predominan los pastizales abiertos <\/span><em style=\"font-size: 14.4px\">(huec\u00fa y coirones)<\/em><span style=\"font-size: 14.4px\">. Las inertes rocas que llegan hasta los 4.300 m, dan refugio a algunas hierbas perennes como la <\/span><em style=\"font-size: 14.4px\">cola de quirquincho<\/em><span style=\"font-size: 14.4px\"> y la <\/span><em style=\"font-size: 14.4px\">escarapela<\/em><span style=\"font-size: 14.4px\">. Los arroyos de deshielo que bajan por las laderas alimentan peque\u00f1as praderas y humedales de pastos verdes llamados \u201cvegas\u201d, localmente conocidos como la \u201cselva de los Andes \u00e1ridos\u201d.<\/span><\/p>\n<p style=\"text-align: justify;margin: 0\">Estos ecosistemas son sumamente importantes por su gran diversidad biol\u00f3gica; en su cobertura vegetal pueden apreciarse juncos, ciper\u00e1ceas y diferentes especies de pastos.<\/p>\n<\/td>\n<\/tr>\n<\/tbody>\n<\/table>\n<p style=\"text-align: center\"><strong>FAUNA<\/strong><\/p>\n<table style=\"width: 100%;border: none\">\n<tbody>\n<tr>\n<td style=\"width: 50%;vertical-align: top;padding-left: 16px;border: none\">\n<p style=\"text-align: justify;margin: 0\">Las especies de esta regi\u00f3n cuentan con estrategias especializadas para hacer frente a las extremas condiciones del medio. Los mam\u00edferos, por ejemplo, poseen forma redondeada y un pelaje suave y denso que les permite amoldarse a los bruscos cambios de temperatura de este ambiente. Los guanacos, pumas y zorros tienen la capacidad de desplazarse a regiones m\u00e1s bajas que les resultan favorables en \u00e9pocas de nevadas.<br \/>La avifauna del lugar es diversa, con ejemplares de aves muy peque\u00f1as como el picaflor andino y otras de mayor envergadura como halcones, matamicos y el emblem\u00e1tico c\u00f3ndor andino. Las especies m\u00e1s adaptadas a la presencia humana son los comesebo, camineras, viudita, gauchito y chingolos, com\u00fanmente vistos en los campamentos bajos del parque. Las vegas, arroyos y r\u00edos se encuentran pobladas por aves acu\u00e1ticas como pato crest\u00f3n, del torrente y el chorlo de vincha.<\/p>\n<\/td>\n<td style=\"width: 50%;vertical-align: top;border: none\"><img decoding=\"async\" src=\"https:\/\/www.mendoza.gov.ar\/wp-content\/uploads\/sites\/71\/2020\/12\/DSC8889-CONDOR-LAS-CARRER-copy-700x461-1.jpg\" style=\"width: 100%;height: auto\" \/><\/td>\n<\/tr>\n<\/tbody>\n<\/table>\n<p style=\"text-align: justify\">En el caso de los ratones de monta\u00f1a y otras especies sedentarias como lagartos, lagartijas y sapos, ahorran energ\u00eda hibernando y movi\u00e9ndose s\u00f3lo de d\u00eda ya que no pueden viajar largos trayectos. Dentro de los anfibios, el sapo andino, end\u00e9mico de esta cordillera, es de particular inter\u00e9s ya que indica la pureza del agua.<\/p>\n<p>[\/et_pb_tab][\/et_pb_tabs][\/et_pb_column][\/et_pb_row][\/et_pb_section][et_pb_section fb_built=\u00bb1&#8243; module_id=\u00bbpermisos\u00bb _builder_version=\u00bb4.27.4&#8243; background_color=\u00bbRGBA(255,255,255,0)\u00bb use_background_color_gradient=\u00bbon\u00bb background_color_gradient_direction=\u00bb169deg\u00bb background_color_gradient_stops=\u00bb#ffffff 15%|#0a0000 100%\u00bb background_image=\u00bbhttps:\/\/mza-dicaws-portal-uploads-media-prod.s3.us-east-1.amazonaws.com\/informacion-oficial\/uploads\/sites\/12\/2025\/06\/Cerro-Aconcagua-Vista-desde-Horcones-QUIEN.jpg\u00bb background_blend=\u00bbscreen\u00bb min_height=\u00bb1135px\u00bb custom_margin=\u00bb3px|||||\u00bb custom_padding=\u00bb3px||75px|||\u00bb global_colors_info=\u00bb{}\u00bb][et_pb_row _builder_version=\u00bb4.27.4&#8243; background_size=\u00bbinitial\u00bb background_position=\u00bbtop_left\u00bb background_repeat=\u00bbrepeat\u00bb max_width=\u00bb2560px\u00bb min_height=\u00bb117px\u00bb custom_margin=\u00bb|auto|-3px|auto||\u00bb custom_padding=\u00bb5px|||||\u00bb global_colors_info=\u00bb{}\u00bb][et_pb_column type=\u00bb4_4&#8243; _builder_version=\u00bb4.27.4&#8243; _module_preset=\u00bbdefault\u00bb global_colors_info=\u00bb{}\u00bb][et_pb_heading title=\u00bbACTIVIDADES\u00bb admin_label=\u00bbFlora Nativa\u00bb module_id=\u00bbunidad\u00bb _builder_version=\u00bb4.27.4&#8243; _module_preset=\u00bbdefault\u00bb title_level=\u00bbh2&#8243; title_font=\u00bb|300|||||||\u00bb title_text_align=\u00bbleft\u00bb title_text_color=\u00bbgcid-body-color\u00bb title_font_size=\u00bb40px\u00bb min_height=\u00bb39px\u00bb custom_margin=\u00bb||-1px|||\u00bb global_colors_info=\u00bb{%22gcid-body-color%22:%91%22title_text_color%22%93}\u00bb][\/et_pb_heading][et_pb_heading title=\u00bbPERMISOS\u00bb admin_label=\u00bbFlora Nativa\u00bb _builder_version=\u00bb4.27.2&#8243; _module_preset=\u00bbdefault\u00bb title_level=\u00bbh2&#8243; title_font=\u00bb|300|||||||\u00bb title_text_align=\u00bbleft\u00bb title_text_color=\u00bbgcid-body-color\u00bb title_font_size=\u00bb40px\u00bb min_height=\u00bb39px\u00bb custom_margin=\u00bb||-1px|||\u00bb global_colors_info=\u00bb{%22gcid-body-color%22:%91%22title_text_color%22%93}\u00bb][\/et_pb_heading][\/et_pb_column][\/et_pb_row][et_pb_row column_structure=\u00bb1_3,2_3&#8243; _builder_version=\u00bb4.27.4&#8243; _module_preset=\u00bbdefault\u00bb max_width=\u00bb2649px\u00bb custom_padding=\u00bb3px|||||\u00bb global_colors_info=\u00bb{}\u00bb][et_pb_column type=\u00bb1_3&#8243; _builder_version=\u00bb4.27.4&#8243; _module_preset=\u00bbdefault\u00bb global_colors_info=\u00bb{}\u00bb][et_pb_icon font_icon=\u00bb&#xf6ec;||fa||900&#8243; icon_color=\u00bb#2ea3f2&#8243; icon_width=\u00bb200px\u00bb _builder_version=\u00bb4.27.4&#8243; _module_preset=\u00bbdefault\u00bb global_colors_info=\u00bb{}\u00bb][\/et_pb_icon][\/et_pb_column][et_pb_column type=\u00bb2_3&#8243; _builder_version=\u00bb4.27.4&#8243; _module_preset=\u00bbdefault\u00bb global_colors_info=\u00bb{}\u00bb][et_pb_text _builder_version=\u00bb4.27.4&#8243; _module_preset=\u00bbdefault\u00bb text_text_color=\u00bbgcid-840cd285-ee6f-49c1-abc9-5e893f3235b8&#8243; header_4_font=\u00bb|300|||||||\u00bb header_4_text_color=\u00bbgcid-840cd285-ee6f-49c1-abc9-5e893f3235b8&#8243; width=\u00bb100%\u00bb min_height=\u00bb234.2px\u00bb custom_padding=\u00bb18px|34px||0px||\u00bb global_colors_info=\u00bb{%22gcid-840cd285-ee6f-49c1-abc9-5e893f3235b8%22:%91%22text_text_color%22,%22header_4_text_color%22%93}\u00bb]<\/p>\n<p><strong>Actividades<\/strong>: Cada actividad tiene su reglamentaci\u00f3n y una tarifa de ingreso que depende de la nacionalidad del visitante, del tipo de entrada, ruta escogida, duraci\u00f3n, etc. A grandes rasgos las entradas que pueden tramitarse se diferencian en: <strong>Tickets<\/strong> para actividades por el d\u00eda y sin acampe, y <strong>Permisos <\/strong>para actividades con acampe, que son el Trekking Corto de 3 d\u00edas, Trekking Largo de 7 d\u00edas o Expedici\u00f3n de Ascenso a cumbre v\u00e1lido por 20 d\u00edas. Los Tickets tienen un sistema din\u00e1mico de reserva y pago del turno de visita on line, mientras que los Permisos con acampe requieren de una serie de registros y formularios, donde el visitante puede optar por abonar el Permiso con o sin asistencia de Empresas habilitadas a brindar servicios en campamentos.<\/p>\n<p>Antes de viajar al Parque Provincial Aconcagua re\u00fana la informaci\u00f3n necesaria y efect\u00fae la reserva y pago del Ticket si va por el d\u00eda, o la gesti\u00f3n completa del Permiso si va a permanecer m\u00e1s de un d\u00eda, porque <strong>en el Ingreso al Parque NO se entregan Tickets ni Permisos<\/strong>. Si Ud. no tiene su entrada ya adquirida antes de llegar, deber\u00e1 volver a la Ciudad a completar la reserva y pago del Ticket o la adquisici\u00f3n del Permiso para Trekking con acampe o para el Ascenso.\u00a0<\/p>\n<p>[\/et_pb_text][\/et_pb_column][\/et_pb_row][et_pb_row column_structure=\u00bb1_2,1_2&#8243; _builder_version=\u00bb4.27.4&#8243; _module_preset=\u00bbdefault\u00bb max_width=\u00bb2649px\u00bb min_height=\u00bb146.7px\u00bb custom_padding=\u00bb3px||0px|||\u00bb global_colors_info=\u00bb{}\u00bb][et_pb_column type=\u00bb1_2&#8243; _builder_version=\u00bb4.27.4&#8243; _module_preset=\u00bbdefault\u00bb global_colors_info=\u00bb{}\u00bb][et_pb_blurb url=\u00bb#guias\u00bb use_icon=\u00bbon\u00bb font_icon=\u00bb&#xf06a;||fa||900&#8243; icon_color=\u00bb#000F9F\u00bb icon_placement=\u00bbleft\u00bb _builder_version=\u00bb4.27.4&#8243; _module_preset=\u00bbdefault\u00bb header_text_align=\u00bbcenter\u00bb header_text_color=\u00bb#00079E\u00bb body_text_color=\u00bbgcid-840cd285-ee6f-49c1-abc9-5e893f3235b8&#8243; custom_margin=\u00bb||0.4%||false|false\u00bb custom_padding=\u00bb9px|||||\u00bb locked=\u00bboff\u00bb global_colors_info=\u00bb{%22gcid-840cd285-ee6f-49c1-abc9-5e893f3235b8%22:%91%22body_text_color%22%93}\u00bb]<\/p>\n<p><strong>Es obligatorio reservar turno de visita y pagar el ticket de ingreso antes de viajar al Parque. En la entrada del parque no se venden tickets.<\/strong><\/p>\n<p>&nbsp;<\/p>\n<p>[\/et_pb_blurb][\/et_pb_column][et_pb_column type=\u00bb1_2&#8243; _builder_version=\u00bb4.27.4&#8243; _module_preset=\u00bbdefault\u00bb global_colors_info=\u00bb{}\u00bb][et_pb_blurb url=\u00bb#guias\u00bb use_icon=\u00bbon\u00bb font_icon=\u00bb&#xf06a;||fa||900&#8243; icon_color=\u00bb#000F9F\u00bb icon_placement=\u00bbleft\u00bb _builder_version=\u00bb4.27.4&#8243; _module_preset=\u00bbdefault\u00bb header_text_align=\u00bbcenter\u00bb header_text_color=\u00bb#00079E\u00bb body_text_color=\u00bbgcid-840cd285-ee6f-49c1-abc9-5e893f3235b8&#8243; custom_margin=\u00bb||0.5%||false|false\u00bb custom_padding=\u00bb9px|||||\u00bb locked=\u00bboff\u00bb global_colors_info=\u00bb{%22gcid-840cd285-ee6f-49c1-abc9-5e893f3235b8%22:%91%22body_text_color%22%93}\u00bb]<\/p>\n<p><strong>Estimado Visitante: El Trekking Corto de 3 d\u00edas por Quebrada de Matienzo con acompa\u00f1amiento de Gu\u00eda oficial, tiene tarifa reducida como si fuera Trekking Corto con Asistencia. Si Ud. desea adquirir este Trekking, p\u00f3ngase en contacto con su Gu\u00eda para que tramite por Ud. la compra de su permiso.<\/strong><\/p>\n<p>[\/et_pb_blurb][\/et_pb_column][\/et_pb_row][et_pb_row _builder_version=\u00bb4.27.4&#8243; _module_preset=\u00bbdefault\u00bb hover_enabled=\u00bb0&#8243; global_colors_info=\u00bb{}\u00bb sticky_enabled=\u00bb0&#8243;][et_pb_column type=\u00bb4_4&#8243; _builder_version=\u00bb4.27.4&#8243; _module_preset=\u00bbdefault\u00bb global_colors_info=\u00bb{}\u00bb][et_pb_text _builder_version=\u00bb4.27.4&#8243; _module_preset=\u00bbdefault\u00bb hover_enabled=\u00bb0&#8243; global_colors_info=\u00bb{}\u00bb min_height=\u00bb400px\u00bb sticky_enabled=\u00bb0&#8243;]<\/p>\n<p><strong>Entrada\u00a0 \u00a0 \u00a0 \u00a0 \u00a0 \u00a0 \u00a0 \u00a0 \u00a0 \u00a0 \u00a0 \u00a0 \u00a0 \u00a0 \u00a0 \u00a0 \u00a0 Actividad\u00a0 \u00a0 \u00a0 \u00a0 \u00a0 \u00a0 \u00a0 \u00a0 \u00a0 \u00a0 \u00a0 \u00a0 \u00a0 \u00a0 \u00a0 \u00a0Descripci\u00f3n<\/strong><\/p>\n<table width=\"688\">\n<tbody>\n<tr>\n<td width=\"64\"><strong>Ticket <\/strong><\/td>\n<td width=\"113\">Circuito Laguna de Horcones<\/td>\n<td width=\"511\">Sendero interpretativo sin dificultad de 2 hs aprox. tiempo total ida y vuelta, se puede llegar hasta el puente sobre Quebrada del Durazno. No permite acampar<\/td>\n<\/tr>\n<tr>\n<td width=\"64\"><strong>Ticket <\/strong><\/td>\n<td width=\"113\">Trekking de 1 d\u00eda sin acampe<\/td>\n<td width=\"511\">Desde Horcones a Confluencia y regreso (5 hs total aprox.), o desde Las Cuevas por Matienzo a Laguna Potrero Escondido y regreso (7 hs total aprox.) Dificultad baja<\/td>\n<\/tr>\n<tr>\n<td width=\"64\"><strong>Permiso<\/strong><\/td>\n<td width=\"113\">Trekking Corto de 3 d\u00edas<\/td>\n<td width=\"511\">Trekking por Horcones hasta Confluencia para acampar hasta 2 noches con acceso a Plaza Francia, o por Matienzo hasta La Cascada para acampar hasta 2 noches en ese campamento. Opci\u00f3n con o sin Asistencia. Dificultad Media.<\/td>\n<\/tr>\n<tr>\n<td width=\"64\"><strong>Permiso<\/strong><\/td>\n<td width=\"113\">Trekking Largo de 7 d\u00edas<\/td>\n<td width=\"511\">Trekking hasta Plaza de Mulas donde puede acampar y llegar a Nido de C\u00f3ndores. Opci\u00f3n con o sin Asistencia de Empresa Habilitada. Dificultad alta, debe contratar Seguro de Evacuaci\u00f3n.<\/td>\n<\/tr>\n<tr>\n<td width=\"64\"><strong>Permiso<\/strong><\/td>\n<td width=\"113\">de Ascenso hasta la cumbre<\/td>\n<td width=\"511\">Ascenso por Horcones a Plaza de Mulas o por Vacas a Plaza Argentina, contin\u00faa hasta la cumbre por campamentos de altura. Opci\u00f3n con o sin Asistencia de Empresa Habilitada. Dificultad Alta, debe contratar Seguro de Evacuaci\u00f3n.<\/td>\n<\/tr>\n<\/tbody>\n<\/table>\n<p>&nbsp;<\/p>\n<p>[\/et_pb_text][\/et_pb_column][\/et_pb_row][et_pb_row _builder_version=\u00bb4.27.4&#8243; _module_preset=\u00bbdefault\u00bb column_structure=\u00bb1_3,1_3,1_3&#8243; hover_enabled=\u00bb0&#8243; sticky_enabled=\u00bb0&#8243; custom_padding=\u00bb0px|||||\u00bb][et_pb_column _builder_version=\u00bb4.27.4&#8243; _module_preset=\u00bbdefault\u00bb type=\u00bb1_3&#8243;][et_pb_blurb title=\u00bbTikets\/Entradas\u00bb url=\u00bbhttps:\/\/entradasanp.mendoza.gov.ar\/turneroanppub\/servlet\/com.turneroanp.solturno001&#8243; use_icon=\u00bbon\u00bb font_icon=\u00bb&#xf06a;||fa||900&#8243; icon_color=\u00bb#000f9f\u00bb icon_placement=\u00bbleft\u00bb image_icon_width=\u00bb40px\u00bb content_max_width=\u00bb150px\u00bb _builder_version=\u00bb4.27.4&#8243; _module_preset=\u00bbdefault\u00bb header_level=\u00bbh2&#8243; header_font=\u00bb|800|||||||\u00bb header_text_align=\u00bbcenter\u00bb header_text_color=\u00bb#000f9f\u00bb header_font_size=\u00bb18px\u00bb header_line_height=\u00bb2em\u00bb body_text_color=\u00bbgcid-840cd285-ee6f-49c1-abc9-5e893f3235b8&#8243; background_color=\u00bb#ffffff\u00bb width=\u00bb225px\u00bb max_width=\u00bb225px\u00bb module_alignment=\u00bbright\u00bb min_height=\u00bb50px\u00bb height=\u00bb50px\u00bb max_height=\u00bb50px\u00bb custom_margin=\u00bb||||false|false\u00bb custom_padding=\u00bb5px|5px|5px|5px|false|false\u00bb border_radii=\u00bbon|8px|8px|8px|8px\u00bb box_shadow_style=\u00bbpreset2&#8243; box_shadow_blur=\u00bb5px\u00bb locked=\u00bboff\u00bb global_colors_info=\u00bb{%22gcid-840cd285-ee6f-49c1-abc9-5e893f3235b8%22:%91%22body_text_color%22%93}\u00bb global_module=\u00bb6470&#8243; theme_builder_area=\u00bbpost_content\u00bb][\/et_pb_blurb][\/et_pb_column][et_pb_column _builder_version=\u00bb4.27.4&#8243; _module_preset=\u00bbdefault\u00bb type=\u00bb1_3&#8243;][\/et_pb_column][et_pb_column _builder_version=\u00bb4.27.4&#8243; _module_preset=\u00bbdefault\u00bb type=\u00bb1_3&#8243;][\/et_pb_column][\/et_pb_row][et_pb_row _builder_version=\u00bb4.27.4&#8243; _module_preset=\u00bbdefault\u00bb global_colors_info=\u00bb{}\u00bb][et_pb_column type=\u00bb4_4&#8243; _builder_version=\u00bb4.27.4&#8243; _module_preset=\u00bbdefault\u00bb global_colors_info=\u00bb{}\u00bb][et_pb_text _builder_version=\u00bb4.27.4&#8243; _module_preset=\u00bbdefault\u00bb global_colors_info=\u00bb{}\u00bb]<\/p>\n<ul>\n<li>Los <strong>TICKETS<\/strong> se abonan en Pago F\u00e1cil, Mercado Pago y otros medios habilitados<\/li>\n<li>En la entrada del Parque Aconcagua es necesario presentar el <strong>comprobante de pago y documento de identidad<\/strong> vigente para realizar la actividad.<\/li>\n<\/ul>\n<p>[\/et_pb_text][et_pb_slider _builder_version=\u00bb4.27.4&#8243; _module_preset=\u00bbdefault\u00bb header_font_size=\u00bb1.5rem\u00bb body_text_align=\u00bbleft\u00bb background_color=\u00bbrgba(10,10,10,0.3)\u00bb max_width=\u00bb800px\u00bb module_alignment=\u00bbcenter\u00bb min_height=\u00bb263.4px\u00bb custom_margin=\u00bb||||false|false\u00bb custom_padding=\u00bb20px|35px|49px|35px|false|false\u00bb link_option_url=\u00bbhttps:\/\/entradasanp.mendoza.gov.ar\/turneroanppub\/servlet\/com.turneroanp.solturno001&#8243; border_radii=\u00bbon|8px|8px|8px|8px\u00bb locked=\u00bboff\u00bb global_colors_info=\u00bb{}\u00bb][et_pb_slide heading=\u00bbCircuito Tur\u00edstico Interpretativo Laguna de Horcones\u00bb button_text=\u00bbTICKET\u00bb button_link=\u00bbhttps:\/\/entradasanp.mendoza.gov.ar\/turneroanppub\/servlet\/com.turneroanp.solturno001&#8243; _builder_version=\u00bb4.27.4&#8243; _module_preset=\u00bbdefault\u00bb header_level=\u00bbh2&#8243; header_font=\u00bb|700|||||||\u00bb header_line_height=\u00bb1.6rem\u00bb locked=\u00bboff\u00bb global_colors_info=\u00bb{}\u00bb sticky_transition=\u00bbon\u00bb]<\/p>\n<ul>\n<li>Apto para todo p\u00fablico<\/li>\n<li>Ingresan sin cargo menores de 12 a\u00f1os, jubilados nacionales, persona con discapacidad y acompa\u00f1ante, excombatientes de Malvinas y personal de la DAP y grupo familiar directo.<\/li>\n<li>Llevar indumentaria adecuada.<\/li>\n<li>Tarifa $10.000.<\/li>\n<\/ul>\n<p>[\/et_pb_slide][et_pb_slide heading=\u00bbTrekking de 1 d\u00eda Sin Acampe\u00bb button_text=\u00bbTICKET\u00bb button_link=\u00bbhttps:\/\/entradasanp.mendoza.gov.ar\/turneroanppub\/servlet\/com.turneroanp.solturno001&#8243; _builder_version=\u00bb4.27.4&#8243; _module_preset=\u00bbdefault\u00bb header_level=\u00bbh2&#8243; header_font=\u00bb|700|||||||\u00bb header_line_height=\u00bb1.6rem\u00bb locked=\u00bboff\u00bb global_colors_info=\u00bb{}\u00bb sticky_transition=\u00bbon\u00bb]<\/p>\n<p><strong><\/strong><\/p>\n<p><strong>Por Horcones hasta Confluencia o por Matienzo hasta La Cascada. A<\/strong>pto para mayores de 13 a\u00f1os. <strong><span style=\"color: #0091f2\"><a href=\"#docs\" style=\"color: #0091f2;text-decoration: underline\">Ver pol\u00edtica de Menores<\/a><\/span><\/strong>.<\/p>\n<p>Disponible desde el 15 de noviembre al 10 de abril del siguiente a\u00f1o, sujeto a condiciones operativas. Llevar el ticket pagado y documento identidad, indumentaria adecuada, protecci\u00f3n solar, suficiente agua para hidratarse y alimentos de marcha<\/p>\n<p>&nbsp;<\/p>\n<h3>Tarifas<\/h3>\n<ul>\n<li>Extranjero: $55.000<\/li>\n<li>Latinoamericano: $45.000<\/li>\n<li>Argentino: $25.000<\/li>\n<li>Mendocino: $15000 (debe acreditar domicilio presentando Documento Nacional de Identidad).<\/li>\n<\/ul>\n<p>[\/et_pb_slide][\/et_pb_slider][et_pb_heading title=\u00bbPERMISOS\u00bb admin_label=\u00bbFlora Nativa\u00bb _builder_version=\u00bb4.27.4&#8243; _module_preset=\u00bbdefault\u00bb title_level=\u00bbh2&#8243; title_font=\u00bb|600|||||||\u00bb title_text_align=\u00bbleft\u00bb title_text_color=\u00bb#0C71C3&#8243; title_font_size=\u00bb40px\u00bb min_height=\u00bb39px\u00bb custom_margin=\u00bb||-1px|||\u00bb global_colors_info=\u00bb{}\u00bb][\/et_pb_heading][\/et_pb_column][\/et_pb_row][et_pb_row _builder_version=\u00bb4.27.4&#8243; _module_preset=\u00bbdefault\u00bb background_color=\u00bbgcid-secondary-color\u00bb max_width=\u00bb2436px\u00bb min_height=\u00bb264.8px\u00bb custom_margin=\u00bb|auto|50px|auto||\u00bb custom_padding=\u00bb15px|25px|15px|25px|false|false\u00bb border_radii=\u00bbon|8px|8px|8px|8px\u00bb global_colors_info=\u00bb{%22gcid-secondary-color%22:%91%22background_color%22%93}\u00bb][et_pb_column type=\u00bb4_4&#8243; _builder_version=\u00bb4.27.4&#8243; _module_preset=\u00bbdefault\u00bb global_colors_info=\u00bb{}\u00bb][et_pb_text _builder_version=\u00bb4.27.4&#8243; _module_preset=\u00bbdefault\u00bb text_text_color=\u00bb#000000&#8243; background_color=\u00bbRGBA(255,255,255,0)\u00bb text_orientation=\u00bbjustified\u00bb min_height=\u00bb184.2px\u00bb custom_padding=\u00bb26px|30px|19px|30px||\u00bb border_radii=\u00bbon|8px|8px|8px|8px\u00bb global_colors_info=\u00bb{}\u00bb]<\/p>\n<h3><span style=\"color: #ffffff\"><strong>PERMISOS de ingreso<br \/><\/strong>(Trek 3 d\u00edas, Trek 7 d\u00edas, Ascenso)<\/span><\/h3>\n<p><span style=\"color: #ffffff\">Se tramitan con o sin asistencia de empresa habilitada en Aconcagua.<\/span><\/p>\n<ul>\n<li><span style=\"color: #ffffff\">Permiso con asistencia lo gestiona su prestador local de servicios, ver Listado de Empresas Habilitadas.<\/span><\/li>\n<li>\n<p><span style=\"color: #ffffff\">Permiso sin asistencia debe seguir los 3 pasos indicados en Instructivo para obtener su permiso sin asistencia, ver apartado.<\/span><\/p>\n<\/li>\n<\/ul>\n<p><span style=\"color: #ffffff\">Este tr\u00e1mite es personal y finaliza con la entrega del Permiso en Informador Tur\u00edstico de Rotonda Caballitos de Marly, Parque Gral. San Mart\u00edn, lunes a viernes de 8 a 17.30 hs; s\u00e1bados, domingos y feriados de 9 a 12.30 hs. Para retirar el Permiso debe llevar su documento de identidad, el Formulario de Expedici\u00f3n firmado, el Formulario de Aceptaci\u00f3n de Riesgos completo y firmado y Boleta pagada en Pago F\u00e1cil, por Mercado Pago u otros medios habilitados.<\/span><\/p>\n<p>[\/et_pb_text][\/et_pb_column][\/et_pb_row][et_pb_row column_structure=\u00bb1_2,1_2&#8243; _builder_version=\u00bb4.27.4&#8243; _module_preset=\u00bbdefault\u00bb background_color=\u00bbRGBA(255,255,255,0)\u00bb max_width=\u00bb2436px\u00bb min_height=\u00bb114.8px\u00bb custom_margin=\u00bb|auto|50px|auto||\u00bb custom_padding=\u00bb15px|25px|15px|25px|false|false\u00bb border_radii=\u00bbon|8px|8px|8px|8px\u00bb global_colors_info=\u00bb{}\u00bb][et_pb_column type=\u00bb1_2&#8243; _builder_version=\u00bb4.27.4&#8243; _module_preset=\u00bbdefault\u00bb global_colors_info=\u00bb{}\u00bb][et_pb_toggle title=\u00bbEMPRESAS HABILITADAS A BRINDAR SERVICIOS EN PARQUE PROVINCIAL ACONCAGUA\u00bb _builder_version=\u00bb4.27.4&#8243; _module_preset=\u00bbdefault\u00bb title_font=\u00bb|600|||||||\u00bb min_height=\u00bb67px\u00bb custom_margin=\u00bb-2px|||||\u00bb global_colors_info=\u00bb{}\u00bb]<\/p>\n<p>(Por orden alfab\u00e9tico)<\/p>\n<p><strong>ACONCAGUA \u00a0MOUNTAIN \u00a0GUIDES\u00a0 \u00a0<\/strong><strong>EVT. Leg. 17012 <\/strong><strong>\u00a0<\/strong><\/p>\n<ul>\n<li><strong>https:\/\/aconcaguamountainguides.com <\/strong><strong>\u00a0\u00a0reservas@aconcaguamg.com<\/strong><\/li>\n<li><strong>Montecaseros 1415 Ciudad de Mendoza. <\/strong><\/li>\n<li><strong>(+54 9 261) 4711664 \/ 302-5129 <\/strong><\/li>\n<\/ul>\n<p><strong>ACONCAGUA \u00a0VISI\u00d3N &#8211; <\/strong><strong>CLIMB &amp; WINE \u00a0EVT Leg. 17330<\/strong><\/p>\n<ul>\n<li><strong>https:\/\/aconcaguavision.com <\/strong><strong>info@aconcaguavision.com<\/strong><\/li>\n<li><strong>Ruta Prov. N\u00ba 82 Km. 22,5 Calle 9 Lote 9 \u00abA\u00bb Las Heras, Mendoza<\/strong><strong>.<\/strong><\/li>\n<li><strong>(+54 9 261) 6534405<\/strong><\/li>\n<\/ul>\n<p><strong>ANDESPORT \u00a0<\/strong><strong>EVT. Leg. 20579\u00a0 <\/strong><\/p>\n<ul>\n<li><strong>https:\/\/andesport.net <\/strong><strong>davidvela@andesport.com<\/strong><\/li>\n<li><strong>Las Heras 676 \/ 698 Local 16 Ciudad de Mendoza.<\/strong><\/li>\n<li><strong>(+54 9 261) 5525051 <\/strong><\/li>\n<\/ul>\n<p><strong>FERNANDO GRAJALES EXPEDITIONS \u00a0<\/strong><strong>EVT. Leg. 14406 <\/strong><\/p>\n<ul>\n<li><strong>https:\/\/grajales.net <\/strong><strong>expediciones@grajales.net<\/strong><\/li>\n<li><strong>Necochea 2261 T 1 Piso 10 \u201c1\u201d Godoy Cruz, Mendoza. <\/strong><\/li>\n<li><strong>(+54 9 261) 6588855 \/ 6502359<\/strong><strong><\/strong><\/li>\n<\/ul>\n<p><strong><span>GEOTREK ACONCAGUA \u00a0EVT. Leg. 20441<\/span><br \/><span>\u2022\u00a0<\/span><span style=\"color: #2ea3f2\"><a rel=\"noopener noreferrer\" target=\"_blank\" href=\"https:\/\/www.instagram.com\/geotrek_aconcagua\/\" style=\"color: #2ea3f2\">https:\/\/www.instagram.com\/geotrek_aconcagua\/<\/a><\/span><br \/><span style=\"color: #2ea3f2\"><a href=\"mailto:turismogeotrekk@gmail.com\" style=\"color: #2ea3f2\">turismogeotrekk@gmail.com<\/a><\/span><br \/><span>\u2022 G\u00fcemes 531 San Jos\u00e9, Guaymall\u00e9n Mendoza.<\/span><br \/><span>\u2022 (+54 261) 680-8744<\/span><\/strong><\/p>\n<p><strong>INKA \u2013 ACONCAGUA EXPEDICIONES \u00a0<\/strong><strong>EVT. Leg. <span>11193<\/span> <\/strong><\/p>\n<ul>\n<li><strong>https:\/\/inkaexpediciones.com <\/strong><strong>inka@inka.com.ar<\/strong><\/li>\n<li><strong>Juan B Justo 345 Ciudad de Mendoza. <\/strong><\/li>\n<li><strong>(+54 261) 4250871 <\/strong><strong><\/strong><\/li>\n<\/ul>\n<p><strong>JUAN HERRERA TRAVEL SERVICE\u00a0 <\/strong><strong>EVT. Leg. 14183\u00a0 <\/strong><\/p>\n<ul>\n<li><strong>http:\/\/juanherreratravelservice.com <\/strong><strong>lyjandes@gmail.com<\/strong><\/li>\n<li><strong>Roque S\u00e1enz Pe\u00f1a 873 \u2013 Local A. Ciudad de Mendoza.<\/strong><\/li>\n<li><strong>(+54 9 261) 4253691 \/ 5443349 <\/strong><\/li>\n<\/ul>\n<p><strong>LANKO ALTAS MONTA\u00d1AS\u00a0 \u00a0<\/strong><strong>EVT. Leg. 14538 \u00a0\u00a0<\/strong><\/p>\n<ul>\n<li><strong>lanko.com.ar <\/strong><strong>info@lanko.com.ar<\/strong><\/li>\n<li><strong>Espejo 183 Piso 7 63 Ciudad de Mendoza.<\/strong><\/li>\n<li><strong>(+54 9 261) 5583291 \/ 5590839 <\/strong><\/li>\n<\/ul>\n<p><strong>MALLKU EXPEDICIONES\u00a0 <\/strong><strong>EVT. Leg. 13424 <\/strong><strong>\u00a0\u00a0<\/strong><\/p>\n<ul>\n<li><strong>mallkuexpediciones.com.ar <\/strong><strong>victorhmallku@sinectis.com.ar<\/strong><\/li>\n<li><strong>Roque S\u00e1enz Pe\u00f1a 873, Ciudad de Mendoza.<\/strong><\/li>\n<li><strong>(+54 9 261) 4204811 <\/strong><\/li>\n<\/ul>\n<p><strong>SOUTH FACE\u00a0 <\/strong><strong>EVT. Leg. 15702 <\/strong><\/p>\n<ul>\n<li><strong>\u00a0https:\/\/aconcaguaparedsur.com paredsur.aconcagua@gmail.com |efraggio@yahoo.com<\/strong><\/li>\n<li><strong>Lamadrid 696 Ciudad de Mendoza. <\/strong><\/li>\n<li><strong>(+54 261) 250-6186 <\/strong><\/li>\n<\/ul>\n<p>[\/et_pb_toggle][\/et_pb_column][et_pb_column type=\u00bb1_2&#8243; _builder_version=\u00bb4.27.4&#8243; _module_preset=\u00bbdefault\u00bb global_colors_info=\u00bb{}\u00bb][et_pb_toggle title=\u00bbINSTRUCTIVO PARA OBTENER SU PERMISO SIN ASISTENCIA\u00bb _builder_version=\u00bb4.27.4&#8243; _module_preset=\u00bbdefault\u00bb title_font=\u00bb|600|||||||\u00bb min_height=\u00bb67px\u00bb custom_margin=\u00bb-2px|||||\u00bb global_colors_info=\u00bb{}\u00bb]<\/p>\n<p><strong>Siga los 3 pasos indicados para obtener el Permisos de Trekking de 3 d\u00edas, Trekking de 7 d\u00edas o Permiso de Ascenso, todos sin asistencia de empresas habilitadas a brindar servicios en Aconcagua.<\/strong><\/p>\n<p><strong>1er Paso) REGISTRO PERSONAL y CARGA DE SU EXPEDICI\u00d3N:<\/strong> Ingrese en el <a href=\"http:\/\/aconcagua.mendoza.gov.ar\/ticket\/aconcagua\/registro.php\" target=\"_blank\" rel=\"noopener\"><span style=\"color: #0091f2\"><strong>siguiente ENLACE<\/strong><\/span><\/a><\/p>\n<p>Para completar el registro de sus datos personales, en su escritura no utilice la letra \u00d1, ni acento ortogr\u00e1fico, ni di\u00e9resis porque distorsionan el registro. En \u201cUsuario Nuevo. Comenzar aqu\u00ed el registro\u201d Ud. crea su propio usuario y contrase\u00f1a y si completa el registro con \u00e9xito, vuelve a la parte superior \u201cSi Ud. ya est\u00e1 registrado ingrese aqu\u00ed\u201d para repetir usuario y contrase\u00f1a; luego aparece otra pantalla \u201cAdministrar Expediciones de Visitantes\u201d con sus datos y al hacer clic en \u201cCargar Permiso\u201d \u00a0una nueva pantalla le permitir\u00e1 cargar su Expedici\u00f3n: Fecha de ingreso y salida (seleccionar del calendario), Tipo de Permiso (seleccionar del desplegable, siempre sin asistencia \u2013 Permiso MENDOCINO aplica s\u00f3lo si su DNI tiene domicilio en Mendoza), escoge Ruta del desplegable, indica cantidad de personas que ingresan con Ud., escoge Gu\u00eda s\u00f3lo si ha contratado sus servicios; no tiene que escoger Empresa porque su Permiso es sin asistencia. Completa datos de contacto y datos del Seguro (<strong>Obligatorio contratar Seguro de Evacuaci\u00f3n para Trekking Largo o Ascenso<\/strong>). Completa la ficha m\u00e9dica y si dispone de sistema GPS (no obligatorio). Hace clic en \u201cGuardar\u201d y aparecer\u00e1 su Expedici\u00f3n en \u201cAdministrar Expediciones de Visitantes\u201d. Ya tiene su Expedici\u00f3n cargada.<\/p>\n<p><strong>2do Paso) PREPARAR FORMULARIOS y PAGAR LA TARIFA:<\/strong> Desde \u201cAdministrar Expediciones de Visitantes\u201d seleccione su Expedici\u00f3n cargada (quedar\u00e1 resaltada con color) para imprimir Boleta de Pago y el Formulario de Expedici\u00f3n. Cuando Ud. imprime \u00a0la boleta de pago reci\u00e9n ah\u00ed el sistema le aplica la tarifa y tendr\u00e1 24 hs para pagarla en cualquier Pago F\u00e1cil, por Mercado Pago o los medios que est\u00e9n disponibles. Si Ud. no paga dentro del vencimiento, no se preocupe porque la boleta no genera deuda, pero para avanzar en la gesti\u00f3n del permiso deber\u00e1 cargar una nueva Expedici\u00f3n y repetir los pasos indicados para generar otra boleta con un nuevo vencimiento. Para preparar una Declaraci\u00f3n Jurada ingrese en <strong><span style=\"color: #006ac1\"><a href=\"https:\/\/www.mendoza.gov.ar\/wp-content\/uploads\/sites\/71\/2020\/12\/Aconcagua-Declacion-Jurada-Aceptacion-de-Riesgo.pdf\" style=\"color: #006ac1\">AQU\u00cd<\/a> <\/span><\/strong>, baje el Formulario de Aceptaci\u00f3n de Riesgos \u2013 Deslinde de Responsabilidades, imprima y complete a mano con sus datos, fecha y su firma. Ya est\u00e1 m\u00e1s cerca de obtener su Permiso\u2026<\/p>\n<p><strong>3er Paso) RETIRAR EN CIUDAD DE MENDOZA SU PERMISO DE TREKKING O ASCENSO SIN ASISTENCIA:<\/strong> Con su Formulario de Expedici\u00f3n firmado, con la Boleta ya pagada (mostrar comprobante original del pago) y el Formulario de Aceptaci\u00f3n de Riesgos completo y firmado, exhibiendo su documento de identidad Ud. podr\u00e1 retirar su Permiso en el Informador Tur\u00edstico de Rotonda Caballitos de Marly, Parque Gral. San Mart\u00edn de la Ciudad de Mendoza, con horario de atenci\u00f3n de lunes a viernes de 08.00 a 17.30 hs, s\u00e1bados, domingos y feriados de 09.00 a 12.30 hs. (v\u00edsperas de Navidad y A\u00f1o Nuevo se atiende s\u00f3lo de ma\u00f1ana, y durante esas fiestas esta oficina permanece cerrada).<\/p>\n<p><strong>\u00a1IMPORTANTE! El tr\u00e1mite es personal. <u>No se entregan Permisos en el ingreso al Parque Aconcagua<\/u>. Si Ud. llega al Parque Aconcagua sin su Permiso de Trekking o Ascenso, deber\u00e1 volver a la Ciudad de Mendoza para completar los formularios faltantes y as\u00ed poder retirar su Permiso <\/strong><\/p>\n<p>La adquisici\u00f3n del Permiso implica la aceptaci\u00f3n del Reglamento de Uso del \u00c1rea Natural Protegida Parque Provincial Aconcagua y la normativa ambiental vigente en la Provincia de Mendoza. Menores de edad tienen tratamiento administrativo especial de acuerdo a su edad y tipo de Permiso. Andinistas por Pared Sur o en actividades de alto riesgo deben cumplir con reglamentaci\u00f3n espec\u00edfica. Eventos especiales como filmaciones, carreras, conciertos, etc. necesitan autorizaci\u00f3n por Resoluci\u00f3n,\u00a0 de igual forma los ingresos fuera de temporada estival, solicitudes de intento de record o pedidos de eximici\u00f3n del pago de canon de ingreso, presentando cada petici\u00f3n con suficiente antelaci\u00f3n por Mesa de Entradas DAP. No se permite el uso aeronaves tipo Drones. Es obligatorio contratar servicio de ba\u00f1os en Plaza de Mulas.<\/p>\n<p>Consultas al e-mail <a href=\"mailto:informesaconcagua@mendoza.gov.ar\"><strong><span style=\"color: #0091f2\">informesaconcagua@mendoza.gov.ar<\/span><\/strong><\/a><\/p>\n<p>[\/et_pb_toggle][\/et_pb_column][\/et_pb_row][et_pb_row _builder_version=\u00bb4.27.4&#8243; _module_preset=\u00bbdefault\u00bb max_width=\u00bb2560px\u00bb min_height=\u00bb181px\u00bb custom_padding=\u00bb0px||4px|||\u00bb global_colors_info=\u00bb{}\u00bb][et_pb_column type=\u00bb4_4&#8243; _builder_version=\u00bb4.27.4&#8243; _module_preset=\u00bbdefault\u00bb global_colors_info=\u00bb{}\u00bb][et_pb_text _builder_version=\u00bb4.27.4&#8243; _module_preset=\u00bbdefault\u00bb text_font=\u00bb|600|||||||\u00bb background_color=\u00bb#e02b20&#8243; background_layout=\u00bbdark\u00bb custom_padding=\u00bb|20px||27px|false|false\u00bb border_radii=\u00bbon|8px|8px|8px|8px\u00bb global_colors_info=\u00bb{}\u00bb]<\/p>\n<ul><\/ul>\n<h2 style=\"text-align: center\"><strong>IMPORTANTE: <\/strong><\/h2>\n<h2 style=\"text-align: center\"><strong>&gt;&gt; En el Ingreso al Parque Aconcagua NO se venden ni entregan Tickets ni Permisos&lt;&lt;<\/strong><\/h2>\n<h2 style=\"text-align: center\"><strong>&gt;&gt; Si Ud. llega con el tr\u00e1mite a medias deber\u00e1 volver a la Ciudad de Mendoza para terminar de gestionar su Ticket o Permiso&lt;&lt;<\/strong><\/h2>\n<p>[\/et_pb_text][\/et_pb_column][\/et_pb_row][et_pb_row _builder_version=\u00bb4.27.4&#8243; _module_preset=\u00bbdefault\u00bb custom_margin=\u00bb|auto||133px|false|false\u00bb hover_enabled=\u00bb0&#8243; global_colors_info=\u00bb{}\u00bb module_alignment=\u00bbcenter\u00bb sticky_enabled=\u00bb0&#8243;][et_pb_column type=\u00bb4_4&#8243; _builder_version=\u00bb4.27.2&#8243; _module_preset=\u00bbdefault\u00bb global_colors_info=\u00bb{}\u00bb][et_pb_tabs active_tab_background_color=\u00bb#FFFFFF\u00bb active_tab_text_color=\u00bb#333333&#8243; _builder_version=\u00bb4.27.4&#8243; _module_preset=\u00bbdefault\u00bb tab_text_color=\u00bb#9e9e9e\u00bb body_text_align=\u00bbleft\u00bb body_text_color=\u00bb#333333&#8243; body_font_size=\u00bb0.9rem\u00bb tab_font=\u00bb|600|||||||\u00bb tab_font_size=\u00bb1rem\u00bb background_color=\u00bbrgba(255,255,255,0.65)\u00bb custom_padding=\u00bb|35px||35px||\u00bb custom_css_free_form=\u00bb.mi-flex-contenedor {||  display: flex !important;||  flex-wrap: wrap;||  flex-direction: row !important;||  width: 100%;||}||||\/* Columna imagen *\/||.mi-flex-contenedor figure {||  width: 50% !important;||  margin: 0;||}||||\/* Columna texto *\/||.mi-flex-contenedor div.texto {||  width: 50% !important;||  padding-left: 16px;||  box-sizing: border-box;||}\u00bb border_radii=\u00bbon|8px|8px|8px|8px\u00bb locked=\u00bboff\u00bb global_colors_info=\u00bb{%22gcid-9d8d6552-a4b0-4171-847a-f5c0d7177503%22:%91%22tab_text_color%22%93,%22gcid-53054839-b83d-4ef0-8659-8a010e6148fd%22:%91%22body_text_color%22,%22active_tab_text_color%22%93}\u00bb][et_pb_tab title=\u00bbCircuitos\u00bb _builder_version=\u00bb4.27.4&#8243; _module_preset=\u00bbdefault\u00bb background_enable_image=\u00bboff\u00bb global_colors_info=\u00bb{}\u00bb]<\/p>\n<figure><\/figure>\n<p>\u00a0<strong><span style=\"color: #0091f2\"><a href=\"https:\/\/www.google.com\/maps\/d\/u\/0\/edit?mid=1eoi7New8AbLpAkqIk45B1a09nNoN_2U&amp;usp=sharing\" target=\"_blank\" rel=\"noreferrer noopener\" style=\"color: #0091f2\">Puntos Circuitos en Google Maps<\/a><\/span><\/strong>\u00a0<\/p>\n<p><img decoding=\"async\" src=\"https:\/\/www.mendoza.gov.ar\/wp-content\/uploads\/sites\/71\/2023\/11\/puntos-aconcagua-banner.png\" \/><\/p>\n<p>[\/et_pb_tab][et_pb_tab title=\u00bbTur\u00edstico\u00bb _builder_version=\u00bb4.27.4&#8243; _module_preset=\u00bbdefault\u00bb global_colors_info=\u00bb{}\u00bb]<\/p>\n<p><strong>Sendero interpretativo del Valle de Horcones<\/strong><\/p>\n<p>Ingreso principal al Parque: Circuito Laguna de Horcones, habilitado todo el a\u00f1o sujeto a condiciones clim\u00e1ticas, duraci\u00f3n aprox. 2 hs\u00a0 tiempo total ida y vuelta, pudiendo llegar hasta puente de Quebrada del Durazno, dificultad baja apto para todo p\u00fablico. Se requiere <a href=\"https:\/\/entradasanp.mendoza.gov.ar\/turneroanppub\/servlet\/com.turneroanp.solturno001\">RESERVA<\/a> de turno previo al viaje, que incluye adquisici\u00f3n del ticket de ingreso donde una persona puede reservar hasta 10 lugares. Ingrese al apartado Aconcagua e indique en parte sup. izq. Cantidad de visitantes. Luego, ver Disponibilidad de turnos para circuito tur\u00edstico interpretativo, seleccione fecha y horario de visita (cambia de color blanco a marr\u00f3n el turno escogido), consulte tarifas. Acepte Condiciones con un tilde y haga clic en Reservar para completar con datos personales y categor\u00eda de cada visitante. Al confirmar el turno se genera el comprobante que tiene que pagar en pesos en cualquier Pago F\u00e1cil o por Mercado Pago. Con el Ticket pagado y los documentos de identidad Ud. podr\u00e1 presentarse en Centro de Visitantes Horcones para realizar la caminata de manera autoguiada. Menores de 13 a\u00f1os, jubilados nacionales, persona con discapacidad y acompa\u00f1ante y excombatientes de Malvinas ingresan sin cargo, siempre que figuren sus datos en el turno y demuestren su condici\u00f3n al ingreso. Llevar abrigo, calzado deportivo cerrado, gorro o sombrero, agua para hidratarte y bolsa para residuos.<\/p>\n<p>&nbsp;<\/p>\n<p>[\/et_pb_tab][et_pb_tab title=\u00bbTrekking D\u00eda (1d)\u00bb _builder_version=\u00bb4.27.4&#8243; _module_preset=\u00bbdefault\u00bb background_enable_image=\u00bboff\u00bb global_colors_info=\u00bb{}\u00bb]<\/p>\n<p><strong>Trekking D\u00eda por Valle de Horcones hasta campamento Confluencia, o desde Las Cuevas por Quebrada de Matienzo hasta campamento La Cascada.<\/strong><br \/><strong>(Operativo desde el 15 noviembre hasta el 10 de abril del a\u00f1o siguiente)<\/strong><\/p>\n<p>Duraci\u00f3n aprox. 4 a 5 h total ida y vuelta Horcones-Confluencia-Horcones (no permite acampe) o Trekking D\u00eda por Quebrada de Matienzo desde Las Cuevas hasta campamento La Cascada, con duraci\u00f3n aprox. de 5 a 7 h total ida y vuelta (no permite acampe), habilitado desde el 15 de noviembre hasta el 10 de abril y sujeto a condiciones operativas. Dificultad media, apto para personas que realizan ejercicio f\u00edsico con regularidad. Apto para mayores de 13 a\u00f1os, ver apartado Menores. Se requiere reserva de turno previo al viaje, que incluye adquisici\u00f3n del ticket de ingreso a trav\u00e9s del sitio web mencionado donde una persona puede reservar hasta 10 lugares si conoce sus datos personales. Ingrese al apartado Aconcagua, indique en parte sup. izq. Cantidad de visitantes, luego ver Disponibilidad de turnos para el Trekking D\u00eda, seleccione un turno, acepte condiciones con un tilde y confirme completando con datos personales y categor\u00eda de cada visitante. Abone el Ticket en Pago F\u00e1cil o por Mercado Pago y lleve ese comprobante pagado con los documentos de identidad y la indumentaria adecuada para monta\u00f1ismo.<\/p>\n<p>[\/et_pb_tab][et_pb_tab title=\u00bbTrekking corto (3d)\u00bb _builder_version=\u00bb4.27.4&#8243; _module_preset=\u00bbdefault\u00bb global_colors_info=\u00bb{}\u00bb]<\/p>\n<div class=\"row\">\n<div class=\"col-md-12\">\n<p><strong>Trekking Corto de 3 d\u00edas por Quebrada de Horcones o por Quebrada de Matienzo<\/strong><\/p>\n<\/div>\n<\/div>\n<div class=\"row\">\n<article id=\"post-59\" class=\"post-59 page type-page status-publish hentry\">\n<div class=\"col-md-10\">\n<p>Desde Horcones a campamento Confluencia o por Quebrada de Matienzo a campamento La Cascada, pudiendo pernoctar hasta 2 noches en campamento. Habilitado desde el 15 de noviembre al 10 de abril, sujeto a condiciones operativas. Dificultad media, requiere equipo adecuado y experiencia en monta\u00f1ismo. Apto para mayores de 13 a\u00f1os, ver apartado Menores. Modalidad Trekking Corto con asistencia o sin asistencia.<strong> Con asistencia de empresas autorizadas<\/strong>, tiene un valor de permiso reducido aunque obliga a contratar servicios esenciales para tu expedici\u00f3n, cuyo costo no est\u00e1 incluido en la tarifa del permiso (ver listado de empresas habilitadas para tramitar este permiso). <strong>Trekking Corto sin asistencia<\/strong> no est\u00e1 obligado a contratar empresa habilitada. Este permiso se gestiona en Informador Tur\u00edstico Rotonda Caballitos de Marly, Parque Gral. San Mart\u00edn \u2013 Ciudad de Mendoza.<\/p>\n<p><a href=\"https:\/\/www.mendoza.gov.ar\/wp-content\/uploads\/sites\/15\/2025\/06\/Gear-Trekking.pdf\"> <\/a><\/p>\n<\/div>\n<\/article>\n<\/div>\n<p>[\/et_pb_tab][et_pb_tab title=\u00bbTrekking largo (7d) \u00bb _builder_version=\u00bb4.27.4&#8243; _module_preset=\u00bbdefault\u00bb global_colors_info=\u00bb{}\u00bb]<\/p>\n<div class=\"row\">\n<div class=\"col-xs-12\">\n<div class=\" gx-attribute\">\n<p><strong>Trekking Largo de 7 d\u00edas por Quebrada de Horcones<\/strong><\/p>\n<p>Trekking de larga duraci\u00f3n a \u00a0campamento base Plaza de Mulas. Habilitado desde el 1 de diciembre hasta el 15 de febrero, sujeto a condiciones operativas. Dificultad alta, requiere equipo adecuado, experiencia en monta\u00f1ismo y la contrataci\u00f3n de un Seguro de Evacuaci\u00f3n para deportes aventura. Apto para mayores de 16 a\u00f1os,\u00a0 ver apartado Menores. Modalidad Trekking Largo con asistencia o sin asistencia. <strong>Permiso con asistencia de empresas autorizadas<\/strong>: tiene un valor de permiso reducido, aunque obliga a contratar servicios esenciales para su expedici\u00f3n, cuyo costo no est\u00e1 incluido en la tarifa del permiso (ver listado de empresas habilitadas para tramitar este permiso). <strong>Trekking Largo sin asistencia<\/strong>: no est\u00e1 obligado a contratar servicios de empresa habilitada pero debe contratar servicio de ba\u00f1o en campamento base. Este permiso se gestiona en Informador Tur\u00edstico Rotonda Caballitos de Marly, Parque Gral. San Mart\u00edn \u2013 Ciudad de Mendoza. Si Ud. es evacuado por accidente o por orden m\u00e9dica, tiene que afrontar el costo de dicha evacuaci\u00f3n.<\/p>\n<\/div>\n<\/div>\n<\/div>\n<div class=\"row\">\n<div class=\"col-xs-12\" data-align=\"right\"><\/div>\n<\/div>\n<p>[\/et_pb_tab][et_pb_tab title=\u00bbAscenso (20d)\u00bb _builder_version=\u00bb4.27.4&#8243; _module_preset=\u00bbdefault\u00bb global_colors_info=\u00bb{}\u00bb]<\/p>\n<p><strong>Permiso de Ascenso a cumbre por Quebrada de Horcones o por Valle de Vacas (Punta de Vacas)<\/strong><\/p>\n<p>Vigencia del permiso hasta 20 d\u00edas. Habilitado desde 1 de diciembre hasta el 15 de febrero. Dificultad alta, requiere aclimataci\u00f3n, equipo adecuado, experiencia en alta monta\u00f1a y la contrataci\u00f3n de un Seguro de Evacuaci\u00f3n para deportes aventura. Apto para mayores de 16 a\u00f1os, ver apartado Menores. Modalidad: Ascenso con asistencia y sin asistencia. <strong>Con asistencia de empresas autorizadas<\/strong> tiene un valor de permiso reducido aunque obliga a contratar servicios esenciales para su expedici\u00f3n, cuyo costo no est\u00e1 incluido en la tarifa del permiso (ver listado de empresas habilitadas para tramitar este permiso). <strong>Permiso de Ascenso sin asistencia<\/strong> no est\u00e1 obligado a contratar servicios de empresa habilitada pero debe contratar ba\u00f1o en campamento base. El ascenso por Vacas tiene tarifa superior al Ascenso por Horcones. Ruta 360\u00ba (ingreso por un ruta y salida por otra) aplica tarifa Vacas. Este permiso se gestiona en Informador Tur\u00edstico Rotonda Caballitos de Marly, Parque Gral. San Mart\u00edn \u2013Si Ud. es evacuado por accidente o por orden m\u00e9dica, tiene que afrontar el costo de dicha evacuaci\u00f3n.<\/p>\n<p>[\/et_pb_tab][\/et_pb_tabs][et_pb_image src=\u00bbhttps:\/\/mza-dicaws-portal-uploads-media-prod.s3.amazonaws.com\/informacion-oficial\/uploads\/sites\/12\/2025\/11\/tarifas-2025-26aconcagua-01-1-scaled.png\u00bb title_text=\u00bbtarifas 2025-26aconcagua-01&#8243; _builder_version=\u00bb4.27.4&#8243; _module_preset=\u00bbdefault\u00bb hover_enabled=\u00bb0&#8243; border_radii=\u00bbon|8px|8px|8px|8px\u00bb global_colors_info=\u00bb{}\u00bb module_alignment=\u00bbcenter\u00bb sticky_enabled=\u00bb0&#8243;][\/et_pb_image][\/et_pb_column][\/et_pb_row][\/et_pb_section][et_pb_section fb_built=\u00bb1&#8243; module_id=\u00bbbienestar\u00bb _builder_version=\u00bb4.27.4&#8243; background_color=\u00bbRGBA(255,255,255,0)\u00bb use_background_color_gradient=\u00bbon\u00bb background_color_gradient_direction=\u00bb169deg\u00bb background_color_gradient_stops=\u00bb#ffffff 24%|#0a0000 100%\u00bb background_image=\u00bbhttps:\/\/mza-dicaws-portal-uploads-media-prod.s3.us-east-1.amazonaws.com\/informacion-oficial\/uploads\/sites\/12\/2025\/06\/Imagen-179-e1750860492528.jpg\u00bb background_blend=\u00bbscreen\u00bb custom_margin=\u00bb3px|||||\u00bb custom_padding=\u00bb||37px|||\u00bb global_colors_info=\u00bb{}\u00bb][et_pb_row _builder_version=\u00bb4.27.4&#8243; background_size=\u00bbinitial\u00bb background_position=\u00bbtop_left\u00bb background_repeat=\u00bbrepeat\u00bb max_width=\u00bb2560px\u00bb min_height=\u00bb117px\u00bb custom_margin=\u00bb|auto|-3px|auto||\u00bb custom_padding=\u00bb5px|||||\u00bb global_colors_info=\u00bb{}\u00bb][et_pb_column type=\u00bb4_4&#8243; _builder_version=\u00bb4.27.4&#8243; _module_preset=\u00bbdefault\u00bb global_colors_info=\u00bb{}\u00bb][et_pb_heading title=\u00bbBIENESTAR ANIMAL\u00bb admin_label=\u00bbFlora Nativa\u00bb module_id=\u00bbpadron\u00bb _builder_version=\u00bb4.27.4&#8243; _module_preset=\u00bbdefault\u00bb title_level=\u00bbh2&#8243; title_font=\u00bb|300|||||||\u00bb title_text_align=\u00bbleft\u00bb title_text_color=\u00bbgcid-body-color\u00bb title_font_size=\u00bb40px\u00bb min_height=\u00bb39px\u00bb custom_margin=\u00bb21px||-1px|||\u00bb global_colors_info=\u00bb{%22gcid-body-color%22:%91%22title_text_color%22,%22title_text_color%22%93}\u00bb][\/et_pb_heading][\/et_pb_column][\/et_pb_row][et_pb_row column_structure=\u00bb1_2,1_4,1_4&#8243; _builder_version=\u00bb4.27.4&#8243; _module_preset=\u00bbdefault\u00bb background_color=\u00bbrgba(255,255,255,0.75)\u00bb max_width=\u00bb2436px\u00bb min_height=\u00bb264.8px\u00bb custom_margin=\u00bb|auto|50px|auto||\u00bb custom_padding=\u00bb15px|25px|15px|25px|false|false\u00bb border_radii=\u00bbon|8px|8px|8px|8px\u00bb global_colors_info=\u00bb{}\u00bb][et_pb_column type=\u00bb1_2&#8243; _builder_version=\u00bb4.27.4&#8243; _module_preset=\u00bbdefault\u00bb global_colors_info=\u00bb{}\u00bb][et_pb_text _builder_version=\u00bb4.27.4&#8243; _module_preset=\u00bbdefault\u00bb header_3_text_color=\u00bbgcid-840cd285-ee6f-49c1-abc9-5e893f3235b8&#8243; custom_padding=\u00bb||0px|||\u00bb global_colors_info=\u00bb{%22gcid-840cd285-ee6f-49c1-abc9-5e893f3235b8%22:%91%22header_3_text_color%22%93}\u00bb]<\/p>\n<h2><span style=\"color: #666666\"><strong>Programa de Control de Bienestar Animal de Mulas Cargueras<\/strong><\/span><\/h2>\n<p>Tiene como objetivo garantizar la salud y el bienestar de estos valiosos animales que desempe\u00f1an un papel crucial en las actividades de transporte en el parque. A trav\u00e9s de un monitoreo constante y pr\u00e1cticas de manejo \u00e9ticas, se busca asegurar que las mulas reciban la atenci\u00f3n adecuada, una alimentaci\u00f3n balanceada y cuidados veterinarios, adapt\u00e1ndose a las extremas condiciones del entorno andino. Este programa no solo protege a los animales, sino que tambi\u00e9n, contribuye a la sostenibilidad de las actividades tur\u00edsticas, fomentando un equilibrio entre el desarrollo humano y las buenas pr\u00e1cticas.<\/p>\n<p>[\/et_pb_text][\/et_pb_column][et_pb_column type=\u00bb1_4&#8243; _builder_version=\u00bb4.27.4&#8243; _module_preset=\u00bbdefault\u00bb global_colors_info=\u00bb{}\u00bb][et_pb_blurb title=\u00bbConsultas o Denuncias\u00bb url=\u00bbhttps:\/\/ticketsform.mendoza.gov.ar\/ticketsform\/servlet\/responderformulario?PORTAL_AMBIENTE\u00bb use_icon=\u00bbon\u00bb font_icon=\u00bb&#xf12a;||fa||900&#8243; icon_color=\u00bb#00079E\u00bb _builder_version=\u00bb4.27.4&#8243; _module_preset=\u00bbdefault\u00bb header_text_align=\u00bbcenter\u00bb header_text_color=\u00bb#00079E\u00bb background_enable_color=\u00bboff\u00bb custom_margin=\u00bb||10%||false|false\u00bb custom_padding=\u00bb17px||10px|||\u00bb border_radii=\u00bbon|8px|8px|8px|8px\u00bb locked=\u00bboff\u00bb global_colors_info=\u00bb{}\u00bb][\/et_pb_blurb][\/et_pb_column][et_pb_column type=\u00bb1_4&#8243; _builder_version=\u00bb4.27.4&#8243; _module_preset=\u00bbdefault\u00bb global_colors_info=\u00bb{}\u00bb][et_pb_blurb title=\u00bbNorma Legal\u00bb url=\u00bbhttps:\/\/www.mendoza.gov.ar\/wp-content\/uploads\/sites\/71\/2023\/12\/Reso-BIENESTAR-ANIMAL-PPA.pdf\u00bb use_icon=\u00bbon\u00bb font_icon=\u00bb&#xf24e;||fa||900&#8243; icon_color=\u00bb#00079E\u00bb _builder_version=\u00bb4.27.4&#8243; _module_preset=\u00bbdefault\u00bb header_text_align=\u00bbcenter\u00bb header_text_color=\u00bb#00079E\u00bb background_enable_color=\u00bboff\u00bb custom_margin=\u00bb||10%||false|false\u00bb custom_padding=\u00bb17px||10px|||\u00bb border_radii=\u00bbon|8px|8px|8px|8px\u00bb locked=\u00bboff\u00bb global_colors_info=\u00bb{%22gcid-heading-color%22:%91%22header_text_color%22%93}\u00bb][\/et_pb_blurb][\/et_pb_column][\/et_pb_row][et_pb_row column_structure=\u00bb1_2,1_2&#8243; _builder_version=\u00bb4.27.4&#8243; _module_preset=\u00bbdefault\u00bb background_color=\u00bbrgba(255,255,255,0.75)\u00bb max_width=\u00bb2436px\u00bb min_height=\u00bb264.8px\u00bb custom_margin=\u00bb|auto|50px|auto||\u00bb custom_padding=\u00bb15px|25px|15px|25px|false|false\u00bb border_radii=\u00bbon|8px|8px|8px|8px\u00bb global_colors_info=\u00bb{}\u00bb][et_pb_column type=\u00bb1_2&#8243; _builder_version=\u00bb4.27.4&#8243; _module_preset=\u00bbdefault\u00bb global_colors_info=\u00bb{}\u00bb][et_pb_text _builder_version=\u00bb4.27.4&#8243; _module_preset=\u00bbdefault\u00bb global_colors_info=\u00bb{}\u00bb]<\/p>\n<h3><strong><span style=\"color: #666666\">PRETEMPORADA<\/span><\/strong><\/h3>\n<p><strong>CURSOS DE CAPACITACI\u00d3N:<\/strong><\/p>\n<p>La clave para generar y sostener a largo plazo el Bienestar Animal es la EDUCACI\u00d3N. Por eso, es fundamental para el buen desarrollo del programa capacitar a cada uno de los participantes de manera sostenida en el tiempo.<\/p>\n<p>Todos los a\u00f1os los cursos pre temporada ser\u00e1n dictados en la sede del COLEGIO o donde \u00e9ste lo determine y por profesionales contratados por \u00e9ste.<\/p>\n<p>Tendr\u00e1n car\u00e1cter de OBLIGATORIO para arrieros, encargados de coordinar a los arrieros y de asignarles las mulas durante la temporada, guardaparques y veterinarios\/as directores\/as t\u00e9cnicos\/as y todos\/as aquellos\/as que deseen participar del Programa. Se otorgar\u00e1 certificado de asistencia.<\/p>\n<p><strong>SE\u00d1ALETICA EN LOS SENDEROS DE ASCENSO Y DESCENSO DE MULAS<\/strong><\/p>\n<p>El programa brindar\u00e1 informaci\u00f3n en todo el trayecto sobre Bienestar Animal, respecto a la importancia de mantener distancia entre personas y animales para evitar accidentes, canales de comunicaci\u00f3n con el \u00e1rea de coordinaci\u00f3n del mismo y tambi\u00e9n, para denunciar casos de maltrato animal. El dise\u00f1o e impresi\u00f3n de la se\u00f1al\u00e9tica estar\u00e1 a cargo de la DRNR y se solicitar\u00e1 la colaboraci\u00f3n de las EMPRESAS para su aplicaci\u00f3n en los senderos.<\/p>\n<p>[\/et_pb_text][\/et_pb_column][et_pb_column type=\u00bb1_2&#8243; _builder_version=\u00bb4.27.4&#8243; _module_preset=\u00bbdefault\u00bb global_colors_info=\u00bb{}\u00bb][et_pb_text _builder_version=\u00bb4.27.4&#8243; _module_preset=\u00bbdefault\u00bb custom_margin=\u00bb||16px|||\u00bb global_colors_info=\u00bb{}\u00bb]<\/p>\n<h3><strong><span style=\"color: #666666\">INICIO DE TEMPORADA<\/span><\/strong><\/h3>\n<p><strong>ADMISI\u00d3N DE LOS ANIMALES<\/strong>:<\/p>\n<p>Cada Director\/a T\u00e9cnico\/a (DT) representante de una empresa prestadora deber\u00e1 solicitar TURNO para la ADMISI\u00d3N INICIAL por escrito v\u00eda mail al Colegio de M\u00e9dicos Veterinarios de Mendoza (consultar fechas) acompa\u00f1ando la documentaci\u00f3n e informaci\u00f3n que le sea requerida.<\/p>\n<p><strong>INSPECCION DE CORRALES DE ALOJAMIENTO Y BOTIQUIN DE PRIMEROS AUXILIOS<\/strong><\/p>\n<p>Ser\u00e1n revisados por el\/la Inspector\/a, previa coordinaci\u00f3n de fecha y hora con el \u201cCOLEGIO\u201d previo al ingreso de los animales.<\/p>\n<p>[\/et_pb_text][et_pb_blurb title=\u00bbManual Explicativo\u00bb url=\u00bbhttps:\/\/mza-dicaws-portal-uploads-media-prod.s3.us-east-1.amazonaws.com\/informacion-oficial\/uploads\/sites\/12\/2025\/06\/Bienestar-Animal-de-Mulas.pdf\u00bb use_icon=\u00bbon\u00bb font_icon=\u00bb&#xf02d;||fa||900&#8243; icon_color=\u00bb#f2f2f2&#8243; _builder_version=\u00bb4.27.4&#8243; _module_preset=\u00bbdefault\u00bb header_text_align=\u00bbcenter\u00bb header_text_color=\u00bb#ffffff\u00bb background_color=\u00bb#00079E\u00bb width=\u00bb50%\u00bb module_alignment=\u00bbcenter\u00bb custom_margin=\u00bb50px||10%||false|false\u00bb custom_padding=\u00bb17px||10px|||\u00bb border_radii=\u00bbon|8px|8px|8px|8px\u00bb locked=\u00bboff\u00bb global_colors_info=\u00bb{}\u00bb][\/et_pb_blurb][\/et_pb_column][\/et_pb_row][et_pb_row _builder_version=\u00bb4.27.4&#8243; _module_preset=\u00bbdefault\u00bb background_color=\u00bbrgba(255,255,255,0.88)\u00bb max_width=\u00bb2436px\u00bb min_height=\u00bb264.8px\u00bb custom_margin=\u00bb|auto|50px|auto||\u00bb custom_padding=\u00bb15px|25px|15px|25px|false|false\u00bb border_radii=\u00bbon|8px|8px|8px|8px\u00bb global_colors_info=\u00bb{}\u00bb][et_pb_column type=\u00bb4_4&#8243; _builder_version=\u00bb4.27.4&#8243; _module_preset=\u00bbdefault\u00bb global_colors_info=\u00bb{}\u00bb][et_pb_text _builder_version=\u00bb4.27.4&#8243; _module_preset=\u00bbdefault\u00bb text_text_color=\u00bbgcid-9107e7ce-36aa-491e-a581-b7de38ef6b97&#8243; custom_padding=\u00bb|35px||||\u00bb global_colors_info=\u00bb{%22gcid-9107e7ce-36aa-491e-a581-b7de38ef6b97%22:%91%22text_text_color%22%93}\u00bb]<\/p>\n<h3><strong><span style=\"color: #666666\">DURANTE LA TEMPORADA<\/span><\/strong><\/h3>\n<p><strong>EL CONTROL DE INGRESO AL PARQUE:<\/strong><span>\u00a0<\/span>se realizar\u00e1 de manera permanente y simult\u00e1nea en 2 puntos estrat\u00e9gicos del Parque: Horcones y Punta de Vacas. Este trabajo ser\u00e1 ejecutado exclusivamente por PROFESIONALES VETERINARIOS matriculados en la Provincia de Mendoza y ser\u00e1n los \u00fanicos responsables de la ADMISI\u00d3N o RECHAZO de los animales. Controlar\u00e1n diariamente el ingreso de animales, herraduras, lesiones en la piel, claudicaciones, fatiga, deshidrataci\u00f3n, correajes y albardas acordes al tama\u00f1o y peso de las cargas transportadas, volumen y peso de las cargas a transportar, etc. Tendr\u00e1n en cuenta los siguientes \u00edtems:<\/p>\n<p>&nbsp;<\/p>\n<p><strong>ARRIERO:<\/strong><span>\u00a0es el \u00fanico responsable de las mulas a su cargo dentro del parque, independientemente de la propiedad de la misma<\/span><\/p>\n<p><span><\/span><\/p>\n<p><span><strong>MULAS: <\/strong><\/span>IDENTIFICACI\u00d3N POR EL COLOR DE ALBARDA: Toda mula que ingresa deber\u00e1 llevar la albarda pintada de un color previamente determinado por las EMPRESAS para permitir identificar a distancia a cu\u00e1l pertenece. Los colores a utilizar no pueden prestarse a confusiones o repetirse entre las empresas prestadoras.<\/p>\n<ul>\n<li>ESTADO DE LA CARGA: Se controlar\u00e1 el tipo y distribuci\u00f3n de la misma. Se constatar\u00e1 tambi\u00e9n el uso apropiado y estado de cinchas y albardas<\/li>\n<li>MICROCHIP: Se podr\u00e1 leer en el puesto de control. Solo en la temporada 2023 \u2013 2024 podr\u00e1 utilizarse otros tipos de identificaci\u00f3n debiendo estar chipeados el 100% de los animales al finalizar la misma.<\/li>\n<li>LESIONES: Solo podr\u00e1n ingresar al parque, animales sin heridas sangrantes ni lesiones de carga u otras que dificulten o impidan el traslado de la carga priorizando el bienestar animal.<\/li>\n<\/ul>\n<p>[\/et_pb_text][\/et_pb_column][\/et_pb_row][\/et_pb_section][et_pb_section fb_built=\u00bb1&#8243; module_id=\u00bbguias\u00bb _builder_version=\u00bb4.27.4&#8243; background_color=\u00bbRGBA(255,255,255,0)\u00bb use_background_color_gradient=\u00bbon\u00bb background_color_gradient_direction=\u00bb169deg\u00bb background_color_gradient_stops=\u00bb#ffffff 24%|#0a0000 78%\u00bb background_image=\u00bbhttps:\/\/mza-dicaws-portal-uploads-media-prod.s3.us-east-1.amazonaws.com\/informacion-oficial\/uploads\/sites\/12\/2025\/06\/cuesta-brava-scaled.jpg\u00bb background_blend=\u00bbscreen\u00bb custom_margin=\u00bb3px|||||\u00bb custom_padding=\u00bb||135px|||\u00bb global_colors_info=\u00bb{}\u00bb][et_pb_row _builder_version=\u00bb4.27.4&#8243; background_size=\u00bbinitial\u00bb background_position=\u00bbtop_left\u00bb background_repeat=\u00bbrepeat\u00bb max_width=\u00bb2560px\u00bb min_height=\u00bb117px\u00bb custom_margin=\u00bb|auto|-3px|auto||\u00bb custom_padding=\u00bb5px|||||\u00bb global_colors_info=\u00bb{}\u00bb][et_pb_column type=\u00bb4_4&#8243; _builder_version=\u00bb4.27.4&#8243; _module_preset=\u00bbdefault\u00bb global_colors_info=\u00bb{}\u00bb][et_pb_heading title=\u00bbGU\u00cdAS\u00bb admin_label=\u00bbFlora Nativa\u00bb _builder_version=\u00bb4.27.4&#8243; _module_preset=\u00bbdefault\u00bb title_level=\u00bbh2&#8243; title_font=\u00bb|300|||||||\u00bb title_text_align=\u00bbleft\u00bb title_text_color=\u00bbgcid-body-color\u00bb title_font_size=\u00bb40px\u00bb min_height=\u00bb42px\u00bb custom_margin=\u00bb||-3px|||\u00bb custom_padding=\u00bb||0px|||\u00bb global_colors_info=\u00bb{%22gcid-body-color%22:%91%22title_text_color%22%93}\u00bb][\/et_pb_heading][et_pb_heading title=\u00bbOFICIALES\u00bb admin_label=\u00bbFlora Nativa\u00bb _builder_version=\u00bb4.27.4&#8243; _module_preset=\u00bbdefault\u00bb title_level=\u00bbh2&#8243; title_font=\u00bb|300|||||||\u00bb title_text_align=\u00bbleft\u00bb title_text_color=\u00bbgcid-body-color\u00bb title_font_size=\u00bb40px\u00bb min_height=\u00bb42px\u00bb custom_margin=\u00bb||-3px|||\u00bb custom_padding=\u00bb||0px|||\u00bb global_colors_info=\u00bb{%22gcid-body-color%22:%91%22title_text_color%22%93}\u00bb][\/et_pb_heading][et_pb_heading title=\u00bbAUTORIZADOS\u00bb admin_label=\u00bbFlora Nativa\u00bb _builder_version=\u00bb4.27.4&#8243; _module_preset=\u00bbdefault\u00bb title_level=\u00bbh2&#8243; title_font=\u00bb|300|||||||\u00bb title_text_align=\u00bbleft\u00bb title_text_color=\u00bbgcid-body-color\u00bb title_font_size=\u00bb40px\u00bb min_height=\u00bb42px\u00bb custom_margin=\u00bb||-3px|||\u00bb custom_padding=\u00bb||0px|||\u00bb global_colors_info=\u00bb{%22gcid-body-color%22:%91%22title_text_color%22%93}\u00bb][\/et_pb_heading][\/et_pb_column][\/et_pb_row][et_pb_row column_structure=\u00bb3_5,2_5&#8243; _builder_version=\u00bb4.27.4&#8243; _module_preset=\u00bbdefault\u00bb background_color=\u00bbrgba(255,255,255,0.75)\u00bb max_width=\u00bb2436px\u00bb min_height=\u00bb264.8px\u00bb custom_margin=\u00bb|auto|50px|auto||\u00bb custom_padding=\u00bb15px|25px|15px|25px|false|false\u00bb border_radii=\u00bbon|8px|8px|8px|8px\u00bb global_colors_info=\u00bb{}\u00bb][et_pb_column type=\u00bb3_5&#8243; _builder_version=\u00bb4.27.4&#8243; _module_preset=\u00bbdefault\u00bb global_colors_info=\u00bb{}\u00bb][et_pb_text _builder_version=\u00bb4.27.4&#8243; _module_preset=\u00bbdefault\u00bb header_3_text_color=\u00bbgcid-840cd285-ee6f-49c1-abc9-5e893f3235b8&#8243; min_height=\u00bb153.2px\u00bb global_colors_info=\u00bb{%22gcid-840cd285-ee6f-49c1-abc9-5e893f3235b8%22:%91%22header_3_text_color%22%93}\u00bb]<\/p>\n<p><strong>\u00bfPor qu\u00e9 gu\u00edas oficiales?<\/strong><\/p>\n<p>Contar con gu\u00edas especializados para realizar expediciones en el Parque Provincial Aconcagua no solo garantiza una experiencia m\u00e1s segura sino que tambi\u00e9n, permite un contacto m\u00e1s profundo con la naturaleza y la rica biodiversidad que alberga este majestuoso lugar. Estos profesionales poseen un conocimiento exhaustivo de la geograf\u00eda, el clima y la fauna local, lo que les permite anticipar cambios en las condiciones y ayudar a los monta\u00f1istas a adaptarse a la amplitud t\u00e9rmica y otros desaf\u00edos del entorno. Adem\u00e1s, al elegir gu\u00edas autorizados, se promueve un turismo responsable que respeta y preserva el entorno, asegurando que futuras generaciones puedan disfrutar de esta maravilla natural.<\/p>\n<p>[\/et_pb_text][\/et_pb_column][et_pb_column type=\u00bb2_5&#8243; _builder_version=\u00bb4.27.4&#8243; _module_preset=\u00bbdefault\u00bb global_colors_info=\u00bb{}\u00bb][et_pb_heading title=\u00bbG.A.M.\u00bb url=\u00bbhttps:\/\/informacionoficial.mendoza.gob.ar\/energiayambiente\/g-a-m\/\u00bb _builder_version=\u00bb4.27.4&#8243; _module_preset=\u00bbdefault\u00bb title_level=\u00bbh4&#8243; title_text_align=\u00bbcenter\u00bb title_text_color=\u00bb#00079E\u00bb min_height=\u00bb55px\u00bb custom_margin=\u00bb15px||15px||false|false\u00bb custom_padding=\u00bb14px|||||\u00bb border_radii=\u00bbon|8px|8px|8px|8px\u00bb border_width_all=\u00bb3px\u00bb border_color_all=\u00bb#3CB4E5&#8243; global_colors_info=\u00bb{}\u00bb][\/et_pb_heading][et_pb_heading title=\u00bbGu\u00edas de Monta\u00f1a\u00bb url=\u00bbhttps:\/\/informacionoficial.mendoza.gob.ar\/energiayambiente\/guias-de-montana\/?et_fb=1&amp;PageSpeed=off\u00bb _builder_version=\u00bb4.27.4&#8243; _module_preset=\u00bbdefault\u00bb title_level=\u00bbh4&#8243; title_text_align=\u00bbcenter\u00bb title_text_color=\u00bb#00079E\u00bb min_height=\u00bb55px\u00bb custom_margin=\u00bb15px||15px||false|false\u00bb custom_padding=\u00bb14px|||||\u00bb border_radii=\u00bbon|8px|8px|8px|8px\u00bb border_width_all=\u00bb3px\u00bb border_color_all=\u00bb#3CB4E5&#8243; global_colors_info=\u00bb{}\u00bb][\/et_pb_heading][et_pb_heading title=\u00bbGu\u00edas de Trekking\u00bb url=\u00bbhttps:\/\/informacionoficial.mendoza.gob.ar\/energiayambiente\/?page_id=2334&amp;et_fb=1&amp;PageSpeed=off\u00bb _builder_version=\u00bb4.27.4&#8243; _module_preset=\u00bbdefault\u00bb title_level=\u00bbh4&#8243; title_text_align=\u00bbcenter\u00bb title_text_color=\u00bb#00079E\u00bb min_height=\u00bb55px\u00bb custom_margin=\u00bb15px||15px||false|false\u00bb custom_padding=\u00bb14px|||||\u00bb border_radii=\u00bbon|8px|8px|8px|8px\u00bb border_width_all=\u00bb3px\u00bb border_color_all=\u00bb#3CB4E5&#8243; global_colors_info=\u00bb{}\u00bb][\/et_pb_heading][\/et_pb_column][\/et_pb_row][et_pb_row _builder_version=\u00bb4.27.4&#8243; _module_preset=\u00bbdefault\u00bb background_color=\u00bbRGBA(255,255,255,0)\u00bb max_width=\u00bb2436px\u00bb min_height=\u00bb66.8px\u00bb custom_padding=\u00bb15px|25px|15px|25px|false|false\u00bb border_radii=\u00bbon|8px|8px|8px|8px\u00bb global_colors_info=\u00bb{}\u00bb][et_pb_column type=\u00bb4_4&#8243; _builder_version=\u00bb4.27.4&#8243; _module_preset=\u00bbdefault\u00bb global_colors_info=\u00bb{}\u00bb][et_pb_text _builder_version=\u00bb4.27.4&#8243; _module_preset=\u00bbdefault\u00bb global_colors_info=\u00bb{}\u00bb]<\/p>\n<h2><span style=\"color: #666666\"><strong>PORTEADORES<\/strong><\/span><\/h2>\n<p>[\/et_pb_text][\/et_pb_column][\/et_pb_row][et_pb_row column_structure=\u00bb1_3,1_3,1_3&#8243; _builder_version=\u00bb4.27.4&#8243; _module_preset=\u00bbdefault\u00bb background_color=\u00bbrgba(255,255,255,0.75)\u00bb max_width=\u00bb2436px\u00bb min_height=\u00bb264.8px\u00bb custom_margin=\u00bb|auto|50px|auto||\u00bb custom_padding=\u00bb15px|25px|15px|25px|false|false\u00bb border_radii=\u00bbon|8px|8px|8px|8px\u00bb global_colors_info=\u00bb{}\u00bb][et_pb_column type=\u00bb1_3&#8243; _builder_version=\u00bb4.27.4&#8243; _module_preset=\u00bbdefault\u00bb global_colors_info=\u00bb{}\u00bb][et_pb_blurb title=\u00bbWeb Porteadores\u00bb url=\u00bbhttps:\/\/asociaciondeporteadores.com.ar\/\u00bb use_icon=\u00bbon\u00bb font_icon=\u00bb&#xf0ac;||fa||900&#8243; icon_color=\u00bb#00079E\u00bb _builder_version=\u00bb4.27.4&#8243; _module_preset=\u00bbdefault\u00bb header_text_align=\u00bbcenter\u00bb header_text_color=\u00bb#00079E\u00bb background_enable_color=\u00bboff\u00bb transform_scale=\u00bb75%|75%\u00bb custom_margin=\u00bb||10%||false|false\u00bb custom_padding=\u00bb17px||10px|||\u00bb border_radii=\u00bbon|8px|8px|8px|8px\u00bb locked=\u00bboff\u00bb global_colors_info=\u00bb{}\u00bb][\/et_pb_blurb][\/et_pb_column][et_pb_column type=\u00bb1_3&#8243; _builder_version=\u00bb4.27.4&#8243; _module_preset=\u00bbdefault\u00bb global_colors_info=\u00bb{}\u00bb][et_pb_blurb title=\u00bbInstagram Porteadores\u00bb url=\u00bbhttps:\/\/instagram.com\/porteadores_aconcagua?igshid=MzRlODBiNWFlZA==\u00bb use_icon=\u00bbon\u00bb font_icon=\u00bb&#xe0b1;||divi||400&#8243; icon_color=\u00bb#00079E\u00bb _builder_version=\u00bb4.27.4&#8243; _module_preset=\u00bbdefault\u00bb header_text_align=\u00bbcenter\u00bb header_text_color=\u00bb#00079E\u00bb background_enable_color=\u00bboff\u00bb transform_scale=\u00bb75%|75%\u00bb custom_margin=\u00bb||10%||false|false\u00bb custom_padding=\u00bb17px||10px|||\u00bb border_radii=\u00bbon|8px|8px|8px|8px\u00bb locked=\u00bboff\u00bb global_colors_info=\u00bb{}\u00bb][\/et_pb_blurb][\/et_pb_column][et_pb_column type=\u00bb1_3&#8243; _builder_version=\u00bb4.27.4&#8243; _module_preset=\u00bbdefault\u00bb global_colors_info=\u00bb{}\u00bb][et_pb_text _builder_version=\u00bb4.27.4&#8243; _module_preset=\u00bbdefault\u00bb background_color=\u00bbRGBA(255,255,255,0)\u00bb text_orientation=\u00bbcenter\u00bb width=\u00bb100%\u00bb module_alignment=\u00bbcenter\u00bb min_height=\u00bb202.4px\u00bb custom_padding=\u00bb21px|||||\u00bb border_radii=\u00bbon|8px|8px|8px|8px\u00bb locked=\u00bboff\u00bb global_colors_info=\u00bb{}\u00bb]<\/p>\n<p><strong>Valentina Ruggiero<\/strong><br \/><span>+54 261 7170789<\/span><\/p>\n<p><span><strong>Ezequiel Dold\u00e1n<\/strong><br \/><strong><a href=\"mailto:comunidadapa@gmail.com\"><span style=\"color: #0091f2\">comunidadapa@gmail.com<\/span><\/a><\/strong><br \/><\/span><\/p>\n<p><span><strong>Leandro Ar\u00e9valo<\/strong><br \/><strong><span style=\"color: #0091f2\"><a href=\"mailto:comunidadapa@gmail.com\" style=\"color: #0091f2\">comunidadapa@gmail.com<\/a><\/span><\/strong><\/span><\/p>\n<p>[\/et_pb_text][\/et_pb_column][\/et_pb_row][\/et_pb_section][et_pb_section fb_built=\u00bb1&#8243; module_id=\u00bbdocs\u00bb _builder_version=\u00bb4.27.4&#8243; background_color=\u00bbRGBA(255,255,255,0)\u00bb use_background_color_gradient=\u00bbon\u00bb background_color_gradient_direction=\u00bb169deg\u00bb background_color_gradient_stops=\u00bb#ffffff 24%|#0a0000 100%\u00bb background_image=\u00bbhttps:\/\/mza-dicaws-portal-uploads-media-prod.s3.us-east-1.amazonaws.com\/informacion-oficial\/uploads\/sites\/12\/2025\/06\/escalada-en-hielo-Eric-scaled.jpg\u00bb background_blend=\u00bbscreen\u00bb custom_margin=\u00bb3px|||||\u00bb custom_padding=\u00bb||107px|||\u00bb global_colors_info=\u00bb{}\u00bb][et_pb_row _builder_version=\u00bb4.27.4&#8243; background_size=\u00bbinitial\u00bb background_position=\u00bbtop_left\u00bb background_repeat=\u00bbrepeat\u00bb max_width=\u00bb2560px\u00bb min_height=\u00bb117px\u00bb custom_margin=\u00bb|auto|-3px|auto||\u00bb custom_padding=\u00bb5px|||||\u00bb global_colors_info=\u00bb{}\u00bb][et_pb_column type=\u00bb4_4&#8243; _builder_version=\u00bb4.27.4&#8243; _module_preset=\u00bbdefault\u00bb global_colors_info=\u00bb{}\u00bb][et_pb_heading title=\u00bbDOCUMENTACI\u00d3N Y NORMATIVA LEGAL\u00bb admin_label=\u00bbFlora Nativa\u00bb module_id=\u00bbdocs\u00bb _builder_version=\u00bb4.27.4&#8243; _module_preset=\u00bbdefault\u00bb title_level=\u00bbh2&#8243; title_font=\u00bb|300|||||||\u00bb title_text_align=\u00bbleft\u00bb title_text_color=\u00bbgcid-body-color\u00bb title_font_size=\u00bb40px\u00bb min_height=\u00bb42px\u00bb custom_margin=\u00bb||-3px|||\u00bb custom_padding=\u00bb||0px|||\u00bb global_colors_info=\u00bb{%22gcid-body-color%22:%91%22title_text_color%22%93}\u00bb][\/et_pb_heading][\/et_pb_column][\/et_pb_row][et_pb_row column_structure=\u00bb3_4,1_4&#8243; _builder_version=\u00bb4.27.4&#8243; _module_preset=\u00bbdefault\u00bb max_width=\u00bb2560px\u00bb min_height=\u00bb237.1px\u00bb custom_margin=\u00bb|auto|-25px|auto||\u00bb global_colors_info=\u00bb{}\u00bb][et_pb_column type=\u00bb3_4&#8243; _builder_version=\u00bb4.27.4&#8243; _module_preset=\u00bbdefault\u00bb global_colors_info=\u00bb{}\u00bb][et_pb_text _builder_version=\u00bb4.27.4&#8243; _module_preset=\u00bbdefault\u00bb header_3_text_color=\u00bbgcid-840cd285-ee6f-49c1-abc9-5e893f3235b8&#8243; custom_margin=\u00bb-1px||15px|||\u00bb global_colors_info=\u00bb{%22gcid-840cd285-ee6f-49c1-abc9-5e893f3235b8%22:%91%22header_3_text_color%22%93}\u00bb]<\/p>\n<p>Toda la actividad dentro del Parque Provincial Aconcagua est\u00e1 regulada por la autoridad de aplicaci\u00f3n y de la que se desprende la normativa vigente para cada tipo de actividad.<\/p>\n<p>[\/et_pb_text][et_pb_blurb title=\u00bbDECRETO N\u00ba 2322-2025&#8243; url=\u00bbhttps:\/\/mza-dicaws-portal-uploads-media-prod.s3.amazonaws.com\/informacion-oficial\/uploads\/sites\/12\/2025\/10\/DECRETO-No-2322-2025.pdf\u00bb url_new_window=\u00bbon\u00bb use_icon=\u00bbon\u00bb font_icon=\u00bb&#xe059;||divi||400&#8243; icon_color=\u00bb#0C71C3&#8243; image_icon_background_color=\u00bbRGBA(255,255,255,0)\u00bb icon_placement=\u00bbleft\u00bb _builder_version=\u00bb4.27.4&#8243; _module_preset=\u00bbdefault\u00bb header_text_align=\u00bbcenter\u00bb header_text_color=\u00bb#0C71C3&#8243; background_enable_color=\u00bboff\u00bb custom_margin=\u00bb||-0.1%||false|false\u00bb custom_padding=\u00bb17px||10px|||\u00bb border_radii=\u00bbon|8px|8px|8px|8px\u00bb locked=\u00bboff\u00bb global_colors_info=\u00bb{}\u00bb][\/et_pb_blurb][et_pb_toggle title=\u00bbActividades\u00bb _builder_version=\u00bb4.27.4&#8243; _module_preset=\u00bbdefault\u00bb custom_margin=\u00bb-2px||16px|||\u00bb global_colors_info=\u00bb{}\u00bb]<\/p>\n<p><a href=\"https:\/\/www.mendoza.gov.ar\/wp-content\/uploads\/sites\/71\/2024\/10\/Reglamento-de-Uso-PPA.pdf\" target=\"_blank\" rel=\"noopener noreferrer\"><span style=\"color: #0091f2\">Reglamento de Uso<\/span><\/a><span style=\"color: #0091f2\"><\/span><\/p>\n<p>[\/et_pb_toggle][et_pb_toggle title=\u00bbMenores de Edad\u00bb _builder_version=\u00bb4.27.4&#8243; _module_preset=\u00bbdefault\u00bb global_colors_info=\u00bb{}\u00bb]<\/p>\n<p><strong>Requisitos Menores de Edad (Art\u00edculo 11\u00b0 Dec. N 2322\/25)<\/strong><\/p>\n<p>La actividad de los menores de 18 a\u00f1os de edad dentro del Parque Provincial Aconcagua se regir\u00e1 por los siguientes par\u00e1metros:<\/p>\n<ol>\n<li>a) <strong>Laguna de Horcones:<\/strong> Hasta los 16 a\u00f1os de edad se requiere que sean acompa\u00f1ados por los padres o con autorizaci\u00f3n de estos en caso de excursiones deportivas o escolares. Solo podr\u00e1n ingresar hasta el Puente colgante de la Quebrada del Durazno.<\/li>\n<li>b) <strong>Trekking a Confluencia y Laguna del Potrero Escondido:<\/strong> Solo podr\u00e1n ingresar mayores de 13 a\u00f1os de edad. Hasta los 16 a\u00f1os se requiere que sean acompa\u00f1ados por los padres o con autorizaci\u00f3n de estos en caso de excursiones deportivas o escolares y un gu\u00eda habilitado. Entre 17 y 18 a\u00f1os de edad podr\u00e1n ingresar con autorizaci\u00f3n de los padres y gu\u00eda habilitado. Se deber\u00e1n someter a chequeo m\u00e9dico al arribar al campamento Confluencia.<\/li>\n<li>c) <strong>Trekking a Plaza Francia:<\/strong> Solo podr\u00e1n ingresar mayores de 13 a\u00f1os de edad. Hasta los 16 a\u00f1os de edad se requiere que sean acompa\u00f1ados por los padres y un gu\u00eda habilitado. Entre 16 y 18 a\u00f1os de edad podr\u00e1n ingresar con autorizaci\u00f3n de los padres y acompa\u00f1ado por gu\u00eda habilitado. Se deber\u00e1n someter a chequeo m\u00e9dico al arribar al campamento Confluencia.<\/li>\n<li>d) <strong>Trekking a Plaza de Mulas, Plaza Argentina:<\/strong> Solo podr\u00e1n ingresar mayores de 13 a\u00f1os de edad. Hasta los 16 a\u00f1os de edad se requiere que sean acompa\u00f1ados por un progenitor y un gu\u00eda habilitado. Entre 16 y 18 a\u00f1os de edad podr\u00e1n ingresar con autorizaci\u00f3n de los padres y acompa\u00f1ado por un gu\u00eda habilitado. Se deber\u00e1 someter a chequeo m\u00e9dico al arribar al campamento. Deber\u00e1 acreditar experiencia en ascensos o escaladas de altura similar. Deber\u00e1 contar con un Certificado M\u00e9dico de Aptitud F\u00edsica basado en: Electrocardiograma, Ecocardiograma y Ergometr\u00eda.<\/li>\n<li>e) <strong>Ascenso por encima de los Campos Base Habilitados:<\/strong> Solo podr\u00e1n ingresar mayores de 16 a\u00f1os de edad. Hasta los 18 a\u00f1os de edad se requiere que sean acompa\u00f1ados por sus padres, o con autorizaci\u00f3n de estos y acompa\u00f1ados por un gu\u00eda habilitado. Se deber\u00e1 someter a chequeo m\u00e9dico al arribar y permanecer en el campamento Plaza de Mulas. Deber\u00e1 acreditar experiencia en ascensos o escaladas de altura similar. Deber\u00e1 contar con un Certificado M\u00e9dico de Aptitud F\u00edsica basado en: Electrocardiograma, Ecocardiograma y Ergometr\u00eda. Deber\u00e1 contar adem\u00e1s con un Certificado de Aptitud Psicol\u00f3gica. Asimismo, deber\u00e1n contar con el aval de una Empresa Prestadora de Servicios.<\/li>\n<li>f) <strong>Ascenso a Cerros Habilitados de la Quebrada de Matienzo:<\/strong> Solo podr\u00e1n ingresar mayores de 16 a\u00f1os de edad. Hasta los 18 a\u00f1os de edad se requiere que sean acompa\u00f1ados por sus padres, o con autorizaci\u00f3n de estos y acompa\u00f1ados por un gu\u00eda habilitado. Se deber\u00e1 someter a chequeo m\u00e9dico. Deber\u00e1 acreditar experiencia en ascensos o escaladas de altura similar. Deber\u00e1 contar con un Certificado M\u00e9dico de Aptitud F\u00edsica basado en: Electrocardiograma, Ecocardiograma y Ergometr\u00eda. Deber\u00e1 contar adem\u00e1s con un Certificado de Aptitud Psicol\u00f3gica. El cumplimiento de estos requisitos deber\u00e1 ser verificado por el Gu\u00eda y\/o sus padres.<\/li>\n<li>g) En todos los casos se requerir\u00e1 que, durante su permanencia en el Parque, los menores se encuentren en todo momento bajo la custodia del adulto responsable del menor, realizar los chequeos m\u00e9dicos obligatorios y que cuenten con la vestimenta y equipamiento acorde a la actividad.<\/li>\n<li>h) En los casos en que sean acompa\u00f1ados solo por uno de sus progenitores deber\u00e1n contar con autorizaci\u00f3n del otro.<\/li>\n<li>i) En los casos en que se permita el ingreso con autorizaci\u00f3n de los padres o tutores, \u00e9sta deber\u00e1 ser certificada ante Notario o Juez de Paz y en caso de extranjeros tendr\u00e1 que contener Apostillado de la Haya.<\/li>\n<li>j) En todos los casos se requerir\u00e1 la correspondiente Declaraci\u00f3n Jurada de Asunci\u00f3n de Riesgos suscrita por los Padres o tutores.<\/li>\n<li>k) Los l\u00edmites de edad podr\u00e1n ser flexibilizados en base al principio de Autonom\u00eda Progresiva cuando la experiencia y aptitud psicof\u00edsica del menor permita acreditar su competencia para la actividad.<\/li>\n<li>l) Para la acreditaci\u00f3n de la experiencia en actividades de monta\u00f1a solo se tendr\u00e1n en cuenta aquellos hitos que puedan acreditarse mediante documentaci\u00f3n fehaciente como notas period\u00edsticas fehacientes o aval de clubes o asociaciones de monta\u00f1a.<\/li>\n<li>m) En el caso de que el menor exprese su deseo de suspender o no realizar el ascenso a los gu\u00edas, campamentero o alg\u00fan adulto responsable, se detecte o sospeche una anomal\u00eda de cualquier \u00edndole en la salud del menor, se deber\u00e1 dar aviso al Cuerpo de Guardaparques, Servicio M\u00e9dico del Parque y\/o a la Patrulla de Rescate, en forma inmediata, quienes podr\u00e1n suspender el ascenso y ordenar la salida del Parque del menor y sus acompa\u00f1antes.<\/li>\n<li>n) En los casos de los incisos d) y e), la solicitud de autorizaci\u00f3n deber\u00e1 presentarse con una antelaci\u00f3n m\u00ednima de 20 d\u00edas h\u00e1biles a fin de poder evaluar la documentaci\u00f3n requerida.<\/li>\n<\/ol>\n<p><span style=\"color: #0091f2\"><a href=\"https:\/\/www.mendoza.gov.ar\/wp-content\/uploads\/sites\/71\/2020\/12\/Resolucion-015-00-Menores.pdf\" style=\"color: #0091f2\">Norma Prohibitiva<\/a><\/span><br \/><span style=\"color: #0091f2\"><a href=\"https:\/\/www.mendoza.gov.ar\/wp-content\/uploads\/sites\/71\/2020\/12\/Aconcagua-Minor-Authorization-Form.pdf\" style=\"color: #0091f2\">Minor Authorization Form<\/a><\/span><br \/><span style=\"color: #0091f2\"><a href=\"https:\/\/www.mendoza.gov.ar\/wp-content\/uploads\/sites\/71\/2020\/12\/Aconcagua-Form-Autorizacion-de-Menores.pdf\" style=\"color: #0091f2\">Autorizacion-de-Menores<\/a><\/span><br \/><a href=\"https:\/\/www.mendoza.gov.ar\/wp-content\/uploads\/sites\/71\/2020\/12\/Ninos-y-adolescentes-a-grandes-alturas.pdf\"><span style=\"color: #0091f2\">Riesgos a la salud en menores<\/span><\/a><\/p>\n<p>[\/et_pb_toggle][\/et_pb_column][et_pb_column type=\u00bb1_4&#8243; _builder_version=\u00bb4.27.4&#8243; _module_preset=\u00bbdefault\u00bb global_colors_info=\u00bb{}\u00bb][et_pb_toggle title=\u00bbManual de Uso\u00bb _builder_version=\u00bb4.27.4&#8243; _module_preset=\u00bbdefault\u00bb global_colors_info=\u00bb{}\u00bb]<\/p>\n<div class=\"wp-block-file\">\n<div class=\"wp-block-file\"><span style=\"color: #0091f2\"><a href=\"https:\/\/www.mendoza.gov.ar\/wp-content\/uploads\/sites\/71\/2022\/08\/Plan-de-Manejo-Aconcagua-Tomo-I.pdf\" style=\"color: #0091f2\">Tomo I<\/a><\/span><\/div>\n<div class=\"wp-block-file\"><a href=\"https:\/\/www.mendoza.gov.ar\/wp-content\/uploads\/sites\/71\/2022\/08\/Plan-de-Manejo-Aconcagua-Tomo-II.pdf\"><span style=\"color: #0091f2\">Tomo II<\/span><\/a><\/div>\n<\/div>\n<p>[\/et_pb_toggle][et_pb_toggle title=\u00bbDocumentaci\u00f3n\u00bb _builder_version=\u00bb4.27.4&#8243; _module_preset=\u00bbdefault\u00bb global_colors_info=\u00bb{}\u00bb]<\/p>\n<div class=\"wp-block-file\"><span style=\"color: #0091f2\"><a href=\"https:\/\/www.mendoza.gov.ar\/wp-content\/uploads\/sites\/71\/2020\/12\/Aconcagua-Affidavit-Risk-Acceptance.pdf\" style=\"color: #0091f2\">Affidavit-Risk-Acceptance<\/a><\/span><\/div>\n<div class=\"wp-block-file\"><a href=\"https:\/\/www.mendoza.gov.ar\/wp-content\/uploads\/sites\/71\/2020\/12\/Aconcagua-Declacion-Jurada-Aceptacion-de-Riesgo.pdf\"><span style=\"color: #0091f2\">Declacion-Jurada-Aceptacion-de-Riesgo<\/span><\/a><\/div>\n<p>[\/et_pb_toggle][et_pb_toggle title=\u00bbNormativa Especial\u00bb _builder_version=\u00bb4.27.4&#8243; _module_preset=\u00bbdefault\u00bb global_colors_info=\u00bb{}\u00bb]<\/p>\n<div class=\"wp-block-file\">\n<div class=\"wp-block-file\"><span style=\"color: #0091f2\"><a href=\"https:\/\/www.mendoza.gov.ar\/wp-content\/uploads\/sites\/71\/2020\/12\/Requisitos-Intento-de-Record.pdf\" style=\"color: #0091f2\">Intento de Record<\/a><\/span><\/div>\n<div class=\"wp-block-file\"><span style=\"color: #0091f2\"><a href=\"https:\/\/www.mendoza.gov.ar\/wp-content\/uploads\/sites\/71\/2020\/12\/Res-No-343-de-Eventos-Especiales-Filmacion.pdf\" style=\"color: #0091f2\">Eventos Especiales<\/a><\/span><\/div>\n<div class=\"wp-block-file\"><a href=\"https:\/\/www.mendoza.gov.ar\/wp-content\/uploads\/sites\/71\/2020\/12\/Resolucion_536-09.pdf\"><span style=\"color: #0091f2\">Actividades fuera de temporada<\/span><\/a><\/div>\n<\/div>\n<p>[\/et_pb_toggle][\/et_pb_column][\/et_pb_row][\/et_pb_section]<\/p>\n","protected":false},"excerpt":{"rendered":"<p>Ubicaci\u00f3n: Ruta Nacional 7 a 185 Km de Mendoza Capital.Superficie:\u00a065.690 haAltitud: 6.962 msnm (cerro Aconcagua) y 2.800 msnm (Horcones).Ecorregi\u00f3n:\u00a0AltoandinaTemporada: Temporadas: Estival del 1 de noviembre al 30 de abril del a\u00f1o siguiente, con actividades tur\u00edsticas y deportivas que se detallan m\u00e1s abajo. Temporada Invernal del 1 de mayo al 30 de octubre (en \u00e9poca invernal [&hellip;]<\/p>\n","protected":false},"author":17,"featured_media":0,"parent":0,"menu_order":0,"comment_status":"closed","ping_status":"closed","template":"","meta":{"_et_pb_use_builder":"on","_et_pb_old_content":"","_et_gb_content_width":"","footnotes":""},"class_list":["post-488","page","type-page","status-publish","hentry"],"_links":{"self":[{"href":"https:\/\/informacionoficial.mendoza.gob.ar\/energiayambiente\/wp-json\/wp\/v2\/pages\/488","targetHints":{"allow":["GET"]}}],"collection":[{"href":"https:\/\/informacionoficial.mendoza.gob.ar\/energiayambiente\/wp-json\/wp\/v2\/pages"}],"about":[{"href":"https:\/\/informacionoficial.mendoza.gob.ar\/energiayambiente\/wp-json\/wp\/v2\/types\/page"}],"author":[{"embeddable":true,"href":"https:\/\/informacionoficial.mendoza.gob.ar\/energiayambiente\/wp-json\/wp\/v2\/users\/17"}],"replies":[{"embeddable":true,"href":"https:\/\/informacionoficial.mendoza.gob.ar\/energiayambiente\/wp-json\/wp\/v2\/comments?post=488"}],"version-history":[{"count":187,"href":"https:\/\/informacionoficial.mendoza.gob.ar\/energiayambiente\/wp-json\/wp\/v2\/pages\/488\/revisions"}],"predecessor-version":[{"id":6505,"href":"https:\/\/informacionoficial.mendoza.gob.ar\/energiayambiente\/wp-json\/wp\/v2\/pages\/488\/revisions\/6505"}],"wp:attachment":[{"href":"https:\/\/informacionoficial.mendoza.gob.ar\/energiayambiente\/wp-json\/wp\/v2\/media?parent=488"}],"curies":[{"name":"wp","href":"https:\/\/api.w.org\/{rel}","templated":true}]}}