{"id":494,"date":"2025-04-24T15:57:35","date_gmt":"2025-04-24T13:57:35","guid":{"rendered":"https:\/\/informacionoficial.mendoza.gob.ar\/energiayambiente\/?page_id=494"},"modified":"2026-04-01T10:08:26","modified_gmt":"2026-04-01T13:08:26","slug":"biodiversidad-y-ecoparque","status":"publish","type":"page","link":"https:\/\/informacionoficial.mendoza.gob.ar\/energiayambiente\/biodiversidad-y-ecoparque\/","title":{"rendered":"Biodiversidad y Ecoparque"},"content":{"rendered":"<p>[et_pb_section fb_built=\u00bb1&#8243; _builder_version=\u00bb4.27.4&#8243; use_background_color_gradient=\u00bbon\u00bb background_color_gradient_direction=\u00bb1deg\u00bb background_color_gradient_stops=\u00bb#ffffff 6%|#000000 17%\u00bb background_image=\u00bbhttps:\/\/mza-dicaws-portal-uploads-media-prod.s3.us-east-1.amazonaws.com\/informacion-oficial\/uploads\/sites\/12\/2025\/04\/Condor-Payunia-Ambiente-Mza-scaled.jpg\u00bb background_blend=\u00bbscreen\u00bb width=\u00bb100%\u00bb min_height=\u00bb1154.6px\u00bb custom_margin=\u00bb||-8px|||\u00bb custom_padding=\u00bb||154px|||\u00bb border_color_all=\u00bb#FFFFFF\u00bb global_colors_info=\u00bb{}\u00bb][et_pb_row _builder_version=\u00bb4.27.4&#8243; background_size=\u00bbinitial\u00bb background_position=\u00bbtop_left\u00bb background_repeat=\u00bbrepeat\u00bb max_width=\u00bb2560px\u00bb custom_padding=\u00bb39px|||||\u00bb global_colors_info=\u00bb{}\u00bb][et_pb_column type=\u00bb4_4&#8243; _builder_version=\u00bb4.27.4&#8243; _module_preset=\u00bbdefault\u00bb global_colors_info=\u00bb{}\u00bb][et_pb_heading title=\u00bbBIODIVERSIDAD\u00bb _builder_version=\u00bb4.27.4&#8243; _module_preset=\u00bbdefault\u00bb title_font=\u00bb|300|||||||\u00bb title_text_align=\u00bbcenter\u00bb title_text_color=\u00bb#FFFFFF\u00bb title_font_size=\u00bb3.5rem\u00bb min_height=\u00bb54px\u00bb custom_margin=\u00bb||-1px|||\u00bb title_text_shadow_style=\u00bbpreset1&#8243; global_colors_info=\u00bb{}\u00bb][\/et_pb_heading][et_pb_heading title=\u00bbY ECOPARQUE\u00bb _builder_version=\u00bb4.27.4&#8243; _module_preset=\u00bbdefault\u00bb title_font=\u00bb|300|||||||\u00bb title_text_align=\u00bbcenter\u00bb title_text_color=\u00bb#FFFFFF\u00bb title_font_size=\u00bb3.5rem\u00bb min_height=\u00bb54px\u00bb custom_margin=\u00bb||-1px|||\u00bb title_text_shadow_style=\u00bbpreset1&#8243; global_colors_info=\u00bb{}\u00bb][\/et_pb_heading][\/et_pb_column][\/et_pb_row][et_pb_row _builder_version=\u00bb4.27.4&#8243; _module_preset=\u00bbdefault\u00bb max_width=\u00bb2560px\u00bb global_colors_info=\u00bb{}\u00bb][et_pb_column type=\u00bb4_4&#8243; _builder_version=\u00bb4.27.4&#8243; _module_preset=\u00bbdefault\u00bb global_colors_info=\u00bb{}\u00bb][et_pb_slider use_bg_overlay=\u00bbon\u00bb use_text_overlay=\u00bboff\u00bb _builder_version=\u00bb4.27.4&#8243; _module_preset=\u00bbdefault\u00bb header_font_size=\u00bb1.5rem\u00bb body_text_align=\u00bbleft\u00bb background_color=\u00bbrgba(10,10,10,0.3)\u00bb max_width=\u00bb800px\u00bb module_alignment=\u00bbcenter\u00bb custom_margin=\u00bb||||false|false\u00bb custom_padding=\u00bb20px||||false|false\u00bb border_radii=\u00bbon|8px|8px|8px|8px\u00bb global_colors_info=\u00bb{}\u00bb][et_pb_slide heading=\u00bbMisi\u00f3n\u00bb _builder_version=\u00bb4.27.4&#8243; _module_preset=\u00bbdefault\u00bb global_colors_info=\u00bb{}\u00bb sticky_transition=\u00bbon\u00bb]<\/p>\n<ul>\n<li>Entender en la administraci\u00f3n, preservaci\u00f3n y la conservaci\u00f3n de los recursos naturales renovables, como as\u00ed tambi\u00e9n en el ejercicio del Poder de Polic\u00eda en el \u00e1mbito de la Provincia de Mendoza.<\/li>\n<li><span style=\"font-size: 15px\">\u00a0<\/span><span style=\"font-size: 15px\">Administrar, preservar y conservar las \u00e1reas naturales de la Provincia y cumplir con los objetivos de la Ley de Protecci\u00f3n de la Flora y la Fauna Silvestre 6045.<\/span><\/li>\n<\/ul>\n<p>[\/et_pb_slide][et_pb_slide heading=\u00bbFunci\u00f3n Administrativa \u00bb _builder_version=\u00bb4.27.4&#8243; _module_preset=\u00bbdefault\u00bb global_colors_info=\u00bb{}\u00bb sticky_transition=\u00bbon\u00bb]<\/p>\n<ul>\n<li>.Administrar y controlar las \u00e1reas protegidas de la Provincia.<\/li>\n<li>Desarrollar el sistema de prevenci\u00f3n y combate de incendios forestales.<\/li>\n<li>Sistematizar la informaci\u00f3n referente a especies, \u00e1reas protegidas, riesgos potenciales, etc.<\/li>\n<li>Coordinar con la Administraci\u00f3n de Parques y Zool\u00f3gicos el cumplimiento legislaci\u00f3n vigente (leyes 6006 y 6394)<\/li>\n<li>Aplicar la legislaci\u00f3n referida a bosques nativos.<\/li>\n<\/ul>\n<p>[\/et_pb_slide][et_pb_slide heading=\u00bbControl y Fiscalizaci\u00f3n\u00bb button_text=\u00bbLegislaci\u00f3n\u00bb _builder_version=\u00bb4.27.4&#8243; _module_preset=\u00bbdefault\u00bb global_colors_info=\u00bb{}\u00bb sticky_transition=\u00bbon\u00bb]<\/p>\n<ul>\n<li>Sancionar las infracciones a las normas vigentes en materia de preservaci\u00f3n de la flora y la fauna.<\/li>\n<li>Sancionar dentro de las \u00e1reas naturales, las infracciones a las normas vigentes en materia de preservaci\u00f3n del ambiente.<\/li>\n<li>Controlar el cumplimiento de la legislaci\u00f3n referida a cavidades naturales.<\/li>\n<li>Controlar y regular las actividades n\u00e1uticas en la Provincia.<\/li>\n<\/ul>\n<p>[\/et_pb_slide][et_pb_slide heading=\u00bbPreservaci\u00f3n y Educaci\u00f3n\u00bb _builder_version=\u00bb4.27.4&#8243; _module_preset=\u00bbdefault\u00bb global_colors_info=\u00bb{}\u00bb sticky_transition=\u00bbon\u00bb]<\/p>\n<ul>\n<li>Elaborar y actualizar Planes de Manejo de las \u00e1reas naturales de la Provincia.<\/li>\n<li>Analizar el desarrollo de actividades ambientalmente sostenibles y compatibles con los Planes de Manejo.<\/li>\n<li>Preservar, conservar y desarrollar el arbolado p\u00fablico.<\/li>\n<li>Preservar y aprovechar sustentablemente la flora nativa.<\/li>\n<li>Promover el uso racional de los recursos naturales renovables.<\/li>\n<li>Producir en vivero, especies forestales que permitan mantener la flora nativa y el arbolado p\u00fablico.<\/li>\n<li>Organizar campa\u00f1as de educaci\u00f3n y fomento sobre preservaci\u00f3n de los recursos naturales renovables.<\/li>\n<\/ul>\n<p>[\/et_pb_slide][\/et_pb_slider][\/et_pb_column][\/et_pb_row][et_pb_row column_structure=\u00bb1_4,1_4,1_4,1_4&#8243; _builder_version=\u00bb4.27.4&#8243; _module_preset=\u00bbdefault\u00bb max_width=\u00bb2560px\u00bb global_colors_info=\u00bb{}\u00bb][et_pb_column type=\u00bb1_4&#8243; _builder_version=\u00bb4.27.4&#8243; _module_preset=\u00bbdefault\u00bb global_colors_info=\u00bb{}\u00bb][et_pb_blurb title=\u00bbFauna\u00bb url=\u00bb#fauna\u00bb use_icon=\u00bbon\u00bb font_icon=\u00bb&#xf1b0;||fa||900&#8243; icon_color=\u00bb#0C71C3&#8243; _builder_version=\u00bb4.27.4&#8243; _module_preset=\u00bbdefault\u00bb header_text_align=\u00bbcenter\u00bb header_text_color=\u00bbgcid-9107e7ce-36aa-491e-a581-b7de38ef6b97&#8243; body_text_color=\u00bbgcid-840cd285-ee6f-49c1-abc9-5e893f3235b8&#8243; custom_margin=\u00bb||10%||false|false\u00bb link_option_url=\u00bb#fauna\u00bb locked=\u00bboff\u00bb global_colors_info=\u00bb{%22gcid-840cd285-ee6f-49c1-abc9-5e893f3235b8%22:%91%22body_text_color%22,%22body_text_color%22%93,%22gcid-9107e7ce-36aa-491e-a581-b7de38ef6b97%22:%91%22header_text_color%22%93}\u00bb][\/et_pb_blurb][et_pb_blurb title=\u00bbParque General San Mart\u00edn\u00bb url=\u00bbhttps:\/\/informacionoficial.mendoza.gob.ar\/energiayambiente\/biodiversidad-y-ecoparque\/parque-general-san-martin\/\u00bb url_new_window=\u00bbon\u00bb use_icon=\u00bbon\u00bb font_icon=\u00bb&#xf557;||fa||900&#8243; icon_color=\u00bb#0C71C3&#8243; _builder_version=\u00bb4.27.4&#8243; _module_preset=\u00bbdefault\u00bb header_text_align=\u00bbcenter\u00bb header_text_color=\u00bbgcid-9107e7ce-36aa-491e-a581-b7de38ef6b97&#8243; body_text_color=\u00bbgcid-840cd285-ee6f-49c1-abc9-5e893f3235b8&#8243; custom_margin=\u00bb||10%||false|false\u00bb link_option_url=\u00bbhttps:\/\/informacionoficial.mendoza.gob.ar\/energiayambiente\/biodiversidad-y-ecoparque\/parque-general-san-martin\/\u00bb link_option_url_new_window=\u00bbon\u00bb locked=\u00bboff\u00bb global_colors_info=\u00bb{%22gcid-840cd285-ee6f-49c1-abc9-5e893f3235b8%22:%91%22body_text_color%22,%22body_text_color%22%93,%22gcid-9107e7ce-36aa-491e-a581-b7de38ef6b97%22:%91%22header_text_color%22%93}\u00bb][\/et_pb_blurb][\/et_pb_column][et_pb_column type=\u00bb1_4&#8243; _builder_version=\u00bb4.27.4&#8243; _module_preset=\u00bbdefault\u00bb global_colors_info=\u00bb{}\u00bb][et_pb_blurb title=\u00bbCaza y Pesca\u00bb url=\u00bb#caza\u00bb use_icon=\u00bbon\u00bb font_icon=\u00bb&#xf578;||fa||900&#8243; icon_color=\u00bb#0C71C3&#8243; _builder_version=\u00bb4.27.4&#8243; _module_preset=\u00bbdefault\u00bb header_text_align=\u00bbcenter\u00bb header_text_color=\u00bbgcid-9107e7ce-36aa-491e-a581-b7de38ef6b97&#8243; body_text_color=\u00bbgcid-840cd285-ee6f-49c1-abc9-5e893f3235b8&#8243; custom_margin=\u00bb||10%||false|false\u00bb link_option_url=\u00bb#caza\u00bb locked=\u00bboff\u00bb global_colors_info=\u00bb{%22gcid-840cd285-ee6f-49c1-abc9-5e893f3235b8%22:%91%22body_text_color%22,%22body_text_color%22%93,%22gcid-9107e7ce-36aa-491e-a581-b7de38ef6b97%22:%91%22header_text_color%22%93}\u00bb][\/et_pb_blurb][et_pb_blurb title=\u00bbEcoparque\u00bb url=\u00bbhttps:\/\/informacionoficial.mendoza.gob.ar\/energiayambiente\/biodiversidad-y-ecoparque\/parque-general-san-martin\/\u00bb url_new_window=\u00bbon\u00bb use_icon=\u00bbon\u00bb font_icon=\u00bb&#xf4ba;||fa||900&#8243; icon_color=\u00bb#0C71C3&#8243; _builder_version=\u00bb4.27.4&#8243; _module_preset=\u00bbdefault\u00bb header_text_align=\u00bbcenter\u00bb header_text_color=\u00bbgcid-9107e7ce-36aa-491e-a581-b7de38ef6b97&#8243; body_text_color=\u00bbgcid-840cd285-ee6f-49c1-abc9-5e893f3235b8&#8243; custom_margin=\u00bb||10%||false|false\u00bb link_option_url=\u00bbhttps:\/\/informacionoficial.mendoza.gob.ar\/energiayambiente\/biodiversidad-y-ecoparque\/parque-general-san-martin\/\u00bb link_option_url_new_window=\u00bbon\u00bb locked=\u00bboff\u00bb global_colors_info=\u00bb{%22gcid-840cd285-ee6f-49c1-abc9-5e893f3235b8%22:%91%22body_text_color%22,%22body_text_color%22%93,%22gcid-9107e7ce-36aa-491e-a581-b7de38ef6b97%22:%91%22header_text_color%22%93}\u00bb][\/et_pb_blurb][\/et_pb_column][et_pb_column type=\u00bb1_4&#8243; _builder_version=\u00bb4.27.4&#8243; _module_preset=\u00bbdefault\u00bb global_colors_info=\u00bb{}\u00bb][et_pb_blurb title=\u00bbInvestigaciones cient\u00edficas\u00bb url=\u00bbhttps:\/\/informacionoficial.mendoza.gob.ar\/energiayambiente\/investigaciones-cientificas\/\u00bb use_icon=\u00bbon\u00bb font_icon=\u00bb&#xf610;||fa||900&#8243; icon_color=\u00bb#0C71C3&#8243; _builder_version=\u00bb4.27.4&#8243; _module_preset=\u00bbdefault\u00bb header_text_align=\u00bbcenter\u00bb header_text_color=\u00bbgcid-9107e7ce-36aa-491e-a581-b7de38ef6b97&#8243; body_text_color=\u00bbgcid-840cd285-ee6f-49c1-abc9-5e893f3235b8&#8243; custom_margin=\u00bb||10%||false|false\u00bb link_option_url=\u00bbhttps:\/\/informacionoficial.mendoza.gob.ar\/energiayambiente\/investigaciones-cientificas\/\u00bb locked=\u00bboff\u00bb global_colors_info=\u00bb{%22gcid-840cd285-ee6f-49c1-abc9-5e893f3235b8%22:%91%22body_text_color%22,%22body_text_color%22%93,%22gcid-9107e7ce-36aa-491e-a581-b7de38ef6b97%22:%91%22header_text_color%22%93}\u00bb][\/et_pb_blurb][et_pb_blurb title=\u00bbBanco Germoplasma\u00bb url=\u00bb#germoplasma\u00bb use_icon=\u00bbon\u00bb font_icon=\u00bb&#xf4d8;||fa||900&#8243; icon_color=\u00bb#0C71C3&#8243; _builder_version=\u00bb4.27.4&#8243; _module_preset=\u00bbdefault\u00bb header_text_align=\u00bbcenter\u00bb header_text_color=\u00bbgcid-9107e7ce-36aa-491e-a581-b7de38ef6b97&#8243; body_text_color=\u00bbgcid-840cd285-ee6f-49c1-abc9-5e893f3235b8&#8243; custom_margin=\u00bb||10%||false|false\u00bb link_option_url=\u00bb#germoplasma\u00bb locked=\u00bboff\u00bb global_colors_info=\u00bb{%22gcid-840cd285-ee6f-49c1-abc9-5e893f3235b8%22:%91%22body_text_color%22,%22body_text_color%22%93,%22gcid-9107e7ce-36aa-491e-a581-b7de38ef6b97%22:%91%22header_text_color%22%93}\u00bb][\/et_pb_blurb][\/et_pb_column][et_pb_column type=\u00bb1_4&#8243; _builder_version=\u00bb4.27.4&#8243; _module_preset=\u00bbdefault\u00bb global_colors_info=\u00bb{}\u00bb][et_pb_blurb title=\u00bbArbolado P\u00fablico\u00bb url=\u00bb#arbolado\u00bb use_icon=\u00bbon\u00bb font_icon=\u00bb&#xf785;||fa||400&#8243; icon_color=\u00bb#0C71C3&#8243; _builder_version=\u00bb4.27.4&#8243; _module_preset=\u00bbdefault\u00bb header_text_align=\u00bbcenter\u00bb header_text_color=\u00bbgcid-9107e7ce-36aa-491e-a581-b7de38ef6b97&#8243; body_text_color=\u00bbgcid-840cd285-ee6f-49c1-abc9-5e893f3235b8&#8243; custom_margin=\u00bb||10%||false|false\u00bb link_option_url=\u00bb#arbolado\u00bb locked=\u00bboff\u00bb global_colors_info=\u00bb{%22gcid-840cd285-ee6f-49c1-abc9-5e893f3235b8%22:%91%22body_text_color%22,%22body_text_color%22%93,%22gcid-9107e7ce-36aa-491e-a581-b7de38ef6b97%22:%91%22header_text_color%22%93}\u00bb][\/et_pb_blurb][et_pb_blurb title=\u00bbConsultas y denuncias\u00bb url=\u00bb#\u00bb use_icon=\u00bbon\u00bb font_icon=\u00bb&#xe066;||divi||400&#8243; icon_color=\u00bb#0C71C3&#8243; _builder_version=\u00bb4.27.4&#8243; _module_preset=\u00bbdefault\u00bb header_text_align=\u00bbcenter\u00bb header_text_color=\u00bbgcid-9107e7ce-36aa-491e-a581-b7de38ef6b97&#8243; body_text_color=\u00bbgcid-840cd285-ee6f-49c1-abc9-5e893f3235b8&#8243; custom_margin=\u00bb||-0.3%||false|false\u00bb link_option_url=\u00bb#\u00bb locked=\u00bboff\u00bb global_colors_info=\u00bb{%22gcid-840cd285-ee6f-49c1-abc9-5e893f3235b8%22:%91%22body_text_color%22,%22body_text_color%22%93,%22gcid-9107e7ce-36aa-491e-a581-b7de38ef6b97%22:%91%22header_text_color%22%93}\u00bb][\/et_pb_blurb][\/et_pb_column][\/et_pb_row][\/et_pb_section][et_pb_section fb_built=\u00bb1&#8243; _builder_version=\u00bb4.27.4&#8243; background_color=\u00bbRGBA(255,255,255,0)\u00bb use_background_color_gradient=\u00bbon\u00bb background_color_gradient_direction=\u00bb169deg\u00bb background_color_gradient_stops=\u00bb#ffffff 15%|#0a0000 100%\u00bb background_image=\u00bbhttps:\/\/mza-dicaws-portal-uploads-media-prod.s3.us-east-1.amazonaws.com\/informacion-oficial\/uploads\/sites\/12\/2025\/05\/Fernando-JaraAves-de-laguna-LLancanelo.jpeg\u00bb background_blend=\u00bbscreen\u00bb custom_margin=\u00bb3px|||||\u00bb custom_padding=\u00bb103px|||||\u00bb global_colors_info=\u00bb{}\u00bb][et_pb_row module_id=\u00bbfauna\u00bb _builder_version=\u00bb4.27.4&#8243; background_size=\u00bbinitial\u00bb background_position=\u00bbtop_left\u00bb background_repeat=\u00bbrepeat\u00bb max_width=\u00bb2560px\u00bb min_height=\u00bb100px\u00bb custom_margin=\u00bb|auto|-3px|auto||\u00bb custom_padding=\u00bb5px||4px|||\u00bb global_colors_info=\u00bb{}\u00bb][et_pb_column type=\u00bb4_4&#8243; _builder_version=\u00bb4.27.4&#8243; _module_preset=\u00bbdefault\u00bb global_colors_info=\u00bb{}\u00bb][et_pb_heading title=\u00bbFAUNA\u00bb admin_label=\u00bbFlora Nativa\u00bb module_id=\u00bbnautica\u00bb _builder_version=\u00bb4.27.4&#8243; _module_preset=\u00bbdefault\u00bb title_level=\u00bbh2&#8243; title_font=\u00bb|300|||||||\u00bb title_text_align=\u00bbleft\u00bb title_text_color=\u00bbgcid-body-color\u00bb title_font_size=\u00bb40px\u00bb min_height=\u00bb25px\u00bb custom_margin=\u00bb||-1px|||\u00bb global_colors_info=\u00bb{%22gcid-body-color%22:%91%22title_text_color%22%93}\u00bb][\/et_pb_heading][et_pb_heading title=\u00bbSILVESTRE\u00bb admin_label=\u00bbFlora Nativa\u00bb module_id=\u00bbnautica\u00bb _builder_version=\u00bb4.27.4&#8243; _module_preset=\u00bbdefault\u00bb title_level=\u00bbh2&#8243; title_font=\u00bb|300|||||||\u00bb title_text_align=\u00bbleft\u00bb title_text_color=\u00bbgcid-body-color\u00bb title_font_size=\u00bb40px\u00bb min_height=\u00bb70px\u00bb custom_margin=\u00bb||-1px|||\u00bb global_colors_info=\u00bb{%22gcid-body-color%22:%91%22title_text_color%22%93}\u00bb][\/et_pb_heading][\/et_pb_column][\/et_pb_row][et_pb_row column_structure=\u00bb1_4,3_4&#8243; _builder_version=\u00bb4.27.4&#8243; background_size=\u00bbinitial\u00bb background_position=\u00bbtop_left\u00bb background_repeat=\u00bbrepeat\u00bb max_width=\u00bb2560px\u00bb min_height=\u00bb404.7px\u00bb custom_margin=\u00bb|auto|-3px|auto||\u00bb custom_padding=\u00bb5px|0px|4px|||\u00bb global_colors_info=\u00bb{}\u00bb][et_pb_column type=\u00bb1_4&#8243; _builder_version=\u00bb4.27.4&#8243; _module_preset=\u00bbdefault\u00bb global_colors_info=\u00bb{}\u00bb][et_pb_image src=\u00bbhttps:\/\/mza-dicaws-portal-uploads-media-prod.s3.us-east-1.amazonaws.com\/informacion-oficial\/uploads\/sites\/12\/2025\/05\/ph-martin-perez_281-scaled.jpg\u00bb title_text=\u00bbph-martin-perez_281&#8243; _builder_version=\u00bb4.27.4&#8243; _module_preset=\u00bbdefault\u00bb width=\u00bb100%\u00bb max_width=\u00bb350px\u00bb custom_margin=\u00bb8px|24px|||false|false\u00bb custom_padding=\u00bb45px|0px||||\u00bb global_colors_info=\u00bb{}\u00bb][\/et_pb_image][\/et_pb_column][et_pb_column type=\u00bb3_4&#8243; _builder_version=\u00bb4.27.4&#8243; _module_preset=\u00bbdefault\u00bb global_colors_info=\u00bb{}\u00bb][et_pb_heading _builder_version=\u00bb4.27.4&#8243; _module_preset=\u00bbdefault\u00bb title_level=\u00bbh3&#8243; title_font=\u00bb|300|||||||\u00bb title_text_color=\u00bbgcid-bb9c0857-25e3-4051-b4b2-87f09afe6b01&#8243; min_height=\u00bb24px\u00bb custom_padding=\u00bb0px|||||\u00bb global_colors_info=\u00bb{%22gcid-bb9c0857-25e3-4051-b4b2-87f09afe6b01%22:%91%22title_text_color%22%93}\u00bb][\/et_pb_heading][et_pb_text _builder_version=\u00bb4.27.4&#8243; _module_preset=\u00bbdefault\u00bb text_text_color=\u00bbgcid-840cd285-ee6f-49c1-abc9-5e893f3235b8&#8243; text_font_size=\u00bb16px\u00bb text_orientation=\u00bbjustified\u00bb width=\u00bb100%\u00bb max_width=\u00bb800px\u00bb module_alignment=\u00bbright\u00bb min_height=\u00bb329.7px\u00bb custom_margin=\u00bb|-23px|46px|37px||\u00bb custom_padding=\u00bb|0px||4px||\u00bb global_colors_info=\u00bb{%22gcid-840cd285-ee6f-49c1-abc9-5e893f3235b8%22:%91%22text_text_color%22%93}\u00bb]<\/p>\n<p><span>Trabajar en la optimizaci\u00f3n en la conservaci\u00f3n y manejo que el recurso fauna requiere, sobre la base de la experiencia de gesti\u00f3n acumulada en el \u00e1rea, efectuando estudios y evaluaciones t\u00e9cnicas a fin de establecer la situaci\u00f3n de la fauna silvestre con el prop\u00f3sito y fines de adoptar medidas de protecci\u00f3n, conservaci\u00f3n, manejo y todo lo que tienda a mantener el equilibrio biol\u00f3gico de las especies.<\/span><\/p>\n<p><span>El Departamento de Fauna define los destinos finales de los animales decomisados y la figura legal de intervenci\u00f3n que redundan en el bienestar general de los ejemplares susceptibles de ser decomisados. Adem\u00e1s, mantiene convenios de colaboraci\u00f3n con diferentes instituciones vinculadas a la fauna silvestre, su gesti\u00f3n, investigaci\u00f3n, conservaci\u00f3n y uso sustentable.<\/span><\/p>\n<p>&nbsp;<\/p>\n<p>[\/et_pb_text][\/et_pb_column][\/et_pb_row][et_pb_row _builder_version=\u00bb4.27.4&#8243; background_size=\u00bbinitial\u00bb background_position=\u00bbtop_left\u00bb background_repeat=\u00bbrepeat\u00bb max_width=\u00bb2560px\u00bb min_height=\u00bb100px\u00bb custom_margin=\u00bb|auto|-3px|auto||\u00bb custom_padding=\u00bb5px||4px|||\u00bb global_colors_info=\u00bb{}\u00bb][et_pb_column type=\u00bb4_4&#8243; _builder_version=\u00bb4.27.4&#8243; _module_preset=\u00bbdefault\u00bb global_colors_info=\u00bb{}\u00bb][et_pb_slider _builder_version=\u00bb4.27.4&#8243; _module_preset=\u00bbdefault\u00bb header_font_size=\u00bb1.5rem\u00bb body_text_align=\u00bbleft\u00bb background_color=\u00bbrgba(0,0,0,0.71)\u00bb button_alignment=\u00bbcenter\u00bb max_width=\u00bb800px\u00bb module_alignment=\u00bbcenter\u00bb min_height=\u00bb559.2px\u00bb custom_margin=\u00bb||||false|false\u00bb custom_padding=\u00bb29px||62px||false|false\u00bb border_radii=\u00bbon|8px|8px|8px|8px\u00bb global_colors_info=\u00bb{}\u00bb][et_pb_slide heading=\u00bbObjetivo\u00bb button_text=\u00bbLegislaci\u00f3n\u00bb button_link=\u00bb#Legislacion-fauna\u00bb _builder_version=\u00bb4.27.4&#8243; _module_preset=\u00bbdefault\u00bb header_text_align=\u00bbcenter\u00bb body_text_align=\u00bbjustify\u00bb text_orientation=\u00bbjustified\u00bb global_colors_info=\u00bb{}\u00bb sticky_transition=\u00bbon\u00bb]<\/p>\n<p>&nbsp;<\/p>\n<p>Tiene como objeto regular todas las actividades vinculadas a la fauna silvestre mediante el ordenamiento de un registro \u00fanico de rubros habilitados para desarrollar diferentes actividades, las actividades de Tenencia, Cr\u00eda y Comercializaci\u00f3n, ordenando diferentes categor\u00edas: Categor\u00eda A: \u201cComerciantes de la Fauna Terrestre y Acu\u00e1tica, Rubro 1\u00ba: \u201cAnimales vivos\u201d (Tienda de mascotas, Acopiadores y Acuaristas); Rubro 2\u00ba: \u201cProductos y Sub- productos\u201d (Peleter\u00edas, Taxidermistas, Art\u00edculos, Regionales y artesanales, F\u00e1brica de Plumeros, Curtiembres y Barracas); Categor\u00eda B: \u201cTenedores de la Fauna Terrestre y Acu\u00e1tica\u201d (Criaderos, Granjas Educativas, did\u00e1cticas y Mini-zool\u00f3gicos, Zool\u00f3gicos, Colecciones y Exhibiciones); Categor\u00eda C: \u201cCotos\u201d (Pesca y Caza).<\/p>\n<ul><\/ul>\n<p>[\/et_pb_slide][et_pb_slide heading=\u00bbGesti\u00f3n\u00bb button_text=\u00bbLegislaci\u00f3n\u00bb button_link=\u00bb#Legislacion-fauna\u00bb url_new_window=\u00bbon\u00bb _builder_version=\u00bb4.27.4&#8243; _module_preset=\u00bbdefault\u00bb global_colors_info=\u00bb{}\u00bb sticky_transition=\u00bbon\u00bb]<\/p>\n<p>&nbsp;<\/p>\n<p>Desde hace m\u00e1s de 15 a\u00f1os que ha sido pol\u00edtica de gesti\u00f3n de este recurso, el trabajo interinstitucional y mancomunado con todas las instituciones de la provincia que de una u otra manera se encuentran vinculados al recurso ict\u00edcola. Ya sea desde poner en discusi\u00f3n la Reglamentaci\u00f3n anual de Pesca, las tareas de reproducci\u00f3n y siembra en los Departamentos de Malarg\u00fce y San Rafael, las tareas de relevamiento de las poblaciones ict\u00edcolas, la gesti\u00f3n con instituciones de otras provincias y toda acci\u00f3n de manejo. Entendemos que estos actores son los usuarios del recurso que nos toca administrar, por ello, entendemos que la discusi\u00f3n y el consenso con estos sectores es una herramienta de gesti\u00f3n muy importante, m\u00e1s all\u00e1 de la optimizaci\u00f3n de los recursos disponibles para la gesti\u00f3n.<\/p>\n<ul><\/ul>\n<p>[\/et_pb_slide][et_pb_slide heading=\u00bbAutoridad de aplicaci\u00f3n y Legislaci\u00f3n\u00bb button_text=\u00bbLegislaci\u00f3n\u00bb button_link=\u00bb#Legislacion-fauna\u00bb _builder_version=\u00bb4.27.4&#8243; _module_preset=\u00bbdefault\u00bb global_colors_info=\u00bb{}\u00bb sticky_transition=\u00bbon\u00bb]<\/p>\n<p>&nbsp;<\/p>\n<p>&nbsp;<\/p>\n<p><span>El Departamento de Fauna Silvestre, es autoridad de aplicaci\u00f3n del marco normativo nacional y provincial en materia de fauna silvestre, ejercicio de los derechos sobre los animales silvestres que pueblan la propiedad p\u00fablica o privada de la Provincia, sus despojos o productos, los cuales quedan sometidos a las restricciones y limitaciones establecidas en la Ley Nacional 22421, Decreto Ley Provincial 4602 (modificado por Ley Provincial 7308) y Decreto Reglamentario 1890\/05.<\/span><\/p>\n<ul><\/ul>\n<p>[\/et_pb_slide][\/et_pb_slider][\/et_pb_column][\/et_pb_row][et_pb_row column_structure=\u00bb1_2,1_2&#8243; _builder_version=\u00bb4.27.4&#8243; _module_preset=\u00bbdefault\u00bb max_width=\u00bb2560px\u00bb min_height=\u00bb76.5px\u00bb custom_padding=\u00bb|0px||||\u00bb global_colors_info=\u00bb{}\u00bb][et_pb_column type=\u00bb1_2&#8243; _builder_version=\u00bb4.27.4&#8243; _module_preset=\u00bbdefault\u00bb global_colors_info=\u00bb{}\u00bb][et_pb_cta title=\u00bb\u00bfQu\u00e9 es Fauna Silvestre?\u00bb button_text=\u00bbClics\u00bb _builder_version=\u00bb4.27.4&#8243; _module_preset=\u00bbdefault\u00bb header_text_color=\u00bbgcid-840cd285-ee6f-49c1-abc9-5e893f3235b8&#8243; body_text_color=\u00bbgcid-840cd285-ee6f-49c1-abc9-5e893f3235b8&#8243; background_color=\u00bbrgba(0,0,0,0.71)\u00bb width=\u00bb100%\u00bb max_width=\u00bb100%\u00bb module_alignment=\u00bbright\u00bb custom_margin=\u00bb|-275px||-14px|false|false\u00bb custom_padding=\u00bb22px|15px|3px|15px|false|false\u00bb border_radii=\u00bbon|8px|8px|8px|8px\u00bb border_width_all=\u00bb3px\u00bb border_color_all=\u00bbgcid-bb9c0857-25e3-4051-b4b2-87f09afe6b01&#8243; global_colors_info=\u00bb{%22gcid-bb9c0857-25e3-4051-b4b2-87f09afe6b01%22:%91%22border_color_all%22%93,%22gcid-840cd285-ee6f-49c1-abc9-5e893f3235b8%22:%91%22body_text_color%22,%22header_text_color%22%93}\u00bb]<\/p>\n<ul>\n<li>\n<p style=\"text-align: justify\">Los animales que viven libres e independientes del hombre, en ambientes naturales o artificiales.<\/p>\n<\/li>\n<li style=\"text-align: justify\">Los brav\u00edos o salvajes que viven bajo control del hombre, en cautividad o semicautividad.<\/li>\n<li style=\"text-align: justify\">Los originalmente dom\u00e9sticos que, por cualquier circunstancia, vuelven a la vida salvaje convirti\u00e9ndose en cimarrones.<\/li>\n<\/ul>\n<p style=\"text-align: justify\">Quedan exclu\u00eddos del r\u00e9gimen de la presente Ley los animales comprendidos en las leyes sobre pesca. La autoridad jurisdiccional de aplicaci\u00f3n acordar\u00e1 con la SECRETARIA DE ESTADO DE INTERESES MARITIMOS la divisi\u00f3n correspondiente en los casos dudosos.<\/p>\n<p>[\/et_pb_cta][\/et_pb_column][et_pb_column type=\u00bb1_2&#8243; _builder_version=\u00bb4.27.4&#8243; _module_preset=\u00bbdefault\u00bb global_colors_info=\u00bb{}\u00bb][et_pb_cta title=\u00bbClasificaci\u00f3n\u00bb button_text=\u00bbClics\u00bb _builder_version=\u00bb4.27.4&#8243; _module_preset=\u00bbdefault\u00bb header_text_color=\u00bbgcid-840cd285-ee6f-49c1-abc9-5e893f3235b8&#8243; body_text_color=\u00bbgcid-840cd285-ee6f-49c1-abc9-5e893f3235b8&#8243; background_color=\u00bbrgba(0,0,0,0.71)\u00bb width=\u00bb100%\u00bb max_width=\u00bb100%\u00bb module_alignment=\u00bbright\u00bb custom_margin=\u00bb|-275px||-14px|false|false\u00bb custom_padding=\u00bb22px|15px|3px|15px|false|false\u00bb border_radii=\u00bbon|8px|8px|8px|8px\u00bb border_width_all=\u00bb3px\u00bb border_color_all=\u00bbgcid-bb9c0857-25e3-4051-b4b2-87f09afe6b01&#8243; global_colors_info=\u00bb{%22gcid-bb9c0857-25e3-4051-b4b2-87f09afe6b01%22:%91%22border_color_all%22%93,%22gcid-840cd285-ee6f-49c1-abc9-5e893f3235b8%22:%91%22body_text_color%22,%22header_text_color%22%93}\u00bb]<\/p>\n<p style=\"text-align: justify\"><span style=\"font-size: 14px;text-align: justify\"><\/span><span style=\"font-size: 14px;text-align: justify\">En consenso con las distintas instituciones vinculadas al estudio y conservaci\u00f3n de Fauna silvestre el Departamento de Fauna ha clasificado las especies de, de acuerdo con el siguiente ordenamiento:<\/span><\/p>\n<ul>\n<li style=\"text-align: justify\">Especies amenazadas de extinci\u00f3n<\/li>\n<li style=\"text-align: justify\">Especies vulnerables<\/li>\n<li style=\"text-align: justify\">Especies raras<\/li>\n<li style=\"text-align: justify\">Especies en situaci\u00f3n indeterminada<\/li>\n<li style=\"text-align: justify\">Especies no amenazadas<\/li>\n<li style=\"text-align: justify\">Especies ex\u00f3ticas invasoras<\/li>\n<li style=\"text-align: left\">Especies Perjudiciales o da\u00f1inas<\/li>\n<\/ul>\n<p>[\/et_pb_cta][\/et_pb_column][\/et_pb_row][et_pb_row _builder_version=\u00bb4.27.4&#8243; _module_preset=\u00bbdefault\u00bb max_width=\u00bb2560px\u00bb global_colors_info=\u00bb{}\u00bb][et_pb_column type=\u00bb4_4&#8243; _builder_version=\u00bb4.27.4&#8243; _module_preset=\u00bbdefault\u00bb global_colors_info=\u00bb{}\u00bb][et_pb_toggle title=\u00bbInformaci\u00f3n Aves\u00bb _builder_version=\u00bb4.27.4&#8243; _module_preset=\u00bbdefault\u00bb border_radii=\u00bbon|8px|8px|8px|8px\u00bb global_colors_info=\u00bb{}\u00bb]<\/p>\n<table class=\" table table-hover\">\n<tbody>\n<tr>\n<td><strong>AVES<\/strong><\/td>\n<\/tr>\n<tr>\n<td><\/td>\n<td>Nombre com\u00fan<\/td>\n<td>Nombre cient\u00edfico<\/td>\n<td>Categor\u00eda de conservaci\u00f3n<\/td>\n<\/tr>\n<tr>\n<td><strong>1<\/strong><\/td>\n<td>C\u00f3ndor<\/td>\n<td>Vultur gryphus<\/td>\n<td>Amenazada<\/td>\n<\/tr>\n<tr>\n<td><strong>2<\/strong><\/td>\n<td>Jote cabeza negra<\/td>\n<td>Coragyps atratus<\/td>\n<td>No amenazada<\/td>\n<\/tr>\n<tr>\n<td><strong>3<\/strong><\/td>\n<td>Carancho<\/td>\n<td>Caracara plancus<\/td>\n<td>No amenazada<\/td>\n<\/tr>\n<tr>\n<td><strong>4<\/strong><\/td>\n<td>Chimango<\/td>\n<td>Daptrius chimango<\/td>\n<td>No amenazada<\/td>\n<\/tr>\n<tr>\n<td><strong>5<\/strong><\/td>\n<td>Lechucita de las vizcacheras<\/td>\n<td>Athene cunicularia<\/td>\n<td>No amenazada<\/td>\n<\/tr>\n<tr>\n<td><strong>6<\/strong><\/td>\n<td>Lechuza de campanario<\/td>\n<td>Tyto alba<\/td>\n<td>No amenazada<\/td>\n<\/tr>\n<tr>\n<td><strong>7<\/strong><\/td>\n<td>B\u00faho tuc\u00faquere<\/td>\n<td>Bubo magellanicus<\/td>\n<td>No amenazada<\/td>\n<\/tr>\n<tr>\n<td><strong>8<\/strong><\/td>\n<td>Cardenal amarillo<\/td>\n<td>Gubernatrix cristata<\/td>\n<td>En peligro<\/td>\n<\/tr>\n<tr>\n<td><strong>9<\/strong><\/td>\n<td>Siete cuchillos<\/td>\n<td>Saltator aurantiirostris<\/td>\n<td>No amenazada<\/td>\n<\/tr>\n<tr>\n<td><strong>10<\/strong><\/td>\n<td>Jilguero<\/td>\n<td>Sicalis flaveola<\/td>\n<td>No amenazada<\/td>\n<\/tr>\n<tr>\n<td><strong>11<\/strong><\/td>\n<td>Diuca<\/td>\n<td>Diuca diuca<\/td>\n<td>No amenazada<\/td>\n<\/tr>\n<tr>\n<td><strong>12<\/strong><\/td>\n<td>Martineta<\/td>\n<td>Eudromia elegans<\/td>\n<td>No amenazada<\/td>\n<\/tr>\n<tr>\n<td><strong>13<\/strong><\/td>\n<td>Choique<\/td>\n<td>Rhea pennata<\/td>\n<td>Vulnerable<\/td>\n<\/tr>\n<tr>\n<td><strong>14<\/strong><\/td>\n<td>\u00d1and\u00fa<\/td>\n<td>Rhea americana<\/td>\n<td>Vulnerable<\/td>\n<\/tr>\n<tr>\n<td><strong>15<\/strong><\/td>\n<td>Flamenco<\/td>\n<td>Phoenicopterus chilensis<\/td>\n<td>Vulnerable<\/td>\n<\/tr>\n<tr>\n<td><strong>16<\/strong><\/td>\n<td>Pato barcino<\/td>\n<td>Anas flavirostris<\/td>\n<td>No amenazada<\/td>\n<\/tr>\n<tr>\n<td><strong>17<\/strong><\/td>\n<td>Bigu\u00e1<\/td>\n<td>Nannopterum brasilianum<\/td>\n<td>No amenazada<\/td>\n<\/tr>\n<tr>\n<td><strong>18<\/strong><\/td>\n<td>Gallareta chica cresta amarilla<\/td>\n<td>Fulica leucoptera<\/td>\n<td>No amenazada<\/td>\n<\/tr>\n<tr>\n<td><strong>19<\/strong><\/td>\n<td>Pato del torrente<\/td>\n<td>Merganetta armata<\/td>\n<td>Amenazada<\/td>\n<\/tr>\n<tr>\n<td><strong>20<\/strong><\/td>\n<td>\u00c1guila coronada<\/td>\n<td>Buteogallus coronatus<\/td>\n<td>En peligro<\/td>\n<\/tr>\n<tr>\n<td><strong>21<\/strong><\/td>\n<td>\u00c1guila mora<\/td>\n<td>Geranoaetus melanoleucus<\/td>\n<td>No amenazada<\/td>\n<\/tr>\n<tr>\n<td><strong>22<\/strong><\/td>\n<td>Gavil\u00e1n mixto<\/td>\n<td>Parabuteo unicinctus<\/td>\n<td>No amenazada<\/td>\n<\/tr>\n<tr>\n<td><strong>23<\/strong><\/td>\n<td>Aguilucho com\u00fan<\/td>\n<td>Geranoaetus polyosoma<\/td>\n<td>No amenazada<\/td>\n<\/tr>\n<tr>\n<td><strong>24<\/strong><\/td>\n<td>Halc\u00f3n peregrino<\/td>\n<td>Falco peregrinus<\/td>\n<td>No amenazada<\/td>\n<\/tr>\n<tr>\n<td><strong>25<\/strong><\/td>\n<td>Halconcito colorado<\/td>\n<td>Falco sparverius<\/td>\n<td>No amenazada<\/td>\n<\/tr>\n<tr>\n<td><strong>26<\/strong><\/td>\n<td>Cata com\u00fan<\/td>\n<td>Myiopsitta monachus<\/td>\n<td>No amenazada<\/td>\n<\/tr>\n<tr>\n<td><strong>27<\/strong><\/td>\n<td>Torcacita com\u00fan<\/td>\n<td>Columbina picui<\/td>\n<td>No amenazada<\/td>\n<\/tr>\n<\/tbody>\n<\/table>\n<p>[\/et_pb_toggle][et_pb_toggle title=\u00bbInformaci\u00f3n reptiles\u00bb _builder_version=\u00bb4.27.4&#8243; _module_preset=\u00bbdefault\u00bb border_radii=\u00bbon|8px|8px|8px|8px\u00bb global_colors_info=\u00bb{}\u00bb]<\/p>\n<table class=\" table table-hover\">\n<tbody>\n<tr>\n<td><strong>REPTIL\/OFIDIO\/ANFIBIO<\/strong><strong><\/strong><\/td>\n<\/tr>\n<tr>\n<td><strong>1<\/strong><\/td>\n<td>Tortuga terrestre<\/td>\n<td>Chelonoidis chilensis<\/td>\n<td>Vulnerable<\/td>\n<\/tr>\n<tr>\n<td><strong>2<\/strong><\/td>\n<td>Tortuga del nevado<\/td>\n<td>Chelonoidis donosobarrosi<\/td>\n<td>Amenazada<\/td>\n<\/tr>\n<tr>\n<td><strong>3<\/strong><\/td>\n<td>Lagartija de la Payunia<\/td>\n<td>Liolaemus austromendocinus<\/td>\n<td>No amenazada. End\u00e9mica<\/td>\n<\/tr>\n<tr>\n<td><strong>4<\/strong><\/td>\n<td>Gecko de Darwin<\/td>\n<td>Homonota darwini<em><\/em><\/td>\n<td>No amenazada. End\u00e9mica<\/td>\n<\/tr>\n<tr>\n<td><strong>5<\/strong><\/td>\n<td>Lagartija del nihuil<\/td>\n<td>Liolaemus rabinoi<\/td>\n<td>En peligro. End\u00e9mica<\/td>\n<\/tr>\n<tr>\n<td><strong>6<\/strong><\/td>\n<td>Lagarto colorado<\/td>\n<td>Salvator rufescens<\/td>\n<td>No amenazada<\/td>\n<\/tr>\n<tr>\n<td><strong>7<\/strong><\/td>\n<td>Yarar\u00e1 \u00f1ata<\/td>\n<td>Bothrops ammodytoides<\/td>\n<td>No amenazada. End\u00e9mica<\/td>\n<\/tr>\n<tr>\n<td><strong>8<\/strong><\/td>\n<td>Coral<\/td>\n<td>Micrurus pyrrhocryptus<\/td>\n<td>No amenazada<\/td>\n<\/tr>\n<tr>\n<td><strong>9<\/strong><\/td>\n<td>Lampalagua<\/td>\n<td>Boa constrictor occidentalis<\/td>\n<td>En peligro<\/td>\n<\/tr>\n<tr>\n<td><strong>10<\/strong><\/td>\n<td>Ratonera<\/td>\n<td>Philodryas trilineata<\/td>\n<td>No amenazada<\/td>\n<\/tr>\n<tr>\n<td><strong>11<\/strong><\/td>\n<td>Ranita del Pehuenche<\/td>\n<td>Alsodes pehuenche<\/td>\n<td>En peligro. End\u00e9mica<\/td>\n<\/tr>\n<tr>\n<td><strong>12<\/strong><\/td>\n<td>Sapo com\u00fan<\/td>\n<td>Rhinella arenarum<\/td>\n<td>No amenazada<\/td>\n<\/tr>\n<tr>\n<td><strong>13<\/strong><\/td>\n<td>Escuercito fantasma<\/td>\n<td>Pleurodema nebulosum<\/td>\n<td>No amenazada. End\u00e9mica<\/td>\n<\/tr>\n<tr>\n<td><strong>14<\/strong><\/td>\n<td>Cangrejo colorado<\/td>\n<td>Aegla sp.<\/td>\n<td><\/td>\n<\/tr>\n<tr>\n<td><strong>15<\/strong><\/td>\n<td>Bagre otuno<\/td>\n<td>Olivaichthys viedmensis<\/td>\n<td>No evaluada\/ Indeterminada<\/td>\n<\/tr>\n<tr>\n<td><strong>16<\/strong><\/td>\n<td>Falsa coral<\/td>\n<td>Xenodon semicinctus<\/td>\n<td>No amenazada<\/td>\n<\/tr>\n<tr>\n<td><strong>17<\/strong><\/td>\n<td>Lagarto overo<\/td>\n<td>Salvator merianae<\/td>\n<td>No amenazada<\/td>\n<\/tr>\n<tr>\n<td><strong>18<\/strong><\/td>\n<td>Pejerrey patag\u00f3nico<\/td>\n<td>Odontesthes hatcheri<\/td>\n<td>No evaluada<\/td>\n<\/tr>\n<tr>\n<td><strong>19<\/strong><\/td>\n<td>Perca criolla<\/td>\n<td>Percichthys trucha<\/td>\n<td>No evaluada<\/td>\n<\/tr>\n<\/tbody>\n<\/table>\n<p>[\/et_pb_toggle][et_pb_toggle title=\u00bbInformaci\u00f3n mam\u00edferos\u00bb _builder_version=\u00bb4.27.4&#8243; _module_preset=\u00bbdefault\u00bb border_radii=\u00bbon|8px|8px|8px|8px\u00bb global_colors_info=\u00bb{}\u00bb]<\/p>\n<table class=\" table table-hover\">\n<tbody>\n<tr>\n<td><strong>MAM\u00cdFEROS<\/strong><\/td>\n<\/tr>\n<tr>\n<td><strong>1<\/strong><\/td>\n<td>Zorrino<\/td>\n<td>Conepatus chinga<\/td>\n<td>Preocupaci\u00f3n menor<\/td>\n<\/tr>\n<tr>\n<td><strong>2<\/strong><\/td>\n<td>Hur\u00f3n menor<\/td>\n<td>Galictis cuja<\/td>\n<td>Preocupaci\u00f3n menor<\/td>\n<\/tr>\n<tr>\n<td><strong>3<\/strong><\/td>\n<td>Chinchill\u00f3n<\/td>\n<td>Lagidium viscacia<\/td>\n<td>Preocupaci\u00f3n menor<\/td>\n<\/tr>\n<tr>\n<td><strong>4<\/strong><\/td>\n<td>Gato mont\u00e9s<\/td>\n<td>Leopardus geoffroyi<\/td>\n<td>Preocupaci\u00f3n menor<\/td>\n<\/tr>\n<tr>\n<td><strong>5<\/strong><\/td>\n<td>Gato andino<\/td>\n<td>Leopardus jacobita<\/td>\n<td>En peligro<\/td>\n<\/tr>\n<tr>\n<td><strong>6<\/strong><\/td>\n<td>Cuis chico<\/td>\n<td>Microcavia australis<\/td>\n<td>Preocupaci\u00f3n menor<\/td>\n<\/tr>\n<tr>\n<td><strong>7<\/strong><\/td>\n<td>Tunduque<\/td>\n<td>Ctenomys mendocinus<\/td>\n<td>Preocupaci\u00f3n menor<\/td>\n<\/tr>\n<tr>\n<td><strong>8<\/strong><\/td>\n<td>Rata vizcacha<\/td>\n<td>Tympanoctomys barrerae<\/td>\n<td>No evaluada\/ Indeterminada. End\u00e9mica<\/td>\n<\/tr>\n<tr>\n<td><strong>9<\/strong><\/td>\n<td>Mara<\/td>\n<td>Dolichotis patagonum<\/td>\n<td>Vulnerable<\/td>\n<\/tr>\n<tr>\n<td><strong>10<\/strong><\/td>\n<td>Pecar\u00ed de collar<\/td>\n<td>Pecari tajacu<\/td>\n<td>Vulnerable<\/td>\n<\/tr>\n<tr>\n<td><strong>11<\/strong><\/td>\n<td>Comadreja overa<\/td>\n<td>Didelphis albiventris<\/td>\n<td>Preocupaci\u00f3n menor<\/td>\n<\/tr>\n<tr>\n<td><strong>12<\/strong><\/td>\n<td>Comadreja enana\/ Marmosa p\u00e1lida<\/td>\n<td>Thylamys pallidior<\/td>\n<td>Preocupaci\u00f3n menor<\/td>\n<\/tr>\n<tr>\n<td><strong>13<\/strong><\/td>\n<td>Piche<\/td>\n<td>Zaedyus pichiy<\/td>\n<td>Casi amenazada<\/td>\n<\/tr>\n<tr>\n<td><strong>14<\/strong><\/td>\n<td>mulita<\/td>\n<td>Chaetophractus vellerosus<\/td>\n<td>Preocupaci\u00f3n menor<\/td>\n<\/tr>\n<tr>\n<td><strong>15<\/strong><\/td>\n<td>pichiciego<\/td>\n<td>Chlamyphorus truncatus<\/td>\n<td>Datos insuficientes<\/td>\n<\/tr>\n<tr>\n<td><strong>16<\/strong><\/td>\n<td>Vizcacha<\/td>\n<td>Lagostomus maximus<\/td>\n<td>Preocupaci\u00f3n menor<\/td>\n<\/tr>\n<tr>\n<td><strong>17<\/strong><\/td>\n<td>Puma<\/td>\n<td>Puma concolor<\/td>\n<td>Preocupaci\u00f3n menor<\/td>\n<\/tr>\n<tr>\n<td><strong>18<\/strong><\/td>\n<td>Yaguarund\u00ed<\/td>\n<td>Herpailurus yagouaroundi<\/td>\n<td>Preocupaci\u00f3n menor<\/td>\n<\/tr>\n<tr>\n<td><strong>19<\/strong><\/td>\n<td>Zorro colorado<\/td>\n<td>Lycalopex culpaeus<\/td>\n<td>Preocupaci\u00f3n menor<\/td>\n<\/tr>\n<tr>\n<td><strong>20<\/strong><\/td>\n<td>Zorro gris<\/td>\n<td>Lycalopex gymnocercus<\/td>\n<td>Preocupaci\u00f3n menor<\/td>\n<\/tr>\n<tr>\n<td><strong>21<\/strong><\/td>\n<td>Guanaco<\/td>\n<td>Lama guanicoe<\/td>\n<td>Preocupaci\u00f3n menor<\/td>\n<\/tr>\n<tr>\n<td><strong>22<\/strong><\/td>\n<td>Murci\u00e9lago<\/td>\n<td>Myotis dinellii<\/td>\n<td>Preocupaci\u00f3n menor<\/td>\n<\/tr>\n<tr>\n<td><strong>23<\/strong><\/td>\n<td>Coipo<\/td>\n<td>Myocastor coypus<\/td>\n<td>Preocupaci\u00f3n menor<\/td>\n<\/tr>\n<\/tbody>\n<\/table>\n<p>[\/et_pb_toggle][et_pb_toggle title=\u00bbLEGISLACI\u00d3N\u00bb icon_color=\u00bbgcid-bb9c0857-25e3-4051-b4b2-87f09afe6b01&#8243; open_icon_color=\u00bbgcid-53054839-b83d-4ef0-8659-8a010e6148fd\u00bb module_id=\u00bbLegislacion-fauna\u00bb _builder_version=\u00bb4.27.4&#8243; _module_preset=\u00bbdefault\u00bb title_level=\u00bbh3&#8243; title_font=\u00bb|300|||||||\u00bb title_font_size=\u00bb1.5rem\u00bb background_color=\u00bbRGBA(255,255,255,0.65)\u00bb border_radii=\u00bbon|8px|8px|8px|8px\u00bb global_colors_info=\u00bb{%22gcid-bb9c0857-25e3-4051-b4b2-87f09afe6b01%22:%91%22icon_color%22%93,%22gcid-53054839-b83d-4ef0-8659-8a010e6148fd%22:%91%22open_icon_color%22%93}\u00bb]<\/p>\n<div class=\"wp-block-file\"><span style=\"color: #0091f2\"><a href=\"https:\/\/mza-dicaws-portal-uploads-media-prod.s3.amazonaws.com\/informacion-oficial\/uploads\/sites\/12\/2025\/09\/Ley-Nacional-22421-Proteccion-y-conserv-Fauna.pdf\" rel=\"attachment wp-att-4586\" style=\"color: #0091f2\">Ley Nacional 22421 Proteccion y-Conservaci\u00f3n de Fauna<\/a><\/span><\/div>\n<div class=\"wp-block-file\"><span style=\"color: #0091f2\"><a href=\"https:\/\/www.argentina.gob.ar\/normativa\/nacional\/ley-14346-153011\/texto\"><span style=\"color: #0091f2\">Ley Nacional de maltrato Animal<\/span><\/a><\/span><\/div>\n<div class=\"wp-block-file\"><span style=\"color: #0091f2\"><a href=\"https:\/\/mza-dicaws-portal-uploads-media-prod.s3.amazonaws.com\/informacion-oficial\/uploads\/sites\/12\/2025\/09\/Ley-4602-Adhesion-Ley-22421.pdf\" rel=\"attachment wp-att-4581\" style=\"color: #0091f2\">Ley Provincial 4602 &#8211; Adhesion a Ley 22421<\/a><\/span><span style=\"color: #0091f2\"><\/span><\/div>\n<div class=\"wp-block-file\"><span style=\"color: #0091f2\"><a href=\"https:\/\/mza-dicaws-portal-uploads-media-prod.s3.amazonaws.com\/informacion-oficial\/uploads\/sites\/12\/2025\/09\/DECRETO-REGALMENTARIO-N\u00b0-1890-DE-LA-LEY-No-7308-Y-4602-DE-FAUNA-SILVESTRE.pdf\" rel=\"attachment wp-att-4580\" style=\"color: #0091f2\">Decreto Reglamentario N\u00b0 1890 de la Ley No 7308 Y 4602 de Fauna Silvestre<\/a><\/span><\/div>\n<div class=\"wp-block-file\">\n<div class=\"wp-block-file\"><span style=\"color: #0091f2\"><a href=\"https:\/\/mza-dicaws-portal-uploads-media-prod.s3.amazonaws.com\/informacion-oficial\/uploads\/sites\/12\/2025\/09\/Ley-7308-modificatoria-de-la-4602.pdf\" rel=\"attachment wp-att-4582\" style=\"color: #0091f2\">Ley 7308 modificatoria de la Ley 4602<\/a><\/span><span style=\"color: #0091f2\"> <\/span><\/div>\n<\/div>\n<div class=\"wp-block-file\"><span style=\"color: #0091f2\"><a href=\"https:\/\/mza-dicaws-portal-uploads-media-prod.s3.amazonaws.com\/informacion-oficial\/uploads\/sites\/12\/2025\/09\/Ley-Impositiva-9496-ano-2025.pdf\" rel=\"attachment wp-att-4585\" style=\"color: #0091f2\">Ley Impositiva 9597 a\u00f1o2025<\/a><\/span><\/div>\n<div class=\"wp-block-file\"><span style=\"color: #0091f2\"><a href=\"https:\/\/mza-dicaws-portal-uploads-media-prod.s3.amazonaws.com\/informacion-oficial\/uploads\/sites\/12\/2025\/09\/Res-17-06-reg-unico-fauna.pdf\" rel=\"attachment wp-att-4589\" style=\"color: #0091f2\">Res 17\/06 Registro Unico de Fauna terrestre y acu\u00e1tica<\/a><\/span><\/div>\n<div class=\"wp-block-file\"><span style=\"color: #0091f2\"><a href=\"https:\/\/mza-dicaws-portal-uploads-media-prod.s3.amazonaws.com\/informacion-oficial\/uploads\/sites\/12\/2025\/09\/Resoluciones-Nros-558-y-559-Coto-de-Caza-y-Registro-de-Coto-de-Caza.pdf\" rel=\"attachment wp-att-4591\" style=\"color: #0091f2\">Res Nros 558 y 559 Coto de Caza y Registro de Coto de Caza<\/a><\/span><\/div>\n<div class=\"wp-block-file\"><span style=\"color: #0091f2\"><a href=\"https:\/\/informacionoficial.mendoza.gob.ar\/energiayambiente\/investigaciones-cientificas\/\" style=\"color: #0091f2\">Investigaciones Cient\u00edficas<\/a><\/span><\/div>\n<div class=\"wp-block-file\"><span style=\"color: #0091f2\"><a href=\"https:\/\/mza-dicaws-portal-uploads-media-prod.s3.amazonaws.com\/informacion-oficial\/uploads\/sites\/12\/2025\/09\/Resol-805-de-Catas.pdf\" rel=\"attachment wp-att-4590\" style=\"color: #0091f2\">Res 805 Manejo de Catas<\/a><\/span><\/div>\n<div class=\"wp-block-file\"><span style=\"color: #0091f2\"><a href=\"https:\/\/mza-dicaws-portal-uploads-media-prod.s3.amazonaws.com\/informacion-oficial\/uploads\/sites\/12\/2025\/09\/Protocolo-de-Accion-Rescate-de-Puma-Mendoza.pdf\" rel=\"attachment wp-att-4587\" style=\"color: #0091f2\">Protocolo de Accion Rescate de Puma &#8211; Mendoza<\/a><\/span><span style=\"color: #0091f2\"><a href=\"https:\/\/mza-dicaws-portal-uploads-media-prod.s3.amazonaws.com\/informacion-oficial\/uploads\/sites\/12\/2025\/09\/Ley-9024.pdf\" rel=\"attachment wp-att-4583\" style=\"color: #0091f2\"><\/a><\/span><\/div>\n<div class=\"wp-block-file\"><a href=\"https:\/\/mza-dicaws-portal-uploads-media-prod.s3.amazonaws.com\/informacion-oficial\/uploads\/sites\/12\/2025\/09\/Resolucion-Rampas-de-Rescate-para-Fauna-2020.pdf\" rel=\"attachment wp-att-4592\"><span style=\"color: #0091f2\">Res Rampas de Rescate para Fauna 2020<\/span><\/a><\/div>\n<div class=\"wp-block-file\"><span style=\"color: #0091f2\"><a href=\"https:\/\/mza-dicaws-portal-uploads-media-prod.s3.amazonaws.com\/informacion-oficial\/uploads\/sites\/12\/2025\/09\/07-Res-No-1564-21-DRNR-Inscripcion-agentes-de-venta-permisos-de-caza.pdf\" rel=\"attachment wp-att-4579\" style=\"color: #0091f2\">Res 1564\/21 Inscripcion agentes de venta permisos de caza<\/a><\/span><\/div>\n<div class=\"wp-block-file\"><span style=\"color: #0091f2\"><a href=\"https:\/\/mza-dicaws-portal-uploads-media-prod.s3.amazonaws.com\/informacion-oficial\/uploads\/sites\/12\/2025\/09\/Res.-869-10-VENTA-DE-TICKETS-DE-PESCA-2010.pdf\" rel=\"attachment wp-att-4588\" style=\"color: #0091f2\">Res 869\/10 Venta de tickets de pesca 2010<\/a><\/span><\/div>\n<div class=\"wp-block-file\"><span style=\"color: #0091f2\"><a href=\"https:\/\/mza-dicaws-portal-uploads-media-prod.s3.amazonaws.com\/informacion-oficial\/uploads\/sites\/12\/2025\/09\/Ley-9099-Codigo-Contravencional-de-la-Provincia-de-Mendoza.pdf\" rel=\"attachment wp-att-4584\" style=\"color: #0091f2\">Ley 9099 Codigo Contravencional de la Provincia de Mendoza<\/a><\/span><span style=\"color: #0091f2\"><a href=\"https:\/\/mza-dicaws-portal-uploads-media-prod.s3.amazonaws.com\/informacion-oficial\/uploads\/sites\/12\/2025\/09\/Protocolo-de-Accion-Rescate-de-Puma-Mendoza.pdf\" rel=\"attachment wp-att-4587\" style=\"color: #0091f2\"><\/a> <\/span><span style=\"color: #0091f2\"><a href=\"https:\/\/mza-dicaws-portal-uploads-media-prod.s3.amazonaws.com\/informacion-oficial\/uploads\/sites\/12\/2025\/09\/Res.-869-10-VENTA-DE-TICKETS-DE-PESCA-2010.pdf\" rel=\"attachment wp-att-4588\" style=\"color: #0091f2\"><\/a> <\/span><\/div>\n<div class=\"wp-block-file\"><span style=\"color: #0091f2\"><a href=\"https:\/\/mza-dicaws-portal-uploads-media-prod.s3.amazonaws.com\/informacion-oficial\/uploads\/sites\/12\/2025\/09\/Ley-9024.pdf\" rel=\"attachment wp-att-4583\" style=\"color: #0091f2\">Ley\u00a0Vial Provincial Nro 9024<\/a><\/span><\/div>\n<div class=\"wp-block-file\"><a href=\"https:\/\/mza-dicaws-portal-uploads-media-prod.s3.amazonaws.com\/informacion-oficial\/uploads\/sites\/12\/2025\/09\/Medidas-de-Bioseguridad-en-el-Manejo-de-Fauna.pdf\" rel=\"attachment wp-att-4601\"><span style=\"color: #0091f2\">Medidas de Bioseguridad en el Manejo de Fauna<\/span><\/a><\/div>\n<p>[\/et_pb_toggle][\/et_pb_column][\/et_pb_row][\/et_pb_section][et_pb_section fb_built=\u00bb1&#8243; _builder_version=\u00bb4.27.4&#8243; background_color=\u00bbRGBA(255,255,255,0)\u00bb use_background_color_gradient=\u00bbon\u00bb background_color_gradient_direction=\u00bb169deg\u00bb background_color_gradient_stops=\u00bb#ffffff 15%|#0a0000 100%\u00bb background_image=\u00bbhttps:\/\/mza-dicaws-portal-uploads-media-prod.s3.amazonaws.com\/informacion-oficial\/uploads\/sites\/12\/2025\/09\/pesca.jpg\u00bb background_blend=\u00bbscreen\u00bb custom_margin=\u00bb3px|||||\u00bb custom_padding=\u00bb103px|||||\u00bb global_colors_info=\u00bb{}\u00bb][et_pb_row module_id=\u00bbfauna\u00bb _builder_version=\u00bb4.27.4&#8243; background_size=\u00bbinitial\u00bb background_position=\u00bbtop_left\u00bb background_repeat=\u00bbrepeat\u00bb max_width=\u00bb2560px\u00bb min_height=\u00bb100px\u00bb custom_margin=\u00bb|auto|-3px|auto||\u00bb custom_padding=\u00bb5px||4px|||\u00bb global_colors_info=\u00bb{}\u00bb][et_pb_column type=\u00bb4_4&#8243; _builder_version=\u00bb4.27.4&#8243; _module_preset=\u00bbdefault\u00bb global_colors_info=\u00bb{}\u00bb][et_pb_heading title=\u00bbCAZA\u00bb admin_label=\u00bbFlora Nativa\u00bb module_id=\u00bbcaza\u00bb _builder_version=\u00bb4.27.4&#8243; _module_preset=\u00bbdefault\u00bb title_level=\u00bbh2&#8243; title_font=\u00bb|300|||||||\u00bb title_text_align=\u00bbleft\u00bb title_text_color=\u00bbgcid-body-color\u00bb title_font_size=\u00bb40px\u00bb min_height=\u00bb25px\u00bb custom_margin=\u00bb||-1px|||\u00bb global_colors_info=\u00bb{%22gcid-body-color%22:%91%22title_text_color%22%93}\u00bb][\/et_pb_heading][et_pb_heading title=\u00bbY PESCA\u00bb admin_label=\u00bbFlora Nativa\u00bb module_id=\u00bbnautica\u00bb _builder_version=\u00bb4.27.4&#8243; _module_preset=\u00bbdefault\u00bb title_level=\u00bbh2&#8243; title_font=\u00bb|300|||||||\u00bb title_text_align=\u00bbleft\u00bb title_text_color=\u00bbgcid-body-color\u00bb title_font_size=\u00bb40px\u00bb min_height=\u00bb70px\u00bb custom_margin=\u00bb||-1px|||\u00bb global_colors_info=\u00bb{%22gcid-body-color%22:%91%22title_text_color%22%93}\u00bb][\/et_pb_heading][\/et_pb_column][\/et_pb_row][et_pb_row column_structure=\u00bb1_4,1_4,1_4,1_4&#8243; _builder_version=\u00bb4.27.4&#8243; background_size=\u00bbinitial\u00bb background_position=\u00bbtop_left\u00bb background_repeat=\u00bbrepeat\u00bb max_width=\u00bb2560px\u00bb min_height=\u00bb404.7px\u00bb custom_margin=\u00bb|auto|-3px|auto||\u00bb custom_padding=\u00bb5px|0px|4px|||\u00bb global_colors_info=\u00bb{}\u00bb][et_pb_column type=\u00bb1_4&#8243; _builder_version=\u00bb4.27.4&#8243; _module_preset=\u00bbdefault\u00bb global_colors_info=\u00bb{}\u00bb][et_pb_image src=\u00bbhttps:\/\/mza-dicaws-portal-uploads-media-prod.s3.amazonaws.com\/informacion-oficial\/uploads\/sites\/12\/2025\/09\/WhatsApp-Image-2025-09-30-at-08.18.45.jpeg\u00bb title_text=\u00bbpesca\u00bb _builder_version=\u00bb4.27.4&#8243; _module_preset=\u00bbdefault\u00bb width=\u00bb100%\u00bb max_width=\u00bb350px\u00bb custom_margin=\u00bb8px|24px|||false|false\u00bb custom_padding=\u00bb45px|0px||||\u00bb global_colors_info=\u00bb{}\u00bb][\/et_pb_image][et_pb_image src=\u00bbhttps:\/\/mza-dicaws-portal-uploads-media-prod.s3.amazonaws.com\/informacion-oficial\/uploads\/sites\/12\/2025\/09\/pesca-2.jpeg\u00bb title_text=\u00bbpesca\u00bb _builder_version=\u00bb4.27.4&#8243; _module_preset=\u00bbdefault\u00bb width=\u00bb100%\u00bb max_width=\u00bb350px\u00bb custom_margin=\u00bb8px|24px|||false|false\u00bb custom_padding=\u00bb45px|0px||||\u00bb global_colors_info=\u00bb{}\u00bb][\/et_pb_image][\/et_pb_column][et_pb_column type=\u00bb1_4&#8243; _builder_version=\u00bb4.27.4&#8243; _module_preset=\u00bbdefault\u00bb global_colors_info=\u00bb{}\u00bb][et_pb_blurb title=\u00bbAutorizaci\u00f3n de Due\u00f1o de Campo\u00bb url=\u00bbhttps:\/\/mza-dicaws-portal-uploads-media-prod.s3.amazonaws.com\/informacion-oficial\/uploads\/sites\/12\/2025\/12\/Autorizacion-de-dueno-de-Campo-2025.pdf\u00bb url_new_window=\u00bbon\u00bb use_icon=\u00bbon\u00bb font_icon=\u00bb&#xf15c;||fa||900&#8243; icon_color=\u00bbgcid-secondary-color\u00bb _builder_version=\u00bb4.27.4&#8243; _module_preset=\u00bbdefault\u00bb header_text_align=\u00bbcenter\u00bb header_text_color=\u00bbrgba(0,0,0,0.71)\u00bb body_text_color=\u00bbgcid-840cd285-ee6f-49c1-abc9-5e893f3235b8&#8243; custom_margin=\u00bb||10%||false|false\u00bb custom_padding=\u00bb85px||||false|false\u00bb link_option_url=\u00bbhttps:\/\/mza-dicaws-portal-uploads-media-prod.s3.amazonaws.com\/informacion-oficial\/uploads\/sites\/12\/2025\/12\/Autorizacion-de-dueno-de-Campo-2025.pdf\u00bb link_option_url_new_window=\u00bbon\u00bb locked=\u00bboff\u00bb global_colors_info=\u00bb{%22gcid-840cd285-ee6f-49c1-abc9-5e893f3235b8%22:%91%22body_text_color%22,%22body_text_color%22,%22body_text_color%22,%22body_text_color%22,%22body_text_color%22,%22body_text_color%22,%22body_text_color%22,%22body_text_color%22,%22body_text_color%22,%22body_text_color%22%93,%22gcid-secondary-color%22:%91%22icon_color%22,%22icon_color%22,%22icon_color%22,%22icon_color%22,%22icon_color%22%93,%22gcid-9107e7ce-36aa-491e-a581-b7de38ef6b97%22:%91%22header_text_color%22,%22header_text_color%22,%22header_text_color%22%93}\u00bb][\/et_pb_blurb][et_pb_blurb title=\u00bbCartilla de Pesca\u00bb url=\u00bbhttps:\/\/mza-dicaws-portal-uploads-media-prod.s3.amazonaws.com\/informacion-oficial\/uploads\/sites\/12\/2025\/09\/Cartilla-de-Pesca-2024-2025.pdf\u00bb url_new_window=\u00bbon\u00bb use_icon=\u00bbon\u00bb font_icon=\u00bb&#xf578;||fa||900&#8243; icon_color=\u00bbgcid-secondary-color\u00bb _builder_version=\u00bb4.27.4&#8243; _module_preset=\u00bbdefault\u00bb header_text_align=\u00bbcenter\u00bb header_text_color=\u00bbrgba(0,0,0,0.71)\u00bb body_text_color=\u00bbgcid-840cd285-ee6f-49c1-abc9-5e893f3235b8&#8243; custom_margin=\u00bb||10%||false|false\u00bb custom_padding=\u00bb85px||||false|false\u00bb link_option_url=\u00bbhttps:\/\/mza-dicaws-portal-uploads-media-prod.s3.amazonaws.com\/informacion-oficial\/uploads\/sites\/12\/2025\/09\/Cartilla-de-Pesca-2024-2025.pdf\u00bb locked=\u00bboff\u00bb global_colors_info=\u00bb{%22gcid-840cd285-ee6f-49c1-abc9-5e893f3235b8%22:%91%22body_text_color%22,%22body_text_color%22%93,%22gcid-secondary-color%22:%91%22icon_color%22%93}\u00bb][\/et_pb_blurb][\/et_pb_column][et_pb_column type=\u00bb1_4&#8243; _builder_version=\u00bb4.27.4&#8243; _module_preset=\u00bbdefault\u00bb global_colors_info=\u00bb{}\u00bb][\/et_pb_column][et_pb_column type=\u00bb1_4&#8243; _builder_version=\u00bb4.27.4&#8243; _module_preset=\u00bbdefault\u00bb global_colors_info=\u00bb{}\u00bb][et_pb_blurb title=\u00bbResoluci\u00f3n Definitiva de Caza\u00bb url=\u00bbhttps:\/\/mza-dicaws-portal-uploads-media-prod.s3.amazonaws.com\/informacion-oficial\/uploads\/sites\/12\/2025\/09\/Resolucion-definitiva-de-Caza-2018-2019.pdf\u00bb url_new_window=\u00bbon\u00bb use_icon=\u00bbon\u00bb font_icon=\u00bb&#xf15c;||fa||900&#8243; icon_color=\u00bbgcid-secondary-color\u00bb _builder_version=\u00bb4.27.4&#8243; _module_preset=\u00bbdefault\u00bb header_text_align=\u00bbcenter\u00bb header_text_color=\u00bbrgba(0,0,0,0.71)\u00bb body_text_color=\u00bbgcid-840cd285-ee6f-49c1-abc9-5e893f3235b8&#8243; custom_margin=\u00bb||10%||false|false\u00bb custom_padding=\u00bb85px||||false|false\u00bb link_option_url=\u00bbhttps:\/\/mza-dicaws-portal-uploads-media-prod.s3.amazonaws.com\/informacion-oficial\/uploads\/sites\/12\/2025\/09\/Resolucion-definitiva-de-Caza-2018-2019.pdf\u00bb locked=\u00bboff\u00bb global_colors_info=\u00bb{%22gcid-840cd285-ee6f-49c1-abc9-5e893f3235b8%22:%91%22body_text_color%22,%22body_text_color%22,%22body_text_color%22,%22body_text_color%22,%22body_text_color%22,%22body_text_color%22%93,%22gcid-secondary-color%22:%91%22icon_color%22,%22icon_color%22,%22icon_color%22%93,%22gcid-9107e7ce-36aa-491e-a581-b7de38ef6b97%22:%91%22header_text_color%22%93}\u00bb][\/et_pb_blurb][et_pb_blurb title=\u00bbResoluci\u00f3n Temporada de Pesca\u00bb url=\u00bbhttps:\/\/mza-dicaws-portal-uploads-media-prod.s3.amazonaws.com\/informacion-oficial\/uploads\/sites\/12\/2025\/11\/RESOLUCION-No-327-SSA-2025.pdf\u00bb url_new_window=\u00bbon\u00bb use_icon=\u00bbon\u00bb font_icon=\u00bb&#xf15c;||fa||900&#8243; icon_color=\u00bbgcid-secondary-color\u00bb _builder_version=\u00bb4.27.4&#8243; _module_preset=\u00bbdefault\u00bb header_text_align=\u00bbcenter\u00bb header_text_color=\u00bbrgba(0,0,0,0.71)\u00bb body_text_color=\u00bbgcid-840cd285-ee6f-49c1-abc9-5e893f3235b8&#8243; custom_margin=\u00bb||10%||false|false\u00bb custom_padding=\u00bb85px||||false|false\u00bb link_option_url=\u00bbhttps:\/\/mza-dicaws-portal-uploads-media-prod.s3.amazonaws.com\/informacion-oficial\/uploads\/sites\/12\/2025\/11\/RESOLUCION-No-327-SSA-2025.pdf\u00bb locked=\u00bboff\u00bb global_colors_info=\u00bb{%22gcid-840cd285-ee6f-49c1-abc9-5e893f3235b8%22:%91%22body_text_color%22,%22body_text_color%22,%22body_text_color%22,%22body_text_color%22,%22body_text_color%22,%22body_text_color%22%93,%22gcid-secondary-color%22:%91%22icon_color%22,%22icon_color%22,%22icon_color%22%93,%22gcid-9107e7ce-36aa-491e-a581-b7de38ef6b97%22:%91%22header_text_color%22%93}\u00bb][\/et_pb_blurb][\/et_pb_column][\/et_pb_row][et_pb_row column_structure=\u00bb3_5,2_5&#8243; _builder_version=\u00bb4.27.4&#8243; _module_preset=\u00bbdefault\u00bb global_colors_info=\u00bb{}\u00bb][et_pb_column type=\u00bb3_5&#8243; _builder_version=\u00bb4.27.4&#8243; _module_preset=\u00bbdefault\u00bb global_colors_info=\u00bb{}\u00bb][et_pb_image src=\u00bbhttps:\/\/mza-dicaws-portal-uploads-media-prod.s3.amazonaws.com\/informacion-oficial\/uploads\/sites\/12\/2026\/01\/DIDYMO-2020-1-01-700&#215;525-1.jpg\u00bb title_text=\u00bbDIDYMO-2020-1-01-700&#215;525&#8243; _builder_version=\u00bb4.27.4&#8243; _module_preset=\u00bbdefault\u00bb global_colors_info=\u00bb{}\u00bb][\/et_pb_image][et_pb_image src=\u00bbhttps:\/\/mza-dicaws-portal-uploads-media-prod.s3.amazonaws.com\/informacion-oficial\/uploads\/sites\/12\/2026\/01\/DIDYMO-2020-2-01-700&#215;525-1.jpg\u00bb title_text=\u00bbDIDYMO-2020-2-01-700&#215;525&#8243; _builder_version=\u00bb4.27.4&#8243; _module_preset=\u00bbdefault\u00bb global_colors_info=\u00bb{}\u00bb][\/et_pb_image][\/et_pb_column][et_pb_column type=\u00bb2_5&#8243; _builder_version=\u00bb4.27.4&#8243; _module_preset=\u00bbdefault\u00bb global_colors_info=\u00bb{}\u00bb][et_pb_heading title=\u00bbALGA DIDYMO\u00bb admin_label=\u00bbFlora Nativa\u00bb module_id=\u00bbcaza\u00bb _builder_version=\u00bb4.27.4&#8243; _module_preset=\u00bbdefault\u00bb title_level=\u00bbh2&#8243; title_font=\u00bb|300|||||||\u00bb title_text_align=\u00bbleft\u00bb title_text_color=\u00bbgcid-body-color\u00bb title_font_size=\u00bb40px\u00bb min_height=\u00bb25px\u00bb custom_margin=\u00bb||-1px|||\u00bb global_colors_info=\u00bb{%22gcid-body-color%22:%91%22title_text_color%22%93}\u00bb][\/et_pb_heading][et_pb_text _builder_version=\u00bb4.27.4&#8243; _module_preset=\u00bbdefault\u00bb global_colors_info=\u00bb{}\u00bb]<\/p>\n<p>Consult\u00e1 el material, informate y complet\u00e1 la autoevaluaci\u00f3n. El objetivo es tomar conciencia y tener conocimientos para que podamos contener la invaci\u00f3n del alga y evitar que colonice otros ambientes en la Provincia de Mendoza.<\/p>\n<p><strong>Es necesario completar esta autoevaluaci\u00f3n para poder realizar actividades deportivas \/ recreativas en la zona diferencial Manzano.<\/strong><\/p>\n<p>[\/et_pb_text][et_pb_blurb title=\u00bbTest de Autoevaluaci\u00f3n\u00bb url=\u00bbhttps:\/\/forms.gle\/L3bzfgPwCwPdHPLU6&#8243; url_new_window=\u00bbon\u00bb use_icon=\u00bbon\u00bb font_icon=\u00bb&#xf044;||fa||900&#8243; icon_color=\u00bbgcid-secondary-color\u00bb _builder_version=\u00bb4.27.4&#8243; _module_preset=\u00bbdefault\u00bb header_text_align=\u00bbcenter\u00bb header_text_color=\u00bbrgba(0,0,0,0.71)\u00bb body_text_color=\u00bbgcid-840cd285-ee6f-49c1-abc9-5e893f3235b8&#8243; custom_margin=\u00bb||10%||false|false\u00bb custom_padding=\u00bb85px||||false|false\u00bb link_option_url=\u00bbhttps:\/\/forms.gle\/L3bzfgPwCwPdHPLU6&#8243; locked=\u00bboff\u00bb global_colors_info=\u00bb{%22gcid-840cd285-ee6f-49c1-abc9-5e893f3235b8%22:%91%22body_text_color%22,%22body_text_color%22,%22body_text_color%22,%22body_text_color%22,%22body_text_color%22,%22body_text_color%22%93,%22gcid-secondary-color%22:%91%22icon_color%22,%22icon_color%22,%22icon_color%22%93,%22gcid-9107e7ce-36aa-491e-a581-b7de38ef6b97%22:%91%22header_text_color%22%93}\u00bb][\/et_pb_blurb][et_pb_blurb title=\u00bbAlga Didymo descarga\u00bb url=\u00bbhttps:\/\/mza-dicaws-portal-uploads-media-prod.s3.amazonaws.com\/informacion-oficial\/uploads\/sites\/12\/2026\/01\/DIDYMO.pdf\u00bb url_new_window=\u00bbon\u00bb use_icon=\u00bbon\u00bb font_icon=\u00bb&#xf15c;||fa||900&#8243; icon_color=\u00bbgcid-secondary-color\u00bb _builder_version=\u00bb4.27.4&#8243; _module_preset=\u00bbdefault\u00bb header_text_align=\u00bbcenter\u00bb header_text_color=\u00bbrgba(0,0,0,0.71)\u00bb body_text_color=\u00bbgcid-840cd285-ee6f-49c1-abc9-5e893f3235b8&#8243; custom_margin=\u00bb||10%||false|false\u00bb custom_padding=\u00bb85px||||false|false\u00bb link_option_url=\u00bbhttps:\/\/mza-dicaws-portal-uploads-media-prod.s3.amazonaws.com\/informacion-oficial\/uploads\/sites\/12\/2026\/01\/DIDYMO.pdf\u00bb locked=\u00bboff\u00bb global_colors_info=\u00bb{%22gcid-840cd285-ee6f-49c1-abc9-5e893f3235b8%22:%91%22body_text_color%22,%22body_text_color%22,%22body_text_color%22,%22body_text_color%22,%22body_text_color%22,%22body_text_color%22%93,%22gcid-secondary-color%22:%91%22icon_color%22,%22icon_color%22,%22icon_color%22%93,%22gcid-9107e7ce-36aa-491e-a581-b7de38ef6b97%22:%91%22header_text_color%22%93}\u00bb][\/et_pb_blurb][\/et_pb_column][\/et_pb_row][\/et_pb_section][et_pb_section fb_built=\u00bb1&#8243; _builder_version=\u00bb4.27.4&#8243; background_color=\u00bbRGBA(255,255,255,0)\u00bb use_background_color_gradient=\u00bbon\u00bb background_color_gradient_direction=\u00bb169deg\u00bb background_color_gradient_stops=\u00bb#ffffff 15%|#0a0000 100%\u00bb background_image=\u00bbhttps:\/\/mza-dicaws-portal-uploads-media-prod.s3.us-east-1.amazonaws.com\/informacion-oficial\/uploads\/sites\/12\/2025\/04\/IMG_2139-scaled.jpg\u00bb background_blend=\u00bbscreen\u00bb custom_margin=\u00bb3px|||||\u00bb global_colors_info=\u00bb{}\u00bb][et_pb_row module_id=\u00bbarbolado\u00bb _builder_version=\u00bb4.27.4&#8243; background_size=\u00bbinitial\u00bb background_position=\u00bbtop_left\u00bb background_repeat=\u00bbrepeat\u00bb max_width=\u00bb2560px\u00bb min_height=\u00bb117px\u00bb custom_margin=\u00bb|auto|-3px|auto||\u00bb custom_padding=\u00bb5px|||||\u00bb global_colors_info=\u00bb{}\u00bb][et_pb_column type=\u00bb4_4&#8243; _builder_version=\u00bb4.27.4&#8243; _module_preset=\u00bbdefault\u00bb global_colors_info=\u00bb{}\u00bb][et_pb_heading title=\u00bbARBOLADO P\u00daBLICO\u00bb admin_label=\u00bbFlora Nativa\u00bb module_id=\u00bbflora-nativa\u00bb _builder_version=\u00bb4.27.4&#8243; _module_preset=\u00bbdefault\u00bb title_level=\u00bbh2&#8243; title_font=\u00bb|300|||||||\u00bb title_text_align=\u00bbleft\u00bb title_text_color=\u00bbgcid-body-color\u00bb title_font_size=\u00bb40px\u00bb min_height=\u00bb39px\u00bb custom_margin=\u00bb||-1px|||\u00bb global_colors_info=\u00bb{%22gcid-body-color%22:%91%22title_text_color%22%93}\u00bb][\/et_pb_heading][et_pb_heading title=\u00bbDepartamento de Forestaci\u00f3n\u00bb _builder_version=\u00bb4.27.2&#8243; _module_preset=\u00bbdefault\u00bb title_level=\u00bbh3&#8243; title_font=\u00bb|300|||||||\u00bb title_text_color=\u00bbgcid-9d8d6552-a4b0-4171-847a-f5c0d7177503&#8243; title_font_size=\u00bb1.5rem\u00bb min_height=\u00bb49px\u00bb custom_margin=\u00bb||-2px|||\u00bb custom_padding=\u00bb||13px|||\u00bb global_colors_info=\u00bb{%22gcid-9d8d6552-a4b0-4171-847a-f5c0d7177503%22:%91%22title_text_color%22%93}\u00bb][\/et_pb_heading][et_pb_text _builder_version=\u00bb4.27.2&#8243; _module_preset=\u00bbdefault\u00bb text_text_color=\u00bbgcid-840cd285-ee6f-49c1-abc9-5e893f3235b8&#8243; custom_padding=\u00bb||0px|||\u00bb global_colors_info=\u00bb{%22gcid-840cd285-ee6f-49c1-abc9-5e893f3235b8%22:%91%22text_text_color%22%93}\u00bb]<\/p>\n<p>El Departamento de Forestaci\u00f3n, dependiente La Direcci\u00f3n de Biodiversidad y Ecoparque, es la autoridad de aplicaci\u00f3n de la Ley Provincial N.\u00ba 7874, norma que regula la protecci\u00f3n, conservaci\u00f3n y manejo del arbolado p\u00fablico en todo el \u00e1mbito de la provincia. En este marco, la Direcci\u00f3n tiene como misi\u00f3n principal garantizar el desarrollo y la preservaci\u00f3n del arbolado p\u00fablico como patrimonio natural, social y ambiental de los mendocinos.<\/p>\n<p>La Direcci\u00f3n tambi\u00e9n act\u00faa como ente de fiscalizaci\u00f3n y control, velando por el cumplimiento de la Ley 7874 y sus reglamentaciones, e interviniendo en los casos de da\u00f1os o incumplimientos relacionados con el arbolado p\u00fablico.<\/p>\n<p>Tambi\u00e9n el Departamento de Forestaci\u00f3n se encarga de la tramitaci\u00f3n de cortas de arbolado privado, tanto de plantaciones forestales como arboles dentro de terrenos no p\u00fablicos. Dentro de los \u00faltimos trabajos educacionales y de concientizaci\u00f3n ambiental, se elabor\u00f3 interinstitucionalmente un comunicado sobre una nueva proliferaci\u00f3n urbana provocada por la chinche del Acer (Boisea trivitatta.)<\/p>\n<p>En s\u00edntesis, el Departamento de Forestaci\u00f3n tiene un rol t\u00e9cnico, regulador y articulador fundamental en la protecci\u00f3n del arbolado p\u00fablico, en cumplimiento de una pol\u00edtica ambiental orientada a consolidar ciudades m\u00e1s verdes, saludables y resilientes.<\/p>\n<p>[\/et_pb_text][et_pb_slider _builder_version=\u00bb4.27.2&#8243; _module_preset=\u00bbdefault\u00bb header_font_size=\u00bb1.5rem\u00bb body_text_align=\u00bbleft\u00bb background_color=\u00bbrgba(10,10,10,0.5)\u00bb max_width=\u00bb800px\u00bb module_alignment=\u00bbcenter\u00bb custom_margin=\u00bb||||false|false\u00bb custom_padding=\u00bb20px||||false|false\u00bb border_radii=\u00bbon|8px|8px|8px|8px\u00bb global_colors_info=\u00bb{}\u00bb][et_pb_slide heading=\u00bbFunciones\u00bb button_text=\u00bbLegislaci\u00f3n\u00bb _builder_version=\u00bb4.27.2&#8243; _module_preset=\u00bbdefault\u00bb global_colors_info=\u00bb{}\u00bb sticky_transition=\u00bbon\u00bb]<\/p>\n<p>El Departamento de Forestaci\u00f3n cumple una serie de funciones establecidas por la ley, entre las que se destacan:<\/p>\n<ul>\n<li>Establecer lineamientos t\u00e9cnicos y normativos para la plantaci\u00f3n, poda, extracci\u00f3n, traslado, reposici\u00f3n y cuidado del arbolado p\u00fablico, asegurando criterios de sustentabilidad y adecuaci\u00f3n ecol\u00f3gica.<\/li>\n<li>Autorizar y supervisar intervenciones sobre ejemplares del arbolado p\u00fablico alineadas con evaluaciones t\u00e9cnicas y ambientales previas.<\/li>\n<li>Dise\u00f1ar y coordinar planes de forestaci\u00f3n y reforestaci\u00f3n en conjunto con los municipios y otros organismos provinciales, promoviendo la diversificaci\u00f3n de especies, la cobertura vegetal urbana y la mejora del entorno paisaj\u00edstico.<\/li>\n<\/ul>\n<p>[\/et_pb_slide][et_pb_slide heading=\u00bbFunciones\u00bb button_text=\u00bbLegislaci\u00f3n\u00bb _builder_version=\u00bb4.27.2&#8243; _module_preset=\u00bbdefault\u00bb global_colors_info=\u00bb{}\u00bb sticky_transition=\u00bbon\u00bb]<\/p>\n<ul>\n<li>Brindar asistencia t\u00e9cnica a los municipios, capacitaciones y recomendaciones en la aplicaci\u00f3n de buenas pr\u00e1cticas de gesti\u00f3n del arbolado, promoviendo una articulaci\u00f3n efectiva entre jurisdicciones.<\/li>\n<li>Fomentar la educaci\u00f3n ambiental y la participaci\u00f3n ciudadana a trav\u00e9s de campa\u00f1as de concientizaci\u00f3n, formaci\u00f3n de operarios y difusi\u00f3n de la normativa vigente.<\/li>\n<li>Participar en el Consejo Provincial de Defensa del Arbolado P\u00fablico como Secretar\u00eda General, organizando las reuniones y coordinando la gesti\u00f3n de la misma.<\/li>\n<\/ul>\n<p>[\/et_pb_slide][\/et_pb_slider][\/et_pb_column][\/et_pb_row][et_pb_row _builder_version=\u00bb4.27.4&#8243; _module_preset=\u00bbdefault\u00bb max_width=\u00bb2560px\u00bb global_colors_info=\u00bb{}\u00bb][et_pb_column type=\u00bb4_4&#8243; _builder_version=\u00bb4.27.4&#8243; _module_preset=\u00bbdefault\u00bb global_colors_info=\u00bb{}\u00bb][et_pb_gallery gallery_ids=\u00bb1648,1649,1656,1650,1652,1657,1653,1654&#8243; posts_number=\u00bb8&#8243; _builder_version=\u00bb4.27.2&#8243; _module_preset=\u00bbdefault\u00bb title_font=\u00bb|300|||||||\u00bb title_text_color=\u00bbRGBA(255,255,255,0)\u00bb title_font_size=\u00bb1px\u00bb caption_font_size=\u00bb1px\u00bb caption_line_height=\u00bb1px\u00bb pagination_font=\u00bb|700|||||||\u00bb pagination_text_align=\u00bbcenter\u00bb pagination_text_color=\u00bbgcid-b2777ccc-45bf-4762-b379-294426a7f0ff\u00bb pagination_font_size=\u00bb1rem\u00bb background_layout=\u00bbdark\u00bb max_height=\u00bb500px\u00bb border_radii=\u00bbon|8px|8px|8px|8px\u00bb global_colors_info=\u00bb{%22gcid-b2777ccc-45bf-4762-b379-294426a7f0ff%22:%91%22pagination_text_color%22%93}\u00bb][\/et_pb_gallery][\/et_pb_column][\/et_pb_row][\/et_pb_section][et_pb_section fb_built=\u00bb1&#8243; _builder_version=\u00bb4.27.4&#8243; background_color=\u00bbRGBA(255,255,255,0)\u00bb use_background_color_gradient=\u00bbon\u00bb background_color_gradient_direction=\u00bb169deg\u00bb background_color_gradient_stops=\u00bb#ffffff 15%|#0a0000 100%\u00bb background_image=\u00bbhttps:\/\/mza-dicaws-portal-uploads-media-prod.s3.amazonaws.com\/informacion-oficial\/uploads\/sites\/12\/2025\/04\/BcoGermo12-700&#215;933-1.jpeg\u00bb background_blend=\u00bbscreen\u00bb min_height=\u00bb2354.2px\u00bb custom_margin=\u00bb3px|||||\u00bb global_colors_info=\u00bb{}\u00bb][et_pb_row module_id=\u00bbgermoplasma\u00bb _builder_version=\u00bb4.27.4&#8243; background_size=\u00bbinitial\u00bb background_position=\u00bbtop_left\u00bb background_repeat=\u00bbrepeat\u00bb max_width=\u00bb2560px\u00bb min_height=\u00bb117px\u00bb custom_margin=\u00bb|auto|-3px|auto||\u00bb custom_padding=\u00bb5px|||||\u00bb global_colors_info=\u00bb{}\u00bb][et_pb_column type=\u00bb4_4&#8243; _builder_version=\u00bb4.27.4&#8243; _module_preset=\u00bbdefault\u00bb global_colors_info=\u00bb{}\u00bb][et_pb_heading title=\u00bbBANCO DE GERMOPLASMA DE ESPECIES NATIVAS DE MENDOZA (BGEN)\u00bb admin_label=\u00bbFlora Nativa\u00bb module_id=\u00bbgermoplasma\u00bb _builder_version=\u00bb4.27.4&#8243; _module_preset=\u00bbdefault\u00bb title_level=\u00bbh2&#8243; title_font=\u00bb|300|||||||\u00bb title_text_align=\u00bbleft\u00bb title_text_color=\u00bbgcid-body-color\u00bb title_font_size=\u00bb40px\u00bb min_height=\u00bb39px\u00bb custom_margin=\u00bb||-1px|||\u00bb global_colors_info=\u00bb{%22gcid-body-color%22:%91%22title_text_color%22%93}\u00bb][\/et_pb_heading][et_pb_text _builder_version=\u00bb4.27.4&#8243; _module_preset=\u00bbdefault\u00bb text_text_color=\u00bbgcid-840cd285-ee6f-49c1-abc9-5e893f3235b8&#8243; custom_padding=\u00bb||0px|||\u00bb global_colors_info=\u00bb{%22gcid-840cd285-ee6f-49c1-abc9-5e893f3235b8%22:%91%22text_text_color%22%93}\u00bb]<\/p>\n<p>Surge ante la necesidad de contar con semillas de alta calidad para la producci\u00f3n de plantines destinados a la revegetaci\u00f3n de zonas degradadas, la forestaci\u00f3n de diversas \u00e1reas productivas y la renovaci\u00f3n del arbolado p\u00fablico urbano. Todo esto, sumado al inter\u00e9s de la Provincia por conservar la biodiversidad de las especies nativas presentes en las diversas ecorregiones que la conforman: <em>pune\u00f1a, andina, patag\u00f3nica y del monte<\/em>.<\/p>\n<p>Este Banco planifica las acciones de la conservaci\u00f3n de especies le\u00f1osas -principalmente de porte arb\u00f3reo y arbustivo- con semillas ortodoxas que son factibles de ser almacenadas a baja humedad y temperatura, por lapsos prolongados. Actualmente la conservaci\u00f3n <em>in situ<\/em> -en el propio ambiente- no permite, por s\u00ed sola, asegurar la continuidad de todas las especies. Por eso, un Banco de este tipo, es una importante medida complementaria para la conservaci\u00f3n de la biodiversidad fuera de su h\u00e1bitat natural. Permite preservar una enorme variabilidad gen\u00e9tica vegetal en un espacio reducido, a largo plazo.<\/p>\n<p>[\/et_pb_text][et_pb_slider _builder_version=\u00bb4.27.4&#8243; _module_preset=\u00bbdefault\u00bb header_font_size=\u00bb1.5rem\u00bb body_text_align=\u00bbleft\u00bb background_color=\u00bbrgba(10,10,10,0.5)\u00bb max_width=\u00bb800px\u00bb module_alignment=\u00bbcenter\u00bb min_height=\u00bb350.2px\u00bb custom_margin=\u00bb||||false|false\u00bb custom_padding=\u00bb20px||||false|false\u00bb border_radii=\u00bbon|8px|8px|8px|8px\u00bb global_colors_info=\u00bb{}\u00bb][et_pb_slide heading=\u00bbObjetivos\u00bb _builder_version=\u00bb4.27.4&#8243; _module_preset=\u00bbdefault\u00bb global_colors_info=\u00bb{}\u00bb sticky_transition=\u00bbon\u00bb]<\/p>\n<p>Tiene por objetivo general <strong>conservar la biodiversidad de especies nativas de la Provincia<\/strong> y como objetivos espec\u00edficos:<\/p>\n<ol>\n<li><em> <\/em><em>Disponer de semillas de alta calidad para la producci\u00f3n de plantines destinados a la revegetaci\u00f3n de zonas degradadas.<\/em><\/li>\n<li><em> <\/em><em>Contar con semillas de alta calidad que permitan obtener una gran cantidad de forestales para la renovaci\u00f3n integral, con especies nativas, del bosque p\u00fablico provincial y la forestaci\u00f3n de diversas \u00e1reas de inter\u00e9s productivo.<\/em><\/li>\n<li><em> <\/em><em>Promover el intercambio de semillas entre productores, bancos de germoplasma e instituciones educativas y de investigaci\u00f3n.<\/em><\/li>\n<\/ol>\n<p>[\/et_pb_slide][et_pb_slide heading=\u00bbFunciones\u00bb _builder_version=\u00bb4.27.4&#8243; _module_preset=\u00bbdefault\u00bb global_colors_info=\u00bb{}\u00bb sticky_transition=\u00bbon\u00bb]<\/p>\n<p>1- Seleccionar, cosechar y conservar el germoplasma de especies nativas de inter\u00e9s socioecon\u00f3mico y ambiental de la provincia de Mendoza.<br \/>2- Establecer protocolos de conservaci\u00f3n adecuados para cada especie.<br \/>3- Proveer semillas identificadas de alta calidad fisiol\u00f3gica y gen\u00e9tica para la producci\u00f3n de plantaciones y programas de restauraci\u00f3n, investigaci\u00f3n y educaci\u00f3n.<br \/>4- Establecer \u00e1reas de plantas nativas productoras de semillas.<br \/>5- Establecer v\u00ednculos con grupos de investigaci\u00f3n e instituciones relacionadas a la conservaci\u00f3n, propagaci\u00f3n y mejoramiento de especies nativas.<br \/>6- Articular con distintas \u00e1reas del Ministerio de Energ\u00eda y Ambiente y otros organismos.<\/p>\n<p>[\/et_pb_slide][\/et_pb_slider][\/et_pb_column][\/et_pb_row][et_pb_row column_structure=\u00bb1_4,3_4&#8243; module_id=\u00bbcorral\u00bb _builder_version=\u00bb4.27.4&#8243; background_size=\u00bbinitial\u00bb background_position=\u00bbtop_left\u00bb background_repeat=\u00bbrepeat\u00bb max_width=\u00bb2560px\u00bb min_height=\u00bb404.7px\u00bb custom_margin=\u00bb|auto|-3px|auto||\u00bb custom_padding=\u00bb5px|0px|4px|||\u00bb global_colors_info=\u00bb{}\u00bb][et_pb_column type=\u00bb1_4&#8243; _builder_version=\u00bb4.27.4&#8243; _module_preset=\u00bbdefault\u00bb global_colors_info=\u00bb{}\u00bb][et_pb_image src=\u00bbhttps:\/\/mza-dicaws-portal-uploads-media-prod.s3.amazonaws.com\/informacion-oficial\/uploads\/sites\/12\/2025\/04\/BcoGermo-700&#215;933-1.jpeg\u00bb title_text=\u00bbBcoGermo-700&#215;933&#8243; _builder_version=\u00bb4.27.4&#8243; _module_preset=\u00bbdefault\u00bb width=\u00bb100%\u00bb max_width=\u00bb350px\u00bb custom_margin=\u00bb-57px|-15px||4px|false|false\u00bb custom_padding=\u00bb55px|0px|||false|false\u00bb border_radii=\u00bbon|14px|14px|14px|14px\u00bb global_colors_info=\u00bb{}\u00bb][\/et_pb_image][\/et_pb_column][et_pb_column type=\u00bb3_4&#8243; _builder_version=\u00bb4.27.4&#8243; _module_preset=\u00bbdefault\u00bb global_colors_info=\u00bb{}\u00bb][et_pb_text _builder_version=\u00bb4.27.4&#8243; _module_preset=\u00bbdefault\u00bb text_text_color=\u00bbgcid-d91e32a4-ea1b-4f3a-9581-0fb489560a1a\u00bb text_font_size=\u00bb16px\u00bb header_3_text_color=\u00bb#FFFFFF\u00bb background_color=\u00bbrgba(0,0,0,0.32)\u00bb text_orientation=\u00bbjustified\u00bb width=\u00bb100%\u00bb max_width=\u00bb800px\u00bb module_alignment=\u00bbright\u00bb min_height=\u00bb215.7px\u00bb custom_margin=\u00bb|-23px|46px||false|false\u00bb custom_padding=\u00bb22px|28px|28px|29px|false|false\u00bb border_radii=\u00bbon|10px|10px|10px|10px\u00bb global_colors_info=\u00bb{%22gcid-d91e32a4-ea1b-4f3a-9581-0fb489560a1a%22:%91%22text_text_color%22,%22text_text_color%22%93}\u00bb]<\/p>\n<h3 style=\"text-align: left\">Producci\u00f3n de plantas nativas<\/h3>\n<p>Considerando las metas nacionales de reforestaci\u00f3n establecidas en la Ley Nacional 26331 -en el Programa Nacional de Restauraci\u00f3n del Bosque Nativo- y como establece en su Manual de Manejo, el BGEN tambi\u00e9n trabaja en producci\u00f3n de plantas nativas.<\/p>\n<p>Comenz\u00f3 una primera etapa de producci\u00f3n de plantas nativas le\u00f1osas, con germoplasma (semillas) recolectadas en la red de \u00e1reas naturales protegidas de Mendoza. Hoy, dispone de semillas de alta calidad que le permite planificar la producci\u00f3n para reforestaci\u00f3n de \u00e1reas degradadas de Mendoza,\u00a0 por impactos antr\u00f3picos o naturales.<\/p>\n<p>Gestiones interinstitucionales establecidas entre la Subsecretar\u00eda de Ambiente y la Tecnicatura de la Conservaci\u00f3n de la Naturaleza (TECONA-IEF) -por ejemplo- han permitido acondicionar el predio del Vivero Forestal Alejandro Notti, asegurando que las instalaciones est\u00e9n operativas para la producci\u00f3n de 8.000 plantines de nativas le\u00f1osas, aproximadamente.<\/p>\n<p>[\/et_pb_text][\/et_pb_column][\/et_pb_row][et_pb_row column_structure=\u00bb1_4,3_4&#8243; module_id=\u00bbcorral\u00bb _builder_version=\u00bb4.27.4&#8243; background_size=\u00bbinitial\u00bb background_position=\u00bbtop_left\u00bb background_repeat=\u00bbrepeat\u00bb max_width=\u00bb2560px\u00bb min_height=\u00bb404.7px\u00bb custom_margin=\u00bb|auto|-3px|auto||\u00bb custom_padding=\u00bb5px|0px|4px|||\u00bb global_colors_info=\u00bb{}\u00bb][et_pb_column type=\u00bb1_4&#8243; _builder_version=\u00bb4.27.4&#8243; _module_preset=\u00bbdefault\u00bb global_colors_info=\u00bb{}\u00bb][et_pb_image src=\u00bbhttps:\/\/mza-dicaws-portal-uploads-media-prod.s3.amazonaws.com\/informacion-oficial\/uploads\/sites\/12\/2025\/04\/BcoGermo11-700&#215;933-1.jpeg\u00bb title_text=\u00bbBcoGermo11-700&#215;933&#8243; _builder_version=\u00bb4.27.4&#8243; _module_preset=\u00bbdefault\u00bb width=\u00bb100%\u00bb max_width=\u00bb350px\u00bb custom_margin=\u00bb5px|-15px||1px|false|false\u00bb custom_padding=\u00bb0px|0px|||false|false\u00bb border_radii=\u00bbon|14px|14px|14px|14px\u00bb global_colors_info=\u00bb{}\u00bb][\/et_pb_image][\/et_pb_column][et_pb_column type=\u00bb3_4&#8243; _builder_version=\u00bb4.27.4&#8243; _module_preset=\u00bbdefault\u00bb global_colors_info=\u00bb{}\u00bb][et_pb_text _builder_version=\u00bb4.27.4&#8243; _module_preset=\u00bbdefault\u00bb text_text_color=\u00bbgcid-d91e32a4-ea1b-4f3a-9581-0fb489560a1a\u00bb text_font_size=\u00bb16px\u00bb header_3_text_color=\u00bb#FFFFFF\u00bb background_color=\u00bbrgba(0,0,0,0.32)\u00bb text_orientation=\u00bbjustified\u00bb width=\u00bb100%\u00bb max_width=\u00bb800px\u00bb module_alignment=\u00bbright\u00bb min_height=\u00bb215.7px\u00bb custom_margin=\u00bb47px|-23px|46px|-524px|false|false\u00bb custom_padding=\u00bb22px|28px|28px|29px|false|false\u00bb border_radii=\u00bbon|10px|10px|10px|10px\u00bb global_colors_info=\u00bb{%22gcid-d91e32a4-ea1b-4f3a-9581-0fb489560a1a%22:%91%22text_text_color%22%93}\u00bb]<\/p>\n<h3>Programas de Extensi\u00f3n y Capacitaci\u00f3n<\/h3>\n<p>Tambi\u00e9n el Banco de Germoplasma trabaja en programas de extensi\u00f3n y capacitaci\u00f3n, con pr\u00e1cticas para estudiantes del nivel terciario de la Tecnicatura de la Conservaci\u00f3n de la Naturaleza. Asimismo ha venido funcionando como una instituci\u00f3n abierta a las escuelas mendocinas, con asistencia peri\u00f3dica de alumnos para adquirir experiencias,\u00a0 aprendizajes y concretar proyectos de distintas materias afines.<\/p>\n<p>[\/et_pb_text][\/et_pb_column][\/et_pb_row][et_pb_row _builder_version=\u00bb4.27.4&#8243; _module_preset=\u00bbdefault\u00bb max_width=\u00bb2560px\u00bb global_colors_info=\u00bb{}\u00bb][et_pb_column type=\u00bb4_4&#8243; _builder_version=\u00bb4.27.4&#8243; _module_preset=\u00bbdefault\u00bb global_colors_info=\u00bb{}\u00bb][et_pb_gallery gallery_ids=\u00bb266,265,264,263,262,260,259,258,257,256,254,253,251,252,250,249,248,247,246&#8243; posts_number=\u00bb8&#8243; _builder_version=\u00bb4.27.4&#8243; _module_preset=\u00bbdefault\u00bb title_font=\u00bb|300|||||||\u00bb title_text_color=\u00bbRGBA(255,255,255,0)\u00bb title_font_size=\u00bb1px\u00bb caption_font_size=\u00bb1px\u00bb caption_line_height=\u00bb1px\u00bb pagination_font=\u00bb|700|||||||\u00bb pagination_text_align=\u00bbcenter\u00bb pagination_text_color=\u00bbgcid-b2777ccc-45bf-4762-b379-294426a7f0ff\u00bb pagination_font_size=\u00bb1rem\u00bb background_layout=\u00bbdark\u00bb max_height=\u00bb500px\u00bb border_radii=\u00bbon|8px|8px|8px|8px\u00bb global_colors_info=\u00bb{%22gcid-b2777ccc-45bf-4762-b379-294426a7f0ff%22:%91%22pagination_text_color%22%93}\u00bb][\/et_pb_gallery][\/et_pb_column][\/et_pb_row][\/et_pb_section][et_pb_section fb_built=\u00bb1&#8243; fullwidth=\u00bbon\u00bb _builder_version=\u00bb4.27.4&#8243; _module_preset=\u00bbdefault\u00bb global_colors_info=\u00bb{}\u00bb][\/et_pb_section][et_pb_section fb_built=\u00bb1&#8243; module_id=\u00bbcontacto\u00bb _builder_version=\u00bb4.27.4&#8243; _module_preset=\u00bbdefault\u00bb global_colors_info=\u00bb{}\u00bb][et_pb_row _builder_version=\u00bb4.27.4&#8243; background_size=\u00bbinitial\u00bb background_position=\u00bbtop_left\u00bb background_repeat=\u00bbrepeat\u00bb min_height=\u00bb897.8px\u00bb custom_margin=\u00bb|auto|-163px|auto||\u00bb custom_padding=\u00bb39px|||||\u00bb global_colors_info=\u00bb{}\u00bb][et_pb_column type=\u00bb4_4&#8243; _builder_version=\u00bb4.16&#8243; custom_padding=\u00bb|||\u00bb global_colors_info=\u00bb{}\u00bb custom_padding__hover=\u00bb|||\u00bb][et_pb_text _builder_version=\u00bb4.27.4&#8243; text_text_color=\u00bb#000000&#8243; header_text_color=\u00bb#000000&#8243; background_size=\u00bbinitial\u00bb background_position=\u00bbtop_left\u00bb background_repeat=\u00bbrepeat\u00bb min_height=\u00bb603.8px\u00bb custom_margin=\u00bb||-1px|||\u00bb custom_padding=\u00bb||0px|||\u00bb hover_enabled=\u00bb0&#8243; global_colors_info=\u00bb{}\u00bb sticky_enabled=\u00bb0&#8243;]<!-- divi:paragraph --><!-- divi:paragraph --><\/p>\n<h3>L\u00edneas telef\u00f3nicas<\/h3>\n<p><strong>Administraci\u00f3n<\/strong><span style=\"color: #0a0a0a;font-family: 'Roboto Variable', 'Segoe UI', 'Helvetica Neue', Helvetica, 'Lucida Grande', Arial, Ubuntu, Cantarell, 'Fira Sans', sans-serif;font-size: 16px;font-style: normal;font-weight: 400;letter-spacing: normal;text-align: start;text-indent: 0px;text-transform: none;white-space: nowrap;background-color: #ffffff;display: inline !important;float: none\"><br \/><\/span><span style=\"color: #0a0a0a;font-family: 'Roboto Variable', 'Segoe UI', 'Helvetica Neue', Helvetica, 'Lucida Grande', Arial, Ubuntu, Cantarell, 'Fira Sans', sans-serif;font-size: 16px;font-style: normal;font-weight: 400;letter-spacing: normal;text-align: start;text-indent: 0px;text-transform: none;white-space: nowrap;background-color: #ffffff;display: inline !important;float: none\">(261) 423-0295<br \/><\/span><span style=\"color: #0a0a0a;font-family: 'Roboto Variable', 'Segoe UI', 'Helvetica Neue', Helvetica, 'Lucida Grande', Arial, Ubuntu, Cantarell, 'Fira Sans', sans-serif;font-size: 16px;font-style: normal;font-weight: 400;letter-spacing: normal;text-align: start;text-indent: 0px;text-transform: none;white-space: nowrap;background-color: #ffffff;display: inline !important;float: none\">(261) 518-2481<\/span><\/p>\n<p>\u200eecoparque@mendoza.gov.ar<\/p>\n<p><strong>Directos<\/strong><\/p>\n<p>Compras (<span style=\"color: #0a0a0a;font-family: 'Roboto Variable', 'Segoe UI', 'Helvetica Neue', Helvetica, 'Lucida Grande', Arial, Ubuntu, Cantarell, 'Fira Sans', sans-serif;font-size: 16px;font-style: normal;font-weight: 400;letter-spacing: normal;text-align: start;text-indent: 0px;text-transform: none;white-space: nowrap;background-color: #ffffff;display: inline !important;float: none\">261) 5185905<\/span><br \/>Programa de Adopci\u00f3n Responsable de animales de corral (261) 6972348<\/p>\n<p>Fauna (261) 750-3417 \/ 7023239\/ 261 7024006)<br \/>de lunes a viernes de 8:00 a 13:00 hs<\/p>\n<p>Vivero\u00a0Notti<br \/>Forestaci\u00f3n\u00a0(261) 4270304<\/p>\n<p>Flora\u00a0Nativa\u00a0(funciona\u00a0en\u00a0la\u00a0sede\u00a0de\u00a0Parques\u00a0y\u00a0Paseos)<br \/>(261) 4290294 \u2013 4294884 (pedir hablar con Flora Nativa \/ Bosque Nativo)<\/p>\n<p>&nbsp;<\/p>\n<p><!-- \/divi:paragraph -->[\/et_pb_text][\/et_pb_column][\/et_pb_row][\/et_pb_section]<\/p>\n","protected":false},"excerpt":{"rendered":"<p>Entender en la administraci\u00f3n, preservaci\u00f3n y la conservaci\u00f3n de los recursos naturales renovables, como as\u00ed tambi\u00e9n en el ejercicio del Poder de Polic\u00eda en el \u00e1mbito de la Provincia de Mendoza. \u00a0Administrar, preservar y conservar las \u00e1reas naturales de la Provincia y cumplir con los objetivos de la Ley de Protecci\u00f3n de la Flora y [&hellip;]<\/p>\n","protected":false},"author":13,"featured_media":0,"parent":0,"menu_order":0,"comment_status":"closed","ping_status":"closed","template":"","meta":{"_et_pb_use_builder":"on","_et_pb_old_content":"","_et_gb_content_width":"","footnotes":""},"class_list":["post-494","page","type-page","status-publish","hentry"],"_links":{"self":[{"href":"https:\/\/informacionoficial.mendoza.gob.ar\/energiayambiente\/wp-json\/wp\/v2\/pages\/494","targetHints":{"allow":["GET"]}}],"collection":[{"href":"https:\/\/informacionoficial.mendoza.gob.ar\/energiayambiente\/wp-json\/wp\/v2\/pages"}],"about":[{"href":"https:\/\/informacionoficial.mendoza.gob.ar\/energiayambiente\/wp-json\/wp\/v2\/types\/page"}],"author":[{"embeddable":true,"href":"https:\/\/informacionoficial.mendoza.gob.ar\/energiayambiente\/wp-json\/wp\/v2\/users\/13"}],"replies":[{"embeddable":true,"href":"https:\/\/informacionoficial.mendoza.gob.ar\/energiayambiente\/wp-json\/wp\/v2\/comments?post=494"}],"version-history":[{"count":231,"href":"https:\/\/informacionoficial.mendoza.gob.ar\/energiayambiente\/wp-json\/wp\/v2\/pages\/494\/revisions"}],"predecessor-version":[{"id":7133,"href":"https:\/\/informacionoficial.mendoza.gob.ar\/energiayambiente\/wp-json\/wp\/v2\/pages\/494\/revisions\/7133"}],"wp:attachment":[{"href":"https:\/\/informacionoficial.mendoza.gob.ar\/energiayambiente\/wp-json\/wp\/v2\/media?parent=494"}],"curies":[{"name":"wp","href":"https:\/\/api.w.org\/{rel}","templated":true}]}}