{"id":5129,"date":"2025-10-16T11:48:46","date_gmt":"2025-10-16T14:48:46","guid":{"rendered":"https:\/\/informacionoficial.mendoza.gob.ar\/energiayambiente\/?page_id=5129"},"modified":"2026-01-15T13:03:16","modified_gmt":"2026-01-15T16:03:16","slug":"5129-2","status":"publish","type":"page","link":"https:\/\/informacionoficial.mendoza.gob.ar\/energiayambiente\/5129-2\/","title":{"rendered":"Divisadero Largo"},"content":{"rendered":"<p>[et_pb_section fb_built=\u00bb1&#8243; _builder_version=\u00bb4.27.4&#8243; _module_preset=\u00bbdefault\u00bb background_enable_color=\u00bboff\u00bb use_background_color_gradient=\u00bbon\u00bb background_color_gradient_stops=\u00bbrgba(0,0,0,0.65) 0%|#ffffff 100%\u00bb background_image=\u00bbhttps:\/\/mza-dicaws-portal-uploads-media-prod.s3.amazonaws.com\/informacion-oficial\/uploads\/sites\/12\/2025\/10\/DSC0148-en-retoque-scaled.jpg\u00bb background_blend=\u00bboverlay\u00bb background_enable_video_mp4=\u00bboff\u00bb background_video_width=\u00bb100%\u00bb background_video_height=\u00bb100%\u00bb module_alignment=\u00bbcenter\u00bb min_height=\u00bb35em\u00bb min_height_tablet=\u00bb40em\u00bb min_height_phone=\u00bb25em\u00bb min_height_last_edited=\u00bbon|phone\u00bb custom_margin=\u00bb3px||-2px||false|false\u00bb custom_padding=\u00bb35px||75px||false|false\u00bb locked=\u00bboff\u00bb global_colors_info=\u00bb{}\u00bb][et_pb_row _builder_version=\u00bb4.27.4&#8243; _module_preset=\u00bbdefault\u00bb background_size=\u00bbinitial\u00bb background_position=\u00bbtop_left\u00bb background_repeat=\u00bbrepeat\u00bb max_width=\u00bb2560px\u00bb min_height=\u00bb70px\u00bb custom_margin=\u00bb|auto|0px|auto|false|false\u00bb custom_padding=\u00bb4px||0px|||\u00bb global_colors_info=\u00bb{}\u00bb][et_pb_column type=\u00bb4_4&#8243; _builder_version=\u00bb4.27.4&#8243; _module_preset=\u00bbdefault\u00bb global_colors_info=\u00bb{}\u00bb][et_pb_heading title=\u00bbDivisadero Largo\u00bb _builder_version=\u00bb4.27.4&#8243; _module_preset=\u00bbdefault\u00bb title_font=\u00bb|300|||||||\u00bb title_text_align=\u00bbcenter\u00bb title_text_color=\u00bb#FFFFFF\u00bb title_font_size=\u00bb3.5rem\u00bb min_height=\u00bb54px\u00bb custom_margin=\u00bb||-4px|||\u00bb custom_padding=\u00bb||3px|||\u00bb title_text_shadow_style=\u00bbpreset1&#8243; locked=\u00bboff\u00bb global_colors_info=\u00bb{}\u00bb][\/et_pb_heading][\/et_pb_column][\/et_pb_row][et_pb_row _builder_version=\u00bb4.27.4&#8243; _module_preset=\u00bbdefault\u00bb background_size=\u00bbinitial\u00bb background_position=\u00bbtop_left\u00bb background_repeat=\u00bbrepeat\u00bb max_width=\u00bb2560px\u00bb min_height=\u00bb64px\u00bb custom_margin=\u00bb|auto|0px|auto|false|false\u00bb custom_padding=\u00bb4px||0px|||\u00bb link_option_url=\u00bbhttps:\/\/entradasanp.mendoza.gov.ar\/turneroanppub\/servlet\/com.turneroanp.solturno001&#8243; global_colors_info=\u00bb{}\u00bb][et_pb_column type=\u00bb4_4&#8243; _builder_version=\u00bb4.27.4&#8243; _module_preset=\u00bbdefault\u00bb global_colors_info=\u00bb{}\u00bb][et_pb_blurb title=\u00bbTikets\/Entradas\u00bb url=\u00bbhttps:\/\/entradasanp.mendoza.gov.ar\/turneroanppub\/servlet\/com.turneroanp.solturno001&#8243; use_icon=\u00bbon\u00bb font_icon=\u00bb&#xf06a;||fa||900&#8243; icon_color=\u00bb#000f9f\u00bb icon_placement=\u00bbleft\u00bb image_icon_width=\u00bb40px\u00bb content_max_width=\u00bb150px\u00bb _builder_version=\u00bb4.27.4&#8243; _module_preset=\u00bbdefault\u00bb header_level=\u00bbh2&#8243; header_font=\u00bb|800|||||||\u00bb header_text_align=\u00bbcenter\u00bb header_text_color=\u00bb#000f9f\u00bb header_font_size=\u00bb18px\u00bb header_line_height=\u00bb2em\u00bb body_text_color=\u00bbgcid-840cd285-ee6f-49c1-abc9-5e893f3235b8&#8243; background_color=\u00bb#ffffff\u00bb width=\u00bb225px\u00bb max_width=\u00bb225px\u00bb module_alignment=\u00bbright\u00bb min_height=\u00bb50px\u00bb height=\u00bb50px\u00bb max_height=\u00bb50px\u00bb custom_margin=\u00bb||||false|false\u00bb custom_padding=\u00bb5px|5px|5px|5px|false|false\u00bb border_radii=\u00bbon|8px|8px|8px|8px\u00bb box_shadow_style=\u00bbpreset2&#8243; box_shadow_blur=\u00bb5px\u00bb global_module=\u00bb6470&#8243; saved_tabs=\u00bball\u00bb locked=\u00bboff\u00bb global_colors_info=\u00bb{%22gcid-840cd285-ee6f-49c1-abc9-5e893f3235b8%22:%91%22body_text_color%22%93}\u00bb][\/et_pb_blurb][\/et_pb_column][\/et_pb_row][et_pb_row column_structure=\u00bb1_4,1_4,1_4,1_4&#8243; _builder_version=\u00bb4.27.4&#8243; _module_preset=\u00bbdefault\u00bb background_color=\u00bbrgba(255,255,255,0.25)\u00bb max_width=\u00bb2560px\u00bb custom_margin=\u00bb16px|auto|||false|false\u00bb custom_padding=\u00bb||2px|||\u00bb border_radii=\u00bbon|8px|8px|8px|8px\u00bb locked=\u00bboff\u00bb global_colors_info=\u00bb{}\u00bb][et_pb_column type=\u00bb1_4&#8243; _builder_version=\u00bb4.27.4&#8243; _module_preset=\u00bbdefault\u00bb global_colors_info=\u00bb{}\u00bb][et_pb_blurb title=\u00bbCaracter\u00edsticas Generales\u00bb url=\u00bb#unidad\u00bb use_icon=\u00bbon\u00bb font_icon=\u00bb&#xf059;||fa||900&#8243; icon_color=\u00bb#000F9F\u00bb _builder_version=\u00bb4.27.2&#8243; _module_preset=\u00bbdefault\u00bb header_text_align=\u00bbcenter\u00bb header_text_color=\u00bb#00079E\u00bb body_text_color=\u00bbgcid-840cd285-ee6f-49c1-abc9-5e893f3235b8&#8243; custom_margin=\u00bb||10%||false|false\u00bb link_option_url=\u00bbhttps:\/\/www.mendoza.gov.ar\/cultura\/\u00bb locked=\u00bboff\u00bb global_colors_info=\u00bb{%22gcid-840cd285-ee6f-49c1-abc9-5e893f3235b8%22:%91%22body_text_color%22%93}\u00bb][\/et_pb_blurb][\/et_pb_column][et_pb_column type=\u00bb1_4&#8243; _builder_version=\u00bb4.27.4&#8243; _module_preset=\u00bbdefault\u00bb global_colors_info=\u00bb{}\u00bb][et_pb_blurb title=\u00bbDescripci\u00f3n del Lugar\u00bb url=\u00bb#lugar\u00bb use_icon=\u00bbon\u00bb font_icon=\u00bb&#xf302;||fa||900&#8243; icon_color=\u00bb#000F9F\u00bb _builder_version=\u00bb4.27.4&#8243; _module_preset=\u00bbdefault\u00bb header_text_align=\u00bbcenter\u00bb header_text_color=\u00bb#00079E\u00bb body_text_color=\u00bbgcid-840cd285-ee6f-49c1-abc9-5e893f3235b8&#8243; custom_margin=\u00bb||10%||false|false\u00bb locked=\u00bboff\u00bb global_colors_info=\u00bb{%22gcid-840cd285-ee6f-49c1-abc9-5e893f3235b8%22:%91%22body_text_color%22%93}\u00bb][\/et_pb_blurb][\/et_pb_column][et_pb_column type=\u00bb1_4&#8243; _builder_version=\u00bb4.27.4&#8243; _module_preset=\u00bbdefault\u00bb global_colors_info=\u00bb{}\u00bb][et_pb_blurb title=\u00bbActividades\u00bb url=\u00bb#valores\u00bb use_icon=\u00bbon\u00bb font_icon=\u00bb&#xf6ec;||fa||900&#8243; icon_color=\u00bb#000F9F\u00bb _builder_version=\u00bb4.27.4&#8243; _module_preset=\u00bbdefault\u00bb header_text_align=\u00bbcenter\u00bb header_text_color=\u00bb#00079E\u00bb body_text_color=\u00bbgcid-840cd285-ee6f-49c1-abc9-5e893f3235b8&#8243; min_height=\u00bb170px\u00bb custom_margin=\u00bb||10%||false|false\u00bb locked=\u00bboff\u00bb global_colors_info=\u00bb{%22gcid-840cd285-ee6f-49c1-abc9-5e893f3235b8%22:%91%22body_text_color%22%93}\u00bb][\/et_pb_blurb][\/et_pb_column][et_pb_column type=\u00bb1_4&#8243; _builder_version=\u00bb4.27.4&#8243; _module_preset=\u00bbdefault\u00bb global_colors_info=\u00bb{}\u00bb][et_pb_blurb title=\u00bbGaler\u00eda\u00bb url=\u00bb#galeria\u00bb use_icon=\u00bbon\u00bb font_icon=\u00bb&#xf030;||fa||900&#8243; icon_color=\u00bb#000F9F\u00bb _builder_version=\u00bb4.27.4&#8243; _module_preset=\u00bbdefault\u00bb header_text_align=\u00bbcenter\u00bb header_text_color=\u00bb#00079E\u00bb body_text_color=\u00bbgcid-840cd285-ee6f-49c1-abc9-5e893f3235b8&#8243; custom_margin=\u00bb||10%||false|false\u00bb locked=\u00bboff\u00bb global_colors_info=\u00bb{%22gcid-840cd285-ee6f-49c1-abc9-5e893f3235b8%22:%91%22body_text_color%22%93}\u00bb][\/et_pb_blurb][\/et_pb_column][\/et_pb_row][\/et_pb_section][et_pb_section fb_built=\u00bb1&#8243; _builder_version=\u00bb4.27.4&#8243; _module_preset=\u00bbdefault\u00bb background_color=\u00bbRGBA(255,255,255,0)\u00bb use_background_color_gradient=\u00bbon\u00bb background_color_gradient_stops=\u00bb#ffffff 13%|#0a0000 100%\u00bb background_image=\u00bbhttps:\/\/mza-dicaws-portal-uploads-media-prod.s3.amazonaws.com\/informacion-oficial\/uploads\/sites\/12\/2026\/01\/L6C5293.jpg\u00bb background_blend=\u00bboverlay\u00bb background_enable_video_mp4=\u00bboff\u00bb background_video_width=\u00bb100%\u00bb background_video_height=\u00bb100%\u00bb module_alignment=\u00bbcenter\u00bb min_height=\u00bb65em\u00bb custom_margin=\u00bb3px||-2px||false|false\u00bb custom_padding=\u00bb4px||0px||false|false\u00bb locked=\u00bboff\u00bb global_colors_info=\u00bb{}\u00bb][et_pb_row _builder_version=\u00bb4.27.4&#8243; background_size=\u00bbinitial\u00bb background_position=\u00bbtop_left\u00bb background_repeat=\u00bbrepeat\u00bb max_width=\u00bb2560px\u00bb min_height=\u00bb92px\u00bb custom_margin=\u00bb|auto|-3px|auto||\u00bb custom_padding=\u00bb35px||4px|||\u00bb locked=\u00bboff\u00bb global_colors_info=\u00bb{}\u00bb][et_pb_column type=\u00bb4_4&#8243; _builder_version=\u00bb4.27.4&#8243; _module_preset=\u00bbdefault\u00bb global_colors_info=\u00bb{}\u00bb][et_pb_heading title=\u00bbCARACTER\u00cdSTICAS\u00bb admin_label=\u00bbFlora Nativa\u00bb module_id=\u00bbunidad\u00bb _builder_version=\u00bb4.27.2&#8243; _module_preset=\u00bbdefault\u00bb title_level=\u00bbh2&#8243; title_font=\u00bb|300|||||||\u00bb title_text_align=\u00bbleft\u00bb title_text_color=\u00bbgcid-body-color\u00bb title_font_size=\u00bb40px\u00bb min_height=\u00bb39px\u00bb custom_margin=\u00bb||-1px|||\u00bb global_colors_info=\u00bb{%22gcid-body-color%22:%91%22title_text_color%22%93}\u00bb][\/et_pb_heading][et_pb_heading title=\u00bbDE LA RESERVA\u00bb admin_label=\u00bbFlora Nativa\u00bb _builder_version=\u00bb4.27.2&#8243; _module_preset=\u00bbdefault\u00bb title_level=\u00bbh2&#8243; title_font=\u00bb|300|||||||\u00bb title_text_align=\u00bbleft\u00bb title_text_color=\u00bbgcid-body-color\u00bb title_font_size=\u00bb40px\u00bb min_height=\u00bb39px\u00bb custom_margin=\u00bb||-1px|||\u00bb global_colors_info=\u00bb{%22gcid-body-color%22:%91%22title_text_color%22%93}\u00bb][\/et_pb_heading][\/et_pb_column][\/et_pb_row][et_pb_row column_structure=\u00bb1_3,1_3,1_3&#8243; _builder_version=\u00bb4.27.4&#8243; _module_preset=\u00bbdefault\u00bb background_color=\u00bbrgba(255,255,255,0.5)\u00bb max_width=\u00bb2455px\u00bb min_height=\u00bb249.6px\u00bb custom_margin=\u00bb35px|auto||auto||\u00bb custom_padding=\u00bb35px|30px||30px|false|false\u00bb border_radii=\u00bbon|8px|8px|8px|8px\u00bb global_colors_info=\u00bb{}\u00bb][et_pb_column type=\u00bb1_3&#8243; _builder_version=\u00bb4.27.4&#8243; _module_preset=\u00bbdefault\u00bb global_colors_info=\u00bb{}\u00bb][et_pb_text _builder_version=\u00bb4.27.4&#8243; _module_preset=\u00bbdefault\u00bb custom_margin=\u00bb||0px||false|false\u00bb custom_padding=\u00bb|||0px|false|false\u00bb global_colors_info=\u00bb{}\u00bb]<\/p>\n<p><strong>Ubicaci\u00f3n:<\/strong>\u00a0Ruta Provincial N\u00ba 99 a 8 kms del micro-centro de la Ciudad de Mendoza (Circuito Papagayos)<\/p>\n<p><strong>Altitud:<\/strong>\u00a01.050 m en la seccional de guardaparques \u2013 M\u00e1s de 1.200 m en el cerro Divisadero Largo<\/p>\n<p><strong>Ecorregi\u00f3n:<\/strong>\u00a0Monte y Puna<\/p>\n<p><span><\/span><\/p>\n<p>[\/et_pb_text][\/et_pb_column][et_pb_column type=\u00bb1_3&#8243; _builder_version=\u00bb4.27.4&#8243; _module_preset=\u00bbdefault\u00bb global_colors_info=\u00bb{}\u00bb][et_pb_number_counter title=\u00bbde Superficie\u00bb number=\u00bb492 ha\u00bb percent_sign=\u00bboff\u00bb _builder_version=\u00bb4.27.4&#8243; _module_preset=\u00bbdefault\u00bb title_font=\u00bb|300|||||||\u00bb title_text_color=\u00bb#FFFFFF\u00bb title_font_size=\u00bb32px\u00bb title_line_height=\u00bb0em\u00bb number_font=\u00bb|600|||||||\u00bb number_text_color=\u00bb#FFFFFF\u00bb number_font_size=\u00bb62px\u00bb background_color=\u00bb#3cb4e5&#8243; width=\u00bb100%\u00bb min_height=\u00bb130px\u00bb custom_margin=\u00bb35px|||||\u00bb custom_padding=\u00bb||0px||false|false\u00bb border_radii=\u00bbon|5px|5px|5px|5px\u00bb global_colors_info=\u00bb{}\u00bb][\/et_pb_number_counter][\/et_pb_column][et_pb_column type=\u00bb1_3&#8243; _builder_version=\u00bb4.27.4&#8243; _module_preset=\u00bbdefault\u00bb global_colors_info=\u00bb{}\u00bb][et_pb_number_counter title=\u00bbde la Ciudad\u00bb number=\u00bb8 km\u00bb percent_sign=\u00bboff\u00bb _builder_version=\u00bb4.27.4&#8243; _module_preset=\u00bbdefault\u00bb title_font=\u00bb|300|||||||\u00bb title_text_color=\u00bb#FFFFFF\u00bb title_font_size=\u00bb32px\u00bb title_line_height=\u00bb0em\u00bb number_font=\u00bb|600|||||||\u00bb number_text_color=\u00bb#FFFFFF\u00bb number_font_size=\u00bb62px\u00bb background_color=\u00bb#3cb4e5&#8243; width=\u00bb100%\u00bb min_height=\u00bb130px\u00bb custom_margin=\u00bb35px|||||\u00bb custom_padding=\u00bb||0px||false|false\u00bb border_radii=\u00bbon|5px|5px|5px|5px\u00bb global_colors_info=\u00bb{}\u00bb][\/et_pb_number_counter][\/et_pb_column][\/et_pb_row][et_pb_row column_structure=\u00bb1_3,1_3,1_3&#8243; _builder_version=\u00bb4.27.4&#8243; _module_preset=\u00bbdefault\u00bb background_color=\u00bbrgba(10,10,10,0.5)\u00bb max_width=\u00bb2455px\u00bb min_height=\u00bb297.4px\u00bb custom_margin=\u00bb85px|auto||auto||\u00bb custom_padding=\u00bb35px|30px||30px||\u00bb border_radii=\u00bbon|8px|8px|8px|8px\u00bb global_colors_info=\u00bb{}\u00bb][et_pb_column type=\u00bb1_3&#8243; _builder_version=\u00bb4.27.4&#8243; _module_preset=\u00bbdefault\u00bb global_colors_info=\u00bb{}\u00bb][et_pb_text _builder_version=\u00bb4.27.4&#8243; _module_preset=\u00bbdefault\u00bb min_height=\u00bb218.2px\u00bb custom_padding=\u00bb|||3px||\u00bb global_colors_info=\u00bb{}\u00bb]<\/p>\n<p><span style=\"color: #ffffff\"><strong>RECOMENDACIONES:<\/strong><\/span><\/p>\n<p><span style=\"color: #ffffff\"><strong><\/strong><\/span><\/p>\n<p><span style=\"color: #ffffff\"><strong>Cada visitante desempe\u00f1a un papel decisivo en la conservaci\u00f3n del sitio y su correcto comportamiento permitir\u00e1 que otros tambi\u00e9n disfruten todos los encantos naturales del lugar.<\/strong><\/span><\/p>\n<p><span style=\"color: #ffffff\">&#8211; Circule s\u00f3lo por los senderos se\u00f1alados y habilitados. Est\u00e1 prohibido desviarse o salirse de los mismos.<\/span><span style=\"color: #ffffff\"><\/span><\/p>\n<p><span style=\"color: #ffffff\">&#8211; A sus residuos arr\u00f3jelos s\u00f3lo en los lugares indicados.<\/span><span style=\"color: #ffffff\"><em><strong><\/strong><\/em><\/span><\/p>\n<p><span><\/span><\/p>\n<p>[\/et_pb_text][\/et_pb_column][et_pb_column type=\u00bb1_3&#8243; _builder_version=\u00bb4.27.4&#8243; _module_preset=\u00bbdefault\u00bb global_colors_info=\u00bb{}\u00bb][et_pb_text _builder_version=\u00bb4.27.4&#8243; _module_preset=\u00bbdefault\u00bb global_colors_info=\u00bb{}\u00bb]<\/p>\n<p><span style=\"color: #ffffff;font-size: 14px\">&#8211; No est\u00e1 permitido encender fuego, como as\u00ed tampoco, extraer vegetaci\u00f3n, le\u00f1a, f\u00f3siles ni rocas de la zona.<\/span><span style=\"color: #ffffff\"><\/span><\/p>\n<p><span style=\"color: #ffffff\">&#8211; Cuide las instalaciones y respete la carteler\u00eda. No se permite el uso de aerosoles y pinturas.<\/span><\/p>\n<p><span style=\"color: #ffffff\">&#8211; No consuma alimentos durante el recorrido, para ello est\u00e1 habilitada la zona del quincho.<\/span><\/p>\n<p><span style=\"color: #ffffff\"><span style=\"color: #ffffff;font-size: 14px\">&#8211; Si fuma, apague bien su cigarrillo y guarde las colillas. &#8211; Est\u00e1 prohibido ingresar con animales.<\/span><\/span><\/p>\n<p>&nbsp;<\/p>\n<p>[\/et_pb_text][\/et_pb_column][et_pb_column type=\u00bb1_3&#8243; _builder_version=\u00bb4.27.4&#8243; _module_preset=\u00bbdefault\u00bb global_colors_info=\u00bb{}\u00bb][et_pb_text _builder_version=\u00bb4.27.4&#8243; _module_preset=\u00bbdefault\u00bb width=\u00bb100%\u00bb custom_padding=\u00bb|0px||0px||\u00bb global_colors_info=\u00bb{}\u00bb]<\/p>\n<p>\u00a0<span style=\"color: #ffffff\">&#8211; En ning\u00fan caso est\u00e1 permitido el ingreso con armas.<\/span><\/p>\n<p><span style=\"color: #ffffff\">&#8211; Informe al guardaparque si observa pr\u00e1cticas inadecuadas dentro de la reserva.<\/span><\/p>\n<p><span style=\"color: #ffffff\">&#8211; Debe anunciarse en la seccional de guardaparques al ingreso y egreso del \u00e1rea natural.<\/span><\/p>\n<p><span style=\"color: #ffffff\"><em><strong>En todo momento debe seguir las recomendaciones de los guardaparques para evitar accidentes y poder disfrutar en su plenitud del lugar que visita.<\/strong><\/em><\/span><\/p>\n<p>[\/et_pb_text][\/et_pb_column][\/et_pb_row][\/et_pb_section][et_pb_section fb_built=\u00bb1&#8243; _builder_version=\u00bb4.27.2&#8243; _module_preset=\u00bbdefault\u00bb background_color=\u00bb#FFFFFF\u00bb background_enable_image=\u00bboff\u00bb background_blend=\u00bboverlay\u00bb background_enable_video_mp4=\u00bboff\u00bb background_video_width=\u00bb100%\u00bb background_video_height=\u00bb100%\u00bb module_alignment=\u00bbcenter\u00bb min_height=\u00bb51em\u00bb custom_margin=\u00bb3px||-2px||false|false\u00bb custom_padding=\u00bb4px||0px||false|false\u00bb locked=\u00bboff\u00bb global_colors_info=\u00bb{}\u00bb][et_pb_row _builder_version=\u00bb4.27.4&#8243; background_size=\u00bbinitial\u00bb background_position=\u00bbtop_left\u00bb background_repeat=\u00bbrepeat\u00bb max_width=\u00bb2560px\u00bb min_height=\u00bb117px\u00bb custom_margin=\u00bb|auto|-3px|auto||\u00bb custom_padding=\u00bb65px|||||\u00bb locked=\u00bboff\u00bb global_colors_info=\u00bb{}\u00bb][et_pb_column type=\u00bb4_4&#8243; _builder_version=\u00bb4.27.4&#8243; _module_preset=\u00bbdefault\u00bb global_colors_info=\u00bb{}\u00bb][et_pb_heading title=\u00bbSOBRE\u00bb admin_label=\u00bbFlora Nativa\u00bb module_id=\u00bblugar\u00bb _builder_version=\u00bb4.27.4&#8243; _module_preset=\u00bbdefault\u00bb title_level=\u00bbh2&#8243; title_font=\u00bb|300|||||||\u00bb title_text_align=\u00bbleft\u00bb title_text_color=\u00bbgcid-body-color\u00bb title_font_size=\u00bb40px\u00bb min_height=\u00bb39px\u00bb custom_margin=\u00bb||-1px|||\u00bb global_colors_info=\u00bb{%22gcid-body-color%22:%91%22title_text_color%22%93}\u00bb][\/et_pb_heading][et_pb_heading title=\u00bbEL LUGAR\u00bb admin_label=\u00bbFlora Nativa\u00bb _builder_version=\u00bb4.27.4&#8243; _module_preset=\u00bbdefault\u00bb title_level=\u00bbh2&#8243; title_font=\u00bb|300|||||||\u00bb title_text_align=\u00bbleft\u00bb title_text_color=\u00bbgcid-body-color\u00bb title_font_size=\u00bb40px\u00bb min_height=\u00bb39px\u00bb custom_margin=\u00bb||-1px|||\u00bb global_colors_info=\u00bb{%22gcid-body-color%22:%91%22title_text_color%22%93}\u00bb][\/et_pb_heading][\/et_pb_column][\/et_pb_row][et_pb_row column_structure=\u00bb1_2,1_2&#8243; _builder_version=\u00bb4.27.4&#8243; _module_preset=\u00bbdefault\u00bb max_width=\u00bb2499px\u00bb global_colors_info=\u00bb{}\u00bb][et_pb_column type=\u00bb1_2&#8243; _builder_version=\u00bb4.27.4&#8243; _module_preset=\u00bbdefault\u00bb global_colors_info=\u00bb{}\u00bb][et_pb_image src=\u00bbhttps:\/\/mza-dicaws-portal-uploads-media-prod.s3.amazonaws.com\/informacion-oficial\/uploads\/sites\/12\/2026\/01\/DJI_0497.jpg\u00bb title_text=\u00bbDivisadero Largo\u00bb _builder_version=\u00bb4.27.4&#8243; _module_preset=\u00bbdefault\u00bb border_radii=\u00bbon|8px|8px|8px|8px\u00bb global_colors_info=\u00bb{}\u00bb][\/et_pb_image][\/et_pb_column][et_pb_column type=\u00bb1_2&#8243; _builder_version=\u00bb4.27.4&#8243; _module_preset=\u00bbdefault\u00bb global_colors_info=\u00bb{}\u00bb][et_pb_text _builder_version=\u00bb4.27.4&#8243; _module_preset=\u00bbdefault\u00bb custom_padding=\u00bb0px||||false|false\u00bb global_colors_info=\u00bb{}\u00bb]<\/p>\n<p><b>Principales Valores de Conservaci\u00f3n<\/b><\/p>\n<p>\u00c1rea representativa de la regi\u00f3n precordillerana de la provincia, desde donde se disfruta una vista panor\u00e1mica de la Ciudad de Mendoza en contacto con la naturaleza. Divisadero es un sitio de privilegio para apreciar un compendio de m\u00e1s de 200 millones de a\u00f1os expuestos a la vista del visitante, ideal para comprender la secuencia de per\u00edodos geol\u00f3gicos. Tambi\u00e9n esta reserva cuenta con hallazgos paleontol\u00f3gicos, vestigios de asentamientos humanos primitivos y restos de una explotaci\u00f3n minera ligada a la historia de la Mendoza de anta\u00f1o. Todo ello la convierten en un aula a cielo abierto.<\/p>\n<p>Si bien el paulatino avance urbano de los \u00faltimos siglos fue produciendo la migraci\u00f3n de ciertas especies de la fauna del lugar, a\u00fan Divisadero es un reducto -accesible a todo p\u00fablico- para apreciar la diversidad y riqueza de su flora y fauna. Su \u00e1rida geograf\u00eda de piedemonte exhibe los cauces de r\u00edos secos que van atravesando toda la zona hasta formar una cuenca aluvional perteneciente al sistema h\u00eddrico mayor del arroyo Papagayos<\/p>\n<p>[\/et_pb_text][\/et_pb_column][\/et_pb_row][et_pb_row column_structure=\u00bb1_2,1_2&#8243; _builder_version=\u00bb4.27.4&#8243; _module_preset=\u00bbdefault\u00bb max_width=\u00bb2499px\u00bb global_colors_info=\u00bb{}\u00bb][et_pb_column type=\u00bb1_2&#8243; _builder_version=\u00bb4.27.4&#8243; _module_preset=\u00bbdefault\u00bb global_colors_info=\u00bb{}\u00bb][et_pb_text _builder_version=\u00bb4.27.4&#8243; _module_preset=\u00bbdefault\u00bb custom_padding=\u00bb0px||||false|false\u00bb global_colors_info=\u00bb{}\u00bb]<\/p>\n<p><b>Descripci\u00f3n del Lugar<\/b><\/p>\n<p><strong><em>Geolog\u00eda<\/em><\/strong><b><\/b><\/p>\n<p>En su interior una falla geol\u00f3gica -fractura en la roca con desplazamiento- expone rocas sedimentarias del Per\u00edodo Tri\u00e1sico de m\u00e1s de 200 millones de a\u00f1os que contienen f\u00f3siles de reptiles, anfibios, peces, invertebrados y flora gimnosperma que viv\u00edan en ambientes lacustres, pantanosos y fluviales con un clima tropical. Tambi\u00e9n afloran rocas del Per\u00edodo Terciario -40 millones de a\u00f1os- con f\u00f3siles de mam\u00edferos marsupiales y notoungulados de ambientes fluviales. La Orogenia Andina que elev\u00f3 la Precordillera hace unos 5 millones de a\u00f1os coloc\u00f3 estos estratos en la posici\u00f3n inclinada que se encuentran. Finalmente durante el Per\u00edodo Cuaternario -hace 2 millones de a\u00f1os- se fue formando el paisaje que puede verse en la actualidad. Fuente: Dr. Osvaldo Bordonaro<\/p>\n<p>[\/et_pb_text][\/et_pb_column][et_pb_column type=\u00bb1_2&#8243; _builder_version=\u00bb4.27.4&#8243; _module_preset=\u00bbdefault\u00bb global_colors_info=\u00bb{}\u00bb][et_pb_image src=\u00bbhttps:\/\/mza-dicaws-portal-uploads-media-prod.s3.amazonaws.com\/informacion-oficial\/uploads\/sites\/12\/2026\/01\/IMG_5176-scaled.jpg\u00bb title_text=\u00bbIMG_5176&#8243; _builder_version=\u00bb4.27.4&#8243; _module_preset=\u00bbdefault\u00bb border_radii=\u00bbon|8px|8px|8px|8px\u00bb global_colors_info=\u00bb{}\u00bb][\/et_pb_image][\/et_pb_column][\/et_pb_row][et_pb_row column_structure=\u00bb1_2,1_2&#8243; _builder_version=\u00bb4.27.4&#8243; _module_preset=\u00bbdefault\u00bb max_width=\u00bb2499px\u00bb global_colors_info=\u00bb{}\u00bb][et_pb_column type=\u00bb1_2&#8243; _builder_version=\u00bb4.27.4&#8243; _module_preset=\u00bbdefault\u00bb global_colors_info=\u00bb{}\u00bb][et_pb_image src=\u00bbhttps:\/\/mza-dicaws-portal-uploads-media-prod.s3.amazonaws.com\/informacion-oficial\/uploads\/sites\/12\/2026\/01\/DSC0000-en-retoque-scaled.jpg\u00bb title_text=\u00bb_DSC0000 en retoque\u00bb _builder_version=\u00bb4.27.4&#8243; _module_preset=\u00bbdefault\u00bb border_radii=\u00bbon|8px|8px|8px|8px\u00bb global_colors_info=\u00bb{}\u00bb][\/et_pb_image][\/et_pb_column][et_pb_column type=\u00bb1_2&#8243; _builder_version=\u00bb4.27.4&#8243; _module_preset=\u00bbdefault\u00bb global_colors_info=\u00bb{}\u00bb][et_pb_text _builder_version=\u00bb4.27.4&#8243; _module_preset=\u00bbdefault\u00bb custom_padding=\u00bb0px||||false|false\u00bb global_colors_info=\u00bb{}\u00bb]<\/p>\n<p><em><span style=\"font-size: 14px\"><b>Flora<\/b><\/span><\/em><\/p>\n<p><span>\u00c1rea de ecotono, zona de transici\u00f3n en la que confluyen especies de distintas regiones, del monte y de origen altoandino. La biodiversidad del lugar se ha visto modificada por el desmonte, el sobrepastoreo y la caza indiscriminada de a\u00f1os atr\u00e1s. Sin embargo, a\u00fan pueden apreciarse ejemplares t\u00edpicos de la planicie como algarrobos, cha\u00f1ares brea y gran variedad de cact\u00e1ceas.<\/span><\/p>\n<p><em><span style=\"font-size: 14px\"><b>Fauna<\/b><\/span><\/em><span><\/span><\/p>\n<p><span>Hay ejemplares t\u00edpicos de planicies como zorro gris, jotes y martinetas. Especies propias de la precordillera de las cuales los yales, piquito de oros, zorros colorados, \u00e1guila mora, aguiluchos, son las de mayor avistamiento. En otros tiempos, el \u00f1and\u00fa de la planicie y el suri de la monta\u00f1a poblaban la zona, el crecimiento urbano desplaz\u00f3 a ambas especies de la zona. Por otro lado no resulta extra\u00f1o avistar huellas de puma en el \u00e1rea.<\/span><span><\/span><\/p>\n<p><span style=\"font-size: 14px\"><\/span><\/p>\n<div class=\"wp-block-media-text alignwide is-stacked-on-mobile\">\n<div class=\"wp-block-media-text__content\"><\/div>\n<\/div>\n<p>[\/et_pb_text][\/et_pb_column][\/et_pb_row][\/et_pb_section][et_pb_section fb_built=\u00bb1&#8243; _builder_version=\u00bb4.27.4&#8243; _module_preset=\u00bbdefault\u00bb background_enable_color=\u00bboff\u00bb use_background_color_gradient=\u00bbon\u00bb background_color_gradient_stops=\u00bb#ffffff 0%|rgba(140, 140, 140, 1) 18%|#000000 100%\u00bb background_image=\u00bbhttps:\/\/mza-dicaws-portal-uploads-media-prod.s3.amazonaws.com\/informacion-oficial\/uploads\/sites\/12\/2026\/01\/DSC0643-en-retoque-scaled.jpg\u00bb background_blend=\u00bboverlay\u00bb background_enable_video_mp4=\u00bboff\u00bb background_video_width=\u00bb100%\u00bb background_video_height=\u00bb100%\u00bb module_alignment=\u00bbcenter\u00bb min_height=\u00bb61em\u00bb custom_margin=\u00bb3px||-5px||false|false\u00bb custom_padding=\u00bb4px||0px||false|false\u00bb locked=\u00bboff\u00bb global_colors_info=\u00bb{}\u00bb][et_pb_row _builder_version=\u00bb4.27.4&#8243; background_size=\u00bbinitial\u00bb background_position=\u00bbtop_left\u00bb background_repeat=\u00bbrepeat\u00bb max_width=\u00bb2560px\u00bb min_height=\u00bb117px\u00bb custom_margin=\u00bb|auto|-3px|auto||\u00bb custom_padding=\u00bb65px|||||\u00bb locked=\u00bboff\u00bb global_colors_info=\u00bb{}\u00bb][et_pb_column type=\u00bb4_4&#8243; _builder_version=\u00bb4.27.4&#8243; _module_preset=\u00bbdefault\u00bb global_colors_info=\u00bb{}\u00bb][et_pb_heading title=\u00bbSENDERISMO\u00bb admin_label=\u00bbFlora Nativa\u00bb module_id=\u00bbvalores\u00bb _builder_version=\u00bb4.27.4&#8243; _module_preset=\u00bbdefault\u00bb title_level=\u00bbh2&#8243; title_font=\u00bb|300|||||||\u00bb title_text_align=\u00bbleft\u00bb title_text_color=\u00bbgcid-body-color\u00bb title_font_size=\u00bb40px\u00bb min_height=\u00bb39px\u00bb custom_margin=\u00bb||-1px|||\u00bb global_colors_info=\u00bb{%22gcid-body-color%22:%91%22title_text_color%22%93}\u00bb][\/et_pb_heading][et_pb_heading title=\u00bbTREKKING\u00bb admin_label=\u00bbFlora Nativa\u00bb _builder_version=\u00bb4.27.2&#8243; _module_preset=\u00bbdefault\u00bb title_level=\u00bbh2&#8243; title_font=\u00bb|300|||||||\u00bb title_text_align=\u00bbleft\u00bb title_text_color=\u00bbgcid-body-color\u00bb title_font_size=\u00bb40px\u00bb min_height=\u00bb39px\u00bb custom_margin=\u00bb||-1px|||\u00bb global_colors_info=\u00bb{%22gcid-body-color%22:%91%22title_text_color%22%93}\u00bb][\/et_pb_heading][\/et_pb_column][\/et_pb_row][et_pb_row column_structure=\u00bb3_5,2_5&#8243; _builder_version=\u00bb4.27.4&#8243; _module_preset=\u00bbdefault\u00bb max_width=\u00bb2499px\u00bb global_colors_info=\u00bb{}\u00bb][et_pb_column type=\u00bb3_5&#8243; _builder_version=\u00bb4.27.4&#8243; _module_preset=\u00bbdefault\u00bb global_colors_info=\u00bb{}\u00bb][et_pb_image src=\u00bbhttps:\/\/mza-dicaws-portal-uploads-media-prod.s3.amazonaws.com\/informacion-oficial\/uploads\/sites\/12\/2026\/01\/L6C5244.jpg\u00bb title_text=\u00bb_L6C5244&#8243; _builder_version=\u00bb4.27.4&#8243; _module_preset=\u00bbdefault\u00bb min_height=\u00bb387.4px\u00bb custom_padding=\u00bb||0px|||\u00bb border_radii=\u00bbon|8px|8px|8px|8px\u00bb global_colors_info=\u00bb{}\u00bb][\/et_pb_image][\/et_pb_column][et_pb_column type=\u00bb2_5&#8243; _builder_version=\u00bb4.27.4&#8243; _module_preset=\u00bbdefault\u00bb global_colors_info=\u00bb{}\u00bb][et_pb_text _builder_version=\u00bb4.27.4&#8243; _module_preset=\u00bbdefault\u00bb background_color=\u00bbrgba(0,0,0,0.35)\u00bb custom_padding=\u00bb15px|15px|15px|15px|false|false\u00bb border_radii=\u00bbon|8px|8px|8px|8px\u00bb global_colors_info=\u00bb{}\u00bb]<\/p>\n<p><span style=\"color: #ffffff\"><span>Divisadero Largo es un \u00e1rea protegida muy cercana a la ciudad de Mendoza que ofrece a los visitantes una amplia gama de alternativas en senderismo. Desde una caminata accesible para toda la familia \u2013a la manera de un paseo ambiental- hasta un circuito de trekking largo de cierto grado de dificultad. Por los senderos dispuestos para el p\u00fablico se pueden ver distintos afloramientos rocosos que nos llevan a descubrir los misterios de las profundidades de la Tierra, as\u00ed como conocer y disfrutar del t\u00edpico paisaje del piedemonte mendocino. Esta reserva tambi\u00e9n oficia de \u201caula ambiental\u201d para las cientos de visitas escolares que llegan a ella diariamente para conocer sus atractivos, pero tambi\u00e9n como introducci\u00f3n al conocimiento de la Red de \u00c1reas Protegidas de Mendoza y sus respectivos ambientes.<\/span><\/span><\/p>\n<p>[\/et_pb_text][\/et_pb_column][\/et_pb_row][et_pb_row column_structure=\u00bb1_4,3_4&#8243; _builder_version=\u00bb4.27.4&#8243; _module_preset=\u00bbdefault\u00bb max_width=\u00bb2499px\u00bb global_colors_info=\u00bb{}\u00bb][et_pb_column type=\u00bb1_4&#8243; _builder_version=\u00bb4.27.4&#8243; _module_preset=\u00bbdefault\u00bb global_colors_info=\u00bb{}\u00bb][et_pb_text _builder_version=\u00bb4.27.4&#8243; _module_preset=\u00bbdefault\u00bb text_text_color=\u00bb#FFFFFF\u00bb header_text_color=\u00bb#FFFFFF\u00bb background_color=\u00bbrgba(0,0,0,0.35)\u00bb min_height=\u00bb403px\u00bb custom_padding=\u00bb15px|15px|15px|15px|false|false\u00bb border_radii=\u00bbon|8px|8px|8px|8px\u00bb global_colors_info=\u00bb{}\u00bb]<\/p>\n<h5><span style=\"color: #ffffff\"><\/span><\/h5>\n<h4><strong><span style=\"color: #ffffff\">Temporada<\/span><\/strong><\/h4>\n<p>Todo el a\u00f1o.<\/p>\n<h5><strong><span style=\"color: #ffffff\">Tipo de Recorrido:<\/span><\/strong><\/h5>\n<ul>\n<li>Paseo Ambiental: 30 minutos.<\/li>\n<li>Circuito Corto:\u00a0 1 a 2 hs.<\/li>\n<li>Circuito Medio: de 2 a 3 hs<\/li>\n<li>Circuito Largo: de 3 a 5 hs.<\/li>\n<\/ul>\n<h4><strong><span style=\"color: #ffffff\">Acceso<\/span><\/strong><\/h4>\n<p>A 8 km al norte de la Ciudad de Mendoza por la Ruta Provincial 99 -Circuito Papagayos-, a 50 m del pared\u00f3n del dique Papagayos, desv\u00edo hacia el Oeste por huella interna hasta la seccional de guardaparques (a 700 m).<\/p>\n<p>&nbsp;<\/p>\n<p>[\/et_pb_text][\/et_pb_column][et_pb_column type=\u00bb3_4&#8243; _builder_version=\u00bb4.27.4&#8243; _module_preset=\u00bbdefault\u00bb global_colors_info=\u00bb{}\u00bb][et_pb_text _builder_version=\u00bb4.27.4&#8243; _module_preset=\u00bbdefault\u00bb text_text_color=\u00bb#FFFFFF\u00bb header_text_color=\u00bb#FFFFFF\u00bb background_color=\u00bbrgba(0,0,0,0.35)\u00bb custom_padding=\u00bb15px|15px|15px|15px|false|false\u00bb border_radii=\u00bbon|8px|8px|8px|8px\u00bb global_colors_info=\u00bb{}\u00bb]<\/p>\n<h3><span style=\"color: #ffffff\">Ingreso para Grupos Estudiantiles<\/span><\/h3>\n<p><strong>Informaci\u00f3n Turnos<\/strong><br \/>S\u00f3lo se otorgan a instituciones dependientes de la DGE a nivel provincial y nacional.<br \/>Se agendan con un mes de anticipaci\u00f3n, los turnos quedan sujetos a disponibilidad acorde a la demanda.<br \/>Del 15\/03 al 15\/11: s\u00f3lo se otorgan dos turnos por d\u00eda 9:30h y 14h. Y del 16\/11 al 15\/12: un s\u00f3lo turno a las 9h (dependiendo de las condiciones clim\u00e1ticas por las altas temperaturas en esas fechas).<br \/>El cupo m\u00e1ximo por grupo\/turno es de <strong>40 (cuarenta) personas<\/strong>. Se recomienda ir con gu\u00eda habilitado, consultar listado en <span style=\"color: #ffffff\"><span style=\"color: #2ea3f2\"><a href=\"mailto:informes-anp@mendoza.gov.ar\" style=\"color: #2ea3f2\">informes-anp@mendoza.gov.ar<\/a><\/span><\/span><\/p>\n<p><span style=\"color: #ffffff\"><\/span><\/p>\n<h4><strong><span style=\"color: #ffffff\">Pasos para solicitar turno (sin excepci\u00f3n):<\/span><\/strong><\/h4>\n<p><span style=\"color: #ffffff\">1.\u00a0 El tr\u00e1mite es completamente online a trav\u00e9s del correo electr\u00f3nico: <\/span><span style=\"color: #2ea3f2\"><a href=\"mailto:informes-anp@mendoza.gov.ar\" style=\"color: #2ea3f2\">informes-anp@mendoza.gov.ar<\/a><\/span><br \/><span style=\"color: #ffffff\">*Consultar fechas disponibles y esperar la respuesta con la informaci\u00f3n solicitada.<\/span><\/p>\n<p><span style=\"color: #ffffff\">2. Una vez acordado el d\u00eda y horario, deben enviar nota firmada y sellada por la autoridad de la instituci\u00f3n. Tomar foto (o escaneo) del documento. Pueden tomar la siguiente<\/span><span style=\"color: #2ea3f2\"><a href=\"https:\/\/www.mendoza.gov.ar\/wp-content\/uploads\/sites\/69\/2025\/02\/Nota-modelo-turnos-educativos-Divisadero-Largo.docx\" style=\"color: #2ea3f2\"> nota modelo <span style=\"color: #ffffff\">como referencia.<\/span><span style=\"color: #ffffff\"><\/span><\/a><\/span><\/p>\n<div class=\"wp-block-file\"><span style=\"color: #2ea3f2\"><\/span><\/div>\n<div class=\"wp-block-file\"><span style=\"color: #2ea3f2\"><\/span><\/div>\n<p><span style=\"color: #ffffff\">3. La otorgaci\u00f3n del turno es <strong>provisorio<\/strong> hasta que se complete la documentaci\u00f3n, caso contrario se cae el turno.<\/span><\/p>\n<p><span style=\"color: #ffffff\">4. Recibida la nota, les remitiremos un comprobante (voucher) de visita educativa sin cargo de arancel de ingreso, que presentar\u00e1n a Guardaparques de manera obligatoria el d\u00eda de la salida. No se dejar\u00e1 ingresar a grupo sin el comprobante.<\/span><\/p>\n<p>[\/et_pb_text][\/et_pb_column][\/et_pb_row][et_pb_row column_structure=\u00bb1_3,1_3,1_3&#8243; _builder_version=\u00bb4.27.4&#8243; _module_preset=\u00bbdefault\u00bb background_color=\u00bbrgba(10,10,10,0.5)\u00bb max_width=\u00bb2455px\u00bb min_height=\u00bb250.4px\u00bb custom_margin=\u00bb-1px|auto||auto||\u00bb custom_padding=\u00bb35px|30px||30px||\u00bb border_radii=\u00bbon|8px|8px|8px|8px\u00bb global_colors_info=\u00bb{}\u00bb][et_pb_column type=\u00bb1_3&#8243; _builder_version=\u00bb4.27.4&#8243; _module_preset=\u00bbdefault\u00bb global_colors_info=\u00bb{}\u00bb][et_pb_text _builder_version=\u00bb4.27.4&#8243; _module_preset=\u00bbdefault\u00bb min_height=\u00bb189.2px\u00bb custom_padding=\u00bb|||3px||\u00bb hover_enabled=\u00bb0&#8243; global_colors_info=\u00bb{}\u00bb text_text_color=\u00bb#FFFFFF\u00bb sticky_enabled=\u00bb0&#8243;]<\/p>\n<p><span style=\"color: #ffffff\"><strong>RECOMENDACIONES PARA UNA BUENA EXPERIENCIA<\/strong><\/span><\/p>\n<p><span style=\"color: #ffffff\"><strong><\/strong><\/span><\/p>\n<p>&#8211; Dificultad: MEDIA<\/p>\n<p>&#8211; Duraci\u00f3n 2 horas y media.<\/p>\n<p><span><\/span><\/p>\n<p>[\/et_pb_text][\/et_pb_column][et_pb_column type=\u00bb1_3&#8243; _builder_version=\u00bb4.27.4&#8243; _module_preset=\u00bbdefault\u00bb global_colors_info=\u00bb{}\u00bb][et_pb_text _builder_version=\u00bb4.27.4&#8243; _module_preset=\u00bbdefault\u00bb hover_enabled=\u00bb0&#8243; global_colors_info=\u00bb{}\u00bb text_text_color=\u00bb#FFFFFF\u00bb sticky_enabled=\u00bb0&#8243;]<\/p>\n<p>&#8211; Se recomienda usar gorra y protector solar.<\/p>\n<p>&#8211; Llevar calzado c\u00f3modo, con buena suela y ropa clara<\/p>\n<p>&#8211; Llevar botella de agua (se recomienda 1 litro por persona)<\/p>\n<p>&nbsp;<\/p>\n<p>[\/et_pb_text][\/et_pb_column][et_pb_column type=\u00bb1_3&#8243; _builder_version=\u00bb4.27.4&#8243; _module_preset=\u00bbdefault\u00bb global_colors_info=\u00bb{}\u00bb][et_pb_text _builder_version=\u00bb4.27.4&#8243; _module_preset=\u00bbdefault\u00bb width=\u00bb100%\u00bb custom_padding=\u00bb|0px||0px||\u00bb hover_enabled=\u00bb0&#8243; global_colors_info=\u00bb{}\u00bb text_text_color=\u00bb#FFFFFF\u00bb sticky_enabled=\u00bb0&#8243;]<\/p>\n<p>&#8211; Llevar repelente para mosquitos.<\/p>\n<p>&#8211; Portar bolsa de residuos.<\/p>\n<p>&#8211; Deben seguir las normas de conducta indicadas en el voucher.<\/p>\n<p>[\/et_pb_text][\/et_pb_column][\/et_pb_row][\/et_pb_section][et_pb_section fb_built=\u00bb1&#8243; _builder_version=\u00bb4.27.4&#8243; _module_preset=\u00bbdefault\u00bb background_color=\u00bbRGBA(255,255,255,0)\u00bb use_background_color_gradient=\u00bbon\u00bb background_color_gradient_stops=\u00bb#000a09 0%|rgba(255,255,255,0) 92%\u00bb background_image=\u00bbhttps:\/\/mza-dicaws-portal-uploads-media-prod.s3.amazonaws.com\/informacion-oficial\/uploads\/sites\/12\/2026\/01\/AMANECER-Div-Larg.png\u00bb background_blend=\u00bboverlay\u00bb background_enable_video_mp4=\u00bboff\u00bb background_video_width=\u00bb100%\u00bb background_video_height=\u00bb100%\u00bb module_alignment=\u00bbcenter\u00bb min_height=\u00bb39em\u00bb custom_margin=\u00bb3px||-2px||false|false\u00bb custom_padding=\u00bb0px||50px||false|false\u00bb locked=\u00bboff\u00bb global_colors_info=\u00bb{}\u00bb][et_pb_row _builder_version=\u00bb4.27.4&#8243; background_size=\u00bbinitial\u00bb background_position=\u00bbtop_left\u00bb background_repeat=\u00bbrepeat\u00bb max_width=\u00bb2560px\u00bb min_height=\u00bb117px\u00bb custom_margin=\u00bb|auto|-3px|auto||\u00bb custom_padding=\u00bb100px|||||\u00bb locked=\u00bboff\u00bb global_colors_info=\u00bb{}\u00bb][et_pb_column type=\u00bb4_4&#8243; _builder_version=\u00bb4.27.4&#8243; _module_preset=\u00bbdefault\u00bb global_colors_info=\u00bb{}\u00bb][et_pb_heading title=\u00bbGALER\u00cdA\u00bb admin_label=\u00bbFlora Nativa\u00bb module_id=\u00bbgaleria\u00bb _builder_version=\u00bb4.27.4&#8243; _module_preset=\u00bbdefault\u00bb title_level=\u00bbh2&#8243; title_font=\u00bb|300|||||||\u00bb title_text_align=\u00bbleft\u00bb title_text_color=\u00bbgcid-body-color\u00bb title_font_size=\u00bb40px\u00bb min_height=\u00bb39px\u00bb custom_margin=\u00bb||-1px|||\u00bb global_colors_info=\u00bb{%22gcid-body-color%22:%91%22title_text_color%22%93}\u00bb][\/et_pb_heading][\/et_pb_column][\/et_pb_row][et_pb_row _builder_version=\u00bb4.27.4&#8243; _module_preset=\u00bbdefault\u00bb max_width=\u00bb2560px\u00bb min_height=\u00bb245.5px\u00bb locked=\u00bboff\u00bb global_colors_info=\u00bb{}\u00bb][et_pb_column type=\u00bb4_4&#8243; _builder_version=\u00bb4.27.4&#8243; _module_preset=\u00bbdefault\u00bb global_colors_info=\u00bb{}\u00bb][et_pb_gallery gallery_ids=\u00bb6429,6430,6431,6432,6433,6434,6435,6436,6437,6438,6439,6440,6441,6442,6443,6444,6445&#8243; show_title_and_caption=\u00bboff\u00bb show_pagination=\u00bboff\u00bb _builder_version=\u00bb4.27.4&#8243; _module_preset=\u00bbdefault\u00bb title_font=\u00bb|300|||||||\u00bb title_font_size=\u00bb0px\u00bb caption_font=\u00bb|300|||||||\u00bb caption_text_align=\u00bbcenter\u00bb caption_font_size=\u00bb1px\u00bb caption_line_height=\u00bb1px\u00bb pagination_font=\u00bb|300|||||||\u00bb pagination_text_align=\u00bbcenter\u00bb pagination_font_size=\u00bb1rem\u00bb background_enable_color=\u00bboff\u00bb background_layout=\u00bbdark\u00bb width=\u00bb100%\u00bb max_width=\u00bb100%\u00bb module_alignment=\u00bbcenter\u00bb max_height=\u00bb616px\u00bb border_radii=\u00bbon|8px|8px|8px|8px\u00bb border_width_all=\u00bb4px\u00bb border_color_all=\u00bb#C8A977&#8243; border_radii_image=\u00bbon|8px|8px|8px|8px\u00bb global_colors_info=\u00bb{}\u00bb][\/et_pb_gallery][\/et_pb_column][\/et_pb_row][et_pb_row _builder_version=\u00bb4.27.4&#8243; _module_preset=\u00bbdefault\u00bb global_colors_info=\u00bb{}\u00bb][et_pb_column type=\u00bb4_4&#8243; _builder_version=\u00bb4.27.4&#8243; _module_preset=\u00bbdefault\u00bb global_colors_info=\u00bb{}\u00bb][\/et_pb_column][\/et_pb_row][\/et_pb_section]<\/p>\n","protected":false},"excerpt":{"rendered":"<p>Ubicaci\u00f3n:\u00a0Ruta Provincial N\u00ba 99 a 8 kms del micro-centro de la Ciudad de Mendoza (Circuito Papagayos) Altitud:\u00a01.050 m en la seccional de guardaparques \u2013 M\u00e1s de 1.200 m en el cerro Divisadero Largo Ecorregi\u00f3n:\u00a0Monte y Puna RECOMENDACIONES: Cada visitante desempe\u00f1a un papel decisivo en la conservaci\u00f3n del sitio y su correcto comportamiento permitir\u00e1 que otros [&hellip;]<\/p>\n","protected":false},"author":17,"featured_media":0,"parent":0,"menu_order":0,"comment_status":"closed","ping_status":"closed","template":"","meta":{"_et_pb_use_builder":"on","_et_pb_old_content":"","_et_gb_content_width":"","footnotes":""},"class_list":["post-5129","page","type-page","status-publish","hentry"],"_links":{"self":[{"href":"https:\/\/informacionoficial.mendoza.gob.ar\/energiayambiente\/wp-json\/wp\/v2\/pages\/5129","targetHints":{"allow":["GET"]}}],"collection":[{"href":"https:\/\/informacionoficial.mendoza.gob.ar\/energiayambiente\/wp-json\/wp\/v2\/pages"}],"about":[{"href":"https:\/\/informacionoficial.mendoza.gob.ar\/energiayambiente\/wp-json\/wp\/v2\/types\/page"}],"author":[{"embeddable":true,"href":"https:\/\/informacionoficial.mendoza.gob.ar\/energiayambiente\/wp-json\/wp\/v2\/users\/17"}],"replies":[{"embeddable":true,"href":"https:\/\/informacionoficial.mendoza.gob.ar\/energiayambiente\/wp-json\/wp\/v2\/comments?post=5129"}],"version-history":[{"count":23,"href":"https:\/\/informacionoficial.mendoza.gob.ar\/energiayambiente\/wp-json\/wp\/v2\/pages\/5129\/revisions"}],"predecessor-version":[{"id":6515,"href":"https:\/\/informacionoficial.mendoza.gob.ar\/energiayambiente\/wp-json\/wp\/v2\/pages\/5129\/revisions\/6515"}],"wp:attachment":[{"href":"https:\/\/informacionoficial.mendoza.gob.ar\/energiayambiente\/wp-json\/wp\/v2\/media?parent=5129"}],"curies":[{"name":"wp","href":"https:\/\/api.w.org\/{rel}","templated":true}]}}