{"id":5571,"date":"2025-11-17T12:02:16","date_gmt":"2025-11-17T15:02:16","guid":{"rendered":"https:\/\/informacionoficial.mendoza.gob.ar\/energiayambiente\/?page_id=5571"},"modified":"2025-12-18T12:42:02","modified_gmt":"2025-12-18T15:42:02","slug":"rsu-2","status":"publish","type":"page","link":"https:\/\/informacionoficial.mendoza.gob.ar\/energiayambiente\/rsu-2\/","title":{"rendered":"RSU"},"content":{"rendered":"<p>[et_pb_section fb_built=\u00bb1&#8243; _builder_version=\u00bb4.27.4&#8243; _module_preset=\u00bbdefault\u00bb custom_margin=\u00bb0px|0px|0px|0px|false|false\u00bb custom_padding=\u00bb0px|0px|0px|0px|false|false\u00bb global_colors_info=\u00bb{}\u00bb][et_pb_row column_structure=\u00bb2_5,3_5&#8243; use_custom_gutter=\u00bbon\u00bb gutter_width=\u00bb1&#8243; _builder_version=\u00bb4.27.4&#8243; _module_preset=\u00bbdefault\u00bb background_color=\u00bb#000000&#8243; width=\u00bb100%\u00bb max_width=\u00bb100%\u00bb height=\u00bb100%\u00bb max_height=\u00bb100%\u00bb custom_margin=\u00bb0px|0px|0px|0px|false|false\u00bb custom_padding=\u00bb0px|0px|0px|0px|false|false\u00bb global_colors_info=\u00bb{}\u00bb][et_pb_column type=\u00bb2_5&#8243; admin_label=\u00bbColumna\u00bb _builder_version=\u00bb4.27.4&#8243; _module_preset=\u00bbdefault\u00bb global_colors_info=\u00bb{}\u00bb][\/et_pb_column][et_pb_column type=\u00bb3_5&#8243; _builder_version=\u00bb4.27.4&#8243; _module_preset=\u00bbdefault\u00bb global_colors_info=\u00bb{}\u00bb][et_pb_social_media_follow _builder_version=\u00bb4.27.4&#8243; _module_preset=\u00bbdefault\u00bb text_orientation=\u00bbright\u00bb custom_margin=\u00bb0px|0px|0px|0px|false|false\u00bb custom_padding=\u00bb0.5rem|1rem|0px|0px|false|false\u00bb global_colors_info=\u00bb{}\u00bb][et_pb_social_media_follow_network social_network=\u00bbtwitter\u00bb url=\u00bbhttps:\/\/x.com\/energiayamb_mza?lang=es\u00bb icon_color=\u00bb#C8A977&#8243; use_icon_font_size=\u00bbon\u00bb icon_font_size=\u00bb14px\u00bb _builder_version=\u00bb4.27.4&#8243; _module_preset=\u00bbdefault\u00bb background_color=\u00bbRGBA(255,255,255,0)\u00bb background_enable_color=\u00bbon\u00bb border_radii=\u00bbon|5px|5px|5px|5px\u00bb border_color_all=\u00bb#C8A977&#8243; global_colors_info=\u00bb{}\u00bb follow_button=\u00bboff\u00bb url_new_window=\u00bbon\u00bb]X[\/et_pb_social_media_follow_network][et_pb_social_media_follow_network social_network=\u00bbinstagram\u00bb url=\u00bbhttps:\/\/www.instagram.com\/ambientemendoza\/?hl=es\u00bb icon_color=\u00bb#C8A977&#8243; use_icon_font_size=\u00bbon\u00bb icon_font_size=\u00bb14px\u00bb _builder_version=\u00bb4.27.4&#8243; _module_preset=\u00bbdefault\u00bb background_color=\u00bbRGBA(255,255,255,0)\u00bb background_enable_color=\u00bbon\u00bb border_radii=\u00bbon|5px|5px|5px|5px\u00bb border_color_all=\u00bb#C8A977&#8243; global_colors_info=\u00bb{}\u00bb follow_button=\u00bboff\u00bb url_new_window=\u00bbon\u00bb]instagram[\/et_pb_social_media_follow_network][et_pb_social_media_follow_network social_network=\u00bbyoutube\u00bb url=\u00bbhttps:\/\/www.youtube.com\/@ministerioenergiayambientemza\u00bb icon_color=\u00bb#C8A977&#8243; use_icon_font_size=\u00bbon\u00bb icon_font_size=\u00bb14px\u00bb _builder_version=\u00bb4.27.4&#8243; _module_preset=\u00bbdefault\u00bb background_color=\u00bbRGBA(255,255,255,0)\u00bb background_enable_color=\u00bbon\u00bb border_radii=\u00bbon|5px|5px|5px|5px\u00bb border_color_all=\u00bb#C8A977&#8243; global_colors_info=\u00bb{}\u00bb follow_button=\u00bboff\u00bb url_new_window=\u00bbon\u00bb]youtube[\/et_pb_social_media_follow_network][\/et_pb_social_media_follow][\/et_pb_column][\/et_pb_row][\/et_pb_section][et_pb_section fb_built=\u00bb1&#8243; _builder_version=\u00bb4.27.4&#8243; _module_preset=\u00bbdefault\u00bb custom_margin=\u00bb0px|0px|0px|0px|true|true\u00bb custom_padding=\u00bb0.5px|0px|0.5px|0px|true|true\u00bb global_colors_info=\u00bb{}\u00bb][et_pb_row column_structure=\u00bb3_4,1_4&#8243; _builder_version=\u00bb4.27.4&#8243; _module_preset=\u00bbdefault\u00bb width=\u00bb100%\u00bb max_width=\u00bb100%\u00bb custom_margin=\u00bb||||false|false\u00bb custom_padding=\u00bb|1em|0px|1em|false|true\u00bb custom_css_free_form=\u00bb.selector {||  display: none;||}||||@media (max-width: 980px) {||  .selector {||    display: block;||  }||}\u00bb global_colors_info=\u00bb{}\u00bb][et_pb_column type=\u00bb3_4&#8243; _builder_version=\u00bb4.27.4&#8243; _module_preset=\u00bbdefault\u00bb global_colors_info=\u00bb{}\u00bb][et_pb_image src=\u00bbhttps:\/\/mza-dicaws-portal-uploads-media-prod.s3.us-east-1.amazonaws.com\/informacion-oficial\/uploads\/sites\/12\/2025\/03\/marca_gov.png\u00bb title_text=\u00bbmarca_gov\u00bb url=\u00bbhttps:\/\/www.mendoza.gob.ar\/\u00bb _builder_version=\u00bb4.27.4&#8243; _module_preset=\u00bbdefault\u00bb z_index=\u00bb108&#8243; width=\u00bb40%\u00bb max_width=\u00bb40%\u00bb border_width_all=\u00bb0px\u00bb global_colors_info=\u00bb{}\u00bb][\/et_pb_image][\/et_pb_column][et_pb_column type=\u00bb1_4&#8243; _builder_version=\u00bb4.27.4&#8243; _module_preset=\u00bbdefault\u00bb global_colors_info=\u00bb{}\u00bb][et_pb_menu _builder_version=\u00bb4.27.4&#8243; _module_preset=\u00bbdefault\u00bb background_color=\u00bb#FFFFFF\u00bb positioning=\u00bbabsolute\u00bb position_origin_a=\u00bbtop_right\u00bb width_tablet=\u00bb\u00bb width_phone=\u00bb50%\u00bb width_last_edited=\u00bbon|phone\u00bb custom_margin=\u00bb-70px||||false|false\u00bb global_colors_info=\u00bb{}\u00bb][\/et_pb_menu][\/et_pb_column][\/et_pb_row][\/et_pb_section][et_pb_section fb_built=\u00bb1&#8243; _builder_version=\u00bb4.27.4&#8243; use_background_color_gradient=\u00bbon\u00bb background_color_gradient_direction=\u00bb1deg\u00bb background_color_gradient_stops=\u00bb#ffffff 6%|#000000 51%\u00bb background_image=\u00bbhttps:\/\/mza-dicaws-portal-uploads-media-prod.s3.amazonaws.com\/informacion-oficial\/uploads\/sites\/12\/2025\/11\/ecologia-mano-humana-sosteniendo-cosas-para-reciclar-scaled.jpg\u00bb background_blend=\u00bbscreen\u00bb width=\u00bb100%\u00bb min_height=\u00bb500px\u00bb custom_margin=\u00bb||-8px|||\u00bb custom_padding=\u00bb||0px|||\u00bb border_color_all=\u00bb#FFFFFF\u00bb global_colors_info=\u00bb{}\u00bb][et_pb_row _builder_version=\u00bb4.27.4&#8243; background_size=\u00bbinitial\u00bb background_position=\u00bbtop_left\u00bb background_repeat=\u00bbrepeat\u00bb custom_padding=\u00bb39px||0px|||\u00bb global_colors_info=\u00bb{}\u00bb][et_pb_column type=\u00bb4_4&#8243; _builder_version=\u00bb4.27.4&#8243; _module_preset=\u00bbdefault\u00bb global_colors_info=\u00bb{}\u00bb][et_pb_heading title=\u00bbResiduos S\u00f3lidos Urbanos\u00bb _builder_version=\u00bb4.27.4&#8243; _module_preset=\u00bbdefault\u00bb title_font=\u00bb|300|||||||\u00bb title_text_align=\u00bbcenter\u00bb title_text_color=\u00bb#666666&#8243; title_font_size=\u00bb3.5rem\u00bb min_height=\u00bb54px\u00bb custom_margin=\u00bb||-4px|||\u00bb custom_padding=\u00bb||3px|||\u00bb title_text_shadow_style=\u00bbpreset1&#8243; global_colors_info=\u00bb{}\u00bb][\/et_pb_heading][\/et_pb_column][\/et_pb_row][et_pb_row column_structure=\u00bb1_2,1_2&#8243; _builder_version=\u00bb4.27.4&#8243; _module_preset=\u00bbdefault\u00bb max_width=\u00bb2560px\u00bb custom_margin=\u00bb30px|auto||auto||\u00bb custom_padding=\u00bb||2px|||\u00bb global_colors_info=\u00bb{}\u00bb][et_pb_column type=\u00bb1_2&#8243; _builder_version=\u00bb4.27.4&#8243; _module_preset=\u00bbdefault\u00bb global_colors_info=\u00bb{}\u00bb][et_pb_blurb title=\u00bbRecorrido de la Ley\u00bb url=\u00bb#emisiones\u00bb use_icon=\u00bbon\u00bb font_icon=\u00bb&#xf24e;||fa||900&#8243; icon_color=\u00bb#000F9F\u00bb _builder_version=\u00bb4.27.4&#8243; _module_preset=\u00bbdefault\u00bb header_text_align=\u00bbcenter\u00bb header_text_color=\u00bb#00079E\u00bb body_text_color=\u00bbgcid-840cd285-ee6f-49c1-abc9-5e893f3235b8&#8243; custom_margin=\u00bb||10%||false|false\u00bb link_option_url=\u00bbhttps:\/\/www.mendoza.gov.ar\/cultura\/\u00bb locked=\u00bboff\u00bb global_colors_info=\u00bb{%22gcid-840cd285-ee6f-49c1-abc9-5e893f3235b8%22:%91%22body_text_color%22%93}\u00bb][\/et_pb_blurb][\/et_pb_column][et_pb_column type=\u00bb1_2&#8243; _builder_version=\u00bb4.27.4&#8243; _module_preset=\u00bbdefault\u00bb global_colors_info=\u00bb{}\u00bb][et_pb_blurb title=\u00bbAcci\u00f3n Ciudadana\u00bb url=\u00bb#accion\u00bb use_icon=\u00bbon\u00bb font_icon=\u00bb&#xf4ce;||fa||900&#8243; icon_color=\u00bb#000F9F\u00bb _builder_version=\u00bb4.27.4&#8243; _module_preset=\u00bbdefault\u00bb header_text_align=\u00bbcenter\u00bb header_text_color=\u00bb#00079E\u00bb body_text_color=\u00bbgcid-840cd285-ee6f-49c1-abc9-5e893f3235b8&#8243; custom_margin=\u00bb||10%||false|false\u00bb locked=\u00bboff\u00bb global_colors_info=\u00bb{%22gcid-840cd285-ee6f-49c1-abc9-5e893f3235b8%22:%91%22body_text_color%22,%22body_text_color%22,%22header_text_color%22%93}\u00bb][\/et_pb_blurb][\/et_pb_column][\/et_pb_row][\/et_pb_section][et_pb_section fb_built=\u00bb1&#8243; _builder_version=\u00bb4.27.4&#8243; background_color=\u00bbRGBA(255,255,255,0)\u00bb use_background_color_gradient=\u00bbon\u00bb background_color_gradient_stops=\u00bbrgba(255, 255, 255, 1) 8%|#ffffff 100%|#0a0000 100%\u00bb background_enable_image=\u00bboff\u00bb background_blend=\u00bbscreen\u00bb min_height=\u00bb590px\u00bb custom_margin=\u00bb3px|||||\u00bb custom_padding=\u00bb50px||1px|||\u00bb background_last_edited=\u00bbon|phone\u00bb use_background_color_gradient_phone=\u00bbon\u00bb background_color_gradient_stops_phone=\u00bb#ffffff 15%|#2079c1 100%\u00bb background_enable_image_phone=\u00bboff\u00bb background_size_phone=\u00bbinitial\u00bb global_colors_info=\u00bb{}\u00bb][et_pb_row module_id=\u00bbemisiones\u00bb _builder_version=\u00bb4.27.4&#8243; background_size=\u00bbinitial\u00bb background_position=\u00bbtop_left\u00bb background_repeat=\u00bbrepeat\u00bb max_width=\u00bb2560px\u00bb min_height=\u00bb117px\u00bb custom_margin=\u00bb|auto|-3px|auto||\u00bb custom_padding=\u00bb5px|||||\u00bb global_colors_info=\u00bb{}\u00bb][et_pb_column type=\u00bb4_4&#8243; _builder_version=\u00bb4.27.4&#8243; _module_preset=\u00bbdefault\u00bb global_colors_info=\u00bb{}\u00bb][et_pb_heading title=\u00bb\u00bfC\u00f3mo fue el recorrido de la nueva Ley? \u00bb admin_label=\u00bbFlora Nativa\u00bb module_id=\u00bbunidad\u00bb _builder_version=\u00bb4.27.4&#8243; _module_preset=\u00bbdefault\u00bb title_level=\u00bbh2&#8243; title_font=\u00bb|300|||||||\u00bb title_text_align=\u00bbleft\u00bb title_text_color=\u00bbgcid-body-color\u00bb title_font_size=\u00bb40px\u00bb min_height=\u00bb39px\u00bb custom_margin=\u00bb||-1px|||\u00bb global_colors_info=\u00bb{%22gcid-body-color%22:%91%22title_text_color%22%93}\u00bb][\/et_pb_heading][et_pb_text _builder_version=\u00bb4.27.4&#8243; _module_preset=\u00bbdefault\u00bb custom_margin=\u00bb29px||||false|false\u00bb global_colors_info=\u00bb{}\u00bb]<\/p>\n<p><span style=\"font-weight: 400\">Un proceso amplio, participativo y territorial que permiti\u00f3 construir una norma moderna, integral y leg\u00edtima para la gesti\u00f3n de los residuos s\u00f3lidos urbanos en toda la provincia.<\/span><\/p>\n<p>[\/et_pb_text][et_pb_image src=\u00bbhttps:\/\/mza-dicaws-portal-uploads-media-prod.s3.amazonaws.com\/informacion-oficial\/uploads\/sites\/12\/2025\/12\/grafico-RSU.jpeg\u00bb title_text=\u00bbgrafico RSU\u00bb _builder_version=\u00bb4.27.4&#8243; _module_preset=\u00bbdefault\u00bb hover_enabled=\u00bb0&#8243; global_colors_info=\u00bb{}\u00bb sticky_enabled=\u00bb0&#8243;][\/et_pb_image][\/et_pb_column][\/et_pb_row][et_pb_row module_id=\u00bbemisiones\u00bb _builder_version=\u00bb4.27.4&#8243; background_color=\u00bb#000f9f\u00bb background_size=\u00bbinitial\u00bb background_position=\u00bbtop_left\u00bb background_repeat=\u00bbrepeat\u00bb max_width=\u00bb2560px\u00bb min_height=\u00bb29px\u00bb custom_margin=\u00bb|auto|35px|auto||\u00bb custom_padding=\u00bb15px|20px|2px|20px|false|false\u00bb border_radii=\u00bbon|8px|8px|8px|8px\u00bb global_colors_info=\u00bb{}\u00bb][et_pb_column type=\u00bb4_4&#8243; _builder_version=\u00bb4.27.4&#8243; _module_preset=\u00bbdefault\u00bb global_colors_info=\u00bb{}\u00bb][et_pb_toggle title=\u00bbEtapa Consultiva\u00bb open_toggle_text_color=\u00bb#666666&#8243; open_toggle_background_color=\u00bb#ffffff\u00bb closed_toggle_background_color=\u00bbrgba(255,255,255,0)\u00bb icon_color=\u00bb#FFFFFF\u00bb toggle_icon=\u00bb&#x37;||divi||400&#8243; use_icon_font_size=\u00bbon\u00bb icon_font_size=\u00bb30px\u00bb open_icon_color=\u00bb#666666&#8243; open_toggle_icon=\u00bb&#x32;||divi||400&#8243; open_use_icon_font_size=\u00bbon\u00bb open_icon_font_size=\u00bb30px\u00bb _builder_version=\u00bb4.27.4&#8243; _module_preset=\u00bbdefault\u00bb title_text_color=\u00bb#FFFFFF\u00bb title_level=\u00bbh3&#8243; title_font=\u00bb|300|||||||\u00bb title_font_size=\u00bb1.5rem\u00bb background_color=\u00bbRGBA(255,255,255,0.65)\u00bb border_radii=\u00bbon|8px|8px|8px|8px\u00bb border_width_all=\u00bb2px\u00bb border_color_all=\u00bb#FFFFFF\u00bb global_colors_info=\u00bb{%22gcid-bb9c0857-25e3-4051-b4b2-87f09afe6b01%22:%91%22icon_color%22%93,%22gcid-53054839-b83d-4ef0-8659-8a010e6148fd%22:%91%22open_icon_color%22%93}\u00bb]<\/p>\n<p><span style=\"font-weight: 400\">Para iniciar la formulaci\u00f3n de la nueva Ley de Residuos S\u00f3lidos Urbanos, el equipo realiz\u00f3 un recorrido por los <\/span><b>18 municipios de Mendoza<\/b><span style=\"font-weight: 400\">, con el objetivo de conocer de primera mano la situaci\u00f3n local, las necesidades operativas y las prioridades de cada territorio.<\/span><\/p>\n<p><span style=\"font-weight: 400\">En una acci\u00f3n in\u00e9dita a nivel provincial, se llevaron adelante <\/span><b>instancias de consulta interjurisdiccional<\/b><span style=\"font-weight: 400\"> donde cada municipio pudo expresar los aspectos que consideraba esenciales para legislar sobre la materia. Todos los aportes fueron sistematizados e incorporados al primer borrador de la Ley.<\/span><\/p>\n<p><span style=\"font-weight: 400\">Las visitas se organizaron por regiones:<\/span><\/p>\n<ul>\n<li style=\"font-weight: 400\"><b>\u00c1rea Metropolitana:<\/b><span style=\"font-weight: 400\"> Ciudad de Mendoza, Las Heras, Lavalle, Guaymall\u00e9n, Maip\u00fa, Luj\u00e1n de Cuyo y Godoy Cruz.<\/span><\/li>\n<li style=\"font-weight: 400\"><b>Valle de Uco:<\/b><span style=\"font-weight: 400\"> San Carlos, Tupungato y Tunuy\u00e1n.<\/span><\/li>\n<li style=\"font-weight: 400\"><b>Zona Este:<\/b><span style=\"font-weight: 400\"> La Paz, Santa Rosa, Rivadavia, Jun\u00edn y San Mart\u00edn.<\/span><\/li>\n<li style=\"font-weight: 400\"><b>Zona Sur:<\/b><span style=\"font-weight: 400\"> San Rafael, General Alvear y Malarg\u00fce.<\/span><span style=\"font-weight: 400\"><\/span><\/li>\n<\/ul>\n<p><span style=\"font-weight: 400\">Esta etapa permiti\u00f3 construir una base s\u00f3lida de informaci\u00f3n territorial y garantizar que la legislaci\u00f3n refleje la diversidad y complejidad de toda la provincia.<\/span><\/p>\n<p>[\/et_pb_toggle][et_pb_gallery gallery_ids=\u00bb5892,5906,5908,5910,5907,5905,5904,5903,5902,5899,5900,5901,5909,5896,5898,5897,5891,5894,5895,5893&#8243; show_title_and_caption=\u00bboff\u00bb show_pagination=\u00bboff\u00bb _builder_version=\u00bb4.27.4&#8243; _module_preset=\u00bbdefault\u00bb min_height=\u00bb180.5px\u00bb border_radii=\u00bbon|5px|5px|5px|5px\u00bb global_colors_info=\u00bb{}\u00bb][\/et_pb_gallery][\/et_pb_column][\/et_pb_row][et_pb_row module_id=\u00bbemisiones\u00bb _builder_version=\u00bb4.27.4&#8243; background_color=\u00bb#000f9f\u00bb background_size=\u00bbinitial\u00bb background_position=\u00bbtop_left\u00bb background_repeat=\u00bbrepeat\u00bb max_width=\u00bb2560px\u00bb min_height=\u00bb117px\u00bb custom_margin=\u00bb|auto|35px|auto||\u00bb custom_padding=\u00bb15px|20px|20px|20px|false|false\u00bb border_radii=\u00bbon|8px|8px|8px|8px\u00bb global_colors_info=\u00bb{}\u00bb][et_pb_column type=\u00bb4_4&#8243; _builder_version=\u00bb4.27.4&#8243; _module_preset=\u00bbdefault\u00bb global_colors_info=\u00bb{}\u00bb][et_pb_toggle title=\u00bbEtapa Propositiva\u00bb open_toggle_text_color=\u00bb#666666&#8243; open_toggle_background_color=\u00bb#ffffff\u00bb closed_toggle_background_color=\u00bbrgba(255,255,255,0)\u00bb icon_color=\u00bb#FFFFFF\u00bb toggle_icon=\u00bb&#x37;||divi||400&#8243; use_icon_font_size=\u00bbon\u00bb icon_font_size=\u00bb30px\u00bb open_icon_color=\u00bb#666666&#8243; open_toggle_icon=\u00bb&#x32;||divi||400&#8243; open_use_icon_font_size=\u00bbon\u00bb open_icon_font_size=\u00bb30px\u00bb _builder_version=\u00bb4.27.4&#8243; _module_preset=\u00bbdefault\u00bb title_text_color=\u00bb#FFFFFF\u00bb title_level=\u00bbh3&#8243; title_font=\u00bb|300|||||||\u00bb title_font_size=\u00bb1.5rem\u00bb background_color=\u00bbRGBA(255,255,255,0.65)\u00bb border_radii=\u00bbon|8px|8px|8px|8px\u00bb border_width_all=\u00bb2px\u00bb border_color_all=\u00bb#FFFFFF\u00bb global_colors_info=\u00bb{%22gcid-bb9c0857-25e3-4051-b4b2-87f09afe6b01%22:%91%22icon_color%22,%22icon_color%22,%22icon_color%22%93,%22gcid-53054839-b83d-4ef0-8659-8a010e6148fd%22:%91%22open_icon_color%22,%22open_icon_color%22,%22open_icon_color%22%93}\u00bb]<\/p>\n<p><span style=\"font-weight: 400\">Con el borrador de la Ley ya elaborado \u2014e integrando los aportes recogidos en la etapa consultiva\u2014 se realiz\u00f3 una segunda instancia de trabajo con los municipios. En esta recorrida, el equipo t\u00e9cnico present\u00f3 el articulado <\/span><b>punto por punto<\/b><span style=\"font-weight: 400\">, abriendo nuevamente el espacio para observaciones y propuestas.<\/span><\/p>\n<p><span style=\"font-weight: 400\">Muchos de los aportes realizados en esta instancia fueron incorporados al texto definitivo de la Ley. Otros, por su car\u00e1cter operativo, fueron reservados para su inclusi\u00f3n en el <\/span><b>Decreto Reglamentario<\/b><span style=\"font-weight: 400\">, al referirse a procesos de implementaci\u00f3n y gesti\u00f3n territorial.<\/span><\/p>\n<p><span style=\"font-weight: 400\">Esta etapa reafirm\u00f3 el car\u00e1cter participativo del proceso y garantiz\u00f3 la legitimaci\u00f3n t\u00e9cnica de los gobiernos locales.<\/span><\/p>\n<p>[\/et_pb_toggle][et_pb_gallery gallery_ids=\u00bb5913,5914,5915,5916,5917,5918,5919&#8243; show_title_and_caption=\u00bboff\u00bb show_pagination=\u00bboff\u00bb _builder_version=\u00bb4.27.4&#8243; _module_preset=\u00bbdefault\u00bb border_radii=\u00bbon|5px|5px|5px|5px\u00bb global_colors_info=\u00bb{}\u00bb][\/et_pb_gallery][\/et_pb_column][\/et_pb_row][et_pb_row module_id=\u00bbemisiones\u00bb _builder_version=\u00bb4.27.4&#8243; background_color=\u00bb#000f9f\u00bb background_size=\u00bbinitial\u00bb background_position=\u00bbtop_left\u00bb background_repeat=\u00bbrepeat\u00bb max_width=\u00bb2560px\u00bb min_height=\u00bb117px\u00bb custom_margin=\u00bb|auto|35px|auto||\u00bb custom_padding=\u00bb15px|20px|20px|20px|false|false\u00bb border_radii=\u00bbon|8px|8px|8px|8px\u00bb global_colors_info=\u00bb{}\u00bb][et_pb_column type=\u00bb4_4&#8243; _builder_version=\u00bb4.27.4&#8243; _module_preset=\u00bbdefault\u00bb global_colors_info=\u00bb{}\u00bb][et_pb_toggle title=\u00bbEtapa de Debate Legislativo\u00bb open_toggle_text_color=\u00bb#666666&#8243; open_toggle_background_color=\u00bb#ffffff\u00bb closed_toggle_background_color=\u00bbrgba(255,255,255,0)\u00bb icon_color=\u00bb#FFFFFF\u00bb toggle_icon=\u00bb&#x37;||divi||400&#8243; use_icon_font_size=\u00bbon\u00bb icon_font_size=\u00bb30px\u00bb open_icon_color=\u00bb#666666&#8243; open_toggle_icon=\u00bb&#x32;||divi||400&#8243; open_use_icon_font_size=\u00bbon\u00bb open_icon_font_size=\u00bb30px\u00bb _builder_version=\u00bb4.27.4&#8243; _module_preset=\u00bbdefault\u00bb title_text_color=\u00bb#FFFFFF\u00bb title_level=\u00bbh3&#8243; title_font=\u00bb|300|||||||\u00bb title_font_size=\u00bb1.5rem\u00bb background_color=\u00bbRGBA(255,255,255,0.65)\u00bb border_radii=\u00bbon|8px|8px|8px|8px\u00bb border_width_all=\u00bb2px\u00bb border_color_all=\u00bb#FFFFFF\u00bb global_colors_info=\u00bb{%22gcid-bb9c0857-25e3-4051-b4b2-87f09afe6b01%22:%91%22icon_color%22,%22icon_color%22%93,%22gcid-53054839-b83d-4ef0-8659-8a010e6148fd%22:%91%22open_icon_color%22,%22open_icon_color%22%93}\u00bb]<\/p>\n<p><span style=\"font-weight: 400\">La Ley GIRSU fue presentada en la Legislatura provincial en <\/span><b>junio de 2025<\/b><span style=\"font-weight: 400\"> por la Ministra de Energ\u00eda y Ambiente. El equipo t\u00e9cnico acompa\u00f1\u00f3 el proceso para exponer el contenido normativo, la metodolog\u00eda de trabajo interjurisdiccional y los fundamentos del proyecto.<\/span><\/p>\n<p><span style=\"font-weight: 400\">Durante su tratamiento en ambas C\u00e1maras se destac\u00f3:<\/span><\/p>\n<ul>\n<li style=\"font-weight: 400\"><span style=\"font-weight: 400\">La <\/span><b>construcci\u00f3n colectiva<\/b><span style=\"font-weight: 400\"> del instrumento legal y la amplia participaci\u00f3n municipal.<\/span><\/li>\n<li style=\"font-weight: 400\"><span style=\"font-weight: 400\">La promoci\u00f3n de la <\/span><b>asociatividad entre municipios<\/b><span style=\"font-weight: 400\"> mediante consorcios o agencias interjurisdiccionales.<\/span><\/li>\n<li style=\"font-weight: 400\"><span style=\"font-weight: 400\">El impulso a la <\/span><b>separaci\u00f3n en origen<\/b><span style=\"font-weight: 400\"> y las estrategias de educaci\u00f3n ambiental en toda la provincia.<\/span><\/li>\n<li style=\"font-weight: 400\"><span style=\"font-weight: 400\">La centralidad de la <\/span><b>Econom\u00eda Circular<\/b><span style=\"font-weight: 400\"> y la creaci\u00f3n de unidades de rentabilidad a partir de residuos recuperables.<\/span><\/li>\n<li style=\"font-weight: 400\"><span style=\"font-weight: 400\">La incorporaci\u00f3n de un <\/span><b>software de trazabilidad<\/b><span style=\"font-weight: 400\"> para registrar generadores, transportistas y operadores.<\/span><\/li>\n<li style=\"font-weight: 400\"><span style=\"font-weight: 400\">La estructuraci\u00f3n del <\/span><b>Plan Provincial de RSU<\/b><span style=\"font-weight: 400\"> y los <\/span><b>Planes Municipales e Interjurisdiccionales<\/b><span style=\"font-weight: 400\">.<\/span><\/li>\n<li style=\"font-weight: 400\"><span style=\"font-weight: 400\">Los lineamientos de financiamiento para municipios y consorcios.<\/span><\/li>\n<li style=\"font-weight: 400\"><span style=\"font-weight: 400\">Las estrategias para el <\/span><b>cierre progresivo y remediaci\u00f3n de basurales a cielo abierto<\/b><span style=\"font-weight: 400\">.<\/span><\/li>\n<li style=\"font-weight: 400\"><span style=\"font-weight: 400\">Las medidas para la <\/span><b>formalizaci\u00f3n e integraci\u00f3n laboral<\/b><span style=\"font-weight: 400\"> de los recuperadores urbanos.<\/span><\/li>\n<li style=\"font-weight: 400\"><span style=\"font-weight: 400\">Las pautas de control para minimizar impactos negativos asociados a la gesti\u00f3n de residuos.<\/span><\/li>\n<\/ul>\n<p><span style=\"font-weight: 400\">El proyecto obtuvo sanci\u00f3n en ambas C\u00e1maras y la Ley fue posteriormente promulgada.<\/span><\/p>\n<p>[\/et_pb_toggle][et_pb_gallery gallery_ids=\u00bb5925,5922,5920,5921,5924,5923&#8243; show_title_and_caption=\u00bboff\u00bb show_pagination=\u00bboff\u00bb _builder_version=\u00bb4.27.4&#8243; _module_preset=\u00bbdefault\u00bb min_height=\u00bb180.5px\u00bb border_radii=\u00bbon|5px|5px|5px|5px\u00bb global_colors_info=\u00bb{}\u00bb][\/et_pb_gallery][\/et_pb_column][\/et_pb_row][et_pb_row module_id=\u00bbemisiones\u00bb _builder_version=\u00bb4.27.4&#8243; background_color=\u00bb#000f9f\u00bb background_size=\u00bbinitial\u00bb background_position=\u00bbtop_left\u00bb background_repeat=\u00bbrepeat\u00bb max_width=\u00bb2560px\u00bb min_height=\u00bb117px\u00bb custom_margin=\u00bb|auto|-3px|auto||\u00bb custom_padding=\u00bb15px|20px|20px|20px|false|false\u00bb border_radii=\u00bbon|8px|8px|8px|8px\u00bb global_colors_info=\u00bb{}\u00bb][et_pb_column type=\u00bb4_4&#8243; _builder_version=\u00bb4.27.4&#8243; _module_preset=\u00bbdefault\u00bb global_colors_info=\u00bb{}\u00bb][et_pb_toggle title=\u00bbEtapa de Elaboraci\u00f3n del Decreto Reglamentario\u00bb open_toggle_text_color=\u00bb#666666&#8243; open_toggle_background_color=\u00bb#ffffff\u00bb closed_toggle_background_color=\u00bbrgba(255,255,255,0)\u00bb icon_color=\u00bb#FFFFFF\u00bb toggle_icon=\u00bb&#x37;||divi||400&#8243; use_icon_font_size=\u00bbon\u00bb icon_font_size=\u00bb30px\u00bb open_icon_color=\u00bb#666666&#8243; open_toggle_icon=\u00bb&#x32;||divi||400&#8243; open_use_icon_font_size=\u00bbon\u00bb open_icon_font_size=\u00bb30px\u00bb _builder_version=\u00bb4.27.4&#8243; _module_preset=\u00bbdefault\u00bb title_text_color=\u00bb#FFFFFF\u00bb title_level=\u00bbh3&#8243; title_font=\u00bb|300|||||||\u00bb title_font_size=\u00bb1.5rem\u00bb background_color=\u00bbRGBA(255,255,255,0.65)\u00bb border_radii=\u00bbon|8px|8px|8px|8px\u00bb border_width_all=\u00bb2px\u00bb border_color_all=\u00bb#FFFFFF\u00bb global_colors_info=\u00bb{%22gcid-bb9c0857-25e3-4051-b4b2-87f09afe6b01%22:%91%22icon_color%22,%22icon_color%22%93,%22gcid-53054839-b83d-4ef0-8659-8a010e6148fd%22:%91%22open_icon_color%22,%22open_icon_color%22%93}\u00bb]<\/p>\n<p><span style=\"font-weight: 400\">Actualmente, el equipo t\u00e9cnico se encuentra en el proceso de redacci\u00f3n del <\/span><b>Decreto Reglamentario de la Ley 9.659\/25<\/b><span style=\"font-weight: 400\">, que permitir\u00e1 operacionalizar sus lineamientos en todo el territorio provincial.<\/span><\/p>\n<p><span style=\"font-weight: 400\">Este trabajo se desarrolla de manera <\/span><b>interministerial e interjurisdiccional<\/b><span style=\"font-weight: 400\">, asegurando coherencia institucional, articulaci\u00f3n con los municipios y una mirada territorial integral.<\/span><\/p>\n<p><span style=\"font-weight: 400\">Una vez finalizado el borrador preliminar del decreto, se realizar\u00e1 una nueva ronda de trabajo con las cuatro regiones de la provincia para <\/span><b>validar, ajustar y consensuar<\/b><span style=\"font-weight: 400\"> los mecanismos de implementaci\u00f3n junto a los Gobiernos Locales.<\/span><\/p>\n<p>[\/et_pb_toggle][\/et_pb_column][\/et_pb_row][et_pb_row column_structure=\u00bb2_5,3_5&#8243; _builder_version=\u00bb4.27.4&#8243; _module_preset=\u00bbdefault\u00bb max_width=\u00bb2560px\u00bb custom_margin=\u00bb30px|auto||auto||\u00bb custom_padding=\u00bb||2px|||\u00bb global_colors_info=\u00bb{}\u00bb][et_pb_column type=\u00bb2_5&#8243; _builder_version=\u00bb4.27.4&#8243; _module_preset=\u00bbdefault\u00bb global_colors_info=\u00bb{}\u00bb][et_pb_text _builder_version=\u00bb4.27.4&#8243; _module_preset=\u00bbdefault\u00bb custom_margin=\u00bb29px||||false|false\u00bb global_colors_info=\u00bb{}\u00bb]<\/p>\n<h2><b>Cooperativas de Recuperadores Urbanos<\/b><\/h2>\n<p><span style=\"font-weight: 400\">En paralelo a la formulaci\u00f3n del decreto, la Coordinaci\u00f3n de Sostenibilidad trabaja activamente con las <\/span><b>Cooperativas de Recuperadores Urbanos<\/b><span style=\"font-weight: 400\"> y con los municipios donde desarrollan sus actividades.<\/span><span style=\"font-weight: 400\">El objetivo es reconocer sus capacidades, fortalecer sus procesos y avanzar en su <\/span><b>formalizaci\u00f3n e integraci\u00f3n<\/b><span style=\"font-weight: 400\"> dentro del sistema provincial de gesti\u00f3n de RSU.<\/span><\/p>\n<p><span style=\"font-weight: 400\">Entre las acciones realizadas se destacan:<\/span><\/p>\n<ul>\n<li style=\"font-weight: 400\"><span style=\"font-weight: 400\">Encuentros de Cooperativas y representantes municipales para visibilizar el trabajo que realizan en cada departamento.\u00a0<\/span><\/li>\n<ul>\n<li style=\"font-weight: 400\"><span style=\"font-weight: 400\">Encuentro de Cooperativas y Municipios del Metropolitana<\/span><span style=\"font-weight: 400\"><\/span><\/li>\n<li style=\"font-weight: 400\"><span style=\"font-weight: 400\">Encuentro con el consorcio del Valle de Uco: COINCE<\/span><\/li>\n<li style=\"font-weight: 400\"><span style=\"font-weight: 400\">Encuentro con el consorcio de Zona Este: COINES<\/span><\/li>\n<li style=\"font-weight: 400\"><span style=\"font-weight: 400\">Encuentro en la regi\u00f3n Sur <\/span><\/li>\n<\/ul>\n<li>\n<p>Presentaci\u00f3n del Programa de Integraci\u00f3n de Recuperadores Urbanos, junto con diversos proyectos y l\u00edneas de acci\u00f3n de la Coordinaci\u00f3n de Sostenibilidad orientados a fortalecer su rol en la recuperaci\u00f3n de materiales secos y en el ciclo completo de gesti\u00f3n de residuos.<\/p>\n<p>Estamos consolidando un enfoque integral, territorial y sostenible para el sistema GIRSU.<\/p>\n<\/li>\n<\/ul>\n<p>&nbsp;<\/p>\n<p>[\/et_pb_text][\/et_pb_column][et_pb_column type=\u00bb3_5&#8243; _builder_version=\u00bb4.27.4&#8243; _module_preset=\u00bbdefault\u00bb global_colors_info=\u00bb{}\u00bb][et_pb_gallery gallery_ids=\u00bb5589,5590,5591,5592,5593,5594,5595,5596&#8243; show_title_and_caption=\u00bboff\u00bb _builder_version=\u00bb4.27.4&#8243; _module_preset=\u00bbdefault\u00bb global_colors_info=\u00bb{}\u00bb][\/et_pb_gallery][\/et_pb_column][\/et_pb_row][\/et_pb_section][et_pb_section fb_built=\u00bb1&#8243; module_id=\u00bbaccion\u00bb _builder_version=\u00bb4.27.4&#8243; background_color=\u00bb#FFFFFF\u00bb background_enable_image=\u00bboff\u00bb background_blend=\u00bbscreen\u00bb min_height=\u00bb590px\u00bb custom_margin=\u00bb3px|||||\u00bb custom_padding=\u00bb50px||1px|||\u00bb background_last_edited=\u00bbon|phone\u00bb use_background_color_gradient_phone=\u00bbon\u00bb background_color_gradient_stops_phone=\u00bb#ffffff 15%|#2079c1 100%\u00bb background_enable_image_phone=\u00bboff\u00bb background_size_phone=\u00bbinitial\u00bb global_colors_info=\u00bb{}\u00bb][et_pb_row module_id=\u00bbemisiones\u00bb _builder_version=\u00bb4.27.4&#8243; background_size=\u00bbinitial\u00bb background_position=\u00bbtop_left\u00bb background_repeat=\u00bbrepeat\u00bb max_width=\u00bb2560px\u00bb min_height=\u00bb117px\u00bb custom_margin=\u00bb|auto|-3px|auto||\u00bb custom_padding=\u00bb5px|||||\u00bb global_colors_info=\u00bb{}\u00bb][et_pb_column type=\u00bb4_4&#8243; _builder_version=\u00bb4.27.4&#8243; _module_preset=\u00bbdefault\u00bb global_colors_info=\u00bb{}\u00bb][et_pb_heading title=\u00bbSepar\u00e1 + Vinculate + Transform\u00e1 \u00bb admin_label=\u00bbFlora Nativa\u00bb module_id=\u00bbemisionesGEI\u00bb _builder_version=\u00bb4.27.4&#8243; _module_preset=\u00bbdefault\u00bb title_level=\u00bbh2&#8243; title_font=\u00bb|300|||||||\u00bb title_text_align=\u00bbleft\u00bb title_text_color=\u00bbgcid-body-color\u00bb title_font_size=\u00bb40px\u00bb min_height=\u00bb39px\u00bb custom_margin=\u00bb||-1px|||\u00bb global_colors_info=\u00bb{%22gcid-body-color%22:%91%22title_text_color%22%93}\u00bb][\/et_pb_heading][\/et_pb_column][\/et_pb_row][et_pb_row column_structure=\u00bb1_3,2_3&#8243; _builder_version=\u00bb4.27.4&#8243; _module_preset=\u00bbdefault\u00bb max_width=\u00bb2649px\u00bb global_colors_info=\u00bb{}\u00bb][et_pb_column type=\u00bb1_3&#8243; _builder_version=\u00bb4.27.4&#8243; _module_preset=\u00bbdefault\u00bb global_colors_info=\u00bb{}\u00bb][et_pb_icon font_icon=\u00bb&#xe042;||divi||400&#8243; icon_color=\u00bb#3cb4e5&#8243; icon_width=\u00bb200px\u00bb _builder_version=\u00bb4.27.4&#8243; _module_preset=\u00bbdefault\u00bb custom_margin=\u00bb-31px|||||\u00bb custom_padding=\u00bb|0px||||\u00bb global_colors_info=\u00bb{}\u00bb][\/et_pb_icon][\/et_pb_column][et_pb_column type=\u00bb2_3&#8243; _builder_version=\u00bb4.27.4&#8243; _module_preset=\u00bbdefault\u00bb global_colors_info=\u00bb{}\u00bb][et_pb_text _builder_version=\u00bb4.27.4&#8243; _module_preset=\u00bbdefault\u00bb text_text_color=\u00bbgcid-840cd285-ee6f-49c1-abc9-5e893f3235b8&#8243; header_4_font=\u00bb|300|||||||\u00bb header_4_text_color=\u00bbgcid-840cd285-ee6f-49c1-abc9-5e893f3235b8&#8243; width=\u00bb100%\u00bb custom_padding=\u00bb|34px||0px||\u00bb global_colors_info=\u00bb{%22gcid-840cd285-ee6f-49c1-abc9-5e893f3235b8%22:%91%22text_text_color%22,%22header_4_text_color%22%93}\u00bb]<\/p>\n<ol>\n<li><b> Separ\u00e1<\/b><\/li>\n<\/ol>\n<p><span style=\"font-weight: 400\">La separaci\u00f3n en origen es el primer paso para reducir lo que llega a disposici\u00f3n final y para que m\u00e1s materiales puedan volver a la econom\u00eda como recursos.<\/span><\/p>\n<p>&nbsp;<\/p>\n<p>[\/et_pb_text][\/et_pb_column][\/et_pb_row][et_pb_row column_structure=\u00bb1_2,1_2&#8243; _builder_version=\u00bb4.27.4&#8243; _module_preset=\u00bbdefault\u00bb max_width=\u00bb2560px\u00bb custom_padding=\u00bb||2px|||\u00bb global_colors_info=\u00bb{}\u00bb][et_pb_column type=\u00bb1_2&#8243; _builder_version=\u00bb4.27.4&#8243; _module_preset=\u00bbdefault\u00bb global_colors_info=\u00bb{}\u00bb][et_pb_toggle title=\u00bb\ud83d\udce6 Residuos Secos (reciclables)\u00bb icon_color=\u00bbgcid-bb9c0857-25e3-4051-b4b2-87f09afe6b01&#8243; open_icon_color=\u00bbgcid-53054839-b83d-4ef0-8659-8a010e6148fd\u00bb _builder_version=\u00bb4.27.4&#8243; _module_preset=\u00bbdefault\u00bb title_level=\u00bbh3&#8243; title_font=\u00bb|300|||||||\u00bb title_font_size=\u00bb1.5rem\u00bb background_color=\u00bbRGBA(255,255,255,0.65)\u00bb border_radii=\u00bbon|8px|8px|8px|8px\u00bb global_colors_info=\u00bb{%22gcid-bb9c0857-25e3-4051-b4b2-87f09afe6b01%22:%91%22icon_color%22%93,%22gcid-53054839-b83d-4ef0-8659-8a010e6148fd%22:%91%22open_icon_color%22%93}\u00bb]<\/p>\n<p><span style=\"font-weight: 400\">Limpios, secos y compactados.<\/span><\/p>\n<ul>\n<li style=\"font-weight: 400\"><span style=\"font-weight: 400\">Incluyen:<\/span><\/li>\n<li style=\"font-weight: 400\"><span style=\"font-weight: 400\">Pl\u00e1sticos (botellas, envases, tapitas, bolsas gruesas)<\/span><\/li>\n<li style=\"font-weight: 400\"><span style=\"font-weight: 400\">Papel y cart\u00f3n<\/span><\/li>\n<li style=\"font-weight: 400\"><span style=\"font-weight: 400\">Vidrio<\/span><\/li>\n<li style=\"font-weight: 400\"><span style=\"font-weight: 400\">Metales (latas de aluminio o acero)<\/span><\/li>\n<li style=\"font-weight: 400\"><span style=\"font-weight: 400\">Tetra Pak<\/span><\/li>\n<\/ul>\n<p>[\/et_pb_toggle][\/et_pb_column][et_pb_column type=\u00bb1_2&#8243; _builder_version=\u00bb4.27.4&#8243; _module_preset=\u00bbdefault\u00bb global_colors_info=\u00bb{}\u00bb][et_pb_toggle title=\u00bb\ud83d\uddd1\ufe0f Residuos H\u00famedos (org\u00e1nicos y restos no reciclables)\u00bb icon_color=\u00bbgcid-bb9c0857-25e3-4051-b4b2-87f09afe6b01&#8243; open_icon_color=\u00bbgcid-53054839-b83d-4ef0-8659-8a010e6148fd\u00bb _builder_version=\u00bb4.27.4&#8243; _module_preset=\u00bbdefault\u00bb title_level=\u00bbh3&#8243; title_font=\u00bb|300|||||||\u00bb title_font_size=\u00bb1.5rem\u00bb background_color=\u00bbRGBA(255,255,255,0.65)\u00bb border_radii=\u00bbon|8px|8px|8px|8px\u00bb global_colors_info=\u00bb{%22gcid-bb9c0857-25e3-4051-b4b2-87f09afe6b01%22:%91%22icon_color%22%93,%22gcid-53054839-b83d-4ef0-8659-8a010e6148fd%22:%91%22open_icon_color%22%93}\u00bb]<\/p>\n<p><span style=\"font-weight: 400\">Incluyen:<\/span><\/p>\n<ul>\n<li style=\"font-weight: 400\"><span style=\"font-weight: 400\">Restos de comida<\/span><\/li>\n<li style=\"font-weight: 400\"><span style=\"font-weight: 400\">Yerba, caf\u00e9, c\u00e1scaras<\/span><\/li>\n<li style=\"font-weight: 400\"><span style=\"font-weight: 400\">Servilletas y papeles sucios<\/span><\/li>\n<li style=\"font-weight: 400\"><span style=\"font-weight: 400\">Residuos no recuperables<\/span><\/li>\n<\/ul>\n<p>[\/et_pb_toggle][\/et_pb_column][\/et_pb_row][et_pb_row column_structure=\u00bb1_3,2_3&#8243; _builder_version=\u00bb4.27.4&#8243; _module_preset=\u00bbdefault\u00bb max_width=\u00bb2649px\u00bb custom_margin=\u00bb57px||||false|false\u00bb global_colors_info=\u00bb{}\u00bb][et_pb_column type=\u00bb1_3&#8243; _builder_version=\u00bb4.27.4&#8243; _module_preset=\u00bbdefault\u00bb global_colors_info=\u00bb{}\u00bb][et_pb_icon font_icon=\u00bb&#xe068;||fa||900&#8243; icon_color=\u00bb#3cb4e5&#8243; icon_width=\u00bb200px\u00bb _builder_version=\u00bb4.27.4&#8243; _module_preset=\u00bbdefault\u00bb custom_margin=\u00bb34px||||false|false\u00bb custom_padding=\u00bb|0px||||\u00bb global_colors_info=\u00bb{}\u00bb][\/et_pb_icon][\/et_pb_column][et_pb_column type=\u00bb2_3&#8243; _builder_version=\u00bb4.27.4&#8243; _module_preset=\u00bbdefault\u00bb global_colors_info=\u00bb{}\u00bb][et_pb_text _builder_version=\u00bb4.27.4&#8243; _module_preset=\u00bbdefault\u00bb text_text_color=\u00bbgcid-840cd285-ee6f-49c1-abc9-5e893f3235b8&#8243; header_4_font=\u00bb|300|||||||\u00bb header_4_text_color=\u00bbgcid-840cd285-ee6f-49c1-abc9-5e893f3235b8&#8243; width=\u00bb100%\u00bb custom_padding=\u00bb|34px||0px||\u00bb global_colors_info=\u00bb{%22gcid-840cd285-ee6f-49c1-abc9-5e893f3235b8%22:%91%22text_text_color%22,%22header_4_text_color%22%93}\u00bb]<\/p>\n<ol><\/ol>\n<ol start=\"2\">\n<li><b> Vinculate<\/b><\/li>\n<\/ol>\n<p>&nbsp;<\/p>\n<p><span style=\"font-weight: 400\">Separar tambi\u00e9n es conectar con el sistema de gesti\u00f3n de tu ciudad y con quienes recuperan materiales todos los d\u00edas.<\/span><\/p>\n<p><span style=\"font-weight: 400\"><\/span><\/p>\n<ul>\n<li style=\"font-weight: 400\"><span style=\"font-weight: 400\">Busc\u00e1 tu Punto Verde, Centro Verde, o contenedor de reciclables m\u00e1s cercano.<\/span><\/li>\n<li style=\"font-weight: 400\"><span style=\"font-weight: 400\">Conoc\u00e9 a las Cooperativas de Recuperadores Urbanos que trabajan en tu municipio y qu\u00e9 materiales reciben.<\/span><\/li>\n<li style=\"font-weight: 400\"><span style=\"font-weight: 400\">Sumate a campa\u00f1as de reciclaje, compostaje o limpieza comunitaria.<\/span><\/li>\n<\/ul>\n<p><span style=\"font-weight: 400\">La Ley GIRSU impulsa el fortalecimiento de estos actores. Tu v\u00ednculo directo mejora la calidad del material recuperado y genera trabajo formal y digno.<\/span><\/p>\n<p>&nbsp;<\/p>\n<p>[\/et_pb_text][\/et_pb_column][\/et_pb_row][et_pb_row column_structure=\u00bb1_3,2_3&#8243; _builder_version=\u00bb4.27.4&#8243; _module_preset=\u00bbdefault\u00bb max_width=\u00bb2649px\u00bb global_colors_info=\u00bb{}\u00bb][et_pb_column type=\u00bb1_3&#8243; _builder_version=\u00bb4.27.4&#8243; _module_preset=\u00bbdefault\u00bb global_colors_info=\u00bb{}\u00bb][et_pb_icon font_icon=\u00bb&#xf1b8;||fa||900&#8243; icon_color=\u00bb#3cb4e5&#8243; icon_width=\u00bb200px\u00bb _builder_version=\u00bb4.27.4&#8243; _module_preset=\u00bbdefault\u00bb custom_margin=\u00bb74px||||false|false\u00bb custom_padding=\u00bb|0px||||\u00bb global_colors_info=\u00bb{}\u00bb][\/et_pb_icon][\/et_pb_column][et_pb_column type=\u00bb2_3&#8243; _builder_version=\u00bb4.27.4&#8243; _module_preset=\u00bbdefault\u00bb global_colors_info=\u00bb{}\u00bb][et_pb_text _builder_version=\u00bb4.27.4&#8243; _module_preset=\u00bbdefault\u00bb text_text_color=\u00bbgcid-840cd285-ee6f-49c1-abc9-5e893f3235b8&#8243; header_4_font=\u00bb|300|||||||\u00bb header_4_text_color=\u00bbgcid-840cd285-ee6f-49c1-abc9-5e893f3235b8&#8243; width=\u00bb100%\u00bb custom_padding=\u00bb|34px||0px||\u00bb global_colors_info=\u00bb{%22gcid-840cd285-ee6f-49c1-abc9-5e893f3235b8%22:%91%22text_text_color%22,%22header_4_text_color%22%93}\u00bb]<\/p>\n<ol start=\"3\">\n<li><b> Transform\u00e1<\/b><\/li>\n<\/ol>\n<p><span style=\"font-weight: 400\">Cuando separ\u00e1s, los residuos dejan de ser basura y pasan a convertirse en nuevos recursos, potenciando la econom\u00eda circular en Mendoza.<\/span><\/p>\n<p><span style=\"font-weight: 400\">\u00bfQu\u00e9 logramos?<\/span><\/p>\n<p><span style=\"font-weight: 400\">\u2705 Menos residuos enviados a disposici\u00f3n final<\/span><\/p>\n<p><span style=\"font-weight: 400\">\u2705 M\u00e1s materiales reciclados y reinsertados en cadenas productivas<\/span><\/p>\n<p><span style=\"font-weight: 400\">\u2705 Menos impacto ambiental<\/span><\/p>\n<p><span style=\"font-weight: 400\">\u2705 Mayor trabajo para recuperadores urbanos<\/span><\/p>\n<p><span style=\"font-weight: 400\">\u2705 Municipios m\u00e1s limpios y eficientes<\/span><\/p>\n<p><span style=\"font-weight: 400\">Peque\u00f1as acciones repetidas por miles de personas tienen un impacto enorme en la gesti\u00f3n integral de residuos.<\/span><\/p>\n<p>[\/et_pb_text][\/et_pb_column][\/et_pb_row][\/et_pb_section][et_pb_section fb_built=\u00bb1&#8243; _builder_version=\u00bb4.27.4&#8243; _module_preset=\u00bbdefault\u00bb min_height=\u00bb338.6px\u00bb global_colors_info=\u00bb{}\u00bb][et_pb_row _builder_version=\u00bb4.27.4&#8243; _module_preset=\u00bbdefault\u00bb width=\u00bb100%\u00bb global_colors_info=\u00bb{}\u00bb][et_pb_column type=\u00bb4_4&#8243; _builder_version=\u00bb4.27.4&#8243; _module_preset=\u00bbdefault\u00bb global_colors_info=\u00bb{}\u00bb][et_pb_cta title=\u00bbContacto\u00bb button_text=\u00bbClics\u00bb _builder_version=\u00bb4.27.4&#8243; _module_preset=\u00bbdefault\u00bb background_color=\u00bbrgba(0,15,159,0.75)\u00bb min_height=\u00bb125.4px\u00bb custom_margin=\u00bb1px|||||\u00bb custom_padding=\u00bb25px||3px|||\u00bb border_radii=\u00bbon|8px|8px|8px|8px\u00bb global_colors_info=\u00bb{}\u00bb]<\/p>\n<p><strong>Coordinadora<\/strong><br \/>Ing. Carla Ortega<\/p>\n<p><span style=\"color: #3cb4e5\"><a href=\"https:\/\/www.mendoza.gov.ar\/energiayambiente\/coordinacion-de-sostenibilidad\/coordinaciondesostenibilidad@mendoza.gov.ar\" style=\"color: #3cb4e5\"><strong>coordinaciondesostenibilidad@mendoza.gov.ar<\/strong><\/a><\/span><\/p>\n<p>[\/et_pb_cta][\/et_pb_column][\/et_pb_row][\/et_pb_section][et_pb_section fb_built=\u00bb1&#8243; _builder_version=\u00bb4.27.4&#8243; _module_preset=\u00bbdefault\u00bb background_color=\u00bb#3CB4E5&#8243; custom_margin=\u00bb0px||0px||false|false\u00bb custom_padding=\u00bb0px||0px||false|false\u00bb global_colors_info=\u00bb{}\u00bb][et_pb_row use_custom_gutter=\u00bbon\u00bb gutter_width=\u00bb1&#8243; _builder_version=\u00bb4.27.4&#8243; _module_preset=\u00bbdefault\u00bb background_color=\u00bb#3CB4E5&#8243; width=\u00bbauto\u00bb max_width=\u00bb100%\u00bb module_alignment=\u00bbcenter\u00bb custom_margin=\u00bb0px|0px|0px|0px|false|false\u00bb custom_padding=\u00bb1em|0px|1em|0px|false|false\u00bb link_option_url=\u00bb#\u00bb global_colors_info=\u00bb{}\u00bb][et_pb_column type=\u00bb4_4&#8243; _builder_version=\u00bb4.27.4&#8243; _module_preset=\u00bbdefault\u00bb global_colors_info=\u00bb{}\u00bb][et_pb_text _builder_version=\u00bb4.27.4&#8243; _module_preset=\u00bbdefault\u00bb text_font=\u00bb|700|||||||\u00bb text_text_color=\u00bb#FFFFFF\u00bb text_font_size=\u00bb16px\u00bb header_text_align=\u00bbcenter\u00bb text_orientation=\u00bbcenter\u00bb custom_margin=\u00bb0px||0px||false|false\u00bb custom_padding=\u00bb0px|1em|0px|1em|false|false\u00bb global_colors_info=\u00bb{}\u00bb]<\/p>\n<p>Mendoza Gobierno 2025. Todos los derechos reservados.<\/p>\n<p>[\/et_pb_text][\/et_pb_column][\/et_pb_row][\/et_pb_section]<\/p>\n","protected":false},"excerpt":{"rendered":"<p>Un proceso amplio, participativo y territorial que permiti\u00f3 construir una norma moderna, integral y leg\u00edtima para la gesti\u00f3n de los residuos s\u00f3lidos urbanos en toda la provincia.Para iniciar la formulaci\u00f3n de la nueva Ley de Residuos S\u00f3lidos Urbanos, el equipo realiz\u00f3 un recorrido por los 18 municipios de Mendoza, con el objetivo de conocer de [&hellip;]<\/p>\n","protected":false},"author":13,"featured_media":0,"parent":0,"menu_order":0,"comment_status":"closed","ping_status":"closed","template":"","meta":{"_et_pb_use_builder":"on","_et_pb_old_content":"","_et_gb_content_width":"","footnotes":""},"class_list":["post-5571","page","type-page","status-publish","hentry"],"_links":{"self":[{"href":"https:\/\/informacionoficial.mendoza.gob.ar\/energiayambiente\/wp-json\/wp\/v2\/pages\/5571","targetHints":{"allow":["GET"]}}],"collection":[{"href":"https:\/\/informacionoficial.mendoza.gob.ar\/energiayambiente\/wp-json\/wp\/v2\/pages"}],"about":[{"href":"https:\/\/informacionoficial.mendoza.gob.ar\/energiayambiente\/wp-json\/wp\/v2\/types\/page"}],"author":[{"embeddable":true,"href":"https:\/\/informacionoficial.mendoza.gob.ar\/energiayambiente\/wp-json\/wp\/v2\/users\/13"}],"replies":[{"embeddable":true,"href":"https:\/\/informacionoficial.mendoza.gob.ar\/energiayambiente\/wp-json\/wp\/v2\/comments?post=5571"}],"version-history":[{"count":18,"href":"https:\/\/informacionoficial.mendoza.gob.ar\/energiayambiente\/wp-json\/wp\/v2\/pages\/5571\/revisions"}],"predecessor-version":[{"id":6055,"href":"https:\/\/informacionoficial.mendoza.gob.ar\/energiayambiente\/wp-json\/wp\/v2\/pages\/5571\/revisions\/6055"}],"wp:attachment":[{"href":"https:\/\/informacionoficial.mendoza.gob.ar\/energiayambiente\/wp-json\/wp\/v2\/media?parent=5571"}],"curies":[{"name":"wp","href":"https:\/\/api.w.org\/{rel}","templated":true}]}}