{"id":6105,"date":"2025-12-30T10:10:41","date_gmt":"2025-12-30T13:10:41","guid":{"rendered":"https:\/\/informacionoficial.mendoza.gob.ar\/energiayambiente\/?page_id=6105"},"modified":"2026-04-23T11:33:28","modified_gmt":"2026-04-23T14:33:28","slug":"gases-de-efecto-invernadero","status":"publish","type":"page","link":"https:\/\/informacionoficial.mendoza.gob.ar\/energiayambiente\/gases-de-efecto-invernadero\/","title":{"rendered":"Gases de Efecto Invernadero"},"content":{"rendered":"<p>[et_pb_section fb_built=\u00bb1&#8243; _builder_version=\u00bb4.27.4&#8243; _module_preset=\u00bbdefault\u00bb custom_margin=\u00bb0px|0px|0px|0px|true|true\u00bb custom_padding=\u00bb0.5px|0px|0.5px|0px|true|true\u00bb global_colors_info=\u00bb{}\u00bb][et_pb_row column_structure=\u00bb3_4,1_4&#8243; _builder_version=\u00bb4.27.4&#8243; _module_preset=\u00bbdefault\u00bb width=\u00bb100%\u00bb max_width=\u00bb100%\u00bb custom_margin=\u00bb||||false|false\u00bb custom_padding=\u00bb|1em|0px|1em|false|true\u00bb custom_css_free_form=\u00bb.selector {||  display: none;||}||||@media (max-width: 980px) {||  .selector {||    display: block;||  }||}\u00bb global_colors_info=\u00bb{}\u00bb][et_pb_column type=\u00bb3_4&#8243; _builder_version=\u00bb4.27.4&#8243; _module_preset=\u00bbdefault\u00bb global_colors_info=\u00bb{}\u00bb][et_pb_image src=\u00bbhttps:\/\/mza-dicaws-portal-uploads-media-prod.s3.us-east-1.amazonaws.com\/informacion-oficial\/uploads\/sites\/12\/2025\/03\/marca_gov.png\u00bb title_text=\u00bbmarca_gov\u00bb url=\u00bbhttps:\/\/www.mendoza.gob.ar\/\u00bb _builder_version=\u00bb4.27.4&#8243; _module_preset=\u00bbdefault\u00bb z_index=\u00bb108&#8243; width=\u00bb40%\u00bb max_width=\u00bb40%\u00bb border_width_all=\u00bb0px\u00bb global_colors_info=\u00bb{}\u00bb][\/et_pb_image][\/et_pb_column][et_pb_column type=\u00bb1_4&#8243; _builder_version=\u00bb4.27.4&#8243; _module_preset=\u00bbdefault\u00bb global_colors_info=\u00bb{}\u00bb][et_pb_menu _builder_version=\u00bb4.27.4&#8243; _module_preset=\u00bbdefault\u00bb background_color=\u00bb#FFFFFF\u00bb positioning=\u00bbabsolute\u00bb position_origin_a=\u00bbtop_right\u00bb width_tablet=\u00bb\u00bb width_phone=\u00bb50%\u00bb width_last_edited=\u00bbon|phone\u00bb custom_margin=\u00bb-70px||||false|false\u00bb global_colors_info=\u00bb{}\u00bb][\/et_pb_menu][\/et_pb_column][\/et_pb_row][\/et_pb_section][et_pb_section fb_built=\u00bb1&#8243; _builder_version=\u00bb4.27.4&#8243; background_color=\u00bbRGBA(255,255,255,0)\u00bb background_blend=\u00bbscreen\u00bb min_height=\u00bb590px\u00bb custom_margin=\u00bb3px|||||\u00bb custom_padding=\u00bb50px||1px|||\u00bb background_last_edited=\u00bbon|phone\u00bb use_background_color_gradient_phone=\u00bbon\u00bb background_color_gradient_stops_phone=\u00bb#ffffff 15%|#2079c1 100%\u00bb background_enable_image_phone=\u00bboff\u00bb background_size_phone=\u00bbinitial\u00bb global_colors_info=\u00bb{}\u00bb][et_pb_row module_id=\u00bbemisiones\u00bb _builder_version=\u00bb4.27.4&#8243; background_size=\u00bbinitial\u00bb background_position=\u00bbtop_left\u00bb background_repeat=\u00bbrepeat\u00bb max_width=\u00bb2560px\u00bb min_height=\u00bb117px\u00bb custom_margin=\u00bb|auto|-3px|auto||\u00bb custom_padding=\u00bb5px|||||\u00bb global_colors_info=\u00bb{}\u00bb][et_pb_column type=\u00bb4_4&#8243; _builder_version=\u00bb4.27.4&#8243; _module_preset=\u00bbdefault\u00bb global_colors_info=\u00bb{}\u00bb][et_pb_heading title=\u00bbPROGRAMA PROVINCIAL INTEGRAL  DE EMISIONES DE GASES DE EFECTO INVERNADERO (PPIEGEI)\u00bb admin_label=\u00bbFlora Nativa\u00bb module_id=\u00bbunidad\u00bb _builder_version=\u00bb4.27.4&#8243; _module_preset=\u00bbdefault\u00bb title_level=\u00bbh2&#8243; title_font=\u00bb|300|||||||\u00bb title_text_align=\u00bbcenter\u00bb title_text_color=\u00bbgcid-body-color\u00bb title_font_size=\u00bb40px\u00bb min_height=\u00bb39px\u00bb custom_margin=\u00bb||-1px|||\u00bb title_text_shadow_style=\u00bbpreset1&#8243; global_colors_info=\u00bb{%22gcid-body-color%22:%91%22title_text_color%22%93}\u00bb][\/et_pb_heading][et_pb_image src=\u00bbhttps:\/\/mza-dicaws-portal-uploads-media-prod.s3.amazonaws.com\/informacion-oficial\/uploads\/sites\/12\/2025\/12\/GEI-Presentacion-ok.jpg\u00bb title_text=\u00bbGEI &#8211; Presentacion ok\u00bb _builder_version=\u00bb4.27.4&#8243; _module_preset=\u00bbdefault\u00bb global_colors_info=\u00bb{}\u00bb][\/et_pb_image][\/et_pb_column][\/et_pb_row][et_pb_row column_structure=\u00bb1_3,1_3,1_3&#8243; _builder_version=\u00bb4.27.4&#8243; _module_preset=\u00bbdefault\u00bb max_width=\u00bb2560px\u00bb custom_margin=\u00bb30px|auto||auto||\u00bb custom_padding=\u00bb||2px|||\u00bb global_colors_info=\u00bb{}\u00bb][et_pb_column type=\u00bb1_3&#8243; _builder_version=\u00bb4.27.4&#8243; _module_preset=\u00bbdefault\u00bb global_colors_info=\u00bb{}\u00bb][et_pb_blurb title=\u00bbRegistro Provincial de Emisiones de GEI\u00bb url=\u00bb#registroemisiones\u00bb use_icon=\u00bbon\u00bb font_icon=\u00bb&#xf2a1;||fa||900&#8243; icon_color=\u00bb#0C71C3&#8243; _builder_version=\u00bb4.27.4&#8243; _module_preset=\u00bbdefault\u00bb header_text_align=\u00bbcenter\u00bb header_text_color=\u00bb#0C71C3&#8243; body_text_color=\u00bbgcid-840cd285-ee6f-49c1-abc9-5e893f3235b8&#8243; custom_margin=\u00bb||10%||false|false\u00bb link_option_url=\u00bb#registroemisiones\u00bb locked=\u00bboff\u00bb global_colors_info=\u00bb{%22gcid-840cd285-ee6f-49c1-abc9-5e893f3235b8%22:%91%22body_text_color%22%93}\u00bb][\/et_pb_blurb][\/et_pb_column][et_pb_column type=\u00bb1_3&#8243; _builder_version=\u00bb4.27.4&#8243; _module_preset=\u00bbdefault\u00bb global_colors_info=\u00bb{}\u00bb][et_pb_blurb title=\u00bbJornadas Estrat\u00e9gicas de Capacitaci\u00f3n\u00bb url=\u00bb#capacitacion\u00bb url_new_window=\u00bbon\u00bb use_icon=\u00bbon\u00bb font_icon=\u00bb&#xf501;||fa||900&#8243; icon_color=\u00bb#0C71C3&#8243; _builder_version=\u00bb4.27.4&#8243; _module_preset=\u00bbdefault\u00bb header_text_align=\u00bbcenter\u00bb header_text_color=\u00bb#0C71C3&#8243; body_text_color=\u00bbgcid-840cd285-ee6f-49c1-abc9-5e893f3235b8&#8243; custom_margin=\u00bb||10%||false|false\u00bb link_option_url=\u00bb#capacitacion\u00bb link_option_url_new_window=\u00bbon\u00bb locked=\u00bboff\u00bb global_colors_info=\u00bb{%22gcid-840cd285-ee6f-49c1-abc9-5e893f3235b8%22:%91%22body_text_color%22,%22body_text_color%22,%22body_text_color%22,%22header_text_color%22%93}\u00bb][\/et_pb_blurb][\/et_pb_column][et_pb_column type=\u00bb1_3&#8243; _builder_version=\u00bb4.27.4&#8243; _module_preset=\u00bbdefault\u00bb global_colors_info=\u00bb{}\u00bb][et_pb_blurb title=\u00bbInventario GEI y An\u00e1lisis de Riesgo\u00bb url=\u00bb#inventarioGEI\u00bb use_icon=\u00bbon\u00bb font_icon=\u00bb&#xf080;||fa||900&#8243; icon_color=\u00bb#0C71C3&#8243; _builder_version=\u00bb4.27.4&#8243; _module_preset=\u00bbdefault\u00bb header_text_align=\u00bbcenter\u00bb header_text_color=\u00bb#0C71C3&#8243; body_text_color=\u00bbgcid-840cd285-ee6f-49c1-abc9-5e893f3235b8&#8243; custom_margin=\u00bb||10%||false|false\u00bb link_option_url=\u00bb#inventarioGEI\u00bb locked=\u00bboff\u00bb global_colors_info=\u00bb{%22gcid-840cd285-ee6f-49c1-abc9-5e893f3235b8%22:%91%22body_text_color%22,%22body_text_color%22,%22body_text_color%22,%22header_text_color%22%93}\u00bb][\/et_pb_blurb][\/et_pb_column][\/et_pb_row][et_pb_row column_structure=\u00bb1_2,1_2&#8243; _builder_version=\u00bb4.27.4&#8243; _module_preset=\u00bbdefault\u00bb max_width=\u00bb2560px\u00bb custom_margin=\u00bb30px|auto||auto||\u00bb custom_padding=\u00bb||2px|||\u00bb global_colors_info=\u00bb{}\u00bb][et_pb_column type=\u00bb1_2&#8243; _builder_version=\u00bb4.27.4&#8243; _module_preset=\u00bbdefault\u00bb global_colors_info=\u00bb{}\u00bb][et_pb_blurb title=\u00bbPlan de Respuesta Provincial\u00bb url=\u00bb#planderespuesta\u00bb use_icon=\u00bbon\u00bb font_icon=\u00bb&#xf122;||fa||900&#8243; icon_color=\u00bb#0C71C3&#8243; _builder_version=\u00bb4.27.4&#8243; _module_preset=\u00bbdefault\u00bb header_text_align=\u00bbcenter\u00bb header_text_color=\u00bb#0C71C3&#8243; body_text_color=\u00bbgcid-840cd285-ee6f-49c1-abc9-5e893f3235b8&#8243; custom_margin=\u00bb||10%||false|false\u00bb link_option_url=\u00bb#planderespuesta\u00bb locked=\u00bboff\u00bb global_colors_info=\u00bb{%22gcid-840cd285-ee6f-49c1-abc9-5e893f3235b8%22:%91%22body_text_color%22%93}\u00bb][\/et_pb_blurb][\/et_pb_column][et_pb_column type=\u00bb1_2&#8243; _builder_version=\u00bb4.27.4&#8243; _module_preset=\u00bbdefault\u00bb global_colors_info=\u00bb{}\u00bb][et_pb_blurb title=\u00bbBase de datos sobre Cambio Clim\u00e1tico\u00bb url=\u00bb#basedatos\u00bb use_icon=\u00bbon\u00bb font_icon=\u00bb&#xf1c0;||fa||900&#8243; icon_color=\u00bb#0C71C3&#8243; _builder_version=\u00bb4.27.4&#8243; _module_preset=\u00bbdefault\u00bb header_text_align=\u00bbcenter\u00bb header_text_color=\u00bb#0C71C3&#8243; body_text_color=\u00bbgcid-840cd285-ee6f-49c1-abc9-5e893f3235b8&#8243; custom_margin=\u00bb||10%||false|false\u00bb link_option_url=\u00bb#basedatos\u00bb locked=\u00bboff\u00bb global_colors_info=\u00bb{%22gcid-840cd285-ee6f-49c1-abc9-5e893f3235b8%22:%91%22body_text_color%22,%22body_text_color%22,%22body_text_color%22,%22header_text_color%22%93}\u00bb][\/et_pb_blurb][\/et_pb_column][\/et_pb_row][\/et_pb_section][et_pb_section fb_built=\u00bb1&#8243; _builder_version=\u00bb4.27.4&#8243; background_color=\u00bb#FFFFFF\u00bb background_enable_image=\u00bboff\u00bb background_blend=\u00bbscreen\u00bb min_height=\u00bb590px\u00bb custom_margin=\u00bb3px|||||\u00bb custom_padding=\u00bb50px||1px|||\u00bb background_last_edited=\u00bbon|phone\u00bb use_background_color_gradient_phone=\u00bbon\u00bb background_color_gradient_stops_phone=\u00bb#ffffff 15%|#2079c1 100%\u00bb background_enable_image_phone=\u00bboff\u00bb background_size_phone=\u00bbinitial\u00bb global_colors_info=\u00bb{}\u00bb][et_pb_row module_id=\u00bbregistroemisiones\u00bb _builder_version=\u00bb4.27.4&#8243; background_size=\u00bbinitial\u00bb background_position=\u00bbtop_left\u00bb background_repeat=\u00bbrepeat\u00bb max_width=\u00bb2560px\u00bb min_height=\u00bb117px\u00bb custom_margin=\u00bb|auto|-3px|auto||\u00bb custom_padding=\u00bb5px|||||\u00bb global_colors_info=\u00bb{}\u00bb][et_pb_column type=\u00bb4_4&#8243; _builder_version=\u00bb4.27.4&#8243; _module_preset=\u00bbdefault\u00bb global_colors_info=\u00bb{}\u00bb][et_pb_heading title=\u00bbREGISTRO PROVINCIAL  DE EMISIONES DE GASES DE EFECTO INVERNADERO\u00bb admin_label=\u00bbFlora Nativa\u00bb module_id=\u00bbcambioclimatico\u00bb _builder_version=\u00bb4.27.4&#8243; _module_preset=\u00bbdefault\u00bb title_level=\u00bbh2&#8243; title_font=\u00bb|300|||||||\u00bb title_text_align=\u00bbleft\u00bb title_text_color=\u00bb#FFFFFF\u00bb title_font_size=\u00bb40px\u00bb background_color=\u00bb#0C71C3&#8243; min_height=\u00bb70px\u00bb custom_margin=\u00bb-3px||-1px|||\u00bb custom_padding=\u00bb12px|||80px|false|false\u00bb title_text_shadow_style=\u00bbpreset1&#8243; border_radii=\u00bbon|8px|8px|8px|8px\u00bb global_colors_info=\u00bb{}\u00bb][\/et_pb_heading][\/et_pb_column][\/et_pb_row][et_pb_row column_structure=\u00bb2_5,3_5&#8243; _builder_version=\u00bb4.27.4&#8243; _module_preset=\u00bbdefault\u00bb max_width=\u00bb2649px\u00bb custom_padding=\u00bb|||21px||\u00bb global_colors_info=\u00bb{}\u00bb][et_pb_column type=\u00bb2_5&#8243; _builder_version=\u00bb4.27.4&#8243; _module_preset=\u00bbdefault\u00bb global_colors_info=\u00bb{}\u00bb][et_pb_icon font_icon=\u00bb&#xf385;||fa||400&#8243; icon_color=\u00bb#2ea3f2&#8243; icon_width=\u00bb200px\u00bb _builder_version=\u00bb4.27.4&#8243; _module_preset=\u00bbdefault\u00bb custom_margin=\u00bb30px|||||\u00bb global_colors_info=\u00bb{}\u00bb][\/et_pb_icon][et_pb_text _builder_version=\u00bb4.27.4&#8243; _module_preset=\u00bbdefault\u00bb text_text_color=\u00bbgcid-840cd285-ee6f-49c1-abc9-5e893f3235b8&#8243; header_4_font=\u00bb|300|||||||\u00bb header_4_text_color=\u00bbgcid-840cd285-ee6f-49c1-abc9-5e893f3235b8&#8243; width=\u00bb100%\u00bb custom_margin=\u00bb35px||||false|false\u00bb custom_padding=\u00bb|0px||0px|false|false\u00bb global_colors_info=\u00bb{%22gcid-840cd285-ee6f-49c1-abc9-5e893f3235b8%22:%91%22text_text_color%22,%22header_4_text_color%22%93}\u00bb]<\/p>\n<h4 class=\"et_pb_module_header et-fb-editable-element\" data-shortcode-id=\"1.0.0.3-1747915994246\" data-quickaccess-id=\"header\">\u00bfQu\u00e9 son las emisiones GEI?<\/h4>\n<div class=\"et_pb_blurb_description\">\n<div data-shortcode-id=\"1.0.0.3-1747920637314\" data-quickaccess-id=\"body\" data-quickaccess-editable=\"yes\" class=\"et-fb-popover-tinymce\">\n<div class=\"mce-content-body\" style=\"position: relative\">\n<p style=\"text-align: justify\">Las emisiones de gases de efecto invernadero (GEI) son la liberaci\u00f3n a la atm\u00f3sfera de gases que, al acumularse, atrapan el calor y contribuyen al calentamiento global, lo que se conoce como efecto invernadero. Estos gases, como el di\u00f3xido de carbono, el metano y el \u00f3xido nitroso, son los principales responsables del cambio clim\u00e1tico.<\/p>\n<\/div>\n<\/div>\n<\/div>\n<p>[\/et_pb_text][\/et_pb_column][et_pb_column type=\u00bb3_5&#8243; _builder_version=\u00bb4.27.4&#8243; _module_preset=\u00bbdefault\u00bb global_colors_info=\u00bb{}\u00bb][et_pb_blurb title=\u00bbInteract\u00faa con el inventario GEI\u00bb image=\u00bbhttps:\/\/mza-dicaws-portal-uploads-media-prod.s3.amazonaws.com\/informacion-oficial\/uploads\/sites\/12\/2026\/01\/mapamendozrpegei-1.png\u00bb _builder_version=\u00bb4.27.4&#8243; _module_preset=\u00bbdefault\u00bb alt=\u00bbDesktop &#8211; inventario GEI\u00bb border_width_all_image=\u00bb4px\u00bb border_color_all_image=\u00bb#3cb4e5&#8243; border_radii_image=\u00bbon|8px|8px|8px|8px\u00bb hover_enabled=\u00bb0&#8243; sticky_enabled=\u00bb0&#8243; url=\u00bbhttps:\/\/ide.mendoza.gov.ar\/portal\/apps\/dashboards\/b15989ba1f6d42169d42e00fac30d0f4&#8243; header_font_size=\u00bb22px\u00bb header_text_color=\u00bb#3cb4e5&#8243; header_text_align=\u00bbcenter\u00bb module_alignment=\u00bbcenter\u00bb title_text=\u00bbmapamendozrpegei\u00bb image_icon_width=\u00bb75%\u00bb][\/et_pb_blurb][\/et_pb_column][\/et_pb_row][et_pb_row column_structure=\u00bb1_2,1_2&#8243; _builder_version=\u00bb4.27.4&#8243; _module_preset=\u00bbdefault\u00bb max_width=\u00bb2560px\u00bb custom_padding=\u00bb||2px|||\u00bb global_colors_info=\u00bb{}\u00bb][et_pb_column type=\u00bb1_2&#8243; _builder_version=\u00bb4.27.4&#8243; _module_preset=\u00bbdefault\u00bb global_colors_info=\u00bb{}\u00bb][et_pb_text _builder_version=\u00bb4.27.4&#8243; _module_preset=\u00bbdefault\u00bb width=\u00bb100%\u00bb custom_margin=\u00bb|||23px||\u00bb global_colors_info=\u00bb{}\u00bb]<\/p>\n<p>El Registro Provincial de Emisiones de Gases de Efecto Invernadero (GEI) de la provincia de Mendoza consolida los inventarios de<strong> emisiones correspondientes al a\u00f1o 2023 <\/strong>presentados por <strong>grandes industrias, peque\u00f1as y medianas empresas (PyMES)<\/strong> que desarrollan actividades en el territorio provincial.<\/p>\n<p>El registro tiene como objetivo<strong> generar informaci\u00f3n estandarizada, transparente y comparable<\/strong>, que permita comprender el aporte de los distintos sectores productivos a las emisiones de GEI y fortalecer la planificaci\u00f3n de pol\u00edticas p\u00fablicas en materia de cambio clim\u00e1tico.<\/p>\n<p>[\/et_pb_text][\/et_pb_column][et_pb_column type=\u00bb1_2&#8243; _builder_version=\u00bb4.27.4&#8243; _module_preset=\u00bbdefault\u00bb global_colors_info=\u00bb{}\u00bb][et_pb_toggle title=\u00bbNormativa\u00bb icon_color=\u00bbgcid-bb9c0857-25e3-4051-b4b2-87f09afe6b01&#8243; open_icon_color=\u00bbgcid-53054839-b83d-4ef0-8659-8a010e6148fd\u00bb _builder_version=\u00bb4.27.4&#8243; _module_preset=\u00bbdefault\u00bb title_level=\u00bbh3&#8243; title_font=\u00bb|300|||||||\u00bb title_font_size=\u00bb1.5rem\u00bb background_color=\u00bbRGBA(255,255,255,0.65)\u00bb border_radii=\u00bbon|8px|8px|8px|8px\u00bb global_colors_info=\u00bb{%22gcid-bb9c0857-25e3-4051-b4b2-87f09afe6b01%22:%91%22icon_color%22%93,%22gcid-53054839-b83d-4ef0-8659-8a010e6148fd%22:%91%22open_icon_color%22%93}\u00bb]<\/p>\n<p><span style=\"color: #0091f2\"><strong><a href=\"https:\/\/www.mendoza.gov.ar\/wp-content\/uploads\/sites\/93\/2025\/07\/DECRETO-758.pdf\" style=\"color: #0091f2\">Decreto 758<\/a><\/strong><\/span><\/p>\n<p><span style=\"color: #0091f2\"><strong><a href=\"https:\/\/www.mendoza.gov.ar\/wp-content\/uploads\/sites\/93\/2025\/07\/RESOLUCION-No-001-DTE-2025.pdf\" style=\"color: #0091f2\">Resoluci\u00f3n 01<\/a><\/strong><\/span><\/p>\n<p><span style=\"color: #0091f2\"><strong><a href=\"https:\/\/mza-dicaws-portal-uploads-media-prod.s3.amazonaws.com\/informacion-oficial\/uploads\/sites\/12\/2025\/10\/EXTENSION-PLAZO-TEMPLATE.pdf\" rel=\"attachment wp-att-4763\" style=\"color: #0091f2\">EXTENSI\u00d3N PLAZO TEMPLATE<\/a><\/strong><\/span><\/p>\n<p>[\/et_pb_toggle][\/et_pb_column][\/et_pb_row][et_pb_row column_structure=\u00bb1_5,1_5,1_5,1_5,1_5&#8243; _builder_version=\u00bb4.27.4&#8243; _module_preset=\u00bbdefault\u00bb max_width=\u00bb2560px\u00bb custom_padding=\u00bb||2px|||\u00bb global_colors_info=\u00bb{}\u00bb][et_pb_column type=\u00bb1_5&#8243; _builder_version=\u00bb4.27.4&#8243; _module_preset=\u00bbdefault\u00bb global_colors_info=\u00bb{}\u00bb][et_pb_blurb title=\u00bbDescargar Template\u00bb url=\u00bbhttps:\/\/mza-dicaws-portal-uploads-media-prod.s3.amazonaws.com\/informacion-oficial\/uploads\/sites\/12\/2025\/09\/Template-Planilla-de-Emisiones-de-GEI-Definitivo-V2.xlsx\u00bb url_new_window=\u00bbon\u00bb use_icon=\u00bbon\u00bb font_icon=\u00bb&#xf019;||fa||900&#8243; icon_color=\u00bb#000F9F\u00bb _builder_version=\u00bb4.27.4&#8243; _module_preset=\u00bbdefault\u00bb header_text_align=\u00bbcenter\u00bb header_text_color=\u00bb#00079E\u00bb body_text_color=\u00bbgcid-840cd285-ee6f-49c1-abc9-5e893f3235b8&#8243; custom_margin=\u00bb||10%||false|false\u00bb locked=\u00bboff\u00bb global_colors_info=\u00bb{%22gcid-840cd285-ee6f-49c1-abc9-5e893f3235b8%22:%91%22body_text_color%22,%22body_text_color%22,%22header_text_color%22%93}\u00bb][\/et_pb_blurb][\/et_pb_column][et_pb_column type=\u00bb1_5&#8243; _builder_version=\u00bb4.27.4&#8243; _module_preset=\u00bbdefault\u00bb global_colors_info=\u00bb{}\u00bb][et_pb_blurb title=\u00bbCargar documentaci\u00f3n\u00bb url=\u00bbhttps:\/\/ticketsform.mendoza.gov.ar\/ticketsform\/com.tickets.responderformulario?MEYA_SOSTENIBILIDAD_GEI\u00bb url_new_window=\u00bbon\u00bb use_icon=\u00bbon\u00bb font_icon=\u00bb&#xf093;||fa||900&#8243; icon_color=\u00bb#000F9F\u00bb _builder_version=\u00bb4.27.4&#8243; _module_preset=\u00bbdefault\u00bb header_text_align=\u00bbcenter\u00bb header_text_color=\u00bb#00079E\u00bb body_text_color=\u00bbgcid-840cd285-ee6f-49c1-abc9-5e893f3235b8&#8243; custom_margin=\u00bb||10%||false|false\u00bb link_option_url=\u00bbhttps:\/\/ticketsform.mendoza.gov.ar\/ticketsform\/com.tickets.responderformulario?MEYA_SOSTENIBILIDAD_GEI\u00bb link_option_url_new_window=\u00bbon\u00bb locked=\u00bboff\u00bb global_colors_info=\u00bb{%22gcid-840cd285-ee6f-49c1-abc9-5e893f3235b8%22:%91%22body_text_color%22,%22body_text_color%22,%22header_text_color%22%93}\u00bb][\/et_pb_blurb][\/et_pb_column][et_pb_column type=\u00bb1_5&#8243; _builder_version=\u00bb4.27.4&#8243; _module_preset=\u00bbdefault\u00bb global_colors_info=\u00bb{}\u00bb][et_pb_blurb title=\u00bbManual de carga de reporte de GEI Mendoza\u00bb url=\u00bbhttps:\/\/mza-dicaws-portal-uploads-media-prod.s3.amazonaws.com\/informacion-oficial\/uploads\/sites\/12\/2025\/09\/Manual-para-GEI-Provincia-de-Mendoza-2025.docx-4-1.pdf\u00bb url_new_window=\u00bbon\u00bb use_icon=\u00bbon\u00bb font_icon=\u00bb&#xf02d;||fa||900&#8243; icon_color=\u00bb#000F9F\u00bb _builder_version=\u00bb4.27.4&#8243; _module_preset=\u00bbdefault\u00bb header_text_align=\u00bbcenter\u00bb header_text_color=\u00bb#00079E\u00bb body_text_color=\u00bbgcid-840cd285-ee6f-49c1-abc9-5e893f3235b8&#8243; custom_margin=\u00bb||10%||false|false\u00bb link_option_url=\u00bbhttps:\/\/mza-dicaws-portal-uploads-media-prod.s3.amazonaws.com\/informacion-oficial\/uploads\/sites\/12\/2025\/09\/Manual-para-GEI-Provincia-de-Mendoza-2025.docx-4-1.pdf\u00bb link_option_url_new_window=\u00bbon\u00bb header_text_shadow_style=\u00bbpreset3&#8243; header_text_shadow_color=\u00bb#FFFFFF\u00bb locked=\u00bboff\u00bb global_colors_info=\u00bb{%22gcid-840cd285-ee6f-49c1-abc9-5e893f3235b8%22:%91%22body_text_color%22,%22body_text_color%22%93}\u00bb][\/et_pb_blurb][\/et_pb_column][et_pb_column type=\u00bb1_5&#8243; _builder_version=\u00bb4.27.4&#8243; _module_preset=\u00bbdefault\u00bb global_colors_info=\u00bb{}\u00bb][et_pb_blurb title=\u00bbInfograf\u00eda construcci\u00f3n de inventario\u00bb url=\u00bbhttps:\/\/mza-dicaws-portal-uploads-media-prod.s3.amazonaws.com\/informacion-oficial\/uploads\/sites\/12\/2025\/09\/INFOGRAFIA_GEI-1.pdf\u00bb url_new_window=\u00bbon\u00bb use_icon=\u00bbon\u00bb font_icon=\u00bb&#xe035;||divi||400&#8243; icon_color=\u00bb#000F9F\u00bb _builder_version=\u00bb4.27.4&#8243; _module_preset=\u00bbdefault\u00bb header_text_align=\u00bbcenter\u00bb header_text_color=\u00bb#00079E\u00bb body_text_color=\u00bbgcid-840cd285-ee6f-49c1-abc9-5e893f3235b8&#8243; custom_margin=\u00bb||10%||false|false\u00bb link_option_url=\u00bbhttps:\/\/mza-dicaws-portal-uploads-media-prod.s3.amazonaws.com\/informacion-oficial\/uploads\/sites\/12\/2025\/09\/INFOGRAFIA_GEI-1.pdf\u00bb link_option_url_new_window=\u00bbon\u00bb header_text_shadow_style=\u00bbpreset3&#8243; header_text_shadow_color=\u00bb#FFFFFF\u00bb locked=\u00bboff\u00bb global_colors_info=\u00bb{%22gcid-840cd285-ee6f-49c1-abc9-5e893f3235b8%22:%91%22body_text_color%22,%22body_text_color%22%93}\u00bb][\/et_pb_blurb][\/et_pb_column][et_pb_column type=\u00bb1_5&#8243; _builder_version=\u00bb4.27.4&#8243; _module_preset=\u00bbdefault\u00bb global_colors_info=\u00bb{}\u00bb][et_pb_blurb title=\u00bbPreguntas frecuentes\u00bb url=\u00bbhttps:\/\/informacionoficial.mendoza.gob.ar\/energiayambiente\/preguntas-frecuentes\/\u00bb url_new_window=\u00bbon\u00bb use_icon=\u00bbon\u00bb font_icon=\u00bb&#xe064;||divi||400&#8243; icon_color=\u00bb#000F9F\u00bb _builder_version=\u00bb4.27.4&#8243; _module_preset=\u00bbdefault\u00bb header_text_align=\u00bbcenter\u00bb header_text_color=\u00bb#00079E\u00bb body_text_color=\u00bbgcid-840cd285-ee6f-49c1-abc9-5e893f3235b8&#8243; custom_margin=\u00bb||10%||false|false\u00bb header_text_shadow_style=\u00bbpreset3&#8243; header_text_shadow_color=\u00bb#FFFFFF\u00bb locked=\u00bboff\u00bb global_colors_info=\u00bb{%22gcid-840cd285-ee6f-49c1-abc9-5e893f3235b8%22:%91%22body_text_color%22,%22body_text_color%22,%22body_text_color%22,%22header_text_color%22%93}\u00bb][\/et_pb_blurb][\/et_pb_column][\/et_pb_row][et_pb_row _builder_version=\u00bb4.27.4&#8243; _module_preset=\u00bbdefault\u00bb max_width=\u00bb2649px\u00bb global_colors_info=\u00bb{}\u00bb][et_pb_column type=\u00bb4_4&#8243; _builder_version=\u00bb4.27.4&#8243; _module_preset=\u00bbdefault\u00bb global_colors_info=\u00bb{}\u00bb][et_pb_toggle title=\u00bbLinks de Inter\u00e9s\u00bb icon_color=\u00bbgcid-bb9c0857-25e3-4051-b4b2-87f09afe6b01&#8243; open_icon_color=\u00bbgcid-53054839-b83d-4ef0-8659-8a010e6148fd\u00bb _builder_version=\u00bb4.27.4&#8243; _module_preset=\u00bbdefault\u00bb title_level=\u00bbh3&#8243; title_font=\u00bb|300|||||||\u00bb title_font_size=\u00bb1.5rem\u00bb background_color=\u00bbRGBA(255,255,255,0.65)\u00bb border_radii=\u00bbon|8px|8px|8px|8px\u00bb global_colors_info=\u00bb{%22gcid-bb9c0857-25e3-4051-b4b2-87f09afe6b01%22:%91%22icon_color%22%93,%22gcid-53054839-b83d-4ef0-8659-8a010e6148fd%22:%91%22open_icon_color%22%93}\u00bb]<\/p>\n<p>Factores de emisi\u00f3n Cammesa: <span style=\"color: #3cb4e5\"><a href=\"https:\/\/cammesaweb.cammesa.com\/download\/factor-de-emision\/\" style=\"color: #3cb4e5\"><span style=\"color: #006ac1\">https:\/\/cammesaweb.cammesa.com\/download\/factor-de-emision\/<\/span><\/a><\/span><\/p>\n<p>\u201cGHG PI, Corporate Standard, The Greenhouse Gas Protocol\u201d. World Resources Institute, versi\u00f3n en espa\u00f1ol. <span style=\"color: #006ac1\"><a href=\"https:\/\/ghgprotocol.org\/corporate-standard\" style=\"color: #006ac1\">https:\/\/ghgprotocol.org\/corporate-standard<\/a><\/span><\/p>\n<p>\u201cGHG PI, Est\u00e1ndar Corporativo de Contabilidad y Reporte\u201d (versi\u00f3n revisada en espa\u00f1ol). World Resources Institute, 2022. <span style=\"color: #006ac1\"><a href=\"https:\/\/ghgprotocol.org\/sites\/default\/files\/2022-12\/protocolo_spanish.pdf\" style=\"color: #006ac1\">https:\/\/ghgprotocol.org\/sites\/default\/files\/2022-12\/protocolo_spanish.pdf<\/a><\/span><\/p>\n<p>\u201cGHG Protocol Scope 2 Guidance\u201d. World Resources Institute. <a href=\"https:\/\/ghgprotocol.org\/scope-2-guidance\"><span style=\"color: #0091f2\">h<\/span><span style=\"color: #3cb4e5\"><span style=\"color: #0091f2\">ttps:\/\/ghgprotocol.org\/scope-2-guidance<\/span><\/span><\/a><\/p>\n<p>\u201cGPC, Protocolo Global de Inventarios de Emisi\u00f3n de Gases de Efecto Invernadero a Escala Comunitaria\u201d. World Resources Institute, versi\u00f3n en espa\u00f1ol, 2022.<span style=\"color: #3cb4e5\"><a href=\"https:\/\/ghgprotocol.org\/sites\/default\/files\/2022-12\/GHGP_GPC%20%28Spanish%29.pdf\" style=\"color: #3cb4e5\"><span style=\"color: #00a4e5\"> https:\/\/ghgprotocol.org\/sites\/default\/files\/2022-12\/GHGP_GPC%20%28Spanish%29.pdf<\/span><\/a><\/span><\/p>\n<p>\u201c2006 IPCC Guidelines for National Greenhouse Gas Inventories\u201d. IPCC (Panel Intergubernamental sobre Cambio Clim\u00e1tico),<br \/><span style=\"color: #3cb4e5\"><a href=\"https:\/\/www.ipcc-nggip.iges.or.jp\/public\/2006gl\/index.html\" style=\"color: #3cb4e5\"><span style=\"color: #00a4e5\">https:\/\/www.ipcc-nggip.iges.or.jp\/public\/2006gl\/index.html<\/span><\/a><\/span><\/p>\n<p><strong><a href=\"https:\/\/mza-dicaws-portal-uploads-media-prod.s3.amazonaws.com\/informacion-oficial\/uploads\/sites\/12\/2025\/10\/EXTENSION-PLAZO-TEMPLATE.pdf\" rel=\"attachment wp-att-4763\"><\/a><\/strong><\/p>\n<p>[\/et_pb_toggle][\/et_pb_column][\/et_pb_row][et_pb_row column_structure=\u00bb1_2,1_2&#8243; _builder_version=\u00bb4.27.4&#8243; _module_preset=\u00bbdefault\u00bb max_width=\u00bb2560px\u00bb custom_padding=\u00bb||2px|||\u00bb global_colors_info=\u00bb{}\u00bb][et_pb_column type=\u00bb1_2&#8243; _builder_version=\u00bb4.27.4&#8243; _module_preset=\u00bbdefault\u00bb global_colors_info=\u00bb{}\u00bb][et_pb_text _builder_version=\u00bb4.27.4&#8243; _module_preset=\u00bbdefault\u00bb width=\u00bb100%\u00bb custom_margin=\u00bb|||23px||\u00bb global_colors_info=\u00bb{}\u00bb]<\/p>\n<ul>\n<li><strong><u>\u00bfQu\u00e9 gases se reportan? <\/u><\/strong><\/li>\n<\/ul>\n<p>El registro contempla los seis gases definidos en el Protocolo de Kioto (1995), seleccionados por su impacto sobre el calentamiento global:<\/p>\n<ul>\n<li>Di\u00f3xido de carbono (CO\u2082)<\/li>\n<li>Metano (CH\u2084)<\/li>\n<li>\u00d3xido nitroso (N\u2082O)<\/li>\n<li>Hidrofluorocarbonos (HFCs)<\/li>\n<li>Perfluorocarbonos (PFCs)<\/li>\n<li>Hexafluoruro de azufre (SF\u2086)<\/li>\n<\/ul>\n<p>[\/et_pb_text][et_pb_text _builder_version=\u00bb4.27.4&#8243; _module_preset=\u00bbdefault\u00bb width=\u00bb100%\u00bb custom_margin=\u00bb|||23px||\u00bb global_colors_info=\u00bb{}\u00bb]<\/p>\n<ul>\n<li><strong><u>Sectores relevados<\/u><\/strong><\/li>\n<\/ul>\n<p>El Registro Provincial de Emisiones de GEI incluye informaci\u00f3n correspondiente a los siguientes sectores de actividad, de acuerdo con la clasificaci\u00f3n establecida en el marco metodol\u00f3gico adoptado:<\/p>\n<ul>\n<li>Agropecuario<\/li>\n<li>Comercio y servicios<\/li>\n<li>Energ\u00eda<\/li>\n<li>Industrial<\/li>\n<li>Residuos<\/li>\n<li>Transporte<\/li>\n<\/ul>\n<p>Cada sector se encuentra desagregado en subsectores, lo que permite identificar con mayor precisi\u00f3n las fuentes de emisi\u00f3n, los procesos productivos y la localizaci\u00f3n territorial de las emisiones dentro de la provincia.<\/p>\n<p>[\/et_pb_text][\/et_pb_column][et_pb_column type=\u00bb1_2&#8243; _builder_version=\u00bb4.27.4&#8243; _module_preset=\u00bbdefault\u00bb global_colors_info=\u00bb{}\u00bb][et_pb_toggle title=\u00bbMarco metodol\u00f3gico \u00bb icon_color=\u00bbgcid-bb9c0857-25e3-4051-b4b2-87f09afe6b01&#8243; open_icon_color=\u00bbgcid-53054839-b83d-4ef0-8659-8a010e6148fd\u00bb _builder_version=\u00bb4.27.4&#8243; _module_preset=\u00bbdefault\u00bb title_level=\u00bbh3&#8243; title_font=\u00bb|300|||||||\u00bb title_font_size=\u00bb1.5rem\u00bb background_color=\u00bbRGBA(255,255,255,0.65)\u00bb border_radii=\u00bbon|8px|8px|8px|8px\u00bb global_colors_info=\u00bb{%22gcid-bb9c0857-25e3-4051-b4b2-87f09afe6b01%22:%91%22icon_color%22%93,%22gcid-53054839-b83d-4ef0-8659-8a010e6148fd%22:%91%22open_icon_color%22%93}\u00bb]<\/p>\n<p>La construcci\u00f3n del registro se realiza siguiendo el <strong>GHG Protocol \u2013 Est\u00e1ndar Corporativo de Contabilidad y Reporte de Emisiones<\/strong>, uno de los principales marcos de referencia a nivel internacional.<\/p>\n<p><em><u>L\u00edmites<\/u><\/em><\/p>\n<p><em>L\u00edmite organizacional:<\/em>\u00a0 Enfoque de control operacional, mediante el cual cada organizaci\u00f3n reporta el 100 % de las emisiones de las operaciones sobre las que tiene control, independientemente de la participaci\u00f3n financiera.<\/p>\n<p><em>L\u00edmites operacionales (alcances\/scopes): <\/em><\/p>\n<ul>\n<li>Alcance 1 &#8211; reporte obligatorio: emisiones directas provenientes de fuentes propias o controladas por la organizaci\u00f3n.<\/li>\n<li>Alcance 2 &#8211; reporte obligatorio: emisiones indirectas asociadas al consumo de energ\u00eda adquirida y consumida por la organizaci\u00f3n.<\/li>\n<li>Alcance 3 &#8211; reporte facultativo: otras emisiones indirectas de la cadena de valor.<\/li>\n<\/ul>\n<p><em><u>M\u00e9todos de cuantificaci\u00f3n<\/u><\/em><\/p>\n<p>Las emisiones fueron estimadas utilizando distintos m\u00e9todos de cuantificaci\u00f3n, en funci\u00f3n de la disponibilidad y calidad de la informaci\u00f3n:<\/p>\n<ul>\n<li>Medici\u00f3n directa<\/li>\n<li>Medici\u00f3n indirecta<\/li>\n<li>Estimaciones de nivel: B\u00e1sico, Intermedio, Mejorado<\/li>\n<\/ul>\n<p>Estos criterios permiten asegurar la consistencia y comparabilidad de los datos reportados.<\/p>\n<p>[\/et_pb_toggle][et_pb_image src=\u00bbhttps:\/\/mza-dicaws-portal-uploads-media-prod.s3.amazonaws.com\/informacion-oficial\/uploads\/sites\/12\/2025\/12\/madrid-empresa-sostenible.png\u00bb title_text=\u00bbmadrid-empresa-sostenible\u00bb _builder_version=\u00bb4.27.4&#8243; _module_preset=\u00bbdefault\u00bb global_colors_info=\u00bb{}\u00bb][\/et_pb_image][\/et_pb_column][\/et_pb_row][\/et_pb_section][et_pb_section fb_built=\u00bb1&#8243; _builder_version=\u00bb4.27.4&#8243; background_color=\u00bb#FFFFFF\u00bb background_enable_image=\u00bboff\u00bb background_blend=\u00bbscreen\u00bb min_height=\u00bb590px\u00bb custom_margin=\u00bb3px|||||\u00bb custom_padding=\u00bb50px||1px|||\u00bb background_last_edited=\u00bbon|phone\u00bb use_background_color_gradient_phone=\u00bbon\u00bb background_color_gradient_stops_phone=\u00bb#ffffff 15%|#2079c1 100%\u00bb background_enable_image_phone=\u00bboff\u00bb background_size_phone=\u00bbinitial\u00bb global_colors_info=\u00bb{}\u00bb][et_pb_row module_id=\u00bbcapacitacion\u00bb _builder_version=\u00bb4.27.4&#8243; background_size=\u00bbinitial\u00bb background_position=\u00bbtop_left\u00bb background_repeat=\u00bbrepeat\u00bb max_width=\u00bb2560px\u00bb min_height=\u00bb117px\u00bb custom_margin=\u00bb|auto|-3px|auto||\u00bb custom_padding=\u00bb5px|||||\u00bb global_colors_info=\u00bb{}\u00bb][et_pb_column type=\u00bb4_4&#8243; _builder_version=\u00bb4.27.4&#8243; _module_preset=\u00bbdefault\u00bb global_colors_info=\u00bb{}\u00bb][et_pb_heading title=\u00bbJORNADAS ESTRAT\u00c9GICAS DE CAPACITACI\u00d3N\u00bb admin_label=\u00bbFlora Nativa\u00bb module_id=\u00bbcambioclimatico\u00bb _builder_version=\u00bb4.27.4&#8243; _module_preset=\u00bbdefault\u00bb title_level=\u00bbh2&#8243; title_font=\u00bb|300|||||||\u00bb title_text_align=\u00bbleft\u00bb title_text_color=\u00bb#FFFFFF\u00bb title_font_size=\u00bb40px\u00bb background_color=\u00bb#0C71C3&#8243; min_height=\u00bb70px\u00bb custom_margin=\u00bb-3px||-1px|||\u00bb custom_padding=\u00bb12px|||80px|false|false\u00bb title_text_shadow_style=\u00bbpreset1&#8243; border_radii=\u00bbon|8px|8px|8px|8px\u00bb global_colors_info=\u00bb{%22gcid-body-color%22:%91%22title_text_color%22,%22title_text_color%22,%22title_text_color%22,%22title_text_color%22%93}\u00bb][\/et_pb_heading][\/et_pb_column][\/et_pb_row][et_pb_row column_structure=\u00bb1_3,2_3&#8243; _builder_version=\u00bb4.27.4&#8243; _module_preset=\u00bbdefault\u00bb max_width=\u00bb2649px\u00bb global_colors_info=\u00bb{}\u00bb][et_pb_column type=\u00bb1_3&#8243; _builder_version=\u00bb4.27.4&#8243; _module_preset=\u00bbdefault\u00bb global_colors_info=\u00bb{}\u00bb][et_pb_icon font_icon=\u00bb&#xf501;||fa||900&#8243; icon_color=\u00bb#3cb4e5&#8243; icon_width=\u00bb200px\u00bb _builder_version=\u00bb4.27.4&#8243; _module_preset=\u00bbdefault\u00bb custom_margin=\u00bb1px|||||\u00bb custom_padding=\u00bb|0px||||\u00bb global_colors_info=\u00bb{}\u00bb][\/et_pb_icon][\/et_pb_column][et_pb_column type=\u00bb2_3&#8243; _builder_version=\u00bb4.27.4&#8243; _module_preset=\u00bbdefault\u00bb global_colors_info=\u00bb{}\u00bb][et_pb_text _builder_version=\u00bb4.27.4&#8243; _module_preset=\u00bbdefault\u00bb custom_margin=\u00bb30px|||||\u00bb global_colors_info=\u00bb{}\u00bb]<\/p>\n<h4>Las capacitaciones se realizan de manera h\u00edbrida (presencial y virtual) para garantizar una mayor participaci\u00f3n y acceso al material presentado.<\/h4>\n<p>[\/et_pb_text][et_pb_text _builder_version=\u00bb4.27.4&#8243; _module_preset=\u00bbdefault\u00bb text_text_color=\u00bb#225555&#8243; header_text_color=\u00bb#225555&#8243; min_height=\u00bb45.6px\u00bb global_colors_info=\u00bb{}\u00bb]<\/p>\n<h3><span style=\"color: #898989\">Capacitaci\u00f3n llenado Template 09\/2025<\/span><\/h3>\n<p><span style=\"color: #898989\"><\/span><\/p>\n<ul>\n<li style=\"color: #3cb4e5\"><strong><span><a href=\"https:\/\/mza-dicaws-portal-uploads-media-prod.s3.amazonaws.com\/informacion-oficial\/uploads\/sites\/12\/2025\/09\/Manual-soporte-carga-de-plantilla-Rev-C.docx.pdf\" rel=\"attachment wp-att-3972\" style=\"color: #3cb4e5\">Manual soporte carga de plantilla<\/a><\/span><\/strong><\/li>\n<li style=\"color: #3cb4e5\"><strong><span><a href=\"https:\/\/mza-dicaws-portal-uploads-media-prod.s3.amazonaws.com\/informacion-oficial\/uploads\/sites\/12\/2025\/09\/2025-09-08-Taller-Carga-Template-GEI-Mza-Rev-B.pdf\" rel=\"attachment wp-att-3971\" style=\"color: #3cb4e5\">Taller Carga Template GEI Mza<\/a><\/span><\/strong><\/li>\n<\/ul>\n<p>&nbsp;<\/p>\n<div id=\"gtx-trans\" style=\"position: absolute;left: -124px;top: 119.516px\">\n<div class=\"gtx-trans-icon\"><\/div>\n<\/div>\n<p>[\/et_pb_text][\/et_pb_column][\/et_pb_row][et_pb_row column_structure=\u00bb1_2,1_2&#8243; _builder_version=\u00bb4.27.4&#8243; _module_preset=\u00bbdefault\u00bb max_width=\u00bb2560px\u00bb min_height=\u00bb377px\u00bb custom_padding=\u00bb||29px|||\u00bb locked=\u00bboff\u00bb global_colors_info=\u00bb{}\u00bb][et_pb_column type=\u00bb1_2&#8243; _builder_version=\u00bb4.27.4&#8243; _module_preset=\u00bbdefault\u00bb global_colors_info=\u00bb{}\u00bb][et_pb_video src=\u00bbhttps:\/\/youtu.be\/dRLYsV7S7Eo\u00bb image_src=\u00bbhttps:\/\/mza-dicaws-portal-uploads-media-prod.s3.amazonaws.com\/informacion-oficial\/uploads\/sites\/12\/2025\/11\/VIDEO-CAP-1.png\u00bb _builder_version=\u00bb4.27.4&#8243; _module_preset=\u00bbdefault\u00bb width=\u00bb100%\u00bb min_height=\u00bb288px\u00bb max_height=\u00bb100px\u00bb custom_margin=\u00bb2px|||||\u00bb global_colors_info=\u00bb{}\u00bb][\/et_pb_video][\/et_pb_column][et_pb_column type=\u00bb1_2&#8243; _builder_version=\u00bb4.27.4&#8243; _module_preset=\u00bbdefault\u00bb global_colors_info=\u00bb{}\u00bb][et_pb_gallery gallery_ids=\u00bb6123,6122,6121&#8243; gallery_orderby=\u00bbrand\u00bb fullwidth=\u00bbon\u00bb _builder_version=\u00bb4.27.4&#8243; _module_preset=\u00bbdefault\u00bb width=\u00bb100%\u00bb max_width=\u00bb100%\u00bb min_height=\u00bb381.2px\u00bb global_colors_info=\u00bb{}\u00bb][\/et_pb_gallery][\/et_pb_column][\/et_pb_row][et_pb_row column_structure=\u00bb1_2,1_2&#8243; _builder_version=\u00bb4.27.4&#8243; _module_preset=\u00bbdefault\u00bb max_width=\u00bb2560px\u00bb min_height=\u00bb119px\u00bb custom_margin=\u00bb-1px|auto||auto||\u00bb locked=\u00bboff\u00bb global_colors_info=\u00bb{}\u00bb][et_pb_column type=\u00bb1_2&#8243; _builder_version=\u00bb4.27.4&#8243; _module_preset=\u00bbdefault\u00bb global_colors_info=\u00bb{}\u00bb][et_pb_text _builder_version=\u00bb4.27.4&#8243; _module_preset=\u00bbdefault\u00bb text_text_color=\u00bb#225555&#8243; header_text_color=\u00bb#225555&#8243; min_height=\u00bb16.6px\u00bb custom_margin=\u00bb||-1px|||\u00bb global_colors_info=\u00bb{}\u00bb]<\/p>\n<h3><span style=\"color: #898989\">Capacitaci\u00f3n Inventarios GEI Escalas Comunitaria\/Corporativa<\/span><\/h3>\n<p><span style=\"color: #898989\"><\/span><\/p>\n<ul>\n<li style=\"color: #3cb4e5\"><span><strong><a href=\"https:\/\/mza-dicaws-portal-uploads-media-prod.s3.amazonaws.com\/informacion-oficial\/uploads\/sites\/12\/2025\/11\/IGEI-Mendoza-Alejandrino.pdf\" style=\"color: #3cb4e5\">Soporte de Capacitaci\u00f3n<\/a><\/strong><\/span><\/li>\n<\/ul>\n<p>[\/et_pb_text][\/et_pb_column][et_pb_column type=\u00bb1_2&#8243; _builder_version=\u00bb4.27.4&#8243; _module_preset=\u00bbdefault\u00bb global_colors_info=\u00bb{}\u00bb][\/et_pb_column][\/et_pb_row][et_pb_row column_structure=\u00bb1_2,1_2&#8243; _builder_version=\u00bb4.27.4&#8243; _module_preset=\u00bbdefault\u00bb max_width=\u00bb2560px\u00bb custom_margin=\u00bb-1px|auto||auto||\u00bb custom_padding=\u00bb8px|||||\u00bb locked=\u00bboff\u00bb global_colors_info=\u00bb{}\u00bb][et_pb_column type=\u00bb1_2&#8243; _builder_version=\u00bb4.27.4&#8243; _module_preset=\u00bbdefault\u00bb global_colors_info=\u00bb{}\u00bb][et_pb_video src=\u00bbhttps:\/\/youtu.be\/3XzkHWFZJ8M\u00bb image_src=\u00bbhttps:\/\/mza-dicaws-portal-uploads-media-prod.s3.amazonaws.com\/informacion-oficial\/uploads\/sites\/12\/2025\/11\/VIDEO-CAP-2.png\u00bb play_icon_color=\u00bb#000f9f\u00bb _builder_version=\u00bb4.27.4&#8243; _module_preset=\u00bbdefault\u00bb width=\u00bb100%\u00bb max_height=\u00bb300px\u00bb custom_margin=\u00bb2px|||||\u00bb global_colors_info=\u00bb{}\u00bb][\/et_pb_video][\/et_pb_column][et_pb_column type=\u00bb1_2&#8243; _builder_version=\u00bb4.27.4&#8243; _module_preset=\u00bbdefault\u00bb global_colors_info=\u00bb{}\u00bb][et_pb_gallery gallery_ids=\u00bb6120,6119,6118&#8243; gallery_orderby=\u00bbrand\u00bb fullwidth=\u00bbon\u00bb _builder_version=\u00bb4.27.4&#8243; _module_preset=\u00bbdefault\u00bb width=\u00bb99%\u00bb max_width=\u00bb100%\u00bb custom_margin=\u00bb1px||||false|false\u00bb global_colors_info=\u00bb{}\u00bb][\/et_pb_gallery][\/et_pb_column][\/et_pb_row][\/et_pb_section][et_pb_section fb_built=\u00bb1&#8243; _builder_version=\u00bb4.27.4&#8243; background_color=\u00bb#FFFFFF\u00bb background_enable_image=\u00bboff\u00bb background_blend=\u00bbscreen\u00bb min_height=\u00bb590px\u00bb custom_margin=\u00bb3px|||||\u00bb custom_padding=\u00bb50px||1px|||\u00bb background_last_edited=\u00bbon|phone\u00bb use_background_color_gradient_phone=\u00bbon\u00bb background_color_gradient_stops_phone=\u00bb#ffffff 15%|#2079c1 100%\u00bb background_enable_image_phone=\u00bboff\u00bb background_size_phone=\u00bbinitial\u00bb global_colors_info=\u00bb{}\u00bb][et_pb_row module_id=\u00bbinventarioGEI\u00bb _builder_version=\u00bb4.27.4&#8243; background_size=\u00bbinitial\u00bb background_position=\u00bbtop_left\u00bb background_repeat=\u00bbrepeat\u00bb max_width=\u00bb2560px\u00bb min_height=\u00bb117px\u00bb custom_margin=\u00bb|auto|-3px|auto||\u00bb custom_padding=\u00bb5px|||||\u00bb global_colors_info=\u00bb{}\u00bb][et_pb_column type=\u00bb4_4&#8243; _builder_version=\u00bb4.27.4&#8243; _module_preset=\u00bbdefault\u00bb global_colors_info=\u00bb{}\u00bb][et_pb_heading title=\u00bbINVENTARIO GEI Y AN\u00c1LISIS DE RIESGO Y VULNERABILIDADES CLIM\u00c1TICAS\u00bb admin_label=\u00bbFlora Nativa\u00bb module_id=\u00bbcambioclimatico\u00bb _builder_version=\u00bb4.27.4&#8243; _module_preset=\u00bbdefault\u00bb title_level=\u00bbh2&#8243; title_font=\u00bb|300|||||||\u00bb title_text_align=\u00bbleft\u00bb title_text_color=\u00bb#FFFFFF\u00bb title_font_size=\u00bb40px\u00bb background_color=\u00bb#0C71C3&#8243; min_height=\u00bb70px\u00bb custom_margin=\u00bb-3px||-1px|||\u00bb custom_padding=\u00bb12px|||80px|false|false\u00bb title_text_shadow_style=\u00bbpreset1&#8243; border_radii=\u00bbon|8px|8px|8px|8px\u00bb global_colors_info=\u00bb{%22gcid-body-color%22:%91%22title_text_color%22,%22title_text_color%22,%22title_text_color%22,%22title_text_color%22%93}\u00bb][\/et_pb_heading][\/et_pb_column][\/et_pb_row][et_pb_row column_structure=\u00bb1_2,1_2&#8243; _builder_version=\u00bb4.27.4&#8243; _module_preset=\u00bbdefault\u00bb max_width=\u00bb2649px\u00bb hover_enabled=\u00bb0&#8243; global_colors_info=\u00bb{}\u00bb sticky_enabled=\u00bb0&#8243;][et_pb_column type=\u00bb1_2&#8243; _builder_version=\u00bb4.27.4&#8243; _module_preset=\u00bbdefault\u00bb hover_enabled=\u00bb0&#8243; global_colors_info=\u00bb{}\u00bb sticky_enabled=\u00bb0&#8243;][et_pb_blurb title=\u00bbInteract\u00faa con el inventario GEI\u00bb image=\u00bbhttps:\/\/mza-dicaws-portal-uploads-media-prod.s3.amazonaws.com\/informacion-oficial\/uploads\/sites\/12\/2026\/04\/22.04.png\u00bb _builder_version=\u00bb4.27.4&#8243; _module_preset=\u00bbdefault\u00bb alt=\u00bbDesktop &#8211; inventario GEI\u00bb border_width_all_image=\u00bb4px\u00bb border_color_all_image=\u00bb#3cb4e5&#8243; border_radii_image=\u00bbon|8px|8px|8px|8px\u00bb hover_enabled=\u00bb0&#8243; sticky_enabled=\u00bb0&#8243; url=\u00bbhttps:\/\/ide.mendoza.gov.ar\/portal\/apps\/experiencebuilder\/experience\/?id=c73a86c7da6c4883b6ea2b95270046c4&amp;draft=true\u00bb header_font_size=\u00bb22px\u00bb header_text_color=\u00bb#3cb4e5&#8243; header_text_align=\u00bbcenter\u00bb module_alignment=\u00bbcenter\u00bb][\/et_pb_blurb][et_pb_sidebar _builder_version=\u00bb4.27.4&#8243; _module_preset=\u00bbdefault\u00bb hover_enabled=\u00bb0&#8243; sticky_enabled=\u00bb0&#8243;][\/et_pb_sidebar][\/et_pb_column][et_pb_column type=\u00bb1_2&#8243; _builder_version=\u00bb4.27.4&#8243; _module_preset=\u00bbdefault\u00bb hover_enabled=\u00bb0&#8243; global_colors_info=\u00bb{}\u00bb sticky_enabled=\u00bb0&#8243;][et_pb_text _builder_version=\u00bb4.27.4&#8243; _module_preset=\u00bbdefault\u00bb custom_padding=\u00bb5px|||||\u00bb global_colors_info=\u00bb{}\u00bb]<\/p>\n<h2><span style=\"color: #3cb4e5\"><a href=\"https:\/\/mza-dicaws-portal-uploads-media-prod.s3.amazonaws.com\/informacion-oficial\/uploads\/sites\/12\/2025\/10\/INVENTARIO-DE-GEI-2018-Y-ANALISIS-DE-RIESGOS-Y-VULNERABILIDADES-CLIMATICAS-PPAYMCC.pdf\" style=\"color: #3cb4e5\"><strong>Inventario GEI &amp; ARVC 2018\u00a0<\/strong><\/a><\/span><\/h2>\n<p>[\/et_pb_text][et_pb_text _builder_version=\u00bb4.27.4&#8243; _module_preset=\u00bbdefault\u00bb custom_padding=\u00bb5px|||||\u00bb global_colors_info=\u00bb{}\u00bb]<\/p>\n<h2><span style=\"color: #3cb4e5\"><a href=\"https:\/\/mza-dicaws-portal-uploads-media-prod.s3.amazonaws.com\/informacion-oficial\/uploads\/sites\/12\/2026\/04\/IGEI-ARVC-2023-Final-16-4-26-1.pdf\" style=\"color: #3cb4e5\"><strong>Inventario GEI &amp; ARVC 2023\u00a0<\/strong><\/a><\/span><\/h2>\n<p>[\/et_pb_text][et_pb_text _builder_version=\u00bb4.27.4&#8243; _module_preset=\u00bbdefault\u00bb custom_padding=\u00bb5px|||||\u00bb global_colors_info=\u00bb{}\u00bb]<\/p>\n<h2><span style=\"color: #3cb4e5\"><strong>Resumen Ejecutivo Inventario GEI &amp; ARVC 2023<\/strong><\/span><\/h2>\n<p>[\/et_pb_text][et_pb_text _builder_version=\u00bb4.27.4&#8243; _module_preset=\u00bbdefault\u00bb global_colors_info=\u00bb{}\u00bb]<\/p>\n<p>En el marco de la Ley Nacional N\u00b0 27.520 de Presupuestos M\u00ednimos de Adaptaci\u00f3n y Mitigaci\u00f3n al Cambio Clim\u00e1tico Global, la Provincia de Mendoza avanza en la construcci\u00f3n de su Plan de Respuesta al Cambio Clim\u00e1tico. Este plan es un proceso participativo que comienza con un diagn\u00f3stico t\u00e9cnico riguroso, compuesto por dos documentos fundamentales que presentamos a continuaci\u00f3n:<\/p>\n<p>[\/et_pb_text][\/et_pb_column][\/et_pb_row][et_pb_row column_structure=\u00bb1_2,1_2&#8243; _builder_version=\u00bb4.27.4&#8243; _module_preset=\u00bbdefault\u00bb max_width=\u00bb2560px\u00bb locked=\u00bboff\u00bb global_colors_info=\u00bb{}\u00bb][et_pb_column type=\u00bb1_2&#8243; _builder_version=\u00bb4.27.4&#8243; _module_preset=\u00bbdefault\u00bb global_colors_info=\u00bb{}\u00bb][et_pb_text _builder_version=\u00bb4.27.4&#8243; _module_preset=\u00bbdefault\u00bb global_colors_info=\u00bb{}\u00bb]<\/p>\n<ul>\n<li><strong><u>Inventario de Gases de Efecto Invernadero<\/u><\/strong><\/li>\n<\/ul>\n<p>Este reporte constituye la base t\u00e9cnica para la acci\u00f3n clim\u00e1tica de la Provincia de Mendoza, <strong>cuantificando de manera precisa las emisiones y absorciones de GEI<\/strong> en el territorio. Su desarrollo se rige por los m\u00e1s altos est\u00e1ndares internacionales:<\/p>\n<p><em><u>Metodolog\u00eda GPC:<\/u><\/em> Elaborado bajo el <strong>Protocolo Global para Inventarios de Emisi\u00f3n de Gases de Efecto Invernadero a Escala Comunitaria<\/strong>, garantizando principios de contabilidad y reporte reconocidos globalmente.<\/p>\n<p><em><u>Sectores Analizados: <\/u><\/em><\/p>\n<ul>\n<li>Energ\u00eda Estacionaria<\/li>\n<li>Transporte<\/li>\n<li>Residuos<\/li>\n<li>AFOLU (Agricultura, Silvicultura y Otros Usos del Suelo)<\/li>\n<li>IPPU (Procesos Industriales y Uso de Productos).<\/li>\n<\/ul>\n<p>El nivel de reporte utilizado es B\u00c1SICO +:<\/p>\n<p>[\/et_pb_text][\/et_pb_column][et_pb_column type=\u00bb1_2&#8243; _builder_version=\u00bb4.27.4&#8243; _module_preset=\u00bbdefault\u00bb global_colors_info=\u00bb{}\u00bb][et_pb_image src=\u00bbhttps:\/\/mza-dicaws-portal-uploads-media-prod.s3.amazonaws.com\/informacion-oficial\/uploads\/sites\/12\/2025\/12\/cuadro-2.png\u00bb title_text=\u00bbcuadro 2&#8243; _builder_version=\u00bb4.27.4&#8243; _module_preset=\u00bbdefault\u00bb global_colors_info=\u00bb{}\u00bb][\/et_pb_image][et_pb_text _builder_version=\u00bb4.27.4&#8243; _module_preset=\u00bbdefault\u00bb global_colors_info=\u00bb{}\u00bb]<\/p>\n<p><span>Niveles de reporte B\u00e1sico y B\u00e1sico +. Fuente: Centro de Estudios de Ingenier\u00eda de Residuos S\u00f3lidos (CEIRS) a partir de GPC Protocol (WRI, C40 &amp; ICLEI, 2021).<\/span><\/p>\n<p>[\/et_pb_text][\/et_pb_column][\/et_pb_row][et_pb_row column_structure=\u00bb1_2,1_2&#8243; _builder_version=\u00bb4.27.4&#8243; _module_preset=\u00bbdefault\u00bb max_width=\u00bb2560px\u00bb locked=\u00bboff\u00bb global_colors_info=\u00bb{}\u00bb][et_pb_column type=\u00bb1_2&#8243; _builder_version=\u00bb4.27.4&#8243; _module_preset=\u00bbdefault\u00bb global_colors_info=\u00bb{}\u00bb][et_pb_text _builder_version=\u00bb4.27.4&#8243; _module_preset=\u00bbdefault\u00bb global_colors_info=\u00bb{}\u00bb]<\/p>\n<ul>\n<li><strong><u>An\u00e1lisis de Riesgo y Vulnerabilidades clim\u00e1ticas<\/u><\/strong><\/li>\n<\/ul>\n<p>Este an\u00e1lisis representa el primer esfuerzo provincial por comprender c\u00f3mo los cambios en el clima afectan nuestro ambiente, nuestras actividades productivas y a la poblaci\u00f3n mendocina.<\/p>\n<p>El Riesgo, en el contexto del Cambio Clim\u00e1tico, se define como el potencial de consecuencias adversas sobre sistemas humanos o naturales. No es un evento aislado, sino el resultado de la<strong> interacci\u00f3n din\u00e1mica de tres componentes cr\u00edticos:<\/strong><\/p>\n<p><em><u>Amenaza:<\/u><\/em> Se refiere a la ocurrencia potencial de un fen\u00f3meno f\u00edsico de origen clim\u00e1tico que puede causar da\u00f1os. En Mendoza, hemos identificado seis amenazas principales:<\/p>\n<ul>\n<li><em>viento zonda<\/em><\/li>\n<li><em>sequ\u00eda o escasez h\u00eddrica<\/em><\/li>\n<li><em>temperaturas extremas y olas de calor<\/em><\/li>\n<li><em>precipitaciones intensas<\/em><\/li>\n<li><em>granizo <\/em><\/li>\n<li><em>heladas<\/em><\/li>\n<\/ul>\n<p><em><u>Exposici\u00f3n: <\/u><\/em>Se refiere a los sistemas humanos y naturales que se encuentran en las zonas donde ocurren estas amenazas.<\/p>\n<p><em><u>Vulnerabilidad: <\/u><\/em>Representa la propensi\u00f3n o predisposici\u00f3n a ser afectado negativamente. Este componente incluye la sensibilidad (grado en que un sistema es afectado) y la falta de capacidad de respuesta (recursos y habilidades para absorber el impacto y recuperarse).<\/p>\n<p>[\/et_pb_text][\/et_pb_column][et_pb_column type=\u00bb1_2&#8243; _builder_version=\u00bb4.27.4&#8243; _module_preset=\u00bbdefault\u00bb global_colors_info=\u00bb{}\u00bb][et_pb_image src=\u00bbhttps:\/\/mza-dicaws-portal-uploads-media-prod.s3.amazonaws.com\/informacion-oficial\/uploads\/sites\/12\/2025\/12\/Captura-de-pantalla-2025-12-29-130926.png\u00bb title_text=\u00bbCaptura de pantalla 2025-12-29 130926&#8243; _builder_version=\u00bb4.27.4&#8243; _module_preset=\u00bbdefault\u00bb custom_padding=\u00bb106px||||false|false\u00bb global_colors_info=\u00bb{}\u00bb][\/et_pb_image][et_pb_text _builder_version=\u00bb4.27.4&#8243; _module_preset=\u00bbdefault\u00bb global_colors_info=\u00bb{}\u00bb]<\/p>\n<p><span>Riesgo debido al cambio clim\u00e1tico y sus componentes. Fuente: Centro de Estudios de Ingenier\u00eda de Residuos S\u00f3lidos (CEIRS) a partir de IPCC (2022).<\/span><\/p>\n<p>[\/et_pb_text][\/et_pb_column][\/et_pb_row][\/et_pb_section][et_pb_section fb_built=\u00bb1&#8243; _builder_version=\u00bb4.27.4&#8243; background_color=\u00bb#FFFFFF\u00bb background_enable_image=\u00bboff\u00bb background_blend=\u00bbscreen\u00bb min_height=\u00bb590px\u00bb custom_margin=\u00bb3px|||||\u00bb custom_padding=\u00bb50px||1px|||\u00bb background_last_edited=\u00bbon|phone\u00bb use_background_color_gradient_phone=\u00bbon\u00bb background_color_gradient_stops_phone=\u00bb#ffffff 15%|#2079c1 100%\u00bb background_enable_image_phone=\u00bboff\u00bb background_size_phone=\u00bbinitial\u00bb global_colors_info=\u00bb{}\u00bb][et_pb_row module_id=\u00bbplanderespuesta\u00bb _builder_version=\u00bb4.27.4&#8243; background_size=\u00bbinitial\u00bb background_position=\u00bbtop_left\u00bb background_repeat=\u00bbrepeat\u00bb max_width=\u00bb2560px\u00bb min_height=\u00bb117px\u00bb custom_margin=\u00bb|auto|-3px|auto||\u00bb custom_padding=\u00bb5px|||||\u00bb global_colors_info=\u00bb{}\u00bb][et_pb_column type=\u00bb4_4&#8243; _builder_version=\u00bb4.27.4&#8243; _module_preset=\u00bbdefault\u00bb global_colors_info=\u00bb{}\u00bb][et_pb_heading title=\u00bbPLAN DE RESPUESTA PROVINCIAL\u00bb admin_label=\u00bbFlora Nativa\u00bb module_id=\u00bbcambioclimatico\u00bb _builder_version=\u00bb4.27.4&#8243; _module_preset=\u00bbdefault\u00bb title_level=\u00bbh2&#8243; title_font=\u00bb|300|||||||\u00bb title_text_align=\u00bbleft\u00bb title_text_color=\u00bb#FFFFFF\u00bb title_font_size=\u00bb40px\u00bb background_color=\u00bb#0C71C3&#8243; min_height=\u00bb70px\u00bb custom_margin=\u00bb-3px||-1px|||\u00bb custom_padding=\u00bb12px|||80px|false|false\u00bb title_text_shadow_style=\u00bbpreset1&#8243; border_radii=\u00bbon|8px|8px|8px|8px\u00bb global_colors_info=\u00bb{%22gcid-body-color%22:%91%22title_text_color%22,%22title_text_color%22,%22title_text_color%22,%22title_text_color%22%93}\u00bb][\/et_pb_heading][\/et_pb_column][\/et_pb_row][et_pb_row column_structure=\u00bb1_3,2_3&#8243; _builder_version=\u00bb4.27.4&#8243; _module_preset=\u00bbdefault\u00bb max_width=\u00bb2649px\u00bb global_colors_info=\u00bb{}\u00bb][et_pb_column type=\u00bb1_3&#8243; _builder_version=\u00bb4.27.4&#8243; _module_preset=\u00bbdefault\u00bb global_colors_info=\u00bb{}\u00bb][et_pb_icon font_icon=\u00bb&#xf122;||fa||900&#8243; icon_color=\u00bb#3cb4e5&#8243; icon_width=\u00bb200px\u00bb _builder_version=\u00bb4.27.4&#8243; _module_preset=\u00bbdefault\u00bb custom_margin=\u00bb-31px|||||\u00bb custom_padding=\u00bb|0px||||\u00bb global_colors_info=\u00bb{}\u00bb][\/et_pb_icon][\/et_pb_column][et_pb_column type=\u00bb2_3&#8243; _builder_version=\u00bb4.27.4&#8243; _module_preset=\u00bbdefault\u00bb global_colors_info=\u00bb{}\u00bb][et_pb_text _builder_version=\u00bb4.27.4&#8243; _module_preset=\u00bbdefault\u00bb global_colors_info=\u00bb{}\u00bb]<\/p>\n<p>En cumplimiento con el <strong>Art\u00edculo 20 de la Ley Nacional N\u00b0 27.520<\/strong>, la Provincia de Mendoza se encuentra desarrollando su <strong>Plan de Respuesta<\/strong>. Este documento es la hoja de ruta estrat\u00e9gica para la acci\u00f3n clim\u00e1tica local, basada en evidencia cient\u00edfica y participaci\u00f3n ciudadana.<\/p>\n<p>[\/et_pb_text][\/et_pb_column][\/et_pb_row][et_pb_row column_structure=\u00bb1_2,1_2&#8243; _builder_version=\u00bb4.27.4&#8243; _module_preset=\u00bbdefault\u00bb max_width=\u00bb2560px\u00bb locked=\u00bboff\u00bb global_colors_info=\u00bb{}\u00bb][et_pb_column type=\u00bb1_2&#8243; _builder_version=\u00bb4.27.4&#8243; _module_preset=\u00bbdefault\u00bb global_colors_info=\u00bb{}\u00bb][et_pb_text _builder_version=\u00bb4.27.4&#8243; _module_preset=\u00bbdefault\u00bb global_colors_info=\u00bb{}\u00bb]<\/p>\n<h3><strong>\u00bfQu\u00e9 incluye el Plan?<\/strong> (Art. 20 &#8211; Ley 27.520)<\/h3>\n<p><strong><u><\/u><\/strong><\/p>\n<p>Para garantizar una gesti\u00f3n integral, el plan se estructura bajo los siguientes ejes t\u00e9cnicos:<\/p>\n<p><em><u>Diagn\u00f3stico: <\/u><\/em>L\u00ednea de base de emisiones<strong> (Inventario GEI) <\/strong>y an\u00e1lisis de impactos, vulnerabilidad y capacidad de adaptaci\u00f3n <strong>(ARVC).<\/strong><\/p>\n<p><u>Metas de Acci\u00f3n:<\/u> Objetivos cuantitativos de <strong>Mitigaci\u00f3n<\/strong> (reducci\u00f3n de emisiones) y objetivos cualitativos y cuantitativos de <strong>Adaptaci\u00f3n<\/strong> (resiliencia).<\/p>\n<p><em><u>Hojas de Ruta:<\/u><\/em> Medidas concretas para cada meta definida, con <strong>an\u00e1lisis de barreras y necesidades detectadas, esquemas de financiamiento<\/strong>,\u00a0 e i<strong>ndicadores de progreso y monitoreo<\/strong> para asegurar la trazabilidad del plan.<\/p>\n<p><em><u>Monitoreo: <\/u><\/em><strong>Sistema de indicadores<\/strong> para el seguimiento y actualizaci\u00f3n regular de las metas.<\/p>\n<p><em><u>Gobernanza: <\/u><\/em>Un <strong>esquema participativo<\/strong> que integra al sector p\u00fablico, privado y cient\u00edfico.<\/p>\n<p>[\/et_pb_text][\/et_pb_column][et_pb_column type=\u00bb1_2&#8243; _builder_version=\u00bb4.27.4&#8243; _module_preset=\u00bbdefault\u00bb global_colors_info=\u00bb{}\u00bb][et_pb_image src=\u00bbhttps:\/\/mza-dicaws-portal-uploads-media-prod.s3.amazonaws.com\/informacion-oficial\/uploads\/sites\/12\/2026\/01\/lamp.jpg\u00bb title_text=\u00bblamp\u00bb _builder_version=\u00bb4.27.4&#8243; _module_preset=\u00bbdefault\u00bb global_colors_info=\u00bb{}\u00bb][\/et_pb_image][\/et_pb_column][\/et_pb_row][\/et_pb_section][et_pb_section fb_built=\u00bb1&#8243; _builder_version=\u00bb4.27.4&#8243; background_enable_color=\u00bboff\u00bb background_enable_image=\u00bboff\u00bb background_blend=\u00bbscreen\u00bb min_height=\u00bb507.8px\u00bb custom_margin=\u00bb3px|||||\u00bb custom_padding=\u00bb78px||30px|||\u00bb global_colors_info=\u00bb{}\u00bb][et_pb_row module_id=\u00bbbasedatos\u00bb _builder_version=\u00bb4.27.4&#8243; background_size=\u00bbinitial\u00bb background_position=\u00bbtop_left\u00bb background_repeat=\u00bbrepeat\u00bb max_width=\u00bb2560px\u00bb min_height=\u00bb100px\u00bb custom_margin=\u00bb|auto|-3px|auto||\u00bb custom_padding=\u00bb5px||4px|||\u00bb global_colors_info=\u00bb{}\u00bb][et_pb_column type=\u00bb4_4&#8243; _builder_version=\u00bb4.27.4&#8243; _module_preset=\u00bbdefault\u00bb global_colors_info=\u00bb{}\u00bb][et_pb_heading title=\u00bbREPOSITORIO DE INFORMACION SOBRE CAMBIO CLIMATICO \u00bb admin_label=\u00bbFlora Nativa\u00bb module_id=\u00bbcambioclimatico\u00bb _builder_version=\u00bb4.27.4&#8243; _module_preset=\u00bbdefault\u00bb title_level=\u00bbh2&#8243; title_font=\u00bb|300|||||||\u00bb title_text_align=\u00bbleft\u00bb title_text_color=\u00bb#FFFFFF\u00bb title_font_size=\u00bb40px\u00bb background_color=\u00bb#0C71C3&#8243; min_height=\u00bb70px\u00bb custom_margin=\u00bb-3px||-1px|||\u00bb custom_padding=\u00bb12px|||80px|false|false\u00bb border_radii=\u00bbon|8px|8px|8px|8px\u00bb global_colors_info=\u00bb{%22gcid-body-color%22:%91%22title_text_color%22,%22title_text_color%22,%22title_text_color%22,%22title_text_color%22,%22title_text_color%22%93}\u00bb][\/et_pb_heading][\/et_pb_column][\/et_pb_row][et_pb_row column_structure=\u00bb1_3,2_3&#8243; _builder_version=\u00bb4.27.4&#8243; _module_preset=\u00bbdefault\u00bb max_width=\u00bb2649px\u00bb custom_margin=\u00bb29px|auto||auto||\u00bb global_colors_info=\u00bb{}\u00bb][et_pb_column type=\u00bb1_3&#8243; _builder_version=\u00bb4.27.4&#8243; _module_preset=\u00bbdefault\u00bb global_colors_info=\u00bb{}\u00bb][et_pb_icon font_icon=\u00bb&#xf1c0;||fa||900&#8243; icon_color=\u00bb#3cb4e5&#8243; icon_width=\u00bb200px\u00bb _builder_version=\u00bb4.27.4&#8243; _module_preset=\u00bbdefault\u00bb custom_margin=\u00bb-31px|||||\u00bb custom_padding=\u00bb|0px||||\u00bb global_colors_info=\u00bb{}\u00bb][\/et_pb_icon][\/et_pb_column][et_pb_column type=\u00bb2_3&#8243; _builder_version=\u00bb4.27.4&#8243; _module_preset=\u00bbdefault\u00bb global_colors_info=\u00bb{}\u00bb][et_pb_text _builder_version=\u00bb4.27.4&#8243; _module_preset=\u00bbdefault\u00bb custom_padding=\u00bb5px|||||\u00bb global_colors_info=\u00bb{}\u00bb]<\/p>\n<h2><span style=\"color: #3cb4e5\"><a href=\"https:\/\/mza-dicaws-portal-uploads-media-prod.s3.amazonaws.com\/informacion-oficial\/uploads\/sites\/12\/2025\/10\/INVENTARIO-DE-GEI-2018-Y-ANALISIS-DE-RIESGOS-Y-VULNERABILIDADES-CLIMATICAS-PPAYMCC.pdf\" style=\"color: #3cb4e5\"><strong>Inventario GEI &amp; ARVC 2018<\/strong><\/a><\/span><\/h2>\n<p>[\/et_pb_text][et_pb_text _builder_version=\u00bb4.27.4&#8243; _module_preset=\u00bbdefault\u00bb custom_padding=\u00bb5px|||||\u00bb global_colors_info=\u00bb{}\u00bb]<\/p>\n<h2><span style=\"color: #3cb4e5\"><a href=\"https:\/\/mza-dicaws-portal-uploads-media-prod.s3.amazonaws.com\/informacion-oficial\/uploads\/sites\/12\/2026\/04\/IGEI-ARVC-2023-Final-16-4-26-1.pdf\" style=\"color: #3cb4e5\"><strong>Inventario GEI &amp; ARVC 2023<\/strong><\/a><\/span><\/h2>\n<p>[\/et_pb_text][\/et_pb_column][\/et_pb_row][et_pb_row _builder_version=\u00bb4.27.4&#8243; _module_preset=\u00bbdefault\u00bb max_width=\u00bb2560px\u00bb custom_margin=\u00bb30px|auto||auto||\u00bb custom_padding=\u00bb||2px|||\u00bb global_colors_info=\u00bb{}\u00bb][et_pb_column type=\u00bb4_4&#8243; _builder_version=\u00bb4.27.4&#8243; _module_preset=\u00bbdefault\u00bb global_colors_info=\u00bb{}\u00bb][et_pb_text _builder_version=\u00bb4.27.4&#8243; _module_preset=\u00bbdefault\u00bb custom_padding=\u00bb5px|||||\u00bb global_colors_info=\u00bb{}\u00bb]<\/p>\n<h2>MITIGACION<\/h2>\n<p>[\/et_pb_text][\/et_pb_column][\/et_pb_row][et_pb_row column_structure=\u00bb1_2,1_2&#8243; _builder_version=\u00bb4.27.4&#8243; _module_preset=\u00bbdefault\u00bb max_width=\u00bb2560px\u00bb custom_margin=\u00bb30px|auto||auto||\u00bb custom_padding=\u00bb||2px|||\u00bb global_colors_info=\u00bb{}\u00bb][et_pb_column type=\u00bb1_2&#8243; _builder_version=\u00bb4.27.4&#8243; _module_preset=\u00bbdefault\u00bb global_colors_info=\u00bb{}\u00bb][et_pb_blurb title=\u00bbInventario y huella de carbono\u00bb url=\u00bbhttps:\/\/informacionoficial.mendoza.gob.ar\/energiayambiente\/1370-2\/inventario-y-huella-de-carbono\/\u00bb use_icon=\u00bbon\u00bb font_icon=\u00bb&#xf468;||fa||900&#8243; icon_color=\u00bb#0C71C3&#8243; _builder_version=\u00bb4.27.4&#8243; _module_preset=\u00bbdefault\u00bb header_text_align=\u00bbcenter\u00bb header_text_color=\u00bb#0C71C3&#8243; body_text_color=\u00bbgcid-840cd285-ee6f-49c1-abc9-5e893f3235b8&#8243; custom_margin=\u00bb||10%||false|false\u00bb link_option_url=\u00bbhttps:\/\/informacionoficial.mendoza.gob.ar\/energiayambiente\/1370-2\/inventario-y-huella-de-carbono\/\u00bb locked=\u00bboff\u00bb global_colors_info=\u00bb{%22gcid-840cd285-ee6f-49c1-abc9-5e893f3235b8%22:%91%22body_text_color%22%93}\u00bb][\/et_pb_blurb][\/et_pb_column][et_pb_column type=\u00bb1_2&#8243; _builder_version=\u00bb4.27.4&#8243; _module_preset=\u00bbdefault\u00bb global_colors_info=\u00bb{}\u00bb][et_pb_blurb title=\u00bbTecnolog\u00edas\u00bb url=\u00bbhttps:\/\/informacionoficial.mendoza.gob.ar\/energiayambiente\/1370-2\/tecnologias\/\u00bb use_icon=\u00bbon\u00bb font_icon=\u00bb&#xf5fc;||fa||900&#8243; icon_color=\u00bb#0C71C3&#8243; _builder_version=\u00bb4.27.4&#8243; _module_preset=\u00bbdefault\u00bb header_text_align=\u00bbcenter\u00bb header_text_color=\u00bb#0C71C3&#8243; body_text_color=\u00bbgcid-840cd285-ee6f-49c1-abc9-5e893f3235b8&#8243; custom_margin=\u00bb||10%||false|false\u00bb link_option_url=\u00bbhttps:\/\/informacionoficial.mendoza.gob.ar\/energiayambiente\/1370-2\/tecnologias\/\u00bb locked=\u00bboff\u00bb global_colors_info=\u00bb{%22gcid-840cd285-ee6f-49c1-abc9-5e893f3235b8%22:%91%22body_text_color%22,%22body_text_color%22,%22body_text_color%22,%22header_text_color%22%93}\u00bb][\/et_pb_blurb][\/et_pb_column][\/et_pb_row][et_pb_row _builder_version=\u00bb4.27.4&#8243; _module_preset=\u00bbdefault\u00bb max_width=\u00bb2560px\u00bb custom_margin=\u00bb30px|auto||auto||\u00bb custom_padding=\u00bb||2px|||\u00bb global_colors_info=\u00bb{}\u00bb][et_pb_column type=\u00bb4_4&#8243; _builder_version=\u00bb4.27.4&#8243; _module_preset=\u00bbdefault\u00bb global_colors_info=\u00bb{}\u00bb][et_pb_text _builder_version=\u00bb4.27.4&#8243; _module_preset=\u00bbdefault\u00bb custom_padding=\u00bb5px|||||\u00bb global_colors_info=\u00bb{}\u00bb]<\/p>\n<h2>ADAPTACI\u00d3N<\/h2>\n<p>[\/et_pb_text][\/et_pb_column][\/et_pb_row][et_pb_row column_structure=\u00bb1_4,1_4,1_4,1_4&#8243; _builder_version=\u00bb4.27.4&#8243; _module_preset=\u00bbdefault\u00bb max_width=\u00bb2560px\u00bb custom_margin=\u00bb30px|auto||auto||\u00bb custom_padding=\u00bb||2px|||\u00bb global_colors_info=\u00bb{}\u00bb][et_pb_column type=\u00bb1_4&#8243; _builder_version=\u00bb4.27.4&#8243; _module_preset=\u00bbdefault\u00bb global_colors_info=\u00bb{}\u00bb][et_pb_blurb title=\u00bbAmenazas y predicciones\u00bb url=\u00bbhttps:\/\/informacionoficial.mendoza.gob.ar\/energiayambiente\/1370-2\/amenzas-y-predicciones\/\u00bb use_icon=\u00bbon\u00bb font_icon=\u00bb&#xf4d9;||fa||900&#8243; icon_color=\u00bb#0C71C3&#8243; _builder_version=\u00bb4.27.4&#8243; _module_preset=\u00bbdefault\u00bb header_text_align=\u00bbcenter\u00bb header_text_color=\u00bb#0C71C3&#8243; body_text_color=\u00bbgcid-840cd285-ee6f-49c1-abc9-5e893f3235b8&#8243; custom_margin=\u00bb||10%||false|false\u00bb link_option_url=\u00bbhttps:\/\/informacionoficial.mendoza.gob.ar\/energiayambiente\/1370-2\/amenzas-y-predicciones\/\u00bb locked=\u00bboff\u00bb global_colors_info=\u00bb{%22gcid-840cd285-ee6f-49c1-abc9-5e893f3235b8%22:%91%22body_text_color%22%93}\u00bb][\/et_pb_blurb][\/et_pb_column][et_pb_column type=\u00bb1_4&#8243; _builder_version=\u00bb4.27.4&#8243; _module_preset=\u00bbdefault\u00bb global_colors_info=\u00bb{}\u00bb][et_pb_blurb title=\u00bbPlanificaci\u00f3n, gobernanza, pol\u00edticas p\u00fablicas y legislaci\u00f3n\u00bb url=\u00bbhttps:\/\/informacionoficial.mendoza.gob.ar\/energiayambiente\/1370-2\/planificacion-gobernanza-politicas-publicas-y-legislacion\/\u00bb use_icon=\u00bbon\u00bb font_icon=\u00bb&#xf018;||fa||900&#8243; icon_color=\u00bb#0C71C3&#8243; _builder_version=\u00bb4.27.4&#8243; _module_preset=\u00bbdefault\u00bb header_text_align=\u00bbcenter\u00bb header_text_color=\u00bb#0C71C3&#8243; body_text_color=\u00bbgcid-840cd285-ee6f-49c1-abc9-5e893f3235b8&#8243; custom_margin=\u00bb||10%||false|false\u00bb link_option_url=\u00bbhttps:\/\/informacionoficial.mendoza.gob.ar\/energiayambiente\/1370-2\/planificacion-gobernanza-politicas-publicas-y-legislacion\/\u00bb locked=\u00bboff\u00bb global_colors_info=\u00bb{%22gcid-840cd285-ee6f-49c1-abc9-5e893f3235b8%22:%91%22body_text_color%22,%22body_text_color%22,%22body_text_color%22,%22header_text_color%22%93}\u00bb][\/et_pb_blurb][\/et_pb_column][et_pb_column type=\u00bb1_4&#8243; _builder_version=\u00bb4.27.4&#8243; _module_preset=\u00bbdefault\u00bb global_colors_info=\u00bb{}\u00bb][et_pb_blurb title=\u00bbRiesgos e impactos\u00bb url=\u00bbhttps:\/\/informacionoficial.mendoza.gob.ar\/energiayambiente\/1370-2\/riesgos-e-impactos\/\u00bb use_icon=\u00bbon\u00bb font_icon=\u00bb&#xe0ec;||divi||400&#8243; icon_color=\u00bb#0C71C3&#8243; _builder_version=\u00bb4.27.4&#8243; _module_preset=\u00bbdefault\u00bb header_text_align=\u00bbcenter\u00bb header_text_color=\u00bb#0C71C3&#8243; body_text_color=\u00bbgcid-840cd285-ee6f-49c1-abc9-5e893f3235b8&#8243; custom_margin=\u00bb||10%||false|false\u00bb link_option_url=\u00bbhttps:\/\/informacionoficial.mendoza.gob.ar\/energiayambiente\/1370-2\/riesgos-e-impactos\/\u00bb locked=\u00bboff\u00bb global_colors_info=\u00bb{%22gcid-840cd285-ee6f-49c1-abc9-5e893f3235b8%22:%91%22body_text_color%22,%22body_text_color%22,%22body_text_color%22,%22header_text_color%22%93}\u00bb][\/et_pb_blurb][\/et_pb_column][et_pb_column type=\u00bb1_4&#8243; _builder_version=\u00bb4.27.4&#8243; _module_preset=\u00bbdefault\u00bb global_colors_info=\u00bb{}\u00bb][et_pb_blurb title=\u00bbVulnerabilidad y exposici\u00f3n\u00bb url=\u00bbhttps:\/\/informacionoficial.mendoza.gob.ar\/energiayambiente\/1370-2\/vulnerabilidad-y-exposicion\/\u00bb use_icon=\u00bbon\u00bb font_icon=\u00bb&#xf06e;||fa||900&#8243; icon_color=\u00bb#0C71C3&#8243; _builder_version=\u00bb4.27.4&#8243; _module_preset=\u00bbdefault\u00bb header_text_align=\u00bbcenter\u00bb header_text_color=\u00bb#0C71C3&#8243; body_text_color=\u00bbgcid-840cd285-ee6f-49c1-abc9-5e893f3235b8&#8243; custom_margin=\u00bb||10%||false|false\u00bb link_option_url=\u00bbhttps:\/\/informacionoficial.mendoza.gob.ar\/energiayambiente\/1370-2\/vulnerabilidad-y-exposicion\/\u00bb locked=\u00bboff\u00bb global_colors_info=\u00bb{%22gcid-840cd285-ee6f-49c1-abc9-5e893f3235b8%22:%91%22body_text_color%22,%22body_text_color%22,%22body_text_color%22,%22header_text_color%22%93}\u00bb][\/et_pb_blurb][\/et_pb_column][\/et_pb_row][\/et_pb_section][et_pb_section fb_built=\u00bb1&#8243; _builder_version=\u00bb4.27.4&#8243; _module_preset=\u00bbdefault\u00bb min_height=\u00bb338.6px\u00bb global_colors_info=\u00bb{}\u00bb][et_pb_row _builder_version=\u00bb4.27.4&#8243; _module_preset=\u00bbdefault\u00bb width=\u00bb100%\u00bb global_colors_info=\u00bb{}\u00bb][et_pb_column type=\u00bb4_4&#8243; _builder_version=\u00bb4.27.4&#8243; _module_preset=\u00bbdefault\u00bb global_colors_info=\u00bb{}\u00bb][et_pb_cta title=\u00bbContacto\u00bb button_text=\u00bbClics\u00bb _builder_version=\u00bb4.27.4&#8243; _module_preset=\u00bbdefault\u00bb background_color=\u00bbrgba(0,15,159,0.75)\u00bb min_height=\u00bb125.4px\u00bb custom_margin=\u00bb1px|||||\u00bb custom_padding=\u00bb25px||3px|||\u00bb border_radii=\u00bbon|8px|8px|8px|8px\u00bb global_colors_info=\u00bb{}\u00bb]<\/p>\n<p><strong>Coordinadora<\/strong><br \/>Ing. Carla Ortega<\/p>\n<p><span style=\"color: #3cb4e5\"><a href=\"https:\/\/www.mendoza.gov.ar\/energiayambiente\/coordinacion-de-sostenibilidad\/coordinaciondesostenibilidad@mendoza.gov.ar\" style=\"color: #3cb4e5\"><strong>coordinaciondesostenibilidad@mendoza.gov.ar<\/strong><\/a><\/span><\/p>\n<p>[\/et_pb_cta][\/et_pb_column][\/et_pb_row][\/et_pb_section]<\/p>\n","protected":false},"excerpt":{"rendered":"<p>\u00bfQu\u00e9 son las emisiones GEI? Las emisiones de gases de efecto invernadero (GEI) son la liberaci\u00f3n a la atm\u00f3sfera de gases que, al acumularse, atrapan el calor y contribuyen al calentamiento global, lo que se conoce como efecto invernadero. Estos gases, como el di\u00f3xido de carbono, el metano y el \u00f3xido nitroso, son los principales [&hellip;]<\/p>\n","protected":false},"author":13,"featured_media":0,"parent":0,"menu_order":0,"comment_status":"closed","ping_status":"closed","template":"","meta":{"_et_pb_use_builder":"on","_et_pb_old_content":"","_et_gb_content_width":"","footnotes":""},"class_list":["post-6105","page","type-page","status-publish","hentry"],"_links":{"self":[{"href":"https:\/\/informacionoficial.mendoza.gob.ar\/energiayambiente\/wp-json\/wp\/v2\/pages\/6105","targetHints":{"allow":["GET"]}}],"collection":[{"href":"https:\/\/informacionoficial.mendoza.gob.ar\/energiayambiente\/wp-json\/wp\/v2\/pages"}],"about":[{"href":"https:\/\/informacionoficial.mendoza.gob.ar\/energiayambiente\/wp-json\/wp\/v2\/types\/page"}],"author":[{"embeddable":true,"href":"https:\/\/informacionoficial.mendoza.gob.ar\/energiayambiente\/wp-json\/wp\/v2\/users\/13"}],"replies":[{"embeddable":true,"href":"https:\/\/informacionoficial.mendoza.gob.ar\/energiayambiente\/wp-json\/wp\/v2\/comments?post=6105"}],"version-history":[{"count":58,"href":"https:\/\/informacionoficial.mendoza.gob.ar\/energiayambiente\/wp-json\/wp\/v2\/pages\/6105\/revisions"}],"predecessor-version":[{"id":7276,"href":"https:\/\/informacionoficial.mendoza.gob.ar\/energiayambiente\/wp-json\/wp\/v2\/pages\/6105\/revisions\/7276"}],"wp:attachment":[{"href":"https:\/\/informacionoficial.mendoza.gob.ar\/energiayambiente\/wp-json\/wp\/v2\/media?parent=6105"}],"curies":[{"name":"wp","href":"https:\/\/api.w.org\/{rel}","templated":true}]}}