{"id":6774,"date":"2026-02-19T09:39:59","date_gmt":"2026-02-19T12:39:59","guid":{"rendered":"https:\/\/informacionoficial.mendoza.gob.ar\/energiayambiente\/?page_id=6774"},"modified":"2026-04-14T07:42:14","modified_gmt":"2026-04-14T10:42:14","slug":"vinculacion-sostenible","status":"publish","type":"page","link":"https:\/\/informacionoficial.mendoza.gob.ar\/energiayambiente\/vinculacion-sostenible\/","title":{"rendered":"Vinculaci\u00f3n Sostenible"},"content":{"rendered":"<p>[et_pb_section fb_built=\u00bb1&#8243; _builder_version=\u00bb4.27.4&#8243; _module_preset=\u00bbdefault\u00bb custom_margin=\u00bb0px|0px|0px|0px|true|true\u00bb custom_padding=\u00bb0.5px|0px|0.5px|0px|true|true\u00bb global_colors_info=\u00bb{}\u00bb][et_pb_row column_structure=\u00bb3_4,1_4&#8243; _builder_version=\u00bb4.27.4&#8243; _module_preset=\u00bbdefault\u00bb width=\u00bb100%\u00bb max_width=\u00bb100%\u00bb custom_margin=\u00bb||||false|false\u00bb custom_padding=\u00bb|1em|0px|1em|false|true\u00bb custom_css_free_form=\u00bb.selector {||  display: none;||}||||@media (max-width: 980px) {||  .selector {||    display: block;||  }||}\u00bb global_colors_info=\u00bb{}\u00bb][et_pb_column type=\u00bb3_4&#8243; _builder_version=\u00bb4.27.4&#8243; _module_preset=\u00bbdefault\u00bb global_colors_info=\u00bb{}\u00bb][et_pb_image src=\u00bbhttps:\/\/mza-dicaws-portal-uploads-media-prod.s3.us-east-1.amazonaws.com\/informacion-oficial\/uploads\/sites\/12\/2025\/03\/marca_gov.png\u00bb title_text=\u00bbmarca_gov\u00bb url=\u00bbhttps:\/\/www.mendoza.gob.ar\/\u00bb _builder_version=\u00bb4.27.4&#8243; _module_preset=\u00bbdefault\u00bb z_index=\u00bb108&#8243; width=\u00bb40%\u00bb max_width=\u00bb40%\u00bb border_width_all=\u00bb0px\u00bb global_colors_info=\u00bb{}\u00bb][\/et_pb_image][\/et_pb_column][et_pb_column type=\u00bb1_4&#8243; _builder_version=\u00bb4.27.4&#8243; _module_preset=\u00bbdefault\u00bb global_colors_info=\u00bb{}\u00bb][et_pb_menu _builder_version=\u00bb4.27.4&#8243; _module_preset=\u00bbdefault\u00bb background_color=\u00bb#FFFFFF\u00bb positioning=\u00bbabsolute\u00bb position_origin_a=\u00bbtop_right\u00bb width_tablet=\u00bb\u00bb width_phone=\u00bb50%\u00bb width_last_edited=\u00bbon|phone\u00bb custom_margin=\u00bb-70px||||false|false\u00bb global_colors_info=\u00bb{}\u00bb][\/et_pb_menu][\/et_pb_column][\/et_pb_row][\/et_pb_section][et_pb_section fb_built=\u00bb1&#8243; _builder_version=\u00bb4.27.4&#8243; _module_preset=\u00bbdefault\u00bb background_enable_color=\u00bboff\u00bb use_background_color_gradient=\u00bbon\u00bb background_color_gradient_direction=\u00bb179deg\u00bb background_color_gradient_stops=\u00bbrgba(255,255,255,0.93) 1%|rgba(0,0,0,0) 100%\u00bb background_color_gradient_overlays_image=\u00bbon\u00bb background_image=\u00bbhttps:\/\/mza-dicaws-portal-uploads-media-prod.s3.amazonaws.com\/informacion-oficial\/uploads\/sites\/12\/2026\/02\/Diseno-sin-titulo.png\u00bb background_enable_video_mp4=\u00bboff\u00bb background_video_width=\u00bb100%\u00bb background_video_height=\u00bb100%\u00bb module_alignment=\u00bbcenter\u00bb min_height=\u00bb19em\u00bb custom_margin=\u00bb0px||0px||false|false\u00bb custom_padding=\u00bb46px||50px||false|false\u00bb locked=\u00bboff\u00bb global_colors_info=\u00bb{}\u00bb][et_pb_row _builder_version=\u00bb4.27.4&#8243; background_size=\u00bbinitial\u00bb background_position=\u00bbtop_left\u00bb background_repeat=\u00bbrepeat\u00bb max_width=\u00bb2560px\u00bb min_height=\u00bb117px\u00bb custom_margin=\u00bb0px|auto|0px|auto|false|false\u00bb custom_padding=\u00bb11px||||false|false\u00bb locked=\u00bboff\u00bb global_colors_info=\u00bb{}\u00bb][et_pb_column type=\u00bb4_4&#8243; _builder_version=\u00bb4.27.4&#8243; _module_preset=\u00bbdefault\u00bb global_colors_info=\u00bb{}\u00bb][et_pb_heading title=\u00bbVinculaci\u00f3n\u00bb _builder_version=\u00bb4.27.4&#8243; _module_preset=\u00bbdefault\u00bb title_font=\u00bb|300|||||||\u00bb title_text_align=\u00bbcenter\u00bb title_text_color=\u00bb#666666&#8243; title_font_size=\u00bb3.5rem\u00bb min_height=\u00bb54px\u00bb custom_margin=\u00bb||-4px|||\u00bb custom_padding=\u00bb||3px|||\u00bb title_text_shadow_style=\u00bbpreset1&#8243; locked=\u00bboff\u00bb global_colors_info=\u00bb{}\u00bb][\/et_pb_heading][\/et_pb_column][\/et_pb_row][et_pb_row column_structure=\u00bb3_5,2_5&#8243; _builder_version=\u00bb4.27.4&#8243; _module_preset=\u00bbdefault\u00bb background_color=\u00bbrgba(0,0,0,0.35)\u00bb max_width=\u00bb2499px\u00bb custom_padding=\u00bb|20px||20px|false|false\u00bb border_radii=\u00bbon|8px|8px|8px|8px\u00bb global_colors_info=\u00bb{}\u00bb][et_pb_column type=\u00bb3_5&#8243; _builder_version=\u00bb4.27.4&#8243; _module_preset=\u00bbdefault\u00bb global_colors_info=\u00bb{}\u00bb][et_pb_text _builder_version=\u00bb4.27.4&#8243; _module_preset=\u00bbdefault\u00bb custom_padding=\u00bb0px||||false|false\u00bb global_colors_info=\u00bb{}\u00bb]<\/p>\n<p style=\"text-align: justify\"><span style=\"color: #ffffff\"><span style=\"font-weight: 400\">Desde la Coordinaci\u00f3n de Sostenibilidad entendemos que <b>la transici\u00f3n hacia modelos de desarrollo m\u00e1s sostenibles requiere tanto del fortalecimiento interno de las capacidades del Estado como del compromiso activo de la ciudadan\u00eda.<\/b>\u00a0<\/span><\/span><\/p>\n<p style=\"text-align: justify\"><span style=\"color: #ffffff\"><span style=\"font-weight: 400\">Por ello, surge nuestro programa MEYA Sostenible que constituye el eje transversal de <\/span><b>articulaci\u00f3n, fortalecimiento institucional y participaci\u00f3n comunitaria<\/b><span style=\"font-weight: 400\">. Su objetivo es integrar la sostenibilidad como criterio de gesti\u00f3n en el \u00e1mbito ministerial y promover una cultura ambiental activa en la comunidad, generando redes, alianzas estrat\u00e9gicas y espacios de participaci\u00f3n.<\/span><\/span><\/p>\n<p style=\"text-align: justify\"><span style=\"color: #ffffff\"><span style=\"font-weight: 400\">Creemos que <b>la sostenibilidad se construye colectivamente<\/b>, a partir de la corresponsabilidad entre el Estado y la comunidad. Por eso, cada ciudadano puede ser parte.<\/span><\/span><\/p>\n<p>[\/et_pb_text][\/et_pb_column][et_pb_column type=\u00bb2_5&#8243; _builder_version=\u00bb4.27.4&#8243; _module_preset=\u00bbdefault\u00bb global_colors_info=\u00bb{}\u00bb][et_pb_image src=\u00bbhttps:\/\/mza-dicaws-portal-uploads-media-prod.s3.amazonaws.com\/informacion-oficial\/uploads\/sites\/12\/2026\/02\/DSC05407-980&#215;653-1.jpg.jpeg\u00bb title_text=\u00bbDSC05407-980&#215;653 (1).jpg\u00bb _builder_version=\u00bb4.27.4&#8243; _module_preset=\u00bbdefault\u00bb border_radii=\u00bbon|8px|8px|8px|8px\u00bb global_colors_info=\u00bb{}\u00bb][\/et_pb_image][\/et_pb_column][\/et_pb_row][et_pb_row column_structure=\u00bb1_2,1_2&#8243; _builder_version=\u00bb4.27.4&#8243; _module_preset=\u00bbdefault\u00bb max_width=\u00bb2560px\u00bb custom_margin=\u00bb35px|auto|1px|auto||\u00bb custom_padding=\u00bb||2px|||\u00bb global_colors_info=\u00bb{}\u00bb][et_pb_column type=\u00bb1_2&#8243; _builder_version=\u00bb4.27.4&#8243; _module_preset=\u00bbdefault\u00bb global_colors_info=\u00bb{}\u00bb][et_pb_toggle title=\u00bbVinculaci\u00f3n Interna \u00bb icon_color=\u00bbgcid-bb9c0857-25e3-4051-b4b2-87f09afe6b01&#8243; open_icon_color=\u00bbgcid-53054839-b83d-4ef0-8659-8a010e6148fd\u00bb _builder_version=\u00bb4.27.4&#8243; _module_preset=\u00bbdefault\u00bb title_level=\u00bbh3&#8243; title_font=\u00bb|300|||||||\u00bb title_font_size=\u00bb1.5rem\u00bb background_color=\u00bbRGBA(255,255,255,0.65)\u00bb custom_margin=\u00bb||35px|||\u00bb border_radii=\u00bbon|8px|8px|8px|8px\u00bb global_colors_info=\u00bb{%22gcid-bb9c0857-25e3-4051-b4b2-87f09afe6b01%22:%91%22icon_color%22%93,%22gcid-53054839-b83d-4ef0-8659-8a010e6148fd%22:%91%22open_icon_color%22%93}\u00bb]<\/p>\n<p><span style=\"font-weight: 400\">Trabajamos en la <\/span><b>incorporaci\u00f3n progresiva de criterios de sostenibilidad en la gesti\u00f3n<\/b> <b>p\u00fablica <\/b><span style=\"font-weight: 400\">y en la articulaci\u00f3n con otros organismos del Gobierno provincial.<\/span><\/p>\n<p><span style=\"font-weight: 400\">Esto incluye:<\/span><\/p>\n<ul>\n<li style=\"font-weight: 400\"><span style=\"font-weight: 400\">Implementaci\u00f3n de herramientas de medici\u00f3n e indicadores.<\/span><\/li>\n<li style=\"font-weight: 400\"><span style=\"font-weight: 400\">Acompa\u00f1amiento t\u00e9cnico a \u00e1reas y equipos.<\/span><\/li>\n<li style=\"font-weight: 400\"><span style=\"font-weight: 400\">Capacitaci\u00f3n interna.<\/span><\/li>\n<li style=\"font-weight: 400\"><span style=\"font-weight: 400\">Generaci\u00f3n de espacios de coordinaci\u00f3n interinstitucional.<\/span><\/li>\n<li style=\"font-weight: 400\"><span style=\"font-weight: 400\">Sistematizaci\u00f3n y mejora continua de pr\u00e1cticas sostenibles.<\/span><\/li>\n<\/ul>\n<p>[\/et_pb_toggle][\/et_pb_column][et_pb_column type=\u00bb1_2&#8243; _builder_version=\u00bb4.27.4&#8243; _module_preset=\u00bbdefault\u00bb global_colors_info=\u00bb{}\u00bb][et_pb_toggle title=\u00bbVinculaci\u00f3n comunitaria\u00bb icon_color=\u00bbgcid-bb9c0857-25e3-4051-b4b2-87f09afe6b01&#8243; open_icon_color=\u00bbgcid-53054839-b83d-4ef0-8659-8a010e6148fd\u00bb _builder_version=\u00bb4.27.4&#8243; _module_preset=\u00bbdefault\u00bb title_level=\u00bbh3&#8243; title_font=\u00bb|300|||||||\u00bb title_font_size=\u00bb1.5rem\u00bb background_color=\u00bbRGBA(255,255,255,0.65)\u00bb custom_margin=\u00bb||35px|||\u00bb border_radii=\u00bbon|8px|8px|8px|8px\u00bb global_colors_info=\u00bb{%22gcid-bb9c0857-25e3-4051-b4b2-87f09afe6b01%22:%91%22icon_color%22%93,%22gcid-53054839-b83d-4ef0-8659-8a010e6148fd%22:%91%22open_icon_color%22%93}\u00bb]<\/p>\n<p><span style=\"font-weight: 400\">Promovemos la <\/span><b>participaci\u00f3n ciudadana y el fortalecimiento de redes territoriales <\/b><span style=\"font-weight: 400\">que trabajan por la sostenibilidad.<\/span><\/p>\n<p><span style=\"font-weight: 400\">Entre nuestras principales l\u00edneas de acci\u00f3n se encuentran:<\/span><\/p>\n<ul>\n<li style=\"font-weight: 400\"><span style=\"font-weight: 400\">Voluntariado MEYA Sostenible: iniciativas de participaci\u00f3n activa vinculadas a educaci\u00f3n ambiental, gesti\u00f3n de residuos, restauraci\u00f3n y acciones territoriales.<\/span><\/li>\n<li style=\"font-weight: 400\"><span style=\"font-weight: 400\">Mapeo de proyectos sostenibles: registro y visibilizaci\u00f3n de iniciativas comunitarias, institucionales y privadas que promuevan el desarrollo sostenible en la provincia.<\/span><\/li>\n<li style=\"font-weight: 400\"><span style=\"font-weight: 400\">Articulaci\u00f3n con organizaciones, municipios e instituciones educativas.<\/span><\/li>\n<\/ul>\n<p>[\/et_pb_toggle][\/et_pb_column][\/et_pb_row][\/et_pb_section][et_pb_section fb_built=\u00bb1&#8243; module_id=\u00bbaccion\u00bb _builder_version=\u00bb4.27.4&#8243; background_color=\u00bb#FFFFFF\u00bb background_enable_image=\u00bboff\u00bb background_blend=\u00bbscreen\u00bb min_height=\u00bb600px\u00bb custom_margin=\u00bb3px|||||\u00bb custom_padding=\u00bb35px||1px|||\u00bb background_last_edited=\u00bbon|phone\u00bb use_background_color_gradient_phone=\u00bbon\u00bb background_color_gradient_stops_phone=\u00bb#ffffff 15%|#2079c1 100%\u00bb background_enable_image_phone=\u00bboff\u00bb background_size_phone=\u00bbinitial\u00bb locked=\u00bboff\u00bb global_colors_info=\u00bb{}\u00bb][et_pb_row module_id=\u00bbemisiones\u00bb _builder_version=\u00bb4.27.4&#8243; background_size=\u00bbinitial\u00bb background_position=\u00bbtop_left\u00bb background_repeat=\u00bbrepeat\u00bb max_width=\u00bb2560px\u00bb min_height=\u00bb80px\u00bb custom_margin=\u00bb50px|auto|-3px|auto||\u00bb custom_padding=\u00bb5px||30px|||\u00bb global_colors_info=\u00bb{}\u00bb][et_pb_column type=\u00bb4_4&#8243; _builder_version=\u00bb4.27.4&#8243; _module_preset=\u00bbdefault\u00bb global_colors_info=\u00bb{}\u00bb][et_pb_heading title=\u00bb\u00a1Sumate a la Red Sostenible!\u00bb admin_label=\u00bbFlora Nativa\u00bb module_id=\u00bbemisionesGEI\u00bb _builder_version=\u00bb4.27.4&#8243; _module_preset=\u00bbdefault\u00bb title_level=\u00bbh2&#8243; title_font=\u00bb|300|||||||\u00bb title_text_align=\u00bbleft\u00bb title_text_color=\u00bbgcid-body-color\u00bb title_font_size=\u00bb40px\u00bb min_height=\u00bb39px\u00bb custom_margin=\u00bb||-1px|||\u00bb global_colors_info=\u00bb{%22gcid-body-color%22:%91%22title_text_color%22%93}\u00bb][\/et_pb_heading][\/et_pb_column][\/et_pb_row][et_pb_row column_structure=\u00bb1_3,2_3&#8243; _builder_version=\u00bb4.27.4&#8243; _module_preset=\u00bbdefault\u00bb max_width=\u00bb2649px\u00bb min_height=\u00bb320.8px\u00bb custom_margin=\u00bb0px|auto||auto|false|false\u00bb global_colors_info=\u00bb{}\u00bb][et_pb_column type=\u00bb1_3&#8243; _builder_version=\u00bb4.27.4&#8243; _module_preset=\u00bbdefault\u00bb global_colors_info=\u00bb{}\u00bb][et_pb_icon font_icon=\u00bb&#xf0c0;||fa||900&#8243; icon_color=\u00bb#3cb4e5&#8243; icon_width=\u00bb200px\u00bb _builder_version=\u00bb4.27.4&#8243; _module_preset=\u00bbdefault\u00bb custom_margin=\u00bb34px||||false|false\u00bb custom_padding=\u00bb|0px||||\u00bb global_colors_info=\u00bb{}\u00bb][\/et_pb_icon][\/et_pb_column][et_pb_column type=\u00bb2_3&#8243; _builder_version=\u00bb4.27.4&#8243; _module_preset=\u00bbdefault\u00bb global_colors_info=\u00bb{}\u00bb][et_pb_text _builder_version=\u00bb4.27.4&#8243; _module_preset=\u00bbdefault\u00bb text_text_color=\u00bbgcid-840cd285-ee6f-49c1-abc9-5e893f3235b8&#8243; header_4_font=\u00bb|300|||||||\u00bb header_4_text_color=\u00bbgcid-840cd285-ee6f-49c1-abc9-5e893f3235b8&#8243; width=\u00bb100%\u00bb min_height=\u00bb275px\u00bb custom_padding=\u00bb|34px|0px|0px||\u00bb global_colors_info=\u00bb{%22gcid-840cd285-ee6f-49c1-abc9-5e893f3235b8%22:%91%22text_text_color%22,%22header_4_text_color%22%93}\u00bb]<\/p>\n<p><span style=\"font-weight: 400\">\u00bfQueres ser parte de la Red Sostenible? Se trata de un <\/span><b>espacio de articulaci\u00f3n y participaci\u00f3n<\/b><span style=\"font-weight: 400\"> impulsado por la Coordinaci\u00f3n de Sostenibilidad del Ministerio de Energ\u00eda y Ambiente.<\/span><\/p>\n<p><span style=\"font-weight: 400\">A trav\u00e9s de esta iniciativa buscamos fortalecer el v\u00ednculo entre el Estado y la comunidad, promoviendo el intercambio, la colaboraci\u00f3n y la <\/span><b>construcci\u00f3n colectiva de acciones orientadas al desarrollo sostenible en toda la provincia.<\/b><\/p>\n<p><span style=\"font-weight: 400\">Pod\u00e9s sumarte de distintas maneras:<\/span><\/p>\n<ol>\n<ol>\n<ul>\n<li><span style=\"font-weight: 400\"> Recibiendo informaci\u00f3n mensual sobre iniciativas y convocatorias.<\/span><\/li>\n<li><span style=\"font-weight: 400\"> Participando del Voluntariado de la Red Sostenible.<\/span><\/li>\n<li><span style=\"font-weight: 400\"> Registrando tu proyecto sostenible para formar parte del mapeo provincial.<\/span><\/li>\n<\/ul>\n<\/ol>\n<\/ol>\n<p>[\/et_pb_text][\/et_pb_column][\/et_pb_row][et_pb_row _builder_version=\u00bb4.27.4&#8243; _module_preset=\u00bbdefault\u00bb module_alignment=\u00bbcenter\u00bb custom_padding=\u00bb0px||||false|false\u00bb global_colors_info=\u00bb{}\u00bb][et_pb_column type=\u00bb4_4&#8243; _builder_version=\u00bb4.27.4&#8243; _module_preset=\u00bbdefault\u00bb global_colors_info=\u00bb{}\u00bb][et_pb_button button_url=\u00bbhttps:\/\/docs.google.com\/forms\/d\/e\/1FAIpQLSdhC5x_uJNuURbH6gbAL1ecZSMsU6xb9JLcHARXx3RIRb6gUw\/viewform\u00bb button_text=\u00bbSe parte del futuro sostenible\u00bb button_alignment=\u00bbcenter\u00bb _builder_version=\u00bb4.27.4&#8243; _module_preset=\u00bbdefault\u00bb custom_button=\u00bbon\u00bb button_text_color=\u00bb#3cb4e5&#8243; global_colors_info=\u00bb{}\u00bb][\/et_pb_button][et_pb_heading title=\u00bbRED ABIERTA: Conoc\u00e9 lo que hacemos mes a mes\u00bb admin_label=\u00bbFlora Nativa\u00bb module_id=\u00bbemisionesGEI\u00bb _builder_version=\u00bb4.27.4&#8243; _module_preset=\u00bbdefault\u00bb title_level=\u00bbh2&#8243; title_font=\u00bb|300|||||||\u00bb title_text_align=\u00bbleft\u00bb title_text_color=\u00bbgcid-body-color\u00bb title_font_size=\u00bb31px\u00bb min_height=\u00bb39px\u00bb custom_margin=\u00bb||-1px|||\u00bb global_colors_info=\u00bb{%22gcid-body-color%22:%91%22title_text_color%22%93}\u00bb][\/et_pb_heading][\/et_pb_column][\/et_pb_row][et_pb_row column_structure=\u00bb1_2,1_2&#8243; _builder_version=\u00bb4.27.4&#8243; _module_preset=\u00bbdefault\u00bb module_alignment=\u00bbcenter\u00bb custom_padding=\u00bb0px||||false|false\u00bb global_colors_info=\u00bb{}\u00bb][et_pb_column type=\u00bb1_2&#8243; _builder_version=\u00bb4.27.4&#8243; _module_preset=\u00bbdefault\u00bb global_colors_info=\u00bb{}\u00bb][et_pb_button button_url=\u00bbhttps:\/\/mza-dicaws-portal-uploads-media-prod.s3.amazonaws.com\/informacion-oficial\/uploads\/sites\/12\/2026\/04\/Mendoza-Sostenible-Edicion-Vendimia.pdf\u00bb button_text=\u00bbEDICI\u00d3N VENDIMIA 2026&#8243; button_alignment=\u00bbcenter\u00bb _builder_version=\u00bb4.27.4&#8243; _module_preset=\u00bbdefault\u00bb custom_button=\u00bbon\u00bb button_text_color=\u00bb#3cb4e5&#8243; hover_enabled=\u00bb0&#8243; global_colors_info=\u00bb{}\u00bb sticky_enabled=\u00bb0&#8243;][\/et_pb_button][\/et_pb_column][et_pb_column type=\u00bb1_2&#8243; _builder_version=\u00bb4.27.4&#8243; _module_preset=\u00bbdefault\u00bb global_colors_info=\u00bb{}\u00bb][et_pb_button button_url=\u00bbhttps:\/\/mza-dicaws-portal-uploads-media-prod.s3.amazonaws.com\/informacion-oficial\/uploads\/sites\/12\/2026\/04\/Mendoza-Sostenible-Marzo.pdf\u00bb button_text=\u00bbMARZO 2026&#8243; button_alignment=\u00bbcenter\u00bb _builder_version=\u00bb4.27.4&#8243; _module_preset=\u00bbdefault\u00bb custom_button=\u00bbon\u00bb button_text_color=\u00bb#3cb4e5&#8243; global_colors_info=\u00bb{}\u00bb][\/et_pb_button][\/et_pb_column][\/et_pb_row][\/et_pb_section][et_pb_section fb_built=\u00bb1&#8243; _builder_version=\u00bb4.27.4&#8243; _module_preset=\u00bbdefault\u00bb min_height=\u00bb338.6px\u00bb global_colors_info=\u00bb{}\u00bb][et_pb_row _builder_version=\u00bb4.27.4&#8243; _module_preset=\u00bbdefault\u00bb width=\u00bb100%\u00bb global_colors_info=\u00bb{}\u00bb][et_pb_column type=\u00bb4_4&#8243; _builder_version=\u00bb4.27.4&#8243; _module_preset=\u00bbdefault\u00bb global_colors_info=\u00bb{}\u00bb][et_pb_cta title=\u00bbContacto\u00bb button_text=\u00bbClics\u00bb _builder_version=\u00bb4.27.4&#8243; _module_preset=\u00bbdefault\u00bb background_color=\u00bbrgba(0,15,159,0.75)\u00bb min_height=\u00bb125.4px\u00bb custom_margin=\u00bb1px|||||\u00bb custom_padding=\u00bb25px||3px|||\u00bb border_radii=\u00bbon|8px|8px|8px|8px\u00bb global_colors_info=\u00bb{}\u00bb]<\/p>\n<p><strong>Coordinadora<\/strong><br \/>Ing. Carla Ortega<\/p>\n<p><span style=\"color: #3cb4e5\"><a href=\"https:\/\/www.mendoza.gov.ar\/energiayambiente\/coordinacion-de-sostenibilidad\/coordinaciondesostenibilidad@mendoza.gov.ar\" style=\"color: #3cb4e5\"><strong>coordinaciondesostenibilidad@mendoza.gov.ar<\/strong><\/a><\/span><\/p>\n<p>[\/et_pb_cta][\/et_pb_column][\/et_pb_row][\/et_pb_section]<\/p>\n","protected":false},"excerpt":{"rendered":"<p>Desde la Coordinaci\u00f3n de Sostenibilidad entendemos que la transici\u00f3n hacia modelos de desarrollo m\u00e1s sostenibles requiere tanto del fortalecimiento interno de las capacidades del Estado como del compromiso activo de la ciudadan\u00eda.\u00a0 Por ello, surge nuestro programa MEYA Sostenible que constituye el eje transversal de articulaci\u00f3n, fortalecimiento institucional y participaci\u00f3n comunitaria. Su objetivo es integrar [&hellip;]<\/p>\n","protected":false},"author":17,"featured_media":0,"parent":0,"menu_order":0,"comment_status":"closed","ping_status":"closed","template":"","meta":{"_et_pb_use_builder":"on","_et_pb_old_content":"","_et_gb_content_width":"","footnotes":""},"class_list":["post-6774","page","type-page","status-publish","hentry"],"_links":{"self":[{"href":"https:\/\/informacionoficial.mendoza.gob.ar\/energiayambiente\/wp-json\/wp\/v2\/pages\/6774","targetHints":{"allow":["GET"]}}],"collection":[{"href":"https:\/\/informacionoficial.mendoza.gob.ar\/energiayambiente\/wp-json\/wp\/v2\/pages"}],"about":[{"href":"https:\/\/informacionoficial.mendoza.gob.ar\/energiayambiente\/wp-json\/wp\/v2\/types\/page"}],"author":[{"embeddable":true,"href":"https:\/\/informacionoficial.mendoza.gob.ar\/energiayambiente\/wp-json\/wp\/v2\/users\/17"}],"replies":[{"embeddable":true,"href":"https:\/\/informacionoficial.mendoza.gob.ar\/energiayambiente\/wp-json\/wp\/v2\/comments?post=6774"}],"version-history":[{"count":21,"href":"https:\/\/informacionoficial.mendoza.gob.ar\/energiayambiente\/wp-json\/wp\/v2\/pages\/6774\/revisions"}],"predecessor-version":[{"id":7248,"href":"https:\/\/informacionoficial.mendoza.gob.ar\/energiayambiente\/wp-json\/wp\/v2\/pages\/6774\/revisions\/7248"}],"wp:attachment":[{"href":"https:\/\/informacionoficial.mendoza.gob.ar\/energiayambiente\/wp-json\/wp\/v2\/media?parent=6774"}],"curies":[{"name":"wp","href":"https:\/\/api.w.org\/{rel}","templated":true}]}}