{"id":69,"date":"2025-04-04T20:52:25","date_gmt":"2025-04-04T18:52:25","guid":{"rendered":"https:\/\/informacionoficial.mendoza.gob.ar\/energiayambiente\/?page_id=69"},"modified":"2026-01-26T11:22:59","modified_gmt":"2026-01-26T14:22:59","slug":"atencion-ciudadana__trashed","status":"publish","type":"page","link":"https:\/\/informacionoficial.mendoza.gob.ar\/energiayambiente\/atencion-ciudadana__trashed\/","title":{"rendered":"Laguna del Diamante"},"content":{"rendered":"<p>[et_pb_section fb_built=\u00bb1&#8243; admin_label=\u00bbHeader\u00bb _builder_version=\u00bb4.27.4&#8243; _module_preset=\u00bb_initial\u00bb background_color=\u00bbRGBA(255,255,255,0)\u00bb use_background_color_gradient=\u00bbon\u00bb background_color_gradient_stops=\u00bbrgba(0,0,0,0.65) 0%|#ffffff 100%\u00bb background_image=\u00bbhttps:\/\/mza-dicaws-portal-uploads-media-prod.s3.amazonaws.com\/informacion-oficial\/uploads\/sites\/12\/2025\/08\/Reflejo-desde-rio-Diamante-scaled.jpg\u00bb background_blend=\u00bboverlay\u00bb background_enable_video_mp4=\u00bboff\u00bb background_video_width=\u00bb100%\u00bb background_video_height=\u00bb100%\u00bb module_alignment=\u00bbcenter\u00bb min_height=\u00bb38em\u00bb min_height_tablet=\u00bb40em\u00bb min_height_phone=\u00bb\u00bb min_height_last_edited=\u00bbon|phone\u00bb custom_margin=\u00bb3px||-2px||false|false\u00bb custom_padding=\u00bb35px||75px||false|false\u00bb hover_enabled=\u00bb0&#8243; collapsed=\u00bbon\u00bb global_colors_info=\u00bb{%22gcid-1f1bf5fb-a99d-4acc-8d9e-ddac074c158c%22:%91%22background_color_gradient_stops%22,%22background_color_gradient_stops%22%93,%22gcid-4c79ba3d-a281-4fb6-9b14-02f9a4c793f2%22:%91%22background_color_gradient_stops%22,%22background_color_gradient_stops%22%93,%22gcid-688c464a-d6f2-4296-b592-395352c71c79%22:%91%22background_color_gradient_stops%22,%22background_color_gradient_stops%22%93,%22gcid-d119accd-44d7-4f2f-b9d7-599c8463324b%22:%91%22background_color_gradient_stops%22,%22background_color_gradient_stops%22%93}\u00bb sticky_enabled=\u00bb0&#8243;][et_pb_row _builder_version=\u00bb4.27.4&#8243; _module_preset=\u00bbdefault\u00bb background_size=\u00bbinitial\u00bb background_position=\u00bbtop_left\u00bb background_repeat=\u00bbrepeat\u00bb max_width=\u00bb2560px\u00bb min_height=\u00bb70px\u00bb custom_margin=\u00bb|auto|0px|auto|false|false\u00bb custom_padding=\u00bb4px||0px|||\u00bb locked=\u00bboff\u00bb global_colors_info=\u00bb{}\u00bb][et_pb_column type=\u00bb4_4&#8243; _builder_version=\u00bb4.27.4&#8243; _module_preset=\u00bbdefault\u00bb global_colors_info=\u00bb{}\u00bb][et_pb_heading title=\u00bbLaguna del Diamante\u00bb _builder_version=\u00bb4.27.2&#8243; _module_preset=\u00bbdefault\u00bb title_font=\u00bb|300|||||||\u00bb title_text_align=\u00bbcenter\u00bb title_text_color=\u00bb#FFFFFF\u00bb title_font_size=\u00bb3.5rem\u00bb min_height=\u00bb54px\u00bb custom_margin=\u00bb||-4px|||\u00bb custom_padding=\u00bb||3px|||\u00bb title_text_shadow_style=\u00bbpreset1&#8243; locked=\u00bboff\u00bb global_colors_info=\u00bb{}\u00bb][\/et_pb_heading][\/et_pb_column][\/et_pb_row][et_pb_row column_structure=\u00bb1_5,1_5,1_5,1_5,1_5&#8243; _builder_version=\u00bb4.27.4&#8243; _module_preset=\u00bbdefault\u00bb background_color=\u00bbrgba(255,255,255,0.25)\u00bb custom_margin=\u00bb50px|auto||auto|false|false\u00bb custom_padding=\u00bb||||false|false\u00bb hover_enabled=\u00bb0&#8243; border_radii=\u00bbon|8px|8px|8px|8px\u00bb locked=\u00bboff\u00bb global_colors_info=\u00bb{}\u00bb sticky_enabled=\u00bb0&#8243;][et_pb_column type=\u00bb1_5&#8243; _builder_version=\u00bb4.27.4&#8243; _module_preset=\u00bbdefault\u00bb global_colors_info=\u00bb{}\u00bb][et_pb_blurb title=\u00bbActividades\u00bb url=\u00bb#valores\u00bb use_icon=\u00bbon\u00bb font_icon=\u00bb&#xf554;||fa||900&#8243; icon_color=\u00bb#000F9F\u00bb _builder_version=\u00bb4.27.4&#8243; _module_preset=\u00bbdefault\u00bb header_text_align=\u00bbcenter\u00bb header_text_color=\u00bb#00079E\u00bb body_text_color=\u00bbgcid-840cd285-ee6f-49c1-abc9-5e893f3235b8&#8243; min_height=\u00bb170px\u00bb custom_margin=\u00bb||10%||false|false\u00bb locked=\u00bboff\u00bb global_colors_info=\u00bb{%22gcid-840cd285-ee6f-49c1-abc9-5e893f3235b8%22:%91%22body_text_color%22%93}\u00bb][\/et_pb_blurb][\/et_pb_column][et_pb_column type=\u00bb1_5&#8243; _builder_version=\u00bb4.27.4&#8243; _module_preset=\u00bbdefault\u00bb global_colors_info=\u00bb{}\u00bb][et_pb_blurb title=\u00bbCaracter\u00edsticas Generales\u00bb url=\u00bb#unidad\u00bb use_icon=\u00bbon\u00bb font_icon=\u00bb&#xf059;||fa||900&#8243; icon_color=\u00bb#000F9F\u00bb _builder_version=\u00bb4.27.2&#8243; _module_preset=\u00bbdefault\u00bb header_text_align=\u00bbcenter\u00bb header_text_color=\u00bb#00079E\u00bb body_text_color=\u00bbgcid-840cd285-ee6f-49c1-abc9-5e893f3235b8&#8243; custom_margin=\u00bb||10%||false|false\u00bb link_option_url=\u00bbhttps:\/\/www.mendoza.gov.ar\/cultura\/\u00bb locked=\u00bboff\u00bb global_colors_info=\u00bb{%22gcid-840cd285-ee6f-49c1-abc9-5e893f3235b8%22:%91%22body_text_color%22%93}\u00bb][\/et_pb_blurb][\/et_pb_column][et_pb_column type=\u00bb1_5&#8243; _builder_version=\u00bb4.27.4&#8243; _module_preset=\u00bbdefault\u00bb global_colors_info=\u00bb{}\u00bb][et_pb_blurb title=\u00bbDescripci\u00f3n del Lugar\u00bb url=\u00bb#lugar\u00bb use_icon=\u00bbon\u00bb font_icon=\u00bb&#xf302;||fa||900&#8243; icon_color=\u00bb#000F9F\u00bb _builder_version=\u00bb4.27.4&#8243; _module_preset=\u00bbdefault\u00bb header_text_align=\u00bbcenter\u00bb header_text_color=\u00bb#00079E\u00bb body_text_color=\u00bbgcid-840cd285-ee6f-49c1-abc9-5e893f3235b8&#8243; custom_margin=\u00bb||10%||false|false\u00bb locked=\u00bboff\u00bb global_colors_info=\u00bb{%22gcid-840cd285-ee6f-49c1-abc9-5e893f3235b8%22:%91%22body_text_color%22%93}\u00bb][\/et_pb_blurb][\/et_pb_column][et_pb_column type=\u00bb1_5&#8243; _builder_version=\u00bb4.27.4&#8243; _module_preset=\u00bbdefault\u00bb global_colors_info=\u00bb{}\u00bb][et_pb_blurb title=\u00bbFlora y Fauna\u00bb url=\u00bb#flora\u00bb use_icon=\u00bbon\u00bb font_icon=\u00bb&#xf520;||fa||900&#8243; icon_color=\u00bb#000F9F\u00bb _builder_version=\u00bb4.27.4&#8243; _module_preset=\u00bbdefault\u00bb header_text_align=\u00bbcenter\u00bb header_text_color=\u00bb#00079E\u00bb body_text_color=\u00bbgcid-840cd285-ee6f-49c1-abc9-5e893f3235b8&#8243; custom_margin=\u00bb||10%||false|false\u00bb locked=\u00bboff\u00bb global_colors_info=\u00bb{%22gcid-840cd285-ee6f-49c1-abc9-5e893f3235b8%22:%91%22body_text_color%22%93}\u00bb][\/et_pb_blurb][\/et_pb_column][et_pb_column type=\u00bb1_5&#8243; _builder_version=\u00bb4.27.4&#8243; _module_preset=\u00bbdefault\u00bb global_colors_info=\u00bb{}\u00bb][et_pb_blurb title=\u00bbGaler\u00eda\u00bb url=\u00bb#galeria\u00bb use_icon=\u00bbon\u00bb font_icon=\u00bb&#xf030;||fa||900&#8243; icon_color=\u00bb#000F9F\u00bb _builder_version=\u00bb4.27.4&#8243; _module_preset=\u00bbdefault\u00bb header_text_align=\u00bbcenter\u00bb header_text_color=\u00bb#00079E\u00bb body_text_color=\u00bbgcid-840cd285-ee6f-49c1-abc9-5e893f3235b8&#8243; custom_margin=\u00bb||10%||false|false\u00bb locked=\u00bboff\u00bb global_colors_info=\u00bb{%22gcid-840cd285-ee6f-49c1-abc9-5e893f3235b8%22:%91%22body_text_color%22%93}\u00bb][\/et_pb_blurb][\/et_pb_column][\/et_pb_row][\/et_pb_section][et_pb_section fb_built=\u00bb1&#8243; _builder_version=\u00bb4.27.4&#8243; _module_preset=\u00bbdefault\u00bb background_color=\u00bb#FFFFFF\u00bb background_enable_image=\u00bboff\u00bb background_blend=\u00bboverlay\u00bb background_enable_video_mp4=\u00bboff\u00bb background_video_width=\u00bb100%\u00bb background_video_height=\u00bb100%\u00bb module_alignment=\u00bbcenter\u00bb custom_margin=\u00bb3px||-2px||false|false\u00bb custom_padding=\u00bb0px||0px||false|false\u00bb hover_enabled=\u00bb0&#8243; locked=\u00bboff\u00bb global_colors_info=\u00bb{}\u00bb sticky_enabled=\u00bb0&#8243;][et_pb_row _builder_version=\u00bb4.27.4&#8243; background_size=\u00bbinitial\u00bb background_position=\u00bbtop_left\u00bb background_repeat=\u00bbrepeat\u00bb custom_margin=\u00bb-3px|auto|-3px|auto||\u00bb custom_padding=\u00bb30px|||||\u00bb hover_enabled=\u00bb0&#8243; locked=\u00bboff\u00bb global_colors_info=\u00bb{}\u00bb sticky_enabled=\u00bb0&#8243;][et_pb_column type=\u00bb4_4&#8243; _builder_version=\u00bb4.27.4&#8243; _module_preset=\u00bbdefault\u00bb global_colors_info=\u00bb{}\u00bb][et_pb_heading title=\u00bbACTIVIDADES\u00bb admin_label=\u00bbFlora Nativa\u00bb module_id=\u00bbvalores\u00bb _builder_version=\u00bb4.27.4&#8243; _module_preset=\u00bbdefault\u00bb title_level=\u00bbh2&#8243; title_font=\u00bb|300|||||||\u00bb title_text_align=\u00bbleft\u00bb title_text_color=\u00bbgcid-body-color\u00bb title_font_size=\u00bb40px\u00bb min_height=\u00bb39px\u00bb custom_margin=\u00bb||-1px|||\u00bb global_colors_info=\u00bb{%22gcid-body-color%22:%91%22title_text_color%22%93}\u00bb][\/et_pb_heading][\/et_pb_column][\/et_pb_row][et_pb_row column_structure=\u00bb1_4,3_4&#8243; _builder_version=\u00bb4.27.4&#8243; _module_preset=\u00bbdefault\u00bb max_width=\u00bb2499px\u00bb global_colors_info=\u00bb{}\u00bb][et_pb_column type=\u00bb1_4&#8243; _builder_version=\u00bb4.27.4&#8243; _module_preset=\u00bbdefault\u00bb global_colors_info=\u00bb{}\u00bb][et_pb_blurb title=\u00bbTickets de ingreso\u00bb url=\u00bbhttps:\/\/entradasanp.mendoza.gov.ar\/turneroanppub\/servlet\/com.turneroanp.solturno001&#8243; use_icon=\u00bbon\u00bb font_icon=\u00bb&#xf3ff;||fa||900&#8243; icon_color=\u00bb#3cb4e5&#8243; image_icon_width=\u00bb80px\u00bb _builder_version=\u00bb4.27.4&#8243; _module_preset=\u00bbdefault\u00bb header_text_align=\u00bbcenter\u00bb header_text_color=\u00bb#3cb4e5&#8243; header_line_height=\u00bb0em\u00bb body_text_color=\u00bbgcid-840cd285-ee6f-49c1-abc9-5e893f3235b8&#8243; body_line_height=\u00bb2em\u00bb min_height=\u00bb150px\u00bb custom_margin=\u00bb||10%||false|false\u00bb custom_padding=\u00bb||0px|0px|false|false\u00bb locked=\u00bboff\u00bb global_colors_info=\u00bb{%22gcid-840cd285-ee6f-49c1-abc9-5e893f3235b8%22:%91%22body_text_color%22,%22body_text_color%22%93}\u00bb][\/et_pb_blurb][et_pb_blurb title=\u00bb\u00bfC\u00f3mo se paga?\u00bb url=\u00bbhttp:\/\/Tickets%20de%20ingreso\u00bb use_icon=\u00bbon\u00bb font_icon=\u00bb&#xf651;||fa||900&#8243; icon_color=\u00bb#3cb4e5&#8243; image_icon_width=\u00bb80px\u00bb _builder_version=\u00bb4.27.4&#8243; _module_preset=\u00bbdefault\u00bb header_text_align=\u00bbcenter\u00bb header_text_color=\u00bb#3cb4e5&#8243; header_line_height=\u00bb0em\u00bb body_text_color=\u00bbgcid-840cd285-ee6f-49c1-abc9-5e893f3235b8&#8243; body_line_height=\u00bb2em\u00bb min_height=\u00bb150px\u00bb custom_margin=\u00bb||10%||false|false\u00bb custom_padding=\u00bb||0px|0px|false|false\u00bb locked=\u00bboff\u00bb global_colors_info=\u00bb{%22gcid-840cd285-ee6f-49c1-abc9-5e893f3235b8%22:%91%22body_text_color%22,%22body_text_color%22%93}\u00bb][\/et_pb_blurb][et_pb_blurb title=\u00bbPreguntas frecuentes\u00bb url=\u00bbhttps:\/\/mza-dicaws-portal-uploads-media-prod.s3.amazonaws.com\/informacion-oficial\/uploads\/sites\/12\/2026\/01\/Preguntas-Frecuentes-del-sistema-de-turnos.pdf\u00bb use_icon=\u00bbon\u00bb font_icon=\u00bb&#xf059;||fa||400&#8243; icon_color=\u00bb#3cb4e5&#8243; image_icon_width=\u00bb80px\u00bb _builder_version=\u00bb4.27.4&#8243; _module_preset=\u00bbdefault\u00bb header_text_align=\u00bbcenter\u00bb header_text_color=\u00bb#3cb4e5&#8243; header_line_height=\u00bb0em\u00bb body_text_color=\u00bbgcid-840cd285-ee6f-49c1-abc9-5e893f3235b8&#8243; body_line_height=\u00bb2em\u00bb min_height=\u00bb150px\u00bb custom_margin=\u00bb||10%||false|false\u00bb custom_padding=\u00bb||0px|0px|false|false\u00bb locked=\u00bboff\u00bb global_colors_info=\u00bb{%22gcid-840cd285-ee6f-49c1-abc9-5e893f3235b8%22:%91%22body_text_color%22%93}\u00bb][\/et_pb_blurb][\/et_pb_column][et_pb_column type=\u00bb3_4&#8243; _builder_version=\u00bb4.27.4&#8243; _module_preset=\u00bbdefault\u00bb global_colors_info=\u00bb{}\u00bb][et_pb_tabs active_tab_background_color=\u00bb#ffffff\u00bb inactive_tab_background_color=\u00bb#000f9f\u00bb active_tab_text_color=\u00bb#000f9f\u00bb _builder_version=\u00bb4.27.4&#8243; _module_preset=\u00bbdefault\u00bb tab_text_color=\u00bb#FFFFFF\u00bb tab_font=\u00bb|700|||||||\u00bb tab_line_height=\u00bb2em\u00bb border_radii=\u00bbon|8px|8px|8px|8px\u00bb border_width_all=\u00bb2px\u00bb border_color_all=\u00bb#000f9f\u00bb global_colors_info=\u00bb{}\u00bb][et_pb_tab title=\u00bbTrekking (1 d\u00eda)\u00bb _builder_version=\u00bb4.27.4&#8243; _module_preset=\u00bbdefault\u00bb global_colors_info=\u00bb{}\u00bb]<\/p>\n<h3><strong>ENTRADA POR EL D\u00cdA<\/strong><\/h3>\n<p>En su visita por el d\u00eda es posible realizar distintas actividades como pesca deportiva, senderismo, ciclismo y picnic, por favor respete las indicaciones de Guardaparques.<\/p>\n<p>\u2013 Esparcimiento y picnic:<br \/>La laguna cuenta con un \u00e1rea de acampe donde es posible hacer fuego en los fogones destinados a tal fin y sitios de uso diario donde es posible hacer picnic y permanecer con el grupo familiar. El sitio es agreste, cuenta con ba\u00f1os p\u00fablicos y no hay proveedur\u00eda disponible.<\/p>\n<p>\u2013 Senderismo:<br \/>La laguna del Diamante ofrece una belleza esc\u00e9nica y paisaj\u00edstica imponente y es posible recorrerla por sus m\u00e1rgenes este, sur y oeste casi en su totalidad, respetando los l\u00edmites del \u00e1rea intangible donde no est\u00e1 permitido el ingreso de visitantes para ning\u00fan tipo de actividad. Tambi\u00e9n est\u00e1 permitida la circulaci\u00f3n peatonal por la margen izquierda (este) del r\u00edo Diamante hasta el l\u00edmite indicado. Pero tambi\u00e9n hay 4 senderos cortos disponibles. 3 de ellos se sugieren para para visitantes que realizan acampe ya que tienen una duraci\u00f3n promedio de 4 hs. y dificultad media.<\/p>\n<p><strong>Duraci\u00f3n<\/strong> Un (01) d\u00eda<\/p>\n<p>[\/et_pb_tab][et_pb_tab title=\u00bbAcampe\u00bb _builder_version=\u00bb4.27.4&#8243; _module_preset=\u00bbdefault\u00bb global_colors_info=\u00bb{}\u00bb]<\/p>\n<h3><strong>ENTRADA CON ACAMPE<\/strong><\/h3>\n<p>En su visita con acampe es posible realizar distintas actividades como pesca deportiva, senderismo, ciclismo y picnic y acampe.<br \/>Para poder acampar dos noches tiene que haber disponibilidad el d\u00eda que va a iniciar la visita y los dos d\u00eda consecutivos posteriores.<\/p>\n<p>La zona de acampe es agreste ubicada en la margen oeste de la Laguna del Diamante, protegida de los imperantes vientos del oeste por una colada de escoria. Est\u00e1 ubicada en cercan\u00eda de los ba\u00f1os p\u00fablicos y no cuenta con proveedur\u00eda.<\/p>\n<p>Se recomienda: carpa de alta monta\u00f1a, bolsa de dormir de alta monta\u00f1a, aislante, calentador\/anafe y recarga suficiente, todos los utensilios de cocina necesarios, linterna\/reflector\/farol y bater\u00edas suficientes. Existe la posibilidad de hacer fuego por lo que debe traer papel, tablas y le\u00f1a (compradas) para encenderlo. Como as\u00ed parrilla\/disco\/plancheta si desea cocinar y herramientas de asador.<\/p>\n<p>Debe proveerse de agua potable para su estad\u00eda en el \u00e1rea, mercader\u00eda, y elementos de higiene personal.<\/p>\n<p>Durante la noche la temperatura pueden descender a 0\u00b0C rondando generalmente entre los 5\u00b0 a 10\u00b0 C por lo que es sumamente importante que traiga abrigo extra como campera rompeviento, gorro de lana, interiores t\u00e9rmicos, guantes, cuellito, etc.<\/p>\n<p>La Laguna del Diamante ofrece una belleza esc\u00e9nica y paisaj\u00edstica imponente y es posible recorrerla por sus m\u00e1rgenes este, sur y oeste casi en su totalidad, respetando los l\u00edmites del \u00e1rea intangible donde no est\u00e1 permitido el ingreso de visitantes para ning\u00fan tipo de actividad.<\/p>\n<p><strong>Duraci\u00f3n:<\/strong> Cantidad de noches seleccionadas al momento de adquirir su entrada.<\/p>\n<p>[\/et_pb_tab][et_pb_tab title=\u00bbExcursi\u00f3n al Volc\u00e1n\u00bb _builder_version=\u00bb4.27.4&#8243; _module_preset=\u00bbdefault\u00bb global_colors_info=\u00bb{}\u00bb]<\/p>\n<h3><strong>ENTRADA ANDINISTA PARA TREKKING O ASCENSO AL V\u00b0 MAIPO.<\/strong><\/h3>\n<p>Esta entrada autoriza el trekking y\/o ascenso al V\u00b0 Maipo, con una permanencia de hasta siete (07) d\u00edas y seis (06) noches.<br \/><strong>Requisitos obligatorios:<\/strong> Equipo de radiocomunicaci\u00f3n (Handy VHF) y firmar el formulario de Aceptaci\u00f3n de riesgo.<br \/>Se sugiere subir con un gu\u00eda de monta\u00f1a o alta monta\u00f1a habilitado, pero no es obligatorio. Se recomienda llevar navegador satelital (GPS) y equipo de alta monta\u00f1a.<\/p>\n<p><strong>Caracter\u00edsticas del ascenso:<\/strong><br \/>El 90% del terreno corresponde a escoriales y coladas volc\u00e1nicas sumamente sinuoso. El porcentaje restante corresponde a una planicie arenosa y montes medanosos. En la ladera final hay presencia de penitentes que hay que atravesar. al llegar al borde del cr\u00e1ter est\u00e1 la posibilidad de rodearlo para alcanzar la cumbre \u00f3 cruzarlo por el medio para acortar camino para lo que es imprescindible el uso de crampones y bastones. Posibilidad de dejar veh\u00edculos en los alrededores de los ba\u00f1os p\u00fablicos donde comienza el sendero.<\/p>\n<p><strong>Dificultad:<\/strong> alta.<br \/><strong>Distancia total:<\/strong> 28 km. ida y vuelta.<br \/><strong>Duraci\u00f3n estimada del recorrido:<\/strong> cinco (05) d\u00edas y cuatro (04) noches.<br \/><strong>Pendiente:<\/strong> muy fuerte.<br \/><strong>Desnivel:<\/strong> 2018 mts. (desde el inicio a la cumbre).<br \/><strong>Tipo de terreno:<\/strong> irregular, muy dif\u00edcil de transitar.<br \/><strong>Se\u00f1alizaci\u00f3n:<\/strong> con carteler\u00eda, se\u00f1alizaci\u00f3n y marcas en el suelo al comienzo (apachetas\/pircas y estacas con punta amarilla). desde el campo 1 en adelante las pircas se pierden en el terreno y cuesta distinguirlas.<br \/><strong>Experiencia requerida del usuario:<\/strong> apto personas muy bien entrenadas, con experiencia, conocimientos t\u00e9cnicos y mucho sentido de la orientaci\u00f3n y ubicaci\u00f3n.<\/p>\n<p>Campo 1: S 34\u00b009\u00b486.4\u201d W 069\u00b046\u00b455.6\u201d (3706 msnm).<br \/>Campo 2: S 34\u00b0 09\u00b4 47.7\u201d W 069\u00b0 47\u00b4 20.1\u00a8 (4009 msnm).<br \/>Campo 3: S 34\u00b0 09\u00b4 54.3\u201d W 069\u00b0 48\u00b4 14.1\u00a8 (4416 msnm).<\/p>\n<p><strong>Duraci\u00f3n:<\/strong> Hasta siete (07) d\u00edas y seis (06) noches.<\/p>\n<p>[\/et_pb_tab][et_pb_tab title=\u00bbtarifas\u00bb _builder_version=\u00bb4.27.4&#8243; _module_preset=\u00bbdefault\u00bb global_colors_info=\u00bb{}\u00bb]<\/p>\n<p><strong><u>Tarifas 2025<\/u><\/strong><br \/>Entrada p\u00fablico general por persona por d\u00eda a la Laguna: $ 7.000,00<br \/>Entrada p\u00fablico general por persona por d\u00eda a Alvarado: $ 2.800,00<br \/>Permiso de acampe por d\u00eda y por persona en Laguna: $ 7.000,00<br \/>Permiso de acampe por d\u00eda y por persona en Alvarado: $ 2.800,00<\/p>\n<p>Entrada de andinistas para trekking\/ascenso al Volc\u00e1n Maipo, con permiso de permanencia dentro de la Reserva hasta 7 d\u00edas:<br \/>Mendocinos:<span>\u00a0<\/span><strong>$23.400,00<\/strong><br \/>Argentinos:<span>\u00a0<\/span><strong>$37.400,00<\/strong><br \/>Extranjeros:<span>\u00a0<\/span><strong>$63.000,00<\/strong><br \/>Latinoamericanos:<span>\u00a0<\/span><strong>$47.000,00<\/strong><\/p>\n<p>Derecho de Pesca \u00danico para Laguna del Diamante vigente por la cantidad de d\u00edas que dure su permanencia en el \u00c1rea:<strong> $9.400<\/strong><\/p>\n<ul>\n<ul>\n<ul>\n<li>Instituciones escolares p\u00fablicas y privadas dependientes de la Direcci\u00f3n General de Escuelas, de la Universidad Nacional de Cuyo y resto del pa\u00eds.<strong>\u00a0Sin cargo<\/strong><\/li>\n<li>Personas ex Combatientes de Malvinas con acreditaci\u00f3n de condici\u00f3n mediante presentaci\u00f3n de carnet correspondiente<strong>. Sin cargo<\/strong><\/li>\n<li>Personas menores de 12 a\u00f1os, personas con discapacidad y personas jubiladas (presentando acreditaci\u00f3n).<strong>Sin cargo<\/strong><\/li>\n<li>Personal de la Direcci\u00f3n de \u00c1reas Protegidas de planta permanente y contratos de locaci\u00f3n anuales acompa\u00f1ados por su grupo familiar nuclear.<span>\u00a0<\/span><strong>Sin cargo<\/strong>.<br \/>*Enti\u00e9ndase por grupo familiar nuclear, al grupo conformado por los progenitores y los hijos que viven con ellos. *Los autorizados deber\u00e1n acreditar efectiva pertenencia a la Direcci\u00f3n mediante presentaci\u00f3n de bono de sueldo. *Esta eximici\u00f3n no comprende a funcionarios fuera de escala.<\/li>\n<li>Para residentes en el mismo municipio donde se ubica el \u00e1rea natural protegida, el valor del ingreso ser\u00e1 del 50% del valor establecido para cada una de las \u00e1reas naturales protegidas correspondientes.<\/li>\n<\/ul>\n<\/ul>\n<\/ul>\n<p><strong>Ley 4428 (Piscicultura y Pesca) \u2013 Licencias de Pesca\u00a0 Deportiva<\/strong><\/p>\n<p>-Carnet de Pesca Deportiva (anual): $ 25.000<br \/>-Licencias de otras Provincias o Pa\u00eds por quince (15) d\u00edas: $ 20.000<br \/>-Licencia para un (01) d\u00eda de pesca: $ 5.000<br \/>-Licencia para personas jubiladas: Sin cargo<br \/>-Licencia para menores hasta doce (12) a\u00f1os de edad, con obligaci\u00f3n de realizar el carnet respectivo: Sin cargo<br \/>-Licencias para menores, de trece (13) a\u00f1os hasta los dieciocho (18) a\u00f1os de edad, con obligaci\u00f3n de realizar el carnet respectivo: $ 7.500<br \/>-Licencias para personas con discapacidad, previa presentaci\u00f3n de acreditaci\u00f3n oficial de tal y obligaci\u00f3n de realizar el carnet respectivo: Sin cargo<\/p>\n<p>[\/et_pb_tab][\/et_pb_tabs][\/et_pb_column][\/et_pb_row][\/et_pb_section][et_pb_section fb_built=\u00bb1&#8243; _builder_version=\u00bb4.27.4&#8243; _module_preset=\u00bbdefault\u00bb background_color=\u00bbRGBA(255,255,255,0)\u00bb use_background_color_gradient=\u00bbon\u00bb background_color_gradient_stops=\u00bb#ffffff 13%|#0a0000 100%\u00bb background_image=\u00bbhttps:\/\/mza-dicaws-portal-uploads-media-prod.s3.amazonaws.com\/informacion-oficial\/uploads\/sites\/12\/2025\/08\/DSC0127-en-baja.jpg\u00bb background_blend=\u00bboverlay\u00bb background_enable_video_mp4=\u00bboff\u00bb background_video_width=\u00bb100%\u00bb background_video_height=\u00bb100%\u00bb module_alignment=\u00bbcenter\u00bb min_height=\u00bb65em\u00bb custom_margin=\u00bb3px||-2px||false|false\u00bb custom_padding=\u00bb4px||0px||false|false\u00bb locked=\u00bboff\u00bb global_colors_info=\u00bb{}\u00bb][et_pb_row _builder_version=\u00bb4.27.4&#8243; background_size=\u00bbinitial\u00bb background_position=\u00bbtop_left\u00bb background_repeat=\u00bbrepeat\u00bb max_width=\u00bb2560px\u00bb min_height=\u00bb100px\u00bb custom_margin=\u00bb|auto|-3px|auto||\u00bb custom_padding=\u00bb65px||4px|||\u00bb locked=\u00bboff\u00bb global_colors_info=\u00bb{}\u00bb][et_pb_column type=\u00bb4_4&#8243; _builder_version=\u00bb4.27.4&#8243; _module_preset=\u00bbdefault\u00bb global_colors_info=\u00bb{}\u00bb][et_pb_heading title=\u00bbCARACTER\u00cdSTICAS\u00bb admin_label=\u00bbFlora Nativa\u00bb module_id=\u00bbunidad\u00bb _builder_version=\u00bb4.27.2&#8243; _module_preset=\u00bbdefault\u00bb title_level=\u00bbh2&#8243; title_font=\u00bb|300|||||||\u00bb title_text_align=\u00bbleft\u00bb title_text_color=\u00bbgcid-body-color\u00bb title_font_size=\u00bb40px\u00bb min_height=\u00bb39px\u00bb custom_margin=\u00bb||-1px|||\u00bb global_colors_info=\u00bb{%22gcid-body-color%22:%91%22title_text_color%22%93}\u00bb][\/et_pb_heading][et_pb_heading title=\u00bbDE LA RESERVA\u00bb admin_label=\u00bbFlora Nativa\u00bb _builder_version=\u00bb4.27.2&#8243; _module_preset=\u00bbdefault\u00bb title_level=\u00bbh2&#8243; title_font=\u00bb|300|||||||\u00bb title_text_align=\u00bbleft\u00bb title_text_color=\u00bbgcid-body-color\u00bb title_font_size=\u00bb40px\u00bb min_height=\u00bb39px\u00bb custom_margin=\u00bb||-1px|||\u00bb global_colors_info=\u00bb{%22gcid-body-color%22:%91%22title_text_color%22%93}\u00bb][\/et_pb_heading][\/et_pb_column][\/et_pb_row][et_pb_row column_structure=\u00bb1_3,1_3,1_3&#8243; _builder_version=\u00bb4.27.4&#8243; _module_preset=\u00bbdefault\u00bb background_color=\u00bbRGBA(255,255,255,0)\u00bb max_width=\u00bb2455px\u00bb min_height=\u00bb270.8px\u00bb custom_margin=\u00bb30px|auto||auto||\u00bb custom_padding=\u00bb35px|0px||0px|false|false\u00bb border_radii=\u00bbon|8px|8px|8px|8px\u00bb global_colors_info=\u00bb{}\u00bb][et_pb_column type=\u00bb1_3&#8243; _builder_version=\u00bb4.27.4&#8243; _module_preset=\u00bbdefault\u00bb global_colors_info=\u00bb{}\u00bb][et_pb_text _builder_version=\u00bb4.27.4&#8243; _module_preset=\u00bbdefault\u00bb text_text_color=\u00bb#FFFFFF\u00bb header_text_color=\u00bb#FFFFFF\u00bb header_3_text_color=\u00bb#FFFFFF\u00bb background_color=\u00bb#3cb4e5&#8243; custom_padding=\u00bb15px|15px|15px|15px|false|false\u00bb border_radii=\u00bbon|8px|8px|8px|8px\u00bb global_colors_info=\u00bb{}\u00bb]<\/p>\n<h3 style=\"text-align: center\">Objetivo de Creaci\u00f3n<\/h3>\n<p><span style=\"font-size: small\">Proteger y conservar su paisaje, humedales, glaciares, flora, fauna y material arqueol\u00f3gico y paleontol\u00f3gico, para el beneficio o goce de las presentes y futuras generaciones. Preservar las fuentes del agua que irrigan el oasis productivo del Valle de Uco.<\/span><\/p>\n<p>[\/et_pb_text][\/et_pb_column][et_pb_column type=\u00bb1_3&#8243; _builder_version=\u00bb4.27.4&#8243; _module_preset=\u00bbdefault\u00bb global_colors_info=\u00bb{}\u00bb][et_pb_number_counter title=\u00bbha de Superficie\u00bb number=\u00bb192.000&#8243; percent_sign=\u00bboff\u00bb _builder_version=\u00bb4.27.4&#8243; _module_preset=\u00bbdefault\u00bb title_font=\u00bb|300|||||||\u00bb title_text_color=\u00bb#3CB4E5&#8243; title_font_size=\u00bb32px\u00bb title_line_height=\u00bb0em\u00bb number_font=\u00bb|600|||||||\u00bb number_font_size=\u00bb62px\u00bb width=\u00bb100%\u00bb custom_margin=\u00bb35px|||||\u00bb custom_padding=\u00bb|0px|0px||false|false\u00bb global_colors_info=\u00bb{}\u00bb][\/et_pb_number_counter][\/et_pb_column][et_pb_column type=\u00bb1_3&#8243; _builder_version=\u00bb4.27.4&#8243; _module_preset=\u00bbdefault\u00bb global_colors_info=\u00bb{}\u00bb][et_pb_number_counter title=\u00bbAltitud (msnm)\u00bb number=\u00bb+3.300&#8243; percent_sign=\u00bboff\u00bb _builder_version=\u00bb4.27.4&#8243; _module_preset=\u00bbdefault\u00bb title_font=\u00bb|300|||||||\u00bb title_text_color=\u00bb#3CB4E5&#8243; title_font_size=\u00bb32px\u00bb title_line_height=\u00bb0em\u00bb number_font=\u00bb|600|||||||\u00bb number_font_size=\u00bb62px\u00bb width=\u00bb100%\u00bb custom_margin=\u00bb35px|||||\u00bb custom_padding=\u00bb||0px|0px|false|false\u00bb global_colors_info=\u00bb{}\u00bb][\/et_pb_number_counter][\/et_pb_column][\/et_pb_row][et_pb_row column_structure=\u00bb1_3,1_3,1_3&#8243; _builder_version=\u00bb4.27.4&#8243; _module_preset=\u00bbdefault\u00bb background_color=\u00bbrgba(255,255,255,0.65)\u00bb max_width=\u00bb2455px\u00bb min_height=\u00bb247.8px\u00bb custom_margin=\u00bb0px|auto||auto||\u00bb custom_padding=\u00bb35px|10px||10px|false|false\u00bb border_radii=\u00bbon|8px|8px|8px|8px\u00bb global_colors_info=\u00bb{}\u00bb][et_pb_column type=\u00bb1_3&#8243; _builder_version=\u00bb4.27.4&#8243; _module_preset=\u00bbdefault\u00bb global_colors_info=\u00bb{}\u00bb][et_pb_text _builder_version=\u00bb4.27.4&#8243; _module_preset=\u00bbdefault\u00bb custom_padding=\u00bb|||5px||\u00bb global_colors_info=\u00bb{}\u00bb]<\/p>\n<p><strong>Ubicaci\u00f3n:<\/strong><span>\u00a0Departamento de San Carlos, a 220 km de la ciudad de Mendoza.<\/span><\/p>\n<p><strong>Ecorregi\u00f3n:<\/strong><span>\u00a0Altoandina<\/span><\/p>\n<p><span><\/span><\/p>\n<p>[\/et_pb_text][\/et_pb_column][et_pb_column type=\u00bb1_3&#8243; _builder_version=\u00bb4.27.4&#8243; _module_preset=\u00bbdefault\u00bb global_colors_info=\u00bb{}\u00bb][et_pb_text _builder_version=\u00bb4.27.4&#8243; _module_preset=\u00bbdefault\u00bb custom_padding=\u00bb|||5px||\u00bb global_colors_info=\u00bb{}\u00bb]<\/p>\n<p>Conserva el espejo de agua ubicado a 3.250 m a los pies del volc\u00e1n Maipo (5.323 m) en la cordillera de los Andes. Un majestuoso paisaje rodeado de vegas altoandinas y campos de escoria volc\u00e1nica dan un imponente marco a las aguas cristalinas de la laguna. El avistaje de manadas de guanacos a lo largo de la reserva es otro de sus grandes atractivos.<\/p>\n<p><span><\/span><\/p>\n<p>[\/et_pb_text][\/et_pb_column][et_pb_column type=\u00bb1_3&#8243; _builder_version=\u00bb4.27.4&#8243; _module_preset=\u00bbdefault\u00bb global_colors_info=\u00bb{}\u00bb][et_pb_text _builder_version=\u00bb4.27.4&#8243; _module_preset=\u00bbdefault\u00bb custom_padding=\u00bb|||4px||\u00bb global_colors_info=\u00bb{}\u00bb]<\/p>\n<p>La Laguna -de donde nace el R\u00edo Diamante- y su imponente entorno, ofrecen un \u00e1mbito ideal para la pr\u00e1ctica de pesca deportiva, acampe en algunos sitios permitidos, ascenso al Volc\u00e1n Maipo, avistamientos de fauna \u2013guanacos y aves- o el simple deleite en los extraordinarios escenarios naturales que ofrece esta reserva.<\/p>\n<p><span><\/span><\/p>\n<p>[\/et_pb_text][\/et_pb_column][\/et_pb_row][et_pb_row column_structure=\u00bb1_3,1_3,1_3&#8243; _builder_version=\u00bb4.27.4&#8243; _module_preset=\u00bbdefault\u00bb background_color=\u00bbrgba(10,10,10,0.5)\u00bb max_width=\u00bb2455px\u00bb min_height=\u00bb297.4px\u00bb custom_margin=\u00bb85px|auto||auto||\u00bb custom_padding=\u00bb35px|30px||30px||\u00bb border_radii=\u00bbon|8px|8px|8px|8px\u00bb global_colors_info=\u00bb{}\u00bb][et_pb_column type=\u00bb1_3&#8243; _builder_version=\u00bb4.27.4&#8243; _module_preset=\u00bbdefault\u00bb global_colors_info=\u00bb{}\u00bb][et_pb_text _builder_version=\u00bb4.27.4&#8243; _module_preset=\u00bbdefault\u00bb min_height=\u00bb218.2px\u00bb custom_padding=\u00bb|||3px||\u00bb global_colors_info=\u00bb{}\u00bb]<\/p>\n<p><span style=\"color: #ffffff\"><strong>RECOMENDACIONES:<\/strong><\/span><\/p>\n<p><span style=\"color: #ffffff\"><strong><\/strong><\/span><\/p>\n<p><span style=\"color: #ffffff\"><strong>Cada visitante desempe\u00f1a un papel decisivo en la conservaci\u00f3n del sitio y su correcto comportamiento permitir\u00e1 que otros tambi\u00e9n disfruten todos los encantos naturales del lugar.<\/strong><\/span><\/p>\n<p><span style=\"color: #ffffff\">\u2013 S\u00f3lo acampe y encienda fuego en los sitios habilitados para tal fin.<\/span><span style=\"color: #ffffff\"><\/span><\/p>\n<p><span><\/span><\/p>\n<p>[\/et_pb_text][\/et_pb_column][et_pb_column type=\u00bb1_3&#8243; _builder_version=\u00bb4.27.4&#8243; _module_preset=\u00bbdefault\u00bb global_colors_info=\u00bb{}\u00bb][et_pb_text _builder_version=\u00bb4.27.4&#8243; _module_preset=\u00bbdefault\u00bb global_colors_info=\u00bb{}\u00bb]<\/p>\n<p><span style=\"color: #ffffff\">\u2013 A sus residuos arr\u00f3jelos \u00fanicamente en los lugares indicados o al llegar consulte sobre el sistema de recolecci\u00f3n que tiene esta \u00e1rea protegida.<\/span><\/p>\n<p><span style=\"color: #ffffff\">\u2013 Cuide la flora y fauna del lugar, no la da\u00f1e ni moleste.<\/span><\/p>\n<p><span style=\"color: #ffffff\">\u2013 Circule s\u00f3lo por los senderos se\u00f1alados, sin salirse de ellos, cuidando y respetando la carteler\u00eda del lugar.<\/span><\/p>\n<p>[\/et_pb_text][\/et_pb_column][et_pb_column type=\u00bb1_3&#8243; _builder_version=\u00bb4.27.4&#8243; _module_preset=\u00bbdefault\u00bb global_colors_info=\u00bb{}\u00bb][et_pb_text _builder_version=\u00bb4.27.4&#8243; _module_preset=\u00bbdefault\u00bb custom_padding=\u00bb|0px||||\u00bb global_colors_info=\u00bb{}\u00bb]<\/p>\n<p><span style=\"color: #ffffff\">\u2013 Si fuma, apague bien su cigarrillo y guarde las colillas.<\/span><\/p>\n<p><span style=\"color: #ffffff\">\u2013 Est\u00e1 prohibido ingresar con animales.<\/span><\/p>\n<p><span style=\"color: #ffffff\">\u2013 Registre su ingreso y egreso al Guardaparque, e informe si observa pr\u00e1cticas inadecuadas.<\/span><\/p>\n<p><span style=\"color: #ffffff\">\u2013 Contratar prestadores de servicios tur\u00edsticos habilitados -gu\u00edas o agencias- por el Ente Aut\u00e1rquico de Turismo Mendoza y por la Direcci\u00f3n de Recursos Naturales Renovables.<\/span><\/p>\n<p>[\/et_pb_text][\/et_pb_column][\/et_pb_row][\/et_pb_section][et_pb_section fb_built=\u00bb1&#8243; _builder_version=\u00bb4.27.2&#8243; _module_preset=\u00bbdefault\u00bb background_color=\u00bb#FFFFFF\u00bb background_enable_image=\u00bboff\u00bb background_blend=\u00bboverlay\u00bb background_enable_video_mp4=\u00bboff\u00bb background_video_width=\u00bb100%\u00bb background_video_height=\u00bb100%\u00bb module_alignment=\u00bbcenter\u00bb min_height=\u00bb55em\u00bb custom_margin=\u00bb3px||-2px||false|false\u00bb custom_padding=\u00bb4px||48px||false|false\u00bb locked=\u00bboff\u00bb global_colors_info=\u00bb{}\u00bb][et_pb_row _builder_version=\u00bb4.27.4&#8243; background_size=\u00bbinitial\u00bb background_position=\u00bbtop_left\u00bb background_repeat=\u00bbrepeat\u00bb max_width=\u00bb2560px\u00bb min_height=\u00bb117px\u00bb custom_margin=\u00bb|auto|-3px|auto||\u00bb custom_padding=\u00bb65px|||||\u00bb locked=\u00bboff\u00bb global_colors_info=\u00bb{}\u00bb][et_pb_column type=\u00bb4_4&#8243; _builder_version=\u00bb4.27.4&#8243; _module_preset=\u00bbdefault\u00bb global_colors_info=\u00bb{}\u00bb][et_pb_heading title=\u00bbDESCRIPCI\u00d3N\u00bb admin_label=\u00bbFlora Nativa\u00bb module_id=\u00bblugar\u00bb _builder_version=\u00bb4.27.4&#8243; _module_preset=\u00bbdefault\u00bb title_level=\u00bbh2&#8243; title_font=\u00bb|300|||||||\u00bb title_text_align=\u00bbleft\u00bb title_text_color=\u00bbgcid-body-color\u00bb title_font_size=\u00bb40px\u00bb min_height=\u00bb39px\u00bb custom_margin=\u00bb||-1px|||\u00bb global_colors_info=\u00bb{%22gcid-body-color%22:%91%22title_text_color%22%93}\u00bb][\/et_pb_heading][et_pb_heading title=\u00bbDEL LUGAR\u00bb admin_label=\u00bbFlora Nativa\u00bb _builder_version=\u00bb4.27.2&#8243; _module_preset=\u00bbdefault\u00bb title_level=\u00bbh2&#8243; title_font=\u00bb|300|||||||\u00bb title_text_align=\u00bbleft\u00bb title_text_color=\u00bbgcid-body-color\u00bb title_font_size=\u00bb40px\u00bb min_height=\u00bb39px\u00bb custom_margin=\u00bb||-1px|||\u00bb global_colors_info=\u00bb{%22gcid-body-color%22:%91%22title_text_color%22%93}\u00bb][\/et_pb_heading][\/et_pb_column][\/et_pb_row][et_pb_row column_structure=\u00bb3_4,1_4&#8243; _builder_version=\u00bb4.27.4&#8243; _module_preset=\u00bbdefault\u00bb max_width=\u00bb2499px\u00bb global_colors_info=\u00bb{}\u00bb][et_pb_column type=\u00bb3_4&#8243; _builder_version=\u00bb4.27.4&#8243; _module_preset=\u00bbdefault\u00bb global_colors_info=\u00bb{}\u00bb][et_pb_image src=\u00bbhttps:\/\/mza-dicaws-portal-uploads-media-prod.s3.amazonaws.com\/informacion-oficial\/uploads\/sites\/12\/2025\/08\/diamante-en-baja.png\u00bb title_text=\u00bbdiamante en baja\u00bb _builder_version=\u00bb4.27.4&#8243; _module_preset=\u00bbdefault\u00bb min_height=\u00bb423.4px\u00bb border_radii=\u00bbon|8px|8px|8px|8px\u00bb global_colors_info=\u00bb{}\u00bb][\/et_pb_image][\/et_pb_column][et_pb_column type=\u00bb1_4&#8243; _builder_version=\u00bb4.27.4&#8243; _module_preset=\u00bbdefault\u00bb global_colors_info=\u00bb{}\u00bb][et_pb_text _builder_version=\u00bb4.27.4&#8243; _module_preset=\u00bbdefault\u00bb min_height=\u00bb527.1px\u00bb custom_padding=\u00bb20px||||false|false\u00bb global_colors_info=\u00bb{}\u00bb]<\/p>\n<p><span>La Laguna del Diamante se asienta sobre una antigua caldera volc\u00e1nica -enorme hundimiento con forma de \u201colla\u201d producido por el colapso de un volc\u00e1n- del per\u00edodo Cuaternario y representa una de las principales manifestaciones volc\u00e1nicas de la regi\u00f3n cordillerana. Su contenido h\u00eddrico es aportado por los deshielos, d\u00e1ndole una profundidad aproximada de 70 m, que a la vez, da nacimiento al R\u00edo Diamante. Junto a la laguna se eleva el Volc\u00e1n Maipo y al reflejarse en el espejo de agua se puede ver la figura romboidal del diamante que da origen al nombre a esta reserva.<\/span><\/p>\n<p>[\/et_pb_text][\/et_pb_column][\/et_pb_row][\/et_pb_section][et_pb_section fb_built=\u00bb1&#8243; _builder_version=\u00bb4.27.4&#8243; _module_preset=\u00bbdefault\u00bb background_color=\u00bbRGBA(255,255,255,0)\u00bb use_background_color_gradient=\u00bbon\u00bb background_color_gradient_stops=\u00bbrgba(10,1,1,0.54) 12%|#ffffff 100%\u00bb background_image=\u00bbhttps:\/\/mza-dicaws-portal-uploads-media-prod.s3.amazonaws.com\/informacion-oficial\/uploads\/sites\/12\/2025\/08\/Condor-en-Alvarado-Lag-Diamante-scaled-e1756218869539.jpg\u00bb background_blend=\u00bboverlay\u00bb background_enable_video_mp4=\u00bboff\u00bb background_video_width=\u00bb100%\u00bb background_video_height=\u00bb100%\u00bb module_alignment=\u00bbcenter\u00bb min_height=\u00bb55em\u00bb custom_margin=\u00bb3px||-2px||false|false\u00bb custom_padding=\u00bb4px||0px||false|false\u00bb locked=\u00bboff\u00bb global_colors_info=\u00bb{}\u00bb][et_pb_row _builder_version=\u00bb4.27.4&#8243; background_size=\u00bbinitial\u00bb background_position=\u00bbtop_left\u00bb background_repeat=\u00bbrepeat\u00bb max_width=\u00bb2560px\u00bb min_height=\u00bb117px\u00bb custom_margin=\u00bb|auto|-3px|auto||\u00bb custom_padding=\u00bb65px|||||\u00bb locked=\u00bboff\u00bb global_colors_info=\u00bb{}\u00bb][et_pb_column type=\u00bb4_4&#8243; _builder_version=\u00bb4.27.4&#8243; _module_preset=\u00bbdefault\u00bb global_colors_info=\u00bb{}\u00bb][et_pb_heading title=\u00bbFLORA Y\u00bb admin_label=\u00bbFlora Nativa\u00bb module_id=\u00bbflora\u00bb _builder_version=\u00bb4.27.4&#8243; _module_preset=\u00bbdefault\u00bb title_level=\u00bbh2&#8243; title_font=\u00bb|300|||||||\u00bb title_text_align=\u00bbleft\u00bb title_text_color=\u00bb#FFFFFF\u00bb title_font_size=\u00bb40px\u00bb min_height=\u00bb39px\u00bb custom_margin=\u00bb||-1px|||\u00bb global_colors_info=\u00bb{}\u00bb][\/et_pb_heading][et_pb_heading title=\u00bbFAUNA\u00bb admin_label=\u00bbFlora Nativa\u00bb _builder_version=\u00bb4.27.4&#8243; _module_preset=\u00bbdefault\u00bb title_level=\u00bbh2&#8243; title_font=\u00bb|300|||||||\u00bb title_text_align=\u00bbleft\u00bb title_text_color=\u00bb#FFFFFF\u00bb title_font_size=\u00bb40px\u00bb min_height=\u00bb39px\u00bb custom_margin=\u00bb||-1px|||\u00bb global_colors_info=\u00bb{}\u00bb][\/et_pb_heading][\/et_pb_column][\/et_pb_row][et_pb_row column_structure=\u00bb1_2,1_2&#8243; _builder_version=\u00bb4.27.4&#8243; _module_preset=\u00bbdefault\u00bb max_width=\u00bb2499px\u00bb min_height=\u00bb422.8px\u00bb custom_padding=\u00bb0px||0px|||\u00bb global_colors_info=\u00bb{}\u00bb][et_pb_column type=\u00bb1_2&#8243; _builder_version=\u00bb4.27.4&#8243; _module_preset=\u00bbdefault\u00bb global_colors_info=\u00bb{}\u00bb][\/et_pb_column][et_pb_column type=\u00bb1_2&#8243; _builder_version=\u00bb4.27.4&#8243; _module_preset=\u00bbdefault\u00bb global_colors_info=\u00bb{}\u00bb][et_pb_text _builder_version=\u00bb4.27.4&#8243; _module_preset=\u00bbdefault\u00bb min_height=\u00bb401.8px\u00bb custom_margin=\u00bb||-11px|||\u00bb custom_padding=\u00bb2px||0px|21px||\u00bb global_colors_info=\u00bb{}\u00bb]<\/p>\n<h3><span style=\"color: #ffffff\">Flora<\/span><\/h3>\n<p><span style=\"color: #ffffff\">Las distintas especies vegetales deben afrontar las adversas condiciones clim\u00e1ticas de la cordillera, por lo que, para lograr su supervivencia, debieron realizar un largo proceso de adaptaci\u00f3n. De este modo, la vegetaci\u00f3n del lugar hace frente a la sequedad, el fr\u00edo extremo y el viento, con ra\u00edces muy desarrolladas y carnosas que le permiten aferrarse mejor al suelo y tallos acumuladores de agua; follaje compacto a modo de coj\u00edn con hojas escamosas muy peque\u00f1as o resinosas para evitar la p\u00e9rdida de agua y la intensa radiaci\u00f3n solar. Su corta, pero vistosa floraci\u00f3n, recurso que utilizan para potenciar las posibilidades de reproducci\u00f3n, deleita la vista de los visitantes, la flora caracter\u00edstica est\u00e1 representada por le\u00f1a amarilla, yareta y pastizales de huec\u00fa. La vida se abre paso entre las rocas agreg\u00e1ndole un tinte verde, con sus vegas y mallines, al predominante gris del lugar. Este f\u00e9rtil ecosistema puede encontrarse en una franja altitudinal amplia -2.000 m a 3.800 m- y es considerado la \u201cSelva de los Andes \u00c1ridos\u201d que aloja a las m\u00e1s diversas especies de flora altoandina.<\/span><\/p>\n<p>&nbsp;<\/p>\n<p>[\/et_pb_text][\/et_pb_column][\/et_pb_row][et_pb_row _builder_version=\u00bb4.27.4&#8243; _module_preset=\u00bbdefault\u00bb max_width=\u00bb2499px\u00bb custom_margin=\u00bb-4px|auto||auto||\u00bb custom_padding=\u00bb0px|||||\u00bb global_colors_info=\u00bb{}\u00bb][et_pb_column type=\u00bb4_4&#8243; _builder_version=\u00bb4.27.4&#8243; _module_preset=\u00bbdefault\u00bb global_colors_info=\u00bb{}\u00bb][et_pb_text _builder_version=\u00bb4.27.4&#8243; _module_preset=\u00bbdefault\u00bb custom_padding=\u00bb4px|||21px||\u00bb global_colors_info=\u00bb{}\u00bb]<\/p>\n<h3><span style=\"color: #ffffff\">Fauna<\/span><\/h3>\n<p><span style=\"color: #ffffff\">La especie animal m\u00e1s emblem\u00e1tica y vulnerable de la reserva es el guanaco. Desplaz\u00e1ndose en manadas migra a zonas m\u00e1s bajas para pastorear en el invierno y se esparce por ambientes de grandes planicies. Coexisten con estos grandes mam\u00edferos, varias especies de ratones de alta monta\u00f1a, que se refugian en madrigueras para evitar ser presa f\u00e1cil de predadores como el \u00e1guila mora o el zorro colorado. La zona cobija en toda su extensi\u00f3n una gran variedad de aves como los jilgueros, remolineras, dormilonas, agachonas, cauquenes -especie de ganso silvestre-, suris cordilleranos y, eventualmente, c\u00f3ndores. El espejo de agua contiene tres especies de truchas -marrones, fontalis y arco iris- que fueron sembradas y no se tiene certeza de que la laguna haya pose\u00eddo peces aut\u00f3ctonos.<\/span><\/p>\n<p>[\/et_pb_text][\/et_pb_column][\/et_pb_row][\/et_pb_section][et_pb_section fb_built=\u00bb1&#8243; _builder_version=\u00bb4.27.4&#8243; _module_preset=\u00bbdefault\u00bb background_color=\u00bbRGBA(255,255,255,0)\u00bb use_background_color_gradient=\u00bbon\u00bb background_color_gradient_stops=\u00bb#ffffff 17%|rgba(0,10,9,0.7) 100%\u00bb background_image=\u00bbhttps:\/\/mza-dicaws-portal-uploads-media-prod.s3.amazonaws.com\/informacion-oficial\/uploads\/sites\/12\/2025\/08\/055-scaled.jpg\u00bb background_blend=\u00bboverlay\u00bb background_enable_video_mp4=\u00bboff\u00bb background_video_width=\u00bb100%\u00bb background_video_height=\u00bb100%\u00bb module_alignment=\u00bbcenter\u00bb min_height=\u00bb35em\u00bb custom_margin=\u00bb3px||-2px||false|false\u00bb custom_padding=\u00bb4px||50px||false|false\u00bb locked=\u00bboff\u00bb global_colors_info=\u00bb{}\u00bb][et_pb_row _builder_version=\u00bb4.27.4&#8243; background_size=\u00bbinitial\u00bb background_position=\u00bbtop_left\u00bb background_repeat=\u00bbrepeat\u00bb max_width=\u00bb2560px\u00bb min_height=\u00bb117px\u00bb custom_margin=\u00bb|auto|-3px|auto||\u00bb custom_padding=\u00bb65px|||||\u00bb locked=\u00bboff\u00bb global_colors_info=\u00bb{}\u00bb][et_pb_column type=\u00bb4_4&#8243; _builder_version=\u00bb4.27.4&#8243; _module_preset=\u00bbdefault\u00bb global_colors_info=\u00bb{}\u00bb][et_pb_heading title=\u00bbGALER\u00cdA\u00bb admin_label=\u00bbFlora Nativa\u00bb module_id=\u00bbgaleria\u00bb _builder_version=\u00bb4.27.4&#8243; _module_preset=\u00bbdefault\u00bb title_level=\u00bbh2&#8243; title_font=\u00bb|300|||||||\u00bb title_text_align=\u00bbleft\u00bb title_text_color=\u00bbgcid-body-color\u00bb title_font_size=\u00bb40px\u00bb min_height=\u00bb39px\u00bb custom_margin=\u00bb||-1px|||\u00bb global_colors_info=\u00bb{%22gcid-body-color%22:%91%22title_text_color%22%93}\u00bb][\/et_pb_heading][\/et_pb_column][\/et_pb_row][et_pb_row _builder_version=\u00bb4.27.4&#8243; _module_preset=\u00bbdefault\u00bb max_width=\u00bb2560px\u00bb locked=\u00bboff\u00bb global_colors_info=\u00bb{}\u00bb][et_pb_column type=\u00bb4_4&#8243; _builder_version=\u00bb4.27.4&#8243; _module_preset=\u00bbdefault\u00bb global_colors_info=\u00bb{}\u00bb][et_pb_gallery gallery_ids=\u00bb2852,2853,2854,2855,2856,2857,2858,2859,2860,2861,2862,2863,2864,2865,2866,2867,2868,2869,2870&#8243; posts_number=\u00bb8&#8243; show_title_and_caption=\u00bboff\u00bb show_pagination=\u00bboff\u00bb _builder_version=\u00bb4.27.4&#8243; _module_preset=\u00bbdefault\u00bb title_font=\u00bb|300|||||||\u00bb title_font_size=\u00bb0px\u00bb caption_font=\u00bb|300|||||||\u00bb caption_text_align=\u00bbcenter\u00bb caption_font_size=\u00bb1px\u00bb caption_line_height=\u00bb1px\u00bb pagination_font=\u00bb|300|||||||\u00bb pagination_text_align=\u00bbcenter\u00bb pagination_font_size=\u00bb1rem\u00bb background_enable_color=\u00bboff\u00bb background_layout=\u00bbdark\u00bb width=\u00bb100%\u00bb max_width=\u00bb100%\u00bb module_alignment=\u00bbcenter\u00bb max_height=\u00bb538px\u00bb border_radii=\u00bbon|8px|8px|8px|8px\u00bb border_width_all=\u00bb4px\u00bb border_color_all=\u00bb#C8A977&#8243; border_radii_image=\u00bbon|8px|8px|8px|8px\u00bb global_colors_info=\u00bb{}\u00bb][\/et_pb_gallery][et_pb_text _builder_version=\u00bb4.27.4&#8243; _module_preset=\u00bbdefault\u00bb text_text_color=\u00bb#ffffff\u00bb module_alignment=\u00bbright\u00bb min_height=\u00bb33.8px\u00bb global_colors_info=\u00bb{}\u00bb]<\/p>\n<p style=\"text-align: right\">Fotograf\u00edas por cortes\u00eda de Luciana Quiroga y Dami\u00e1n Mariotti<\/p>\n<p>[\/et_pb_text][\/et_pb_column][\/et_pb_row][\/et_pb_section]<\/p>\n","protected":false},"excerpt":{"rendered":"<p>ENTRADA POR EL D\u00cdA En su visita por el d\u00eda es posible realizar distintas actividades como pesca deportiva, senderismo, ciclismo y picnic, por favor respete las indicaciones de Guardaparques. \u2013 Esparcimiento y picnic:La laguna cuenta con un \u00e1rea de acampe donde es posible hacer fuego en los fogones destinados a tal fin y sitios de [&hellip;]<\/p>\n","protected":false},"author":1,"featured_media":0,"parent":0,"menu_order":0,"comment_status":"closed","ping_status":"closed","template":"","meta":{"_et_pb_use_builder":"on","_et_pb_old_content":"","_et_gb_content_width":"","footnotes":""},"class_list":["post-69","page","type-page","status-publish","hentry"],"_links":{"self":[{"href":"https:\/\/informacionoficial.mendoza.gob.ar\/energiayambiente\/wp-json\/wp\/v2\/pages\/69","targetHints":{"allow":["GET"]}}],"collection":[{"href":"https:\/\/informacionoficial.mendoza.gob.ar\/energiayambiente\/wp-json\/wp\/v2\/pages"}],"about":[{"href":"https:\/\/informacionoficial.mendoza.gob.ar\/energiayambiente\/wp-json\/wp\/v2\/types\/page"}],"author":[{"embeddable":true,"href":"https:\/\/informacionoficial.mendoza.gob.ar\/energiayambiente\/wp-json\/wp\/v2\/users\/1"}],"replies":[{"embeddable":true,"href":"https:\/\/informacionoficial.mendoza.gob.ar\/energiayambiente\/wp-json\/wp\/v2\/comments?post=69"}],"version-history":[{"count":36,"href":"https:\/\/informacionoficial.mendoza.gob.ar\/energiayambiente\/wp-json\/wp\/v2\/pages\/69\/revisions"}],"predecessor-version":[{"id":6538,"href":"https:\/\/informacionoficial.mendoza.gob.ar\/energiayambiente\/wp-json\/wp\/v2\/pages\/69\/revisions\/6538"}],"wp:attachment":[{"href":"https:\/\/informacionoficial.mendoza.gob.ar\/energiayambiente\/wp-json\/wp\/v2\/media?parent=69"}],"curies":[{"name":"wp","href":"https:\/\/api.w.org\/{rel}","templated":true}]}}