{"id":6976,"date":"2026-03-09T11:32:05","date_gmt":"2026-03-09T14:32:05","guid":{"rendered":"https:\/\/informacionoficial.mendoza.gob.ar\/energiayambiente\/?page_id=6976"},"modified":"2026-03-09T11:33:30","modified_gmt":"2026-03-09T14:33:30","slug":"planificacion-gobernanza-politicas-publicas-y-legislacion","status":"publish","type":"page","link":"https:\/\/informacionoficial.mendoza.gob.ar\/energiayambiente\/1370-2\/planificacion-gobernanza-politicas-publicas-y-legislacion\/","title":{"rendered":"Planificaci\u00f3n, gobernanza, pol\u00edticas p\u00fablicas y legislaci\u00f3n"},"content":{"rendered":"<p>[et_pb_section fb_built=\u00bb1&#8243; _builder_version=\u00bb4.27.4&#8243; background_color=\u00bbRGBA(255,255,255,0)\u00bb use_background_color_gradient=\u00bbon\u00bb background_color_gradient_direction=\u00bb38deg\u00bb background_color_gradient_stops=\u00bb#ffffff 67%|#0a0000 100%\u00bb background_image=\u00bbhttps:\/\/mza-dicaws-portal-uploads-media-prod.s3.amazonaws.com\/informacion-oficial\/uploads\/sites\/12\/2025\/04\/DJI_0223.jpg\u00bb background_blend=\u00bbscreen\u00bb min_height=\u00bb589px\u00bb custom_margin=\u00bb3px|||||\u00bb custom_padding=\u00bb3px||0px|||\u00bb global_colors_info=\u00bb{}\u00bb theme_builder_area=\u00bbpost_content\u00bb][et_pb_row _builder_version=\u00bb4.27.4&#8243; background_size=\u00bbinitial\u00bb background_position=\u00bbtop_left\u00bb background_repeat=\u00bbrepeat\u00bb max_width=\u00bb2560px\u00bb min_height=\u00bb117px\u00bb custom_margin=\u00bb|auto|-3px|auto||\u00bb custom_padding=\u00bb5px|||||\u00bb global_colors_info=\u00bb{}\u00bb theme_builder_area=\u00bbpost_content\u00bb][et_pb_column type=\u00bb4_4&#8243; _builder_version=\u00bb4.27.4&#8243; _module_preset=\u00bbdefault\u00bb global_colors_info=\u00bb{}\u00bb theme_builder_area=\u00bbpost_content\u00bb][et_pb_heading title=\u00bbPLANIFICACI\u00d3N, GOBERNANZA, POL\u00cdTICAS P\u00daBLICAS Y LEGISLACI\u00d3N\u00bb admin_label=\u00bbFlora Nativa\u00bb _builder_version=\u00bb4.27.4&#8243; _module_preset=\u00bbdefault\u00bb title_level=\u00bbh2&#8243; title_font=\u00bb|300|||||||\u00bb title_text_align=\u00bbleft\u00bb title_text_color=\u00bbgcid-body-color\u00bb title_font_size=\u00bb40px\u00bb min_height=\u00bb42px\u00bb custom_margin=\u00bb||-3px|||\u00bb custom_padding=\u00bb||0px|||\u00bb hover_enabled=\u00bb0&#8243; global_colors_info=\u00bb{%22gcid-body-color%22:%91%22title_text_color%22%93}\u00bb theme_builder_area=\u00bbpost_content\u00bb sticky_enabled=\u00bb0&#8243;][\/et_pb_heading][\/et_pb_column][\/et_pb_row][et_pb_row column_structure=\u00bb1_3,2_3&#8243; _builder_version=\u00bb4.27.4&#8243; _module_preset=\u00bbdefault\u00bb max_width=\u00bb2649px\u00bb global_colors_info=\u00bb{}\u00bb theme_builder_area=\u00bbpost_content\u00bb][et_pb_column type=\u00bb1_3&#8243; _builder_version=\u00bb4.27.4&#8243; _module_preset=\u00bbdefault\u00bb global_colors_info=\u00bb{}\u00bb theme_builder_area=\u00bbpost_content\u00bb][et_pb_icon font_icon=\u00bb&#xf018;||fa||900&#8243; icon_width=\u00bb200px\u00bb _builder_version=\u00bb4.27.4&#8243; _module_preset=\u00bbdefault\u00bb custom_padding=\u00bb|0px||||\u00bb hover_enabled=\u00bb0&#8243; global_colors_info=\u00bb{}\u00bb theme_builder_area=\u00bbpost_content\u00bb sticky_enabled=\u00bb0&#8243;][\/et_pb_icon][\/et_pb_column][et_pb_column type=\u00bb2_3&#8243; _builder_version=\u00bb4.27.4&#8243; _module_preset=\u00bbdefault\u00bb global_colors_info=\u00bb{}\u00bb theme_builder_area=\u00bbpost_content\u00bb][et_pb_text _builder_version=\u00bb4.27.4&#8243; _module_preset=\u00bbdefault\u00bb background_color=\u00bbrgba(255,255,255,0.63)\u00bb custom_padding=\u00bb20px|21px|19px|21px|false|false\u00bb hover_enabled=\u00bb0&#8243; border_radii=\u00bbon|8px|8px|8px|8px\u00bb global_colors_info=\u00bb{}\u00bb theme_builder_area=\u00bbpost_content\u00bb sticky_enabled=\u00bb0&#8243;]<\/p>\n<p>2020 \u2014 Iriarte, M. C. R., Bugue\u00f1o, M., Pefaur, F., Pizarro, L., &amp; \u00c1lvarez, J. (2020). <strong><a href=\"https:\/\/www.revistadospuntas.com\/gallery\/Dos%20Puntas%2021a%20edici%C3%B3n.pdf\">Climatolog\u00eda de los espacios \u00e1ridos: respuestas potenciales al cambio clim\u00e1tico<\/a><\/strong>. <em>Empresariales y Jur\u00eddicas.<\/em><\/p>\n<p>2003 \u2014 Gardu\u00f1o, H., Cant\u00fa-Su\u00e1rez, M., Jaeger, P., Reta, J., &amp; Vidal, A. (2003). <strong><a href=\"https:\/\/www.fao.org\/3\/y5062s\/y5062s0j.htm\">Administraci\u00f3n de derechos de agua\u2026<\/a><\/strong>. <em>Comisi\u00f3n Nacional del Agua.<\/em><\/p>\n<p>2019 \u2014 Mel\u00e9ndez, G. M., Rivas, K. E. S. M., et al. (2019). <strong><a href=\"https:\/\/books.google.com.ar\/books?id=m36kDwAAQBAJ&amp;pg=PA12&amp;source=gbs_selected_pages&amp;cad=1#v=onepage&amp;q&amp;f=false\">Desarrollo sostenible de zonas \u00e1ridas y semi\u00e1ridas frente al cambio clim\u00e1tico<\/a><\/strong>. <em>UJED.<\/em><\/p>\n<p>2002 \u2014 Reynolds, J. F., &amp; Stafford, M. (2002). <strong><a href=\"https:\/\/www.researchgate.net\/publication\/238220665_Do_Humans_Cause_Deserts\">Do Humans Cause Deserts?<\/a><\/strong>. En <em>Global Desertification.<\/em><\/p>\n<p>2023 \u2014 Rodella, A., Zaveri, E., &amp; Bertone, F. (2023). <strong><a href=\"https:\/\/documents1.worldbank.org\/curated\/en\/099257006142358468\/pdf\/IDU0fb2550de013100434708d920a3e3bec6afb1.pdf\">The Economics of Groundwater in Times of Climate Change<\/a><\/strong>. <em>World Bank.<\/em><\/p>\n<p>2006 \u2014 CONAMA. <strong><a href=\"http:\/\/dgf.uchile.cl\/PRECIS\/articles-39442_pdf_Estudio_texto.pdf\">Estudio de la variabilidad clim\u00e1tica de Chile para el siglo XXI (Informe final)<\/a><\/strong>. Departamento de Geof\u00edsica de la Universidad de Chile.<\/p>\n<p>2000 \u2014 Convenio sobre la Diversidad Biol\u00f3gica. <strong><a href=\"https:\/\/www.cbd.int\/doc\/legal\/cbd-es.pdf\">Examen de opciones para la conservaci\u00f3n y la utilizaci\u00f3n sostenible de la diversidad biol\u00f3gica en ecosistemas de zonas secas, mediterr\u00e1neas, \u00e1ridas y semi\u00e1ridas<\/a><\/strong>. Conferencia de las Partes, Quinta reuni\u00f3n.<\/p>\n<p>2007 \u2014 DGI. <strong><a href=\"https:\/\/biblioteca.clacso.edu.ar\/clacso\/clacso-crop\/20121219121615\/Escenariosdecambioambientalglobal.pdf\">Taller Provincial \u201cPlan de Recursos H\u00eddricos\u201d<\/a><\/strong>. Direcci\u00f3n General de Irrigaci\u00f3n, Gobierno de Mendoza.<\/p>\n<p>2007 \u2014 Falvey, M. <strong><a href=\"http:\/\/www2.dgf.uchile.cl\/ACT19\/COMUNICACIONES\/Congresos_Presentaciones\/Falvey_taller_DOCA_2007.pdf\">Modelaci\u00f3n del impacto del cambio clim\u00e1tico en los recursos h\u00eddricos de Chile<\/a><\/strong>. Presentaci\u00f3n en el <em>4\u00ba Taller de Circulaci\u00f3n Oce\u00e1nica y Atmosf\u00e9rica de la regi\u00f3n del Pac\u00edfico Sureste.<\/em><\/p>\n<p>1995 \u2014 IPCC. <strong><a href=\"https:\/\/www.ipcc.ch\/site\/assets\/uploads\/2018\/05\/2nd-assessment-sp.pdf\">Segunda Evaluaci\u00f3n: Informe del Cambio Clim\u00e1tico<\/a><\/strong>. <em>Panel Intergubernamental sobre Cambio Clim\u00e1tico.<\/em><\/p>\n<p>2001 \u2014 IPCC. <strong><a href=\"https:\/\/www.ess.uci.edu\/researchgrp\/prather\/files\/2001ipcc_syr-watson.pdf\">Climate Change 2001: Synthesis Report<\/a><\/strong>. Contribution of Working Groups I, II and III to the Third Assessment Report. Cambridge University Press.<\/p>\n<p>2007 \u2014 IPCC. <strong><a href=\"https:\/\/www.ipcc.ch\/site\/assets\/uploads\/2018\/02\/ar4_syr_spm.pdf\">Summary for Policymakers<\/a><\/strong>. En <em>Climate Change: The Physical Science Basis<\/em>. Cambridge University Press.<\/p>\n<p>2018 \u2014 IPCC. <strong><a href=\"https:\/\/www.ipcc.ch\/site\/assets\/uploads\/sites\/2\/2019\/09\/IPCC-Special-Report-1.5-SPM_es.pdf\">Resumen para responsables de pol\u00edticas<\/a><\/strong>. En <em>Calentamiento global de 1,5 \u00b0C.<\/em><\/p>\n<p>2021 \u2014 IPCC. <strong><a href=\"https:\/\/www.ipcc.ch\/report\/ar6\/wg1\/downloads\/report\/IPCC_AR6_WG1_SPM_Spanish.pdf\">Resumen para responsables de pol\u00edticas<\/a><\/strong>. En <em>Climate Change 2021: The Physical Science Basis<\/em>. Cambridge University Press.<\/p>\n<p>2023 \u2014 IPCC. <strong><a href=\"https:\/\/www.ipcc.ch\/site\/assets\/uploads\/2023\/03\/IPCC_AR6_SYR_PressRelease_es.pdf\">Informe de s\u00edntesis del Sexto Ciclo de Evaluaci\u00f3n<\/a><\/strong>.<\/p>\n<p>2017 \u2014 Renda, E., et al. <strong><a href=\"https:\/\/www.argentina.gob.ar\/sites\/default\/files\/manual_para_la_elaboracion_de_mapas_de_riesgo.pdf\">Manual para la elaboraci\u00f3n de mapas de riesgo<\/a><\/strong>. PNUD &amp; Ministerio de Seguridad de la Naci\u00f3n.<\/p>\n<p>2009 \u2014 Universidad de Buenos Aires. <strong><a href=\"https:\/\/repositoriouba.sisbi.uba.ar\/gsdl\/collect\/libuba\/index\/assoc\/HWA_5010.dir\/5010.PDF\">Estrategias integradas de mitigaci\u00f3n y adaptaci\u00f3n a cambios globales<\/a><\/strong>. Programa Interdisciplinario sobre Cambio Clim\u00e1tico (PIUBACC).<\/p>\n<p>2024 \u2014 Aneise, A. J., &amp; M\u00f6hle, E. (2024). <strong><a href=\"https:\/\/fund.ar\/wp-content\/uploads\/2024\/11\/Fundar_Argentina-frente-al-cambio-climatico_CC-BY-NC-ND-4.0-1.pdf\">Argentina frente al cambio clim\u00e1tico. Un nuevo modelo de desarrollo para un mundo en transici\u00f3n<\/a><\/strong>. <em>Fundar.<\/em><\/p>\n<p>[\/et_pb_text][\/et_pb_column][\/et_pb_row][\/et_pb_section]<\/p>\n","protected":false},"excerpt":{"rendered":"<p>2020 \u2014 Iriarte, M. C. R., Bugue\u00f1o, M., Pefaur, F., Pizarro, L., &amp; \u00c1lvarez, J. (2020). Climatolog\u00eda de los espacios \u00e1ridos: respuestas potenciales al cambio clim\u00e1tico. Empresariales y Jur\u00eddicas. 2003 \u2014 Gardu\u00f1o, H., Cant\u00fa-Su\u00e1rez, M., Jaeger, P., Reta, J., &amp; Vidal, A. (2003). Administraci\u00f3n de derechos de agua\u2026. Comisi\u00f3n Nacional del Agua. 2019 \u2014 Mel\u00e9ndez, [&hellip;]<\/p>\n","protected":false},"author":13,"featured_media":0,"parent":1370,"menu_order":0,"comment_status":"closed","ping_status":"closed","template":"","meta":{"_et_pb_use_builder":"on","_et_pb_old_content":"","_et_gb_content_width":"","footnotes":""},"class_list":["post-6976","page","type-page","status-publish","hentry"],"_links":{"self":[{"href":"https:\/\/informacionoficial.mendoza.gob.ar\/energiayambiente\/wp-json\/wp\/v2\/pages\/6976","targetHints":{"allow":["GET"]}}],"collection":[{"href":"https:\/\/informacionoficial.mendoza.gob.ar\/energiayambiente\/wp-json\/wp\/v2\/pages"}],"about":[{"href":"https:\/\/informacionoficial.mendoza.gob.ar\/energiayambiente\/wp-json\/wp\/v2\/types\/page"}],"author":[{"embeddable":true,"href":"https:\/\/informacionoficial.mendoza.gob.ar\/energiayambiente\/wp-json\/wp\/v2\/users\/13"}],"replies":[{"embeddable":true,"href":"https:\/\/informacionoficial.mendoza.gob.ar\/energiayambiente\/wp-json\/wp\/v2\/comments?post=6976"}],"version-history":[{"count":2,"href":"https:\/\/informacionoficial.mendoza.gob.ar\/energiayambiente\/wp-json\/wp\/v2\/pages\/6976\/revisions"}],"predecessor-version":[{"id":6979,"href":"https:\/\/informacionoficial.mendoza.gob.ar\/energiayambiente\/wp-json\/wp\/v2\/pages\/6976\/revisions\/6979"}],"up":[{"embeddable":true,"href":"https:\/\/informacionoficial.mendoza.gob.ar\/energiayambiente\/wp-json\/wp\/v2\/pages\/1370"}],"wp:attachment":[{"href":"https:\/\/informacionoficial.mendoza.gob.ar\/energiayambiente\/wp-json\/wp\/v2\/media?parent=6976"}],"curies":[{"name":"wp","href":"https:\/\/api.w.org\/{rel}","templated":true}]}}