{"id":6981,"date":"2026-03-09T11:35:59","date_gmt":"2026-03-09T14:35:59","guid":{"rendered":"https:\/\/informacionoficial.mendoza.gob.ar\/energiayambiente\/?page_id=6981"},"modified":"2026-03-09T11:36:08","modified_gmt":"2026-03-09T14:36:08","slug":"vulnerabilidad-y-exposicion","status":"publish","type":"page","link":"https:\/\/informacionoficial.mendoza.gob.ar\/energiayambiente\/1370-2\/vulnerabilidad-y-exposicion\/","title":{"rendered":"Vulnerabilidad y exposici\u00f3n"},"content":{"rendered":"<p>[et_pb_section fb_built=\u00bb1&#8243; _builder_version=\u00bb4.27.4&#8243; background_color=\u00bbRGBA(255,255,255,0)\u00bb use_background_color_gradient=\u00bbon\u00bb background_color_gradient_direction=\u00bb38deg\u00bb background_color_gradient_stops=\u00bb#ffffff 67%|#0a0000 100%\u00bb background_image=\u00bbhttps:\/\/mza-dicaws-portal-uploads-media-prod.s3.amazonaws.com\/informacion-oficial\/uploads\/sites\/12\/2025\/04\/DJI_0223.jpg\u00bb background_blend=\u00bbscreen\u00bb min_height=\u00bb589px\u00bb custom_margin=\u00bb3px|||||\u00bb custom_padding=\u00bb3px||0px|||\u00bb global_colors_info=\u00bb{}\u00bb theme_builder_area=\u00bbpost_content\u00bb][et_pb_row _builder_version=\u00bb4.27.4&#8243; background_size=\u00bbinitial\u00bb background_position=\u00bbtop_left\u00bb background_repeat=\u00bbrepeat\u00bb max_width=\u00bb2560px\u00bb min_height=\u00bb117px\u00bb custom_margin=\u00bb|auto|-3px|auto||\u00bb custom_padding=\u00bb5px|||||\u00bb global_colors_info=\u00bb{}\u00bb theme_builder_area=\u00bbpost_content\u00bb][et_pb_column type=\u00bb4_4&#8243; _builder_version=\u00bb4.27.4&#8243; _module_preset=\u00bbdefault\u00bb global_colors_info=\u00bb{}\u00bb theme_builder_area=\u00bbpost_content\u00bb][et_pb_heading title=\u00bbVULNERABILIDAD Y EXPOSICI\u00d3N\u00bb admin_label=\u00bbFlora Nativa\u00bb _builder_version=\u00bb4.27.4&#8243; _module_preset=\u00bbdefault\u00bb title_level=\u00bbh2&#8243; title_font=\u00bb|300|||||||\u00bb title_text_align=\u00bbleft\u00bb title_text_color=\u00bbgcid-body-color\u00bb title_font_size=\u00bb40px\u00bb min_height=\u00bb42px\u00bb custom_margin=\u00bb||-3px|||\u00bb custom_padding=\u00bb||0px|||\u00bb hover_enabled=\u00bb0&#8243; global_colors_info=\u00bb{%22gcid-body-color%22:%91%22title_text_color%22%93}\u00bb theme_builder_area=\u00bbpost_content\u00bb sticky_enabled=\u00bb0&#8243;][\/et_pb_heading][\/et_pb_column][\/et_pb_row][et_pb_row column_structure=\u00bb1_3,2_3&#8243; _builder_version=\u00bb4.27.4&#8243; _module_preset=\u00bbdefault\u00bb max_width=\u00bb2649px\u00bb global_colors_info=\u00bb{}\u00bb theme_builder_area=\u00bbpost_content\u00bb][et_pb_column type=\u00bb1_3&#8243; _builder_version=\u00bb4.27.4&#8243; _module_preset=\u00bbdefault\u00bb global_colors_info=\u00bb{}\u00bb theme_builder_area=\u00bbpost_content\u00bb][et_pb_icon font_icon=\u00bb&#xf06e;||fa||900&#8243; icon_width=\u00bb200px\u00bb _builder_version=\u00bb4.27.4&#8243; _module_preset=\u00bbdefault\u00bb custom_padding=\u00bb|0px||||\u00bb hover_enabled=\u00bb0&#8243; global_colors_info=\u00bb{}\u00bb theme_builder_area=\u00bbpost_content\u00bb sticky_enabled=\u00bb0&#8243;][\/et_pb_icon][\/et_pb_column][et_pb_column type=\u00bb2_3&#8243; _builder_version=\u00bb4.27.4&#8243; _module_preset=\u00bbdefault\u00bb global_colors_info=\u00bb{}\u00bb theme_builder_area=\u00bbpost_content\u00bb][et_pb_text _builder_version=\u00bb4.27.4&#8243; _module_preset=\u00bbdefault\u00bb background_color=\u00bbrgba(255,255,255,0.63)\u00bb custom_padding=\u00bb20px|21px|19px|21px|false|false\u00bb hover_enabled=\u00bb0&#8243; border_radii=\u00bbon|8px|8px|8px|8px\u00bb global_colors_info=\u00bb{}\u00bb theme_builder_area=\u00bbpost_content\u00bb sticky_enabled=\u00bb0&#8243;]<\/p>\n<p>2022 \u2014 Arias, P. A., Rivera, J. A., S\u00f6rensson, A. A., et al. (2022). <strong><a href=\"https:\/\/www.worldweatherattribution.org\/wp-content\/uploads\/WWA-Argentina-Uruguay-drought-Scientific-Report.pdf\">Vulnerability and high temperatures exacerbate impacts of ongoing drought in Central South America<\/a><\/strong>. <em>World Weather Attribution.<\/em><\/p>\n<p>2013 \u2014 Boninsegna, J. A. (2013). <strong><a href=\"https:\/\/ri.conicet.gov.ar\/bitstream\/handle\/11336\/4849\/p45-58-64-1-2014-5_1_.pdf?sequence=1&amp;isAllowed=y\">Impacto del cambio clim\u00e1tico en los oasis del oeste argentino<\/a><\/strong>. <em>Revista Geogr\u00e1fica de Valpara\u00edso.<\/em><\/p>\n<p>2015 \u2014 Deis, L., De Rosas, M. I., Malovini, E., Cavagnaro, M., &amp; Cavagnaro, J. B. (2015). <strong><a href=\"https:\/\/www.redalyc.org\/articulo.oa?id=382841103006\">Impacto del cambio clim\u00e1tico en Mendoza<\/a><\/strong>. <em>Revista FCA.<\/em><\/p>\n<p>2015 \u2014 Mussetta, P., &amp; Barrientos, J. (2015). <strong><a href=\"http:\/\/www.scielo.org.ar\/pdf\/refca\/v47n2\/v47n2a12.pdf\">Vulnerabilidad de productores rurales de Mendoza ante el cambio ambiental global<\/a><\/strong>. <em>Revista de la Facultad de Ciencias Agrarias.<\/em><\/p>\n<p>2018 \u2014 Mussetta, P., Barrientos Puliti, M. J., et al. (2018). <strong><a href=\"http:\/\/www.scielo.org.ar\/scielo.php?script=sci_arttext&amp;pid=S1853-43922018000100002&amp;lng=es&amp;tlng=es\">Vulnerabilidad y cambio clim\u00e1tico en Mendoza<\/a><\/strong>. <em>Estudios Socioterritoriales.<\/em><\/p>\n<p>2012 \u2014 Sadras, V. O., &amp; Moran, M. A. (2012). <strong><a href=\"https:\/\/doi.org\/10.1111\/j.1755-0238.2012.00180.x\">Elevated temperature decouples anthocyanins and sugars in berries<\/a><\/strong>. <em>Australian Journal of Grape and Wine Research.<\/em><\/p>\n<p>2013 \u2014 Karlin, M. (2013). <strong><a href=\"https:\/\/rdu.unc.edu.ar\/handle\/11086\/6664\">Cambio Clim\u00e1tico en Zonas Semi\u00e1ridas: El Caso Chaco \u00c1rido<\/a><\/strong>. <em>Editorial Acad\u00e9mica Espa\u00f1ola.<\/em><\/p>\n<p>s.f. \u2014 Abraham, E., Soria, N., Rubio, M. C., et al. <strong><a href=\"https:\/\/www.mendoza-conicet.gob.ar\/otm\/documentos\/01_sub_fisico_biolo_iadiza_conicet.pdf\">S\u00edntesis diagn\u00f3stica del modelo de organizaci\u00f3n territorial<\/a><\/strong>. <em>IADIZA\u2013CONICET.<\/em><\/p>\n<p>2000 \u2014 Abraham, E., &amp; Rodr\u00edguez Mart\u00ednez, F. <strong><a href=\"https:\/\/www.mendoza-conicet.gob.ar\/ladyot\/catalogo\/cdandes\/cap00.htm\">Caracterizaci\u00f3n ambiental: Argentina, recursos y problemas ambientales de la zona \u00e1rida<\/a><\/strong>. <em>CONICET.<\/em><\/p>\n<p>2015 \u2014 Boninsegna, J., &amp; Llop, A. <strong><a href=\"https:\/\/www.cepal.org\/es\/publicaciones\/39140-impactos-vulnerabilidad-al-cambio-climatico-principales-rios-mendoza-san-juan\">Impactos y vulnerabilidad al cambio clim\u00e1tico de los principales r\u00edos de Mendoza y San Juan a partir de la evoluci\u00f3n de los glaciares cordilleranos<\/a><\/strong>. <em>CEPAL.<\/em><\/p>\n<p>2008 \u2014 CNA. <strong><a href=\"https:\/\/sitioanterior.indec.gob.ar\/bajarPublicacion.asp?idc=30C47A9E5D0BAB3AF306DC23C852A81188149E2A30D80A3EFDFF91384F2FA1F90B935224FF23A92D\">Censo Nacional Agropecuario<\/a><\/strong>. <em>INDEC.<\/em><\/p>\n<p>2018 \u2014 CNA. <strong><a href=\"https:\/\/www.indec.gob.ar\/ftp\/cuadros\/economia\/cna2018_resultados_definitivos.pdf\">Censo Nacional Agropecuario 2018<\/a><\/strong>. <em>INDEC.<\/em><\/p>\n<p>2011 \u2014 Gallopin, G. <strong><a href=\"https:\/\/www.cepal.org\/sites\/default\/files\/publication\/files\/5624\/S049721_es.pdf\">La sostenibilidad ambiental del desarrollo en Argentina: Tres futuros<\/a><\/strong>. <em>CEPAL \u2013 Naciones Unidas.<\/em><\/p>\n<p>2011 \u2014 Guisasola, L. E., Infante, P. S., Magistocchi, L. M., et al. <strong><a href=\"https:\/\/bdigital.uncu.edu.ar\/objetos_digitales\/7652\/situacin-aluvional-del-gran-mendoza-bdigital.pdf\">Situaci\u00f3n aluvional de la Ciudad de Mendoza: propuesta de medidas de mitigaci\u00f3n y planificaci\u00f3n territorial<\/a><\/strong>. <em>Universidad Nacional de Cuyo.<\/em><\/p>\n<p>2018 \u2014 IANIGLA. <strong><a href=\"https:\/\/www.glaciaresargentinos.gob.ar\/?page_id=475\">Inventario Nacional de Glaciares: Subcuencas Provincia de Mendoza<\/a><\/strong>. <em>Ministerio de Ambiente y Desarrollo Sostenible.<\/em><\/p>\n<p>2012 \u2014 IAI. <strong><a href=\"https:\/\/www.iai.int\/es\/post\/detail\/snapshot-10-pacific-sea-surface-temperatures-affect-andean-snowpack-and-water-supply-to-the-semi-arid-central-chile-and-argentina\">La temperatura del Oc\u00e9ano Pac\u00edfico afecta la capa de nieve de los Andes y el aporte de agua a las regiones semi\u00e1ridas del centro de Chile y Argentina<\/a><\/strong>. <em>Instituto Interamericano para la Investigaci\u00f3n del Cambio Global.<\/em><\/p>\n<p>2018 \u2014 Inventario Nacional de Glaciares. <strong><a href=\"https:\/\/www.glaciaresargentinos.gob.ar\/wp-content\/uploads\/provincias\/Mendoza\/docs\/informes\/informe_final_cuevas_vacas_APN_01-05-2018.pdf\">Informe de las subcuencas de los r\u00edos de las Cuevas y de las Vacas \u2013 Cuenca del r\u00edo Mendoza<\/a><\/strong>. <em>IANIGLA.<\/em><\/p>\n<p>2013 \u2014 IPCC. <strong><a href=\"https:\/\/www.ipcc.ch\/site\/assets\/uploads\/2018\/08\/WGI_AR5_glossary_ES.pdf\">Glosario<\/a><\/strong>. En <em>Cambio Clim\u00e1tico 2013: Bases f\u00edsicas.<\/em><\/p>\n<p>2018 \u2014 IPCC. <strong><a href=\"https:\/\/www.ipcc.ch\/site\/assets\/uploads\/sites\/2\/2019\/10\/SR15_Glossary_spanish.pdf\">Anexo I: Glosario<\/a><\/strong>. En <em>Calentamiento global de 1,5 \u00b0C.<\/em><\/p>\n<p>2016 \u2014 Jobbins, G. <strong><a href=\"http:\/\/prise.odi.org\/wp-content\/uploads\/2016\/09\/Resilience\">Resilience, equity and growth in semi-arid economies: a research agenda<\/a><\/strong>. <em>Grantham Research Institute.<\/em><\/p>\n<p>2013 \u2014 Masiokas, M. H., Villalba, R., Luckman, B. H., et al. <strong><a href=\"https:\/\/www.researchgate.net\/publication\/242323075_Recent_and_Historic_Andean_Snowpack_and_Streamflow_Variations_and_Vulnerability_to_Water_Shortages_in_Central-Western_Argentina\">Recent and Historic Andean Snowpack and Streamflow Variations and Vulnerability to Water Shortages in Central-Western Argentina<\/a><\/strong>. En <em>Climate Vulnerability.<\/em><\/p>\n<p>2013 \u2014 Monta\u00f1a, E. <strong><a href=\"https:\/\/bdigital.uncu.edu.ar\/objetos_digitales\/6266\/montanaponmesa21.pdf\">Impactos diferenciales del cambio ambiental global en cuencas andinas: una mirada territorial de la pobreza<\/a><\/strong>. Universidad Nacional de Cuyo.<\/p>\n<p>2022 \u2014 Rivera, J. A., Arias, P. A., S\u00f6rensson, A. A., et al. <strong><a href=\"https:\/\/www.worldweatherattribution.org\/climate-change-made-record-breaking-early-season-heat-in-argentina-and-paraguay-about-60-times-more-likely\/\">Climate change made record breaking early season heat in Argentina and Paraguay about 60 times more likely<\/a><\/strong>. <em>World Weather Attribution.<\/em><\/p>\n<p>2012 \u2014 Salas, S., Jim\u00e9nez, E., Monta\u00f1a, E., et al. <strong><a href=\"https:\/\/biblioteca.clacso.edu.ar\/clacso\/clacso-crop\/20121219121615\/Escenariosdecambioambientalglobal.pdf\">Vulnerabilidad al cambio clim\u00e1tico: desaf\u00edos para la adaptaci\u00f3n en las cuencas de Elqui y Mendoza<\/a><\/strong>. <em>IAI.<\/em><\/p>\n<p>2022 \u2014 Servicio Meteorol\u00f3gico Nacional. <strong><a href=\"https:\/\/www.smn.gob.ar\/noticias\/el-clima-en-argentina-2022\">El Clima en Argentina 2022<\/a><\/strong>.<\/p>\n<p>2022 \u2014 Servicio Meteorol\u00f3gico Nacional. <strong><a href=\"http:\/\/repositorio.smn.gob.ar\/bitstream\/handle\/20.500.12160\/2358\/0010CL2023.pdf?sequence=1&amp;isAllowed=y\">Informe especial por persistencia de calor extremo y recurrencia de olas de calor en Argentina<\/a><\/strong>.<\/p>\n<p>2020 \u2014 WGMS. <strong><a href=\"https:\/\/wgms.ch\/downloads\/WGMS_GGCB_03.pdf\">Global Glacier Change Bulletin No. 3 (2016\u20132017)<\/a><\/strong>. <em>World Glacier Monitoring Service.<\/em><\/p>\n<p>2023 \u2014 WGMS. <strong><a href=\"https:\/\/doi.org\/10.5904\/wgms-fog-2023-09\">Global Glacier Change Bulletin No. 5 (2020\u20132021)<\/a><\/strong>. <em>World Glacier Monitoring Service.<\/em><\/p>\n<p>s.f. \u2014 World Weather Attribution. <strong><a href=\"https:\/\/www.worldweatherattribution.org\">El cambio clim\u00e1tico hizo que el calor temprano en la temporada r\u00e9cord en Argentina y Paraguay fuera unas 60 veces m\u00e1s probable<\/a><\/strong>.<\/p>\n<p>2020 \u2014 Ellena, M., Breil, M., &amp; Soriani, S. (2020). <strong><a href=\"https:\/\/doi.org\/10.1016\/j.uclim.2020.100676\">The heat-health nexus in the urban context: A systematic literature review<\/a><\/strong>. <em>Urban Climate.<\/em><\/p>\n<p>2022 \u2014 Gran Castro, J. A. (2022). <strong><a href=\"https:\/\/doi.org\/10.55555\/IS.23.401\">Desnaturalizar el cambio clim\u00e1tico: repensando la vulnerabilidad clim\u00e1tica en contextos urbanos<\/a><\/strong>.<\/p>\n<p>2025 \u2014 Kumar, A., Kumar, R., &amp; Sharma, P. (2025). <strong><a href=\"https:\/\/doi.org\/10.3389\/fenvs.2025.1654854\">Climate change vulnerability, adaptation, and human settlements<\/a><\/strong>. <em>Frontiers in Environmental Science.<\/em><\/p>\n<p>2022 \u2014 Ru\u00edz-Gonz\u00e1lez, M. A., &amp; Mack-Vergara, Y. L. (2022). <strong><a href=\"https:\/\/doi.org\/10.22320\/07190700.2022.12.02.01\">Indicadores de resiliencia y sostenibilidad para la vivienda urbana paname\u00f1a frente al cambio clim\u00e1tico<\/a><\/strong>. <em>Revista H\u00e1bitat Sustentable.<\/em><\/p>\n<p>2023 \u2014 Schumann, Z. D., &amp; Chini, C. M. (2023). <strong><a href=\"https:\/\/doi.org\/10.1029\/2023EF003525\">Component assessment of the electric transmission grid to hurricanes<\/a><\/strong>. <em>Earth\u2019s Future.<\/em><\/p>\n<p>2022 \u2014 Zafeiropoulos, C., et al. (2022). <strong><a href=\"https:\/\/doi.org\/10.1145\/3529190.3534745\">A holistic monitoring scheme for road infrastructures<\/a><\/strong>. <em>Proceedings of the IC Pervasive Technologies Related to Assistive Environments.<\/em><\/p>\n<p>2023 \u2014 Imran, A. (2023). <strong><a href=\"https:\/\/doi.org\/10.70470\/khwarizmia\/2023\/014\">Resilience in Civil Infrastructure: Designing for Natural Disasters<\/a><\/strong>. <em>KHWARIZMIA.<\/em><\/p>\n<p>[\/et_pb_text][\/et_pb_column][\/et_pb_row][\/et_pb_section]<\/p>\n","protected":false},"excerpt":{"rendered":"<p>2022 \u2014 Arias, P. A., Rivera, J. A., S\u00f6rensson, A. A., et al. (2022). Vulnerability and high temperatures exacerbate impacts of ongoing drought in Central South America. World Weather Attribution. 2013 \u2014 Boninsegna, J. A. (2013). Impacto del cambio clim\u00e1tico en los oasis del oeste argentino. Revista Geogr\u00e1fica de Valpara\u00edso. 2015 \u2014 Deis, L., De [&hellip;]<\/p>\n","protected":false},"author":13,"featured_media":0,"parent":1370,"menu_order":0,"comment_status":"closed","ping_status":"closed","template":"","meta":{"_et_pb_use_builder":"on","_et_pb_old_content":"","_et_gb_content_width":"","footnotes":""},"class_list":["post-6981","page","type-page","status-publish","hentry"],"_links":{"self":[{"href":"https:\/\/informacionoficial.mendoza.gob.ar\/energiayambiente\/wp-json\/wp\/v2\/pages\/6981","targetHints":{"allow":["GET"]}}],"collection":[{"href":"https:\/\/informacionoficial.mendoza.gob.ar\/energiayambiente\/wp-json\/wp\/v2\/pages"}],"about":[{"href":"https:\/\/informacionoficial.mendoza.gob.ar\/energiayambiente\/wp-json\/wp\/v2\/types\/page"}],"author":[{"embeddable":true,"href":"https:\/\/informacionoficial.mendoza.gob.ar\/energiayambiente\/wp-json\/wp\/v2\/users\/13"}],"replies":[{"embeddable":true,"href":"https:\/\/informacionoficial.mendoza.gob.ar\/energiayambiente\/wp-json\/wp\/v2\/comments?post=6981"}],"version-history":[{"count":2,"href":"https:\/\/informacionoficial.mendoza.gob.ar\/energiayambiente\/wp-json\/wp\/v2\/pages\/6981\/revisions"}],"predecessor-version":[{"id":6984,"href":"https:\/\/informacionoficial.mendoza.gob.ar\/energiayambiente\/wp-json\/wp\/v2\/pages\/6981\/revisions\/6984"}],"up":[{"embeddable":true,"href":"https:\/\/informacionoficial.mendoza.gob.ar\/energiayambiente\/wp-json\/wp\/v2\/pages\/1370"}],"wp:attachment":[{"href":"https:\/\/informacionoficial.mendoza.gob.ar\/energiayambiente\/wp-json\/wp\/v2\/media?parent=6981"}],"curies":[{"name":"wp","href":"https:\/\/api.w.org\/{rel}","templated":true}]}}