{"id":880,"date":"2025-05-20T16:43:28","date_gmt":"2025-05-20T14:43:28","guid":{"rendered":"https:\/\/informacionoficial.mendoza.gob.ar\/energiayambiente\/?page_id=880"},"modified":"2026-02-02T09:09:21","modified_gmt":"2026-02-02T12:09:21","slug":"direccion-de-gestion-y-fiscalizacion-ambiental","status":"publish","type":"page","link":"https:\/\/informacionoficial.mendoza.gob.ar\/energiayambiente\/direccion-de-gestion-y-fiscalizacion-ambiental\/","title":{"rendered":"Gestion y Fiscalizacion Amb"},"content":{"rendered":"<p>[et_pb_section fb_built=\u00bb1&#8243; _builder_version=\u00bb4.27.4&#8243; use_background_color_gradient=\u00bbon\u00bb background_color_gradient_direction=\u00bb1deg\u00bb background_color_gradient_stops=\u00bb#ffffff 6%|#000000 81%\u00bb background_image=\u00bbhttps:\/\/mza-dicaws-portal-uploads-media-prod.s3.us-east-1.amazonaws.com\/informacion-oficial\/uploads\/sites\/12\/2025\/05\/DSC00615-1.jpg\u00bb background_blend=\u00bbscreen\u00bb width=\u00bb100%\u00bb min_height=\u00bb1080.6px\u00bb custom_margin=\u00bb||-8px|||\u00bb custom_padding=\u00bb||61px|||\u00bb border_color_all=\u00bb#FFFFFF\u00bb global_colors_info=\u00bb{}\u00bb][et_pb_row _builder_version=\u00bb4.27.4&#8243; background_size=\u00bbinitial\u00bb background_position=\u00bbtop_left\u00bb background_repeat=\u00bbrepeat\u00bb max_width=\u00bb2560px\u00bb custom_padding=\u00bb39px|||||\u00bb global_colors_info=\u00bb{}\u00bb][et_pb_column type=\u00bb4_4&#8243; _builder_version=\u00bb4.27.4&#8243; _module_preset=\u00bbdefault\u00bb global_colors_info=\u00bb{}\u00bb][et_pb_heading title=\u00bbDIRECCI\u00d3N DE GESTI\u00d3N Y \u00bb _builder_version=\u00bb4.27.2&#8243; _module_preset=\u00bbdefault\u00bb title_font=\u00bb|300|||||||\u00bb title_text_align=\u00bbcenter\u00bb title_text_color=\u00bb#FFFFFF\u00bb title_font_size=\u00bb3.5rem\u00bb min_height=\u00bb54px\u00bb custom_margin=\u00bb||-1px|||\u00bb title_text_shadow_style=\u00bbpreset1&#8243; global_colors_info=\u00bb{}\u00bb][\/et_pb_heading][et_pb_heading title=\u00bbFISCALIZACI\u00d3N AMBIENTAL \u00bb _builder_version=\u00bb4.27.2&#8243; _module_preset=\u00bbdefault\u00bb title_font=\u00bb|300|||||||\u00bb title_text_align=\u00bbcenter\u00bb title_text_color=\u00bb#FFFFFF\u00bb title_font_size=\u00bb3.5rem\u00bb title_text_shadow_style=\u00bbpreset1&#8243; global_colors_info=\u00bb{}\u00bb][\/et_pb_heading][\/et_pb_column][\/et_pb_row][et_pb_row _builder_version=\u00bb4.27.4&#8243; _module_preset=\u00bbdefault\u00bb max_width=\u00bb2560px\u00bb custom_padding=\u00bb1px|||||\u00bb global_colors_info=\u00bb{}\u00bb][et_pb_column type=\u00bb4_4&#8243; _builder_version=\u00bb4.27.4&#8243; _module_preset=\u00bbdefault\u00bb global_colors_info=\u00bb{}\u00bb][et_pb_slider use_bg_overlay=\u00bbon\u00bb use_text_overlay=\u00bboff\u00bb _builder_version=\u00bb4.27.4&#8243; _module_preset=\u00bbdefault\u00bb header_font_size=\u00bb1.5rem\u00bb body_text_align=\u00bbleft\u00bb background_color=\u00bbrgba(10,10,10,0.3)\u00bb max_width=\u00bb898px\u00bb module_alignment=\u00bbcenter\u00bb min_height=\u00bb360px\u00bb custom_margin=\u00bb||||false|false\u00bb custom_padding=\u00bb1px|30px|0px|30px|false|false\u00bb border_radii=\u00bbon|8px|8px|8px|8px\u00bb global_colors_info=\u00bb{}\u00bb][et_pb_slide heading=\u00bbMisi\u00f3n\u00bb _builder_version=\u00bb4.27.4&#8243; _module_preset=\u00bbdefault\u00bb global_colors_info=\u00bb{}\u00bb sticky_transition=\u00bbon\u00bb]<\/p>\n<ul>\n<li>Ejercer la autoridad ambiental en el territorio de la Provincia de Mendoza mediante la prevenci\u00f3n, control y fiscalizaci\u00f3n de actividades con impacto ambiental, garantizando el cumplimiento normativo y promoviendo una gesti\u00f3n sostenible, transparente y territorialmente adaptada.<\/li>\n<\/ul>\n<p>[\/et_pb_slide][et_pb_slide heading=\u00bbFunciones\u00bb _builder_version=\u00bb4.27.4&#8243; _module_preset=\u00bbdefault\u00bb global_colors_info=\u00bb{}\u00bb sticky_transition=\u00bbon\u00bb]<\/p>\n<ul>\n<li>Evaluar ambientalmente las obras y\/o actividades p\u00fablicas y privadas en el marco de la Ley 5961 y sus normas reglamentarias (Decretos 2109\/94, 437\/93, 820\/06), y toda normativa espec\u00edfica aplicable.<\/li>\n<li>Implementar herramientas de gesti\u00f3n ambiental que aseguren el cumplimiento normativo y la mejora continua de los procesos.<\/li>\n<li>Fiscalizar y monitorear las actividades comprendidas en las \u00e1reas de competencia de la Direcci\u00f3n, garantizando una supervisi\u00f3n ambiental eficiente y eficaz, mediante el cuerpo de Inspectores Ambientales.<\/li>\n<\/ul>\n<p>[\/et_pb_slide][et_pb_slide heading=\u00bbFunciones\u00bb _builder_version=\u00bb4.27.4&#8243; _module_preset=\u00bbdefault\u00bb global_colors_info=\u00bb{}\u00bb sticky_transition=\u00bbon\u00bb]<\/p>\n<ul>\n<li>\u00a0Atender, analizar y dar tratamiento a denuncias que puedan generar impactos negativos en el ambiente.<\/li>\n<li>Promover la capacitaci\u00f3n t\u00e9cnica, la articulaci\u00f3n institucional y el desarrollo de proyectos estrat\u00e9gicos orientados a la sostenibilidad y la econom\u00eda circular.<\/li>\n<li>Emitir y hacer seguimiento de los permisos ambientales en los sectores industriales, extractivos, energ\u00e9ticos y sanitarios.<\/li>\n<\/ul>\n<p>[\/et_pb_slide][\/et_pb_slider][\/et_pb_column][\/et_pb_row][et_pb_row column_structure=\u00bb1_4,1_4,1_4,1_4&#8243; _builder_version=\u00bb4.27.4&#8243; _module_preset=\u00bbdefault\u00bb max_width=\u00bb2560px\u00bb global_colors_info=\u00bb{}\u00bb][et_pb_column type=\u00bb1_4&#8243; _builder_version=\u00bb4.27.4&#8243; _module_preset=\u00bbdefault\u00bb global_colors_info=\u00bb{}\u00bb][et_pb_icon font_icon=\u00bb&#xf794;||fa||900&#8243; icon_color=\u00bb#000f9f\u00bb url=\u00bb#fauna\u00bb _builder_version=\u00bb4.27.4&#8243; _module_preset=\u00bbdefault\u00bb custom_margin=\u00bb||5%||false|false\u00bb global_colors_info=\u00bb{}\u00bb][\/et_pb_icon][et_pb_heading title=\u00bbResiduos Peligrosos\u00bb url=\u00bb#fauna\u00bb _builder_version=\u00bb4.27.4&#8243; _module_preset=\u00bbdefault\u00bb title_level=\u00bbh5&#8243; title_text_align=\u00bbcenter\u00bb title_text_color=\u00bb#000f9f\u00bb custom_margin=\u00bb||||false|false\u00bb global_colors_info=\u00bb{%22gcid-840cd285-ee6f-49c1-abc9-5e893f3235b8%22:%91%22title_text_color%22%93}\u00bb][\/et_pb_heading][\/et_pb_column][et_pb_column type=\u00bb1_4&#8243; _builder_version=\u00bb4.27.4&#8243; _module_preset=\u00bbdefault\u00bb global_colors_info=\u00bb{}\u00bb][et_pb_icon font_icon=\u00bb&#xf780;||fa||900&#8243; icon_color=\u00bb#000f9f\u00bb url=\u00bb#arbolado\u00bb url_new_window=\u00bbon\u00bb _builder_version=\u00bb4.27.4&#8243; _module_preset=\u00bbdefault\u00bb custom_margin=\u00bb||5%||false|false\u00bb global_colors_info=\u00bb{}\u00bb][\/et_pb_icon][et_pb_heading title=\u00bbResiduos Patog\u00e9nicos\u00bb url=\u00bb#arbolado\u00bb _builder_version=\u00bb4.27.4&#8243; _module_preset=\u00bbdefault\u00bb title_level=\u00bbh5&#8243; title_text_align=\u00bbcenter\u00bb title_text_color=\u00bb#000f9f\u00bb custom_margin=\u00bb||||false|false\u00bb global_colors_info=\u00bb{%22gcid-840cd285-ee6f-49c1-abc9-5e893f3235b8%22:%91%22title_text_color%22,%22title_text_color%22%93}\u00bb][\/et_pb_heading][\/et_pb_column][et_pb_column type=\u00bb1_4&#8243; _builder_version=\u00bb4.27.4&#8243; _module_preset=\u00bbdefault\u00bb global_colors_info=\u00bb{}\u00bb][et_pb_icon font_icon=\u00bb&#xf2ed;||fa||900&#8243; icon_color=\u00bb#000f9f\u00bb url=\u00bb#parque\u00bb url_new_window=\u00bbon\u00bb _builder_version=\u00bb4.27.4&#8243; _module_preset=\u00bbdefault\u00bb custom_margin=\u00bb||5%||false|false\u00bb global_colors_info=\u00bb{}\u00bb][\/et_pb_icon][et_pb_heading title=\u00bbResiduos S\u00f3lidos Urbanos\u00bb url=\u00bb#parque\u00bb _builder_version=\u00bb4.27.4&#8243; _module_preset=\u00bbdefault\u00bb title_level=\u00bbh5&#8243; title_text_align=\u00bbcenter\u00bb title_text_color=\u00bb#000f9f\u00bb custom_margin=\u00bb||||false|false\u00bb global_colors_info=\u00bb{%22gcid-840cd285-ee6f-49c1-abc9-5e893f3235b8%22:%91%22title_text_color%22,%22title_text_color%22%93}\u00bb][\/et_pb_heading][\/et_pb_column][et_pb_column type=\u00bb1_4&#8243; _builder_version=\u00bb4.27.4&#8243; _module_preset=\u00bbdefault\u00bb global_colors_info=\u00bb{}\u00bb][et_pb_icon font_icon=\u00bb&#xf299;||fa||400&#8243; icon_color=\u00bb#000f9f\u00bb url=\u00bb#contaminacion-atmosferica\u00bb _builder_version=\u00bb4.27.2&#8243; _module_preset=\u00bbdefault\u00bb custom_margin=\u00bb||5%||false|false\u00bb global_colors_info=\u00bb{}\u00bb][\/et_pb_icon][et_pb_heading title=\u00bbContaminaci\u00f3n Atmosf\u00e9rica\u00bb url=\u00bb#contaminacion-atmosferica\u00bb _builder_version=\u00bb4.27.2&#8243; _module_preset=\u00bbdefault\u00bb title_level=\u00bbh5&#8243; title_text_align=\u00bbcenter\u00bb title_text_color=\u00bb#000f9f\u00bb custom_margin=\u00bb||||false|false\u00bb global_colors_info=\u00bb{%22gcid-840cd285-ee6f-49c1-abc9-5e893f3235b8%22:%91%22title_text_color%22,%22title_text_color%22%93}\u00bb][\/et_pb_heading][\/et_pb_column][\/et_pb_row][et_pb_row column_structure=\u00bb1_4,1_4,1_4,1_4&#8243; _builder_version=\u00bb4.27.4&#8243; _module_preset=\u00bbdefault\u00bb max_width=\u00bb2560px\u00bb global_colors_info=\u00bb{}\u00bb][et_pb_column type=\u00bb1_4&#8243; _builder_version=\u00bb4.27.4&#8243; _module_preset=\u00bbdefault\u00bb global_colors_info=\u00bb{}\u00bb][et_pb_icon font_icon=\u00bb&#xf807;||fa||900&#8243; icon_color=\u00bb#000f9f\u00bb url=\u00bb#control-minero\u00bb _builder_version=\u00bb4.27.4&#8243; _module_preset=\u00bbdefault\u00bb custom_margin=\u00bb||5%||false|false\u00bb global_colors_info=\u00bb{}\u00bb][\/et_pb_icon][et_pb_heading title=\u00bbControl Ambiental Minero\u00bb url=\u00bb#control-minero\u00bb _builder_version=\u00bb4.27.4&#8243; _module_preset=\u00bbdefault\u00bb title_level=\u00bbh5&#8243; title_text_align=\u00bbcenter\u00bb title_text_color=\u00bb#000f9f\u00bb custom_margin=\u00bb||||false|false\u00bb global_colors_info=\u00bb{%22gcid-840cd285-ee6f-49c1-abc9-5e893f3235b8%22:%91%22title_text_color%22,%22title_text_color%22%93}\u00bb][\/et_pb_heading][\/et_pb_column][et_pb_column type=\u00bb1_4&#8243; _builder_version=\u00bb4.27.4&#8243; _module_preset=\u00bbdefault\u00bb global_colors_info=\u00bb{}\u00bb][et_pb_icon font_icon=\u00bb&#xe0f7;||divi||400&#8243; icon_color=\u00bb#000f9f\u00bb url=\u00bb#bienestar\u00bb url_new_window=\u00bbon\u00bb _builder_version=\u00bb4.27.4&#8243; _module_preset=\u00bbdefault\u00bb custom_margin=\u00bb||5%||false|false\u00bb global_colors_info=\u00bb{}\u00bb][\/et_pb_icon][et_pb_heading title=\u00bbControl y permisos petroleros\u00bb url=\u00bb#bienestar\u00bb _builder_version=\u00bb4.27.4&#8243; _module_preset=\u00bbdefault\u00bb title_level=\u00bbh5&#8243; title_text_align=\u00bbcenter\u00bb title_text_color=\u00bb#000f9f\u00bb custom_margin=\u00bb||||false|false\u00bb global_colors_info=\u00bb{%22gcid-840cd285-ee6f-49c1-abc9-5e893f3235b8%22:%91%22title_text_color%22,%22title_text_color%22%93}\u00bb][\/et_pb_heading][\/et_pb_column][et_pb_column type=\u00bb1_4&#8243; _builder_version=\u00bb4.27.4&#8243; _module_preset=\u00bbdefault\u00bb global_colors_info=\u00bb{}\u00bb][et_pb_icon font_icon=\u00bb&#xf275;||fa||900&#8243; icon_color=\u00bb#000f9f\u00bb url=\u00bb#efluentes\u00bb url_new_window=\u00bbon\u00bb _builder_version=\u00bb4.27.4&#8243; _module_preset=\u00bbdefault\u00bb custom_margin=\u00bb||5%||false|false\u00bb global_colors_info=\u00bb{}\u00bb][\/et_pb_icon][et_pb_heading title=\u00bbEfluentes y Desinfecciones\u00bb url=\u00bb#corral\u00bb _builder_version=\u00bb4.27.4&#8243; _module_preset=\u00bbdefault\u00bb title_level=\u00bbh5&#8243; title_text_align=\u00bbcenter\u00bb title_text_color=\u00bb#000f9f\u00bb custom_margin=\u00bb||||false|false\u00bb global_colors_info=\u00bb{%22gcid-840cd285-ee6f-49c1-abc9-5e893f3235b8%22:%91%22title_text_color%22,%22title_text_color%22%93}\u00bb][\/et_pb_heading][\/et_pb_column][et_pb_column type=\u00bb1_4&#8243; _builder_version=\u00bb4.27.4&#8243; _module_preset=\u00bbdefault\u00bb global_colors_info=\u00bb{}\u00bb][et_pb_icon font_icon=\u00bb&#xf002;||fa||900&#8243; icon_color=\u00bb#000f9f\u00bb url=\u00bb#contacto-dgfa\u00bb _builder_version=\u00bb4.27.4&#8243; _module_preset=\u00bbdefault\u00bb custom_margin=\u00bb||5%||false|false\u00bb global_colors_info=\u00bb{}\u00bb][\/et_pb_icon][et_pb_heading title=\u00bbCuerpo Inspecci\u00f3n\u00bb url=\u00bbhttp:\/\/exoticos\u00bb _builder_version=\u00bb4.27.4&#8243; _module_preset=\u00bbdefault\u00bb title_level=\u00bbh5&#8243; title_text_align=\u00bbcenter\u00bb title_text_color=\u00bb#000f9f\u00bb custom_margin=\u00bb||||false|false\u00bb global_colors_info=\u00bb{%22gcid-840cd285-ee6f-49c1-abc9-5e893f3235b8%22:%91%22title_text_color%22,%22title_text_color%22,%22title_text_color%22,%22title_text_color%22%93}\u00bb][\/et_pb_heading][\/et_pb_column][\/et_pb_row][\/et_pb_section][et_pb_section fb_built=\u00bb1&#8243; _builder_version=\u00bb4.27.4&#8243; background_enable_color=\u00bboff\u00bb use_background_color_gradient=\u00bbon\u00bb background_color_gradient_stops=\u00bb#ffffff 0%|#0a0000 100%\u00bb background_image=\u00bbhttps:\/\/mza-dicaws-portal-uploads-media-prod.s3.us-east-1.amazonaws.com\/informacion-oficial\/uploads\/sites\/12\/2025\/05\/RP.jpg\u00bb background_blend=\u00bbscreen\u00bb custom_margin=\u00bb3px|||||\u00bb custom_padding=\u00bb50px|||||\u00bb global_colors_info=\u00bb{}\u00bb][et_pb_row module_id=\u00bbfauna\u00bb _builder_version=\u00bb4.27.4&#8243; background_size=\u00bbinitial\u00bb background_position=\u00bbtop_left\u00bb background_repeat=\u00bbrepeat\u00bb max_width=\u00bb2560px\u00bb min_height=\u00bb100px\u00bb custom_margin=\u00bb|auto|-3px|auto||\u00bb custom_padding=\u00bb5px||4px|||\u00bb global_colors_info=\u00bb{}\u00bb][et_pb_column type=\u00bb4_4&#8243; _builder_version=\u00bb4.27.4&#8243; _module_preset=\u00bbdefault\u00bb global_colors_info=\u00bb{}\u00bb][et_pb_heading title=\u00bbRESIDUOS\u00bb admin_label=\u00bbFlora Nativa\u00bb module_id=\u00bbnautica\u00bb _builder_version=\u00bb4.27.4&#8243; _module_preset=\u00bbdefault\u00bb title_level=\u00bbh2&#8243; title_font=\u00bb|300|||||||\u00bb title_text_align=\u00bbleft\u00bb title_text_color=\u00bbgcid-body-color\u00bb title_font_size=\u00bb40px\u00bb min_height=\u00bb25px\u00bb custom_margin=\u00bb||-1px|||\u00bb global_colors_info=\u00bb{%22gcid-body-color%22:%91%22title_text_color%22%93}\u00bb][\/et_pb_heading][et_pb_heading title=\u00bbPELIGROSOS\u00bb admin_label=\u00bbFlora Nativa\u00bb module_id=\u00bbnautica\u00bb _builder_version=\u00bb4.27.4&#8243; _module_preset=\u00bbdefault\u00bb title_level=\u00bbh2&#8243; title_font=\u00bb|300|||||||\u00bb title_text_align=\u00bbleft\u00bb title_text_color=\u00bbgcid-body-color\u00bb title_font_size=\u00bb40px\u00bb min_height=\u00bb70px\u00bb custom_margin=\u00bb||-1px|||\u00bb global_colors_info=\u00bb{%22gcid-body-color%22:%91%22title_text_color%22%93}\u00bb][\/et_pb_heading][\/et_pb_column][\/et_pb_row][et_pb_row column_structure=\u00bb1_2,1_2&#8243; _builder_version=\u00bb4.27.4&#8243; background_size=\u00bbinitial\u00bb background_position=\u00bbtop_left\u00bb background_repeat=\u00bbrepeat\u00bb max_width=\u00bb3008px\u00bb min_height=\u00bb325.7px\u00bb custom_margin=\u00bb|auto|30px|auto||\u00bb custom_padding=\u00bb5px|0px|4px|||\u00bb global_colors_info=\u00bb{}\u00bb][et_pb_column type=\u00bb1_2&#8243; _builder_version=\u00bb4.27.4&#8243; _module_preset=\u00bbdefault\u00bb global_colors_info=\u00bb{}\u00bb][et_pb_image src=\u00bbhttps:\/\/mza-dicaws-portal-uploads-media-prod.s3.us-east-1.amazonaws.com\/informacion-oficial\/uploads\/sites\/12\/2025\/05\/RP.jpg\u00bb title_text=\u00bbRP\u00bb _builder_version=\u00bb4.27.4&#8243; _module_preset=\u00bbdefault\u00bb width=\u00bb100%\u00bb custom_margin=\u00bb0px|13px|||false|false\u00bb custom_padding=\u00bb0px|0px|||false|false\u00bb border_radii=\u00bbon|5px|5px|5px|5px\u00bb global_colors_info=\u00bb{}\u00bb][\/et_pb_image][\/et_pb_column][et_pb_column type=\u00bb1_2&#8243; _builder_version=\u00bb4.27.4&#8243; _module_preset=\u00bbdefault\u00bb global_colors_info=\u00bb{}\u00bb][et_pb_text _builder_version=\u00bb4.27.4&#8243; _module_preset=\u00bbdefault\u00bb text_text_color=\u00bbgcid-840cd285-ee6f-49c1-abc9-5e893f3235b8&#8243; text_font_size=\u00bb16px\u00bb text_orientation=\u00bbjustified\u00bb width=\u00bb100%\u00bb max_width=\u00bb800px\u00bb module_alignment=\u00bbright\u00bb min_height=\u00bb290.7px\u00bb custom_margin=\u00bb0px|0px|0px|0px|false|false\u00bb custom_padding=\u00bb|0px||0px|false|false\u00bb global_colors_info=\u00bb{%22gcid-840cd285-ee6f-49c1-abc9-5e893f3235b8%22:%91%22text_text_color%22%93}\u00bb]<\/p>\n<p>La Direcci\u00f3n de Gesti\u00f3n y Fiscalizaci\u00f3n Ambiental es Autoridad de Aplicaci\u00f3n en la tem\u00e1tica, teniendo como base la legislaci\u00f3n vigente la que propone favorecer la aplicaci\u00f3n de sistemas de gesti\u00f3n ambiental destinados a la autorregulaci\u00f3n de las actividades que generen residuos peligrosos.<\/p>\n<p>Esta \u00e1rea tiene a cargo el funcionamiento el Registro provincial de Generadores, Transportistas y Operadores de Residuos Peligrosos.<\/p>\n<p style=\"text-align: right\"><strong>Legislaci\u00f3n:<\/strong><\/p>\n<p style=\"text-align: right\"><span style=\"color: #000f9f\"><a href=\"https:\/\/www.argentina.gob.ar\/normativa\/nacional\/ley-24051-450\" target=\"_blank\" rel=\"noreferrer noopener\" style=\"color: #000f9f\">Ley 24051<\/a><\/span><br \/><span style=\"color: #000f9f\"><a rel=\"noreferrer noopener\" href=\"https:\/\/www.mendoza.gov.ar\/dpa\/wp-content\/uploads\/sites\/34\/2020\/01\/Ley-Provincial-5917-y-Decreto-Reglamentario-2625-99.pdf\" target=\"_blank\" style=\"color: #000f9f\">Ley Provincial 5917 y <\/a><a rel=\"noreferrer noopener\" href=\"https:\/\/www.mendoza.gov.ar\/dpa\/wp-content\/uploads\/sites\/34\/2020\/01\/Ley-Provincial-5917-y-Decreto-Reglamentario-2625-99.pdf\" target=\"_blank\" style=\"color: #000f9f\">Decreto Reglamentario 2625-99<\/a><\/span><\/p>\n<p>[\/et_pb_text][\/et_pb_column][\/et_pb_row][et_pb_row column_structure=\u00bb1_2,1_2&#8243; _builder_version=\u00bb4.27.4&#8243; _module_preset=\u00bbdefault\u00bb max_width=\u00bb2560px\u00bb min_height=\u00bb200.2px\u00bb custom_margin=\u00bb1px|auto||auto||\u00bb custom_padding=\u00bb6px||3px|||\u00bb global_colors_info=\u00bb{}\u00bb][et_pb_column type=\u00bb1_2&#8243; _builder_version=\u00bb4.27.4&#8243; _module_preset=\u00bbdefault\u00bb global_colors_info=\u00bb{}\u00bb][et_pb_toggle title=\u00bbGeneradores\u00bb _builder_version=\u00bb4.27.4&#8243; _module_preset=\u00bbdefault\u00bb border_radii=\u00bbon|8px|8px|8px|8px\u00bb global_colors_info=\u00bb{}\u00bb]<\/p>\n<p><strong><a href=\"http:\/\/www.formulariosambiente.mendoza.gov.ar\/otros\/dpa\/verPrestadores\/generadores.php\" target=\"_blank\" rel=\"noreferrer noopener\"><span style=\"color: #3cb4e5\"><span style=\"color: #00a4e5\">Listado de Generadores de Residuos Peligrosos<\/span><\/span><\/a><\/strong><\/p>\n<p><span style=\"color: #00a4e5\"><strong><a href=\"https:\/\/ticketsform.mendoza.gov.ar\/ticketsform\/com.tickets.responderformulario?FORMULARIO_RESIDUOS_PELIGROSOS_G_1\" target=\"_blank\" rel=\"noopener noreferrer\" style=\"color: #00a4e5\">INSCRIPCI\u00d3N Generadores de Residuos Peligrosos<\/a><\/strong><\/span><\/p>\n<p><span style=\"color: #00a4e5\"><strong><a href=\"https:\/\/ticketsform.mendoza.gov.ar\/ticketsform\/com.tickets.responderformulario?RENOVACION_RPELIGROSOS_CCAMBIOS\" target=\"_blank\" rel=\"noopener noreferrer\" style=\"color: #00a4e5\">RENOVACI\u00d3N Generadores de Residuos Peligrosos CON CAMBIOS<\/a><\/strong><\/span><\/p>\n<p><span style=\"color: #00a4e5\"><strong><a href=\"https:\/\/ticketsform.mendoza.gov.ar\/ticketsform\/com.tickets.responderformulario?RENOVACION_RPELIGROSOS_SCAMBIOS\" target=\"_blank\" rel=\"noopener noreferrer\" style=\"color: #00a4e5\">RENOVACI\u00d3N Generadores de Residuos Peligrosos SIN CAMBIOS<\/a><\/strong><\/span><\/p>\n<p>[\/et_pb_toggle][et_pb_toggle title=\u00bbTransportistas\u00bb _builder_version=\u00bb4.27.4&#8243; _module_preset=\u00bbdefault\u00bb border_radii=\u00bbon|8px|8px|8px|8px\u00bb global_colors_info=\u00bb{}\u00bb]<\/p>\n<p><span style=\"color: #3cb4e5\"><a rel=\"noreferrer noopener\" href=\"http:\/\/www.formulariosambiente.mendoza.gov.ar\/otros\/dpa\/verPrestadores\/transportistas.php\" target=\"_blank\" style=\"color: #3cb4e5\"><strong><span style=\"color: #00a4e5\">Listado de transportistas de Residuos Peligrosos<\/span><\/strong><\/a><\/span><\/p>\n<p>[\/et_pb_toggle][\/et_pb_column][et_pb_column type=\u00bb1_2&#8243; _builder_version=\u00bb4.27.4&#8243; _module_preset=\u00bbdefault\u00bb global_colors_info=\u00bb{}\u00bb][et_pb_toggle title=\u00bbOperadores Fijos\u00bb _builder_version=\u00bb4.27.4&#8243; _module_preset=\u00bbdefault\u00bb border_radii=\u00bbon|8px|8px|8px|8px\u00bb global_colors_info=\u00bb{}\u00bb]<\/p>\n<p><span style=\"color: #00a4e5\"><strong><a href=\"http:\/\/www.formulariosambiente.mendoza.gov.ar\/otros\/dpa\/verPrestadores\/op_fijo.php\" target=\"_blank\" rel=\"noreferrer noopener\" style=\"color: #00a4e5\">Listado de Operadores Fijos de Residuos Peligrosos<\/a><\/strong><\/span><\/p>\n<p><span style=\"color: #00a4e5\"><strong><a href=\"https:\/\/ticketsform.mendoza.gov.ar\/ticketsform\/servlet\/responderformulario?DPA_INSCRIPCIONES_OPERADORES_FIJOS\" target=\"_blank\" rel=\"noreferrer noopener\" style=\"color: #00a4e5\">FORMULARIO INSCRIPCI\u00d3N NUEVOS OPERADORES FIJOS<\/a><\/strong><\/span><\/p>\n<p><span style=\"color: #00a4e5\"><strong><a rel=\"noreferrer noopener\" href=\"https:\/\/ticketsform.mendoza.gov.ar\/ticketsform\/servlet\/responderformulario?DPA_RENOVACIONES_OPERADORES_FIJOS\" target=\"_blank\" style=\"color: #00a4e5\">FORMULARIO DE RENOVACI\u00d3N DE OPERADORES FIJOS<\/a><\/strong><\/span><\/p>\n<p>[\/et_pb_toggle][et_pb_toggle title=\u00bbOperadores In Situ\u00bb _builder_version=\u00bb4.27.4&#8243; _module_preset=\u00bbdefault\u00bb border_radii=\u00bbon|8px|8px|8px|8px\u00bb global_colors_info=\u00bb{}\u00bb]<\/p>\n<p><span style=\"color: #00a4e5\"><strong><a href=\"http:\/\/www.formulariosambiente.mendoza.gov.ar\/otros\/dpa\/verPrestadores\/op_insitu.php\" target=\"_blank\" rel=\"noreferrer noopener\" style=\"color: #00a4e5\">Listado de Operadores In Situ de Residuos Peligrosos<\/a><\/strong><\/span><\/p>\n<p><span style=\"color: #00a4e5\"><strong><a href=\"https:\/\/ticketsform.mendoza.gov.ar\/ticketsform\/com.tickets.responderformulario?DPA_INSCRIPCION_NUEVO_OPERADORES_IN_SITU\" target=\"_blank\" rel=\"noopener noreferrer\" style=\"color: #00a4e5\">FORMULARIO DE INSCRIPCI\u00d3N NUEVOS OPERADORES IN SITU<\/a><\/strong><\/span><\/p>\n<p><span style=\"color: #00a4e5\"><strong><a href=\"https:\/\/ticketsform.mendoza.gov.ar\/ticketsform\/com.tickets.responderformulario?DPA_RENOVACIONES_OPERADORES_IN_SITU\" target=\"_blank\" rel=\"noopener noreferrer\" style=\"color: #00a4e5\">FORMULARIO DE RENOVACI\u00d3N OPERADORES IN SITU<\/a><\/strong><\/span><\/p>\n<p>[\/et_pb_toggle][\/et_pb_column][\/et_pb_row][\/et_pb_section][et_pb_section fb_built=\u00bb1&#8243; _builder_version=\u00bb4.27.4&#8243; background_color=\u00bbRGBA(255,255,255,0)\u00bb use_background_color_gradient=\u00bbon\u00bb background_color_gradient_direction=\u00bb169deg\u00bb background_color_gradient_stops=\u00bb#ffffff 45%|#0a0000 100%\u00bb background_image=\u00bbhttps:\/\/mza-dicaws-portal-uploads-media-prod.s3.us-east-1.amazonaws.com\/informacion-oficial\/uploads\/sites\/12\/2025\/05\/06-Planta-Vista-aerea-interior.jpg\u00bb background_blend=\u00bbscreen\u00bb custom_margin=\u00bb3px|||||\u00bb custom_padding=\u00bb||3px|||\u00bb global_colors_info=\u00bb{}\u00bb][et_pb_row module_id=\u00bbarbolado\u00bb _builder_version=\u00bb4.27.4&#8243; background_size=\u00bbinitial\u00bb background_position=\u00bbtop_left\u00bb background_repeat=\u00bbrepeat\u00bb max_width=\u00bb2560px\u00bb min_height=\u00bb117px\u00bb custom_margin=\u00bb|auto|-3px|auto||\u00bb custom_padding=\u00bb5px|||||\u00bb global_colors_info=\u00bb{}\u00bb][et_pb_column type=\u00bb4_4&#8243; _builder_version=\u00bb4.27.4&#8243; _module_preset=\u00bbdefault\u00bb global_colors_info=\u00bb{}\u00bb][et_pb_heading title=\u00bbRESIDUOS\u00bb admin_label=\u00bbFlora Nativa\u00bb module_id=\u00bbflora-nativa\u00bb _builder_version=\u00bb4.27.4&#8243; _module_preset=\u00bbdefault\u00bb title_level=\u00bbh2&#8243; title_font=\u00bb|300|||||||\u00bb title_text_align=\u00bbleft\u00bb title_text_color=\u00bbgcid-body-color\u00bb title_font_size=\u00bb40px\u00bb min_height=\u00bb39px\u00bb custom_margin=\u00bb||-1px|||\u00bb global_colors_info=\u00bb{%22gcid-body-color%22:%91%22title_text_color%22%93}\u00bb][\/et_pb_heading][et_pb_heading title=\u00bbPATOG\u00c9NICOS\u00bb admin_label=\u00bbFlora Nativa\u00bb module_id=\u00bbflora-nativa\u00bb _builder_version=\u00bb4.27.4&#8243; _module_preset=\u00bbdefault\u00bb title_level=\u00bbh2&#8243; title_font=\u00bb|300|||||||\u00bb title_text_align=\u00bbleft\u00bb title_text_color=\u00bbgcid-body-color\u00bb title_font_size=\u00bb40px\u00bb min_height=\u00bb42px\u00bb custom_margin=\u00bb||-3px|||\u00bb custom_padding=\u00bb||0px|||\u00bb global_colors_info=\u00bb{%22gcid-body-color%22:%91%22title_text_color%22%93}\u00bb][\/et_pb_heading][et_pb_text _builder_version=\u00bb4.27.4&#8243; _module_preset=\u00bbdefault\u00bb text_text_color=\u00bbgcid-840cd285-ee6f-49c1-abc9-5e893f3235b8&#8243; custom_padding=\u00bb||0px|||\u00bb global_colors_info=\u00bb{%22gcid-840cd285-ee6f-49c1-abc9-5e893f3235b8%22:%91%22text_text_color%22%93}\u00bb]<\/p>\n<p>Durante el 2016 se continu\u00f3 con el seguimiento de las etapas de recolecci\u00f3n, transporte, tratamiento y disposici\u00f3n final de los residuos patog\u00e9nicos y farmac\u00e9uticos generados en los centros de atenci\u00f3n a la salud humana y\/o animal, p\u00fablicos y privados de todo el territorio de la Provincia; se llev\u00f3 a cabo el control del monitoreo y an\u00e1lisis correspondientes al Programa de Vigilancia Ambiental de acuerdo a lo establecido en la legislaci\u00f3n vigente para la Planta de Tratamiento y el Centro de Disposici\u00f3n Final; y se efectu\u00f3 la carga y el an\u00e1lisis de los datos resultantes del sistema de seguimiento a trav\u00e9s de los manifiestos respectivos.<\/p>\n<p>Con relaci\u00f3n al Servicio P\u00fablico de Residuos Patog\u00e9nicos, cabe destacar que la Planta de Tratamiento inaugurada en diciembre de 2011 recibe cerca de 4.000 kg de residuos patog\u00e9nicos por d\u00eda, que llegan a la planta en alrededor de 800 cajas con un promedio de 5kg cada una.<\/p>\n<p>Los residuos farmac\u00e9uticos y los an\u00e1tomo patog\u00e9nicos se tratan por medio de la termodestrucci\u00f3n pirol\u00edtica con tratamiento de gases a trav\u00e9s del sistema HEKAS. Los residuos patol\u00f3gicos son autoclavados, quit\u00e1ndoles el potencial car\u00e1cter infeccioso y convirti\u00e9ndolos en residuos asimilables a urbanos, para luego ser depositados en una celda de seguridad especialmente dise\u00f1ada para tal fin.<\/p>\n<p>Por otra parte, m\u00e1s de la mitad del total de los residuos recibidos en planta, proviene del sector privado. Los residuos se retiran de 2.209 generadores de toda la provincia de Mendoza, incluyendo desde grandes hospitales hasta peque\u00f1os consultorios, laboratorios, farmacias, veterinarias, etc.<\/p>\n<p>Para garantizar la efectividad de los procesos y asegurar el menor impacto de la actividad, el \u00e1rea de Residuos Patog\u00e9nicos lleva a cabo en forma permanente las siguientes actividades:<\/p>\n<ul>\n<li>Seguimiento de las etapas de recolecci\u00f3n, transporte, tratamiento y disposici\u00f3n final de los residuos Patog\u00e9nicos y Farmac\u00e9uticos.<\/li>\n<li>Control del monitoreo y an\u00e1lisis correspondientes al Programa de Vigilancia Ambiental de acuerdo a lo establecido en la legislaci\u00f3n vigente para la Planta de Tratamiento y el Centro de Disposici\u00f3n Final.<\/li>\n<li>Carga y an\u00e1lisis de los datos resultantes del sistema de seguimiento a trav\u00e9s de los manifiestos respectivos.<\/li>\n<li>Control de documentaci\u00f3n para entrega de certificados ambientales anuales de operadores.<\/li>\n<li>Seguimiento de denuncias.<\/li>\n<\/ul>\n<p>Tambi\u00e9n es importante agregar que durante todo el a\u00f1o result\u00f3 altamente satisfactoria la prestaci\u00f3n del servicio p\u00fablico, as\u00ed como los resultados de los monitoreos fueron satisfactorios en todos los par\u00e1metros medidos:<\/p>\n<p>[\/et_pb_text][\/et_pb_column][\/et_pb_row][et_pb_row _builder_version=\u00bb4.27.4&#8243; _module_preset=\u00bbdefault\u00bb max_width=\u00bb2560px\u00bb global_colors_info=\u00bb{}\u00bb][et_pb_column type=\u00bb4_4&#8243; _builder_version=\u00bb4.27.4&#8243; _module_preset=\u00bbdefault\u00bb global_colors_info=\u00bb{}\u00bb][et_pb_toggle title=\u00bbProceso de autoclavado\u00bb _builder_version=\u00bb4.27.4&#8243; _module_preset=\u00bbdefault\u00bb border_radii=\u00bbon|8px|8px|8px|8px\u00bb global_colors_info=\u00bb{}\u00bb]<\/p>\n<table class=\" table table-hover\">\n<tbody>\n<tr>\n<td><strong>Tipo de Monitoreo<\/strong><\/td>\n<td><strong>Par\u00e1metros<\/strong><\/td>\n<td><strong>Evidencia<\/strong><\/td>\n<td>\u00a0<strong>Frecuencia<\/strong><\/td>\n<\/tr>\n<tr>\n<td><strong>Variables PCL (temperatura y tiempos<\/strong><\/td>\n<td>Funciones, alarmas, tiempos, temperaturas, etc.<\/td>\n<td>Impresi\u00f3n Ticket<\/td>\n<td>Todos los ciclos<\/td>\n<\/tr>\n<tr>\n<td><strong>Test Bowl &amp; Dick<\/strong><\/td>\n<td>Eficacia del vac\u00edo generado<\/td>\n<td>Test<\/td>\n<td>1<sup>er<\/sup> ciclo semanal<\/td>\n<\/tr>\n<tr>\n<td><strong>Control Integral<\/strong><\/td>\n<td>Humedad, temperatura y tiempo de proceso<\/td>\n<td>Test<\/td>\n<td>Todos los d\u00edas<\/td>\n<\/tr>\n<tr>\n<td><strong>Actividad Biol\u00f3gica<\/strong><\/td>\n<td>Actividad biol\u00f3gica<\/td>\n<td>Test<br \/>__________<br \/>Infomr Lab ext.<\/td>\n<td>1<sup>er<\/sup> ciclo semanal<br \/>____________<br \/>1<sup>er<\/sup> ciclo semestral<\/td>\n<\/tr>\n<\/tbody>\n<\/table>\n<p>[\/et_pb_toggle][et_pb_toggle title=\u00bbAgua\u00bb _builder_version=\u00bb4.27.4&#8243; _module_preset=\u00bbdefault\u00bb border_radii=\u00bbon|8px|8px|8px|8px\u00bb global_colors_info=\u00bb{}\u00bb]<\/p>\n<table class=\" table table-hover\">\n<tbody>\n<tr>\n<td><strong>Tipo de Monitoreo<\/strong><\/td>\n<td><strong>Par\u00e1metros<\/strong><\/td>\n<td><strong>Evidencia<\/strong><\/td>\n<td><strong>Frecuencia<\/strong><\/td>\n<\/tr>\n<tr>\n<td><strong>Aguas Subterr\u00e1neas (planta)<\/strong><\/td>\n<td>Par\u00e1metros varios sobre 3 freat\u00edmetros<\/td>\n<td>Informe lab. ext.<\/td>\n<td>Semestral<\/td>\n<\/tr>\n<tr>\n<td><strong>Aguas Subterr\u00e1neas (relleno)<\/strong><\/td>\n<td>Ps. b\u00e1sicos sobre 2 freat\u00edmetros<br \/>_______<br \/>Ps. de peligrosidad sobre 2 freat\u00edmetros<br \/>_______<br \/>Ps. extraordinarios sobre 2 freat\u00edmetros<\/td>\n<td>Informe lab. ext.<\/td>\n<td>\n<p>Bimestral<br \/>______<\/p>\n<p>Mensual<br \/>______<\/p>\n<p>Trimestral<\/td>\n<\/tr>\n<tr>\n<td><strong>Consumo Humano<\/strong><\/td>\n<td>Par\u00e1metros legales sobre muestras<\/td>\n<td>Informe lab. ext.<\/td>\n<td>Biol\u00f3gico semestral, Fis-Qui anual<\/td>\n<\/tr>\n<tr>\n<td><strong>Efluentes Tratados<\/strong><\/td>\n<td>Par\u00e1metros varios sobre CTMyA o CET<\/td>\n<td>Informe lab. ext.<\/td>\n<td>Semestral<\/td>\n<\/tr>\n<\/tbody>\n<\/table>\n<p>[\/et_pb_toggle][et_pb_toggle title=\u00bbResiduos S\u00f3lidos\u00bb _builder_version=\u00bb4.27.4&#8243; _module_preset=\u00bbdefault\u00bb border_radii=\u00bbon|8px|8px|8px|8px\u00bb global_colors_info=\u00bb{}\u00bb]<\/p>\n<table class=\" table table-hover\">\n<tbody>\n<tr>\n<td><strong>Tipo de Monitoreo<\/strong><\/td>\n<td><strong>Par\u00e1metros<\/strong><\/td>\n<td><strong>Evidencia<\/strong><\/td>\n<td>\u00a0<strong>Frecuencia<\/strong><\/td>\n<\/tr>\n<tr>\n<td><strong>Cenizas<\/strong><\/td>\n<td>Par\u00e1metros CEAMSE<\/td>\n<td>Informe lab. ext.<\/td>\n<td>Cuatrimestral<\/td>\n<\/tr>\n<tr>\n<td><strong>TCLP<\/strong><\/td>\n<td>Par\u00e1metros CEAMSE<\/td>\n<td>Informe lab. ext.<\/td>\n<td>Cuatrimestral<\/td>\n<\/tr>\n<\/tbody>\n<\/table>\n<p>[\/et_pb_toggle][et_pb_toggle title=\u00bbAire\u00bb _builder_version=\u00bb4.27.4&#8243; _module_preset=\u00bbdefault\u00bb border_radii=\u00bbon|8px|8px|8px|8px\u00bb global_colors_info=\u00bb{}\u00bb]<\/p>\n<table class=\" table table-hover\">\n<tbody>\n<tr>\n<td><strong>Tipo de Monitoreo<\/strong><\/td>\n<td><strong>Par\u00e1metros<\/strong><\/td>\n<td><strong>Evidencia<\/strong><\/td>\n<td><strong>Frecuencia<\/strong><\/td>\n<\/tr>\n<tr>\n<td><strong>Efluente Termodestrucci\u00f3n<\/strong><\/td>\n<td>Monitoreo continuo<br \/>______<br \/>Validaci\u00f3n de 5 par\u00e1metros<\/td>\n<td>Registro inform\u00e1tico<br \/>______<br \/>Informe lab. ext.<\/td>\n<td>Continuo<br \/>_____<br \/>Mensual<\/td>\n<\/tr>\n<tr>\n<td><strong>Efluente Generador de Vapor<\/strong><\/td>\n<td><\/td>\n<td><\/td>\n<td><\/td>\n<\/tr>\n<tr>\n<td><strong>Calidad del Aire (planta)<\/strong><\/td>\n<td><\/td>\n<td><\/td>\n<td><\/td>\n<\/tr>\n<tr>\n<td><strong>Calidad del Aire (relleno)<\/strong><\/td>\n<td><\/td>\n<td><\/td>\n<td><\/td>\n<\/tr>\n<tr>\n<td><strong>Variables Meteorol\u00f3gicas<\/strong><\/td>\n<td><\/td>\n<td><\/td>\n<td><\/td>\n<\/tr>\n<tr>\n<td><strong>Emisi\u00f3n en Tubos de Venteo<\/strong><\/td>\n<td><\/td>\n<td><\/td>\n<td><\/td>\n<\/tr>\n<\/tbody>\n<\/table>\n<p>[\/et_pb_toggle][et_pb_toggle title=\u00bbHigiene y seguridad laboral\u00bb _builder_version=\u00bb4.27.4&#8243; _module_preset=\u00bbdefault\u00bb border_radii=\u00bbon|8px|8px|8px|8px\u00bb global_colors_info=\u00bb{}\u00bb]<\/p>\n<table class=\" table table-hover\">\n<tbody>\n<tr>\n<td><strong>Tipo de Monitoreo<\/strong><\/td>\n<td><strong>Par\u00e1metros<\/strong><\/td>\n<td><strong>Evidencia<\/strong><\/td>\n<td><strong>Frecuencia<\/strong><\/td>\n<\/tr>\n<tr>\n<td><strong>Iluminaci\u00f3n<\/strong><\/td>\n<td>Todos los puestos de trabajo<\/td>\n<td>Informe lab.ext.<\/td>\n<td>Anual<\/td>\n<\/tr>\n<tr>\n<td><strong>Carga T\u00e9rmica<\/strong><\/td>\n<td>Sector de incineraci\u00f3n<\/td>\n<td>Informe lab.ext.<\/td>\n<td>Anual<\/td>\n<\/tr>\n<tr>\n<td><strong>Ruido<\/strong><\/td>\n<td>Sala de m\u00e1quinas, Incineraci\u00f3n, autoclavado<\/td>\n<td>Informe lab. ext.<\/td>\n<td>Anual<\/td>\n<\/tr>\n<\/tbody>\n<\/table>\n<p>[\/et_pb_toggle][et_pb_toggle title=\u00bbAparatos sometidos a presi\u00f3n\u00bb _builder_version=\u00bb4.27.4&#8243; _module_preset=\u00bbdefault\u00bb border_radii=\u00bbon|8px|8px|8px|8px\u00bb global_colors_info=\u00bb{}\u00bb]<\/p>\n<table class=\" table table-hover\">\n<tbody>\n<tr>\n<td><strong>Tipo de Monitoreo<\/strong><\/td>\n<td><strong>Par\u00e1metros<\/strong><\/td>\n<td><strong>Evidencia<\/strong><\/td>\n<td><strong>Frecuencia<\/strong><\/td>\n<\/tr>\n<tr>\n<td><strong>Generador de Vapor<\/strong><\/td>\n<td>Prueba hidr\u00e1ulica<\/td>\n<td>Certificado por terceros<\/td>\n<td>Anual<\/td>\n<\/tr>\n<tr>\n<td><strong>Colector de vapor<\/strong><\/td>\n<td>Prueba hidr\u00e1ulica<\/td>\n<td>Certificado por terceros<\/td>\n<td>Anual<\/td>\n<\/tr>\n<tr>\n<td><strong>Pulm\u00f3n de 2 Compresores de Aire<\/strong><\/td>\n<td>Prueba hidr\u00e1ulica<\/td>\n<td>Certificado por terceros<\/td>\n<td>Anual<\/td>\n<\/tr>\n<tr>\n<td><strong>Autoclave<\/strong><\/td>\n<td>Prueba hidr\u00e1ulica<\/td>\n<td>Certificado por terceros<\/td>\n<td>Anual<\/td>\n<\/tr>\n<\/tbody>\n<\/table>\n<p>[\/et_pb_toggle][et_pb_toggle title=\u00bbCondiciones operativas del relleno\u00bb _builder_version=\u00bb4.27.4&#8243; _module_preset=\u00bbdefault\u00bb border_radii=\u00bbon|8px|8px|8px|8px\u00bb global_colors_info=\u00bb{}\u00bb]<\/p>\n<table class=\" table table-hover\">\n<tbody>\n<tr>\n<td><strong>Tipo de Monitoreo<\/strong><\/td>\n<td><strong>Par\u00e1metros<\/strong><\/td>\n<td><strong>Evidencia<\/strong><\/td>\n<td><strong>Frecuencia<\/strong><\/td>\n<\/tr>\n<tr>\n<td><strong>Ingreso de Veh\u00edculos y Cantidad de Residuos<\/strong><\/td>\n<td>N\u00ba de descargas y Tns de Residuos<\/td>\n<td>Planilla<\/td>\n<td>Diario<\/td>\n<\/tr>\n<tr>\n<td><strong>Densidad de Residuos<\/strong><\/td>\n<td>Kgs\/m<sup>3<\/sup><\/td>\n<td>Informe<\/td>\n<td>Mensual<\/td>\n<\/tr>\n<tr>\n<td><strong>Avance del Relleno<\/strong><\/td>\n<td>Mts<sup>2<\/sup>, plano de avance<\/td>\n<td>Informe<\/td>\n<td>Mensual<\/td>\n<\/tr>\n<\/tbody>\n<\/table>\n<p>[\/et_pb_toggle][et_pb_toggle title=\u00bbCaracter\u00edsticas del servicio\u00bb _builder_version=\u00bb4.27.4&#8243; _module_preset=\u00bbdefault\u00bb border_radii=\u00bbon|8px|8px|8px|8px\u00bb global_colors_info=\u00bb{}\u00bb]<\/p>\n<p>Sector al que pertenecen los generadores:<\/p>\n<figure class=\"wp-block-table is-style-stripes\">\n<table class=\" table table-hover\">\n<tbody>\n<tr>\n<td>Generadores<\/td>\n<td><\/td>\n<\/tr>\n<tr>\n<td><strong>Total<\/strong><\/td>\n<td><strong>2209<\/strong><\/td>\n<\/tr>\n<tr>\n<td>P\u00fablicos<\/td>\n<td>376<\/td>\n<\/tr>\n<tr>\n<td>Privados<\/td>\n<td>1758<\/td>\n<\/tr>\n<tr>\n<td>Otra Jurisdicci\u00f3n<\/td>\n<td>75<\/td>\n<\/tr>\n<\/tbody>\n<\/table>\n<\/figure>\n<p>[\/et_pb_toggle][et_pb_toggle title=\u00bbLegislaci\u00f3n\u00bb icon_color=\u00bbgcid-bb9c0857-25e3-4051-b4b2-87f09afe6b01&#8243; open_icon_color=\u00bbgcid-53054839-b83d-4ef0-8659-8a010e6148fd\u00bb _builder_version=\u00bb4.27.4&#8243; _module_preset=\u00bbdefault\u00bb title_level=\u00bbh3&#8243; title_font=\u00bb|300|||||||\u00bb title_font_size=\u00bb1.5rem\u00bb background_color=\u00bbRGBA(255,255,255,0.65)\u00bb border_radii=\u00bbon|8px|8px|8px|8px\u00bb global_colors_info=\u00bb{%22gcid-bb9c0857-25e3-4051-b4b2-87f09afe6b01%22:%91%22icon_color%22%93,%22gcid-53054839-b83d-4ef0-8659-8a010e6148fd%22:%91%22open_icon_color%22%93}\u00bb]<\/p>\n<p><strong><a href=\"https:\/\/www.mendoza.gov.ar\/ambiente\/wp-content\/uploads\/sites\/14\/2014\/10\/Marco-Legal-Residuos-Patog%C3%A9nicos.pdf\">Marco Legal Residuos Patog\u00e9nicos<\/a><\/strong><\/p>\n<div class=\"wp-block-file\"><strong><a href=\"https:\/\/www.mendoza.gov.ar\/wp-content\/uploads\/sites\/34\/2024\/11\/Contrato-TYSA-2024.pdf\">Contrato-TYSA-2024<\/a><a href=\"https:\/\/www.mendoza.gov.ar\/wp-content\/uploads\/sites\/34\/2024\/11\/Contrato-TYSA-2024.pdf\" class=\"wp-block-file__button\">Descarga<\/a><\/strong><\/div>\n<div class=\"wp-block-file\"><strong><a href=\"https:\/\/www.mendoza.gov.ar\/wp-content\/uploads\/sites\/34\/2024\/11\/Dec-N%C2%B0-0212-Modificatorio-2108-Patogenicos.pdf\">Dec-N\u00b0-0212-Modificatorio-2108-Patogenicos<\/a><a href=\"https:\/\/www.mendoza.gov.ar\/wp-content\/uploads\/sites\/34\/2024\/11\/Dec-N%C2%B0-0212-Modificatorio-2108-Patogenicos.pdf\" class=\"wp-block-file__button\">Descarga<\/a><\/strong><\/div>\n<div class=\"wp-block-file\"><strong><a href=\"https:\/\/www.mendoza.gov.ar\/wp-content\/uploads\/sites\/34\/2024\/11\/Dec-N%C2%B0-2108-Patogenicos.pdf\">Dec-N\u00b0-2108-Patogenicos<\/a><a href=\"https:\/\/www.mendoza.gov.ar\/wp-content\/uploads\/sites\/34\/2024\/11\/Dec-N%C2%B0-2108-Patogenicos.pdf\" class=\"wp-block-file__button\">Descarga<\/a><\/strong><\/div>\n<div class=\"wp-block-file\"><strong><a href=\"https:\/\/www.mendoza.gov.ar\/wp-content\/uploads\/sites\/34\/2024\/11\/Dec-N%C2%B0-2840-Adjudicacion-Serv.-Pub.-Res.-Pat..pdf\">Dec-N\u00b0-2840-Adjudicacion-Serv.-Pub.-Res.-Pat.<\/a><a href=\"https:\/\/www.mendoza.gov.ar\/wp-content\/uploads\/sites\/34\/2024\/11\/Dec-N%C2%B0-2840-Adjudicacion-Serv.-Pub.-Res.-Pat..pdf\" class=\"wp-block-file__button\">Descarga<\/a><\/strong><\/div>\n<div class=\"wp-block-file\"><strong><a href=\"https:\/\/www.mendoza.gov.ar\/wp-content\/uploads\/sites\/34\/2024\/11\/Ley-N%C2%B0-7168-Patogenicos.pdf\">Ley-N\u00b0-7168-Patogenicos<\/a><a href=\"https:\/\/www.mendoza.gov.ar\/wp-content\/uploads\/sites\/34\/2024\/11\/Ley-N%C2%B0-7168-Patogenicos.pdf\" class=\"wp-block-file__button\">Descarga<\/a><\/strong><\/div>\n<div class=\"wp-block-file\"><strong><a href=\"https:\/\/www.mendoza.gov.ar\/wp-content\/uploads\/sites\/34\/2024\/11\/Ley-N%C2%B0-9512-Ratificacion-Adjudicacion-Serv.-Pub.-Res.-Pat..pdf\">Ley-N\u00b0-9512-Ratificacion-Adjudicacion-Serv.-Pub.-Res.-Pat.<\/a><a href=\"https:\/\/www.mendoza.gov.ar\/wp-content\/uploads\/sites\/34\/2024\/11\/Ley-N%C2%B0-9512-Ratificacion-Adjudicacion-Serv.-Pub.-Res.-Pat..pdf\" class=\"wp-block-file__button\">Descarga<\/a><\/strong><\/div>\n<div class=\"wp-block-file\"><strong><a href=\"https:\/\/www.mendoza.gov.ar\/wp-content\/uploads\/sites\/34\/2024\/11\/Res-N%C2%B0-0362-Patogenicos-Planta.pdf\">Res-N\u00b0-0362-Patogenicos-Planta<\/a><a href=\"https:\/\/www.mendoza.gov.ar\/wp-content\/uploads\/sites\/34\/2024\/11\/Res-N%C2%B0-0362-Patogenicos-Planta.pdf\" class=\"wp-block-file__button\">Descarga<\/a><\/strong><\/div>\n<div class=\"wp-block-file\"><strong><a href=\"https:\/\/www.mendoza.gov.ar\/wp-content\/uploads\/sites\/34\/2024\/11\/Res-N%C2%B0-0363-Patogenicos-Relleno.pdf\">Res-N\u00b0-0363-Patogenicos-Relleno<\/a><a href=\"https:\/\/www.mendoza.gov.ar\/wp-content\/uploads\/sites\/34\/2024\/11\/Res-N%C2%B0-0363-Patogenicos-Relleno.pdf\" class=\"wp-block-file__button\">Descarga<\/a><\/strong><\/div>\n<div class=\"wp-block-file\"><strong><a href=\"https:\/\/www.mendoza.gov.ar\/wp-content\/uploads\/sites\/34\/2024\/11\/Res-N%C2%B0-0364-Patogenicos-Transporte.pdf\">Res-N\u00b0-0364-Patogenicos-Transporte<\/a><a href=\"https:\/\/www.mendoza.gov.ar\/wp-content\/uploads\/sites\/34\/2024\/11\/Res-N%C2%B0-0364-Patogenicos-Transporte.pdf\" class=\"wp-block-file__button\">Descarga<\/a><\/strong><\/div>\n<p>[\/et_pb_toggle][\/et_pb_column][\/et_pb_row][et_pb_row _builder_version=\u00bb4.27.4&#8243; _module_preset=\u00bbdefault\u00bb max_width=\u00bb2560px\u00bb global_colors_info=\u00bb{}\u00bb][et_pb_column type=\u00bb4_4&#8243; _builder_version=\u00bb4.27.4&#8243; _module_preset=\u00bbdefault\u00bb global_colors_info=\u00bb{}\u00bb][et_pb_gallery gallery_ids=\u00bb895,896,897,898&#8243; posts_number=\u00bb8&#8243; _builder_version=\u00bb4.27.4&#8243; _module_preset=\u00bbdefault\u00bb title_font=\u00bb|300|||||||\u00bb title_text_color=\u00bbRGBA(255,255,255,0)\u00bb title_font_size=\u00bb1px\u00bb caption_font_size=\u00bb1px\u00bb caption_line_height=\u00bb1px\u00bb pagination_font=\u00bb|700|||||||\u00bb pagination_text_align=\u00bbcenter\u00bb pagination_text_color=\u00bbgcid-b2777ccc-45bf-4762-b379-294426a7f0ff\u00bb pagination_font_size=\u00bb1rem\u00bb background_layout=\u00bbdark\u00bb max_height=\u00bb500px\u00bb border_radii=\u00bbon|8px|8px|8px|8px\u00bb global_colors_info=\u00bb{%22gcid-b2777ccc-45bf-4762-b379-294426a7f0ff%22:%91%22pagination_text_color%22%93}\u00bb][\/et_pb_gallery][\/et_pb_column][\/et_pb_row][\/et_pb_section][et_pb_section fb_built=\u00bb1&#8243; _builder_version=\u00bb4.27.4&#8243; background_color=\u00bbRGBA(255,255,255,0)\u00bb use_background_color_gradient=\u00bbon\u00bb background_color_gradient_direction=\u00bb169deg\u00bb background_color_gradient_stops=\u00bb#ffffff 15%|#0a0000 100%\u00bb background_image=\u00bbhttps:\/\/mza-dicaws-portal-uploads-media-prod.s3.us-east-1.amazonaws.com\/informacion-oficial\/uploads\/sites\/12\/2025\/05\/FMS_5958-scaled.jpg\u00bb background_blend=\u00bbscreen\u00bb min_height=\u00bb1000px\u00bb custom_margin=\u00bb-2px||-4px|||\u00bb custom_padding=\u00bb3px||21px|||\u00bb global_colors_info=\u00bb{}\u00bb][et_pb_row module_id=\u00bbparque\u00bb _builder_version=\u00bb4.27.4&#8243; background_size=\u00bbinitial\u00bb background_position=\u00bbtop_left\u00bb background_repeat=\u00bbrepeat\u00bb max_width=\u00bb2560px\u00bb min_height=\u00bb117px\u00bb custom_margin=\u00bb50px|auto|-3px|auto||\u00bb custom_padding=\u00bb5px|||||\u00bb global_colors_info=\u00bb{}\u00bb][et_pb_column type=\u00bb4_4&#8243; _builder_version=\u00bb4.27.4&#8243; _module_preset=\u00bbdefault\u00bb global_colors_info=\u00bb{}\u00bb][et_pb_heading title=\u00bbRESIDUOS \u00bb admin_label=\u00bbFlora Nativa\u00bb module_id=\u00bbareas-naturales\u00bb _builder_version=\u00bb4.27.4&#8243; _module_preset=\u00bbdefault\u00bb title_level=\u00bbh2&#8243; title_font=\u00bb|300|||||||\u00bb title_text_align=\u00bbleft\u00bb title_text_color=\u00bbgcid-body-color\u00bb title_font_size=\u00bb40px\u00bb min_height=\u00bb39px\u00bb custom_margin=\u00bb||-1px|||\u00bb global_colors_info=\u00bb{%22gcid-body-color%22:%91%22title_text_color%22%93}\u00bb][\/et_pb_heading][et_pb_heading title=\u00bbS\u00d3LIDOS URBANOS\u00bb admin_label=\u00bbFlora Nativa\u00bb module_id=\u00bbareas-naturales\u00bb _builder_version=\u00bb4.27.4&#8243; _module_preset=\u00bbdefault\u00bb title_level=\u00bbh2&#8243; title_font=\u00bb|300|||||||\u00bb title_text_align=\u00bbleft\u00bb title_text_color=\u00bbgcid-body-color\u00bb title_font_size=\u00bb40px\u00bb min_height=\u00bb39px\u00bb custom_margin=\u00bb||40px|||\u00bb global_colors_info=\u00bb{%22gcid-body-color%22:%91%22title_text_color%22%93}\u00bb][\/et_pb_heading][et_pb_tabs active_tab_background_color=\u00bb#FFFFFF\u00bb active_tab_text_color=\u00bb#333333&#8243; _builder_version=\u00bb4.27.4&#8243; _module_preset=\u00bbdefault\u00bb tab_text_color=\u00bb#9e9e9e\u00bb body_text_align=\u00bbleft\u00bb body_text_color=\u00bb#333333&#8243; body_font_size=\u00bb0.9rem\u00bb tab_font=\u00bb|600|||||||\u00bb tab_font_size=\u00bb1rem\u00bb background_color=\u00bbrgba(255,255,255,0.65)\u00bb border_radii=\u00bbon|8px|8px|8px|8px\u00bb global_colors_info=\u00bb{%22gcid-9d8d6552-a4b0-4171-847a-f5c0d7177503%22:%91%22tab_text_color%22%93,%22gcid-53054839-b83d-4ef0-8659-8a010e6148fd%22:%91%22body_text_color%22,%22active_tab_text_color%22%93}\u00bb][et_pb_tab title=\u00bbObjetivo\u00bb _builder_version=\u00bb4.27.4&#8243; _module_preset=\u00bbdefault\u00bb background_enable_image=\u00bboff\u00bb global_colors_info=\u00bb{}\u00bb]<\/p>\n<p>El objetivo general del Plan es lograr la implementaci\u00f3n de un Sistema de Gesti\u00f3n Integral de Residuos S\u00f3lidos Urbanos (GIRSU) en todo el territorio provincial. Como objetivos particulares, el Plan se propone contribuir a las tecnolog\u00edas y gesti\u00f3n necesario para el tratamiento y\/o disposici\u00f3n final de los residuos; y regionalizar la Provincia (ver la siguiente Figura) conformando Consorcios Intermunicipales de Gesti\u00f3n de Residuos, a los efectos de aprovechar econom\u00edas de escala.<\/p>\n<p>El marco legal del Plan de RSU est\u00e1 dado por la Ley 5970. La misma obliga a los Municipios a erradicar los basurales a cielo abierto y a implementar un sistema integral de manejo de residuos. A la vez, el Gobierno Provincial se compromete a colaborar t\u00e9cnica y econ\u00f3micamente con los municipios en favor de la gesti\u00f3n integral.<\/p>\n<p>[\/et_pb_tab][et_pb_tab title=\u00bbMarco Legal\u00bb _builder_version=\u00bb4.27.4&#8243; _module_preset=\u00bbdefault\u00bb global_colors_info=\u00bb{}\u00bb]<\/p>\n<p><a href=\"https:\/\/www.mendoza.gov.ar\/wp-content\/uploads\/sites\/34\/2022\/01\/Anexo-4-17-Marco-Legal-e-Institucional.pdf\" target=\"_blank\" rel=\"noreferrer noopener\"><span style=\"color: #0091f2\">Anexo-4-17-Marco-Legal-e-Institucional<\/span><\/a><\/p>\n<p>[\/et_pb_tab][et_pb_tab title=\u00bbGeneraci\u00f3n de RSU\u00bb _builder_version=\u00bb4.27.4&#8243; _module_preset=\u00bbdefault\u00bb background_enable_image=\u00bboff\u00bb global_colors_info=\u00bb{}\u00bb]<\/p>\n<p><strong>Gr\u00e1fico generaci\u00f3n de Residuos S\u00f3lidos Urbanos<\/strong>.<\/p>\n<p><img loading=\"lazy\" decoding=\"async\" src=\"https:\/\/mza-dicaws-portal-uploads-media-prod.s3.us-east-1.amazonaws.com\/informacion-oficial\/uploads\/sites\/12\/2025\/05\/RSU0.jpg\" width=\"177\" height=\"140\" alt=\"\" class=\"wp-image-915 alignnone size-medium\" style=\"margin-left: auto;margin-right: auto\" \/><\/p>\n<p><img loading=\"lazy\" decoding=\"async\" src=\"https:\/\/mza-dicaws-portal-uploads-media-prod.s3.us-east-1.amazonaws.com\/informacion-oficial\/uploads\/sites\/12\/2025\/05\/RSU.jpg\" width=\"198\" height=\"230\" alt=\"\" class=\"wp-image-914 alignnone size-full\" style=\"margin-left: auto;margin-right: auto\" \/>\u00a0 <img loading=\"lazy\" decoding=\"async\" src=\"https:\/\/mza-dicaws-portal-uploads-media-prod.s3.us-east-1.amazonaws.com\/informacion-oficial\/uploads\/sites\/12\/2025\/05\/RSU2-300x90.jpg\" width=\"300\" height=\"90\" alt=\"\" class=\"wp-image-916 alignnone size-medium\" style=\"margin-left: auto;margin-right: auto\" srcset=\"https:\/\/mza-dicaws-portal-uploads-media-prod.s3.amazonaws.com\/informacion-oficial\/uploads\/sites\/12\/2025\/05\/RSU2-300x90.jpg 300w, https:\/\/mza-dicaws-portal-uploads-media-prod.s3.amazonaws.com\/informacion-oficial\/uploads\/sites\/12\/2025\/05\/RSU2.jpg 463w\" sizes=\"(max-width: 300px) 100vw, 300px\" \/><\/p>\n<p>&nbsp;<\/p>\n<p><strong>Gr\u00e1fico Acciones Realizadas<\/strong><\/p>\n<p><img loading=\"lazy\" decoding=\"async\" src=\"https:\/\/mza-dicaws-portal-uploads-media-prod.s3.us-east-1.amazonaws.com\/informacion-oficial\/uploads\/sites\/12\/2025\/05\/RSUacciones-300x278.jpg\" width=\"300\" height=\"278\" alt=\"\" class=\"wp-image-917 alignnone size-medium\" style=\"margin-left: auto;margin-right: auto\" \/><\/p>\n<p>&nbsp;<\/p>\n<p>[\/et_pb_tab][et_pb_tab title=\u00bbAcciones\u00bb _builder_version=\u00bb4.27.4&#8243; _module_preset=\u00bbdefault\u00bb global_colors_info=\u00bb{}\u00bb]<\/p>\n<p>El accionar del Plan gira en torno a los siguientes temas:<\/p>\n<ul>\n<li>obras de infraestructura,<\/li>\n<li>inclusi\u00f3n social,<\/li>\n<li>remediaci\u00f3n y<\/li>\n<li>Consorcios Municipales de Gesti\u00f3n de los Residuos. <\/li>\n<\/ul>\n<p>[\/et_pb_tab][et_pb_tab title=\u00bbAvances del Plan RSU\u00bb _builder_version=\u00bb4.27.4&#8243; _module_preset=\u00bbdefault\u00bb global_colors_info=\u00bb{}\u00bb]<\/p>\n<p>A continuaci\u00f3n se presentan los avances realizados por el Plan en lo que concierne a infraestructura.<\/p>\n<p>INFRAESTRUCTURAS EXISTENTES Y PROYECTADAS<\/p>\n<p>[\/et_pb_tab][et_pb_tab title=\u00bbProblem\u00e1tica\u00bb _builder_version=\u00bb4.27.4&#8243; _module_preset=\u00bbdefault\u00bb global_colors_info=\u00bb{}\u00bb]<\/p>\n<p><strong>Problem\u00e1tica Social viculada al Plan RSU<\/strong><\/p>\n<p>En la tabla a continuaci\u00f3n se punt\u00faa la cantidad de separadores de residuos presentes en la provincia seg\u00fan regi\u00f3n.<\/p>\n<p><strong>Separadores por Zona en Provincia de Mendoza<\/strong><\/p>\n<p>A partir de un diagn\u00f3stico, la problem\u00e1tica social de los separadores puede desagregarse en las siguientes dimensiones:<\/p>\n<p>H\u00e1bitat: viviendas precarias y sin servicios; hacinamiento<br \/>Educaci\u00f3n: analfabetismo y\/o deserci\u00f3n escolar<br \/>Salud: acceso deficiente al sistema de salud; afecciones respiratorias y dermatol\u00f3gicas<br \/>Trabajo: la separaci\u00f3n de residuos es la principal actividad familiar; ausencia de calificaci\u00f3n laboral; trabajo precario; arraigo cultural en la actividad<br \/>Con motivo de este diagn\u00f3stico, se est\u00e1 ejecutando un Plan de Inclusi\u00f3n Social que involucra un abordaje integral de la problem\u00e1tica de los separadores con el objetivo principal de la promoci\u00f3n social.<\/p>\n<p><strong>Separadores por Zona. Mendoza.<\/strong><\/p>\n<p>En el marco del Programa de Gesti\u00f3n Integral de Residuos S\u00f3lidos Urbanos es necesario atender la problem\u00e1tica social que afecta a los separadores de residuos en los basurales a cielo abierto.<\/p>\n<p>Las caracter\u00edsticas sociales y laborales de los separadores los somete a una situaci\u00f3n de pobreza estructural ya que no acceden adecuadamente a la educaci\u00f3n, salud, h\u00e1bitat y trabajo dignos.<\/p>\n<p>Para revertir las condiciones de vida y existencia de los separadores se est\u00e1n elaborando planes de inclusi\u00f3n social en los departamentos de la provincia donde se ha detectado su presencia.<\/p>\n<p><strong>El Plan de Inclusi\u00f3n Social consta de los siguientes momentos:<\/strong><\/p>\n<ul>\n<li>Elaboraci\u00f3n del Diagn\u00f3stico de Base: comprende las caracter\u00edsticas principales de la comunidad abordada.<\/li>\n<li>Aplicaci\u00f3n de encuestas socio-econ\u00f3micas: releva las caracter\u00edsticas socio-demogr\u00e1ficas de la poblaci\u00f3n objetivo, estado del acceso a los derechos sociales y econ\u00f3micos y principales rasgos de la actividad de separaci\u00f3n.<\/li>\n<li>Elaboraci\u00f3n del Diagnostico Participativo: consiste en la detecci\u00f3n de las principales problem\u00e1ticas y elaboraci\u00f3n de las alternativas de soluci\u00f3n.<\/li>\n<li>Mapeo de actores: se realiza un relevamiento de los principales actores portadores de diversos intereses relacionados a la problem\u00e1tica social abordada.<\/li>\n<li>An\u00e1lisis de factores cr\u00edticos: se analizan las motivaciones de los actores respecto del plan de inclusi\u00f3n social.<\/li>\n<li>An\u00e1lisis FODA.<\/li>\n<li>Tareas de asistencia social orientadas a la satisfacci\u00f3n de las demandas urgentes de la poblaci\u00f3n objetivo.<\/li>\n<\/ul>\n<p>La elaboraci\u00f3n de los planes de inclusi\u00f3n social se realiza a partir de la concepci\u00f3n de \u201crestituci\u00f3n de derechos\u201d a trav\u00e9s de un abordaje social e integral que contempla la activa participaci\u00f3n de la poblaci\u00f3n afectada, en un proceso permanente de conocimiento de la realidad social de la cual se parte y a la que es necesario modificar sustancialmente.<\/p>\n<p>[\/et_pb_tab][et_pb_tab title=\u00bbGIRSU\u00bb _builder_version=\u00bb4.27.4&#8243; _module_preset=\u00bbdefault\u00bb global_colors_info=\u00bb{}\u00bb]<\/p>\n<div class=\"bg-blank tab-content\" id=\"myTabContent\" style=\"border-bottom: 1px solid #ddd;border-left: 1px solid #ddd;border-right: 1px solid #ddd;padding: 10px\">\n<div class=\"bg-blank tab-pane fade active in\" role=\"tabpanel\" id=\"girsu\" aria-labelledby=\"girsu-tab\">\n<div class=\"row bt-af\">\n<div class=\"col-xs-12 col-sm-12 col-md-12 col-lg-12\">\n<p><strong>Gesti\u00f3n Integral de los Residuos S\u00f3lidos Urbanos<\/strong>.<\/p>\n<p><strong>Proyecto GIRSU Zona Metropolitana<\/strong>.<br \/>La relevancia de la gesti\u00f3n de residuos de la Zona Metropolitana se puede apreciar recordando que la poblaci\u00f3n total de la misma es de 1.123.371 personas. Esto resulta en una generaci\u00f3n de residuos s\u00f3lidos diarios de 1.359 toneladas. La siguiente tabla discrimina la generaci\u00f3n de residuos por cada uno de los departamentos que componen la zona Metropolitana:A los fines de evaluar el proyecto para la Gesti\u00f3n Integral de los residuos de la Zona Metropolitana, se dividi\u00f3 el mismo seg\u00fan las siguientes tem\u00e1ticas:<\/p>\n<ul>\n<li><strong>Aspectos T\u00e9cnicos<\/strong>: Evaluaci\u00f3n de distintas alternativas para la construcci\u00f3n de infraestructuras de transferencia, separaci\u00f3n y disposici\u00f3n final de los RSU de la regi\u00f3n, con el fin de dise\u00f1ar un sistema GIRSU.<\/li>\n<li><strong>Aspectos Sociales<\/strong>: Desarrollo del mencionado Plan de Inclusi\u00f3n Social para la Zona Metropolitana, destinado a la contenci\u00f3n de los distintos grupos de separadores informales que actualmente trabajan en los distintos basurales a cielo abierto de la Regi\u00f3n.<\/li>\n<li><strong>Aspectos Econ\u00f3mico-Financieros<\/strong>: Evaluaci\u00f3n de la actual situaci\u00f3n econ\u00f3mica y financiera de los Municipios involucrados, a los fines de planificar los gastos del sistema GIRSU que implicar\u00e1 la puesta en marcha del proyecto.<\/li>\n<li><strong>Aspectos Administrativo-Legales<\/strong>: Evaluaci\u00f3n de alternativas de asociatividad entre los Municipios que integran la Regi\u00f3n, para el gerenciamiento del sistema y elaboraci\u00f3n de un marco legal metropolitano.<\/li>\n<\/ul>\n<p><strong>En funci\u00f3n de estas tem\u00e1ticas, las actividades desarrolladas fueron<\/strong>:<\/p>\n<p>Talleres de trabajo con representantes de las \u00c1reas T\u00e9cnicas y Sociales de los Municipios de la Zona, donde se trataron los siguientes temas:<\/p>\n<p>Elaboraci\u00f3n de documentaci\u00f3n sobre \u201cProyecto GIRSU Zona Metropolitana\u201d para ser presentado ante la Secretar\u00eda de Ambiente y Desarrollo Sustentable de la Naci\u00f3n, para el financiamiento del proyecto por el BID, que incluye:<a href=\"https:\/\/www.mendoza.gov.ar\/ambiente\/wp-content\/uploads\/sites\/14\/2014\/09\/RSU-propuestas.jpg\"><\/a><\/p>\n<p><strong>Tem\u00e1ticas desarrolladas en el proyecto ejecutivo<\/strong>:<a href=\"https:\/\/www.mendoza.gov.ar\/ambiente\/wp-content\/uploads\/sites\/14\/2014\/09\/RSU-tematica.jpg\"><\/a><\/p>\n<\/div>\n<\/div>\n<\/div>\n<\/div>\n<p>[\/et_pb_tab][et_pb_tab title=\u00bbGIRSU Zona Centro\u00bb _builder_version=\u00bb4.27.4&#8243; _module_preset=\u00bbdefault\u00bb global_colors_info=\u00bb{}\u00bb]<\/p>\n<div class=\"bg-blank tab-content\" id=\"myTabContent\" style=\"border-bottom: 1px solid #ddd;border-left: 1px solid #ddd;border-right: 1px solid #ddd;padding: 10px\">\n<div class=\"bg-blank tab-pane fade active in\" role=\"tabpanel\" id=\"girsu-zona-centro\" aria-labelledby=\"girsu-zona-centro-tab\">\n<div class=\"row bt-af\">\n<div class=\"col-xs-12 col-sm-12 col-md-12 col-lg-12\">\n<p><strong>Proyecto GIRSU Zona Centro<\/strong>.<\/p>\n<p>Para la Zona Centro, se observa que la poblaci\u00f3n total de la misma es de 118.230 personas. Esto resulta en una generaci\u00f3n de residuos s\u00f3lidos 2.640 toneladas por mes.<\/p>\n<p><strong>Generaci\u00f3n y disposici\u00f3n de RSU. Zona Centro<\/strong><\/p>\n<p>Respecto de la Infraestructura de disposici\u00f3n final, la figura presentada a continuaci\u00f3n muestra indica los pasivos a remediar (ej. basurales a cielo abierto), como tambi\u00e9n el relleno sanitario realizado en San Carlos como parte de las obras realizadas en el marco del Plan Provincial.<\/p>\n<\/div>\n<\/div>\n<\/div>\n<\/div>\n<p>[\/et_pb_tab][et_pb_tab title=\u00bbGIRSU Zona Este\u00bb _builder_version=\u00bb4.27.4&#8243; _module_preset=\u00bbdefault\u00bb global_colors_info=\u00bb{}\u00bb]<\/p>\n<div class=\"bg-blank tab-content\" id=\"myTabContent\" style=\"border-bottom: 1px solid #ddd;border-left: 1px solid #ddd;border-right: 1px solid #ddd;padding: 10px\">\n<div class=\"bg-blank tab-pane fade active in\" role=\"tabpanel\" id=\"girsu-zona-este\" aria-labelledby=\"girsu-zona-este-tab\">\n<div class=\"row bt-af\">\n<div class=\"col-xs-12 col-sm-12 col-md-12 col-lg-12\">\n<p><strong>Proyecto GIRSU Zona Este<\/strong>.<\/p>\n<p>Para la Zona Este, se observa que la poblaci\u00f3n total de la misma es de 242.592 personas. Esto resulta en una generaci\u00f3n de residuos s\u00f3lidos 132 toneladas por d\u00eda.<\/p>\n<p><strong>Generaci\u00f3n y disposici\u00f3n de RSU. Zona Este<\/strong><\/p>\n<p>Relativo a la infraestructura de disposici\u00f3n final, la siguiente figura se\u00f1ala los pasivos a remediar como tambi\u00e9n la infraestructura proyectada para los departamentos de Santa Rosa, Rivadavia y San Mart\u00edn.<\/p>\n<\/div>\n<\/div>\n<\/div>\n<\/div>\n<p>[\/et_pb_tab][et_pb_tab title=\u00bbGIRSU Zona Sur\u00bb _builder_version=\u00bb4.27.4&#8243; _module_preset=\u00bbdefault\u00bb global_colors_info=\u00bb{}\u00bb]<\/p>\n<div class=\"bg-blank tab-content\" id=\"myTabContent\" style=\"border-bottom: 1px solid #ddd;border-left: 1px solid #ddd;border-right: 1px solid #ddd;padding: 10px\">\n<div class=\"bg-blank tab-pane fade active in\" role=\"tabpanel\" id=\"girsu-zona-sur\" aria-labelledby=\"girsu-zona-sur-tab\">\n<div class=\"row bt-af\">\n<div class=\"col-xs-12 col-sm-12 col-md-12 col-lg-12\">\n<p><strong>Proyecto GIRSU Zona Sur<\/strong>.<\/p>\n<p>Por \u00faltimo, con respecto al sistema de Gesti\u00f3n Integral de Residuos S\u00f3lidos Urbanos para la Zona Sur, la figura a continuaci\u00f3n presenta la infraestructura de disposici\u00f3n existente como tambi\u00e9n los pasivos a remediar:<\/p>\n<\/div>\n<\/div>\n<\/div>\n<\/div>\n<p>[\/et_pb_tab][\/et_pb_tabs][et_pb_slider _builder_version=\u00bb4.27.4&#8243; _module_preset=\u00bbdefault\u00bb header_font_size=\u00bb1.5rem\u00bb body_text_align=\u00bbleft\u00bb background_color=\u00bbrgba(10,10,10,0.3)\u00bb button_alignment=\u00bbcenter\u00bb max_width=\u00bb800px\u00bb module_alignment=\u00bbcenter\u00bb min_height=\u00bb300.2px\u00bb custom_margin=\u00bb||||false|false\u00bb custom_padding=\u00bb30px|30px|6px|30px|false|false\u00bb border_radii=\u00bbon|8px|8px|8px|8px\u00bb global_colors_info=\u00bb{}\u00bb][et_pb_slide heading=\u00bbPROYECTO GESTI\u00d3N INTEGRAL DE RESIDUOS S\u00d3LIDOS URBANOS ZONA METROPOLITANA DE LA PROVINCIA DE MENDOZA\u00bb button_link=\u00bbhttps:\/\/www.mendoza.gov.ar\/ecoparque\/wp-content\/uploads\/sites\/35\/2017\/09\/Ley-8945-Creaci%C3%B3n-DEM-y-DPP.pdf\u00bb url_new_window=\u00bbon\u00bb _builder_version=\u00bb4.27.4&#8243; _module_preset=\u00bbdefault\u00bb global_colors_info=\u00bb{}\u00bb sticky_transition=\u00bbon\u00bb]<\/p>\n<p><strong>Descripci\u00f3n Proyecto Gesti\u00f3n Integral de Residuos S\u00f3lidos Urbanos de la Zona Metropolitana de la Provincia de Mendoza<\/strong><\/p>\n<p><em>El presente proyecto plantea una soluci\u00f3n a la problem\u00e1tica de tratamiento y disposici\u00f3n final de los residuos s\u00f3lidos urbanos de la Zona Metropolitana de Mendoza, mediante la construcci\u00f3n de infraestructuras adecuadas que permitir\u00e1n el cierre definitivo de los actuales basurales a cielo abierto, con los consabidos beneficios que generan estas acciones sobre el ambiente y la salud de la poblaci\u00f3n.<\/em><\/p>\n<p>[\/et_pb_slide][et_pb_slide heading=\u00bbPrincipios Generales\u00bb button_text=\u00bbDecreto 451&#8243; button_link=\u00bbhttps:\/\/www.mendoza.gov.ar\/ecoparque\/wp-content\/uploads\/sites\/35\/2018\/03\/Decreto-reglamentario-451.pdf\u00bb url_new_window=\u00bbon\u00bb _builder_version=\u00bb4.27.4&#8243; _module_preset=\u00bbdefault\u00bb global_colors_info=\u00bb{}\u00bb sticky_transition=\u00bbon\u00bb]<\/p>\n<ul>\n<li>La generaci\u00f3n de consciencia p\u00fablica a trav\u00e9s de la educaci\u00f3n en la conservaci\u00f3n de la biodiversidad aut\u00f3ctona de Mendoza y la Regi\u00f3n Cuyo y el desarrollo sustentable.<\/li>\n<li>La promoci\u00f3n de actividades de investigaci\u00f3n cient\u00edfica en beneficio de la conservaci\u00f3n de la fauna y flora aut\u00f3ctonas de Mendoza y la Regi\u00f3n Cuyo.<\/li>\n<li>La generaci\u00f3n de un espacio f\u00edsico natural para la recreaci\u00f3n y el esparcimiento de la sociedad.<\/li>\n<\/ul>\n<p>[\/et_pb_slide][et_pb_slide button_text=\u00bbLeer m\u00e1s\u00bb button_link=\u00bbhttps:\/\/informacionoficial.mendoza.gob.ar\/energiayambiente\/biodiversidad-y-ecoparque\/#\u00bb _builder_version=\u00bb4.27.4&#8243; _module_preset=\u00bbdefault\u00bb header_text_align=\u00bbcenter\u00bb body_text_align=\u00bbjustify\u00bb text_orientation=\u00bbjustified\u00bb global_colors_info=\u00bb{}\u00bb sticky_transition=\u00bbon\u00bb]<\/p>\n<p>Adem\u00e1s y en el marco del Plan de Inclusi\u00f3n Social del proyecto, se han dise\u00f1ado cuatro Centros Verdes, que ser\u00e1n operados por los actuales recuperadores de residuos, en donde se clasificar\u00e1 el material reciclable que provenga de circuitos con separaci\u00f3n en origen.<\/p>\n<p>Este sistema metropolitano, permitir\u00e1 bajar los costos actuales de gesti\u00f3n municipal por el efecto de la econom\u00eda de escala, optimizar los recursos municipales organizando en forma m\u00e1s eficiente los distintos sistemas de gesti\u00f3n de RSU, para lo cual se crea la figura administrativa del \u201cConsorcio Interjurisdiccional de Gesti\u00f3n de RSU para la Zona Metropolitana\u201d, como ente estatal encargado del control de gesti\u00f3n.<\/p>\n<p>[\/et_pb_slide][\/et_pb_slider][\/et_pb_column][\/et_pb_row][\/et_pb_section][et_pb_section fb_built=\u00bb1&#8243; _builder_version=\u00bb4.27.2&#8243; background_color=\u00bbRGBA(255,255,255,0)\u00bb use_background_color_gradient=\u00bbon\u00bb background_color_gradient_direction=\u00bb169deg\u00bb background_color_gradient_stops=\u00bbrgba(105, 99, 99, 1) 0%|rgba(255, 255, 255, 1) 36%|#ffffff 56%|#0a0000 100%\u00bb background_image=\u00bbhttps:\/\/mza-dicaws-portal-uploads-media-prod.s3.us-east-1.amazonaws.com\/informacion-oficial\/uploads\/sites\/12\/2025\/05\/chimeneas-industriales-dispositivo-control-contaminacion_419341-125037-copia.jpg\u00bb background_blend=\u00bbscreen\u00bb min_height=\u00bb623px\u00bb custom_margin=\u00bb3px||-3px|||\u00bb custom_padding=\u00bb3px||0px|||\u00bb global_colors_info=\u00bb{}\u00bb][et_pb_row module_id=\u00bbecoparque\u00bb _builder_version=\u00bb4.27.4&#8243; background_size=\u00bbinitial\u00bb background_position=\u00bbtop_left\u00bb background_repeat=\u00bbrepeat\u00bb max_width=\u00bb2560px\u00bb min_height=\u00bb117px\u00bb custom_margin=\u00bb60px|auto|-3px|auto||\u00bb custom_padding=\u00bb5px|||||\u00bb global_colors_info=\u00bb{}\u00bb][et_pb_column type=\u00bb4_4&#8243; _builder_version=\u00bb4.27.4&#8243; _module_preset=\u00bbdefault\u00bb global_colors_info=\u00bb{}\u00bb][et_pb_heading title=\u00bbCONTAMINACI\u00d3N \u00bb admin_label=\u00bbFlora Nativa\u00bb module_id=\u00bbcontaminacion-atmosferica\u00bb _builder_version=\u00bb4.27.2&#8243; _module_preset=\u00bbdefault\u00bb title_level=\u00bbh2&#8243; title_font=\u00bb|300|||||||\u00bb title_text_align=\u00bbleft\u00bb title_text_color=\u00bbgcid-body-color\u00bb title_font_size=\u00bb40px\u00bb min_height=\u00bb39px\u00bb custom_margin=\u00bb||-1px|||\u00bb global_colors_info=\u00bb{%22gcid-body-color%22:%91%22title_text_color%22%93}\u00bb][\/et_pb_heading][et_pb_heading title=\u00bbATMOSF\u00c9RICA\u00bb admin_label=\u00bbFlora Nativa\u00bb module_id=\u00bbareas-naturales\u00bb _builder_version=\u00bb4.27.4&#8243; _module_preset=\u00bbdefault\u00bb title_level=\u00bbh2&#8243; title_font=\u00bb|300|||||||\u00bb title_text_align=\u00bbleft\u00bb title_text_color=\u00bbgcid-body-color\u00bb title_font_size=\u00bb40px\u00bb min_height=\u00bb39px\u00bb custom_margin=\u00bb||-1px|||\u00bb global_colors_info=\u00bb{%22gcid-body-color%22:%91%22title_text_color%22%93}\u00bb][\/et_pb_heading][\/et_pb_column][\/et_pb_row][et_pb_row _builder_version=\u00bb4.27.4&#8243; background_size=\u00bbinitial\u00bb background_position=\u00bbtop_left\u00bb background_repeat=\u00bbrepeat\u00bb max_width=\u00bb2560px\u00bb min_height=\u00bb282.7px\u00bb custom_margin=\u00bb|auto|-3px|auto||\u00bb custom_padding=\u00bb5px|0px|4px|||\u00bb global_colors_info=\u00bb{}\u00bb][et_pb_column type=\u00bb4_4&#8243; _builder_version=\u00bb4.27.4&#8243; _module_preset=\u00bbdefault\u00bb global_colors_info=\u00bb{}\u00bb][et_pb_blurb image=\u00bbhttps:\/\/mza-dicaws-portal-uploads-media-prod.s3.us-east-1.amazonaws.com\/informacion-oficial\/uploads\/sites\/12\/2025\/05\/unidad-movil-Control-ambiental.jpg\u00bb icon_placement=\u00bbleft\u00bb image_icon_width=\u00bb350px\u00bb content_max_width=\u00bb1100px\u00bb _builder_version=\u00bb4.27.4&#8243; _module_preset=\u00bbdefault\u00bb header_font=\u00bb|300|||||||\u00bb header_text_color=\u00bbgcid-840cd285-ee6f-49c1-abc9-5e893f3235b8&#8243; image_icon_custom_margin=\u00bb0px|0px|0px|0px|false|false\u00bb image_icon_custom_padding=\u00bb0px||0px||false|false\u00bb text_orientation=\u00bbjustified\u00bb width=\u00bb100%\u00bb max_width=\u00bb100%\u00bb custom_margin=\u00bb0px|0px|29px|0px|false|false\u00bb custom_padding=\u00bb0px|0px|25px|0px|false|false\u00bb border_radii_image=\u00bbon|5px|5px|5px|5px\u00bb border_color_all_image=\u00bbRGBA(255,255,255,0)\u00bb border_width_right_image=\u00bb10px\u00bb border_color_right_image=\u00bbRGBA(255,255,255,0)\u00bb global_colors_info=\u00bb{%22gcid-840cd285-ee6f-49c1-abc9-5e893f3235b8%22:%91%22header_text_color%22%93}\u00bb]<\/p>\n<p>Esta \u00e1rea tiene la funci\u00f3n por Decreto Provincial N\u00b0 2332\/10 de llevar adelante el Registro de Fuentes Fijas de Emisiones de Gases y Part\u00edculas, para todas aquellas actividades que las posean en su estructura de funcionamiento, dentro del territorio de la Provincia de Mendoza.<\/p>\n<p>&nbsp;<\/p>\n<p style=\"text-align: right\"><strong>Legislaci\u00f3n<\/strong><\/p>\n<p style=\"text-align: right\">Ley provincial 5100 de adhesi\u00f3n a la Ley nacional 20284.<br \/>Decreto reglamentario 2332\/1<br \/>Decreto provincial 2956\/19<\/p>\n<p>[\/et_pb_blurb][et_pb_toggle title=\u00bbINSCRIPCI\u00d3N \/ RENOVACI\u00d3N CON CAMBIO al Registro Provincial de Fuentes Fijas de Emisiones a la Atm\u00f3sfera\u00bb _builder_version=\u00bb4.27.4&#8243; _module_preset=\u00bbdefault\u00bb custom_margin=\u00bb28px|||||\u00bb custom_padding=\u00bb17px|||||\u00bb border_radii=\u00bbon|8px|8px|8px|8px\u00bb global_colors_info=\u00bb{}\u00bb]<\/p>\n<p>Sector al que pertenecen los generadores:<\/p>\n<figure class=\"wp-block-table is-style-stripes\">El registro de fuentes fijas de la Provincia fue creado y puesto en vigencia a trav\u00e9s del Decreto 2332\/2010 y\u00a0 la Tasa Anual (TACEA) que surge de este Decreto se actualiza anualmente a trav\u00e9s de la Ley Impositiva de la\u00a0 Provincia.\u00a0<\/p>\n<p>&nbsp;<\/p>\n<p><strong>Los objetivos de este Registro son:\u00a0<\/strong><\/p>\n<p>\u2219 Conocer la ubicaci\u00f3n y tenor de las emisiones de gases y part\u00edculas que se emiten anualmente en la Provincia de Mendoza, como producto de las actividades industriales y comerciales a fin de su observaci\u00f3n y diagn\u00f3sticos ambientales.<br \/>\u2219 Elaborar una base de datos con la informaci\u00f3n registrada, que contenga los datos necesarios para trabajos sistem\u00e1ticos o eventuales sobre los efectos que estos contaminantes liberados pudieran provocar sobre el aire ambiente o sobre otros recursos.<br \/>\u2219 Del mismo modo, orientar a que esta base de datos t\u00e9cnicos sea una herramienta de uso interdisciplinario, \u00fatil para el ordenamiento territorial, modelaci\u00f3n atmosf\u00e9rica, inventario de gases, etc.<\/p>\n<p>Entendiendo que la tasa anual asociada a este registro no tiene fines estrictamente recaudatorios, los\u00a0 datos que se solicitan en los formularios, formar\u00e1n parte de la base de datos mencionada y servir\u00e1n a la\u00a0 vez, para resolver la f\u00f3rmula polin\u00f3mica, desde la cual se obtendr\u00e1 el monto de la tasa anual de control de\u00a0 emisiones a la atm\u00f3sfera: TACEA.<\/p>\n<p><strong><u>Datos para el Formulario 1:<\/u><\/strong><\/p>\n<ul>\n<li>Identificaci\u00f3n de la Empresa: Denominaci\u00f3n con que se identifica regularmente a la empresa.<\/li>\n<li>Nombre\/Raz\u00f3n Social: Nombre legal de la Empresa, que coincide con el CUIT asignado<\/li>\n<li>Correo electr\u00f3nico: debe ser un correo fijo a fin de recibir las notificaciones oficiales.<\/li>\n<li>Responsable T\u00e9cnico: Se solicitan los datos de la persona que tenga conocimiento sobre las operaciones o\u00a0 procesos t\u00e9cnicos que realiza la actividad y que comprenda el significado de la informaci\u00f3n que se solicita\u00a0 en el Formulario 2. No es condicionante que sea representante t\u00e9cnico de la empresa.<\/li>\n<li>Descripci\u00f3n resumida de la(s) actividad(es) desarrollada(s) en el establecimiento: Breve resumen de\u00a0 las actividades que se realizan en la planta fabril en donde se encuentran la Fuente Fijas\u00a0 (Chimeneas), mencionando insumos b\u00e1sicos y productos finales obtenidos.<\/li>\n<\/ul>\n<p><strong>La informaci\u00f3n siguiente, forma parte de los datos que integran la polin\u00f3mica de c\u00e1lculo de la tasa:\u00a0<\/strong><\/p>\n<p>Grupo de Actividad (GA): Coeficiente que tiene en cuenta el tama\u00f1o de la actividad, para lo cual se\u00a0 requiere: Potencia Instalada, Personal de planta y Superficie cubierta.<\/p>\n<p>En caso de que la empresa est\u00e9 registrada en Residuos Peligrosos, estos datos son id\u00e9nticos a\u00a0 los presentados en esa \u00c1rea de la DPA.<\/p>\n<p>Ubicaci\u00f3n de la actividad (Ub): En general, la zonificaci\u00f3n es un dato que lo establece el\u00a0 municipio correspondiente al emplazamiento de la actividad, aunque existen zonas definidas\u00a0 como Parques industriales, establecidos por la Provincia.<\/p>\n<p>Certificaci\u00f3n Ambiental (CA): Se refiere a la certificaci\u00f3n de <strong>normas ambientales<\/strong>, avaladas por organismos\u00a0 competentes y habilitados. En caso de certificar alguna norma de este tipo, deber\u00e1 acompa\u00f1ar con el\u00a0 certificado correspondiente y actualizado a la fecha del a\u00f1o en curso.<\/p>\n<p><strong><u>Datos para el Formulario N\u00ba 2<\/u>: <\/strong>(<em>se deber\u00e1 llenar un formulario N\u00ba 2 por cada chimenea existente<\/em>) Actividad N\u00ba _____ de _______<\/p>\n<p>Se debe colocar el n\u00famero correlativo de la actividad que genera las emisiones por la chimenea\u00a0 correspondiente que se est\u00e1 registrando. <em><u>Por ejemplo,<\/u> si la planta posee tres chimeneas, se llenar\u00e1n tres\u00a0 formularios N\u00ba 2 con los datos de cada chimenea y se consignar\u00e1 en este campo: Actividad N\u00ba 1 de 3,\u00a0 Actividad N\u00ba 2 de 3 y Actividad N\u00ba 3 de 3.\u00a0<\/em><\/p>\n<p>Tipo de proceso que genera Emisiones de Gases y Part\u00edculas a la Atm\u00f3sfera (TPE): Dato que se vincula con\u00a0 el tipo de gases que se emiten por chimenea. Si \u00e9stos provienen de una combusti\u00f3n, deber\u00e1 seleccionarse\u00a0 el combustible que se utiliza, y si los gases provienen de un proceso que no es combusti\u00f3n, se seleccionar\u00e1\u00a0 la opci\u00f3n correspondiente (0, 6 u 8)<\/p>\n<p>Tiempo de emisi\u00f3n (TE): Coeficiente vinculado a la estacionalidad de la actividad, es decir, a la parte del a\u00f1o\u00a0 en que funciona la actividad que emite por chimenea. Las opciones son trimestre, semestre o a\u00f1o\u00a0 completo.<\/p>\n<p>Caudal de emisi\u00f3n total de humos (CE): Se debe seleccionar el valor correspondiente al caudal total de\u00a0 gases que se emiten por la chimenea, en Nm3\/s (normal metros c\u00fabicos por segundo: 0\u00baC y 1 atm). Con\u00a0 esta opci\u00f3n se solicita adem\u00e1s consignar si este valor seleccionado corresponde a un dato de caudal\u00a0 estimado (E), un caudal calculado (C) o un caudal medido (M).<\/p>\n<p>Sistema de Mitigaci\u00f3n de Emisiones (SM): Se debe seleccionar la opci\u00f3n correspondiente, definiendo como\u00a0 sistema de mitigaci\u00f3n de humos a cualquier dispositivo efectivo, instalado para reducir las emisiones de\u00a0 gases y\/o part\u00edculas emitidos a la atm\u00f3sfera.<\/p>\n<p>Residuos Peligrosos en las Emisiones de Gases y Part\u00edculas (RRPP): Se debe seleccionar la opci\u00f3n\u00a0 correspondiente, entendi\u00e9ndose como Residuos Peligrosos en las emisiones a cualquier sustancia emitida a\u00a0 la atm\u00f3sfera, dentro de las consideraciones establecidas en el Apartado IX Parte C y Parte D del Decreto\u00a0 2625\/99 correspondiente a la Ley Provincial 5917 de Residuos Peligrosos.<\/p>\n<p>Finalmente se solicitan los datos propios de la Fuente Fija (chimenea): Altura, Di\u00e1metro interno, ubicaci\u00f3n\u00a0 geogr\u00e1fica, y un espacio para observaciones que podr\u00e1 ser utilizado para informaci\u00f3n complementaria o\u00a0 dato accesorio.<\/p>\n<p>&nbsp;<\/p>\n<p><span style=\"color: #0091f2\"><a href=\"https:\/\/ticketsform.mendoza.gov.ar\/ticketsform\/com.tickets.responderformulario?TC_EMISIONES_ATMOSFERICAS_INF_GRAL\" target=\"_blank\" rel=\"noopener\" style=\"color: #0091f2\">COMPLETAR FORMULARIO<\/a><\/span><\/p>\n<ul><\/ul>\n<\/figure>\n<p>[\/et_pb_toggle][et_pb_toggle title=\u00bb RENOVACI\u00d3N SIN CAMBIOS al Registro Provincial de Fuentes Fijas de Emisiones a la Atm\u00f3sfera\u00bb _builder_version=\u00bb4.27.4&#8243; _module_preset=\u00bbdefault\u00bb custom_margin=\u00bb28px||39px|||\u00bb custom_padding=\u00bb17px|||||\u00bb border_radii=\u00bbon|8px|8px|8px|8px\u00bb global_colors_info=\u00bb{}\u00bb]<\/p>\n<figure class=\"wp-block-table is-style-stripes\">\n<p>El formulario se encontrara habilitado todo el a\u00f1o.<\/p>\n<p>Informaci\u00f3n necesaria y obligatoria:<\/p>\n<p>Al ser Declaraci\u00f3n Jurada SIN CAMBIOS se tendr\u00e1n en cuenta las chimeneas \u00a0que figuran en el Certificado del \u00faltimo periodo, el formulario deber\u00e1 contener los siguientes puntos:<\/p>\n<ul>\n<li>N\u00famero de expediente.<\/li>\n<li>Numero de certificado.<\/li>\n<li>Domicilio legal.<\/li>\n<li>Domicilio real.<\/li>\n<li>Numero de contacto.<\/li>\n<li>2 Correos electr\u00f3nicos de la empresa para recibir notificaci\u00f3n.<\/li>\n<li>Cuit o Cuil.<\/li>\n<li>Coordenadas de ubicaci\u00f3n del emprendimiento. <strong><u>(sin este dato no se podr\u00e1 continuar con la carga).<\/u><\/strong><\/li>\n<\/ul>\n<p><span style=\"color: #0091f2\"><a href=\"https:\/\/ticketsform.mendoza.gov.ar\/ticketsform\/com.tickets.responderformulario?TC_EMISIONES_ATMOSFERICAS_SIN_CAMBIOS\" target=\"_blank\" rel=\"noopener\" style=\"color: #0091f2\">COMPLETAR FORMULARIO<\/a><\/span><\/p>\n<\/figure>\n<p>[\/et_pb_toggle][\/et_pb_column][\/et_pb_row][\/et_pb_section][et_pb_section fb_built=\u00bb1&#8243; _builder_version=\u00bb4.27.4&#8243; background_color=\u00bbRGBA(255,255,255,0)\u00bb use_background_color_gradient=\u00bbon\u00bb background_color_gradient_direction=\u00bb169deg\u00bb background_color_gradient_stops=\u00bbrgba(105, 99, 99, 1) 0%|rgba(255, 255, 255, 1) 2%|#ffffff 36%|#0a0000 100%\u00bb background_image=\u00bbhttps:\/\/mza-dicaws-portal-uploads-media-prod.s3.us-east-1.amazonaws.com\/informacion-oficial\/uploads\/sites\/12\/2025\/05\/DSC00563.jpg\u00bb background_blend=\u00bbscreen\u00bb min_height=\u00bb330px\u00bb custom_margin=\u00bb3px|||||\u00bb custom_padding=\u00bb45px|||||\u00bb global_colors_info=\u00bb{}\u00bb][et_pb_row module_id=\u00bbecoparque\u00bb _builder_version=\u00bb4.27.4&#8243; background_size=\u00bbinitial\u00bb background_position=\u00bbtop_left\u00bb background_repeat=\u00bbrepeat\u00bb max_width=\u00bb2560px\u00bb min_height=\u00bb117px\u00bb custom_margin=\u00bb28px|auto|-3px|auto||\u00bb custom_padding=\u00bb5px|||||\u00bb global_colors_info=\u00bb{}\u00bb][et_pb_column type=\u00bb4_4&#8243; _builder_version=\u00bb4.27.4&#8243; _module_preset=\u00bbdefault\u00bb global_colors_info=\u00bb{}\u00bb][et_pb_heading title=\u00bbCONTROL AMBIENTAL\u00bb admin_label=\u00bbFlora Nativa\u00bb module_id=\u00bbcontrol-minero\u00bb _builder_version=\u00bb4.27.4&#8243; _module_preset=\u00bbdefault\u00bb title_level=\u00bbh2&#8243; title_font=\u00bb|300|||||||\u00bb title_text_align=\u00bbleft\u00bb title_text_color=\u00bbgcid-body-color\u00bb title_font_size=\u00bb40px\u00bb min_height=\u00bb39px\u00bb custom_margin=\u00bb||-1px|||\u00bb global_colors_info=\u00bb{%22gcid-body-color%22:%91%22title_text_color%22%93}\u00bb][\/et_pb_heading][et_pb_heading title=\u00bbMINERO\u00bb admin_label=\u00bbFlora Nativa\u00bb module_id=\u00bbareas-naturales\u00bb _builder_version=\u00bb4.27.4&#8243; _module_preset=\u00bbdefault\u00bb title_level=\u00bbh2&#8243; title_font=\u00bb|300|||||||\u00bb title_text_align=\u00bbleft\u00bb title_text_color=\u00bbgcid-body-color\u00bb title_font_size=\u00bb40px\u00bb min_height=\u00bb39px\u00bb custom_margin=\u00bb||50px|||\u00bb global_colors_info=\u00bb{%22gcid-body-color%22:%91%22title_text_color%22%93}\u00bb][\/et_pb_heading][et_pb_blurb image=\u00bbhttps:\/\/mza-dicaws-portal-uploads-media-prod.s3.us-east-1.amazonaws.com\/informacion-oficial\/uploads\/sites\/12\/2025\/05\/DSC00615-1.jpg\u00bb icon_placement=\u00bbleft\u00bb image_icon_width=\u00bb350px\u00bb content_max_width=\u00bb1100px\u00bb _builder_version=\u00bb4.27.4&#8243; _module_preset=\u00bbdefault\u00bb header_font=\u00bb|300|||||||\u00bb header_text_color=\u00bbgcid-840cd285-ee6f-49c1-abc9-5e893f3235b8&#8243; image_icon_custom_margin=\u00bb0px|0px|0px|0px|false|false\u00bb image_icon_custom_padding=\u00bb0px||0px||false|false\u00bb text_orientation=\u00bbjustified\u00bb width=\u00bb100%\u00bb max_width=\u00bb100%\u00bb custom_margin=\u00bb||43px|||\u00bb border_radii_image=\u00bbon|5px|5px|5px|5px\u00bb border_color_all_image=\u00bbRGBA(255,255,255,0)\u00bb border_width_right_image=\u00bb10px\u00bb border_color_right_image=\u00bbRGBA(255,255,255,0)\u00bb global_colors_info=\u00bb{%22gcid-840cd285-ee6f-49c1-abc9-5e893f3235b8%22:%91%22header_text_color%22%93}\u00bb]<\/p>\n<p>Esta \u00e1rea tiene la funci\u00f3n de llevar adelante todo el proceso concerniente a la Evaluaci\u00f3n de Impacto Ambiental de los Proyectos ligados a la actividad minera en el territorio de la Provincia de Mendoza.\u00a0 Asimismo, y a trav\u00e9s del cuerpo de inspectores se realiza un seguimiento y control de dicha actividad.<\/p>\n<p style=\"text-align: right\"><strong>Legislaci\u00f3n<\/strong><\/p>\n<div class=\"wp-block-file\" style=\"text-align: right\"><span style=\"color: #3cb4e5\"><a href=\"https:\/\/www.mendoza.gov.ar\/wp-content\/uploads\/sites\/94\/2024\/03\/Codigo-de-Mineria.pdf\" style=\"color: #3cb4e5\"><strong>Codigo-de-Mineria<\/strong><\/a><strong><\/strong><\/span><\/div>\n<div class=\"wp-block-file\" style=\"text-align: right\"><span style=\"color: #3cb4e5\"><strong><a href=\"https:\/\/www.mendoza.gov.ar\/wp-content\/uploads\/sites\/94\/2024\/03\/LEY_5.961.pdf\" style=\"color: #3cb4e5\">LEY 5.961<\/a><\/strong><\/span><\/div>\n<div class=\"wp-block-file\" style=\"text-align: right\"><span style=\"color: #3cb4e5\"><strong><a href=\"https:\/\/www.mendoza.gov.ar\/wp-content\/uploads\/sites\/94\/2024\/03\/Decreto-820-2006.pdf\" style=\"color: #3cb4e5\">Decreto-820-2006<\/a><\/strong><\/span><\/div>\n<div class=\"wp-block-file\" style=\"text-align: right\"><span style=\"color: #3cb4e5\"><strong><a href=\"https:\/\/www.mendoza.gov.ar\/wp-content\/uploads\/sites\/105\/2024\/10\/Ley-n%C2%B0-9529-Codigo-de-Procedimiento-Minero-de-Mendoza.pdf\" style=\"color: #3cb4e5\">Ley-n\u00b0-9529-Codigo-de-Procedimiento-Minero-de-Mendoza<\/a><\/strong><\/span><\/div>\n<p>[\/et_pb_blurb][\/et_pb_column][\/et_pb_row][et_pb_row column_structure=\u00bb3_5,2_5&#8243; _builder_version=\u00bb4.27.4&#8243; _module_preset=\u00bbdefault\u00bb max_width=\u00bb2560px\u00bb min_height=\u00bb237.1px\u00bb custom_margin=\u00bb|auto|-25px|auto||\u00bb custom_padding=\u00bb||35px|||\u00bb global_colors_info=\u00bb{}\u00bb][et_pb_column type=\u00bb3_5&#8243; _builder_version=\u00bb4.27.4&#8243; _module_preset=\u00bbdefault\u00bb global_colors_info=\u00bb{}\u00bb][et_pb_text _builder_version=\u00bb4.27.4&#8243; _module_preset=\u00bbdefault\u00bb header_3_text_color=\u00bbgcid-840cd285-ee6f-49c1-abc9-5e893f3235b8&#8243; custom_margin=\u00bb0px|||||\u00bb global_colors_info=\u00bb{%22gcid-840cd285-ee6f-49c1-abc9-5e893f3235b8%22:%91%22header_3_text_color%22%93}\u00bb]<\/p>\n<h3>Proyectos mineros en ejecuci\u00f3n<\/h3>\n<p>Cada proyecto minero est\u00e1 fiscalizado y monitoreado por la autoridad ambiental minera y puede verse todo el proceso en cada correspondiente pieza administrativa o expediente. Los proyectos son:<\/p>\n<table style=\"border-collapse: collapse;border: none\">\n<tbody>\n<tr>\n<td style=\"border: none\"><strong>\u2022 MDMO<\/strong><\/td>\n<td style=\"border: none\"><strong>\u2022 MDMO II<\/strong><\/td>\n<\/tr>\n<tr>\n<td style=\"border: none\"><strong>\u2022 MDMO III<\/strong><\/td>\n<td style=\"border: none\"><strong>\u2022 Don Luis<\/strong><\/td>\n<\/tr>\n<tr>\n<td style=\"border: none\"><strong>\u2022 Don Ernesto<\/strong><\/td>\n<td style=\"border: none\"><strong>\u2022 PSJ Cobre Mendocino<\/strong><\/td>\n<\/tr>\n<tr>\n<td style=\"border: none\"><strong>\u2022 San Romeleo<\/strong><\/td>\n<td style=\"border: none\"><strong>\u2022 Camila<\/strong><\/td>\n<\/tr>\n<tr>\n<td style=\"border: none\"><strong>\u2022 Mar\u00eda Elsa<\/strong><\/td>\n<td style=\"border: none\"><strong>\u2022 Potasio Cancambria<\/strong><\/td>\n<\/tr>\n<\/tbody>\n<\/table>\n<p>[\/et_pb_text][\/et_pb_column][et_pb_column type=\u00bb2_5&#8243; _builder_version=\u00bb4.27.4&#8243; _module_preset=\u00bbdefault\u00bb global_colors_info=\u00bb{}\u00bb][et_pb_blurb title=\u00bbConsulta de Proyectos mineros en Ejecuci\u00f3n\u00bb url_new_window=\u00bbon\u00bb use_icon=\u00bbon\u00bb font_icon=\u00bb&#xf002;||fa||900&#8243; icon_color=\u00bb#FFFFFF\u00bb image_icon_background_color=\u00bbrgba(255,255,255,0)\u00bb image_icon_width=\u00bb65px\u00bb _builder_version=\u00bb4.27.4&#8243; _module_preset=\u00bbdefault\u00bb header_text_align=\u00bbcenter\u00bb header_text_color=\u00bb#FFFFFF\u00bb header_font_size=\u00bb22px\u00bb body_text_align=\u00bbcenter\u00bb body_text_color=\u00bbgcid-840cd285-ee6f-49c1-abc9-5e893f3235b8&#8243; background_color=\u00bb#000f9f\u00bb custom_margin=\u00bb46px||10%||false|false\u00bb custom_padding=\u00bb22px|0px|||false|false\u00bb link_option_url=\u00bbhttps:\/\/visualizaeeminero.mendoza.gov.ar\/\u00bb border_radii=\u00bbon|8px|8px|8px|8px\u00bb locked=\u00bboff\u00bb global_colors_info=\u00bb{%22gcid-840cd285-ee6f-49c1-abc9-5e893f3235b8%22:%91%22body_text_color%22,%22header_text_color%22,%22body_text_color%22,%22header_text_color%22,%22body_text_color%22,%22header_text_color%22%93}\u00bb][\/et_pb_blurb][\/et_pb_column][\/et_pb_row][et_pb_row module_id=\u00bbemisiones\u00bb _builder_version=\u00bb4.27.4&#8243; background_size=\u00bbinitial\u00bb background_position=\u00bbtop_left\u00bb background_repeat=\u00bbrepeat\u00bb max_width=\u00bb2560px\u00bb min_height=\u00bb117px\u00bb custom_margin=\u00bb|auto|-3px|auto||\u00bb custom_padding=\u00bb5px|||||\u00bb global_colors_info=\u00bb{}\u00bb][et_pb_column type=\u00bb4_4&#8243; _builder_version=\u00bb4.27.4&#8243; _module_preset=\u00bbdefault\u00bb global_colors_info=\u00bb{}\u00bb][et_pb_image src=\u00bbhttps:\/\/mza-dicaws-portal-uploads-media-prod.s3.amazonaws.com\/informacion-oficial\/uploads\/sites\/12\/2025\/12\/Untitled-1-01.png\u00bb title_text=\u00bbUntitled-1-01&#8243; url=\u00bbhttps:\/\/mza-dicaws-portal-uploads-media-prod.s3.amazonaws.com\/informacion-oficial\/uploads\/sites\/12\/2025\/12\/Aspectos-Claves-Proyecto-PSJ-Cobre-Mendocino.pdf\u00bb url_new_window=\u00bbon\u00bb _builder_version=\u00bb4.27.4&#8243; _module_preset=\u00bbdefault\u00bb border_radii=\u00bbon|8px|8px|8px|8px\u00bb global_colors_info=\u00bb{}\u00bb][\/et_pb_image][et_pb_image src=\u00bbhttps:\/\/mza-dicaws-portal-uploads-media-prod.s3.amazonaws.com\/informacion-oficial\/uploads\/sites\/12\/2025\/12\/PHOTO-2025-12-10-10-13-20.jpg\u00bb title_text=\u00bbPHOTO-2025-12-10-10-13-20&#8243; url=\u00bbhttps:\/\/forms.gle\/vquAQe2MKB1xn8vb8&#8243; url_new_window=\u00bbon\u00bb _builder_version=\u00bb4.27.4&#8243; _module_preset=\u00bbdefault\u00bb border_radii=\u00bbon|8px|8px|8px|8px\u00bb global_colors_info=\u00bb{}\u00bb][\/et_pb_image][\/et_pb_column][\/et_pb_row][\/et_pb_section][et_pb_section fb_built=\u00bb1&#8243; _builder_version=\u00bb4.27.4&#8243; background_enable_color=\u00bboff\u00bb use_background_color_gradient=\u00bbon\u00bb background_color_gradient_direction=\u00bb169deg\u00bb background_color_gradient_stops=\u00bb#ffffff 28%|#0a0000 85%\u00bb background_image=\u00bbhttps:\/\/mza-dicaws-portal-uploads-media-prod.s3.us-east-1.amazonaws.com\/informacion-oficial\/uploads\/sites\/12\/2025\/05\/83fa0de7-3858-48db-950e-8402d02803af.jpg\u00bb background_blend=\u00bbscreen\u00bb min_height=\u00bb707px\u00bb custom_margin=\u00bb3px|||||\u00bb custom_padding=\u00bb3px|||||\u00bb global_colors_info=\u00bb{}\u00bb][et_pb_row module_id=\u00bbecoparque\u00bb _builder_version=\u00bb4.27.4&#8243; background_size=\u00bbinitial\u00bb background_position=\u00bbtop_left\u00bb background_repeat=\u00bbrepeat\u00bb max_width=\u00bb2560px\u00bb min_height=\u00bb117px\u00bb custom_margin=\u00bb60px|auto|-3px|auto||\u00bb custom_padding=\u00bb5px|||||\u00bb global_colors_info=\u00bb{}\u00bb][et_pb_column type=\u00bb4_4&#8243; _builder_version=\u00bb4.27.4&#8243; _module_preset=\u00bbdefault\u00bb global_colors_info=\u00bb{}\u00bb][et_pb_heading title=\u00bbCONTROL Y PERMISOS\u00bb admin_label=\u00bbFlora Nativa\u00bb module_id=\u00bbareas-naturales\u00bb _builder_version=\u00bb4.27.4&#8243; _module_preset=\u00bbdefault\u00bb title_level=\u00bbh2&#8243; title_font=\u00bb|300|||||||\u00bb title_text_align=\u00bbleft\u00bb title_text_color=\u00bbgcid-body-color\u00bb title_font_size=\u00bb40px\u00bb min_height=\u00bb39px\u00bb custom_margin=\u00bb||-1px|||\u00bb global_colors_info=\u00bb{%22gcid-body-color%22:%91%22title_text_color%22%93}\u00bb][\/et_pb_heading][et_pb_heading title=\u00bbPETROLEROS\u00bb admin_label=\u00bbFlora Nativa\u00bb module_id=\u00bbareas-naturales\u00bb _builder_version=\u00bb4.27.4&#8243; _module_preset=\u00bbdefault\u00bb title_level=\u00bbh2&#8243; title_font=\u00bb|300|||||||\u00bb title_text_align=\u00bbleft\u00bb title_text_color=\u00bbgcid-body-color\u00bb title_font_size=\u00bb40px\u00bb min_height=\u00bb39px\u00bb custom_margin=\u00bb||35px|||\u00bb global_colors_info=\u00bb{%22gcid-body-color%22:%91%22title_text_color%22%93}\u00bb][\/et_pb_heading][et_pb_blurb image=\u00bbhttps:\/\/mza-dicaws-portal-uploads-media-prod.s3.us-east-1.amazonaws.com\/informacion-oficial\/uploads\/sites\/12\/2025\/05\/6fa72192-34af-45db-b7c2-ff7474c115ff.jpg\u00bb icon_placement=\u00bbleft\u00bb image_icon_width=\u00bb550px\u00bb content_max_width=\u00bb1100px\u00bb _builder_version=\u00bb4.27.4&#8243; _module_preset=\u00bbdefault\u00bb header_font=\u00bb|300|||||||\u00bb header_text_color=\u00bbgcid-840cd285-ee6f-49c1-abc9-5e893f3235b8&#8243; image_icon_custom_margin=\u00bb0px|0px|0px|0px|false|false\u00bb image_icon_custom_padding=\u00bb0px||0px||false|false\u00bb text_orientation=\u00bbjustified\u00bb width=\u00bb100%\u00bb max_width=\u00bb100%\u00bb custom_margin=\u00bb||43px|||\u00bb custom_padding=\u00bb19px|||||\u00bb border_radii_image=\u00bbon|5px|5px|5px|5px\u00bb border_color_all_image=\u00bbRGBA(255,255,255,0)\u00bb border_width_right_image=\u00bb20px\u00bb border_color_right_image=\u00bbRGBA(255,255,255,0)\u00bb global_colors_info=\u00bb{%22gcid-840cd285-ee6f-49c1-abc9-5e893f3235b8%22:%91%22header_text_color%22%93}\u00bb]<\/p>\n<p>Esta \u00e1rea tiene la funci\u00f3n de evaluar ambientalmente los proyectos referidos a la actividad, a fin de otorgar los permisos pertinentes para las obras necesarias y saneamiento de pasivos ambientales. Ejerce el seguimiento y control a trav\u00e9s del cuerpo de inspectores.<\/p>\n<p><strong>Legislaci\u00f3n<\/strong><\/p>\n<p>Ley Provincial 5961\/92 y decretos 473\/93 su modificatorio 691\/94\/Decreto 2109\/Decreto 70\/08 \/Resoluci\u00f3n 589\/14<\/p>\n<p>Ley Nacional 25675\/Resoluci\u00f3n 05\/92 SEyMN\/Resoluci\u00f3n 25\/04.<\/p>\n<p><span style=\"color: #000f9f\"><a href=\"https:\/\/www.mendoza.gov.ar\/dpa\/wp-content\/uploads\/sites\/34\/2017\/07\/Exp-3518-2017-03834.pdf\" style=\"color: #000f9f\">Expediente 3518-2017-03834<\/a><\/span><\/p>\n<p>[\/et_pb_blurb][\/et_pb_column][\/et_pb_row][et_pb_row column_structure=\u00bb1_3,1_3,1_3&#8243; _builder_version=\u00bb4.27.4&#8243; _module_preset=\u00bbdefault\u00bb max_width=\u00bb2560px\u00bb global_colors_info=\u00bb{}\u00bb][et_pb_column type=\u00bb1_3&#8243; _builder_version=\u00bb4.27.4&#8243; _module_preset=\u00bbdefault\u00bb global_colors_info=\u00bb{}\u00bb][et_pb_button button_url=\u00bbhttps:\/\/informacionoficial.mendoza.gob.ar\/energiayambiente\/documentacion-area-de-exploracion-puesto-pozo-cercado-occidental-ypf-s-a\/\u00bb url_new_window=\u00bbon\u00bb button_text=\u00bbDocumentaci\u00f3n \u00e1rea de exploraci\u00f3n Puesto Pozo Cercado Occidental YPF SA\u00bb button_alignment=\u00bbcenter\u00bb _builder_version=\u00bb4.27.4&#8243; _module_preset=\u00bbdefault\u00bb custom_button=\u00bbon\u00bb button_text_size=\u00bb16px\u00bb button_bg_color=\u00bbrgba(0,15,159,0.5)\u00bb button_border_radius=\u00bb8px\u00bb button_use_icon=\u00bboff\u00bb background_layout=\u00bbdark\u00bb custom_margin=\u00bb0px|5px||5px|false|false\u00bb global_colors_info=\u00bb{}\u00bb][\/et_pb_button][\/et_pb_column][et_pb_column type=\u00bb1_3&#8243; _builder_version=\u00bb4.27.4&#8243; _module_preset=\u00bbdefault\u00bb global_colors_info=\u00bb{}\u00bb][et_pb_button button_url=\u00bbhttps:\/\/informacionoficial.mendoza.gob.ar\/energiayambiente\/seguimiento-de-evaluacion-de-pozos-en-formacion-no-convencional-en-malargue\/\u00bb url_new_window=\u00bbon\u00bb button_text=\u00bbSeguimiento de evalucaci\u00f3n de Pozos en formaci\u00f3n no convencional en Malarg\u00fce\u00bb button_alignment=\u00bbcenter\u00bb _builder_version=\u00bb4.27.4&#8243; _module_preset=\u00bbdefault\u00bb custom_button=\u00bbon\u00bb button_text_size=\u00bb16px\u00bb button_bg_color=\u00bbrgba(0,15,159,0.5)\u00bb button_border_radius=\u00bb8px\u00bb button_use_icon=\u00bboff\u00bb background_layout=\u00bbdark\u00bb custom_margin=\u00bb0px|5px||5px|false|false\u00bb global_colors_info=\u00bb{}\u00bb][\/et_pb_button][\/et_pb_column][et_pb_column type=\u00bb1_3&#8243; _builder_version=\u00bb4.27.4&#8243; _module_preset=\u00bbdefault\u00bb global_colors_info=\u00bb{}\u00bb][et_pb_button button_url=\u00bbhttps:\/\/informacionoficial.mendoza.gob.ar\/energiayambiente\/estimulacion-hidraulica-todo-lo-que-hay-que-saber\/\u00bb url_new_window=\u00bbon\u00bb button_text=\u00bbTodo lo que hay que saber sobre Estimulaci\u00f3n Hidr\u00e1ulica\u00bb button_alignment=\u00bbcenter\u00bb _builder_version=\u00bb4.27.4&#8243; _module_preset=\u00bbdefault\u00bb custom_button=\u00bbon\u00bb button_text_size=\u00bb16px\u00bb button_bg_color=\u00bbrgba(0,15,159,0.5)\u00bb button_border_radius=\u00bb8px\u00bb button_use_icon=\u00bboff\u00bb background_layout=\u00bbdark\u00bb custom_margin=\u00bb0px|5px||5px|false|false\u00bb global_colors_info=\u00bb{}\u00bb][\/et_pb_button][\/et_pb_column][\/et_pb_row][\/et_pb_section][et_pb_section fb_built=\u00bb1&#8243; _builder_version=\u00bb4.27.4&#8243; background_color=\u00bbRGBA(255,255,255,0)\u00bb use_background_color_gradient=\u00bbon\u00bb background_color_gradient_direction=\u00bb169deg\u00bb background_color_gradient_stops=\u00bb#ffffff 15%|#0a0000 100%\u00bb background_image=\u00bbhttps:\/\/mza-dicaws-portal-uploads-media-prod.s3.us-east-1.amazonaws.com\/informacion-oficial\/uploads\/sites\/12\/2025\/05\/chimeneas-industriales-dispositivo-control-contaminacion_419341-125037-copia.jpg\u00bb background_blend=\u00bbscreen\u00bb min_height=\u00bb698px\u00bb custom_margin=\u00bb3px|||||\u00bb custom_padding=\u00bb3px|||||\u00bb global_colors_info=\u00bb{}\u00bb][et_pb_row module_id=\u00bbecoparque\u00bb _builder_version=\u00bb4.27.4&#8243; background_size=\u00bbinitial\u00bb background_position=\u00bbtop_left\u00bb background_repeat=\u00bbrepeat\u00bb max_width=\u00bb2560px\u00bb min_height=\u00bb117px\u00bb custom_margin=\u00bb60px|auto|-3px|auto||\u00bb custom_padding=\u00bb5px|||||\u00bb global_colors_info=\u00bb{}\u00bb][et_pb_column type=\u00bb4_4&#8243; _builder_version=\u00bb4.27.4&#8243; _module_preset=\u00bbdefault\u00bb global_colors_info=\u00bb{}\u00bb][et_pb_heading title=\u00bbEFLUENTES Y\u00bb admin_label=\u00bbFlora Nativa\u00bb module_id=\u00bbefluentes\u00bb _builder_version=\u00bb4.27.4&#8243; _module_preset=\u00bbdefault\u00bb title_level=\u00bbh2&#8243; title_font=\u00bb|300|||||||\u00bb title_text_align=\u00bbleft\u00bb title_text_color=\u00bbgcid-body-color\u00bb title_font_size=\u00bb40px\u00bb min_height=\u00bb39px\u00bb custom_margin=\u00bb||-1px|||\u00bb global_colors_info=\u00bb{%22gcid-body-color%22:%91%22title_text_color%22%93}\u00bb][\/et_pb_heading][et_pb_heading title=\u00bbDESINFECCIONES\u00bb admin_label=\u00bbFlora Nativa\u00bb module_id=\u00bbareas-naturales\u00bb _builder_version=\u00bb4.27.4&#8243; _module_preset=\u00bbdefault\u00bb title_level=\u00bbh2&#8243; title_font=\u00bb|300|||||||\u00bb title_text_align=\u00bbleft\u00bb title_text_color=\u00bbgcid-body-color\u00bb title_font_size=\u00bb40px\u00bb min_height=\u00bb39px\u00bb custom_margin=\u00bb||-1px|||\u00bb global_colors_info=\u00bb{%22gcid-body-color%22:%91%22title_text_color%22%93}\u00bb][\/et_pb_heading][et_pb_blurb image=\u00bbhttps:\/\/mza-dicaws-portal-uploads-media-prod.s3.us-east-1.amazonaws.com\/informacion-oficial\/uploads\/sites\/12\/2025\/05\/chimeneas-industriales-dispositivo-control-contaminacion_419341-125037.jpg\u00bb icon_placement=\u00bbleft\u00bb image_icon_width=\u00bb247px\u00bb content_max_width=\u00bb1100px\u00bb _builder_version=\u00bb4.27.4&#8243; _module_preset=\u00bbdefault\u00bb header_font=\u00bb|300|||||||\u00bb header_text_color=\u00bbgcid-840cd285-ee6f-49c1-abc9-5e893f3235b8&#8243; image_icon_custom_margin=\u00bb-45px|-17px|-14px|44px|false|false\u00bb image_icon_custom_padding=\u00bb0px||2px|0px|false|false\u00bb text_orientation=\u00bbjustified\u00bb width=\u00bb100%\u00bb max_width=\u00bb100%\u00bb custom_margin=\u00bb13px||43px||false|false\u00bb custom_padding=\u00bb32px||||false|false\u00bb border_radii_image=\u00bbon|16px|16px|16px|16px\u00bb border_color_all_image=\u00bbRGBA(255,255,255,0)\u00bb border_width_top_image=\u00bb40px\u00bb border_width_right_image=\u00bb40px\u00bb border_color_right_image=\u00bbRGBA(255,255,255,0)\u00bb global_colors_info=\u00bb{%22gcid-840cd285-ee6f-49c1-abc9-5e893f3235b8%22:%91%22header_text_color%22%93}\u00bb]<\/p>\n<div class=\"row\">\n<div class=\"col-md-12\"><\/div>\n<div class=\"col-md-12\"><\/div>\n<div class=\"col-md-12\">El \u00e1rea de efluentes y desinfecciones posee el registro \u00fanico provincial de empresas de desinfecci\u00f3n y laboratorio de an\u00e1lisis ambientales.<\/div>\n<\/div>\n<div class=\"row\">\n<article id=\"post-3736\" class=\"post-3736 page type-page status-publish hentry\">\n<div class=\"col-md-10\">\n<p>Tambi\u00e9n, tiene como funci\u00f3n la coordinaci\u00f3n institucional y la emisi\u00f3n de sectoriales sobre efluentes de l\u00edquidos industriales no peligrosos que operan en el territorio provincial y efluentes cloacales de plantas de tratamiento.<\/p>\n<p>&nbsp;<\/p>\n<\/div>\n<\/article>\n<\/div>\n<p>[\/et_pb_blurb][\/et_pb_column][\/et_pb_row][et_pb_row _builder_version=\u00bb4.27.4&#8243; _module_preset=\u00bbdefault\u00bb max_width=\u00bb2560px\u00bb global_colors_info=\u00bb{}\u00bb][et_pb_column type=\u00bb4_4&#8243; _builder_version=\u00bb4.27.4&#8243; _module_preset=\u00bbdefault\u00bb global_colors_info=\u00bb{}\u00bb][et_pb_toggle title=\u00bbLISTADOS DE LABORATORIOS Y EMPRESAS \/ INSCRIPCI\u00d3N Y RENOVACI\u00d3N\u00bb icon_color=\u00bbgcid-bb9c0857-25e3-4051-b4b2-87f09afe6b01&#8243; open_icon_color=\u00bbgcid-53054839-b83d-4ef0-8659-8a010e6148fd\u00bb _builder_version=\u00bb4.27.4&#8243; _module_preset=\u00bbdefault\u00bb title_level=\u00bbh3&#8243; title_font=\u00bb|300|||||||\u00bb title_font_size=\u00bb1.5rem\u00bb background_color=\u00bbRGBA(255,255,255,0.65)\u00bb border_radii=\u00bbon|8px|8px|8px|8px\u00bb global_colors_info=\u00bb{%22gcid-bb9c0857-25e3-4051-b4b2-87f09afe6b01%22:%91%22icon_color%22%93,%22gcid-53054839-b83d-4ef0-8659-8a010e6148fd%22:%91%22open_icon_color%22%93}\u00bb]<\/p>\n<div class=\"wp-block-file\"><\/div>\n<div class=\"wp-block-file\">\n<p><a href=\"http:\/\/formulariosambiente.mendoza.gov.ar\/otros\/dpa\/verPrestadores\/laboratorios.php\"><span style=\"color: #3cb4e5\">LISTADO DE LABORATORIOS HABILITADOS<\/span><\/a><\/p>\n<p><span style=\"color: #3cb4e5\"><a href=\"http:\/\/www.formulariosambiente.mendoza.gov.ar\/otros\/dpa\/verPrestadores\/desinfecciones.php\" style=\"color: #3cb4e5\">LISTADO DE EMPRESAS DE DESINFECCIONES HABILITADAS<\/a><\/span><\/p>\n<p><span style=\"color: #3cb4e5\"><a href=\"https:\/\/www.mendoza.gov.ar\/dpa\/wp-content\/uploads\/sites\/34\/2017\/07\/REQ.-INSCRIPCION-EMP-DESINFECCIONES.doc\" style=\"color: #3cb4e5\">REQUISITOS DE INSCRIPCION EMP DESINFECCIONES<\/a><\/span><\/p>\n<p><span style=\"color: #3cb4e5\"><a href=\"https:\/\/www.mendoza.gov.ar\/dpa\/wp-content\/uploads\/sites\/34\/2017\/07\/FORM.-REINSCRIPCI%C3%93N-DESINFECCIONES.doc\" style=\"color: #3cb4e5\">FORM. REINSCRIPCI\u00d3N DESINFECCIONES<\/a><\/span><\/p>\n<p><span style=\"color: #3cb4e5\"><a href=\"https:\/\/www.mendoza.gov.ar\/dpa\/wp-content\/uploads\/sites\/34\/2017\/07\/DOCUMENTACION-RENOVACI%C3%93N-EMP-DESINFECCIONES.doc\" style=\"color: #3cb4e5\">DOCUMENTACION <\/a><a href=\"https:\/\/www.mendoza.gov.ar\/dpa\/wp-content\/uploads\/sites\/34\/2017\/07\/DOCUMENTACION-RENOVACI%C3%93N-EMP-DESINFECCIONES.doc\" style=\"color: #3cb4e5\">RENOVACI\u00d3N EMP DESINFECCIONES<\/a><\/span><\/p>\n<p><span style=\"color: #3cb4e5\"><a href=\"https:\/\/www.mendoza.gov.ar\/dpa\/wp-content\/uploads\/sites\/34\/2017\/07\/DEP%C3%93SITOS-DE-EMPRESAS-DE-DESINFECCI%C3%93N.doc\" style=\"color: #3cb4e5\">DEP\u00d3SITOS DE EMPRESAS DE DESINFECCI\u00d3N<\/a><\/span><\/p>\n<p><span style=\"color: #3cb4e5\"><a href=\"https:\/\/www.mendoza.gov.ar\/ambiente\/wp-content\/uploads\/sites\/14\/2014\/12\/LEY-5865.pdf\" style=\"color: #3cb4e5\">Ley Provincial N\u00b0 5865\/Resoluci\u00f3n N\u00b0 490\/2012<\/a><\/span><\/p>\n<\/div>\n<p>[\/et_pb_toggle][\/et_pb_column][\/et_pb_row][\/et_pb_section][et_pb_section fb_built=\u00bb1&#8243; module_id=\u00bbcontacto\u00bb _builder_version=\u00bb4.27.4&#8243; _module_preset=\u00bbdefault\u00bb background_color=\u00bb#000f9f\u00bb global_colors_info=\u00bb{}\u00bb][et_pb_row module_id=\u00bbcontacto\u00bb _builder_version=\u00bb4.27.4&#8243; _module_preset=\u00bbdefault\u00bb global_colors_info=\u00bb{}\u00bb][et_pb_column type=\u00bb4_4&#8243; _builder_version=\u00bb4.27.4&#8243; _module_preset=\u00bbdefault\u00bb global_colors_info=\u00bb{}\u00bb][et_pb_heading title=\u00bbCONTACTO\u00bb admin_label=\u00bbFlora Nativa\u00bb module_id=\u00bbcontacto-dgfa\u00bb _builder_version=\u00bb4.27.4&#8243; _module_preset=\u00bbdefault\u00bb title_level=\u00bbh2&#8243; title_font=\u00bb|300|||||||\u00bb title_text_align=\u00bbleft\u00bb title_text_color=\u00bb#FFFFFF\u00bb title_font_size=\u00bb40px\u00bb min_height=\u00bb39px\u00bb custom_margin=\u00bb||-1px|||\u00bb locked=\u00bboff\u00bb global_colors_info=\u00bb{}\u00bb][\/et_pb_heading][et_pb_cta button_text=\u00bbClics\u00bb _builder_version=\u00bb4.27.4&#8243; _module_preset=\u00bbdefault\u00bb background_enable_color=\u00bboff\u00bb min_height=\u00bb126.4px\u00bb custom_margin=\u00bb1px|||||\u00bb custom_padding=\u00bb25px||3px|||\u00bb border_radii=\u00bbon|8px|8px|8px|8px\u00bb global_colors_info=\u00bb{}\u00bb]<\/p>\n<p>Horarios de atenci\u00f3n y recepci\u00f3n de documentaci\u00f3n 8 a 13 hs.<\/p>\n<p>Env\u00edo de informaci\u00f3n <span style=\"color: #3cb4e5\"><a href=\"mailto:mesaentradadgfa@mendoza.gov.ar\" style=\"color: #3cb4e5\">mesaentradadgfa@mendoza.gov.ar<\/a><\/span><\/p>\n<p>Tel\u00e9fono 54 261 3852692 (Residuos Peligrosos)<\/p>\n<p>54 261 3852362 (Efluentes, desinfecciones y Laboratorios).<\/p>\n<p><a href=\"https:\/\/www.mendoza.gov.ar\/energiayambiente\/coordinacion-de-sostenibilidad\/coordinaciondesostenibilidad@mendoza.gov.ar\"><strong><\/strong><\/a><\/p>\n<p>[\/et_pb_cta][\/et_pb_column][\/et_pb_row][\/et_pb_section]<\/p>\n","protected":false},"excerpt":{"rendered":"<p>Ejercer la autoridad ambiental en el territorio de la Provincia de Mendoza mediante la prevenci\u00f3n, control y fiscalizaci\u00f3n de actividades con impacto ambiental, garantizando el cumplimiento normativo y promoviendo una gesti\u00f3n sostenible, transparente y territorialmente adaptada. Evaluar ambientalmente las obras y\/o actividades p\u00fablicas y privadas en el marco de la Ley 5961 y sus normas [&hellip;]<\/p>\n","protected":false},"author":13,"featured_media":0,"parent":0,"menu_order":0,"comment_status":"closed","ping_status":"closed","template":"","meta":{"_et_pb_use_builder":"on","_et_pb_old_content":"","_et_gb_content_width":"","footnotes":""},"class_list":["post-880","page","type-page","status-publish","hentry"],"_links":{"self":[{"href":"https:\/\/informacionoficial.mendoza.gob.ar\/energiayambiente\/wp-json\/wp\/v2\/pages\/880","targetHints":{"allow":["GET"]}}],"collection":[{"href":"https:\/\/informacionoficial.mendoza.gob.ar\/energiayambiente\/wp-json\/wp\/v2\/pages"}],"about":[{"href":"https:\/\/informacionoficial.mendoza.gob.ar\/energiayambiente\/wp-json\/wp\/v2\/types\/page"}],"author":[{"embeddable":true,"href":"https:\/\/informacionoficial.mendoza.gob.ar\/energiayambiente\/wp-json\/wp\/v2\/users\/13"}],"replies":[{"embeddable":true,"href":"https:\/\/informacionoficial.mendoza.gob.ar\/energiayambiente\/wp-json\/wp\/v2\/comments?post=880"}],"version-history":[{"count":110,"href":"https:\/\/informacionoficial.mendoza.gob.ar\/energiayambiente\/wp-json\/wp\/v2\/pages\/880\/revisions"}],"predecessor-version":[{"id":6611,"href":"https:\/\/informacionoficial.mendoza.gob.ar\/energiayambiente\/wp-json\/wp\/v2\/pages\/880\/revisions\/6611"}],"wp:attachment":[{"href":"https:\/\/informacionoficial.mendoza.gob.ar\/energiayambiente\/wp-json\/wp\/v2\/media?parent=880"}],"curies":[{"name":"wp","href":"https:\/\/api.w.org\/{rel}","templated":true}]}}