{"id":190,"date":"2025-04-04T20:53:40","date_gmt":"2025-04-04T18:53:40","guid":{"rendered":"https:\/\/informacionoficial.mendoza.gob.ar\/gobiernoinfraestructura\/?page_id=190"},"modified":"2026-01-21T12:57:49","modified_gmt":"2026-01-21T15:57:49","slug":"atencion-ciudadana","status":"publish","type":"page","link":"https:\/\/informacionoficial.mendoza.gob.ar\/gobiernoinfraestructura\/atencion-ciudadana\/","title":{"rendered":"Atenci\u00f3n Ciudadana"},"content":{"rendered":"<p>[et_pb_section fb_built=\u00bb1&#8243; _builder_version=\u00bb4.27.4&#8243; _module_preset=\u00bbdefault\u00bb background_color=\u00bb#f2f2f2&#8243; custom_margin=\u00bb||||false|false\u00bb custom_padding=\u00bb1rem||1rem||false|false\u00bb global_colors_info=\u00bb{}\u00bb][et_pb_row _builder_version=\u00bb4.27.4&#8243; _module_preset=\u00bbdefault\u00bb custom_margin=\u00bb1rem||||false|false\u00bb custom_padding=\u00bb1rem||1rem||false|false\u00bb locked=\u00bboff\u00bb global_colors_info=\u00bb{}\u00bb][et_pb_column type=\u00bb4_4&#8243; _builder_version=\u00bb4.27.4&#8243; _module_preset=\u00bbdefault\u00bb global_colors_info=\u00bb{}\u00bb][et_pb_post_title meta=\u00bboff\u00bb featured_image=\u00bboff\u00bb _builder_version=\u00bb4.27.4&#8243; _module_preset=\u00bbdefault\u00bb title_font=\u00bb|700|||||||\u00bb title_text_align=\u00bbcenter\u00bb title_text_color=\u00bb#000000&#8243; title_font_size=\u00bb30px\u00bb background_color=\u00bb#FFFFFF\u00bb module_alignment=\u00bbcenter\u00bb custom_margin=\u00bb0px||0px||false|false\u00bb custom_padding=\u00bb1em||1em||false|false\u00bb title_font_size_tablet=\u00bb30px\u00bb title_font_size_phone=\u00bb26px\u00bb title_font_size_last_edited=\u00bbon|phone\u00bb border_radii=\u00bbon|15px|15px|15px|15px\u00bb box_shadow_style=\u00bbpreset1&#8243; global_colors_info=\u00bb{}\u00bb][\/et_pb_post_title][\/et_pb_column][\/et_pb_row][et_pb_row _builder_version=\u00bb4.27.4&#8243; _module_preset=\u00bbdefault\u00bb global_colors_info=\u00bb{}\u00bb][et_pb_column type=\u00bb4_4&#8243; _builder_version=\u00bb4.27.4&#8243; _module_preset=\u00bbdefault\u00bb global_colors_info=\u00bb{}\u00bb][et_pb_code _builder_version=\u00bb4.27.4&#8243; _module_preset=\u00bbdefault\u00bb width=\u00bb100%\u00bb max_width=\u00bb100%\u00bb custom_css_free_form=\u00bb.custom-search-form {||    text-align: center;||    margin: 20px auto;||    max-width: 80%;||    border: 1px solid #ccc;||    padding: 20px 4px;||    border-radius: 50px;||    font-size: 20px;||    box-shadow: 0 4px 8px rgba(0, 0, 0, 0.1);||    background: white;||    display: flex;||    flex-wrap: wrap;||    justify-content: center;||    }||||.custom-search-input {||    padding: 10px;||    width: 70%;||    border: none !important;||    background: transparent;||    border-radius: 50px;||    font-size: 20px;||}||||.custom-search-button {||    padding: 15px 20px 15px  20px;||    border: none;||    border-radius: 40px;||    background: rgb(223, 172, 107);||    color: white;||    font-size: 15px;||    cursor: pointer;||  \twidth:100px;||}||.custom-search-button img{||  display:none;||}||||||\/* Estilos responsive para m\u00f3viles *\/||@media screen and (max-width: 768px) {||    .custom-search-input {||        width: 70%;||        font-size: 18px;||    }||  .custom-search-input::placeholder {||    font-size: 12px;||}||||    .custom-search-button {||        width: 20%;||        padding: 15px;||        font-size: 16px;||    }||  .custom-search-button img{||    width:20px;||    display:flex||  }|| .custom-search-button p{||    display: none;||  }||    .custom-search-form {||        padding: 10px;||        font-size: 18px;||    }||}||\u00bb global_colors_info=\u00bb{}\u00bb]\n    <form method=\"get\" action=\"https:\/\/atencionciudadana.mendoza.gob.ar\/\" class=\"custom-search-form\">\n        <input type=\"text\" name=\"s\" placeholder=\"\u00bfQu\u00e9 tr\u00e1mite necesit\u00e1s?\" class=\"custom-search-input\" value=\"\" required>\n        <button type=\"submit\" class=\"custom-search-button\"><p>Buscar<\/p><image src=\"http:\/\/atencionciudadana.mendoza.gob.ar\/wp-content\/uploads\/2025\/06\/Diseno_sin_titulo__1_-removebg-preview.png\" alt=\"buscar\"\/><\/button>\n    <\/form>\n\n\n    [\/et_pb_code][\/et_pb_column][\/et_pb_row][et_pb_row column_structure=\u00bb1_3,1_3,1_3&#8243; use_custom_gutter=\u00bbon\u00bb gutter_width=\u00bb2&#8243; make_equal=\u00bbon\u00bb _builder_version=\u00bb4.27.4&#8243; _module_preset=\u00bbdefault\u00bb custom_margin=\u00bb0px||0px||false|false\u00bb custom_padding=\u00bb1rem||1rem||true|false\u00bb locked=\u00bboff\u00bb global_colors_info=\u00bb{}\u00bb][et_pb_column type=\u00bb1_3&#8243; _builder_version=\u00bb4.27.4&#8243; _module_preset=\u00bbdefault\u00bb custom_padding=\u00bb1em||||false|false\u00bb global_colors_info=\u00bb{}\u00bb][et_pb_text module_id=\u00bbcultura\u00bb _builder_version=\u00bb4.27.4&#8243; _module_preset=\u00bbdefault\u00bb text_font=\u00bb|600|||||||\u00bb text_text_color=\u00bb#FFFFFF\u00bb text_font_size=\u00bb20px\u00bb background_color=\u00bb#3CB4E5&#8243; custom_margin=\u00bb0px||0px||true|false\u00bb custom_padding=\u00bb1rem||1rem||true|false\u00bb border_radii=\u00bboff|15px|15px||\u00bb global_colors_info=\u00bb{}\u00bb]<\/p>\n<p style=\"text-align: center\">Personas Jur\u00eddicas<\/p>\n<p>[\/et_pb_text][et_pb_toggle title=\u00bbVer tr\u00e1mites\u00bb _builder_version=\u00bb4.27.4&#8243; _module_preset=\u00bbdefault\u00bb locked=\u00bboff\u00bb global_colors_info=\u00bb{}\u00bb]<\/p>\n<ul>\n<ul>\n<li><a href=\"https:\/\/atencionciudadana.mendoza.gob.ar\/inscripcion-filial-fundaciones\/\" target=\"_blank\" rel=\"noopener noreferrer\">Inscripci\u00f3n filial (Fundaciones)<\/a><\/li>\n<li><a href=\"https:\/\/atencionciudadana.mendoza.gob.ar\/inscripcion-filial-ac\/\" target=\"_blank\" rel=\"noopener noreferrer\">Inscripci\u00f3n filial (AC)<\/a><\/li>\n<li><a href=\"https:\/\/atencionciudadana.mendoza.gob.ar\/modificacion-cancelacion-cesion-prendas-sna\/\" target=\"_blank\" rel=\"noopener noreferrer\">Modificaci\u00f3n, cancelaci\u00f3n, cesi\u00f3n prendas (SNA)<\/a><\/li>\n<li><a href=\"https:\/\/atencionciudadana.mendoza.gob.ar\/pedido-de-veedor-ac\/\" target=\"_blank\" rel=\"noopener noreferrer\">Pedido de veedor (AC)<\/a><\/li>\n<li><a href=\"https:\/\/atencionciudadana.mendoza.gob.ar\/presentacion-contable-fuera-de-termino-fundaciones\/\" target=\"_blank\" rel=\"noopener noreferrer\">Presentaci\u00f3n contable fuera de t\u00e9rmino (Fundaciones)<\/a><\/li>\n<li><a href=\"https:\/\/atencionciudadana.mendoza.gob.ar\/presentacion-de-documentacion-contable-anual-en-termino-soc-art-299-l-s-sna\/\" target=\"_blank\" rel=\"noopener noreferrer\">Presentaci\u00f3n de documentaci\u00f3n contable anual en t\u00e9rmino soc. art. 299 L.S. (SNA)<\/a><\/li>\n<li><a href=\"https:\/\/atencionciudadana.mendoza.gob.ar\/presentacion-de-estados-contables-fundaciones\/\" target=\"_blank\" rel=\"noopener noreferrer\">Presentaci\u00f3n de estados contables (Fundaciones)<\/a><\/li>\n<li><a href=\"https:\/\/atencionciudadana.mendoza.gob.ar\/reconstruccion-de-expediente-sa-y-sca\/\" target=\"_blank\" rel=\"noopener noreferrer\">Reconstrucci\u00f3n de expediente (SA y SCA)<\/a><\/li>\n<li><a href=\"https:\/\/atencionciudadana.mendoza.gob.ar\/reconstruccion-de-expediente-sna\/\" target=\"_blank\" rel=\"noopener noreferrer\">Reconstrucci\u00f3n de expediente (SNA)<\/a><\/li>\n<li><a href=\"https:\/\/atencionciudadana.mendoza.gob.ar\/reconstruccion-de-expedientes-ac\/\" target=\"_blank\" rel=\"noopener noreferrer\">Reconstrucci\u00f3n de expedientes (AC)<\/a><\/li>\n<li><a href=\"https:\/\/atencionciudadana.mendoza.gob.ar\/reconstruccion-de-expedientes-fundaciones\/\" target=\"_blank\" rel=\"noopener noreferrer\">Reconstrucci\u00f3n de expedientes (Fundaciones)<\/a><\/li>\n<li><a href=\"https:\/\/atencionciudadana.mendoza.gob.ar\/reforma-de-estatuto-sa-y-sca\/\" target=\"_blank\" rel=\"noopener noreferrer\">Reforma de estatuto (SA y SCA)<\/a><\/li>\n<li><a href=\"https:\/\/atencionciudadana.mendoza.gob.ar\/reforma-estatuto-por-asamblea-extraordinaria-fundaciones\/\" target=\"_blank\" rel=\"noopener noreferrer\">Reforma estatuto por asamblea extraordinaria (Fundaciones)<\/a><\/li>\n<li><a href=\"https:\/\/atencionciudadana.mendoza.gob.ar\/renuncia-de-administradores-sindicos-sna\/\" target=\"_blank\" rel=\"noopener noreferrer\">Renuncia de administradores \u2013 S\u00edndicos (SNA)<\/a><\/li>\n<li><a href=\"https:\/\/atencionciudadana.mendoza.gob.ar\/reserva-de-denominacion-sa-y-sca\/\" target=\"_blank\" rel=\"noopener noreferrer\">Reserva de denominaci\u00f3n (SA y SCA)<\/a><\/li>\n<li><a href=\"https:\/\/atencionciudadana.mendoza.gob.ar\/reserva-de-denominacion-sna\/\" target=\"_blank\" rel=\"noopener noreferrer\">Reserva de denominaci\u00f3n (SNA)<\/a><\/li>\n<li><a href=\"https:\/\/atencionciudadana.mendoza.gob.ar\/reserva-de-nombre-ac\/\" target=\"_blank\" rel=\"noopener noreferrer\">Reserva de nombre (AC)<\/a><\/li>\n<li><a href=\"https:\/\/atencionciudadana.mendoza.gob.ar\/reserva-de-nombre-fundaciones\/\" target=\"_blank\" rel=\"noopener noreferrer\">Reserva de nombre (Fundaciones)<\/a><\/li>\n<li><a href=\"https:\/\/atencionciudadana.mendoza.gob.ar\/rubrica-de-libros-ac\/\" target=\"_blank\" rel=\"noopener noreferrer\">R\u00fabrica de libros (AC)<\/a><\/li>\n<li><a href=\"https:\/\/atencionciudadana.mendoza.gob.ar\/rubrica-de-libros-fundaciones\/\" target=\"_blank\" rel=\"noopener noreferrer\">R\u00fabrica de libros (Fundaciones)<\/a><\/li>\n<li><a href=\"https:\/\/atencionciudadana.mendoza.gob.ar\/rubrica-de-libros-sa-y-sca\/\" target=\"_blank\" rel=\"noopener noreferrer\">R\u00fabrica de libros (SA y SCA)<\/a><\/li>\n<li><a href=\"https:\/\/atencionciudadana.mendoza.gob.ar\/rubrica-de-libros-sna\/\" target=\"_blank\" rel=\"noopener noreferrer\">R\u00fabrica de libros (SNA)<\/a><\/li>\n<li><a href=\"https:\/\/atencionciudadana.mendoza.gob.ar\/solicitud-de-libros-por-extravio-sa-y-sca\/\" target=\"_blank\" rel=\"noopener noreferrer\">Solicitud de libros por extrav\u00edo (SA y SCA)<\/a><\/li>\n<li><a href=\"https:\/\/atencionciudadana.mendoza.gob.ar\/solicitud-de-libros-por-extravio-sna\/\" target=\"_blank\" rel=\"noopener noreferrer\">Solicitud de libros por extrav\u00edo (SNA)<\/a><\/li>\n<li><a href=\"https:\/\/atencionciudadana.mendoza.gob.ar\/solicitud-de-prorroga-srl-antes-del-vencimiento-del-plazo-sna\/\" target=\"_blank\" rel=\"noopener noreferrer\">Solicitud de pr\u00f3rroga SRL antes del vencimiento del plazo (SNA)<\/a><\/li>\n<li><a href=\"https:\/\/atencionciudadana.mendoza.gob.ar\/solicitud-de-prorroga-srl-vencido-el-plazo-sna\/\" target=\"_blank\" rel=\"noopener noreferrer\">Solicitud de pr\u00f3rroga SRL vencido el plazo (SNA)<\/a><\/li>\n<li><a href=\"https:\/\/atencionciudadana.mendoza.gob.ar\/asamblea-ordinaria-documentacion-contable\/\" target=\"_blank\" rel=\"noopener noreferrer\">Asamblea Ordinaria \u2013 Documentaci\u00f3n Contable<\/a><\/li>\n<li><a href=\"https:\/\/atencionciudadana.mendoza.gob.ar\/cambio-de-jurisdiccion-sna\/\" target=\"_blank\" rel=\"noopener noreferrer\">Cambio de jurisdicci\u00f3n (SNA)<\/a><\/li>\n<li><a href=\"https:\/\/atencionciudadana.mendoza.gob.ar\/cambio-de-objeto-social-sna\/\" target=\"_blank\" rel=\"noopener noreferrer\">Cambio de objeto social (SNA)<\/a><\/li>\n<li><a href=\"https:\/\/atencionciudadana.mendoza.gob.ar\/cambio-sede-social-sna\/\" target=\"_blank\" rel=\"noopener noreferrer\">Cambio sede social (SNA)<\/a><\/li>\n<li><a href=\"https:\/\/atencionciudadana.mendoza.gob.ar\/certificacion-de-copias-ac\/\" target=\"_blank\" rel=\"noopener noreferrer\">Certificaci\u00f3n de Copias (AC)<\/a><\/li>\n<li><a href=\"https:\/\/atencionciudadana.mendoza.gob.ar\/certificacion-de-copias-fundaciones\/\" target=\"_blank\" rel=\"noopener noreferrer\">Certificaci\u00f3n de copias (Fundaciones)<\/a><\/li>\n<li><a href=\"https:\/\/atencionciudadana.mendoza.gob.ar\/certificacion-de-documentacion-sa-y-sca\/\" target=\"_blank\" rel=\"noopener noreferrer\">Certificaci\u00f3n de documentaci\u00f3n (SA y SCA)<\/a><\/li>\n<li><a href=\"https:\/\/atencionciudadana.mendoza.gob.ar\/certificacion-de-documentacion-sna\/\" target=\"_blank\" rel=\"noopener noreferrer\">Certificaci\u00f3n de documentaci\u00f3n (SNA)<\/a><\/li>\n<li><a href=\"https:\/\/atencionciudadana.mendoza.gob.ar\/certificado-de-vigencia-ac\/\" target=\"_blank\" rel=\"noopener noreferrer\">Certificado de vigencia (AC)<\/a><\/li>\n<li><a href=\"https:\/\/atencionciudadana.mendoza.gob.ar\/certificado-de-vigencia-fundaciones\/\" target=\"_blank\" rel=\"noopener noreferrer\">Certificado de vigencia (Fundaciones)<\/a><\/li>\n<li><a href=\"https:\/\/atencionciudadana.mendoza.gob.ar\/certificado-de-vigencia-sa-y-sca\/\" target=\"_blank\" rel=\"noopener noreferrer\">Certificado de vigencia (SA y SCA)<\/a><\/li>\n<li><a href=\"https:\/\/atencionciudadana.mendoza.gob.ar\/certificado-de-vigencia-sna\/\" target=\"_blank\" rel=\"noopener noreferrer\">Certificado de vigencia (SNA)<\/a><\/li>\n<li><a href=\"https:\/\/atencionciudadana.mendoza.gob.ar\/cesion-de-cuotas-sociales-sna\/\" target=\"_blank\" rel=\"noopener noreferrer\">Cesi\u00f3n de cuotas sociales (SNA)<\/a><\/li>\n<li><a href=\"https:\/\/atencionciudadana.mendoza.gob.ar\/constitucion-segun-art-no-123-sna\/\" target=\"_blank\" rel=\"noopener noreferrer\">Constituci\u00f3n seg\u00fan art N\u00ba 123 (SNA)<\/a><\/li>\n<li><a href=\"https:\/\/atencionciudadana.mendoza.gob.ar\/denuncias-de-asociaciones-civiles\/\" target=\"_blank\" rel=\"noopener noreferrer\">Denuncias de Asociaciones Civiles<\/a><\/li>\n<li><a href=\"https:\/\/atencionciudadana.mendoza.gob.ar\/desarchivo-de-documentacion-ac\/\" target=\"_blank\" rel=\"noopener noreferrer\">Desarchivo de documentaci\u00f3n (AC)<\/a><\/li>\n<li><a href=\"https:\/\/atencionciudadana.mendoza.gob.ar\/desarchivo-de-documentacion-fundaciones\/\" target=\"_blank\" rel=\"noopener noreferrer\">Desarchivo de documentaci\u00f3n (Fundaciones)<\/a><\/li>\n<li><a href=\"https:\/\/atencionciudadana.mendoza.gob.ar\/desarchivo-de-expedientes-sa-y-sca\/\" target=\"_blank\" rel=\"noopener noreferrer\">Desarchivo de expedientes (SA y SCA)<\/a><\/li>\n<li><a href=\"https:\/\/atencionciudadana.mendoza.gob.ar\/desarchivo-de-expedientes-sna\/\" target=\"_blank\" rel=\"noopener noreferrer\">Desarchivo de expedientes (SNA)<\/a><\/li>\n<li><a href=\"https:\/\/atencionciudadana.mendoza.gob.ar\/designacion-de-administradores-sindicos-sna\/\" target=\"_blank\" rel=\"noopener noreferrer\">Designaci\u00f3n de administradores \u2013 S\u00edndicos (SNA)<\/a><\/li>\n<li><a href=\"https:\/\/atencionciudadana.mendoza.gob.ar\/desparalizacion-de-actuaciones-sin-movimiento-ac\/\" target=\"_blank\" rel=\"noopener noreferrer\">Desparalizaci\u00f3n de actuaciones sin movimiento (AC)<\/a><\/li>\n<li><a href=\"https:\/\/atencionciudadana.mendoza.gob.ar\/desparalizacion-de-actuaciones-sin-movimiento-fundaciones\/\" target=\"_blank\" rel=\"noopener noreferrer\">Desparalizaci\u00f3n de actuaciones sin movimiento (Fundaciones)<\/a><\/li>\n<li><a href=\"https:\/\/atencionciudadana.mendoza.gob.ar\/desparalizacion-de-expedientes-sa-y-sca\/\" target=\"_blank\" rel=\"noopener noreferrer\">Desparalizaci\u00f3n de expedientes (SA y SCA)<\/a><\/li>\n<li><a href=\"https:\/\/atencionciudadana.mendoza.gob.ar\/desparalizacion-de-expedientes-sna\/\" target=\"_blank\" rel=\"noopener noreferrer\">Desparalizaci\u00f3n de expedientes (SNA)<\/a><\/li>\n<li><a href=\"https:\/\/atencionciudadana.mendoza.gob.ar\/disolucion-sna\/\" target=\"_blank\" rel=\"noopener noreferrer\">Disoluci\u00f3n (SNA)<\/a><\/li>\n<li><a href=\"https:\/\/atencionciudadana.mendoza.gob.ar\/documentacion-contable-anual-fuera-de-termino-incluida-art-299-previa-intimacion-sa-y-sca\/\" target=\"_blank\" rel=\"noopener noreferrer\">Documentaci\u00f3n contable anual -fuera de t\u00e9rmino- incluida art. 299 -previa intimaci\u00f3n- (SA y SCA)<\/a><\/li>\n<li><a href=\"https:\/\/atencionciudadana.mendoza.gob.ar\/documentacion-contable-anual-fuera-de-termino-no-incluidas-art-299-ls-sa-y-sca\/\" target=\"_blank\" rel=\"noopener noreferrer\">Documentaci\u00f3n contable anual -fuera de t\u00e9rmino- no incluidas art. 299 LS (SA y SCA)<\/a><\/li>\n<li><a href=\"https:\/\/atencionciudadana.mendoza.gob.ar\/documentacion-contable-anual-fuera-de-termino-no-incluidas-previa-intimacion-sa-y-sca\/\" target=\"_blank\" rel=\"noopener noreferrer\">Documentaci\u00f3n contable anual -fuera de t\u00e9rmino- no incluidas previa intimaci\u00f3n (SA y SCA)<\/a><\/li>\n<li><a href=\"https:\/\/atencionciudadana.mendoza.gob.ar\/documentacion-contable-anual-en-termino-sa-y-sca\/\" target=\"_blank\" rel=\"noopener noreferrer\">Documentaci\u00f3n contable anual en t\u00e9rmino (SA y SCA)<\/a><\/li>\n<li><a href=\"https:\/\/atencionciudadana.mendoza.gob.ar\/documentacion-contable-anual-en-termino-incluida-art-299-sa-y-sca-2\/\" target=\"_blank\" rel=\"noopener noreferrer\">Documentaci\u00f3n contable anual en t\u00e9rmino incluida art. 299 (SA y SCA)<\/a><\/li>\n<li><a href=\"https:\/\/atencionciudadana.mendoza.gob.ar\/documentacion-contable-anual-fuera-de-termino-sociedades-previa-intimacion-sna\/\" target=\"_blank\" rel=\"noopener noreferrer\">Documentaci\u00f3n contable anual fuera de t\u00e9rmino sociedades previa intimaci\u00f3n (SNA)<\/a><\/li>\n<li><a href=\"https:\/\/atencionciudadana.mendoza.gob.ar\/extravio-de-libros-solicitud-de-reemplazo-ac\/\" target=\"_blank\" rel=\"noopener noreferrer\">Extrav\u00edo de libros \u2013 Solicitud de reemplazo (AC)<\/a><\/li>\n<li><a href=\"https:\/\/atencionciudadana.mendoza.gob.ar\/extravio-de-libros-solicitud-de-reemplazo-fundaciones\/\" target=\"_blank\" rel=\"noopener noreferrer\">Extrav\u00edo de libros \u2013 Solicitud de reemplazo (Fundaciones)<\/a><\/li>\n<li><a href=\"https:\/\/atencionciudadana.mendoza.gob.ar\/transformacion-cambio-tipo-social-sna\/\" target=\"_blank\" rel=\"noopener\"><span>Transformaci\u00f3n, cambio tipo social (SNA)<\/span><\/a><\/li>\n<li><a href=\"https:\/\/atencionciudadana.mendoza.gob.ar\/transferencia-de-fondo-de-comercio-inscripcion\/\"><span>Transferencia de Fondo de Comercio \u2013 Inscripci\u00f3n<\/span><\/a><\/li>\n<li><a href=\"https:\/\/atencionciudadana.mendoza.gob.ar\/aumento-de-capital-sa-y-sca\/\" target=\"_blank\" rel=\"noopener\"><span>Aumento de capital (SA y SCA)<\/span><\/a><\/li>\n<li><a href=\"https:\/\/atencionciudadana.mendoza.gob.ar\/aumento-de-capital-sna\/\" target=\"_blank\" rel=\"noopener\"><span>Aumento de capital (SNA)<\/span><\/a><\/li>\n<li><a href=\"https:\/\/atencionciudadana.mendoza.gob.ar\/cambio-de-sede-social-sa-y-sca\/\" target=\"_blank\" rel=\"noopener\"><span>Cambio de sede social (SA y SCA)<\/span><\/a><\/li>\n<li><a href=\"https:\/\/atencionciudadana.mendoza.gob.ar\/constitucion-ac\/\" target=\"_blank\" rel=\"noopener\"><span>Constituci\u00f3n (AC)<\/span><\/a><\/li>\n<li><a href=\"https:\/\/atencionciudadana.mendoza.gob.ar\/constitucion-ace\/\" target=\"_blank\" rel=\"noopener\"><span>Constituci\u00f3n (ACE)<\/span><\/a><\/li>\n<li><a href=\"https:\/\/atencionciudadana.mendoza.gob.ar\/constitucion-fundaciones\/\" target=\"_blank\" rel=\"noopener\"><span>Constituci\u00f3n (Fundaciones)<\/span><\/a><\/li>\n<li><a href=\"https:\/\/atencionciudadana.mendoza.gob.ar\/constitucion-sa-y-sca\/\" target=\"_blank\" rel=\"noopener\"><span>Constituci\u00f3n (SA y SCA)<\/span><\/a><\/li>\n<li><a href=\"https:\/\/atencionciudadana.mendoza.gob.ar\/constitucion-sas\/\" target=\"_blank\" rel=\"noopener\"><span>Constituci\u00f3n (SAS)<\/span><\/a><\/li>\n<li><a href=\"https:\/\/atencionciudadana.mendoza.gob.ar\/constitucion-sau\/\" target=\"_blank\" rel=\"noopener\"><span>Constituci\u00f3n (SAU)<\/span><\/a><\/li>\n<li><a href=\"https:\/\/atencionciudadana.mendoza.gob.ar\/constitucion-sna\/\" target=\"_blank\" rel=\"noopener\"><span>Constituci\u00f3n (SNA)<\/span><\/a><\/li>\n<li><a href=\"https:\/\/atencionciudadana.mendoza.gob.ar\/constitucion-union-transitoria-de-empresas\/\" target=\"_blank\" rel=\"noopener\"><span>Constituci\u00f3n (Uni\u00f3n Transitoria de Empresas)<\/span><\/a><\/li>\n<li><a href=\"https:\/\/atencionciudadana.mendoza.gob.ar\/constitucion-de-sociedades-extranjeras-sa-y-sca\/\" target=\"_blank\" rel=\"noopener\"><span>Constituci\u00f3n de sociedades extranjeras (SA y SCA)<\/span><\/a><\/li>\n<li><a href=\"https:\/\/atencionciudadana.mendoza.gob.ar\/constitucion-e-inscripcion-comerciantes\/\" target=\"_blank\" rel=\"noopener\"><span>Constituci\u00f3n e inscripci\u00f3n (Comerciantes)<\/span><\/a><\/li>\n<li><a href=\"https:\/\/atencionciudadana.mendoza.gob.ar\/constitucion-e-inscripcion-martillero-publico-y-corredor-de-comercio\/\" target=\"_blank\" rel=\"noopener\"><span>Constituci\u00f3n e inscripci\u00f3n (Martillero P\u00fablico y Corredor de Comercio)<\/span><\/a><\/li>\n<li><a href=\"https:\/\/atencionciudadana.mendoza.gob.ar\/designacion-de-administradores-renuncias-sa-y-sca\/\" target=\"_blank\" rel=\"noopener\"><span>Designaci\u00f3n de administradores \u2013 renuncias (SA y SCA)<\/span><\/a><\/li>\n<li><a href=\"https:\/\/atencionciudadana.mendoza.gob.ar\/inscripcion-de-sociedades-extranjeras-sa-y-sca\/\" target=\"_blank\" rel=\"noopener\"><span>Inscripci\u00f3n de sociedades extranjeras (SA y SCA)<\/span><\/a><\/li>\n<li><a href=\"https:\/\/atencionciudadana.mendoza.gob.ar\/inscripcion-de-sucursal-sa-y-sca\/\" target=\"_blank\" rel=\"noopener\"><span>Inscripci\u00f3n de sucursal (SA y SCA)<\/span><\/a><\/li>\n<li><a href=\"https:\/\/atencionciudadana.mendoza.gob.ar\/inscripcion-de-sucursal-srl-sna\/\" target=\"_blank\" rel=\"noopener\"><span>Inscripci\u00f3n de sucursal SRL (SNA)<\/span><\/a><\/li>\n<\/ul>\n<\/ul>\n<p>[\/et_pb_toggle][\/et_pb_column][et_pb_column type=\u00bb1_3&#8243; _builder_version=\u00bb4.27.4&#8243; _module_preset=\u00bbdefault\u00bb custom_padding=\u00bb1em||||false|false\u00bb global_colors_info=\u00bb{}\u00bb][et_pb_text module_id=\u00bbcultura\u00bb _builder_version=\u00bb4.27.4&#8243; _module_preset=\u00bbdefault\u00bb text_font=\u00bb|600|||||||\u00bb text_text_color=\u00bb#FFFFFF\u00bb text_font_size=\u00bb20px\u00bb background_color=\u00bb#3CB4E5&#8243; custom_margin=\u00bb0px||0px||true|false\u00bb custom_padding=\u00bb1rem||1rem||true|false\u00bb border_radii=\u00bboff|15px|15px||\u00bb global_colors_info=\u00bb{}\u00bb]<\/p>\n<p style=\"text-align: center\">Trabajo y Empleo<\/p>\n<p>[\/et_pb_text][et_pb_toggle title=\u00bbVer tr\u00e1mites\u00bb _builder_version=\u00bb4.27.4&#8243; _module_preset=\u00bbdefault\u00bb global_colors_info=\u00bb{}\u00bb]<\/p>\n<ul>\n<li><a href=\"https:\/\/atencionciudadana.mendoza.gob.ar\/acuerdos-espontaneos\/\" target=\"_blank\" rel=\"noopener noreferrer\">Acuerdos espont\u00e1neos<\/a><\/li>\n<li><a href=\"https:\/\/atencionciudadana.mendoza.gob.ar\/autorizacion-de-trabajo-adolescente\/\" target=\"_blank\" rel=\"noopener noreferrer\">Autorizaci\u00f3n de trabajo adolescente<\/a><\/li>\n<li><a href=\"https:\/\/atencionciudadana.mendoza.gob.ar\/autorizacion-de-trabajo-artistico\/\" target=\"_blank\" rel=\"noopener noreferrer\">Autorizaci\u00f3n de Trabajo Art\u00edstico<\/a><\/li>\n<li><a href=\"https:\/\/atencionciudadana.mendoza.gob.ar\/autorizacion-planillas-de-kilometraje\/\" target=\"_blank\" rel=\"noopener noreferrer\">Autorizaci\u00f3n planillas de kilometraje<\/a><\/li>\n<li><a href=\"https:\/\/atencionciudadana.mendoza.gob.ar\/autorizacion-sistema-de-control-horario\/\" target=\"_blank\" rel=\"noopener noreferrer\">Autorizaci\u00f3n Sistema de Control Horario<\/a><\/li>\n<li><a href=\"https:\/\/atencionciudadana.mendoza.gob.ar\/habilitacion-de-aparatos-sometidos-a-presion\/\" target=\"_blank\" rel=\"noopener noreferrer\">Habilitaci\u00f3n de Aparatos Sometidos a Presi\u00f3n<\/a><\/li>\n<li><a href=\"https:\/\/atencionciudadana.mendoza.gob.ar\/habilitacion-de-libro-de-higiene-y-seguridad\/\" target=\"_blank\" rel=\"noopener noreferrer\">Habilitaci\u00f3n de libro de higiene y seguridad<\/a><\/li>\n<li><a href=\"https:\/\/atencionciudadana.mendoza.gob.ar\/habilitacion-libro-de-medicina-laboral\/\" target=\"_blank\" rel=\"noopener noreferrer\">Habilitaci\u00f3n Libro de Medicina Laboral<\/a><\/li>\n<li><a href=\"https:\/\/atencionciudadana.mendoza.gob.ar\/inspeccion-de-higiene-y-seguridad\/\" target=\"_blank\" rel=\"noopener noreferrer\">Inspecci\u00f3n de Higiene y Seguridad<\/a><\/li>\n<li><a href=\"https:\/\/atencionciudadana.mendoza.gob.ar\/inspeccion-laboral\/\" target=\"_blank\" rel=\"noopener noreferrer\">Inspecci\u00f3n Laboral<\/a><\/li>\n<li><a href=\"https:\/\/atencionciudadana.mendoza.gob.ar\/personal-de-casas-particulares\/\" target=\"_blank\" rel=\"noopener noreferrer\">Personal de casas particulares<\/a><\/li>\n<li><a href=\"https:\/\/atencionciudadana.mendoza.gob.ar\/presentacion-de-crisis-de-empresa\/\" target=\"_blank\" rel=\"noopener noreferrer\">Presentaci\u00f3n de Crisis de Empresa<\/a><\/li>\n<li><a href=\"https:\/\/atencionciudadana.mendoza.gob.ar\/reconocimiento-de-tareas-insalubres\/\" target=\"_blank\" rel=\"noopener noreferrer\">Reconocimiento de Tareas Insalubres<\/a><\/li>\n<li><a href=\"https:\/\/atencionciudadana.mendoza.gob.ar\/registro-de-contratistas-de-vinas-y-frutales\/\" target=\"_blank\" rel=\"noopener noreferrer\">Registro de Contratistas de Vi\u00f1as y Frutales<\/a><\/li>\n<li><a href=\"https:\/\/atencionciudadana.mendoza.gob.ar\/registro-de-medico-laboral\/\" target=\"_blank\" rel=\"noopener noreferrer\">Registro de M\u00e9dico Laboral<\/a><\/li>\n<li><a href=\"https:\/\/atencionciudadana.mendoza.gob.ar\/registro-de-operadores-y-calderistas\/\" target=\"_blank\" rel=\"noopener noreferrer\">Registro de Operadores y Calderistas<\/a><\/li>\n<li><a href=\"https:\/\/atencionciudadana.mendoza.gob.ar\/registro-tecnicos-o-profesionales-en-higiene-y-seguridad\/\" target=\"_blank\" rel=\"noopener noreferrer\">Registro T\u00e9cnicos o Profesionales en Higiene y Seguridad<\/a><\/li>\n<li><a href=\"https:\/\/atencionciudadana.mendoza.gob.ar\/rubrica-de-libretas-de-trabajo\/\" target=\"_blank\" rel=\"noopener noreferrer\">R\u00fabrica de libretas de trabajo<\/a><\/li>\n<li><a href=\"https:\/\/atencionciudadana.mendoza.gob.ar\/seguro-por-desempleo\/\" target=\"_blank\" rel=\"noopener noreferrer\">Seguro por desempleo<\/a><\/li>\n<li><a href=\"https:\/\/atencionciudadana.mendoza.gob.ar\/solicitud-de-habilitacion-e-inscripcion-recipientes-de-aire-comprimidos-a-presion-o-aire-comprimido\/\" target=\"_blank\" rel=\"noopener noreferrer\">Solicitud de habilitaci\u00f3n e inscripci\u00f3n, recipientes de aire comprimidos a presi\u00f3n o aire comprimido<\/a><\/li>\n<li><a href=\"https:\/\/atencionciudadana.mendoza.gob.ar\/solicitud-de-juntas-medicas\/\" target=\"_blank\" rel=\"noopener noreferrer\">Solicitud de Juntas M\u00e9dicas<\/a><\/li>\n<li><a href=\"https:\/\/atencionciudadana.mendoza.gob.ar\/trabajo-infantil-en-empresa-familiar\/\" target=\"_blank\" rel=\"noopener noreferrer\">Trabajo infantil en empresa familiar<\/a><\/li>\n<li><a href=\"https:\/\/atencionciudadana.mendoza.gob.ar\/violencia-laboral\/\" target=\"_blank\" rel=\"noopener noreferrer\">Violencia laboral<\/a><\/li>\n<li><a href=\"https:\/\/atencionciudadana.mendoza.gob.ar\/visado-de-preocupacionales\/\" target=\"_blank\" rel=\"noopener noreferrer\">Visado de Preocupacionales<\/a><\/li>\n<li><a href=\"https:\/\/atencionciudadana.mendoza.gob.ar\/reclamo-por-despido-oficina-conciliacion-laboral\/\" target=\"_blank\" rel=\"noopener noreferrer\">Reclamo por Despido (Oficina Conciliaci\u00f3n Laboral)<\/a><\/li>\n<li><a href=\"https:\/\/atencionciudadana.mendoza.gob.ar\/reclamo-por-cobro-de-salarios-oficina-conciliacion-laboral\/\" target=\"_blank\" rel=\"noopener noreferrer\">Reclamo por Cobro de salarios (Oficina Conciliaci\u00f3n Laboral)<\/a><\/li>\n<li><a href=\"https:\/\/atencionciudadana.mendoza.gob.ar\/reclamo-por-dano-moral-oficina-conciliacion-laboral\/\" target=\"_blank\" rel=\"noopener noreferrer\">Reclamo por Da\u00f1o moral (Oficina Conciliaci\u00f3n Laboral)<\/a><\/li>\n<li><a href=\"https:\/\/atencionciudadana.mendoza.gob.ar\/reclamo-por-desalojo-oficina-conciliacion-laboral\/\" target=\"_blank\" rel=\"noopener noreferrer\">Reclamo por Desalojo (Oficina Conciliaci\u00f3n Laboral)<\/a><\/li>\n<li><a href=\"https:\/\/atencionciudadana.mendoza.gob.ar\/reclamo-por-diferencias-salariales-oficina-conciliacion-laboral\/\" target=\"_blank\" rel=\"noopener noreferrer\">Reclamo por Diferencias salariales (Oficina Conciliaci\u00f3n Laboral)<\/a><\/li>\n<li><a href=\"https:\/\/atencionciudadana.mendoza.gob.ar\/reclamo-por-pago-de-vacaciones-y-aguinaldo-oficina-conciliacion-laboral\/\" target=\"_blank\" rel=\"noopener noreferrer\">Reclamo por Pago de vacaciones y aguinaldo (Oficina Conciliaci\u00f3n Laboral)<\/a><\/li>\n<li><a href=\"https:\/\/atencionciudadana.mendoza.gob.ar\/registro-de-medico-laboral-extravio-de-carnet\/\"><span>Registro de M\u00e9dico Laboral &#8211; Extrav\u00edo de Carnet<\/span><\/a><\/li>\n<li><a href=\"https:\/\/atencionciudadana.mendoza.gob.ar\/registro-de-operadores-y-calderistas-renovacion\/\"><span>Registro de Operadores y Calderistas (renovaci\u00f3n)<\/span><\/a><span><\/span><\/li>\n<li><a href=\"https:\/\/atencionciudadana.mendoza.gob.ar\/registro-de-operadores-y-calderistas-extravio-de-carnet-de-calderista-u-operador\/\"><span>Registro de Operadores y Calderistas: Extrav\u00edo de carnet de Calderista u Operador<\/span><\/a><span><\/span><\/li>\n<li><a href=\"https:\/\/atencionciudadana.mendoza.gob.ar\/registro-tecnicos-o-profesionales-en-higiene-y-seguridad-extravio-de-carnet\/\"><span>Registro T\u00e9cnicos o Profesionales en Higiene y Seguridad. Extrav\u00edo de carnet<\/span><\/a><span><\/span><\/li>\n<\/ul>\n<p>[\/et_pb_toggle][\/et_pb_column][et_pb_column type=\u00bb1_3&#8243; _builder_version=\u00bb4.27.4&#8243; _module_preset=\u00bbdefault\u00bb custom_padding=\u00bb1em||||false|false\u00bb global_colors_info=\u00bb{}\u00bb][et_pb_text module_id=\u00bbcultura\u00bb _builder_version=\u00bb4.27.4&#8243; _module_preset=\u00bbdefault\u00bb text_font=\u00bb|600|||||||\u00bb text_text_color=\u00bb#FFFFFF\u00bb text_font_size=\u00bb20px\u00bb background_color=\u00bb#3CB4E5&#8243; custom_margin=\u00bb0px||0px||true|false\u00bb custom_padding=\u00bb1rem||1rem||true|false\u00bb border_radii=\u00bboff|15px|15px||\u00bb global_colors_info=\u00bb{}\u00bb]<\/p>\n<p style=\"text-align: center\">Defensa del Consumidor<\/p>\n<p>[\/et_pb_text][et_pb_toggle title=\u00bbVer tr\u00e1mites\u00bb _builder_version=\u00bb4.27.4&#8243; _module_preset=\u00bbdefault\u00bb locked=\u00bboff\u00bb global_colors_info=\u00bb{}\u00bb]<\/p>\n<ul>\n<li><a href=\"https:\/\/atencionciudadana.mendoza.gob.ar\/consultas-y-denuncias-de-consumidores\/\" target=\"_blank\" rel=\"noreferrer\">Consultas y denuncias de consumidores<\/a><\/li>\n<li><a href=\"https:\/\/atencionciudadana.mendoza.gob.ar\/consultas-y-denuncias-de-consumidores-para-personas-en-situacion-vulnerable-y-de-desventaja-que-vivan-en-el-gran-mendoza\/\" target=\"_blank\" rel=\"noreferrer\">Consultas y denuncias de consumidores para personas en situaci\u00f3n vulnerable y de desventaja que vivan en el Gran Mendoza<\/a><\/li>\n<li><a href=\"https:\/\/atencionciudadana.mendoza.gob.ar\/consultas-y-denuncias-de-consumidores-turistas\/\" target=\"_blank\" rel=\"noreferrer\">Consultas y denuncias de consumidores: Turistas<\/a><\/li>\n<li><a href=\"https:\/\/atencionciudadana.mendoza.gob.ar\/denuncias-2\/\" target=\"_blank\" rel=\"noreferrer\">Denuncias<\/a><\/li>\n<li><a href=\"https:\/\/atencionciudadana.mendoza.gob.ar\/libro-de-quejas\/\" target=\"_blank\" rel=\"noreferrer\">Libro de quejas<\/a><\/li>\n<li><a href=\"https:\/\/atencionciudadana.mendoza.gob.ar\/pago-de-una-multa-procedimiento-digital\/\" target=\"_blank\" rel=\"noreferrer\">Pago de una multa (procedimiento digital)<\/a><\/li>\n<\/ul>\n<p>[\/et_pb_toggle][\/et_pb_column][\/et_pb_row][et_pb_row column_structure=\u00bb1_3,1_3,1_3&#8243; use_custom_gutter=\u00bbon\u00bb gutter_width=\u00bb2&#8243; make_equal=\u00bbon\u00bb _builder_version=\u00bb4.27.4&#8243; _module_preset=\u00bbdefault\u00bb custom_margin=\u00bb0px||0px||false|false\u00bb custom_padding=\u00bb1rem||1rem||true|false\u00bb locked=\u00bboff\u00bb global_colors_info=\u00bb{}\u00bb][et_pb_column type=\u00bb1_3&#8243; _builder_version=\u00bb4.27.4&#8243; _module_preset=\u00bbdefault\u00bb custom_padding=\u00bb1em||||false|false\u00bb global_colors_info=\u00bb{}\u00bb][et_pb_text module_id=\u00bbcultura\u00bb _builder_version=\u00bb4.27.4&#8243; _module_preset=\u00bbdefault\u00bb text_font=\u00bb|600|||||||\u00bb text_text_color=\u00bb#FFFFFF\u00bb text_font_size=\u00bb20px\u00bb background_color=\u00bb#3CB4E5&#8243; custom_margin=\u00bb0px||0px||true|false\u00bb custom_padding=\u00bb1rem||1rem||true|false\u00bb border_radii=\u00bboff|15px|15px||\u00bb global_colors_info=\u00bb{}\u00bb]<\/p>\n<p style=\"text-align: center\">Contingencia Social y Pol\u00edticas<\/p>\n<p>[\/et_pb_text][et_pb_toggle title=\u00bbVer tr\u00e1mites\u00bb _builder_version=\u00bb4.27.4&#8243; _module_preset=\u00bbdefault\u00bb locked=\u00bboff\u00bb global_colors_info=\u00bb{}\u00bb]<\/p>\n<ul>\n<li><a href=\"https:\/\/atencionciudadana.mendoza.gob.ar\/subsidios-por-ayuda-social-directa-usuarios-residenciales-de-escasos-recursos-ley-6044-art-26\/\">SUBSIDIOS por Ayuda Social Directa. Usuarios Residenciales de escasos recursos (Ley 6044 Art. 26)<\/a><\/li>\n<li><a href=\"https:\/\/atencionciudadana.mendoza.gob.ar\/prestaciones-en-bienes-modulos-alimentarios-colchones-frazadas-calzados-y-materiales-para-techos-nivel-personal-o-familiar\/\">PRESTACIONES EN BIENES (M\u00f3dulos Alimentarios, Colchones; Frazadas, Calzados y Materiales para Techos, nivel personal o familiar)<\/a><\/li>\n<\/ul>\n<p>[\/et_pb_toggle][\/et_pb_column][et_pb_column type=\u00bb1_3&#8243; _builder_version=\u00bb4.27.4&#8243; _module_preset=\u00bbdefault\u00bb custom_padding=\u00bb1em||||false|false\u00bb global_colors_info=\u00bb{}\u00bb][et_pb_text module_id=\u00bbcultura\u00bb _builder_version=\u00bb4.27.4&#8243; _module_preset=\u00bbdefault\u00bb text_font=\u00bb|600|||||||\u00bb text_text_color=\u00bb#FFFFFF\u00bb text_font_size=\u00bb20px\u00bb background_color=\u00bb#3CB4E5&#8243; custom_margin=\u00bb0px||0px||true|false\u00bb custom_padding=\u00bb1rem||1rem||true|false\u00bb border_radii=\u00bboff|15px|15px||\u00bb global_colors_info=\u00bb{}\u00bb]<\/p>\n<p style=\"text-align: center\">G\u00e9nero y Diversidad<\/p>\n<p>[\/et_pb_text][et_pb_toggle title=\u00bbVer tr\u00e1mites\u00bb _builder_version=\u00bb4.27.4&#8243; _module_preset=\u00bbdefault\u00bb global_colors_info=\u00bb{}\u00bb]<\/p>\n<ul>\n<li><a href=\"https:\/\/atencionciudadana.mendoza.gob.ar\/servicio-de-consejeria-de-genero-y-diversidad\/\">Servicio de Consejer\u00eda de G\u00e9nero y Diversidad<\/a><\/li>\n<li><a href=\"https:\/\/atencionciudadana.mendoza.gob.ar\/programa-de-masculinidades-y-abordaje-en-violencia-de-genero\/\">Programa de Masculinidades y Abordaje en violencia de G\u00e9nero<\/a><\/li>\n<li><a href=\"https:\/\/atencionciudadana.mendoza.gob.ar\/espacio-operativo-grupal\/\">Espacio Operativo Grupal<\/a><\/li>\n<li><a href=\"https:\/\/atencionciudadana.mendoza.gob.ar\/subsidios-programa-nuevas-redes\/\">Subsidios (Programa Nuevas Redes)<\/a><\/li>\n<\/ul>\n<p>[\/et_pb_toggle][\/et_pb_column][et_pb_column type=\u00bb1_3&#8243; _builder_version=\u00bb4.27.4&#8243; _module_preset=\u00bbdefault\u00bb custom_padding=\u00bb1em||||false|false\u00bb global_colors_info=\u00bb{}\u00bb][et_pb_text module_id=\u00bbcultura\u00bb _builder_version=\u00bb4.27.4&#8243; _module_preset=\u00bbdefault\u00bb text_font=\u00bb|600|||||||\u00bb text_text_color=\u00bb#FFFFFF\u00bb text_font_size=\u00bb20px\u00bb background_color=\u00bb#3CB4E5&#8243; custom_margin=\u00bb0px||0px||true|false\u00bb custom_padding=\u00bb1rem||1rem||true|false\u00bb border_radii=\u00bboff|15px|15px||\u00bb global_colors_info=\u00bb{}\u00bb]<\/p>\n<p style=\"text-align: center\">Desarrollo Social<\/p>\n<p>[\/et_pb_text][et_pb_toggle title=\u00bbVer tr\u00e1mites\u00bb _builder_version=\u00bb4.27.4&#8243; _module_preset=\u00bbdefault\u00bb locked=\u00bboff\u00bb global_colors_info=\u00bb{}\u00bb]<\/p>\n<ul>\n<li><a href=\"https:\/\/atencionciudadana.mendoza.gob.ar\/obtener-numero-de-registro-de-las-unidades-de-la-economia-social-y-solidaria-ruesys\/\" target=\"_blank\" rel=\"noopener noreferrer\">Obtener n\u00famero de Registro de las Unidades de la Econom\u00eda Social y Solidaria (RUESYS)<\/a><\/li>\n<li><a href=\"https:\/\/atencionciudadana.mendoza.gob.ar\/registrar-marca-inpi-instituto-nacional-de-propiedad-intelectual\/\" target=\"_blank\" rel=\"noopener noreferrer\">Registrar Marca &#8211; INPI (Instituto Nacional de Propiedad Intelectual)<\/a><\/li>\n<li><a href=\"https:\/\/atencionciudadana.mendoza.gob.ar\/registro-marca-colectiva\/\" target=\"_blank\" rel=\"noopener noreferrer\">Registro Marca Colectiva<\/a><\/li>\n<li><a href=\"https:\/\/atencionciudadana.mendoza.gob.ar\/tramitar-habilitacion-comercial-godoy-cruz\/\" target=\"_blank\" rel=\"noopener noreferrer\">Tramitar Habilitaci\u00f3n Comercial Godoy Cruz<\/a><\/li>\n<li><a href=\"https:\/\/atencionciudadana.mendoza.gob.ar\/tramitar-habilitacion-comercial-lujan-de-cuyo\/\" target=\"_blank\" rel=\"noopener noreferrer\">Tramitar Habilitaci\u00f3n Comercial Luj\u00e1n de Cuyo<\/a><\/li>\n<li><a href=\"https:\/\/atencionciudadana.mendoza.gob.ar\/tramitar-habilitacion-comercial-guaymallen\/\" target=\"_blank\" rel=\"noopener noreferrer\">Tramitar Habilitaci\u00f3n Comercial Guaymall\u00e9n<\/a><\/li>\n<li><a href=\"https:\/\/atencionciudadana.mendoza.gob.ar\/tramitar-habilitacion-comercial-maipu\/\" target=\"_blank\" rel=\"noopener noreferrer\">Tramitar Habilitaci\u00f3n Comercial Maip\u00fa<\/a><\/li>\n<li><a href=\"https:\/\/atencionciudadana.mendoza.gob.ar\/tramitar-habilitacion-comercial-las-heras\/\" target=\"_blank\" rel=\"noopener noreferrer\">Tramitar Habilitaci\u00f3n Comercial Las Heras<\/a><\/li>\n<li><a href=\"https:\/\/atencionciudadana.mendoza.gob.ar\/tramitar-habilitacion-comercial-lavalle\/\" target=\"_blank\" rel=\"noopener noreferrer\">Tramitar Habilitaci\u00f3n Comercial Lavalle<\/a><\/li>\n<li><a href=\"https:\/\/atencionciudadana.mendoza.gob.ar\/tramitar-habilitacion-comercial-rivadavia\/\" target=\"_blank\" rel=\"noopener noreferrer\">Tramitar Habilitaci\u00f3n Comercial Rivadavia<\/a><\/li>\n<li><a href=\"https:\/\/atencionciudadana.mendoza.gob.ar\/tramitar-habilitacion-comercial-junin\/\" target=\"_blank\" rel=\"noopener noreferrer\">Tramitar Habilitaci\u00f3n Comercial Jun\u00edn<\/a><\/li>\n<li><a href=\"https:\/\/atencionciudadana.mendoza.gob.ar\/tramitar-habilitacion-comercial-tupungato\/\" target=\"_blank\" rel=\"noopener noreferrer\">Tramitar Habilitaci\u00f3n Comercial Tupungato<\/a><\/li>\n<li><a href=\"https:\/\/atencionciudadana.mendoza.gob.ar\/tramitar-habilitacion-comercial-malargue\/\" target=\"_blank\" rel=\"noopener noreferrer\">Tramitar Habilitaci\u00f3n Comercial Malarg\u00fce<\/a><\/li>\n<li><a href=\"https:\/\/atencionciudadana.mendoza.gob.ar\/tramitar-habilitacion-comercial-san-rafael\/\" target=\"_blank\" rel=\"noopener noreferrer\">Tramitar Habilitaci\u00f3n Comercial San Rafael<\/a><\/li>\n<li><a href=\"https:\/\/atencionciudadana.mendoza.gob.ar\/construir-una-mutual\/\" target=\"_blank\" rel=\"noopener noreferrer\">Construir una Mutual<\/a><\/li>\n<li><a href=\"https:\/\/atencionciudadana.mendoza.gob.ar\/busqueda-familiar-de-identidad-biologica-de-origen-y-socioafectivo-ley-9182\/\" target=\"_blank\" rel=\"noopener noreferrer\">B\u00fasqueda familiar, de identidad biol\u00f3gica, de origen y socioafectivo Ley 9182<\/a><\/li>\n<li><a href=\"https:\/\/atencionciudadana.mendoza.gob.ar\/recepcion-de-denuncias-sobre-derechos-humanos-vulnerados\/\" target=\"_blank\" rel=\"noopener noreferrer\">Recepci\u00f3n de Denuncias sobre Derechos Humanos Vulnerados<\/a><\/li>\n<li><a href=\"https:\/\/atencionciudadana.mendoza.gob.ar\/programa-trata-de-personas-ley-26-364-08-y-modificatoria-26-842-12\/\" target=\"_blank\" rel=\"noopener noreferrer\">Programa trata de personas: Ley 26.364\/08 y modificatoria 26.842\/12<\/a><\/li>\n<\/ul>\n<p>[\/et_pb_toggle][\/et_pb_column][\/et_pb_row][et_pb_row column_structure=\u00bb1_3,1_3,1_3&#8243; use_custom_gutter=\u00bbon\u00bb gutter_width=\u00bb2&#8243; make_equal=\u00bbon\u00bb _builder_version=\u00bb4.27.4&#8243; _module_preset=\u00bbdefault\u00bb custom_margin=\u00bb0px||0px||false|false\u00bb custom_padding=\u00bb1rem||1rem||true|false\u00bb locked=\u00bboff\u00bb global_colors_info=\u00bb{}\u00bb][et_pb_column type=\u00bb1_3&#8243; _builder_version=\u00bb4.27.4&#8243; _module_preset=\u00bbdefault\u00bb custom_padding=\u00bb1em||||false|false\u00bb global_colors_info=\u00bb{}\u00bb][et_pb_text module_id=\u00bbcultura\u00bb _builder_version=\u00bb4.27.4&#8243; _module_preset=\u00bbdefault\u00bb text_font=\u00bb|600|||||||\u00bb text_text_color=\u00bb#FFFFFF\u00bb text_font_size=\u00bb20px\u00bb background_color=\u00bb#3CB4E5&#8243; custom_margin=\u00bb0px||0px||true|false\u00bb custom_padding=\u00bb1rem||1rem||true|false\u00bb border_radii=\u00bboff|15px|15px||\u00bb global_colors_info=\u00bb{}\u00bb]<\/p>\n<p style=\"text-align: center\">Gobierno<\/p>\n<p>[\/et_pb_text][et_pb_toggle title=\u00bbVer tr\u00e1mites\u00bb _builder_version=\u00bb4.27.4&#8243; _module_preset=\u00bbdefault\u00bb locked=\u00bboff\u00bb global_colors_info=\u00bb{}\u00bb]<\/p>\n<ul>\n<li><a href=\"https:\/\/atencionciudadana.mendoza.gob.ar\/alta-de-usuario-boletin-oficial\/\">Alta de Usuario Bolet\u00edn Oficial<\/a><\/li>\n<li><a href=\"https:\/\/atencionciudadana.mendoza.gob.ar\/descarga-certificado-ex-combatientes\/\">Descarga Certificado ex combatientes<\/a><\/li>\n<li><a href=\"https:\/\/atencionciudadana.mendoza.gob.ar\/baja-de-usuario-de-boletin-oficial\/\" target=\"_blank\" rel=\"noreferrer\">Baja de Usuario de Bolet\u00edn oficial<\/a><\/li>\n<\/ul>\n<p>[\/et_pb_toggle][\/et_pb_column][et_pb_column type=\u00bb1_3&#8243; _builder_version=\u00bb4.27.4&#8243; _module_preset=\u00bbdefault\u00bb custom_padding=\u00bb1em||||false|false\u00bb global_colors_info=\u00bb{}\u00bb][et_pb_text module_id=\u00bbcultura\u00bb _builder_version=\u00bb4.27.4&#8243; _module_preset=\u00bbdefault\u00bb text_font=\u00bb|600|||||||\u00bb text_text_color=\u00bb#FFFFFF\u00bb text_font_size=\u00bb20px\u00bb background_color=\u00bb#3CB4E5&#8243; custom_margin=\u00bb0px||0px||true|false\u00bb custom_padding=\u00bb1rem||1rem||true|false\u00bb border_radii=\u00bboff|15px|15px||\u00bb global_colors_info=\u00bb{}\u00bb]<\/p>\n<p style=\"text-align: center\">Modernizaci\u00f3n<\/p>\n<p>[\/et_pb_text][et_pb_toggle title=\u00bbVer tr\u00e1mites\u00bb _builder_version=\u00bb4.27.4&#8243; _module_preset=\u00bbdefault\u00bb global_colors_info=\u00bb{}\u00bb]<\/p>\n<ul>\n<li><a href=\"https:\/\/atencionciudadana.mendoza.gob.ar\/firma-digital-con-token\/\">Firma Digital con token<\/a><\/li>\n<li><a href=\"https:\/\/atencionciudadana.mendoza.gob.ar\/firma-digital-remota\/\">Firma Digital Remota<\/a><\/li>\n<\/ul>\n<p>[\/et_pb_toggle][\/et_pb_column][et_pb_column type=\u00bb1_3&#8243; _builder_version=\u00bb4.27.4&#8243; _module_preset=\u00bbdefault\u00bb custom_padding=\u00bb1em||||false|false\u00bb global_colors_info=\u00bb{}\u00bb][et_pb_text module_id=\u00bbcultura\u00bb _builder_version=\u00bb4.27.4&#8243; _module_preset=\u00bbdefault\u00bb text_font=\u00bb|600|||||||\u00bb text_text_color=\u00bb#FFFFFF\u00bb text_font_size=\u00bb20px\u00bb background_color=\u00bb#3CB4E5&#8243; custom_margin=\u00bb0px||0px||true|false\u00bb custom_padding=\u00bb1rem||1rem||true|false\u00bb border_radii=\u00bboff|15px|15px||\u00bb global_colors_info=\u00bb{}\u00bb]<\/p>\n<p style=\"text-align: center\">Transporte<\/p>\n<p>[\/et_pb_text][et_pb_toggle title=\u00bbVer tr\u00e1mites\u00bb _builder_version=\u00bb4.27.4&#8243; _module_preset=\u00bbdefault\u00bb locked=\u00bboff\u00bb global_colors_info=\u00bb{}\u00bb]<\/p>\n<ul>\n<li><a href=\"https:\/\/atencionciudadana.mendoza.gob.ar\/abono-discapacidad-2\/\" target=\"_blank\" rel=\"noopener noreferrer\">Abono Discapacidad<\/a><\/li>\n<li><a href=\"https:\/\/atencionciudadana.mendoza.gob.ar\/abono-docente-y-celadores\/\" target=\"_blank\" rel=\"noopener noreferrer\">Abono Docente y Celadores<\/a><\/li>\n<li><a href=\"https:\/\/atencionciudadana.mendoza.gob.ar\/abono-ley-7811-pase-libre-de-transporte\/\" target=\"_blank\" rel=\"noopener noreferrer\">Abono Ley 7811 Pase Libre de Transporte<\/a><\/li>\n<li><a href=\"https:\/\/atencionciudadana.mendoza.gob.ar\/abono-mayor-70-anos\/\" target=\"_blank\" rel=\"noopener noreferrer\">Abono Mayor 70 a\u00f1os<\/a><\/li>\n<li><a href=\"https:\/\/atencionciudadana.mendoza.gob.ar\/abono-tercera-edad\/\" target=\"_blank\" rel=\"noopener noreferrer\">Abono Tercera Edad<\/a><\/li>\n<li><a href=\"https:\/\/atencionciudadana.mendoza.gob.ar\/abono-personal\/\" target=\"_blank\" rel=\"noopener noreferrer\">Abono Personal<\/a><\/li>\n<li><a href=\"https:\/\/atencionciudadana.mendoza.gob.ar\/abono-usuario-frecuente\/\" target=\"_blank\" rel=\"noopener noreferrer\">Abono Usuario Frecuente<\/a><\/li>\n<li><a href=\"https:\/\/atencionciudadana.mendoza.gob.ar\/abono-primario\/\" target=\"_blank\" rel=\"noopener noreferrer\">Abono Primario<\/a><\/li>\n<li><a href=\"https:\/\/atencionciudadana.mendoza.gob.ar\/registrar-tarjeta-sube\/\" target=\"_blank\" rel=\"noopener noreferrer\">Registrar Tarjeta SUBE<\/a><\/li>\n<li><a href=\"https:\/\/atencionciudadana.mendoza.gob.ar\/licencias-de-conducir-nacionales\/\" target=\"_blank\" rel=\"noopener noreferrer\">Licencias de Conducir Nacionales<\/a><\/li>\n<li><a href=\"https:\/\/atencionciudadana.mendoza.gob.ar\/solicitud-cambio-de-unidad-permisionario-servicio-por-plataforma\/\" target=\"_blank\" rel=\"noopener noreferrer\">Solicitud cambio de unidad permisionario servicio por plataforma<\/a><\/li>\n<li><a href=\"https:\/\/atencionciudadana.mendoza.gob.ar\/solicitud-de-baja-de-servicio-por-plataformas-electronicas\/\" target=\"_blank\" rel=\"noopener noreferrer\">Solicitud de baja de servicio por plataformas electr\u00f3nicas<\/a><\/li>\n<li><a href=\"https:\/\/atencionciudadana.mendoza.gob.ar\/solicitud-de-cambio-de-unidad-servicio-por-plataforma\/\" target=\"_blank\" rel=\"noopener noreferrer\">Solicitud de cambio de unidad servicio por plataforma<\/a><\/li>\n<li><a href=\"https:\/\/atencionciudadana.mendoza.gob.ar\/solicitud-inscripcion-de-empresas-de-redes-de-transporte-etr\/\" target=\"_blank\" rel=\"noopener noreferrer\">Solicitud Inscripci\u00f3n de Empresas de Redes de Transporte (ETR)<\/a><\/li>\n<li><a href=\"https:\/\/atencionciudadana.mendoza.gob.ar\/solicitud-de-inscripcion-permisionario-para-servicio-por-plataforma\/\" target=\"_blank\" rel=\"noopener noreferrer\">Solicitud de inscripci\u00f3n permisionario para servicio por plataforma<\/a><\/li>\n<li><a href=\"https:\/\/atencionciudadana.mendoza.gob.ar\/solicitud-de-inscripcion-servicio-por-plataforma-i\/\" target=\"_blank\" rel=\"noopener noreferrer\">Solicitud de inscripci\u00f3n servicio por plataforma I<\/a><\/li>\n<li><a href=\"https:\/\/atencionciudadana.mendoza.gob.ar\/presentacion-anual-remis\/\" target=\"_blank\" rel=\"noopener noreferrer\">Presentaci\u00f3n anual remis<\/a><\/li>\n<li><a href=\"https:\/\/atencionciudadana.mendoza.gob.ar\/solicitud-cambio-de-unidad-remis\/\" target=\"_blank\" rel=\"noopener noreferrer\">Solicitud cambio de unidad remis<\/a><\/li>\n<li><a href=\"https:\/\/atencionciudadana.mendoza.gob.ar\/solicitud-inscripcion-remis\/\" target=\"_blank\" rel=\"noopener noreferrer\">Solicitud inscripci\u00f3n remis<\/a><\/li>\n<li><a href=\"https:\/\/atencionciudadana.mendoza.gob.ar\/solicitud-transferencia-remis\/\" target=\"_blank\" rel=\"noopener noreferrer\">Solicitud transferencia remis<\/a><\/li>\n<li><a href=\"https:\/\/atencionciudadana.mendoza.gob.ar\/solicitud-transferencia-remis-sucesion\/\" target=\"_blank\" rel=\"noopener noreferrer\">Solicitud transferencia remis sucesi\u00f3n<\/a><\/li>\n<li><a href=\"https:\/\/atencionciudadana.mendoza.gob.ar\/solicitud-baja-de-servicio-cgr\/\" target=\"_blank\" rel=\"noopener noreferrer\">Solicitud baja de servicio CGR<\/a><\/li>\n<li><a href=\"https:\/\/atencionciudadana.mendoza.gob.ar\/solicitud-baja-de-unidad-cgr\/\" target=\"_blank\" rel=\"noopener noreferrer\">Solicitud baja de unidad CGR<\/a><\/li>\n<li><a href=\"https:\/\/atencionciudadana.mendoza.gob.ar\/solicitud-cambio-de-unidad-contratado-general\/\" target=\"_blank\" rel=\"noopener noreferrer\">Solicitud cambio de unidad contratado general<\/a><\/li>\n<li><a href=\"https:\/\/atencionciudadana.mendoza.gob.ar\/solicitud-incorporacion-en-cgr\/\" target=\"_blank\" rel=\"noopener noreferrer\">Solicitud incorporaci\u00f3n en CGR<\/a><\/li>\n<li><a href=\"https:\/\/atencionciudadana.mendoza.gob.ar\/solicitud-inscripcion-contratado-general\/\" target=\"_blank\" rel=\"noopener noreferrer\">Solicitud inscripci\u00f3n contratado general<\/a><\/li>\n<li><a href=\"https:\/\/atencionciudadana.mendoza.gob.ar\/solicitud-re-inscripcion-contratado-general\/\" target=\"_blank\" rel=\"noopener noreferrer\">Solicitud re-inscripci\u00f3n contratado general<\/a><\/li>\n<li><a href=\"https:\/\/atencionciudadana.mendoza.gob.ar\/solicitud-incorporacion-contratado-para-personas-con-discapacidad\/\" target=\"_blank\" rel=\"noopener noreferrer\">Solicitud incorporaci\u00f3n contratado para personas con discapacidad<\/a><\/li>\n<li><a href=\"https:\/\/atencionciudadana.mendoza.gob.ar\/solicitud-inscripcion-contratado-para-personas-con-discapacidad\/\" target=\"_blank\" rel=\"noopener noreferrer\">Solicitud inscripci\u00f3n contratado para personas con discapacidad<\/a><\/li>\n<li><a href=\"https:\/\/atencionciudadana.mendoza.gob.ar\/solicitud-ampliacion-permiso-contratado-para-personas-con-discapacidad\/\" target=\"_blank\" rel=\"noopener noreferrer\">Solicitud ampliaci\u00f3n permiso contratado para personas con discapacidad<\/a><\/li>\n<li><a href=\"https:\/\/atencionciudadana.mendoza.gob.ar\/solicitud-baja-unidad-contratado-para-personas-con-discapacidad\/\" target=\"_blank\" rel=\"noopener noreferrer\">Solicitud baja unidad contratado para personas con discapacidad<\/a><\/li>\n<li><a href=\"https:\/\/atencionciudadana.mendoza.gob.ar\/solicitud-baja-servicio-contratado-para-personas-con-discapacidad\/\" target=\"_blank\" rel=\"noopener noreferrer\">Solicitud baja servicio contratado para personas con discapacidad<\/a><\/li>\n<li><a href=\"https:\/\/atencionciudadana.mendoza.gob.ar\/solicitud-cambio-de-unidad-contratado-para-personas-con-discapacidad\/\" target=\"_blank\" rel=\"noopener noreferrer\">Solicitud cambio de unidad contratado para personas con discapacidad<\/a><\/li>\n<li><a href=\"https:\/\/atencionciudadana.mendoza.gob.ar\/solicitud-ampliacion-de-contrato-comitente-determinado\/\" target=\"_blank\" rel=\"noopener noreferrer\">Solicitud ampliaci\u00f3n de contrato comitente determinado<\/a><\/li>\n<li><a href=\"https:\/\/atencionciudadana.mendoza.gob.ar\/solicitud-baja-servicio-comitente-determinado\/\" target=\"_blank\" rel=\"noopener noreferrer\">Solicitud baja servicio comitente determinado.<\/a><\/li>\n<li><a href=\"https:\/\/atencionciudadana.mendoza.gob.ar\/solicitud-baja-unidad-comitente-determinado\/\" target=\"_blank\" rel=\"noopener noreferrer\">Solicitud baja unidad comitente determinado<\/a><\/li>\n<li><a href=\"https:\/\/atencionciudadana.mendoza.gob.ar\/solicitud-cambio-de-unidad-comitente-determinado\/\" target=\"_blank\" rel=\"noopener noreferrer\">Solicitud cambio de unidad comitente determinado<\/a><\/li>\n<li><a href=\"https:\/\/atencionciudadana.mendoza.gob.ar\/solicitud-incorporacion-comitente-determinado\/\" target=\"_blank\" rel=\"noopener noreferrer\">Solicitud incorporaci\u00f3n comitente determinado<\/a><\/li>\n<li><a href=\"https:\/\/atencionciudadana.mendoza.gob.ar\/solicitud-inscripcion-comitente-determinado\/\" target=\"_blank\" rel=\"noopener noreferrer\">Solicitud inscripci\u00f3n comitente determinado<\/a><\/li>\n<li><a href=\"https:\/\/atencionciudadana.mendoza.gob.ar\/solicitud-baja-servicio-escolar\/\" target=\"_blank\" rel=\"noopener noreferrer\">Solicitud baja servicio escolar<\/a><\/li>\n<li><a href=\"https:\/\/atencionciudadana.mendoza.gob.ar\/solicitud-baja-unidad-escolar\/\" target=\"_blank\" rel=\"noopener noreferrer\">Solicitud baja unidad escolar<\/a><\/li>\n<li><a href=\"https:\/\/atencionciudadana.mendoza.gob.ar\/solicitud-cambio-unidad-escolar\/\" target=\"_blank\" rel=\"noopener noreferrer\">Solicitud cambio unidad escolar<\/a><\/li>\n<li><a href=\"https:\/\/atencionciudadana.mendoza.gob.ar\/solicitud-re-inscripcion-escolar\/\" target=\"_blank\" rel=\"noopener noreferrer\">Solicitud re-inscripci\u00f3n escolar<\/a><\/li>\n<li><a href=\"https:\/\/atencionciudadana.mendoza.gob.ar\/solicitud-transferencia-servicio-escolar\/\" target=\"_blank\" rel=\"noopener noreferrer\">Solicitud transferencia servicio escolar<\/a><\/li>\n<li><a href=\"https:\/\/atencionciudadana.mendoza.gob.ar\/solicitud-baja-de-servicio-institucional\/\" target=\"_blank\" rel=\"noopener noreferrer\">Solicitud baja de servicio institucional<\/a><\/li>\n<li><a href=\"https:\/\/atencionciudadana.mendoza.gob.ar\/solicitud-baja-de-unidad-servicio-institucional\/\" target=\"_blank\" rel=\"noopener noreferrer\">Solicitud baja de unidad servicio institucional<\/a><\/li>\n<li><a href=\"https:\/\/atencionciudadana.mendoza.gob.ar\/solicitud-cambio-de-unidad-servicio-institucional-entidad-publica\/\" target=\"_blank\" rel=\"noopener noreferrer\">Solicitud cambio de unidad servicio institucional entidad p\u00fablica<\/a><\/li>\n<li><a href=\"https:\/\/atencionciudadana.mendoza.gob.ar\/solicitud-incorporacion-servicio-institucional\/\" target=\"_blank\" rel=\"noopener noreferrer\">Solicitud incorporaci\u00f3n servicio institucional<\/a><\/li>\n<li><a href=\"https:\/\/atencionciudadana.mendoza.gob.ar\/solicitud-incorporacion-servicio-institucional-entidades-publicas\/\" target=\"_blank\" rel=\"noopener noreferrer\">Solicitud incorporaci\u00f3n servicio institucional entidades p\u00fablicas<\/a><\/li>\n<li><a href=\"https:\/\/atencionciudadana.mendoza.gob.ar\/solicitud-inscripcion-servicio-institucional\/\" target=\"_blank\" rel=\"noopener noreferrer\">Solicitud inscripci\u00f3n servicio institucional<\/a><\/li>\n<li><a href=\"https:\/\/atencionciudadana.mendoza.gob.ar\/solicitud-de-baja-de-servicio-regular\/\" target=\"_blank\" rel=\"noopener noreferrer\">Solicitud de baja de servicio regular<\/a><\/li>\n<li><a href=\"https:\/\/atencionciudadana.mendoza.gob.ar\/solicitud-cambio-de-unidad-servicio-regular\/\" target=\"_blank\" rel=\"noopener noreferrer\">Solicitud cambio de unidad servicio regular<\/a><\/li>\n<li><a href=\"https:\/\/atencionciudadana.mendoza.gob.ar\/solicitud-incorporacion-servicio-regular\/\" target=\"_blank\" rel=\"noopener noreferrer\">Solicitud incorporaci\u00f3n servicio regular<\/a><\/li>\n<li><a href=\"https:\/\/atencionciudadana.mendoza.gob.ar\/solicitud-baja-unidad-transporte-rural\/\" target=\"_blank\" rel=\"noopener noreferrer\">Solicitud baja unidad transporte rural<\/a><\/li>\n<li><a href=\"https:\/\/atencionciudadana.mendoza.gob.ar\/solicitud-inscripcion-transporte-rural\/\" target=\"_blank\" rel=\"noopener noreferrer\">Solicitud inscripci\u00f3n transporte rural<\/a><\/li>\n<li><a href=\"https:\/\/atencionciudadana.mendoza.gob.ar\/solicitud-incorporacion-transporte-rural\/\" target=\"_blank\" rel=\"noopener noreferrer\">Solicitud incorporaci\u00f3n transporte rural<\/a><\/li>\n<li><a href=\"https:\/\/atencionciudadana.mendoza.gob.ar\/solicitud-baja-servicio-contratado-recreativo\/\" target=\"_blank\" rel=\"noopener noreferrer\">Solicitud baja servicio contratado recreativo<\/a><\/li>\n<li><a href=\"https:\/\/atencionciudadana.mendoza.gob.ar\/solicitud-cambio-de-unidad-contratado-recreativo\/\" target=\"_blank\" rel=\"noopener noreferrer\">Solicitud cambio de unidad contratado recreativo<\/a><\/li>\n<li><a href=\"https:\/\/atencionciudadana.mendoza.gob.ar\/solicitud-de-incorporacion-contratado-recreativo\/\" target=\"_blank\" rel=\"noopener noreferrer\">Solicitud de incorporaci\u00f3n contratado recreativo<\/a><\/li>\n<li><a href=\"https:\/\/atencionciudadana.mendoza.gob.ar\/solicitud-inscripcion-contratado-recreativo\/\" target=\"_blank\" rel=\"noopener noreferrer\">Solicitud inscripci\u00f3n contratado recreativo<\/a><\/li>\n<li><a href=\"https:\/\/atencionciudadana.mendoza.gob.ar\/solicitud-baja-unidad-contratado-recreativo\/\" target=\"_blank\" rel=\"noopener noreferrer\">Solicitud baja unidad contratado recreativo<\/a><\/li>\n<li><a href=\"https:\/\/atencionciudadana.mendoza.gob.ar\/solicitud-ampliacion-contrato-turistico\/\" target=\"_blank\" rel=\"noopener noreferrer\">Solicitud ampliaci\u00f3n contrato tur\u00edstico<\/a><\/li>\n<li><a href=\"https:\/\/atencionciudadana.mendoza.gob.ar\/solicitud-cambio-de-unidad-turistico\/\" target=\"_blank\" rel=\"noopener noreferrer\">Solicitud cambio de unidad tur\u00edstico<\/a><\/li>\n<li><a href=\"https:\/\/atencionciudadana.mendoza.gob.ar\/solicitud-de-inscripcion-turistico\/\" target=\"_blank\" rel=\"noopener noreferrer\">Solicitud de inscripci\u00f3n tur\u00edstico<\/a><\/li>\n<li><a href=\"https:\/\/atencionciudadana.mendoza.gob.ar\/solicitud-baja-unidad-turistico\/\" target=\"_blank\" rel=\"noopener noreferrer\">Solicitud baja unidad tur\u00edstico<\/a><\/li>\n<li><a href=\"https:\/\/atencionciudadana.mendoza.gob.ar\/solicitud-incorporacion-en-turistico\/\" target=\"_blank\" rel=\"noopener noreferrer\">Solicitud incorporaci\u00f3n en tur\u00edstico<\/a><\/li>\n<li><a href=\"https:\/\/atencionciudadana.mendoza.gob.ar\/solicitud-baja-servicio-turistico\/\" target=\"_blank\" rel=\"noopener noreferrer\">Solicitud baja servicio tur\u00edstico<\/a><\/li>\n<li><a href=\"https:\/\/atencionciudadana.mendoza.gob.ar\/solicitud-presentacion-anual-taxi\/\" target=\"_blank\" rel=\"noopener noreferrer\">Solicitud presentaci\u00f3n anual taxi<\/a><\/li>\n<li><a href=\"https:\/\/atencionciudadana.mendoza.gob.ar\/solicitud-cambio-de-unidad-taxi\/\" target=\"_blank\" rel=\"noopener noreferrer\">Solicitud cambio de unidad taxi<\/a><\/li>\n<li><a href=\"https:\/\/atencionciudadana.mendoza.gob.ar\/solicitud-inscripcion-taxi\/\" target=\"_blank\" rel=\"noopener noreferrer\">Solicitud inscripci\u00f3n taxi<\/a><\/li>\n<li><a href=\"https:\/\/atencionciudadana.mendoza.gob.ar\/solicitud-transferencia-taxi-sucesion\/\" target=\"_blank\" rel=\"noopener noreferrer\">Solicitud transferencia taxi sucesi\u00f3n<\/a><\/li>\n<li><a href=\"https:\/\/atencionciudadana.mendoza.gob.ar\/solicitud-re-inscripcion-servicio-auto-rural-compartido\/\" target=\"_blank\" rel=\"noopener noreferrer\">Solicitud re-inscripci\u00f3n servicio auto rural compartido<\/a><\/li>\n<li><a href=\"https:\/\/atencionciudadana.mendoza.gob.ar\/solicitud-de-cambio-de-unidad-auto-rural-compartido\/\" target=\"_blank\" rel=\"noopener noreferrer\">Solicitud de cambio de unidad auto rural compartido<\/a><\/li>\n<li><a href=\"https:\/\/atencionciudadana.mendoza.gob.ar\/abono-bombero-voluntario\/\" target=\"_blank\" rel=\"noopener\"><span>Abono Bombero Voluntario<\/span><\/a><\/li>\n<li><a href=\"https:\/\/atencionciudadana.mendoza.gob.ar\/abono-secundario\/\" target=\"_blank\" rel=\"noopener\"><span>Abono Secundario<\/span><\/a><\/li>\n<li><a href=\"https:\/\/atencionciudadana.mendoza.gob.ar\/abono-universitario\/\" target=\"_blank\" rel=\"noopener\"><span>Abono Universitario<\/span><\/a><\/li>\n<li><a href=\"https:\/\/atencionciudadana.mendoza.gob.ar\/extension-abono-universitario\/\" target=\"_blank\" rel=\"noopener\"><span>Extensi\u00f3n abono Universitario<\/span><\/a><\/li>\n<li><a href=\"https:\/\/atencionciudadana.mendoza.gob.ar\/solicitud-inscripcion-servicio-mandatarias-de-los-servicios-taxi-remis\/\" target=\"_blank\" rel=\"noopener\"><span>Solicitud Inscripci\u00f3n Servicio Mandatarias de los Servicios Taxi\/Remis<\/span><\/a><\/li>\n<li><a href=\"https:\/\/atencionciudadana.mendoza.gob.ar\/solicitud-cambio-de-unidad-servicio-transporte-rural\/\" target=\"_blank\" rel=\"noopener\"><span>Solicitud cambio de Unidad Servicio Transporte Rural<\/span><\/a><\/li>\n<li><a href=\"https:\/\/atencionciudadana.mendoza.gob.ar\/solicitud-inscripcion-contratado-recreativo\/\" target=\"_blank\" rel=\"noopener\"><span>Solicitud Inscripci\u00f3n Contratado Recreativo<\/span><\/a><\/li>\n<\/ul>\n<p>[\/et_pb_toggle][\/et_pb_column][\/et_pb_row][et_pb_row column_structure=\u00bb1_3,1_3,1_3&#8243; use_custom_gutter=\u00bbon\u00bb gutter_width=\u00bb2&#8243; make_equal=\u00bbon\u00bb _builder_version=\u00bb4.27.4&#8243; _module_preset=\u00bbdefault\u00bb custom_margin=\u00bb0px||0px||false|false\u00bb custom_padding=\u00bb1rem||1rem||true|false\u00bb locked=\u00bboff\u00bb global_colors_info=\u00bb{}\u00bb][et_pb_column type=\u00bb1_3&#8243; _builder_version=\u00bb4.27.4&#8243; _module_preset=\u00bbdefault\u00bb custom_padding=\u00bb1em||||false|false\u00bb global_colors_info=\u00bb{}\u00bb][et_pb_text module_id=\u00bbcultura\u00bb _builder_version=\u00bb4.27.4&#8243; _module_preset=\u00bbdefault\u00bb text_font=\u00bb|600|||||||\u00bb text_text_color=\u00bb#FFFFFF\u00bb text_font_size=\u00bb20px\u00bb background_color=\u00bb#3CB4E5&#8243; custom_margin=\u00bb0px||0px||true|false\u00bb custom_padding=\u00bb1rem||1rem||true|false\u00bb border_radii=\u00bboff|15px|15px||\u00bb global_colors_info=\u00bb{}\u00bb]<\/p>\n<p style=\"text-align: center\">Bienes Registrables<\/p>\n<p>[\/et_pb_text][et_pb_toggle title=\u00bbVer tr\u00e1mites\u00bb _builder_version=\u00bb4.27.4&#8243; _module_preset=\u00bbdefault\u00bb locked=\u00bboff\u00bb global_colors_info=\u00bb{}\u00bb]<\/p>\n<ul>\n<li><a href=\"https:\/\/atencionciudadana.mendoza.gob.ar\/regularizacion-dominial\/\" target=\"_blank\" rel=\"noopener\">Regularizaci\u00f3n Dominial<\/a><\/li>\n<li><a href=\"https:\/\/atencionciudadana.mendoza.gob.ar\/politicas-de-tierras\/\" target=\"_blank\" rel=\"noopener\">Pol\u00edtica de Tierras<\/a><\/li>\n<li><a href=\"https:\/\/atencionciudadana.mendoza.gob.ar\/registro-unico-de-puesteros\/\" target=\"_blank\" rel=\"noopener\">Registro \u00danico de Puesteros<\/a><\/li>\n<\/ul>\n<p>[\/et_pb_toggle][\/et_pb_column][et_pb_column type=\u00bb1_3&#8243; _builder_version=\u00bb4.27.4&#8243; _module_preset=\u00bbdefault\u00bb custom_padding=\u00bb1em||||false|false\u00bb global_colors_info=\u00bb{}\u00bb][et_pb_text module_id=\u00bbcultura\u00bb _builder_version=\u00bb4.27.4&#8243; _module_preset=\u00bbdefault\u00bb text_font=\u00bb|600|||||||\u00bb text_text_color=\u00bb#FFFFFF\u00bb text_font_size=\u00bb20px\u00bb background_color=\u00bb#3CB4E5&#8243; custom_margin=\u00bb0px||0px||true|false\u00bb custom_padding=\u00bb1rem||1rem||true|false\u00bb border_radii=\u00bboff|15px|15px||\u00bb global_colors_info=\u00bb{}\u00bb]<\/p>\n<p style=\"text-align: center\">Registro Civil<\/p>\n<p>[\/et_pb_text][et_pb_toggle title=\u00bbVer tr\u00e1mites\u00bb _builder_version=\u00bb4.27.4&#8243; _module_preset=\u00bbdefault\u00bb global_colors_info=\u00bb{}\u00bb]<\/p>\n<ul>\n<li><a href=\"https:\/\/atencionciudadana.mendoza.gob.ar\/solicitud-de-acta-de-nacimiento-matrimonio-union-convivencial-y-defuncion\/\" target=\"_blank\" rel=\"noopener noreferrer\">Solicitud de Acta de Nacimiento, Matrimonio, Uni\u00f3n Convivencial y Defunci\u00f3n<\/a><\/li>\n<li><a href=\"https:\/\/atencionciudadana.mendoza.gob.ar\/cambio-regimen-patrimonial-de-matrimonio\/\" target=\"_blank\" rel=\"noopener noreferrer\">Cambio R\u00e9gimen Patrimonial de Matrimonio<\/a><\/li>\n<li><a href=\"https:\/\/atencionciudadana.mendoza.gob.ar\/certificado-de-capacidad-legal\/\" target=\"_blank\" rel=\"noopener noreferrer\">Certificado de Capacidad Legal<\/a><\/li>\n<li><a href=\"https:\/\/atencionciudadana.mendoza.gob.ar\/certificado-de-estado-civil-o-de-solteria\/\" target=\"_blank\" rel=\"noopener noreferrer\">Certificado de Estado Civil o \u201cde solter\u00eda\u201d<\/a><\/li>\n<li><a href=\"https:\/\/atencionciudadana.mendoza.gob.ar\/certificados-oficiales\/\" target=\"_blank\" rel=\"noopener noreferrer\">Certificados Oficiales<\/a><\/li>\n<li><a href=\"https:\/\/atencionciudadana.mendoza.gob.ar\/conclusion-o-levantamiento-de-un-concurso-o-quiebra\/\" target=\"_blank\" rel=\"noopener noreferrer\">Conclusi\u00f3n o levantamiento de un concurso o quiebra<\/a><\/li>\n<li><a href=\"https:\/\/atencionciudadana.mendoza.gob.ar\/dni\/\" target=\"_blank\" rel=\"noopener noreferrer\">DNI<\/a><\/li>\n<li><a href=\"https:\/\/atencionciudadana.mendoza.gob.ar\/dni-expres\/\" target=\"_blank\" rel=\"noopener noreferrer\">DNI Expr\u00e9s<\/a><\/li>\n<li><a href=\"https:\/\/atencionciudadana.mendoza.gob.ar\/certificado-de-extravio-de-documentos\/\" target=\"_blank\" rel=\"noopener noreferrer\">Certificado de Extrav\u00edo de Documentos<\/a><\/li>\n<li><a href=\"https:\/\/atencionciudadana.mendoza.gob.ar\/inscripcion-de-defuncion\/\" target=\"_blank\" rel=\"noopener noreferrer\">Inscripci\u00f3n de Defunci\u00f3n<\/a><\/li>\n<li><a href=\"https:\/\/atencionciudadana.mendoza.gob.ar\/inscripcion-de-matrimonio\/\" target=\"_blank\" rel=\"noopener noreferrer\">Inscripci\u00f3n de Matrimonio<\/a><\/li>\n<li><a href=\"https:\/\/atencionciudadana.mendoza.gob.ar\/inscripcion-de-uniones-convivenciales-turno\/\" target=\"_blank\" rel=\"noopener noreferrer\">Inscripci\u00f3n de Uniones Convivenciales (turno)<\/a><\/li>\n<li><a href=\"https:\/\/atencionciudadana.mendoza.gob.ar\/pasaporte\/\" target=\"_blank\" rel=\"noopener noreferrer\">Pasaporte<\/a><\/li>\n<li><a href=\"https:\/\/atencionciudadana.mendoza.gob.ar\/solicitud-de-turnos-dni-para-registro-civil-portatil\/\" target=\"_blank\" rel=\"noopener noreferrer\">Solicitud de turnos DNI para Registro Civil Port\u00e1til<\/a><\/li>\n<li><a href=\"https:\/\/atencionciudadana.mendoza.gob.ar\/solicitud-turno-matrimonio-o-matrimonio-movil-para-extranjeros\/\" target=\"_blank\" rel=\"noopener noreferrer\" style=\"font-size: 14px\">Solicitud turno Matrimonio o Matrimonio m\u00f3vil para extranjeros<\/a><\/li>\n<li><a href=\"https:\/\/atencionciudadana.mendoza.gob.ar\/solicitud-de-turno-nacimiento-extranjeros\/\" target=\"_blank\" rel=\"noopener noreferrer\">Solicitud de turno nacimiento extranjeros<\/a><\/li>\n<li><a href=\"https:\/\/atencionciudadana.mendoza.gob.ar\/certificado-de-capacidad-legal\/\" target=\"_blank\" rel=\"noopener\"><span>Certificado de Capacidad Legal<\/span><\/a><\/li>\n<li><a href=\"https:\/\/atencionciudadana.mendoza.gob.ar\/pasaporte-express\/\" target=\"_blank\" rel=\"noopener\"><span>Pasaporte express<\/span><\/a><\/li>\n<li><a href=\"https:\/\/atencionciudadana.mendoza.gob.ar\/inscripcion-de-nacimiento\/\" target=\"_blank\" rel=\"noopener\"><span>Inscripci\u00f3n de Nacimiento<\/span><\/a><\/li>\n<\/ul>\n<p>[\/et_pb_toggle][\/et_pb_column][et_pb_column type=\u00bb1_3&#8243; _builder_version=\u00bb4.27.4&#8243; _module_preset=\u00bbdefault\u00bb custom_padding=\u00bb1em||||false|false\u00bb global_colors_info=\u00bb{}\u00bb][et_pb_text module_id=\u00bbcultura\u00bb _builder_version=\u00bb4.27.4&#8243; _module_preset=\u00bbdefault\u00bb text_font=\u00bb|600|||||||\u00bb text_text_color=\u00bb#FFFFFF\u00bb text_font_size=\u00bb20px\u00bb background_color=\u00bb#3CB4E5&#8243; custom_margin=\u00bb0px||0px||true|false\u00bb custom_padding=\u00bb1rem||1rem||true|false\u00bb border_radii=\u00bboff|15px|15px||\u00bb global_colors_info=\u00bb{}\u00bb]<\/p>\n<p style=\"text-align: center\">RACOP<\/p>\n<p>[\/et_pb_text][et_pb_toggle title=\u00bbVer tr\u00e1mites\u00bb _builder_version=\u00bb4.27.4&#8243; _module_preset=\u00bbdefault\u00bb locked=\u00bboff\u00bb global_colors_info=\u00bb{}\u00bb]<\/p>\n<ul>\n<li><a href=\"https:\/\/atencionciudadana.mendoza.gob.ar\/registro-de-antecedentes-de-constructoras-de-obra-publica-racop-empresas-constructoras-especilidad-a\/\" target=\"_blank\" rel=\"noopener\"><span>Registro de Antecedentes de Constructoras de Obra P\u00fablica (RACOP) \/ Empresas Constructoras &#8211; Especilidad A<\/span><\/a><\/li>\n<li><a href=\"https:\/\/atencionciudadana.mendoza.gob.ar\/registro-de-antecedentes-de-constructoras-de-obra-publica-racop-empresas-proveedoras-especilidad-b\/\" target=\"_blank\" rel=\"noopener\"><span>Registro de Antecedentes de Constructoras de Obra P\u00fablica (RACOP) \/ Empresas Proveedoras &#8211; Especilidad B<\/span><\/a><\/li>\n<li><a href=\"https:\/\/atencionciudadana.mendoza.gob.ar\/registro-de-antecedentes-de-constructoras-de-obra-publica-racop-empresas-extranjeras\/\" target=\"_blank\" rel=\"noopener\"><span>Registro de Antecedentes de Constructoras de Obra P\u00fablica (RACOP) \/ Empresas Extranjeras<\/span><\/a><\/li>\n<\/ul>\n<p>[\/et_pb_toggle][\/et_pb_column][\/et_pb_row][et_pb_row column_structure=\u00bb1_3,1_3,1_3&#8243; use_custom_gutter=\u00bbon\u00bb gutter_width=\u00bb2&#8243; make_equal=\u00bbon\u00bb _builder_version=\u00bb4.27.4&#8243; _module_preset=\u00bbdefault\u00bb custom_margin=\u00bb0px||0px||false|false\u00bb custom_padding=\u00bb1rem||1rem||true|false\u00bb locked=\u00bboff\u00bb global_colors_info=\u00bb{}\u00bb][et_pb_column type=\u00bb1_3&#8243; _builder_version=\u00bb4.27.4&#8243; _module_preset=\u00bbdefault\u00bb custom_padding=\u00bb1em||||false|false\u00bb global_colors_info=\u00bb{}\u00bb][et_pb_text module_id=\u00bbcultura\u00bb _builder_version=\u00bb4.27.4&#8243; _module_preset=\u00bbdefault\u00bb text_font=\u00bb|600|||||||\u00bb text_text_color=\u00bb#FFFFFF\u00bb text_font_size=\u00bb20px\u00bb background_color=\u00bb#3CB4E5&#8243; custom_margin=\u00bb0px||0px||true|false\u00bb custom_padding=\u00bb1rem||1rem||true|false\u00bb border_radii=\u00bboff|15px|15px||\u00bb global_colors_info=\u00bb{}\u00bb]<\/p>\n<p style=\"text-align: center\"><span>Econom\u00eda Social<\/span><\/p>\n<p>[\/et_pb_text][et_pb_toggle title=\u00bbVer tr\u00e1mites\u00bb _builder_version=\u00bb4.27.4&#8243; _module_preset=\u00bbdefault\u00bb locked=\u00bboff\u00bb global_colors_info=\u00bb{}\u00bb]<\/p>\n<ul>\n<li><a href=\"https:\/\/atencionciudadana.mendoza.gob.ar\/ruta-de-artesanos-y-emprendedores-mendocinos\/\" target=\"_blank\" rel=\"noopener\"><span>Ruta de Artesanos y Emprendedores Mendocinos<\/span><\/a><\/li>\n<li><a href=\"https:\/\/atencionciudadana.mendoza.gob.ar\/inscripcion-en-el-ruesys-registro-de-unidades-de-la-economia-social-y-solidaria-ley-no-8435-2012\/\" target=\"_blank\" rel=\"noopener\"><span>Inscripci\u00f3n en el RUESyS (Registro de Unidades de la Economia Social y Solidaria, Ley N\u00ba 8435\/2012<\/span><\/a><\/li>\n<li><a href=\"https:\/\/atencionciudadana.mendoza.gob.ar\/plan-integral-de-capacitacion-para-emprendedores-de-la-economia-social\/\" target=\"_blank\" rel=\"noopener\"><span>Plan Integral de Capacitaci\u00f3n para Emprendedores de la Econom\u00eda Social<\/span><\/a><\/li>\n<li><span><a href=\"https:\/\/atencionciudadana.mendoza.gob.ar\/comision-de-valoracion-de-productos\/\" target=\"_blank\" rel=\"noopener\">Comisi\u00f3n de Valoraci\u00f3n de Productos<\/a><\/span><\/li>\n<li><a href=\"https:\/\/atencionciudadana.mendoza.gob.ar\/catalogo-de-productos-y-servicios-de-la-economia-social\/\" target=\"_blank\" rel=\"noopener\"><span>Cat\u00e1logo de Productos y Servicios de la Econom\u00eda Social<\/span><\/a><\/li>\n<\/ul>\n<p>[\/et_pb_toggle][\/et_pb_column][et_pb_column type=\u00bb1_3&#8243; _builder_version=\u00bb4.27.4&#8243; _module_preset=\u00bbdefault\u00bb custom_padding=\u00bb1em||||false|false\u00bb global_colors_info=\u00bb{}\u00bb][et_pb_text module_id=\u00bbcultura\u00bb _builder_version=\u00bb4.27.4&#8243; _module_preset=\u00bbdefault\u00bb text_font=\u00bb|600|||||||\u00bb text_text_color=\u00bb#FFFFFF\u00bb text_font_size=\u00bb20px\u00bb background_color=\u00bb#3CB4E5&#8243; custom_margin=\u00bb0px||0px||true|false\u00bb custom_padding=\u00bb1rem||1rem||true|false\u00bb border_radii=\u00bboff|15px|15px||\u00bb global_colors_info=\u00bb{}\u00bb]<\/p>\n<p style=\"text-align: center\"><span>Vialidad Mendoza<\/span><\/p>\n<p>[\/et_pb_text][et_pb_toggle title=\u00bbVer tr\u00e1mites\u00bb _builder_version=\u00bb4.27.4&#8243; _module_preset=\u00bbdefault\u00bb locked=\u00bboff\u00bb global_colors_info=\u00bb{}\u00bb]<\/p>\n<ul>\n<li><a class=\"wp-block-latest-posts__post-title\" href=\"https:\/\/atencionciudadana.mendoza.gob.ar\/carretones-permiso-tipo-b-1\/\">Carretones (Permiso Tipo B) (1)<\/a><\/li>\n<li><a class=\"wp-block-latest-posts__post-title\" href=\"https:\/\/atencionciudadana.mendoza.gob.ar\/carretones-permiso-tipo-b-2\/\">Carretones (Permiso Tipo B) (2)<\/a><\/li>\n<li><a class=\"wp-block-latest-posts__post-title\" href=\"https:\/\/atencionciudadana.mendoza.gob.ar\/carretones-y-maquinaria-especial-permisos-tipo-b-y-c\/\">Carretones y Maquinaria Especial (Permisos Tipo B y C)<\/a><\/li>\n<li><a class=\"wp-block-latest-posts__post-title\" href=\"https:\/\/atencionciudadana.mendoza.gob.ar\/certificado-de-linea-para-carteleria\/\">Certificado de L\u00ednea para Carteler\u00eda<\/a><\/li>\n<li><a class=\"wp-block-latest-posts__post-title\" href=\"https:\/\/atencionciudadana.mendoza.gob.ar\/certificado-de-linea-para-redes-y-tendidos\/\">Certificado de L\u00ednea para Redes y Tendidos<\/a><\/li>\n<li><a class=\"wp-block-latest-posts__post-title\" href=\"https:\/\/atencionciudadana.mendoza.gob.ar\/certificado-de-reembolso-y-lineas-viales\/\">Certificado de reembolso y L\u00edneas viales<\/a><\/li>\n<li><a class=\"wp-block-latest-posts__post-title\" href=\"https:\/\/atencionciudadana.mendoza.gob.ar\/certificados-de-lineas-para-loteos-fraccionamientos-emprendimientos-conjuntos-inmobiliarios-etc\/\">Certificados de L\u00edneas para Loteos, Fraccionamientos, Emprendimientos, Conjuntos Inmobiliarios, etc.<\/a><\/li>\n<li><a class=\"wp-block-latest-posts__post-title\" href=\"https:\/\/atencionciudadana.mendoza.gob.ar\/convencional-permiso-tipo-a\/\">Convencional (Permiso tipo A)<\/a><\/li>\n<li><a class=\"wp-block-latest-posts__post-title\" href=\"https:\/\/atencionciudadana.mendoza.gob.ar\/distancias-policias\/\">Distancias Policias<\/a><\/li>\n<li><a class=\"wp-block-latest-posts__post-title\" href=\"https:\/\/atencionciudadana.mendoza.gob.ar\/donaciones\/\">Donaciones<\/a><\/li>\n<li><a class=\"wp-block-latest-posts__post-title\" href=\"https:\/\/atencionciudadana.mendoza.gob.ar\/exceso-de-largo-extensible-permiso-tipo-l\/\">Exceso de Largo (Extensible Permiso Tipo L)<\/a><\/li>\n<li><a class=\"wp-block-latest-posts__post-title\" href=\"https:\/\/atencionciudadana.mendoza.gob.ar\/informe-de-jurisdiccion\/\">Informe de Jurisdicci\u00f3n<\/a><\/li>\n<li><a class=\"wp-block-latest-posts__post-title\" href=\"https:\/\/atencionciudadana.mendoza.gob.ar\/maquinaria-agricola-permiso-tipo-d\/\">Maquinaria Agr\u00edcola (Permiso tipo D)<\/a><\/li>\n<li><a class=\"wp-block-latest-posts__post-title\" href=\"https:\/\/atencionciudadana.mendoza.gob.ar\/maquinaria-especial-gruas-petroleros-permiso-tipo-c-y-otros\/\">Maquinaria Especial (Gr\u00faas, Petroleros, Permiso Tipo C y Otros)<\/a><\/li>\n<li><a class=\"wp-block-latest-posts__post-title\" href=\"https:\/\/atencionciudadana.mendoza.gob.ar\/maquinaria-especial-gruas-petroleros-permiso-tipo-c\/\">Maquinaria Especial (Gr\u00faas, Petroleros, Permiso Tipo C)<\/a><\/li>\n<li><a class=\"wp-block-latest-posts__post-title\" href=\"https:\/\/atencionciudadana.mendoza.gob.ar\/otorgamiento-de-linea-vial\/\">Otorgamiento de L\u00ednea Vial<\/a><\/li>\n<li><a class=\"wp-block-latest-posts__post-title\" href=\"https:\/\/atencionciudadana.mendoza.gob.ar\/solicitud-de-asesoria-forestal\/\">Solicitud de Asesor\u00eda Forestal<\/a><\/li>\n<\/ul>\n<ul class=\"wp-block-latest-posts__list wp-block-latest-posts\"><\/ul>\n<p>[\/et_pb_toggle][\/et_pb_column][et_pb_column type=\u00bb1_3&#8243; _builder_version=\u00bb4.27.4&#8243; _module_preset=\u00bbdefault\u00bb custom_padding=\u00bb1em||||false|false\u00bb global_colors_info=\u00bb{}\u00bb][\/et_pb_column][\/et_pb_row][\/et_pb_section]<\/p>\n","protected":false},"excerpt":{"rendered":"<p>\n    <form method=\"get\" action=\"https:\/\/atencionciudadana.mendoza.gob.ar\/\" class=\"custom-search-form\">\n        <input type=\"text\" name=\"s\" placeholder=\"\u00bfQu\u00e9 tr\u00e1mite necesit\u00e1s?\" class=\"custom-search-input\" value=\"\" required>\n        <button type=\"submit\" class=\"custom-search-button\"><p>Buscar<\/p><image src=\"http:\/\/atencionciudadana.mendoza.gob.ar\/wp-content\/uploads\/2025\/06\/Diseno_sin_titulo__1_-removebg-preview.png\" alt=\"buscar\"\/><\/button>\n    <\/form>\n\n\n    Personas Jur\u00eddicas Inscripci\u00f3n filial (Fundaciones) Inscripci\u00f3n filial (AC) Modificaci\u00f3n, cancelaci\u00f3n, cesi\u00f3n prendas (SNA) Pedido de veedor (AC) Presentaci\u00f3n contable fuera de t\u00e9rmino (Fundaciones) Presentaci\u00f3n de documentaci\u00f3n contable anual en t\u00e9rmino soc. art. 299 L.S. (SNA) Presentaci\u00f3n de estados contables (Fundaciones) Reconstrucci\u00f3n de expediente (SA y SCA) Reconstrucci\u00f3n de expediente (SNA) Reconstrucci\u00f3n de expedientes (AC) Reconstrucci\u00f3n [&hellip;]<\/p>\n","protected":false},"author":1,"featured_media":0,"parent":0,"menu_order":0,"comment_status":"closed","ping_status":"closed","template":"","meta":{"_et_pb_use_builder":"on","_et_pb_old_content":"","_et_gb_content_width":"","footnotes":""},"class_list":["post-190","page","type-page","status-publish","hentry"],"_links":{"self":[{"href":"https:\/\/informacionoficial.mendoza.gob.ar\/gobiernoinfraestructura\/wp-json\/wp\/v2\/pages\/190","targetHints":{"allow":["GET"]}}],"collection":[{"href":"https:\/\/informacionoficial.mendoza.gob.ar\/gobiernoinfraestructura\/wp-json\/wp\/v2\/pages"}],"about":[{"href":"https:\/\/informacionoficial.mendoza.gob.ar\/gobiernoinfraestructura\/wp-json\/wp\/v2\/types\/page"}],"author":[{"embeddable":true,"href":"https:\/\/informacionoficial.mendoza.gob.ar\/gobiernoinfraestructura\/wp-json\/wp\/v2\/users\/1"}],"replies":[{"embeddable":true,"href":"https:\/\/informacionoficial.mendoza.gob.ar\/gobiernoinfraestructura\/wp-json\/wp\/v2\/comments?post=190"}],"version-history":[{"count":28,"href":"https:\/\/informacionoficial.mendoza.gob.ar\/gobiernoinfraestructura\/wp-json\/wp\/v2\/pages\/190\/revisions"}],"predecessor-version":[{"id":7256,"href":"https:\/\/informacionoficial.mendoza.gob.ar\/gobiernoinfraestructura\/wp-json\/wp\/v2\/pages\/190\/revisions\/7256"}],"wp:attachment":[{"href":"https:\/\/informacionoficial.mendoza.gob.ar\/gobiernoinfraestructura\/wp-json\/wp\/v2\/media?parent=190"}],"curies":[{"name":"wp","href":"https:\/\/api.w.org\/{rel}","templated":true}]}}