{"id":2074,"date":"2025-08-04T14:36:57","date_gmt":"2025-08-04T17:36:57","guid":{"rendered":"https:\/\/informacionoficial.mendoza.gob.ar\/gobiernoinfraestructura\/?page_id=2074"},"modified":"2026-01-21T13:04:55","modified_gmt":"2026-01-21T16:04:55","slug":"registro-civil","status":"publish","type":"page","link":"https:\/\/informacionoficial.mendoza.gob.ar\/gobiernoinfraestructura\/registro-civil\/","title":{"rendered":"Registro Civil"},"content":{"rendered":"<p>[et_pb_section fb_built=\u00bb1&#8243; admin_label=\u00bbHero\u00bb _builder_version=\u00bb4.27.4&#8243; _module_preset=\u00bbdefault\u00bb use_background_color_gradient=\u00bbon\u00bb background_color_gradient_stops=\u00bb#000f9f 0%|#0c71c3 100%\u00bb background_color_gradient_overlays_image=\u00bbon\u00bb background_enable_image=\u00bboff\u00bb custom_padding=\u00bb||8vw||false|false\u00bb locked=\u00bboff\u00bb collapsed=\u00bbon\u00bb global_colors_info=\u00bb{%22#1d3557%22:%91%22background_color_gradient_stops%22%93}\u00bb][et_pb_row _builder_version=\u00bb4.27.4&#8243; _module_preset=\u00bb5138c454-be54-4233-bd3b-f8e6a8747976&#8243; custom_padding=\u00bb0px|||||\u00bb global_colors_info=\u00bb{}\u00bb][et_pb_column type=\u00bb4_4&#8243; _builder_version=\u00bb4.16.0&#8243; _module_preset=\u00bb73121f80-a3ef-4484-8763-c3f18e3c56d2&#8243; global_colors_info=\u00bb{}\u00bb][et_pb_heading title=\u00bbRegistro Civil\u00bb _builder_version=\u00bb4.24.3&#8243; _module_preset=\u00bbddeb8c09-9078-4424-bc15-2efb6572e28e\u00bb title_font=\u00bbIBM Plex Sans Condensed|IBM Plex Sans Condensed_weight|||||||\u00bb title_text_color=\u00bb#FFFFFF\u00bb title_font_size=\u00bb72px\u00bb title_line_height=\u00bb1.15em\u00bb title_font_size_tablet=\u00bb40px\u00bb title_font_size_phone=\u00bb24px\u00bb title_font_size_last_edited=\u00bbon|phone\u00bb locked=\u00bboff\u00bb global_colors_info=\u00bb{}\u00bb][\/et_pb_heading][et_pb_text quote_border_color=\u00bb#FFFFFF\u00bb _builder_version=\u00bb4.27.4&#8243; _module_preset=\u00bb0504de1e-f5ff-4281-ba60-cbbe4edf98bc\u00bb text_font=\u00bbIBM Plex Sans|IBM Plex Sans_weight|||||||\u00bb text_text_color=\u00bb#FFFFFF\u00bb text_font_size=\u00bb16px\u00bb text_line_height=\u00bb1.75em\u00bb link_font=\u00bb||||on||||\u00bb link_text_color=\u00bb#FFFFFF\u00bb quote_font=\u00bbIBM Plex Sans Condensed|IBM Plex Sans Condensed_weight|||||||\u00bb quote_text_color=\u00bb#FFFFFF\u00bb header_font=\u00bbIBM Plex Sans Condensed|IBM Plex Sans Condensed_weight|||||||\u00bb header_text_color=\u00bb#FFFFFF\u00bb header_font_size=\u00bb72px\u00bb header_line_height=\u00bb1.15em\u00bb header_2_font=\u00bbIBM Plex Sans Condensed|IBM Plex Sans Condensed_weight|||||||\u00bb header_2_text_color=\u00bb#FFFFFF\u00bb header_2_font_size=\u00bb50px\u00bb header_2_line_height=\u00bb1.2em\u00bb header_3_font=\u00bbIBM Plex Sans Condensed|IBM Plex Sans Condensed_weight|||||||\u00bb header_3_text_color=\u00bb#FFFFFF\u00bb header_3_font_size=\u00bb32px\u00bb header_3_line_height=\u00bb1.3em\u00bb header_4_font=\u00bbIBM Plex Sans Condensed|IBM Plex Sans Condensed_weight|||||||\u00bb header_4_text_color=\u00bb#FFFFFF\u00bb header_4_font_size=\u00bb24px\u00bb header_4_line_height=\u00bb1.4em\u00bb header_5_font=\u00bbIBM Plex Sans Condensed|IBM Plex Sans Condensed_weight|||||||\u00bb header_5_text_color=\u00bb#FFFFFF\u00bb header_5_font_size=\u00bb18px\u00bb header_5_line_height=\u00bb1.4em\u00bb header_6_font=\u00bbIBM Plex Sans Condensed|IBM Plex Sans Condensed_weight|||||||\u00bb header_6_text_color=\u00bb#FFFFFF\u00bb header_6_line_height=\u00bb1.5em\u00bb custom_margin=\u00bb||||false|false\u00bb text_font_size_tablet=\u00bb15px\u00bb text_font_size_phone=\u00bb14px\u00bb text_font_size_last_edited=\u00bbon|phone\u00bb header_font_size_tablet=\u00bb40px\u00bb header_font_size_phone=\u00bb24px\u00bb header_font_size_last_edited=\u00bbon|desktop\u00bb header_2_font_size_tablet=\u00bb28px\u00bb header_2_font_size_phone=\u00bb20px\u00bb header_2_font_size_last_edited=\u00bbon|phone\u00bb header_3_font_size_tablet=\u00bb22px\u00bb header_3_font_size_phone=\u00bb17px\u00bb header_3_font_size_last_edited=\u00bbon|phone\u00bb header_4_font_size_tablet=\u00bb18px\u00bb header_4_font_size_phone=\u00bb15px\u00bb header_4_font_size_last_edited=\u00bbon|tablet\u00bb header_5_font_size_tablet=\u00bb15px\u00bb header_5_font_size_phone=\u00bb14px\u00bb header_5_font_size_last_edited=\u00bbon|desktop\u00bb header_6_font_size_tablet=\u00bb13px\u00bb header_6_font_size_phone=\u00bb13px\u00bb header_6_font_size_last_edited=\u00bbon|desktop\u00bb locked=\u00bboff\u00bb global_colors_info=\u00bb{}\u00bb]<\/p>\n<p>Desde esta p\u00e1gina pod\u00e9s acceder a informaci\u00f3n general sobre el Registro Civil. Los tr\u00e1mites habituales como actas, turnos, DNI, pasaportes y certificados se gestionan exclusivamente desde la plataforma de Mendoza por m\u00ed (MxM).<\/p>\n<p>[\/et_pb_text][et_pb_button button_url=\u00bbhttps:\/\/mxm.mendoza.gov.ar\/\u00bb button_text=\u00bbEncontr\u00e1 todos los tr\u00e1mites\u00bb _builder_version=\u00bb4.27.4&#8243; _module_preset=\u00bbab15fb74-61a3-43aa-96b3-41e09aeef654&#8243; custom_button=\u00bbon\u00bb button_text_size=\u00bb14px\u00bb button_text_color=\u00bb#1d3557&#8243; button_bg_color=\u00bb#FFFFFF\u00bb button_border_width=\u00bb0px\u00bb button_border_radius=\u00bb100px\u00bb button_font=\u00bbIBM Plex Sans|700|||||||\u00bb custom_padding=\u00bb12px|24px|12px|24px|true|true\u00bb locked=\u00bboff\u00bb global_colors_info=\u00bb{}\u00bb][\/et_pb_button][\/et_pb_column][\/et_pb_row][\/et_pb_section][et_pb_section fb_built=\u00bb1&#8243; admin_label=\u00bbFeatures\u00bb _builder_version=\u00bb4.18.0&#8243; _module_preset=\u00bbdefault\u00bb locked=\u00bboff\u00bb collapsed=\u00bbon\u00bb global_colors_info=\u00bb{}\u00bb][et_pb_row _builder_version=\u00bb4.18.0&#8243; _module_preset=\u00bb5138c454-be54-4233-bd3b-f8e6a8747976&#8243; custom_margin=\u00bb|auto|-10px|auto|false|false\u00bb global_colors_info=\u00bb{}\u00bb][et_pb_column type=\u00bb4_4&#8243; _builder_version=\u00bb4.18.0&#8243; _module_preset=\u00bb73121f80-a3ef-4484-8763-c3f18e3c56d2&#8243; global_colors_info=\u00bb{}\u00bb][et_pb_heading title=\u00bbTr\u00e1mites disponibles en MxM\u00bb _builder_version=\u00bb4.24.2&#8243; _module_preset=\u00bbc33f07d9-41e0-421a-8799-5799df695cce\u00bb title_level=\u00bbh2&#8243; title_font=\u00bbIBM Plex Sans Condensed|IBM Plex Sans Condensed_weight|||||||\u00bb title_text_color=\u00bb#0e0c19&#8243; title_font_size=\u00bb50px\u00bb title_line_height=\u00bb1.2em\u00bb custom_margin=\u00bb||10px||false|false\u00bb title_font_size_tablet=\u00bb28px\u00bb title_font_size_phone=\u00bb20px\u00bb title_font_size_last_edited=\u00bbon|phone\u00bb locked=\u00bboff\u00bb global_colors_info=\u00bb{}\u00bb][\/et_pb_heading][\/et_pb_column][\/et_pb_row][et_pb_row column_structure=\u00bb1_2,1_2&#8243; custom_padding_last_edited=\u00bbon|tablet\u00bb _builder_version=\u00bb4.23.1&#8243; _module_preset=\u00bb5138c454-be54-4233-bd3b-f8e6a8747976&#8243; custom_padding_tablet=\u00bb||0px||false|false\u00bb custom_padding_phone=\u00bb||0px||false|false\u00bb global_colors_info=\u00bb{}\u00bb][et_pb_column type=\u00bb1_2&#8243; _builder_version=\u00bb4.18.0&#8243; _module_preset=\u00bb73121f80-a3ef-4484-8763-c3f18e3c56d2&#8243; global_colors_info=\u00bb{}\u00bb][et_pb_blurb title=\u00bbInscripci\u00f3n de Nacimiento\u00bb use_icon=\u00bbon\u00bb font_icon=\u00bb&#xf2bb;||fa||400&#8243; icon_color=\u00bb#0C71C3&#8243; image_icon_width=\u00bb32px\u00bb icon_alignment=\u00bbleft\u00bb content_max_width=\u00bb100%\u00bb _builder_version=\u00bb4.27.4&#8243; _module_preset=\u00bb212b201d-2c34-41bd-936c-851b7357d08b\u00bb header_font=\u00bbIBM Plex Sans Condensed|IBM Plex Sans Condensed_weight|||||||\u00bb header_text_color=\u00bb#0e0c19&#8243; header_font_size=\u00bb18px\u00bb header_line_height=\u00bb1.4em\u00bb body_font=\u00bbIBM Plex Sans|IBM Plex Sans_weight|||||||\u00bb body_text_color=\u00bb#3c3a47&#8243; body_font_size=\u00bb16px\u00bb body_line_height=\u00bb1.75em\u00bb body_link_text_color=\u00bb#1d3557&#8243; background_mask_style=\u00bbdiagonal\u00bb image_icon_custom_margin=\u00bb||||false|false\u00bb image_icon_custom_padding=\u00bb||||false|false\u00bb animation=\u00bboff\u00bb header_font_size_tablet=\u00bb15px\u00bb header_font_size_phone=\u00bb13px\u00bb header_font_size_last_edited=\u00bbon|phone\u00bb body_font_size_tablet=\u00bb15px\u00bb body_font_size_phone=\u00bb14px\u00bb body_font_size_last_edited=\u00bbon|desktop\u00bb border_radii_image=\u00bbon|6px|6px|6px|6px\u00bb locked=\u00bboff\u00bb global_colors_info=\u00bb{%22#3c3a47%22:%91%22body_text_color%22,%22body_text_color%22%93,%22#0e0c19%22:%91%22header_text_color%22,%22header_text_color%22%93,%22#457b9d%22:%91%22icon_color%22%93}\u00bb]<\/p>\n<p>Registr\u00e1 la inscripci\u00f3n de nacimiento de tu hijo\/a.<\/p>\n<p>[\/et_pb_blurb][et_pb_button button_url=\u00bbhttps:\/\/ticketsform.mendoza.gov.ar\/ticketsform\/com.tickets.responderformulario?REGISTRO_CIVIL_TURNOS_NACIMIENTO1&#8243; button_text=\u00bbSolicitar Turno\u00bb _builder_version=\u00bb4.27.4&#8243; _module_preset=\u00bb1bffc0fc-42a0-49d1-bd9a-ae3ade2d7206&#8243; custom_button=\u00bbon\u00bb button_text_size=\u00bb14px\u00bb button_text_color=\u00bb#FFFFFF\u00bb button_bg_color=\u00bb#0C71C3&#8243; button_border_width=\u00bb0px\u00bb button_border_radius=\u00bb100px\u00bb button_font=\u00bbIBM Plex Sans|700|||||||\u00bb custom_padding=\u00bb12px|24px|12px|24px|true|true\u00bb locked=\u00bboff\u00bb global_colors_info=\u00bb{%22#457b9d%22:%91%22button_bg_color%22%93}\u00bb custom_padding__hover_enabled=\u00bboff|desktop\u00bb custom_padding__hover=\u00bb|28px||20px|true|false\u00bb][\/et_pb_button][\/et_pb_column][et_pb_column type=\u00bb1_2&#8243; _builder_version=\u00bb4.18.0&#8243; _module_preset=\u00bb73121f80-a3ef-4484-8763-c3f18e3c56d2&#8243; global_colors_info=\u00bb{}\u00bb][et_pb_blurb title=\u00bbInscripci\u00f3n de Nacimiento para hijos de extranjeros\u00bb use_icon=\u00bbon\u00bb font_icon=\u00bb&#xf2bb;||fa||900&#8243; icon_color=\u00bb#0C71C3&#8243; image_icon_width=\u00bb32px\u00bb icon_alignment=\u00bbleft\u00bb content_max_width=\u00bb100%\u00bb _builder_version=\u00bb4.27.4&#8243; _module_preset=\u00bb212b201d-2c34-41bd-936c-851b7357d08b\u00bb header_font=\u00bbIBM Plex Sans Condensed|IBM Plex Sans Condensed_weight|||||||\u00bb header_text_color=\u00bb#0e0c19&#8243; header_font_size=\u00bb18px\u00bb header_line_height=\u00bb1.4em\u00bb body_font=\u00bbIBM Plex Sans|IBM Plex Sans_weight|||||||\u00bb body_text_color=\u00bb#3c3a47&#8243; body_font_size=\u00bb16px\u00bb body_line_height=\u00bb1.75em\u00bb body_link_text_color=\u00bb#1d3557&#8243; background_mask_style=\u00bbdiagonal\u00bb image_icon_custom_margin=\u00bb||||false|false\u00bb image_icon_custom_padding=\u00bb||||false|false\u00bb animation=\u00bboff\u00bb header_font_size_tablet=\u00bb15px\u00bb header_font_size_phone=\u00bb13px\u00bb header_font_size_last_edited=\u00bbon|phone\u00bb body_font_size_tablet=\u00bb15px\u00bb body_font_size_phone=\u00bb14px\u00bb body_font_size_last_edited=\u00bbon|desktop\u00bb border_radii_image=\u00bbon|6px|6px|6px|6px\u00bb locked=\u00bboff\u00bb global_colors_info=\u00bb{%22#3c3a47%22:%91%22body_text_color%22,%22body_text_color%22,%22body_text_color%22,%22body_text_color%22%93,%22#0e0c19%22:%91%22header_text_color%22,%22header_text_color%22,%22header_text_color%22,%22header_text_color%22%93,%22#457b9d%22:%91%22icon_color%22,%22icon_color%22%93}\u00bb]<\/p>\n<p>Registr\u00e1 el nacimiento de un ni\u00f1o\/a en Mendoza cuando uno o ambos progenitores son extranjeros.<\/p>\n<p>[\/et_pb_blurb][et_pb_button button_url=\u00bbhttps:\/\/ticketsform.mendoza.gov.ar\/ticketsform\/com.tickets.responderformulario?REGISTRO_CIVIL_TURNOS_NAC_EXTRANJ1&#8243; button_text=\u00bbSolicitar Turno\u00bb _builder_version=\u00bb4.27.4&#8243; _module_preset=\u00bb1bffc0fc-42a0-49d1-bd9a-ae3ade2d7206&#8243; custom_button=\u00bbon\u00bb button_text_size=\u00bb14px\u00bb button_text_color=\u00bb#FFFFFF\u00bb button_bg_color=\u00bb#0C71C3&#8243; button_border_width=\u00bb0px\u00bb button_border_radius=\u00bb100px\u00bb button_font=\u00bbIBM Plex Sans|700|||||||\u00bb custom_padding=\u00bb12px|24px|12px|24px|true|true\u00bb locked=\u00bboff\u00bb global_colors_info=\u00bb{%22#457b9d%22:%91%22button_bg_color%22,%22button_bg_color%22%93}\u00bb custom_padding__hover_enabled=\u00bboff|desktop\u00bb custom_padding__hover=\u00bb|28px||20px|true|false\u00bb][\/et_pb_button][\/et_pb_column][\/et_pb_row][et_pb_row column_structure=\u00bb1_2,1_2&#8243; custom_padding_last_edited=\u00bbon|tablet\u00bb _builder_version=\u00bb4.23.1&#8243; _module_preset=\u00bb5138c454-be54-4233-bd3b-f8e6a8747976&#8243; custom_padding_tablet=\u00bb||0px||false|false\u00bb custom_padding_phone=\u00bb||0px||false|false\u00bb global_colors_info=\u00bb{}\u00bb][et_pb_column type=\u00bb1_2&#8243; _builder_version=\u00bb4.18.0&#8243; _module_preset=\u00bb73121f80-a3ef-4484-8763-c3f18e3c56d2&#8243; global_colors_info=\u00bb{}\u00bb][et_pb_blurb title=\u00bbMatrimonios y Uniones Convivenciales\u00bb use_icon=\u00bbon\u00bb font_icon=\u00bb&#xf70b;||fa||900&#8243; icon_color=\u00bb#0C71C3&#8243; image_icon_width=\u00bb32px\u00bb icon_alignment=\u00bbleft\u00bb content_max_width=\u00bb100%\u00bb _builder_version=\u00bb4.27.4&#8243; _module_preset=\u00bb212b201d-2c34-41bd-936c-851b7357d08b\u00bb header_font=\u00bbIBM Plex Sans Condensed|IBM Plex Sans Condensed_weight|||||||\u00bb header_text_color=\u00bb#0e0c19&#8243; header_font_size=\u00bb18px\u00bb header_line_height=\u00bb1.4em\u00bb body_font=\u00bbIBM Plex Sans|IBM Plex Sans_weight|||||||\u00bb body_text_color=\u00bb#3c3a47&#8243; body_font_size=\u00bb16px\u00bb body_line_height=\u00bb1.75em\u00bb body_link_text_color=\u00bb#1d3557&#8243; background_mask_style=\u00bbdiagonal\u00bb image_icon_custom_margin=\u00bb||||false|false\u00bb image_icon_custom_padding=\u00bb||||false|false\u00bb animation=\u00bboff\u00bb header_font_size_tablet=\u00bb15px\u00bb header_font_size_phone=\u00bb13px\u00bb header_font_size_last_edited=\u00bbon|phone\u00bb body_font_size_tablet=\u00bb15px\u00bb body_font_size_phone=\u00bb14px\u00bb body_font_size_last_edited=\u00bbon|desktop\u00bb border_radii_image=\u00bbon|6px|6px|6px|6px\u00bb locked=\u00bboff\u00bb global_colors_info=\u00bb{%22#3c3a47%22:%91%22body_text_color%22,%22body_text_color%22,%22body_text_color%22,%22body_text_color%22%93,%22#0e0c19%22:%91%22header_text_color%22,%22header_text_color%22,%22header_text_color%22,%22header_text_color%22%93,%22#457b9d%22:%91%22icon_color%22,%22icon_color%22%93}\u00bb]<\/p>\n<p>Solicit\u00e1 turno para celebrar tu matrimonio o uni\u00f3n civil, ya sea entre ciudadanos argentinos o extranjeros.<\/p>\n<p>[\/et_pb_blurb][et_pb_button button_url=\u00bbhttps:\/\/mxm.mendoza.gov.ar\/\u00bb button_text=\u00bbSolicitar Turno\u00bb _builder_version=\u00bb4.27.4&#8243; _module_preset=\u00bb1bffc0fc-42a0-49d1-bd9a-ae3ade2d7206&#8243; custom_button=\u00bbon\u00bb button_text_size=\u00bb14px\u00bb button_text_color=\u00bb#FFFFFF\u00bb button_bg_color=\u00bb#0C71C3&#8243; button_border_width=\u00bb0px\u00bb button_border_radius=\u00bb100px\u00bb button_font=\u00bbIBM Plex Sans|700|||||||\u00bb custom_padding=\u00bb12px|24px|12px|24px|true|true\u00bb locked=\u00bboff\u00bb global_colors_info=\u00bb{%22#457b9d%22:%91%22button_bg_color%22,%22button_bg_color%22%93}\u00bb custom_padding__hover_enabled=\u00bboff|desktop\u00bb custom_padding__hover=\u00bb|28px||20px|true|false\u00bb][\/et_pb_button][\/et_pb_column][et_pb_column type=\u00bb1_2&#8243; _builder_version=\u00bb4.18.0&#8243; _module_preset=\u00bb73121f80-a3ef-4484-8763-c3f18e3c56d2&#8243; global_colors_info=\u00bb{}\u00bb][et_pb_blurb title=\u00bbAcuerdo de apellidos para hijos\/as\u00bb use_icon=\u00bbon\u00bb font_icon=\u00bb&#xf5a1;||fa||900&#8243; icon_color=\u00bb#0C71C3&#8243; image_icon_width=\u00bb32px\u00bb icon_alignment=\u00bbleft\u00bb content_max_width=\u00bb100%\u00bb _builder_version=\u00bb4.27.4&#8243; _module_preset=\u00bb212b201d-2c34-41bd-936c-851b7357d08b\u00bb header_font=\u00bbIBM Plex Sans Condensed|IBM Plex Sans Condensed_weight|||||||\u00bb header_text_color=\u00bb#0e0c19&#8243; header_font_size=\u00bb18px\u00bb header_line_height=\u00bb1.4em\u00bb body_font=\u00bbIBM Plex Sans|IBM Plex Sans_weight|||||||\u00bb body_text_color=\u00bb#3c3a47&#8243; body_font_size=\u00bb16px\u00bb body_line_height=\u00bb1.75em\u00bb body_link_text_color=\u00bb#1d3557&#8243; background_mask_style=\u00bbdiagonal\u00bb image_icon_custom_margin=\u00bb||||false|false\u00bb image_icon_custom_padding=\u00bb||||false|false\u00bb animation=\u00bboff\u00bb header_font_size_tablet=\u00bb15px\u00bb header_font_size_phone=\u00bb13px\u00bb header_font_size_last_edited=\u00bbon|phone\u00bb body_font_size_tablet=\u00bb15px\u00bb body_font_size_phone=\u00bb14px\u00bb body_font_size_last_edited=\u00bbon|desktop\u00bb border_radii_image=\u00bbon|6px|6px|6px|6px\u00bb locked=\u00bboff\u00bb global_colors_info=\u00bb{%22#3c3a47%22:%91%22body_text_color%22,%22body_text_color%22,%22body_text_color%22,%22body_text_color%22%93,%22#0e0c19%22:%91%22header_text_color%22,%22header_text_color%22,%22header_text_color%22,%22header_text_color%22%93,%22#457b9d%22:%91%22icon_color%22,%22icon_color%22%93}\u00bb]<\/p>\n<p>Este tr\u00e1mite te permite acordar el orden de los apellidos al momento de inscribir el nacimiento.<\/p>\n<p>[\/et_pb_blurb][et_pb_button button_url=\u00bbhttps:\/\/mza-dicaws-portal-uploads-media-prod.s3.us-east-1.amazonaws.com\/informacion-oficial\/uploads\/sites\/13\/2025\/08\/NOTAACUERDOAPELLIDOS.pdf\u00bb button_text=\u00bbDescargar Nota de Acuerdo\u00bb _builder_version=\u00bb4.27.4&#8243; _module_preset=\u00bb1bffc0fc-42a0-49d1-bd9a-ae3ade2d7206&#8243; custom_button=\u00bbon\u00bb button_text_size=\u00bb14px\u00bb button_text_color=\u00bb#FFFFFF\u00bb button_bg_color=\u00bb#0C71C3&#8243; button_border_width=\u00bb0px\u00bb button_border_radius=\u00bb100px\u00bb button_font=\u00bbIBM Plex Sans|700|||||||\u00bb custom_padding=\u00bb12px|24px|12px|24px|true|true\u00bb locked=\u00bboff\u00bb global_colors_info=\u00bb{%22#457b9d%22:%91%22button_bg_color%22,%22button_bg_color%22%93}\u00bb custom_padding__hover_enabled=\u00bboff|desktop\u00bb custom_padding__hover=\u00bb|28px||20px|true|false\u00bb][\/et_pb_button][\/et_pb_column][\/et_pb_row][et_pb_row column_structure=\u00bb1_2,1_2&#8243; custom_padding_last_edited=\u00bbon|tablet\u00bb _builder_version=\u00bb4.23.1&#8243; _module_preset=\u00bb5138c454-be54-4233-bd3b-f8e6a8747976&#8243; custom_padding_tablet=\u00bb||0px||false|false\u00bb custom_padding_phone=\u00bb||0px||false|false\u00bb global_colors_info=\u00bb{}\u00bb][et_pb_column type=\u00bb1_2&#8243; _builder_version=\u00bb4.18.0&#8243; _module_preset=\u00bb73121f80-a3ef-4484-8763-c3f18e3c56d2&#8243; global_colors_info=\u00bb{}\u00bb][et_pb_blurb title=\u00bbPartidas digitales\u00bb use_icon=\u00bbon\u00bb font_icon=\u00bb&#xe059;||divi||400&#8243; icon_color=\u00bb#0C71C3&#8243; image_icon_width=\u00bb32px\u00bb icon_alignment=\u00bbleft\u00bb content_max_width=\u00bb100%\u00bb _builder_version=\u00bb4.27.4&#8243; _module_preset=\u00bb212b201d-2c34-41bd-936c-851b7357d08b\u00bb header_font=\u00bbIBM Plex Sans Condensed|IBM Plex Sans Condensed_weight|||||||\u00bb header_text_color=\u00bb#0e0c19&#8243; header_font_size=\u00bb18px\u00bb header_line_height=\u00bb1.4em\u00bb body_font=\u00bbIBM Plex Sans|IBM Plex Sans_weight|||||||\u00bb body_text_color=\u00bb#3c3a47&#8243; body_font_size=\u00bb16px\u00bb body_line_height=\u00bb1.75em\u00bb body_link_text_color=\u00bb#1d3557&#8243; background_mask_style=\u00bbdiagonal\u00bb image_icon_custom_margin=\u00bb||||false|false\u00bb image_icon_custom_padding=\u00bb||||false|false\u00bb animation=\u00bboff\u00bb header_font_size_tablet=\u00bb15px\u00bb header_font_size_phone=\u00bb13px\u00bb header_font_size_last_edited=\u00bbon|phone\u00bb body_font_size_tablet=\u00bb15px\u00bb body_font_size_phone=\u00bb14px\u00bb body_font_size_last_edited=\u00bbon|desktop\u00bb border_radii_image=\u00bbon|6px|6px|6px|6px\u00bb locked=\u00bboff\u00bb global_colors_info=\u00bb{%22#3c3a47%22:%91%22body_text_color%22,%22body_text_color%22,%22body_text_color%22,%22body_text_color%22,%22body_text_color%22,%22body_text_color%22%93,%22#0e0c19%22:%91%22header_text_color%22,%22header_text_color%22,%22header_text_color%22,%22header_text_color%22,%22header_text_color%22,%22header_text_color%22%93,%22#457b9d%22:%91%22icon_color%22,%22icon_color%22,%22icon_color%22%93}\u00bb]<\/p>\n<p>Acced\u00e9 a copias digitales de partidas de nacimiento, matrimonio o defunci\u00f3n emitidas por el Registro Civil.<\/p>\n<p>[\/et_pb_blurb][et_pb_button button_url=\u00bbhttps:\/\/partidasdigitales.mendoza.gov.ar\/pedidosreg\/\u00bb button_text=\u00bbSolicit\u00e1 Turno\u00bb _builder_version=\u00bb4.27.4&#8243; _module_preset=\u00bb1bffc0fc-42a0-49d1-bd9a-ae3ade2d7206&#8243; custom_button=\u00bbon\u00bb button_text_size=\u00bb14px\u00bb button_text_color=\u00bb#FFFFFF\u00bb button_bg_color=\u00bb#0C71C3&#8243; button_border_width=\u00bb0px\u00bb button_border_radius=\u00bb100px\u00bb button_font=\u00bbIBM Plex Sans|700|||||||\u00bb custom_padding=\u00bb12px|24px|12px|24px|true|true\u00bb locked=\u00bboff\u00bb global_colors_info=\u00bb{%22#457b9d%22:%91%22button_bg_color%22,%22button_bg_color%22%93}\u00bb custom_padding__hover_enabled=\u00bboff|desktop\u00bb custom_padding__hover=\u00bb|28px||20px|true|false\u00bb][\/et_pb_button][\/et_pb_column][et_pb_column type=\u00bb1_2&#8243; _builder_version=\u00bb4.18.0&#8243; _module_preset=\u00bb73121f80-a3ef-4484-8763-c3f18e3c56d2&#8243; global_colors_info=\u00bb{}\u00bb][et_pb_blurb title=\u00bbSolicitud de turnos DNI para Registro Civil Port\u00e1til\u00bb use_icon=\u00bbon\u00bb font_icon=\u00bb&#xf70b;||fa||900&#8243; icon_color=\u00bb#0C71C3&#8243; image_icon_width=\u00bb32px\u00bb icon_alignment=\u00bbleft\u00bb content_max_width=\u00bb100%\u00bb _builder_version=\u00bb4.27.4&#8243; _module_preset=\u00bb212b201d-2c34-41bd-936c-851b7357d08b\u00bb header_font=\u00bbIBM Plex Sans Condensed|IBM Plex Sans Condensed_weight|||||||\u00bb header_text_color=\u00bb#0e0c19&#8243; header_font_size=\u00bb18px\u00bb header_line_height=\u00bb1.4em\u00bb body_font=\u00bbIBM Plex Sans|IBM Plex Sans_weight|||||||\u00bb body_text_color=\u00bb#3c3a47&#8243; body_font_size=\u00bb16px\u00bb body_line_height=\u00bb1.75em\u00bb body_link_text_color=\u00bb#1d3557&#8243; background_mask_style=\u00bbdiagonal\u00bb image_icon_custom_margin=\u00bb||||false|false\u00bb image_icon_custom_padding=\u00bb||||false|false\u00bb animation=\u00bboff\u00bb header_font_size_tablet=\u00bb15px\u00bb header_font_size_phone=\u00bb13px\u00bb header_font_size_last_edited=\u00bbon|phone\u00bb body_font_size_tablet=\u00bb15px\u00bb body_font_size_phone=\u00bb14px\u00bb body_font_size_last_edited=\u00bbon|desktop\u00bb border_radii_image=\u00bbon|6px|6px|6px|6px\u00bb locked=\u00bboff\u00bb global_colors_info=\u00bb{%22#3c3a47%22:%91%22body_text_color%22,%22body_text_color%22,%22body_text_color%22,%22body_text_color%22,%22body_text_color%22,%22body_text_color%22%93,%22#0e0c19%22:%91%22header_text_color%22,%22header_text_color%22,%22header_text_color%22,%22header_text_color%22,%22header_text_color%22,%22header_text_color%22%93,%22#457b9d%22:%91%22icon_color%22,%22icon_color%22,%22icon_color%22%93}\u00bb]<\/p>\n<p>Brindamos atenci\u00f3n personalizada a personas con movilidad reducida o que no pueden trasladarse por razones de salud.<\/p>\n<p>[\/et_pb_blurb][et_pb_button button_url=\u00bbhttps:\/\/ticketsform.mendoza.gov.ar\/ticketsform\/servlet\/responderformulario?REGISTRO_CIVIL_TURNOS_PORTATIL\u00bb button_text=\u00bbSolicit\u00e1 Turno\u00bb _builder_version=\u00bb4.27.4&#8243; _module_preset=\u00bb1bffc0fc-42a0-49d1-bd9a-ae3ade2d7206&#8243; custom_button=\u00bbon\u00bb button_text_size=\u00bb14px\u00bb button_text_color=\u00bb#FFFFFF\u00bb button_bg_color=\u00bb#0C71C3&#8243; button_border_width=\u00bb0px\u00bb button_border_radius=\u00bb100px\u00bb button_font=\u00bbIBM Plex Sans|700|||||||\u00bb custom_padding=\u00bb12px|24px|12px|24px|true|true\u00bb locked=\u00bboff\u00bb global_colors_info=\u00bb{%22#457b9d%22:%91%22button_bg_color%22,%22button_bg_color%22%93}\u00bb custom_padding__hover_enabled=\u00bboff|desktop\u00bb custom_padding__hover=\u00bb|28px||20px|true|false\u00bb][\/et_pb_button][\/et_pb_column][\/et_pb_row][\/et_pb_section][et_pb_section fb_built=\u00bb1&#8243; _builder_version=\u00bb4.27.4&#8243; _module_preset=\u00bbdefault\u00bb background_color=\u00bb#f9f9f9&#8243; global_colors_info=\u00bb{}\u00bb][et_pb_row _builder_version=\u00bb4.17.6&#8243; _module_preset=\u00bb5138c454-be54-4233-bd3b-f8e6a8747976&#8243; global_colors_info=\u00bb{}\u00bb][et_pb_column type=\u00bb4_4&#8243; _builder_version=\u00bb4.16&#8243; _module_preset=\u00bb73121f80-a3ef-4484-8763-c3f18e3c56d2&#8243; global_colors_info=\u00bb{}\u00bb][et_pb_blurb title=\u00bbOficinas del Registro Civil Mendoza\u00bb use_icon=\u00bbon\u00bb font_icon=\u00bb&#xe01d;||divi||400&#8243; icon_color=\u00bb#FFFFFF\u00bb icon_placement=\u00bbleft\u00bb image_icon_width=\u00bb40px\u00bb content_max_width=\u00bb50%\u00bb _builder_version=\u00bb4.27.4&#8243; _module_preset=\u00bbdefault\u00bb header_level=\u00bbh3&#8243; header_text_color=\u00bb#FFFFFF\u00bb background_color=\u00bb#0C71C3&#8243; module_alignment=\u00bbcenter\u00bb custom_padding=\u00bb4em||4em||true|false\u00bb link_option_url=\u00bb#direcciones\u00bb border_radii=\u00bbon|15px|15px|15px|15px\u00bb global_colors_info=\u00bb{}\u00bb][\/et_pb_blurb][\/et_pb_column][\/et_pb_row][et_pb_row _builder_version=\u00bb4.27.4&#8243; _module_preset=\u00bbdefault\u00bb background_color=\u00bb#FFFFFF\u00bb custom_padding=\u00bb1em|1em|1em|1em|true|true\u00bb border_radii=\u00bbon|15px|15px|15px|15px\u00bb box_shadow_style=\u00bbpreset2&#8243; box_shadow_spread=\u00bb-1px\u00bb box_shadow_color=\u00bbrgba(0,0,0,0.1)\u00bb global_colors_info=\u00bb{}\u00bb][et_pb_column type=\u00bb4_4&#8243; _builder_version=\u00bb4.27.4&#8243; _module_preset=\u00bbdefault\u00bb global_colors_info=\u00bb{}\u00bb][et_pb_toggle title=\u00bbCapital\u00bb open_toggle_text_color=\u00bb#FFFFFF\u00bb open_toggle_background_color=\u00bb#FFFFFF\u00bb closed_toggle_background_color=\u00bb#0C71C3&#8243; icon_color=\u00bb#FFFFFF\u00bb _builder_version=\u00bb4.27.4&#8243; _module_preset=\u00bbdefault\u00bb title_text_color=\u00bb#FFFFFF\u00bb custom_css_free_form=\u00bbselector table{||  display: block;||  overflow-x: auto;||  white-space: nowrap;||}\u00bb border_radii=\u00bbon|15px|15px|15px|15px\u00bb global_colors_info=\u00bb{}\u00bb]<\/p>\n<table width=\"100%\" cellspacing=\"2\" cellpadding=\"2\" border=\"0\" align=\"center\">\n<tbody>\n<tr class=\"bg-info text-white\">\n<th style=\"text-align: left\">CAPITAL<\/th>\n<th style=\"text-align: left\">Direcci\u00f3n<\/th>\n<th style=\"text-align: left\">Tr\u00e1mites que realizan<\/th>\n<\/tr>\n<tr>\n<td style=\"text-align: left\" align=\"center\"><strong>DIRECCI\u00d3N GENERAL<\/strong><\/td>\n<td align=\"left\">Av. Peltier 351 Casa de Gobierno Cuerpo Central 1er. Piso &#8211; Ciudad &#8211; Capital &#8211; 5500<\/td>\n<td align=\"left\"><\/td>\n<\/tr>\n<tr>\n<td style=\"text-align: left\" align=\"center\"><strong style=\"text-align: -webkit-left\">J.V. ZAPATA CDR<\/strong><\/td>\n<td align=\"left\">9 de Julio 500 \u2013 Municipalidad de Capital \u2013 5500<\/td>\n<td align=\"left\">Identificaciones, Certificados Oficiales y Actas<\/td>\n<\/tr>\n<tr>\n<td style=\"text-align: left\" align=\"center\"><strong style=\"text-align: -webkit-left\">J. V. ZAPATA NACIMIENTOS<\/strong><\/td>\n<td align=\"left\">Ala Oeste de Casa de Gobierno (Ventanilla \u00fanica)<\/td>\n<td align=\"left\">Nacimientos y Actas<\/td>\n<\/tr>\n<tr>\n<td style=\"text-align: left\" align=\"center\"><strong style=\"text-align: -webkit-left\">M\u00d3VIL ROSA MARIA FIORE<\/strong><\/td>\n<td align=\"left\">Av. Peltier 351 Casa de Gobierno Cuerpo Central 1er. Piso &#8211; Ciudad &#8211; Capital &#8211; 5500<\/td>\n<td align=\"left\"><\/td>\n<\/tr>\n<tr>\n<td align=\"left\"><strong>DALMACIO V. SARSFIELD<\/strong><\/td>\n<td align=\"left\">Eureka Parque Gral. San Mart\u00edn &#8211; Ciudad &#8211; Capital &#8211; 5500<\/td>\n<td align=\"left\">Matrimonios, Uniones convivenciales y Actas<\/td>\n<\/tr>\n<tr>\n<td align=\"left\"><strong>TTE GRAL RUFINO ORTEGA<\/strong><\/td>\n<td align=\"left\">Poder Judicial, primer subsuelo, oficina 20<\/td>\n<td align=\"left\">Defunciones, identificaciones y Actas<\/td>\n<\/tr>\n<tr>\n<td align=\"left\"><strong>DOLORES PAZ GUEVARA DE LEMOS<\/strong><\/td>\n<td align=\"left\">Ala Oeste de Casa de Gobierno (Ventanilla \u00fanica)<\/td>\n<td align=\"left\">Identificaciones, Certificados oficiales, Matrimonio m\u00f3vil y Actas<\/td>\n<\/tr>\n<tr>\n<td align=\"left\"><strong>EMILIO CIVIT<\/strong><\/td>\n<td align=\"left\">Timoteo Gordillo S\/N (Hospital Lagomaggiore) &#8211; Ciudad &#8211; Capital &#8211; 5500<\/td>\n<td align=\"left\">Nacimientos, Defunciones y Actas<\/td>\n<\/tr>\n<tr>\n<td align=\"left\"><strong>CDR PENITENCIARIA<\/strong><\/td>\n<td align=\"left\">Boulogne Sur Mer y Plantamura<\/td>\n<td align=\"left\">Identificaciones, Certificados oficiales y Actas<\/td>\n<\/tr>\n<tr>\n<td align=\"left\"><strong>B\u00b0 LA FAVORITA<\/strong><\/td>\n<td align=\"left\">AC 2 S\/N Los Junquillos y Libertador B La Favorita &#8211; Ciudad &#8211; Capital &#8211; 5500<\/td>\n<td align=\"left\">Identificaciones, Certificados oficiales y Actas<\/td>\n<\/tr>\n<tr>\n<td align=\"left\"><strong>ARCHIVO<\/strong><\/td>\n<td align=\"left\">Buenos Aires 335 &#8211; Ciudad &#8211; Capital<\/td>\n<td align=\"left\">Actas<\/td>\n<\/tr>\n<tr>\n<td align=\"left\"><strong>Gimnasio N\u00ba2<\/strong><\/td>\n<td align=\"left\">Alpatacal 3150, Capital<\/td>\n<td align=\"left\">Identificaciones, Certificados oficiales y Actas<\/td>\n<\/tr>\n<tr>\n<td align=\"left\"><strong>4ta. Secci\u00f3n<\/strong><\/td>\n<td align=\"left\">San Mart\u00edn 2981, Capital<\/td>\n<td align=\"left\">Identificaciones, Certificados oficiales y Actas<\/td>\n<\/tr>\n<tr>\n<td align=\"left\"><strong>B\u00b0 San Mart\u00edn<\/strong><\/td>\n<td align=\"left\">Manzana T Casas 15 B\u00b0 San Mart\u00edn &#8211; Capital &#8211; Capital &#8211; 5500<\/td>\n<td align=\"left\">Identificaciones, Matrimonios, Certificados oficiales y Actas<\/td>\n<\/tr>\n<\/tbody>\n<\/table>\n<p>[\/et_pb_toggle][et_pb_toggle title=\u00bbGeneral Alvear\u00bb open_toggle_text_color=\u00bb#FFFFFF\u00bb open_toggle_background_color=\u00bb#FFFFFF\u00bb closed_toggle_background_color=\u00bb#0C71C3&#8243; icon_color=\u00bb#FFFFFF\u00bb _builder_version=\u00bb4.27.4&#8243; _module_preset=\u00bbdefault\u00bb title_text_color=\u00bb#FFFFFF\u00bb custom_css_free_form=\u00bbselector table{||  display: block;||  overflow-x: auto;||  white-space: nowrap;||}\u00bb border_radii=\u00bbon|15px|15px|15px|15px\u00bb global_colors_info=\u00bb{}\u00bb]<\/p>\n<table width=\"100%\" cellspacing=\"2\" cellpadding=\"2\" align=\"center\">\n<tbody>\n<tr class=\"bg-info text-white\">\n<th>GENERAL ALVEAR<\/th>\n<th>Domicilio de Oficina<\/th>\n<th>tr\u00e1mites que realiza<\/th>\n<\/tr>\n<tr>\n<td align=\"center\"><\/td>\n<td align=\"left\"><strong>GENERAL ALVEAR <\/strong><br \/>Alvear Oeste 540 &#8211; General Alvear &#8211; General Alvear &#8211; 5620<\/td>\n<td align=\"left\">Identificaciones, Matrimonios, Certificados oficiales y Actas<\/td>\n<\/tr>\n<tr>\n<td align=\"center\"><\/td>\n<td align=\"left\"><strong>BOWEN <\/strong><br \/>Av. Mitre 53 &#8211; Bowen &#8211; General Alvear &#8211; 5634<\/td>\n<td align=\"left\">Identificaciones, Matrimonios, Certificados oficiales y Actas<\/td>\n<\/tr>\n<tr>\n<td align=\"center\"><\/td>\n<td align=\"left\"><strong>SAN PEDRO DEL ATUEL<\/strong><br \/>San Mart\u00edn y Emilio Perusset &#8211; San Pedro del Atuel &#8211; General Alvear &#8211; 5621<\/td>\n<td align=\"left\">Identificaciones, Matrimonios, Certificados oficiales y Actas<\/td>\n<\/tr>\n<tr>\n<td align=\"center\"><\/td>\n<td align=\"left\"><strong>Hospital Regional General Alvear <\/strong><br \/>Emilio Civit y Mitre &#8211; General Alvear &#8211; General Alvear<\/td>\n<td align=\"left\">Nacimientos, Defunciones y Actas<\/td>\n<\/tr>\n<\/tbody>\n<\/table>\n<p>[\/et_pb_toggle][et_pb_toggle title=\u00bbGodoy Cruz\u00bb open_toggle_text_color=\u00bb#FFFFFF\u00bb open_toggle_background_color=\u00bb#FFFFFF\u00bb closed_toggle_background_color=\u00bb#0C71C3&#8243; icon_color=\u00bb#FFFFFF\u00bb _builder_version=\u00bb4.27.4&#8243; _module_preset=\u00bbdefault\u00bb title_text_color=\u00bb#FFFFFF\u00bb custom_css_free_form=\u00bbselector table{||  display: block;||  overflow-x: auto;||  white-space: nowrap;||}\u00bb border_radii=\u00bbon|15px|15px|15px|15px\u00bb global_colors_info=\u00bb{}\u00bb]<\/p>\n<table width=\"457\" cellspacing=\"2\" cellpadding=\"2\" align=\"center\">\n<tbody>\n<tr class=\"bg-info text-white\">\n<th>GODOY CRUZ<\/th>\n<th>Domicilio de Oficina<\/th>\n<th>tr\u00e1mites que realiza<\/th>\n<\/tr>\n<tr>\n<td align=\"center\">&nbsp;<\/td>\n<td align=\"left\"><strong>HIPERLIBERTAD<\/strong><br \/>Joaquin V Gonzalez 450 Local 750 &#8211; Godoy Cruz &#8211; Godoy Cruz<\/td>\n<td align=\"left\">Nacimientos, Matrimonios, Defunciones, Certificados oficiales, Identificaciones, Uniones convivenciales y Actas<\/td>\n<\/tr>\n<tr>\n<td align=\"center\">&nbsp;<\/td>\n<td align=\"left\"><strong>3er B\u00b0 COVIMET<\/strong><br \/>Los Penitentes y Cerro Siete B\u00b0 Covimet &#8211; Godoy Cruz &#8211; Godoy Cruz<\/td>\n<td align=\"left\">Identificaciones, Matrimonios, Certificados Oficiales y Actas<\/td>\n<\/tr>\n<\/tbody>\n<\/table>\n<p>[\/et_pb_toggle][et_pb_toggle title=\u00bbGuaymall\u00e9n\u00bb open_toggle_text_color=\u00bb#FFFFFF\u00bb open_toggle_background_color=\u00bb#FFFFFF\u00bb closed_toggle_background_color=\u00bb#0C71C3&#8243; icon_color=\u00bb#FFFFFF\u00bb _builder_version=\u00bb4.27.4&#8243; _module_preset=\u00bbdefault\u00bb title_text_color=\u00bb#FFFFFF\u00bb custom_css_free_form=\u00bbselector table{||  display: block;||  overflow-x: auto;||  white-space: nowrap;||}\u00bb border_radii=\u00bbon|15px|15px|15px|15px\u00bb global_colors_info=\u00bb{}\u00bb]<\/p>\n<table width=\"100%\" cellspacing=\"2\" cellpadding=\"2\" border=\"0\" align=\"center\">\n<tbody>\n<tr class=\"bg-info text-white\">\n<th>GUAYMALLEN<\/th>\n<th>Domicilio de Oficina<\/th>\n<th>tr\u00e1mites que realiza<\/th>\n<\/tr>\n<tr>\n<td align=\"center\">\u00a0<\/td>\n<td align=\"left\"><strong>VILLA NUEVA<\/strong><br \/>Victoria y Pedro Del Castillo 855 &#8211; Villa Nueva &#8211; Guaymallen &#8211; 5521<\/td>\n<td align=\"left\">Identificaciones, Matrimonios, Certificados oficiales, Uniones convivenciales y Actas<\/td>\n<\/tr>\n<tr>\n<td align=\"center\">\u00a0<\/td>\n<td align=\"left\"><strong>SAN JOSE<\/strong><br \/>Fco De La Reta y Viamonte &#8211; San Jose &#8211; Guaymallen &#8211; 5519<\/td>\n<td align=\"left\">Identificaciones, Matrimonios, Certificados Oficiales Uniones convivenciales y Actas<\/td>\n<\/tr>\n<tr>\n<td align=\"center\">\u00a0<\/td>\n<td align=\"left\"><strong>DORREGO (Walmart)<\/strong><br \/>Moldes 1023, Dorrego<\/td>\n<td align=\"left\">Identificaciones, Nacimientos, Defunciones, Certificados Oficiales, Uniones convivenciales y Actas<\/td>\n<\/tr>\n<tr>\n<td align=\"center\">\u00a0<\/td>\n<td align=\"left\"><strong>EL BERMEJO<\/strong><br \/>Mathus Hoyos 4254<\/td>\n<td align=\"left\">Identificaciones, Matrimonios, Certificados Oficiales y Actas<\/td>\n<\/tr>\n<tr>\n<td align=\"center\">\u00a0<\/td>\n<td align=\"left\"><strong>RODEO DE LA CRUZ<\/strong><br \/>Bandera de los Andes 8956 &#8211; Rodeo de la Cruz &#8211; Guaymallen &#8211; 5525<\/td>\n<td align=\"left\">Identificaciones, Matrimonios, Certificados Oficiales Uniones convivenciales y Actas<\/td>\n<\/tr>\n<tr>\n<td align=\"center\">\u00a0<\/td>\n<td align=\"left\"><strong>LOS CORRALITOS<\/strong><br \/>Carlos Rodr\u00edguez y Mar\u00eda Elena Walsh, Barrio Leon\u00e1ngeli<\/td>\n<td align=\"left\">Matrimonios, Identificaciones, Certificados Oficiales y Actas<\/td>\n<\/tr>\n<\/tbody>\n<\/table>\n<p>[\/et_pb_toggle][et_pb_toggle title=\u00bbJun\u00edn\u00bb open_toggle_text_color=\u00bb#FFFFFF\u00bb open_toggle_background_color=\u00bb#FFFFFF\u00bb closed_toggle_background_color=\u00bb#0C71C3&#8243; icon_color=\u00bb#FFFFFF\u00bb _builder_version=\u00bb4.27.4&#8243; _module_preset=\u00bbdefault\u00bb title_text_color=\u00bb#FFFFFF\u00bb custom_css_free_form=\u00bbselector table{||  display: block;||  overflow-x: auto;||  white-space: nowrap;||}\u00bb border_radii=\u00bbon|15px|15px|15px|15px\u00bb global_colors_info=\u00bb{}\u00bb]<\/p>\n<table width=\"100%\" cellspacing=\"2\" cellpadding=\"2\" border=\"0\" align=\"center\">\n<tbody>\n<tr class=\"bg-info text-white\">\n<th>JUNIN<\/th>\n<th>Domicilio de Oficina<\/th>\n<th>tr\u00e1mites que realiza<\/th>\n<\/tr>\n<tr>\n<td align=\"center\">&nbsp;<\/td>\n<td align=\"left\"><strong>JUNIN <\/strong><br \/>Rom\u00e1n Cano e Hip\u00f3lito Yrigoyen &#8211; Junin &#8211; Junin &#8211; 5570<\/td>\n<td align=\"left\">Identificaciones, Nacimientos, Matrimonios, Defunciones, Certificados oficiales y Actas<\/td>\n<\/tr>\n<tr>\n<td align=\"center\">&nbsp;<\/td>\n<td align=\"left\"><strong>LA COLONIA<\/strong><br \/>Entre R\u00edos S\/N &#8211; La Colonia &#8211; Junin &#8211; 5572<\/td>\n<td align=\"left\">Identificaciones, Matrimonios, Certificados oficiales y Actas<\/td>\n<\/tr>\n<tr>\n<td align=\"center\">&nbsp;<\/td>\n<td align=\"left\"><strong>MEDRANO <\/strong><br \/>Colon y Luis Correa &#8211; Medrano &#8211; Junin &#8211; 5585<\/td>\n<td align=\"left\">Identificaciones, Matrimonios, Certificados oficiales y Actas<\/td>\n<\/tr>\n<tr>\n<td align=\"center\">&nbsp;<\/td>\n<td align=\"left\"><strong>ING. GIAGNONI<\/strong><br \/>Carril sud s\/n\u00b0 <\/td>\n<td align=\"left\">Identificaciones, Matrimonios, Certificados oficiales y Actas<\/td>\n<\/tr>\n<tr>\n<td align=\"center\">&nbsp;<\/td>\n<td align=\"left\"><strong>RODRIGUEZ PE\u00d1A <\/strong><br \/>Carril Nuevo S\/N &#8211; Rodriguez Pe\u00f1a <\/td>\n<td align=\"left\">Matrimonios, Certificados oficiales y Actas<\/td>\n<\/tr>\n<\/tbody>\n<\/table>\n<p>[\/et_pb_toggle][et_pb_toggle title=\u00bbLa Paz\u00bb open_toggle_text_color=\u00bb#FFFFFF\u00bb open_toggle_background_color=\u00bb#FFFFFF\u00bb closed_toggle_background_color=\u00bb#0C71C3&#8243; icon_color=\u00bb#FFFFFF\u00bb _builder_version=\u00bb4.27.4&#8243; _module_preset=\u00bbdefault\u00bb title_text_color=\u00bb#FFFFFF\u00bb custom_css_free_form=\u00bbselector table{||  display: block;||  overflow-x: auto;||  white-space: nowrap;||}\u00bb border_radii=\u00bbon|15px|15px|15px|15px\u00bb global_colors_info=\u00bb{}\u00bb]<\/p>\n<table width=\"100%\" cellspacing=\"2\" cellpadding=\"2\" border=\"0\" align=\"center\">\n<tbody>\n<tr class=\"bg-info text-white\">\n<th>LA PAZ<\/th>\n<th>Domicilio de Oficina<\/th>\n<th>tr\u00e1mites que realiza<\/th>\n<\/tr>\n<tr>\n<td width=\"10%\" align=\"center\">&nbsp;<\/td>\n<td align=\"left\"><strong>LA PAZ<\/strong><br \/>Belgrano S\/N &#8211; Centro C\u00edvico &#8211; La Paz &#8211; 5590<\/td>\n<td align=\"left\">Identificaciones, Nacimientos, Matrimonios, Defunciones, Certificados oficiales y Actas<\/td>\n<\/tr>\n<\/tbody>\n<\/table>\n<p>[\/et_pb_toggle][et_pb_toggle title=\u00bbLas Heras\u00bb open_toggle_text_color=\u00bb#FFFFFF\u00bb open_toggle_background_color=\u00bb#FFFFFF\u00bb closed_toggle_background_color=\u00bb#0C71C3&#8243; icon_color=\u00bb#FFFFFF\u00bb _builder_version=\u00bb4.27.4&#8243; _module_preset=\u00bbdefault\u00bb title_text_color=\u00bb#FFFFFF\u00bb custom_css_free_form=\u00bbselector table{||  display: block;||  overflow-x: auto;||  white-space: nowrap;||}\u00bb border_radii=\u00bbon|15px|15px|15px|15px\u00bb global_colors_info=\u00bb{}\u00bb]<\/p>\n<table width=\"100%\" cellspacing=\"2\" cellpadding=\"2\" border=\"0\" align=\"center\">\n<tbody>\n<tr class=\"bg-info text-white\">\n<th>LAS HERAS<\/th>\n<th>Domicilio de Oficina<\/th>\n<th>tr\u00e1mites que realiza<\/th>\n<\/tr>\n<tr>\n<td align=\"center\">&nbsp;<\/td>\n<td align=\"left\"><strong>LAS HERAS<\/strong><br \/>San Miguel 1482 \u2013 Las Heras \u2013 5539<\/td>\n<td align=\"left\">Identificaciones, Defunciones, Certificados Oficiales y Actas<\/td>\n<\/tr>\n<tr>\n<td align=\"center\">&nbsp;<\/td>\n<td align=\"left\"><strong>LAS HERAS <\/strong>Rivadavia 654<\/td>\n<td align=\"left\">Matrimonios, Uniones convivenciales y Actas<\/td>\n<\/tr>\n<tr>\n<td align=\"center\">&nbsp;<\/td>\n<td align=\"left\"><strong>EL CHALLAO<\/strong><br \/>B\u00b0 Infanta Mna. \u00abA\u00bb casa \u00ab8\u00bb calle Boulogne Sur Mer y<br \/>Fontanarrosa &#8211; El Challao &#8211; Las Heras &#8211; CP 5539<\/td>\n<td align=\"left\">Identificaciones, Certificados oficiales y Actas<\/td>\n<\/tr>\n<tr>\n<td align=\"center\">&nbsp;<\/td>\n<td width=\"40%\" align=\"left\"><strong>EL ALGARROBAL <\/strong><br \/>Paraguay y Paso Hondo S\/N &#8211; El Algarrobal &#8211; Las Heras &#8211; 5541<\/td>\n<td align=\"left\">Matrimonios, Certificados oficiales, Identificaciones y Actas<\/td>\n<\/tr>\n<tr>\n<td align=\"center\">&nbsp;<\/td>\n<td align=\"left\"><strong>Las Heras &#8211; Oficina Juan Draghi Lucero (CDR)<\/strong><br \/>Independencia y Maip\u00fa<\/td>\n<td align=\"left\">Identificaciones, Matrimonios, Certificados Oficiales, Uniones convivenciales y Actas<\/td>\n<\/tr>\n<tr>\n<td align=\"center\">&nbsp;<\/td>\n<td align=\"left\"><strong>B\u00b0 UJEMVI<\/strong><br \/>Democracia y Los Ceibos &#8211; El Plumerillo &#8211; Las Heras &#8211; 5539<\/td>\n<td align=\"left\">Matrimonios, Certificados Oficiales, Identificaciones y Actas<\/td>\n<\/tr>\n<tr>\n<td align=\"center\">&nbsp;<\/td>\n<td align=\"left\"><strong>USPALLATA<\/strong><br \/>Ruta 7 KM 1147 &#8211; Uspallata &#8211; Las Heras &#8211; 5545<\/td>\n<td align=\"left\">Identificaciones, Nacimientos, Matrimonios, Defunciones, Certificados Oficiales, Uniones convivenciales y Actas<\/td>\n<\/tr>\n<\/tbody>\n<\/table>\n<p>[\/et_pb_toggle][et_pb_toggle title=\u00bbLavalle \u00bb open_toggle_text_color=\u00bb#FFFFFF\u00bb open_toggle_background_color=\u00bb#FFFFFF\u00bb closed_toggle_background_color=\u00bb#0C71C3&#8243; icon_color=\u00bb#FFFFFF\u00bb _builder_version=\u00bb4.27.4&#8243; _module_preset=\u00bbdefault\u00bb title_text_color=\u00bb#FFFFFF\u00bb border_radii=\u00bbon|15px|15px|15px|15px\u00bb global_colors_info=\u00bb{}\u00bb]<\/p>\n<table width=\"100%\" cellspacing=\"2\" cellpadding=\"2\" border=\"0\" align=\"center\">\n<tbody>\n<tr class=\"bg-info text-white\">\n<th>LAVALLE<\/th>\n<th>Domicilio de Oficina<\/th>\n<th>tr\u00e1mites que realiza<\/th>\n<\/tr>\n<tr>\n<td align=\"center\">\u00a0<\/td>\n<td align=\"left\"><strong> COSTA DE ARAUJO <\/strong><br \/>Moreno y Medina &#8211; Costa de Araujo &#8211; Lavalle &#8211; 5535<\/td>\n<td align=\"left\">Identificaciones, Matrimonios, Certificados oficiales y Actas<\/td>\n<\/tr>\n<tr>\n<td align=\"center\">\u00a0<\/td>\n<td width=\"40%\" align=\"left\"><strong>TRES DE MAYO <\/strong><br \/>Carril 3 de mayo S\/N &#8211; Lavalle &#8211; 5543<\/td>\n<td align=\"left\">Matrimonios, Identificaciones, Certificados oficiales y Actas<\/td>\n<\/tr>\n<tr>\n<td align=\"center\">\u00a0<\/td>\n<td width=\"40%\" align=\"left\"><strong>LAVALLE <\/strong><br \/>Uruguay 139<\/td>\n<td align=\"left\">Matrimonios, Defunciones, Certificados oficiales y Actas<\/td>\n<\/tr>\n<tr>\n<td align=\"center\">\u00a0<\/td>\n<td align=\"left\"><strong>LAVALLE CDR <\/strong><br \/>Uruguay 139 dpto 2, Villa Tulumaya<\/td>\n<td align=\"left\">Identificaciones, Certificados oficiales y Actas<\/td>\n<\/tr>\n<tr>\n<td align=\"center\">\u00a0<\/td>\n<td align=\"left\"><strong>GUSTAVO ANDRE <\/strong><br \/>Coredra y Moyano &#8211; Gustavo Andr\u00e9 &#8211; Lavalle<\/td>\n<td align=\"left\">Matrimonios, Identificaciones, Certificados oficiales y Actas<\/td>\n<\/tr>\n<\/tbody>\n<\/table>\n<p>[\/et_pb_toggle][et_pb_toggle title=\u00bbLuj\u00e1n de Cuyo\u00bb open_toggle_text_color=\u00bb#FFFFFF\u00bb open_toggle_background_color=\u00bb#FFFFFF\u00bb closed_toggle_background_color=\u00bb#0C71C3&#8243; icon_color=\u00bb#FFFFFF\u00bb _builder_version=\u00bb4.27.4&#8243; _module_preset=\u00bbdefault\u00bb title_text_color=\u00bb#FFFFFF\u00bb custom_css_free_form=\u00bbselector table{||  display: block;||  overflow-x: auto;||  white-space: nowrap;||}\u00bb border_radii=\u00bbon|15px|15px|15px|15px\u00bb global_colors_info=\u00bb{}\u00bb]<\/p>\n<table width=\"100%\" cellspacing=\"2\" cellpadding=\"2\" border=\"0\" align=\"center\">\n<tbody>\n<tr class=\"bg-info text-white\">\n<th>LUJAN DE CUYO<\/th>\n<th>Domicilio de Oficina<\/th>\n<th>tr\u00e1mites que realiza<\/th>\n<\/tr>\n<tr>\n<td align=\"center\">&nbsp;<\/td>\n<td align=\"left\"><strong>LUJ\u00c1N<\/strong><br \/>San Mart\u00edn 110 &#8211; Lujan de Cuyo &#8211; 5507<\/td>\n<td align=\"left\">Identificaciones, Nacimientos, Matrimonios, Defunciones, Certificados Oficiales, Uniones convivenciales y Actas<\/td>\n<\/tr>\n<tr>\n<td align=\"center\">&nbsp;<\/td>\n<td align=\"left\"><strong>CARRODILLA<\/strong><br \/>M. A. Saenz 8253 &#8211; Carrodilla &#8211; Lujan de Cuyo &#8211; 5505<\/td>\n<td align=\"left\">Identificaciones, Matrimonios, Certificados Oficiales y Actas<\/td>\n<\/tr>\n<tr>\n<td align=\"center\">&nbsp;<\/td>\n<td align=\"left\"><strong>CHACRAS DE CORIA<\/strong><br \/>Italia 5405<\/td>\n<td align=\"left\">Identificaciones, Matrimonios, Certificados Oficiales, Uniones convivenciales y Actas<\/td>\n<\/tr>\n<tr>\n<td align=\"center\">&nbsp;<\/td>\n<td align=\"left\"><strong>EL CARRIZAL<\/strong><br \/>Ruta Nacional 16 S\/N &#8211; Ugarteche &#8211; Lujan de Cuyo &#8211; 5509<\/td>\n<td align=\"left\">Identificaciones, Matrimonios, Certificados Oficiales y Actas<\/td>\n<\/tr>\n<tr>\n<td align=\"center\">&nbsp;<\/td>\n<td align=\"left\"><strong>POTRERILLOS<\/strong><br \/>B\u00b0 C\u00edvico S\/N &#8211; Potrerillos &#8211; Lujan de Cuyo &#8211; 5549<\/td>\n<td align=\"left\">Matrimonios, Identificaciones, Certificados Oficiales y Actas<\/td>\n<\/tr>\n<\/tbody>\n<\/table>\n<p>[\/et_pb_toggle][et_pb_toggle title=\u00bbMaip\u00fa\u00bb open_toggle_text_color=\u00bb#FFFFFF\u00bb open_toggle_background_color=\u00bb#FFFFFF\u00bb closed_toggle_background_color=\u00bb#0C71C3&#8243; icon_color=\u00bb#FFFFFF\u00bb _builder_version=\u00bb4.27.4&#8243; _module_preset=\u00bbdefault\u00bb title_text_color=\u00bb#FFFFFF\u00bb custom_css_free_form=\u00bbselector table{||  display: block;||  overflow-x: auto;||  white-space: nowrap;||}\u00bb border_radii=\u00bbon|15px|15px|15px|15px\u00bb global_colors_info=\u00bb{}\u00bb]<\/p>\n<table width=\"100%\" cellspacing=\"2\" cellpadding=\"2\" border=\"0\" align=\"center\">\n<tbody>\n<tr class=\"bg-info text-white\">\n<th>MAIPU<\/th>\n<th>Domicilio de Oficina<\/th>\n<th>tr\u00e1mites que realiza<\/th>\n<\/tr>\n<tr>\n<td align=\"center\">&nbsp;<\/td>\n<td align=\"left\"><strong>MAIPU<\/strong><br \/>Padre Vasquez 110 &#8211; Maipu &#8211; 5507<\/td>\n<td align=\"left\">Identificaciones, Matrimonios, Uniones convivenciales, Defunciones, Certificados Oficiales y Actas<\/td>\n<\/tr>\n<tr>\n<td align=\"center\">&nbsp;<\/td>\n<td align=\"left\"><strong>DIEGO PAROISSIENS<\/strong><br \/>Godoy Cruz 475 &#8211; Maipu &#8211; Maipu &#8211; 5515<\/td>\n<td align=\"left\">Nacimientos, Defunciones y Actas<\/td>\n<\/tr>\n<tr>\n<td align=\"center\">&nbsp;<\/td>\n<td align=\"left\"><strong>GENERAL GUTIERREZ<\/strong><br \/>Vicente Lopez y Planes 135 &#8211; General Gutierrez &#8211; Maipu<\/td>\n<td align=\"left\">Identificaciones, Matrimonios, Certificados Oficiales y Actas<\/td>\n<\/tr>\n<tr>\n<td align=\"center\">&nbsp;<\/td>\n<td align=\"left\"><strong>LUZURIAGA<\/strong><br \/>Piedra Buena y Olascoaga B\u00b0 Antartida Argentina &#8211; Luzuriaga &#8211; Maipu &#8211; 5513<\/td>\n<td align=\"left\">Identificaciones, Matrimonios, Uniones convivenciales, Certificados Oficiales y Actas<\/td>\n<\/tr>\n<tr>\n<td align=\"center\">&nbsp;<\/td>\n<td align=\"left\"><strong>RODEO DEL MEDIO <\/strong><br \/>Ruta 50 4800 &#8211; Rodeo del Medio &#8211; Maipu &#8211; 5529<\/td>\n<td align=\"left\">Identificaciones, Matrimonios, Uniones convivenciales, Certificados Oficiales y Actas<\/td>\n<\/tr>\n<tr>\n<td align=\"center\">&nbsp;<\/td>\n<td align=\"left\"><strong>FRAY LUIS BELTRAN<\/strong><br \/>Alberdi 569 &#8211; Fray Luis Beltran &#8211; Maipu<\/td>\n<td align=\"left\">Identificaciones, Matrimonios, Certificados Oficiales y Actas<\/td>\n<\/tr>\n<\/tbody>\n<\/table>\n<p>[\/et_pb_toggle][et_pb_toggle title=\u00bbMalarg\u00fce\u00bb open_toggle_text_color=\u00bb#FFFFFF\u00bb open_toggle_background_color=\u00bb#FFFFFF\u00bb closed_toggle_background_color=\u00bb#0C71C3&#8243; icon_color=\u00bb#FFFFFF\u00bb _builder_version=\u00bb4.27.4&#8243; _module_preset=\u00bbdefault\u00bb title_text_color=\u00bb#FFFFFF\u00bb custom_css_free_form=\u00bbselector table{||  display: block;||  overflow-x: auto;||  white-space: nowrap;||}\u00bb border_radii=\u00bbon|15px|15px|15px|15px\u00bb global_colors_info=\u00bb{}\u00bb]<\/p>\n<table width=\"100%\" cellspacing=\"2\" cellpadding=\"2\" border=\"0\" align=\"center\">\n<tbody>\n<tr class=\"bg-info text-white\">\n<th>MALARGUE<\/th>\n<th>Domicilio de Oficina<\/th>\n<th>tr\u00e1mites que realiza<\/th>\n<\/tr>\n<tr>\n<td align=\"center\">&nbsp;<\/td>\n<td align=\"left\"><strong>MALARGUE<\/strong><br \/>San Mart\u00edn 258 &#8211; Malarg\u00fce &#8211; Malarg\u00fce &#8211; 5613<\/td>\n<td align=\"left\">Identificaciones, Matrimonios, Certificados oficiales y Actas<\/td>\n<\/tr>\n<tr>\n<td align=\"center\">&nbsp;<\/td>\n<td align=\"left\"><strong>HOSPITAL REGIONAL MALARGUE<\/strong><br \/>Hospital Regional Malargue<\/td>\n<td align=\"left\">Nacimientos, Defunciones y Actas<\/td>\n<\/tr>\n<tr>\n<td align=\"center\">&nbsp;<\/td>\n<td align=\"left\"><strong>PATA MORA<\/strong><br \/>B C\u00edvico Pata Mora &#8211; PATA MORA &#8211; Malarg\u00fce<\/td>\n<td align=\"left\">Matrimonios, Certificados oficiales y Actas<\/td>\n<\/tr>\n<tr>\n<td align=\"center\">&nbsp;<\/td>\n<td align=\"left\"><strong>BARDAS BLANCAS<\/strong><br \/>Bardas Blancas &#8211; R\u00edo Grande &#8211; Malarg\u00fce &#8211; 5611<\/td>\n<td align=\"left\">Identificaci\u00f3n, Matrimonios, Certificados oficiales y Actas<\/td>\n<\/tr>\n<tr>\n<td align=\"center\">&nbsp;<\/td>\n<td align=\"left\"><strong>RANQUIL NORTE<\/strong><br \/>Ruta Nacional 40 &#8211; R\u00edo Barrancas &#8211; Malarg\u00fce &#8211; 0<\/td>\n<td align=\"left\">Certificados oficiales, Matrimonios y Actas<\/td>\n<\/tr>\n<tr>\n<td align=\"center\">&nbsp;<\/td>\n<td align=\"left\"><strong>AGUA ESCONDIDA <\/strong><br \/>B\u00b0 C\u00edvico &#8211; Agua Escondida &#8211; Malarg\u00fce &#8211; CP 5621<\/td>\n<td align=\"left\">&nbsp;Identificaci\u00f3n, Matrimonio, Certificados oficiales y Actas<\/td>\n<\/tr>\n<\/tbody>\n<\/table>\n<p>[\/et_pb_toggle][et_pb_toggle title=\u00bbRivadavia\u00bb open_toggle_text_color=\u00bb#FFFFFF\u00bb open_toggle_background_color=\u00bb#FFFFFF\u00bb closed_toggle_background_color=\u00bb#0C71C3&#8243; icon_color=\u00bb#FFFFFF\u00bb _builder_version=\u00bb4.27.4&#8243; _module_preset=\u00bbdefault\u00bb title_text_color=\u00bb#FFFFFF\u00bb custom_css_free_form=\u00bbselector table{||  display: block;||  overflow-x: auto;||  white-space: nowrap;||}\u00bb border_radii=\u00bbon|15px|15px|15px|15px\u00bb global_colors_info=\u00bb{}\u00bb]<\/p>\n<table width=\"100%\" cellspacing=\"2\" cellpadding=\"2\" border=\"0\" align=\"center\">\n<tbody>\n<tr class=\"bg-info text-white\">\n<th>RIVADAVIA<\/th>\n<th>Domicilio de Oficina<\/th>\n<th>tr\u00e1mites que realiza<\/th>\n<\/tr>\n<tr>\n<td align=\"center\">&nbsp;<\/td>\n<td align=\"left\"><strong>RIVADAVIA<\/strong><br \/>San Isidro 481 &#8211; Rivadavia &#8211; 5577<\/td>\n<td align=\"left\">Identificaciones, Matrimonios, Certificados oficiales y Actas<\/td>\n<\/tr>\n<tr>\n<td align=\"center\">&nbsp;<\/td>\n<td align=\"left\"><strong>LA CENTRAL<\/strong><br \/>Jos\u00e9 Hernandez S\/N &#8211; La Central &#8211; Rivadavia &#8211; 5579<\/td>\n<td align=\"left\">Identificaciones, Matrimonios, Certificados oficiales y Actas<\/td>\n<\/tr>\n<tr>\n<td align=\"center\">&nbsp;<\/td>\n<td align=\"left\"><strong>HOSPITAL SAPORITI <\/strong><br \/>Italia Esquina Independencia &#8211; Rivadavia &#8211; 5500<\/td>\n<td align=\"left\">Nacimientos, Defunciones y Actas<\/td>\n<\/tr>\n<tr>\n<td align=\"center\">&nbsp;<\/td>\n<td align=\"left\"><strong>LA FLORIDA<\/strong><br \/>B\u00b0 La Florida MZ E C15 &#8211; Los Campamentos &#8211; Rivadavia &#8211; 5577<\/td>\n<td align=\"left\">Matrimonios, Certificados oficiales y Actas<\/td>\n<\/tr>\n<\/tbody>\n<\/table>\n<p>[\/et_pb_toggle][et_pb_toggle title=\u00bbSan Carlos\u00bb open_toggle_text_color=\u00bb#FFFFFF\u00bb open_toggle_background_color=\u00bb#FFFFFF\u00bb closed_toggle_background_color=\u00bb#0C71C3&#8243; icon_color=\u00bb#FFFFFF\u00bb _builder_version=\u00bb4.27.4&#8243; _module_preset=\u00bbdefault\u00bb title_text_color=\u00bb#FFFFFF\u00bb custom_css_free_form=\u00bbselector table{||  display: block;||  overflow-x: auto;||  white-space: nowrap;||}\u00bb border_radii=\u00bbon|15px|15px|15px|15px\u00bb global_colors_info=\u00bb{}\u00bb]<\/p>\n<table width=\"100%\" cellspacing=\"2\" cellpadding=\"2\" border=\"0\" align=\"center\">\n<tbody>\n<tr class=\"bg-info text-white\">\n<th>SAN CARLOS<\/th>\n<th>Domicilio de Oficina<\/th>\n<th>tr\u00e1mites que realiza<\/th>\n<\/tr>\n<tr>\n<td align=\"center\">&nbsp;<\/td>\n<td align=\"left\"><strong>SAN CARLOS<\/strong><br \/>Independencia 335<\/td>\n<td align=\"left\">Matrimonios, Identificaciones, Certificados oficiales y Actas<\/td>\n<\/tr>\n<tr>\n<td align=\"center\">&nbsp;<\/td>\n<td align=\"left\"><strong>HOSPITAL TAGARELLI<\/strong><br \/>Constituci\u00f3n s\/no, Eugenio Bustos, San Carlos<\/td>\n<td align=\"left\">Nacimientos, Defunciones y Actas<\/td>\n<\/tr>\n<tr>\n<td align=\"center\">&nbsp;<\/td>\n<td align=\"left\"><strong>LA CONSULTA<\/strong><br \/>Centro C\u00edvico P Baja Ej de los A y 9 de Julio &#8211; La Consulta &#8211; San Carlos &#8211; 5567<\/td>\n<td align=\"left\">Identificaciones, Matrimonios, Certificados oficiales y Actas<\/td>\n<\/tr>\n<tr>\n<td align=\"center\">&nbsp;<\/td>\n<td align=\"left\"><strong>CHILECITO<\/strong><br \/>San Mart\u00edn S\/N &#8211; Chilecito &#8211; San Carlos &#8211; 5569<\/td>\n<td align=\"left\">Matrimonios, Identificaciones, Certificados oficiales y Actas<\/td>\n<\/tr>\n<\/tbody>\n<\/table>\n<p>[\/et_pb_toggle][et_pb_toggle title=\u00bbSan Mart\u00edn\u00bb open_toggle_text_color=\u00bb#FFFFFF\u00bb open_toggle_background_color=\u00bb#FFFFFF\u00bb closed_toggle_background_color=\u00bb#0C71C3&#8243; icon_color=\u00bb#FFFFFF\u00bb _builder_version=\u00bb4.27.4&#8243; _module_preset=\u00bbdefault\u00bb title_text_color=\u00bb#FFFFFF\u00bb custom_css_free_form=\u00bbselector table{||  display: block;||  overflow-x: auto;||  white-space: nowrap;||}\u00bb border_radii=\u00bbon|15px|15px|15px|15px\u00bb global_colors_info=\u00bb{}\u00bb]<\/p>\n<table width=\"100%\" cellspacing=\"2\" cellpadding=\"2\" border=\"0\" align=\"center\">\n<tbody>\n<tr class=\"bg-info text-white\">\n<th>SAN MARTIN<\/th>\n<th>Domicilio de Oficina<\/th>\n<th>tr\u00e1mites que realiza<\/th>\n<\/tr>\n<tr>\n<td align=\"center\">&nbsp;<\/td>\n<td align=\"left\"><strong>GRAL SAN MARTIN <\/strong><br \/>Pueyrred\u00f3n 58<\/td>\n<td align=\"left\">Identificaciones, Nacimientos, Matrimonios, Defunciones, Certificados oficiales y Actas<\/td>\n<\/tr>\n<tr>\n<td align=\"center\">&nbsp;<\/td>\n<td align=\"left\"><strong>CHAPANAY<\/strong><br \/>San Mart\u00edn S\/N &#8211; Chapagnay &#8211; San Mart\u00edn<\/td>\n<td align=\"left\">Matrimonios, Certificados oficiales y Actas<\/td>\n<\/tr>\n<tr>\n<td align=\"center\">&nbsp;<\/td>\n<td align=\"left\"><strong>NUEVA CALIFORNIA<\/strong><br \/>Sullivan S\/N &#8211; Nueva California &#8211; San Mart\u00edn &#8211; 5535<\/td>\n<td align=\"left\">Matrimonios, Certificados oficiales y Actas<\/td>\n<\/tr>\n<tr>\n<td align=\"center\">&nbsp;<\/td>\n<td align=\"left\"><strong>PALMIRA <\/strong><br \/>25 de Mayo y Col\u00f3n &#8211; Palmira &#8211; San Mart\u00edn &#8211; 5584<\/td>\n<td align=\"left\">Matrimonios, Defunciones, Certificados oficiales y Actas<\/td>\n<\/tr>\n<tr>\n<td align=\"center\">&nbsp;<\/td>\n<td align=\"left\"><strong>SAN PEDRO<\/strong><br \/>Centro Comunitario B\u00b0 San Pedro &#8211; San Mart\u00edn &#8211; San Mart\u00edn &#8211; 5570<\/td>\n<td align=\"left\">Identificaciones, Matrimonios, Certificados Oficiales y Actas<\/td>\n<\/tr>\n<tr>\n<td align=\"center\">&nbsp;<\/td>\n<td align=\"left\"><strong>TRES PORTE\u00d1A<\/strong><br \/>Bayo S\/N &#8211; Tres Porte\u00f1a &#8211; San Mart\u00edn &#8211; 5589<\/td>\n<td align=\"left\">Identificaciones, Matrimonios, Certificados oficiales y Actas<\/td>\n<\/tr>\n<tr>\n<td align=\"center\">&nbsp;<\/td>\n<td align=\"left\"><strong>ALFREDO I. PERRUPATO<\/strong><br \/>Canal Montecaseros y R. Pvcial N\u00b0 50 &#8211; San Mart\u00edn &#8211; San Mart\u00edn &#8211; 5560<\/td>\n<td align=\"left\">Nacimientos, Defunciones y Actas<\/td>\n<\/tr>\n<tr>\n<td align=\"center\">&nbsp;<\/td>\n<td align=\"left\"><strong>MONTECASEROS<\/strong><br \/>Carril Montecaseros SN &#8211; Montecaseros &#8211; San Mart\u00edn<\/td>\n<td align=\"left\">Matrimonios, Certificados oficiales y Actas<\/td>\n<\/tr>\n<\/tbody>\n<\/table>\n<p>[\/et_pb_toggle][et_pb_toggle title=\u00bbSan Rafael\u00bb open_toggle_text_color=\u00bb#FFFFFF\u00bb open_toggle_background_color=\u00bb#FFFFFF\u00bb closed_toggle_background_color=\u00bb#0C71C3&#8243; icon_color=\u00bb#FFFFFF\u00bb _builder_version=\u00bb4.27.4&#8243; _module_preset=\u00bbdefault\u00bb title_text_color=\u00bb#FFFFFF\u00bb custom_css_free_form=\u00bbselector table{||  display: block;||  overflow-x: auto;||  white-space: nowrap;||}\u00bb border_radii=\u00bbon|15px|15px|15px|15px\u00bb global_colors_info=\u00bb{}\u00bb]<\/p>\n<table width=\"100%\" cellspacing=\"2\" cellpadding=\"2\" border=\"0\" align=\"center\">\n<tbody>\n<tr class=\"bg-info text-white\">\n<th>SAN RAFAEL<\/th>\n<th>Domicilio de Oficina<\/th>\n<th>tr\u00e1mites que realiza<\/th>\n<\/tr>\n<tr>\n<td align=\"center\">&nbsp;<\/td>\n<td align=\"left\"><strong>SAN RAFAEL<\/strong><br \/>Mitre 11 &#8211; San Rafael &#8211; San Rafael &#8211; 5600<\/td>\n<td align=\"left\">Identificaciones, Nacimientos, Matrimonios, Defunciones, Certificados oficiales y Actas<\/td>\n<\/tr>\n<tr>\n<td align=\"center\">&nbsp;<\/td>\n<td align=\"left\"><strong>CUADRO NACIONAL<\/strong><br \/>Santa Mar\u00eda de Oro y Lavalle &#8211; Cuadro Nacional &#8211; San Rafael &#8211; 5607<\/td>\n<td align=\"left\">Identificaciones, Matrimonios, Certificados oficiales y Actas<\/td>\n<\/tr>\n<tr>\n<td align=\"center\">&nbsp;<\/td>\n<td align=\"left\"><strong>MONTE COMAN<\/strong><br \/>Av. Italia 152 &#8211; Monte Coman &#8211; San Rafael &#8211; 5609<\/td>\n<td align=\"left\">Identificaciones, Matrimonios, Defunciones, Certificados oficiales y Actas<\/td>\n<\/tr>\n<tr>\n<td align=\"center\">&nbsp;<\/td>\n<td align=\"left\"><strong>RAMA CAIDA<\/strong><br \/>Ej. de los Andes 2000 &#8211; Rama Caida &#8211; San Rafael &#8211; 5603<\/td>\n<td align=\"left\">Identificaciones, Matrimonios, Certificados oficiales y Actas<\/td>\n<\/tr>\n<tr>\n<td align=\"center\">&nbsp;<\/td>\n<td align=\"left\"><strong>REAL DEL PADRE<\/strong><br \/>Misiones esquina Santiago del Estero &#8211; Real del Padre &#8211; San Rafael &#8211; 5624<\/td>\n<td align=\"left\">Identificaciones, Matrimonios, Certificados oficiales y Actas<\/td>\n<\/tr>\n<tr>\n<td align=\"center\">&nbsp;<\/td>\n<td align=\"left\"><strong>SALTO DE LAS ROSAS<\/strong><br \/>Alberti S\/N &#8211; Salto de las Rosas &#8211; San Rafael &#8211; 5603<\/td>\n<td align=\"left\">Identificaciones, Matrimonios, Certificados oficiales y Actas<\/td>\n<\/tr>\n<tr>\n<td align=\"center\">&nbsp;<\/td>\n<td align=\"left\"><strong>VILLA ATUEL<\/strong><br \/>Sarmiento 257 &#8211; Villa Atuel &#8211; San Rafael &#8211; 5622<\/td>\n<td align=\"left\">Identificaciones, Matrimonios, Certificados oficiales y Actas<\/td>\n<\/tr>\n<tr>\n<td align=\"center\">&nbsp;<\/td>\n<td align=\"left\"><strong>CAPITAL MONTOYA CDR <\/strong><br \/>Navazo S\/N &#8211; San Rafael &#8211; San Rafael<\/td>\n<td align=\"left\">Identificaciones, Matrimonios, Certificados oficiales y Actas<\/td>\n<\/tr>\n<tr>\n<td align=\"center\">&nbsp;<\/td>\n<td align=\"left\"><strong>TERMINAL<\/strong><br \/>General Paz y Granaderos<\/br><\/td>\n<td align=\"left\">Identificaci\u00f3n, Certificados oficiales y Actas<\/td>\n<\/tr>\n<tr>\n<td align=\"center\">&nbsp;<\/td>\n<td align=\"left\"><strong>TEODORO J. SCHESTAKOW<\/strong><br \/>Cte Torres 150 &#8211; San Rafael &#8211; San Rafael &#8211; 5600<\/td>\n<td align=\"left\">Nacimientos, Defunciones y Actas<\/td>\n<\/tr>\n<\/tbody>\n<\/table>\n<p>[\/et_pb_toggle][et_pb_toggle title=\u00bbSanta Rosa\u00bb open_toggle_text_color=\u00bb#FFFFFF\u00bb open_toggle_background_color=\u00bb#FFFFFF\u00bb closed_toggle_background_color=\u00bb#0C71C3&#8243; icon_color=\u00bb#FFFFFF\u00bb _builder_version=\u00bb4.27.4&#8243; _module_preset=\u00bbdefault\u00bb title_text_color=\u00bb#FFFFFF\u00bb custom_css_free_form=\u00bbselector table{||  display: block;||  overflow-x: auto;||  white-space: nowrap;||}\u00bb border_radii=\u00bbon|15px|15px|15px|15px\u00bb global_colors_info=\u00bb{}\u00bb]<\/p>\n<table width=\"100%\" cellspacing=\"2\" cellpadding=\"2\" border=\"0\" align=\"center\">\n<tbody>\n<tr class=\"bg-info text-white\">\n<th>SANTA ROSA<\/th>\n<th>Domicilio de Oficina<\/th>\n<th>tr\u00e1mites que realiza<\/th>\n<\/tr>\n<tr>\n<td align=\"center\">&nbsp;<\/td>\n<td align=\"left\"><strong>SANTA ROSA<\/strong><br \/>San Mart\u00edn 301 &#8211; Santa Rosa &#8211; 5596<\/td>\n<td align=\"left\">Nacimientos, Defunciones y Actas<\/td>\n<\/tr>\n<tr>\n<td align=\"center\">&nbsp;<\/td>\n<td align=\"left\"><strong>LA DORMIDA<\/strong><br \/>Remo Falcioni s\/n\u00b0<\/td>\n<td align=\"left\">Identificaciones, Matrimonios, Certificados oficiales y Actas<\/td>\n<\/tr>\n<tr>\n<td align=\"center\">&nbsp;<\/td>\n<td align=\"left\"><strong>LAS CATITAS <\/strong><br \/>Centro Integrador Comunitario de las Catitas<\/td>\n<td align=\"left\">Identificaciones, Matrimonios, Certificados oficiales y Actas<\/td>\n<\/tr>\n<tr>\n<td align=\"center\">&nbsp;<\/td>\n<td align=\"left\"><strong>SANTA ROSA CDR <\/strong><br \/>Av. San Mart\u00edn 301 &#8211; Santa Rosa<\/td>\n<td align=\"left\">Identificaciones, Matrimonios, Certificados oficiales y Actas<\/td>\n<\/tr>\n<\/tbody>\n<\/table>\n<p>[\/et_pb_toggle][et_pb_toggle title=\u00bbTunuy\u00e1n\u00bb open_toggle_text_color=\u00bb#FFFFFF\u00bb open_toggle_background_color=\u00bb#FFFFFF\u00bb closed_toggle_background_color=\u00bb#0C71C3&#8243; icon_color=\u00bb#FFFFFF\u00bb _builder_version=\u00bb4.27.4&#8243; _module_preset=\u00bbdefault\u00bb title_text_color=\u00bb#FFFFFF\u00bb custom_css_free_form=\u00bbselector table{||  display: block;||  overflow-x: auto;||  white-space: nowrap;||}\u00bb border_radii=\u00bbon|15px|15px|15px|15px\u00bb global_colors_info=\u00bb{}\u00bb]<\/p>\n<table width=\"100%\" cellspacing=\"2\" cellpadding=\"2\" border=\"0\" align=\"center\">\n<tbody>\n<tr class=\"bg-info text-white\">\n<th>TUNUYAN<\/th>\n<th>Domicilio de Oficina<\/th>\n<th>tr\u00e1mites que realiza<\/th>\n<\/tr>\n<tr>\n<td align=\"center\">&nbsp;<\/td>\n<td align=\"left\"><strong>HOSPITAL SCARAVELLI<\/strong><br \/>General Guemes 441 &#8211; Tunuyan<\/td>\n<td align=\"left\">Nacimientos, Certificados oficiales y Actas<\/td>\n<\/tr>\n<tr>\n<td align=\"center\">&nbsp;<\/td>\n<td align=\"left\"><strong>COLONIA LAS ROSAS CDR<\/strong><br \/>Ruta 92 &#8211; K8 &#8211; Tunuyan &#8211; Tunuyan<\/td>\n<td align=\"left\">Identificaciones, Certificados oficiales y Actas<\/td>\n<\/tr>\n<tr>\n<td align=\"center\">&nbsp;<\/td>\n<td align=\"left\"><strong>VISTA FLORES<\/strong><br \/>San Martin 1120, VALORES<\/td>\n<td align=\"left\">Identificaciones, Matrimonios, Certificados oficiales y Actas<\/td>\n<\/tr>\n<tr>\n<td align=\"center\">&nbsp;<\/td>\n<td align=\"left\"><strong>TUNUYAN<\/strong><br \/>San Martin 1900 Centro C\u00edvico &#8211; Tunuyan &#8211; Tunuyan &#8211; 5560<\/td>\n<td align=\"left\">Identificaciones, Matrimonios, Certificados oficiales y Actas<\/td>\n<\/tr>\n<\/tbody>\n<\/table>\n<p>[\/et_pb_toggle][et_pb_toggle title=\u00bbTupungato\u00bb open_toggle_text_color=\u00bb#FFFFFF\u00bb open_toggle_background_color=\u00bb#FFFFFF\u00bb closed_toggle_background_color=\u00bb#0C71C3&#8243; icon_color=\u00bb#FFFFFF\u00bb _builder_version=\u00bb4.27.4&#8243; _module_preset=\u00bbdefault\u00bb title_text_color=\u00bb#FFFFFF\u00bb custom_css_free_form=\u00bbselector table{||  display: block;||  overflow-x: auto;||  white-space: nowrap;||}\u00bb border_radii=\u00bbon|15px|15px|15px|15px\u00bb global_colors_info=\u00bb{}\u00bb]<\/p>\n<table width=\"100%\" cellspacing=\"2\" cellpadding=\"2\" border=\"0\" align=\"center\">\n<tbody>\n<tr class=\"bg-info text-white\">\n<th>TUPUNGATO<\/th>\n<th>Domicilio de Oficina<\/th>\n<th>tr\u00e1mites que realiza<\/th>\n<\/tr>\n<tr>\n<td align=\"center\">&nbsp;<\/td>\n<td align=\"left\"><strong>TUPUNGATO<\/strong><br \/>Santiago Liniers 290 &#8211; Tupungato &#8211; Tupungato &#8211; 5561<\/td>\n<td align=\"left\">Identificaciones, Nacimientos, Matrimonios, Defunciones, Certificados oficiales y Actas<\/td>\n<\/tr>\n<\/tbody>\n<\/table>\n<p>[\/et_pb_toggle][\/et_pb_column][\/et_pb_row][\/et_pb_section][et_pb_section fb_built=\u00bb1&#8243; admin_label=\u00bbCall to Action\u00bb _builder_version=\u00bb4.17.6&#8243; _module_preset=\u00bbdefault\u00bb locked=\u00bboff\u00bb collapsed=\u00bbon\u00bb global_colors_info=\u00bb{}\u00bb][et_pb_row column_structure=\u00bb1_2,1_2&#8243; _builder_version=\u00bb4.17.6&#8243; _module_preset=\u00bb5138c454-be54-4233-bd3b-f8e6a8747976&#8243; global_colors_info=\u00bb{}\u00bb][et_pb_column type=\u00bb1_2&#8243; _builder_version=\u00bb4.16&#8243; _module_preset=\u00bb73121f80-a3ef-4484-8763-c3f18e3c56d2&#8243; global_colors_info=\u00bb{}\u00bb][et_pb_image src=\u00bbhttps:\/\/mza-dicaws-portal-uploads-media-prod.s3.us-east-1.amazonaws.com\/informacion-oficial\/uploads\/sites\/13\/2025\/08\/DSC_4828-scaled.jpg\u00bb title_text=\u00bbDSC_4828&#8243; _builder_version=\u00bb4.27.4&#8243; _module_preset=\u00bb6ed8fd5c-62c5-4100-98c3-7b8b6d2c2ee6&#8243; border_radii=\u00bbon|6px|6px|6px|6px\u00bb global_colors_info=\u00bb{}\u00bb][\/et_pb_image][\/et_pb_column][et_pb_column type=\u00bb1_2&#8243; _builder_version=\u00bb4.16&#8243; _module_preset=\u00bb73121f80-a3ef-4484-8763-c3f18e3c56d2&#8243; global_colors_info=\u00bb{}\u00bb][et_pb_heading title=\u00bbHora Silenciosa\u00bb _builder_version=\u00bb4.24.3&#8243; _module_preset=\u00bbc33f07d9-41e0-421a-8799-5799df695cce\u00bb title_level=\u00bbh2&#8243; title_font=\u00bbIBM Plex Sans Condensed|IBM Plex Sans Condensed_weight|||||||\u00bb title_text_color=\u00bb#0e0c19&#8243; title_font_size=\u00bb50px\u00bb title_line_height=\u00bb1.2em\u00bb custom_margin=\u00bb||10px||false|false\u00bb title_font_size_tablet=\u00bb28px\u00bb title_font_size_phone=\u00bb20px\u00bb title_font_size_last_edited=\u00bbon|phone\u00bb global_colors_info=\u00bb{}\u00bb][\/et_pb_heading][et_pb_heading title=\u00bbTr\u00e1mites para las personas con TEA\u00bb _builder_version=\u00bb4.27.4&#8243; _module_preset=\u00bbdefault\u00bb global_colors_info=\u00bb{}\u00bb][\/et_pb_heading][et_pb_text quote_border_color=\u00bb#457b9d\u00bb _builder_version=\u00bb4.27.4&#8243; _module_preset=\u00bb2c55a9c4-feed-423b-9edb-ae0b5b365cac\u00bb text_font=\u00bbIBM Plex Sans|IBM Plex Sans_weight|||||||\u00bb text_text_color=\u00bb#3c3a47&#8243; text_font_size=\u00bb16px\u00bb text_line_height=\u00bb1.75em\u00bb link_font=\u00bb|IBM Plex Sans_weight|||||||\u00bb link_text_color=\u00bb#1d3557&#8243; quote_font=\u00bbIBM Plex Sans Condensed|IBM Plex Sans Condensed_weight|||||||\u00bb quote_text_color=\u00bb#0e0c19&#8243; header_font=\u00bbIBM Plex Sans Condensed|IBM Plex Sans Condensed_weight|||||||\u00bb header_text_color=\u00bb#0e0c19&#8243; header_font_size=\u00bb72px\u00bb header_line_height=\u00bb1.15em\u00bb header_2_font=\u00bbIBM Plex Sans Condensed|IBM Plex Sans Condensed_weight|||||||\u00bb header_2_text_color=\u00bb#0e0c19&#8243; header_2_font_size=\u00bb50px\u00bb header_2_line_height=\u00bb1.2em\u00bb header_3_font=\u00bbIBM Plex Sans Condensed|IBM Plex Sans Condensed_weight|||||||\u00bb header_3_text_color=\u00bb#0e0c19&#8243; header_3_font_size=\u00bb32px\u00bb header_3_line_height=\u00bb1.3em\u00bb header_4_font=\u00bbIBM Plex Sans Condensed|IBM Plex Sans Condensed_weight|||||||\u00bb header_4_text_color=\u00bb#0e0c19&#8243; header_4_font_size=\u00bb24px\u00bb header_4_line_height=\u00bb1.4em\u00bb header_5_font=\u00bbIBM Plex Sans Condensed|IBM Plex Sans Condensed_weight|||||||\u00bb header_5_text_color=\u00bb#0e0c19&#8243; header_5_font_size=\u00bb18px\u00bb header_5_line_height=\u00bb1.4em\u00bb header_6_font=\u00bbIBM Plex Sans Condensed|IBM Plex Sans Condensed_weight|||||||\u00bb header_6_text_color=\u00bb#0e0c19&#8243; header_6_line_height=\u00bb1.5em\u00bb custom_margin=\u00bb||||false|false\u00bb text_font_size_tablet=\u00bb15px\u00bb text_font_size_phone=\u00bb14px\u00bb text_font_size_last_edited=\u00bbon|phone\u00bb header_font_size_tablet=\u00bb40px\u00bb header_font_size_phone=\u00bb24px\u00bb header_font_size_last_edited=\u00bbon|desktop\u00bb header_2_font_size_tablet=\u00bb28px\u00bb header_2_font_size_phone=\u00bb20px\u00bb header_2_font_size_last_edited=\u00bbon|phone\u00bb header_3_font_size_tablet=\u00bb22px\u00bb header_3_font_size_phone=\u00bb17px\u00bb header_3_font_size_last_edited=\u00bbon|phone\u00bb header_4_font_size_tablet=\u00bb18px\u00bb header_4_font_size_phone=\u00bb15px\u00bb header_4_font_size_last_edited=\u00bbon|tablet\u00bb header_5_font_size_tablet=\u00bb15px\u00bb header_5_font_size_phone=\u00bb14px\u00bb header_5_font_size_last_edited=\u00bbon|desktop\u00bb header_6_font_size_tablet=\u00bb13px\u00bb header_6_font_size_phone=\u00bb13px\u00bb header_6_font_size_last_edited=\u00bbon|desktop\u00bb locked=\u00bboff\u00bb global_colors_info=\u00bb{}\u00bb]<\/p>\n<p><strong>Las personas con TEA<\/strong> cuentan con una franja horaria accesible para realizar tr\u00e1mites en un entorno m\u00e1s tranquilo <strong>en la oficina del Hiper Libertad<\/strong>.<\/p>\n<p>[\/et_pb_text][et_pb_button button_url=\u00bbhttps:\/\/ticketsform.mendoza.gov.ar\/ticketsform\/com.tickets.responderformulario?REGISTRO_CIVIL_HORA_SILENCIOSA\u00bb button_text=\u00bbSolicit\u00e1 Turno\u00bb button_alignment=\u00bbleft\u00bb _builder_version=\u00bb4.27.4&#8243; _module_preset=\u00bb1bffc0fc-42a0-49d1-bd9a-ae3ade2d7206&#8243; custom_button=\u00bbon\u00bb button_text_size=\u00bb14px\u00bb button_text_color=\u00bb#FFFFFF\u00bb button_bg_color=\u00bb#0C71C3&#8243; button_border_width=\u00bb0px\u00bb button_border_radius=\u00bb100px\u00bb button_font=\u00bbIBM Plex Sans|700|||||||\u00bb custom_padding=\u00bb12px|24px|12px|24px|true|true\u00bb locked=\u00bboff\u00bb global_colors_info=\u00bb{}\u00bb custom_padding__hover_enabled=\u00bboff|desktop\u00bb custom_padding__hover=\u00bb|28px||20px|true|false\u00bb][\/et_pb_button][\/et_pb_column][\/et_pb_row][\/et_pb_section][et_pb_section fb_built=\u00bb1&#8243; admin_label=\u00bbText\u00bb _builder_version=\u00bb4.18.0&#8243; _module_preset=\u00bbdefault\u00bb locked=\u00bboff\u00bb collapsed=\u00bbon\u00bb global_colors_info=\u00bb{}\u00bb][et_pb_row column_structure=\u00bb1_2,1_2&#8243; make_equal=\u00bbon\u00bb _builder_version=\u00bb4.27.4&#8243; _module_preset=\u00bb5138c454-be54-4233-bd3b-f8e6a8747976&#8243; global_colors_info=\u00bb{}\u00bb][et_pb_column type=\u00bb1_2&#8243; _builder_version=\u00bb4.18.0&#8243; _module_preset=\u00bb73121f80-a3ef-4484-8763-c3f18e3c56d2&#8243; global_colors_info=\u00bb{}\u00bb][et_pb_heading _builder_version=\u00bb4.24.3&#8243; _module_preset=\u00bbba4a6336-701f-47b8-bf5c-09da0ce28016&#8243; title_level=\u00bbh3&#8243; title_font=\u00bbIBM Plex Sans Condensed|IBM Plex Sans Condensed_weight|||||||\u00bb title_text_color=\u00bb#0e0c19&#8243; title_font_size=\u00bb32px\u00bb title_line_height=\u00bb1.3em\u00bb custom_margin=\u00bb||10px||false|false\u00bb title_font_size_tablet=\u00bb22px\u00bb title_font_size_phone=\u00bb17px\u00bb title_font_size_last_edited=\u00bbon|phone\u00bb locked=\u00bboff\u00bb global_colors_info=\u00bb{}\u00bb][\/et_pb_heading][et_pb_text quote_border_color=\u00bb#457b9d\u00bb _builder_version=\u00bb4.27.4&#8243; _module_preset=\u00bb2c55a9c4-feed-423b-9edb-ae0b5b365cac\u00bb text_font=\u00bbIBM Plex Sans|IBM Plex Sans_weight|||||||\u00bb text_text_color=\u00bb#3c3a47&#8243; text_font_size=\u00bb16px\u00bb text_line_height=\u00bb1.75em\u00bb link_font=\u00bb|IBM Plex Sans_weight|||||||\u00bb link_text_color=\u00bb#1d3557&#8243; quote_font=\u00bbIBM Plex Sans Condensed|IBM Plex Sans Condensed_weight|||||||\u00bb quote_text_color=\u00bb#0e0c19&#8243; header_font=\u00bbIBM Plex Sans Condensed|IBM Plex Sans Condensed_weight|||||||\u00bb header_text_color=\u00bb#0e0c19&#8243; header_font_size=\u00bb72px\u00bb header_line_height=\u00bb1.15em\u00bb header_2_font=\u00bbIBM Plex Sans Condensed|IBM Plex Sans Condensed_weight|||||||\u00bb header_2_text_color=\u00bb#0e0c19&#8243; header_2_font_size=\u00bb50px\u00bb header_2_line_height=\u00bb1.2em\u00bb header_3_font=\u00bbIBM Plex Sans Condensed|IBM Plex Sans Condensed_weight|||||||\u00bb header_3_text_color=\u00bb#0e0c19&#8243; header_3_font_size=\u00bb32px\u00bb header_3_line_height=\u00bb1.3em\u00bb header_4_font=\u00bbIBM Plex Sans Condensed|IBM Plex Sans Condensed_weight|||||||\u00bb header_4_text_color=\u00bb#0e0c19&#8243; header_4_font_size=\u00bb24px\u00bb header_4_line_height=\u00bb1.4em\u00bb header_5_font=\u00bbIBM Plex Sans Condensed|IBM Plex Sans Condensed_weight|||||||\u00bb header_5_text_color=\u00bb#0e0c19&#8243; header_5_font_size=\u00bb18px\u00bb header_5_line_height=\u00bb1.4em\u00bb header_6_font=\u00bbIBM Plex Sans Condensed|IBM Plex Sans Condensed_weight|||||||\u00bb header_6_text_color=\u00bb#0e0c19&#8243; header_6_line_height=\u00bb1.5em\u00bb custom_margin=\u00bb||||false|false\u00bb text_font_size_tablet=\u00bb15px\u00bb text_font_size_phone=\u00bb14px\u00bb text_font_size_last_edited=\u00bbon|phone\u00bb header_font_size_tablet=\u00bb40px\u00bb header_font_size_phone=\u00bb24px\u00bb header_font_size_last_edited=\u00bbon|desktop\u00bb header_2_font_size_tablet=\u00bb28px\u00bb header_2_font_size_phone=\u00bb20px\u00bb header_2_font_size_last_edited=\u00bbon|phone\u00bb header_3_font_size_tablet=\u00bb22px\u00bb header_3_font_size_phone=\u00bb17px\u00bb header_3_font_size_last_edited=\u00bbon|phone\u00bb header_4_font_size_tablet=\u00bb18px\u00bb header_4_font_size_phone=\u00bb15px\u00bb header_4_font_size_last_edited=\u00bbon|tablet\u00bb header_5_font_size_tablet=\u00bb15px\u00bb header_5_font_size_phone=\u00bb14px\u00bb header_5_font_size_last_edited=\u00bbon|desktop\u00bb header_6_font_size_tablet=\u00bb13px\u00bb header_6_font_size_phone=\u00bb13px\u00bb header_6_font_size_last_edited=\u00bbon|desktop\u00bb locked=\u00bboff\u00bb global_colors_info=\u00bb{}\u00bb]<\/p>\n<h3 class=\"et_pb_module_heading et-fb-editable-element et-fb-editable-element__editing\" data-shortcode-id=\"4.0.0.0-1754321012214\" data-quickaccess-id=\"title\">Registro Civil<\/h3>\n<p>El Registro Civil es fundamental para garantizar la identidad y derechos de los ciudadanos. A trav\u00e9s de sus servicios, se documentan eventos vitales como nacimientos, matrimonios y defunciones, asegurando el acceso a beneficios legales y sociales.<\/p>\n<p>[\/et_pb_text][\/et_pb_column][et_pb_column type=\u00bb1_2&#8243; _builder_version=\u00bb4.27.4&#8243; _module_preset=\u00bb92716280-2ae8-4a3a-8254-2d5a51101853&#8243; background_color=\u00bb#0C71C3&#8243; custom_padding=\u00bb40px|40px|40px|40px|true|true\u00bb custom_padding_tablet=\u00bb30px|30px|30px|30px|true|true\u00bb custom_padding_phone=\u00bb20px|20px|20px|20px|true|true\u00bb custom_padding_last_edited=\u00bbon|desktop\u00bb border_radii=\u00bbon|6px|6px|6px|6px\u00bb global_colors_info=\u00bb{}\u00bb][et_pb_text quote_border_color=\u00bb#FFFFFF\u00bb _builder_version=\u00bb4.27.4&#8243; _module_preset=\u00bb0504de1e-f5ff-4281-ba60-cbbe4edf98bc\u00bb text_font=\u00bbIBM Plex Sans|IBM Plex Sans_weight|||||||\u00bb text_text_color=\u00bb#FFFFFF\u00bb text_font_size=\u00bb16px\u00bb text_line_height=\u00bb1.75em\u00bb link_font=\u00bb||||on||||\u00bb link_text_color=\u00bb#FFFFFF\u00bb quote_font=\u00bbIBM Plex Sans Condensed|IBM Plex Sans Condensed_weight|||||||\u00bb quote_text_color=\u00bb#FFFFFF\u00bb header_font=\u00bbIBM Plex Sans Condensed|IBM Plex Sans Condensed_weight|||||||\u00bb header_text_color=\u00bb#FFFFFF\u00bb header_font_size=\u00bb72px\u00bb header_line_height=\u00bb1.15em\u00bb header_2_font=\u00bbIBM Plex Sans Condensed|IBM Plex Sans Condensed_weight|||||||\u00bb header_2_text_color=\u00bb#FFFFFF\u00bb header_2_font_size=\u00bb50px\u00bb header_2_line_height=\u00bb1.2em\u00bb header_3_font=\u00bbIBM Plex Sans Condensed|IBM Plex Sans Condensed_weight|||||||\u00bb header_3_text_color=\u00bb#FFFFFF\u00bb header_3_font_size=\u00bb32px\u00bb header_3_line_height=\u00bb1.3em\u00bb header_4_font=\u00bbIBM Plex Sans Condensed|IBM Plex Sans Condensed_weight|||||||\u00bb header_4_text_color=\u00bb#FFFFFF\u00bb header_4_font_size=\u00bb24px\u00bb header_4_line_height=\u00bb1.4em\u00bb header_5_font=\u00bbIBM Plex Sans Condensed|IBM Plex Sans Condensed_weight|||||||\u00bb header_5_text_color=\u00bb#FFFFFF\u00bb header_5_font_size=\u00bb18px\u00bb header_5_line_height=\u00bb1.4em\u00bb header_6_font=\u00bbIBM Plex Sans Condensed|IBM Plex Sans Condensed_weight|||||||\u00bb header_6_text_color=\u00bb#FFFFFF\u00bb header_6_line_height=\u00bb1.5em\u00bb custom_margin=\u00bb||||false|false\u00bb text_font_size_tablet=\u00bb15px\u00bb text_font_size_phone=\u00bb14px\u00bb text_font_size_last_edited=\u00bbon|phone\u00bb header_font_size_tablet=\u00bb40px\u00bb header_font_size_phone=\u00bb24px\u00bb header_font_size_last_edited=\u00bbon|desktop\u00bb header_2_font_size_tablet=\u00bb28px\u00bb header_2_font_size_phone=\u00bb20px\u00bb header_2_font_size_last_edited=\u00bbon|phone\u00bb header_3_font_size_tablet=\u00bb22px\u00bb header_3_font_size_phone=\u00bb17px\u00bb header_3_font_size_last_edited=\u00bbon|phone\u00bb header_4_font_size_tablet=\u00bb18px\u00bb header_4_font_size_phone=\u00bb15px\u00bb header_4_font_size_last_edited=\u00bbon|tablet\u00bb header_5_font_size_tablet=\u00bb15px\u00bb header_5_font_size_phone=\u00bb14px\u00bb header_5_font_size_last_edited=\u00bbon|desktop\u00bb header_6_font_size_tablet=\u00bb13px\u00bb header_6_font_size_phone=\u00bb13px\u00bb header_6_font_size_last_edited=\u00bbon|desktop\u00bb locked=\u00bboff\u00bb global_colors_info=\u00bb{}\u00bb]<\/p>\n<h3 class=\"et_pb_module_heading et-fb-editable-element et-fb-editable-element__editing\" data-shortcode-id=\"4.0.0.0-1754321012214\" data-quickaccess-id=\"title\">Oficinas fuera de Mendoza<\/h3>\n<p>Pod\u00e9s solicitar que enviemos tu acta o documento oficial a un Registro Civil de otra provincia para continuar tr\u00e1mites a distancia.<\/p>\n<p>[\/et_pb_text][et_pb_button button_url=\u00bbhttps:\/\/ticketsform.mendoza.gov.ar\/ticketsform\/servlet\/responderformulario?VU_OFICIOS\u00bb button_text=\u00bbSolicitar Oficio\u00bb _builder_version=\u00bb4.27.4&#8243; _module_preset=\u00bb1bffc0fc-42a0-49d1-bd9a-ae3ade2d7206&#8243; custom_button=\u00bbon\u00bb button_text_size=\u00bb14px\u00bb button_text_color=\u00bb#FFFFFF\u00bb button_bg_color=\u00bb#3CB4E5&#8243; button_border_width=\u00bb0px\u00bb button_border_radius=\u00bb100px\u00bb button_font=\u00bbIBM Plex Sans|700|||||||\u00bb custom_padding=\u00bb12px|24px|12px|24px|true|true\u00bb locked=\u00bboff\u00bb global_colors_info=\u00bb{%22#457b9d%22:%91%22button_bg_color%22%93}\u00bb custom_padding__hover_enabled=\u00bboff|desktop\u00bb custom_padding__hover=\u00bb|28px||20px|true|false\u00bb][\/et_pb_button][\/et_pb_column][\/et_pb_row][\/et_pb_section]<\/p>\n","protected":false},"excerpt":{"rendered":"<p>Desde esta p\u00e1gina pod\u00e9s acceder a informaci\u00f3n general sobre el Registro Civil. Los tr\u00e1mites habituales como actas, turnos, DNI, pasaportes y certificados se gestionan exclusivamente desde la plataforma de Mendoza por m\u00ed (MxM).Registr\u00e1 la inscripci\u00f3n de nacimiento de tu hijo\/a.Registr\u00e1 el nacimiento de un ni\u00f1o\/a en Mendoza cuando uno o ambos progenitores son extranjeros.Solicit\u00e1 turno [&hellip;]<\/p>\n","protected":false},"author":28,"featured_media":0,"parent":0,"menu_order":0,"comment_status":"closed","ping_status":"closed","template":"","meta":{"_et_pb_use_builder":"on","_et_pb_old_content":"","_et_gb_content_width":"","footnotes":""},"class_list":["post-2074","page","type-page","status-publish","hentry"],"_links":{"self":[{"href":"https:\/\/informacionoficial.mendoza.gob.ar\/gobiernoinfraestructura\/wp-json\/wp\/v2\/pages\/2074","targetHints":{"allow":["GET"]}}],"collection":[{"href":"https:\/\/informacionoficial.mendoza.gob.ar\/gobiernoinfraestructura\/wp-json\/wp\/v2\/pages"}],"about":[{"href":"https:\/\/informacionoficial.mendoza.gob.ar\/gobiernoinfraestructura\/wp-json\/wp\/v2\/types\/page"}],"author":[{"embeddable":true,"href":"https:\/\/informacionoficial.mendoza.gob.ar\/gobiernoinfraestructura\/wp-json\/wp\/v2\/users\/28"}],"replies":[{"embeddable":true,"href":"https:\/\/informacionoficial.mendoza.gob.ar\/gobiernoinfraestructura\/wp-json\/wp\/v2\/comments?post=2074"}],"version-history":[{"count":30,"href":"https:\/\/informacionoficial.mendoza.gob.ar\/gobiernoinfraestructura\/wp-json\/wp\/v2\/pages\/2074\/revisions"}],"predecessor-version":[{"id":7259,"href":"https:\/\/informacionoficial.mendoza.gob.ar\/gobiernoinfraestructura\/wp-json\/wp\/v2\/pages\/2074\/revisions\/7259"}],"wp:attachment":[{"href":"https:\/\/informacionoficial.mendoza.gob.ar\/gobiernoinfraestructura\/wp-json\/wp\/v2\/media?parent=2074"}],"curies":[{"name":"wp","href":"https:\/\/api.w.org\/{rel}","templated":true}]}}