{"id":6289,"date":"2025-09-12T17:50:19","date_gmt":"2025-09-12T20:50:19","guid":{"rendered":"https:\/\/informacionoficial.mendoza.gob.ar\/gobiernoinfraestructura\/?page_id=6289"},"modified":"2026-04-17T11:39:19","modified_gmt":"2026-04-17T14:39:19","slug":"oficinas_sedes","status":"publish","type":"page","link":"https:\/\/informacionoficial.mendoza.gob.ar\/gobiernoinfraestructura\/direccion-defensa-del-consumidor\/oficinas_sedes\/","title":{"rendered":"Oficinas y Sedes"},"content":{"rendered":"<p>[et_pb_section fb_built=\u00bb1&#8243; next_background_color=\u00bb#ffffff\u00bb admin_label=\u00bbHero\u00bb _builder_version=\u00bb4.27.4&#8243; _module_preset=\u00bb74c69059-8e69-4122-b1e6-dfeabf6c5711&#8243; background_color=\u00bb#07429a\u00bb use_background_color_gradient=\u00bbon\u00bb background_color_gradient_stops=\u00bbrgba(25,25,25,0.6) 0%|#0c71c3 100%\u00bb background_color_gradient_overlays_image=\u00bbon\u00bb background_color_gradient_start=\u00bbrgba(0,0,0,0.5)\u00bb background_color_gradient_end=\u00bbrgba(0,0,0,0.75)\u00bb background_enable_image=\u00bboff\u00bb min_height=\u00bb672.7px\u00bb custom_padding=\u00bb0vw||3vw||false|false\u00bb bottom_divider_style=\u00bbslant\u00bb bottom_divider_height=\u00bb10vw\u00bb bottom_divider_flip=\u00bbhorizontal\u00bb locked=\u00bboff\u00bb collapsed=\u00bbon\u00bb global_colors_info=\u00bb{}\u00bb][et_pb_row column_structure=\u00bb1_2,1_2&#8243; _builder_version=\u00bb4.27.4&#8243; _module_preset=\u00bb5138c454-be54-4233-bd3b-f8e6a8747976&#8243; width=\u00bb85%\u00bb max_width=\u00bb2074px\u00bb min_height=\u00bb500.5px\u00bb custom_margin=\u00bb|auto||71px||\u00bb custom_padding=\u00bb48px|||||\u00bb locked=\u00bboff\u00bb global_colors_info=\u00bb{}\u00bb][et_pb_column type=\u00bb1_2&#8243; _builder_version=\u00bb4.16&#8243; _module_preset=\u00bb73121f80-a3ef-4484-8763-c3f18e3c56d2&#8243; global_colors_info=\u00bb{}\u00bb][et_pb_heading title=\u00bbSedes de Defensa del Consumidor\u00bb _builder_version=\u00bb4.24.2&#8243; _module_preset=\u00bbf0c675ea-2574-4d0e-b725-30f8550a8550&#8243; title_level=\u00bbh4&#8243; title_font=\u00bbIBM Plex Sans|IBM Plex Sans Condensed_weight||on|||||\u00bb title_text_color=\u00bb#FFFFFF\u00bb title_font_size=\u00bb14px\u00bb title_letter_spacing=\u00bb1px\u00bb title_line_height=\u00bb1.4em\u00bb custom_margin=\u00bb||10px||false|false\u00bb title_font_size_tablet=\u00bb13px\u00bb title_font_size_phone=\u00bb13px\u00bb title_font_size_last_edited=\u00bbon|desktop\u00bb locked=\u00bboff\u00bb global_colors_info=\u00bb{}\u00bb][\/et_pb_heading][et_pb_heading title=\u00bbSedes y oficinas municipales\u00bb _builder_version=\u00bb4.24.2&#8243; _module_preset=\u00bbddeb8c09-9078-4424-bc15-2efb6572e28e\u00bb title_font=\u00bbIBM Plex Sans Condensed|IBM Plex Sans Condensed_weight|||||||\u00bb title_text_color=\u00bb#FFFFFF\u00bb title_font_size=\u00bb72px\u00bb title_line_height=\u00bb1.15em\u00bb title_font_size_tablet=\u00bb40px\u00bb title_font_size_phone=\u00bb24px\u00bb title_font_size_last_edited=\u00bbon|phone\u00bb locked=\u00bboff\u00bb global_colors_info=\u00bb{}\u00bb][\/et_pb_heading][et_pb_text quote_border_color=\u00bb#FFFFFF\u00bb _builder_version=\u00bb4.24.2&#8243; _module_preset=\u00bb0504de1e-f5ff-4281-ba60-cbbe4edf98bc\u00bb text_font=\u00bbIBM Plex Sans|IBM Plex Sans_weight|||||||\u00bb text_text_color=\u00bb#FFFFFF\u00bb text_font_size=\u00bb16px\u00bb text_line_height=\u00bb1.75em\u00bb link_font=\u00bb||||on||||\u00bb link_text_color=\u00bb#FFFFFF\u00bb quote_font=\u00bbIBM Plex Sans Condensed|IBM Plex Sans Condensed_weight|||||||\u00bb quote_text_color=\u00bb#FFFFFF\u00bb header_font=\u00bbIBM Plex Sans Condensed|IBM Plex Sans Condensed_weight|||||||\u00bb header_text_color=\u00bb#FFFFFF\u00bb header_font_size=\u00bb72px\u00bb header_line_height=\u00bb1.15em\u00bb header_2_font=\u00bbIBM Plex Sans Condensed|IBM Plex Sans Condensed_weight|||||||\u00bb header_2_text_color=\u00bb#FFFFFF\u00bb header_2_font_size=\u00bb50px\u00bb header_2_line_height=\u00bb1.2em\u00bb header_3_font=\u00bbIBM Plex Sans Condensed|IBM Plex Sans Condensed_weight|||||||\u00bb header_3_text_color=\u00bb#FFFFFF\u00bb header_3_font_size=\u00bb32px\u00bb header_3_line_height=\u00bb1.3em\u00bb header_4_font=\u00bbIBM Plex Sans Condensed|IBM Plex Sans Condensed_weight|||||||\u00bb header_4_text_color=\u00bb#FFFFFF\u00bb header_4_font_size=\u00bb24px\u00bb header_4_line_height=\u00bb1.4em\u00bb header_5_font=\u00bbIBM Plex Sans Condensed|IBM Plex Sans Condensed_weight|||||||\u00bb header_5_text_color=\u00bb#FFFFFF\u00bb header_5_font_size=\u00bb18px\u00bb header_5_line_height=\u00bb1.4em\u00bb header_6_font=\u00bbIBM Plex Sans Condensed|IBM Plex Sans Condensed_weight|||||||\u00bb header_6_text_color=\u00bb#FFFFFF\u00bb header_6_line_height=\u00bb1.5em\u00bb custom_margin=\u00bb||||false|false\u00bb text_font_size_tablet=\u00bb15px\u00bb text_font_size_phone=\u00bb14px\u00bb text_font_size_last_edited=\u00bbon|phone\u00bb header_font_size_tablet=\u00bb40px\u00bb header_font_size_phone=\u00bb24px\u00bb header_font_size_last_edited=\u00bbon|desktop\u00bb header_2_font_size_tablet=\u00bb28px\u00bb header_2_font_size_phone=\u00bb20px\u00bb header_2_font_size_last_edited=\u00bbon|phone\u00bb header_3_font_size_tablet=\u00bb22px\u00bb header_3_font_size_phone=\u00bb17px\u00bb header_3_font_size_last_edited=\u00bbon|phone\u00bb header_4_font_size_tablet=\u00bb18px\u00bb header_4_font_size_phone=\u00bb15px\u00bb header_4_font_size_last_edited=\u00bbon|tablet\u00bb header_5_font_size_tablet=\u00bb15px\u00bb header_5_font_size_phone=\u00bb14px\u00bb header_5_font_size_last_edited=\u00bbon|desktop\u00bb header_6_font_size_tablet=\u00bb13px\u00bb header_6_font_size_phone=\u00bb13px\u00bb header_6_font_size_last_edited=\u00bbon|desktop\u00bb locked=\u00bboff\u00bb global_colors_info=\u00bb{}\u00bb]<\/p>\n<p>Acced\u00e9 a direcciones, horarios y contactos de las sedes de defensa del consumidor en la provincia de Mendoza.<\/p>\n<p>[\/et_pb_text][et_pb_button button_url=\u00bb#oficinas\u00bb button_text=\u00bbVer sedes y oficinas \u2192\u00bb _builder_version=\u00bb4.27.4&#8243; _module_preset=\u00bbab15fb74-61a3-43aa-96b3-41e09aeef654&#8243; custom_button=\u00bbon\u00bb button_text_size=\u00bb14px\u00bb button_text_color=\u00bb#264653&#8243; button_bg_color=\u00bb#FFFFFF\u00bb button_border_width=\u00bb0px\u00bb button_border_radius=\u00bb100px\u00bb button_font=\u00bbIBM Plex Sans|700|||||||\u00bb custom_padding=\u00bb12px|24px|12px|24px|true|true\u00bb locked=\u00bboff\u00bb global_colors_info=\u00bb{}\u00bb][\/et_pb_button][\/et_pb_column][et_pb_column type=\u00bb1_2&#8243; _builder_version=\u00bb4.16&#8243; _module_preset=\u00bb73121f80-a3ef-4484-8763-c3f18e3c56d2&#8243; global_colors_info=\u00bb{}\u00bb][\/et_pb_column][\/et_pb_row][\/et_pb_section][et_pb_section fb_built=\u00bb1&#8243; admin_label=\u00bbText\u00bb _builder_version=\u00bb4.18.0&#8243; _module_preset=\u00bbdefault\u00bb locked=\u00bboff\u00bb collapsed=\u00bbon\u00bb global_colors_info=\u00bb{}\u00bb][et_pb_row column_structure=\u00bb3_5,2_5&#8243; custom_padding_last_edited=\u00bbon|desktop\u00bb _builder_version=\u00bb4.24.3&#8243; _module_preset=\u00bb5138c454-be54-4233-bd3b-f8e6a8747976&#8243; custom_padding=\u00bb60px|60px|60px|60px|true|true\u00bb custom_padding_tablet=\u00bb30px|30px|30px|30px|true|true\u00bb custom_padding_phone=\u00bb20px|20px|20px|20px|true|true\u00bb border_radii=\u00bbon|6px|6px|6px|6px\u00bb border_width_all=\u00bb2px\u00bb border_color_all=\u00bbgcid-828accbb-1ed2-407d-95be-20ab4e191566&#8243; global_colors_info=\u00bb{%22gcid-36fd78a7-34bc-404d-873c-dafa34efaae5%22:%91%22icon_color%22,%22icon_color%22,%22icon_color%22,%22color%22%93,%22gcid-7cadd8b3-5228-48e4-90c4-212d09232f7b%22:%91%22header_text_color%22,%22color%22%93,%22gcid-9a15b43a-75da-4015-a522-d0ef1179ded7%22:%91%22body_text_color%22%93,%22gcid-828accbb-1ed2-407d-95be-20ab4e191566%22:%91%22border_color_all%22%93}\u00bb][et_pb_column type=\u00bb3_5&#8243; _builder_version=\u00bb4.18.0&#8243; _module_preset=\u00bb73121f80-a3ef-4484-8763-c3f18e3c56d2&#8243; global_colors_info=\u00bb{}\u00bb][et_pb_heading title=\u00bbTu sede m\u00e1s cercana\u00bb _builder_version=\u00bb4.24.2&#8243; _module_preset=\u00bbc33f07d9-41e0-421a-8799-5799df695cce\u00bb title_level=\u00bbh2&#8243; title_font=\u00bbIBM Plex Sans Condensed|IBM Plex Sans Condensed_weight|||||||\u00bb title_text_color=\u00bb#0e0c19&#8243; title_font_size=\u00bb50px\u00bb title_line_height=\u00bb1.2em\u00bb custom_margin=\u00bb||10px||false|false\u00bb title_font_size_tablet=\u00bb28px\u00bb title_font_size_phone=\u00bb20px\u00bb title_font_size_last_edited=\u00bbon|phone\u00bb global_colors_info=\u00bb{}\u00bb][\/et_pb_heading][et_pb_text quote_border_color=\u00bb#2a9d8f\u00bb _builder_version=\u00bb4.27.4&#8243; _module_preset=\u00bb2c55a9c4-feed-423b-9edb-ae0b5b365cac\u00bb text_font=\u00bbIBM Plex Sans|IBM Plex Sans_weight|||||||\u00bb text_text_color=\u00bb#3c3a47&#8243; text_font_size=\u00bb16px\u00bb text_line_height=\u00bb1.75em\u00bb link_font=\u00bb|IBM Plex Sans_weight|||||||\u00bb link_text_color=\u00bb#264653&#8243; quote_font=\u00bbIBM Plex Sans Condensed|IBM Plex Sans Condensed_weight|||||||\u00bb quote_text_color=\u00bb#0e0c19&#8243; header_font=\u00bbIBM Plex Sans Condensed|IBM Plex Sans Condensed_weight|||||||\u00bb header_text_color=\u00bb#0e0c19&#8243; header_font_size=\u00bb72px\u00bb header_line_height=\u00bb1.15em\u00bb header_2_font=\u00bbIBM Plex Sans Condensed|IBM Plex Sans Condensed_weight|||||||\u00bb header_2_text_color=\u00bb#0e0c19&#8243; header_2_font_size=\u00bb50px\u00bb header_2_line_height=\u00bb1.2em\u00bb header_3_font=\u00bbIBM Plex Sans Condensed|IBM Plex Sans Condensed_weight|||||||\u00bb header_3_text_color=\u00bb#0e0c19&#8243; header_3_font_size=\u00bb32px\u00bb header_3_line_height=\u00bb1.3em\u00bb header_4_font=\u00bbIBM Plex Sans Condensed|IBM Plex Sans Condensed_weight|||||||\u00bb header_4_text_color=\u00bb#0e0c19&#8243; header_4_font_size=\u00bb24px\u00bb header_4_line_height=\u00bb1.4em\u00bb header_5_font=\u00bbIBM Plex Sans Condensed|IBM Plex Sans Condensed_weight|||||||\u00bb header_5_text_color=\u00bb#0e0c19&#8243; header_5_font_size=\u00bb18px\u00bb header_5_line_height=\u00bb1.4em\u00bb header_6_font=\u00bbIBM Plex Sans Condensed|IBM Plex Sans Condensed_weight|||||||\u00bb header_6_text_color=\u00bb#0e0c19&#8243; header_6_line_height=\u00bb1.5em\u00bb custom_margin=\u00bb||||false|false\u00bb text_font_size_tablet=\u00bb15px\u00bb text_font_size_phone=\u00bb14px\u00bb text_font_size_last_edited=\u00bbon|phone\u00bb header_font_size_tablet=\u00bb40px\u00bb header_font_size_phone=\u00bb24px\u00bb header_font_size_last_edited=\u00bbon|desktop\u00bb header_2_font_size_tablet=\u00bb28px\u00bb header_2_font_size_phone=\u00bb20px\u00bb header_2_font_size_last_edited=\u00bbon|phone\u00bb header_3_font_size_tablet=\u00bb22px\u00bb header_3_font_size_phone=\u00bb17px\u00bb header_3_font_size_last_edited=\u00bbon|phone\u00bb header_4_font_size_tablet=\u00bb18px\u00bb header_4_font_size_phone=\u00bb15px\u00bb header_4_font_size_last_edited=\u00bbon|tablet\u00bb header_5_font_size_tablet=\u00bb15px\u00bb header_5_font_size_phone=\u00bb14px\u00bb header_5_font_size_last_edited=\u00bbon|desktop\u00bb header_6_font_size_tablet=\u00bb13px\u00bb header_6_font_size_phone=\u00bb13px\u00bb header_6_font_size_last_edited=\u00bbon|desktop\u00bb locked=\u00bboff\u00bb global_colors_info=\u00bb{}\u00bb]<\/p>\n<p>Descubre la sede m\u00e1s pr\u00f3xima y sus detalles de contacto. Para consultas generales, comun\u00edcate al 148 (Opci\u00f3n 20) o env\u00eda un correo al email oficial mesaentradasddc@mendoza.gov.ar<\/p>\n<p>[\/et_pb_text][\/et_pb_column][et_pb_column type=\u00bb2_5&#8243; _builder_version=\u00bb4.18.0&#8243; _module_preset=\u00bb73121f80-a3ef-4484-8763-c3f18e3c56d2&#8243; global_colors_info=\u00bb{}\u00bb][et_pb_text quote_border_color=\u00bb#2a9d8f\u00bb _builder_version=\u00bb4.24.3&#8243; _module_preset=\u00bb2c55a9c4-feed-423b-9edb-ae0b5b365cac\u00bb text_font=\u00bbIBM Plex Sans|IBM Plex Sans_weight|||||||\u00bb text_text_color=\u00bb#3c3a47&#8243; text_font_size=\u00bb16px\u00bb text_line_height=\u00bb1.75em\u00bb link_font=\u00bb|IBM Plex Sans_weight|||||||\u00bb link_text_color=\u00bb#264653&#8243; quote_font=\u00bbIBM Plex Sans Condensed|IBM Plex Sans Condensed_weight|||||||\u00bb quote_text_color=\u00bb#0e0c19&#8243; header_font=\u00bbIBM Plex Sans Condensed|IBM Plex Sans Condensed_weight|||||||\u00bb header_text_color=\u00bb#0e0c19&#8243; header_font_size=\u00bb72px\u00bb header_line_height=\u00bb1.15em\u00bb header_2_font=\u00bbIBM Plex Sans Condensed|IBM Plex Sans Condensed_weight|||||||\u00bb header_2_text_color=\u00bb#0e0c19&#8243; header_2_font_size=\u00bb50px\u00bb header_2_line_height=\u00bb1.2em\u00bb header_3_font=\u00bbIBM Plex Sans Condensed|IBM Plex Sans Condensed_weight|||||||\u00bb header_3_text_color=\u00bb#0e0c19&#8243; header_3_font_size=\u00bb32px\u00bb header_3_line_height=\u00bb1.3em\u00bb header_4_font=\u00bbIBM Plex Sans Condensed|IBM Plex Sans Condensed_weight|||||||\u00bb header_4_text_color=\u00bb#0e0c19&#8243; header_4_font_size=\u00bb24px\u00bb header_4_line_height=\u00bb1.4em\u00bb header_5_font=\u00bbIBM Plex Sans Condensed|IBM Plex Sans Condensed_weight|||||||\u00bb header_5_text_color=\u00bb#0e0c19&#8243; header_5_font_size=\u00bb18px\u00bb header_5_line_height=\u00bb1.4em\u00bb header_6_font=\u00bbIBM Plex Sans Condensed|IBM Plex Sans Condensed_weight|||||||\u00bb header_6_text_color=\u00bb#0e0c19&#8243; header_6_line_height=\u00bb1.5em\u00bb custom_margin=\u00bb||||false|false\u00bb text_font_size_tablet=\u00bb15px\u00bb text_font_size_phone=\u00bb14px\u00bb text_font_size_last_edited=\u00bbon|phone\u00bb header_font_size_tablet=\u00bb40px\u00bb header_font_size_phone=\u00bb24px\u00bb header_font_size_last_edited=\u00bbon|desktop\u00bb header_2_font_size_tablet=\u00bb28px\u00bb header_2_font_size_phone=\u00bb20px\u00bb header_2_font_size_last_edited=\u00bbon|phone\u00bb header_3_font_size_tablet=\u00bb22px\u00bb header_3_font_size_phone=\u00bb17px\u00bb header_3_font_size_last_edited=\u00bbon|phone\u00bb header_4_font_size_tablet=\u00bb18px\u00bb header_4_font_size_phone=\u00bb15px\u00bb header_4_font_size_last_edited=\u00bbon|tablet\u00bb header_5_font_size_tablet=\u00bb15px\u00bb header_5_font_size_phone=\u00bb14px\u00bb header_5_font_size_last_edited=\u00bbon|desktop\u00bb header_6_font_size_tablet=\u00bb13px\u00bb header_6_font_size_phone=\u00bb13px\u00bb header_6_font_size_last_edited=\u00bbon|desktop\u00bb locked=\u00bboff\u00bb global_colors_info=\u00bb{}\u00bb]<\/p>\n<p>Encuentra r\u00e1pidamente la informaci\u00f3n que necesitas para resolver tus consultas de consumo. Nuestro equipo est\u00e1 listo para ayudarte.<\/p>\n<p>[\/et_pb_text][et_pb_button button_url=\u00bbhttps:\/\/autogestion.produccion.gob.ar\/consumidores\u00bb button_text=\u00bbHacer una denuncia Online\u00bb _builder_version=\u00bb4.27.4&#8243; _module_preset=\u00bbab15fb74-61a3-43aa-96b3-41e09aeef654&#8243; custom_button=\u00bbon\u00bb button_text_size=\u00bb16px\u00bb button_text_color=\u00bb#FFFFFF\u00bb button_bg_color=\u00bb#07429a\u00bb button_border_width=\u00bb0px\u00bb button_border_radius=\u00bb100px\u00bb button_font=\u00bbIBM Plex Sans|700|||||||\u00bb custom_padding=\u00bb12px|24px|12px|24px|true|true\u00bb locked=\u00bboff\u00bb global_colors_info=\u00bb{}\u00bb][\/et_pb_button][\/et_pb_column][\/et_pb_row][\/et_pb_section][et_pb_section fb_built=\u00bb1&#8243; admin_label=\u00bbList\u00bb module_id=\u00bboficinas\u00bb _builder_version=\u00bb4.27.4&#8243; _module_preset=\u00bbdefault\u00bb collapsed=\u00bbon\u00bb global_colors_info=\u00bb{}\u00bb][et_pb_row _builder_version=\u00bb4.25.1&#8243; _module_preset=\u00bbdefault\u00bb global_colors_info=\u00bb{}\u00bb][et_pb_column type=\u00bb4_4&#8243; _builder_version=\u00bb4.25.1&#8243; _module_preset=\u00bbdefault\u00bb global_colors_info=\u00bb{}\u00bb][et_pb_heading title=\u00bbOficinas municipales de atenci\u00f3n al consumidor\u00bb _builder_version=\u00bb4.27.4&#8243; _module_preset=\u00bbc33f07d9-41e0-421a-8799-5799df695cce\u00bb title_font=\u00bbIBM Plex Sans Condensed|IBM Plex Sans Condensed_weight|||||||\u00bb title_text_align=\u00bbcenter\u00bb title_text_color=\u00bb#0e0c19&#8243; title_font_size=\u00bb50px\u00bb title_line_height=\u00bb1.2em\u00bb custom_margin=\u00bb||10px||false|false\u00bb title_font_size_tablet=\u00bb28px\u00bb title_font_size_phone=\u00bb20px\u00bb title_font_size_last_edited=\u00bbon|phone\u00bb global_colors_info=\u00bb{}\u00bb][\/et_pb_heading][\/et_pb_column][\/et_pb_row][et_pb_row column_structure=\u00bb1_3,1_3,1_3&#8243; module_id=\u00bb#sedes\u00bb _builder_version=\u00bb4.27.4&#8243; _module_preset=\u00bbdefault\u00bb max_width=\u00bb2048px\u00bb global_colors_info=\u00bb{}\u00bb][et_pb_column type=\u00bb1_3&#8243; _builder_version=\u00bb4.25.1&#8243; _module_preset=\u00bbdefault\u00bb global_colors_info=\u00bb{}\u00bb][et_pb_blurb title=\u00bbSEDE CENTRAL\u00bb use_icon=\u00bbon\u00bb font_icon=\u00bb&#xe012;||divi||400&#8243; icon_color=\u00bb#07429a\u00bb icon_placement=\u00bbleft\u00bb image_icon_width=\u00bb40px\u00bb content_max_width=\u00bb100%\u00bb _builder_version=\u00bb4.27.4&#8243; _module_preset=\u00bb65059203-12d3-44f6-8371-3f5cf61a0475&#8243; header_font=\u00bbIBM Plex Sans Condensed|IBM Plex Sans Condensed_weight|||||||\u00bb header_text_color=\u00bb#0e0c19&#8243; header_font_size=\u00bb18px\u00bb header_line_height=\u00bb1.4em\u00bb body_font=\u00bbIBM Plex Sans|IBM Plex Sans_weight|||||||\u00bb body_text_color=\u00bb#3c3a47&#8243; body_font_size=\u00bb16px\u00bb body_line_height=\u00bb1.75em\u00bb body_link_text_color=\u00bb#264653&#8243; animation=\u00bboff\u00bb header_font_size_tablet=\u00bb15px\u00bb header_font_size_phone=\u00bb14px\u00bb header_font_size_last_edited=\u00bbon|phone\u00bb body_font_size_tablet=\u00bb15px\u00bb body_font_size_phone=\u00bb14px\u00bb body_font_size_last_edited=\u00bbon|desktop\u00bb border_radii_image=\u00bbon|6px|6px|6px|6px\u00bb global_colors_info=\u00bb{}\u00bb]<\/p>\n<p data-start=\"418\" data-end=\"933\"><strong>Tel\u00e9fono<\/strong>: <a data-start=\"428\" data-end=\"453\" class=\"decorated-link\" rel=\"noopener\">148 (Opci\u00f3n 20)<\/a><\/p>\n<p data-start=\"418\" data-end=\"933\"><strong>Email:<\/strong> <a data-start=\"463\" data-end=\"534\" class=\"decorated-link cursor-pointer\" rel=\"noopener\">mesaentradasddc@mendoza.gov.ar<\/a><\/p>\n<p data-start=\"418\" data-end=\"933\"><strong>Direcci\u00f3n<\/strong>: Patricias Mendocinas 529, Ciudad de Mendoza<\/p>\n<p data-start=\"418\" data-end=\"933\"><strong>Horario<\/strong>: Lunes a viernes, 8:00\u201313:00 (ingreso habitual 8:30)<\/p>\n<p data-start=\"418\" data-end=\"933\"><strong>Responsable:<\/strong> Directora <strong data-start=\"756\" data-end=\"773\">M\u00f3nica Lucero<\/strong><\/p>\n<p>[\/et_pb_blurb][et_pb_blurb title=\u00bbSEDE ZONA SUR\u00bb use_icon=\u00bbon\u00bb font_icon=\u00bb&#xe012;||divi||400&#8243; icon_color=\u00bb#07429a\u00bb icon_placement=\u00bbleft\u00bb image_icon_width=\u00bb40px\u00bb content_max_width=\u00bb100%\u00bb _builder_version=\u00bb4.27.4&#8243; _module_preset=\u00bb65059203-12d3-44f6-8371-3f5cf61a0475&#8243; header_font=\u00bbIBM Plex Sans Condensed|IBM Plex Sans Condensed_weight|||||||\u00bb header_text_color=\u00bb#0e0c19&#8243; header_font_size=\u00bb18px\u00bb header_line_height=\u00bb1.4em\u00bb body_font=\u00bbIBM Plex Sans|IBM Plex Sans_weight|||||||\u00bb body_text_color=\u00bb#3c3a47&#8243; body_font_size=\u00bb16px\u00bb body_line_height=\u00bb1.75em\u00bb body_link_text_color=\u00bb#264653&#8243; animation=\u00bboff\u00bb header_font_size_tablet=\u00bb15px\u00bb header_font_size_phone=\u00bb14px\u00bb header_font_size_last_edited=\u00bbon|phone\u00bb body_font_size_tablet=\u00bb15px\u00bb body_font_size_phone=\u00bb14px\u00bb body_font_size_last_edited=\u00bbon|desktop\u00bb border_radii_image=\u00bbon|6px|6px|6px|6px\u00bb global_colors_info=\u00bb{}\u00bb]<\/p>\n<p data-start=\"4590\" data-end=\"4607\">\n<p data-start=\"4609\" data-end=\"4652\"><strong data-start=\"4609\" data-end=\"4619\">Email:<\/strong> rfernandezleva@mendoza.gov.ar<\/p>\n<p data-start=\"4609\" data-end=\"4652\"><strong data-start=\"4654\" data-end=\"4668\">Direcci\u00f3n:<\/strong> Emilio Civit 70, San Rafael<\/p>\n<p data-start=\"4735\" data-end=\"4777\"><strong data-start=\"4735\" data-end=\"4747\">Horario:<\/strong> Lunes a viernes, 8:00\u201313:00<\/p>\n<p data-start=\"4779\" data-end=\"4813\"><strong data-start=\"4779\" data-end=\"4795\">Responsable:<\/strong> Lic. Roc\u00edo Fern\u00e1ndez Leva<\/p>\n<p>[\/et_pb_blurb][et_pb_blurb title=\u00bbGENERAL ALVEAR\u00bb use_icon=\u00bbon\u00bb font_icon=\u00bb&#xf058;||fa||900&#8243; icon_color=\u00bb#07429a\u00bb icon_placement=\u00bbleft\u00bb image_icon_width=\u00bb40px\u00bb content_max_width=\u00bb100%\u00bb _builder_version=\u00bb4.27.4&#8243; _module_preset=\u00bb65059203-12d3-44f6-8371-3f5cf61a0475&#8243; header_font=\u00bbIBM Plex Sans Condensed|IBM Plex Sans Condensed_weight|||||||\u00bb header_text_color=\u00bb#0e0c19&#8243; header_font_size=\u00bb18px\u00bb header_line_height=\u00bb1.4em\u00bb body_font=\u00bbIBM Plex Sans|IBM Plex Sans_weight|||||||\u00bb body_text_color=\u00bb#3c3a47&#8243; body_font_size=\u00bb16px\u00bb body_line_height=\u00bb1.75em\u00bb body_link_text_color=\u00bb#264653&#8243; animation=\u00bboff\u00bb header_font_size_tablet=\u00bb15px\u00bb header_font_size_phone=\u00bb14px\u00bb header_font_size_last_edited=\u00bbon|phone\u00bb body_font_size_tablet=\u00bb15px\u00bb body_font_size_phone=\u00bb14px\u00bb body_font_size_last_edited=\u00bbon|desktop\u00bb border_radii_image=\u00bbon|6px|6px|6px|6px\u00bb global_colors_info=\u00bb{}\u00bb]<\/p>\n<p data-start=\"1237\" data-end=\"1288\"><strong data-start=\"1237\" data-end=\"1250\">Tel\u00e9fono:<\/strong> <a data-start=\"1251\" data-end=\"1286\" class=\"decorated-link\" rel=\"noopener\">(02625) 427500<span aria-hidden=\"true\" class=\"ms-0.5 inline-block align-middle leading-none\"><\/span><\/a><\/p>\n<p data-start=\"1290\" data-end=\"1396\"><strong data-start=\"1290\" data-end=\"1300\">Email:<\/strong> defconsumidoralvear@mendoza.gov.ar<\/p>\n<p data-start=\"1290\" data-end=\"1396\"><strong data-start=\"1398\" data-end=\"1412\">Direcci\u00f3n:<\/strong> Paso de los Andes 476, General Alvear\u00a0<\/p>\n<p data-start=\"1398\" data-end=\"1541\"><strong data-start=\"1543\" data-end=\"1555\">Horario:<\/strong> Lunes a viernes, 8:00\u201313:00<\/p>\n<p data-start=\"1587\" data-end=\"1619\"><strong data-start=\"1587\" data-end=\"1603\">Responsable:<\/strong> Julieta Ileana Blanco<\/p>\n<p>[\/et_pb_blurb][et_pb_blurb title=\u00bbGODOY CRUZ\u00bb use_icon=\u00bbon\u00bb font_icon=\u00bb&#xf058;||fa||900&#8243; icon_color=\u00bb#07429a\u00bb icon_placement=\u00bbleft\u00bb image_icon_width=\u00bb40px\u00bb content_max_width=\u00bb100%\u00bb _builder_version=\u00bb4.27.4&#8243; _module_preset=\u00bb65059203-12d3-44f6-8371-3f5cf61a0475&#8243; header_font=\u00bbIBM Plex Sans Condensed|IBM Plex Sans Condensed_weight|||||||\u00bb header_text_color=\u00bb#0e0c19&#8243; header_font_size=\u00bb18px\u00bb header_line_height=\u00bb1.4em\u00bb body_font=\u00bbIBM Plex Sans|IBM Plex Sans_weight|||||||\u00bb body_text_color=\u00bb#3c3a47&#8243; body_font_size=\u00bb16px\u00bb body_line_height=\u00bb1.75em\u00bb body_link_text_color=\u00bb#264653&#8243; animation=\u00bboff\u00bb header_font_size_tablet=\u00bb15px\u00bb header_font_size_phone=\u00bb14px\u00bb header_font_size_last_edited=\u00bbon|phone\u00bb body_font_size_tablet=\u00bb15px\u00bb body_font_size_phone=\u00bb14px\u00bb body_font_size_last_edited=\u00bbon|desktop\u00bb border_radii_image=\u00bbon|6px|6px|6px|6px\u00bb global_colors_info=\u00bb{}\u00bb]<\/p>\n<p data-start=\"436\" data-end=\"466\"><strong data-start=\"436\" data-end=\"449\">Tel\u00e9fono:<\/strong> (0261) 4133130<\/p>\n<p data-start=\"468\" data-end=\"494\"><strong data-start=\"468\" data-end=\"481\">WhatsApp:<\/strong> 2613064816<\/p>\n<p data-start=\"496\" data-end=\"549\"><strong data-start=\"496\" data-end=\"506\">Email:<\/strong> <a data-start=\"507\" data-end=\"547\" class=\"decorated-link cursor-pointer\" rel=\"noopener\" data-uw-rm-kbnav=\"anohref\">defensadelconsumidor.godoycruz@gmail.com<\/a><\/p>\n<p data-start=\"496\" data-end=\"549\"><strong data-start=\"551\" data-end=\"565\">Direcci\u00f3n:<\/strong> Perito Moreno y Rivadavia, Edificio Municipal (PB), Godoy Cruz<\/p>\n<p data-start=\"632\" data-end=\"674\"><strong data-start=\"632\" data-end=\"644\">Horario:<\/strong> Lunes a viernes, 9:00\u201314:00<\/p>\n<p data-start=\"676\" data-end=\"707\"><strong data-start=\"676\" data-end=\"692\">Responsable:<\/strong> Paola Arcana<\/p>\n<p data-start=\"709\" data-end=\"1015\"><strong data-start=\"709\" data-end=\"723\">Modalidad:<\/strong> Recepci\u00f3n de denuncias solo en CAU con turno previo.<br data-start=\"776\" data-end=\"779\" \/><strong data-start=\"779\" data-end=\"789\"><\/strong><\/p>\n<p data-start=\"709\" data-end=\"1015\"><strong data-start=\"779\" data-end=\"789\">CAU I:<\/strong> Perito Moreno 72. Tel.: 4133192 \/ 4133199. Atenci\u00f3n: Lunes a viernes, 9:00\u201315:30. Email: <a data-start=\"879\" data-end=\"899\" class=\"decorated-link cursor-pointer\" rel=\"noopener\" data-uw-rm-kbnav=\"anohref\">cau@godoycruz.gob.ar<\/a><\/p>\n<p>[\/et_pb_blurb][et_pb_blurb title=\u00bbGUAYMALL\u00c9N\u00bb use_icon=\u00bbon\u00bb font_icon=\u00bb&#xf058;||fa||900&#8243; icon_color=\u00bb#07429a\u00bb icon_placement=\u00bbleft\u00bb image_icon_width=\u00bb40px\u00bb content_max_width=\u00bb100%\u00bb _builder_version=\u00bb4.27.4&#8243; _module_preset=\u00bb65059203-12d3-44f6-8371-3f5cf61a0475&#8243; header_font=\u00bbIBM Plex Sans Condensed|IBM Plex Sans Condensed_weight|||||||\u00bb header_text_color=\u00bb#0e0c19&#8243; header_font_size=\u00bb18px\u00bb header_line_height=\u00bb1.4em\u00bb body_font=\u00bbIBM Plex Sans|IBM Plex Sans_weight|||||||\u00bb body_text_color=\u00bb#3c3a47&#8243; body_font_size=\u00bb16px\u00bb body_line_height=\u00bb1.75em\u00bb body_link_text_color=\u00bb#264653&#8243; animation=\u00bboff\u00bb header_font_size_tablet=\u00bb15px\u00bb header_font_size_phone=\u00bb14px\u00bb header_font_size_last_edited=\u00bbon|phone\u00bb body_font_size_tablet=\u00bb15px\u00bb body_font_size_phone=\u00bb14px\u00bb body_font_size_last_edited=\u00bbon|desktop\u00bb border_radii_image=\u00bbon|6px|6px|6px|6px\u00bb global_colors_info=\u00bb{}\u00bb]<\/p>\n<p data-start=\"1037\" data-end=\"1084\"><strong data-start=\"1037\" data-end=\"1050\">Tel\u00e9fono:<\/strong> (0261) 4498283 \/ (0261) 4498160<\/p>\n<p data-start=\"1086\" data-end=\"1167\"><strong data-start=\"1086\" data-end=\"1096\">Email:<\/strong> <a data-start=\"1097\" data-end=\"1132\" class=\"decorated-link cursor-pointer\" rel=\"noopener\">defensaconsumidor@guaymallen.gob.ar <\/a>\/ <a href=\"mailto:casosventanillaunica@gmail.com\">casosventanillaunica@gmail.com<\/a><\/p>\n<p data-start=\"1086\" data-end=\"1167\"><strong data-start=\"1169\" data-end=\"1183\">Direcci\u00f3n:<\/strong> Benavente 4153, 1\u00ba piso, Villa Nueva, Guaymall\u00e9n<\/p>\n<p data-start=\"1236\" data-end=\"1278\"><strong data-start=\"1236\" data-end=\"1248\">Horario:<\/strong> Lunes a viernes, 8:00\u201314:00<\/p>\n<p data-start=\"1280\" data-end=\"1315\"><strong data-start=\"1280\" data-end=\"1296\">Responsable:<\/strong> Pablo Montenegro<\/p>\n<p>[\/et_pb_blurb][et_pb_blurb title=\u00bbJUN\u00cdN\u00bb use_icon=\u00bbon\u00bb font_icon=\u00bb&#xf058;||fa||900&#8243; icon_color=\u00bb#07429a\u00bb icon_placement=\u00bbleft\u00bb image_icon_width=\u00bb40px\u00bb content_max_width=\u00bb100%\u00bb _builder_version=\u00bb4.27.4&#8243; _module_preset=\u00bb65059203-12d3-44f6-8371-3f5cf61a0475&#8243; header_font=\u00bbIBM Plex Sans Condensed|IBM Plex Sans Condensed_weight|||||||\u00bb header_text_color=\u00bb#0e0c19&#8243; header_font_size=\u00bb18px\u00bb header_line_height=\u00bb1.4em\u00bb body_font=\u00bbIBM Plex Sans|IBM Plex Sans_weight|||||||\u00bb body_text_color=\u00bb#3c3a47&#8243; body_font_size=\u00bb16px\u00bb body_line_height=\u00bb1.75em\u00bb body_link_text_color=\u00bb#264653&#8243; animation=\u00bboff\u00bb header_font_size_tablet=\u00bb15px\u00bb header_font_size_phone=\u00bb14px\u00bb header_font_size_last_edited=\u00bbon|phone\u00bb body_font_size_tablet=\u00bb15px\u00bb body_font_size_phone=\u00bb14px\u00bb body_font_size_last_edited=\u00bbon|desktop\u00bb border_radii_image=\u00bbon|6px|6px|6px|6px\u00bb global_colors_info=\u00bb{}\u00bb]<\/p>\n<p data-start=\"1352\" data-end=\"1369\"><strong data-start=\"1352\" data-end=\"1365\">Tel\u00e9fono:<\/strong> \u2014<\/p>\n<p data-start=\"1371\" data-end=\"1422\"><strong data-start=\"1371\" data-end=\"1381\">Email:<\/strong> <a data-start=\"1382\" data-end=\"1420\" class=\"decorated-link cursor-pointer\" rel=\"noopener\">defensadelconsumidorjuninmza@gmail.com<\/a><\/p>\n<p data-start=\"1371\" data-end=\"1422\"><strong data-start=\"1424\" data-end=\"1438\">Direcci\u00f3n:<\/strong> Rom\u00e1n Cano 163, Jun\u00edn<\/p>\n<p data-start=\"1464\" data-end=\"1506\"><strong data-start=\"1464\" data-end=\"1476\">Horario:<\/strong> Lunes a viernes, 7:00\u201313:00<\/p>\n<p data-start=\"1508\" data-end=\"1544\"><strong data-start=\"1508\" data-end=\"1524\">Responsable:<\/strong> Fabi\u00e1n Villanueva<\/p>\n<p>[\/et_pb_blurb][et_pb_blurb title=\u00bbLA PAZ\u00bb use_icon=\u00bbon\u00bb font_icon=\u00bb&#xf058;||fa||900&#8243; icon_color=\u00bb#07429a\u00bb icon_placement=\u00bbleft\u00bb image_icon_width=\u00bb40px\u00bb content_max_width=\u00bb100%\u00bb _builder_version=\u00bb4.27.4&#8243; _module_preset=\u00bb65059203-12d3-44f6-8371-3f5cf61a0475&#8243; header_font=\u00bbIBM Plex Sans Condensed|IBM Plex Sans Condensed_weight|||||||\u00bb header_text_color=\u00bb#0e0c19&#8243; header_font_size=\u00bb18px\u00bb header_line_height=\u00bb1.4em\u00bb body_font=\u00bbIBM Plex Sans|IBM Plex Sans_weight|||||||\u00bb body_text_color=\u00bb#3c3a47&#8243; body_font_size=\u00bb16px\u00bb body_line_height=\u00bb1.75em\u00bb body_link_text_color=\u00bb#264653&#8243; animation=\u00bboff\u00bb header_font_size_tablet=\u00bb15px\u00bb header_font_size_phone=\u00bb14px\u00bb header_font_size_last_edited=\u00bbon|phone\u00bb body_font_size_tablet=\u00bb15px\u00bb body_font_size_phone=\u00bb14px\u00bb body_font_size_last_edited=\u00bbon|desktop\u00bb border_radii_image=\u00bbon|6px|6px|6px|6px\u00bb global_colors_info=\u00bb{}\u00bb]<\/p>\n<p data-start=\"1582\" data-end=\"1599\"><strong data-start=\"1582\" data-end=\"1595\">Tel\u00e9fono:<\/strong> \u2014<\/p>\n<p data-start=\"1601\" data-end=\"1688\"><strong data-start=\"1601\" data-end=\"1611\">Email:<\/strong> <a data-start=\"1612\" data-end=\"1648\" class=\"decorated-link cursor-pointer\" rel=\"noopener\">defensaalconsumidor01lapaz@gmail.com <\/a>\/ <a data-start=\"1651\" data-end=\"1686\" class=\"decorated-link cursor-pointer\" rel=\"noopener\">defensaconsumidorlapazmza@gmail.com<\/a><\/p>\n<p data-start=\"1601\" data-end=\"1688\"><strong data-start=\"1690\" data-end=\"1704\">Direcci\u00f3n:<\/strong> Sarmiento y Av. 25 de Mayo, La Paz<\/p>\n<p data-start=\"1743\" data-end=\"1785\"><strong data-start=\"1743\" data-end=\"1755\">Horario:<\/strong> Lunes a viernes, 8:00\u201313:00<\/p>\n<p data-start=\"1787\" data-end=\"1829\"><strong data-start=\"1787\" data-end=\"1803\">Responsable:<\/strong> Nadia Anabela Contreras<\/p>\n<p>[\/et_pb_blurb][\/et_pb_column][et_pb_column type=\u00bb1_3&#8243; _builder_version=\u00bb4.25.1&#8243; _module_preset=\u00bbdefault\u00bb global_colors_info=\u00bb{}\u00bb][et_pb_blurb title=\u00bbLAS HERAS\u00bb use_icon=\u00bbon\u00bb font_icon=\u00bb&#xf058;||fa||900&#8243; icon_color=\u00bb#07429a\u00bb icon_placement=\u00bbleft\u00bb image_icon_width=\u00bb40px\u00bb content_max_width=\u00bb100%\u00bb _builder_version=\u00bb4.27.4&#8243; _module_preset=\u00bb65059203-12d3-44f6-8371-3f5cf61a0475&#8243; header_font=\u00bbIBM Plex Sans Condensed|IBM Plex Sans Condensed_weight|||||||\u00bb header_text_color=\u00bb#0e0c19&#8243; header_font_size=\u00bb18px\u00bb header_line_height=\u00bb1.4em\u00bb body_font=\u00bbIBM Plex Sans|IBM Plex Sans_weight|||||||\u00bb body_text_color=\u00bb#3c3a47&#8243; body_font_size=\u00bb16px\u00bb body_line_height=\u00bb1.75em\u00bb body_link_text_color=\u00bb#264653&#8243; animation=\u00bboff\u00bb header_font_size_tablet=\u00bb15px\u00bb header_font_size_phone=\u00bb14px\u00bb header_font_size_last_edited=\u00bbon|phone\u00bb body_font_size_tablet=\u00bb15px\u00bb body_font_size_phone=\u00bb14px\u00bb body_font_size_last_edited=\u00bbon|desktop\u00bb border_radii_image=\u00bbon|6px|6px|6px|6px\u00bb global_colors_info=\u00bb{}\u00bb]<\/p>\n<p data-start=\"1870\" data-end=\"1887\"><strong data-start=\"1870\" data-end=\"1883\">Tel\u00e9fono:<\/strong> \u2014<\/p>\n<p data-start=\"1889\" data-end=\"1974\"><strong data-start=\"1889\" data-end=\"1899\">Email:<\/strong> <a data-start=\"1900\" data-end=\"1933\" class=\"decorated-link cursor-pointer\" rel=\"noopener\">defensadelconsumidormlh@gmail.com <\/a>\/ <a data-start=\"1936\" data-end=\"1972\" class=\"decorated-link cursor-pointer\" rel=\"noopener\">defensadelconsumidor@lasheras.gob.ar<\/a><\/p>\n<p data-start=\"1889\" data-end=\"1974\"><strong data-start=\"1976\" data-end=\"1990\">Direcci\u00f3n:<\/strong> San Miguel 1434, Las Heras<\/p>\n<p data-start=\"2021\" data-end=\"2063\"><strong data-start=\"2021\" data-end=\"2033\">Horario:<\/strong> Lunes a viernes, 8:00\u201314:00<\/p>\n<p data-start=\"2065\" data-end=\"2099\"><strong data-start=\"2065\" data-end=\"2081\">Responsable:<\/strong> Romina Estrella<\/p>\n<p>[\/et_pb_blurb][et_pb_blurb title=\u00bbLAVALLE\u00bb use_icon=\u00bbon\u00bb font_icon=\u00bb&#xf058;||fa||900&#8243; icon_color=\u00bb#07429a\u00bb icon_placement=\u00bbleft\u00bb image_icon_width=\u00bb40px\u00bb content_max_width=\u00bb100%\u00bb _builder_version=\u00bb4.27.4&#8243; _module_preset=\u00bb65059203-12d3-44f6-8371-3f5cf61a0475&#8243; header_font=\u00bbIBM Plex Sans Condensed|IBM Plex Sans Condensed_weight|||||||\u00bb header_text_color=\u00bb#0e0c19&#8243; header_font_size=\u00bb18px\u00bb header_line_height=\u00bb1.4em\u00bb body_font=\u00bbIBM Plex Sans|IBM Plex Sans_weight|||||||\u00bb body_text_color=\u00bb#3c3a47&#8243; body_font_size=\u00bb16px\u00bb body_line_height=\u00bb1.75em\u00bb body_link_text_color=\u00bb#264653&#8243; animation=\u00bboff\u00bb header_font_size_tablet=\u00bb15px\u00bb header_font_size_phone=\u00bb14px\u00bb header_font_size_last_edited=\u00bbon|phone\u00bb body_font_size_tablet=\u00bb15px\u00bb body_font_size_phone=\u00bb14px\u00bb body_font_size_last_edited=\u00bbon|desktop\u00bb border_radii_image=\u00bbon|6px|6px|6px|6px\u00bb global_colors_info=\u00bb{}\u00bb]<\/p>\n<p data-start=\"2138\" data-end=\"2167\"><strong data-start=\"2138\" data-end=\"2151\">Tel\u00e9fono:<\/strong> (2616) 677963<\/p>\n<p data-start=\"2169\" data-end=\"2225\"><strong data-start=\"2169\" data-end=\"2179\">Email:<\/strong> <a data-start=\"2180\" data-end=\"2223\" class=\"decorated-link cursor-pointer\" rel=\"noopener\" data-uw-rm-kbnav=\"anohref\">usuariosyconsumidores@lavallemendoza.gob.ar<\/a><\/p>\n<p data-start=\"2169\" data-end=\"2225\"><strong data-start=\"2227\" data-end=\"2241\">Direcci\u00f3n:<\/strong> Boulevard Belgrano 68 frente a terminal de Omnibus\u00a0en\u00a0Tulumaya, Lavalle<\/p>\n<p data-start=\"2333\" data-end=\"2375\"><strong data-start=\"2333\" data-end=\"2345\">Horario:<\/strong> Lunes a viernes, 7:30\u201313:30<\/p>\n<p data-start=\"2377\" data-end=\"2414\"><strong data-start=\"2377\" data-end=\"2393\">Responsable:<\/strong> Sebasti\u00e1n Brizuela<\/p>\n<p data-start=\"2416\" data-end=\"2484\"><strong data-start=\"2416\" data-end=\"2430\">Modalidad:<\/strong> Contacto operativo: Sebasti\u00e1n Gigena (2616) 677963.<\/p>\n<p>[\/et_pb_blurb][et_pb_blurb title=\u00bbLUJ\u00c1N DE CUYO\u00bb use_icon=\u00bbon\u00bb font_icon=\u00bb&#xf058;||fa||900&#8243; icon_color=\u00bb#07429a\u00bb icon_placement=\u00bbleft\u00bb image_icon_width=\u00bb40px\u00bb content_max_width=\u00bb100%\u00bb _builder_version=\u00bb4.27.4&#8243; _module_preset=\u00bb65059203-12d3-44f6-8371-3f5cf61a0475&#8243; header_font=\u00bbIBM Plex Sans Condensed|IBM Plex Sans Condensed_weight|||||||\u00bb header_text_color=\u00bb#0e0c19&#8243; header_font_size=\u00bb18px\u00bb header_line_height=\u00bb1.4em\u00bb body_font=\u00bbIBM Plex Sans|IBM Plex Sans_weight|||||||\u00bb body_text_color=\u00bb#3c3a47&#8243; body_font_size=\u00bb16px\u00bb body_line_height=\u00bb1.75em\u00bb body_link_text_color=\u00bb#264653&#8243; animation=\u00bboff\u00bb header_font_size_tablet=\u00bb15px\u00bb header_font_size_phone=\u00bb14px\u00bb header_font_size_last_edited=\u00bbon|phone\u00bb body_font_size_tablet=\u00bb15px\u00bb body_font_size_phone=\u00bb14px\u00bb body_font_size_last_edited=\u00bbon|desktop\u00bb border_radii_image=\u00bbon|6px|6px|6px|6px\u00bb global_colors_info=\u00bb{}\u00bb]<\/p>\n<p data-start=\"2509\" data-end=\"2532\"><strong data-start=\"2509\" data-end=\"2522\">Tel\u00e9fono:<\/strong> 4989943<\/p>\n<p data-start=\"2534\" data-end=\"2589\"><strong data-start=\"2534\" data-end=\"2544\">Email:<\/strong> <a data-start=\"2545\" data-end=\"2587\" class=\"decorated-link cursor-pointer\" rel=\"noopener\">protecciondelconsumidor@lujandecuyo.gob.ar<span aria-hidden=\"true\" class=\"ms-0.5 inline-block align-middle leading-none\"><\/span><\/a><\/p>\n<p data-start=\"2591\" data-end=\"2660\"><strong data-start=\"2591\" data-end=\"2605\">Direcci\u00f3n:<\/strong> Boedo 385, Carrodilla \u2013 Centro C\u00edvico, Luj\u00e1n de Cuyo<\/p>\n<p data-start=\"2662\" data-end=\"2704\"><strong data-start=\"2662\" data-end=\"2674\">Horario:<\/strong> Lunes a viernes, 8:00\u201313:00<\/p>\n<p data-start=\"2706\" data-end=\"2740\"><strong data-start=\"2706\" data-end=\"2722\">Responsable:<\/strong> Julieta Calella<\/p>\n<p>[\/et_pb_blurb][et_pb_blurb title=\u00bbMAIP\u00da\u00bb use_icon=\u00bbon\u00bb font_icon=\u00bb&#xf058;||fa||900&#8243; icon_color=\u00bb#07429a\u00bb icon_placement=\u00bbleft\u00bb image_icon_width=\u00bb40px\u00bb content_max_width=\u00bb100%\u00bb _builder_version=\u00bb4.27.4&#8243; _module_preset=\u00bb65059203-12d3-44f6-8371-3f5cf61a0475&#8243; header_font=\u00bbIBM Plex Sans Condensed|IBM Plex Sans Condensed_weight|||||||\u00bb header_text_color=\u00bb#0e0c19&#8243; header_font_size=\u00bb18px\u00bb header_line_height=\u00bb1.4em\u00bb body_font=\u00bbIBM Plex Sans|IBM Plex Sans_weight|||||||\u00bb body_text_color=\u00bb#3c3a47&#8243; body_font_size=\u00bb16px\u00bb body_line_height=\u00bb1.75em\u00bb body_link_text_color=\u00bb#264653&#8243; animation=\u00bboff\u00bb header_font_size_tablet=\u00bb15px\u00bb header_font_size_phone=\u00bb14px\u00bb header_font_size_last_edited=\u00bbon|phone\u00bb body_font_size_tablet=\u00bb15px\u00bb body_font_size_phone=\u00bb14px\u00bb body_font_size_last_edited=\u00bbon|desktop\u00bb border_radii_image=\u00bbon|6px|6px|6px|6px\u00bb global_colors_info=\u00bb{}\u00bb]<\/p>\n<p data-start=\"2777\" data-end=\"2794\"><strong data-start=\"2777\" data-end=\"2790\">Tel\u00e9fono:<\/strong> \u2014<\/p>\n<p data-start=\"2796\" data-end=\"2839\"><strong data-start=\"2796\" data-end=\"2806\">Email:<\/strong> <a data-start=\"2807\" data-end=\"2837\" class=\"decorated-link cursor-pointer\" rel=\"noopener\">defensaconsumidor@maipu.gob.ar<\/a><\/p>\n<p data-start=\"2796\" data-end=\"2839\"><strong data-start=\"2841\" data-end=\"2855\">Direcci\u00f3n:<\/strong> Bartolom\u00e9 Mitre 189, Ciudad de Maip\u00fa<\/p>\n<p data-start=\"2896\" data-end=\"2938\"><strong data-start=\"2896\" data-end=\"2908\">Horario:<\/strong> Lunes a viernes, 8:00\u201313:00<\/p>\n<p data-start=\"2940\" data-end=\"2960\"><strong data-start=\"2940\" data-end=\"2956\">Responsable:<\/strong> Dr. Marcio Aznar<\/p>\n<p data-start=\"2962\" data-end=\"2980\"><strong data-start=\"2962\" data-end=\"2976\">Modalidad:<\/strong> Solo atenci\u00f3n\u00a0presencial.<\/p>\n<p>[\/et_pb_blurb][et_pb_blurb title=\u00bbMALARG\u00dcE\u00bb use_icon=\u00bbon\u00bb font_icon=\u00bb&#xf058;||fa||900&#8243; icon_color=\u00bb#07429a\u00bb icon_placement=\u00bbleft\u00bb image_icon_width=\u00bb40px\u00bb content_max_width=\u00bb100%\u00bb _builder_version=\u00bb4.27.4&#8243; _module_preset=\u00bb65059203-12d3-44f6-8371-3f5cf61a0475&#8243; header_font=\u00bbIBM Plex Sans Condensed|IBM Plex Sans Condensed_weight|||||||\u00bb header_text_color=\u00bb#0e0c19&#8243; header_font_size=\u00bb18px\u00bb header_line_height=\u00bb1.4em\u00bb body_font=\u00bbIBM Plex Sans|IBM Plex Sans_weight|||||||\u00bb body_text_color=\u00bb#3c3a47&#8243; body_font_size=\u00bb16px\u00bb body_line_height=\u00bb1.75em\u00bb body_link_text_color=\u00bb#264653&#8243; animation=\u00bboff\u00bb header_font_size_tablet=\u00bb15px\u00bb header_font_size_phone=\u00bb14px\u00bb header_font_size_last_edited=\u00bbon|phone\u00bb body_font_size_tablet=\u00bb15px\u00bb body_font_size_phone=\u00bb14px\u00bb body_font_size_last_edited=\u00bbon|desktop\u00bb border_radii_image=\u00bbon|6px|6px|6px|6px\u00bb global_colors_info=\u00bb{}\u00bb]<\/p>\n<p data-start=\"3000\" data-end=\"3040\"><strong data-start=\"3000\" data-end=\"3024\">Tel\u00e9fono (WhatsApp):<\/strong> (2604) 059263<\/p>\n<p data-start=\"3042\" data-end=\"3092\"><strong data-start=\"3042\" data-end=\"3052\">Email:<\/strong> <a data-start=\"3053\" data-end=\"3090\" class=\"decorated-link cursor-pointer\" rel=\"noopener\">defensaalconsumidormalargue@gmail.com<\/a><\/p>\n<p data-start=\"3042\" data-end=\"3092\"><strong data-start=\"3094\" data-end=\"3108\">Direcci\u00f3n:<\/strong> Av. Rufino Ortega 457, Malarg\u00fce<\/p>\n<p data-start=\"3144\" data-end=\"3186\"><strong data-start=\"3144\" data-end=\"3156\">Horario:<\/strong> Lunes a viernes, 8:00\u201313:00<\/p>\n<p data-start=\"3188\" data-end=\"3223\"><strong data-start=\"3188\" data-end=\"3204\">Responsable:<\/strong> Cecilia Aguilera<\/p>\n<p>[\/et_pb_blurb][et_pb_blurb title=\u00bbRIVADAVIA\u00bb use_icon=\u00bbon\u00bb font_icon=\u00bb&#xf058;||fa||900&#8243; icon_color=\u00bb#07429a\u00bb icon_placement=\u00bbleft\u00bb image_icon_width=\u00bb40px\u00bb content_max_width=\u00bb100%\u00bb _builder_version=\u00bb4.27.4&#8243; _module_preset=\u00bb65059203-12d3-44f6-8371-3f5cf61a0475&#8243; header_font=\u00bbIBM Plex Sans Condensed|IBM Plex Sans Condensed_weight|||||||\u00bb header_text_color=\u00bb#0e0c19&#8243; header_font_size=\u00bb18px\u00bb header_line_height=\u00bb1.4em\u00bb body_font=\u00bbIBM Plex Sans|IBM Plex Sans_weight|||||||\u00bb body_text_color=\u00bb#3c3a47&#8243; body_font_size=\u00bb16px\u00bb body_line_height=\u00bb1.75em\u00bb body_link_text_color=\u00bb#264653&#8243; animation=\u00bboff\u00bb header_font_size_tablet=\u00bb15px\u00bb header_font_size_phone=\u00bb14px\u00bb header_font_size_last_edited=\u00bbon|phone\u00bb body_font_size_tablet=\u00bb15px\u00bb body_font_size_phone=\u00bb14px\u00bb body_font_size_last_edited=\u00bbon|desktop\u00bb border_radii_image=\u00bbon|6px|6px|6px|6px\u00bb global_colors_info=\u00bb{}\u00bb]<\/p>\n<p data-start=\"3264\" data-end=\"3320\"><strong data-start=\"3264\" data-end=\"3277\">Tel\u00e9fono:<\/strong> (0263) 4442070 int. 228<\/p>\n<p data-start=\"3322\" data-end=\"3368\"><strong data-start=\"3322\" data-end=\"3332\">Email:<\/strong> <a data-start=\"3333\" data-end=\"3366\" class=\"decorated-link cursor-pointer\" rel=\"noopener\">defconsumidor.rivadavia@gmail.com<\/a><\/p>\n<p data-start=\"3322\" data-end=\"3368\"><strong data-start=\"3370\" data-end=\"3384\">Direcci\u00f3n:<\/strong> Arist\u00f3bulo del Valle (junto al Juzgado de Paz), Rivadavia<\/p>\n<p data-start=\"3446\" data-end=\"3488\"><strong data-start=\"3446\" data-end=\"3458\">Horario:<\/strong> Lunes a viernes, 7:00\u201313:00<\/p>\n<p data-start=\"3490\" data-end=\"3523\"><strong data-start=\"3490\" data-end=\"3506\">Responsable:<\/strong> Ver\u00f3nica Ponce<\/p>\n<p>[\/et_pb_blurb][et_pb_blurb title=\u00bbSAN CARLOS\u00bb use_icon=\u00bbon\u00bb font_icon=\u00bb&#xf058;||fa||900&#8243; icon_color=\u00bb#07429a\u00bb icon_placement=\u00bbleft\u00bb image_icon_width=\u00bb40px\u00bb content_max_width=\u00bb100%\u00bb _builder_version=\u00bb4.27.4&#8243; _module_preset=\u00bb65059203-12d3-44f6-8371-3f5cf61a0475&#8243; header_font=\u00bbIBM Plex Sans Condensed|IBM Plex Sans Condensed_weight|||||||\u00bb header_text_color=\u00bb#0e0c19&#8243; header_font_size=\u00bb18px\u00bb header_line_height=\u00bb1.4em\u00bb body_font=\u00bbIBM Plex Sans|IBM Plex Sans_weight|||||||\u00bb body_text_color=\u00bb#3c3a47&#8243; body_font_size=\u00bb16px\u00bb body_line_height=\u00bb1.75em\u00bb body_link_text_color=\u00bb#264653&#8243; animation=\u00bboff\u00bb header_font_size_tablet=\u00bb15px\u00bb header_font_size_phone=\u00bb14px\u00bb header_font_size_last_edited=\u00bbon|phone\u00bb body_font_size_tablet=\u00bb15px\u00bb body_font_size_phone=\u00bb14px\u00bb body_font_size_last_edited=\u00bbon|desktop\u00bb border_radii_image=\u00bbon|6px|6px|6px|6px\u00bb global_colors_info=\u00bb{}\u00bb]<\/p>\n<p data-start=\"3565\" data-end=\"3594\"><strong data-start=\"3565\" data-end=\"3578\">Tel\u00e9fono:<\/strong> (2622) 468722<\/p>\n<p data-start=\"3596\" data-end=\"3687\"><strong data-start=\"3596\" data-end=\"3606\">Email:<\/strong> <a data-start=\"3649\" data-end=\"3685\" class=\"decorated-link cursor-pointer\" rel=\"noopener\">defensaalconsumidor@sancarlos.gob.ar \/\u00a0<\/a>sancarlosdefensadelconsumidor@yahoo.com<\/p>\n<p data-start=\"3596\" data-end=\"3687\"><strong data-start=\"3689\" data-end=\"3703\">Direcci\u00f3n:<\/strong> Lencinas y El Fuerte, Edificio Municipal, San Carlos<\/p>\n<p data-start=\"3760\" data-end=\"3802\"><strong data-start=\"3760\" data-end=\"3772\">Horario:<\/strong> Lunes a viernes, 8:00\u201313:00<\/p>\n<p data-start=\"3804\" data-end=\"3840\"><strong data-start=\"3804\" data-end=\"3820\">Responsable:<\/strong> Jorgelina Mariano<\/p>\n<p data-start=\"3842\" data-end=\"3907\"><strong data-start=\"3842\" data-end=\"3856\">Modalidad:<\/strong> De 12:00 a 13:00 la atenci\u00f3n es solo telef\u00f3nica.<\/p>\n<p>[\/et_pb_blurb][\/et_pb_column][et_pb_column type=\u00bb1_3&#8243; _builder_version=\u00bb4.25.1&#8243; _module_preset=\u00bbdefault\u00bb global_colors_info=\u00bb{}\u00bb][et_pb_blurb title=\u00bbSAN MART\u00cdN\u00bb use_icon=\u00bbon\u00bb font_icon=\u00bb&#xf058;||fa||900&#8243; icon_color=\u00bb#07429a\u00bb icon_placement=\u00bbleft\u00bb image_icon_width=\u00bb40px\u00bb content_max_width=\u00bb100%\u00bb _builder_version=\u00bb4.27.4&#8243; _module_preset=\u00bb65059203-12d3-44f6-8371-3f5cf61a0475&#8243; header_font=\u00bbIBM Plex Sans Condensed|IBM Plex Sans Condensed_weight|||||||\u00bb header_text_color=\u00bb#0e0c19&#8243; header_font_size=\u00bb18px\u00bb header_line_height=\u00bb1.4em\u00bb body_font=\u00bbIBM Plex Sans|IBM Plex Sans_weight|||||||\u00bb body_text_color=\u00bb#3c3a47&#8243; body_font_size=\u00bb16px\u00bb body_line_height=\u00bb1.75em\u00bb body_link_text_color=\u00bb#264653&#8243; animation=\u00bboff\u00bb header_font_size_tablet=\u00bb15px\u00bb header_font_size_phone=\u00bb14px\u00bb header_font_size_last_edited=\u00bbon|phone\u00bb body_font_size_tablet=\u00bb15px\u00bb body_font_size_phone=\u00bb14px\u00bb body_font_size_last_edited=\u00bbon|desktop\u00bb border_radii_image=\u00bbon|6px|6px|6px|6px\u00bb global_colors_info=\u00bb{}\u00bb]<\/p>\n<p data-start=\"3929\" data-end=\"3968\"><strong data-start=\"3929\" data-end=\"3942\">Tel\u00e9fono:<\/strong> (0263) 4420074 int. 197<\/p>\n<p data-start=\"3970\" data-end=\"3996\"><strong data-start=\"3970\" data-end=\"3983\">WhatsApp:<\/strong> 2634476482<\/p>\n<p data-start=\"3998\" data-end=\"4042\"><strong data-start=\"3998\" data-end=\"4008\">Email:<\/strong> <a data-start=\"4009\" data-end=\"4040\" class=\"decorated-link cursor-pointer\" rel=\"noopener\">defensaconsumidorsm21@gmail.com<\/a><\/p>\n<p data-start=\"3998\" data-end=\"4042\"><strong data-start=\"4044\" data-end=\"4058\">Direcci\u00f3n:<\/strong> Espa\u00f1a 29, 3\u00b0 piso, San Mart\u00edn<\/p>\n<p data-start=\"4134\" data-end=\"4176\"><strong data-start=\"4134\" data-end=\"4146\">Horario:<\/strong> Lunes a viernes, 8:00\u201313:00<\/p>\n<p data-start=\"4178\" data-end=\"4218\"><strong data-start=\"4178\" data-end=\"4194\">Responsable:<\/strong> Armando Eduardo Rosas<\/p>\n<p>[\/et_pb_blurb][et_pb_blurb title=\u00bbSAN MART\u00cdN (PALMIRA)\u00bb use_icon=\u00bbon\u00bb font_icon=\u00bb&#xf058;||fa||900&#8243; icon_color=\u00bb#07429a\u00bb icon_placement=\u00bbleft\u00bb image_icon_width=\u00bb40px\u00bb content_max_width=\u00bb100%\u00bb _builder_version=\u00bb4.27.4&#8243; _module_preset=\u00bb65059203-12d3-44f6-8371-3f5cf61a0475&#8243; header_font=\u00bbIBM Plex Sans Condensed|IBM Plex Sans Condensed_weight|||||||\u00bb header_text_color=\u00bb#0e0c19&#8243; header_font_size=\u00bb18px\u00bb header_line_height=\u00bb1.4em\u00bb body_font=\u00bbIBM Plex Sans|IBM Plex Sans_weight|||||||\u00bb body_text_color=\u00bb#3c3a47&#8243; body_font_size=\u00bb16px\u00bb body_line_height=\u00bb1.75em\u00bb body_link_text_color=\u00bb#264653&#8243; animation=\u00bboff\u00bb header_font_size_tablet=\u00bb15px\u00bb header_font_size_phone=\u00bb14px\u00bb header_font_size_last_edited=\u00bbon|phone\u00bb body_font_size_tablet=\u00bb15px\u00bb body_font_size_phone=\u00bb14px\u00bb body_font_size_last_edited=\u00bbon|desktop\u00bb border_radii_image=\u00bbon|6px|6px|6px|6px\u00bb global_colors_info=\u00bb{}\u00bb]<\/p>\n<p data-start=\"4270\" data-end=\"4296\"><strong data-start=\"4270\" data-end=\"4283\">Tel\u00e9fono:<\/strong> 2634259742<\/p>\n<p data-start=\"4298\" data-end=\"4342\"><strong data-start=\"4298\" data-end=\"4308\">Email:<\/strong> <a data-start=\"4309\" data-end=\"4340\" class=\"decorated-link cursor-pointer\" rel=\"noopener\">defensaconsumidorsm21@gmail.com<\/a><\/p>\n<p data-start=\"4298\" data-end=\"4342\"><strong data-start=\"4344\" data-end=\"4358\">Direcci\u00f3n:<\/strong> CIC 910, Carril San Pedro y calle Stuart s\/n \u2013 Subsecretar\u00eda Delegaci\u00f3n Municipal Palmira, San Mart\u00edn<\/p>\n<p data-start=\"4464\" data-end=\"4506\"><strong data-start=\"4464\" data-end=\"4476\">Horario:<\/strong> Lunes a viernes, 8:00\u201313:00<\/p>\n<p data-start=\"4508\" data-end=\"4548\"><strong data-start=\"4508\" data-end=\"4524\">Responsable:<\/strong> Armando Eduardo Rosas<\/p>\n<p>[\/et_pb_blurb][et_pb_blurb title=\u00bbSAN RAFAEL\u00bb use_icon=\u00bbon\u00bb font_icon=\u00bb&#xf058;||fa||900&#8243; icon_color=\u00bb#07429a\u00bb icon_placement=\u00bbleft\u00bb image_icon_width=\u00bb40px\u00bb content_max_width=\u00bb100%\u00bb _builder_version=\u00bb4.27.4&#8243; _module_preset=\u00bb65059203-12d3-44f6-8371-3f5cf61a0475&#8243; header_font=\u00bbIBM Plex Sans Condensed|IBM Plex Sans Condensed_weight|||||||\u00bb header_text_color=\u00bb#0e0c19&#8243; header_font_size=\u00bb18px\u00bb header_line_height=\u00bb1.4em\u00bb body_font=\u00bbIBM Plex Sans|IBM Plex Sans_weight|||||||\u00bb body_text_color=\u00bb#3c3a47&#8243; body_font_size=\u00bb16px\u00bb body_line_height=\u00bb1.75em\u00bb body_link_text_color=\u00bb#264653&#8243; animation=\u00bboff\u00bb header_font_size_tablet=\u00bb15px\u00bb header_font_size_phone=\u00bb14px\u00bb header_font_size_last_edited=\u00bbon|phone\u00bb body_font_size_tablet=\u00bb15px\u00bb body_font_size_phone=\u00bb14px\u00bb body_font_size_last_edited=\u00bbon|desktop\u00bb border_radii_image=\u00bbon|6px|6px|6px|6px\u00bb global_colors_info=\u00bb{}\u00bb]<\/p>\n<p data-start=\"4835\" data-end=\"4884\"><span style=\"text-decoration: underline\"><strong>Oficina Municipal<\/strong><\/span><\/p>\n<p data-start=\"4835\" data-end=\"4884\"><strong data-start=\"4609\" data-end=\"4619\">Email:<\/strong> <a href=\"mailto:defconsumidor@sanrafael.gov.ar\">defconsumidor@sanrafael.gov.ar<\/a><\/p>\n<p data-start=\"4835\" data-end=\"4884\"><strong>instagram: <\/strong>@defensadelconsumidor.sr<\/p>\n<p data-start=\"4835\" data-end=\"4884\"><strong>Direccion<\/strong>: Ortiz de Rosas 477 &#8211; Oficina 1 (Ex Bodega Bianchi)\u00a0<\/p>\n<p data-start=\"4835\" data-end=\"4884\"><strong data-start=\"4735\" data-end=\"4747\">Horario:<\/strong> Lunes a viernes, 7:30\u201312:30<\/p>\n<p data-start=\"4835\" data-end=\"4884\"><strong data-start=\"4779\" data-end=\"4795\">Responsable:<\/strong> Mauro Fernandez<\/p>\n<p data-start=\"4835\" data-end=\"4884\"><strong data-start=\"4835\" data-end=\"4843\">Web:<\/strong> <a href=\"https:\/\/www.sanrafael.gov.ar\/defensa-al-consumidor\/\">https:\/\/www.sanrafael.gov.ar\/defensa-al-consumidor\/<\/a><\/p>\n<p data-start=\"4835\" data-end=\"4884\">\n<p data-start=\"4835\" data-end=\"4884\">\n<p>[\/et_pb_blurb][et_pb_blurb title=\u00bbSANTA ROSA\u00bb use_icon=\u00bbon\u00bb font_icon=\u00bb&#xf058;||fa||900&#8243; icon_color=\u00bb#07429a\u00bb icon_placement=\u00bbleft\u00bb image_icon_width=\u00bb40px\u00bb content_max_width=\u00bb100%\u00bb _builder_version=\u00bb4.27.4&#8243; _module_preset=\u00bb65059203-12d3-44f6-8371-3f5cf61a0475&#8243; header_font=\u00bbIBM Plex Sans Condensed|IBM Plex Sans Condensed_weight|||||||\u00bb header_text_color=\u00bb#0e0c19&#8243; header_font_size=\u00bb18px\u00bb header_line_height=\u00bb1.4em\u00bb body_font=\u00bbIBM Plex Sans|IBM Plex Sans_weight|||||||\u00bb body_text_color=\u00bb#3c3a47&#8243; body_font_size=\u00bb16px\u00bb body_line_height=\u00bb1.75em\u00bb body_link_text_color=\u00bb#264653&#8243; animation=\u00bboff\u00bb header_font_size_tablet=\u00bb15px\u00bb header_font_size_phone=\u00bb14px\u00bb header_font_size_last_edited=\u00bbon|phone\u00bb body_font_size_tablet=\u00bb15px\u00bb body_font_size_phone=\u00bb14px\u00bb body_font_size_last_edited=\u00bbon|desktop\u00bb border_radii_image=\u00bbon|6px|6px|6px|6px\u00bb global_colors_info=\u00bb{}\u00bb]<\/p>\n<p data-start=\"4906\" data-end=\"4935\"><strong data-start=\"4906\" data-end=\"4919\">Tel\u00e9fono:<\/strong> 2634279757<\/p>\n<p data-start=\"4965\" data-end=\"5022\"><strong data-start=\"4965\" data-end=\"4975\">Email:<\/strong> d.d.c.santarosamendoza@gmail.com<\/p>\n<p data-start=\"4965\" data-end=\"5022\"><strong data-start=\"5024\" data-end=\"5038\">Direcci\u00f3n:<\/strong> Julio A. Roca 281, Villa Cabecera, Santa Rosa<\/p>\n<p data-start=\"5088\" data-end=\"5130\"><strong data-start=\"5088\" data-end=\"5100\">Horario:<\/strong> Lunes a viernes, 8:00\u201313:00<\/p>\n<p data-start=\"5132\" data-end=\"5162\"><strong data-start=\"5132\" data-end=\"5148\">Responsable:<\/strong> Gast\u00f3n Arce<\/p>\n<p>[\/et_pb_blurb][et_pb_blurb title=\u00bbTUNUY\u00c1N\u00bb use_icon=\u00bbon\u00bb font_icon=\u00bb&#xf058;||fa||900&#8243; icon_color=\u00bb#07429a\u00bb icon_placement=\u00bbleft\u00bb image_icon_width=\u00bb40px\u00bb content_max_width=\u00bb100%\u00bb _builder_version=\u00bb4.27.4&#8243; _module_preset=\u00bb65059203-12d3-44f6-8371-3f5cf61a0475&#8243; header_font=\u00bbIBM Plex Sans Condensed|IBM Plex Sans Condensed_weight|||||||\u00bb header_text_color=\u00bb#0e0c19&#8243; header_font_size=\u00bb18px\u00bb header_line_height=\u00bb1.4em\u00bb body_font=\u00bbIBM Plex Sans|IBM Plex Sans_weight|||||||\u00bb body_text_color=\u00bb#3c3a47&#8243; body_font_size=\u00bb16px\u00bb body_line_height=\u00bb1.75em\u00bb body_link_text_color=\u00bb#264653&#8243; animation=\u00bboff\u00bb header_font_size_tablet=\u00bb15px\u00bb header_font_size_phone=\u00bb14px\u00bb header_font_size_last_edited=\u00bbon|phone\u00bb body_font_size_tablet=\u00bb15px\u00bb body_font_size_phone=\u00bb14px\u00bb body_font_size_last_edited=\u00bbon|desktop\u00bb border_radii_image=\u00bbon|6px|6px|6px|6px\u00bb global_colors_info=\u00bb{}\u00bb]<\/p>\n<p data-start=\"5640\" data-end=\"5679\"><strong data-start=\"5640\" data-end=\"5653\">Tel\u00e9fono:<\/strong> 2622585220<\/p>\n<p data-start=\"5681\" data-end=\"5736\"><strong data-start=\"5681\" data-end=\"5691\">Email:<\/strong> defensadelconsumidortunuyan@hotmail.com.ar<\/p>\n<p data-start=\"5681\" data-end=\"5736\"><strong data-start=\"5738\" data-end=\"5752\">Direcci\u00f3n:<\/strong> Alem 785 (frente al HCD), Ciudad de Tunuy\u00e1n (CP 5560)<\/p>\n<p data-start=\"5810\" data-end=\"5852\"><strong data-start=\"5810\" data-end=\"5822\">Horario:<\/strong> Lunes a viernes\u00a0de\u00a07.30\u00a0a\u00a013\u00a0hs<\/p>\n<p data-start=\"5854\" data-end=\"5889\"><strong data-start=\"5854\" data-end=\"5870\">Responsable:<\/strong> Juan Pablo Calder\u00f3n<\/p>\n<p>[\/et_pb_blurb][et_pb_blurb title=\u00bbTUPUNGATO\u00bb use_icon=\u00bbon\u00bb font_icon=\u00bb&#xf058;||fa||900&#8243; icon_color=\u00bb#07429a\u00bb icon_placement=\u00bbleft\u00bb image_icon_width=\u00bb40px\u00bb content_max_width=\u00bb100%\u00bb _builder_version=\u00bb4.27.4&#8243; _module_preset=\u00bb65059203-12d3-44f6-8371-3f5cf61a0475&#8243; header_font=\u00bbIBM Plex Sans Condensed|IBM Plex Sans Condensed_weight|||||||\u00bb header_text_color=\u00bb#0e0c19&#8243; header_font_size=\u00bb18px\u00bb header_line_height=\u00bb1.4em\u00bb body_font=\u00bbIBM Plex Sans|IBM Plex Sans_weight|||||||\u00bb body_text_color=\u00bb#3c3a47&#8243; body_font_size=\u00bb16px\u00bb body_line_height=\u00bb1.75em\u00bb body_link_text_color=\u00bb#264653&#8243; animation=\u00bboff\u00bb header_font_size_tablet=\u00bb15px\u00bb header_font_size_phone=\u00bb14px\u00bb header_font_size_last_edited=\u00bbon|phone\u00bb body_font_size_tablet=\u00bb15px\u00bb body_font_size_phone=\u00bb14px\u00bb body_font_size_last_edited=\u00bbon|desktop\u00bb border_radii_image=\u00bbon|6px|6px|6px|6px\u00bb global_colors_info=\u00bb{}\u00bb]<\/p>\n<p data-start=\"5930\" data-end=\"5956\"><strong data-start=\"5930\" data-end=\"5943\">Tel\u00e9fono:<\/strong> 2622522017<\/p>\n<p data-start=\"5958\" data-end=\"6008\"><strong data-start=\"5958\" data-end=\"5968\">Email:<\/strong> <a data-start=\"5969\" data-end=\"6006\" class=\"decorated-link cursor-pointer\" rel=\"noopener\">defensadelconsumidor@tupungato.gov.ar<\/a><\/p>\n<p data-start=\"5958\" data-end=\"6008\"><strong data-start=\"6010\" data-end=\"6024\">Direcci\u00f3n:<\/strong> Beltr\u00e1n 43, Tupungato<\/p>\n<p data-start=\"6050\" data-end=\"6092\"><strong data-start=\"6050\" data-end=\"6062\">Horario:<\/strong> Lunes a viernes, 7:00\u201316:00<\/p>\n<p data-start=\"6094\" data-end=\"6126\"><strong data-start=\"6094\" data-end=\"6110\">Responsable:<\/strong> Mariela Bueno<\/p>\n<p>[\/et_pb_blurb][\/et_pb_column][\/et_pb_row][\/et_pb_section]<\/p>\n","protected":false},"excerpt":{"rendered":"<p>Acced\u00e9 a direcciones, horarios y contactos de las sedes de defensa del consumidor en la provincia de Mendoza.Descubre la sede m\u00e1s pr\u00f3xima y sus detalles de contacto. Para consultas generales, comun\u00edcate al 148 (Opci\u00f3n 20) o env\u00eda un correo al email oficial mesaentradasddc@mendoza.gov.arEncuentra r\u00e1pidamente la informaci\u00f3n que necesitas para resolver tus consultas de consumo. Nuestro [&hellip;]<\/p>\n","protected":false},"author":71,"featured_media":0,"parent":2451,"menu_order":0,"comment_status":"closed","ping_status":"closed","template":"","meta":{"_et_pb_use_builder":"on","_et_pb_old_content":"","_et_gb_content_width":"","footnotes":""},"class_list":["post-6289","page","type-page","status-publish","hentry"],"_links":{"self":[{"href":"https:\/\/informacionoficial.mendoza.gob.ar\/gobiernoinfraestructura\/wp-json\/wp\/v2\/pages\/6289","targetHints":{"allow":["GET"]}}],"collection":[{"href":"https:\/\/informacionoficial.mendoza.gob.ar\/gobiernoinfraestructura\/wp-json\/wp\/v2\/pages"}],"about":[{"href":"https:\/\/informacionoficial.mendoza.gob.ar\/gobiernoinfraestructura\/wp-json\/wp\/v2\/types\/page"}],"author":[{"embeddable":true,"href":"https:\/\/informacionoficial.mendoza.gob.ar\/gobiernoinfraestructura\/wp-json\/wp\/v2\/users\/71"}],"replies":[{"embeddable":true,"href":"https:\/\/informacionoficial.mendoza.gob.ar\/gobiernoinfraestructura\/wp-json\/wp\/v2\/comments?post=6289"}],"version-history":[{"count":34,"href":"https:\/\/informacionoficial.mendoza.gob.ar\/gobiernoinfraestructura\/wp-json\/wp\/v2\/pages\/6289\/revisions"}],"predecessor-version":[{"id":7919,"href":"https:\/\/informacionoficial.mendoza.gob.ar\/gobiernoinfraestructura\/wp-json\/wp\/v2\/pages\/6289\/revisions\/7919"}],"up":[{"embeddable":true,"href":"https:\/\/informacionoficial.mendoza.gob.ar\/gobiernoinfraestructura\/wp-json\/wp\/v2\/pages\/2451"}],"wp:attachment":[{"href":"https:\/\/informacionoficial.mendoza.gob.ar\/gobiernoinfraestructura\/wp-json\/wp\/v2\/media?parent=6289"}],"curies":[{"name":"wp","href":"https:\/\/api.w.org\/{rel}","templated":true}]}}