{"id":1112,"date":"2025-08-06T06:01:08","date_gmt":"2025-08-06T04:01:08","guid":{"rendered":"https:\/\/informacionoficial.mendoza.gob.ar\/produccion\/?page_id=1112"},"modified":"2026-04-16T09:28:39","modified_gmt":"2026-04-16T12:28:39","slug":"enlazados","status":"publish","type":"page","link":"https:\/\/informacionoficial.mendoza.gob.ar\/produccion\/enlazados\/","title":{"rendered":"Enlazados"},"content":{"rendered":"<p>[et_pb_section fb_built=\u00bb1&#8243; _builder_version=\u00bb4.27.4&#8243; _module_preset=\u00bbdefault\u00bb global_colors_info=\u00bb{}\u00bb][et_pb_row column_structure=\u00bb2_5,3_5&#8243; _builder_version=\u00bb4.27.4&#8243; _module_preset=\u00bbdefault\u00bb global_colors_info=\u00bb{}\u00bb][et_pb_column type=\u00bb2_5&#8243; _builder_version=\u00bb4.27.4&#8243; _module_preset=\u00bbdefault\u00bb global_colors_info=\u00bb{}\u00bb][et_pb_image src=\u00bbhttps:\/\/mza-dicaws-portal-uploads-media-prod.s3.us-east-1.amazonaws.com\/informacion-oficial\/uploads\/sites\/17\/2025\/08\/ENLAZADOS-700&#215;291-1.png\u00bb title_text=\u00bbENLAZADOS-700&#215;291&#8243; _builder_version=\u00bb4.27.4&#8243; _module_preset=\u00bbdefault\u00bb global_colors_info=\u00bb{}\u00bb][\/et_pb_image][\/et_pb_column][et_pb_column type=\u00bb3_5&#8243; _builder_version=\u00bb4.27.4&#8243; _module_preset=\u00bbdefault\u00bb global_colors_info=\u00bb{}\u00bb][et_pb_text _builder_version=\u00bb4.27.4&#8243; _module_preset=\u00bbdefault\u00bb global_colors_info=\u00bb{}\u00bb]<\/p>\n<p><strong>\u00bfQu\u00e9 es Enlazados?<\/strong><\/p>\n<p>El Programa Enlazados es una iniciativa del Gobierno de Mendoza para mejorar las condiciones de empleabilidad de las personas en la provincia. Mediante la articulaci\u00f3n con el sector empresarial, busca ampliar y mejorar las posibilidades de inserci\u00f3n laboral genuina, incorporando nuevas personas trabajadoras al ecosistema econ\u00f3mico provincial.<\/p>\n<p><strong>\u00bfA Qui\u00e9n se Dirige Enlazados?<\/strong><\/p>\n<p>El programa est\u00e1 dise\u00f1ado para beneficiar a dos grupos principales:<\/p>\n<ul>\n<li><strong>Personas en b\u00fasqueda de oportunidades laborales:<\/strong> Ofreciendo un incentivo econ\u00f3mico directo y facilitando la conexi\u00f3n con empresas.<\/li>\n<li><strong>Empresas, pymes y entidades empleadoras de Mendoza:<\/strong> Brindando apoyo econ\u00f3mico para la contrataci\u00f3n de nuevo personal y un reconocimiento por su compromiso con el empleo.<\/li>\n<\/ul>\n<ul><\/ul>\n<p>[\/et_pb_text][\/et_pb_column][\/et_pb_row][et_pb_row _builder_version=\u00bb4.27.4&#8243; _module_preset=\u00bbdefault\u00bb global_colors_info=\u00bb{}\u00bb][et_pb_column type=\u00bb4_4&#8243; _builder_version=\u00bb4.27.4&#8243; _module_preset=\u00bbdefault\u00bb global_colors_info=\u00bb{}\u00bb][et_pb_tabs active_tab_background_color=\u00bb#0C71C3&#8243; active_tab_text_color=\u00bb#FFFFFF\u00bb _builder_version=\u00bb4.27.4&#8243; _module_preset=\u00bbdefault\u00bb background_enable_image=\u00bboff\u00bb filter_contrast=\u00bb116%\u00bb border_radii=\u00bbon|15px|15px|15px|15px\u00bb box_shadow_style=\u00bbpreset3&#8243; box_shadow_spread=\u00bb-13px\u00bb box_shadow_color=\u00bbrgba(0,0,0,0.29)\u00bb global_colors_info=\u00bb{}\u00bb][et_pb_tab title=\u00bbPersonas en B\u00fasqueda de Empleo\u00bb _builder_version=\u00bb4.27.4&#8243; _module_preset=\u00bbdefault\u00bb global_colors_info=\u00bb{}\u00bb]<\/p>\n<ul>\n<li><strong>Beneficio Principal:<\/strong>\n<ul>\n<li>El Gobierno de Mendoza, a trav\u00e9s del Ministerio de Producci\u00f3n, aportar\u00e1 un monto mensual equivalente al cien por ciento (100%) del Salario M\u00ednimo Vital y M\u00f3vil (SMVM) por cada persona trabajadora incorporada a jornada completa con contrato por tiempo indeterminado.<\/li>\n<li>Para contrataciones a media jornada, el aporte ser\u00e1 del cincuenta por ciento (50%) del SMVM.<\/li>\n<li>La transferencia de fondos se realiza de forma directa a la persona empleada, a mes vencido, mediante dep\u00f3sito bancario.<\/li>\n<\/ul>\n<\/li>\n<li><strong>Duraci\u00f3n del Beneficio:<\/strong>\n<ul>\n<li>Hasta cuatro (4) meses consecutivos mientras se mantenga la relaci\u00f3n laboral regular.<\/li>\n<li>Se extiende a seis (6) meses consecutivos si la contrataci\u00f3n es consecutiva a la finalizaci\u00f3n de un entrenamiento en el Programa ENLACE.<\/li>\n<\/ul>\n<\/li>\n<li><strong>Requisitos para Participar:<\/strong>\n<ul>\n<li>Edad: Entre 18 y 60 a\u00f1os (mujeres) o entre 18 y 65 a\u00f1os (varones). Acreditable con DNI, pasaporte u otra documentaci\u00f3n oficial.<\/li>\n<li>Residencia: En Mendoza. Acreditable con DNI, pasaporte o certificado de residencia.<\/li>\n<li>Personas con discapacidad: Contar con Certificado \u00danico de Discapacidad (CUD) vigente.<\/li>\n<li>No figurar en el registro de Deudores Alimentarios (se verifica con Certificaci\u00f3n Negativa de ANSES).<\/li>\n<li>Estar registrada en la Red Provincial de Empleo. (Si no lo est\u00e1s, puedes registrarte en la <span><a href=\"https:\/\/redprovincialdeempleo.mendoza.gov.ar\/\">Red Provincial de Empleo<\/a><\/span> ).<\/li>\n<\/ul>\n<\/li>\n<\/ul>\n<p>[\/et_pb_tab][et_pb_tab title=\u00bbEmpresas, Pymes y Entidades Empleadoras\u00bb _builder_version=\u00bb4.27.4&#8243; _module_preset=\u00bbdefault\u00bb global_colors_info=\u00bb{}\u00bb]<\/p>\n<p>&nbsp;<\/p>\n<ul>\n<li><strong>Apoyo Econ\u00f3mico por Contrataci\u00f3n:<\/strong>\n<ul>\n<li>El Gobierno aporta el 100% del SMVM para contratos a jornada completa por tiempo indeterminado, o el 50% del SMVM para media jornada.<\/li>\n<li>La entidad empleadora cubre el monto restante para alcanzar el salario de convenio.<\/li>\n<li>El aporte estatal se actualiza seg\u00fan las modificaciones del SMVM nacional.<\/li>\n<\/ul>\n<\/li>\n<li><strong>Reconocimiento Adicional al Sector Privado:<\/strong>\n<ul>\n<li>Al finalizar la participaci\u00f3n del trabajador o trabajadora en el programa, si contin\u00faa la relaci\u00f3n laboral, la Provincia otorga un aporte econ\u00f3mico por \u00fanica vez a la empresa:\n<ul>\n<li>Un (1) SMVM por cada persona que contin\u00fae a jornada completa.<\/li>\n<li>Cincuenta por ciento (50%) del SMVM por cada persona que contin\u00fae a media jornada.<\/li>\n<\/ul>\n<\/li>\n<li>Este beneficio se actualiza seg\u00fan el valor del SMVM vigente al momento del pago.<\/li>\n<\/ul>\n<\/li>\n<li><strong>Requisitos para el Sector Privado:<\/strong>\n<ul>\n<li>No figurar en el Registro P\u00fablico de Empleadores con Sanciones Laborales (REPSAL).<\/li>\n<li>Poseer habilitaci\u00f3n municipal pertinente (o constancia de excepci\u00f3n).<\/li>\n<li>Cumplir con la tributaci\u00f3n fiscal provincial y municipal.<\/li>\n<li>Domicilio de actividades en Mendoza.<\/li>\n<li>Constituci\u00f3n jur\u00eddica: Sociedad An\u00f3nima, S.A.S., S.R.L., otras con\/sin fines de lucro, Responsables Inscriptos, Cooperativas.<\/li>\n<li>Monotributistas: Categor\u00eda B o superiores.<\/li>\n<\/ul>\n<\/li>\n<li><strong>Requisitos para Entidades sin Fines de Lucro:<\/strong>\n<ul>\n<li>Antig\u00fcedad certificada m\u00ednima de dos (2) a\u00f1os.<\/li>\n<li>Certificado de vigencia de la Direcci\u00f3n de Personer\u00eda Jur\u00eddica de Mendoza.<\/li>\n<li>Copia certificada del Elemento Constitutivo y sus modificatorias.<\/li>\n<li>Declaraci\u00f3n Jurada de Seguridad Social (Formulario N\u00b0 931 AFIP) actualizada, con al menos dos (2) personas trabajadoras registradas.<\/li>\n<\/ul>\n<\/li>\n<li><strong>Tipos de Empresas que pueden Participar:<\/strong>\n<ul>\n<li>Micro, peque\u00f1as, medianas o grandes empresas (S.A, S.R.L, S.A.S, S.C.S, S.C, y restantes).<\/li>\n<li>Cooperativas de trabajo.<\/li>\n<li>Monotributistas (categor\u00eda B en adelante).<\/li>\n<li>Asociaciones sin fines de lucro (seg\u00fan reglamentaci\u00f3n).<\/li>\n<\/ul>\n<\/li>\n<li><strong>Asistencia en la B\u00fasqueda de Perfiles:<\/strong>\n<ul>\n<li>La Direcci\u00f3n de Empleo y Desarrollo Empresarial puede vincular la oferta y demanda de perfiles, utilizando la base de datos de la Red Provincial de Empleo.<\/li>\n<\/ul>\n<\/li>\n<\/ul>\n<p>[\/et_pb_tab][et_pb_tab title=\u00bbCalendario\u00bb _builder_version=\u00bb4.27.4&#8243; _module_preset=\u00bbdefault\u00bb global_colors_info=\u00bb{}\u00bb]<\/p>\n<p>&nbsp;<\/p>\n<p><img loading=\"lazy\" decoding=\"async\" src=\"https:\/\/mza-dicaws-portal-uploads-media-prod.s3.amazonaws.com\/informacion-oficial\/uploads\/sites\/17\/2026\/04\/flyer-enlazados-1-576x1024.png\" width=\"576\" height=\"1024\" alt=\"\" class=\"wp-image-3169 aligncenter size-large\" srcset=\"https:\/\/mza-dicaws-portal-uploads-media-prod.s3.amazonaws.com\/informacion-oficial\/uploads\/sites\/17\/2026\/04\/flyer-enlazados-1-576x1024.png 576w, https:\/\/mza-dicaws-portal-uploads-media-prod.s3.amazonaws.com\/informacion-oficial\/uploads\/sites\/17\/2026\/04\/flyer-enlazados-1-480x854.png 480w\" sizes=\"(min-width: 0px) and (max-width: 480px) 480px, (min-width: 481px) 576px, 100vw\" \/><\/p>\n<p>[\/et_pb_tab][\/et_pb_tabs][\/et_pb_column][\/et_pb_row][et_pb_row _builder_version=\u00bb4.27.4&#8243; _module_preset=\u00bbdefault\u00bb global_colors_info=\u00bb{}\u00bb][et_pb_column type=\u00bb4_4&#8243; _builder_version=\u00bb4.27.4&#8243; _module_preset=\u00bbdefault\u00bb global_colors_info=\u00bb{}\u00bb][et_pb_text _builder_version=\u00bb4.27.4&#8243; _module_preset=\u00bbdefault\u00bb text_font=\u00bb|800|||||||\u00bb header_4_text_color=\u00bb#141414&#8243; global_colors_info=\u00bb{}\u00bb]<\/p>\n<h4>Proceso de Inscripci\u00f3n y Gesti\u00f3n<\/h4>\n<p>[\/et_pb_text][et_pb_text _builder_version=\u00bb4.27.4&#8243; _module_preset=\u00bbdefault\u00bb text_font=\u00bb|800|||||||\u00bb global_colors_info=\u00bb{}\u00bb][\/et_pb_text][\/et_pb_column][\/et_pb_row][et_pb_row column_structure=\u00bb1_3,1_3,1_3&#8243; _builder_version=\u00bb4.27.4&#8243; _module_preset=\u00bbdefault\u00bb global_colors_info=\u00bb{}\u00bb][et_pb_column type=\u00bb1_3&#8243; _builder_version=\u00bb4.27.4&#8243; _module_preset=\u00bbdefault\u00bb global_colors_info=\u00bb{}\u00bb][et_pb_blurb title=\u00bbEnlazados &#8211; Inscripci\u00f3n\u00bb url=\u00bbhttps:\/\/atencionciudadana.mendoza.gob.ar\/enlazados-inscripcion\/\u00bb use_icon=\u00bbon\u00bb font_icon=\u00bb&#xf05a;||fa||900&#8243; icon_color=\u00bb#FFFFFF\u00bb image_icon_width=\u00bb72px\u00bb _builder_version=\u00bb4.27.4&#8243; _module_preset=\u00bbdefault\u00bb header_text_align=\u00bbcenter\u00bb header_text_color=\u00bb#FFFFFF\u00bb background_color=\u00bb#0C71C3&#8243; custom_padding=\u00bb1em|1em|1em|1em|true|true\u00bb border_radii=\u00bbon|15px|15px|15px|15px\u00bb box_shadow_style=\u00bbpreset3&#8243; global_colors_info=\u00bb{}\u00bb][\/et_pb_blurb][\/et_pb_column][et_pb_column type=\u00bb1_3&#8243; _builder_version=\u00bb4.27.4&#8243; _module_preset=\u00bbdefault\u00bb global_colors_info=\u00bb{}\u00bb][et_pb_blurb title=\u00bbModificaciones o Bajas\u00bb url=\u00bbhttps:\/\/ticketsform.mendoza.gov.ar\/ticketsform\/com.tickets.responderformulario?BAJA_PROGRAMA_ENLAZADOS\u00bb use_icon=\u00bbon\u00bb font_icon=\u00bb&#xf05a;||fa||900&#8243; icon_color=\u00bb#FFFFFF\u00bb image_icon_width=\u00bb72px\u00bb _builder_version=\u00bb4.27.4&#8243; _module_preset=\u00bbdefault\u00bb header_text_align=\u00bbcenter\u00bb header_text_color=\u00bb#FFFFFF\u00bb background_color=\u00bb#C8A977&#8243; custom_padding=\u00bb1em|1em|1em|1em|true|true\u00bb border_radii=\u00bbon|15px|15px|15px|15px\u00bb box_shadow_style=\u00bbpreset3&#8243; global_colors_info=\u00bb{}\u00bb][\/et_pb_blurb][\/et_pb_column][et_pb_column type=\u00bb1_3&#8243; _builder_version=\u00bb4.27.4&#8243; _module_preset=\u00bbdefault\u00bb global_colors_info=\u00bb{}\u00bb][et_pb_blurb title=\u00bbControl Mensual\u00bb url=\u00bbhttps:\/\/atencionciudadana.mendoza.gob.ar\/programa-enlazados-control-mensual\/\u00bb use_icon=\u00bbon\u00bb font_icon=\u00bb&#xf05a;||fa||900&#8243; icon_color=\u00bb#0C71C3&#8243; image_icon_width=\u00bb72px\u00bb _builder_version=\u00bb4.27.4&#8243; _module_preset=\u00bbdefault\u00bb header_text_align=\u00bbcenter\u00bb header_text_color=\u00bb#0C71C3&#8243; background_color=\u00bb#FFFFFF\u00bb custom_padding=\u00bb1em|1em|1em|1em|true|true\u00bb border_radii=\u00bbon|15px|15px|15px|15px\u00bb box_shadow_style=\u00bbpreset3&#8243; global_colors_info=\u00bb{}\u00bb][\/et_pb_blurb][\/et_pb_column][\/et_pb_row][\/et_pb_section][et_pb_section fb_built=\u00bb1&#8243; admin_label=\u00bbFeatures\u00bb _builder_version=\u00bb4.27.4&#8243; _module_preset=\u00bbdefault\u00bb background_color=\u00bbgcid-b6c4f12c-f25d-4f61-9fb1-6e96404634cd\u00bb locked=\u00bboff\u00bb global_colors_info=\u00bb{%22gcid-b6c4f12c-f25d-4f61-9fb1-6e96404634cd%22:%91%22background_color%22%93}\u00bb][et_pb_row _builder_version=\u00bb4.27.4&#8243; _module_preset=\u00bbdefault\u00bb global_colors_info=\u00bb{}\u00bb][et_pb_column type=\u00bb4_4&#8243; _builder_version=\u00bb4.27.4&#8243; _module_preset=\u00bbdefault\u00bb global_colors_info=\u00bb{}\u00bb][et_pb_text _builder_version=\u00bb4.27.4&#8243; _module_preset=\u00bbdefault\u00bb global_colors_info=\u00bb{}\u00bb]<\/p>\n<ul>\n<li><strong>Inscripci\u00f3n para Empresas:<\/strong>\n<ul>\n<li>Acceder al registro virtual en la plataforma Ticket (<span><a href=\"https:\/\/ticketsform.mendoza.gov.ar\/ticketsform\/servlet\/responderformulario?PROGRAMA_ENLAZADOS\">SISTEMA TICKET ENLAZADOS<\/a><\/span>), cargando datos del proyecto y participantes.<\/li>\n<li><strong>Fechas:<\/strong>\n<ul>\n<li>Apertura de inscripci\u00f3n: D\u00eda 1 de cada mes.<\/li>\n<li>Cierre de inscripci\u00f3n: D\u00eda 15 de cada mes.<\/li>\n<\/ul>\n<\/li>\n<li>Es obligatorio leer el <span><a href=\"https:\/\/mza-dicaws-portal-uploads-media-prod.s3.amazonaws.com\/informacion-oficial\/uploads\/sites\/17\/2026\/04\/ENLAZADOS-2026-MANUAL-DE-USUARIO-2-1-1-3.pdf\">MANUAL DE USUARIO<\/a><\/span> para empresas solicitantes.<\/li>\n<\/ul>\n<\/li>\n<\/ul>\n<p>[\/et_pb_text][\/et_pb_column][\/et_pb_row][\/et_pb_section]<\/p>\n","protected":false},"excerpt":{"rendered":"<p>\u00bfQu\u00e9 es Enlazados? El Programa Enlazados es una iniciativa del Gobierno de Mendoza para mejorar las condiciones de empleabilidad de las personas en la provincia. Mediante la articulaci\u00f3n con el sector empresarial, busca ampliar y mejorar las posibilidades de inserci\u00f3n laboral genuina, incorporando nuevas personas trabajadoras al ecosistema econ\u00f3mico provincial. \u00bfA Qui\u00e9n se Dirige Enlazados? [&hellip;]<\/p>\n","protected":false},"author":22,"featured_media":0,"parent":0,"menu_order":0,"comment_status":"closed","ping_status":"closed","template":"","meta":{"_et_pb_use_builder":"on","_et_pb_old_content":"","_et_gb_content_width":"","footnotes":""},"class_list":["post-1112","page","type-page","status-publish","hentry"],"_links":{"self":[{"href":"https:\/\/informacionoficial.mendoza.gob.ar\/produccion\/wp-json\/wp\/v2\/pages\/1112","targetHints":{"allow":["GET"]}}],"collection":[{"href":"https:\/\/informacionoficial.mendoza.gob.ar\/produccion\/wp-json\/wp\/v2\/pages"}],"about":[{"href":"https:\/\/informacionoficial.mendoza.gob.ar\/produccion\/wp-json\/wp\/v2\/types\/page"}],"author":[{"embeddable":true,"href":"https:\/\/informacionoficial.mendoza.gob.ar\/produccion\/wp-json\/wp\/v2\/users\/22"}],"replies":[{"embeddable":true,"href":"https:\/\/informacionoficial.mendoza.gob.ar\/produccion\/wp-json\/wp\/v2\/comments?post=1112"}],"version-history":[{"count":18,"href":"https:\/\/informacionoficial.mendoza.gob.ar\/produccion\/wp-json\/wp\/v2\/pages\/1112\/revisions"}],"predecessor-version":[{"id":3204,"href":"https:\/\/informacionoficial.mendoza.gob.ar\/produccion\/wp-json\/wp\/v2\/pages\/1112\/revisions\/3204"}],"wp:attachment":[{"href":"https:\/\/informacionoficial.mendoza.gob.ar\/produccion\/wp-json\/wp\/v2\/media?parent=1112"}],"curies":[{"name":"wp","href":"https:\/\/api.w.org\/{rel}","templated":true}]}}