{"id":1548,"date":"2025-08-26T15:18:14","date_gmt":"2025-08-26T13:18:14","guid":{"rendered":"https:\/\/informacionoficial.mendoza.gob.ar\/produccion\/?page_id=1548"},"modified":"2026-04-27T11:27:55","modified_gmt":"2026-04-27T14:27:55","slug":"cooperativas","status":"publish","type":"page","link":"https:\/\/informacionoficial.mendoza.gob.ar\/produccion\/cooperativas\/","title":{"rendered":"Cooperativas"},"content":{"rendered":"<p>[et_pb_section fb_built=\u00bb1&#8243; fullwidth=\u00bbon\u00bb _builder_version=\u00bb4.27.4&#8243; _module_preset=\u00bbdefault\u00bb global_colors_info=\u00bb{}\u00bb][et_pb_fullwidth_slider _builder_version=\u00bb4.27.4&#8243; _module_preset=\u00bbdefault\u00bb background_color=\u00bb#00208A\u00bb max_height=\u00bb1000px\u00bb custom_margin=\u00bb0px||||false|false\u00bb custom_padding=\u00bb102px||108px|||\u00bb global_colors_info=\u00bb{}\u00bb][et_pb_slide heading=\u00bbCooperativas\u00bb image=\u00bbhttps:\/\/mza-dicaws-portal-uploads-media-prod.s3.amazonaws.com\/informacion-oficial\/uploads\/sites\/17\/2025\/08\/financiamiento-1.jpeg\u00bb _builder_version=\u00bb4.27.4&#8243; _module_preset=\u00bbdefault\u00bb background_enable_color=\u00bbon\u00bb global_colors_info=\u00bb{}\u00bb sticky_transition=\u00bbon\u00bb][\/et_pb_slide][et_pb_slide heading=\u00bbConstrucci\u00f3n y asesoramiento Legal\u00bb _builder_version=\u00bb4.27.4&#8243; _module_preset=\u00bbdefault\u00bb global_colors_info=\u00bb{}\u00bb sticky_transition=\u00bbon\u00bb]<\/p>\n<p>Acompa\u00f1amos a los grupos que quieren conformar cooperativas: brindamos capacitaci\u00f3n para entender lo que implica armar una cooperativa dando conocimientos sobre la implicancia de su conformaci\u00f3n.<\/p>\n<p>[\/et_pb_slide][et_pb_slide heading=\u00bbFormaci\u00f3n Continua\u00bb button_text=\u00bbClics\u00bb _builder_version=\u00bb4.27.4&#8243; _module_preset=\u00bbdefault\u00bb global_colors_info=\u00bb{}\u00bb sticky_transition=\u00bbon\u00bb]<\/p>\n<p><em>Mendoza Cooperativas Entrena:<\/em><\/p>\n<p>Capacitaciones en gesti\u00f3n, resoluci\u00f3n de conflictos y comercializaci\u00f3n entre otros. Buscamos que las cooperativas tengan herramientas para sostenerse en el tiempo y sean exitosas en su gesti\u00f3n. Acompa\u00f1amos en la formaci\u00f3n al Consejo de Administraci\u00f3n<\/p>\n<p>[\/et_pb_slide][et_pb_slide heading=\u00bbApoyo Productivo\u00bb button_text=\u00bbClics\u00bb _builder_version=\u00bb4.27.4&#8243; _module_preset=\u00bbdefault\u00bb global_colors_info=\u00bb{}\u00bb sticky_transition=\u00bbon\u00bb]<\/p>\n<p>Articulamos l\u00edneas de financiamiento, aportes o convenios con otras \u00e1reas del Estado. Tambi\u00e9n promovemos su participaci\u00f3n en pol\u00edticas p\u00fablicas de desarrollo econ\u00f3mico.<\/p>\n<p>[\/et_pb_slide][et_pb_slide heading=\u00bbCooperativas escolares\u00bb button_text=\u00bbClics\u00bb _builder_version=\u00bb4.27.4&#8243; _module_preset=\u00bbdefault\u00bb global_colors_info=\u00bb{}\u00bb sticky_transition=\u00bbon\u00bb]<\/p>\n<p>Impulsamos experiencias en escuelas donde los\/as estudiantes crean y gestionan cooperativas simulando la creaci\u00f3n de una empresa real , aprendiendo sobre responsabilidad social, producci\u00f3n y trabajo en equipo.<\/p>\n<p>[\/et_pb_slide][\/et_pb_fullwidth_slider][\/et_pb_section][et_pb_section fb_built=\u00bb1&#8243; admin_label=\u00bbFeatures\u00bb _builder_version=\u00bb4.27.4&#8243; _module_preset=\u00bbdefault\u00bb background_color=\u00bbgcid-b6c4f12c-f25d-4f61-9fb1-6e96404634cd\u00bb custom_padding=\u00bb||54px|||\u00bb locked=\u00bboff\u00bb global_colors_info=\u00bb{%22gcid-b6c4f12c-f25d-4f61-9fb1-6e96404634cd%22:%91%22background_color%22%93}\u00bb][et_pb_row _builder_version=\u00bb4.27.4&#8243; _module_preset=\u00bbf0fe2be4-09ef-467b-8731-e9cc9c471839&#8243; global_colors_info=\u00bb{}\u00bb][et_pb_column type=\u00bb4_4&#8243; _builder_version=\u00bb4.25.2&#8243; _module_preset=\u00bbdefault\u00bb global_colors_info=\u00bb{}\u00bb][et_pb_heading title=\u00bb\u00c1rea Cooperativas\u00bb _builder_version=\u00bb4.27.4&#8243; _module_preset=\u00bbcc4a568c-81c3-42e3-8397-f8d3f97653fa\u00bb title_text_color=\u00bbgcid-b70c6ec4-3d09-43b5-80df-154e6e990bf3&#8243; custom_padding=\u00bb5px|||||\u00bb global_colors_info=\u00bb{%22gcid-b70c6ec4-3d09-43b5-80df-154e6e990bf3%22:%91%22title_text_color%22%93}\u00bb][\/et_pb_heading][et_pb_heading _builder_version=\u00bb4.25.2&#8243; _module_preset=\u00bbb17b7b83-78e3-415b-b145-ac2f866c4df4&#8243; global_colors_info=\u00bb{}\u00bb][\/et_pb_heading][\/et_pb_column][\/et_pb_row][et_pb_row _builder_version=\u00bb4.27.4&#8243; _module_preset=\u00bbdefault\u00bb locked=\u00bboff\u00bb global_colors_info=\u00bb{}\u00bb][et_pb_column type=\u00bb4_4&#8243; _builder_version=\u00bb4.27.4&#8243; _module_preset=\u00bbdefault\u00bb global_colors_info=\u00bb{}\u00bb][et_pb_tabs active_tab_background_color=\u00bb#0C71C3&#8243; active_tab_text_color=\u00bb#FFFFFF\u00bb _builder_version=\u00bb4.27.4&#8243; _module_preset=\u00bbdefault\u00bb filter_contrast=\u00bb116%\u00bb hover_enabled=\u00bb0&#8243; border_radii=\u00bbon|15px|15px|15px|15px\u00bb box_shadow_style=\u00bbpreset3&#8243; box_shadow_spread=\u00bb-13px\u00bb box_shadow_color=\u00bbrgba(0,0,0,0.29)\u00bb global_colors_info=\u00bb{}\u00bb sticky_enabled=\u00bb0&#8243;][et_pb_tab title=\u00bbAutoridades \u00bb _builder_version=\u00bb4.27.4&#8243; _module_preset=\u00bbdefault\u00bb global_colors_info=\u00bb{}\u00bb]<\/p>\n<p><strong><a class=\"text-info\" href=\"https:\/\/www.mendoza.gov.ar\/cooperativas\/area-cooperativas\/\">Andrea Nallim<\/a><br \/><small>Directora de Emprendedores y Cooperativas<\/small><\/strong><\/p>\n<p><strong> <\/strong><\/p>\n<p><strong>Tel\u00e9fono<\/strong><span>\u00a0(0261- 3852528)<\/span><br \/><strong>Email:<\/strong><span>\u00a0cooperativas@mendoza.gov.ar<\/span><br \/><strong>Ventanilla \u00fanica:<\/strong><span>\u00a0Ala Oeste PB Casa de Gobierno. \u2013 Mesa de entrada de 9 a 13 horas \u2013 261 2785084<\/span><br \/><span>Casa de Gobierno, Peltier 351, Cuerpo Central 6\u00b0 piso\u00a0\u2013\u00a0oficina\u00a012<\/span><\/p>\n<p>[\/et_pb_tab][et_pb_tab title=\u00bbFunciones\u00bb _builder_version=\u00bb4.27.4&#8243; _module_preset=\u00bbdefault\u00bb global_colors_info=\u00bb{}\u00bb]<\/p>\n<ul>\n<li>Promover la formaci\u00f3n de Alianzas Estrat\u00e9gicas, Cooperativas y otras formas asociativas como una herramienta central para el desarrollo econ\u00f3mico y social equitativo de todo el territorio provincial.<\/li>\n<li>Asesorar a las empresas cooperativas constituidas y en formaci\u00f3n en los aspectos vinculados con la materia de su competencia.<\/li>\n<li>Coordinar su labor con organismos nacionales, provinciales y municipales, tanto p\u00fablicos como privados.<\/li>\n<li>Autorizar a funcionar a las Cooperativas con domicilio en la Provincia en el marco de las leyes nacionales, provinciales y las resoluciones que dicten las autoridades competentes.<\/li>\n<li>Ejercer el control sobre el destino y utilizaci\u00f3n de los subsidios y financiamiento p\u00fablico acordados por el organismo a las entidades del sector<\/li>\n<li>Trabajar en coordinaci\u00f3n con el Consejo Consultivo Cooperativo en el marco de la ley 5347 y su decreto reglamentario.<\/li>\n<li>Ejercer la fiscalizaci\u00f3n y control de las cooperativas.<\/li>\n<li>Asesorar en el proceso de Empresas Recuperadas.<\/li>\n<li>Promover la actividad cooperativa. Promover el perfeccionamiento de la legislaci\u00f3n y las investigaciones de car\u00e1cter jur\u00eddico, econ\u00f3mico, contable, organizativo y social sobre la materia para su competencia.<\/li>\n<li>Vigilar las operaciones de disoluci\u00f3n y liquidaci\u00f3n de cooperativas.<\/li>\n<li>Promover la articulaci\u00f3n del sector cooperativo entre s\u00ed y con otros organismos, tanto en el plano provincial, nacional e internacional.<\/li>\n<\/ul>\n<p>[\/et_pb_tab][et_pb_tab title=\u00bbServicios\u00bb _builder_version=\u00bb4.27.4&#8243; _module_preset=\u00bbdefault\u00bb hover_enabled=\u00bb0&#8243; global_colors_info=\u00bb{}\u00bb sticky_enabled=\u00bb0&#8243;]<\/p>\n<p><strong>Acompa\u00f1amiento<\/strong><\/p>\n<p><strong>Capacitaci\u00f3n<\/strong><\/p>\n<ul>\n<li style=\"list-style-type: none\">\n<ul>\n<li>Capacitaci\u00f3n de 1\u00b0 Nivel a Grupos Precooperativos<\/li>\n<li>Capacitaci\u00f3n de 2\u00b0 Nivel a Consejos de Administraci\u00f3n y S\u00edndicos<\/li>\n<li>\u00a0Capacitaci\u00f3n a Supervisores, Directivos, Docentes y Alumnos para la formaci\u00f3n de Cooperativas Escolares<\/li>\n<li>Mendoza Coopera Entrena<\/li>\n<\/ul>\n<\/li>\n<\/ul>\n<p><strong>Difusi\u00f3n<\/strong><\/p>\n<ul>\n<li style=\"list-style-type: none\">\n<ul>\n<li>Exposiciones de promoci\u00f3n para Instituciones Educativas y Sociales<\/li>\n<\/ul>\n<\/li>\n<\/ul>\n<p>[\/et_pb_tab][et_pb_tab title=\u00bbRedes y alianzas\u00bb _builder_version=\u00bb4.27.4&#8243; _module_preset=\u00bbdefault\u00bb global_colors_info=\u00bb{}\u00bb]<\/p>\n<p>Facilitamos espacios de encuentro y trabajo conjunto entre cooperativas, organismos del Estado y al ecosistema productivo, econ\u00f3mico local y nacional.<\/p>\n<p>[\/et_pb_tab][\/et_pb_tabs][\/et_pb_column][\/et_pb_row][et_pb_row _builder_version=\u00bb4.27.4&#8243; _module_preset=\u00bbf0fe2be4-09ef-467b-8731-e9cc9c471839&#8243; locked=\u00bboff\u00bb global_colors_info=\u00bb{}\u00bb][et_pb_column type=\u00bb4_4&#8243; _builder_version=\u00bb4.25.2&#8243; _module_preset=\u00bbdefault\u00bb global_colors_info=\u00bb{}\u00bb][et_pb_heading title=\u00bbLeyes Vigentes\u00bb _builder_version=\u00bb4.27.4&#8243; _module_preset=\u00bbcc4a568c-81c3-42e3-8397-f8d3f97653fa\u00bb title_text_color=\u00bbgcid-b70c6ec4-3d09-43b5-80df-154e6e990bf3&#8243; global_colors_info=\u00bb{%22gcid-b70c6ec4-3d09-43b5-80df-154e6e990bf3%22:%91%22title_text_color%22%93}\u00bb][\/et_pb_heading][et_pb_heading _builder_version=\u00bb4.25.2&#8243; _module_preset=\u00bbb17b7b83-78e3-415b-b145-ac2f866c4df4&#8243; global_colors_info=\u00bb{}\u00bb][\/et_pb_heading][\/et_pb_column][\/et_pb_row][et_pb_row column_structure=\u00bb1_2,1_2&#8243; _builder_version=\u00bb4.27.4&#8243; _module_preset=\u00bbdefault\u00bb locked=\u00bboff\u00bb global_colors_info=\u00bb{}\u00bb][et_pb_column type=\u00bb1_2&#8243; _builder_version=\u00bb4.27.4&#8243; _module_preset=\u00bbdefault\u00bb link_option_url=\u00bbhttps:\/\/informacionoficial.mendoza.gob.ar\/produccion\/normativas\/\u00bb global_colors_info=\u00bb{}\u00bb][et_pb_blurb title=\u00bbNormativa\u00bb url=\u00bbhttps:\/\/informacionoficial.mendoza.gob.ar\/produccion\/normativas\/\u00bb use_icon=\u00bbon\u00bb font_icon=\u00bb&#xe104;||divi||400&#8243; icon_color=\u00bb#FFFFFF\u00bb image_icon_width=\u00bb72px\u00bb _builder_version=\u00bb4.27.4&#8243; _module_preset=\u00bbdefault\u00bb header_text_align=\u00bbcenter\u00bb header_text_color=\u00bb#FFFFFF\u00bb background_color=\u00bb#0C71C3&#8243; custom_padding=\u00bb1em|1em|1em|1em|true|true\u00bb border_radii=\u00bbon|15px|15px|15px|15px\u00bb box_shadow_style=\u00bbpreset3&#8243; global_colors_info=\u00bb{}\u00bb][\/et_pb_blurb][\/et_pb_column][et_pb_column type=\u00bb1_2&#8243; _builder_version=\u00bb4.27.4&#8243; _module_preset=\u00bbdefault\u00bb link_option_url=\u00bbhttps:\/\/mza-dicaws-portal-uploads-media-prod.s3.amazonaws.com\/informacion-oficial\/uploads\/sites\/17\/2025\/11\/Tasa-retributiva.mp4&#8243; global_colors_info=\u00bb{}\u00bb][et_pb_blurb title=\u00bbTasas Retibutivas\u00bb url=\u00bbhttps:\/\/mza-dicaws-portal-uploads-media-prod.s3.amazonaws.com\/informacion-oficial\/uploads\/sites\/17\/2025\/11\/Tasa-retributiva.mp4&#8243; use_icon=\u00bbon\u00bb font_icon=\u00bb&#xf19d;||fa||900&#8243; icon_color=\u00bb#FFFFFF\u00bb image_icon_width=\u00bb72px\u00bb _builder_version=\u00bb4.27.4&#8243; _module_preset=\u00bbdefault\u00bb header_text_align=\u00bbcenter\u00bb header_text_color=\u00bb#FFFFFF\u00bb background_color=\u00bb#C8A977&#8243; custom_padding=\u00bb1em|1em|1em|1em|true|true\u00bb border_radii=\u00bbon|15px|15px|15px|15px\u00bb box_shadow_style=\u00bbpreset3&#8243; global_colors_info=\u00bb{}\u00bb][\/et_pb_blurb][\/et_pb_column][\/et_pb_row][\/et_pb_section][et_pb_section fb_built=\u00bb1&#8243; _builder_version=\u00bb4.27.4&#8243; _module_preset=\u00bbdefault\u00bb global_colors_info=\u00bb{}\u00bb][et_pb_row _builder_version=\u00bb4.27.4&#8243; _module_preset=\u00bbdefault\u00bb global_colors_info=\u00bb{}\u00bb][et_pb_column type=\u00bb4_4&#8243; _builder_version=\u00bb4.27.4&#8243; _module_preset=\u00bbdefault\u00bb global_colors_info=\u00bb{}\u00bb][et_pb_heading title=\u00bbCursos\u00bb _builder_version=\u00bb4.27.4&#8243; _module_preset=\u00bbdefault\u00bb title_text_color=\u00bb#331584&#8243; global_colors_info=\u00bb{}\u00bb][\/et_pb_heading][\/et_pb_column][\/et_pb_row][et_pb_row column_structure=\u00bb1_2,1_2&#8243; _builder_version=\u00bb4.27.4&#8243; _module_preset=\u00bbdefault\u00bb locked=\u00bboff\u00bb global_colors_info=\u00bb{}\u00bb][et_pb_column type=\u00bb1_2&#8243; _builder_version=\u00bb4.27.4&#8243; _module_preset=\u00bbdefault\u00bb global_colors_info=\u00bb{}\u00bb][et_pb_toggle title=\u00bb Curso PRE-COOPERATIVAS\u00bb open_toggle_text_color=\u00bb#FFFFFF\u00bb open_toggle_background_color=\u00bb#000F9F\u00bb closed_toggle_background_color=\u00bb#000F9F\u00bb icon_color=\u00bb#FFFFFF\u00bb open_icon_color=\u00bb#FFFFFF\u00bb _builder_version=\u00bb4.27.4&#8243; _module_preset=\u00bbdefault\u00bb title_text_color=\u00bb#FFFFFF\u00bb body_text_color=\u00bb#FFFFFF\u00bb background_enable_color=\u00bboff\u00bb border_radii=\u00bbon|15px|15px|15px|15px\u00bb global_colors_info=\u00bb{}\u00bb]<\/p>\n<p>Instancias previas a la constituci\u00f3n: definiciones iniciales, aspectos legales, etc.<\/p>\n<p>[\/et_pb_toggle][\/et_pb_column][et_pb_column type=\u00bb1_2&#8243; _builder_version=\u00bb4.27.4&#8243; _module_preset=\u00bbdefault\u00bb global_colors_info=\u00bb{}\u00bb][et_pb_toggle title=\u00bbMENDOZA ENTRENA \u2013 COOPERATIVAS\u00bb open_toggle_text_color=\u00bb#FFFFFF\u00bb open_toggle_background_color=\u00bb#000F9F\u00bb closed_toggle_background_color=\u00bb#000F9F\u00bb icon_color=\u00bb#FFFFFF\u00bb open_icon_color=\u00bb#FFFFFF\u00bb _builder_version=\u00bb4.27.4&#8243; _module_preset=\u00bbdefault\u00bb title_text_color=\u00bb#FFFFFF\u00bb body_text_color=\u00bb#FFFFFF\u00bb background_enable_color=\u00bboff\u00bb hover_enabled=\u00bb0&#8243; border_radii=\u00bbon|15px|15px|15px|15px\u00bb global_colors_info=\u00bb{}\u00bb sticky_enabled=\u00bb0&#8243;]<\/p>\n<p>Destacarlo visualmente mediante may\u00fasculas, color u otro recurso gr\u00e1fico para diferenciarlo de cooperativas escolares<\/p>\n<p>[\/et_pb_toggle][\/et_pb_column][\/et_pb_row][\/et_pb_section][et_pb_section fb_built=\u00bb1&#8243; _builder_version=\u00bb4.27.4&#8243; _module_preset=\u00bbdefault\u00bb global_colors_info=\u00bb{}\u00bb][et_pb_row _builder_version=\u00bb4.27.4&#8243; _module_preset=\u00bbdefault\u00bb global_colors_info=\u00bb{}\u00bb][et_pb_column type=\u00bb4_4&#8243; _builder_version=\u00bb4.27.4&#8243; _module_preset=\u00bbdefault\u00bb global_colors_info=\u00bb{}\u00bb][et_pb_heading title=\u00bbFinanciamiento\u00bb _builder_version=\u00bb4.27.4&#8243; _module_preset=\u00bbdefault\u00bb title_text_color=\u00bb#331584&#8243; global_colors_info=\u00bb{}\u00bb][\/et_pb_heading][\/et_pb_column][\/et_pb_row][et_pb_row _builder_version=\u00bb4.27.4&#8243; _module_preset=\u00bbdefault\u00bb locked=\u00bboff\u00bb global_colors_info=\u00bb{}\u00bb][et_pb_column type=\u00bb4_4&#8243; _builder_version=\u00bb4.27.4&#8243; _module_preset=\u00bbdefault\u00bb global_colors_info=\u00bb{}\u00bb][et_pb_toggle title=\u00bbMendoza Cooperativas Acompa\u00f1a\u00bb open_toggle_text_color=\u00bb#0C71C3&#8243; open_toggle_background_color=\u00bb#FFFFFF\u00bb closed_toggle_background_color=\u00bb#FFFFFF\u00bb icon_color=\u00bb#0C71C3&#8243; open_icon_color=\u00bb#0C71C3&#8243; _builder_version=\u00bb4.27.4&#8243; _module_preset=\u00bbdefault\u00bb title_text_color=\u00bb#0C71C3&#8243; body_text_color=\u00bb#141414&#8243; border_radii=\u00bbon|15px|15px|15px|15px\u00bb box_shadow_style=\u00bbpreset3&#8243; box_shadow_spread=\u00bb-14px\u00bb global_colors_info=\u00bb{}\u00bb]<\/p>\n<p>El nuevo instrumento contempla dos l\u00edneas diferenciadas: una, para inversi\u00f3n en infraestructura y equipamiento, y otra, para capital de trabajo, ambas con tasas competitivas y plazos adaptados a las necesidades del sector cooperativo.<\/p>\n<p>[\/et_pb_toggle][\/et_pb_column][\/et_pb_row][\/et_pb_section][et_pb_section fb_built=\u00bb1&#8243; admin_label=\u00bbTestimonials\u00bb _builder_version=\u00bb4.27.4&#8243; _module_preset=\u00bbdefault\u00bb locked=\u00bboff\u00bb global_colors_info=\u00bb{}\u00bb][et_pb_row column_structure=\u00bb1_2,1_2&#8243; _builder_version=\u00bb4.27.4&#8243; _module_preset=\u00bbdefault\u00bb background_color=\u00bb#FFFFFF\u00bb custom_margin=\u00bb||30px||false|false\u00bb custom_padding=\u00bb60px||0px||false|false\u00bb locked=\u00bboff\u00bb global_colors_info=\u00bb{%22gcid-d116008b-ce49-46ea-9433-049c9562a0bc%22:%91%22background_color%22%93}\u00bb][et_pb_column type=\u00bb1_2&#8243; _builder_version=\u00bb4.16&#8243; _module_preset=\u00bbdefault\u00bb global_colors_info=\u00bb{}\u00bb][et_pb_text _builder_version=\u00bb4.27.2&#8243; _module_preset=\u00bb32021f09-dd67-47fb-8f9a-832b72a38baf\u00bb text_text_color=\u00bb#000F9F\u00bb header_2_font=\u00bbMontserrat|700|||||||\u00bb header_2_text_color=\u00bb#000000&#8243; header_2_font_size=\u00bb50px\u00bb header_2_line_height=\u00bb1.2em\u00bb custom_margin=\u00bb||0px||false|false\u00bb header_2_font_size_tablet=\u00bb32px\u00bb header_2_font_size_phone=\u00bb18px\u00bb header_2_font_size_last_edited=\u00bbon|tablet\u00bb locked=\u00bboff\u00bb global_colors_info=\u00bb{}\u00bb]<\/p>\n<h2><span style=\"color: #000f9f\">Cooperativas escolares<\/span><\/h2>\n<p>[\/et_pb_text][et_pb_text _builder_version=\u00bb4.27.4&#8243; _module_preset=\u00bb4deaa1a6-d0cd-49d0-ada3-8dc22addd086&#8243; header_4_font=\u00bbMontserrat|700|||||||\u00bb header_4_font_size=\u00bb16px\u00bb header_4_line_height=\u00bb1.5em\u00bb custom_margin=\u00bb||0px||false|false\u00bb custom_padding=\u00bb5px|||||\u00bb link_option_url=\u00bbhttps:\/\/www.youtube.com\/playlist?list=PLgGy17k5cB_Haw-ne0hxY8Z-xHZh8T6DI\u00bb header_4_font_size_tablet=\u00bb\u00bb header_4_font_size_phone=\u00bb12px\u00bb header_4_font_size_last_edited=\u00bbon|phone\u00bb locked=\u00bboff\u00bb global_colors_info=\u00bb{}\u00bb]<\/p>\n<p>Ley 8635 de la Provincia de Mendoza<\/p>\n<p>Impulsamos experiencias en escuelas donde los\/as estudiantes crean y gestionan cooperativas simulando la creaci\u00f3n de una empresa real , aprendiendo sobre responsabilidad social, producci\u00f3n y trabajo en equipo.<\/p>\n<p>&nbsp;<\/p>\n<p>[\/et_pb_text][\/et_pb_column][et_pb_column type=\u00bb1_2&#8243; _builder_version=\u00bb4.16&#8243; _module_preset=\u00bbdefault\u00bb custom_padding=\u00bb|70px|70px||false|false\u00bb custom_padding_tablet=\u00bb|30px|30px|30px|false|true\u00bb custom_padding_phone=\u00bb0px|20px||20px|false|true\u00bb custom_padding_last_edited=\u00bbon|tablet\u00bb global_colors_info=\u00bb{}\u00bb][et_pb_video_slider _builder_version=\u00bb4.27.4&#8243; _module_preset=\u00bbdefault\u00bb width=\u00bb100%\u00bb custom_margin=\u00bb-37px||52px|||\u00bb custom_padding=\u00bb|||0px||\u00bb global_colors_info=\u00bb{}\u00bb][et_pb_video_slider_item src=\u00bbhttps:\/\/www.youtube.com\/watch?v=loy7-JRNkx0&amp;list=PLgGy17k5cB_Haw-ne0hxY8Z-xHZh8T6DI&amp;index=3&#8243; _builder_version=\u00bb4.27.4&#8243; _module_preset=\u00bbdefault\u00bb global_colors_info=\u00bb{}\u00bb show_image_overlay=\u00bboff\u00bb][\/et_pb_video_slider_item][\/et_pb_video_slider][\/et_pb_column][\/et_pb_row][et_pb_row _builder_version=\u00bb4.27.4&#8243; _module_preset=\u00bbdefault\u00bb global_colors_info=\u00bb{}\u00bb][et_pb_column type=\u00bb4_4&#8243; _builder_version=\u00bb4.27.4&#8243; _module_preset=\u00bbdefault\u00bb global_colors_info=\u00bb{}\u00bb][et_pb_icon font_icon=\u00bb&#x22;||divi||400&#8243; icon_color=\u00bb#007FE0&#8243; _builder_version=\u00bb4.27.4&#8243; _module_preset=\u00bbdefault\u00bb global_colors_info=\u00bb{}\u00bb][\/et_pb_icon][\/et_pb_column][\/et_pb_row][et_pb_row column_structure=\u00bb2_3,1_3&#8243; _builder_version=\u00bb4.27.4&#8243; _module_preset=\u00bbdefault\u00bb background_color=\u00bb#000F9F\u00bb hover_enabled=\u00bb0&#8243; border_radii=\u00bbon|7px|7px|7px|7px\u00bb border_width_left=\u00bb33px\u00bb border_color_left=\u00bb#000F9F\u00bb locked=\u00bboff\u00bb global_colors_info=\u00bb{}\u00bb sticky_enabled=\u00bb0&#8243;][et_pb_column type=\u00bb2_3&#8243; _builder_version=\u00bb4.27.4&#8243; _module_preset=\u00bbdefault\u00bb global_colors_info=\u00bb{}\u00bb][et_pb_text _builder_version=\u00bb4.27.4&#8243; _module_preset=\u00bbcb4aaaa5-76cf-422d-8e1a-ae14589b5edc\u00bb header_2_text_color=\u00bb#FFFFFF\u00bb custom_padding=\u00bb1px|||||\u00bb hover_enabled=\u00bb0&#8243; global_colors_info=\u00bb{}\u00bb text_text_color=\u00bb#FFFFFF\u00bb sticky_enabled=\u00bb0&#8243;]<\/p>\n<h2><strong>Cooperativas Escolares<\/strong><\/h2>\n<p><strong>Queres participar<\/strong><\/p>\n<p>[\/et_pb_text][et_pb_button button_text=\u00bbClic\u00bb _builder_version=\u00bb4.27.4&#8243; _module_preset=\u00bbdefault\u00bb hover_enabled=\u00bb0&#8243; global_colors_info=\u00bb{}\u00bb sticky_enabled=\u00bb0&#8243;][\/et_pb_button][\/et_pb_column][et_pb_column type=\u00bb1_3&#8243; _builder_version=\u00bb4.19.1&#8243; _module_preset=\u00bbdefault\u00bb global_colors_info=\u00bb{}\u00bb][et_pb_image src=\u00bbhttps:\/\/mza-dicaws-portal-uploads-media-prod.s3.amazonaws.com\/informacion-oficial\/uploads\/sites\/17\/2026\/04\/coopate2-scaled.png\u00bb _builder_version=\u00bb4.27.4&#8243; _module_preset=\u00bbdefault\u00bb title_text=\u00bbcoopate2&#8243; hover_enabled=\u00bb0&#8243; sticky_enabled=\u00bb0&#8243; custom_margin=\u00bb|||198px||\u00bb][\/et_pb_image][\/et_pb_column][\/et_pb_row][et_pb_row _builder_version=\u00bb4.27.4&#8243; _module_preset=\u00bbdefault\u00bb][et_pb_column _builder_version=\u00bb4.27.4&#8243; _module_preset=\u00bbdefault\u00bb type=\u00bb4_4&#8243;][\/et_pb_column][\/et_pb_row][et_pb_row column_structure=\u00bb1_4,1_4,1_4,1_4&#8243; make_equal=\u00bbon\u00bb _builder_version=\u00bb4.27.4&#8243; _module_preset=\u00bbdefault\u00bb global_colors_info=\u00bb{}\u00bb][et_pb_column type=\u00bb1_4&#8243; _builder_version=\u00bb4.27.4&#8243; _module_preset=\u00bbdefault\u00bb global_colors_info=\u00bb{}\u00bb][et_pb_image src=\u00bbhttps:\/\/mza-dicaws-portal-uploads-media-prod.s3.amazonaws.com\/informacion-oficial\/uploads\/sites\/17\/2025\/08\/coop-escolares-7-700&#215;394-1.jpg\u00bb title_text=\u00bbcoop-escolares-7-700&#215;394&#8243; _builder_version=\u00bb4.27.4&#8243; _module_preset=\u00bbdefault\u00bb max_width=\u00bb100%\u00bb height=\u00bb148px\u00bb global_colors_info=\u00bb{}\u00bb][\/et_pb_image][\/et_pb_column][et_pb_column type=\u00bb1_4&#8243; _builder_version=\u00bb4.27.4&#8243; _module_preset=\u00bbdefault\u00bb global_colors_info=\u00bb{}\u00bb][et_pb_image src=\u00bbhttps:\/\/mza-dicaws-portal-uploads-media-prod.s3.amazonaws.com\/informacion-oficial\/uploads\/sites\/17\/2025\/08\/Imagen-de-WhatsApp-2024-07-18-a-las-11.17.58_a1af6589-700&#215;933-1-e1756217141265.jpg\u00bb title_text=\u00bbImagen-de-WhatsApp-2024-07-18-a-las-11.17.58_a1af6589-700&#215;933&#8243; force_fullwidth=\u00bbon\u00bb _builder_version=\u00bb4.27.4&#8243; _module_preset=\u00bbdefault\u00bb height=\u00bb148px\u00bb max_height=\u00bb1000px\u00bb global_colors_info=\u00bb{}\u00bb][\/et_pb_image][\/et_pb_column][et_pb_column type=\u00bb1_4&#8243; _builder_version=\u00bb4.27.4&#8243; _module_preset=\u00bbdefault\u00bb global_colors_info=\u00bb{}\u00bb][et_pb_image src=\u00bbhttps:\/\/mza-dicaws-portal-uploads-media-prod.s3.amazonaws.com\/informacion-oficial\/uploads\/sites\/17\/2025\/08\/Imagen-de-WhatsApp-2024-07-18-a-las-11.19.39_50524a15-700&#215;933-1-e1756217091246.jpg\u00bb title_text=\u00bbImagen-de-WhatsApp-2024-07-18-a-las-11.19.39_50524a15-700&#215;933&#8243; _builder_version=\u00bb4.27.4&#8243; _module_preset=\u00bbdefault\u00bb global_colors_info=\u00bb{}\u00bb][\/et_pb_image][\/et_pb_column][et_pb_column type=\u00bb1_4&#8243; _builder_version=\u00bb4.27.4&#8243; _module_preset=\u00bbdefault\u00bb global_colors_info=\u00bb{}\u00bb][et_pb_image src=\u00bbhttps:\/\/mza-dicaws-portal-uploads-media-prod.s3.amazonaws.com\/informacion-oficial\/uploads\/sites\/17\/2025\/08\/Imagen-de-WhatsApp-2024-07-18-a-las-11.22.51_e6d6d271-700&#215;933-1-e1756217306952.jpg\u00bb title_text=\u00bbImagen-de-WhatsApp-2024-07-18-a-las-11.22.51_e6d6d271-700&#215;933&#8243; _builder_version=\u00bb4.27.4&#8243; _module_preset=\u00bbdefault\u00bb min_height=\u00bb100px\u00bb height=\u00bb148px\u00bb max_height=\u00bb1000px\u00bb global_colors_info=\u00bb{}\u00bb][\/et_pb_image][\/et_pb_column][\/et_pb_row][et_pb_row column_structure=\u00bb1_2,1_2&#8243; _builder_version=\u00bb4.27.4&#8243; _module_preset=\u00bbdefault\u00bb locked=\u00bboff\u00bb global_colors_info=\u00bb{}\u00bb][et_pb_column type=\u00bb1_2&#8243; _builder_version=\u00bb4.27.4&#8243; _module_preset=\u00bbdefault\u00bb global_colors_info=\u00bb{}\u00bb][et_pb_accordion _builder_version=\u00bb4.27.4&#8243; _module_preset=\u00bbdefault\u00bb hover_enabled=\u00bb0&#8243; global_colors_info=\u00bb{}\u00bb sticky_enabled=\u00bb0&#8243;][et_pb_accordion_item title=\u00bbConsejo Consultivo Cooperativo\u00bb open=\u00bbon\u00bb _builder_version=\u00bb4.27.4&#8243; _module_preset=\u00bbdefault\u00bb hover_enabled=\u00bb0&#8243; global_colors_info=\u00bb{}\u00bb sticky_enabled=\u00bb0&#8243;]<\/p>\n<p><span>El Consejo Consultivo est\u00e1 creado tal como lo dispone la Ley 5.347 de Creaci\u00f3n del Fondo para la Educaci\u00f3n y la Promoci\u00f3n Cooperativa, en su art\u00edculo 5:<\/span><\/p>\n<p><span>\u201cEn el \u00e1mbito de actuaci\u00f3n del \u00f3rgano local competente para atender en materia cooperativa funcionar\u00e1 un consejo consultivo honorario, integrado por hasta diez (10) miembros designados por el Poder Ejecutivo a propuesta de las organizaciones cooperativas de segundo grado y entidades civiles que las representen, debidamente reconocidas por el Gobierno provincial y con domicilio en la provincia, a raz\u00f3n de un miembro por asociaci\u00f3n de tal caracter\u00edstica.\u201d<\/span><\/p>\n<p><span>El mismo se re\u00fane mensualmente para trabajar en diversas tem\u00e1ticas correspondientes a las empresas cooperativas mendocinas.<\/span><\/p>\n<p>[\/et_pb_accordion_item][et_pb_accordion_item title=\u00bbArticulo 5&#8243; _builder_version=\u00bb4.27.4&#8243; _module_preset=\u00bbdefault\u00bb global_colors_info=\u00bb{}\u00bb open=\u00bboff\u00bb]<\/p>\n<p><span>\u201cEn el \u00e1mbito de actuaci\u00f3n del \u00f3rgano local competente para atender en materia cooperativa funcionar\u00e1 un consejo consultivo honorario, integrado por hasta diez (10) miembros designados por el Poder Ejecutivo a propuesta de las organizaciones cooperativas de segundo grado y entidades civiles que las representen, debidamente reconocidas por el Gobierno provincial y con domicilio en la provincia, a raz\u00f3n de un miembro por asociaci\u00f3n de tal caracter\u00edstica.\u201d<\/span><\/p>\n<p>[\/et_pb_accordion_item][\/et_pb_accordion][\/et_pb_column][et_pb_column type=\u00bb1_2&#8243; _builder_version=\u00bb4.27.4&#8243; _module_preset=\u00bbdefault\u00bb global_colors_info=\u00bb{}\u00bb][et_pb_image src=\u00bbhttps:\/\/mza-dicaws-portal-uploads-media-prod.s3.amazonaws.com\/informacion-oficial\/uploads\/sites\/17\/2025\/08\/encuentro-mujeres.jpeg\u00bb title_text=\u00bbencuentro mujeres\u00bb _builder_version=\u00bb4.27.4&#8243; _module_preset=\u00bbdefault\u00bb global_colors_info=\u00bb{}\u00bb][\/et_pb_image][\/et_pb_column][\/et_pb_row][\/et_pb_section][et_pb_section fb_built=\u00bb1&#8243; _builder_version=\u00bb4.27.4&#8243; _module_preset=\u00bbdefault\u00bb locked=\u00bboff\u00bb global_colors_info=\u00bb{}\u00bb][et_pb_row _builder_version=\u00bb4.27.4&#8243; _module_preset=\u00bbdefault\u00bb global_colors_info=\u00bb{}\u00bb][et_pb_column type=\u00bb4_4&#8243; _builder_version=\u00bb4.27.4&#8243; _module_preset=\u00bbdefault\u00bb background_color=\u00bb#000F9F\u00bb custom_padding=\u00bb6px||6px|9px|true|false\u00bb animation_style=\u00bbfade\u00bb link_option_url=\u00bbLas enfermedades m\u00e1s letales para las abejas\u00bb global_colors_info=\u00bb{}\u00bb][et_pb_heading title=\u00bbCapacitaciones\u00bb _builder_version=\u00bb4.27.4&#8243; _module_preset=\u00bbdefault\u00bb title_text_color=\u00bb#FFFFFF\u00bb custom_padding=\u00bb||0px|||\u00bb global_colors_info=\u00bb{}\u00bb custom_margin=\u00bb-1px|||||\u00bb][\/et_pb_heading][\/et_pb_column][\/et_pb_row][et_pb_row column_structure=\u00bb1_2,1_2&#8243; _builder_version=\u00bb4.27.4&#8243; _module_preset=\u00bbdefault\u00bb locked=\u00bboff\u00bb global_colors_info=\u00bb{}\u00bb][et_pb_column type=\u00bb1_2&#8243; _builder_version=\u00bb4.27.4&#8243; _module_preset=\u00bbdefault\u00bb global_colors_info=\u00bb{}\u00bb][et_pb_blurb use_icon=\u00bbon\u00bb font_icon=\u00bb&#xe00e;||divi||400&#8243; icon_color=\u00bb#C8A977&#8243; icon_placement=\u00bbleft\u00bb image_icon_width=\u00bb48px\u00bb content_max_width=\u00bb100%\u00bb image_icon_width_tablet=\u00bb120px\u00bb image_icon_width_phone=\u00bb80px\u00bb image_icon_width_last_edited=\u00bboff|phone\u00bb _builder_version=\u00bb4.27.4&#8243; _module_preset=\u00bb5635b989-66d4-4674-b533-7c2fe71428fb\u00bb header_font=\u00bbMontserrat|700|||||||\u00bb header_text_color=\u00bb#000F9F\u00bb header_font_size=\u00bb20px\u00bb header_line_height=\u00bb1.2em\u00bb body_font=\u00bbMontserrat||||||||\u00bb body_line_height=\u00bb1.6em\u00bb custom_padding=\u00bb0px|||||\u00bb animation=\u00bboff\u00bb header_font_size_tablet=\u00bb18px\u00bb header_font_size_phone=\u00bb16px\u00bb header_font_size_last_edited=\u00bbon|phone\u00bb locked=\u00bboff\u00bb global_colors_info=\u00bb{}\u00bb][\/et_pb_blurb][et_pb_accordion _builder_version=\u00bb4.27.4&#8243; _module_preset=\u00bbdefault\u00bb hover_enabled=\u00bb0&#8243; global_colors_info=\u00bb{}\u00bb sticky_enabled=\u00bb0&#8243;][et_pb_accordion_item title=\u00bbCapacitaci\u00f3n Pre-Cooperativa\u00bb open=\u00bbon\u00bb _builder_version=\u00bb4.27.4&#8243; _module_preset=\u00bbdefault\u00bb hover_enabled=\u00bb0&#8243; global_colors_info=\u00bb{}\u00bb sticky_enabled=\u00bb0&#8243;]<\/p>\n<p><span>Instancia de acompa\u00f1amiento para la conformaci\u00f3n de nuevas cooperativas, abordando informaci\u00f3n base, aspectos legales y formas de organizaci\u00f3n.<\/span><\/p>\n<p>[\/et_pb_accordion_item][et_pb_accordion_item title=\u00bbInscripci\u00f3n\u00bb _builder_version=\u00bb4.27.4&#8243; _module_preset=\u00bbdefault\u00bb hover_enabled=\u00bb0&#8243; global_colors_info=\u00bb{}\u00bb open=\u00bboff\u00bb sticky_enabled=\u00bb0&#8243;]<\/p>\n<p><span> <\/span><span>Ingreso de documentaci\u00f3n v\u00eda Ventanilla \u00danica:<br \/><a href=\"https:\/\/ticketsform.mendoza.gov.ar\/ticketsform\/servlet\/responderformulario?VU_FORM_SOLICITUD_DE_INGRESO_DE_TRAMITE\">https:\/\/ticketsform.mendoza.gov.ar\/ticketsform\/servlet\/responderformulario?VU_FORM_SOLICITUD_DE_INGRESO_DE_TRAMITE<\/a><\/span><\/p>\n<p>[\/et_pb_accordion_item][\/et_pb_accordion][\/et_pb_column][et_pb_column type=\u00bb1_2&#8243; _builder_version=\u00bb4.27.4&#8243; _module_preset=\u00bbdefault\u00bb global_colors_info=\u00bb{}\u00bb][et_pb_blurb use_icon=\u00bbon\u00bb font_icon=\u00bb&#x77;||divi||400&#8243; icon_color=\u00bb#C8A977&#8243; icon_placement=\u00bbleft\u00bb image_icon_width=\u00bb48px\u00bb content_max_width=\u00bb100%\u00bb image_icon_width_tablet=\u00bb120px\u00bb image_icon_width_phone=\u00bb80px\u00bb image_icon_width_last_edited=\u00bboff|phone\u00bb _builder_version=\u00bb4.27.4&#8243; _module_preset=\u00bb5635b989-66d4-4674-b533-7c2fe71428fb\u00bb header_font=\u00bbMontserrat|700|||||||\u00bb header_text_color=\u00bb#000F9F\u00bb header_font_size=\u00bb20px\u00bb header_line_height=\u00bb1.2em\u00bb body_font=\u00bbMontserrat||||||||\u00bb body_line_height=\u00bb1.6em\u00bb animation=\u00bboff\u00bb header_font_size_tablet=\u00bb18px\u00bb header_font_size_phone=\u00bb16px\u00bb header_font_size_last_edited=\u00bbon|phone\u00bb locked=\u00bboff\u00bb global_colors_info=\u00bb{}\u00bb][\/et_pb_blurb][et_pb_accordion _builder_version=\u00bb4.27.4&#8243; _module_preset=\u00bbdefault\u00bb hover_enabled=\u00bb0&#8243; global_colors_info=\u00bb{}\u00bb sticky_enabled=\u00bb0&#8243;][et_pb_accordion_item title=\u00bbMendoza Coopera Entrena\u00bb open=\u00bbon\u00bb _builder_version=\u00bb4.27.4&#8243; _module_preset=\u00bbdefault\u00bb global_colors_info=\u00bb{}\u00bb]<\/p>\n<p>Ciclo de capacitaciones orientadas a distintas tem\u00e1ticas vinculadas a cooperativas (aspectos legales, administrativos, etc<\/p>\n<p>&nbsp;<\/p>\n<p>[\/et_pb_accordion_item][\/et_pb_accordion][\/et_pb_column][\/et_pb_row][et_pb_row _builder_version=\u00bb4.27.4&#8243; _module_preset=\u00bbdefault\u00bb global_colors_info=\u00bb{}\u00bb][et_pb_column type=\u00bb4_4&#8243; _builder_version=\u00bb4.27.4&#8243; _module_preset=\u00bbdefault\u00bb background_color=\u00bb#000F9F\u00bb custom_padding=\u00bb6px||6px|9px|true|false\u00bb animation_style=\u00bbfade\u00bb link_option_url=\u00bbLas enfermedades m\u00e1s letales para las abejas\u00bb global_colors_info=\u00bb{}\u00bb][et_pb_heading title=\u00bbNormativa \/ Capacitaciones\u00bb _builder_version=\u00bb4.27.4&#8243; _module_preset=\u00bbdefault\u00bb title_text_color=\u00bb#FFFFFF\u00bb custom_padding=\u00bb||0px|||\u00bb global_colors_info=\u00bb{}\u00bb custom_margin=\u00bb-1px|||||\u00bb][\/et_pb_heading][\/et_pb_column][\/et_pb_row][et_pb_row column_structure=\u00bb1_2,1_2&#8243; _builder_version=\u00bb4.27.4&#8243; _module_preset=\u00bbdefault\u00bb hover_enabled=\u00bb0&#8243; locked=\u00bboff\u00bb global_colors_info=\u00bb{}\u00bb sticky_enabled=\u00bb0&#8243;][et_pb_column type=\u00bb1_2&#8243; _builder_version=\u00bb4.27.4&#8243; _module_preset=\u00bbdefault\u00bb hover_enabled=\u00bb0&#8243; global_colors_info=\u00bb{}\u00bb sticky_enabled=\u00bb0&#8243; link_option_url=\u00bb\u25cf\tResoluci\u00f3n 9\/2019&#8243;][et_pb_accordion _builder_version=\u00bb4.27.4&#8243; _module_preset=\u00bbdefault\u00bb hover_enabled=\u00bb0&#8243; global_colors_info=\u00bb{}\u00bb sticky_enabled=\u00bb0&#8243;][et_pb_accordion_item title=\u00bbResoluci\u00f3n 9\/2019&#8243; _builder_version=\u00bb4.27.4&#8243; _module_preset=\u00bbdefault\u00bb hover_enabled=\u00bb0&#8243; sticky_enabled=\u00bb0&#8243; open=\u00bboff\u00bb]<\/p>\n<p><a href=\"https:\/\/www.cpcemza.org.ar\/res\/27\/4resolucion092019dayc1.pdf\">https:\/\/www.cpcemza.org.ar\/res\/27\/4resolucion092019dayc1.pdf<\/a><\/p>\n<p>[\/et_pb_accordion_item][et_pb_accordion_item title=\u00bbLey 20.337&#8243; _builder_version=\u00bb4.27.4&#8243; _module_preset=\u00bbdefault\u00bb hover_enabled=\u00bb0&#8243; sticky_enabled=\u00bb0&#8243; open=\u00bboff\u00bb]<\/p>\n<p><a href=\"https:\/\/servicios.infoleg.gob.ar\/infolegInternet\/anexos\/1500019999\/18462\/texact.htm\">https:\/\/servicios.infoleg.gob.ar\/infolegInternet\/anexos\/1500019999\/18462\/texact.htm<\/a><\/p>\n<p>[\/et_pb_accordion_item][et_pb_accordion_item title=\u00bbLey 5347&#8243; _builder_version=\u00bb4.27.4&#8243; _module_preset=\u00bbdefault\u00bb hover_enabled=\u00bb0&#8243; sticky_enabled=\u00bb0&#8243; open=\u00bbon\u00bb]<\/p>\n<p><a href=\"https:\/\/www.argentina.gob.ar\/normativa\/provincial\/ley5347-123456789-0abc-defg-743-5000mvorpyel\">https:\/\/www.argentina.gob.ar\/normativa\/provincial\/ley5347-123456789-0abc-defg-743-5000mvorpyel<\/a><\/p>\n<p>[\/et_pb_accordion_item][\/et_pb_accordion][\/et_pb_column][et_pb_column type=\u00bb1_2&#8243; _builder_version=\u00bb4.27.4&#8243; _module_preset=\u00bbdefault\u00bb global_colors_info=\u00bb{}\u00bb][et_pb_accordion _builder_version=\u00bb4.27.4&#8243; _module_preset=\u00bbdefault\u00bb hover_enabled=\u00bb0&#8243; global_colors_info=\u00bb{}\u00bb sticky_enabled=\u00bb0&#8243;][et_pb_accordion_item title=\u00bbLey 8635&#8243; _builder_version=\u00bb4.27.4&#8243; _module_preset=\u00bbdefault\u00bb hover_enabled=\u00bb0&#8243; sticky_enabled=\u00bb0&#8243;]<\/p>\n<p><a href=\"https:\/\/www.saij.gob.ar\/8635-local-mendoza-creacionprograma-fomento-cooperativo-escolar-profocoope-lpm00086352013-12-17\/123456789-0abc-defg-536-8000mvorpyel\">https:\/\/www.saij.gob.ar\/8635-local-mendoza-creacionprograma-fomento-cooperativo-escolar-profocoope-lpm00086352013-12-17\/123456789-0abc-defg-536-8000mvorpyel<\/a><\/p>\n<p>[\/et_pb_accordion_item][et_pb_accordion_item title=\u00bbLey 5316&#8243; _builder_version=\u00bb4.27.4&#8243; _module_preset=\u00bbdefault\u00bb hover_enabled=\u00bb0&#8243; sticky_enabled=\u00bb0&#8243;]<\/p>\n<p><a href=\"https:\/\/www.saij.gob.ar\/5316-local-mendoza-creaciondireccion-provincial-cooperativas-lpm0005316-1988-0628\/123456789-0abc-defg-613-5000mvorpyel\">https:\/\/www.saij.gob.ar\/5316-local-mendoza-creaciondireccion-provincial-cooperativas-lpm0005316-1988-0628\/123456789-0abc-defg-613-5000mvorpyel<\/a><\/p>\n<p>[\/et_pb_accordion_item][\/et_pb_accordion][\/et_pb_column][\/et_pb_row][\/et_pb_section][et_pb_section fb_built=\u00bb1&#8243; _builder_version=\u00bb4.27.4&#8243; _module_preset=\u00bbdefault\u00bb global_colors_info=\u00bb{}\u00bb][et_pb_row column_structure=\u00bb2_3,1_3&#8243; _builder_version=\u00bb4.27.4&#8243; _module_preset=\u00bbdefault\u00bb background_color=\u00bb#000F9F\u00bb border_radii=\u00bbon|7px|7px|7px|7px\u00bb border_width_left=\u00bb33px\u00bb border_color_left=\u00bb#000F9F\u00bb locked=\u00bboff\u00bb global_colors_info=\u00bb{}\u00bb][et_pb_column type=\u00bb2_3&#8243; _builder_version=\u00bb4.27.4&#8243; _module_preset=\u00bbdefault\u00bb global_colors_info=\u00bb{}\u00bb][et_pb_text _builder_version=\u00bb4.19.2&#8243; _module_preset=\u00bbcb4aaaa5-76cf-422d-8e1a-ae14589b5edc\u00bb header_2_text_color=\u00bb#FFFFFF\u00bb custom_padding=\u00bb1px|||||\u00bb global_colors_info=\u00bb{}\u00bb]<\/p>\n<h2>Nuevo canal de ingreso de tr\u00e1mites<\/h2>\n<p>[\/et_pb_text][et_pb_button button_url=\u00bbhttps:\/\/ticketsform.mendoza.gov.ar\/ticketsform\/servlet\/responderformulario?VU_FORM_SOLICITUD_DE_INGRESO_DE_TRAMITE\u00bb button_text=\u00bbVentanilla \u00danica\u00bb _builder_version=\u00bb4.27.4&#8243; _module_preset=\u00bbdefault\u00bb global_colors_info=\u00bb{}\u00bb][\/et_pb_button][\/et_pb_column][et_pb_column type=\u00bb1_3&#8243; _builder_version=\u00bb4.19.1&#8243; _module_preset=\u00bbdefault\u00bb global_colors_info=\u00bb{}\u00bb][et_pb_image src=\u00bbhttps:\/\/mza-dicaws-portal-uploads-media-prod.s3.us-east-1.amazonaws.com\/informacion-oficial\/uploads\/sites\/17\/2025\/04\/148-1.png\u00bb title_text=\u00bb148-1&#8243; align=\u00bbcenter\u00bb _builder_version=\u00bb4.27.4&#8243; _module_preset=\u00bbdefault\u00bb max_height_tablet=\u00bb300px\u00bb max_height_phone=\u00bb300px\u00bb max_height_last_edited=\u00bbon|tablet\u00bb global_colors_info=\u00bb{}\u00bb][\/et_pb_image][\/et_pb_column][\/et_pb_row][\/et_pb_section][et_pb_section fb_built=\u00bb1&#8243; theme_builder_area=\u00bbpost_content\u00bb _builder_version=\u00bb4.27.4&#8243; _module_preset=\u00bbdefault\u00bb][\/et_pb_section]<\/p>\n","protected":false},"excerpt":{"rendered":"<p>Acompa\u00f1amos a los grupos que quieren conformar cooperativas: brindamos capacitaci\u00f3n para entender lo que implica armar una cooperativa dando conocimientos sobre la implicancia de su conformaci\u00f3n.Mendoza Cooperativas Entrena: Capacitaciones en gesti\u00f3n, resoluci\u00f3n de conflictos y comercializaci\u00f3n entre otros. Buscamos que las cooperativas tengan herramientas para sostenerse en el tiempo y sean exitosas en su gesti\u00f3n. [&hellip;]<\/p>\n","protected":false},"author":22,"featured_media":0,"parent":0,"menu_order":0,"comment_status":"closed","ping_status":"closed","template":"","meta":{"_et_pb_use_builder":"on","_et_pb_old_content":"","_et_gb_content_width":"","footnotes":""},"class_list":["post-1548","page","type-page","status-publish","hentry"],"_links":{"self":[{"href":"https:\/\/informacionoficial.mendoza.gob.ar\/produccion\/wp-json\/wp\/v2\/pages\/1548","targetHints":{"allow":["GET"]}}],"collection":[{"href":"https:\/\/informacionoficial.mendoza.gob.ar\/produccion\/wp-json\/wp\/v2\/pages"}],"about":[{"href":"https:\/\/informacionoficial.mendoza.gob.ar\/produccion\/wp-json\/wp\/v2\/types\/page"}],"author":[{"embeddable":true,"href":"https:\/\/informacionoficial.mendoza.gob.ar\/produccion\/wp-json\/wp\/v2\/users\/22"}],"replies":[{"embeddable":true,"href":"https:\/\/informacionoficial.mendoza.gob.ar\/produccion\/wp-json\/wp\/v2\/comments?post=1548"}],"version-history":[{"count":39,"href":"https:\/\/informacionoficial.mendoza.gob.ar\/produccion\/wp-json\/wp\/v2\/pages\/1548\/revisions"}],"predecessor-version":[{"id":3403,"href":"https:\/\/informacionoficial.mendoza.gob.ar\/produccion\/wp-json\/wp\/v2\/pages\/1548\/revisions\/3403"}],"wp:attachment":[{"href":"https:\/\/informacionoficial.mendoza.gob.ar\/produccion\/wp-json\/wp\/v2\/media?parent=1548"}],"curies":[{"name":"wp","href":"https:\/\/api.w.org\/{rel}","templated":true}]}}