{"id":451,"date":"2025-07-08T17:15:54","date_gmt":"2025-07-08T15:15:54","guid":{"rendered":"https:\/\/informacionoficial.mendoza.gob.ar\/produccion\/?page_id=451"},"modified":"2026-04-07T11:08:36","modified_gmt":"2026-04-07T14:08:36","slug":"atencion-ciudadana","status":"publish","type":"page","link":"https:\/\/informacionoficial.mendoza.gob.ar\/produccion\/atencion-ciudadana\/","title":{"rendered":"Atenci\u00f3n Ciudadana"},"content":{"rendered":"<p>[et_pb_section fb_built=\u00bb1&#8243; _builder_version=\u00bb4.27.4&#8243; _module_preset=\u00bbdefault\u00bb background_color=\u00bb#f2f2f2&#8243; custom_margin=\u00bb||||false|false\u00bb custom_padding=\u00bb1rem||1rem||false|false\u00bb global_colors_info=\u00bb{}\u00bb][et_pb_row _builder_version=\u00bb4.27.4&#8243; _module_preset=\u00bbdefault\u00bb custom_margin=\u00bb1rem||||false|false\u00bb custom_padding=\u00bb1rem||1rem||false|false\u00bb locked=\u00bboff\u00bb global_colors_info=\u00bb{}\u00bb][et_pb_column type=\u00bb4_4&#8243; _builder_version=\u00bb4.27.4&#8243; _module_preset=\u00bbdefault\u00bb global_colors_info=\u00bb{}\u00bb][et_pb_post_title meta=\u00bboff\u00bb featured_image=\u00bboff\u00bb _builder_version=\u00bb4.27.4&#8243; _module_preset=\u00bb_initial\u00bb title_font=\u00bb|700|||||||\u00bb title_text_align=\u00bbcenter\u00bb title_text_color=\u00bb#000000&#8243; title_font_size=\u00bb30px\u00bb meta_text_align=\u00bbjustify\u00bb background_color=\u00bb#FFFFFF\u00bb module_alignment=\u00bbcenter\u00bb custom_margin=\u00bb0px||0px||false|false\u00bb custom_padding=\u00bb1em||1em||false|false\u00bb title_font_size_tablet=\u00bb30px\u00bb title_font_size_phone=\u00bb26px\u00bb title_font_size_last_edited=\u00bbon|phone\u00bb border_radii=\u00bbon|15px|15px|15px|15px\u00bb box_shadow_style=\u00bbpreset1&#8243; global_colors_info=\u00bb{}\u00bb][\/et_pb_post_title][\/et_pb_column][\/et_pb_row][et_pb_row _builder_version=\u00bb4.27.4&#8243; _module_preset=\u00bbdefault\u00bb global_colors_info=\u00bb{}\u00bb][et_pb_column type=\u00bb4_4&#8243; _builder_version=\u00bb4.27.4&#8243; _module_preset=\u00bbdefault\u00bb global_colors_info=\u00bb{}\u00bb][et_pb_code _builder_version=\u00bb4.27.4&#8243; _module_preset=\u00bbdefault\u00bb width=\u00bb100%\u00bb max_width=\u00bb100%\u00bb custom_css_free_form=\u00bb.custom-search-form {||    text-align: center;||    margin: 20px auto;||    max-width: 80%;||    border: 1px solid #ccc;||    padding: 20px 4px;||    border-radius: 50px;||    font-size: 20px;||    box-shadow: 0 4px 8px rgba(0, 0, 0, 0.1);||    background: white;||    display: flex;||    flex-wrap: wrap;||    justify-content: center;||    gap: 10px;||}||||.custom-search-input {||    padding: 10px;||    width: 70%;||    border: none !important;||    background: transparent;||    border-radius: 50px;||    font-size: 20px;||}||||.custom-search-button {||    padding: 15px 20px 15px  20px;||    border: none;||    border-radius: 40px;||    background: rgb(223, 172, 107);||    color: white;||    font-size: 15px;||    cursor: pointer;||  \twidth:100px;||}||.custom-search-button img{||  display:none;||}||||||\/* Estilos responsive para m\u00f3viles *\/||@media screen and (max-width: 768px) {||    .custom-search-input {||        width: 70%;||        font-size: 18px;||    }||  .custom-search-input::placeholder {||    font-size: 12px;||}||||    .custom-search-button {||        width: 20%;||        padding: 15px;||        font-size: 16px;||    }||  .custom-search-button img{||    width:20px;||    display:flex||  }|| .custom-search-button p{||    display: none;||  }||    .custom-search-form {||        padding: 10px;||        font-size: 18px;||    }||}||\u00bb global_colors_info=\u00bb{}\u00bb]\n    <form method=\"get\" action=\"https:\/\/atencionciudadana.mendoza.gob.ar\/\" class=\"custom-search-form\">\n        <input type=\"text\" name=\"s\" placeholder=\"\u00bfQu\u00e9 tr\u00e1mite necesit\u00e1s?\" class=\"custom-search-input\" value=\"\" required>\n        <button type=\"submit\" class=\"custom-search-button\"><p>Buscar<\/p><image src=\"http:\/\/atencionciudadana.mendoza.gob.ar\/wp-content\/uploads\/2025\/06\/Diseno_sin_titulo__1_-removebg-preview.png\" alt=\"buscar\"\/><\/button>\n    <\/form>\n\n\n    [\/et_pb_code][\/et_pb_column][\/et_pb_row][et_pb_row column_structure=\u00bb1_3,1_3,1_3&#8243; use_custom_gutter=\u00bbon\u00bb gutter_width=\u00bb2&#8243; make_equal=\u00bbon\u00bb _builder_version=\u00bb4.27.4&#8243; _module_preset=\u00bbdefault\u00bb custom_margin=\u00bb0px||0px||false|false\u00bb custom_padding=\u00bb1rem||1rem||true|false\u00bb locked=\u00bboff\u00bb global_colors_info=\u00bb{}\u00bb][et_pb_column type=\u00bb1_3&#8243; _builder_version=\u00bb4.27.4&#8243; _module_preset=\u00bbdefault\u00bb custom_padding=\u00bb1em||||false|false\u00bb global_colors_info=\u00bb{}\u00bb][et_pb_text module_id=\u00bbcultura\u00bb _builder_version=\u00bb4.27.4&#8243; _module_preset=\u00bbdefault\u00bb text_font=\u00bb|600|||||||\u00bb text_text_color=\u00bb#FFFFFF\u00bb text_font_size=\u00bb20px\u00bb background_color=\u00bb#3CB4E5&#8243; custom_margin=\u00bb0px||0px||true|false\u00bb custom_padding=\u00bb1rem|1rem|1rem|1rem|true|true\u00bb border_radii=\u00bboff|15px|15px||\u00bb global_colors_info=\u00bb{}\u00bb]<\/p>\n<p style=\"text-align: center\">Subsecretar\u00eda de Industria y comercio y Log\u00edstica<\/p>\n<p>[\/et_pb_text][et_pb_toggle title=\u00bbCooperativas\u00bb _builder_version=\u00bb4.27.4&#8243; _module_preset=\u00bbdefault\u00bb locked=\u00bboff\u00bb global_colors_info=\u00bb{}\u00bb]<\/p>\n<ul>\n<li><a href=\"https:\/\/atencionciudadana.mendoza.gob.ar\/cooperativas-pre-constitucion\/%20Cooperativas - Autorizaci\u00f3n a Funcionar https:\/\/atencionciudadana.mendoza.gob.ar\/cooperativas-autorizacion-a-funcionar\/\">Cooperativas &#8211; Pre-constituci\u00f3n\u00a0<\/a><\/li>\n<li><a href=\"https:\/\/atencionciudadana.mendoza.gob.ar\/cooperativas-modificaciones-estatutarias\/\">Cooperativas &#8211; Modificaciones Estatutarias\u00a0<\/a><\/li>\n<li><a href=\"https:\/\/atencionciudadana.mendoza.gob.ar\/cooperativas-aprobacion-y-reformas-de-reglamentos-internos\/\">Cooperativas &#8211; Aprobaci\u00f3n y Reformas de Reglamentos Internos<\/a><\/li>\n<li><a href=\"https:\/\/atencionciudadana.mendoza.gob.ar\/cooperativas-autorizacion-a-funcionar-de-agencias-y-sucursales\/\">Cooperativas &#8211; Autorizaci\u00f3n a Funcionar de Agencias y Sucursales\u00a0<\/a><\/li>\n<li><a href=\"https:\/\/atencionciudadana.mendoza.gob.ar\/cooperativas-rubrica-de-libros-sociales-y-contables\/\">Cooperativas &#8211; Rubrica de Libros Sociales y Contables\u00a0<\/a><\/li>\n<li><a href=\"https:\/\/atencionciudadana.mendoza.gob.ar\/cooperativas-perdida-de-libros\/\">Cooperativas &#8211; P\u00e9rdida de Libros\u00a0<\/a><\/li>\n<li><a href=\"https:\/\/atencionciudadana.mendoza.gob.ar\/cooperativas-remision-posterior-a-asamblea\/\">Cooperativas &#8211; Remisi\u00f3n Posterior a Asamblea\u00a0<\/a><\/li>\n<li><a href=\"https:\/\/atencionciudadana.mendoza.gob.ar\/cooperativas-inspecciones-y-veedores-a-asamblea\/\">Cooperativas &#8211; Inspecciones y Veedores a Asamblea <\/a><\/li>\n<li><a href=\"https:\/\/atencionciudadana.mendoza.gob.ar\/cooperativas-denuncias\/\">Cooperativas &#8211; Denuncias <\/a><\/li>\n<li><a href=\"https:\/\/atencionciudadana.mendoza.gob.ar\/cooperativas-solicitud-de-capacitacion\/\">Cooperativas &#8211; Solicitud de Capacitaci\u00f3n <\/a><\/li>\n<li><a href=\"https:\/\/atencionciudadana.mendoza.gob.ar\/cooperativas-solicitud-de-copias\/\">Cooperativas &#8211; Solicitud de Copias\u00a0<\/a><\/li>\n<\/ul>\n<p>[\/et_pb_toggle][et_pb_toggle title=\u00bbEmprendedores \u00bb _builder_version=\u00bb4.27.4&#8243; _module_preset=\u00bbdefault\u00bb locked=\u00bboff\u00bb global_colors_info=\u00bb{}\u00bb]<\/p>\n<ul>\n<li><a href=\"https:\/\/atencionciudadana.mendoza.gob.ar\/mendoza-emprende-emprendedores\/\">Mendoza Emprende Emprendedores<\/a>\u00a0<\/li>\n<\/ul>\n<p>[\/et_pb_toggle][et_pb_toggle title=\u00bbFiscalizaci\u00f3n, Control y Tecnolog\u00eda AgroIndustrial\u00bb _builder_version=\u00bb4.27.4&#8243; _module_preset=\u00bbdefault\u00bb locked=\u00bboff\u00bb global_colors_info=\u00bb{}\u00bb]<\/p>\n<ul>\n<li>tramirte 1<\/li>\n<li>tramite 2<\/li>\n<li>tramite 3<\/li>\n<\/ul>\n<p>[\/et_pb_toggle][et_pb_toggle title=\u00bbRaices\u00bb _builder_version=\u00bb4.27.4&#8243; _module_preset=\u00bbdefault\u00bb locked=\u00bboff\u00bb global_colors_info=\u00bb{}\u00bb]<\/p>\n<ul>\n<li><a href=\"https:\/\/atencionciudadana.mendoza.gob.ar\/raices-mendoza\/\">Raices<\/a><\/li>\n<\/ul>\n<p>[\/et_pb_toggle][\/et_pb_column][et_pb_column type=\u00bb1_3&#8243; _builder_version=\u00bb4.27.4&#8243; _module_preset=\u00bbdefault\u00bb custom_padding=\u00bb1em||||false|false\u00bb global_colors_info=\u00bb{}\u00bb][et_pb_text module_id=\u00bbcultura\u00bb _builder_version=\u00bb4.27.4&#8243; _module_preset=\u00bbdefault\u00bb text_font=\u00bb|600|||||||\u00bb text_text_color=\u00bb#FFFFFF\u00bb text_font_size=\u00bb20px\u00bb background_color=\u00bb#3CB4E5&#8243; custom_margin=\u00bb0px||0px||true|false\u00bb custom_padding=\u00bb1rem|1rem|1rem|1rem|true|true\u00bb border_radii=\u00bboff|15px|15px||\u00bb global_colors_info=\u00bb{}\u00bb]<\/p>\n<p style=\"text-align: center\">Subsecretar\u00eda de Agricultura y Ganader\u00eda<\/p>\n<p>[\/et_pb_text][et_pb_toggle title=\u00bbAgricultura\u00bb _builder_version=\u00bb4.27.4&#8243; _module_preset=\u00bbdefault\u00bb global_colors_info=\u00bb{}\u00bb]<\/p>\n<ul>\n<li><a href=\"https:\/\/atencionciudadana.mendoza.gob.ar\/buenas-practicas-agricolas\/\">Buenas Pr\u00e1cticas Agr\u00edcolas<\/a><\/li>\n<li><a href=\"https:\/\/atencionciudadana.mendoza.gob.ar\/inscripcion-rut-redirige-a-login-sia\/\" target=\"_blank\" rel=\"noopener\">Inscripcion RUT &#8211; redirige a login SIA<\/a><\/li>\n<\/ul>\n<p>[\/et_pb_toggle][et_pb_toggle title=\u00bbGanader\u00eda\u00bb _builder_version=\u00bb4.27.4&#8243; _module_preset=\u00bbdefault\u00bb global_colors_info=\u00bb{}\u00bb]<\/p>\n<ul>\n<li><a href=\"https:\/\/atencionciudadana.mendoza.gob.ar\/plan-vaca\/\">Plan Vaca\u00a0<\/a><\/li>\n<li><a href=\"https:\/\/atencionciudadana.mendoza.gob.ar\/plan-de-mejora-genetica\/\">Plan de mejora gen\u00e9tica <\/a><\/li>\n<li><a href=\"https:\/\/atencionciudadana.mendoza.gob.ar\/plan-apicola\/\">Plan ap\u00edcola <\/a><\/li>\n<li><a href=\"https:\/\/atencionciudadana.mendoza.gob.ar\/procedimientos-para-la-habilitacion-de-establecimientos-transportes-y-toma-de-muestras\/\">Procedimientos para la habilitaci\u00f3n de establecimientos, transportes y toma de muestras <\/a><\/li>\n<li><a href=\"https:\/\/atencionciudadana.mendoza.gob.ar\/servicios-marcas-y-senales\/\">Servicios Marcas y Se\u00f1ales<\/a><\/li>\n<li><a href=\"https:\/\/atencionciudadana.mendoza.gob.ar\/guia-de-traslado-de-animales\/\">Gu\u00eda de traslado de animales\u00a0<\/a><\/li>\n<\/ul>\n<p>[\/et_pb_toggle][et_pb_toggle title=\u00bbContingencias Clim\u00e1ticas\u00bb _builder_version=\u00bb4.27.4&#8243; _module_preset=\u00bbdefault\u00bb global_colors_info=\u00bb{}\u00bb]<\/p>\n<ul>\n<li><a href=\"https:\/\/atencionciudadana.mendoza.gob.ar\/riesgo-agricola-procedimiento-denuncias-o-pedidos-de-tasacion-por-contingencias-climaticas\/\">Denuncias por granizo o heladas<\/a><\/li>\n<li><a href=\"https:\/\/atencionciudadana.mendoza.gob.ar\/inscripcion-al-rut-digital\/\">Inscripci\u00f3n al RUT digital <\/a><\/li>\n<li><a href=\"https:\/\/atencionciudadana.mendoza.gob.ar\/actualizacion-rut\/\">Actualizaci\u00f3n anual RUT<\/a> (Registro de uso permanente de la tierra)<\/li>\n<li><a href=\"https:\/\/atencionciudadana.mendoza.gob.ar\/carga-de-datos-para-sistema-de-compensacion-fondo-compensador-agricola-2024-25\/\">Carga de datos bancarios Fondo Compensador Agr\u00edcola &#8211; 2024\/25 <\/a><\/li>\n<\/ul>\n<p>[\/et_pb_toggle][et_pb_toggle title=\u00bbIscamen\u00bb _builder_version=\u00bb4.27.4&#8243; _module_preset=\u00bbdefault\u00bb border_color_top=\u00bb#C8A977&#8243; global_colors_info=\u00bb{}\u00bb]<\/p>\n<ul>\n<li>tramirte 1<\/li>\n<\/ul>\n<p>[\/et_pb_toggle][\/et_pb_column][et_pb_column type=\u00bb1_3&#8243; _builder_version=\u00bb4.27.4&#8243; _module_preset=\u00bbdefault\u00bb custom_padding=\u00bb1em||||false|false\u00bb global_colors_info=\u00bb{}\u00bb][et_pb_text module_id=\u00bbcultura\u00bb _builder_version=\u00bb4.27.4&#8243; _module_preset=\u00bbdefault\u00bb text_font=\u00bb|600|||||||\u00bb text_text_color=\u00bb#FFFFFF\u00bb text_font_size=\u00bb20px\u00bb background_color=\u00bb#3CB4E5&#8243; custom_margin=\u00bb0px||0px||true|false\u00bb custom_padding=\u00bb1rem|1rem|1rem|1rem|true|true\u00bb border_radii=\u00bboff|15px|15px||\u00bb global_colors_info=\u00bb{}\u00bb]<\/p>\n<p style=\"text-align: center\">Subsecretar\u00eda de Empleo y Capacitaci\u00f3n<\/p>\n<p>[\/et_pb_text][et_pb_toggle title=\u00bbEmpleo y Capacitaci\u00f3n\u00bb _builder_version=\u00bb4.27.4&#8243; _module_preset=\u00bbdefault\u00bb locked=\u00bboff\u00bb global_colors_info=\u00bb{}\u00bb]<\/p>\n<ul>\n<ul>\n<ul>\n<li><a href=\"https:\/\/forms.gle\/ZyZHih65VXGhLfTs7\">Enlace &#8211; Inscripci\u00f3n Empresas<\/a><\/li>\n<li><a href=\"https:\/\/ticketsform.mendoza.gov.ar\/ticketsform\/com.tickets.responderformulario?EMPLEO_Y_CAPACITACION_PROGRAMA_ENLACE\">Enlace &#8211; Inscripci\u00f3n Municipios<\/a><\/li>\n<li><a href=\"https:\/\/ticketsform.mendoza.gov.ar\/ticketsform\/com.tickets.responderformulario?ENLACE_CONTROL_MENSUAL\">Enlace &#8211; Control Mensual<\/a><\/li>\n<li><a href=\"https:\/\/atencionciudadana.mendoza.gob.ar\/inscripciones-y-fechas-limites-prorroga\/\">Enlace &#8211; Pr\u00f3rrogas<\/a><\/li>\n<li><a href=\"https:\/\/atencionciudadana.mendoza.gob.ar\/enlace-bajas\/\">Enlace &#8211; Bajas\u00a0<\/a><\/li>\n<li><\/li>\n<li><a href=\"https:\/\/forms.gle\/uuyahpuwJb6uc46q9\">Enlace Joven &#8211; Inscripci\u00f3n Empresas<\/a><\/li>\n<li><a href=\"https:\/\/ticketsform.mendoza.gov.ar\/ticketsform\/com.tickets.responderformulario?PROGRAMA_ENLACE_JOVEN\">Enlace Joven &#8211; Inscripci\u00f3n Municipios<\/a><\/li>\n<li><a href=\"https:\/\/ticketsform.mendoza.gov.ar\/ticketsform\/com.tickets.responderformulario?ENLACE_CONTROL_MENSUAL\">Enlace Joven &#8211; Control Mensual<\/a><\/li>\n<li><a href=\"https:\/\/atencionciudadana.mendoza.gob.ar\/enlace-bajas\/\">Enlace Joven &#8211; Bajas<\/a><\/li>\n<li><\/li>\n<li><a href=\"https:\/\/atencionciudadana.mendoza.gob.ar\/enlazados-inscripcion\/\">Enlazados &#8211; Inscripci\u00f3n<\/a><\/li>\n<li><a style=\"font-size: 14px\">Enlazados &#8211; <\/a><a style=\"font-size: 14px\">Baja del programa<br \/><\/a><\/li>\n<li><a href=\"https:\/\/atencionciudadana.mendoza.gob.ar\/programa-enlazados-control-mensual\/\">Enlazados -Control Mensual\u00a0<\/a><\/li>\n<li><a href=\"https:\/\/atencionciudadana.mendoza.gob.ar\/modificacion-del-programa-enlazados\/\">Enlazados\u00a0<\/a> <a href=\"https:\/\/atencionciudadana.mendoza.gob.ar\/modificacion-del-programa-enlazados\/\">-Modificaci\u00f3n <\/a><\/li>\n<li><\/li>\n<li><a href=\"https:\/\/atencionciudadana.mendoza.gob.ar\/baja-del-programa-enlazados-estrategicos\/\" style=\"font-size: 14px\">Enlazados estrat\u00e9gicos<\/a><a href=\"https:\/\/atencionciudadana.mendoza.gob.ar\/baja-del-programa-enlazados-estrategicos\/\" style=\"font-size: 14px\">&#8211; Baja<\/a><\/li>\n<li><a href=\"https:\/\/atencionciudadana.mendoza.gob.ar\/control-mensual-enlazados-estrategicos\/\"><\/a><a href=\"https:\/\/atencionciudadana.mendoza.gob.ar\/control-mensual-enlazados-estrategicos\/\">Enlazados estrat\u00e9gicos<\/a><a href=\"https:\/\/atencionciudadana.mendoza.gob.ar\/control-mensual-enlazados-estrategicos\/\"> &#8211; Control mensual\u00a0<\/a><\/li>\n<li><a href=\"https:\/\/atencionciudadana.mendoza.gob.ar\/modificacion-del-programa-enlazados-estrategicos\/\">Enlazados estrat\u00e9gicos<\/a><a href=\"https:\/\/atencionciudadana.mendoza.gob.ar\/modificacion-del-programa-enlazados-estrategicos\/\"> &#8211; Modificaci\u00f3n<\/a><\/li>\n<li><\/li>\n<li><a href=\"https:\/\/atencionciudadana.mendoza.gob.ar\/enlazados-grandes-inversores-inscripcion-de-inversores\/\" style=\"font-size: 14px\">Enlazados grandes inversores &#8211; inscripci\u00f3n de inversores\u00a0<\/a><a href=\"https:\/\/atencionciudadana.mendoza.gob.ar\/baja-del-programa-enlazados-grandes-inversores\/\" style=\"font-size: 14px\"><\/a><\/li>\n<li><a href=\"https:\/\/atencionciudadana.mendoza.gob.ar\/enlazados-grandes-inversores-inscripcion-de-trabajadores\/\">Enlazados grandes inversores- inscripci\u00f3n de trabajadores\u00a0<\/a><\/li>\n<li><a href=\"https:\/\/atencionciudadana.mendoza.gob.ar\/baja-del-programa-enlazados-grandes-inversores\/\">Enlazados grandes inversores &#8211; <\/a><a href=\"https:\/\/atencionciudadana.mendoza.gob.ar\/baja-del-programa-enlazados-grandes-inversores\/\">Baja\u00a0<\/a><\/li>\n<li><a href=\"https:\/\/atencionciudadana.mendoza.gob.ar\/control-mensual-enlazados-grandes-inversores\/\"><\/a><a href=\"https:\/\/atencionciudadana.mendoza.gob.ar\/control-mensual-enlazados-grandes-inversores\/\">Enlazados grandes inversores\u00a0<\/a><a href=\"https:\/\/atencionciudadana.mendoza.gob.ar\/control-mensual-enlazados-grandes-inversores\/\">&#8211; Control mensual <\/a><\/li>\n<li><\/li>\n<li><a href=\"https:\/\/atencionciudadana.mendoza.gob.ar\/enlazados-continuidad-inscripcion\/\" style=\"font-size: 14px\">Enlazados continuidad &#8211; inscripci\u00f3n<\/a><\/li>\n<li><a href=\"https:\/\/atencionciudadana.mendoza.gob.ar\/baja-o-modificaciones-del-programa-enlazados-continuidad\/\">Enlazados continuidad<\/a><a href=\"https:\/\/atencionciudadana.mendoza.gob.ar\/baja-o-modificaciones-del-programa-enlazados-continuidad\/\"> &#8211; Baja o modificaciones<\/a><\/li>\n<li><a href=\"https:\/\/atencionciudadana.mendoza.gob.ar\/control-mensual-enlazados-continuidad\/\"><\/a><a href=\"https:\/\/atencionciudadana.mendoza.gob.ar\/control-mensual-enlazados-continuidad\/\">Enlazados continuidad<\/a><a href=\"https:\/\/atencionciudadana.mendoza.gob.ar\/control-mensual-enlazados-continuidad\/\"> &#8211; Control mensual\u00a0<\/a><\/li>\n<li><\/li>\n<li><a href=\"https:\/\/ticketsform.mendoza.gov.ar\/ticketsform\/com.tickets.responderformulario?PROGRAMA_PRE_ENLACE_PLUS\" style=\"font-size: 14px\">PRE ENLACE PLUS -inscripci\u00f3n Personas<\/a><\/li>\n<li><a href=\"https:\/\/ticketsform.mendoza.gov.ar\/ticketsform\/com.tickets.responderformulario?PROGRAMA_PRE_ENLACE\" target=\"_blank\" rel=\"noopener\" style=\"font-size: 14px\">PRE ENLACE PLUS -inscripci\u00f3n Empresa<\/a><\/li>\n<\/ul>\n<\/ul>\n<\/ul>\n<p>[\/et_pb_toggle][\/et_pb_column][\/et_pb_row][et_pb_row column_structure=\u00bb1_3,1_3,1_3&#8243; _builder_version=\u00bb4.27.4&#8243; _module_preset=\u00bbdefault\u00bb custom_margin=\u00bb||-1px||false|false\u00bb global_colors_info=\u00bb{}\u00bb][et_pb_column type=\u00bb1_3&#8243; _builder_version=\u00bb4.27.4&#8243; _module_preset=\u00bbdefault\u00bb global_colors_info=\u00bb{}\u00bb][et_pb_text module_id=\u00bbcultura\u00bb _builder_version=\u00bb4.27.4&#8243; _module_preset=\u00bbdefault\u00bb text_font=\u00bb|600|||||||\u00bb text_text_color=\u00bb#FFFFFF\u00bb text_font_size=\u00bb20px\u00bb background_color=\u00bb#3CB4E5&#8243; custom_margin=\u00bb0px||0px||true|false\u00bb custom_padding=\u00bb1rem|1rem|1rem|1rem|true|true\u00bb border_radii=\u00bboff|15px|15px||\u00bb global_colors_info=\u00bb{}\u00bb]<\/p>\n<p style=\"text-align: center\">Direcci\u00f3n General de Desarrollo Productivo<\/p>\n<p>[\/et_pb_text][et_pb_toggle title=\u00bbVer tr\u00e1mites\u00bb _builder_version=\u00bb4.27.4&#8243; _module_preset=\u00bbdefault\u00bb locked=\u00bboff\u00bb global_colors_info=\u00bb{}\u00bb][\/et_pb_toggle][\/et_pb_column][et_pb_column type=\u00bb1_3&#8243; _builder_version=\u00bb4.27.4&#8243; _module_preset=\u00bbdefault\u00bb global_colors_info=\u00bb{}\u00bb][et_pb_text module_id=\u00bbcultura\u00bb _builder_version=\u00bb4.27.4&#8243; _module_preset=\u00bbdefault\u00bb text_font=\u00bb|600|||||||\u00bb text_text_color=\u00bb#FFFFFF\u00bb text_font_size=\u00bb20px\u00bb background_color=\u00bb#3CB4E5&#8243; custom_margin=\u00bb0px||0px||true|false\u00bb custom_padding=\u00bb1rem|1rem|1rem|1rem|true|true\u00bb border_radii=\u00bboff|15px|15px||\u00bb locked=\u00bboff\u00bb global_colors_info=\u00bb{}\u00bb]<\/p>\n<p style=\"text-align: center\"><strong>Agencia Mendocina de Innovaci\u00f3n, Ciencia y Tecnolog\u00eda<\/strong><\/p>\n<p>[\/et_pb_text][et_pb_toggle title=\u00bbVer tr\u00e1mites\u00bb _builder_version=\u00bb4.27.4&#8243; _module_preset=\u00bbdefault\u00bb locked=\u00bboff\u00bb global_colors_info=\u00bb{}\u00bb]<\/p>\n<ul>\n<li>tramirte 1<\/li>\n<li>tramite 2<\/li>\n<li>tramite 3<\/li>\n<\/ul>\n<p>[\/et_pb_toggle][et_pb_toggle title=\u00bbIdits\u00bb _builder_version=\u00bb4.27.4&#8243; _module_preset=\u00bbdefault\u00bb border_color_top=\u00bb#C8A977&#8243; global_colors_info=\u00bb{}\u00bb][\/et_pb_toggle][et_pb_toggle title=\u00bbMendoza Film Comission\u00bb _builder_version=\u00bb4.27.4&#8243; _module_preset=\u00bbdefault\u00bb border_color_top=\u00bb#C8A977&#8243; global_colors_info=\u00bb{}\u00bb][\/et_pb_toggle][\/et_pb_column][et_pb_column type=\u00bb1_3&#8243; _builder_version=\u00bb4.27.4&#8243; _module_preset=\u00bbdefault\u00bb global_colors_info=\u00bb{}\u00bb][et_pb_text module_id=\u00bbcultura\u00bb _builder_version=\u00bb4.27.4&#8243; _module_preset=\u00bbdefault\u00bb text_font=\u00bb|600|||||||\u00bb text_text_color=\u00bb#FFFFFF\u00bb text_font_size=\u00bb20px\u00bb background_color=\u00bb#3CB4E5&#8243; custom_margin=\u00bb0px||0px||true|false\u00bb custom_padding=\u00bb1rem|1rem|1rem|1rem|true|true\u00bb border_radii=\u00bboff|15px|15px||\u00bb locked=\u00bboff\u00bb global_colors_info=\u00bb{}\u00bb]<\/p>\n<p style=\"text-align: center\">L\u00edneas de Financiamiento<\/p>\n<p>[\/et_pb_text][et_pb_toggle title=\u00bbProgramas de Comercio Industria y Turismo\u00bb _builder_version=\u00bb4.27.4&#8243; _module_preset=\u00bbdefault\u00bb custom_margin=\u00bb||4px||false|false\u00bb locked=\u00bboff\u00bb global_colors_info=\u00bb{}\u00bb][\/et_pb_toggle][et_pb_toggle title=\u00bbProgramas de Fomento al Empleo en Mendoza\u00bb _builder_version=\u00bb4.27.4&#8243; _module_preset=\u00bbdefault\u00bb custom_margin=\u00bb||3px||false|false\u00bb locked=\u00bboff\u00bb global_colors_info=\u00bb{}\u00bb][\/et_pb_toggle][et_pb_toggle title=\u00bbEficiencia H\u00eddrica, Malla Antigranizo y Capital de Trabajo\u00bb _builder_version=\u00bb4.27.4&#8243; _module_preset=\u00bbdefault\u00bb custom_margin=\u00bb||1px||false|false\u00bb locked=\u00bboff\u00bb global_colors_info=\u00bb{}\u00bb][\/et_pb_toggle][et_pb_toggle _builder_version=\u00bb4.27.4&#8243; _module_preset=\u00bbdefault\u00bb custom_margin=\u00bb||4px||false|false\u00bb locked=\u00bboff\u00bb global_colors_info=\u00bb{}\u00bb][\/et_pb_toggle][\/et_pb_column][\/et_pb_row][\/et_pb_section]<\/p>\n","protected":false},"excerpt":{"rendered":"<p>\n    <form method=\"get\" action=\"https:\/\/atencionciudadana.mendoza.gob.ar\/\" class=\"custom-search-form\">\n        <input type=\"text\" name=\"s\" placeholder=\"\u00bfQu\u00e9 tr\u00e1mite necesit\u00e1s?\" class=\"custom-search-input\" value=\"\" required>\n        <button type=\"submit\" class=\"custom-search-button\"><p>Buscar<\/p><image src=\"http:\/\/atencionciudadana.mendoza.gob.ar\/wp-content\/uploads\/2025\/06\/Diseno_sin_titulo__1_-removebg-preview.png\" alt=\"buscar\"\/><\/button>\n    <\/form>\n\n\n    Subsecretar\u00eda de Industria y comercio y Log\u00edstica Cooperativas &#8211; Pre-constituci\u00f3n\u00a0 Cooperativas &#8211; Modificaciones Estatutarias\u00a0 Cooperativas &#8211; Aprobaci\u00f3n y Reformas de Reglamentos Internos Cooperativas &#8211; Autorizaci\u00f3n a Funcionar de Agencias y Sucursales\u00a0 Cooperativas &#8211; Rubrica de Libros Sociales y Contables\u00a0 Cooperativas &#8211; P\u00e9rdida de Libros\u00a0 Cooperativas &#8211; Remisi\u00f3n Posterior a Asamblea\u00a0 Cooperativas &#8211; Inspecciones y Veedores [&hellip;]<\/p>\n","protected":false},"author":60,"featured_media":0,"parent":0,"menu_order":0,"comment_status":"closed","ping_status":"closed","template":"","meta":{"_et_pb_use_builder":"on","_et_pb_old_content":"","_et_gb_content_width":"","footnotes":""},"class_list":["post-451","page","type-page","status-publish","hentry"],"_links":{"self":[{"href":"https:\/\/informacionoficial.mendoza.gob.ar\/produccion\/wp-json\/wp\/v2\/pages\/451","targetHints":{"allow":["GET"]}}],"collection":[{"href":"https:\/\/informacionoficial.mendoza.gob.ar\/produccion\/wp-json\/wp\/v2\/pages"}],"about":[{"href":"https:\/\/informacionoficial.mendoza.gob.ar\/produccion\/wp-json\/wp\/v2\/types\/page"}],"author":[{"embeddable":true,"href":"https:\/\/informacionoficial.mendoza.gob.ar\/produccion\/wp-json\/wp\/v2\/users\/60"}],"replies":[{"embeddable":true,"href":"https:\/\/informacionoficial.mendoza.gob.ar\/produccion\/wp-json\/wp\/v2\/comments?post=451"}],"version-history":[{"count":44,"href":"https:\/\/informacionoficial.mendoza.gob.ar\/produccion\/wp-json\/wp\/v2\/pages\/451\/revisions"}],"predecessor-version":[{"id":3157,"href":"https:\/\/informacionoficial.mendoza.gob.ar\/produccion\/wp-json\/wp\/v2\/pages\/451\/revisions\/3157"}],"wp:attachment":[{"href":"https:\/\/informacionoficial.mendoza.gob.ar\/produccion\/wp-json\/wp\/v2\/media?parent=451"}],"curies":[{"name":"wp","href":"https:\/\/api.w.org\/{rel}","templated":true}]}}