{"id":763,"date":"2025-08-05T05:24:04","date_gmt":"2025-08-05T03:24:04","guid":{"rendered":"https:\/\/informacionoficial.mendoza.gob.ar\/produccion\/?page_id=763"},"modified":"2026-04-20T10:33:36","modified_gmt":"2026-04-20T13:33:36","slug":"direccion-de-emprendedores-y-cooperativas","status":"publish","type":"page","link":"https:\/\/informacionoficial.mendoza.gob.ar\/produccion\/direccion-de-emprendedores-y-cooperativas\/","title":{"rendered":"Direcci\u00f3n de Emprendedores y Cooperativas"},"content":{"rendered":"<p>[et_pb_section fb_built=\u00bb1&#8243; custom_padding_last_edited=\u00bbon|phone\u00bb admin_label=\u00bbHeader\u00bb _builder_version=\u00bb4.27.4&#8243; _module_preset=\u00bbdfe60eaa-6911-4e92-b6c9-b3397f520f31&#8243; background_enable_color=\u00bboff\u00bb background_image=\u00bbhttps:\/\/mza-dicaws-portal-uploads-media-prod.s3.amazonaws.com\/informacion-oficial\/uploads\/sites\/17\/2025\/08\/financiamiento.jpeg\u00bb custom_padding=\u00bb20vw||20vw||false|false\u00bb custom_padding_tablet=\u00bb20vw||0px||false|false\u00bb custom_padding_phone=\u00bb20vw||0px||false|false\u00bb locked=\u00bboff\u00bb global_colors_info=\u00bb{}\u00bb][et_pb_row _builder_version=\u00bb4.27.4&#8243; _module_preset=\u00bbf0fe2be4-09ef-467b-8731-e9cc9c471839&#8243; min_height=\u00bb206px\u00bb global_colors_info=\u00bb{}\u00bb][et_pb_column type=\u00bb4_4&#8243; _builder_version=\u00bb4.27.4&#8243; _module_preset=\u00bbdefault\u00bb global_colors_info=\u00bb{}\u00bb][et_pb_heading title=\u00bbEmprendedores y Cooperativas\u00bb _builder_version=\u00bb4.27.4&#8243; _module_preset=\u00bb7f9838f6-3338-4b3a-8cd0-b2689aa651e3&#8243; title_level=\u00bbh2&#8243; title_font=\u00bb&#8211;et_global_body_font||||||||\u00bb title_text_align=\u00bbcenter\u00bb title_text_color=\u00bb#FFFFFF\u00bb title_font_size=\u00bb43px\u00bb width=\u00bb100%\u00bb max_width=\u00bb100%\u00bb title_font_size_tablet=\u00bb27px\u00bb text_shadow_style=\u00bbpreset1&#8243; global_colors_info=\u00bb{}\u00bb][\/et_pb_heading][\/et_pb_column][\/et_pb_row][\/et_pb_section][et_pb_section fb_built=\u00bb1&#8243; admin_label=\u00bbAbout\u00bb _builder_version=\u00bb4.27.4&#8243; _module_preset=\u00bbdefault\u00bb background_color=\u00bbgcid-b6c4f12c-f25d-4f61-9fb1-6e96404634cd\u00bb locked=\u00bboff\u00bb global_colors_info=\u00bb{%22gcid-b6c4f12c-f25d-4f61-9fb1-6e96404634cd%22:%91%22background_color%22%93}\u00bb][et_pb_row column_structure=\u00bb1_2,1_2&#8243; _builder_version=\u00bb4.27.4&#8243; _module_preset=\u00bbf0fe2be4-09ef-467b-8731-e9cc9c471839&#8243; global_colors_info=\u00bb{}\u00bb][et_pb_column type=\u00bb1_2&#8243; _builder_version=\u00bb4.25.2&#8243; _module_preset=\u00bbdefault\u00bb global_colors_info=\u00bb{}\u00bb][et_pb_accordion _builder_version=\u00bb4.27.4&#8243; _module_preset=\u00bb2a4e0962-413e-40e0-94a4-486aa499a940&#8243; global_colors_info=\u00bb{%22gcid-53054839-b83d-4ef0-8659-8a010e6148fd%22:%91%22toggle_text_color%22,%22open_toggle_text_color%22,%22toggle_text_color%22,%22open_toggle_text_color%22,%22toggle_text_color%22,%22open_toggle_text_color%22,%22toggle_text_color%22,%22open_toggle_text_color%22,%22toggle_text_color%22,%22open_toggle_text_color%22,%22toggle_text_color%22,%22open_toggle_text_color%22,%22toggle_text_color%22,%22open_toggle_text_color%22%93}\u00bb][et_pb_accordion_item title=\u00bbObjetivo\u00bb open=\u00bbon\u00bb _builder_version=\u00bb4.25.2&#8243; _module_preset=\u00bb21d36d5f-f3b5-40fd-aac0-3f5251561f3f\u00bb global_colors_info=\u00bb{}\u00bb]<\/p>\n<p>Esta direcci\u00f3n depende de la Subsecretaria de Industria, Comercio y Log\u00edstica y tiene como principales objetivos fomentar el desarrollo del ecosistema emprendedor y cooperativo de la provincia, impulsando la creaci\u00f3n, consolidaci\u00f3n y crecimiento de proyectos productivos con impacto econ\u00f3mico y social. Para ello, dise\u00f1a e implementa pol\u00edticas p\u00fablicas que brindan herramientas de formaci\u00f3n, financiamiento, asistencia t\u00e9cnica, redes de apoyo y espacios de vinculaci\u00f3n estrat\u00e9gica, promoviendo la innovaci\u00f3n, acompa\u00f1amiento y visibilizaci\u00f3n.<\/p>\n<p>[\/et_pb_accordion_item][et_pb_accordion_item title=\u00bbMisi\u00f3n \u00e1rea emprendedores\u00bb _builder_version=\u00bb4.25.2&#8243; _module_preset=\u00bb21d36d5f-f3b5-40fd-aac0-3f5251561f3f\u00bb global_colors_info=\u00bb{}\u00bb open=\u00bboff\u00bb]<\/p>\n<p>Promover la cultura emprendedora como modelo de desarrollo y crecimiento econ\u00f3mico de la Provincia de Mendoza.<\/p>\n<p>Fortalecer y articular el ecosistema emprendedor de la provincia, incentivando la creaci\u00f3n y el desarrollo de emprendimientos escalables que generen valor econ\u00f3mico, social y ambiental a trav\u00e9s de herramientas concretas de apoyo, capacitaci\u00f3n y financiamiento, impulsando y promoviendo el desarrollo de ideas innovadoras que contribuyan al crecimiento econ\u00f3mico sostenible, fomentando la vinculaci\u00f3n y la cooperaci\u00f3n de todos los actores, p\u00fablicos y privados, con una mirada de triple impacto. De este modo el \u00e1rea contribuye a potenciar la creaci\u00f3n de empleo directo e indirecto, fomentar inversiones locales e internacionales y ampliar la matriz productiva de Mendoza.<\/p>\n<p>[\/et_pb_accordion_item][et_pb_accordion_item title=\u00bbMisi\u00f3n \u00e1rea cooperativas\u00bb _builder_version=\u00bb4.25.2&#8243; _module_preset=\u00bb21d36d5f-f3b5-40fd-aac0-3f5251561f3f\u00bb global_colors_info=\u00bb{}\u00bb open=\u00bboff\u00bb]<\/p>\n<ul>\n<li><span>Promover, fiscalizar y controlar las empresas constituidas como cooperativas, haciendo hincapi\u00e9 en los valores cooperativos y la contribuci\u00f3n de estos valores al triple impacto en la sociedad.<\/span><\/li>\n<\/ul>\n<p>[\/et_pb_accordion_item][\/et_pb_accordion][\/et_pb_column][et_pb_column type=\u00bb1_2&#8243; _builder_version=\u00bb4.25.2&#8243; _module_preset=\u00bbdefault\u00bb global_colors_info=\u00bb{}\u00bb][et_pb_image src=\u00bbhttps:\/\/mza-dicaws-portal-uploads-media-prod.s3.amazonaws.com\/informacion-oficial\/uploads\/sites\/17\/2025\/08\/encuentro-mujeres.jpeg\u00bb title_text=\u00bbencuentro mujeres\u00bb _builder_version=\u00bb4.27.4&#8243; _module_preset=\u00bbdefault\u00bb global_colors_info=\u00bb{}\u00bb][\/et_pb_image][\/et_pb_column][\/et_pb_row][et_pb_row column_structure=\u00bb1_2,1_2&#8243; _builder_version=\u00bb4.27.4&#8243; _module_preset=\u00bbdefault\u00bb locked=\u00bboff\u00bb global_colors_info=\u00bb{}\u00bb][et_pb_column type=\u00bb1_2&#8243; _builder_version=\u00bb4.27.4&#8243; _module_preset=\u00bbdefault\u00bb global_colors_info=\u00bb{}\u00bb][et_pb_blurb title=\u00bbCooperativas\u00bb url=\u00bbhttps:\/\/informacionoficial.mendoza.gob.ar\/produccion\/cooperativas\/\u00bb use_icon=\u00bbon\u00bb font_icon=\u00bb&#xf05a;||fa||900&#8243; icon_color=\u00bb#FFFFFF\u00bb image_icon_width=\u00bb72px\u00bb _builder_version=\u00bb4.27.4&#8243; _module_preset=\u00bbdefault\u00bb header_text_align=\u00bbcenter\u00bb header_text_color=\u00bb#FFFFFF\u00bb background_color=\u00bb#000F9F\u00bb custom_padding=\u00bb1em|1em|1em|1em|true|true\u00bb border_radii=\u00bbon|15px|15px|15px|15px\u00bb box_shadow_style=\u00bbpreset3&#8243; global_colors_info=\u00bb{}\u00bb][\/et_pb_blurb][\/et_pb_column][et_pb_column type=\u00bb1_2&#8243; _builder_version=\u00bb4.27.4&#8243; _module_preset=\u00bbdefault\u00bb global_colors_info=\u00bb{}\u00bb][et_pb_blurb title=\u00bbEmprendedores\u00bb url=\u00bbhttps:\/\/informacionoficial.mendoza.gob.ar\/produccion\/emprendedores\/\u00bb use_icon=\u00bbon\u00bb font_icon=\u00bb&#xf05a;||fa||900&#8243; icon_color=\u00bb#FFFFFF\u00bb image_icon_width=\u00bb72px\u00bb _builder_version=\u00bb4.27.4&#8243; _module_preset=\u00bbdefault\u00bb header_text_align=\u00bbcenter\u00bb header_text_color=\u00bb#FFFFFF\u00bb background_color=\u00bb#C8A977&#8243; custom_padding=\u00bb1em|1em|1em|1em|true|true\u00bb border_radii=\u00bbon|15px|15px|15px|15px\u00bb box_shadow_style=\u00bbpreset3&#8243; global_colors_info=\u00bb{}\u00bb][\/et_pb_blurb][\/et_pb_column][\/et_pb_row][\/et_pb_section][et_pb_section fb_built=\u00bb1&#8243; theme_builder_area=\u00bbpost_content\u00bb _builder_version=\u00bb4.27.4&#8243; _module_preset=\u00bbdefault\u00bb][et_pb_row _builder_version=\u00bb4.27.4&#8243; _module_preset=\u00bbdefault\u00bb theme_builder_area=\u00bbpost_content\u00bb][et_pb_column _builder_version=\u00bb4.27.4&#8243; _module_preset=\u00bbdefault\u00bb type=\u00bb4_4&#8243; theme_builder_area=\u00bbpost_content\u00bb][et_pb_text _builder_version=\u00bb4.27.4&#8243; _module_preset=\u00bbdefault\u00bb theme_builder_area=\u00bbpost_content\u00bb hover_enabled=\u00bb0&#8243; sticky_enabled=\u00bb0&#8243;]<\/p>\n<p><b><span>L\u00edneas de acci\u00f3n<\/span><\/b><\/p>\n<p><b>Semana Global del Emprendimiento 2026<\/b><br \/><span>Se llevar\u00e1 a cabo durante el mes de noviembre, en el marco de una agenda internacional que promueve la cultura emprendedora. Este encuentro reunir\u00e1 a actores clave del ecosistema, a realizarse tambi\u00e9n en la zona Este y Sur de la provincia, con la participaci\u00f3n de referentes, autoridades y expositores de nivel provincial y nacional. La actividad se posiciona como un espacio estrat\u00e9gico para visibilizar el talento local y fortalecer redes de vinculaci\u00f3n.<\/span><\/p>\n<p><b>Mendoza Coopera 2026<\/b><br \/><span>Previsto para el mes de julio, este evento constituye un espacio de articulaci\u00f3n entre el sector de empresas cooperativas, el \u00e1mbito educativo y organismos p\u00fablicos. A trav\u00e9s del intercambio de experiencias y la reflexi\u00f3n conjunta, se busca consolidar a las empresas cooperativas como un modelo econ\u00f3mico basado en la colaboraci\u00f3n y la sostenibilidad. Contar\u00e1 con la participaci\u00f3n de representantes provinciales y nacionales.<\/span><\/p>\n<p><b>Programa Mendoza Entrena<\/b><br \/><span>Con lanzamiento en el mes de abril, este programa se desarrollar\u00e1 a lo largo del a\u00f1o en modalidad virtual y presencial. Se trata de un ciclo de capacitaciones mensuales destinado a empresas j\u00f3venes y empresas cooperativas, orientado a brindar herramientas pr\u00e1cticas y conocimientos estrat\u00e9gicos en diversas \u00e1reas de gesti\u00f3n, con la participaci\u00f3n de especialistas. El segmento objetivo son los socios fundadores y los consejos de administraci\u00f3n.<\/span><\/p>\n<p><b>Concurso Nacional Emprendedor 2026<\/b><br \/><span>Durante el a\u00f1o Mendoza vuelve a posicionarse como sede de esta iniciativa de alcance nacional, reafirmando su rol protag\u00f3nico en la promoci\u00f3n del desarrollo de empresas j\u00f3venes. El concurso tiene como objetivo identificar, potenciar y visibilizar empresas innovadoras, favoreciendo su desarrollo y proyecci\u00f3n a nivel federal.<\/span><\/p>\n<p><b>Mendoza Emprende Mentorea<\/b><br \/><span>A desarrollarse en el mes de agosto, este programa propone un acompa\u00f1amiento personalizado a empresas j\u00f3venes y cooperativas a trav\u00e9s de procesos de mentor\u00eda, fortaleciendo sus capacidades estrat\u00e9gicas y promoviendo la consolidaci\u00f3n de sus proyectos productivos.<\/span><\/p>\n<p><b>Formaci\u00f3n de Formadores<\/b><br \/><span>Se implementar\u00e1 a lo largo del a\u00f1o, con el objetivo de fortalecer las capacidades de los equipos de gesti\u00f3n vinculados al ecosistema de empresas j\u00f3venes y empresas cooperativas. La propuesta busca profesionalizar el acompa\u00f1amiento t\u00e9cnico, promoviendo una intervenci\u00f3n m\u00e1s eficiente y de mayor impacto territorial.<\/span><\/p>\n<p><b>Programa de Cooperativas Escolares 2026<\/b><br \/><span>Se desarrollar\u00e1 a lo largo de todo el a\u00f1o, con lanzamiento en el mes de abril. Esta iniciativa impulsa el modelo de empresas cooperativas en el \u00e1mbito educativo como una herramienta pedag\u00f3gica que promueve el aprendizaje activo, el trabajo en equipo, la responsabilidad y la participaci\u00f3n. A trav\u00e9s del programa, estudiantes de distintas instituciones educativas conforman y gestionan empresas cooperativas escolares, adquiriendo conocimientos pr\u00e1cticos sobre organizaci\u00f3n, producci\u00f3n y comercializaci\u00f3n, al tiempo que incorporan valores asociados a la econom\u00eda social y solidaria.<\/span><\/p>\n<p>[\/et_pb_text][\/et_pb_column][\/et_pb_row][\/et_pb_section][et_pb_section fb_built=\u00bb1&#8243; theme_builder_area=\u00bbpost_content\u00bb _builder_version=\u00bb4.27.4&#8243; _module_preset=\u00bbdefault\u00bb][et_pb_row _builder_version=\u00bb4.27.4&#8243; _module_preset=\u00bbdefault\u00bb theme_builder_area=\u00bbpost_content\u00bb column_structure=\u00bb1_2,1_2&#8243;][et_pb_column _builder_version=\u00bb4.27.4&#8243; _module_preset=\u00bbdefault\u00bb type=\u00bb1_2&#8243; theme_builder_area=\u00bbpost_content\u00bb][et_pb_social_media_follow _builder_version=\u00bb4.27.4&#8243; _module_preset=\u00bbdefault\u00bb theme_builder_area=\u00bbpost_content\u00bb hover_enabled=\u00bb0&#8243; sticky_enabled=\u00bb0&#8243;][et_pb_social_media_follow_network social_network=\u00bbinstagram\u00bb background_color=\u00bb#ea2c59&#8243; _builder_version=\u00bb4.27.4&#8243; _module_preset=\u00bbdefault\u00bb theme_builder_area=\u00bbpost_content\u00bb follow_button=\u00bboff\u00bb url_new_window=\u00bbon\u00bb url=\u00bbhttps:\/\/www.instagram.com\/mendoza.emprende?igsh=MWY3bGNtOW9jdHI5cA%3D%3D\u00bb hover_enabled=\u00bb0&#8243; sticky_enabled=\u00bb0&#8243;]instagram[\/et_pb_social_media_follow_network][et_pb_social_media_follow_network social_network=\u00bbwhatsapp\u00bb background_color=\u00bb#25D366&#8243; _builder_version=\u00bb4.27.4&#8243; _module_preset=\u00bbdefault\u00bb theme_builder_area=\u00bbpost_content\u00bb follow_button=\u00bboff\u00bb url_new_window=\u00bbon\u00bb url=\u00bbhttps:\/\/www.instagram.com\/mendoza.emprende?igsh=MWY3bGNtOW9jdHI5cA%3D%3D\u00bb hover_enabled=\u00bb0&#8243; sticky_enabled=\u00bb0&#8243;]whatsapp[\/et_pb_social_media_follow_network][\/et_pb_social_media_follow][\/et_pb_column][et_pb_column _builder_version=\u00bb4.27.4&#8243; _module_preset=\u00bbdefault\u00bb type=\u00bb1_2&#8243; theme_builder_area=\u00bbpost_content\u00bb][\/et_pb_column][\/et_pb_row][\/et_pb_section]<\/p>\n","protected":false},"excerpt":{"rendered":"<p>Esta direcci\u00f3n depende de la Subsecretaria de Industria, Comercio y Log\u00edstica y tiene como principales objetivos fomentar el desarrollo del ecosistema emprendedor y cooperativo de la provincia, impulsando la creaci\u00f3n, consolidaci\u00f3n y crecimiento de proyectos productivos con impacto econ\u00f3mico y social. Para ello, dise\u00f1a e implementa pol\u00edticas p\u00fablicas que brindan herramientas de formaci\u00f3n, financiamiento, asistencia [&hellip;]<\/p>\n","protected":false},"author":22,"featured_media":0,"parent":0,"menu_order":0,"comment_status":"closed","ping_status":"closed","template":"","meta":{"_et_pb_use_builder":"on","_et_pb_old_content":"","_et_gb_content_width":"","footnotes":""},"class_list":["post-763","page","type-page","status-publish","hentry"],"_links":{"self":[{"href":"https:\/\/informacionoficial.mendoza.gob.ar\/produccion\/wp-json\/wp\/v2\/pages\/763","targetHints":{"allow":["GET"]}}],"collection":[{"href":"https:\/\/informacionoficial.mendoza.gob.ar\/produccion\/wp-json\/wp\/v2\/pages"}],"about":[{"href":"https:\/\/informacionoficial.mendoza.gob.ar\/produccion\/wp-json\/wp\/v2\/types\/page"}],"author":[{"embeddable":true,"href":"https:\/\/informacionoficial.mendoza.gob.ar\/produccion\/wp-json\/wp\/v2\/users\/22"}],"replies":[{"embeddable":true,"href":"https:\/\/informacionoficial.mendoza.gob.ar\/produccion\/wp-json\/wp\/v2\/comments?post=763"}],"version-history":[{"count":53,"href":"https:\/\/informacionoficial.mendoza.gob.ar\/produccion\/wp-json\/wp\/v2\/pages\/763\/revisions"}],"predecessor-version":[{"id":3297,"href":"https:\/\/informacionoficial.mendoza.gob.ar\/produccion\/wp-json\/wp\/v2\/pages\/763\/revisions\/3297"}],"wp:attachment":[{"href":"https:\/\/informacionoficial.mendoza.gob.ar\/produccion\/wp-json\/wp\/v2\/media?parent=763"}],"curies":[{"name":"wp","href":"https:\/\/api.w.org\/{rel}","templated":true}]}}