{"id":852,"date":"2025-08-05T07:24:52","date_gmt":"2025-08-05T05:24:52","guid":{"rendered":"https:\/\/informacionoficial.mendoza.gob.ar\/produccion\/?page_id=852"},"modified":"2025-09-26T12:51:32","modified_gmt":"2025-09-26T15:51:32","slug":"direccion-de-contingencias-climaticas","status":"publish","type":"page","link":"https:\/\/informacionoficial.mendoza.gob.ar\/produccion\/direccion-de-contingencias-climaticas\/","title":{"rendered":"Direcci\u00f3n de Contingencias Clim\u00e1ticas"},"content":{"rendered":"<p>[et_pb_section fb_built=\u00bb1&#8243; admin_label=\u00bbLanding Hero\u00bb _builder_version=\u00bb4.27.4&#8243; use_background_color_gradient=\u00bbon\u00bb background_color_gradient_stops=\u00bb#9271f6 0%|#474ab6 0%|rgba(141, 110, 242, 1) 100%\u00bb background_color_gradient_start=\u00bb#474ab6&#8243; background_color_gradient_end=\u00bb#9271f6&#8243; background_image=\u00bbhttps:\/\/mza-dicaws-portal-uploads-media-prod.s3.amazonaws.com\/informacion-oficial\/uploads\/sites\/17\/2025\/09\/IMG_0459-scaled.jpg\u00bb background_blend=\u00bboverlay\u00bb custom_padding=\u00bb100px|0px|100px|0px\u00bb animation_style=\u00bbslide\u00bb animation_direction=\u00bbtop\u00bb animation_intensity_slide=\u00bb2%\u00bb locked=\u00bboff\u00bb global_colors_info=\u00bb{}\u00bb][et_pb_row column_structure=\u00bb1_2,1_2&#8243; _builder_version=\u00bb4.16&#8243; custom_margin=\u00bb|||\u00bb custom_padding=\u00bb65px|||||\u00bb custom_width_px=\u00bb1280px\u00bb global_colors_info=\u00bb{}\u00bb][et_pb_column type=\u00bb1_2&#8243; _builder_version=\u00bb4.16&#8243; custom_padding=\u00bb|||\u00bb global_colors_info=\u00bb{}\u00bb custom_padding__hover=\u00bb|||\u00bb][et_pb_text _builder_version=\u00bb4.27.4&#8243; header_font=\u00bb|on|||\u00bb header_font_size=\u00bb42px\u00bb header_line_height=\u00bb1.3em\u00bb background_layout=\u00bbdark\u00bb custom_padding=\u00bb|||\u00bb header_font_size_last_edited=\u00bboff|desktop\u00bb text_text_shadow_style=\u00bbpreset3&#8243; locked=\u00bboff\u00bb global_colors_info=\u00bb{}\u00bb]<\/p>\n<h1>Direcci\u00f3n de Contingencias Clim\u00e1ticas<\/h1>\n<p>&nbsp;<\/p>\n<p>[\/et_pb_text][et_pb_text _builder_version=\u00bb4.27.4&#8243; _module_preset=\u00bbdefault\u00bb global_colors_info=\u00bb{}\u00bb]<\/p>\n<p><span style=\"color: #000000\">Acced\u00e9 a informaci\u00f3n relevante para tu actividad productiva, al pron\u00f3stico meteorol\u00f3gico y al fondo compensador agr\u00edcola, entre otros, en un solo lugar.<\/span><\/p>\n<p>[\/et_pb_text][\/et_pb_column][et_pb_column type=\u00bb1_2&#8243; _builder_version=\u00bb4.16&#8243; custom_padding=\u00bb|||\u00bb global_colors_info=\u00bb{}\u00bb custom_padding__hover=\u00bb|||\u00bb][\/et_pb_column][\/et_pb_row][\/et_pb_section][et_pb_section fb_built=\u00bb1&#8243; admin_label=\u00bbFeatures\u00bb _builder_version=\u00bb4.27.4&#8243; background_color=\u00bb#000099&#8243; background_enable_image=\u00bboff\u00bb parallax=\u00bbon\u00bb background_blend=\u00bboverlay\u00bb custom_padding=\u00bb100px|0px|100px|0px\u00bb locked=\u00bboff\u00bb global_colors_info=\u00bb{}\u00bb][et_pb_row column_structure=\u00bb1_2,1_2&#8243; _builder_version=\u00bb4.27.4&#8243; _module_preset=\u00bbdefault\u00bb global_colors_info=\u00bb{}\u00bb][et_pb_column type=\u00bb1_2&#8243; _builder_version=\u00bb4.27.4&#8243; _module_preset=\u00bbdefault\u00bb global_colors_info=\u00bb{}\u00bb][et_pb_text _builder_version=\u00bb4.27.4&#8243; _module_preset=\u00bbdefault\u00bb custom_margin=\u00bb||19px|||\u00bb global_colors_info=\u00bb{}\u00bb]<\/p>\n<p><span style=\"color: #ffffff;font-size: xx-large\">Fondo Compensador Agr\u00edcola<\/span><\/p>\n<p>[\/et_pb_text][et_pb_text _builder_version=\u00bb4.27.4&#8243; _module_preset=\u00bbdefault\u00bb global_colors_info=\u00bb{}\u00bb]<\/p>\n<p align=\"left\"><span style=\"font-family: sans-serif;font-size: xx-large;color: #ffffff\">Temporada 2025-2026<\/span><\/p>\n<p align=\"left\"><span style=\"font-family: sans-serif;font-size: x-large;color: #ffffff\">Boletas de Pago &#8211; Solo productores de hasta 30 hect\u00e1reas cultivadas<\/span><\/p>\n<p>[\/et_pb_text][\/et_pb_column][et_pb_column type=\u00bb1_2&#8243; _builder_version=\u00bb4.27.4&#8243; _module_preset=\u00bbdefault\u00bb global_colors_info=\u00bb{}\u00bb][et_pb_button button_url=\u00bbhttps:\/\/contingencias.mendoza.gov.ar\/web1\/Facturas2526\/\u00bb button_text=\u00bbBoleta de Pago\u00bb _builder_version=\u00bb4.27.4&#8243; _module_preset=\u00bbdefault\u00bb custom_button=\u00bbon\u00bb button_text_color=\u00bb#FFFFFF\u00bb global_colors_info=\u00bb{}\u00bb][\/et_pb_button][et_pb_image _builder_version=\u00bb4.27.4&#8243; _module_preset=\u00bbdefault\u00bb global_colors_info=\u00bb{}\u00bb][\/et_pb_image][\/et_pb_column][\/et_pb_row][\/et_pb_section][et_pb_section fb_built=\u00bb1&#8243; _builder_version=\u00bb4.27.4&#8243; _module_preset=\u00bbdefault\u00bb global_colors_info=\u00bb{}\u00bb][et_pb_row _builder_version=\u00bb4.27.4&#8243; _module_preset=\u00bbdefault\u00bb global_colors_info=\u00bb{}\u00bb][et_pb_column type=\u00bb4_4&#8243; _builder_version=\u00bb4.27.4&#8243; _module_preset=\u00bbdefault\u00bb global_colors_info=\u00bb{}\u00bb][et_pb_tabs active_tab_background_color=\u00bb#0C71C3&#8243; active_tab_text_color=\u00bb#FFFFFF\u00bb _builder_version=\u00bb4.27.4&#8243; _module_preset=\u00bbdefault\u00bb custom_padding=\u00bb|||30px||\u00bb filter_contrast=\u00bb116%\u00bb border_radii=\u00bbon|15px|15px|15px|15px\u00bb box_shadow_style=\u00bbpreset3&#8243; box_shadow_spread=\u00bb-13px\u00bb box_shadow_color=\u00bbrgba(0,0,0,0.29)\u00bb global_colors_info=\u00bb{}\u00bb][et_pb_tab title=\u00bbMisi\u00f3n\u00bb _builder_version=\u00bb4.27.4&#8243; _module_preset=\u00bbdefault\u00bb global_colors_info=\u00bb{}\u00bb]<\/p>\n<p><span>Promover y respaldar el desarrollo de la producci\u00f3n agr\u00edcola en la provincia. Generar informaci\u00f3n confiable y de alta calidad. Aplicar las herramientas y mecanismos necesarios conforme a las pol\u00edticas agropecuarias implementadas por la provincia de Mendoza.<\/span><\/p>\n<p>[\/et_pb_tab][et_pb_tab title=\u00bbVisi\u00f3n\u00bb _builder_version=\u00bb4.27.4&#8243; _module_preset=\u00bbdefault\u00bb global_colors_info=\u00bb{}\u00bb]<\/p>\n<p><span>Consolidarse como un organismo de referencia a nivel provincial, nacional e internacional. Brindar servicios de excelencia en prevenci\u00f3n y gesti\u00f3n del de riesgos clim\u00e1ticos. Ofrecer informaci\u00f3n agrometeorol\u00f3gica precisa y oportuna que contribuya a la planificaci\u00f3n agropecuaria sustentable y al desarrollo productivo de Mendoza.<\/span><\/p>\n<p>[\/et_pb_tab][et_pb_tab title=\u00bbContacto\u00bb _builder_version=\u00bb4.27.4&#8243; _module_preset=\u00bbdefault\u00bb global_colors_info=\u00bb{}\u00bb]<\/p>\n<p><strong>SEDE CENTRAL<\/strong><br \/>Boulogne Sur Mer 3050 \u2013 1er Piso \u2013 Mendoza<br \/>Tel\u00e9fonos: 0261-3854270 \u2014 0261-3854266 \u2014 0261-3854252<\/p>\n<p><strong>DELEGACI\u00d3N\u00a0ESTE<\/strong><br \/>Viamonte\u00a01000.\u00a0San\u00a0Mart\u00edn<br \/>Tel\u00e9fono: 0263-4420365<\/p>\n<p><strong>DELEGACI\u00d3N\u00a0VALLE\u00a0DE\u00a0UCO<\/strong><br \/>G\u00fcemes 731 \u2013\u00a0Tunuy\u00e1n<br \/>Tel\u00e9fono: 0261-157630940<\/p>\n<p><strong>DELEGACI\u00d3N\u00a0SUR<\/strong><br \/>Alsina\u00a0445 \u2013\u00a0San\u00a0Rafael<br \/>Tel\u00e9fono: 0260-\u00a04438052<\/p>\n<p><strong>Oficina\u00a0Gral\u00a0Alvear<\/strong><br \/>Olascoaga\u00a0173 \u2013\u00a0General\u00a0Alvear<br \/>Tel\u00e9fono: 0261-156988982<\/p>\n<p>[\/et_pb_tab][\/et_pb_tabs][\/et_pb_column][\/et_pb_row][et_pb_row column_structure=\u00bb1_4,1_4,1_4,1_4&#8243; _builder_version=\u00bb4.27.4&#8243; _module_preset=\u00bbdefault\u00bb global_colors_info=\u00bb{}\u00bb][et_pb_column type=\u00bb1_4&#8243; _builder_version=\u00bb4.27.4&#8243; _module_preset=\u00bbdefault\u00bb global_colors_info=\u00bb{}\u00bb][et_pb_blurb title=\u00bbRiesgo Agricola\u00bb url=\u00bbhttps:\/\/atencionciudadana.mendoza.gob.ar\/riesgo-agricola-procedimiento-denuncias-o-pedidos-de-tasacion-por-contingencias-climaticas\/\u00bb use_icon=\u00bbon\u00bb font_icon=\u00bb&#xf05a;||fa||900&#8243; icon_color=\u00bb#FFFFFF\u00bb image_icon_width=\u00bb72px\u00bb _builder_version=\u00bb4.27.4&#8243; _module_preset=\u00bbdefault\u00bb header_text_align=\u00bbcenter\u00bb header_text_color=\u00bb#FFFFFF\u00bb background_color=\u00bb#0C71C3&#8243; custom_padding=\u00bb1em|1em|1em|1em|true|true\u00bb border_radii=\u00bbon|15px|15px|15px|15px\u00bb box_shadow_style=\u00bbpreset3&#8243; global_colors_info=\u00bb{}\u00bb][\/et_pb_blurb][\/et_pb_column][et_pb_column type=\u00bb1_4&#8243; _builder_version=\u00bb4.27.4&#8243; _module_preset=\u00bbdefault\u00bb global_colors_info=\u00bb{}\u00bb][et_pb_blurb title=\u00bbAgrometria\u00bb url=\u00bbhttps:\/\/www.mendoza.gov.ar\/contingencias\/agrometeorologia\/)\u00bb use_icon=\u00bbon\u00bb font_icon=\u00bb&#xf05a;||fa||900&#8243; icon_color=\u00bb#FFFFFF\u00bb image_icon_width=\u00bb72px\u00bb _builder_version=\u00bb4.27.4&#8243; _module_preset=\u00bbdefault\u00bb header_text_align=\u00bbcenter\u00bb header_text_color=\u00bb#FFFFFF\u00bb background_color=\u00bb#C8A977&#8243; custom_padding=\u00bb1em|1em|1em|1em|true|true\u00bb border_radii=\u00bbon|15px|15px|15px|15px\u00bb box_shadow_style=\u00bbpreset3&#8243; global_colors_info=\u00bb{}\u00bb][\/et_pb_blurb][\/et_pb_column][et_pb_column type=\u00bb1_4&#8243; _builder_version=\u00bb4.27.4&#8243; _module_preset=\u00bbdefault\u00bb global_colors_info=\u00bb{}\u00bb][et_pb_blurb title=\u00bbRadar\u00bb url=\u00bbhttps:\/\/www.mendoza.gov.ar\/contingencias\/radar\/\u00bb use_icon=\u00bbon\u00bb font_icon=\u00bb&#xf05a;||fa||900&#8243; icon_color=\u00bb#0C71C3&#8243; image_icon_width=\u00bb72px\u00bb _builder_version=\u00bb4.27.4&#8243; _module_preset=\u00bbdefault\u00bb header_text_align=\u00bbcenter\u00bb header_text_color=\u00bb#0C71C3&#8243; background_color=\u00bb#FFFFFF\u00bb custom_padding=\u00bb1em|1em|1em|1em|true|true\u00bb border_radii=\u00bbon|15px|15px|15px|15px\u00bb box_shadow_style=\u00bbpreset3&#8243; global_colors_info=\u00bb{}\u00bb][\/et_pb_blurb][\/et_pb_column][et_pb_column type=\u00bb1_4&#8243; _builder_version=\u00bb4.27.4&#8243; _module_preset=\u00bbdefault\u00bb global_colors_info=\u00bb{}\u00bb][et_pb_blurb title=\u00bbHeladas\u00bb url=\u00bbhttps:\/\/www.mendoza.gov.ar\/contingencias\/agrometeorologia\/)\u00bb use_icon=\u00bbon\u00bb font_icon=\u00bb&#xf05a;||fa||900&#8243; icon_color=\u00bb#FFFFFF\u00bb image_icon_width=\u00bb72px\u00bb _builder_version=\u00bb4.27.4&#8243; _module_preset=\u00bbdefault\u00bb header_text_align=\u00bbcenter\u00bb header_text_color=\u00bb#FFFFFF\u00bb background_color=\u00bb#000F9F\u00bb custom_padding=\u00bb1em|1em|1em|1em|true|true\u00bb border_radii=\u00bbon|15px|15px|15px|15px\u00bb box_shadow_style=\u00bbpreset3&#8243; global_colors_info=\u00bb{}\u00bb][\/et_pb_blurb][\/et_pb_column][\/et_pb_row][et_pb_row _builder_version=\u00bb4.27.4&#8243; _module_preset=\u00bbdefault\u00bb global_colors_info=\u00bb{}\u00bb][et_pb_column type=\u00bb4_4&#8243; _builder_version=\u00bb4.27.4&#8243; _module_preset=\u00bbdefault\u00bb global_colors_info=\u00bb{}\u00bb][et_pb_text _builder_version=\u00bb4.27.4&#8243; _module_preset=\u00bbdefault\u00bb header_2_text_color=\u00bb#141414&#8243; custom_padding=\u00bb0px|||||\u00bb global_colors_info=\u00bb{}\u00bb][et_pb_text _builder_version=\u00bb4.27.4&#8243; _module_preset=\u00bbdefault\u00bb header_2_text_color=\u00bb#141414&#8243; hover_enabled=\u00bb0&#8243; global_colors_info=\u00bb{}\u00bb theme_builder_area=\u00bbpost_content\u00bb custom_padding=\u00bb0px|||||\u00bb sticky_enabled=\u00bb0&#8243; locked=\u00bboff\u00bb]<\/p>\n<h2>Servicios<\/h2>\n<p>[\/et_pb_text][\/et_pb_column][\/et_pb_row][et_pb_row _builder_version=\u00bb4.27.4&#8243; _module_preset=\u00bbdefault\u00bb global_colors_info=\u00bb{}\u00bb][et_pb_column type=\u00bb4_4&#8243; _builder_version=\u00bb4.27.4&#8243; _module_preset=\u00bbdefault\u00bb global_colors_info=\u00bb{}\u00bb][et_pb_text _builder_version=\u00bb4.27.4&#8243; _module_preset=\u00bbdefault\u00bb global_colors_info=\u00bb{}\u00bb]<\/p>\n<p>Acced\u00e9 a informaci\u00f3n relevante para tu actividad productiva, al pron\u00f3stico meteorol\u00f3gico y al fondo compensador agr\u00edcola, entre otros, en un solo lugar.<\/p>\n<p>[\/et_pb_text][\/et_pb_column][\/et_pb_row][et_pb_row column_structure=\u00bb1_3,1_3,1_3&#8243; _builder_version=\u00bb4.27.4&#8243; _module_preset=\u00bbdefault\u00bb custom_padding=\u00bb||27px|||\u00bb border_style_all=\u00bbnone\u00bb border_width_bottom=\u00bb4px\u00bb locked=\u00bboff\u00bb global_colors_info=\u00bb{}\u00bb][et_pb_column type=\u00bb1_3&#8243; _builder_version=\u00bb4.27.4&#8243; _module_preset=\u00bbdefault\u00bb global_colors_info=\u00bb{}\u00bb][et_pb_blurb title=\u00bbDenuncia de da\u00f1os por granizo o helada\u00bb url=\u00bbhttps:\/\/atencionciudadana.mendoza.gob.ar\/riesgo-agricola-procedimiento-denuncias-o-pedidos-de-tasacion-por-contingencias-climaticas\/\u00bb use_icon=\u00bbon\u00bb font_icon=\u00bb&#xe004;||divi||400&#8243; icon_color=\u00bb#000099&#8243; image_icon_width=\u00bb50px\u00bb icon_alignment=\u00bbleft\u00bb content_max_width=\u00bb100%\u00bb _builder_version=\u00bb4.27.4&#8243; _module_preset=\u00bb6e712727-0993-4f47-a922-0032e4c3d8f6&#8243; header_font=\u00bb&#8211;et_global_body_font|700|||||||\u00bb header_text_color=\u00bb#000F9F\u00bb header_font_size=\u00bb20px\u00bb header_line_height=\u00bb1.2em\u00bb body_font=\u00bbMontserrat||||||||\u00bb custom_padding=\u00bb||0px|||\u00bb animation=\u00bboff\u00bb hover_enabled=\u00bb0&#8243; header_font_size_tablet=\u00bb18px\u00bb header_font_size_phone=\u00bb16px\u00bb header_font_size_last_edited=\u00bbon|phone\u00bb body_font_size_tablet=\u00bb\u00bb body_font_size_phone=\u00bb13px\u00bb body_font_size_last_edited=\u00bbon|phone\u00bb locked=\u00bboff\u00bb global_colors_info=\u00bb{}\u00bb sticky_enabled=\u00bb0&#8243;]<\/p>\n<p>La reglamentaci\u00f3n establece plazos estrictos para realizar la denuncia, los cuales var\u00edan seg\u00fan el tipo de evento clim\u00e1tico. Es fundamental respetar estas fechas.<\/p>\n<p><strong>Para eventos de Granizo o Viento:\u00a0<\/strong>El productor dispone de 10 d\u00edas h\u00e1biles para denunciar. El plazo comienza a contar a partir del primer d\u00eda h\u00e1bil siguiente al evento.<\/p>\n<p><strong>Para Heladas Tard\u00edas:\u00a0<\/strong>El plazo tambi\u00e9n es de 10 d\u00edas h\u00e1biles, pero el conteo inicia despu\u00e9s de un per\u00edodo de observaci\u00f3n de 20 d\u00edas corridos posteriores a la helada. Este tiempo es crucial para evaluar el da\u00f1o real en el cultivo.<\/p>\n<p><span style=\"font-size: 14px\">.<\/span><\/p>\n<p>.<\/p>\n<p>[\/et_pb_blurb][\/et_pb_column][et_pb_column type=\u00bb1_3&#8243; _builder_version=\u00bb4.27.4&#8243; _module_preset=\u00bbdefault\u00bb global_colors_info=\u00bb{}\u00bb][et_pb_blurb title=\u00bbCertificado definitivo de da\u00f1os. Temporada 24-25&#8243; url=\u00bbhttp:\/\/www.contingencias.mendoza.gov.ar\/web1\/Certificados2425\/\u00bb use_icon=\u00bbon\u00bb font_icon=\u00bb&#x62;||divi||400&#8243; icon_color=\u00bb#000099&#8243; image_icon_width=\u00bb40px\u00bb icon_alignment=\u00bbleft\u00bb content_max_width=\u00bb100%\u00bb _builder_version=\u00bb4.27.4&#8243; _module_preset=\u00bb6e712727-0993-4f47-a922-0032e4c3d8f6&#8243; header_font=\u00bb&#8211;et_global_body_font|700|||||||\u00bb header_text_color=\u00bb#000F9F\u00bb header_font_size=\u00bb20px\u00bb header_line_height=\u00bb1.2em\u00bb body_font=\u00bbMontserrat||||||||\u00bb animation=\u00bboff\u00bb header_font_size_tablet=\u00bb18px\u00bb header_font_size_phone=\u00bb16px\u00bb header_font_size_last_edited=\u00bbon|phone\u00bb body_font_size_tablet=\u00bb\u00bb body_font_size_phone=\u00bb13px\u00bb body_font_size_last_edited=\u00bbon|phone\u00bb locked=\u00bboff\u00bb global_colors_info=\u00bb{}\u00bb]<\/p>\n<p>Los certificados definitivos de da\u00f1os son documentos emitidos a partir de las tasaciones de las p\u00e9rdidas causadas por granizo, heladas u otros eventos clim\u00e1ticos durante una temporada agr\u00edcola (temporada ej.: desde septiembre de 2021 &#8211; hasta mayo de 2022). Se emite un certificado por unidad productiva (finca), y el porcentaje consignado refleja el da\u00f1o acumulado en la temporada, calculado en base al promedio ponderado de toda la unidad.<\/p>\n<p>&nbsp;<\/p>\n<p>&nbsp;<\/p>\n<p>[\/et_pb_blurb][\/et_pb_column][et_pb_column type=\u00bb1_3&#8243; _builder_version=\u00bb4.27.2&#8243; _module_preset=\u00bbdefault\u00bb global_colors_info=\u00bb{}\u00bb][et_pb_blurb title=\u00bbCertificado definitivo de da\u00f1os. Temporada 22-23 \/ 23-24&#8243; use_icon=\u00bbon\u00bb font_icon=\u00bb&#x68;||divi||400&#8243; icon_color=\u00bb#000099&#8243; image_icon_width=\u00bb40px\u00bb icon_alignment=\u00bbleft\u00bb content_max_width=\u00bb100%\u00bb _builder_version=\u00bb4.27.4&#8243; _module_preset=\u00bb6e712727-0993-4f47-a922-0032e4c3d8f6&#8243; header_font=\u00bb&#8211;et_global_body_font|700|||||||\u00bb header_text_color=\u00bb#000F9F\u00bb header_font_size=\u00bb20px\u00bb header_line_height=\u00bb1.2em\u00bb body_font=\u00bbMontserrat||||||||\u00bb custom_padding=\u00bb||3px|||\u00bb animation=\u00bboff\u00bb header_font_size_tablet=\u00bb18px\u00bb header_font_size_phone=\u00bb16px\u00bb header_font_size_last_edited=\u00bbon|phone\u00bb body_font_size_tablet=\u00bb\u00bb body_font_size_phone=\u00bb13px\u00bb body_font_size_last_edited=\u00bbon|phone\u00bb locked=\u00bboff\u00bb global_colors_info=\u00bb{}\u00bb]<\/p>\n<p>Los certificados definitivos de da\u00f1os son documentos emitidos a partir de las tasaciones de las p\u00e9rdidas causadas por granizo, heladas u otros eventos clim\u00e1ticos durante una temporada agr\u00edcola (temporada ej.: septiembre de 2021 &#8211; mayo de 2022). Se emite un certificado por unidad productiva, y el porcentaje consignado refleja el da\u00f1o acumulado en la temporada, calculado en base al promedio ponderado de toda la unidad.<\/p>\n<p>\u00bfC\u00f3mo obtener certificado? Envi\u00e1 un mail a <a href=\"mailto:contingenciasmza@gmail.com\">contingenciasmza@gmail.com<\/a>, indicando n\u00famero de RUT del productor y temporada agr\u00edcola del certificado que se solicita<\/p>\n<p>&nbsp;<\/p>\n<p>[\/et_pb_blurb][\/et_pb_column][\/et_pb_row][et_pb_row column_structure=\u00bb1_3,1_3,1_3&#8243; _builder_version=\u00bb4.27.4&#8243; _module_preset=\u00bbdefault\u00bb border_style_all=\u00bbnone\u00bb border_width_bottom=\u00bb4px\u00bb locked=\u00bboff\u00bb global_colors_info=\u00bb{}\u00bb][et_pb_column type=\u00bb1_3&#8243; _builder_version=\u00bb4.27.4&#8243; _module_preset=\u00bbdefault\u00bb global_colors_info=\u00bb{}\u00bb][et_pb_blurb title=\u00bbRUT inscripci\u00f3n en el sistema digital\u00bb url=\u00bbhttps:\/\/atencionciudadana.mendoza.gob.ar\/inscripcion-al-rut-digital\/\u00bb use_icon=\u00bbon\u00bb font_icon=\u00bb&#xf566;||fa||900&#8243; icon_color=\u00bb#000099&#8243; image_icon_width=\u00bb50px\u00bb icon_alignment=\u00bbleft\u00bb content_max_width=\u00bb100%\u00bb _builder_version=\u00bb4.27.4&#8243; _module_preset=\u00bb6e712727-0993-4f47-a922-0032e4c3d8f6&#8243; header_font=\u00bb&#8211;et_global_body_font|700|||||||\u00bb header_text_color=\u00bb#000F9F\u00bb header_font_size=\u00bb20px\u00bb header_line_height=\u00bb1.2em\u00bb body_font=\u00bbMontserrat||||||||\u00bb custom_padding=\u00bb||0px|||\u00bb animation=\u00bboff\u00bb header_font_size_tablet=\u00bb18px\u00bb header_font_size_phone=\u00bb16px\u00bb header_font_size_last_edited=\u00bbon|phone\u00bb body_font_size_tablet=\u00bb\u00bb body_font_size_phone=\u00bb13px\u00bb body_font_size_last_edited=\u00bbon|phone\u00bb locked=\u00bboff\u00bb global_colors_info=\u00bb{}\u00bb]<\/p>\n<p><strong style=\"font-size: 14px\">\u00bfQu\u00e9 es el Rut?<br \/><\/strong>El Registro de Uso Permanente de la Tierra (RUT) es un padr\u00f3n digital que recopila informaci\u00f3n sobre el productor, el uso del suelo, los cultivos y las caracter\u00edsticas de los establecimientos agr\u00edcolas de la provincia de Mendoza.<\/p>\n<p>&nbsp;<\/p>\n<p>&nbsp;<\/p>\n<p>[\/et_pb_blurb][\/et_pb_column][et_pb_column type=\u00bb1_3&#8243; _builder_version=\u00bb4.16&#8243; _module_preset=\u00bbdefault\u00bb global_colors_info=\u00bb{}\u00bb][et_pb_blurb title=\u00bbActualizaci\u00f3n Anual del RUT (Registro de Uso Permanente de la Tierra)\u00bb url=\u00bbhttps:\/\/atencionciudadana.mendoza.gob.ar\/actualizacion-rut\/\u00bb use_icon=\u00bbon\u00bb font_icon=\u00bb&#xf2b9;||fa||400&#8243; icon_color=\u00bb#000099&#8243; image_icon_width=\u00bb50px\u00bb icon_alignment=\u00bbleft\u00bb content_max_width=\u00bb100%\u00bb _builder_version=\u00bb4.27.4&#8243; _module_preset=\u00bb6e712727-0993-4f47-a922-0032e4c3d8f6&#8243; header_font=\u00bb&#8211;et_global_body_font|700|||||||\u00bb header_text_color=\u00bb#000F9F\u00bb header_font_size=\u00bb20px\u00bb header_line_height=\u00bb1.2em\u00bb body_font=\u00bbMontserrat||||||||\u00bb animation=\u00bboff\u00bb hover_enabled=\u00bb0&#8243; header_font_size_tablet=\u00bb18px\u00bb header_font_size_phone=\u00bb16px\u00bb header_font_size_last_edited=\u00bbon|phone\u00bb body_font_size_tablet=\u00bb\u00bb body_font_size_phone=\u00bb13px\u00bb body_font_size_last_edited=\u00bbon|phone\u00bb locked=\u00bboff\u00bb global_colors_info=\u00bb{}\u00bb sticky_enabled=\u00bb0&#8243;]<\/p>\n<p>Como titular de una unidad productiva, usted tiene la obligaci\u00f3n de mantener actualizada la informaci\u00f3n en el Registro de Uso Permanente de la Tierra (RUT).<\/p>\n<p><strong>Plazo para la declaraci\u00f3n: del 1 al 31 de mayo de cada a\u00f1o.<\/strong>Durante este per\u00edodo, debe realizar una de las siguientes acciones:<\/p>\n<ul>\n<li><strong>Declarar modificaciones:<\/strong>Informar sobre cambios en la superficie cultivada, el tipo de cultivo o los datos del titular.<\/li>\n<li><strong>Renovar el registro:<\/strong>Confirmar que no se han realizado modificaciones respecto al a\u00f1o anterior.<\/li>\n<\/ul>\n<p>[\/et_pb_blurb][\/et_pb_column][et_pb_column type=\u00bb1_3&#8243; _builder_version=\u00bb4.27.4&#8243; _module_preset=\u00bbdefault\u00bb global_colors_info=\u00bb{}\u00bb][et_pb_blurb title=\u00bbCARGA DE DATOS BANCARIOS &#8211; FONDO COMPENSADOR AGR\u00cdCOLA\u00bb url=\u00bbhttps:\/\/atencionciudadana.mendoza.gob.ar\/carga-de-datos-bancarios-fondo-compensador-agricola\/\u00bb use_icon=\u00bbon\u00bb font_icon=\u00bb&#xf085;||fa||900&#8243; icon_color=\u00bb#000099&#8243; image_icon_width=\u00bb40px\u00bb icon_alignment=\u00bbleft\u00bb content_max_width=\u00bb100%\u00bb _builder_version=\u00bb4.27.4&#8243; _module_preset=\u00bb6e712727-0993-4f47-a922-0032e4c3d8f6&#8243; header_font=\u00bb&#8211;et_global_body_font|700|||||||\u00bb header_text_color=\u00bb#000F9F\u00bb header_font_size=\u00bb20px\u00bb header_line_height=\u00bb1.2em\u00bb body_font=\u00bbMontserrat||||||||\u00bb animation=\u00bboff\u00bb hover_enabled=\u00bb0&#8243; header_font_size_tablet=\u00bb18px\u00bb header_font_size_phone=\u00bb16px\u00bb header_font_size_last_edited=\u00bbon|phone\u00bb body_font_size_tablet=\u00bb\u00bb body_font_size_phone=\u00bb13px\u00bb body_font_size_last_edited=\u00bbon|phone\u00bb locked=\u00bboff\u00bb global_colors_info=\u00bb{}\u00bb sticky_enabled=\u00bb0&#8243;]<\/p>\n<p>Este tr\u00e1mite est\u00e1 destinado\u00a0<strong>exclusivamente<\/strong>\u00a0a productores adheridos al Fondo Compensador Agr\u00edcola.<\/p>\n<p><strong>Objetivo:<\/strong>\u00a0Declarar los datos de la cuenta bancaria donde recibir\u00e1 los pagos compensatorios.<\/p>\n<p><strong>Requisitos de la cuenta:<\/strong><\/p>\n<ul>\n<li>La cuenta debe estar a nombre del\u00a0<strong>titular del RUT<\/strong>.<\/li>\n<li>Alternativamente, puede estar a nombre de las personas designadas como\u00a0<strong>administradores<\/strong>en el registro.<\/li>\n<\/ul>\n<p>&nbsp;<\/p>\n<p>&nbsp;<\/p>\n<p>[\/et_pb_blurb][\/et_pb_column][\/et_pb_row][et_pb_row column_structure=\u00bb1_3,1_3,1_3&#8243; _builder_version=\u00bb4.27.4&#8243; _module_preset=\u00bbdefault\u00bb border_style_all=\u00bbnone\u00bb border_width_bottom=\u00bb4px\u00bb locked=\u00bboff\u00bb global_colors_info=\u00bb{}\u00bb][et_pb_column type=\u00bb1_3&#8243; _builder_version=\u00bb4.27.4&#8243; _module_preset=\u00bbdefault\u00bb global_colors_info=\u00bb{}\u00bb][et_pb_blurb title=\u00bbEstad\u00edsticas de da\u00f1os\u00bb url=\u00bbhttps:\/\/www.mendoza.gov.ar\/contingencias\/riesgo-agricola\/\u00bb use_icon=\u00bbon\u00bb font_icon=\u00bb&#xe023;||divi||400&#8243; icon_color=\u00bb#000099&#8243; image_icon_width=\u00bb50px\u00bb icon_alignment=\u00bbleft\u00bb content_max_width=\u00bb100%\u00bb _builder_version=\u00bb4.27.4&#8243; _module_preset=\u00bb6e712727-0993-4f47-a922-0032e4c3d8f6&#8243; header_font=\u00bb&#8211;et_global_body_font|700|||||||\u00bb header_text_color=\u00bb#000F9F\u00bb header_font_size=\u00bb20px\u00bb header_line_height=\u00bb1.2em\u00bb body_font=\u00bbMontserrat||||||||\u00bb custom_padding=\u00bb||0px|||\u00bb animation=\u00bboff\u00bb header_font_size_tablet=\u00bb18px\u00bb header_font_size_phone=\u00bb16px\u00bb header_font_size_last_edited=\u00bbon|phone\u00bb body_font_size_tablet=\u00bb\u00bb body_font_size_phone=\u00bb13px\u00bb body_font_size_last_edited=\u00bbon|phone\u00bb locked=\u00bboff\u00bb global_colors_info=\u00bb{}\u00bb]<\/p>\n<p><strong> Estad\u00edsticas de da\u00f1os<\/strong><\/p>\n<p><strong>Objetivo:<\/strong> La Direcci\u00f3n de Contingencias Clim\u00e1ticas, Autoridad de Aplicaci\u00f3n de la Ley de Emergencia Agropecuaria 9083, tiene la misi\u00f3n de informar los da\u00f1os producidos por contingencias clim\u00e1ticas, meteorol\u00f3gicas o f\u00edsicos que hayan afectado la producci\u00f3n o capacidad de producci\u00f3n de las regiones y distritos de la provincia.<\/p>\n<p>.<\/p>\n<p>[\/et_pb_blurb][\/et_pb_column][et_pb_column type=\u00bb1_3&#8243; _builder_version=\u00bb4.16&#8243; _module_preset=\u00bbdefault\u00bb global_colors_info=\u00bb{}\u00bb][et_pb_blurb title=\u00bbPron\u00f3stico\u00bb url=\u00bbhttps:\/\/contingencias.mendoza.gov.ar\/pronostico.php\u00bb use_icon=\u00bbon\u00bb font_icon=\u00bb&#xf185;||fa||400&#8243; icon_color=\u00bb#000099&#8243; image_icon_width=\u00bb50px\u00bb icon_alignment=\u00bbleft\u00bb content_max_width=\u00bb100%\u00bb _builder_version=\u00bb4.27.4&#8243; _module_preset=\u00bb6e712727-0993-4f47-a922-0032e4c3d8f6&#8243; header_font=\u00bb&#8211;et_global_body_font|700|||||||\u00bb header_text_color=\u00bb#000F9F\u00bb header_font_size=\u00bb20px\u00bb header_line_height=\u00bb1.2em\u00bb body_font=\u00bbMontserrat||||||||\u00bb custom_padding=\u00bb||0px|||\u00bb animation=\u00bboff\u00bb header_font_size_tablet=\u00bb18px\u00bb header_font_size_phone=\u00bb16px\u00bb header_font_size_last_edited=\u00bbon|phone\u00bb body_font_size_tablet=\u00bb\u00bb body_font_size_phone=\u00bb13px\u00bb body_font_size_last_edited=\u00bbon|phone\u00bb locked=\u00bboff\u00bb global_colors_info=\u00bb{}\u00bb]<\/p>\n<p><span style=\"font-size: 14px\">Contingencias Clim\u00e1ticas posee cuatro radares meteorol\u00f3gicos ubicados en puntos estrat\u00e9gicos de la provincia. Estos dispositivos cuentan con sistema TITAN.<\/span><\/p>\n<p><strong style=\"font-size: 14px\">Objetivo<\/strong><span style=\"font-size: 14px\">: Identifica de manera objetiva y realiza un seguimiento de las tormentas el\u00e9ctricas. Las im\u00e1genes se pueden observar desde la <\/span><a href=\"https:\/\/www.mendoza.gov.ar\/contingencias\/radar\/\"><strong style=\"font-size: 14px\">p\u00e1gina web<\/strong><\/a><span style=\"font-size: 14px\">\u00a0<\/span><\/p>\n<p>[\/et_pb_blurb][\/et_pb_column][et_pb_column type=\u00bb1_3&#8243; _builder_version=\u00bb4.27.4&#8243; _module_preset=\u00bbdefault\u00bb global_colors_info=\u00bb{}\u00bb][et_pb_blurb title=\u00bbAlerta de heladas\u00bb url=\u00bbhttps:\/\/www.mendoza.gov.ar\/contingencias\/agrometeorologia\/\u00bb use_icon=\u00bbon\u00bb font_icon=\u00bb&#xe0f6;||divi||400&#8243; icon_color=\u00bb#000099&#8243; image_icon_width=\u00bb40px\u00bb icon_alignment=\u00bbleft\u00bb content_max_width=\u00bb100%\u00bb _builder_version=\u00bb4.27.4&#8243; _module_preset=\u00bb6e712727-0993-4f47-a922-0032e4c3d8f6&#8243; header_font=\u00bb&#8211;et_global_body_font|700|||||||\u00bb header_text_color=\u00bb#000F9F\u00bb header_font_size=\u00bb20px\u00bb header_line_height=\u00bb1.2em\u00bb body_font=\u00bbMontserrat||||||||\u00bb animation=\u00bboff\u00bb header_font_size_tablet=\u00bb18px\u00bb header_font_size_phone=\u00bb16px\u00bb header_font_size_last_edited=\u00bbon|phone\u00bb body_font_size_tablet=\u00bb\u00bb body_font_size_phone=\u00bb13px\u00bb body_font_size_last_edited=\u00bbon|phone\u00bb locked=\u00bboff\u00bb global_colors_info=\u00bb{}\u00bb]<\/p>\n<p>Contingencias Clim\u00e1ticas cuenta \u00a0con sistemas de pron\u00f3stico y alerta clim\u00e1tica en los tres oasis productivos de la provincia. Estas bases est\u00e1n respaldadas por estaciones meteorol\u00f3gicas propias distribuidas en todo el territorio.<span style=\"font-size: 14px\">\u00a0<\/span><\/p>\n<p><strong>Recomendaci\u00f3n:<\/strong> Ante cualquier situaci\u00f3n clim\u00e1tica, se aconseja comunicarse con la Delegaci\u00f3n correspondiente a la localidad donde se encuentra su finca. De este modo, podr\u00e1 recibir orientaci\u00f3n oportuna y tomar medidas preventivas o paliativas adecuadas.<\/p>\n<p>[\/et_pb_blurb][\/et_pb_column][\/et_pb_row][\/et_pb_section][et_pb_section fb_built=\u00bb1&#8243; admin_label=\u00bbFeatures\u00bb _builder_version=\u00bb4.27.4&#8243; background_color=\u00bb#cc9966&#8243; background_enable_image=\u00bboff\u00bb background_blend=\u00bboverlay\u00bb custom_padding=\u00bb100px|0px|100px|0px\u00bb locked=\u00bboff\u00bb global_colors_info=\u00bb{}\u00bb][et_pb_row column_structure=\u00bb1_2,1_2&#8243; _builder_version=\u00bb4.27.4&#8243; _module_preset=\u00bbdefault\u00bb global_colors_info=\u00bb{}\u00bb][et_pb_column type=\u00bb1_2&#8243; _builder_version=\u00bb4.27.4&#8243; _module_preset=\u00bbdefault\u00bb global_colors_info=\u00bb{}\u00bb][et_pb_text _builder_version=\u00bb4.27.4&#8243; _module_preset=\u00bbdefault\u00bb global_colors_info=\u00bb{}\u00bb]<\/p>\n<p><span style=\"color: #ffffff;font-size: xx-large\">Pronostico Diario<\/span><\/p>\n<p>[\/et_pb_text][\/et_pb_column][et_pb_column type=\u00bb1_2&#8243; _builder_version=\u00bb4.27.4&#8243; _module_preset=\u00bbdefault\u00bb global_colors_info=\u00bb{}\u00bb][et_pb_button button_url=\u00bbhttps:\/\/contingencias.mendoza.gov.ar\/pronostico.php\u00bb button_text=\u00bbConsultar\u00bb _builder_version=\u00bb4.27.4&#8243; _module_preset=\u00bbdefault\u00bb custom_button=\u00bbon\u00bb button_text_color=\u00bb#FFFFFF\u00bb global_colors_info=\u00bb{}\u00bb][\/et_pb_button][\/et_pb_column][\/et_pb_row][\/et_pb_section][et_pb_section fb_built=\u00bb1&#8243; specialty=\u00bbon\u00bb admin_label=\u00bbAll Courses\u00bb _builder_version=\u00bb4.27.4&#8243; custom_padding=\u00bb100px|0px|100px|0px\u00bb locked=\u00bboff\u00bb global_colors_info=\u00bb{}\u00bb][et_pb_column type=\u00bb1_3&#8243; _builder_version=\u00bb4.16&#8243; custom_padding=\u00bb|||\u00bb global_colors_info=\u00bb{}\u00bb parallax__hover=\u00bboff\u00bb parallax_method__hover=\u00bbon\u00bb custom_padding__hover=\u00bb|||\u00bb][et_pb_image src=\u00bbhttps:\/\/mza-dicaws-portal-uploads-media-prod.s3.amazonaws.com\/informacion-oficial\/uploads\/sites\/17\/2025\/09\/DSC07106-e1757430047853.jpg\u00bb title_text=\u00bbDSC07106&#8243; _builder_version=\u00bb4.27.4&#8243; _module_preset=\u00bbdefault\u00bb global_colors_info=\u00bb{}\u00bb][\/et_pb_image][\/et_pb_column][et_pb_column type=\u00bb2_3&#8243; specialty_columns=\u00bb2&#8243; _builder_version=\u00bb4.16&#8243; custom_padding=\u00bb|||\u00bb global_colors_info=\u00bb{}\u00bb parallax__hover=\u00bboff\u00bb parallax_method__hover=\u00bbon\u00bb custom_padding__hover=\u00bb|||\u00bb][et_pb_row_inner _builder_version=\u00bb4.27.4&#8243; _module_preset=\u00bbdefault\u00bb global_colors_info=\u00bb{}\u00bb][et_pb_column_inner saved_specialty_column_type=\u00bb2_3&#8243; _builder_version=\u00bb4.27.4&#8243; _module_preset=\u00bbdefault\u00bb global_colors_info=\u00bb{}\u00bb][et_pb_text _builder_version=\u00bb4.27.4&#8243; _module_preset=\u00bbdefault\u00bb custom_padding=\u00bb0px|||||\u00bb global_colors_info=\u00bb{}\u00bb]<\/p>\n<div class=\"elementor-column elementor-col-50 elementor-top-column elementor-element elementor-element-5e8a752\" data-id=\"5e8a752\" data-element_type=\"column\">\n<div class=\"elementor-widget-wrap elementor-element-populated\">\n<div class=\"elementor-element elementor-element-e05fc5d elementor-widget elementor-widget-text-editor\" data-id=\"e05fc5d\" data-element_type=\"widget\" data-widget_type=\"text-editor.default\">\n<div class=\"elementor-widget-container\">\n<p><strong>Heladas<\/strong><br \/><strong><span style=\"font-size: 14px\">\u00bfCu\u00e1ndo se produce una helada?<br \/><\/span><\/strong>Una helada ocurre cuando la temperatura baja tanto que el agua dentro de las plantas se congela. Esto da\u00f1a sus tejidos y puede llegar a matar brotes, flores o frutos.<\/p>\n<p><strong>\u00bfQu\u00e9 da\u00f1os provoca?<\/strong><br \/>El hielo dentro de las c\u00e9lulas perfora sus paredes y las seca. Los brotes j\u00f3venes y las flores son los m\u00e1s sensibles porque tienen m\u00e1s agua. Las heladas pueden arruinar yemas, flores y frutos en desarrollo, dejando deformaciones o p\u00e9rdidas totales.<\/p>\n<p><strong>\u00bfQu\u00e9 factores influyen?<br \/><\/strong><span style=\"font-size: 14px\"><strong>Nubes:<\/strong> ayudan a retener el calor y reducen el riesgo.<br \/><\/span><strong>Viento:<\/strong> mezcla el aire fr\u00edo con el m\u00e1s c\u00e1lido y disminuye la posibilidad de helada.<br \/><strong>Humedad<\/strong>: si el aire est\u00e1 h\u00famedo, la formaci\u00f3n de roc\u00edo o hielo libera calor y protege algo a las plantas; en aire seco, el riesgo es mayor (helada negra).<br \/><strong>Suelo y vegetaci\u00f3n<\/strong>: el suelo desnudo y h\u00famedo guarda m\u00e1s calor; las malezas o el suelo suelto aumentan el riesgo.<span style=\"font-size: 14px\">\u00a0<\/span><\/p>\n<\/div>\n<\/div>\n<\/div>\n<\/div>\n<div class=\"elementor-column elementor-col-50 elementor-top-column elementor-element elementor-element-1540622\" data-id=\"1540622\" data-element_type=\"column\">\n<div class=\"elementor-widget-wrap elementor-element-populated\">\n<div class=\"elementor-element elementor-element-2791db0 elementor-widget elementor-widget-shortcode\" data-id=\"2791db0\" data-element_type=\"widget\" data-widget_type=\"shortcode.default\">\n<div class=\"elementor-widget-container\"><\/div>\n<\/div>\n<\/div>\n<\/div>\n<p>[\/et_pb_text][\/et_pb_column_inner][\/et_pb_row_inner][et_pb_row_inner _builder_version=\u00bb4.27.4&#8243; _module_preset=\u00bbdefault\u00bb global_colors_info=\u00bb{}\u00bb][et_pb_column_inner saved_specialty_column_type=\u00bb2_3&#8243; _builder_version=\u00bb4.27.4&#8243; _module_preset=\u00bbdefault\u00bb global_colors_info=\u00bb{}\u00bb][et_pb_button button_text=\u00bb\u00bfC\u00f3mo se pueden prevenir o combatir?\u00bb _builder_version=\u00bb4.27.4&#8243; _module_preset=\u00bbdefault\u00bb custom_button=\u00bbon\u00bb button_text_color=\u00bb#cc9966&#8243; hover_enabled=\u00bb0&#8243; global_colors_info=\u00bb{}\u00bb sticky_enabled=\u00bb0&#8243; button_url=\u00bbhttps:\/\/informacionoficial.mendoza.gob.ar\/produccion\/heladas\/\u00bb][\/et_pb_button][\/et_pb_column_inner][\/et_pb_row_inner][\/et_pb_column][\/et_pb_section][et_pb_section fb_built=\u00bb1&#8243; specialty=\u00bbon\u00bb admin_label=\u00bbAll Courses\u00bb _builder_version=\u00bb4.27.4&#8243; custom_padding=\u00bb100px|0px|100px|0px\u00bb hover_enabled=\u00bb0&#8243; locked=\u00bboff\u00bb global_colors_info=\u00bb{}\u00bb sticky_enabled=\u00bb0&#8243;][et_pb_column type=\u00bb1_3&#8243; _builder_version=\u00bb4.16&#8243; custom_padding=\u00bb|||\u00bb global_colors_info=\u00bb{}\u00bb parallax__hover=\u00bboff\u00bb parallax_method__hover=\u00bbon\u00bb custom_padding__hover=\u00bb|||\u00bb][et_pb_text _builder_version=\u00bb4.27.4&#8243; _module_preset=\u00bbdefault\u00bb custom_padding=\u00bb0px|||||\u00bb hover_enabled=\u00bb0&#8243; global_colors_info=\u00bb{}\u00bb sticky_enabled=\u00bb0&#8243;]<\/p>\n<div class=\"elementor-column elementor-col-50 elementor-top-column elementor-element elementor-element-5e8a752\" data-id=\"5e8a752\" data-element_type=\"column\">\n<div class=\"elementor-widget-wrap elementor-element-populated\">\n<div class=\"elementor-element elementor-element-e05fc5d elementor-widget elementor-widget-text-editor\" data-id=\"e05fc5d\" data-element_type=\"widget\" data-widget_type=\"text-editor.default\">\n<div class=\"elementor-widget-container\">\n<p><span style=\"color: #000080\">Como titular de una unidad productiva, usted tiene la obligaci\u00f3n de mantener actualizada la informaci\u00f3n en el Registro de Uso Permanente de la Tierra (RUT).<\/span><\/p>\n<p>&nbsp;<\/p>\n<\/div>\n<\/div>\n<\/div>\n<\/div>\n<div class=\"elementor-column elementor-col-50 elementor-top-column elementor-element elementor-element-1540622\" data-id=\"1540622\" data-element_type=\"column\">\n<div class=\"elementor-widget-wrap elementor-element-populated\">\n<div class=\"elementor-element elementor-element-2791db0 elementor-widget elementor-widget-shortcode\" data-id=\"2791db0\" data-element_type=\"widget\" data-widget_type=\"shortcode.default\">\n<div class=\"elementor-widget-container\"><\/div>\n<\/div>\n<\/div>\n<\/div>\n<p>[\/et_pb_text][\/et_pb_column][et_pb_column type=\u00bb2_3&#8243; specialty_columns=\u00bb2&#8243; _builder_version=\u00bb4.16&#8243; custom_padding=\u00bb|||\u00bb global_colors_info=\u00bb{}\u00bb parallax__hover=\u00bboff\u00bb parallax_method__hover=\u00bbon\u00bb custom_padding__hover=\u00bb|||\u00bb][et_pb_row_inner _builder_version=\u00bb4.27.4&#8243; _module_preset=\u00bbdefault\u00bb global_colors_info=\u00bb{}\u00bb][et_pb_column_inner saved_specialty_column_type=\u00bb2_3&#8243; _builder_version=\u00bb4.27.4&#8243; _module_preset=\u00bbdefault\u00bb global_colors_info=\u00bb{}\u00bb][et_pb_video src=\u00bbhttps:\/\/mza-dicaws-portal-uploads-media-prod.s3.amazonaws.com\/informacion-oficial\/uploads\/sites\/17\/2025\/09\/RUT-SIA.mp4&#8243; _builder_version=\u00bb4.27.4&#8243; _module_preset=\u00bbdefault\u00bb title_text=\u00bbRUT SIA\u00bb hover_enabled=\u00bb0&#8243; sticky_enabled=\u00bb0&#8243;][\/et_pb_video][\/et_pb_column_inner][\/et_pb_row_inner][\/et_pb_column][\/et_pb_section]<\/p>\n","protected":false},"excerpt":{"rendered":"<p>Direcci\u00f3n de Contingencias Clim\u00e1ticas &nbsp;Acced\u00e9 a informaci\u00f3n relevante para tu actividad productiva, al pron\u00f3stico meteorol\u00f3gico y al fondo compensador agr\u00edcola, entre otros, en un solo lugar.Fondo Compensador Agr\u00edcolaTemporada 2025-2026 Boletas de Pago &#8211; Solo productores de hasta 30 hect\u00e1reas cultivadasPromover y respaldar el desarrollo de la producci\u00f3n agr\u00edcola en la provincia. Generar informaci\u00f3n confiable y [&hellip;]<\/p>\n","protected":false},"author":22,"featured_media":0,"parent":0,"menu_order":0,"comment_status":"closed","ping_status":"closed","template":"","meta":{"_et_pb_use_builder":"on","_et_pb_old_content":"","_et_gb_content_width":"","footnotes":""},"class_list":["post-852","page","type-page","status-publish","hentry"],"_links":{"self":[{"href":"https:\/\/informacionoficial.mendoza.gob.ar\/produccion\/wp-json\/wp\/v2\/pages\/852","targetHints":{"allow":["GET"]}}],"collection":[{"href":"https:\/\/informacionoficial.mendoza.gob.ar\/produccion\/wp-json\/wp\/v2\/pages"}],"about":[{"href":"https:\/\/informacionoficial.mendoza.gob.ar\/produccion\/wp-json\/wp\/v2\/types\/page"}],"author":[{"embeddable":true,"href":"https:\/\/informacionoficial.mendoza.gob.ar\/produccion\/wp-json\/wp\/v2\/users\/22"}],"replies":[{"embeddable":true,"href":"https:\/\/informacionoficial.mendoza.gob.ar\/produccion\/wp-json\/wp\/v2\/comments?post=852"}],"version-history":[{"count":61,"href":"https:\/\/informacionoficial.mendoza.gob.ar\/produccion\/wp-json\/wp\/v2\/pages\/852\/revisions"}],"predecessor-version":[{"id":1939,"href":"https:\/\/informacionoficial.mendoza.gob.ar\/produccion\/wp-json\/wp\/v2\/pages\/852\/revisions\/1939"}],"wp:attachment":[{"href":"https:\/\/informacionoficial.mendoza.gob.ar\/produccion\/wp-json\/wp\/v2\/media?parent=852"}],"curies":[{"name":"wp","href":"https:\/\/api.w.org\/{rel}","templated":true}]}}