{"id":1286,"date":"2025-07-28T19:11:01","date_gmt":"2025-07-28T17:11:01","guid":{"rendered":"https:\/\/informacionoficial.mendoza.gob.ar\/seguridadyjusticia\/?page_id=1286"},"modified":"2025-08-13T19:25:55","modified_gmt":"2025-08-13T17:25:55","slug":"bomberos","status":"publish","type":"page","link":"https:\/\/informacionoficial.mendoza.gob.ar\/seguridadyjusticia\/bomberos\/","title":{"rendered":"Bomberos"},"content":{"rendered":"[et_pb_section fb_built=\u00bb1&#8243; admin_label=\u00bbsection\u00bb _builder_version=\u00bb4.16&#8243; global_colors_info=\u00bb{}\u00bb][et_pb_row admin_label=\u00bbrow\u00bb _builder_version=\u00bb4.16&#8243; background_size=\u00bbinitial\u00bb background_position=\u00bbtop_left\u00bb background_repeat=\u00bbrepeat\u00bb global_colors_info=\u00bb{}\u00bb][et_pb_column type=\u00bb4_4&#8243; _builder_version=\u00bb4.16&#8243; custom_padding=\u00bb|||\u00bb global_colors_info=\u00bb{}\u00bb custom_padding__hover=\u00bb|||\u00bb][et_pb_post_title _builder_version=\u00bb4.27.4&#8243; _module_preset=\u00bbdefault\u00bb meta=\u00bboff\u00bb featured_image=\u00bboff\u00bb hover_enabled=\u00bb0&#8243; sticky_enabled=\u00bb0&#8243; locked=\u00bboff\u00bb][\/et_pb_post_title][et_pb_text admin_label=\u00bbText\u00bb _builder_version=\u00bb4.16&#8243; background_size=\u00bbinitial\u00bb background_position=\u00bbtop_left\u00bb background_repeat=\u00bbrepeat\u00bb global_colors_info=\u00bb{}\u00bb]\n<p class=\"has-black-color has-text-color has-link-color wp-elements-75f90bfe473291d1bbb0717ab2131ec2\" style=\"font-size:14px\"><strong>Direcci\u00f3n:<\/strong>&nbsp;Sargento Cabral 108 de Ciudad de Mendoza.<\/p>\n\n\n\n<p class=\"has-black-color has-text-color has-link-color wp-elements-b89ee7135680d2481c95cbde1546f12e\" id=\"block-7c1fd8a5-9174-48b4-b681-b50401c0e864\" style=\"font-size:14px\"><strong>Tel\u00e9fono:<\/strong> +54 261-4238759.<\/p>\n\n\n\n<p class=\"has-black-color has-text-color has-link-color wp-elements-49b2d0302b968d84e1fa5e11693579ef\"><strong>Correo Electr\u00f3nico:<\/strong> <a href=\"mailto:direbomb@mendoza.gov.ar\">direbomb@mendoza.gov.ar<\/a><\/p>\n\n\n<p><strong>DEPARTAMENTO DE\u00a0CAPACITACI\u00d3N\u00a0Y PROTOCOLO<\/strong><\/p>\n<p><a href=\"https:\/\/www.mendoza.gov.ar\/seguridad\/bomberos\/instructivo-para-solicitud-de-simulacros\">INSTRUCTIVO PARA SOLICITUD DE SIMULACROS<\/a><\/p>\n<p><a href=\"https:\/\/www.mendoza.gov.ar\/seguridad\/bomberos\/instructivo-para-visitas-de-escuelas\">INSTRUCTIVO PARA VISITAS DE ESCUELAS<\/a><\/p>\n<p><strong>DEPARTAMENTO DE\u00a0COORDINACI\u00d3N\u00a0T\u00c9CNICA\u00a0Y ASESORAMIENTO CONTRA INCENDIOS<\/strong><\/p>\n<p><a href=\"https:\/\/www.mendoza.gov.ar\/seguridad\/bomberos\/instructivo-para-capacitaciones-a-empresas\">INSTRUCTIVO PARA CAPACITACIONES A EMPRESAS<\/a><\/p>\n\n\n<h4 class=\"wp-block-heading has-black-color has-text-color has-link-color wp-elements-f70eb81101c41d188a796107c44b3b69\" style=\"font-size:18px\"><strong>OFICINAS<\/strong><\/h4>\n\n\n\n<p class=\"has-black-color has-text-color has-link-color wp-elements-c1f922210c1b88a28825806007ab654a\" style=\"font-size:14px\"><strong>DIVISI\u00d3N PROTECCI\u00d3N CONTRA INCENDIO GRAN MENDOZA<\/strong><\/p>\n\n\n\n<p class=\"has-black-color has-text-color has-link-color wp-elements-a9b085259358cded9a67e2812419e94d\" style=\"font-size:14px\">Ubicaci\u00f3n: Sargento Cabral N\u00b0 108, Ciudad, Mendoza.<\/p>\n\n\n\n<p class=\"has-black-color has-text-color has-link-color wp-elements-df9480ec975a2591cc5a427b35109845\" style=\"font-size:14px\">Tel\u00e9fono: +54 261-4203317.<\/p>\n\n\n\n<p class=\"has-black-color has-text-color has-link-color wp-elements-2ae0d5835054776f1486d9b71e41858b\" style=\"font-size:14px\">Correo Electr\u00f3nico: <a href=\"mailto:areatecnicabomberos@mendoza.gov.ar\">areatecnicabomberos@mendoza.gov.ar<\/a><\/p>\n\n\n\n<p class=\"has-black-color has-text-color has-link-color wp-elements-a99e6f252dd7196edf9467244a6630e7\"><strong>DIVISI\u00d3N PROTECCI\u00d3N CONTRA INCENDIO ZONA SUR:<\/strong><\/p>\n\n\n\n<p class=\"has-black-color has-text-color has-link-color wp-elements-c02763714a8f281c723216b5f8956ed3\" style=\"font-size:14px\"><strong>Delegaci\u00f3n San Rafael<\/strong><\/p>\n\n\n\n<p class=\"has-black-color has-text-color has-link-color wp-elements-c6c22a97057328a231bca57fbcd862cc\" style=\"font-size:14px\">Ubicaci\u00f3n: Calle Independencia 331.<\/p>\n\n\n\n<p class=\"has-black-color has-text-color has-link-color wp-elements-53c4a66fa530072903fe10b39e9ccb80\" style=\"font-size:14px\">Tel\u00e9fono: +54 260-4425615.<\/p>\n\n\n\n<p class=\"has-black-color has-text-color has-link-color wp-elements-dcf6b6825ae1a01e1f1deb0fb62351ba\" style=\"font-size:14px\">Correo Electr\u00f3nico: <a href=\"mailto:areatecnicasanrafael@mendoza.gov.ar\">areatecnicasanrafael@mendoza.gov.ar<\/a><\/p>\n\n\n\n<p class=\"has-black-color has-text-color has-link-color wp-elements-35349c51067a92ad9a91906a55ff2578\" style=\"font-size:14px\"><strong>Delegaci\u00f3n Malarg\u00fce<\/strong><\/p>\n\n\n\n<p class=\"has-black-color has-text-color has-link-color wp-elements-75e423669efda9e057e3b8c1b28a862f\" style=\"font-size:14px\">Ubicaci\u00f3n: calle Adolfo Puebla e Inalican.<\/p>\n\n\n\n<p class=\"has-black-color has-text-color has-link-color wp-elements-cc36573c8720c7056d6dd68bb2772e09\" style=\"font-size:14px\">Tel\u00e9fono: +54 260-4471030.<\/p>\n\n\n\n<p class=\"has-black-color has-text-color has-link-color wp-elements-3bf0606d281c7ece8c67bf027cd30e52\" style=\"font-size:14px\">Correo Electr\u00f3nico: <a href=\"mailto:bomberosmalargue@mendoza.gov.ar\">bomberosmalargue@mendoza.gov.ar<\/a><\/p>\n\n\n\n<p class=\"has-black-color has-text-color has-link-color wp-elements-3735333c46022d5275fed5dc389e9f4e\" style=\"font-size:14px\"><strong>Delegaci\u00f3n General Alvear<\/strong><\/p>\n\n\n\n<p class=\"has-black-color has-text-color has-link-color wp-elements-e782e0ce9c26d57137c22bfef3cbbf1e\">Ubicaci\u00f3n: calle San Rafael e Intendente Morales.<\/p>\n\n\n\n<p class=\"has-black-color has-text-color has-link-color wp-elements-7b6b3a99624d0611f87575cb1562b6b6\">Tel\u00e9fono: +54 2625-423455.<\/p>\n\n\n\n<p class=\"has-black-color has-text-color has-link-color wp-elements-62a428343b9b0f63b79929b5d0099f25\">Correo Electr\u00f3nico: <a href=\"mailto:bomberosgalvear@mendoza.gov.ar\">bomberosgalvear@mendoza.gov.ar<\/a><\/p>\n\n\n\n<p class=\"has-black-color has-text-color has-link-color wp-elements-e8e4ba3c7a5794c4deacd5dad8485bc9\"><strong>DIVISI\u00d3N PROTECCI\u00d3N CONTRA INCENDIO ZONA ESTE<\/strong><\/p>\n\n\n\n<p class=\"has-black-color has-text-color has-link-color wp-elements-180abdc4fb5e39d18546a8db459ab351\">Ubicaci\u00f3n: Calle Uruguay y Entre R\u00edos de La Colonia Jun\u00edn.<\/p>\n\n\n\n<p class=\"has-black-color has-text-color has-link-color wp-elements-865235d04ab24ff622d4b7ca110dd6b7\">Tel\u00e9fono: +54 263-440314.<\/p>\n\n\n\n<p class=\"has-black-color has-text-color has-link-color wp-elements-b7e0ee10ca67305a07e0be8378ce6c3a\">Correo Electr\u00f3nico: <a href=\"mailto:bomberossmartin@mendoza.gov.ar\">bomberossmartin@mendoza.gov.ar<\/a><\/p>\n\n\n\n<p class=\"has-black-color has-text-color has-link-color wp-elements-9a459bfbd45767c5e51dfe9ba9cbbb29\" style=\"font-size:14px\"><strong>DIVISI\u00d3N PROTECCI\u00d3N DE INCENDIO VALLE DE UCO<\/strong><\/p>\n\n\n\n<p class=\"has-black-color has-text-color has-link-color wp-elements-c3ce89c1d79eee8deea56c6df587b4fb\" style=\"font-size:14px\">Ubicaci\u00f3n: Calle Malvinas Argentinas y Ex Ruta Nacional N\u00b0 40 Tunuy\u00e1n.<\/p>\n\n\n\n<p class=\"has-black-color has-text-color has-link-color wp-elements-0eea2bd22cf4f5b019d37b418d5be638\" style=\"font-size:14px\">Tel\u00e9fono: +54 261-2084662.<\/p>\n\n\n\n<p class=\"has-black-color has-text-color has-link-color wp-elements-3a3b309e08cd18347b0af37e6109d117\" style=\"font-size:14px\">Correo Electr\u00f3nico: <a href=\"mailto:areatecnicavalledeuco@mendoza.gov.ar\">areatecnicavalledeuco@mendoza.gov.ar<\/a><\/p>\n\n\n\n<h4 class=\"wp-block-heading has-black-color has-text-color has-link-color wp-elements-f01dc87be559cfde8f4f30d8f6fbb210\" style=\"font-size:18px\"><strong>REQUISITOS GENERALES<\/strong><\/h4>\n\n\n\n<p class=\"has-black-color has-text-color has-link-color wp-elements-b6d78d317245bbbb40f600dcfaacf48d\" style=\"font-size:14px\">1. Documentaci\u00f3n necesaria para la presentaci\u00f3n que se consigna actualmente en la p\u00e1gina.<\/p>\n\n\n\n<p class=\"has-black-color has-text-color has-link-color wp-elements-bafede0f0b7f6c2f191dad8c594dd796\" style=\"font-size:14px\">2. Presentar el estudio de Incendio, firmado por un profesional Habilitado: T\u00e9cnico o Licenciado en Higiene y Seguridad, Ingeniero o Arquitecto.<\/p>\n\n\n\n<p class=\"has-black-color has-text-color has-link-color wp-elements-c8f12d4512c66c846deb102ebc10598d\" style=\"font-size:14px\">3. Certificado de habilitaci\u00f3n profesional con las competencias proyecto, c\u00e1lculos y direcci\u00f3n t\u00e9cnica (Profesional Habilitado).<\/p>\n\n\n\n<p class=\"has-black-color has-text-color has-link-color wp-elements-82340360865cd573087a50099e959165\" style=\"font-size:14px\">4. Abonar los aforos correspondientes a la superficie de uso, riesgo o actividad del establecimiento. (<a href=\"https:\/\/www.mendoza.gov.ar\/wp-content\/uploads\/sites\/26\/2025\/02\/CODIGOS-2025-AREA-TECNICA-BOMBEROS-POLICIA-DE-MENDOZA.pdf\">Link con valores actualizados<\/a>).<\/p>\n\n\n\n<h4 class=\"wp-block-heading has-black-color has-text-color has-link-color wp-elements-ded3995195e1d091f1868cd268463df4\" style=\"font-size:18px\"><strong>REQUISITOS ESPEC\u00cdFICOS PROFESIONALES<\/strong><\/h4>\n\n\n\n<p><a href=\"https:\/\/www.mendoza.gov.ar\/seguridad\/bomberos\/ce-me-p-a-c-i\/\">CE.ME.P.A.C.I: \u201cCERTIFICADO DE MEDIDAS DE PROTECCIONES APTAS CONTRA INCENDIO\u201d<\/a><\/p>\n\n\n\n<h4 class=\"wp-block-heading has-black-color has-text-color has-link-color wp-elements-b5a928775b4f711667af8b2041c54d4f\" style=\"font-size:14px\"><strong>EVENTUALES<\/strong><\/h4>\n\n\n\n<p class=\"has-black-color has-text-color has-link-color wp-elements-87b83ffba1f8339d5f70672fab8bd2b2\" style=\"font-size:14px\">En el caso de fiestas y eventos, se deber\u00e1n cumplir con los mismos requisitos exigidos para actividades permanentes, con la diferencia que el certificado que se emita tendr\u00e1 solo validez para el d\u00eda en el que se lleva a cabo dicho evento.<\/p>\n\n\n\n<h4 class=\"wp-block-heading has-black-color has-text-color has-link-color wp-elements-1ce3df3cae2a0b03391c030c41aa6c54\" style=\"font-size:14px\"><strong>RENOVACI\u00d3N<\/strong><\/h4>\n\n\n\n<p class=\"has-black-color has-text-color has-link-color wp-elements-8b78127ebcbe188031638521956f0373\" style=\"font-size:14px\">El tr\u00e1mite para efectuar las respectivas Renovaciones del Certificado de Protecci\u00f3n Contra Incendios, de no haber existido modificaciones en la titularidad, estructurales, constructivas, etc., deber\u00e1 presentar lo siguiente:<\/p>\n\n\n\n<p class=\"has-black-color has-text-color has-link-color wp-elements-0f5966b2939fd51bd3bad275fd7ca5e6\" style=\"font-size:14px\">Solicitud de Renovaci\u00f3n de Protecci\u00f3n contra incendio, mediante Nota estilo de Pedido de Renovaci\u00f3n firmada por el profesional actuante y el propietario, C\u00f3digos o aforos 163 y 646 actualizados al a\u00f1o en vigencia, capacitaciones actualizadas, y copia del \u00faltimo CEMEPACI emitido.<\/p>\n\n\n\n<p class=\"has-black-color has-text-color has-link-color wp-elements-5559e68f5ce92a163fb0bdb8163c1411\" style=\"font-size:14px\">Se adjunta la <a href=\"https:\/\/www.mendoza.gov.ar\/wp-content\/uploads\/sites\/26\/2025\/02\/CODIGOS-2025-AREA-TECNICA-BOMBEROS-POLICIA-DE-MENDOZA.pdf\">tabla de c\u00f3digos y aforos<\/a> correspondientes al canon que deben abonar los interesados para efectuar el presente tr\u00e1mite.<\/p>\n[\/et_pb_text][\/et_pb_column][\/et_pb_row][\/et_pb_section]","protected":false},"excerpt":{"rendered":"<p>Direcci\u00f3n:&nbsp;Sargento Cabral 108 de Ciudad de Mendoza. Tel\u00e9fono: +54 261-4238759. Correo Electr\u00f3nico: direbomb@mendoza.gov.ar DEPARTAMENTO DE\u00a0CAPACITACI\u00d3N\u00a0Y PROTOCOLO INSTRUCTIVO PARA SOLICITUD DE SIMULACROS INSTRUCTIVO PARA VISITAS DE ESCUELAS DEPARTAMENTO DE\u00a0COORDINACI\u00d3N\u00a0T\u00c9CNICA\u00a0Y ASESORAMIENTO CONTRA INCENDIOS INSTRUCTIVO PARA CAPACITACIONES A EMPRESAS OFICINAS DIVISI\u00d3N PROTECCI\u00d3N CONTRA INCENDIO GRAN MENDOZA Ubicaci\u00f3n: Sargento Cabral N\u00b0 108, Ciudad, Mendoza. Tel\u00e9fono: +54 261-4203317. Correo Electr\u00f3nico: [&hellip;]<\/p>\n","protected":false},"author":26,"featured_media":0,"parent":0,"menu_order":0,"comment_status":"closed","ping_status":"closed","template":"","meta":{"_et_pb_use_builder":"on","_et_pb_old_content":"<!-- wp:paragraph {\"style\":{\"elements\":{\"link\":{\"color\":{\"text\":\"var:preset|color|black\"}}},\"typography\":{\"fontSize\":\"14px\"}},\"textColor\":\"black\"} -->\n<p class=\"has-black-color has-text-color has-link-color\" style=\"font-size:14px\"><strong>Direcci\u00f3n:<\/strong>&nbsp;Sargento Cabral 108 de Ciudad de Mendoza.<\/p>\n<!-- \/wp:paragraph -->\n\n<!-- wp:paragraph {\"style\":{\"elements\":{\"link\":{\"color\":{\"text\":\"var:preset|color|black\"}}},\"typography\":{\"fontSize\":\"14px\"}},\"textColor\":\"black\"} -->\n<p class=\"has-black-color has-text-color has-link-color\" id=\"block-7c1fd8a5-9174-48b4-b681-b50401c0e864\" style=\"font-size:14px\"><strong>Tel\u00e9fono:<\/strong> +54 261-4238759.<\/p>\n<!-- \/wp:paragraph -->\n\n<!-- wp:paragraph {\"style\":{\"elements\":{\"link\":{\"color\":{\"text\":\"var:preset|color|black\"}}}},\"textColor\":\"black\"} -->\n<p class=\"has-black-color has-text-color has-link-color\"><strong>Correo Electr\u00f3nico:<\/strong> <a href=\"mailto:direbomb@mendoza.gov.ar\">direbomb@mendoza.gov.ar<\/a><\/p>\n<!-- \/wp:paragraph -->\n\n<p><strong>DEPARTAMENTO DE\u00a0CAPACITACI\u00d3N\u00a0Y PROTOCOLO<\/strong><\/p>\n<p><a href=\"https:\/\/www.mendoza.gov.ar\/seguridad\/bomberos\/instructivo-para-solicitud-de-simulacros\">INSTRUCTIVO PARA SOLICITUD DE SIMULACROS<\/a><\/p>\n<p><a href=\"https:\/\/www.mendoza.gov.ar\/seguridad\/bomberos\/instructivo-para-visitas-de-escuelas\">INSTRUCTIVO PARA VISITAS DE ESCUELAS<\/a><\/p>\n<p><strong>DEPARTAMENTO DE\u00a0COORDINACI\u00d3N\u00a0T\u00c9CNICA\u00a0Y ASESORAMIENTO CONTRA INCENDIOS<\/strong><\/p>\n<p><a href=\"https:\/\/www.mendoza.gov.ar\/seguridad\/bomberos\/instructivo-para-capacitaciones-a-empresas\">INSTRUCTIVO PARA CAPACITACIONES A EMPRESAS<\/a><\/p>\n\n<!-- wp:heading {\"level\":4,\"style\":{\"elements\":{\"link\":{\"color\":{\"text\":\"var:preset|color|black\"}}},\"typography\":{\"fontSize\":\"18px\"}},\"textColor\":\"black\"} -->\n<h4 class=\"wp-block-heading has-black-color has-text-color has-link-color\" style=\"font-size:18px\"><strong>OFICINAS<\/strong><\/h4>\n<!-- \/wp:heading -->\n\n<!-- wp:paragraph {\"style\":{\"elements\":{\"link\":{\"color\":{\"text\":\"var:preset|color|black\"}}},\"typography\":{\"fontSize\":\"14px\"}},\"textColor\":\"black\"} -->\n<p class=\"has-black-color has-text-color has-link-color\" style=\"font-size:14px\"><strong>DIVISI\u00d3N PROTECCI\u00d3N CONTRA INCENDIO GRAN MENDOZA<\/strong><\/p>\n<!-- \/wp:paragraph -->\n\n<!-- wp:paragraph {\"style\":{\"elements\":{\"link\":{\"color\":{\"text\":\"var:preset|color|black\"}}},\"typography\":{\"fontSize\":\"14px\"}},\"textColor\":\"black\"} -->\n<p class=\"has-black-color has-text-color has-link-color\" style=\"font-size:14px\">Ubicaci\u00f3n: Sargento Cabral N\u00b0 108, Ciudad, Mendoza.<\/p>\n<!-- \/wp:paragraph -->\n\n<!-- wp:paragraph {\"style\":{\"elements\":{\"link\":{\"color\":{\"text\":\"var:preset|color|black\"}}},\"typography\":{\"fontSize\":\"14px\"}},\"textColor\":\"black\"} -->\n<p class=\"has-black-color has-text-color has-link-color\" style=\"font-size:14px\">Tel\u00e9fono: +54 261-4203317.<\/p>\n<!-- \/wp:paragraph -->\n\n<!-- wp:paragraph {\"style\":{\"elements\":{\"link\":{\"color\":{\"text\":\"var:preset|color|black\"}}},\"typography\":{\"fontSize\":\"14px\"}},\"textColor\":\"black\"} -->\n<p class=\"has-black-color has-text-color has-link-color\" style=\"font-size:14px\">Correo Electr\u00f3nico: <a href=\"mailto:areatecnicabomberos@mendoza.gov.ar\">areatecnicabomberos@mendoza.gov.ar<\/a><\/p>\n<!-- \/wp:paragraph -->\n\n<!-- wp:paragraph {\"style\":{\"elements\":{\"link\":{\"color\":{\"text\":\"var:preset|color|black\"}}}},\"textColor\":\"black\"} -->\n<p class=\"has-black-color has-text-color has-link-color\"><strong>DIVISI\u00d3N PROTECCI\u00d3N CONTRA INCENDIO ZONA SUR:<\/strong><\/p>\n<!-- \/wp:paragraph -->\n\n<!-- wp:paragraph {\"style\":{\"elements\":{\"link\":{\"color\":{\"text\":\"var:preset|color|black\"}}},\"typography\":{\"fontSize\":\"14px\"}},\"textColor\":\"black\"} -->\n<p class=\"has-black-color has-text-color has-link-color\" style=\"font-size:14px\"><strong>Delegaci\u00f3n San Rafael<\/strong><\/p>\n<!-- \/wp:paragraph -->\n\n<!-- wp:paragraph {\"style\":{\"elements\":{\"link\":{\"color\":{\"text\":\"var:preset|color|black\"}}},\"typography\":{\"fontSize\":\"14px\"}},\"textColor\":\"black\"} -->\n<p class=\"has-black-color has-text-color has-link-color\" style=\"font-size:14px\">Ubicaci\u00f3n: Calle Independencia 331.<\/p>\n<!-- \/wp:paragraph -->\n\n<!-- wp:paragraph {\"style\":{\"elements\":{\"link\":{\"color\":{\"text\":\"var:preset|color|black\"}}},\"typography\":{\"fontSize\":\"14px\"}},\"textColor\":\"black\"} -->\n<p class=\"has-black-color has-text-color has-link-color\" style=\"font-size:14px\">Tel\u00e9fono: +54 260-4425615.<\/p>\n<!-- \/wp:paragraph -->\n\n<!-- wp:paragraph {\"style\":{\"elements\":{\"link\":{\"color\":{\"text\":\"var:preset|color|black\"}}},\"typography\":{\"fontSize\":\"14px\"}},\"textColor\":\"black\"} -->\n<p class=\"has-black-color has-text-color has-link-color\" style=\"font-size:14px\">Correo Electr\u00f3nico: <a href=\"mailto:areatecnicasanrafael@mendoza.gov.ar\">areatecnicasanrafael@mendoza.gov.ar<\/a><\/p>\n<!-- \/wp:paragraph -->\n\n<!-- wp:paragraph {\"style\":{\"elements\":{\"link\":{\"color\":{\"text\":\"var:preset|color|black\"}}},\"typography\":{\"fontSize\":\"14px\"}},\"textColor\":\"black\"} -->\n<p class=\"has-black-color has-text-color has-link-color\" style=\"font-size:14px\"><strong>Delegaci\u00f3n Malarg\u00fce<\/strong><\/p>\n<!-- \/wp:paragraph -->\n\n<!-- wp:paragraph {\"style\":{\"elements\":{\"link\":{\"color\":{\"text\":\"var:preset|color|black\"}}},\"typography\":{\"fontSize\":\"14px\"}},\"textColor\":\"black\"} -->\n<p class=\"has-black-color has-text-color has-link-color\" style=\"font-size:14px\">Ubicaci\u00f3n: calle Adolfo Puebla e Inalican.<\/p>\n<!-- \/wp:paragraph -->\n\n<!-- wp:paragraph {\"style\":{\"elements\":{\"link\":{\"color\":{\"text\":\"var:preset|color|black\"}}},\"typography\":{\"fontSize\":\"14px\"}},\"textColor\":\"black\"} -->\n<p class=\"has-black-color has-text-color has-link-color\" style=\"font-size:14px\">Tel\u00e9fono: +54 260-4471030.<\/p>\n<!-- \/wp:paragraph -->\n\n<!-- wp:paragraph {\"style\":{\"elements\":{\"link\":{\"color\":{\"text\":\"var:preset|color|black\"}}},\"typography\":{\"fontSize\":\"14px\"}},\"textColor\":\"black\"} -->\n<p class=\"has-black-color has-text-color has-link-color\" style=\"font-size:14px\">Correo Electr\u00f3nico: <a href=\"mailto:bomberosmalargue@mendoza.gov.ar\">bomberosmalargue@mendoza.gov.ar<\/a><\/p>\n<!-- \/wp:paragraph -->\n\n<!-- wp:paragraph {\"style\":{\"elements\":{\"link\":{\"color\":{\"text\":\"var:preset|color|black\"}}},\"typography\":{\"fontSize\":\"14px\"}},\"textColor\":\"black\"} -->\n<p class=\"has-black-color has-text-color has-link-color\" style=\"font-size:14px\"><strong>Delegaci\u00f3n General Alvear<\/strong><\/p>\n<!-- \/wp:paragraph -->\n\n<!-- wp:paragraph {\"style\":{\"elements\":{\"link\":{\"color\":{\"text\":\"var:preset|color|black\"}}}},\"textColor\":\"black\"} -->\n<p class=\"has-black-color has-text-color has-link-color\">Ubicaci\u00f3n: calle San Rafael e Intendente Morales.<\/p>\n<!-- \/wp:paragraph -->\n\n<!-- wp:paragraph {\"style\":{\"elements\":{\"link\":{\"color\":{\"text\":\"var:preset|color|black\"}}}},\"textColor\":\"black\"} -->\n<p class=\"has-black-color has-text-color has-link-color\">Tel\u00e9fono: +54 2625-423455.<\/p>\n<!-- \/wp:paragraph -->\n\n<!-- wp:paragraph {\"style\":{\"elements\":{\"link\":{\"color\":{\"text\":\"var:preset|color|black\"}}}},\"textColor\":\"black\"} -->\n<p class=\"has-black-color has-text-color has-link-color\">Correo Electr\u00f3nico: <a href=\"mailto:bomberosgalvear@mendoza.gov.ar\">bomberosgalvear@mendoza.gov.ar<\/a><\/p>\n<!-- \/wp:paragraph -->\n\n<!-- wp:paragraph {\"style\":{\"elements\":{\"link\":{\"color\":{\"text\":\"var:preset|color|black\"}}}},\"textColor\":\"black\"} -->\n<p class=\"has-black-color has-text-color has-link-color\"><strong>DIVISI\u00d3N PROTECCI\u00d3N CONTRA INCENDIO ZONA ESTE<\/strong><\/p>\n<!-- \/wp:paragraph -->\n\n<!-- wp:paragraph {\"style\":{\"elements\":{\"link\":{\"color\":{\"text\":\"var:preset|color|black\"}}}},\"textColor\":\"black\"} -->\n<p class=\"has-black-color has-text-color has-link-color\">Ubicaci\u00f3n: Calle Uruguay y Entre R\u00edos de La Colonia Jun\u00edn.<\/p>\n<!-- \/wp:paragraph -->\n\n<!-- wp:paragraph {\"style\":{\"elements\":{\"link\":{\"color\":{\"text\":\"var:preset|color|black\"}}}},\"textColor\":\"black\"} -->\n<p class=\"has-black-color has-text-color has-link-color\">Tel\u00e9fono: +54 263-440314.<\/p>\n<!-- \/wp:paragraph -->\n\n<!-- wp:paragraph {\"style\":{\"elements\":{\"link\":{\"color\":{\"text\":\"var:preset|color|black\"}}}},\"textColor\":\"black\"} -->\n<p class=\"has-black-color has-text-color has-link-color\">Correo Electr\u00f3nico: <a href=\"mailto:bomberossmartin@mendoza.gov.ar\">bomberossmartin@mendoza.gov.ar<\/a><\/p>\n<!-- \/wp:paragraph -->\n\n<!-- wp:paragraph {\"style\":{\"elements\":{\"link\":{\"color\":{\"text\":\"var:preset|color|black\"}}},\"typography\":{\"fontSize\":\"14px\"}},\"textColor\":\"black\"} -->\n<p class=\"has-black-color has-text-color has-link-color\" style=\"font-size:14px\"><strong>DIVISI\u00d3N PROTECCI\u00d3N DE INCENDIO VALLE DE UCO<\/strong><\/p>\n<!-- \/wp:paragraph -->\n\n<!-- wp:paragraph {\"style\":{\"elements\":{\"link\":{\"color\":{\"text\":\"var:preset|color|black\"}}},\"typography\":{\"fontSize\":\"14px\"}},\"textColor\":\"black\"} -->\n<p class=\"has-black-color has-text-color has-link-color\" style=\"font-size:14px\">Ubicaci\u00f3n: Calle Malvinas Argentinas y Ex Ruta Nacional N\u00b0 40 Tunuy\u00e1n.<\/p>\n<!-- \/wp:paragraph -->\n\n<!-- wp:paragraph {\"style\":{\"elements\":{\"link\":{\"color\":{\"text\":\"var:preset|color|black\"}}},\"typography\":{\"fontSize\":\"14px\"}},\"textColor\":\"black\"} -->\n<p class=\"has-black-color has-text-color has-link-color\" style=\"font-size:14px\">Tel\u00e9fono: +54 261-2084662.<\/p>\n<!-- \/wp:paragraph -->\n\n<!-- wp:paragraph {\"style\":{\"elements\":{\"link\":{\"color\":{\"text\":\"var:preset|color|black\"}}},\"typography\":{\"fontSize\":\"14px\"}},\"textColor\":\"black\"} -->\n<p class=\"has-black-color has-text-color has-link-color\" style=\"font-size:14px\">Correo Electr\u00f3nico: <a href=\"mailto:areatecnicavalledeuco@mendoza.gov.ar\">areatecnicavalledeuco@mendoza.gov.ar<\/a><\/p>\n<!-- \/wp:paragraph -->\n\n<!-- wp:heading {\"level\":4,\"style\":{\"elements\":{\"link\":{\"color\":{\"text\":\"var:preset|color|black\"}}},\"typography\":{\"fontSize\":\"18px\"}},\"textColor\":\"black\"} -->\n<h4 class=\"wp-block-heading has-black-color has-text-color has-link-color\" style=\"font-size:18px\"><strong>REQUISITOS GENERALES<\/strong><\/h4>\n<!-- \/wp:heading -->\n\n<!-- wp:paragraph {\"style\":{\"elements\":{\"link\":{\"color\":{\"text\":\"var:preset|color|black\"}}},\"typography\":{\"fontSize\":\"14px\"}},\"textColor\":\"black\"} -->\n<p class=\"has-black-color has-text-color has-link-color\" style=\"font-size:14px\">1. Documentaci\u00f3n necesaria para la presentaci\u00f3n que se consigna actualmente en la p\u00e1gina.<\/p>\n<!-- \/wp:paragraph -->\n\n<!-- wp:paragraph {\"style\":{\"elements\":{\"link\":{\"color\":{\"text\":\"var:preset|color|black\"}}},\"typography\":{\"fontSize\":\"14px\"}},\"textColor\":\"black\"} -->\n<p class=\"has-black-color has-text-color has-link-color\" style=\"font-size:14px\">2. Presentar el estudio de Incendio, firmado por un profesional Habilitado: T\u00e9cnico o Licenciado en Higiene y Seguridad, Ingeniero o Arquitecto.<\/p>\n<!-- \/wp:paragraph -->\n\n<!-- wp:paragraph {\"style\":{\"elements\":{\"link\":{\"color\":{\"text\":\"var:preset|color|black\"}}},\"typography\":{\"fontSize\":\"14px\"}},\"textColor\":\"black\"} -->\n<p class=\"has-black-color has-text-color has-link-color\" style=\"font-size:14px\">3. Certificado de habilitaci\u00f3n profesional con las competencias proyecto, c\u00e1lculos y direcci\u00f3n t\u00e9cnica (Profesional Habilitado).<\/p>\n<!-- \/wp:paragraph -->\n\n<!-- wp:paragraph {\"style\":{\"elements\":{\"link\":{\"color\":{\"text\":\"var:preset|color|black\"}}},\"typography\":{\"fontSize\":\"14px\"}},\"textColor\":\"black\"} -->\n<p class=\"has-black-color has-text-color has-link-color\" style=\"font-size:14px\">4. Abonar los aforos correspondientes a la superficie de uso, riesgo o actividad del establecimiento. (<a href=\"https:\/\/www.mendoza.gov.ar\/wp-content\/uploads\/sites\/26\/2025\/02\/CODIGOS-2025-AREA-TECNICA-BOMBEROS-POLICIA-DE-MENDOZA.pdf\">Link con valores actualizados<\/a>).<\/p>\n<!-- \/wp:paragraph -->\n\n<!-- wp:heading {\"level\":4,\"style\":{\"elements\":{\"link\":{\"color\":{\"text\":\"var:preset|color|black\"}}},\"typography\":{\"fontSize\":\"18px\"}},\"textColor\":\"black\"} -->\n<h4 class=\"wp-block-heading has-black-color has-text-color has-link-color\" style=\"font-size:18px\"><strong>REQUISITOS ESPEC\u00cdFICOS PROFESIONALES<\/strong><\/h4>\n<!-- \/wp:heading -->\n\n<!-- wp:paragraph -->\n<p><a href=\"https:\/\/www.mendoza.gov.ar\/seguridad\/bomberos\/ce-me-p-a-c-i\/\">CE.ME.P.A.C.I: \u201cCERTIFICADO DE MEDIDAS DE PROTECCIONES APTAS CONTRA INCENDIO\u201d<\/a><\/p>\n<!-- \/wp:paragraph -->\n\n<!-- wp:heading {\"level\":4,\"style\":{\"elements\":{\"link\":{\"color\":{\"text\":\"var:preset|color|black\"}}},\"typography\":{\"fontSize\":\"14px\"}},\"textColor\":\"black\"} -->\n<h4 class=\"wp-block-heading has-black-color has-text-color has-link-color\" style=\"font-size:14px\"><strong>EVENTUALES<\/strong><\/h4>\n<!-- \/wp:heading -->\n\n<!-- wp:paragraph {\"style\":{\"elements\":{\"link\":{\"color\":{\"text\":\"var:preset|color|black\"}}},\"typography\":{\"fontSize\":\"14px\"}},\"textColor\":\"black\"} -->\n<p class=\"has-black-color has-text-color has-link-color\" style=\"font-size:14px\">En el caso de fiestas y eventos, se deber\u00e1n cumplir con los mismos requisitos exigidos para actividades permanentes, con la diferencia que el certificado que se emita tendr\u00e1 solo validez para el d\u00eda en el que se lleva a cabo dicho evento.<\/p>\n<!-- \/wp:paragraph -->\n\n<!-- wp:heading {\"level\":4,\"style\":{\"elements\":{\"link\":{\"color\":{\"text\":\"var:preset|color|black\"}}},\"typography\":{\"fontSize\":\"14px\"}},\"textColor\":\"black\"} -->\n<h4 class=\"wp-block-heading has-black-color has-text-color has-link-color\" style=\"font-size:14px\"><strong>RENOVACI\u00d3N<\/strong><\/h4>\n<!-- \/wp:heading -->\n\n<!-- wp:paragraph {\"style\":{\"elements\":{\"link\":{\"color\":{\"text\":\"var:preset|color|black\"}}},\"typography\":{\"fontSize\":\"14px\"}},\"textColor\":\"black\"} -->\n<p class=\"has-black-color has-text-color has-link-color\" style=\"font-size:14px\">El tr\u00e1mite para efectuar las respectivas Renovaciones del Certificado de Protecci\u00f3n Contra Incendios, de no haber existido modificaciones en la titularidad, estructurales, constructivas, etc., deber\u00e1 presentar lo siguiente:<\/p>\n<!-- \/wp:paragraph -->\n\n<!-- wp:paragraph {\"style\":{\"elements\":{\"link\":{\"color\":{\"text\":\"var:preset|color|black\"}}},\"typography\":{\"fontSize\":\"14px\"}},\"textColor\":\"black\"} -->\n<p class=\"has-black-color has-text-color has-link-color\" style=\"font-size:14px\">Solicitud de Renovaci\u00f3n de Protecci\u00f3n contra incendio, mediante Nota estilo de Pedido de Renovaci\u00f3n firmada por el profesional actuante y el propietario, C\u00f3digos o aforos 163 y 646 actualizados al a\u00f1o en vigencia, capacitaciones actualizadas, y copia del \u00faltimo CEMEPACI emitido.<\/p>\n<!-- \/wp:paragraph -->\n\n<!-- wp:paragraph {\"style\":{\"elements\":{\"link\":{\"color\":{\"text\":\"var:preset|color|black\"}}},\"typography\":{\"fontSize\":\"14px\"}},\"textColor\":\"black\"} -->\n<p class=\"has-black-color has-text-color has-link-color\" style=\"font-size:14px\">Se adjunta la <a href=\"https:\/\/www.mendoza.gov.ar\/wp-content\/uploads\/sites\/26\/2025\/02\/CODIGOS-2025-AREA-TECNICA-BOMBEROS-POLICIA-DE-MENDOZA.pdf\">tabla de c\u00f3digos y aforos<\/a> correspondientes al canon que deben abonar los interesados para efectuar el presente tr\u00e1mite.<\/p>\n<!-- \/wp:paragraph -->","_et_gb_content_width":"","footnotes":""},"class_list":["post-1286","page","type-page","status-publish","hentry"],"_links":{"self":[{"href":"https:\/\/informacionoficial.mendoza.gob.ar\/seguridadyjusticia\/wp-json\/wp\/v2\/pages\/1286","targetHints":{"allow":["GET"]}}],"collection":[{"href":"https:\/\/informacionoficial.mendoza.gob.ar\/seguridadyjusticia\/wp-json\/wp\/v2\/pages"}],"about":[{"href":"https:\/\/informacionoficial.mendoza.gob.ar\/seguridadyjusticia\/wp-json\/wp\/v2\/types\/page"}],"author":[{"embeddable":true,"href":"https:\/\/informacionoficial.mendoza.gob.ar\/seguridadyjusticia\/wp-json\/wp\/v2\/users\/26"}],"replies":[{"embeddable":true,"href":"https:\/\/informacionoficial.mendoza.gob.ar\/seguridadyjusticia\/wp-json\/wp\/v2\/comments?post=1286"}],"version-history":[{"count":6,"href":"https:\/\/informacionoficial.mendoza.gob.ar\/seguridadyjusticia\/wp-json\/wp\/v2\/pages\/1286\/revisions"}],"predecessor-version":[{"id":1849,"href":"https:\/\/informacionoficial.mendoza.gob.ar\/seguridadyjusticia\/wp-json\/wp\/v2\/pages\/1286\/revisions\/1849"}],"wp:attachment":[{"href":"https:\/\/informacionoficial.mendoza.gob.ar\/seguridadyjusticia\/wp-json\/wp\/v2\/media?parent=1286"}],"curies":[{"name":"wp","href":"https:\/\/api.w.org\/{rel}","templated":true}]}}