{"id":1939,"date":"2025-09-16T16:08:17","date_gmt":"2025-09-16T14:08:17","guid":{"rendered":"https:\/\/informacionoficial.mendoza.gob.ar\/seguridadyjusticia\/?page_id=1939"},"modified":"2025-09-16T16:08:18","modified_gmt":"2025-09-16T14:08:18","slug":"decreto-n-2649","status":"publish","type":"page","link":"https:\/\/informacionoficial.mendoza.gob.ar\/seguridadyjusticia\/decreto-n-2649\/","title":{"rendered":"Decreto N\u00b0 2649"},"content":{"rendered":"\n<p>Visto el expediente G.N\u00b0 344\/J-81, en el cual se expone la necesidad de incrementar la actividad de Defensa Civil en todo el territorio de la Provincia, lo previsto por el Articulo 9, inc. a) de la Ley Provincial N\u00b0 3796 y lo propuesto por la Direcci\u00f3n provincial de Defensa Civil en lo concerniente a la creaci\u00f3n del CENTRO DE OPERACIONES DE EMERGENCIA PROVINCIAL,&nbsp; cuyo funcionamiento esta determinado en el local de dicha Direcci\u00f3n, como asimismo, disponer la adscripci\u00f3n del personal de auxiliares que integrara el C.O.E.P (Anexo I del Decreto N\u00b0 2647\/81) y que pertenecen a distintas Reparticiones, cuya presencia en dicho Centro de Operaciones se constituir\u00e1 en toda oportunidad en que se convoque al mismo y,<\/p>\n\n\n\n<p><strong>CONSIDERANDO<\/strong><\/p>\n\n\n\n<p>Que el Anexo I adjunto establece como se constituir\u00e1 e integrara como C.O.E.P;<\/p>\n\n\n\n<p>Que la misi\u00f3n fundamental del CENTRO DE OPERACIONES&nbsp;es de control y coordinaci\u00f3n para facilitar la conducci\u00f3n de los Servicios de Defensa Civil Provincial y Municipal, conformando un verdadero Estado Mayor que permita al Gobernador, a trav\u00e9s del grupo que lo integra, obtener informaci\u00f3n sobre la situaci\u00f3n y tomar decisiones seg\u00fan las circunstancias, para la conducci\u00f3n de los medios de Defensa Civil que act\u00faen en la emergencia;<\/p>\n\n\n\n<p>Que para encarar las tareas de formaci\u00f3n de dicho Centro, los Auxiliares que se adscriban, ser\u00e1n convocados en la Direcci\u00f3n de Defensa Civil por el termino de 5 (CINCO) d\u00edas, a fin de programar y estructurar la organizaci\u00f3n y funcionamiento que regir\u00e1 la actividad del mismo;<\/p>\n\n\n\n<p>Que esta adscripci\u00f3n reviste el car\u00e1cter de <strong><em>formaci\u00f3n conceptual <\/em><\/strong>&nbsp;determin\u00e1ndose, por lo tanto, como <strong><em>eventual;<\/em><\/strong><\/p>\n\n\n\n<p>Que, de acuerdo a lo dictaminado por el Se\u00f1or Asesor de Gobierno,<\/p>\n\n\n\n<p>Por ello;<\/p>\n\n\n\n<p><strong>EL GOBERNADOR DE LA PROVINCIA<\/strong><\/p>\n\n\n\n<p><strong>DECRETA:<\/strong><\/p>\n\n\n\n<p>Articulo 1\u00b0; A partir de la fecha de emisi\u00f3n del presente Decreto, crease el CENTRO DE OPERACIONES DE EMERGENCIA PROVINCIAL, el cual quedara constituido de acuerdo al adjunto Organigrama ( Anexo I).<\/p>\n\n\n\n<p>Articulo 2\u00b0- Se fijan, para dicha estructura, las misiones que para cada cargo se establecen en el adjunto Anexo II.<\/p>\n\n\n\n<p>Articulo 3\u00b0 &#8211; Con relaci\u00f3n al cumplimiento de lo establecido en el tercer p\u00e1rrafo de los considerando, la convocatoria de referencia ser\u00e1 programada por el Director de Defensa Civil, quien tendr\u00e1 a su cargo conformar los lineamientos para la programaci\u00f3n y organizaci\u00f3n de la estructura aprobada, para lo cual, los se\u00f1ores Ministros y Secretarios del Poder Ejecutivo Provincial prestaran la m\u00e1xima colaboraci\u00f3n, disponiendo la concurrencia del personal que al efecto se designe.<\/p>\n\n\n\n<p>Articulo 4\u00b0 ; El Director de Defensa Civil estudiara y elevara los requerimientos necesarios y el calculo de recursos para concretar la instalaci\u00f3n de dicho Centro.<\/p>\n\n\n\n<p>Articulo 5\u00b0 &#8211; La Secretaria General de la Gobernaci\u00f3n arbitrara las medidas necesarias para hacer una evaluaci\u00f3n del presupuesto que demande la creaci\u00f3n e implementaci\u00f3n del Organismo de referencia.<\/p>\n\n\n\n<p>Articulo 6\u00b0 &#8211; El presente Decreto ser\u00e1 refrendado por todos los se\u00f1ores Ministros.<\/p>\n\n\n\n<p>Articulo 7\u00b0 &#8211; Comun\u00edquese, publ\u00edquese, dese al Registro Oficial y archivase.<\/p>\n\n\n\n<p>Firmado:&nbsp; ROLANDO JOSE GHISANI<\/p>\n\n\n\n<p>TEOFILO RAMIREZ DOLAN<\/p>\n\n\n\n<p>JOSE BONELLI<\/p>\n\n\n\n<p>HORACIO MARTIN DOVAL<\/p>\n\n\n\n<p>CARLOS ALVRES CARNIERO<\/p>\n\n\n\n<p>TOMAS ANIBAL MONTES<\/p>\n\n\n\n<p>MARIO APUGLIESE<\/p>\n\n\n\n<p><strong>PLAN DE EMERGENCIA PROVINCIAL<\/strong><\/p>\n\n\n\n<p><strong>ORGANIZACI\u00d3N:<\/strong> (Ver Anexo I del Decreto N\u00b0 2649 de fecha 07\/12\/81.<\/p>\n\n\n\n<p><strong>1-SITUACION<\/strong><\/p>\n\n\n\n<p>1.1-La diversidad de siniestros que ha sufrido la Provincia de Mendoza, la posibilidad de su repetici\u00f3n, como as\u00ed tambi\u00e9n el resultado de estudios t\u00e9cnicos ejecutados por comisiones y personalidades de relevancia internacional, hacen impostergable ejecutar una serie de medidas preventivas y ejecutivas que estructuren el sistema de Defensa Civil en jurisdicci\u00f3n de Mendoza, que incluya la mayor parte de su poblaci\u00f3n y su econom\u00eda.<\/p>\n\n\n\n<p>1.2-La situaci\u00f3n geogr\u00e1fica de la provincia ante un evento b\u00e9lico por su condici\u00f3n de <strong>Zona de Frontera<\/strong>, obliga a considerar que el desarrollo de la acci\u00f3n de los servicios de Defensa Civil debe prever la acci\u00f3n del enemigo, en su territorio.<\/p>\n\n\n\n<p>1.3-Las autoridades militares responsables han fijado, como Zona de Operaciones, la comprendida al oeste de la ruta Nacional N\u00b0 40 quedando, en consecuencia, delimitada como responsabilidad de la Defensa Civil, la parte de la provincia comprendida al este del citado eje ( Ruta Nacional N\u00b0 40).<\/p>\n\n\n\n<p>1.4-Excluido el evento b\u00e9lico precedentemente mencionado, queda por considerar como situaci\u00f3n de primordial emergencia la acci\u00f3n de terremotos, por cuanto la provincia se asienta en la zona de riesgo s\u00edsmico.<\/p>\n\n\n\n<p>Si bien se ha logrado una considerable reducci\u00f3n de riesgos y da\u00f1os como consecuencia de la adopci\u00f3n de medidas preventivas a trav\u00e9s del C\u00f3digo de Construcciones Antisismicas, aun no se ha alcanzado la cobertura total deseada, en raz\u00f3n de que amplios sectores con construcciones precarias permanecen sin erradicar.<\/p>\n\n\n\n<p>Esa afirmaci\u00f3n esta avalada por estudios realizados para la evaluaci\u00f3n de estos fen\u00f3menos, cuyas conclusiones determinan que Mendoza&nbsp; esta expuesta a la acci\u00f3n tel\u00farica, en especial, la ciudad capital, que esta asentada en Zona S\u00edsmica, con historia de temblores y terremotos \u2013 a\u00f1os 1782, 1861, 1903, 1919, 1927, 1929, 1944 ( San Juan), 1967, 1977 ( Caucete)- todo esto avalado y enriquecido por informes s\u00edsmicos producidos por el Ministerio de Obras y Servicios P\u00fablicos de la Provincia y la Comisi\u00f3n Evaluadora de Da\u00f1os ( 23 noviembre- 77).<\/p>\n\n\n\n<p><strong>1.5-Capacidad potencial: <\/strong>la Provincia esta dotada de una capacidad de equipamiento suficiente formado por los diferentes servicios que hacen al sistema de Defensa Civil en particular.<\/p>\n\n\n\n<p><strong>1.5.1-Incendio y Salvamento:<\/strong> cuenta con cuerpos oficiales y privados adecuados en los centros importantes de la poblaci\u00f3n.<\/p>\n\n\n\n<p><strong>1.5.2-Orden:<\/strong> La Polic\u00eda Provincial posee capacidad suficiente para operar, en forma adecuada, ante cualquier siniestro. Su despliegue actual permite el uso oportuno de los grandes centros importantes de la poblados.<\/p>\n\n\n\n<p>1.5.3-Se cuenta con una adecuada estructura hospitalaria, dotada de personal y medios aptos para actuar ante una emergencia.<\/p>\n\n\n\n<p>Convendr\u00eda incrementar las dotaciones de equipos para actuar en campa\u00f1a. Se cuenta con los siguientes centros:<\/p>\n\n\n\n<p><strong>Estatales: <\/strong>Hospital Central, Hospital \u201cEmilio Civit\u201d, Hospital \u201cLuis Lagomaggiore\u201d, Hospital \u201cCarlos Pereyra\u201d, Hospital \u201cLencinas\u201d, Hospital \u201c El Sauce\u201d; Hospital \u201c Diego Paroissiens\u201d; Hospital \u201cHector Gailhac\u201d; Hospital \u201cEugenio Bustos\u201d; Hospital \u201cCarlos Ponce\u201d; Hospital \u201cDiego Sicoli\u201d; Hospital Regional \u201cSan Mart\u00edn\u201d; Hospital \u201cAlfredo Metraux; Hospital \u201cJaime Prats\u201d; Hospital \u201cGeneral Las Heras\u201d; Hospital \u201c General Alvear\u201d, y 137 Centros de Salud que se encuentran distribuidos en todos los departamentos de la provincia.<\/p>\n\n\n\n<p><strong>PRIVADOS: <\/strong>&nbsp;Hospital \u201cEl Carmen\u201d, Hospital \u201cEspa\u00f1ol\u201d, Hospital Ferroviario; Hospital Italiano; Hospital San Juan de Dios S.A., Sanatorio Policl\u00ednico de Cuyo; Sanatorio Policl\u00ednica \u201c A: Fleming\u201d; Cl\u00ednica \u201cPellegrina\u201d S.R.L.; Cl\u00ednica \u201cPolicl\u00ednico Privado\u201d S.R.L.; Cl\u00ednica Sanatorio \u201cMitre\u201d S.R.L.; Sanatorio \u201cSan Mart\u00edn\u201d; Sanatorio Andino; Cl\u00ednica de Huesos; Instituto del Quemado, entre otros.<\/p>\n\n\n\n<p><strong>1.5.4-Ingenier\u00eda y Rehabilitaci\u00f3n: <\/strong>La Provincia y los Organismos Nacionales destacados en ella, cuentan con los medios necesarios para satisfacer requerimientos que se les podr\u00edan formular; entre los principales&nbsp; entes tenemos: <strong>Estatales:<\/strong> Direcci\u00f3n Provincial de Vialidad; Direcci\u00f3n Nacional de Vialidad (Delegaci\u00f3n Mendoza), Superintendencia General de Irrigaci\u00f3n; Energ\u00eda Mendoza Soc. del Estado; Direcci\u00f3n de Hidr\u00e1ulica; Direcci\u00f3n de Construcciones; obras Sanitarias Mendoza.<\/p>\n\n\n\n<p><strong>Privados: <\/strong>Empresa Jos\u00e9 Cartellone; Empresa Ferraris y Campassi; Empresa Constructora Guti\u00e9rrez y Belinsky S.A.C.U. y A. Nazar y Cia.; Neotec S. A.; Equiterre Nouzeillez S.R.L.; Ridois II.C; Empresa General de Construcciones Civiles S.A.; Marcal Mecanizaciones; Macrosa (Caterpillar); entre otras.<\/p>\n\n\n\n<p><strong>1.5.5-Comunicaciones: <\/strong>Mendoza cuenta con una adecuada estructura de telecomunicaciones que la vinculan con casi todos los centros poblados que posee y con los principales Centros del Pa\u00eds. Entre los medios disponibles, podemos citar: Centro de Comunicaciones Mendoza; Red de Comunicaciones de la Presidencia de la Naci\u00f3n ( para interconexi\u00f3n con la Capital Federal y todas las provincias); Red Policial Provincial; Red Polic\u00eda Federal Argentina (Delegaci\u00f3n Mendoza); 8vo. Distrito de Correos y Tel\u00e9grafos; Comando de la VIII\u00b0 Brigada de Infanter\u00eda de Monta\u00f1a; IV\u00b0 Brigada A\u00e9rea; FFCC. General San Mart\u00edn y Belgrano; Gendarmer\u00eda Nacional; Red de Radioaficionado; Red Nacional de Defensa Civil y Radioemisoras.<\/p>\n\n\n\n<p><strong>1.5.6-Transporte:<\/strong> existe una capacidad de organizaci\u00f3n para desplazamientos masivos dirigidos; prueba de ello lo da el ordenamiento con que se act\u00faa a ra\u00edz de ciertas experiencias que tiene la provincia, con motivo de la realizaci\u00f3n de acontecimientos de importancia, en los que se han dirigido multitudes por el organismo responsable en la materia ( Direcci\u00f3n de Transito). Estas experiencias han servido como ejercicios que la capaciten para actuar en situaciones de real emergencia.<\/p>\n\n\n\n<p>A lo citado precedentemente, debe agregarse que el territorio esta interconectado con todos los sectores econ\u00f3micos y poblacionales, por una excelente red caminera y un transporte publico que facilita y permite actuar con rapidez en las posibles zonas afectadas.<\/p>\n\n\n\n<p><strong>2- MISION GENERAL<\/strong><\/p>\n\n\n\n<p>2.1-Estructurar, organizar y capacitar a los Organismos y medios intervinientes, en las principales actividades de Defensa Civil de la Provincia, para ponerlos en aptitud de operar en forma eficiente y coordinada con anterioridad a cualquier siniestro de magnitud, producido por medios naturales y artificiales, a fin de anular o disminuir los efectos que puedan provocar contra las personas y\/o medios y bienes y contribuir a restablecer, en el menor tiempo posible, el ritmo normal de la vida sobre la zona afectada.<\/p>\n\n\n\n<p><strong>3- TAREAS DE EJECUCION<\/strong><\/p>\n\n\n\n<p><strong>3.1-Concepto de la Operaci\u00f3n:<\/strong> se ejecutara en tres fases, comunes a todos los Ministerios u organismos intervinientes, seg\u00fan el siguiente detalle:<\/p>\n\n\n\n<p><strong>3.1.1-Primera Fase: <\/strong>organizaci\u00f3n de los medios, capacitaci\u00f3n y planeamiento de empleo.<\/p>\n\n\n\n<p><strong>3.1.2-Segunda Fase:<\/strong> ejecuci\u00f3n de las actividades previstas para conjurar el siniestro ( Decreto de Estado de Emergencia \u2013 Anexo II).<\/p>\n\n\n\n<p><strong>3.1.3-Tercera Fase: <\/strong>Evaluaci\u00f3n de da\u00f1os por intermedio de la Comisi\u00f3n creada a tal efecto ( Anexo III) y posterior repliegue de los medios empleados una vez finalizada la operaci\u00f3n, consignando lo acontecido en un informe final (Anexo IV).<\/p>\n\n\n\n<p><strong>3.2-PRIMERA FASE<\/strong><\/p>\n\n\n\n<p><strong>3.2.1-MINISTERIO DE GOBIERNO<\/strong><\/p>\n\n\n\n<p>3.2.1.1-Planificar y organizar, con los medios de su dependencia y los que, en raz\u00f3n de su misi\u00f3n, deben contribuir cordialmente, con otros Ministerios y\/o Organismos Aut\u00e1rquicos (provinciales y nacionales), empresas privadas del medio, etc., los servicios de Transporte, Ingenier\u00eda y Rehabilitaci\u00f3n de servicios esenciales, Comunicaciones y Alarma, para satisfacer las necesidades emergentes de sus propios servicios.<\/p>\n\n\n\n<p>3.2.1.2-Constituir, alistar y equipar los servicios que componen las Juntas Municipales de Defensa Civil, para asegurar el grado adecuado de aptitud de dichos servicios.<\/p>\n\n\n\n<p><strong>3.2.2-Ministerio de Obras y Servicios P\u00fablicos<\/strong><\/p>\n\n\n\n<p>3.2.2.1-Planificar y organizar, con los medios de su dependencia y los que, en raz\u00f3n de su misi\u00f3n, deben contribuir cordialmente , con otros Ministerios y\/u Organismos Aut\u00e1rquicos (provinciales y nacionales), empresas privadas del medio, etc., los servicios de transporte, Ingenier\u00eda y Rehabilitaci\u00f3n de servicios esenciales, Comunicaciones y Alarma, para satisfacer las necesidades emergentes de sus propios servicios.<\/p>\n\n\n\n<p><strong>3.2.3-Ministerio de Bienestar Social<\/strong><\/p>\n\n\n\n<p>3.2.3.1-Planificar y organizar, con los medios de su dependencia y los que, en raz\u00f3n de su misi\u00f3n, deben contribuir cordialmente, con otros Ministerios y\/u Organismos Aut\u00e1rquicos ( provinciales y nacionales), empresas privadas del medio, etc., a la constituci\u00f3n de los servicios de Asistencia Sanitaria y Asistencia Social, con el fin de restablecer y preservar la salud de la poblaci\u00f3n, brindando apoyo moral y espiritual a las personas que, como consecuencia de desastres, carezcan de posibilidades de subsistencia.<\/p>\n\n\n\n<p><strong>3.2.4-Secretaria de Planeamiento y Coordinaci\u00f3n<\/strong><\/p>\n\n\n\n<p><strong>3.2.4.1 <\/strong>Planificar y coordinar la elaboraci\u00f3n de planes de convocatoria del personal especializado o no, para cumplir las necesidades de apoyo y de acci\u00f3n voluntaria que los servicios de Defensa Civil requieran.<\/p>\n\n\n\n<p><strong>3.2.5-Secretaria General de Gobernaci\u00f3n<\/strong><\/p>\n\n\n\n<p>3.2.5.1-Coordinar todos los requerimientos que se deban realizar como consecuencia de convenios interprovinciales preexistentes, lo atinente a ayuda federal, como as\u00ed tambi\u00e9n, los enlaces de la autoridad m\u00e1xima de la provincia con las Fuerzas Armadas.<\/p>\n\n\n\n<p>3.2.5.2-Coordinar el uso del potencial a\u00e9reo existente dentro de su jurisdicci\u00f3n, a trav\u00e9s del servicio de Transporte A\u00e9reo Provincial.<\/p>\n\n\n\n<p><strong>3.2.6-Direcci\u00f3n Provincial de Defensa Civil<\/strong><\/p>\n\n\n\n<p>3.2.6.1-Asistir al Se\u00f1or Gobernador de la Provincia en todo lo relativo a la planificaci\u00f3n, organizaci\u00f3n, promoci\u00f3n, coordinaci\u00f3n, directo control de la Defensa Civil y, eventualmente, en la conducci\u00f3n de las operaciones de emergencia.<\/p>\n\n\n\n<p><strong>3.3-SEGUNDA FASE<\/strong><\/p>\n\n\n\n<p><strong>3.3.1-MINISTERIO DE GOBIERNO<\/strong><\/p>\n\n\n\n<p><strong>3.3.1.1-Servicio de Orden:<\/strong><\/p>\n\n\n\n<p>&#8211; Asegurar el orden publico, el cumplimiento de las medidas preventivas dictadas y la libertad de desplazamiento de los servicios de Defensa Civil, a fin de suprimir todo desorden, preservar la propiedad y facilitar la acci\u00f3n de los medios dispuestos por la Defensa Civil.<\/p>\n\n\n\n<p>&#8211; Identificaci\u00f3n de cad\u00e1veres previo a su inhumaci\u00f3n.<\/p>\n\n\n\n<p>&#8211; Crear un Servicio de Registro e Informaci\u00f3n de fallecidos, hospitalizados y de aquellos que no viv\u00edan en sus domicilios antes del siniestro, reuni\u00f3n de familias separadas con motivo del siniestro, documentos de identidad provisorios, etc., con la colaboraci\u00f3n del Registro Civil.<\/p>\n\n\n\n<p><strong>3.3.1.2- Servicio Contraincendio y Salvamento<\/strong><\/p>\n\n\n\n<p>&#8211; Desarrollar la lucha contra el fuego producido como consecuencia del desastre, adoptar las disposiciones de car\u00e1cter preventivo necesarias y dictar las normas correspondientes a las Entidades en r\u00e9gimen de Autoproteccion, subordinando los servicios de Cuerpos de Bomberos voluntarios.<\/p>\n\n\n\n<p>&#8211; Rescatar a las personas y bienes atrapadas entre los escombros de edificios derrumbados y\/o da\u00f1ados.<\/p>\n\n\n\n<p><strong>3.3.1.3-Servicio de Alarma y Difusi\u00f3n de Emergencia<\/strong><\/p>\n\n\n\n<p>&#8211; Mantener informadas a las autoridades de Defensa Civil, difundir se\u00f1ales de alarmas con la antelaci\u00f3n suficiente a los dem\u00e1s servicios, por su intervenci\u00f3n oportuna a la poblaci\u00f3n.<\/p>\n\n\n\n<p>&#8211; Establecer y mantener comunicaciones r\u00e1pidas y seguras, que permitan el enlace entre las autoridades de la provincia con los servicios de Defensa civil.<\/p>\n\n\n\n<p>&#8211; Establecer los puntos de emergencia y aplicar el Plan de Alarma y Difusi\u00f3n de Emergencia, en coordinaci\u00f3n con el Ministerio de Obras y Servicios P\u00fablicos y la Direcci\u00f3n Provincial de Defensa Civil, con el fin de crear conciencia en la poblaci\u00f3n.<\/p>\n\n\n\n<p><strong>3.3.2-MINISTERIO DE OBRAS Y SERVICIOS PUBLICOS<\/strong><\/p>\n\n\n\n<p><strong>3.3.2.1-Servicio de transporte:<\/strong><\/p>\n\n\n\n<p>&#8211; Satisfacer las necesidades de transporte de personal y material, distribuir los abastecimientos y evacuar el material destruido o deteriorado de los servicios.<\/p>\n\n\n\n<p>&#8211; Realizar un relevamiento de todo el Parque Automotor, clasificando las necesidades de movilidad por distintos tipos de veh\u00edculos, ya sean estatales (<strong>prioridad 1<\/strong>) o privadas (<strong>prioridad 2<\/strong>), determinando la capacidad necesaria (personal y material) para el cumplimiento del Plan de Emergencia.<\/p>\n\n\n\n<p>&#8211; Fijar la capacidad potencial existente y determinar las necesidades, para brindar el apoyo correspondiente.<\/p>\n\n\n\n<p>&#8211; Ejecutar las operaciones de transporte para el movimiento de equipos y elementos de rescate, en coordinaci\u00f3n con el Servicio de Salvamento.<\/p>\n\n\n\n<p>&#8211; Asistir al Ministerio de Bienestar Social, cuando le fuere requerido, en el transporte de las personas rescatadas, heridos graves y pacientes, a hospitales y centros de socorro, como as\u00ed tambi\u00e9n en el transporte de equipos m\u00e9dicos y sanitarios.<\/p>\n\n\n\n<p>&#8211; Disponer el transporte de evacuados.<\/p>\n\n\n\n<p>&#8211; Disponer el desplazamiento de los equipos de trabajo de Ingenier\u00eda y Servicios P\u00fablicos y bienes, de acuerdo con los Convenios de Ayuda mutua.<\/p>\n\n\n\n<p>&#8211; Realizar los transportes de elementos y abastecimiento de emergencia, incluyendo camiones aguateros para distribuci\u00f3n en centros de albergues.<\/p>\n\n\n\n<p>&#8211; Prever la reserva de transporte m\u00f3vil de emergencia.<\/p>\n\n\n\n<p>&#8211; Intervenir en la preparaci\u00f3n de los planes que elabora el <strong>Centro de Operaciones de Emergencia Provincial,<\/strong> en los que prevea el empleo de otros medios de transporte.<\/p>\n\n\n\n<p>&#8211; Prever, en coordinaci\u00f3n con el Servicio de Orden, la requisa de automotores privados y otros veh\u00edculos que no tengan misiones asignadas.<\/p>\n\n\n\n<p>&#8211; Cooperar con el Servicio de Orden para mantener la supervisi\u00f3n en el transito para los veh\u00edculos destinados a las actividades de Defensa Civil.<\/p>\n\n\n\n<p><strong>3.3.2.2-Servicio de Ingenier\u00eda y Rehabilitaci\u00f3n de Servicios Esenciales.<\/strong><\/p>\n\n\n\n<p>&#8211; Prever el despeje, rehabilitar las obras de arte, rutas, calles de acceso a la zona afectada, efectuar la remoci\u00f3n de escombros, localizar y reparar aver\u00edas en los servicios esenciales como consecuencia del desastre adoptando, asimismo, las disposiciones necesarias de car\u00e1cter preventivo y facilitar la acci\u00f3n de los dem\u00e1s servicios de protecci\u00f3n, en coordinaci\u00f3n con el servicio de Transporte.<\/p>\n\n\n\n<p>&#8211; Fijar las misiones y responsabilidades a aquellos organismos nacionales con asiento en nuestra provincia y a los provinciales contribuyentes a la funci\u00f3n de Defensa Civil.<\/p>\n\n\n\n<p><strong>3.3.2.2.1-Acci\u00f3n antes del siniestro.<\/strong><\/p>\n\n\n\n<p>&#8211; Adoptar medidas para la protecci\u00f3n del abastecimiento de agua, gas, electricidad y sistemas de colectores de desag\u00fces, diques y contenedores y sistemas aluvionales.<\/p>\n\n\n\n<p>&#8211; Colaborar con la organizaci\u00f3n, adiestramiento, equipamiento y operaci\u00f3n del Servicio de Salvamento, alistando y poniendo a disposici\u00f3n el material necesario a emplear en dichos casos ( topadoras, palas cargadoras, gr\u00faas y todo otro elemento t\u00e9cnico que estime necesario).<\/p>\n\n\n\n<p>&#8211; Adoptar medidas de protecci\u00f3n para los sistemas de eliminaci\u00f3n de basuras.<\/p>\n\n\n\n<p>&#8211; Tomar contacto con los organismos oficiales y privados de la provincia, que desarrollan t\u00e9cnicas perfeccionadas de protecci\u00f3n contra:<\/p>\n\n\n\n<p>a-Los explosivos y el fuego.<\/p>\n\n\n\n<p>b-Refuerzo y apuntalamiento de paredes y techos.<\/p>\n\n\n\n<p>c-Tanques de almacenamiento de combustibles, lubricantes, dep\u00f3sitos de productos qu\u00edmicos y gases.<\/p>\n\n\n\n<p>&#8211; Coordinar, con las reparticiones de <strong>Obras Sanitarias Mendoza, Energ\u00eda Mendoza Soc. del Estado y Gas del Estado, <\/strong>las medidas que emergen de un plan que permite prever la continuidad de los servicios, a fin de restablecer la vida normal de la poblaci\u00f3n.<\/p>\n\n\n\n<p>&#8211; Coordinar, con la empresa <strong>Energ\u00eda Mendoza S.E., <\/strong>el plan de Emergencia de Energ\u00eda El\u00e9ctrica por medio de grupos electr\u00f3genos a los centros de hospitalizados, estatales y privados, para asegurar el normal desenvolvimiento de los servicios dentro de cada establecimiento. Asimismo, dicha medida ser\u00e1 de aplicaci\u00f3n para aquellas industrias que deben continuar funcionando para la provisi\u00f3n de alimentos.<\/p>\n\n\n\n<p>&#8211; Centralizar el reclutamiento de <strong>fuerzas voluntarias, <\/strong>provenientes de todos los sectores especializados, informaci\u00f3n que aportara la Secretaria de Planeamiento y Coordinaci\u00f3n, como ser, industria de la construcci\u00f3n; construcciones viales, l\u00edneas portadoras de energ\u00eda el\u00e9ctrica y de comunicaciones; de saneamiento ambiental.<\/p>\n\n\n\n<p>&#8211; Determinar las <strong>zonas criticas<\/strong> que deber\u00e1n ser atendidas en primera instancia, con el fin de dar mayor celeridad a los auxilios que deber\u00e1n prestarse.<\/p>\n\n\n\n<p><strong>3.3.2.2.2-Acci\u00f3n durante el periodo de emergencia.<\/strong><\/p>\n\n\n\n<p>&#8211; Prestar apoyo al Servicio de Salvamento.<\/p>\n\n\n\n<p>&#8211; Eliminar escombros y efectuar demoliciones de construcciones que ofrezcan peligro.<\/p>\n\n\n\n<p>&#8211; Despejar las v\u00edas de acceso para facilitar las evacuaciones.<\/p>\n\n\n\n<p>&#8211; Crear barreras contra el fuego y eliminar riesgos en coordinaci\u00f3n con el Servicio de Orden y el Servicio de Transporte.<\/p>\n\n\n\n<p>&#8211; Asegurar la provisi\u00f3n de energ\u00eda el\u00e9ctrica, con el fin de permitir el funcionamiento de servicios esenciales, mediante instalaciones de emergencia empleando grupos electr\u00f3genos port\u00e1tiles.<\/p>\n\n\n\n<p>&#8211; Disponer las reparaciones de emergencia y restauraci\u00f3n de servicios esenciales de la comunidad, como as\u00ed tambi\u00e9n, colaborar y prestar ayuda a compa\u00f1\u00edas y\/o empresas privadas productoras de energ\u00eda o empresas de comunicaciones, para el restablecimiento de l\u00edneas telef\u00f3nicas y radioelectricas, a empresas de transporte automotor o ferrocarriles.<\/p>\n\n\n\n<p>&#8211; Colaborar con el Servicio Sanitario y de Asistencia Social, proporcionando Centros de Evacuaci\u00f3n, energ\u00eda, agua y facilidades sanitarias a los hospitales de emergencia, y la inhumaci\u00f3n de cad\u00e1veres, previa identificaci\u00f3n del Servicio de Orden.<\/p>\n\n\n\n<p><strong>3.3.2.3-Servicio de Comunicaciones<\/strong><\/p>\n\n\n\n<p>&#8211; Asegurar los enlaces entre las autoridades del Escal\u00f3n Provincial, a saber:<\/p>\n\n\n\n<p>a-El Se\u00f1or Gobernador y sus Ministros y el Jefe del Centro de Operaciones de Emergencia Provincial.<\/p>\n\n\n\n<p>b-El Se\u00f1or Gobernador y sus Ministros con cada uno de los servicios.<\/p>\n\n\n\n<p>c-Cada Servicio en el Centro de Operaciones de Emergencia Provincial (Sala de Operaciones). Las comunas con el <strong>Centro de Operaciones de Emergencia Provincial <\/strong>(Jefatura).<\/p>\n\n\n\n<p>d-El Se\u00f1or Gobernador con los Se\u00f1ores Gobernadores de las provincias vecinas .<\/p>\n\n\n\n<p>&#8211; Implementara los enlaces en base los siguientes criterios:<\/p>\n\n\n\n<p>a-Utilizar los sistemas vigentes de la provincia (Centro de Comunicaciones Mendoza); Red de Comunicaciones de la Presidencia de la Naci\u00f3n; Red Policial Provincial; Red de la Polic\u00eda Federal; 8\u00b0 Distrito de Correos y tel\u00e9grafos, Comando de la VIII\u00b0 Brigada de Infanter\u00eda de Monta\u00f1a; IV\u00b0 Brigada A\u00e9rea; Gendarmer\u00eda Nacional; Ferrocarriles General San Mart\u00edn y General Belgrano; Red de Radioaficionados; Red Nacional de Defensa Civil; Red de Radioemisoras y Canales de Televisi\u00f3n.<\/p>\n\n\n\n<p>b-Elaborar el Plan de Comunicaciones de la Provincia, estableciendo el Centro de Enlaces en todos los organismos intervinientes en el presente en el presente Plan debiendo, consecuentemente, correlacionarlo con los particulares existentes y vigentes de las Reparticiones y\/u Organismos Nacionales con asiento en la Provincia.<\/p>\n\n\n\n<p><strong>3.3.3-MINISTERIO DE BIENESTAR SOCIAL<\/strong><\/p>\n\n\n\n<p><strong>3.3.3.1-Servicio de Asistencia Sanitaria<\/strong><\/p>\n\n\n\n<p>&#8211; Recoger, asistir y evacuar, conforme al Plan Complementario elaborado al respecto, a los heridos, enfermos, gaseados y contaminados, como consecuencia del desastre.<\/p>\n\n\n\n<p>&#8211; Difundir disposiciones de car\u00e1cter preventivo para actualizar los focos epid\u00e9micos que se produzcan como consecuencia del mismo y a fin de restablecer y preservar la salud de la poblaci\u00f3n, cuya tarea estar\u00e1 a cargo del municipio correspondiente.<\/p>\n\n\n\n<p>&#8211; Adoptar un sistema de Primeros Auxilios.<\/p>\n\n\n\n<p>&#8211; Instalar, si es necesario, hospitales de campa\u00f1a y\/o emergencia.<\/p>\n\n\n\n<p>&#8211; Adoptar medidas de emergencia de car\u00e1cter sanitario, para el control de calidad de los suministros de agua de emergencia.<\/p>\n\n\n\n<p>&#8211; Asegurar procedimientos de emergencia para la protecci\u00f3n sanitaria y distribuci\u00f3n del suministro de leche y su control de calidad.<\/p>\n\n\n\n<p>&#8211; Adoptar medidas sanitarias de prevenci\u00f3n de epidemias.<\/p>\n\n\n\n<p>&#8211; Asegurar en la provincia la existencia de medicamentos, vacunas, sueros antiofidicos y otros de primera prioridad.<\/p>\n\n\n\n<p>&#8211; Estudiar la factibilidad de incrementar la capacidad de bancos de sangre en la provincia.<\/p>\n\n\n\n<p>&#8211; Establecer procedimientos de emergencia para el manejo de residuos, incluyendo el control de insectos y roedores.<\/p>\n\n\n\n<p>&#8211; Asegurar la disposici\u00f3n e instalaci\u00f3n de albergues de emergencia para casos de evacuaci\u00f3n y efectuar el acondicionamiento y provisi\u00f3n de los elementos necesarios.<\/p>\n\n\n\n<p>&#8211; Establecer morgues temporarias.<\/p>\n\n\n\n<p><strong>3.3.3.2-Servicio de Asistencia Social<\/strong><\/p>\n\n\n\n<p>&#8211; Brindar apoyo moral, espiritual y material a las personas que, como consecuencia del desastre, carezcan de posibilidades propicias de subsistencia adoptando, asimismo, las disposiciones necesarias con el fin de restablecer y asegurar la vida normal de la poblaci\u00f3n.<\/p>\n\n\n\n<p>&#8211; Asistir a las personas en lo relativo a alimentaci\u00f3n, alojamiento, ropa y abrigo.<\/p>\n\n\n\n<p>&#8211; Estimular la rehabilitaci\u00f3n familiar en lo relativo a la provisi\u00f3n de asistencia financiera para el restablecimiento de la vida en familia ( mediante cr\u00e9ditos bancarios, etc.).<\/p>\n\n\n\n<p>&#8211; Difundir la informaci\u00f3n sobre las condiciones de alojamiento de la zona afectada, a efectos de determinar las posibilidades y forma de retorno a sus domicilios.<\/p>\n\n\n\n<p>&#8211; Proporcionar facilidades para hacer frente a necesidades materiales de familiar o personas que no est\u00e1n en condiciones de obtener suficientes alimentos, ropas, equipos, durante el periodo de evacuaci\u00f3n.<\/p>\n\n\n\n<p>&#8211; Facilitar las comunicaciones con sus familiares entre las personas que debieron abandonar sus viviendas y que se encuentren alojados en albergues o centros de evacuados previamente establecidos.<\/p>\n\n\n\n<p><strong>3.3.4-SECRETARIA DE PLANEAMIENTO Y COORDINACION<\/strong><\/p>\n\n\n\n<p>3.3.4.1-Tareas inherentes a la misi\u00f3n ( <strong>Primera Fase 3.2.4.1).<\/strong><\/p>\n\n\n\n<p><strong>3.3.5-SECRETARIA GENERAL DE LA GOBERNACION<\/strong><\/p>\n\n\n\n<p>3.3.5.1-Tareas inherentes a la misi\u00f3n (<strong>Primera Fase 3.2.5.1 y 3.2.5.2<\/strong>)<\/p>\n\n\n\n<p><strong>3.5.6 DIRECCION PROVINCIAL DE DEFENSA CIVIL.<\/strong><\/p>\n\n\n\n<p><strong>3.5.6.1<\/strong>&nbsp;&nbsp; Se constituir\u00e1 con todo su persona titular y dem\u00e1s personas debidamente especializadas <strong><em>a priori <\/em><\/strong>, como Secretaria Ejecutiva del <strong>&nbsp;Centro de Operaciones de Emergencia Provincial <\/strong>&nbsp;y previamente al estado de emergencia decretado por el Se\u00f1or Gobernador.<\/p>\n\n\n\n<p><strong>3.5.6.2 <\/strong>Impartir las instrucciones correspondientes para subordinar a las Entidades Auxiliares que se citan a continuaci\u00f3n, a fin de que estas cumplan la misi\u00f3n que les compete dentro del Plan:<\/p>\n\n\n\n<p>&#8211; Asociaciones de Bomberos Voluntarios.<\/p>\n\n\n\n<p>&#8211; Cruz Roja Argentina ( Filial Mendoza).<\/p>\n\n\n\n<p>&#8211; Agrupaciones de Scoutismo.<\/p>\n\n\n\n<p><strong>3.4-TERCERA FASE<\/strong><\/p>\n\n\n\n<p>3.4.1-La misma, consiste en el repliegue de los medios y evaluaci\u00f3n de da\u00f1os, consignando lo acontecido en un <strong>informe<\/strong>, cuyo modelo de adjunta como Anexo IV, una vez finalizado el siniestro, elev\u00e1ndolo al Centro de Operaciones de Emergencia Provincial ( Secretaria).<\/p>\n\n\n\n<p>3.4.2-Esta tarea es com\u00fan a todos los Ministerios y\/u Organismos intervinientes, sin excepci\u00f3n.<\/p>\n\n\n\n<p><strong>4-INSTRUCCIONES DE COORDINACION<\/strong><\/p>\n\n\n\n<p><strong>4.1-Escal\u00f3n Provincial:<\/strong><\/p>\n\n\n\n<p>4.1.1-Los ministerios, organismos, reparticiones aut\u00e1rquicas, centralizadas y descentralizadas, que no tengan <strong>misi\u00f3n<\/strong> asignada en el presente plan, coordinaran su participaci\u00f3n con personal y medios, con los ministerios que en cada caso se se\u00f1alan:<\/p>\n\n\n\n<p><strong>4.4.1.1- Ministerio de Hacienda:<\/strong><\/p>\n\n\n\n<p>Apoyara a los ministerios que lo requieran.<\/p>\n\n\n\n<p><strong>4.4.1.2- Ministerio de Econom\u00eda:<\/strong><\/p>\n\n\n\n<p>Apoyara a los ministerios que lo requieran.<\/p>\n\n\n\n<p><strong>4.4.1.3- Ministerio de Cultura y Educaci\u00f3n:<\/strong><\/p>\n\n\n\n<p>Apoyara a los Ministerios de Obras y Servicios P\u00fablicos.<\/p>\n\n\n\n<p><strong>4.4.1.4- Poder Judicial<\/strong><\/p>\n\n\n\n<p>Cumple sus funciones especificas.<\/p>\n\n\n\n<p><strong>4.2-Escal\u00f3n Local:<\/strong><\/p>\n\n\n\n<p>4.2.1-Las Juntas Municipales de Defensa Civil poseen directivas remitidas por la Direcci\u00f3n Provincial de Defensa civil, referentes a:<\/p>\n\n\n\n<p>&#8211; Gu\u00eda para la confecci\u00f3n del Plan de Emergencia.<\/p>\n\n\n\n<p>&#8211; Gu\u00eda de Oscurecimiento.<\/p>\n\n\n\n<p>&#8211; Plan de Llamada.<\/p>\n\n\n\n<p>&#8211; Plan de Emergencia eventos b\u00e9licos y <strong>Objetivos cr\u00edticos.<\/strong><\/p>\n\n\n\n<p>&#8211; Plan de evacuaciones.<\/p>\n\n\n\n<p>&#8211; Plan de Emergencia para casos de desastres naturales.<\/p>\n\n\n\n<p>&#8211; Normas particulares para la confecci\u00f3n de los programas provinciales de Defensa Civil.<\/p>\n\n\n\n<p><strong>5- COMANDO Y COMUNICACIONES<\/strong><\/p>\n\n\n\n<p><strong>5.1- Puesto de Comando<\/strong><\/p>\n\n\n\n<p>&#8211; Casa de Gobierno, Tel\u00e9fonos 4.492000<\/p>\n\n\n\n<p>&#8211; Centro de Prensa, Tel\u00e9fonos 4-492000<\/p>\n\n\n\n<p><strong>Comunicaciones<\/strong><\/p>\n\n\n\n<p>&#8211; Red presidencial de la Naci\u00f3n, 4-443638, 4-441010, 4-443662<\/p>\n\n\n\n<p><strong>ANEXOS&nbsp;<\/strong><\/p>\n\n\n\n<p><strong>I-Esquema de la Organizaci\u00f3n Provincial de la Defensa Civil.<\/strong><\/p>\n\n\n\n<p><strong>II-Modelo Decreto declarado Estado de Emergencia.<\/strong><\/p>\n\n\n\n<p><strong>III-Modelo Decreto aprobado Comisi\u00f3n Evaluaci\u00f3n de Da\u00f1os.<\/strong><\/p>\n\n\n\n<p><strong>IV-Modelo Decreto aprobando lo actuado por la Comisi\u00f3n Evaluadora de Da\u00f1os.<\/strong><\/p>\n\n\n\n<p><strong>V-Responsabilidades que emanen de la Ley Provincial N\u00b0 3796\/72 y su Decreto Reglamentario N\u00b0 1416\/76.<\/strong><\/p>\n\n\n\n<p><strong>MODELO DE DECRETO DECLARANDO ESTADO DE EMERGENCIA<\/strong><\/p>\n\n\n\n<p>(Titulo Ilustrativo)<\/p>\n\n\n\n<p>El Poder Ejecutivo Provincial,&nbsp;&nbsp;&nbsp;&nbsp;&nbsp;&nbsp;&nbsp;&nbsp;&nbsp;&nbsp;&nbsp;&nbsp;&nbsp;&nbsp;&nbsp;&nbsp;&nbsp;&nbsp;&nbsp;&nbsp;&nbsp;&nbsp;&nbsp;&nbsp;&nbsp;&nbsp;&nbsp;&nbsp;&nbsp;&nbsp;&nbsp;&nbsp;&nbsp;&nbsp; en&nbsp;&nbsp;&nbsp;&nbsp;&nbsp;&nbsp;&nbsp;&nbsp; d\u00eda, mes, a\u00f1o.<\/p>\n\n\n\n<p><strong>VISTO:&nbsp;<\/strong><\/p>\n\n\n\n<p>La situaci\u00f3n por la que atraviesa la Provincia de&nbsp; &#8230;&#8230;&#8230;&#8230;&#8230;&#8230;&#8230;&#8230;. en&nbsp; &#8230;&#8230;&#8230;&#8230;&#8230;&#8230;&#8230;&#8230;&#8230;&#8230;&#8230;(Departamento, Comuna, etc.), a ra\u00edz de &#8230;&#8230;&#8230;&#8230;.. (tipo, evento), provocado\/a\/s por &#8230;&#8230;&#8230;&#8230;&#8230;&#8230;&#8230;&#8230;&#8230;&#8230;&#8230;&#8230;&#8230;&#8230;&#8230;&#8230;&#8230;&#8230;&#8230;&#8230;&#8230; circunstancias que configura una situaci\u00f3n de emergencia y,<\/p>\n\n\n\n<p><strong>CONSIDERANDO:<\/strong><\/p>\n\n\n\n<p>Que de acuerdo al Articulo &#8230;&#8230;.. de la ley Provincial de Defensa Civil N\u00b0 3796, faculta al Poder Ejecutivo a declarar <strong><em>Estado de Emergencia;<\/em><\/strong><\/p>\n\n\n\n<p>Que es deber ineludible del Gobierno preservar la vida y los bienes p\u00fablicos y privados de la poblaci\u00f3n;<\/p>\n\n\n\n<p>Que es preciso concurrir con la celeridad y efectividad que la situaci\u00f3n reclame;<\/p>\n\n\n\n<p>Que es necesario coordinar los elementos de auxilio y acudir con medidas extraordinarias&nbsp; que exceden los recursos disponibles por las autoridades provinciales;<\/p>\n\n\n\n<p>Que corresponde hacer uso de la facultad conferida al Poder Ejecutivo Provincial por el Art. &#8230;&#8230;., inc. &#8230;&#8230;., de la Ley de Contabilidad N\u00b0 3799;<\/p>\n\n\n\n<p>Por ello,<\/p>\n\n\n\n<p><strong>EL GOBERNADOR DE LA PROVINCIA<\/strong><\/p>\n\n\n\n<p><strong>DECRETA:<\/strong><\/p>\n\n\n\n<p>Articulo 1\u00b0- Declarar <strong><em>Estado de Emergencia<\/em><\/strong> a partir de la fecha del dictado del presente Decreto, a los Departamentos, Comunas, etc., de la Provincia.<\/p>\n\n\n\n<p>Articulo 2\u00b0- Entender por <strong><em>Estado de Emergencia <\/em>&nbsp;la situaci\u00f3n transitoria que el Poder Ejecutivo Provincial o, en su caso, el Intendente&nbsp; Municipal, declara por Decreto o Resoluci\u00f3n, respectivamente, cuando las consecuencias de un estrago de origen natural, accidental o provocado por personas, superen las posibilidades normales de autoauxilio de la o las subdivisiones pol\u00edticas afectadas.&nbsp;<\/strong><\/p>\n\n\n\n<p>Articulo 3\u00b0- Los gastos que demande el cumplimiento del presente Decreto, ser\u00e1n atendidos con los cr\u00e9ditos que se incorporen en el Presupuesto, con arreglo a lo dispuesto en el Art. 3\u00b0 de la Ley de Contabilidad N 3799.<\/p>\n\n\n\n<p>Articulo 4\u00b0- El presente Decreto ser\u00e1 refrendado por&nbsp; &#8230;&#8230;&#8230;&#8230;&#8230;&#8230;&#8230;&#8230;&#8230;&#8230;&#8230;&#8230;&#8230;&#8230;&#8230;&#8230;&#8230;&#8230;&#8230;&#8230;&#8230;&#8230;&#8230;&#8230;&#8230;&#8230;&#8230;&#8230;&#8230;&#8230;&#8230;&#8230;&#8230;&#8230;&#8230;&#8230;&#8230;&#8230;.<\/p>\n\n\n\n<p>Articulo 5\u00b0- De forma.<\/p>\n\n\n\n<p><strong>MODELO DE DECRETO DE CONSTITUCION COMISION EVALUACION DE DA\u00d1OS<\/strong><\/p>\n\n\n\n<p>(Titulo ilustrativo)<\/p>\n\n\n\n<p><strong>VISTO:&nbsp;<\/strong><\/p>\n\n\n\n<p>La magnitud de los da\u00f1os causados por&nbsp; &#8230;&#8230;&#8230;&#8230;&#8230;&#8230;&#8230;&#8230;(Tipo de desastres) en &#8230;&#8230;&#8230;&#8230;&#8230;&#8230;&#8230;&#8230;&#8230;(Departamento, Comuna, etc.) y,<\/p>\n\n\n\n<p><strong>CONSIDERANDO:<\/strong><\/p>\n\n\n\n<p>Que para poder concurrir con el apoyo positivo, el gobierno no debe justificar las perdidas sufridas;<\/p>\n\n\n\n<p>Que es necesario constituir una comisi\u00f3n que eval\u00fae los da\u00f1os producidos;<\/p>\n\n\n\n<p>Que corresponde delimitar la <strong>zona del desastre<\/strong>, a los efectos de su reconstrucci\u00f3n y recuperaci\u00f3n econ\u00f3mica;<\/p>\n\n\n\n<p>Por ello,<\/p>\n\n\n\n<p><strong>EL GOBERNADOR DE LA PROVINCIA&nbsp;<\/strong><\/p>\n\n\n\n<p><strong>DECRETA:&nbsp;<\/strong><\/p>\n\n\n\n<p>ARTICULO 1\u00b0- Constituyese la <strong>Comisi\u00f3n de Evaluaci\u00f3n de Da\u00f1os, <\/strong>que tendr\u00e1 por misi\u00f3n evaluar los da\u00f1os producidos por el desastre, la que estar\u00e1 presidida por &#8230;&#8230;&#8230;&#8230;&#8230;&#8230;&#8230;&#8230;&#8230;&#8230;.e integrada por los siguientes funcionarios:<\/p>\n\n\n\n<p>(x) &#8230;&#8230;&#8230;&#8230;&#8230;&#8230;&#8230;&#8230;&#8230; por el Ministerio de Hacienda.<\/p>\n\n\n\n<p>(x) &#8230;&#8230;&#8230;&#8230;&#8230;&#8230;&#8230;&#8230;&#8230; por el Ministerio de Obras y Servicios P\u00fablicos.<\/p>\n\n\n\n<p>(x) &#8230;&#8230;&#8230;&#8230;&#8230;&#8230;&#8230;&#8230;&#8230; por la Subsecretaria de &#8230;&#8230;&#8230;&#8230;&#8230;&#8230;&#8230;&#8230;&#8230;&#8230;&#8230;&#8230;&#8230;&#8230;..<\/p>\n\n\n\n<p>(x) &#8230;&#8230;&#8230;&#8230;&#8230;&#8230;&#8230;&#8230;&#8230; por el Director de Asistencia y Promoci\u00f3n a la Comunidad.<\/p>\n\n\n\n<p>(x) Su numero es variable y responde b\u00e1sicamente a las caracter\u00edsticas del desastre.)<\/p>\n\n\n\n<p>Articulo 2\u00b0- La mencionada Comisi\u00f3n , determinara la delimitaci\u00f3n de la <strong>zona de desastre <\/strong>&nbsp;fijando, con la mayor precisi\u00f3n posible, los limites de la misma.<\/p>\n\n\n\n<p>Articulo 3\u00b0- La <strong>Comisi\u00f3n de Evaluaci\u00f3n de Da\u00f1os<\/strong>, queda facultada a requerir directamente de los organismos oficiales, cualquiera fuera la naturaleza jur\u00eddica, la colaboraci\u00f3n que estime necesaria.<\/p>\n\n\n\n<p>Articulo 4\u00b0- Al finalizar con su cometido, elevara al Poder Ejecutivo, para su consideraci\u00f3n, el <strong>informe final<\/strong> de evaluaci\u00f3n de da\u00f1os.<\/p>\n\n\n\n<p>Articulo 5\u00b0- Los gastos que demande&#8230;&#8230;&#8230;&#8230;&#8230;&#8230;&#8230;&#8230;&#8230;&#8230;&#8230;&#8230;&#8230;&#8230;&#8230;&#8230;&#8230;&#8230;&#8230;.. &#8230;&#8230;&#8230;&#8230;&#8230;&#8230;&#8230;&#8230;&#8230;&#8230;&#8230;&#8230;&#8230;&#8230;&#8230;&#8230;&#8230;&#8230;&#8230;&#8230;&#8230;&#8230;&#8230;&#8230;&#8230;&#8230;&#8230;&#8230;&#8230;&#8230;&#8230;&#8230;&#8230;&#8230;&#8230;&#8230;&#8230;&#8230;.<\/p>\n\n\n\n<p>Articulo 6\u00b0- El presente Decreto ser\u00e1 refrendado por &#8230;&#8230;&#8230;&#8230;&#8230;&#8230;&#8230;&#8230;&#8230;&#8230;&#8230;.<\/p>\n\n\n\n<p>&#8230;&#8230;&#8230;&#8230;&#8230;&#8230;&#8230;&#8230;&#8230;&#8230;&#8230;&#8230;&#8230;&#8230;&#8230;&#8230;&#8230;&#8230;&#8230;&#8230;&#8230;&#8230;&#8230;&#8230;&#8230;&#8230;&#8230;&#8230;&#8230;&#8230;&#8230;&#8230;&#8230;&#8230;&#8230;&#8230;&#8230;&#8230;.<\/p>\n\n\n\n<p>Articulo 7\u00b0- De forma.<\/p>\n\n\n\n<p><strong>MODELO DE DECRETO APROBANDO LO ACTUADO POR<\/strong><\/p>\n\n\n\n<p><strong>LA COMISION DE EVALUACION DE DA\u00d1OS<\/strong><\/p>\n\n\n\n<p>(Titulo Ilustrativo)<\/p>\n\n\n\n<p><strong>VISTO<\/strong> el Decreto N\u00b0&nbsp; &#8230;&#8230;&#8230;&#8230;&#8230;&#8230;&#8230;&#8230;. (Anexo &#8230;&#8230;&#8230;&#8230;&#8230;&#8230;&#8230;&#8230;..) y,<\/p>\n\n\n\n<p><strong>CONSIDERANDO:&nbsp;<\/strong><\/p>\n\n\n\n<p>Que la <strong>Comisi\u00f3n de Evaluaci\u00f3n de Da\u00f1os, <\/strong>&nbsp;constituida en virtud de lo dispuesto por el antes mencionado Decreto, ha producido el <strong>Informe Final<\/strong> con la evaluaci\u00f3n de los da\u00f1os producidos;<\/p>\n\n\n\n<p>Que ha determinado los limites de <strong>Zona de Desastre;&nbsp;<\/strong><\/p>\n\n\n\n<p>Por ello;<\/p>\n\n\n\n<p><strong>EL GOBERNADOR DE LA PROVINCIA&nbsp;<\/strong><\/p>\n\n\n\n<p><strong>DECRETA:&nbsp;<\/strong><\/p>\n\n\n\n<p>Articulo 1\u00b0<strong>, <\/strong>Delim\u00edtese la <strong>Zona de Desastre <\/strong>de la Provincia, a la comprendida por &#8230;&#8230;&#8230;&#8230;&#8230;&#8230;&#8230;&#8230;&#8230;&#8230;&#8230;&#8230;&#8230;&#8230;&#8230;&#8230;&#8230;&#8230;&#8230;&#8230;&#8230;&#8230;&#8230;&#8230;&#8230;&#8230;&#8230;&#8230;<\/p>\n\n\n\n<p>&#8230;&#8230;&#8230;&#8230;&#8230;&#8230;&#8230;&#8230;&#8230;&#8230;&#8230;&#8230;&#8230;&#8230;&#8230;&#8230;&#8230;&#8230;&#8230;&#8230;&#8230;&#8230;&#8230;&#8230;&#8230;&#8230;&#8230;&#8230;&#8230;&#8230;&#8230;&#8230;&#8230;&#8230;&#8230;&#8230;&#8230;<\/p>\n\n\n\n<p>Articulo 2\u00b0; Apru\u00e9bese el informe producido por la <strong>Comisi\u00f3n de Evaluaci\u00f3n de Da\u00f1os <\/strong>con fecha &#8230;&#8230;&#8230;&#8230;&#8230;&#8230;&#8230;&#8230;&#8230;&#8230;&#8230;&#8230;&#8230;&#8230;&#8230;&#8230;&#8230;&#8230;&#8230;&#8230;&#8230;&#8230;&#8230;&#8230;&#8230;&#8230;&#8230;&#8230;<\/p>\n\n\n\n<p>Articulo 3\u00b0, Por los Organismo Provinciales competentes, se implementaran las acciones conducentes a efectivizar, a la brevedad posible, el cumplimiento del Articulo 2\u00b0 del Presente Decreto.<\/p>\n\n\n\n<p>Articulo 4\u00b0, La <strong>Comisi\u00f3n de Evaluaci\u00f3n de Da\u00f1os <\/strong>continuara en sus funciones hasta tanto el Poder Ejecutivo disponga su cese.<\/p>\n\n\n\n<p>Articulo 5\u00b0; El presente Decreto ser\u00e1 refrendado por todos los se\u00f1ores Ministros.<\/p>\n\n\n\n<p>Articulo 6\u00b0, De forma.<\/p>\n\n\n\n<p><strong>RESPONSABILIDADES QUE EMANAN DE LA LEY PROVINCIAL N\u00b0 3796\/72 Y SU DECRETO REGLAMENTARIO N\u00b0 1416\/76&nbsp;<\/strong><\/p>\n\n\n\n<p>1- Se transcriben a continuaci\u00f3n, los Art\u00edculos 3\u00b0 y 6\u00b0 de la ley, y el Articulo 32\u00b0 del Decreto Reglamentario:<\/p>\n\n\n\n<p><strong>\u201cArt. 3\u00b0&nbsp; <\/strong>Los funcionarios a cargo de las Reparticiones provinciales descentralizadas, aut\u00e1rquicas o aut\u00f3nomas, a trav\u00e9s de las instrucciones que les imparta el Ministerio al que est\u00e9n vinculadas, son responsables del cumplimiento de las previsiones y medidas de Defensa Civil\u201d.<\/p>\n\n\n\n<p><strong>\u201cArt. 6\u00b0<\/strong>&nbsp; Todos los habitantes de la Provincia, excepto los que cumplen el servicio militar ( Art. 47\u00b0 de la Ley N\u00b0 16970 de Defensa), y los exceptuados por el Art. 8\u00b0 de la ley Nacional N\u00b017.192, compartir\u00e1n, en mayor o menor grado y solidariamente, la responsabilidad en la preparaci\u00f3n y ejecuci\u00f3n de la Defensa Civil; estas actividades ser\u00e1n consideradas carga publica e irrenunciables ( Art. 47\u00b0, Inc. a) y Art. 48\u00b0 de la ley N\u00b0 16970 de Defensa Nacional).<\/p>\n\n\n\n<p><strong>\u201cArt. 32\u00b0 <\/strong>&nbsp;&nbsp;Las actividades vinculadas a la Defensa Civil que desarrollen los miembros de la administraci\u00f3n publica, lo ser\u00e1n sin perjuicio de sus funciones a tareas habituales, excepto durante las emergencias.\u201d<\/p>\n\n\n\n<p>2- Al transcribirse los precedentes Art\u00edculos de la Ley Provincial y su respectiva Reglamentaci\u00f3n, es a los fines de aclarar que, de ninguna manera, las estructuras org\u00e1nicas concebidas pueden servir o ser utilizadas para generar nuevos puestos y\/o cargos p\u00fablicos, ya que tienen funci\u00f3n eminentemente comunitaria y no proselitista, cuyo destino final exclusivamente , ser\u00e1 la de salvaguardar las vidas de la comunidad.<\/p>\n\n\n\n<p><strong>MODELO DE DECRETO APROBANDO LO ACTUADO&nbsp; POR LA COMISION DE EVALUACION DE DA\u00d1OS<\/strong><\/p>\n\n\n\n<p>(Titulo Ilustrativo)<\/p>\n\n\n\n<p><strong>VISTO<\/strong> el Decreto N\u00b0&nbsp; &#8230;&#8230;&#8230;&#8230;&#8230;&#8230;&#8230;&#8230;&#8230;&#8230;&#8230;&#8230;.. (Anexo&nbsp; &#8230;&#8230;&#8230;.) y,<\/p>\n\n\n\n<p><strong>CONSIDERANDO:&nbsp;<\/strong><\/p>\n\n\n\n<p>Que la <strong>Comisi\u00f3n de Evaluaci\u00f3n de Da\u00f1os, <\/strong>constituida en virtud de lo dispuesto por el antes mencionado Decreto, ha producido el <strong>Informe Final <\/strong>&nbsp;con la evaluaci\u00f3n de los da\u00f1os producidos;<\/p>\n\n\n\n<p>Que ha determinado los limites de <strong>Zona de Desastre;&nbsp;<\/strong><\/p>\n\n\n\n<p>Por ello,<\/p>\n\n\n\n<p><strong>EL GOBERNADOR DE LA PROVINCIA&nbsp;<\/strong><\/p>\n\n\n\n<p><strong>DECRETA:&nbsp;<\/strong><\/p>\n\n\n\n<p>Articulo 1\u00b0- Delim\u00edtese la <strong>Zona de Desastre <\/strong>de la Provincia, a la comprendida por &#8230;&#8230;&#8230;&#8230;&#8230;&#8230;&#8230;&#8230;&#8230;&#8230;&#8230;&#8230;&#8230;&#8230;&#8230;&#8230;&#8230;&#8230;&#8230;&#8230;&#8230;&#8230;&#8230;&#8230;&#8230;&#8230;&#8230;&#8230;&#8230;.<\/p>\n\n\n\n<p>Articulo 2\u00b0- Apru\u00e9bese el informe producido por la <strong>Comisi\u00f3n de Evaluaci\u00f3n de Da\u00f1os <\/strong>&nbsp;con fecha &#8230;&#8230;&#8230;&#8230;&#8230;&#8230;&#8230;&#8230;&#8230;&#8230;&#8230;&#8230;&#8230;&#8230;&#8230;&#8230;&#8230;&#8230;&#8230;&#8230;&#8230;<\/p>\n\n\n\n<p>Articulo 3\u00b0- Por los Organismos Provinciales competentes, se implementaran las acciones conducentes a efectivizar, a la brevedad posible, el cumplimiento del Articulo 2\u00b0 del presente Decreto.<\/p>\n\n\n\n<p>Articulo 4\u00b0- La <strong>Comisi\u00f3n de Evaluaci\u00f3n de Da\u00f1os <\/strong>continuara en sus funciones hasta tanto el Poder Ejecutivo disponga su cese.<\/p>\n\n\n\n<p>Articulo 5\u00b0- El presente Decreto ser\u00e1 refrendado por todos los se\u00f1ores Ministros.<\/p>\n\n\n\n<p>Articulo 6\u00b0- De forma.<\/p>\n","protected":false},"excerpt":{"rendered":"<p>Visto el expediente G.N\u00b0 344\/J-81, en el cual se expone la necesidad de incrementar la actividad de Defensa Civil en todo el territorio de la Provincia, lo previsto por el Articulo 9, inc. a) de la Ley Provincial N\u00b0 3796 y lo propuesto por la Direcci\u00f3n provincial de Defensa Civil en lo concerniente a la [&hellip;]<\/p>\n","protected":false},"author":27,"featured_media":0,"parent":0,"menu_order":0,"comment_status":"closed","ping_status":"closed","template":"","meta":{"_et_pb_use_builder":"off","_et_pb_old_content":"","_et_gb_content_width":"1080","footnotes":""},"class_list":["post-1939","page","type-page","status-publish","hentry"],"_links":{"self":[{"href":"https:\/\/informacionoficial.mendoza.gob.ar\/seguridadyjusticia\/wp-json\/wp\/v2\/pages\/1939","targetHints":{"allow":["GET"]}}],"collection":[{"href":"https:\/\/informacionoficial.mendoza.gob.ar\/seguridadyjusticia\/wp-json\/wp\/v2\/pages"}],"about":[{"href":"https:\/\/informacionoficial.mendoza.gob.ar\/seguridadyjusticia\/wp-json\/wp\/v2\/types\/page"}],"author":[{"embeddable":true,"href":"https:\/\/informacionoficial.mendoza.gob.ar\/seguridadyjusticia\/wp-json\/wp\/v2\/users\/27"}],"replies":[{"embeddable":true,"href":"https:\/\/informacionoficial.mendoza.gob.ar\/seguridadyjusticia\/wp-json\/wp\/v2\/comments?post=1939"}],"version-history":[{"count":1,"href":"https:\/\/informacionoficial.mendoza.gob.ar\/seguridadyjusticia\/wp-json\/wp\/v2\/pages\/1939\/revisions"}],"predecessor-version":[{"id":1940,"href":"https:\/\/informacionoficial.mendoza.gob.ar\/seguridadyjusticia\/wp-json\/wp\/v2\/pages\/1939\/revisions\/1940"}],"wp:attachment":[{"href":"https:\/\/informacionoficial.mendoza.gob.ar\/seguridadyjusticia\/wp-json\/wp\/v2\/media?parent=1939"}],"curies":[{"name":"wp","href":"https:\/\/api.w.org\/{rel}","templated":true}]}}